{"id":3277,"date":"2012-05-11T07:26:50","date_gmt":"2012-05-11T07:26:50","guid":{"rendered":"https:\/\/www.freiburg-schwarzwald.de\/blog\/?page_id=3277"},"modified":"2025-10-04T15:18:38","modified_gmt":"2025-10-04T13:18:38","slug":"abfall","status":"publish","type":"page","link":"https:\/\/www.freiburg-schwarzwald.de\/blog\/natur\/umwelt\/abfall\/","title":{"rendered":"Abfall"},"content":{"rendered":"<p>Home &gt;<a title=\"Natur\" href=\"https:\/\/www.freiburg-schwarzwald.de\/blog\/natur\/\">Natur<\/a> &gt;<a title=\"Umwelt\" href=\"https:\/\/www.freiburg-schwarzwald.de\/blog\/natur\/umwelt\/\">Umwelt<\/a> &gt;Abfall<\/p>\n<div id=\"attachment_11938\" style=\"width: 649px\" class=\"wp-caption alignnone\"><a href=\"https:\/\/www.freiburg-schwarzwald.de\/blog\/natur\/umwelt\/recycling\/leiterwagen-abfall-pan120928\/\" rel=\"attachment wp-att-11938\"><img loading=\"lazy\" decoding=\"async\" aria-describedby=\"caption-attachment-11938\" class=\"size-full wp-image-11938\" title=\"leiterwagen-abfall-pan120928\" src=\"https:\/\/www.freiburg-schwarzwald.de\/blog\/wp-content\/uploads\/2012\/05\/leiterwagen-abfall-pan120928.jpg\" alt=\"\" width=\"639\" height=\"324\" srcset=\"https:\/\/www.freiburg-schwarzwald.de\/blog\/wp-content\/uploads\/2012\/05\/leiterwagen-abfall-pan120928.jpg 639w, https:\/\/www.freiburg-schwarzwald.de\/blog\/wp-content\/uploads\/2012\/05\/leiterwagen-abfall-pan120928-180x91.jpg 180w\" sizes=\"auto, (max-width: 639px) 100vw, 639px\" \/><\/a><p id=\"caption-attachment-11938\" class=\"wp-caption-text\">Abfall mit dem Leiterwagen zum Recyclinghof am 28.9.2012<\/p><\/div>\n<p align=\"left\"><strong>Abfall, M\u00fcll, Entsorgung, M\u00fcllverbrennung, Giftm\u00fcll, &#8230;<\/strong><\/p>\n<ul>\n<li><em>Listenauswahl eines Beitrags: Bitte\u00a0<span style=\"text-decoration: underline;\">anklicken<\/span>\u00a0oder runterscrollen<\/em><\/li>\n<li><a href=\"https:\/\/www.freiburg-schwarzwald.de\/blog\/regio\/freiburg\/stadtfreiburg\/\">Freiburg setzt auf Wasserstoff bei M\u00fcllabfuhr<\/a> (29.9.2025)<\/li>\n<li><a href=\"https:\/\/www.freiburg-schwarzwald.de\/blog\/kultur\/kulturverlust\/zweierlei\/\">Weil Fl\u00fcchtlinge M\u00fcll nicht trennen: Ludwigsburg stellt nur noch Restm\u00fclltonne vor Unterkunft<\/a> (3.4.2024)<\/li>\n<li>M\u00fcll in Kirchzarten am Giersberg (6.7.2022)<\/li>\n<li>Freiburg putzt sich raus mit der Naturschutzjugend (23.10.2021)<\/li>\n<li><a href=\"https:\/\/www.freiburg-schwarzwald.de\/blog\/natur\/wald\/\">Waldaufr\u00e4umer- Clean-Up-Days im Schwarzwald<\/a>\u00a0(8.7.2021)<\/li>\n<li>Die Besucher von \u00f6ffentlichem Raum f\u00fchlen sich im M\u00fcll wohl (17.8.2020)<\/li>\n<li>M\u00fcll &#8211; die Nichtzust\u00e4ndigkeit der B\u00fcrger (28.7.2020)<\/li>\n<li>M\u00fclls\u00fcnder 10 Euro in FR &#8211; Unzivilisierter 450 Euro in Cannes (12.6.2019)<\/li>\n<li><a href=\"https:\/\/www.freiburg-schwarzwald.de\/blog\/engagement\/sparsamkeit\/\">Im Gewerbekanal soll der \u201ePlastikmensch\u201c aufr\u00fctteln \u2013 badenova<\/a>\u00a0(14.9.2018)<\/li>\n<li><a href=\"https:\/\/www.freiburg-schwarzwald.de\/blog\/wir-die-freiburger-innenstadt\">https:\/\/www.freiburg-schwarzwald.de\/blog\/wir-die-freiburger-innenstadt<\/a>\/ (5.2.2015)<\/li>\n<li>Vermieter sollen f\u00fcr M\u00fcll-Schulden der Mieter haften (24.11.2014)<\/li>\n<li><a href=\"https:\/\/www.freiburg-schwarzwald.de\/blog\/vorne-hui-und-hinten-pfui-abfall\/\">https:\/\/www.freiburg-schwarzwald.de\/blog\/vorne-hui-und-hinten-pfui-abfall\/<\/a>\u00a0(15.5.2014)<\/li>\n<li><a href=\"https:\/\/www.freiburg-schwarzwald.de\/blog\/sandfang-dreisam-laerm-nachts\/\">https:\/\/www.freiburg-schwarzwald.de\/blog\/sandfang-dreisam-laerm-nachts\/<\/a>\u00a0(29.8.2013)<\/li>\n<li><a href=\"https:\/\/www.freiburg-schwarzwald.de\/blog\/kaffeetrinken-beim-recyclinghof\/\">https:\/\/www.freiburg-schwarzwald.de\/blog\/kaffeetrinken-beim-recyclinghof\/<\/a>\u00a0(23.6.2013)<\/li>\n<li>Lifestyle &#8211;\u00a0den Dreck ins Gras oder in die Dreisam\u00a0werfen (10.6.2013)<\/li>\n<li><a href=\"https:\/\/www.freiburg-schwarzwald.de\/blog\/effektive-mikroorganismen-em\/\">https:\/\/www.freiburg-schwarzwald.de\/blog\/effektive-mikroorganismen-em\/<\/a>\u00a0(2.5.2013)<\/li>\n<li><a href=\"https:\/\/www.freiburg-schwarzwald.de\/nahrungsmittelverschwendung.htm#Als Student containern: Das Men\u00fc aus der Tonne\">Als Student containern: Das Men\u00fc aus der Tonne<\/a>&gt;Nahrungsmittelverschwendung (4.1.2012)<\/li>\n<li><a href=\"https:\/\/www.freiburg-schwarzwald.de\/littenweiler\/solar4.htm#Freiburgs gr\u00f6\u00dftes Solarkraftwerk auf M\u00fclldeponie Eichelbuck eingeweiht\">Freiburgs gr\u00f6\u00dftes Solarkraftwerk auf M\u00fclldeponie Eichelbuck eingeweiht<\/a>&gt;Solar4 (21.12.11)<\/li>\n<li><a href=\"https:\/\/www.freiburg-schwarzwald.de\/littenweiler\/spielplatz1.htm#Spritzen und Fixerm\u00fcll wegwerfen - Ein-Euro-Jobber fehlen\">Spritzen und Fixerm\u00fcll wegwerfen &#8211; Ein-Euro-Jobber fehlen<\/a> &gt;Spielplatz1 (6.12.2011)<\/li>\n<li><a href=\"https:\/\/www.freiburg-schwarzwald.de\/abfall#Der M\u00fcll wird zur Plage in Freiburg\">Der M\u00fcll wird zur Plage in Freiburg<\/a> &gt;Abfall (2.11.2011)<\/li>\n<li><a href=\"https:\/\/www.freiburg-schwarzwald.de\/abfall#Die Zeit der Laubbl\u00e4ser - geht das nicht auch leiser\">Die Zeit der Laubbl\u00e4ser &#8211; geht das nicht auch leiser?<\/a> &gt;Abfall (29.10.2011)<\/li>\n<li><a href=\"https:\/\/www.freiburg-schwarzwald.de\/abfall#Freiburg packt an 2011: 100000 Euro von 800 Helfern in eingespart\">Freiburg packt an 2011: 100000 Euro von 800 Helfern in eingespart<\/a>\u00a0 &gt;Abfall (15.10.2011)<\/li>\n<li><a href=\"https:\/\/www.freiburg-schwarzwald.de\/abfall#ASF verschickt 100.000 Abfallgeb\u00fchrenbescheide an Freiburgs Haushalte\">ASF verschickt 100.000 Abfallgeb\u00fchrenbescheide an Freiburgs Haushalte<\/a>&gt;Abfall (9.2.2011)<\/li>\n<li><a href=\"https:\/\/www.freiburg-schwarzwald.de\/eschbach.htm#Energier\u00fcckgewinnung der TREA fast v\u00f6llig ungenutzt: Ineffiziente CO2-Schleuder\">TREA-Energier\u00fcckgewinnung v\u00f6llig ungenutzt: Ineffiziente CO2-Schleuder<\/a>&gt;Eschbach (30.12)<\/li>\n<li><a href=\"https:\/\/www.freiburg-schwarzwald.de\/eschbach.htm#TREA: Seit 6 Jahren - Entsorgungskonzept f\u00fcr die Zukunft\">TREA: Seit 6 Jahren &#8211; Entsorgungskonzept f\u00fcr die Zukunft<\/a> &gt;Eschbach (9.12.2010)<\/li>\n<li><a href=\"https:\/\/www.freiburg-schwarzwald.de\/nahrungsmittelverschwendung.htm#Ungef\u00e4hr 10 Prozent des Restm\u00fclls sind Lebensmittel\">Ungef\u00e4hr 10 Prozent des Restm\u00fclls sind Lebensmittel<\/a> &gt;Nahrungsmittelverschwend (22.10.2010)<\/li>\n<li><a href=\"https:\/\/www.freiburg-schwarzwald.de\/sparsamkeit.htm#Die H\u00e4lfte unserer Lebensmittel wandert in den M\u00fcll\">Die H\u00e4lfte unserer Lebensmittel wandert in den M\u00fcll<\/a> &gt;Sparsamkeit (24.10.2010)<\/li>\n<li><a href=\"https:\/\/www.freiburg-schwarzwald.de\/abfall#Familie in FR-Weingarten schmei\u00dft Waschmaschine aus dem 8. Stock\">Familie in FR-Weingarten schmei\u00dft Waschmaschine aus dem 8. Stock<\/a> &gt;Abfall (12.10.2010)<\/li>\n<li><a href=\"https:\/\/www.freiburg-schwarzwald.de\/littenweiler\/strandbad.htm#Wulfs geniale Idee: Abfallsammeln als Bewegungstherapie\">Wulf&#8217;s geniale Idee: Abfallsammeln als Bewegungstherapie<\/a> &gt;Strandbad (31.8.2010)<\/li>\n<li><a href=\"https:\/\/www.freiburg-schwarzwald.de\/abfall.htm#Wertstofftonne einf\u00fchren: Unterst\u00fctzen Sie die Petition des Nabu\">Wertstofftonne einf\u00fchren: Unterst\u00fctzen Sie die Petition des Nabu<\/a> &gt;Abfall (29.9.2010)<\/li>\n<li><a href=\"https:\/\/www.freiburg-schwarzwald.de\/abfall#M\u00fclltaucher: M\u00fcllsammeln in Containern\">M\u00fclltaucher: M\u00fcllsammeln in Containern<\/a> &gt;Abfall (27.7.2010)<\/li>\n<li><a href=\"https:\/\/www.freiburg-schwarzwald.de\/elsass3.htm#Stocamine: Giftm\u00fcll in Wittelsheim enkelvertr\u00e4glich entsorgen\">Stocamine: Giftm\u00fcll in Wittelsheim enkelvertr\u00e4glich entsorgen<\/a> &gt;Elsass3 (17.4.2010)<\/li>\n<li><a href=\"https:\/\/www.freiburg-schwarzwald.de\/abfall#Weihnachtsvorlesung 1: Biomassenutzung mal ganz anders\">Weihnachtsvorlesung 1: Biomassenutzung mal ganz anders<\/a> &gt;Abfall (26.11.2009)<\/li>\n<li><a href=\"https:\/\/www.freiburg-schwarzwald.de\/elsass2.htm#Stocamine Giftm\u00fcll-Brand: BUND kritisiert mildes Urteil\">Stocamine Giftm\u00fcll-Brand: BUND kritisiert mildes Urteil<\/a> &gt;Elsass2 (20.4.2009)<\/li>\n<li><a href=\"https:\/\/www.freiburg-schwarzwald.de\/abfall#Zahlen die Freiburger zu viel M\u00fcllgeb\u00fchren\">Zahlen die Freiburger zu viel M\u00fcllgeb\u00fchren?<\/a> &gt;Abfall (6.3.2009)<\/li>\n<li><a href=\"https:\/\/www.freiburg-schwarzwald.de\/eschbach.htm#TREA darf mehr Abf\u00e4lle verbrennen bzw. Abw\u00e4rme ungenutzt verpuffen\">TREA darf mehr Abf\u00e4lle verbrennen bzw. Abw\u00e4rme ungenutzt verpuffen<\/a> &gt;Eschbach (6.2.2009)<\/li>\n<li><a href=\"https:\/\/www.freiburg-schwarzwald.de\/markgraeflerland4.htm#Nochmals Nein zur TREA II - Keine zweite M\u00fcllverbrennungsanlage\">Nochmals Nein zur TREA II &#8211; Keine zweite M\u00fcllverbrennungsanlage<\/a> &gt;Markgraeflerland4 (1.6.07)<\/li>\n<li><a href=\"https:\/\/www.freiburg-schwarzwald.de\/abfall#Nein zur TREA II: Keine zweite M\u00fcllverbrennungsanlage im Markgr\u00e4flerland\">Nein zur TREA II: Keine zweite M\u00fcllverbrennungsanlage im Markgr\u00e4flerland<\/a> (9.5.2007)<\/li>\n<li><\/li>\n<li><a href=\"https:\/\/www.freiburg-schwarzwald.de\/einsparen.htm\">Einsparen statt verschwenden<\/a> &gt;Einsparen<\/li>\n<li><a title=\"stadtfreiburg\" href=\"https:\/\/www.freiburg-schwarzwald.de\/blog\/regio\/freiburg\/stadtfreiburg\/\">Abfall in Freiburg &#8211; StadtFreiburg<\/a><\/li>\n<li><a title=\"Freiburg-sauber\" href=\"https:\/\/www.freiburg-schwarzwald.de\/blog\/regio\/freiburg\/freiburg-sauber\/\">Dreckig und blumenlos, so ist FR<\/a>\u00a0&gt;Freiburg-sauber<\/li>\n<li><a title=\"Oeffentlicher-Raum\" href=\"https:\/\/www.freiburg-schwarzwald.de\/blog\/kultur\/oeffentlicher-raum\/\">M\u00fcll &#8211; Verm\u00fcllung<\/a> &gt;Oeffentlicher-Raum<\/li>\n<li><a title=\"Nahrungsmittelspekulation\" href=\"https:\/\/www.freiburg-schwarzwald.de\/blog\/natur\/ernaehrung\/nahrungsmittelspekulation\/\">Nahrungsmittelspekulation<\/a><\/li>\n<li><a title=\"Nahrungsmittelverschwendung\" href=\"https:\/\/www.freiburg-schwarzwald.de\/blog\/natur\/umwelt\/abfall\/nahrungsmittelverschwendung\/\">Nahrungsmittelverschwendung<\/a><\/li>\n<li><a href=\"https:\/\/www.freiburg-schwarzwald.de\/littenweiler\/stadtfreiburg.htm#Remondis Freiburg\">Remondis Freiburg<\/a> &gt;StadtFreiburg<\/li>\n<li><a title=\"Recycling\" href=\"https:\/\/www.freiburg-schwarzwald.de\/blog\/natur\/umwelt\/recycling\/\">Recycling und Recyclingh\u00f6fe<\/a><\/li>\n<li><a href=\"https:\/\/www.freiburg-schwarzwald.de\/garten.htm#Garten an der Dreisam bei der Nepomukbr\u00fccke\">Recycling-Garten an der Dreisam bei der Nepomukbr\u00fccke in Ebnet<\/a> &gt;Garten<\/li>\n<li><a href=\"https:\/\/www.freiburg-schwarzwald.de\/sparsamkeit.htm\">Sparsamkeit als \u00dcberlebensprinzip<\/a> &gt;Sparsamkeit<\/li>\n<li><a href=\"https:\/\/www.freiburg-schwarzwald.de\/eschbach.htm#TREA - Thermische Restabfallbehandlungs- und Energieerzeugungsanlage Breisgau\">TREA &#8211; Thermische Restabfallbehandlungs- und Energieerzeugungsanlage Breisgau<\/a>\u00a0 &gt;Eschbach<\/li>\n<li><a title=\"Wegwerfkultur\" href=\"https:\/\/www.freiburg-schwarzwald.de\/blog\/kultur\/wegwerfkultur\/\">Wegwerfkultur<\/a><\/li>\n<\/ul>\n<p>&nbsp;<\/p>\n<p><a href=\"https:\/\/www.freiburg-schwarzwald.de\/blog\/natur\/umwelt\/abfall\/leiterwagen-abfall120928\/\" rel=\"attachment wp-att-11935\"><img loading=\"lazy\" decoding=\"async\" class=\"alignnone size-thumbnail wp-image-11935\" title=\"leiterwagen-abfall120928\" src=\"https:\/\/www.freiburg-schwarzwald.de\/blog\/wp-content\/uploads\/2012\/05\/leiterwagen-abfall120928-180x137.jpg\" alt=\"\" width=\"180\" height=\"137\" srcset=\"https:\/\/www.freiburg-schwarzwald.de\/blog\/wp-content\/uploads\/2012\/05\/leiterwagen-abfall120928-180x137.jpg 180w, https:\/\/www.freiburg-schwarzwald.de\/blog\/wp-content\/uploads\/2012\/05\/leiterwagen-abfall120928.jpg 640w\" sizes=\"auto, (max-width: 180px) 100vw, 180px\" \/><\/a>\u00a0 \u00a0 \u00a0 \u00a0 \u00a0 \u00a0\u00a0<a href=\"https:\/\/www.freiburg-schwarzwald.de\/blog\/natur\/umwelt\/abfall\/dreisam-muell120717\/\" rel=\"attachment wp-att-8074\"><img loading=\"lazy\" decoding=\"async\" class=\"alignnone size-thumbnail wp-image-8074\" title=\"dreisam-muell120717\" src=\"https:\/\/www.freiburg-schwarzwald.de\/blog\/wp-content\/uploads\/2012\/05\/dreisam-muell120717-180x135.jpg\" alt=\"\" width=\"180\" height=\"135\" srcset=\"https:\/\/www.freiburg-schwarzwald.de\/blog\/wp-content\/uploads\/2012\/05\/dreisam-muell120717-180x135.jpg 180w, https:\/\/www.freiburg-schwarzwald.de\/blog\/wp-content\/uploads\/2012\/05\/dreisam-muell120717.jpg 640w\" sizes=\"auto, (max-width: 180px) 100vw, 180px\" \/><\/a>\u00a0 \u00a0 \u00a0 \u00a0 \u00a0 <a href=\"https:\/\/www.freiburg-schwarzwald.de\/blog\/natur\/umwelt\/abfall\/muell-eichelbuck120613\/\" rel=\"attachment wp-att-5316\"><img loading=\"lazy\" decoding=\"async\" title=\"muell-eichelbuck120613\" src=\"https:\/\/www.freiburg-schwarzwald.de\/blog\/wp-content\/uploads\/2012\/05\/muell-eichelbuck120613-180x135.jpg\" alt=\"\" width=\"180\" height=\"135\" \/><\/a><br \/>\n(1)<\/p>\n<h5><a href=\"https:\/\/www.freiburg-schwarzwald.de\/blog\/natur\/umwelt\/abfall\/muell-dreisamuferweg130824\/\" rel=\"attachment wp-att-36878\"><img loading=\"lazy\" decoding=\"async\" class=\"alignnone size-thumbnail wp-image-36878\" title=\"muell-dreisamuferweg130824\" src=\"https:\/\/www.freiburg-schwarzwald.de\/blog\/wp-content\/uploads\/2012\/05\/muell-dreisamuferweg130824-180x135.jpg\" alt=\"\" width=\"180\" height=\"135\" srcset=\"https:\/\/www.freiburg-schwarzwald.de\/blog\/wp-content\/uploads\/2012\/05\/muell-dreisamuferweg130824-180x135.jpg 180w, https:\/\/www.freiburg-schwarzwald.de\/blog\/wp-content\/uploads\/2012\/05\/muell-dreisamuferweg130824.jpg 640w\" sizes=\"auto, (max-width: 180px) 100vw, 180px\" \/><\/a>\u00a0 \u00a0 \u00a0 \u00a0 \u00a0 \u00a0\u00a0<a href=\"https:\/\/www.freiburg-schwarzwald.de\/blog\/natur\/umwelt\/abfall\/abfall140702\/\" rel=\"attachment wp-att-49173\"><img loading=\"lazy\" decoding=\"async\" class=\"alignnone size-thumbnail wp-image-49173\" src=\"https:\/\/www.freiburg-schwarzwald.de\/blog\/wp-content\/uploads\/2012\/05\/abfall140702-180x135.jpg\" alt=\"abfall140702\" width=\"180\" height=\"135\" srcset=\"https:\/\/www.freiburg-schwarzwald.de\/blog\/wp-content\/uploads\/2012\/05\/abfall140702-180x135.jpg 180w, https:\/\/www.freiburg-schwarzwald.de\/blog\/wp-content\/uploads\/2012\/05\/abfall140702.jpg 640w\" sizes=\"auto, (max-width: 180px) 100vw, 180px\" \/><\/a>\u00a0 \u00a0 \u00a0 \u00a0 \u00a0 <a href=\"https:\/\/www.freiburg-schwarzwald.de\/blog\/natur\/umwelt\/abfall\/abfall-park160929\/\" rel=\"attachment wp-att-62889\"><img loading=\"lazy\" decoding=\"async\" class=\"alignnone size-thumbnail wp-image-62889\" src=\"https:\/\/www.freiburg-schwarzwald.de\/blog\/wp-content\/uploads\/2012\/05\/abfall-park160929-180x135.jpg\" alt=\"abfall-park160929\" width=\"180\" height=\"135\" srcset=\"https:\/\/www.freiburg-schwarzwald.de\/blog\/wp-content\/uploads\/2012\/05\/abfall-park160929-180x135.jpg 180w, https:\/\/www.freiburg-schwarzwald.de\/blog\/wp-content\/uploads\/2012\/05\/abfall-park160929.jpg 640w\" sizes=\"auto, (max-width: 180px) 100vw, 180px\" \/><\/a><br \/>\n(4) Dreisamuferweg 24.8.2013\u00a0 \u00a0(5) 28.6.2014 &#8211; samstags\u00a0 \u00a0(6) Abfall Littenweiler 11.8.16<\/h5>\n<h5><a href=\"https:\/\/www.freiburg-schwarzwald.de\/blog\/natur\/umwelt\/abfall\/neujahr170101\/\" rel=\"attachment wp-att-64171\"><img loading=\"lazy\" decoding=\"async\" class=\"alignnone size-thumbnail wp-image-64171\" src=\"https:\/\/www.freiburg-schwarzwald.de\/blog\/wp-content\/uploads\/2012\/05\/neujahr170101-180x135.jpg\" alt=\"neujahr170101\" width=\"180\" height=\"135\" srcset=\"https:\/\/www.freiburg-schwarzwald.de\/blog\/wp-content\/uploads\/2012\/05\/neujahr170101-180x135.jpg 180w, https:\/\/www.freiburg-schwarzwald.de\/blog\/wp-content\/uploads\/2012\/05\/neujahr170101.jpg 640w\" sizes=\"auto, (max-width: 180px) 100vw, 180px\" \/><\/a><br \/>\n(7) Neujahr 1.1.2017 an der Dreisam<\/h5>\n<p>(1) Abfall mit Leiterwagen zum Recyclinghof bringen am 28.9.2012<br \/>\n(2) Abfall in der Dreisam am 17.7.2012<br \/>\n(3) Deponie Eichelbuck in Freiburg am 13.6.2012 &#8211; Restmuell verladen vom Lkw auf den Lkw<br \/>\n(4) Dreisamuferweg 24.8.2013 beim Steg am Ebneter Wasserweg. Partymachen ganz cool: Bier, Wein und Pommes besorgen, Einkaufswagen mitnehmen, an der Dreisam feiern und danach Einkaufswagen mit all dem M\u00fcll einfach stehen lassen.<\/p>\n<p>=============================================<\/p>\n<p>&nbsp;<\/p>\n<p><strong>M\u00fcll in Kirchzarten am Giersberg<\/strong><br \/>\nWer sollte hier wem hinterherr\u00e4umen? Wer hat den M\u00fcll beseitigt und die Wiese von den Glasscherben befreit? Und wer bezahlt die Menschen, die verzweifelt und unter gro\u00dfen M\u00fchen den Platz reinigen und wieder zu einem Ort der Erholung werden lassen??? Die Verursacher dieser M\u00fcllberge??? Verantwortungsbewusstsein, Achtsamkeit und Respekt gegen\u00fcber Natur und Mitmenschen &#8211; das w\u00fcnsche ich mir von Herzen. Ich gebe die Hoffnung nicht auf.<\/p>\n<div id=\"attachment_102482\" style=\"width: 649px\" class=\"wp-caption alignnone\"><a href=\"https:\/\/www.freiburg-schwarzwald.de\/blog\/wp-content\/uploads\/2022\/07\/muell-kirchzarten-giersberg.pan2206.jpg\"><img loading=\"lazy\" decoding=\"async\" aria-describedby=\"caption-attachment-102482\" class=\"size-full wp-image-102482\" src=\"https:\/\/www.freiburg-schwarzwald.de\/blog\/wp-content\/uploads\/2022\/07\/muell-kirchzarten-giersberg.pan2206.jpg\" alt=\"\" width=\"639\" height=\"424\" srcset=\"https:\/\/www.freiburg-schwarzwald.de\/blog\/wp-content\/uploads\/2022\/07\/muell-kirchzarten-giersberg.pan2206.jpg 639w, https:\/\/www.freiburg-schwarzwald.de\/blog\/wp-content\/uploads\/2022\/07\/muell-kirchzarten-giersberg.pan2206-180x119.jpg 180w\" sizes=\"auto, (max-width: 639px) 100vw, 639px\" \/><\/a><p id=\"caption-attachment-102482\" class=\"wp-caption-text\">M\u00fcll in Kirchzarten am Giersberg im Juli 2022 &#8211; die anderen r\u00e4umen ihn weg<\/p><\/div>\n<p>6.7.2022, Birgit von Puttkamer, Kirchzarten, <a href=\"https:\/\/www.dreisamtaeler.de\">https:\/\/www.dreisamtaeler.de<\/a><br \/>\nBild Mull-pan<\/p>\n<p>&nbsp;<\/p>\n<p><strong>Freiburg putzt sich raus mit der Naturschutzjugend<\/strong><br \/>\nUnter dem Motto &#8222;Freiburg putzt sich raus&#8220; findet am Samstag, 23. Oktober, wieder eine stadtweite M\u00fcllsammelaktion statt. B\u00fcrgerinnen und B\u00fcrger, Schulen, Vereine und Gruppen sind eingeladen, sich daran zu beteiligen. Die Aktion wird von den B\u00fcrgervereinen und Gruppierungen in den Stadt- und Ortsteilen organisiert. Einzelne Ausweichtermine unter der Woche sind m\u00f6glich. Das Garten- und Tiefbauamt (GuT) sowie die Abfallwirtschaft und Stadtreinigung Freiburg (ASF) unterst\u00fctzen die Teilnehmer logistisch mit Material und Beratung. Wer mitmachen will, kann sich in seinem Stadtteil (B\u00fcrgervereine, Ortsverwaltungen oder Quartierb\u00fcros) oder bei &#8222;Freiburg packt an&#8220;, Garten- und Tiefbauamt, Tel. 201-4712 oder per E-Mail unter fpa@stadt.freiburg.de anmelden.<\/p>\n<div id=\"attachment_95561\" style=\"width: 650px\" class=\"wp-caption alignnone\"><a href=\"https:\/\/www.freiburg-schwarzwald.de\/blog\/wp-content\/uploads\/2021\/10\/freiburg-waldputzete211023-pan.jpg\"><img loading=\"lazy\" decoding=\"async\" aria-describedby=\"caption-attachment-95561\" class=\"size-full wp-image-95561\" src=\"https:\/\/www.freiburg-schwarzwald.de\/blog\/wp-content\/uploads\/2021\/10\/freiburg-waldputzete211023-pan.jpg\" alt=\"\" width=\"640\" height=\"342\" srcset=\"https:\/\/www.freiburg-schwarzwald.de\/blog\/wp-content\/uploads\/2021\/10\/freiburg-waldputzete211023-pan.jpg 640w, https:\/\/www.freiburg-schwarzwald.de\/blog\/wp-content\/uploads\/2021\/10\/freiburg-waldputzete211023-pan-180x96.jpg 180w\" sizes=\"auto, (max-width: 640px) 100vw, 640px\" \/><\/a><p id=\"caption-attachment-95561\" class=\"wp-caption-text\">Waldputzete in Freiburg-Waldsee mit der Naturschutzjugend am 23.10.2021<\/p><\/div>\n<p>Bild Rita Eggstein<\/p>\n<p>DIE NATUR BEFREIEN von M\u00fcll und allem, was da nicht hingeh\u00f6rt, war das Ziel der Aktion &#8222;Freiburg putzt sich raus&#8220;, die am Wochenende in zahlreichen Freiburger Stadtteilen und Quartieren stattfand. Unser Foto zeigt eine Gruppe der Naturschutzjugend, die am Samstag die Wege rund um den Waldsee s\u00e4uberte.<br \/>\n&#8230; Alles vom 2.10.2021 bitte lesen uf<br \/>\n<a href=\"https:\/\/www.badische-zeitung.de\/freiburg-putzt-sich-raus-x1x--205905613.html\">https:\/\/www.badische-zeitung.de\/freiburg-putzt-sich-raus-x1x&#8211;205905613.html<\/a><\/p>\n<p>&nbsp;<\/p>\n<p><strong>Die Besucher von \u00f6ffentlichem Raum f\u00fchlen sich im M\u00fcll wohl<\/strong><br \/>\nEhrlich gesagt, kann ich den \u00c4rger \u00fcber die M\u00fcllproblematik nicht ganz nachvollziehen. \u00dcberall entsteht M\u00fcll. M\u00fcll geh\u00f6rt dazu. M\u00fcll ist ein Teil unseres Lebens. Und ist es nicht so, dass einem ohne M\u00fcll irgend etwas fehlt? Es ist doch offensichtlich, dass die Besucher von \u00f6ffentlichem Raum sich im M\u00fcll wohlf\u00fchlen, sonst w\u00fcrden sie ihn ja nicht immer wieder vor Ort bereitstellen.<br \/>\nAllabendlich machen sich unz\u00e4hlige Stadtbesucher in der Altstadt oder Picknickg\u00e4ste an der Dreisam die M\u00fche, fein s\u00e4uberlich M\u00fcll zu drapieren. Und am n\u00e4chsten Morgen \u2013 alles weg. Und man kann von vorne anfangen. Das ist doch entmutigend. Und was sollen die fremden G\u00e4ste sagen?<br \/>\nEs ist doch etwas Sch\u00f6nes, wenn man als Tourist bereits an den herumliegenden Getr\u00e4nkebechern oder Pizzakartons \u00fcber die kulinarische Vielfalt einer Stadt informiert wird. Also, mir w\u00fcrde das helfen zu entscheiden, wo ich meinen &#8222;Coffee to go&#8220; holen k\u00f6nnte. Au\u00dferdem ist es Picknickfamilien schlichtweg nicht zuzumuten, nach einem anstrengenden Grillabend dann auch noch Flaschen und Ged\u00f6ns einzusammeln.<\/p>\n<p>Schlie\u00dflich belastet das ja auch den Umfang des eigenen Hausm\u00fclls, was nun wirklich nicht sein muss. Und \u2013 was man nicht vergessen darf: Bereits der Fischreichtum hat an der Dreisam sp\u00fcrbar zugenommen, seitdem Tierfreunde ihre Essensreste im Flie\u00dfwasser entsorgen. &#8230;<br \/>\n17.8.2020, Michael Borner, Freiburg, BZ<br \/>\n.<\/p>\n<p>&nbsp;<\/p>\n<p><strong>M\u00fcll &#8211; die Nichtzust\u00e4ndigkeit der B\u00fcrger<\/strong><br \/>\nMit Forschung \u00fcber Menschen und deren Verh\u00e4ltnis zu ihrem M\u00fcll befasse ich mich nicht in der systematischen Weise, wie Frau Schlehe das auf ihrem indonesischen Arbeitsgebiet tut. Die Schl\u00fcsse jedoch, die sie zieht, haben mich \u00fcberraschende Parallelen im Verhalten von s\u00fcdostasiatischen und Breisgauer M\u00fcllverursachern erkennen lassen (&#8222;Nichtzust\u00e4ndigkeit&#8220;). Dazu ein paar alltagspragmatische Erlebnisse mit Menschen, die ich anzusprechen pflege, wenn sie ihren Abfall da entsorgen, wo sie gerade stehen.<br \/>\nEin junger Mann, der seine Zigarettenschachtel an der Stra\u00dfenbahnhaltestelle Stadttheater in direkter N\u00e4he zu einem M\u00fcllbeh\u00e4lter auf die Schienen wirft, und den ich h\u00f6flich frage, ob er das gut finde, sagt, die Stadt bezahle Menschen, die sich um den M\u00fcll zu k\u00fcmmern h\u00e4tten, und das schaffe und erhalte Arbeitspl\u00e4tze. Er sagte das ohne erkennbare Ver\u00e4rgerung. In den meisten F\u00e4llen jedoch, in denen ich M\u00fclls\u00fcndern meine Frage stelle, bekomme ich eine patzige Antwort.<br \/>\nBei Pubertierenden ist solches Verhalten erwartbar. Erwachsene aber, von denen Einsicht zu erwarten w\u00e4re, reagieren meist ebenso patzig, zumindest aber unwirsch.<br \/>\nEin gestandener Mann, der auf der Stadtbahnbr\u00fccke mit mir zusammen auf die Stra\u00dfenbahn wartet, saugt hektisch an seiner Zigarette, um sie zu Ende zu rauchen, ehe er einsteigen muss. In unserer N\u00e4he fegt ein Angestellter der Stadtreinigung die Kippen zusammen, die massenhaft neben und unter einem M\u00fcllbeh\u00e4lter herumliegen. Als der Raucher fertig ist, wirft er den Rest seiner Zigarette auf den gerade ges\u00e4uberten Boden, direkt vor den M\u00fcllbeh\u00e4lter. Meine h\u00f6flich vorgebrachte Standardfrage provoziert bei ihm einen Wortschwall mit den absurdesten Begr\u00fcndungen f\u00fcr die Rechtm\u00e4\u00dfigkeit seines Verhaltens. Und in der Stra\u00dfenbahn werde ich f\u00fcr meine arrogante Fragerei kr\u00e4ftig abgeb\u00fcrstet. Die umstehenden Fahrg\u00e4ste h\u00f6ren sich das schweigend an.<\/p>\n<p>Meiner Erfahrung nach reagieren in dieser Weise vor allem Raucher, die eigentlich inzwischen wissen m\u00fcssten, wie giftig ihre Hinterlassenschaften f\u00fcr die Umwelt sind. Aber Einsicht f\u00fchrt nicht zwangsl\u00e4ufig zu konsequentem Verhalten. Sonst g\u00e4be es keine \u00fcbergewichtigen Ern\u00e4hrungsberater oder rauchenden \u00c4rzte mehr.<br \/>\nEine der absurdesten Begr\u00fcndungen f\u00fcr sein Verhalten gab mir ein T\u00e4ter, der seinen Abfall neben einen M\u00fcllbeh\u00e4lter warf. Er wies mich, ohne rot zu werden, darauf hin, dass an dieser Stelle ja sowieso schon eine Menge Dreck herumliege.<br \/>\nNat\u00fcrlich bedeutet es f\u00fcr Menschen, die auf ihr Fehlverhalten angesprochen werden, einen gewissen Gesichtsverlust, was viele allerdings inzwischen so sehr zu f\u00fcrchten scheinen, dass ihnen keine Rechtfertigung mehr dumm genug erscheint. Pr\u00fcgel wurden mir f\u00fcr meine Frage bislang noch keine angedroht. Vielleicht liegt das an meiner K\u00f6rpergr\u00f6\u00dfe.<br \/>\nSchwer beeindruckt in diesem Zusammenhang hat mich ein Stra\u00dfenbahnfahrer der Verkehrs-AG an einer Endhaltestelle der Linie 3. Er rauchte seine Zigarette zu Ende, warf die Kippe in unmittelbarer N\u00e4he eines M\u00fcllbeh\u00e4lters auf die Gleise vor seinem Fahrzeug, stieg ein und fuhr ab. Ihm gegen\u00fcber traute ich meine Frage nicht zu stellen.<br \/>\n3.8.2020, Dr. Lothar K\u00e4ser, Schallstadt, bZ<br \/>\nEthnologin \u00fcber Verm\u00fcllung: &#8222;Ein Gef\u00fchl der Nicht-Zust\u00e4ndigkeit&#8220;<br \/>\n&#8230; Alles vom 28.7.2020 bitte lesen auf<br \/>\n<a href=\"https:\/\/www.badische-zeitung.de\/ethnologin-ueber-vermuellung-ein-gefuehl-der-nicht-zustaendigkeit--189733519.html\">https:\/\/www.badische-zeitung.de\/ethnologin-ueber-vermuellung-ein-gefuehl-der-nicht-zustaendigkeit&#8211;189733519.html<\/a><br \/>\n.<br \/>\nKommentare:<br \/>\n<strong>Neues Spiel, neues Gl\u00fcck.<\/strong><br \/>\nSeit Jahrzehnten ist bekannt und auch erforscht, dass Zust\u00e4ndigkeit mit Besitz zusammenh\u00e4ngt und daraus Verantwortung erw\u00e4chst. Immerhin gibt es f\u00fcr die Nachkommenden wieder was zu forschen. So dreht das Rad sich immer weiter&#8230;<br \/>\n27.7.2020, U.B.<br \/>\n.<br \/>\n<strong>&#8230; Je anonymer eine Umgebung wird &#8230;<\/strong><br \/>\nNun, das Bewusstsein \u00fcber das, was nicht gerade im Blickfeld ist und \/ oder von den Medien gepuscht wird, zu behalten, ist schwierig. Corona zeigt es ja &#8211; alle anderen Probleme sind nicht mehr relevant, und auch diese Zeitung hat best\u00e4tigt, dass sie nur \u00fcber &#8222;relevantes&#8220; berichtet und deshalb auch nicht \u00fcber andere Probleme.<br \/>\nDie Besserverdienenden und Gutversorgten in den Parlamenten haben die &#8222;normalen&#8220; Menschen aus dem Blickfeld verloren und behandeln sie wie M\u00fcll.<br \/>\nDie Konsumenten interessiert es nicht, wie viel &#8222;M\u00fcll&#8220; und soziales Elend f\u00fcr ihre Billigeink\u00e4ufe entsteht. Viele wollen es auch garnicht wissen.<br \/>\nJe anonymer eine Umgebung wird, je weniger will man sie in sein Bewusstsein aufnehmen.<br \/>\nDas ist logisch und auch ein Schutz, denn mit dem, was man im Bewusstsein hat, identifiziert man sich auch.<br \/>\n27.7.2020, D.F.<br \/>\n<strong>M\u00fclls\u00fcnder 10 Euro in FR &#8211; Unzivilisierter 450 Euro in Cannes<\/strong><br \/>\n&#8222;M\u00fclls\u00fcnder?&#8220; Haben wir Angst, die Dinge beim Namen zu nennen? Franz\u00f6sische St\u00e4dte machen es uns vor, Cannes zum Beispiel seit einigen Jahren. Die Plakate auf den Stra\u00dfen und Pl\u00e4tzen der Stadt sind un\u00fcbersehbar und unmissverst\u00e4ndlich: Weggeworfene Getr\u00e4nkedosen, Zigarettenkippen oder Hundekot im \u00f6ffentlichen Raum ziehen eine Strafe von 180 Euro, im Einzelfall sogar bis 450 Euro nach sich. Und der Tatbestand wird beim Namen genannt: incivilit\u00e9 oder incivisme \u2013 mangelnde Respektierung der Regeln des Zusammenlebens. Niemand in Cannes, der sich auf Nichtwissen berufen k\u00f6nnte.<br \/>\nDie PR-Aktionen aus dem Rathaus verleihen dem Thema regelm\u00e4\u00dfig h\u00f6chste Beachtung. Es geht um einen Wandel der Mentalit\u00e4t im \u00f6ffentlichen Raum, der allen geh\u00f6rt, so der B\u00fcrgermeister. Die Bev\u00f6lkerung hat sich das Thema zu eigen gemacht und h\u00e4ngt an ihre graffiti-gef\u00e4hrdeten Mauern Schilder mit der Aufschrift &#8222;Lutte contre incivisme&#8220; (Kampf gegen die mangelnde Respektierung der Gemeinschaft). Ich habe den Eindruck, die offene Thematisierung hat gefruchtet. Nicht versiegelte \u00f6ffentliche Fl\u00e4chen gibt es in der Innenstadt in Cannes kaum mehr. Bei Spazierg\u00e4ngen tat man vor Jahren gut daran, immer einen Blick nach unten auf etwaigen Hundekot zu werfen. Das ist vorbei. Sollte doch einmal etwas dort liegen, n\u00e4hert sich schon bald un\u00fcbersehbar eine Art \u00fcberdimensionierter Motorroller mit einem gro\u00dfen Staubsaugeraufsatz und entsprechender Beschriftung: Die Beseitigung geschieht nicht heimlich, still und leise, sondern so auff\u00e4llig wie m\u00f6glich. So h\u00e4lt man ein Problem im Bewusstsein aktuell.<br \/>\nDer Begriff &#8222;M\u00fclls\u00fcnder&#8220; besch\u00f6nigt den Sachverhalt: Es geht vor allem um die Missachtung der Gemeinschaft, weniger um steigende Beseitigungskosten. Wollen wir eine \u00c4nderung, m\u00fcssen wir die Dinge beim Namen nennen.<br \/>\n12.6.2019, Hans H. Hapke, Freiburg, BZ<\/p>\n<p>&nbsp;<\/p>\n<p>&nbsp;<\/p>\n<p><strong>Vermieter sollen f\u00fcr M\u00fcll-Schulden der Mieter haften<\/strong><br \/>\nAm Montag legt der st\u00e4dtische Eigenbetrieb Abfallwirtschaft eine erste Bilanz zum neuen Verfahren vor. Das Minus durch s\u00e4umige Haushalte wurde fr\u00fcher auf <a class=\"ngLink\" title=\"\" href=\"https:\/\/www.badische-zeitung.de\/freiburg\/gebuehren-rauf-deckel-runter--75518344.html\" target=\"_self\" rel=\"noopener\">die Abfallgeb\u00fchr<\/a> umgelegt, also auf alle.\u00a0Das stoppte der Verwaltungsgerichtshof des Landes 2010: Die Stadt musste die Ausf\u00e4lle zahlen. Sie \u00fcberwies dem Eigenbetrieb f\u00fcr die Vorjahre \u00fcber eine Million Euro. K\u00fcnftig aber sollten Grundst\u00fccks- und Wohnungseigent\u00fcmer haften &#8230;.<br \/>\nAlles vom 24.11.2014 bitte lesen auf<br \/>\n<a href=\"https:\/\/https:\/\/www.badische-zeitung.de\/freiburg-macht-eine-komplizierte-jagd-auf-muellschuldner\">www.badische-zeitung.de\/freiburg-macht-eine-komplizierte-jagd-auf-muellschuldner<\/a><\/p>\n<p>Ich &#8222;durfte&#8220; vor einiger Zeit auch die M\u00fcllgeb\u00fchren f\u00fcr einen ex-Mieter bezahlen der inzwischen ausgezogen und weshalb keine Mietkaution mehr zur Verrechnung verf\u00fcgbar war. Das war dann f\u00fcr mich auch der Tropfen, der das Fass zum \u00dcberlaufen brachte. Ob das einige hier h\u00f6ren wollen oder nicht, als Vermieter ist man rechtlich immer im Nachteil. Aus diesem Grund versucht man vorab auch so viele Daten wie m\u00f6glich zu bekommen. Hat man aber erstmal einen Mieter in der Wohnung, der dann nicht regelm\u00e4ssig und vollst\u00e4ndig bezahlt (und wom\u00f6glich auch noch die Wohnung \u00fcbermassen &#8222;verwohnt&#8220;), ist es ein jahrelanger und nervenaufreibender Kampf, an dessen Ende man als Vermieter meist tausende Euro drauf legt.<br \/>\nIch lasse die Wohnung nun leer stehen, da das f\u00fcr mich schlussendlich finanziell fast g\u00fcnstiger und vor allem besser f\u00fcr meine Nerven ist.<br \/>\n24.11.2014, Christian M\u00fcller<\/p>\n<p>&nbsp;<\/p>\n<p>&nbsp;<\/p>\n<p><strong>Nach Abi-Partys an der Dreisam bleibt viel M\u00fcll liegen<\/strong><br \/>\nDas Dreisamufer hat sich l\u00e4ngst als Partymeile f\u00fcr Abiturienten etabliert, die in Freiburg ihren Schulabschluss feiern wollen. Ihren M\u00fcll lassen sie dort liegen \u2013 bis zu 150 Kilo am Tag. &#8230;.<br \/>\nAlles vom 21.3.2014 bitte lesen auf<br \/>\n<a href=\"https:\/\/www.badische-zeitung.de\/freiburg\/nach-abi-partys-an-der-dreisam-bleibt-viel-muell-liegen--82135334.html\">https:\/\/www.badische-zeitung.de\/freiburg\/nach-abi-partys-an-der-dreisam-bleibt-viel-muell-liegen&#8211;82135334.html<\/a><\/p>\n<p><a href=\"https:\/\/www.freiburg-schwarzwald.de\/blog\/natur\/umwelt\/abfall\/dreisam-muell-abitur140318\/\" rel=\"attachment wp-att-46188\"><img loading=\"lazy\" decoding=\"async\" class=\"alignnone size-thumbnail wp-image-46188\" src=\"https:\/\/www.freiburg-schwarzwald.de\/blog\/wp-content\/uploads\/2012\/05\/dreisam-muell-abitur140318-180x141.jpg\" alt=\"dreisam-muell-abitur140318\" width=\"180\" height=\"141\" srcset=\"https:\/\/www.freiburg-schwarzwald.de\/blog\/wp-content\/uploads\/2012\/05\/dreisam-muell-abitur140318-180x141.jpg 180w, https:\/\/www.freiburg-schwarzwald.de\/blog\/wp-content\/uploads\/2012\/05\/dreisam-muell-abitur140318.jpg 638w\" sizes=\"auto, (max-width: 180px) 100vw, 180px\" \/><\/a><br \/>\nDreisamufer 18.3.2013: Die einen (H\u00f6here-Reife-Abiturienten) feiern &#8211;\u00a0 die anderen sammeln den M\u00fcll ein<br \/>\n.<br \/>\nVielleicht w\u00e4re es eine M\u00f6glichkeit den M\u00fcll einfach mal f\u00fcr einen Monat liegen zu lassen. Dann k\u00f6nnen Sie in Ihrem eigenen Dreck weiterfeiern! Scheint ein weiteres Bet\u00e4tigungsfeld f\u00fcr den kom. Ordnungsdienst zu werden.<br \/>\n21.3.2014, Frank Maurer<\/p>\n<p><strong>Abitur vormals Reifepr\u00fcfung<\/strong><br \/>\nAbitur hie\u00df fr\u00fcher auch mal Reifepr\u00fcfung. Anscheinend wurde mit der Bezeichnung auch die Bedeutung abgeschafft. Obwohl dies in diesem Fall auch nur mittelbar gilt. Denn manche\u00a0setzen Reife mit Regeltreue und Unterw\u00fcrfigkeit gleich. Das Eine bedingt jedoch nicht das Andere. &#8230;<br \/>\n22.3.2014, Andreas Jenne<\/p>\n<p><strong>Lifestyle &#8211;\u00a0den Dreck ins Gras oder in die Dreisam\u00a0werfen<br \/>\n<\/strong>Der zweite Sonnentag im Jahr 2013 rund um das Dreisamufercaf\u00e8: Eine Horde von 200 bis 300 Sch\u00fclern oder Studenten f\u00fchlt sich wie die Sau am Trog, sitzt genussvoll partymachend zwischen ihrem Dreck. Ich kann dem Treiben zusehen und werde dabei noch dreckig ausgelacht. Wozu aufr\u00e4umen, wenn wegwerfen geiler ist? Durchgekifft, zugedr\u00f6hnt und ohne jegliche soziale Verantwortung, befreit man sich von allem \u00dcberfluss. Das ist die Elite unserer Zukunft.<br \/>\nEs ist unertr\u00e4glicher Lifestyle geworden, den Dreck ohne jegliche Hemmschwelle neben sich ins Gras oder in die Dreisam zu werfen. Haufenweise liegen Farbdosen nach den letzten Graffiti-Aktionen unter den Br\u00fccken. An den M\u00e4uerchen entlang des Fahrradweges sammeln sich die stehengelassenen Glasflaschen. Sperrm\u00fcll wie St\u00fchle und Tische finden einen letzten Nutzen f\u00fcr Grillabende am Ufer. Altkleider und Matratzen verunstalten den Zauber eines Wahrzeichens, das von seinem Wert noch \u00fcber dem des M\u00fcnster steht. Am Ufergeb\u00fcsch h\u00e4ngen Plastikgebilde seit Monaten wie Fahnen im Wind. Nur handelt es sich hier um keine Gala. Egal, was es ist \u2013 Coffee to go, Pizza to go, Papiertaschent\u00fccher, Einkaufsw\u00e4gen, gestohlene Fahrr\u00e4der, Wegwerf-Grills \u2013 es findet seine letzte Ruhest\u00e4tte an und in der Dreisam. Weshalb sollte es die Stadt st\u00f6ren? Geht sie doch mit &#8222;gutem Beispiel&#8220; voraus. Baustellen- und Absperrschilder liegen seit dem letzten Hochwasser in der Dreisam.<br \/>\nIch wundere mich \u00fcber die Eltern, die den Mut aufbringen, ihre Kinder in dem Scherbenhaufen Dreisam noch barfu\u00df spielen zu lassen. Zwischenzeitlich steigt die Liste von dem, was man auf Recyclingh\u00f6fen nicht mehr abgeben darf. Wen wundert es, dass auch rund um Freiburg der M\u00fcll immer mehr in die Waldr\u00e4nder und Stra\u00dfengr\u00e4ben gesch\u00fcttet wird? Freiburgs Verantwortliche sollten sich ernsthaft dar\u00fcber Gedanken machen, Dreckschweine zur R\u00e4son zu bringen. Dies wird nur durch mehrfache routinem\u00e4\u00dfige Kontrollen und Bu\u00dfgelder funktionieren. Eine Ausweiskontrolle ist nicht schwerer, als das ber\u00fchmte Kn\u00f6llchen hinter einen Autoscheibenwischer zu h\u00e4ngen.<br \/>\nIch habe gelernt, den M\u00fcll wieder mit nach Hause zu nehmen und dort zu entsorgen. Ich brauche daher auch keine weiteren Abfalleimer und sinnloses Hinterherr\u00e4umen. Ich erwarte klare Grenzen in Richtung Verursacher, die die Stadt endlich setzen muss.<br \/>\n10.6.2013, Karlheinz Wolf, Freiburg<\/p>\n<p><!-- RSPEAK_STOP --><\/p>\n<p><strong>&#8222;Wenn ich eines Tages nichts mehr in der Tonne finde, ist das zwar das Ende unserer Lebensweise, aber die Erf\u00fcllung unseres Traumes&#8220; (Raphael Fellmer)<\/strong><\/p>\n<p>Zirka 43 Millionen Tonnen Haushaltsm\u00fcll fallen j\u00e4hrlich allein in Deutschland an. Vieles davon geh\u00f6rt eigentlich gar nicht in den Eimer: frische Lebensmittel, Pfandflaschen, Schrott und Metalle, die in Zeiten knapper Rohstoffe immer wertvoller werden. Die Kehrseite unserer Wegwerfgesellschaft ist eine steigende Zahl von Menschen, f\u00fcr die dieser Abfall Lebensgrundlage ist.<br \/>\nRaphael Fellmer gilt als Anf\u00fchrer der Leben-ohne-Geld-Bewegung, die immer popul\u00e4rer wird. Deren Anh\u00e4nger ern\u00e4hren sich haupts\u00e4chlich vom sogenannten Containern: Sie fischen weggeworfene Lebensmittel aus M\u00fclltonnen, vorzugsweise aus Abf\u00e4llen von Biol\u00e4den. Im Internet haben sich mittlerweile Foren gegr\u00fcndet, in denen sich Anh\u00e4nger \u00fcber richtige Ausr\u00fcstung und Gesundheitsrisiken beim Containern austauschen. Sogar Rezepte werden hin- und hergereicht.\u00a0Rechtlich ist das W\u00fchlen in fremden Abfalltonnen Diebstahl, Fellmer spricht dagegen von &#8222;Retten&#8220;. Er nimmt sich Lebensmittel, die als verdorben gelten und sonst vernichtet w\u00fcrden. F\u00fcr ihn ist das Leben vom Abfall keine finanzielle Notwendigkeit, sondern \u00dcberzeugung.\u00a0Immer wieder wird die Familie mit Vorw\u00fcrfen konfrontiert, sie seien &#8222;Edelschmarotzer&#8220; oder unverantwortlich gegen\u00fcber ihrem Kind. Doch gerade f\u00fcr die n\u00e4chste Generation wollen die beiden mit ihrem extremen Weg ein Zeichen gegen die allgemeine Verschwendung setzen. In Deutschlands Tonnen liegen viele Sch\u00e4tze &#8211; doch sie zu heben ist nicht selbstverst\u00e4ndlich. Rein rechtlich gesehen begehen M\u00fclltaucher Diebstahl, wenn sie weggeworfene Lebensmittel mitnehmen oder Pfandflaschen aus dem Altglascontainer fischen.<br \/>\nDabei will Fellmer nicht weniger als die Welt retten. &#8222;Es geht um die Ressourcen auf dieser Erde insgesamt&#8220;, sagt er und meint damit auch Wasser, Energie und saubere Luft zum Atmen. Die Meere seien \u00fcberfischt, die B\u00f6den ausgelaugt &#8211; die Wirtschaft solle aber weiter wachsen, am besten zweistellig. &#8222;Dabei m\u00fcssen wir uns zu einer Schrumpfungsgesellschaft entwickeln. Wir sind sieben Milliarden Menschen, wir haben nur diese eine Erde&#8220;, mahnt Fellmer.<br \/>\nVor einiger Zeit reiste er bis nach Freiburg im Breisgau, um dort auf Einladung einer Waldorfschule zu referieren. Die Konferenz der Oberstufenlehrer habe Fellmers Vortrag als &#8222;p\u00e4dagogischen Gl\u00fccksfall&#8220; gewertet, berichtet Klassenlehrer Hans Hubert Schwizler. &#8222;Raphael verstand es, den Sch\u00fclern &#8211; ob diese nun seinem Lebensentwurf zustimmen mochten oder nicht &#8211; deutlich zu machen, dass man die eigenen Ideale durchaus leben kann.&#8220;<br \/>\n<a href=\"https:\/\/www.fws-freiburg-rieselfeld.de\/\">https:\/\/www.fws-freiburg-rieselfeld.de\/<\/a><br \/>\n<a href=\"https:\/\/www.fws-st-georgen.de\/\">https:\/\/www.fws-st-georgen.de\/<\/a><br \/>\n<a href=\"https:\/\/www.waldorfschule-freiburg.de\">www.waldorfschule-freiburg.de<\/a><\/p>\n<p>5.11.2012<\/p>\n<div>\n<div>\n<p>&nbsp;<\/p>\n<p><strong>M\u00fclltaucher machen den Armen Konkurrenz<\/strong><br \/>\n&#8222;die Begeisterung f\u00fcr M\u00fclltaucher, Gratismieter und Umsonstladennutzer gerade in den b\u00fcrgerlichen Medien d\u00fcrfte sich nicht allein aus dem Bed\u00fcrfnis erkl\u00e4ren, die eigene drohende Deklassierung in symbolisches Kapital umzum\u00fcnzen. Sie zeigt auch eine Ver\u00e4nderung des disziplinierenden Zugriffs auf die Armen an, denen die M\u00fclltaucher politisch korrekte Konkurrenz machen. Aus Perspektive der \u00bbGratis\u00f6konomie\u00ab n\u00e4mlich ist den Armen nicht so sehr ihre vermeint\u00adliche Faulheit als ihre Unzufriedenheit mit der eigenen sozialen Lage anzulasten. Indem sie vorf\u00fchren, dass das Leben vom Abfall dem falschen Luxus vorzuziehen ist, propagieren die M\u00fclltaucher die Identifikation mit der Misere als Erh\u00f6hung der Lebensqualit\u00e4t und exponieren sich als Avantgarde einer Gesellschaft, die das Elend nicht einfach als nauturgegeben, sondern als attraktive Option f\u00fcr die Zukunft begreift. &#8230;.&#8220;<br \/>\nGesamten Beitrag &#8222;Abfall f\u00fcr Alle &#8211; Wer vom M\u00fcll lebt, muss kein Punk sein. In den Zeiten der Krise containert in Deutschland auch das linke B\u00fcrgertum mit Leidenschaft&#8220; von\u00a0Magnus Klaue vom 2.2.2012 bitte lesen auf<br \/>\n<a href=\"https:\/\/jungle-world.com\/artikel\/2012\/05\/44786.html\">https:\/\/jungle-world.com\/artikel\/2012\/05\/44786.html<\/a><\/p>\n<div id=\"attachment_3206\" style=\"width: 618px\" class=\"wp-caption alignnone\"><a href=\"https:\/\/www.freiburg-schwarzwald.de\/blog\/regio\/muehlen\/rohr1pan-060315\/\" rel=\"attachment wp-att-3206\"><img loading=\"lazy\" decoding=\"async\" aria-describedby=\"caption-attachment-3206\" class=\"size-full wp-image-3206\" title=\"rohr1pan-060315\" src=\"https:\/\/www.freiburg-schwarzwald.de\/blog\/wp-content\/uploads\/2012\/05\/rohr1pan-060315.jpg\" alt=\"\" width=\"608\" height=\"157\" srcset=\"https:\/\/www.freiburg-schwarzwald.de\/blog\/wp-content\/uploads\/2012\/05\/rohr1pan-060315.jpg 608w, https:\/\/www.freiburg-schwarzwald.de\/blog\/wp-content\/uploads\/2012\/05\/rohr1pan-060315-180x46.jpg 180w\" sizes=\"auto, (max-width: 608px) 100vw, 608px\" \/><\/a><p id=\"caption-attachment-3206\" class=\"wp-caption-text\">Tele-Blick vom Haldenweg nach Westen zu St.Peter-Rohr mit Jockenhof (links) und Rohrerhof am 15.3.2006<\/p><\/div>\n<\/div>\n<\/div>\n","protected":false},"excerpt":{"rendered":"<p>Home &gt;Natur &gt;Umwelt &gt;Abfall Abfall, M\u00fcll, Entsorgung, M\u00fcllverbrennung, Giftm\u00fcll, &#8230; Listenauswahl eines Beitrags: Bitte\u00a0anklicken\u00a0oder runterscrollen Freiburg setzt auf Wasserstoff bei M\u00fcllabfuhr (29.9.2025) Weil Fl\u00fcchtlinge M\u00fcll nicht trennen: Ludwigsburg stellt nur noch Restm\u00fclltonne vor Unterkunft (3.4.2024) M\u00fcll in Kirchzarten am Giersberg &hellip; <a href=\"https:\/\/www.freiburg-schwarzwald.de\/blog\/natur\/umwelt\/abfall\/\">Weiterlesen <span class=\"meta-nav\">&rarr;<\/span><\/a><\/p>\n","protected":false},"author":2,"featured_media":0,"parent":512,"menu_order":0,"comment_status":"open","ping_status":"closed","template":"","meta":{"footnotes":""},"class_list":["post-3277","page","type-page","status-publish","hentry"],"_links":{"self":[{"href":"https:\/\/www.freiburg-schwarzwald.de\/blog\/wp-json\/wp\/v2\/pages\/3277","targetHints":{"allow":["GET"]}}],"collection":[{"href":"https:\/\/www.freiburg-schwarzwald.de\/blog\/wp-json\/wp\/v2\/pages"}],"about":[{"href":"https:\/\/www.freiburg-schwarzwald.de\/blog\/wp-json\/wp\/v2\/types\/page"}],"author":[{"embeddable":true,"href":"https:\/\/www.freiburg-schwarzwald.de\/blog\/wp-json\/wp\/v2\/users\/2"}],"replies":[{"embeddable":true,"href":"https:\/\/www.freiburg-schwarzwald.de\/blog\/wp-json\/wp\/v2\/comments?post=3277"}],"version-history":[{"count":5,"href":"https:\/\/www.freiburg-schwarzwald.de\/blog\/wp-json\/wp\/v2\/pages\/3277\/revisions"}],"predecessor-version":[{"id":139775,"href":"https:\/\/www.freiburg-schwarzwald.de\/blog\/wp-json\/wp\/v2\/pages\/3277\/revisions\/139775"}],"up":[{"embeddable":true,"href":"https:\/\/www.freiburg-schwarzwald.de\/blog\/wp-json\/wp\/v2\/pages\/512"}],"wp:attachment":[{"href":"https:\/\/www.freiburg-schwarzwald.de\/blog\/wp-json\/wp\/v2\/media?parent=3277"}],"curies":[{"name":"wp","href":"https:\/\/api.w.org\/{rel}","templated":true}]}}