{"id":3275,"date":"2012-05-11T07:20:50","date_gmt":"2012-05-11T07:20:50","guid":{"rendered":"https:\/\/www.freiburg-schwarzwald.de\/blog\/?page_id=3275"},"modified":"2016-08-09T14:53:52","modified_gmt":"2016-08-09T12:53:52","slug":"recycling","status":"publish","type":"page","link":"https:\/\/www.freiburg-schwarzwald.de\/blog\/natur\/umwelt\/recycling\/","title":{"rendered":"Recycling"},"content":{"rendered":"<p>Home &gt;<a title=\"Natur\" href=\"https:\/\/www.freiburg-schwarzwald.de\/blog\/natur\/\">Natur<\/a> &gt;<a title=\"Umwelt\" href=\"https:\/\/www.freiburg-schwarzwald.de\/blog\/natur\/umwelt\/\">Umwelt<\/a> &gt;<a title=\"Abfall\" href=\"https:\/\/www.freiburg-schwarzwald.de\/blog\/natur\/umwelt\/abfall\/\">Abfall<\/a> &gt;Recycling<\/p>\n<div class=\"mceTemp\">\n<div id=\"attachment_36257\" style=\"width: 648px\" class=\"wp-caption alignnone\"><a href=\"https:\/\/www.freiburg-schwarzwald.de\/blog\/natur\/umwelt\/recycling\/glas3flaschen-pan130810\/\" rel=\"attachment wp-att-36257\"><img loading=\"lazy\" decoding=\"async\" aria-describedby=\"caption-attachment-36257\" class=\"size-full wp-image-36257\" title=\"glas3flaschen-pan130810\" src=\"https:\/\/www.freiburg-schwarzwald.de\/blog\/wp-content\/uploads\/2012\/05\/glas3flaschen-pan130810.jpg\" alt=\"\" width=\"638\" height=\"279\" srcset=\"https:\/\/www.freiburg-schwarzwald.de\/blog\/wp-content\/uploads\/2012\/05\/glas3flaschen-pan130810.jpg 638w, https:\/\/www.freiburg-schwarzwald.de\/blog\/wp-content\/uploads\/2012\/05\/glas3flaschen-pan130810-180x78.jpg 180w\" sizes=\"auto, (max-width: 638px) 100vw, 638px\" \/><\/a><p id=\"caption-attachment-36257\" class=\"wp-caption-text\">Glasflaschen-Recycling oder auch nicht am 10.8.2013 in Freiburg<\/p><\/div>\n<\/div>\n<p>&nbsp;<\/p>\n<ul>\n<li>https:\/\/www.freiburg-schwarzwald.de\/blog\/upcycling-kunsthandwerkmarkt\/ (7.8.2016)<\/li>\n<li><a href=\"https:\/\/www.freiburg-schwarzwald.de\/blog\/kaffeetrinken-beim-recyclinghof\/\">https:\/\/www.freiburg-schwarzwald.de\/blog\/kaffeetrinken-beim-recyclinghof\/<\/a>\u00a0(23.6.2013)<\/li>\n<li><a href=\"https:\/\/www.freiburg-schwarzwald.de\/blog\/kleider-altkleider-tausch-rabatt\/\">https:\/\/www.freiburg-schwarzwald.de\/blog\/kleider-altkleider-tausch-rabatt\/<\/a>\u00a0(22.2.2013)<\/li>\n<li><a href=\"https:\/\/www.freiburg-schwarzwald.de\/littenweiler\/solar4.htm#Freiburgs gr\u00f6\u00dftes Solarkraftwerk auf M\u00fclldeponie Eichelbuck eingeweiht\">Freiburgs gr\u00f6\u00dftes Solarkraftwerk auf M\u00fclldeponie Eichelbuck eingeweiht<\/a> &gt;Solar4 (21.12.11)<\/li>\n<li><a href=\"https:\/\/www.freiburg-schwarzwald.de\/garten.htm#Garten an der Dreisam bei der Nepomukbr\u00fccke\">Recycling-Garten an der Dreisam bei der Nepomukbr\u00fccke in Ebnet<\/a> &gt;Garten<\/li>\n<li>Recyclingh\u00f6fe der Stadt Freiburg<\/li>\n<li>Recyclingportal.eu<\/li>\n<li>Elektroschrott<\/li>\n<li>\n<div>Glas &#8211; Glasflaschen<\/div>\n<\/li>\n<li>\n<p align=\"left\"><a title=\"Altkleider\" href=\"https:\/\/www.freiburg-schwarzwald.de\/blog\/business\/handel\/altkleider\/\">Altkleider<\/a><\/p>\n<\/li>\n<\/ul>\n<p>&nbsp;<\/p>\n<div>\n<div><strong>Recyclingh\u00f6fe der Stadt Freiburg<\/strong><\/div>\n<p>Die drei Recyclingh\u00f6fe der Stadt sammeln Abfall, der wieder- und weiterverwendet werden kann. Freiburger Privathaushalte geben sie kostenlos ab \u2013 von Altglas \u00fcber Bauschutt (bis 50 Liter) und Gartenabfall bis zur Waschmaschine. Wenn jemand ein ausw\u00e4rtiges Auto leiht oder einen Nicht-Freiburger schickt, braucht\u2019s Ausweis oder Vollmacht.<br \/>\nDie Recyclingh\u00f6fe haben dienstags bis freitags im Wechsel auf, samstags aber alle: St. Gabriel (8 -13 Uhr), Schnaitweg 7 (9 -13) und Carl-Mez-Stra\u00dfe 50 (9 -16).<br \/>\nMehr Infos auf <a title=\"\" href=\"https:\/\/www.abfallwirtschaft-freiburg.de\/\" target=\"_blank\">https:\/\/www.abfallwirtschaft-freiburg.de<\/a><\/p>\n<p align=\"left\">Recyclingh\u00f6fe: Tel 0761\/76707-59 oder <a href=\"https:\/\/www.freiburg-schwarzwald.de\/littenweiler\/stadtfreiburg.htm#Abfallwirtschaft\">Abfallwirtschaft<\/a><br \/>\nRecyclinghof St. Gabriel, Liebigstra\u00dfe, Dienstag 9-12.30 Uhr, Freitag und Samstag 8-13 Uhr; Recyclinghof Haslach, Carl-Mez-Stra\u00dfe 50, Donnerstag 8-16 Uhr, Samstag 9-16 Uhr; <span style=\"font-family: Arial; font-size: x-small;\"><strong><br \/>\n<\/strong><\/span>Recyclinghof Littenweiler, Schnaitweg 7, (Zufahrt \u00fcber Hansjakob- und Lassbergstrasse),<br \/>\nMittwoch 9-16 Uhr, Samstag 9-12 Uhr<br \/>\n1996 baute der Eigenbetrieb <a href=\"https:\/\/www.freiburg-schwarzwald.de\/littenweiler\/stadtfreiburg.htm#Abfallwirtschaft\">Abfallwirtschaft<\/a> Freiburg GmbH f\u00fcr 49.000 DM den Recyclinghof am Schnaitweg aus.<\/p>\n<p>Kostenlos: Altkleider, Altschuhe, Altpapier, Aluminium, CDs, elektrische und elektronische Ger\u00e4te, Fahrr\u00e4der, Flaschenkorken, Holzteile, Kartonagen, Kunststoffe, Matratzen (nicht Littenweiler), Metallteile, M\u00f6bel (gut erhalten), Schadstoffe (nicht samstags am Schnaitweg), Spanplatten, Styropor, Teppiche, Teppichboden, Verpackungskunststoffe<\/p>\n<p>Kostenpflichtig auf St. Gabriel und Haslach: PKW-Reifen (mit und ohne Felge) 4,50 Euro\/St\u00fcck; Kleinmengen an Bauschutt wie Waschbecken, Toilettensch\u00fcsseln und Fliesen, Preise ab 5 Eimern (zu 10 Liter) Bauschutt: 14 Euro<\/p>\n<p>Von Annahme ausgeschlossen: Auto- und Motorradteile, \u00d6l\u00f6fen, Restm\u00fcll, T\u00fcren, Fenster, mit Holzschutzmitteln behandeltes Holz; zus\u00e4tzlich sind auf dem Recyclinghof Littenweiler ausgeschlossen: Bauschutt, Autoreifen, Teppiche, Teppichb\u00f6den, Matratzen<\/p>\n<p>Warenb\u00f6rse: Jeden Montag von 13-15 Uhr werden auf dem Recyclinghof St. Gabriel gut erhaltene Einrichtungsgegenst\u00e4nde zu g\u00fcnstigen Preisen abgegeben.<\/p>\n<p><a name=\"Eichelbuck - Deponie und Energieberg\"><\/a>Eichelbuck &#8211; Deponie und Energieberg<br \/>\nSperrm\u00fcll zur Umladestation Eichelbuck bringen: Defekte M\u00f6bel, Sofas, Schrankw\u00e4nde, Bodenbel\u00e4ge und anderer Sperrm\u00fcll.<br \/>\n\u00d6ffnungszeiten Eichelbuck: Montag bis Donnerstag 7.15-12 Uhr und 13-16.15 Uhr, Freitag 7.15-12.30 Uhr und 13-15.45 Uhr, 1. Samstag im Monat 9-13 Uhr<br \/>\nMenge begrenzt auf zweimal 2 Kubikmeter oder einmal 4 Kubikmeter pro Jahr.<br \/>\nWie bei Sperrm\u00fcllabfuhr\u00a0 vorher eine Sperrm\u00fcllkarte ausf\u00fcllen: Tel 0761\/76707-40<\/p>\n<p align=\"left\">Wissen die Recyclingh\u00f6fe nicht mehr weiter (z.B. bei zehn impr\u00e4gnierten Zaunpf\u00e4hlen), so wird der brave B\u00fcrger zur Firma Remondis geschickt, um dort seinen M\u00fcll gegen Geb\u00fchr entsorgen zu lassen (also z.B. mit 10 Zaunpf\u00e4hlen auf dem Leiterw\u00e4gelchen zwischen den riesigen M\u00fcll-LKWs herumirrend die passende M\u00fcllgrube suchen und bedienen):<\/p>\n<p align=\"left\">Remondis Freiburg, Siemensstr. 16 , 79108 Freiburg<br \/>\nTel 0761 51509 0 , <a href=\"https:\/\/www.remondis.de\/\">www.remondis.de<\/a><\/p>\n<p align=\"left\">\n<p align=\"left\"><strong><strong>Recyclingportal.eu<\/strong><\/strong><\/p>\n<p>Recyclingportal.eu, das Portal f\u00fcr Abfall, Entsorgung, Recycling, Kreislaufwirtschaft und M\u00e4rkte<strong> , <\/strong>ist ein unabh\u00e4ngiges zweisprachiges Forum f\u00fcr Fachinformationen aus ganz Europa. Das Themenspektrum umfasst alle Facetten eines Abfallmanagements, das die nachhaltige Kreislaufwirtschaft zum Ziel hat. Dabei schlie\u00dft sich der Kreis von der (Abfall-)Entsorgung \u00fcber das Recycling bis hin zur Kreislaufwirtschaft und den dazugeh\u00f6renden M\u00e4rkten f\u00fcr (Sekund\u00e4r-)Rohstoffe im Rahmen einer ressourcenschonenden Stoffstromwirtschaft.<br \/>\n<a href=\"https:\/\/www.recyclingportal.eu\">www.recyclingportal.eu<\/a><\/p>\n<p align=\"left\">\n<p align=\"left\"><strong>Elektroschrott<\/strong><\/p>\n<p align=\"left\"><a href=\"https:\/\/www.freiburg-schwarzwald.de\/blog\/natur\/umwelt\/recycling\/schrott6vorsortiert1212\/\" rel=\"attachment wp-att-18321\"><img loading=\"lazy\" decoding=\"async\" class=\"alignnone size-thumbnail wp-image-18321\" title=\"schrott6vorsortiert1212\" src=\"https:\/\/www.freiburg-schwarzwald.de\/blog\/wp-content\/uploads\/2012\/05\/schrott6vorsortiert1212-180x135.jpg\" alt=\"\" width=\"180\" height=\"135\" srcset=\"https:\/\/www.freiburg-schwarzwald.de\/blog\/wp-content\/uploads\/2012\/05\/schrott6vorsortiert1212-180x135.jpg 180w, https:\/\/www.freiburg-schwarzwald.de\/blog\/wp-content\/uploads\/2012\/05\/schrott6vorsortiert1212.jpg 640w\" sizes=\"auto, (max-width: 180px) 100vw, 180px\" \/><\/a>\u00a0\u00a0\u00a0\u00a0\u00a0\u00a0\u00a0 <a href=\"https:\/\/www.freiburg-schwarzwald.de\/blog\/natur\/umwelt\/recycling\/schrott5trennen1212\/\" rel=\"attachment wp-att-18320\"><img loading=\"lazy\" decoding=\"async\" class=\"alignnone size-thumbnail wp-image-18320\" title=\"schrott5trennen1212\" src=\"https:\/\/www.freiburg-schwarzwald.de\/blog\/wp-content\/uploads\/2012\/05\/schrott5trennen1212-180x135.jpg\" alt=\"\" width=\"180\" height=\"135\" srcset=\"https:\/\/www.freiburg-schwarzwald.de\/blog\/wp-content\/uploads\/2012\/05\/schrott5trennen1212-180x135.jpg 180w, https:\/\/www.freiburg-schwarzwald.de\/blog\/wp-content\/uploads\/2012\/05\/schrott5trennen1212.jpg 640w\" sizes=\"auto, (max-width: 180px) 100vw, 180px\" \/><\/a>\u00a0\u00a0\u00a0\u00a0\u00a0\u00a0\u00a0\u00a0\u00a0 <a href=\"https:\/\/www.freiburg-schwarzwald.de\/blog\/natur\/umwelt\/recycling\/schrott1kabel1212\/\" rel=\"attachment wp-att-18322\"><img loading=\"lazy\" decoding=\"async\" class=\"alignnone size-thumbnail wp-image-18322\" title=\"schrott1kabel1212\" src=\"https:\/\/www.freiburg-schwarzwald.de\/blog\/wp-content\/uploads\/2012\/05\/schrott1kabel1212-180x135.jpg\" alt=\"\" width=\"180\" height=\"135\" srcset=\"https:\/\/www.freiburg-schwarzwald.de\/blog\/wp-content\/uploads\/2012\/05\/schrott1kabel1212-180x135.jpg 180w, https:\/\/www.freiburg-schwarzwald.de\/blog\/wp-content\/uploads\/2012\/05\/schrott1kabel1212.jpg 640w\" sizes=\"auto, (max-width: 180px) 100vw, 180px\" \/><\/a><br \/>\n(1) Elektroschrott vorsortiert\u00a0\u00a0\u00a0\u00a0\u00a0\u00a0\u00a0\u00a0\u00a0\u00a0\u00a0\u00a0\u00a0\u00a0\u00a0\u00a0\u00a0 (2) Messing\u00a0\u00a0\u00a0\u00a0\u00a0\u00a0\u00a0\u00a0\u00a0\u00a0\u00a0\u00a0\u00a0\u00a0\u00a0\u00a0\u00a0\u00a0\u00a0\u00a0\u00a0\u00a0\u00a0\u00a0\u00a0\u00a0\u00a0\u00a0\u00a0\u00a0\u00a0\u00a0\u00a0\u00a0\u00a0\u00a0\u00a0\u00a0\u00a0\u00a0\u00a0\u00a0\u00a0\u00a0\u00a0\u00a0\u00a0 (3) Kabel<\/p>\n<p align=\"left\"><a href=\"https:\/\/www.freiburg-schwarzwald.de\/blog\/natur\/umwelt\/recycling\/schrott7container1212\/\" rel=\"attachment wp-att-18319\"><img loading=\"lazy\" decoding=\"async\" title=\"schrott7container1212\" src=\"https:\/\/www.freiburg-schwarzwald.de\/blog\/wp-content\/uploads\/2012\/05\/schrott7container1212-180x135.jpg\" alt=\"\" width=\"180\" height=\"135\" \/><\/a>\u00a0\u00a0\u00a0\u00a0\u00a0\u00a0\u00a0\u00a0\u00a0 <a href=\"https:\/\/www.freiburg-schwarzwald.de\/blog\/natur\/umwelt\/recycling\/schrott2spulen1212\/\" rel=\"attachment wp-att-18323\"><img loading=\"lazy\" decoding=\"async\" title=\"schrott2spulen1212\" src=\"https:\/\/www.freiburg-schwarzwald.de\/blog\/wp-content\/uploads\/2012\/05\/schrott2spulen1212-180x135.jpg\" alt=\"\" width=\"180\" height=\"135\" \/><\/a>\u00a0\u00a0\u00a0\u00a0\u00a0\u00a0\u00a0\u00a0\u00a0 <a href=\"https:\/\/www.freiburg-schwarzwald.de\/blog\/natur\/umwelt\/recycling\/schrott3elektromotoren1212\/\" rel=\"attachment wp-att-18324\"><img loading=\"lazy\" decoding=\"async\" class=\"alignnone size-thumbnail wp-image-18324\" title=\"schrott3elektromotoren1212\" src=\"https:\/\/www.freiburg-schwarzwald.de\/blog\/wp-content\/uploads\/2012\/05\/schrott3elektromotoren1212-180x135.jpg\" alt=\"\" width=\"180\" height=\"135\" srcset=\"https:\/\/www.freiburg-schwarzwald.de\/blog\/wp-content\/uploads\/2012\/05\/schrott3elektromotoren1212-180x135.jpg 180w, https:\/\/www.freiburg-schwarzwald.de\/blog\/wp-content\/uploads\/2012\/05\/schrott3elektromotoren1212.jpg 640w\" sizes=\"auto, (max-width: 180px) 100vw, 180px\" \/><\/a><br \/>\n(4) Fahrr\u00e4der\u00a0\u00a0\u00a0\u00a0\u00a0\u00a0\u00a0\u00a0\u00a0\u00a0\u00a0\u00a0\u00a0\u00a0\u00a0\u00a0\u00a0\u00a0\u00a0\u00a0\u00a0\u00a0\u00a0\u00a0\u00a0\u00a0\u00a0\u00a0\u00a0\u00a0\u00a0\u00a0\u00a0\u00a0\u00a0\u00a0\u00a0\u00a0\u00a0\u00a0\u00a0\u00a0\u00a0\u00a0\u00a0 (5) Spulen\u00a0\u00a0\u00a0\u00a0\u00a0\u00a0\u00a0\u00a0\u00a0\u00a0\u00a0\u00a0\u00a0\u00a0\u00a0\u00a0\u00a0\u00a0\u00a0\u00a0\u00a0\u00a0\u00a0\u00a0\u00a0\u00a0\u00a0\u00a0\u00a0\u00a0\u00a0\u00a0\u00a0\u00a0\u00a0\u00a0\u00a0\u00a0\u00a0\u00a0\u00a0\u00a0\u00a0\u00a0\u00a0\u00a0\u00a0\u00a0\u00a0\u00a0 (6) Motoren<\/p>\n<p align=\"left\"><a href=\"https:\/\/www.freiburg-schwarzwald.de\/blog\/natur\/umwelt\/recycling\/schrott4kupfer1212\/\" rel=\"attachment wp-att-18327\"><img loading=\"lazy\" decoding=\"async\" class=\"alignnone size-thumbnail wp-image-18327\" title=\"schrott4kupfer1212\" src=\"https:\/\/www.freiburg-schwarzwald.de\/blog\/wp-content\/uploads\/2012\/05\/schrott4kupfer1212-180x135.jpg\" alt=\"\" width=\"180\" height=\"135\" srcset=\"https:\/\/www.freiburg-schwarzwald.de\/blog\/wp-content\/uploads\/2012\/05\/schrott4kupfer1212-180x135.jpg 180w, https:\/\/www.freiburg-schwarzwald.de\/blog\/wp-content\/uploads\/2012\/05\/schrott4kupfer1212.jpg 640w\" sizes=\"auto, (max-width: 180px) 100vw, 180px\" \/><\/a>\u00a0\u00a0\u00a0\u00a0\u00a0\u00a0\u00a0\u00a0\u00a0 \u00a0<a href=\"https:\/\/www.freiburg-schwarzwald.de\/blog\/natur\/umwelt\/recycling\/schrott5messing1212-2\/\" rel=\"attachment wp-att-18329\"><img loading=\"lazy\" decoding=\"async\" class=\"alignnone size-thumbnail wp-image-18329\" title=\"schrott5messing1212\" src=\"https:\/\/www.freiburg-schwarzwald.de\/blog\/wp-content\/uploads\/2012\/05\/schrott5messing12121-180x141.jpg\" alt=\"\" width=\"180\" height=\"141\" srcset=\"https:\/\/www.freiburg-schwarzwald.de\/blog\/wp-content\/uploads\/2012\/05\/schrott5messing12121-180x141.jpg 180w, https:\/\/www.freiburg-schwarzwald.de\/blog\/wp-content\/uploads\/2012\/05\/schrott5messing12121.jpg 640w\" sizes=\"auto, (max-width: 180px) 100vw, 180px\" \/><\/a>\u00a0\u00a0\u00a0\u00a0\u00a0\u00a0\u00a0\u00a0 <a href=\"https:\/\/www.freiburg-schwarzwald.de\/blog\/natur\/umwelt\/recycling\/schrott8edellmetall1212\/\" rel=\"attachment wp-att-18330\"><img loading=\"lazy\" decoding=\"async\" title=\"schrott8edellmetall1212\" src=\"https:\/\/www.freiburg-schwarzwald.de\/blog\/wp-content\/uploads\/2012\/05\/schrott8edellmetall1212-180x135.jpg\" alt=\"\" width=\"180\" height=\"135\" \/><\/a><br \/>\n(7) Kupferdraht\u00a0\u00a0\u00a0\u00a0\u00a0\u00a0\u00a0\u00a0\u00a0\u00a0\u00a0\u00a0\u00a0\u00a0\u00a0\u00a0\u00a0\u00a0\u00a0\u00a0\u00a0\u00a0\u00a0\u00a0\u00a0\u00a0\u00a0\u00a0\u00a0\u00a0\u00a0\u00a0\u00a0\u00a0\u00a0\u00a0\u00a0\u00a0\u00a0\u00a0\u00a0\u00a0\u00a0 (8) Messing\u00a0\u00a0\u00a0\u00a0\u00a0\u00a0\u00a0\u00a0\u00a0\u00a0\u00a0\u00a0\u00a0\u00a0\u00a0\u00a0\u00a0\u00a0\u00a0\u00a0\u00a0\u00a0\u00a0\u00a0\u00a0\u00a0\u00a0\u00a0\u00a0\u00a0\u00a0\u00a0\u00a0\u00a0\u00a0\u00a0\u00a0\u00a0\u00a0\u00a0\u00a0\u00a0\u00a0\u00a0\u00a0\u00a0 (9) Edelmetall<\/p>\n<p align=\"left\">\n<p align=\"left\">\n<p align=\"left\">\n<div id=\"attachment_18333\" style=\"width: 648px\" class=\"wp-caption alignnone\"><a href=\"https:\/\/www.freiburg-schwarzwald.de\/blog\/natur\/umwelt\/recycling\/schrott3elektromotoren-pan1212\/\" rel=\"attachment wp-att-18333\"><img loading=\"lazy\" decoding=\"async\" aria-describedby=\"caption-attachment-18333\" class=\"size-full wp-image-18333\" title=\"schrott3elektromotoren-pan1212\" src=\"https:\/\/www.freiburg-schwarzwald.de\/blog\/wp-content\/uploads\/2012\/05\/schrott3elektromotoren-pan1212.jpg\" alt=\"\" width=\"638\" height=\"266\" srcset=\"https:\/\/www.freiburg-schwarzwald.de\/blog\/wp-content\/uploads\/2012\/05\/schrott3elektromotoren-pan1212.jpg 638w, https:\/\/www.freiburg-schwarzwald.de\/blog\/wp-content\/uploads\/2012\/05\/schrott3elektromotoren-pan1212-180x75.jpg 180w\" sizes=\"auto, (max-width: 638px) 100vw, 638px\" \/><\/a><p id=\"caption-attachment-18333\" class=\"wp-caption-text\">Elektroschrott am 20.12.2012 &#8211; Elektromotoren<\/p><\/div>\n<p><a href=\"https:\/\/www.freiburg-schwarzwald.de\/blog\/natur\/umwelt\/recycling\/glas1flaschen130810\/\" rel=\"attachment wp-att-36260\"><img loading=\"lazy\" decoding=\"async\" class=\"alignnone size-thumbnail wp-image-36260\" title=\"glas1flaschen130810\" src=\"https:\/\/www.freiburg-schwarzwald.de\/blog\/wp-content\/uploads\/2012\/05\/glas1flaschen130810-180x135.jpg\" alt=\"\" width=\"180\" height=\"135\" srcset=\"https:\/\/www.freiburg-schwarzwald.de\/blog\/wp-content\/uploads\/2012\/05\/glas1flaschen130810-180x135.jpg 180w, https:\/\/www.freiburg-schwarzwald.de\/blog\/wp-content\/uploads\/2012\/05\/glas1flaschen130810.jpg 640w\" sizes=\"auto, (max-width: 180px) 100vw, 180px\" \/><\/a><\/p>\n<p><a href=\"https:\/\/www.freiburg-schwarzwald.de\/blog\/natur\/umwelt\/recycling\/glas4flaschen130810\/\" rel=\"attachment wp-att-36263\"><img loading=\"lazy\" decoding=\"async\" class=\"alignnone size-thumbnail wp-image-36263\" title=\"glas4flaschen130810\" src=\"https:\/\/www.freiburg-schwarzwald.de\/blog\/wp-content\/uploads\/2012\/05\/glas4flaschen130810-180x144.jpg\" alt=\"\" width=\"180\" height=\"144\" srcset=\"https:\/\/www.freiburg-schwarzwald.de\/blog\/wp-content\/uploads\/2012\/05\/glas4flaschen130810-180x144.jpg 180w, https:\/\/www.freiburg-schwarzwald.de\/blog\/wp-content\/uploads\/2012\/05\/glas4flaschen130810.jpg 640w\" sizes=\"auto, (max-width: 180px) 100vw, 180px\" \/><\/a><\/p>\n<p><a href=\"https:\/\/www.freiburg-schwarzwald.de\/blog\/natur\/umwelt\/recycling\/glas7flaschen130810\/\" rel=\"attachment wp-att-36266\"><img loading=\"lazy\" decoding=\"async\" class=\"alignnone size-thumbnail wp-image-36266\" title=\"glas7flaschen130810\" src=\"https:\/\/www.freiburg-schwarzwald.de\/blog\/wp-content\/uploads\/2012\/05\/glas7flaschen130810-180x135.jpg\" alt=\"\" width=\"180\" height=\"135\" srcset=\"https:\/\/www.freiburg-schwarzwald.de\/blog\/wp-content\/uploads\/2012\/05\/glas7flaschen130810-180x135.jpg 180w, https:\/\/www.freiburg-schwarzwald.de\/blog\/wp-content\/uploads\/2012\/05\/glas7flaschen130810-640x480.jpg 640w, https:\/\/www.freiburg-schwarzwald.de\/blog\/wp-content\/uploads\/2012\/05\/glas7flaschen130810.jpg 1000w\" sizes=\"auto, (max-width: 180px) 100vw, 180px\" \/><\/a><\/p>\n<\/div>\n","protected":false},"excerpt":{"rendered":"<p>Home &gt;Natur &gt;Umwelt &gt;Abfall &gt;Recycling &nbsp; https:\/\/www.freiburg-schwarzwald.de\/blog\/upcycling-kunsthandwerkmarkt\/ (7.8.2016) https:\/\/www.freiburg-schwarzwald.de\/blog\/kaffeetrinken-beim-recyclinghof\/\u00a0(23.6.2013) https:\/\/www.freiburg-schwarzwald.de\/blog\/kleider-altkleider-tausch-rabatt\/\u00a0(22.2.2013) Freiburgs gr\u00f6\u00dftes Solarkraftwerk auf M\u00fclldeponie Eichelbuck eingeweiht &gt;Solar4 (21.12.11) Recycling-Garten an der Dreisam bei der Nepomukbr\u00fccke in Ebnet &gt;Garten Recyclingh\u00f6fe der Stadt Freiburg Recyclingportal.eu Elektroschrott Glas &#8211; Glasflaschen Altkleider &nbsp; &hellip; <a href=\"https:\/\/www.freiburg-schwarzwald.de\/blog\/natur\/umwelt\/recycling\/\">Weiterlesen <span class=\"meta-nav\">&rarr;<\/span><\/a><\/p>\n","protected":false},"author":2,"featured_media":0,"parent":512,"menu_order":0,"comment_status":"open","ping_status":"closed","template":"","meta":{"footnotes":""},"class_list":["post-3275","page","type-page","status-publish","hentry"],"_links":{"self":[{"href":"https:\/\/www.freiburg-schwarzwald.de\/blog\/wp-json\/wp\/v2\/pages\/3275","targetHints":{"allow":["GET"]}}],"collection":[{"href":"https:\/\/www.freiburg-schwarzwald.de\/blog\/wp-json\/wp\/v2\/pages"}],"about":[{"href":"https:\/\/www.freiburg-schwarzwald.de\/blog\/wp-json\/wp\/v2\/types\/page"}],"author":[{"embeddable":true,"href":"https:\/\/www.freiburg-schwarzwald.de\/blog\/wp-json\/wp\/v2\/users\/2"}],"replies":[{"embeddable":true,"href":"https:\/\/www.freiburg-schwarzwald.de\/blog\/wp-json\/wp\/v2\/comments?post=3275"}],"version-history":[{"count":0,"href":"https:\/\/www.freiburg-schwarzwald.de\/blog\/wp-json\/wp\/v2\/pages\/3275\/revisions"}],"up":[{"embeddable":true,"href":"https:\/\/www.freiburg-schwarzwald.de\/blog\/wp-json\/wp\/v2\/pages\/512"}],"wp:attachment":[{"href":"https:\/\/www.freiburg-schwarzwald.de\/blog\/wp-json\/wp\/v2\/media?parent=3275"}],"curies":[{"name":"wp","href":"https:\/\/api.w.org\/{rel}","templated":true}]}}