{"id":32520,"date":"2013-06-11T08:42:16","date_gmt":"2013-06-11T06:42:16","guid":{"rendered":"https:\/\/www.freiburg-schwarzwald.de\/blog\/?page_id=32520"},"modified":"2025-10-02T20:23:39","modified_gmt":"2025-10-02T18:23:39","slug":"treffpunkt","status":"publish","type":"page","link":"https:\/\/www.freiburg-schwarzwald.de\/blog\/engagement\/treffpunkt\/","title":{"rendered":"Treffpunkt"},"content":{"rendered":"<p>Home &gt;<a title=\"Engagement\" href=\"https:\/\/www.freiburg-schwarzwald.de\/blog\/engagement\/\">Engagement<\/a> &gt;<a title=\"Selbsthilfe\" href=\"https:\/\/www.freiburg-schwarzwald.de\/blog\/selbsthilfe\/\">Selbsthilfe<\/a> &gt;Treffpunkt<\/p>\n<p><a href=\"https:\/\/www.freiburg-schwarzwald.de\/blog\/engagement\/treffpunkt\/treffpunkt1pan130720\/\" rel=\"attachment wp-att-34999\"><img loading=\"lazy\" decoding=\"async\" class=\"size-full wp-image-34999\" title=\"treffpunkt1pan130720\" src=\"https:\/\/www.freiburg-schwarzwald.de\/blog\/wp-content\/uploads\/2013\/06\/treffpunkt1pan130720.jpg\" alt=\"\" width=\"638\" height=\"302\" srcset=\"https:\/\/www.freiburg-schwarzwald.de\/blog\/wp-content\/uploads\/2013\/06\/treffpunkt1pan130720.jpg 638w, https:\/\/www.freiburg-schwarzwald.de\/blog\/wp-content\/uploads\/2013\/06\/treffpunkt1pan130720-180x85.jpg 180w\" sizes=\"auto, (max-width: 638px) 100vw, 638px\" \/><\/a><\/p>\n<ul>\n<li><em>Listenauswahl eines Beitrags (Artikel\/Datum, Seite\/Inhalt):\u00a0<span style=\"text-decoration: underline;\">Klicken<\/span>\u00a0oder scrollen<\/em><\/li>\n<li><a href=\"https:\/\/www.freiburg-schwarzwald.de\/blog\/engagement\/engagiert-in-freiburg\/\">Engagiert in Freiburg: Anlaufstellen im \u00dcberblick<\/a>\u00a0(1.10.2025)<\/li>\n<li>Treffpunkt hei\u00dft jetzt: Haus des Engagements e.V. (1.7.2024)<\/li>\n<li><a href=\"https:\/\/www.freiburg-schwarzwald.de\/blog\/selbsthilfe\/\">Selbsthilfeb\u00fcro Freiburg\/Breisgau-Hochschwarzwald 30 Jahre<\/a> (24.11.2023)<\/li>\n<li>Sommerfest am 20. Juli 2013 (20.7.2013)<\/li>\n<li><a href=\"https:\/\/www.freiburg-schwarzwald.de\/blog\/treffpunkt-sommerfest-beim-zo\/\">https:\/\/www.freiburg-schwarzwald.de\/blog\/treffpunkt-sommerfest-beim-zo\/<\/a>\u00a0(20.7.2013)<\/li>\n<li><a href=\"https:\/\/www.freiburg-schwarzwald.de\/blog\/kinder-und-jugendbeteiligung\/\">https:\/\/www.freiburg-schwarzwald.de\/blog\/kinder-und-jugendbeteiligung\/<\/a>\u00a0(20.6.2013)<\/li>\n<li><a href=\"https:\/\/www.freiburg-schwarzwald.de\/wenigerstaat.htm#Gemeinwohl-\u00d6konomie - Freiburg im Wandel\">Gemeinwohl-\u00d6konomie &#8211; Freiburg im Wandel<\/a> &gt;WenigerStaat (16.2.2012)<\/li>\n<li><a href=\"https:\/\/www.freiburg-schwarzwald.de\/littenweiler\/treffpunkt.htm#Vier Engagementf\u00f6rderungsdienste feiern 10+13+17+10=50 Jahre\">Vier Engagementf\u00f6rderungsdienste feiern 10+13+17+10=50 Jahre <\/a>&gt;Treffpunkt (22.2.2011)<\/li>\n<li><a href=\"https:\/\/www.freiburg-schwarzwald.de\/regionalgeld.htm#Regionales Wirtschaften versus Weltmarktintegration\">Regionales Wirtschaften versus Weltmarktintegration<\/a> &gt;Regionalgeld (8.12.2009)<\/li>\n<li><a href=\"https:\/\/www.freiburg-schwarzwald.de\/littenweiler\/treffpunkt.htm#Initiativkreis Freiburger Freiwilligendienste (IFF) informiert am 9.10.2009\">Initiativkreis Freiburger Freiwilligendienste (IFF) informiert am 9.10.2009<\/a> &gt;Treffpunkt (6.10.2009)<\/li>\n<li><a href=\"https:\/\/www.freiburg-schwarzwald.de\/ehrenamt4.htm#Freiwilliges Engagement: Frauen wirken im Hintergrund\">Freiwilliges Engagement: Frauen wirken im Hintergrund<\/a> &gt;Ehrenamt4 (18.12.2008)<\/li>\n<li><a href=\"https:\/\/www.freiburg-schwarzwald.de\/littenweiler\/samstags-forum.htm#Georg L\u00f6ser von ecotrinova: Unerm\u00fcdlicher Planer mit vielen Ideen\">Georg L\u00f6ser von ecotrinova: Unerm\u00fcdlicher Planer mit vielen Ideen<\/a> &gt;Samstags-Forum (12.8.08)<\/li>\n<li><a href=\"https:\/\/www.freiburg-schwarzwald.de\/littenweiler\/buergerpreis.htm#5. Freiburger B\u00fcrgerpreis: Anerkennung f\u00fcr ehrenamtlich Engagierte\">5. Freiburger B\u00fcrgerpreis: Anerkennung f\u00fcr ehrenamtlich Engagierte<\/a> &gt;Buergerpreis (19.7.08)<\/li>\n<li><a href=\"https:\/\/www.freiburg-schwarzwald.de\/beteiligungshaushalt.htm#Projektgruppe Lokale Agenda 21 mit B\u00fcrgerhaushalt zufrieden\">Projektgruppe &#8222;Lokale Agenda 21&#8220; mit B\u00fcrgerhaushalt zufrieden<\/a> &gt;Beteiligungshaushalt (12.7.08)<\/li>\n<li><a href=\"https:\/\/www.freiburg-schwarzwald.de\/littenweiler\/arzt1.htm#Viele \u00c4rzte meiden die Zusammenarbeit mit Selbsthilfegruppen\">Viele \u00c4rzte meiden die Zusammenarbeit mit Selbsthilfegruppen<\/a> &gt;Arzt1 (11.4.2008)<\/li>\n<li><a href=\"https:\/\/www.freiburg-schwarzwald.de\/selbsthilfe.htm#Freiburger Sozialkompass: Buch-Neuauflage mit 175 Selbsthilfegruppen\">Freiburger Sozialkompass: Buch-Neuauflage mit 175 Selbsthilfegruppen<\/a> &gt;Selbsthilfe (9.4.2008)<\/li>\n<li><a href=\"https:\/\/www.freiburg-schwarzwald.de\/littenweiler\/treffpunkt.htm#Meckern geh\u00f6rt zum Handwerk - Neuer Ehrenamtlichen-Treff\">Meckern geh\u00f6rt zum Handwerk &#8211; Neuer Ehrenamtlichen-Treff<\/a> &gt;Treffpunkt (28.1.2008)<\/li>\n<li><a href=\"https:\/\/www.freiburg-schwarzwald.de\/littenweiler\/treffpunkt.htm#Wiederer\u00f6ffnung des Treffpunkts nach Umzug von Wilhelmstrasse ins ZO\">Wiederer\u00f6ffnung des Treffpunkts nach Umzug von Wilhelmstrasse ins ZO<\/a> &gt;Treffpunkt (26.1.08)<\/li>\n<li><a href=\"https:\/\/www.freiburg-schwarzwald.de\/littenweiler\/soziales4.htm#Treffpunkt Freiburg: Er\u00f6ffnung im ZO am 26.1.2008 ab 10 Uhr\">Treffpunkt Freiburg: Er\u00f6ffnung im ZO am 26.1.2008 ab 10 Uhr<\/a> &gt;Soziales4 (15.1.2008)<\/li>\n<li><a href=\"https:\/\/www.freiburg-schwarzwald.de\/littenweiler\/ehrenamt5.htm#Treffpunkt Freiburg muss aus Wilhelmstra\u00dfe 20 raus\">Treffpunkt Freiburg muss aus Wilhelmstra\u00dfe 20 raus<\/a> &gt;Ehrenamt5 (17.1.2007)<\/li>\n<li>Jahreshauptversammlung 2013 des Treffpunkt Freiburg (11.6.2013)<\/li>\n<li><\/li>\n<li><a href=\"https:\/\/www.freiburg-schwarzwald.de\/blog\/engagement\/engagiert-in-freiburg\/\">Engagiert-in-Freiburg<\/a><\/li>\n<li><a href=\"https:\/\/www.freiburg-dreisamtal.de\/treffpunkt.htm\">www.freiburg-dreisamtal.de\/treffpunkt.htm<\/a> &gt;Archivseite Treffpunkt<\/li>\n<li>Treffpunkt &#8211; Zentrum b\u00fcrgerschaftlichen Engagements in Freiburg<\/li>\n<li><a href=\"https:\/\/www.freiburg-schwarzwald.de\/littenweiler\/treffpunkt.htm#Barriererfreier Zugang zu Treffpunkt Freiburg im ZO\">Barrierefreier Zugang zum Treffpunkt im ZO am Alten Messplatz<\/a><\/li>\n<li><a href=\"https:\/\/www.freiburg-schwarzwald.de\/selbsthilfegruppen\/index.htm\">Selbsthilfegruppen<\/a> &gt;frsw.de\/Selbsthilfegruppen.<\/li>\n<li><a href=\"https:\/\/www.freiburg-schwarzwald.de\/spende.htm\">Spendenliste<\/a> &gt;Spende<\/li>\n<li><a href=\"https:\/\/www.freiburg-schwarzwald.de\/corporatecitizenship.htm\">Corporate Citizenship<\/a> &gt;CorporateCitizenship<\/li>\n<li><a href=\"https:\/\/www.freiburg-schwarzwald.de\/hilfe.htm\">Vereine zu Hilfe und Wohlfahrtspflege<\/a> &gt;Hilfe<\/li>\n<li><strong><a href=\"https:\/\/www.freiburg-schwarzwald.de\/selbsthilfegruppen\/index.htm\">Selbsthilfegruppen-Schwarzwald.de\u00a0 &#8211;\u00a0 eine Datenbank<\/a> &gt;Selbsthilfegruppen<\/strong><\/li>\n<li><a title=\"ZO\" href=\"https:\/\/www.freiburg-schwarzwald.de\/blog\/business\/handel\/zo\/\">ZO &#8211; Zentrum Oberwiehre<\/a><\/li>\n<\/ul>\n<p>&nbsp;<\/p>\n<p><strong>Treffpunkt hei\u00dft jetzt: Haus des Engagements e.V.<\/strong><br \/>\nWir haben eine aufregende Neuigkeit: der Treffpunkt Freiburg e.V. hat einen neuen Namen angenommen und hei\u00dft nun offiziell Haus des Engagements e.V.! Diese Ver\u00e4nderung steht nicht nur f\u00fcr Klarheit nach innen und au\u00dfen, sondern symbolisiert auch einen gelungenen Generationenwechsel eines seit 20 Jahren bestehenden und erfolgreichen Vereins.<br \/>\nMit der Umbenennung unseres Vereins Treffpunkt Freiburg e.V. in Haus des Engagements e.V. ziehen wir nun St\u00fcck f\u00fcr St\u00fcck auch alles auf die neue Homepage https:\/\/haus-des-engagements.de um. Auf dieser haben wir bereits unsere CoWorker*innen und Nutzergruppen in kurzen Steckbriefen vorgestellt.<\/p>\n<p>Rehlingstra\u00dfe 9, 79100 Freiburg<br \/>\nTel.: 0761 5953 3990<br \/>\nTelefon-Sprechzeiten: Montag bis Donnerstag 09:30-13:00 Uhr<br \/>\nMail: <a href=\"mailto:info@haus-des-engagements.de\">info@haus-des-engagements.de<\/a><br \/>\n<a href=\"https:\/\/haus-des-engagements.de\/\">https:\/\/haus-des-engagements.de\/<\/a><\/p>\n<p>&nbsp;<\/p>\n<p>&nbsp;<\/p>\n<p><strong>Treffpunkt &#8211; Zentrum b\u00fcrgerschaftlichen Engagements in Freiburg<\/strong><\/p>\n<p>Ziel: Engagementf\u00f6rderung:\u00a0 Wir f\u00f6rdern b\u00fcrgerschaftliches Engagement, in allen Bereichen und auf sehr vielf\u00e4ltige Weise: mit Information (Vermittlung, Beratung, Fortbildungen), mit Infrastruktur (R\u00e4ume, Technik), mit eigenem Arbeitseinsatz und einigem mehr. B\u00fcrgerschaftliches Engagement mit dem Einsatz f\u00fcr Agenda-Projekte verzahnen. Die Zusammenarbeit der rund 70 Gruppen, die den Treffpunkt nutzen, koordinieren.<\/p>\n<p>Treffpunkt Freiburg, Schwabentorring 2, 79098 Freiburg<br \/>\nTel.: 0761\/ 21 687-30, Fax: 0761\/ 21 687-32<br \/>\nB\u00fcrozeiten: Mo, Di, Do 13-17 Uhr sowie Mi, Fr\u00a010-13 Uhr<\/p>\n<p>F\u00fcnf Institutionen tragen den Treffpunkt &#8211; STAFF (Namensvorschlag):<\/p>\n<p>(1) Selbsthilfeb\u00fcro: Unterst\u00fctzung Selbsthilfegruppen bei Gr\u00fcndung und im Alltag<br \/>\nBernarda Deufel, Tel 0761 \/ 21687-35<br \/>\n<a href=\"https:\/\/www.freiburg-schwarzwald.de\/selbsthilfe.htm#Selbsthilfeb\u00fcro Freiburg\">Selbsthilfeb\u00fcro Freiburg<\/a> &gt;Selbsthilfe<\/p>\n<p>(2) Treffpunkt Freiburg: stellt R\u00e4ume f\u00fcr b\u00fcrgerschaftliches Engagement zur Verf\u00fcgung, organisiert mit Partnern Fortbildungen f\u00fcr Ehrenamtliche.<br \/>\nFranz-Albert Heimer, Uta Lin\u00df, Telefon: 0761 \/ 21687-30.<br \/>\n<a href=\"https:\/\/www.treffpunkt-freiburg.de\/\">www.treffpunkt-freiburg.de<\/a> , info at treffpunkt-freiburg.de<\/p>\n<p>(3) Agenda 21-B\u00fcro Freiburg: Unterst\u00fctzung von Inititiativen f\u00fcr ein &#8222;nachhaltiges&#8220; Freiburg<br \/>\nDietrich Limberger, Rainer Bellenberg, Tel 0761\/76785-11.<\/p>\n<p>(4) Verein &#8222;Farbe&#8220; (Freie Arbeitsgemeinschaft b\u00fcrgerschaftliches Engagement):<br \/>\nBernd Kirchhoff, Renate Weber, Tel 0761 \/ 21687-34<br \/>\n<a href=\"https:\/\/www.freiburg-schwarzwald.de\/soziales.htm#Farbe - Freie Arbeitsgemeinschaft f\u00fcr B\u00fcrgerschaftliches Engagement\">Farbe &#8211; Freie Arbeitsgemeinschaft f\u00fcr B\u00fcrgerschaftliches Engagement<\/a>\u00a0&gt;frsw.de\/soziales<\/p>\n<p>(5) Freiburger Freiwilligen-Agentur<br \/>\nHeike Arens, Tel 0761\/21687-36,<br \/>\n<a href=\"https:\/\/www.freiburg-schwarzwald.de\/freiwillig.htm#Freiwilligen-Agentur Freiburg\">Freiwilligen-Agentur Freiburg<\/a> &gt;Freiwillig<\/p>\n<p>\u00dcber den Treffpunkt Freiburg sind au\u00dferdem erreichbar:<br \/>\n<a title=\"Ecotrinova\" href=\"https:\/\/www.freiburg-schwarzwald.de\/blog\/natur\/umwelt\/ecotrinova\/\">Ecotrinova e.V.<\/a><br \/>\nGEDOK e.V.<br \/>\nKUM Kind Und Umwelt e.V.<br \/>\nMentorInnenNetz<br \/>\nSelbsthilfegruppe hashimoto\/Morbus Basedow<br \/>\nSelbsthilfegruppe Messies<br \/>\n<a href=\"https:\/\/www.freiburg-schwarzwald.de\/psyche.htm#Seeelische Probleme - Selbsthilfe mit K\u00f6pfchen e.V.\">Selbsthilfe mit K\u00f6pfchen &#8211; SmKev<\/a> &gt;Psyche<br \/>\nTierrechtsinitiative<br \/>\nWohnen unter Hartz IV<\/p>\n<p>Kontakt: Franz-Albert Heimer, \u2005 0761\/21687-30, <a title=\"\" href=\"https:\/\/www.treffpunkt-freiburg.de\/\" target=\"_blank\" rel=\"noopener\">https:\/\/www.treffpunkt-freiburg.de<\/a> <!-- RSPEAK_STOP --><\/p>\n<p>&nbsp;<\/p>\n<p><strong>Sommerfest am 20. Juli 2013<\/strong><\/p>\n<h5><a href=\"https:\/\/www.freiburg-schwarzwald.de\/blog\/engagement\/treffpunkt\/treffpunkt1-130720\/\" rel=\"attachment wp-att-34991\"><img loading=\"lazy\" decoding=\"async\" class=\"alignnone size-thumbnail wp-image-34991\" title=\"treffpunkt1-130720\" src=\"https:\/\/www.freiburg-schwarzwald.de\/blog\/wp-content\/uploads\/2013\/06\/treffpunkt1-130720-180x135.jpg\" alt=\"\" width=\"180\" height=\"135\" srcset=\"https:\/\/www.freiburg-schwarzwald.de\/blog\/wp-content\/uploads\/2013\/06\/treffpunkt1-130720-180x135.jpg 180w, https:\/\/www.freiburg-schwarzwald.de\/blog\/wp-content\/uploads\/2013\/06\/treffpunkt1-130720.jpg 640w\" sizes=\"auto, (max-width: 180px) 100vw, 180px\" \/><\/a>\u00a0\u00a0\u00a0\u00a0\u00a0\u00a0\u00a0\u00a0\u00a0 <a href=\"https:\/\/www.freiburg-schwarzwald.de\/blog\/engagement\/treffpunkt\/treffpunkt2-130720\/\" rel=\"attachment wp-att-34992\"><img loading=\"lazy\" decoding=\"async\" class=\"alignnone size-thumbnail wp-image-34992\" title=\"treffpunkt2-130720\" src=\"https:\/\/www.freiburg-schwarzwald.de\/blog\/wp-content\/uploads\/2013\/06\/treffpunkt2-130720-180x137.jpg\" alt=\"\" width=\"180\" height=\"137\" srcset=\"https:\/\/www.freiburg-schwarzwald.de\/blog\/wp-content\/uploads\/2013\/06\/treffpunkt2-130720-180x137.jpg 180w, https:\/\/www.freiburg-schwarzwald.de\/blog\/wp-content\/uploads\/2013\/06\/treffpunkt2-130720.jpg 639w\" sizes=\"auto, (max-width: 180px) 100vw, 180px\" \/><\/a>\u00a0\u00a0\u00a0\u00a0\u00a0\u00a0\u00a0\u00a0\u00a0 <a href=\"https:\/\/www.freiburg-schwarzwald.de\/blog\/engagement\/treffpunkt\/treffpunkt3menschenrechte3000-130720\/\" rel=\"attachment wp-att-34993\"><img loading=\"lazy\" decoding=\"async\" class=\"alignnone size-thumbnail wp-image-34993\" title=\"treffpunkt3menschenrechte3000-130720\" src=\"https:\/\/www.freiburg-schwarzwald.de\/blog\/wp-content\/uploads\/2013\/06\/treffpunkt3menschenrechte3000-130720-180x147.jpg\" alt=\"\" width=\"180\" height=\"147\" srcset=\"https:\/\/www.freiburg-schwarzwald.de\/blog\/wp-content\/uploads\/2013\/06\/treffpunkt3menschenrechte3000-130720-180x147.jpg 180w, https:\/\/www.freiburg-schwarzwald.de\/blog\/wp-content\/uploads\/2013\/06\/treffpunkt3menschenrechte3000-130720.jpg 639w\" sizes=\"auto, (max-width: 180px) 100vw, 180px\" \/><\/a><br \/>\n(1) Blick nach Norden\u00a0\u00a0\u00a0\u00a0\u00a0\u00a0\u00a0\u00a0\u00a0\u00a0\u00a0\u00a0\u00a0\u00a0\u00a0\u00a0\u00a0\u00a0\u00a0\u00a0\u00a0\u00a0\u00a0\u00a0\u00a0\u00a0\u00a0\u00a0\u00a0 (2) Blick nach Nordosten 20.7.2013\u00a0\u00a0\u00a0\u00a0\u00a0\u00a0(3) Menschenrechte3000.de<\/h5>\n<h5><a href=\"https:\/\/www.freiburg-schwarzwald.de\/blog\/engagement\/treffpunkt\/treffpunkt4dreisamgarten3000-130720\/\" rel=\"attachment wp-att-34994\"><img loading=\"lazy\" decoding=\"async\" title=\"treffpunkt4dreisamgarten3000-130720\" src=\"https:\/\/www.freiburg-schwarzwald.de\/blog\/wp-content\/uploads\/2013\/06\/treffpunkt4dreisamgarten3000-130720-135x180.jpg\" alt=\"\" width=\"135\" height=\"180\" \/><\/a>\u00a0\u00a0\u00a0\u00a0\u00a0\u00a0\u00a0\u00a0\u00a0\u00a0\u00a0\u00a0\u00a0\u00a0\u00a0\u00a0\u00a0\u00a0\u00a0\u00a0\u00a0\u00a0\u00a0 <a href=\"https:\/\/www.freiburg-schwarzwald.de\/blog\/engagement\/treffpunkt\/treffpunkt5mikixx3000-130720\/\" rel=\"attachment wp-att-34995\"><img loading=\"lazy\" decoding=\"async\" class=\"alignnone size-thumbnail wp-image-34995\" title=\"treffpunkt5mikixx3000-130720\" src=\"https:\/\/www.freiburg-schwarzwald.de\/blog\/wp-content\/uploads\/2013\/06\/treffpunkt5mikixx3000-130720-180x135.jpg\" alt=\"\" width=\"180\" height=\"135\" srcset=\"https:\/\/www.freiburg-schwarzwald.de\/blog\/wp-content\/uploads\/2013\/06\/treffpunkt5mikixx3000-130720-180x135.jpg 180w, https:\/\/www.freiburg-schwarzwald.de\/blog\/wp-content\/uploads\/2013\/06\/treffpunkt5mikixx3000-130720.jpg 640w\" sizes=\"auto, (max-width: 180px) 100vw, 180px\" \/><\/a>\u00a0\u00a0\u00a0\u00a0\u00a0\u00a0\u00a0\u00a0\u00a0\u00a0 <a href=\"https:\/\/www.freiburg-schwarzwald.de\/blog\/engagement\/treffpunkt\/treffpunkt6weltladengerberau130720\/\" rel=\"attachment wp-att-34996\"><img loading=\"lazy\" decoding=\"async\" class=\"alignnone size-thumbnail wp-image-34996\" title=\"treffpunkt6weltladengerberau130720\" src=\"https:\/\/www.freiburg-schwarzwald.de\/blog\/wp-content\/uploads\/2013\/06\/treffpunkt6weltladengerberau130720-180x135.jpg\" alt=\"\" width=\"180\" height=\"135\" srcset=\"https:\/\/www.freiburg-schwarzwald.de\/blog\/wp-content\/uploads\/2013\/06\/treffpunkt6weltladengerberau130720-180x135.jpg 180w, https:\/\/www.freiburg-schwarzwald.de\/blog\/wp-content\/uploads\/2013\/06\/treffpunkt6weltladengerberau130720.jpg 640w\" sizes=\"auto, (max-width: 180px) 100vw, 180px\" \/><\/a><br \/>\n(4) Lebensgarten Dreisamtal\u00a0\u00a0\u00a0\u00a0\u00a0\u00a0\u00a0\u00a0\u00a0\u00a0\u00a0\u00a0\u00a0\u00a0 (5) MikiXX Migrantenkinder\u00a0\u00a0\u00a0\u00a0\u00a0\u00a0\u00a0\u00a0\u00a0\u00a0\u00a0\u00a0\u00a0\u00a0\u00a0\u00a0\u00a0\u00a0\u00a0\u00a0\u00a0\u00a0 (6) Weltladen Gerberau<\/h5>\n<h5><a href=\"https:\/\/www.freiburg-schwarzwald.de\/blog\/engagement\/treffpunkt\/treffpunkt7kurden130720\/\" rel=\"attachment wp-att-34997\"><img loading=\"lazy\" decoding=\"async\" class=\"alignnone size-thumbnail wp-image-34997\" title=\"treffpunkt7kurden130720\" src=\"https:\/\/www.freiburg-schwarzwald.de\/blog\/wp-content\/uploads\/2013\/06\/treffpunkt7kurden130720-180x135.jpg\" alt=\"\" width=\"180\" height=\"135\" srcset=\"https:\/\/www.freiburg-schwarzwald.de\/blog\/wp-content\/uploads\/2013\/06\/treffpunkt7kurden130720-180x135.jpg 180w, https:\/\/www.freiburg-schwarzwald.de\/blog\/wp-content\/uploads\/2013\/06\/treffpunkt7kurden130720.jpg 640w\" sizes=\"auto, (max-width: 180px) 100vw, 180px\" \/><\/a>\u00a0\u00a0\u00a0\u00a0\u00a0\u00a0\u00a0\u00a0\u00a0\u00a0\u00a0 <a href=\"https:\/\/www.freiburg-schwarzwald.de\/blog\/engagement\/treffpunkt\/treffpunkt8loeser-kwk130720\/\" rel=\"attachment wp-att-34998\"><img loading=\"lazy\" decoding=\"async\" class=\"alignnone size-thumbnail wp-image-34998\" title=\"treffpunkt8loeser-kwk130720\" src=\"https:\/\/www.freiburg-schwarzwald.de\/blog\/wp-content\/uploads\/2013\/06\/treffpunkt8loeser-kwk130720-180x143.jpg\" alt=\"\" width=\"180\" height=\"143\" srcset=\"https:\/\/www.freiburg-schwarzwald.de\/blog\/wp-content\/uploads\/2013\/06\/treffpunkt8loeser-kwk130720-180x143.jpg 180w, https:\/\/www.freiburg-schwarzwald.de\/blog\/wp-content\/uploads\/2013\/06\/treffpunkt8loeser-kwk130720.jpg 638w\" sizes=\"auto, (max-width: 180px) 100vw, 180px\" \/><\/a><br \/>\n(7) Kurdischer Kulturverein FR\u00a0\u00a0\u00a0\u00a0\u00a0\u00a0\u00a0\u00a0\u00a0\u00a0\u00a0\u00a0\u00a0\u00a0\u00a0\u00a0 (8) Dr. L\u00f6ser &#8211; Kraftwerk Wiehre<\/h5>\n<p>(1) Blick nach Norden\u00a0zum\u00a0Treffpunkt Freiburg\u00a0im Zentrum Oberwiehre ZO am 20.7.2013 &#8211; Sommerfest mit vielen Infost\u00e4nden<br \/>\n(3) <a href=\"https:\/\/www.Menschenrechte3000.de\">www.Menschenrechte3000.de<\/a>\u00a0 G\u00fcnter Wippel und Karl Weber (links)<br \/>\n(4) <a href=\"https:\/\/www.lebensgarten-dreisamtal.de\">www.lebensgarten-dreisamtal.de<\/a> aus Kirchzarten-Burg am Wald,\u00a020.7.2013\u00a0&#8211; Steffi Kolarov<br \/>\n(5) MikiXX &#8211; Sprachliche F\u00f6rderung von\u00a0Migrantenkindern im Grundschulalter &#8211; Marita Steinberg-K\u00f6nig (links),<br \/>\n<a href=\"https:\/\/www.mikixx.de\">www.mikixx.de<\/a><br \/>\n(6) Weltladen Gerberau &#8211; Mirka Sch\u00e4fer und Lilly Wildfang (rechts), <a href=\"https:\/\/www.weltladen-gerberau.de\">www.weltladen-gerberau.de<\/a><br \/>\n(8) Dr. L\u00f6ser &#8211; Leiter von <a title=\"Ecotrinova\" href=\"https:\/\/www.freiburg-schwarzwald.de\/blog\/natur\/umwelt\/ecotrinova\/\">ecotrinova<\/a>. Kraftwerk Wiehre, <a href=\"https:\/\/www.freiburg.de\/kraftwerkwiehre\">www.freiburg.de\/kraftwerkwiehre<\/a>. Veranstaltet um 14.30 Uhr<br \/>\ndas &#8222;Freiburger \u00d6kosoziale Stadtumbautheater&#8220;<\/p>\n<p>&nbsp;<\/p>\n<p><strong>Jahreshauptversammlung 2013 des Treffpunkt Freiburg <\/strong><\/p>\n<p>Die Mitglieder des Vereins &#8222;Treffpunkt Freiburg&#8220; haben auf ihrer Versammlung die Satzung ge\u00e4ndert und den Vorstand neu gew\u00e4hlt. Der &#8222;Treffpunkt Freiburg&#8220; ist Zentrum des b\u00fcrgerschaftlichen Engagements in der Stadt. Etwa 100 Vereine und Gruppen nutzen die R\u00e4ume im Ostteil des Einkaufszentrums &#8222;Zentrum Oberwiehre&#8220; f\u00fcr Sitzungen, hunderte Ehrenamtliche besuchen jedes Jahr die Fortbildungen.<br \/>\nDer neue Vorstand, der kollegial arbeitet (also ohne fest vergebene Positionen), zeigt sich nach Vereinsmitteilung zuversichtlich, Impulse zur Weiterentwicklung des &#8222;Treffpunkt Freiburg&#8220; und der Freiburger Engagementf\u00f6rderung setzen zu k\u00f6nnen, um mehr B\u00fcrgern den Weg ins Engagement zu ebnen. So soll eine erfolgreiche Zivilgesellschaft erreicht werden, die zur L\u00f6sung der gesellschaftlichen Probleme mit der Stadt zusammenarbeitet. Dazu sollen Fortbildungen ausgeweitet werden, vor allem soll die Fortbildung &#8222;Wie wird Kommunalpolitik gemacht? Ein Blick hinter die Kulissen f\u00fcr Ehrenamtliche&#8220; wieder angeboten werden.<\/p>\n<p>Wahlergebnisse: Neu in den Vorstand gew\u00e4hlt wurden Reinhard Biermann und Renate Weber (beide vom Verein Farbe, Freie Arbeitsgemeinschaft B\u00fcrgerschaftliches Engagement), Andreas Andrick und Gitta Walchner (beide von Gemeinwohl\u00f6konomie, Ortsgruppe Freiburg, sowie vom Netzwerk Freiburg im Wandel), Helena Cichy (Talent-Tauschring und Projekt Rabe), Franz-Albert Heimer (Projektgruppe Beteiligungshaushalt, Bund f\u00fcr Umwelt und Naturschutz, Freiburger Nachhaltigkeitsrat) sowie Wolfgang Hees (Eine-Welt-Forum, Freiburger Nachhaltigkeitsrat).<\/p>\n<p>Der bisherige Vorstand \u2013 Manfred Messmer und Gerhard Rieger (Stadt Freiburg), Klaus Fournell (Talent-Tauschring), Ingeborg Hirschm\u00fcller-Ohmes (Gedok) sowie Erwin Czarzynski (Koko) ist komplett nicht mehr angetreten und wurde mit Dank verabschiedet.<br \/>\nBeschl\u00fcsse: Der Vorstand ist nun siebenk\u00f6pfig und besteht k\u00fcnftig ausschlie\u00dflich aus Mitgliedern, feste Sitze f\u00fcr externe Einrichtungen gibt es nicht mehr.<br \/>\nTermine: Sommerfest des Treffpunkt Freiburg, Samstag, 20. Juli, 11 bis 17\u2005Uhr.<br \/>\nMitgliederzahl: 54 (davon 50 Vereine\/ Gruppen als stimmberechtigte Vollmitglieder)<\/p>\n<p>&nbsp;<\/p>\n","protected":false},"excerpt":{"rendered":"<p>Home &gt;Engagement &gt;Selbsthilfe &gt;Treffpunkt Listenauswahl eines Beitrags (Artikel\/Datum, Seite\/Inhalt):\u00a0Klicken\u00a0oder scrollen Engagiert in Freiburg: Anlaufstellen im \u00dcberblick\u00a0(1.10.2025) Treffpunkt hei\u00dft jetzt: Haus des Engagements e.V. (1.7.2024) Selbsthilfeb\u00fcro Freiburg\/Breisgau-Hochschwarzwald 30 Jahre (24.11.2023) Sommerfest am 20. Juli 2013 (20.7.2013) https:\/\/www.freiburg-schwarzwald.de\/blog\/treffpunkt-sommerfest-beim-zo\/\u00a0(20.7.2013) https:\/\/www.freiburg-schwarzwald.de\/blog\/kinder-und-jugendbeteiligung\/\u00a0(20.6.2013) Gemeinwohl-\u00d6konomie &#8211; Freiburg &hellip; <a href=\"https:\/\/www.freiburg-schwarzwald.de\/blog\/engagement\/treffpunkt\/\">Weiterlesen <span class=\"meta-nav\">&rarr;<\/span><\/a><\/p>\n","protected":false},"author":4,"featured_media":0,"parent":148,"menu_order":0,"comment_status":"open","ping_status":"closed","template":"","meta":{"footnotes":""},"class_list":["post-32520","page","type-page","status-publish","hentry"],"_links":{"self":[{"href":"https:\/\/www.freiburg-schwarzwald.de\/blog\/wp-json\/wp\/v2\/pages\/32520","targetHints":{"allow":["GET"]}}],"collection":[{"href":"https:\/\/www.freiburg-schwarzwald.de\/blog\/wp-json\/wp\/v2\/pages"}],"about":[{"href":"https:\/\/www.freiburg-schwarzwald.de\/blog\/wp-json\/wp\/v2\/types\/page"}],"author":[{"embeddable":true,"href":"https:\/\/www.freiburg-schwarzwald.de\/blog\/wp-json\/wp\/v2\/users\/4"}],"replies":[{"embeddable":true,"href":"https:\/\/www.freiburg-schwarzwald.de\/blog\/wp-json\/wp\/v2\/comments?post=32520"}],"version-history":[{"count":5,"href":"https:\/\/www.freiburg-schwarzwald.de\/blog\/wp-json\/wp\/v2\/pages\/32520\/revisions"}],"predecessor-version":[{"id":139707,"href":"https:\/\/www.freiburg-schwarzwald.de\/blog\/wp-json\/wp\/v2\/pages\/32520\/revisions\/139707"}],"up":[{"embeddable":true,"href":"https:\/\/www.freiburg-schwarzwald.de\/blog\/wp-json\/wp\/v2\/pages\/148"}],"wp:attachment":[{"href":"https:\/\/www.freiburg-schwarzwald.de\/blog\/wp-json\/wp\/v2\/media?parent=32520"}],"curies":[{"name":"wp","href":"https:\/\/api.w.org\/{rel}","templated":true}]}}