{"id":32135,"date":"2013-06-05T20:33:37","date_gmt":"2013-06-05T18:33:37","guid":{"rendered":"https:\/\/www.freiburg-schwarzwald.de\/blog\/?page_id=32135"},"modified":"2024-06-17T15:51:00","modified_gmt":"2024-06-17T13:51:00","slug":"oberrotweil","status":"publish","type":"page","link":"https:\/\/www.freiburg-schwarzwald.de\/blog\/regio\/kaiserstuhl\/oberrotweil\/","title":{"rendered":"Oberrotweil"},"content":{"rendered":"<p>Home &gt;<a title=\"Regio\" href=\"https:\/\/www.freiburg-schwarzwald.de\/blog\/regio\/\">Regio<\/a> &gt;<a title=\"Kaiserstuhl\" href=\"https:\/\/www.freiburg-schwarzwald.de\/blog\/regio\/kaiserstuhl\/\">Kaiserstuhl<\/a> &gt;Oberrotweil<\/p>\n<div id=\"attachment_32143\" style=\"width: 650px\" class=\"wp-caption alignnone\"><a href=\"https:\/\/www.freiburg-schwarzwald.de\/blog\/regio\/kaiserstuhl\/oberrotweil\/mondhalde6oberrotweil-pan130602\/\" rel=\"attachment wp-att-32143\"><img loading=\"lazy\" decoding=\"async\" aria-describedby=\"caption-attachment-32143\" class=\"size-full wp-image-32143\" title=\"mondhalde6oberrotweil-pan130602\" src=\"https:\/\/www.freiburg-schwarzwald.de\/blog\/wp-content\/uploads\/2013\/06\/mondhalde6oberrotweil-pan130602.jpg\" alt=\"\" width=\"640\" height=\"237\" srcset=\"https:\/\/www.freiburg-schwarzwald.de\/blog\/wp-content\/uploads\/2013\/06\/mondhalde6oberrotweil-pan130602.jpg 640w, https:\/\/www.freiburg-schwarzwald.de\/blog\/wp-content\/uploads\/2013\/06\/mondhalde6oberrotweil-pan130602-180x66.jpg 180w\" sizes=\"auto, (max-width: 640px) 100vw, 640px\" \/><\/a><p id=\"caption-attachment-32143\" class=\"wp-caption-text\">Blick von der Mondhalde nach S\u00fcden \u00fcber Oberrotweil in Richtung Achkarren und Bickensohl am 2.6.2013<\/p><\/div>\n<p>&nbsp;<\/p>\n<ul>\n<li><a href=\"https:\/\/www.freiburg-schwarzwald.de\/blog\/natur\/landwirt\/erzeugergemeinschaft\/\">OGS und EGRO in Vogtsburg: Umsatzrekord 2023 der Obsterzeuger<\/a>\u00a0(16.6.2024)<\/li>\n<li>Grundschule in Oberrotweil wird geschlossen (2.8.2013)<\/li>\n<li><a href=\"https:\/\/www.freiburg-schwarzwald.de\/oberrotweil#Weingutsbesitzer Wolf-Dietrich Salwey ums Leben gekommen\">Weingutsbesitzer Wolf-Dietrich Salwey ums Leben gekommen<\/a> &gt;Oberrotweil (26.1.2011)<\/li>\n<li><a href=\"https:\/\/www.freiburg-schwarzwald.de\/jakobsweg.htm#K\u00f6ln - Oberrotweil - Taize - Compostela zu Fu\u00df mit drei Eseln\">K\u00f6ln &#8211; Oberrotweil &#8211; Taize &#8211; Compostela zu Fu\u00df mit drei Eseln<\/a> &gt;Jakobsweg (4.10.2008)<\/li>\n<li><a href=\"https:\/\/www.freiburg-schwarzwald.de\/geschichte.htm#RegioTriRhena-Netzwerk Regionale Kulturgeschichte: 3. Treffen Baden-Elsass\">RegioTriRhena-Netzwerk &#8222;Regionale Kulturgeschichte&#8220;: Treffen Baden-Elsass<\/a> &gt;Geschichte (4.6.)<\/li>\n<li><a href=\"https:\/\/www.freiburg-schwarzwald.de\/natur1.htm#Ein Nussbaum und ein sensibles Fernsehteam\">Ein Nussbaum und ein sensibles Fernsehteam<\/a> &gt;Natur1 (31.5.2008)<\/li>\n<li><a href=\"https:\/\/www.freiburg-schwarzwald.de\/geschichte.htm#Emil Galli vom Geschichtsverein Oberrotweil: Treffen Kaiserstuhl - Elsass\">Emil Galli vom Geschichtsverein Oberrotweil: Treffen Kaiserstuhl &#8211; Elsass<\/a> &gt;Geschichte (21.5.)<\/li>\n<li><a href=\"https:\/\/www.freiburg-schwarzwald.de\/sasbach.htm#Wiedehopfpfad: Breisach - Burkheim - Winklerberg - Sasbach - Limberg\">Wiedehopfpfad: Breisach &#8211; Burkheim &#8211; Winklerberg &#8211; Sasbach &#8211; Limberg<\/a> &gt;Sasbach (25.10.2007)<\/li>\n<li><a href=\"https:\/\/www.freiburg-schwarzwald.de\/koenigschaffhausen.htm#Bienenfresserpfad Ihringen - Bickensohl - Bischoffingen - Koenigschafhausen\">Bienenfresserpfad Ihringen &#8211; Bickensohl &#8211; Bischoffingen<\/a> &gt;Koenigschaffhausen (18.10.2007)<\/li>\n<li><a href=\"https:\/\/www.freiburg-schwarzwald.de\/oberbergen.htm#Neue Bassgeigenh\u00fctte\u00a0nach Brand aufgebaut\">Neue Bassgeigenh\u00fctte nach Brand aufgebaut<\/a> &gt;Oberbergen (18.7.2007)<\/li>\n<li><a href=\"https:\/\/www.freiburg-schwarzwald.de\/kaiserstuhl-themenpfade.htm#Badbergpfad von Oberrotweil bis Nimburg\">Badbergpfad von Oberrotweil bis Nimburg<\/a> &gt;Kaiserstuhl-Themenpfade (22.6.2007)<\/li>\n<li><a href=\"https:\/\/www.freiburg-schwarzwald.de\/kaiserstuhl-naturgarten.htm#Kulinarischer Weinwanderpfad in Oberrotweil er\u00f6ffnet\">Kulinarischer Weinwanderpfad in Oberrotweil er\u00f6ffnet<\/a> &gt;Kaiserstuhl-Naturgarten (18.6.2007)<\/li>\n<li><a href=\"https:\/\/www.freiburg-schwarzwald.de\/oberrotweil#Touristikverein\">Touristikverein: Oberrotweil begehrtes Urlaubsziel<\/a> (8.2.2007)<\/li>\n<li><a href=\"https:\/\/www.freiburg-schwarzwald.de\/wein1.htm#F\u00f6deration der Europ\u00e4ischen Weinwanderungen\">F\u00f6deration der Europ\u00e4ischen Weinwanderungen<\/a> &gt;Wein1 (2.3.2007)<\/li>\n<li><a href=\"https:\/\/www.freiburg-schwarzwald.de\/kaiserstuhl4.htm#F\u00f6deration der Europ\u00e4ischen Weinwanderungen in Oberrotweil\">F\u00f6deration der Europ\u00e4ischen Weinwanderungen in Oberrotweil<\/a> &gt;Kaiserstuhl4 (26.2.2007)<\/li>\n<li><a href=\"https:\/\/www.freiburg-schwarzwald.de\/wein1.htm#Berufswettbewerb der Landjugend: Winzer ermitteln ihre Sieger\">Berufswettbewerb der Landjugend: Winzer ermitteln ihre Sieger<\/a> &gt;Wein1 (7.2.2007)<\/li>\n<li>Oberrotweil<\/li>\n<li>Ausblick von der Mondhalde oberhalb Oberrotweil<\/li>\n<li><a href=\"https:\/\/www.freiburg-schwarzwald.de\/oberrotweil.htm\">www.freiburg-schwarzwald.de\/oberrotweil.htm<\/a>&gt;Archivseite Oberrotweil<\/li>\n<li><a href=\"https:\/\/www.freiburg-schwarzwald.de\/oberrotweil#Bilder\">Bilder<\/a><\/li>\n<li><a href=\"https:\/\/www.freiburg-schwarzwald.de\/oberrotweil#Mondhalde\">Mondhald<\/a><a href=\"https:\/\/www.freiburg-schwarzwald.de\/oberrotweil#Mondhalde\">e &#8211; Aussichten<\/a><\/li>\n<li><a href=\"https:\/\/www.freiburg-schwarzwald.de\/niederrotweil.htm\">Niederrotweil<\/a> &gt;Niederrotweil<\/li>\n<li><a href=\"https:\/\/www.freiburg-schwarzwald.de\/dichter.htm#Noth\">Harald Noth<\/a> &gt;Dichter<\/li>\n<li><a href=\"https:\/\/www.freiburg-schwarzwald.de\/oberrotweil#Heimat- und Geschichtsverein Oberrotweil\">Heimat- und Geschichtsverein Oberrotweil<\/a><\/li>\n<li><a href=\"https:\/\/www.freiburg-schwarzwald.de\/oberrotweil#Henkenberg zwischen Oberrotweil und Burkheim\">Henkenberg zwischen Oberrotweil und Burkheim<\/a><\/li>\n<li><a href=\"https:\/\/www.freiburg-schwarzwald.de\/oberrotweil#Katharinenpfad: Oberrotweil - Katharinenberg - Bahlingen\">Katharinenpfad: Oberrotweil &#8211; Katharinenberg &#8211; Bahlingen<\/a> &gt;Oberrotweil<\/li>\n<li><a href=\"https:\/\/www.freiburg-schwarzwald.de\/kiechlinsbergen.htm#Kiechlinsberger Eck - Pa\u00df zwischen Kiechlinsbergen und Oberrotweil\">Kiechlinsberger Eck &#8211; Pa\u00df zwischen Kiechlinsbergen und Oberrotweil<\/a> &gt;Kiechlinsbergen<\/li>\n<li><a href=\"https:\/\/www.freiburg-schwarzwald.de\/oberrotweil#Kulinarische Weinwanderung\">Kulinarische Weinwanderung<\/a><\/li>\n<li><a href=\"https:\/\/www.freiburg-schwarzwald.de\/oberrotweil5.htm\">Winzerh\u00f6fe (Ferienwohnung, Brauchtum, Direktvermarktung) in Oberrotweil<\/a> &gt;Oberrotweil5<\/li>\n<li><a href=\"https:\/\/www.freiburg-schwarzwald.de\/achkarren5.htm\">Ferien auf dem Winzerhof in Achkarren<\/a> &gt;Achkarren5<\/li>\n<li><a href=\"https:\/\/www.freiburg-schwarzwald.de\/bickensohl5.htm\">Ferien auf dem Winzerhof in Bickensohl<\/a> &gt;Bickensohl5<\/li>\n<li><a href=\"https:\/\/www.freiburg-schwarzwald.de\/bischoffingen5.htm\">Ferien auf dem Winzerhof in Bischoffingen<\/a> &gt;Bischoffingen5<\/li>\n<li><a href=\"https:\/\/www.freiburg-schwarzwald.de\/eichstetten5.htm\">Ferien auf dem Winzerhof in Eichstetten<\/a> &gt;Eichstetten5<\/li>\n<li><a href=\"https:\/\/www.freiburg-schwarzwald.de\/endingen5.htm\">Ferien auf dem Winzerhof in Endingen<\/a> &gt;Endingen5<\/li>\n<li><a href=\"https:\/\/www.freiburg-schwarzwald.de\/ihringen5.htm\">Ferien auf dem Winzerhof in Ihringen mit Wasenweiler<\/a> &gt;Ihringen5<\/li>\n<li><a href=\"https:\/\/www.freiburg-schwarzwald.de\/oberbergen5.htm\">Ferien auf dem Winzerhof in Oberbergen<\/a> &gt;Oberbergen5<\/li>\n<\/ul>\n<p>&nbsp;<\/p>\n<p>&nbsp;<\/p>\n<p>&nbsp;<\/p>\n<p><strong>Oberrotweil<\/strong><\/p>\n<p>&nbsp;<\/p>\n<p><a href=\"https:\/\/www.freiburg-schwarzwald.de\/blog\/regio\/kaiserstuhl\/oberrotweil\/oberrotweil130602\/\" rel=\"attachment wp-att-32140\"><img loading=\"lazy\" decoding=\"async\" class=\"alignnone size-thumbnail wp-image-32140\" title=\"oberrotweil130602\" src=\"https:\/\/www.freiburg-schwarzwald.de\/blog\/wp-content\/uploads\/2013\/06\/oberrotweil130602-180x135.jpg\" alt=\"\" width=\"180\" height=\"135\" srcset=\"https:\/\/www.freiburg-schwarzwald.de\/blog\/wp-content\/uploads\/2013\/06\/oberrotweil130602-180x135.jpg 180w, https:\/\/www.freiburg-schwarzwald.de\/blog\/wp-content\/uploads\/2013\/06\/oberrotweil130602.jpg 640w\" sizes=\"auto, (max-width: 180px) 100vw, 180px\" \/><\/a>\u00a0\u00a0\u00a0\u00a0\u00a0\u00a0\u00a0\u00a0\u00a0 <a href=\"https:\/\/www.freiburg-schwarzwald.de\/blog\/regio\/kaiserstuhl\/oberrotweil\/oberrotweil-bickensohl130602\/\" rel=\"attachment wp-att-32142\"><img loading=\"lazy\" decoding=\"async\" title=\"oberrotweil-bickensohl130602\" src=\"https:\/\/www.freiburg-schwarzwald.de\/blog\/wp-content\/uploads\/2013\/06\/oberrotweil-bickensohl130602-180x135.jpg\" alt=\"\" width=\"180\" height=\"135\" \/><\/a>\u00a0\u00a0\u00a0\u00a0\u00a0\u00a0\u00a0\u00a0\u00a0<a href=\"https:\/\/www.freiburg-schwarzwald.de\/blog\/regio\/kaiserstuhl\/oberrotweil\/mondhalde12oberrotweil130602\/\" rel=\"attachment wp-att-32157\"><img loading=\"lazy\" decoding=\"async\" title=\"mondhalde12oberrotweil130602\" src=\"https:\/\/www.freiburg-schwarzwald.de\/blog\/wp-content\/uploads\/2013\/06\/mondhalde12oberrotweil130602-180x135.jpg\" alt=\"\" width=\"180\" height=\"135\" \/><\/a><br \/>\n(1) Blick nach S\u00fcdwesten 2.6.2013\u00a0\u00a0\u00a0\u00a0\u00a0 (2) Blick nach S\u00fcden auf Oberrotweil\u00a0\u00a0\u00a0 (3) Oberrotweil<\/p>\n<p>&nbsp;<\/p>\n<p>&nbsp;<\/p>\n<p><strong>Ausblick von der Mondhalde oberhalb Oberrotweil<\/strong><\/p>\n<p><a href=\"https:\/\/www.freiburg-schwarzwald.de\/blog\/regio\/kaiserstuhl\/oberrotweil\/mondhalde11aussicht130602\/\" rel=\"attachment wp-att-32146\"><img loading=\"lazy\" decoding=\"async\" class=\"alignnone size-thumbnail wp-image-32146\" title=\"mondhalde11aussicht130602\" src=\"https:\/\/www.freiburg-schwarzwald.de\/blog\/wp-content\/uploads\/2013\/06\/mondhalde11aussicht130602-180x135.jpg\" alt=\"\" width=\"180\" height=\"135\" srcset=\"https:\/\/www.freiburg-schwarzwald.de\/blog\/wp-content\/uploads\/2013\/06\/mondhalde11aussicht130602-180x135.jpg 180w, https:\/\/www.freiburg-schwarzwald.de\/blog\/wp-content\/uploads\/2013\/06\/mondhalde11aussicht130602-640x480.jpg 640w, https:\/\/www.freiburg-schwarzwald.de\/blog\/wp-content\/uploads\/2013\/06\/mondhalde11aussicht130602.jpg 1000w\" sizes=\"auto, (max-width: 180px) 100vw, 180px\" \/><\/a>\u00a0\u00a0\u00a0\u00a0\u00a0\u00a0\u00a0\u00a0\u00a0 <a href=\"https:\/\/www.freiburg-schwarzwald.de\/blog\/regio\/kaiserstuhl\/oberrotweil\/mondhalde1bischoffingen130602\/\" rel=\"attachment wp-att-32147\"><img loading=\"lazy\" decoding=\"async\" title=\"mondhalde1bischoffingen130602\" src=\"https:\/\/www.freiburg-schwarzwald.de\/blog\/wp-content\/uploads\/2013\/06\/mondhalde1bischoffingen130602-180x135.jpg\" alt=\"\" width=\"180\" height=\"135\" \/><\/a>\u00a0\u00a0\u00a0\u00a0\u00a0\u00a0\u00a0\u00a0\u00a0 <a href=\"https:\/\/www.freiburg-schwarzwald.de\/blog\/regio\/kaiserstuhl\/oberrotweil\/mondhalde2sued-oberrotweil130602\/\" rel=\"attachment wp-att-32148\"><img loading=\"lazy\" decoding=\"async\" class=\"alignnone size-thumbnail wp-image-32148\" title=\"mondhalde2sued-oberrotweil130602\" src=\"https:\/\/www.freiburg-schwarzwald.de\/blog\/wp-content\/uploads\/2013\/06\/mondhalde2sued-oberrotweil130602-180x135.jpg\" alt=\"\" width=\"180\" height=\"135\" srcset=\"https:\/\/www.freiburg-schwarzwald.de\/blog\/wp-content\/uploads\/2013\/06\/mondhalde2sued-oberrotweil130602-180x135.jpg 180w, https:\/\/www.freiburg-schwarzwald.de\/blog\/wp-content\/uploads\/2013\/06\/mondhalde2sued-oberrotweil130602.jpg 640w\" sizes=\"auto, (max-width: 180px) 100vw, 180px\" \/><\/a><br \/>\n(1) Aussichtspunkt Mondhalde\u00a0\u00a0\u00a0\u00a0\u00a0\u00a0\u00a0\u00a0\u00a0\u00a0\u00a0\u00a0\u00a0\u00a0 (2) Bischoffingen im Westen\u00a0\u00a0\u00a0\u00a0\u00a0\u00a0\u00a0\u00a0\u00a0\u00a0\u00a0\u00a0\u00a0\u00a0\u00a0\u00a0\u00a0\u00a0\u00a0(3) Achkarrer Schlo\u00dfberg im S\u00fcden<\/p>\n<p><a href=\"https:\/\/www.freiburg-schwarzwald.de\/blog\/regio\/kaiserstuhl\/oberrotweil\/mondhalde3ost-totenkopf130602\/\" rel=\"attachment wp-att-32149\"><img loading=\"lazy\" decoding=\"async\" class=\"alignnone size-thumbnail wp-image-32149\" title=\"mondhalde3ost-totenkopf130602\" src=\"https:\/\/www.freiburg-schwarzwald.de\/blog\/wp-content\/uploads\/2013\/06\/mondhalde3ost-totenkopf130602-180x135.jpg\" alt=\"\" width=\"180\" height=\"135\" srcset=\"https:\/\/www.freiburg-schwarzwald.de\/blog\/wp-content\/uploads\/2013\/06\/mondhalde3ost-totenkopf130602-180x135.jpg 180w, https:\/\/www.freiburg-schwarzwald.de\/blog\/wp-content\/uploads\/2013\/06\/mondhalde3ost-totenkopf130602.jpg 640w\" sizes=\"auto, (max-width: 180px) 100vw, 180px\" \/><\/a>\u00a0\u00a0\u00a0\u00a0\u00a0\u00a0\u00a0\u00a0\u00a0 <a href=\"https:\/\/www.freiburg-schwarzwald.de\/blog\/regio\/kaiserstuhl\/oberrotweil\/mondhalde4mtb130602\/\" rel=\"attachment wp-att-32150\"><img loading=\"lazy\" decoding=\"async\" class=\"alignnone size-thumbnail wp-image-32150\" title=\"mondhalde4mtb130602\" src=\"https:\/\/www.freiburg-schwarzwald.de\/blog\/wp-content\/uploads\/2013\/06\/mondhalde4mtb130602-180x135.jpg\" alt=\"\" width=\"180\" height=\"135\" srcset=\"https:\/\/www.freiburg-schwarzwald.de\/blog\/wp-content\/uploads\/2013\/06\/mondhalde4mtb130602-180x135.jpg 180w, https:\/\/www.freiburg-schwarzwald.de\/blog\/wp-content\/uploads\/2013\/06\/mondhalde4mtb130602.jpg 640w\" sizes=\"auto, (max-width: 180px) 100vw, 180px\" \/><\/a>\u00a0\u00a0\u00a0\u00a0\u00a0\u00a0\u00a0\u00a0\u00a0 <a href=\"https:\/\/www.freiburg-schwarzwald.de\/blog\/regio\/kaiserstuhl\/oberrotweil\/mondhalde5rebflurbereingung130602\/\" rel=\"attachment wp-att-32151\"><img loading=\"lazy\" decoding=\"async\" class=\"alignnone size-thumbnail wp-image-32151\" title=\"mondhalde5rebflurbereingung130602\" src=\"https:\/\/www.freiburg-schwarzwald.de\/blog\/wp-content\/uploads\/2013\/06\/mondhalde5rebflurbereingung130602-180x135.jpg\" alt=\"\" width=\"180\" height=\"135\" srcset=\"https:\/\/www.freiburg-schwarzwald.de\/blog\/wp-content\/uploads\/2013\/06\/mondhalde5rebflurbereingung130602-180x135.jpg 180w, https:\/\/www.freiburg-schwarzwald.de\/blog\/wp-content\/uploads\/2013\/06\/mondhalde5rebflurbereingung130602.jpg 640w\" sizes=\"auto, (max-width: 180px) 100vw, 180px\" \/><\/a><br \/>\n(4) Totenkopf im S\u00fcdosten\u00a0\u00a0\u00a0\u00a0\u00a0\u00a0\u00a0\u00a0\u00a0\u00a0\u00a0\u00a0\u00a0\u00a0\u00a0\u00a0\u00a0\u00a0\u00a0\u00a0 (5) Biker auf der Mondhalde\u00a0\u00a0\u00a0\u00a0\u00a0\u00a0\u00a0\u00a0\u00a0\u00a0\u00a0\u00a0\u00a0\u00a0\u00a0\u00a0\u00a0\u00a0\u00a0\u00a0(6) Rebflurumlegung 1972<\/p>\n<p><a href=\"https:\/\/www.freiburg-schwarzwald.de\/blog\/regio\/kaiserstuhl\/oberrotweil\/mondhalde7oberbergen130602\/\" rel=\"attachment wp-att-32153\"><img loading=\"lazy\" decoding=\"async\" class=\"alignnone size-thumbnail wp-image-32153\" title=\"mondhalde7oberbergen130602\" src=\"https:\/\/www.freiburg-schwarzwald.de\/blog\/wp-content\/uploads\/2013\/06\/mondhalde7oberbergen130602-180x135.jpg\" alt=\"\" width=\"180\" height=\"135\" srcset=\"https:\/\/www.freiburg-schwarzwald.de\/blog\/wp-content\/uploads\/2013\/06\/mondhalde7oberbergen130602-180x135.jpg 180w, https:\/\/www.freiburg-schwarzwald.de\/blog\/wp-content\/uploads\/2013\/06\/mondhalde7oberbergen130602.jpg 638w\" sizes=\"auto, (max-width: 180px) 100vw, 180px\" \/><\/a>\u00a0\u00a0\u00a0\u00a0\u00a0\u00a0\u00a0\u00a0\u00a0 <a href=\"https:\/\/www.freiburg-schwarzwald.de\/blog\/regio\/kaiserstuhl\/oberrotweil\/mondhalde8oberbergen-totenkopf130602\/\" rel=\"attachment wp-att-32154\"><img loading=\"lazy\" decoding=\"async\" class=\"alignnone size-thumbnail wp-image-32154\" title=\"mondhalde8oberbergen-totenkopf130602\" src=\"https:\/\/www.freiburg-schwarzwald.de\/blog\/wp-content\/uploads\/2013\/06\/mondhalde8oberbergen-totenkopf130602-180x135.jpg\" alt=\"\" width=\"180\" height=\"135\" srcset=\"https:\/\/www.freiburg-schwarzwald.de\/blog\/wp-content\/uploads\/2013\/06\/mondhalde8oberbergen-totenkopf130602-180x135.jpg 180w, https:\/\/www.freiburg-schwarzwald.de\/blog\/wp-content\/uploads\/2013\/06\/mondhalde8oberbergen-totenkopf130602.jpg 640w\" sizes=\"auto, (max-width: 180px) 100vw, 180px\" \/><\/a>\u00a0\u00a0\u00a0\u00a0\u00a0\u00a0\u00a0\u00a0\u00a0\u00a0 <a href=\"https:\/\/www.freiburg-schwarzwald.de\/blog\/regio\/kaiserstuhl\/oberrotweil\/mondhalde10margeriten130602\/\" rel=\"attachment wp-att-32155\"><img loading=\"lazy\" decoding=\"async\" class=\"alignnone size-thumbnail wp-image-32155\" title=\"mondhalde10margeriten130602\" src=\"https:\/\/www.freiburg-schwarzwald.de\/blog\/wp-content\/uploads\/2013\/06\/mondhalde10margeriten130602-180x144.jpg\" alt=\"\" width=\"180\" height=\"144\" srcset=\"https:\/\/www.freiburg-schwarzwald.de\/blog\/wp-content\/uploads\/2013\/06\/mondhalde10margeriten130602-180x144.jpg 180w, https:\/\/www.freiburg-schwarzwald.de\/blog\/wp-content\/uploads\/2013\/06\/mondhalde10margeriten130602.jpg 637w\" sizes=\"auto, (max-width: 180px) 100vw, 180px\" \/><\/a><br \/>\n(7) Oberbergen im Osten\u00a0\u00a0\u00a0\u00a0\u00a0\u00a0\u00a0\u00a0\u00a0\u00a0\u00a0\u00a0\u00a0\u00a0\u00a0\u00a0\u00a0\u00a0\u00a0\u00a0\u00a0\u00a0\u00a0\u00a0(8) Totenkopf 2.6.2013\u00a0\u00a0\u00a0\u00a0\u00a0\u00a0\u00a0\u00a0\u00a0\u00a0\u00a0\u00a0\u00a0\u00a0\u00a0\u00a0\u00a0\u00a0\u00a0\u00a0\u00a0\u00a0\u00a0\u00a0\u00a0\u00a0\u00a0\u00a0\u00a0 (9) Margeriten am 2.6.2013<\/p>\n<p><a href=\"https:\/\/www.freiburg-schwarzwald.de\/blog\/regio\/kaiserstuhl\/oberrotweil\/mondhalde9totenkopf130602\/\" rel=\"attachment wp-att-32156\"><img loading=\"lazy\" decoding=\"async\" class=\"alignnone size-thumbnail wp-image-32156\" title=\"mondhalde9totenkopf130602\" src=\"https:\/\/www.freiburg-schwarzwald.de\/blog\/wp-content\/uploads\/2013\/06\/mondhalde9totenkopf130602-180x146.jpg\" alt=\"\" width=\"180\" height=\"146\" srcset=\"https:\/\/www.freiburg-schwarzwald.de\/blog\/wp-content\/uploads\/2013\/06\/mondhalde9totenkopf130602-180x146.jpg 180w, https:\/\/www.freiburg-schwarzwald.de\/blog\/wp-content\/uploads\/2013\/06\/mondhalde9totenkopf130602.jpg 638w\" sizes=\"auto, (max-width: 180px) 100vw, 180px\" \/><\/a><br \/>\n(10) Schwertlilien im Weinberg<\/p>\n<p>Der bequeme Weg zur Mondhalde: Von Oberrotweil am Ortsausgang in Richtung Bischoffingen beim Friedhof rechts ab und in Serpentinen den K\u00e4sleberg hochfahren zum Parkplatz beim Pavillon Mondhalde.<br \/>\nGesunde Wege zur Mondhalde gibts viele: Von der Katharinenkapelle bzw. Ba\u00dfgeigenh\u00fctte (Osten), von Oberbergen (S\u00fcdosten), von Oberrotweil (S\u00fcden) bzw. von Bischoffingen (Westen).<br \/>\n<a href=\"https:\/\/www.freiburg-schwarzwald.de\/oberrotweil#Mondhalde\">https:\/\/www.freiburg-schwarzwald.de\/oberrotweil#Mondhalde<\/a><\/p>\n<p><a href=\"https:\/\/www.freiburg-schwarzwald.de\/oberbergen.htm#Mondhalde - Ba\u00dfgeigenh\u00fctte - Katharinenkapelle - Schelinger H\u00f6he\">H\u00f6henweg: Mondhalde &#8211; Ba\u00dfgeigenh\u00fctte &#8211; Katharinenkapelle &#8211; Schelinger H\u00f6he<\/a> &gt;Oberbergen<\/p>\n<p>&nbsp;<\/p>\n<p><strong>Grundschule in Oberrotweil wird geschlossen<\/strong><\/p>\n<p>Finden Sie es schade, dass die Wilhelm-Hildenbrand-Schule nun nur noch <a title=\"Grundschule\" href=\"https:\/\/www.freiburg-schwarzwald.de\/blog\/bildung\/schulen\/grundschule\/\">Grundschule<\/a> ist?<br \/>\nRuf: Ich bin dar\u00fcber sehr traurig. Ich finde es wichtig, dass eine Gemeinde in der Gr\u00f6\u00dfe von Vogtsburg eine weiterf\u00fchrende Schule hat. Ich m\u00f6chte dir das kurz erkl\u00e4ren: Sch\u00fclerinnen und Sch\u00fcler einer weiterf\u00fchrenden Schule wie der Vogtsburger haben ein Alter bis zu 16 Jahren. Du wei\u00dft es selbst, dass man sich in diesem Alter auch in Vereinen engagiert, vielleicht bei der Jugendarbeit in der Kirche mitarbeitet, oder sich in der Gemeinde auf andere Weise orientieren und einbringen m\u00f6chte. Deshalb finde ich dieses Alter so wichtig. Jugendliche brauchen Orientierung und auch Halt. Ich m\u00f6chte mir nicht einbilden, dass deshalb alle Jugendlichen unsere Schule besuchen m\u00fcssen, aber ich bin mir sicher, dass es f\u00fcr eine Gemeinde wichtig ist, dass zumindest ein Teil dieser Jugendlichen ihre schulische Heimat im Wohnort hat. \u00dcber die Schule wissen sie, wo ihre Wurzeln sind. Die Schule kann die Eingliederung in den Vereinen unterst\u00fctzen. Die Schule kann auch helfen, Probleme der Jugendlichen zu l\u00f6sen und manchmal auch Bindeglied sein. Die Schule vor Ort ist oft auch Anlaufstelle f\u00fcr Sorgen und N\u00f6te von Jugendlichen, die inzwischen eine andere Schule au\u00dferhalb ihres Heimatortes besuchen. Was ich sagen m\u00f6chte ist dies: <em><strong>Ich mache mir Sorgen um die weitere Entwicklung einer Gemeinde, in der Jugendliche nicht mehr \u00fcber die Schule an die Gemeinde gebunden werden.<\/strong><\/em><br \/>\nIch m\u00f6chte dies mit einem weiteren, aus meiner Sicht sehr wichtigen Argument, belegen: Die Schulabg\u00e4nger der (ehemaligen) Hauptschule haben zu gro\u00dfen Teilen eine Ausbildung in Vogtsburg begonnen. Durch einen sehr intensiven Kontakt zu vielen Betrieben in Vogtsburg konnten wir dies immer wieder erreichen. Der enge Austausch mit Firmen und die pers\u00f6nliche Begleitung der Jugendlichen auch \u00fcber die Schulzeit hinaus haben dazu gef\u00fchrt, dass wir zu vielen Firmen ein vertrautes Verh\u00e4ltnis aufbauen konnten. Immer wieder haben sich Betriebe darauf eingelassen, auch etwas schwierigeren Sch\u00fclerinnen und Sch\u00fclern die Chance auf eine Ausbildung zu geben. Dar\u00fcber sind wir sehr dankbar. F\u00fcr die Jugendlichen selbst hatte das oft zur Folge, dass sie eine Perspektive erhalten haben, die sonst vielleicht nicht zu erreichen war. Die Betriebe waren oft dankbar, dass sie Jugendlichen aus der Gemeinde hatten, weil diese sich auskannten und sich mit der Gemeinde identifizierten. F\u00fcr die Entwicklung der Gemeinde ist es wichtig, dass Jugendliche hier einen Ausbildungslatz haben, damit sie ihre Wurzeln schlagen und auch f\u00fcr die Vereinsarbeit vor Ort bleiben. &#8230;<\/p>\n<p>Komplettes Interview von Moritz Sacherer mit Sebastian Ruf, Rektor der Wilhelm-Hildenbrand-Schule in Oberrotweil, zur Schlie\u00dfung der Hauptschule in Oberrotweil,\u00a0vom 2.8.2013 bitte lesen auf<br \/>\n<a href=\"https:\/\/www.badische-zeitung.de\/schuelertexte\/ich-bin-darueber-sehr-traurig--72719862.html\">https:\/\/www.badische-zeitung.de\/schuelertexte\/ich-bin-darueber-sehr-traurig&#8211;72719862.html<\/a><\/p>\n<p><a title=\"Gemeinschaftsschule\" href=\"https:\/\/www.freiburg-schwarzwald.de\/blog\/bildung\/schulen\/gemeinschaftsschule\/\">Gemeinschaftsschule<\/a><\/p>\n<p>&nbsp;<\/p>\n","protected":false},"excerpt":{"rendered":"<p>Home &gt;Regio &gt;Kaiserstuhl &gt;Oberrotweil &nbsp; OGS und EGRO in Vogtsburg: Umsatzrekord 2023 der Obsterzeuger\u00a0(16.6.2024) Grundschule in Oberrotweil wird geschlossen (2.8.2013) Weingutsbesitzer Wolf-Dietrich Salwey ums Leben gekommen &gt;Oberrotweil (26.1.2011) K\u00f6ln &#8211; Oberrotweil &#8211; Taize &#8211; Compostela zu Fu\u00df mit drei Eseln &hellip; <a href=\"https:\/\/www.freiburg-schwarzwald.de\/blog\/regio\/kaiserstuhl\/oberrotweil\/\">Weiterlesen <span class=\"meta-nav\">&rarr;<\/span><\/a><\/p>\n","protected":false},"author":4,"featured_media":0,"parent":1941,"menu_order":0,"comment_status":"open","ping_status":"closed","template":"","meta":{"footnotes":""},"class_list":["post-32135","page","type-page","status-publish","hentry"],"_links":{"self":[{"href":"https:\/\/www.freiburg-schwarzwald.de\/blog\/wp-json\/wp\/v2\/pages\/32135","targetHints":{"allow":["GET"]}}],"collection":[{"href":"https:\/\/www.freiburg-schwarzwald.de\/blog\/wp-json\/wp\/v2\/pages"}],"about":[{"href":"https:\/\/www.freiburg-schwarzwald.de\/blog\/wp-json\/wp\/v2\/types\/page"}],"author":[{"embeddable":true,"href":"https:\/\/www.freiburg-schwarzwald.de\/blog\/wp-json\/wp\/v2\/users\/4"}],"replies":[{"embeddable":true,"href":"https:\/\/www.freiburg-schwarzwald.de\/blog\/wp-json\/wp\/v2\/comments?post=32135"}],"version-history":[{"count":1,"href":"https:\/\/www.freiburg-schwarzwald.de\/blog\/wp-json\/wp\/v2\/pages\/32135\/revisions"}],"predecessor-version":[{"id":124476,"href":"https:\/\/www.freiburg-schwarzwald.de\/blog\/wp-json\/wp\/v2\/pages\/32135\/revisions\/124476"}],"up":[{"embeddable":true,"href":"https:\/\/www.freiburg-schwarzwald.de\/blog\/wp-json\/wp\/v2\/pages\/1941"}],"wp:attachment":[{"href":"https:\/\/www.freiburg-schwarzwald.de\/blog\/wp-json\/wp\/v2\/media?parent=32135"}],"curies":[{"name":"wp","href":"https:\/\/api.w.org\/{rel}","templated":true}]}}