{"id":3182,"date":"2012-05-10T16:23:42","date_gmt":"2012-05-10T16:23:42","guid":{"rendered":"https:\/\/www.freiburg-schwarzwald.de\/blog\/?page_id=3182"},"modified":"2026-04-22T20:22:25","modified_gmt":"2026-04-22T18:22:25","slug":"armut","status":"publish","type":"page","link":"https:\/\/www.freiburg-schwarzwald.de\/blog\/selbsthilfe\/soziales\/armut\/","title":{"rendered":"Armut"},"content":{"rendered":"<p>Home &gt;<a title=\"Selbsthilfe\" href=\"https:\/\/www.freiburg-schwarzwald.de\/blog\/selbsthilfe\/\">Selbsthilfe<\/a> &gt;<a title=\"Soziales\" href=\"https:\/\/www.freiburg-schwarzwald.de\/blog\/selbsthilfe\/soziales\/\">Soziales<\/a> &gt;Armut<\/p>\n<div id=\"attachment_3183\" style=\"width: 618px\" class=\"wp-caption alignnone\"><a href=\"https:\/\/www.freiburg-schwarzwald.de\/blog\/selbsthilfe\/soziales\/armut\/mauchen5pan061102\/\" rel=\"attachment wp-att-3183\"><img loading=\"lazy\" decoding=\"async\" aria-describedby=\"caption-attachment-3183\" class=\"size-full wp-image-3183\" title=\"mauchen5pan061102\" src=\"https:\/\/www.freiburg-schwarzwald.de\/blog\/wp-content\/uploads\/2012\/05\/mauchen5pan061102.jpg\" alt=\"\" width=\"608\" height=\"197\" srcset=\"https:\/\/www.freiburg-schwarzwald.de\/blog\/wp-content\/uploads\/2012\/05\/mauchen5pan061102.jpg 608w, https:\/\/www.freiburg-schwarzwald.de\/blog\/wp-content\/uploads\/2012\/05\/mauchen5pan061102-180x58.jpg 180w\" sizes=\"auto, (max-width: 608px) 100vw, 608px\" \/><\/a><p id=\"caption-attachment-3183\" class=\"wp-caption-text\">Reiches Markgr\u00e4flerland: Blick nach Nordwesten \u00fcber Mauchen zum Himmelberg am 2.11.2006<\/p><\/div>\n<p align=\"center\"><span style=\"font-family: Arial; font-size: xx-small;\">\u00a0<\/span><\/p>\n<table border=\"0\" width=\"100%\" cellspacing=\"0\" cellpadding=\"0\" bgcolor=\"#e8e8e8\">\n<tbody>\n<tr>\n<td width=\"100%\">\n<p align=\"center\"><span style=\"font-family: Arial; font-size: xx-small;\"><br \/>\n<\/span>Das Jammern \u00fcber Armut in Deutschland mu\u00df endlich aufh\u00f6ren. Wer heute von Hartz IV lebt, hat meist einen h\u00f6heren Lebensstandard als in meiner Jugend ein Facharbeiter mit Frau und Kindern.<br \/>\nEine Unterschicht gibt es in jedem Land der Welt und zu jeder Zeit der Welt&#8220;<br \/>\nGerhard Schr\u00f6der, SPD, im Tagesspiegel, 9.12.2006<\/p>\n<p style=\"text-align: center;\">&#8222;Wer dem Volk anstrengungslosen Wohlstand verspricht, l\u00e4dt zu sp\u00e4tr\u00f6mischer Dekadenz ein&#8220;<br \/>\nGuido Westerwelle, FDP, nach dem Karlsruher Hartz-IV-Urteil in der Welt, 11.2.2010<\/p>\n<p style=\"text-align: center;\">Hartz IV gegen die materielle Armut &#8211;\u00a0 und was gegen die &#8222;Armut im Geiste&#8220;?<\/p>\n<p style=\"text-align: center;\">10% der deutschen Bev\u00f6lkerung besitzen mehr als 65% (1983: ca. 48%) des Gesamtverm\u00f6gens. Die restlichen 90% der Gesellschaft teilen sich die \u00fcbrigen\u00a035% des\u00a0<a title=\"Vermoegen\" href=\"https:\/\/www.freiburg-schwarzwald.de\/blog\/engagement\/zukunft\/vermoegen\/\">Gesamtverm\u00f6gens<\/a>.<br \/>\n23% aller Arbeitnehmer arbeiten heute im sogenannten Niedriglohnsektor<br \/>\n(zum Vergleich: D\u00e4nemark knapp 9%, USA 23%) &#8211; Tendenz steigend.<\/p>\n<p style=\"text-align: center;\">Armes Deutschland &#8211;<br \/>\nwarum nur kommen so Viele nach Deutschland, um an unserer Armut teilzuhaben?<\/p>\n<p style=\"text-align: center;\">Die 85 reichsten Menschen der Welt besitzen genauso viel<br \/>\nwie die 3,5 Milliarden \u00e4rmsten Menschen<\/p>\n<\/td>\n<\/tr>\n<\/tbody>\n<\/table>\n<p><em>\u00a0.<br \/>\n<\/em><\/p>\n<div id=\"attachment_140325\" style=\"width: 607px\" class=\"wp-caption alignnone\"><a href=\"https:\/\/www.freiburg-schwarzwald.de\/blog\/wp-content\/uploads\/2025\/10\/verschuldung-pro-kopf-pan251016.jpg\"><img loading=\"lazy\" decoding=\"async\" aria-describedby=\"caption-attachment-140325\" class=\"size-full wp-image-140325\" src=\"https:\/\/www.freiburg-schwarzwald.de\/blog\/wp-content\/uploads\/2025\/10\/verschuldung-pro-kopf-pan251016.jpg\" alt=\"\" width=\"597\" height=\"396\" srcset=\"https:\/\/www.freiburg-schwarzwald.de\/blog\/wp-content\/uploads\/2025\/10\/verschuldung-pro-kopf-pan251016.jpg 597w, https:\/\/www.freiburg-schwarzwald.de\/blog\/wp-content\/uploads\/2025\/10\/verschuldung-pro-kopf-pan251016-180x119.jpg 180w\" sizes=\"auto, (max-width: 597px) 100vw, 597px\" \/><\/a><p id=\"caption-attachment-140325\" class=\"wp-caption-text\">Verschuldung pro Kopf in Deutschland: \u00dcber die Verh\u00e4ltnisse leben<\/p><\/div>\n<p><em>\u00a0<\/em><\/p>\n<ul>\n<li><em>Listenauswahl eines Beitrags: Bitte anklicken oder runterscrollen<\/em><\/li>\n<li>79-j\u00e4hrige Flaschensammeln in M\u00fcnchen (21.4.2026)<\/li>\n<li><a href=\"https:\/\/www.freiburg-schwarzwald.de\/blog\/engagement\/zukunft\/vermoegen\/\">Die Deutschen sind arm an Verm\u00f6gen<\/a> (3.1.2025)<\/li>\n<li><a href=\"https:\/\/www.freiburg-schwarzwald.de\/blog\/engagement\/zukunft\/demokratie\/unterschicht\/\">Ideologen wollen wieder eine Unterschichtengesellschaft<\/a>\u00a0(24.5.2024)<\/li>\n<li><a href=\"https:\/\/www.freiburg-schwarzwald.de\/blog\/gegen-armut-und-niedergang\/\">Gegen Armut und Niedergang helfen weder Nudging noch Repression<\/a> (21.2.2024)<\/li>\n<li><a href=\"https:\/\/www.freiburg-schwarzwald.de\/blog\/woke-und-rest-der-welt\/\">Klima: Woke und Rest der Welt<\/a>\u00a0(19.1.2023)<\/li>\n<li><a href=\"https:\/\/www.freiburg-schwarzwald.de\/blog\/880-mrd-euro-steuereinnahmen\/\">880 Mrd Euro Steuereinnahmen<\/a>\u00a0(7.1.2023)<\/li>\n<li><a href=\"https:\/\/www.freiburg-schwarzwald.de\/blog\/engagement\/zukunft\/demokratie\/ampel\/\">Ampel: Politik der Verarmung<\/a>\u00a0(1.1.2023)<\/li>\n<li><a href=\"https:\/\/www.freiburg-schwarzwald.de\/blog\/deindustrialisierung-verarmung\/\">Deindustrialisierung: Verarmung<\/a>\u00a0(27.10.2022)<\/li>\n<li><a href=\"https:\/\/www.freiburg-schwarzwald.de\/blog\/selbsthilfe\/soziales\/arbeit\/buergergeld\/\">B\u00fcrgergeld \u2013 Eine Reise ins Land Schlaraffia<\/a>\u00a0(10.10.2022)<\/li>\n<li><a href=\"https:\/\/www.freiburg-schwarzwald.de\/blog\/business\/handel\/tafel\/\">Bei Anne Will: Tafel-Gr\u00fcnderin f\u00fcrchtet, Gesellschaft k\u00f6nne zerrei\u00dfen<\/a>\u00a0(3.10.2022)<\/li>\n<li><a href=\"https:\/\/www.freiburg-schwarzwald.de\/blog\/energie\/energiekosten\/\">Eberhard Hamer: Energiekosten zur Verarmung<\/a>\u00a0(21.9.2022)<\/li>\n<li>Armut: Dieses Land kotzt mich so an! (5.8.2022)<\/li>\n<li><a href=\"https:\/\/www.freiburg-schwarzwald.de\/blog\/engagement\/zukunft\/einkommen\/grundeinkommen\/\">Mit einem globalen Grundeinkommen gegen Armut<\/a> (12.2.2022)<\/li>\n<li><a href=\"https:\/\/www.freiburg-schwarzwald.de\/blog\/selbsthilfe\/soziales\/arbeit\/\">Mittelschicht: Wo Arbeit nicht mehr lohnt<\/a>\u00a0(27.10.2021)<\/li>\n<li><a href=\"https:\/\/www.freiburg-schwarzwald.de\/blog\/ichbinhanna-bildungsprekariat\/\">IchBinHanna \u2013 Bildungsprekariat<\/a>\u00a0(1.7.2021)<\/li>\n<li><a href=\"https:\/\/www.freiburg-schwarzwald.de\/blog\/bildung\/bildungsprekariat\/\">Kurze Geschichte des akademischen Prekariats<\/a>\u00a0(26.6.2021)<\/li>\n<li><a href=\"https:\/\/www.freiburg-schwarzwald.de\/blog\/selbsthilfe\/soziales\/sozialausgaben\/\">Der Sozialstaat st\u00f6\u00dft an Grenzen<\/a>\u00a0(30.12.2020)<\/li>\n<li><a title=\"Migrationspolitik\" href=\"https:\/\/www.freiburg-schwarzwald.de\/blog\/global\/migration\/migrationspolitik\/\">Fritz S\u00f6llner: Der H\u00f6hepunkt der (Migrations-)Krise kommt noch<\/a>\u00a0(20.5.2020)<\/li>\n<li><a title=\"Sozialismus\" href=\"https:\/\/www.freiburg-schwarzwald.de\/blog\/engagement\/zukunft\/demokratie\/sozialismus\/\">Sozialismus bringt Armut und Ungleichheit \u2013 Dokumentation Venezuela<\/a>\u00a0(12.1.2020)<\/li>\n<li><a title=\"CO2-Steuer\" href=\"https:\/\/www.freiburg-schwarzwald.de\/blog\/engagement\/verbraucher\/steuern\/co2-steuer\/\">Sch\u00e4uble: \u201cWir werden unser Leben ver\u00e4ndern m\u00fcssen\u201d \u2013 aber nur die Armen<\/a>\u00a0(27.12.2019)<\/li>\n<li>Gesellschaftlicher Zusammenhalt gef\u00e4hrdet: Kinder, Rentner und Migranten (6.4.2018)<\/li>\n<li><a href=\"https:\/\/www.freiburg-schwarzwald.de\/blog\/strassenschule-fr-20-jahre\/\">https:\/\/www.freiburg-schwarzwald.de\/blog\/strassenschule-fr-20-jahre\/<\/a> (8.10.2017)<\/li>\n<li>Ohne Bargeld &#8211; Zweischichtengesellschaft Arm-Reich (28.5.2017)<\/li>\n<li>Da wir so reich sind, sind sie so arm (11.4.2017)<\/li>\n<li><a href=\"https:\/\/www.freiburg-schwarzwald.de\/blog\/afrika-retten-groessenwahn-d\/\">https:\/\/www.freiburg-schwarzwald.de\/blog\/afrika-retten-groessenwahn-d\/<\/a> (21.6.2017)<\/li>\n<li><a href=\"https:\/\/www.freiburg-schwarzwald.de\/blog\/arm-und-reich-kapital-arbeit\/\">https:\/\/www.freiburg-schwarzwald.de\/blog\/arm-und-reich-kapital-arbeit<\/a><em><a href=\"https:\/\/www.freiburg-schwarzwald.de\/blog\/arm-und-reich-kapital-arbeit\/\">\/<\/a>\u00a0<\/em>(18.5.2014)<\/li>\n<li>In Deutschland gibt es keine Armen, sondern nur relativ Arme (19.1.2014)<\/li>\n<li><a href=\"https:\/\/www.freiburg-schwarzwald.de\/blog\/nikolaus-tafel-laden-eins-mehr\/\">https:\/\/www.freiburg-schwarzwald.de\/blog\/nikolaus-tafel-laden-eins-mehr\/<\/a>\u00a0(3.12.2013)<\/li>\n<li><a href=\"https:\/\/www.freiburg-schwarzwald.de\/blog\/datenreport-2013-20-arm\/\">https:\/\/www.freiburg-schwarzwald.de\/blog\/datenreport-2013-20-arm\/<\/a>\u00a0(28.11.2013)<\/li>\n<li>Armuts- und Reichtumsbericht 2012\/2013 (7.6.2013)<\/li>\n<li><a href=\"https:\/\/www.freiburg-schwarzwald.de\/blog\/arm-und-reich-entfernen-sich\/\">https:\/\/www.freiburg-schwarzwald.de\/blog\/arm-und-reich-entfernen-sich\/<\/a>\u00a0(13.2.2013)<\/li>\n<li><a href=\"https:\/\/www.freiburg-schwarzwald.de\/blog\/arm-und-reich-faire-verteilung\/\">https:\/\/www.freiburg-schwarzwald.de\/blog\/arm-und-reich-faire-verteilung\/<\/a>\u00a0(20.10.2012)<\/li>\n<li><a href=\"https:\/\/www.freiburg-schwarzwald.de\/armut1.htm\">Aktuelle Infos zur Armut-Seite ab 1.1.2010<\/a> &gt;Armut1<\/li>\n<li><a href=\"https:\/\/www.freiburg-schwarzwald.de\/armut.htm#Armenfonds der Waisenhausstiftung verteilt 76700 Euro in 2010\">Armenfonds der Waisenhausstiftung verteilt 76700 Euro in 2010<\/a> &gt;Armut (30.12.2009)<\/li>\n<li><a href=\"https:\/\/www.freiburg-schwarzwald.de\/littenweiler\/solar4.htm#Dezentraler Fotovoltaik-Strom hilft beim Aufstieg aus der Armut\">Dezentraler Fotovoltaik-Strom hilft beim Aufstieg aus der Armut<\/a> &gt;Solar4 (10.12.2009)<\/li>\n<li><a href=\"https:\/\/www.freiburg-schwarzwald.de\/finanzsystem1.htm#Steuer gegen Armut: 50000 Stimmen f\u00fcr Finanztransaktionssteuer\">Steuer gegen Armut: 50000 Stimmen f\u00fcr Finanztransaktionssteuer<\/a> &gt;Finanzsystem1 (10.12.09)<\/li>\n<li><a href=\"https:\/\/www.freiburg-schwarzwald.de\/armut.htm#Hartz IV: Medikamente chronisch Kranker - Markenartikel f\u00fcr Kinder\">Hartz IV: Medikamente chronisch Kranker &#8211; Markenartikel f\u00fcr Kinder<\/a> &gt;Armut (31.10.2009)<\/li>\n<li><a href=\"https:\/\/www.freiburg-schwarzwald.de\/armut.htm#B\u00fcrgerschaftsstiftung Soziales Freiburg sucht Spender Altersarmut\">B\u00fcrgerschaftsstiftung Soziales Freiburg sucht Spender Altersarmut<\/a> &gt;Armut (30.10.2009)<\/li>\n<li><a href=\"https:\/\/www.freiburg-schwarzwald.de\/armut.htm#Reichtum f\u00fcr alle f\u00fchrt zur Armut f\u00fcr alle\">&#8222;Reichtum f\u00fcr alle&#8220; f\u00fchrt zur Armut f\u00fcr alle?<\/a> &gt;Armut (29.10.2009)<\/li>\n<li><a href=\"https:\/\/www.freiburg-schwarzwald.de\/armut#Armut im Hochschwarzwald\">Armut im Hochschwarzwald<\/a> &gt;Armut (16.8.2009)<\/li>\n<li><a href=\"https:\/\/www.freiburg-schwarzwald.de\/littenweiler\/pflege3.htm#Armut durch Pflege: Fu\u00dfmarsch von Stefan Krastel von Offenburg nach Berlin\">Armut durch Pflege: Fu\u00dfmarsch von Stefan Krastel von Offenburg nach Berlin<\/a> &gt;Pflege3 (12.8.09)<\/li>\n<li><a href=\"https:\/\/www.freiburg-schwarzwald.de\/littenweiler\/weingarten1.htm#Nachbarschaftswerk sucht Erwachsene, die Kinder unterst\u00fctzen\">Nachbarschaftswerk sucht Erwachsene, die Kinder unterst\u00fctzen<\/a> &gt;Weingarten1 (23.1.2009)<\/li>\n<li><a href=\"https:\/\/www.freiburg-schwarzwald.de\/kinder4.htm#Sch\u00fclerproteste in Griechenland: Wir sind Eure Kinder\">Sch\u00fclerproteste in Griechenland: Wir sind Eure Kinder<\/a> &gt;Kinder4 (11.12.2008)<\/li>\n<li><a href=\"https:\/\/www.freiburg-schwarzwald.de\/armut.htm#Abgeh\u00e4ngtes Prekariat - 15% der Kinder sind arm - Finanzkrise\">A<\/a><a href=\"https:\/\/www.freiburg-schwarzwald.de\/armut.htm#Abgeh\u00e4ngtes Prekariat - 15% der Kinder sind arm - Finanzkrise\">bgeh\u00e4ngtes Prekariat &#8211; 15% der Kinder sind arm &#8211; Finanzkrise<\/a>\u00a0&gt;Armut (10.12.2008)<\/li>\n<li><a href=\"https:\/\/www.freiburg-schwarzwald.de\/hunger.htm#Realwirtschaft statt Spekulation - Ursachen und Folgen der Nahrungskrise\">Realwirtschaft statt Spekulation &#8211; Ursachen und Folgen der Nahrungskrise<\/a> &gt;Hunger (18.11.2008)<\/li>\n<li><a href=\"https:\/\/www.freiburg-schwarzwald.de\/armut.htm#Rettungspaket gegen den Welthunger\">Rettungspaket gegen den Welthunger<\/a> &gt;Armut (15.11.2008)<\/li>\n<li><a href=\"https:\/\/www.freiburg-schwarzwald.de\/armut.htm#Ohne Grundeinkommen wird die soziale Kluft immer gr\u00f6\u00dfer\">Ohne Grundeinkommen wird die soziale Kluft immer gr\u00f6\u00dfer<\/a> &gt;Armut (30.8.2008)<\/li>\n<li><a href=\"https:\/\/www.freiburg-schwarzwald.de\/armut.htm#Caritas-Chef Peter Neher: Armut, Hartz-IV, polnische Pflegekr\u00e4fte\">Caritas-Chef Peter Neher: Armut, Hartz-IV, polnische Pflegekr\u00e4fte<\/a> &gt;Armut (12.7.2008)<\/li>\n<li><a href=\"https:\/\/www.freiburg-schwarzwald.de\/armut#5000 Kinder und ihre Familien in Freiburg sind arm\">5000 Kinder und ihre Familien in Freiburg sind arm<\/a> &gt;Armut (12.3.2008)<\/li>\n<li><a href=\"https:\/\/www.freiburg-schwarzwald.de\/armut#\u00dcber 15000 Hartz IV-Arme in Freiburg\">\u00dcber 15000 Hartz IV-Arme in Freiburg<\/a> (12.2.2008)<\/li>\n<li><a href=\"https:\/\/www.freiburg-schwarzwald.de\/littenweiler\/kinder3.htm#17,2% der Kinder in Freiburg gelten als arm\">17,2% der Kinder in Freiburg gelten als arm<\/a> &gt;Kinder3 (13.11.2007)<\/li>\n<li><a href=\"https:\/\/www.freiburg-schwarzwald.de\/lohn.htm#Gerechter Lohn Ungerechte Verteilung\">Gerechter Lohn? Ungerechte Verteilung?<\/a> &gt;Lohn (24.3.2007)<\/li>\n<li><a href=\"https:\/\/www.freiburg-schwarzwald.de\/muellheim1.htm#Es braucht Mut, bei der Markgr\u00e4fler Tafel einzukaufen - Hilfsangebot\">Es braucht Mut, bei der Markgr\u00e4fler Tafel einzukaufen &#8211; Hilfsangebot<\/a> &gt;Muellheim1 (9.3.2007)<\/li>\n<li><a href=\"https:\/\/www.freiburg-schwarzwald.de\/einewelt4.htm#Annelise Oeschger, ATD-Anw\u00e4ltin f\u00fcr Arme und Diskriminierte\">Annelise Oeschger, ATD-Anw\u00e4ltin f\u00fcr Arme und Diskriminierte<\/a> &gt;EineWelt4 (22.2.2007)<\/li>\n<li><a href=\"https:\/\/www.freiburg-schwarzwald.de\/weihnachten.htm#BZ-Weihnachtsaktion wird f\u00fcr viele zur \u00dcberlebenshilfe\">BZ-Weihnachtsaktion wird f\u00fcr viele zur \u00dcberlebenshilfe<\/a> &gt;Weihnachten (25.11.2006)<\/li>\n<li><a href=\"https:\/\/www.freiburg-schwarzwald.de\/diakonie.htm#Armut auch im Markgr\u00e4flerland - Working Poor\">Armut auch im Markgr\u00e4flerland &#8211; Working Poor<\/a> &gt;Diakonie (4.11.2006)<\/li>\n<li><\/li>\n<li><a title=\"Armutszuwanderung\" href=\"https:\/\/www.freiburg-schwarzwald.de\/blog\/global\/integration\/armutszuwanderung\/\">Armutszuwanderung<\/a><\/li>\n<li><a href=\"https:\/\/www.freiburg-schwarzwald.de\/blog\/bildung\/bildungsprekariat\/\">Bildungsprekariat<\/a><\/li>\n<li><a title=\"CO2-Steuer\" href=\"https:\/\/www.freiburg-schwarzwald.de\/blog\/engagement\/verbraucher\/steuern\/co2-steuer\/\">CO2-Steuer<\/a><\/li>\n<li><a href=\"https:\/\/www.freiburg-schwarzwald.de\/littenweiler\/zeitung.htm#Freib\u00fcrger\" target=\"_self\" rel=\"noopener\">Frei-E-b\u00fcrger<\/a> &gt;Zeitung<\/li>\n<li><a title=\"Einkommen\" href=\"https:\/\/www.freiburg-schwarzwald.de\/blog\/engagement\/zukunft\/einkommen\/\">Grundeinkommen &#8211; Einkommen &#8211; B\u00fcrgergeld<\/a> &gt;Einkommen<\/li>\n<li><a href=\"https:\/\/www.freiburg-schwarzwald.de\/armut#ATD Vierte Welt - All Together for Dignity - Aide \u00e0 toute d\u00e9tresse\">ATD Vierte Welt &#8211; All Together for Dignity\u00a0 &#8211; Aide \u00e0 toute d\u00e9tresse<\/a><\/li>\n<li><a href=\"https:\/\/www.freiburg-schwarzwald.de\/littenweiler\/oeffentlicher-raum.htm#Betteln in Freiburg\">Betteln in Freiburg<\/a> &gt;Oeffentlicher-Raum<\/li>\n<li><a href=\"https:\/\/www.freiburg-schwarzwald.de\/blog\/energie\/energiekosten\/\">Energiekosten<\/a><\/li>\n<li><a href=\"https:\/\/www.freiburg-schwarzwald.de\/littenweiler\/soziales.htm#Hartz IV - Runder Tisch\">Hartz IV &#8211; Runder Tisch<\/a> &gt;Freiburg-Dreisamtal.de\/soziales<\/li>\n<li><a title=\"Kinderarmut\" href=\"https:\/\/www.freiburg-schwarzwald.de\/blog\/selbsthilfe\/kinder\/kinderarmut\/\">Kinderarmut<\/a><\/li>\n<li><a href=\"https:\/\/www.freiburg-schwarzwald.de\/armut#Welttag zur \u00dcberwindung von Armut und Ausgrenzung: 17. Oktober\">Welttag zur \u00dcberwindung von Armut und Ausgrenzung: 17. Oktober<\/a><\/li>\n<li><a title=\"Migrationspolitik\" href=\"https:\/\/www.freiburg-schwarzwald.de\/blog\/global\/migration\/migrationspolitik\/\">Migrationspolitik ab 2020<\/a><\/li>\n<li><a href=\"https:\/\/www.freiburg-schwarzwald.de\/littenweiler\/soziales.htm#OFF - Obdach f\u00fcr Frauen\">OFF &#8211; Obdach f\u00fcr Frauen<\/a><\/li>\n<li><a href=\"https:\/\/www.freiburg-schwarzwald.de\/littenweiler\/soziales.htm#Pflasterstub in Freiburg\">Pflasterstub<\/a> &gt;Freiburg-Dreisamtal.de\/Soziales<\/li>\n<li><a title=\"Reichtum\" href=\"https:\/\/www.freiburg-schwarzwald.de\/blog\/selbsthilfe\/soziales\/reichtum\/\">Reichtum<\/a><\/li>\n<li><a href=\"https:\/\/www.freiburg-schwarzwald.de\/blog\/selbsthilfe\/soziales\/sozialausgaben\/\">Sozialausgaben<\/a><\/li>\n<li><a title=\"Sozialismus\" href=\"https:\/\/www.freiburg-schwarzwald.de\/blog\/engagement\/zukunft\/demokratie\/sozialismus\/\">Sozialismus<\/a><\/li>\n<li><a href=\"https:\/\/www.freiburg-schwarzwald.de\/steuern.htm\">Steuern, Steuersystem<\/a> &gt;Steuern<\/li>\n<li><a href=\"https:\/\/www.freiburg-schwarzwald.de\/littenweiler\/bildung.htm#Freiburger Strassenschule\">Strassenschule Freiburg&gt;<\/a> &gt;Bildung<\/li>\n<li><a href=\"https:\/\/www.freiburg-schwarzwald.de\/littenweiler\/soziales.htm#Tafel\">Tafel Freiburg<\/a> &gt;Freiburg-Dreisamtal.de\/Soziales<\/li>\n<li><a href=\"https:\/\/www.freiburg-schwarzwald.de\/blog\/engagement\/zukunft\/demokratie\/unterschicht\/\">Unterschicht<\/a><\/li>\n<li><a href=\"https:\/\/www.freiburg-schwarzwald.de\/blog\/business\/volkswirtschaft\/verarmung\/\">Verarmung<\/a><\/li>\n<li><a title=\"Vermoegen\" href=\"https:\/\/www.freiburg-schwarzwald.de\/blog\/engagement\/zukunft\/vermoegen\/\">Verm\u00f6gen<\/a><\/li>\n<li><a href=\"https:\/\/www.freiburg-schwarzwald.de\/hunger.htm\">Welthunger<\/a> &gt;Hunger<\/li>\n<\/ul>\n<p>&nbsp;<\/p>\n<p>Reicher Mann und armer Mann, standen da und sah&#8217;n sich an. Und der Arme sagte bleich:<br \/>\n&#8222;W\u00e4r ich nicht arm, w\u00e4rst du nicht reich&#8220;<\/p>\n<p>Reicher Mann und armer Mann,\u00a0standen da und sahn sich an.\u00a0Und der Reiche sagte bleich:<br \/>\n&#8222;W\u00e4r ich arm, w\u00e4rest du nicht reicher&#8220;<\/p>\n<p>&nbsp;<\/p>\n<p><strong>Armut<br \/>\n<\/strong>Das beste Mittel gegen Armut unter jungen Leuten ist die Qualifizierung, die Teilhabe am Erwerbsleben m\u00f6glich macht.<br \/>\nSind unsere <a title=\"Dagegen\" href=\"https:\/\/www.freiburg-schwarzwald.de\/blog\/engagement\/dagegen\/\">Gutmenschen<\/a> denn bereit, ihren Wohlstand mit den \u00c4rmsten dieser Welt zu teilen? Wenn wir unser Volkseinkommen und unsere Wohnungen mit 1,5 Milliarden anderen br\u00fcderlich teilen, bleibt f\u00fcr jeden 1,3 m&#8220; und 67,50 \u20ac Einkommen pro Monat \u00fcbrig.<br \/>\nDa sollte man\u00a0doch noch mal dar\u00fcber nachdenken, ob man Armut nicht viel besser dadurch bek\u00e4mpft, dass man f\u00fcr zus\u00e4tzliche Arbeit und Einkommensm\u00f6glichkeiten dieser Menschen in ihrer Heimat sorgt. China ist der beste Beweis, dass ein Land mit der richtigen Politik eine halbe Milliarde Menschen aus bitterster Armut in die Mittelschicht aufsteigen lassen kann. Nur hat China daf\u00fcr den Sozialismus aufgeben m\u00fcssen.<br \/>\n16.12.2014<br \/>\n============================================================<\/p>\n<p><strong>79-j\u00e4hrige Flaschensammeln in M\u00fcnchen<\/strong><br \/>\nIn M\u00fcnchen sammelt eine 79-j\u00e4hrige Rentnerin regelm\u00e4\u00dfig Flaschen, um \u00fcber die Runden zu kommen. Roswitha hat ihr Leben lang gearbeitet, unter anderem als Magd in der Landwirtschaft, und drei Kinder allein gro\u00dfgezogen. Dennoch reichen ihre monatlich rund 600 Euro Rente nicht aus.<br \/>\nAuf dem Arbeitsmarkt hat sie mit Ende 70 kaum Chancen. Mit dem Sammeln von Pfandflaschen verdient sie im Monat h\u00f6chstens etwa 10 Euro hinzu. \u201eIch bin kein Opfer. Ich mag das nicht sein. Ich bin eine Gewinnerin\u201c, sagt sie. Solange es gehe, wolle sie weitermachen.<br \/>\nSch\u00e4men sollte sich hier nur unser Staat, unsere alten Menschen so im Stich zu lassen!&#8220;<br \/>\n21.4.2026 , BR24<br \/>\n<a href=\"https:\/\/t.me\/EvaHermanOffiziell\/222921\">https:\/\/t.me\/EvaHermanOffiziell\/222921<\/a><br \/>\n@satellit_de<br \/>\n<a href=\"https:\/\/www.youtube.com\/shorts\/4RZIw6ulDPQ\">https:\/\/www.youtube.com\/shorts\/4RZIw6ulDPQ<\/a><\/p>\n<p>.<\/p>\n<p><strong>Armut: Dieses Land kotzt mich so an!<\/strong><br \/>\nHabe vorhin beim Einkaufen einen <a href=\"https:\/\/www.freiburg-schwarzwald.de\/blog\/selbsthilfe\/senioren\/\">alten Mann<\/a> an der Obsttheke beobachtet, wie er akribisch die Preise der verschiedenen Himbeerpackungen studiert hatte um letztendlich das 125 Gramm Sch\u00e4lchen f\u00fcr 2,99 wieder zur\u00fcck zu legen.<br \/>\nIch habe dann den Mut gefasst ihn anzusprechen und ihn gefragt warum er es doch nicht genommen hat. Er sagte mir dann mit sehr leiser Stimme, dass es einfach zu teuer ist und er daf\u00fcr etwas anderes aus seinem Einkaufswagen zur\u00fcck legen m\u00fcsste.<br \/>\nIch sagte ihn darauf, dass ich ihm nicht zu nahe treten wolle und fragte, ob er etwas dagegen h\u00e4tte, wenn ich ihn auf eine gro\u00dfe Schale Himbeeren einladen d\u00fcrfte. Er schaute mich mit gro\u00dfen Augen an und war zutiefst besch\u00e4mt, nickte aber dann.<\/p>\n<p>Wir verabredeten uns an Kasse 3 und nachdem jeder seine weiteren Dinge im Wagen hatte, trafen wir uns an der Kasse. Einige Minuten konnten wir uns dann unterhalten und er erz\u00e4hlte mir, dass er seit geraumer Zeit keine Himbeeren Erdbeeren etc. mehr gegessen hat, weil es schlichtweg zu teuer ist. Er hat fast 50 Jahre gearbeitet, war nie arbeitslos und kann von seiner kargen Rente gerade so den Monat \u00fcberstehen&#8230; Himbeeren sind da allerdings nicht drin. Ich h\u00e4tte ihm am liebsten den gesamten Einkauf bezahlt, sagte ihm das auch, aber das wollte er auf gar keinen Fall. Er bedankte sich bei mir uns sagte er w\u00fcrde dieses Geschenk genie\u00dfen und w\u00fcnschte mir alles Gute.<br \/>\nIch bin so best\u00fcrzt, so entsetzt und so w\u00fctend.<br \/>\nDa werden Milliarden in die Ukraine gebuttert, und ein alter Mensch kann sich hier keine Schale mit Himbeeren leisten&#8230; Ihr Politiker, Ihr seid das LETZTE, ich verabscheue Euch zutiefst. Was Ihr dem eigenen Volk hier antut, mit Eurer schei\u00df Solidarit\u00e4t Europa gegen\u00fcber.. Wo ist die Solidarit\u00e4t diesen alten Menschen gegen\u00fcber, die Euer Gehalt mitfinanzieren, was Ihr Euch einfach mal so eben schnell erh\u00f6ht.. nicht wahr Herr Scholz???<br \/>\nIch hoffe Eure Gier bleibt Euch irgendwann im Hals stecken und der Teufel soll Euch holen und zwar schnell.. ganz schnell!!!<\/p>\n<p>Und an alle denen es finanziell nicht schlecht geht:<br \/>\n<em><strong>Haltet die Augen auf beim Einkaufen, es gibt so viele dieser alten Menschen<\/strong><\/em>, jeden Tag kann man es beobachten und man kann dem einen oder der anderen ein kleines Geschenk machen, f\u00fcr einen Augenblick der sie ein bisschen gl\u00fccklich macht.<br \/>\nDies sollte geteilt werden: (<a href=\"https:\/\/www.facebook.com\/100000097673277\/posts\/pfbid02rUovw4MM3StFWY5L31Dd2xhgJsXcU7c3tHiAePmPyC7vRM1eHDk1dku4mzSG1pg8l\/\">https:\/\/www.facebook.com\/100000097673277\/posts\/pfbid02rUovw4MM3StFWY5L31Dd2xhgJsXcU7c3tHiAePmPyC7vRM1eHDk1dku4mzSG1pg8l\/<\/a>)<br \/>\n<a href=\"https:\/\/t.me\/wirmachenauf_de\">https:\/\/t.me\/wirmachenauf_de<\/a><br \/>\n5.8.2022, David<\/p>\n<p>.<\/p>\n<p>&nbsp;<\/p>\n<p><strong>Gesellschaftlicher Zusammenhalt gef\u00e4hrdet: Kinder, Rentner und Migranten<\/strong><br \/>\nSeit einiger Zeit lesen wir von Bem\u00fchungen, diese Armut im eigenen Land hinweg-, beziehungsweise sch\u00f6n zu reden. Nat\u00fcrlich gibt es in den Wissenschaften allerlei Definitionen und Bestimmungsversuche, ab wann man denn nun von dieser oder jener Armut sprechen k\u00f6nne. Aber Armut ist vor allem ein soziales Problem. Armut betrifft Menschen. Wie erleben und bew\u00e4ltigen betroffene Menschen diese Lebenslagen? Diese Frage hat mich als Sozialarbeiter und sp\u00e4ter als Hochschullehrer \u00fcber Jahrzehnte umgetrieben. In unz\u00e4hligen Gespr\u00e4chen, Beobachtungen und Forschungsprojekten begegneten mir die Erfahrungen armer Menschen. Sie leiden nicht nur unter Entbehrungen und Diskriminierungen, sie verlieren zumeist ihr Selbstbewusstsein, ihre Identit\u00e4t und h\u00e4ufig auch ihre Hoffnungen.<br \/>\nSie vergleichen ihre eigenen M\u00f6glichkeiten mit jenen anderer B\u00fcrger und dabei erleben sie die gro\u00dfe Kluft zwischen ihrem Leben und dem der etablierten Gesellschaft. Eine gerechte Teilhabe bleibt ihnen verwehrt. Neben dem menschlichen Leid entsteht auf diese Weise aber auch eine gesellschaftliche Gemengelage, die uns alle betroffen machen m\u00fcsste.<br \/>\nWenn <strong><em>jedes f\u00fcnfte Kind<\/em><\/strong> von Armut ber\u00fchrt ist,<br \/>\nwenn<strong><em> jeder dritte bis vierte Rentner und Rentnerin<\/em><\/strong> von Altersarmut bedroht ist,<br \/>\nund wenn <em><strong>Menschen mit Migrationshintergrund<\/strong><\/em> vom gesellschaftlichen Wohlstand abgeh\u00e4ngt bleiben,<br \/>\ndann ist nicht nur der gesellschaftliche Zusammenhalt gef\u00e4hrdet.\u00a0Nur die wenigsten sozial Benachteiligten gehen zur Wahl, sie haben kein Vertrauen in die Politik und die gesellschaftlichen Agenturen. Ein Blick nach Frankreich zeigt, wohin das f\u00fchren kann, wenn entt\u00e4uschte und marginalisierte Menschen ihr Elend nicht l\u00e4nger still und versch\u00e4mt ertragen. Auch der Aufschwung von Rechtsextremismus und -populismus ist ein bedrohlicher Weckruf f\u00fcr uns alle.<\/p>\n<p>Akademische Wortklaubereien helfen weder den unmittelbar Betroffenen, noch bringt es die Gesellschaft weiter. Papst Johannes Paul II. hat es auf den Punkt gebracht: <em>&#8222;Solange die Probleme der Armen nicht von der Wurzel her gel\u00f6st werden, indem man auf die absolute Autonomie der M\u00e4rkte und der Finanzspekulation verzichtet und die strukturellen Ursachen der Ungleichverteilung der Eink\u00fcnfte in Angriff nimmt, werden sich die Probleme der Welt nicht l\u00f6sen und kann letztlich \u00fcberhaupt kein Problem gel\u00f6st werden. Die Ungleichverteilung der Eink\u00fcnfte ist die Wurzel der sozialen \u00dcbel.<\/em><br \/>\n6.4.2018, &#8222;<span class=\"ngBriefAutor\">Prof. em. Dr. G\u00fcnter Rausch, Freiburg, BZO<\/span><\/p>\n<p>Zu: &#8222;Wer ist in Deutschland arm?&#8220;, Beitrag von Alexander Spermann (Politik, 22. M\u00e4rz)<\/p>\n<p>&nbsp;<\/p>\n<p><strong>Ohne Bargeld &#8211; Zweischichtengesellschaft Arm-Reich<\/strong><br \/>\nLaut einem Bericht von Fung Global Retail &amp; Technology befinden sich neun der 15 f\u00fchrenden \u201edigital-freundlichen\u201c L\u00e4nder in Europa. Viele Leute wetten darauf, dass Schweden die erste vollkommen bargeldlose Wirtschaft der Welt werden wird, was bereits im Jahr 2030 der Fall sein k\u00f6nnte. Einige Experten f\u00fcrchten die Entstehung einer dystopischen \u201eZweischichtengesellschaft in den St\u00e4dten\u201c, in der die \u00c4rmsten vom Hauptstrom des wirtschaftlichen Lebens abgeschnitten werden, weil ihnen nur die herk\u00f6mmlichen W\u00e4hrungsformen zur Verf\u00fcgung stehen und sie deshalb gezwungen sind, sich auf den Handel untereinander zu beschr\u00e4nken.<br \/>\nDer Finanzjournalist Dominic Frisby erkl\u00e4rte: \u201eDas Sch\u00f6ne am Bargeld ist, dass es direkte, einfache Gesch\u00e4fte zwischen unterschiedlichen Menschen erm\u00f6glicht, ganz gleich, ob diese arm oder reich sind.\u201c Vor allen Dingen hat keine Zwischeninstanz ihre H\u00e4nde im Spiel. Die eine Partei bezahlt die andere Partei in einer allgemein akzeptierten W\u00e4hrung, und die Zahlung kann in keiner Weise zur\u00fcckverfolgt werden. Wenn wundert es da, dass Banken, Finanztechnologieunternehmen, Kreditkartenanbieter, Zentralbanken, staatliche und regionale Beh\u00f6rden und die Organisationen der Vereinten Nationen der physischen W\u00e4hrung den Strom abdrehen wollen?<br \/>\n&#8230;.. Alles vom 28.1.2017 bitte lesen auf<br \/>\n<a href=\"https:\/\/www.nexus-magazin.de\/artikel\/lesen\/europas-krieg-gegen-bargeld-bedroht-unsere-freiheit?context=blog\">https:\/\/www.nexus-magazin.de\/artikel\/lesen\/europas-krieg-gegen-bargeld-bedroht-unsere-freiheit?context=blog<\/a> bzw.<br \/>\n<a href=\"https:\/\/wolfstreet.com\/2017\/01\/28\/europe-limits-on-cash-transactions-war-on-cash\/\">https:\/\/wolfstreet.com\/2017\/01\/28\/europe-limits-on-cash-transactions-war-on-cash\/<\/a><\/p>\n<p>&nbsp;<\/p>\n<p><strong>Da wir so reich sind, sind sie so arm<\/strong><br \/>\nNat\u00fcrlich kann man die deutsche Geschichte als eine m\u00f6gliche Erkl\u00e4rung f\u00fcr die Euphorie der \u201eWillkommenskultur\u201c betrachten. Die Verbrechen des Nationalsozialismus spielen hier sicher eine wichtige Rolle, \u00e4ltere mentale Dispositionen sind dar\u00fcber hinaus in den protestantischen Vorstellungen von S\u00fcnde und Erl\u00f6sung angelegt, die eine exzessive Schuldethik hervorgebracht haben.<br \/>\nAnders als der Katholizismus kennt der Protestantismus kein Bu\u00dfsakrament, das f\u00fcr pers\u00f6nliche Schuld formale Abbitten kennt. Es ist wohl kein Zufall, dass in den katholisch gepr\u00e4gten L\u00e4ndern Europas wie Polen, Italien, \u00d6sterreich oder Frankreich, der Widerstand gegen die Masseneinwanderung oder allgemein gegen die politische Korrektheit st\u00e4rker ausgepr\u00e4gt ist als in den protestantischen (siehe etwa Schweden).<br \/>\nF\u00fcr die insbesondere j\u00fcngere Generation scheint mir der Verweis auf das protestantische Erbe oder den zeitlich n\u00e4heren Nationalsozialismus bei aller Bedeutung als Erkl\u00e4rung der zeitweise schier grenzenlosen \u201eWillkommenskultur\u201c unzureichend. Der entscheidende Ausl\u00f6ser d\u00fcrfte die bei vielen Menschen psychisch tief verankerte und entsprechend weit verbreitete Vorstellung von Arm und Reich sein, das Gef\u00fchl also, auf Kosten anderer zu leben, zumeist auf die einfache und eing\u00e4ngige Formel gebracht: \u201eDa wir so reich sind, sind sie so arm.\u201c &#8230;<\/p>\n<p>Alles von Alexander Meschnig vom 11.4.2017 bitte lesen auf<br \/>\n<a href=\"https:\/\/www.achgut.com\/artikel\/willkommenskultur_die_eitelkeit_des_guten\">https:\/\/www.achgut.com\/artikel\/willkommenskultur_die_eitelkeit_des_guten<\/a><\/p>\n<p>.<\/p>\n<p><strong>In Deutschland gibt es keine Armen, sondern nur relativ Arme<\/strong><\/p>\n<p>In Deutschland gibt es keine Armen. Es gibt nur relativ Arme. Wer nur 60% des Durchschnittseinkommens verdient, ist relativ arm. Wenn es in Deutschland mehr Milliard\u00e4re und mehr Million\u00e4re gibt, steigt dadurch das Durchschnittseinkommen. Deshalb steigt automatisch die Zahl der relativ Armen, wobei es v\u00f6llig egal ist, ob diese relativ Armen auch mehr Lohn bekommen,weil z. B. die Milliard\u00e4re ihren Putzfrauen sehr hohe L\u00f6hne bezahlen, weil sie nur bei den teuren Luxusfriseuren die Haare schneiden lassen, weil sie gut bezahlte G\u00e4rtner anstellen, sich in 3-Sterne-Restaurants von gut bezahlten Kellnern bedienen lassen etc. Wenn die Milliard\u00e4re ihr Einkommen noch schneller steigern als die dadurch viel besser Verdienenden Normalsterblichen, dann werden letztere trotzdem automatisch relativ arm.\u00a0Das hat einen gro\u00dfen Vorteil. In Deutschland gibt es eine florierende Armutsindustrie. Das sind Organisationen, die ihr eigenes Einkommen mit der Verwaltung anderer Leute Armut verdienen. Bei steigender Armut (wobei die Verb\u00e4nde das Wort &#8222;relativ&#8220; wegen der L\u00e4nge einfach weglassen) braucht es auch mehr Steuergeld, um diese Armut zu verwalten Dieses Geld flie\u00dft in die Armutsindustrie, so dass sie w\u00e4chst und gedeiht. Welche Industrie w\u00fcrde daf\u00fcr sorgen, dass der eigene Markt schrumpft? Keine, auch die Armutsindustrie nicht.<br \/>\n&#8230;&#8230;<br \/>\nLeute wie Sie, denen es um m\u00f6glichst gro\u00dfe Armut geht, bevorzugen in der Regel meine Berechnungsweise. Das Problem an Ihrer Berechnung ist n\u00e4mlich, dass damit die Armutsgrenze unterhalb des Existenzminimums f\u00e4llt. Dieses wird in Deutschland aber von Hartz IV gedeckt. Daher gibt es au\u00dfer Nichtse\u00dfhaften und anderen Menschen, die keinen vollst\u00e4ndigen Anspruch auf Hartz IV Leistungen (einschlie\u00dflich Wohnkosten) haben wie illegal hier lebende Ausl\u00e4nder, \u00fcberhaupt keine relative Armut. Relative Armut besteht in Deutschland daher nur beim Vorliegen von psychosozialen Gr\u00fcnden, die eine Teilhabe am staatlichen Wohlfahrtssystem verhindern. Sie betr\u00e4gt gerade mal 3,5% der Bev\u00f6lkerung.\u00a0Um die Tatsache zu vertuschen, dass es auf Grundlage der EU-Definition noch nicht einmal nennenswerte relative Armut in Deutschland gibt, hat man den Begriff der Armutsgef\u00e4hrdung erfunden. Diese Grenze liegt bei 60% des \u00c4quivalenzeinkommens. Nur veschweigt dieser Begriff, dass ein Abrutschen in relative Armut aufgrund des Anrechts auf Hartz IV wegen mangelndem Einkommen gar nicht drohen kann. Es k\u00f6nnen daher nur Menschen gef\u00e4hrdet sein, in relative Armut abzudriften, die aus welchen Gr\u00fcnden auch immer nicht in der Lage sind, von Hartz IV zu partizipieren. Der Grund einer solchen Gef\u00e4hrdung liegt nicht in einem geringen Einkommen sondern in der Gefahr einer psychischen Instabilit\u00e4t. Armutsgef\u00e4hrdung mit einem Prozentsatz des \u00c4quivalenzeinkommens zu definieren, ist daher Humbug, und deint nur der Armutsindustrie, um m\u00f6glichst viel staatliche Zusch\u00fcsse auf ihre M\u00fchlen zu leiten.<\/p>\n<p>Absolute Armut wird als Kampf um&#8217;s \u00dcberleben definiert. Einen solchen Kampf f\u00fchrt aus wirtschaftlichen Gr\u00fcnden in Deutschland niemand.<br \/>\n19.1.2014, Rainer Brombach<\/p>\n<p>&nbsp;<\/p>\n<div><strong>Definition Armut &#8211; Einkommen liegt unter 60% der Durchschnitsseinkommens<\/strong><\/div>\n<div><\/div>\n<div>Statistik: Deutschland hat geringes Armutsrisiko &#8211; Im europ\u00e4ischen Vergleich geh\u00f6rt Deutschland heute nach D\u00e4nemark und Schweden zu den L\u00e4ndern mit dem geringsten Armutsrisiko.<strong>Die Einsch\u00e4tzung der Bev\u00f6lkerung<\/strong><br \/>\nZwar kennen 62 Prozent niemanden, den sie als arm bezeichnen w\u00fcrden. 15 Prozent kennen zumindest einen Haushalt, 16 Prozent mehrere Familien, die nach ihrem Eindruck arm sind. Trotzdem ist die \u00fcberw\u00e4ltigende Mehrheit \u00fcberzeugt, dass Armut in Deutschland nicht nur ein gro\u00dfes Problem ist \u2013 sondern immer mehr zunimmt. Konstant glauben seit Jahren 82 Prozent der Bev\u00f6lkerung, dass es immer mehr Bed\u00fcrftige gibt, nur elf Prozent sind vom Gegenteil \u00fcberzeugt.<\/div>\n<p><strong>Armutsbericht: Das Armutsrisiko hat sich in den vergangenen 10 Jahren halbiert<\/strong><br \/>\n\u00dcber den Armutsbericht, den die Bundesregierung j\u00fcngst vorgelegt hat, ist viel geschrieben und diskutiert worden. In der hitzigen Debatte, wie viel Armut es in Deutschland gibt, ging nahezu unter, dass der Bericht insgesamt zu einer \u00fcberwiegend positiven Bilanz kommt. Danach hat sich das Armutsrisiko in den vergangenen zehn Jahren trotz wachsender sozialer Unterschiede praktisch halbiert; noch st\u00e4rker verringerte sich das Armutsrisiko f\u00fcr Kinder&#8230;..<br \/>\nRenate K\u00f6cher, Institut f\u00fcr Demoskope Allensbach<br \/>\n<a href=\"https:\/\/www.wiwo.de\/politik\/deutschland\/denkfabrik-wer-definiert-armut-\/5445936.html\">https:\/\/www.wiwo.de\/politik\/deutschland\/denkfabrik-wer-definiert-armut-\/5445936.html<\/a><\/p>\n<p><strong>EU-Definition der Armut<\/strong><br \/>\nGem\u00e4\u00df\u00a0Definition der EU ist arm oder von Armut bedroht, dessen Einkommen ber weniger als 60 % des mittleren Einkommens der Bev\u00f6lkerung eines Landes liegt \u2013 wobei staatliche Transferleistungen inbegriffen sind. Die so definierte Armut beginnt in Deutschland f\u00fcr einen Single bei 952 Euro Einkommen im Monat.\u00a0Spitzenreiter ist Luxemburg mit 1626 Euro. Bei Schlusslicht Rum\u00e4nien liegt diese Armutsschwelle bei 105 Euro im Monat.<\/p>\n<p>Jeder sechste Einwohner Deutschlands bzw. exakt 15,8 % galt im Jahr 2010 als arm &#8211;\u00a01.1 Prozentpunkte weniger als der EU-Mittelwert.\u00a0Zum Vergleich: Die niedrigste Armutsgef\u00e4hrdungsquote innerhalb der EU hatte Tschechien (9,8 Prozent). Niederlande 11,0 Prozent,\u00a0\u00d6sterreich 12,6 Prozent, D\u00e4nemark 13,0 Prozent, Frankreich 14,0 Prozent \u00a0und Polen\u00a017,7 Prozent von Armut bedroht.<\/p>\n<p>Das Einkommen der\u00a0obersten 20 % der Deutschen war &#8222;4.5 mal&#8220; so hoch wie die Einkommen der untersten 20% &#8211;\u00a0im EU-Mittel betrug diese Einkommensschere\u00a0&#8222;5,1 mal&#8220;.<\/p>\n<p>&nbsp;<\/p>\n<p><strong>Armuts- und Reichtumsbericht 2012\/2013<\/strong><\/p>\n<p>Das Bundeskabinett billigte am 6.3.2013 den Armuts- und Reichtumgsbericht\u00a0nach monatelanger Diskussion. Dem Bericht nach verf\u00fcgen die reichsten zehn % der Haushalte \u00fcber 53 % des gesamten Nettoverm\u00f6gens (Stand: 2008) &#8211; gegen+ber 49 % in 2003. Die gesamte untere H\u00e4lfte der Haushalte besitzt dagegen nur gut 1 % \u2013 nach 3 % im Jahr 2003.<\/p>\n<p><strong>Bildung und Ausbildung gegen Armut<\/strong><br \/>\nVersuchen Sie einfach mal einen Nagel mit Ihrem Daumen in die Wand zu dr\u00fccken. Wenn Ihnen das gelingt, haben Sie mit Ihrer Arbeitskraft das Werk vollendet. Sollte es Ihnen erwartungsgem\u00e4\u00df nicht gelingen, gehen Sie bitte in den Baumarkt und kaufen mit Ihrem Kapital einen Hammer. Mit diesem Kapital unternehmen Sie dann einen zweiten Versuch. Danach k\u00f6nnen Sie sich die Antwort selbst geben, ob der Arbeiter Zins- und Zinseszins alleine erwirtschaftet, oder ob das Kapital auch einen Anteil an einem erfolgreich gefertigten Werk hat. W\u00fcrden wir durch Steuern das Kapital von den Unternehmen zu den Erwerbslosen umverteilen, w\u00fcrde das dazu f\u00fchren, dass die in den Unternehmen besch\u00e4ftigten Mitarbeiter ihre Arbeit mit weniger Kapitalunterst\u00fctzung ausf\u00fchren m\u00fcssten. Sie w\u00fcrden dadurch weniger produzieren, und ihre bisherigen L\u00f6hne nicht mehr erwirtschaften k\u00f6nnen. Dadurch w\u00fcrde das Armutsproblem vergr\u00f6\u00dfert und nicht verkleinert werden.<br \/>\nUm Armut zu bek\u00e4mpfen m\u00fcssen wir mehr Arbeitnehmer bef\u00e4higen, komplexe Arbeiten mit hoher Wertsch\u00f6pfung aus\u00fcben zu k\u00f6nnen. Dazu geh\u00f6rt einerseits eine gute Ausbildung und andererseits gen\u00fcgend Kapital in den Unternehmen, um die hochwertigen Maschinen zu beschaffen, die diese hochqualifizierten Arbeitnehmer dann bedienen k\u00f6nnen.<br \/>\nPlanen tun SPD und Gr\u00fcne mit Verm\u00f6genssteuern und -abgaben f\u00fcr Unternehmen und Unternehmer gerade das Gegenteil. Aus ihrer Sicht sinnvoll, denn wenn die Armut abgeschafft w\u00fcrde, w\u00e4ren sie ihre W\u00e4hler los. Das gilt es ganz eigenn\u00fctzig zu verhindern<br \/>\n7.3.2013, Rainer Brombach<\/p>\n<p><strong>&#8230; es\u00a0gibt auch Verm\u00f6gensr\u00fcckg\u00e4nge<\/strong><br \/>\nWie die Entwicklung nach 2008 weiter verlief, also w\u00e4hrend und nach der gro\u00dfen Finanzkrise, als auch viele Reiche ihr Verm\u00f6gen einb\u00fc\u00dften, dar\u00fcber sagt der Bericht nichts. Einen Hinweis erlaubt der Blick in die volkswirtschaftliche Gesamtrechnung der Bundesbank, Abschnitt &#8222;Verteilung des Volkseinkommens&#8220;:<br \/>\nDie Statistik verzeichnet zwischen 2008 und 2012 einen Anstieg der gesamten Arbeitnehmerentgelte um 11,9 %,<br \/>\nw\u00e4hrend f\u00fcr Unternehmens- und Verm\u00f6genseinkommen im gleichen Zeitraum ein Minus von 1,4 % zu Buche steht.<br \/>\nAlles vom 7.3.2013 bitte lesen auf<br \/>\n<a href=\"https:\/\/www.spiegel.de\/politik\/deutschland\/faktencheck-zum-armuts-und-reichtumsbericht-der-bundesregierung-a-887422.html\">https:\/\/www.spiegel.de\/politik\/deutschland\/faktencheck-zum-armuts-und-reichtumsbericht-der-bundesregierung-a-887422.html<\/a><\/p>\n<p>&nbsp;<\/p>\n<p><strong>Das untere Drittel hat die Sekund\u00e4rtugenden verlernt<\/strong><br \/>\nDer Staatsrechtler Udo Di Fabio\u00a0erkl\u00e4rt die Bildungspolitik seit den 70er Jahren zur Hauptschuldigen daf\u00fcr, dass es schlecht stehe um die Chancengerechtigkeit in der Republik. Autorit\u00e4ten seien entzaubert und Sekund\u00e4rtugenden verunglimpft worden, r\u00fcgt der Staatsrechtler. Damit aber sei das obere Drittel ungleich besser zurecht gekommen als das untere Drittel der Gesellschaft. Gerade im Zeitalter der Globalisierung m\u00fcsse deshalb die &#8222;Wiedergewinnung von Alltagsf\u00e4higkeiten&#8220; oben auf der Agenda stehen. Nur wenn die vermeintlich sozial schwachen und bildungsfernen Schichten ihre Leistungsf\u00e4higkeit wieder mit mit Flei\u00df und Pflichtgef\u00fchl zu entfalten lernten, lasse sich die freiheitliche Gesellschaft neu erschaffen.<br \/>\n2.10.2012<\/p>\n<p>&nbsp;<\/p>\n<p><strong>Arm = Einkommen unter 940 Euro<\/strong><br \/>\nAls von Armut bedroht gilt laut den letzten verf\u00fcgbaren Zahlen des Statistischen Bundesamtes f\u00fcr 2009, wessen Einkommen unter 940 Euro im Monat liegt. Je nach Datengrundlage gilt dies f\u00fcr 14 bis 16 Prozent der Bev\u00f6lkerung. Hauptgrund f\u00fcr Armut ist Arbeitslosigkeit. Oft von Armut bedroht sind auch Alleinerziehende.<br \/>\nAlles vom 19.9.2012 bitte lesen auf<br \/>\n<a href=\"https:\/\/www.badische-zeitung.de\/wirtschaft-3\/arm-und-reich-klaffen-weiter-auseinander--63864448.html\">https:\/\/www.badische-zeitung.de\/wirtschaft-3\/arm-und-reich-klaffen-weiter-auseinander&#8211;63864448.html<\/a><\/p>\n<p><strong>Die Reichen m\u00fcssen die Armen finanzieren &#8211; Median versus Durchschnitt<br \/>\n<\/strong>Die Behauptung, relative Armut w\u00fcrde es immer geben, weil sie in Abh\u00e4ngigkeit vom mittleren Einkommen definiert ist, wird h\u00e4ufig als Argument gegen sozialpolitische Ma\u00dfnahmen angef\u00fchrt, die auf die Beseitigung der relativen Armut abzielen. Diese Behauptung ist jedoch falsch. Als Referenzwert wird n\u00e4mlich nicht das Durchschnittseinkommen herangezogen, sondern der Median, das Einkommen einer (fiktiven) Person, aus deren Sicht die H\u00e4lfte der Bev\u00f6lkerung mehr verdient und die andere H\u00e4lfte weniger. <span style=\"color: #008000;\">Dieser Wert liegt niedriger als das Durchschnittseinkommen, weil der Median nicht auf wenige starke &#8222;Ausrei\u00dfer&#8220; reagiert.<\/span> Wenn nun das Einkommen der laut Definition relativ armen Personen, die weniger als 60 Prozent des Medianeinkommens verdienen, auf 60 Prozent angehoben w\u00fcrde \u2013 durch einen Mindestlohn oder Sozialleistungen \u2013 \u00e4nderte sich der Median nicht, aber die relative Armut w\u00e4re beseitigt. Unter zwei Voraussetzungen: Erstens d\u00fcrfte diese Einkommensverbesserung nicht von den Personen finanziert werden, deren Einkommen gerade zwischen Armutsschwelle und Medianeinkommen liegt. Zweitens d\u00fcrfte niemand, dessen Einkommen bisher \u00fcber dem Medianeinkommen lag, unter die Schwelle rutschen. Mit anderen Worten: Diese Einkommensverbesserung der bisher relativ Armen m\u00fcsste von den Beziehern der h\u00f6chsten Einkommen finanziert werden.<br \/>\n10.10.2012, Dr. Patrick Thalacker, Freiburg<\/p>\n<p><em><strong>Der Median ist robuster gegen Ausrei\u00dfer als der Mittelwert<\/strong><\/em><br \/>\n<em>Durchschnitt D = arithmetisches Mittel = Summe\/Anzahl<\/em><br \/>\n<em>Median M = Zahl, die eine sortierte Zahlenfolge in zwei H\u00e4lften teilt (gleiche Anzahl links wie rechts)<\/em><\/p>\n<p><em>Beispiel 1: 100,200,400,450,800,900,950<\/em><br \/>\n<em>Durchschnitt D = 3800\/7 = 542.86<\/em><br \/>\n<em>Median M = 450 als mittlere Zahl (3 kleiner und 3 gr\u00f6\u00dfer)<\/em><\/p>\n<p><em>Beispiel 1a: 100,240,400,410,800,900,950<\/em><br \/>\n<em>Durchschnitt D = 3800\/7 = 542.86 unver\u00e4ndert<\/em><br \/>\n<em>Median M = 410 als mittlere Zahl (3 kleiner und 3 gr\u00f6\u00dfer)<\/em><\/p>\n","protected":false},"excerpt":{"rendered":"<p>Home &gt;Selbsthilfe &gt;Soziales &gt;Armut \u00a0 Das Jammern \u00fcber Armut in Deutschland mu\u00df endlich aufh\u00f6ren. Wer heute von Hartz IV lebt, hat meist einen h\u00f6heren Lebensstandard als in meiner Jugend ein Facharbeiter mit Frau und Kindern. Eine Unterschicht gibt es in &hellip; <a href=\"https:\/\/www.freiburg-schwarzwald.de\/blog\/selbsthilfe\/soziales\/armut\/\">Weiterlesen <span class=\"meta-nav\">&rarr;<\/span><\/a><\/p>\n","protected":false},"author":2,"featured_media":0,"parent":42,"menu_order":0,"comment_status":"open","ping_status":"closed","template":"","meta":{"footnotes":""},"class_list":["post-3182","page","type-page","status-publish","hentry"],"_links":{"self":[{"href":"https:\/\/www.freiburg-schwarzwald.de\/blog\/wp-json\/wp\/v2\/pages\/3182","targetHints":{"allow":["GET"]}}],"collection":[{"href":"https:\/\/www.freiburg-schwarzwald.de\/blog\/wp-json\/wp\/v2\/pages"}],"about":[{"href":"https:\/\/www.freiburg-schwarzwald.de\/blog\/wp-json\/wp\/v2\/types\/page"}],"author":[{"embeddable":true,"href":"https:\/\/www.freiburg-schwarzwald.de\/blog\/wp-json\/wp\/v2\/users\/2"}],"replies":[{"embeddable":true,"href":"https:\/\/www.freiburg-schwarzwald.de\/blog\/wp-json\/wp\/v2\/comments?post=3182"}],"version-history":[{"count":5,"href":"https:\/\/www.freiburg-schwarzwald.de\/blog\/wp-json\/wp\/v2\/pages\/3182\/revisions"}],"predecessor-version":[{"id":148176,"href":"https:\/\/www.freiburg-schwarzwald.de\/blog\/wp-json\/wp\/v2\/pages\/3182\/revisions\/148176"}],"up":[{"embeddable":true,"href":"https:\/\/www.freiburg-schwarzwald.de\/blog\/wp-json\/wp\/v2\/pages\/42"}],"wp:attachment":[{"href":"https:\/\/www.freiburg-schwarzwald.de\/blog\/wp-json\/wp\/v2\/media?parent=3182"}],"curies":[{"name":"wp","href":"https:\/\/api.w.org\/{rel}","templated":true}]}}