{"id":31803,"date":"2013-05-31T23:00:37","date_gmt":"2013-05-31T21:00:37","guid":{"rendered":"https:\/\/www.freiburg-schwarzwald.de\/blog\/?page_id=31803"},"modified":"2023-03-21T09:07:25","modified_gmt":"2023-03-21T08:07:25","slug":"staufen","status":"publish","type":"page","link":"https:\/\/www.freiburg-schwarzwald.de\/blog\/regio\/orte\/staufen\/","title":{"rendered":"Staufen"},"content":{"rendered":"<p>Home &gt;<a title=\"Regio\" href=\"https:\/\/www.freiburg-schwarzwald.de\/blog\/regio\/\">Regio<\/a> &gt;<a title=\"Orte\" href=\"https:\/\/www.freiburg-schwarzwald.de\/blog\/regio\/orte\/\">Orte<\/a> &gt;<a title=\"Markgraeflerland\" href=\"https:\/\/www.freiburg-schwarzwald.de\/blog\/regio\/markgraeflerland\/\">Markgraeflerland<\/a> &gt;Staufen<\/p>\n<div id=\"attachment_31804\" style=\"width: 649px\" class=\"wp-caption alignnone\"><a href=\"https:\/\/www.freiburg-schwarzwald.de\/blog\/regio\/orte\/staufen\/grunern8staufen-pan130530\/\" rel=\"attachment wp-att-31804\"><img loading=\"lazy\" decoding=\"async\" aria-describedby=\"caption-attachment-31804\" class=\"size-full wp-image-31804\" title=\"grunern8staufen-pan130530\" src=\"https:\/\/www.freiburg-schwarzwald.de\/blog\/wp-content\/uploads\/2013\/05\/grunern8staufen-pan130530.jpg\" alt=\"\" width=\"639\" height=\"216\" srcset=\"https:\/\/www.freiburg-schwarzwald.de\/blog\/wp-content\/uploads\/2013\/05\/grunern8staufen-pan130530.jpg 639w, https:\/\/www.freiburg-schwarzwald.de\/blog\/wp-content\/uploads\/2013\/05\/grunern8staufen-pan130530-180x60.jpg 180w\" sizes=\"auto, (max-width: 639px) 100vw, 639px\" \/><\/a><p id=\"caption-attachment-31804\" class=\"wp-caption-text\">Blick vom Fohrenberg oberhalb Grunern nach Norden auf Staufen am 30.5.2013<\/p><\/div>\n<ul>\n<li>Windsbraut von Franz Gutmann jetzt in Staufen (21.3.2023)<\/li>\n<li><a href=\"https:\/\/www.freiburg-schwarzwald.de\/blog\/religion\/kirchen\/kloster\/\">St.Trudpert in M\u00fcnstertal: Schwester Clementine feiert ihren 100. Geburtstag<\/a>\u00a0(17.9.2022)<\/li>\n<li><a href=\"https:\/\/www.freiburg-schwarzwald.de\/blog\/frei-bruederlich-und-gleich-in-d\/\">Frei, br\u00fcderlich und gleich in D<\/a>\u00a0(10.9.2022)<\/li>\n<li>Zweckverband Breisgau S\u00fcd Touristik (4.8.2022)<\/li>\n<li><a href=\"https:\/\/www.freiburg-schwarzwald.de\/blog\/business\/gesund\/corona-virus\/epidemie\/\">K\u00fclken: Medizin \u2013 seelenloser Gesundheitsbegriff?<\/a>\u00a0(23.5.2021)<\/li>\n<li><a href=\"https:\/\/www.freiburg-schwarzwald.de\/blog\/engagement\/buergerinitiativen\/protest\/\">Rund 200 Demonstranten \u2013 Solidarit\u00e4t mit Staufener Arzt Dr. K\u00fclken<\/a> (24.1.2021)<\/li>\n<li><a href=\"https:\/\/www.freiburg-schwarzwald.de\/blog\/staufen-stadtgeschichten-nr-10\/\">https:\/\/www.freiburg-schwarzwald.de\/blog\/staufen-stadtgeschichten-nr-10\/<\/a>\u00a0(18.9.2013)<\/li>\n<li><a href=\"https:\/\/www.freiburg-schwarzwald.de\/staufen1.htm\">Neues zur Staufen-Seite ab 26. April 2005<\/a> &gt;Staufen1<\/li>\n<li><a href=\"https:\/\/www.freiburg-schwarzwald.de\/staufen.htm\">www.freiburg-schwarzwald.de\/staufen.htm<\/a> &gt;Archivseite Staufen<\/li>\n<li><a href=\"https:\/\/www.freiburg-schwarzwald.de\/staufen1.htm#Erz\u00e4hlcaf\u00e9 Staufen - Zeitzeugen zum Kriegsende vor 60 Jahren\">Erz\u00e4hlcaf\u00e9 Staufen &#8211; Zeitzeugen zum Kriegsende vor 60 Jahren<\/a> &gt;Staufen1 (26.4.2005)<\/li>\n<li><a href=\"https:\/\/www.freiburg-schwarzwald.de\/markgraeflerland2.htm#SOS-Kinderd\u00f6rfer werden 50 - zweit\u00e4ltestes Dorf in Sulzburg\">SOS-Kinderd\u00f6rfer werden 50 &#8211; zweit\u00e4ltestes Dorf in Sulzburg<\/a> &gt;Markgraefler2 (15.4.2005)<\/li>\n<li><a href=\"https:\/\/www.freiburg-schwarzwald.de\/tierschutzverein.htm#Tierschutzverein Markgr\u00e4flerland - neue Jugendgruppe\">Tierschutzverein Markgr\u00e4flerland &#8211; neue Jugendgruppe<\/a> &gt;Tierschutzverein (31.3.2005)<\/li>\n<li><a href=\"https:\/\/www.freiburg-schwarzwald.de\/schulen1.htm#Netz innovativer B\u00fcrgerinnen und B\u00fcrger (NiBB) zeichnet Lehrer Sturm aus Staufen aus\">Netz innovativer B\u00fcrgerinnen und B\u00fcrger (NiBB) zeichnet Lehrer Sturm aus Staufen aus<\/a> &gt;Schulen1 (21.12.2004)<\/li>\n<li><a href=\"https:\/\/www.freiburg-schwarzwald.de\/muenstertal1.htm#Waldbesitzer im Belchengebiet als \u00d6lscheich von morgen\">Waldbesitzer im Belchengebiet als &#8222;\u00d6lscheich von morgen&#8220;?<\/a> &gt;Muenstertal1 (20.12.2004)<\/li>\n<li><a href=\"https:\/\/www.freiburg-schwarzwald.de\/staufen#Stadtf\u00fchrung Staufen durch Bertram Hei\u00dfler - Eindruck alemannischer Lebensart\">Stadtf\u00fchrung Staufen durch Bertram Hei\u00dfler &#8211; Eindruck alemannischer Lebensart<\/a>\u00a0(6.11.2004)<\/li>\n<li><a href=\"https:\/\/www.freiburg-schwarzwald.de\/heimatforscher1.htm#Breisgau Geschichtsverein Schau-ins-Land in Staufen 50 Jahre alt\">Breisgau Geschichtsverein Schau-ins-Land in Staufen 50 Jahre alt<\/a>&gt;Heimatforscher1 (29.10.04)<\/li>\n<li><a href=\"https:\/\/www.freiburg-schwarzwald.de\/jung1.htm#72 Stunden-Aktion f\u00fcr gute Taten\u00a0der katholischen Jugend\">72 Stunden-Aktion f\u00fcr gute Taten\u00a0der katholischen Jugend<\/a> &gt;Jung1 (25.9.2004)<\/li>\n<li><a href=\"https:\/\/www.freiburg-schwarzwald.de\/staufen#Stages 04 - die Stadt Staufen zeigt ihre Vergangenheit\">Stages 04 &#8211; die Stadt Staufen zeigt ihre Vergangenheit<\/a> (24.9.2004)<\/li>\n<li><a href=\"https:\/\/www.freiburg-schwarzwald.de\/zukunft1.htm#Doppelter Wohlstand bei halbem Energieverbrauch - von Weizs\u00e4cker\">Doppelter Wohlstand, halber Energieverbrauch &#8211; von Weizs\u00e4cker in Staufen<\/a> &gt;Zukunft1 (29.6.04)<\/li>\n<li><a href=\"https:\/\/www.freiburg-schwarzwald.de\/landwirt2.htm#Landwirte, Natursch\u00fctzer und Touristen - Interessenkonflikte\">Landwirte, Natursch\u00fctzer und Touristen &#8211; Interessenkonflikte?<\/a> &gt;Landwirt2 (13.5.2004)<\/li>\n<li><a href=\"https:\/\/www.freiburg-schwarzwald.de\/dichter1.htm#No h\u00fct wirsch mit mir im H\u00f6llef\u00fc\u00fcr sii! - von Hajo R. Loch\">No h\u00fct wirsch mit mir im H\u00f6llef\u00fc\u00fcr sii!&#8220; &#8211; Staufen &#8211; von Hajo R. Loch<\/a> &gt;Dichter1 (19.12.2003)<\/li>\n<li><\/li>\n<li><strong><a href=\"https:\/\/www.freiburg-schwarzwald.de\/staufen.htm\">www.freiburg-schwarzwald.de\/staufen.htm<\/a> &gt;Archivseite Staufen<\/strong><\/li>\n<li><a href=\"https:\/\/www.freiburg-schwarzwald.de\/staufen#Orientierung: Staufen im Rheintal s\u00fcdlich von Freiburg\">Orientierung: Staufen im Rheintal s\u00fcdlich von Freiburg<\/a><\/li>\n<li><a href=\"https:\/\/www.freiburg-schwarzwald.de\/staufen#Staufen - Fotos\">Staufen &#8211; Fotos<\/a><\/li>\n<li><a href=\"https:\/\/www.freiburg-schwarzwald.de\/staufen#Alemannenbad\">Alemannenbad<\/a><\/li>\n<li><a href=\"https:\/\/www.freiburg-schwarzwald.de\/staufen#Fauststadt Staufen\">Fauststadt Staufen<\/a><\/li>\n<li><a href=\"https:\/\/www.freiburg-schwarzwald.de\/staufen#Faust-Gymnasium mit Hardware-AG\">Faust-Gymnasium mit Hardware-AG (HAG)<\/a><\/li>\n<li><a href=\"https:\/\/www.freiburg-schwarzwald.de\/staufen5.htm\">Bauernh\u00f6fe (Ferienwohnung, Brauchtum, Hofladen) um Staufen<\/a> &gt;Staufen5<\/li>\n<li><a href=\"https:\/\/www.freiburg-schwarzwald.de\/lehrpfad.htm#Bettlerpfad von Merzhausen nach Badenweiler - Wanderf\u00fchrer\">Bettlerpfad von Merzhausen \u00fcber Staufen nach Badenweiler<\/a> &gt;Lehrpfad<\/li>\n<li><a href=\"https:\/\/www.freiburg-schwarzwald.de\/ballrechten-dottingen.htm\">Ballrechten-Dottingen<\/a> &gt;Ballrechten-Dottingen<\/li>\n<li><a href=\"https:\/\/www.freiburg-schwarzwald.de\/staufen-burg.htm\">Burg &#8211; Staufener Burgruine<\/a> &gt;Staufen-Burg<\/li>\n<li><a href=\"https:\/\/www.freiburg-schwarzwald.de\/landwirt2.htm#Baum Frank - Bund\">B\u00fcrgerinitiative Umweltschutz Staufen &#8211; <\/a><a href=\"https:\/\/www.freiburg-schwarzwald.de\/landwirt2.htm#Baum Frank - Bund\">Frank Baum<\/a> &gt;Landwirt2<\/li>\n<li><a href=\"https:\/\/www.freiburg-schwarzwald.de\/fairerhandel.htm#Coffee more in Staufen\">\u201cCoffee &amp; more\u201d in Staufen<\/a> &gt;FairerHandel<\/li>\n<li><a href=\"https:\/\/www.freiburg-schwarzwald.de\/grunern.htm\">Grunern &#8211; Ortsteil im S\u00fcden<\/a> &gt;Grunern<\/li>\n<li><a href=\"https:\/\/www.freiburg-schwarzwald.de\/hag-staufen.htm\">HAG &#8211; Hardware-AG am Faust-Gymnasium in Staufen<\/a> &gt;HAG-Staufen<\/li>\n<li><a href=\"https:\/\/www.freiburg-schwarzwald.de\/keramikmuseum.htm\">Keramikmuseum Staufen<\/a> &gt;KeramikMuseum<\/li>\n<li><a href=\"https:\/\/www.freiburg-schwarzwald.de\/staufen#Kirche St.Martin Staufen\">Kirche St.Martin Staufen<\/a><\/li>\n<li><a href=\"https:\/\/www.freiburg-schwarzwald.de\/kunst.htm#Bert Kohl - Karikaturist aus Staufen\">Bert Kohl &#8211; Karikaturist aus Staufen<\/a> &gt;Kunst<\/li>\n<li><a href=\"https:\/\/www.freiburg-schwarzwald.de\/blog\/business\/gesund\/arzt\/kuelken\/\">Dr. K\u00fclken<\/a><\/li>\n<li><a href=\"https:\/\/www.freiburg-schwarzwald.de\/blog\/regio\/orte\/muenstertal\/\">M\u00fcnstertal<\/a><\/li>\n<li><a href=\"https:\/\/www.freiburg-schwarzwald.de\/buergerinitiativen.htm#Staufen - Pro Umfahrung Staufen e.V.\">Pro Umfahrung Staufen e.V.<\/a> &gt;Buergerinitiativen<\/li>\n<li><a href=\"https:\/\/www.freiburg-schwarzwald.de\/soziales.htm#Staufener Tafel\">Staufener Tafel<\/a> &gt;Soziales<\/li>\n<li><a href=\"https:\/\/www.freiburg-schwarzwald.de\/markgraeflerland.htm\">Staufen &#8211; n\u00f6rdliche Grenze des Markgr\u00e4flerlandes<\/a> &gt;Markgraeflerland<\/li>\n<li><a href=\"https:\/\/www.freiburg-schwarzwald.de\/hexental5.htm\">Staufen &#8211; s\u00fcdlich vom Hexental<\/a> &gt;Hexental<\/li>\n<li><a href=\"https:\/\/www.freiburg-schwarzwald.de\/muenstertal.htm\">Staufen &#8211; am Eintritt ins M\u00fcnstertal gelegen<\/a> &gt;Muenstertal<\/li>\n<li><a href=\"https:\/\/www.freiburg-schwarzwald.de\/weisheitsbaumpfad.htm\">Weisheitsbaumpfad zur Johanneskapelle erneuert<\/a> &gt;Weisheitsbaumpfad (12.1.07)<\/li>\n<li><a href=\"https:\/\/www.freiburg-schwarzwald.de\/wettelbrunn.htm\">Wettelbrunn<\/a> &gt;Wettelbrunn<\/li>\n<li><a href=\"https:\/\/www.freiburg-schwarzwald.de\/wiiwegli2.htm\">Wiiwegli durch Staufen<\/a> &gt;Wiiwegli2<\/li>\n<\/ul>\n<p>&nbsp;<\/p>\n<p>&nbsp;<\/p>\n<h5><a href=\"https:\/\/www.freiburg-schwarzwald.de\/blog\/regio\/orte\/staufen\/grunern1altenberg130530\/\" rel=\"attachment wp-att-31874\"><img loading=\"lazy\" decoding=\"async\" class=\"alignnone size-thumbnail wp-image-31874\" title=\"grunern1altenberg130530\" src=\"https:\/\/www.freiburg-schwarzwald.de\/blog\/wp-content\/uploads\/2013\/05\/grunern1altenberg130530-180x135.jpg\" alt=\"\" width=\"180\" height=\"135\" srcset=\"https:\/\/www.freiburg-schwarzwald.de\/blog\/wp-content\/uploads\/2013\/05\/grunern1altenberg130530-180x135.jpg 180w, https:\/\/www.freiburg-schwarzwald.de\/blog\/wp-content\/uploads\/2013\/05\/grunern1altenberg130530-640x480.jpg 640w, https:\/\/www.freiburg-schwarzwald.de\/blog\/wp-content\/uploads\/2013\/05\/grunern1altenberg130530.jpg 1000w\" sizes=\"auto, (max-width: 180px) 100vw, 180px\" \/><\/a>\u00a0\u00a0\u00a0\u00a0\u00a0\u00a0\u00a0\u00a0\u00a0 <a href=\"https:\/\/www.freiburg-schwarzwald.de\/blog\/regio\/orte\/staufen\/grunern2arnika130530\/\" rel=\"attachment wp-att-31875\"><img loading=\"lazy\" decoding=\"async\" class=\"alignnone size-thumbnail wp-image-31875\" title=\"grunern2arnika130530\" src=\"https:\/\/www.freiburg-schwarzwald.de\/blog\/wp-content\/uploads\/2013\/05\/grunern2arnika130530-180x135.jpg\" alt=\"\" width=\"180\" height=\"135\" srcset=\"https:\/\/www.freiburg-schwarzwald.de\/blog\/wp-content\/uploads\/2013\/05\/grunern2arnika130530-180x135.jpg 180w, https:\/\/www.freiburg-schwarzwald.de\/blog\/wp-content\/uploads\/2013\/05\/grunern2arnika130530.jpg 640w\" sizes=\"auto, (max-width: 180px) 100vw, 180px\" \/><\/a>\u00a0\u00a0\u00a0\u00a0\u00a0\u00a0\u00a0\u00a0\u00a0 <a href=\"https:\/\/www.freiburg-schwarzwald.de\/blog\/regio\/orte\/staufen\/grunern3staufen130530\/\" rel=\"attachment wp-att-31876\"><img loading=\"lazy\" decoding=\"async\" class=\"alignnone size-thumbnail wp-image-31876\" title=\"grunern3staufen130530\" src=\"https:\/\/www.freiburg-schwarzwald.de\/blog\/wp-content\/uploads\/2013\/05\/grunern3staufen130530-180x135.jpg\" alt=\"\" width=\"180\" height=\"135\" srcset=\"https:\/\/www.freiburg-schwarzwald.de\/blog\/wp-content\/uploads\/2013\/05\/grunern3staufen130530-180x135.jpg 180w, https:\/\/www.freiburg-schwarzwald.de\/blog\/wp-content\/uploads\/2013\/05\/grunern3staufen130530.jpg 640w\" sizes=\"auto, (max-width: 180px) 100vw, 180px\" \/><\/a><br \/>\n(1) Altenberg Fohrenberg 30.5.2013\u00a0 \u00a0 \u00a0 \u00a0 \u00a0 \u00a0 \u00a0 (2) Arnika\u00a0 \u00a0 \u00a0 \u00a0 \u00a0 \u00a0 \u00a0 \u00a0 \u00a0 \u00a0 \u00a0 \u00a0 \u00a0 \u00a0 \u00a0 \u00a0 \u00a0 \u00a0 \u00a0 \u00a0 \u00a0 \u00a0 \u00a0 \u00a0(3) Staufen im Norden<\/h5>\n<h5><a href=\"https:\/\/www.freiburg-schwarzwald.de\/blog\/regio\/orte\/staufen\/grunern4schleifsteinhof130530\/\" rel=\"attachment wp-att-31877\"><img loading=\"lazy\" decoding=\"async\" class=\"alignnone size-thumbnail wp-image-31877\" title=\"grunern4schleifsteinhof130530\" src=\"https:\/\/www.freiburg-schwarzwald.de\/blog\/wp-content\/uploads\/2013\/05\/grunern4schleifsteinhof130530-180x135.jpg\" alt=\"\" width=\"180\" height=\"135\" srcset=\"https:\/\/www.freiburg-schwarzwald.de\/blog\/wp-content\/uploads\/2013\/05\/grunern4schleifsteinhof130530-180x135.jpg 180w, https:\/\/www.freiburg-schwarzwald.de\/blog\/wp-content\/uploads\/2013\/05\/grunern4schleifsteinhof130530.jpg 640w\" sizes=\"auto, (max-width: 180px) 100vw, 180px\" \/><\/a>\u00a0\u00a0\u00a0\u00a0\u00a0\u00a0\u00a0\u00a0\u00a0 <a href=\"https:\/\/www.freiburg-schwarzwald.de\/blog\/regio\/orte\/staufen\/grunern5heitersheim130530\/\" rel=\"attachment wp-att-31878\"><img loading=\"lazy\" decoding=\"async\" class=\"alignnone size-thumbnail wp-image-31878\" title=\"grunern5heitersheim130530\" src=\"https:\/\/www.freiburg-schwarzwald.de\/blog\/wp-content\/uploads\/2013\/05\/grunern5heitersheim130530-180x142.jpg\" alt=\"\" width=\"180\" height=\"142\" srcset=\"https:\/\/www.freiburg-schwarzwald.de\/blog\/wp-content\/uploads\/2013\/05\/grunern5heitersheim130530-180x142.jpg 180w, https:\/\/www.freiburg-schwarzwald.de\/blog\/wp-content\/uploads\/2013\/05\/grunern5heitersheim130530-640x506.jpg 640w, https:\/\/www.freiburg-schwarzwald.de\/blog\/wp-content\/uploads\/2013\/05\/grunern5heitersheim130530.jpg 913w\" sizes=\"auto, (max-width: 180px) 100vw, 180px\" \/><\/a>\u00a0\u00a0\u00a0\u00a0\u00a0\u00a0\u00a0\u00a0\u00a0 <a href=\"https:\/\/www.freiburg-schwarzwald.de\/blog\/regio\/orte\/staufen\/grunern6ballrechten130530\/\" rel=\"attachment wp-att-31879\"><img loading=\"lazy\" decoding=\"async\" class=\"alignnone size-thumbnail wp-image-31879\" title=\"grunern6ballrechten130530\" src=\"https:\/\/www.freiburg-schwarzwald.de\/blog\/wp-content\/uploads\/2013\/05\/grunern6ballrechten130530-180x144.jpg\" alt=\"\" width=\"180\" height=\"144\" srcset=\"https:\/\/www.freiburg-schwarzwald.de\/blog\/wp-content\/uploads\/2013\/05\/grunern6ballrechten130530-180x144.jpg 180w, https:\/\/www.freiburg-schwarzwald.de\/blog\/wp-content\/uploads\/2013\/05\/grunern6ballrechten130530-640x514.jpg 640w, https:\/\/www.freiburg-schwarzwald.de\/blog\/wp-content\/uploads\/2013\/05\/grunern6ballrechten130530.jpg 883w\" sizes=\"auto, (max-width: 180px) 100vw, 180px\" \/><\/a><br \/>\n(4) Schleifsteinhof\u00a0 \u00a0 \u00a0 \u00a0 \u00a0 \u00a0 \u00a0 \u00a0 \u00a0 \u00a0 \u00a0 \u00a0 \u00a0 \u00a0 \u00a0 (6) Heitersheim &#8211; Villa Urbana\u00a0 \u00a0 \u00a0 \u00a0 \u00a0 \u00a0(7) Ballrechten im S\u00fcden 30.5.2013<\/h5>\n<h5><a href=\"https:\/\/www.freiburg-schwarzwald.de\/blog\/regio\/orte\/staufen\/grunern7wettelbrunn130530\/\" rel=\"attachment wp-att-31880\"><img loading=\"lazy\" decoding=\"async\" class=\"alignnone size-thumbnail wp-image-31880\" title=\"grunern7wettelbrunn130530\" src=\"https:\/\/www.freiburg-schwarzwald.de\/blog\/wp-content\/uploads\/2013\/05\/grunern7wettelbrunn130530-180x135.jpg\" alt=\"\" width=\"180\" height=\"135\" srcset=\"https:\/\/www.freiburg-schwarzwald.de\/blog\/wp-content\/uploads\/2013\/05\/grunern7wettelbrunn130530-180x135.jpg 180w, https:\/\/www.freiburg-schwarzwald.de\/blog\/wp-content\/uploads\/2013\/05\/grunern7wettelbrunn130530-640x480.jpg 640w, https:\/\/www.freiburg-schwarzwald.de\/blog\/wp-content\/uploads\/2013\/05\/grunern7wettelbrunn130530.jpg 1000w\" sizes=\"auto, (max-width: 180px) 100vw, 180px\" \/><\/a>\u00a0\u00a0\u00a0\u00a0\u00a0\u00a0\u00a0\u00a0\u00a0 <a href=\"https:\/\/www.freiburg-schwarzwald.de\/blog\/regio\/orte\/staufen\/grunern8staufen130530\/\" rel=\"attachment wp-att-31881\"><img loading=\"lazy\" decoding=\"async\" class=\"alignnone size-thumbnail wp-image-31881\" title=\"grunern8staufen130530\" src=\"https:\/\/www.freiburg-schwarzwald.de\/blog\/wp-content\/uploads\/2013\/05\/grunern8staufen130530-180x135.jpg\" alt=\"\" width=\"180\" height=\"135\" srcset=\"https:\/\/www.freiburg-schwarzwald.de\/blog\/wp-content\/uploads\/2013\/05\/grunern8staufen130530-180x135.jpg 180w, https:\/\/www.freiburg-schwarzwald.de\/blog\/wp-content\/uploads\/2013\/05\/grunern8staufen130530.jpg 640w\" sizes=\"auto, (max-width: 180px) 100vw, 180px\" \/><\/a>\u00a0\u00a0\u00a0\u00a0\u00a0\u00a0\u00a0\u00a0\u00a0 <a href=\"https:\/\/www.freiburg-schwarzwald.de\/blog\/regio\/orte\/staufen\/grunern9staufen130530\/\" rel=\"attachment wp-att-31882\"><img loading=\"lazy\" decoding=\"async\" class=\"alignnone size-thumbnail wp-image-31882\" title=\"grunern9staufen130530\" src=\"https:\/\/www.freiburg-schwarzwald.de\/blog\/wp-content\/uploads\/2013\/05\/grunern9staufen130530-180x142.jpg\" alt=\"\" width=\"180\" height=\"142\" srcset=\"https:\/\/www.freiburg-schwarzwald.de\/blog\/wp-content\/uploads\/2013\/05\/grunern9staufen130530-180x142.jpg 180w, https:\/\/www.freiburg-schwarzwald.de\/blog\/wp-content\/uploads\/2013\/05\/grunern9staufen130530-640x505.jpg 640w, https:\/\/www.freiburg-schwarzwald.de\/blog\/wp-content\/uploads\/2013\/05\/grunern9staufen130530.jpg 768w\" sizes=\"auto, (max-width: 180px) 100vw, 180px\" \/><\/a><br \/>\n(7) Westw\u00e4rts gen Wettelbrunn\u00a0\u00a0\u00a0\u00a0\u00a0\u00a0\u00a0\u00a0\u00a0\u00a0\u00a0\u00a0\u00a0 (8) Grunern 30.5.2013<\/h5>\n<h5><a href=\"https:\/\/www.freiburg-schwarzwald.de\/blog\/regio\/orte\/staufen\/grunern11staufen-burg130530\/\" rel=\"attachment wp-att-31884\"><img loading=\"lazy\" decoding=\"async\" class=\"alignnone size-thumbnail wp-image-31884\" title=\"grunern11staufen-burg130530\" src=\"https:\/\/www.freiburg-schwarzwald.de\/blog\/wp-content\/uploads\/2013\/05\/grunern11staufen-burg130530-180x135.jpg\" alt=\"\" width=\"180\" height=\"135\" srcset=\"https:\/\/www.freiburg-schwarzwald.de\/blog\/wp-content\/uploads\/2013\/05\/grunern11staufen-burg130530-180x135.jpg 180w, https:\/\/www.freiburg-schwarzwald.de\/blog\/wp-content\/uploads\/2013\/05\/grunern11staufen-burg130530-640x480.jpg 640w, https:\/\/www.freiburg-schwarzwald.de\/blog\/wp-content\/uploads\/2013\/05\/grunern11staufen-burg130530.jpg 1000w\" sizes=\"auto, (max-width: 180px) 100vw, 180px\" \/><\/a>\u00a0\u00a0\u00a0\u00a0\u00a0\u00a0\u00a0\u00a0\u00a0 <a href=\"https:\/\/www.freiburg-schwarzwald.de\/blog\/regio\/orte\/staufen\/grunern12eichenlaub130530\/\" rel=\"attachment wp-att-31885\"><img loading=\"lazy\" decoding=\"async\" class=\"alignnone size-thumbnail wp-image-31885\" title=\"grunern12eichenlaub130530\" src=\"https:\/\/www.freiburg-schwarzwald.de\/blog\/wp-content\/uploads\/2013\/05\/grunern12eichenlaub130530-135x180.jpg\" alt=\"\" width=\"135\" height=\"180\" srcset=\"https:\/\/www.freiburg-schwarzwald.de\/blog\/wp-content\/uploads\/2013\/05\/grunern12eichenlaub130530-135x180.jpg 135w, https:\/\/www.freiburg-schwarzwald.de\/blog\/wp-content\/uploads\/2013\/05\/grunern12eichenlaub130530-480x640.jpg 480w, https:\/\/www.freiburg-schwarzwald.de\/blog\/wp-content\/uploads\/2013\/05\/grunern12eichenlaub130530.jpg 750w\" sizes=\"auto, (max-width: 135px) 100vw, 135px\" \/><\/a>\u00a0\u00a0\u00a0\u00a0\u00a0\u00a0\u00a0\u00a0\u00a0\u00a0\u00a0\u00a0\u00a0\u00a0\u00a0\u00a0\u00a0\u00a0\u00a0\u00a0\u00a0\u00a0\u00a0\u00a0\u00a0\u00a0 <a href=\"https:\/\/www.freiburg-schwarzwald.de\/blog\/regio\/orte\/staufen\/grunern13schleifsteinhof130530\/\" rel=\"attachment wp-att-31886\"><img loading=\"lazy\" decoding=\"async\" class=\"alignnone size-thumbnail wp-image-31886\" title=\"grunern13schleifsteinhof130530\" src=\"https:\/\/www.freiburg-schwarzwald.de\/blog\/wp-content\/uploads\/2013\/05\/grunern13schleifsteinhof130530-135x180.jpg\" alt=\"\" width=\"135\" height=\"180\" srcset=\"https:\/\/www.freiburg-schwarzwald.de\/blog\/wp-content\/uploads\/2013\/05\/grunern13schleifsteinhof130530-135x180.jpg 135w, https:\/\/www.freiburg-schwarzwald.de\/blog\/wp-content\/uploads\/2013\/05\/grunern13schleifsteinhof130530.jpg 480w\" sizes=\"auto, (max-width: 135px) 100vw, 135px\" \/><\/a><br \/>\n(10) Staufener Burg &#8211; Sch\u00f6nberg\u00a0 \u00a0 \u00a0 \u00a0 \u00a0 \u00a0 \u00a0 (11) Eichenbl\u00e4tter\u00a0 \u00a0 \u00a0 \u00a0 \u00a0 \u00a0 \u00a0 \u00a0 \u00a0 \u00a0 \u00a0 \u00a0 \u00a0 \u00a0 \u00a0 \u00a0 \u00a0 \u00a0 \u00a0 \u00a0(12) Schleifsteinhof<\/h5>\n<h5><a href=\"https:\/\/www.freiburg-schwarzwald.de\/blog\/regio\/orte\/staufen\/grunern14staufen-schoenberg130530\/\" rel=\"attachment wp-att-31887\"><img loading=\"lazy\" decoding=\"async\" class=\"alignnone size-thumbnail wp-image-31887\" title=\"grunern14staufen-schoenberg130530\" src=\"https:\/\/www.freiburg-schwarzwald.de\/blog\/wp-content\/uploads\/2013\/05\/grunern14staufen-schoenberg130530-180x135.jpg\" alt=\"\" width=\"180\" height=\"135\" srcset=\"https:\/\/www.freiburg-schwarzwald.de\/blog\/wp-content\/uploads\/2013\/05\/grunern14staufen-schoenberg130530-180x135.jpg 180w, https:\/\/www.freiburg-schwarzwald.de\/blog\/wp-content\/uploads\/2013\/05\/grunern14staufen-schoenberg130530-640x480.jpg 640w, https:\/\/www.freiburg-schwarzwald.de\/blog\/wp-content\/uploads\/2013\/05\/grunern14staufen-schoenberg130530.jpg 1000w\" sizes=\"auto, (max-width: 180px) 100vw, 180px\" \/><\/a>\u00a0\u00a0\u00a0\u00a0\u00a0\u00a0\u00a0\u00a0\u00a0 <a href=\"https:\/\/www.freiburg-schwarzwald.de\/blog\/regio\/orte\/staufen\/grunern15staufen-schoenberg130530\/\" rel=\"attachment wp-att-31888\"><img loading=\"lazy\" decoding=\"async\" class=\"alignnone size-thumbnail wp-image-31888\" title=\"grunern15staufen-schoenberg130530\" src=\"https:\/\/www.freiburg-schwarzwald.de\/blog\/wp-content\/uploads\/2013\/05\/grunern15staufen-schoenberg130530-180x135.jpg\" alt=\"\" width=\"180\" height=\"135\" srcset=\"https:\/\/www.freiburg-schwarzwald.de\/blog\/wp-content\/uploads\/2013\/05\/grunern15staufen-schoenberg130530-180x135.jpg 180w, https:\/\/www.freiburg-schwarzwald.de\/blog\/wp-content\/uploads\/2013\/05\/grunern15staufen-schoenberg130530-640x480.jpg 640w, https:\/\/www.freiburg-schwarzwald.de\/blog\/wp-content\/uploads\/2013\/05\/grunern15staufen-schoenberg130530.jpg 1000w\" sizes=\"auto, (max-width: 180px) 100vw, 180px\" \/><\/a><br \/>\n(13) Blick nach Norden 30.5.2013\u00a0\u00a0\u00a0\u00a0\u00a0\u00a0\u00a0\u00a0 (14) Staufener Burg und Sch\u00f6nberg<\/h5>\n<p>(1) &#8211; (14) Im S\u00fcden oberhalb von Grunern liegt der Schleifsteinhof (Wanderparkplatz). Von hier f\u00fchrt nach Nordosten ein bequemer Spazierweg zum Altenberg, dem n\u00f6rdlichen Ausl\u00e4ufer des Fohrenbergs. Wie die Bilder zeigen, genie\u00dft man einen pr\u00e4chtigen Ausblick genie\u00dfen nach Norden (Grunern, Staufen, Sch\u00f6nberg, Batzenberg) wie nach Westen (Wettelbrunn, <a title=\"Heitersheim\" href=\"https:\/\/www.freiburg-schwarzwald.de\/blog\/regio\/orte\/heitersheim\/\">Heitersheim<\/a>, Vogesen).<\/p>\n<div id=\"attachment_106157\" style=\"width: 650px\" class=\"wp-caption alignnone\"><a href=\"https:\/\/www.freiburg-schwarzwald.de\/blog\/wp-content\/uploads\/2022\/11\/staufen-burg-wegekreuz-pan202211.jpg\"><img loading=\"lazy\" decoding=\"async\" aria-describedby=\"caption-attachment-106157\" class=\"size-full wp-image-106157\" src=\"https:\/\/www.freiburg-schwarzwald.de\/blog\/wp-content\/uploads\/2022\/11\/staufen-burg-wegekreuz-pan202211.jpg\" alt=\"\" width=\"640\" height=\"338\" srcset=\"https:\/\/www.freiburg-schwarzwald.de\/blog\/wp-content\/uploads\/2022\/11\/staufen-burg-wegekreuz-pan202211.jpg 640w, https:\/\/www.freiburg-schwarzwald.de\/blog\/wp-content\/uploads\/2022\/11\/staufen-burg-wegekreuz-pan202211-180x95.jpg 180w\" sizes=\"auto, (max-width: 640px) 100vw, 640px\" \/><\/a><p id=\"caption-attachment-106157\" class=\"wp-caption-text\">Staufener Burg im Markgr\u00e4fler Land &#8211; Wegekreuz November 2022<\/p><\/div>\n<p>.<\/p>\n<p><strong>Windsbraut von Franz Gutmann jetzt in Staufen<\/strong><br \/>\nFestakt f\u00fcr ein Kunstwerk: Die &#8222;Gro\u00dfe Windsbraut&#8220; des <a href=\"https:\/\/www.freiburg-schwarzwald.de\/blog\/regio\/orte\/muenstertal\/\">M\u00fcnstert\u00e4ler<\/a> Kunstprofessors <a href=\"https:\/\/www.freiburg-schwarzwald.de\/blog\/franz-gutmann-90-jahre-alt\/\">Franz Gutmann<\/a> hat einen neuen Standort. Die Skulptur befindet sich jetzt bei der Belchenhalle in Staufen.<br \/>\nDie zahlreich erschienenen Kunstfreunde wurden von Elmar Bernauer begr\u00fc\u00dft, dem Initiator der bereits am 9. Februar erfolgten Installation der Windsbraut an der Belchenhalle. Schon im November 2018, so Bernauer, war der Umzug der Wetterfahnen-Skulptur von ihrem fr\u00fcheren Standort an der Hochschule Esslingen nach Staufen beschlossen worden. Es dauerte aber noch vier Jahre, bevor alles in trockenen T\u00fcchern war.<br \/>\nSeit Oktober 2022 besteht ein Dauerleihvertrag zwischen der Eigent\u00fcmerin des Kunstwerks, dem Land Baden-W\u00fcrttemberg, und der Stadt Staufen. Die Bronze-Skulptur, deren Oberk\u00f6rper beweglich ist und sich mit dem Wind dreht, ist an einem 9,30 Meter hohen Stahlrohr befestigt. Die Kosten wurden von der Stadt Staufen \u00fcbernommen und teilweise auch \u00fcber private Spenden finanziert.<br \/>\n.<\/p>\n<div id=\"attachment_110891\" style=\"width: 650px\" class=\"wp-caption alignnone\"><a href=\"https:\/\/www.freiburg-schwarzwald.de\/blog\/wp-content\/uploads\/2023\/03\/windsbraut-gutmann-staufen-pan230318.jpg\"><img loading=\"lazy\" decoding=\"async\" aria-describedby=\"caption-attachment-110891\" class=\"size-full wp-image-110891\" src=\"https:\/\/www.freiburg-schwarzwald.de\/blog\/wp-content\/uploads\/2023\/03\/windsbraut-gutmann-staufen-pan230318.jpg\" alt=\"\" width=\"640\" height=\"363\" srcset=\"https:\/\/www.freiburg-schwarzwald.de\/blog\/wp-content\/uploads\/2023\/03\/windsbraut-gutmann-staufen-pan230318.jpg 640w, https:\/\/www.freiburg-schwarzwald.de\/blog\/wp-content\/uploads\/2023\/03\/windsbraut-gutmann-staufen-pan230318-180x102.jpg 180w\" sizes=\"auto, (max-width: 640px) 100vw, 640px\" \/><\/a><p id=\"caption-attachment-110891\" class=\"wp-caption-text\">&#8222;Die Windsbraut&#8220; von Franz Gutmann in Staufen bei Freiburg<\/p><\/div>\n<p>Die Freiburger Kunsthistorikerin Susanne Meier-Faust f\u00fchrte die Anwesenden in die Besonderheiten des Kunstwerks ein. Es entstand bereits im Jahr 1978 und war der letzte von drei Entw\u00fcrfen des K\u00fcnstlers Gutmann. Die &#8222;Gro\u00dfe Windsbraut&#8220; sei eine symbolische Figur, die in &#8222;typisch Gutmann\u2019schen Formen&#8220; erschaffen wurde.<\/p>\n<p>F\u00fcr die Stadt Staufen mit ihrer Offenheit f\u00fcr Kunst und Kultur sei sie nun &#8222;ein guter Geist&#8220;, \u00e4hnlich der G\u00f6ttin Tyche aus der griechischen Mythologie. Sie k\u00f6nne, so Meier-Faust, auf diese Weise zur &#8222;Staufener Stadtg\u00f6ttin&#8220; werden. Sie symbolisiere mit ihrem wehenden, wellenf\u00f6rmigen Haar, ihrer Gelenkigkeit und Eleganz das Weibliche. Der &#8222;Spagat sondergleichen&#8220;, den die Beine der Windsbraut ausf\u00fchren, betone ihre gro\u00dfe Plastizit\u00e4t. Mit ihrem Sprung im Wind, so schloss die Kunsthistorikerin, solle die Windsbraut fortan &#8222;als guter Geist \u00fcber Staufen wehen&#8220;.<\/p>\n<p>Kurz ging Meier-Faust auf die Biographie Franz Gutmanns ein. 1928 im M\u00fcnstertal geboren, studierte er zun\u00e4chst Biologie und nahm dann ein Kunststudium auf. Ein Stipendium erm\u00f6glichte es ihm, 1956\/57 Afrika zu bereisen, wo er auch Kontakt mit Albert Schweitzer in Lambarene hatte. Nach seiner R\u00fcckkehr ins M\u00fcnstertal lie\u00df er sich in einem Haus am <a href=\"https:\/\/www.freiburg-schwarzwald.de\/blog\/regio\/orte\/stohren\/\">Stohren<\/a> nieder. 1969 heiratete er Karin Heinrich; aus der Ehe gingen zwei Kinder hervor. Seine Frau inspirierte ihn dazu, sich dem Weiblichen in der Kunst zu widmen. Er wurde mit diversen Preisen und Ehrungen ausgezeichnet, zuletzt ernannte ihn die Gemeinde M\u00fcnstertal im Jahr 2019 zum Ehrenb\u00fcrger.<\/p>\n<p>Im Anschluss an die Rede von Susanne Meier-Faust dankte Karin Gutmann auch im Namen ihres Mannes allen, die den Umzug der Windsbraut von Esslingen nach Staufen erm\u00f6glicht haben. Ihr besonderer Dank galt Elmar Bernauer, ohne den die ganze Aktion nicht m\u00f6glich gewesen w\u00e4re. F\u00fcr sie, so Karin Gutmann, sei die Windsbraut ein Mahnmal. In einer &#8222;Anrufung an die Windsbraut&#8220; betonte Karin Gutmann den weiblichen Aspekt der Skulptur. Sie sei &#8222;sch\u00f6n, stark und klug wie eine Frau&#8220;. Ihr <a href=\"https:\/\/www.freiburg-schwarzwald.de\/blog\/energie\/wind\/windkraft\/\">Bewegen im Wind<\/a> solle Habgier, Gewalt, Krieg und Macht vertreiben und die Liebe von Himmel holen. Als &#8222;Herrin der Winde&#8220; m\u00f6ge sie &#8222;einen Sprung in eine neue Zeit&#8220; symbolisieren.<br \/>\nZum Abschluss des Festaktes spielte Josef Gutmann, Franz Gutmanns j\u00fcngerer Bruder, auf der Klarinette Schumanns Komposition &#8222;Tr\u00e4umerei&#8220;. Danach gab es noch einen kleinen Weinempfang f\u00fcr die Besucher.<br \/>\n&#8230; Alles vom 21.3.2023 von Bianca Flier bitte lesen auf<br \/>\n<a href=\"https:\/\/www.badische-zeitung.de\/gutmann-kunstwerk-schwingt-in-staufen--249488754.html\">https:\/\/www.badische-zeitung.de\/gutmann-kunstwerk-schwingt-in-staufen&#8211;249488754.html<\/a><\/p>\n<p>&nbsp;<\/p>\n<p><strong>Zweckverband Breisgau S\u00fcd Touristik<\/strong><br \/>\nTourismusmanager und ihre Unterst\u00fctzer in Verwaltung und Gemeinder\u00e4ten tendierten lange zum Pessimismus. Ob es billige Fernreisen als Konkurrenz waren, die Folgen von Corona oder jetzt Kriegsangst und Inflationsfurcht: Es gab und gibt gewiss Anlass daf\u00fcr. Doch in der Verbandsversammlung des Zweckverbands Breisgau S\u00fcd Touristik in Ehrenkirchen blinkte dieser Tage auch wieder mancher Hoffnungsschimmer auf.<br \/>\nWas macht die Schauinslandbahn auf dem Titel des Gesch\u00e4ftsberichts der Ferienregion M\u00fcnstertal-Staufen? Die Antwort: Die Seilbahn startet jetzt aus der Ferienregion, denn die Talstation liegt auf dem Gebiet der Gemeinde Horben, und die z\u00e4hlt seit einem Jahr zu den Mitgliedern der Ferienregion. Ein Pfund, mit dem man wuchern werde, sagte Gesch\u00e4ftsf\u00fchrer Thomas Coch in seinem Jahresbericht an die Verbandsversammlung, zumal Horben nach der Einweihung des Luxus-Resorts &#8222;Luisenh\u00f6he&#8220; zahlreiche neue zahlungskr\u00e4ftige G\u00e4ste begr\u00fc\u00dfen wird.<\/p>\n<p>Hoffnung mache auch die Entwicklung der G\u00e4stezahlen, sagte Coch. Zwar seien die hohen Zahlen von 2019 noch lange nicht wieder erreicht, aber die Tendenz stimme: Plus 16 Prozent bei den \u00dcbernachtungen 2021 im Vergleich zu 2020, das sei eine stolze Zahl. M\u00fcnstertal z\u00e4hlte rund 257 000 \u00dcbernachtungen (2019: 325 000), Staufen knapp 130 000 (2019: 175 000). Die Ferienregion liegt damit sehr weit \u00fcber dem Durchschnitt des Landkreises, wo man nur ein Plus von 5,2 Prozent bei den \u00dcbernachtungen registrierte. Optimistisch stimme auch, so Coch, dass die G\u00e4ste immer l\u00e4nger blieben, jetzt sind es durchschnittlich 5,9 Tage. Mit Ausnahme von Bollschweil zeigte sich der Aufw\u00e4rtstrend in allen Mitgliedsorten, wobei in Bollschweil das Defizit bei den Ank\u00fcnften dadurch ausgeglichen wird, dass die G\u00e4ste viel l\u00e4nger in der Gemeinde bleiben. Und neue \u00dcbernachtungsangebote in Ehrenkirchen h\u00e4tten sogar dazu gef\u00fchrt, dass die Zahl der \u00dcbernachtungen im Jahr 2021 hier h\u00f6her ist als im Vor-Corona-Jahr 2019, sagte Coch.<br \/>\nImmer wichtiger wird eine hohe Pr\u00e4senz online und in den digitalen Medien wie Facebook oder Instagram.<br \/>\nDie Seite <a href=\"http:\/\/www.muenstertal-staufen.de\">http:\/\/www.muenstertal-staufen.de<\/a> wird t\u00e4glich bis zu 1800-mal geklickt, daneben gibt es zahlreiche Unterseiten und Verlinkungen von den Seiten benachbarter Kommunen. Doch es k\u00f6nnten nach Ansicht von Coch noch viel mehr sein, der Name der Seite konzentriere sich zum einen auf nur zwei Orte der Ferienregion und bilde so auch nicht die Bandbreite des Angebots ab: Schwarzwald und Vorgebirge, Wandern und Wein, Sport und Kultur in jetzt f\u00fcnf Gemeinden.<\/p>\n<p>Der urspr\u00fcngliche Name war 2008 entstanden, als neben den beiden in der Webadresse genannten Gemeinden nur noch Ballrechten-Dottingen Teil der Ferienregion war. Es zeigte sich jedoch bald, nach Aufnahme weiterer Gemeinden in den Zweckverband Touristik, dass der Name beim Blick auf die Auffindbarkeit durch Suchmaschinen im Internet &#8222;sub-optimal&#8220; sei, wie Coch betonte; wesentliche &#8222;Zauberw\u00f6rter&#8220; fehlten, darunter vor allem eins: Schwarzwald. Nun will man mit Hilfe eines neuen Markennamens die Sichtbarkeit der Region und die Reichweite im Internet erh\u00f6hen.<br \/>\nGrundlage bildet daf\u00fcr eine Bachelor-Arbeit, die die Wege zu einer neuen Marke aufzeigen soll. Eigene Namensvorschl\u00e4ge wird die Arbeit voraussichtlich nicht enthalten.<br \/>\nNoch nicht gekl\u00e4rt ist etwa, ob man versuchen soll, das Wort &#8222;Schwarzwald&#8220; zu integrieren oder k\u00fcnftig mit einem ganz neuen Kunstnamen zu werben. Auf jeden Fall sei der Wechsel ein gro\u00dfes Wagnis, und es werde enorm viel Zeit und Geld kosten, den neuen Namen der Ferienregion M\u00fcnstertal-Staufen voraussichtlich ab 2023 bei potenziellen Besucherinnen und Besucher bekannt zu machen.<br \/>\n&#8230;. Alles vom 4.8.2022 von Rainer Ruther bitte lesen auf<br \/>\n<a href=\"https:\/\/www.badische-zeitung.de\/eine-ferienregion-auf-namenssuche--215742714.html\">https:\/\/www.badische-zeitung.de\/eine-ferienregion-auf-namenssuche&#8211;215742714.html<\/a><\/p>\n<p>&nbsp;<\/p>\n","protected":false},"excerpt":{"rendered":"<p>Home &gt;Regio &gt;Orte &gt;Markgraeflerland &gt;Staufen Windsbraut von Franz Gutmann jetzt in Staufen (21.3.2023) St.Trudpert in M\u00fcnstertal: Schwester Clementine feiert ihren 100. Geburtstag\u00a0(17.9.2022) Frei, br\u00fcderlich und gleich in D\u00a0(10.9.2022) Zweckverband Breisgau S\u00fcd Touristik (4.8.2022) K\u00fclken: Medizin \u2013 seelenloser Gesundheitsbegriff?\u00a0(23.5.2021) Rund 200 &hellip; <a href=\"https:\/\/www.freiburg-schwarzwald.de\/blog\/regio\/orte\/staufen\/\">Weiterlesen <span class=\"meta-nav\">&rarr;<\/span><\/a><\/p>\n","protected":false},"author":4,"featured_media":0,"parent":363,"menu_order":0,"comment_status":"open","ping_status":"closed","template":"","meta":{"footnotes":""},"class_list":["post-31803","page","type-page","status-publish","hentry"],"_links":{"self":[{"href":"https:\/\/www.freiburg-schwarzwald.de\/blog\/wp-json\/wp\/v2\/pages\/31803","targetHints":{"allow":["GET"]}}],"collection":[{"href":"https:\/\/www.freiburg-schwarzwald.de\/blog\/wp-json\/wp\/v2\/pages"}],"about":[{"href":"https:\/\/www.freiburg-schwarzwald.de\/blog\/wp-json\/wp\/v2\/types\/page"}],"author":[{"embeddable":true,"href":"https:\/\/www.freiburg-schwarzwald.de\/blog\/wp-json\/wp\/v2\/users\/4"}],"replies":[{"embeddable":true,"href":"https:\/\/www.freiburg-schwarzwald.de\/blog\/wp-json\/wp\/v2\/comments?post=31803"}],"version-history":[{"count":5,"href":"https:\/\/www.freiburg-schwarzwald.de\/blog\/wp-json\/wp\/v2\/pages\/31803\/revisions"}],"predecessor-version":[{"id":110899,"href":"https:\/\/www.freiburg-schwarzwald.de\/blog\/wp-json\/wp\/v2\/pages\/31803\/revisions\/110899"}],"up":[{"embeddable":true,"href":"https:\/\/www.freiburg-schwarzwald.de\/blog\/wp-json\/wp\/v2\/pages\/363"}],"wp:attachment":[{"href":"https:\/\/www.freiburg-schwarzwald.de\/blog\/wp-json\/wp\/v2\/media?parent=31803"}],"curies":[{"name":"wp","href":"https:\/\/api.w.org\/{rel}","templated":true}]}}