{"id":30882,"date":"2013-05-23T10:07:18","date_gmt":"2013-05-23T08:07:18","guid":{"rendered":"https:\/\/www.freiburg-schwarzwald.de\/blog\/?page_id=30882"},"modified":"2020-04-27T21:29:59","modified_gmt":"2020-04-27T19:29:59","slug":"wagensteig","status":"publish","type":"page","link":"https:\/\/www.freiburg-schwarzwald.de\/blog\/regio\/orte\/buchenbach\/wagensteig\/","title":{"rendered":"Wagensteig"},"content":{"rendered":"<p>Home &gt;<a title=\"Regio\" href=\"https:\/\/www.freiburg-schwarzwald.de\/blog\/regio\/\">Regio<\/a> &gt;<a title=\"Orte\" href=\"https:\/\/www.freiburg-schwarzwald.de\/blog\/regio\/orte\/\">Orte<\/a>\u00a0&gt;<a title=\"Buchenbach\" href=\"https:\/\/www.freiburg-schwarzwald.de\/blog\/regio\/orte\/buchenbach\/\">Buchenbach<\/a> &gt;Wagensteig<\/p>\n<div id=\"attachment_2255\" style=\"width: 613px\" class=\"wp-caption alignnone\"><a href=\"https:\/\/www.freiburg-schwarzwald.de\/blog\/engagement\/zukunft\/wagensteig2pan111101\/\" rel=\"attachment wp-att-2255\"><img loading=\"lazy\" decoding=\"async\" aria-describedby=\"caption-attachment-2255\" class=\"size-full wp-image-2255\" title=\"wagensteig2pan111101\" src=\"https:\/\/www.freiburg-schwarzwald.de\/blog\/wp-content\/uploads\/2012\/04\/wagensteig2pan111101.jpg\" alt=\"\" width=\"603\" height=\"187\" srcset=\"https:\/\/www.freiburg-schwarzwald.de\/blog\/wp-content\/uploads\/2012\/04\/wagensteig2pan111101.jpg 603w, https:\/\/www.freiburg-schwarzwald.de\/blog\/wp-content\/uploads\/2012\/04\/wagensteig2pan111101-180x55.jpg 180w\" sizes=\"auto, (max-width: 603px) 100vw, 603px\" \/><\/a><p id=\"caption-attachment-2255\" class=\"wp-caption-text\">Blick von der Steig nach S\u00fcden \u00fcber Wagensteig ins neblige Dreisamtal am 11.11.2011<\/p><\/div>\n<p>&nbsp;<\/p>\n<ul>\n<li>Null-Stern-Hotel am Schmiedsh\u00e4usle im Schweigbrunnen (11.12.2019)<\/li>\n<li><a href=\"https:\/\/www.freiburg-schwarzwald.de\/steig.htm#Steigweg im Herbst - \u00fcber dem Nebel\">Steigweg im Herbst &#8211; \u00fcber dem Nebel<\/a> &gt;Steig (11.11.2011)<\/li>\n<li><a href=\"https:\/\/www.freiburg-schwarzwald.de\/littenweiler\/wagensteig#Bobby-Car- und Tretschleppertreffen mit Dorfhock am 6.Sept\">Bobby-Car- und Tretschleppertreffen mit Dorfhock am 6.Sept<\/a> (2.9.2009)<\/li>\n<li><a href=\"https:\/\/www.freiburg-schwarzwald.de\/scheibenschlagen.htm#Wagensteiger Scheibenbube am Hang \u00fcber dem Saierhof\">Wagensteiger Scheibenbube am Hang \u00fcber dem Saierhof<\/a> &gt;Sche\u00edbenschlagen (23.3.2009)<\/li>\n<li><a href=\"https:\/\/www.freiburg-schwarzwald.de\/mtb-thurner.htm\">MTB: FR &#8211; Dreisamtal &#8211; Wagensteig &#8211; Thurner &#8211; St.M\u00e4rgen &#8211; Ibental &#8211; FR<\/a> &gt;MTB-Thurner (18.8.08)<\/li>\n<li><a href=\"https:\/\/www.freiburg-schwarzwald.de\/freiburger-muenster2.htm#Online-Kondolenzbuch f\u00fcr Erzbischof Oskar Saier\">Online-Kondolenzbuch f\u00fcr Erzbischof Oskar Saier<\/a> &gt;Freiburger-Muenster2 (5.1.2007)<\/li>\n<li><a href=\"https:\/\/www.freiburg-schwarzwald.de\/littenweiler\/buchenbach3.htm#Pr\u00e4zisions-Putzteufel aus dem Schwarzwald\u00a0- Wandres\">Pr\u00e4zisions-Putzteufel aus dem Schwarzwald\u00a0&#8211; Wandres<\/a> &gt;Buchenbach3 (28.12.2007)<\/li>\n<li><a href=\"wandres:%20Potenzial%20der%20Globalisierung%20noch%20l\u00e4ngst%20nicht%20ersch\u00f6pft\">Wandres: Potenzial der Globalisierung noch l\u00e4ngst nicht ersch\u00f6pft<\/a> &gt;Wandres (13.12.2007)<\/li>\n<li><a href=\"https:\/\/www.freiburg-schwarzwald.de\/littenweiler\/wagensteig.htm#Dreisamtal-Duo: Olli Hinke und Biggi Zeiser\">Dreisamtal-Duo: Olli Hinke und Biggi Zeiser<\/a> &gt;Wagensteig (13.12.2007)<\/li>\n<li><a href=\"https:\/\/www.freiburg-schwarzwald.de\/wandres.htm#Der sch\u00f6nste Hof im Tal: Neues Produktionsgeb\u00e4ude von Wandres\">Der sch\u00f6nste Hof im Tal: Neues Produktionsgeb\u00e4ude von Wandres<\/a> &gt;Wandres (3.12.2007)<\/li>\n<li><a href=\"https:\/\/www.freiburg-schwarzwald.de\/littenweiler\/wagensteig.htm#Spiel ohne Grenzen am 31.8.-3.9.2007 - Einladung zum Dorfhock\">Spiel ohne Grenzen am 31.8.-3.9.2007 &#8211; Einladung zum Dorfhock<\/a> (29.6.2007)<\/li>\n<li><a href=\"https:\/\/www.freiburg-schwarzwald.de\/heimatforscher1.htm#Oskar Hog in Buchenbach-Wagensteig gestorben\">Oskar Hog in Buchenbach-Wagensteig gestorben<\/a> &gt;Heimatforscher1 (22.11.2006)<\/li>\n<li><a href=\"https:\/\/www.freiburg-schwarzwald.de\/littenweiler\/wagensteig#Wagensteig-Hock Anfang September 2006\">Wagensteig-Hock Anfang September 2006<\/a> (3.9.2006)<\/li>\n<li><a href=\"https:\/\/www.freiburg-schwarzwald.de\/littenweiler\/wagensteig#Feuerwehr l\u00e4dt zu drei Tagen Dorfhock in Wagensteig ein\">Feuerwehr l\u00e4dt zu drei Tagen Dorfhock in Wagensteig ein<\/a> (28.8.2006)<\/li>\n<li><a href=\"https:\/\/www.freiburg-schwarzwald.de\/littenweiler\/wagensteig#Krippenausstellung im hansmeyerhof in Wagensteig\">Krippenausstellung im Hansmeyerhof in Wagensteig<\/a> (2.12.2005)<\/li>\n<li><a href=\"https:\/\/www.freiburg-schwarzwald.de\/blog\/regio\/orte\/buchenbach\/steig\/\">https:\/\/www.freiburg-schwarzwald.de\/blog\/regio\/orte\/buchenbach\/steig\/<\/a> &#8211; neu ab 4\/2012<\/li>\n<li>Wagensteig &#8211; heute Ortsteil von Buchenbach<\/li>\n<li><a href=\"https:\/\/www.freiburg-dreisamtal.de\/wagensteig.htm\">www.freiburg-dreisamtal.de\/wagensteig.htm<\/a> &gt;Archivseite Wagensteig<\/li>\n<li><a href=\"https:\/\/www.freiburg-schwarzwald.de\/wagensteig5.htm\">Bauernh\u00f6fe (Ferienwohnung, Hofladen, Brauchtum) in Wagensteig<\/a> &gt;frsw.de\/wagensteig5.htm<\/li>\n<li><a href=\"https:\/\/www.freiburg-schwarzwald.de\/steig5.htm\">Bauernh\u00f6fe auf der Steig und Steigweg<\/a> &gt;Steig5<\/li>\n<li><a href=\"https:\/\/www.freiburg-schwarzwald.de\/hansmeyerhof.htm\">Hansmeyerhof &#8211; Bauernhofmuseum<\/a> &gt;Hansmeyerhof<\/li>\n<li><a href=\"https:\/\/www.freiburg-schwarzwald.de\/holzschlag5.htm\">Holzschlag unterhalb St. M\u00e4rgen<\/a> &gt;Holzschlag<\/li>\n<li><a href=\"https:\/\/www.freiburg-schwarzwald.de\/littenweiler\/wagensteig#Nikolauskapelle\">Nikolauskapelle<\/a><\/li>\n<li><a title=\"Saierhof\" href=\"https:\/\/www.freiburg-schwarzwald.de\/blog\/bauernhof\/saierhof\/\">Saierhof &#8211; Hofladen<\/a><\/li>\n<li><a href=\"https:\/\/www.freiburg-schwarzwald.de\/spirzen.htm\">Spirzen: Auf der Spirzen sowie In den Spirzen<\/a> &gt;Spirzen<\/li>\n<li><a href=\"https:\/\/www.freiburg-schwarzwald.de\/steig.htm\">Steig und Steigweg<\/a> &gt;Steig<\/li>\n<li><a href=\"https:\/\/www.freiburg-schwarzwald.de\/industrie.htm#Wandres GmbH micro-cleaning in Wagensteig\">Wandres micro-cleaning<\/a> &gt;Industrie<\/li>\n<li><a href=\"https:\/\/www.freiburg-schwarzwald.de\/littenweiler\/wagensteig#Links zu Wagensteig\">Links zu Wagensteig<\/a><\/li>\n<\/ul>\n<p>&nbsp;<\/p>\n<p>&nbsp;<\/p>\n<p><a name=\"Wagensteig - heute Ortsteil von Buchenbach\"><\/a><strong>Wagensteig &#8211; heute Ortsteil von Buchenbach<\/strong><\/p>\n<p>Die Gemeinde Wagensteig mit Schweigbrunnen hat ungef\u00e4hr 600 Einwohner und ist seit 1973 Ortsteil von <a href=\"https:\/\/www.freiburg-schwarzwald.de\/littenweiler\/buchenbach.htm\">Buchenbach<\/a>. Durch das Wagensteigtal von Buchenbach hoch nach St. M\u00e4rgen f\u00fchrte fr\u00fcher ein bedeutender Verbindungsweg zwischen dem Donaugebiet \u00fcber den Schwarzwald ins Rheintal.<\/p>\n<p>&nbsp;<\/p>\n<p><a href=\"https:\/\/www.freiburg-schwarzwald.de\/blog\/regio\/orte\/buchenbach\/wagensteig\/wagensteig-loewen130928\/\" rel=\"attachment wp-att-38556\"><img loading=\"lazy\" decoding=\"async\" class=\"alignnone size-thumbnail wp-image-38556\" title=\"wagensteig-loewen130928\" src=\"https:\/\/www.freiburg-schwarzwald.de\/blog\/wp-content\/uploads\/2013\/05\/wagensteig-loewen130928-180x135.jpg\" alt=\"\" width=\"180\" height=\"135\" srcset=\"https:\/\/www.freiburg-schwarzwald.de\/blog\/wp-content\/uploads\/2013\/05\/wagensteig-loewen130928-180x135.jpg 180w, https:\/\/www.freiburg-schwarzwald.de\/blog\/wp-content\/uploads\/2013\/05\/wagensteig-loewen130928-640x480.jpg 640w, https:\/\/www.freiburg-schwarzwald.de\/blog\/wp-content\/uploads\/2013\/05\/wagensteig-loewen130928.jpg 1000w\" sizes=\"auto, (max-width: 180px) 100vw, 180px\" \/><\/a>\u00a0 \u00a0 \u00a0 \u00a0 \u00a0 \u00a0 \u00a0\u00a0<a href=\"https:\/\/www.freiburg-schwarzwald.de\/blog\/regio\/orte\/buchenbach\/wagensteig\/kohlengrund200425\/\" rel=\"attachment wp-att-80568\"><img loading=\"lazy\" decoding=\"async\" class=\"alignnone size-thumbnail wp-image-80568\" src=\"https:\/\/www.freiburg-schwarzwald.de\/blog\/wp-content\/uploads\/2013\/05\/kohlengrund200425-180x135.jpg\" alt=\"kohlengrund200425\" width=\"180\" height=\"135\" srcset=\"https:\/\/www.freiburg-schwarzwald.de\/blog\/wp-content\/uploads\/2013\/05\/kohlengrund200425-180x135.jpg 180w, https:\/\/www.freiburg-schwarzwald.de\/blog\/wp-content\/uploads\/2013\/05\/kohlengrund200425.jpg 640w\" sizes=\"auto, (max-width: 180px) 100vw, 180px\" \/><\/a><br \/>\n(1) L\u00f6wen in Wagensteig am 28.9.2013\u00a0 \u00a0 \u00a0 (2) Blick vom Metzgersh\u00e4usle in den Kohlergrund am25.4.2020<\/p>\n<p>&nbsp;<\/p>\n<p>&nbsp;<\/p>\n<p><strong>Null-Stern-Hotel am Schmiedsh\u00e4usle im Schweigbrunnen<\/strong><br \/>\nSonnenaufgang auf dem Berg? Sensationell, aber wer sch\u00e4lt sich schon freiwillig fr\u00fch morgens aus dem warmen Bettchen um den Weg nach oben auf sich zu nehmen. Die L\u00f6sung ist ganz einfach: ein gro\u00dfes kuscheliges Bett auf einer Wiese in Alleinlage, ber\u00fchrende Ruhe auf 850 H\u00f6henmeter und einen atemberaubenden 180 Grad Panoramablick auf Feldberg, Vogesen und Tiefebene \u2013 Augen auf und Sonnenuntergang und -aufgang gem\u00fctlich zugedeckt genie\u00dfen.<br \/>\nNebenerwerbslandwirt Thomas Schuler lebt im Schmiedsh\u00e4usle in traumhafter H\u00f6henlage \u00fcber Buchenbach, abseits von jeglichen Zivilisationsger\u00e4uschen, umgeben von weitl\u00e4ufigen Bergwiesen. Maximilian Riedt ist \u201eder Balkenbettenbauer\u201c aus St. Peter. gemeinsam hatten die beiden Freunde die wunderbare Idee eine \u00dcbernachtung im \u201e1 Million Sterne\u201c- Hotel anzubieten. Riedt hat das Outdoor-Bett aus geschichtstr\u00e4chtigem Tannenholz konzipiert. Die sch\u00f6nen Balken durften 500 Jahre lang \u00fcber der R\u00e4ucherk\u00fcche eines alten Schwarzwaldhofes ihren tragenden Dienst verrichten und hier auch ihre wundersch\u00f6ne Patina erhalten.<br \/>\nInspiriert wurden die beiden von den Schweizer K\u00fcnstlern Frank und Patrick Riklin, welche das Konzept erfolgreich in feinster Schweizer H\u00f6henluft anbieten. Der Schwarzwald kann hier m\u00fchelos mithalten, so genie\u00dfen auch hier Menschen mit Lust \u201eauf das gewisse Etwas\u201c eine \u00dcbernachtung im bequemen Doppelbett mit Champagner, endloser Ruhe und Fernsicht bis sich die m\u00fcden Augen schlie\u00dfen. Regen oder K\u00e4lte? Das Bett ist dann umh\u00fcllt von einem waben\u00e4hnlichen Schutzdach. Drau\u00dfen Winterstimmung und im Innern wohlige Temperaturen. 1 Million Sterne statt Marmorbad und Gedr\u00e4nge am Fr\u00fchst\u00fccksbuff et f\u00fcr 180,-\u20ac\/Nacht.<br \/>\n.<br \/>\nAnmeldung und n\u00e4here Infos per Mail an:<br \/>\nschuler-th@gmx.de. Thomas Schuler,<br \/>\nSchweigbrunnenstr. 9,79256 Buchenbach-Wagensteig,<br \/>\nTel. 07661 \/ 61 62 26. Auch \u00fcber Rbnb buchbar.<br \/>\n.<br \/>\n11.12.2019, Susanne van Herk, <a href=\"https:\/\/www.dreisamtaeler.de\">https:\/\/www.dreisamtaeler.de<\/a><\/p>\n<p><a href=\"https:\/\/www.freiburg-schwarzwald.de\/blog\/regio\/orte\/buchenbach\/wagensteig\/schmiedshaeusle-bett2019dez11\/\" rel=\"attachment wp-att-76971\"><img loading=\"lazy\" decoding=\"async\" class=\"alignnone size-thumbnail wp-image-76971\" src=\"https:\/\/www.freiburg-schwarzwald.de\/blog\/wp-content\/uploads\/2013\/05\/schmiedshaeusle-bett2019dez11-180x135.jpg\" alt=\"schmiedshaeusle-bett2019dez11\" width=\"180\" height=\"135\" srcset=\"https:\/\/www.freiburg-schwarzwald.de\/blog\/wp-content\/uploads\/2013\/05\/schmiedshaeusle-bett2019dez11-180x135.jpg 180w, https:\/\/www.freiburg-schwarzwald.de\/blog\/wp-content\/uploads\/2013\/05\/schmiedshaeusle-bett2019dez11.jpg 594w\" sizes=\"auto, (max-width: 180px) 100vw, 180px\" \/><\/a>\u00a0 Schmiedsh\u00e4usle im Herbst 2019<br \/>\n.<\/p>\n<p>\u00abZu eng, zu ordentlich, zu mysteri\u00f6s\u00bb: Wie die Erfinder des Null-Stern-Hotels \u00fcber den Kunstbetrieb denken<br \/>\n<a href=\"https:\/\/www.tagblatt.ch\/ostschweiz\/der-kunstbetrieb-ist-zu-ordentlich-ld.1137736\">https:\/\/www.tagblatt.ch\/ostschweiz\/der-kunstbetrieb-ist-zu-ordentlich-ld.1137736<\/a><br \/>\n<a href=\"https:\/\/therelevent.com\/project\/frank-und-patrik-riklin\/\">https:\/\/therelevent.com\/project\/frank-und-patrik-riklin\/<\/a><br \/>\n.<br \/>\nNull-Stern-Hotel bzw. Bignik bzw. &#8222;Zero Real Estate&#8220;<br \/>\n<a href=\"https:\/\/www.srf.ch\/kultur\/kunst\/frank-und-patrik-riklin-als-freigeister-unter-freiem-himmel\">https:\/\/www.srf.ch\/kultur\/kunst\/frank-und-patrik-riklin-als-freigeister-unter-freiem-himmel<\/a><\/p>\n<p>.<\/p>\n<p>&nbsp;<\/p>\n<p>&nbsp;<\/p>\n","protected":false},"excerpt":{"rendered":"<p>Home &gt;Regio &gt;Orte\u00a0&gt;Buchenbach &gt;Wagensteig &nbsp; Null-Stern-Hotel am Schmiedsh\u00e4usle im Schweigbrunnen (11.12.2019) Steigweg im Herbst &#8211; \u00fcber dem Nebel &gt;Steig (11.11.2011) Bobby-Car- und Tretschleppertreffen mit Dorfhock am 6.Sept (2.9.2009) Wagensteiger Scheibenbube am Hang \u00fcber dem Saierhof &gt;Sche\u00edbenschlagen (23.3.2009) MTB: FR &#8211; &hellip; <a href=\"https:\/\/www.freiburg-schwarzwald.de\/blog\/regio\/orte\/buchenbach\/wagensteig\/\">Weiterlesen <span class=\"meta-nav\">&rarr;<\/span><\/a><\/p>\n","protected":false},"author":4,"featured_media":0,"parent":1602,"menu_order":0,"comment_status":"open","ping_status":"closed","template":"","meta":{"footnotes":""},"class_list":["post-30882","page","type-page","status-publish","hentry"],"_links":{"self":[{"href":"https:\/\/www.freiburg-schwarzwald.de\/blog\/wp-json\/wp\/v2\/pages\/30882","targetHints":{"allow":["GET"]}}],"collection":[{"href":"https:\/\/www.freiburg-schwarzwald.de\/blog\/wp-json\/wp\/v2\/pages"}],"about":[{"href":"https:\/\/www.freiburg-schwarzwald.de\/blog\/wp-json\/wp\/v2\/types\/page"}],"author":[{"embeddable":true,"href":"https:\/\/www.freiburg-schwarzwald.de\/blog\/wp-json\/wp\/v2\/users\/4"}],"replies":[{"embeddable":true,"href":"https:\/\/www.freiburg-schwarzwald.de\/blog\/wp-json\/wp\/v2\/comments?post=30882"}],"version-history":[{"count":0,"href":"https:\/\/www.freiburg-schwarzwald.de\/blog\/wp-json\/wp\/v2\/pages\/30882\/revisions"}],"up":[{"embeddable":true,"href":"https:\/\/www.freiburg-schwarzwald.de\/blog\/wp-json\/wp\/v2\/pages\/1602"}],"wp:attachment":[{"href":"https:\/\/www.freiburg-schwarzwald.de\/blog\/wp-json\/wp\/v2\/media?parent=30882"}],"curies":[{"name":"wp","href":"https:\/\/api.w.org\/{rel}","templated":true}]}}