{"id":30623,"date":"2013-05-21T09:07:09","date_gmt":"2013-05-21T07:07:09","guid":{"rendered":"https:\/\/www.freiburg-schwarzwald.de\/blog\/?page_id=30623"},"modified":"2026-08-15T19:03:35","modified_gmt":"2026-08-15T17:03:35","slug":"baechle","status":"publish","type":"page","link":"https:\/\/www.freiburg-schwarzwald.de\/blog\/regio\/freiburg\/baechle\/","title":{"rendered":"Baechle"},"content":{"rendered":"<p>Home\u00a0&gt;<a title=\"Regio\" href=\"https:\/\/www.freiburg-schwarzwald.de\/blog\/regio\/\">Regio<\/a> &gt;<a title=\"Orte\" href=\"https:\/\/www.freiburg-schwarzwald.de\/blog\/regio\/orte\/\">Orte<\/a>\u00a0&gt;<a title=\"Freiburg\" href=\"https:\/\/www.freiburg-schwarzwald.de\/blog\/regio\/freiburg\/\">Freiburg<\/a>\u00a0&gt;<a title=\"Stadtfreiburg\" href=\"https:\/\/www.freiburg-schwarzwald.de\/blog\/regio\/freiburg\/stadtfreiburg\/\">StadtFreiburg<\/a>\u00a0&gt;<a title=\"Fluss\" href=\"https:\/\/www.freiburg-schwarzwald.de\/blog\/regio\/fluss\/\">Fluss<\/a>\u00a0&gt;Baechle<\/p>\n<div id=\"attachment_30637\" style=\"width: 641px\" class=\"wp-caption alignnone\"><a href=\"https:\/\/www.freiburg-schwarzwald.de\/blog\/regio\/freiburg\/baechle\/baechle-pan080905\/\" rel=\"attachment wp-att-30637\"><img loading=\"lazy\" decoding=\"async\" aria-describedby=\"caption-attachment-30637\" class=\"size-full wp-image-30637\" title=\"baechle-pan080905\" src=\"https:\/\/www.freiburg-schwarzwald.de\/blog\/wp-content\/uploads\/2013\/05\/baechle-pan080905.jpg\" alt=\"\" width=\"631\" height=\"280\" srcset=\"https:\/\/www.freiburg-schwarzwald.de\/blog\/wp-content\/uploads\/2013\/05\/baechle-pan080905.jpg 631w, https:\/\/www.freiburg-schwarzwald.de\/blog\/wp-content\/uploads\/2013\/05\/baechle-pan080905-180x79.jpg 180w\" sizes=\"auto, (max-width: 631px) 100vw, 631px\" \/><\/a><p id=\"caption-attachment-30637\" class=\"wp-caption-text\">Freiburger B\u00e4chle am 5.9.2008 &#8211; zwar nass und sauber, aber kein Trinkwasser<\/p><\/div>\n<p>&nbsp;<\/p>\n<ul>\n<li><em>Listenauswahl eines Beitrags (Artikel\/Datum, Seite\/Inhalt): <span style=\"text-decoration: underline;\">Klicken<\/span> oder scrollen<\/em><\/li>\n<li>Freiburgs B\u00e4chle liegen trocken \u2013 und die Touristen haben viele Fragen an B\u00e4chleputzer Stocky (15..8.2026)<\/li>\n<li><a title=\"Smartphone\" href=\"https:\/\/www.freiburg-schwarzwald.de\/blog\/kultur\/medien\/smartphone\/\">Daddelnde M\u00fctter<\/a> (4.7.2020)<\/li>\n<li><a href=\"https:\/\/www.freiburg-schwarzwald.de\/blog\/kultur\/kunst\/baechle-kunst\/\">https:\/\/www.freiburg-schwarzwald.de\/blog\/kultur\/kunst\/baechle-kunst\/<\/a> &#8211; neu ab 4\/2012<\/li>\n<li><strong><a href=\"https:\/\/www.freiburg-dreisamtal.de\/baechle.htm\">www.freiburg-dreisamtal.de\/baechle.htm<\/a> &gt;Archivseite B\u00e4chle in Freiburg<\/strong><\/li>\n<li><a href=\"https:\/\/www.freiburg-schwarzwald.de\/littenweiler\/baechle2.htm\">Neues zur B\u00e4chle-Seite ab 17. Juli 2009<\/a> &gt;Baechle2<\/li>\n<li><a href=\"https:\/\/www.freiburg-schwarzwald.de\/littenweiler\/baechle1.htm\">Neues zur B\u00e4chle-Seite ab 2007<\/a> &gt;Baechle1<\/li>\n<li><a href=\"https:\/\/www.freiburg-schwarzwald.de\/attac2011.htm#B\u00e4chle-Tour von Attac mit 8 Stationen in Freiburg City\">Attac-B\u00e4chle-Tour mit 8 Stationen in Freiburg City<\/a> &gt;Attac2011 (8.8.2011)<\/li>\n<li><a href=\"https:\/\/www.freiburg-schwarzwald.de\/littenweiler\/baechle.htm#B\u00e4chle, B\u00e4chle, B\u00e4chle\">B\u00e4chle, B\u00e4chle, B\u00e4chle &#8211; \u00fcber 9 km lang in der Freiburger Altstadt<\/a><\/li>\n<li><a href=\"https:\/\/www.freiburg-schwarzwald.de\/littenweiler\/baechle.htm#B\u00e4chle in Kleingartenanlage - Wasserkraft bewegt Figuren\">B\u00e4chle in Kleingartenanlage &#8211; Wasserkraft bewegt Figuren<\/a> (16.8.2006)<\/li>\n<li><a href=\"https:\/\/www.freiburg-schwarzwald.de\/littenweiler\/buch.htm#Iso Himmelsbach, Freiburg\">Bachabschlag. Von B\u00e4chen und Kan\u00e4len in Freiburg &#8211; Buch von Iso Himmelsbach<\/a> &gt;Buch<\/li>\n<li><a href=\"https:\/\/www.freiburg-schwarzwald.de\/steinmetz1.htm#Bildhauer J\u00f6rg Bollin beteiligt sich an Ausstellung Im B\u00e4chle\">Bildhauer J\u00f6rg Bollin beteiligt sich an Ausstellung &#8222;Im B\u00e4chle&#8220;<\/a> &gt;Steinmetz1 (19.7.2007)<\/li>\n<li><a href=\"https:\/\/www.freiburg-schwarzwald.de\/littenweiler\/baechle.htm#Gewerbebach zwischen Sandfang und Stadt\">Gewerbebach zwischen Sandfang und Stadt<\/a><\/li>\n<li><a href=\"https:\/\/www.freiburg-schwarzwald.de\/wasser.htm#Freiburger Stadtgew\u00e4sser - Virtueller Rundgang\">Gewerbebach und Glasbach in Freiburg &#8211; Virtueller Rundgang<\/a> &gt;Wasser<\/li>\n<li><a href=\"https:\/\/www.freiburg-schwarzwald.de\/littenweiler\/kanonenplatz.htm\">Kanonenplatz auf dem Schlo\u00dfberg<\/a> &gt;Kanonenplatz<\/li>\n<li><a href=\"https:\/\/www.freiburg-schwarzwald.de\/littenweiler\/baechle1.htm\">KUNST im B\u00e4chle &#8211; Ausstellung am 20.\/21.Juli 2007<\/a> &gt;Baechle1 (20.7.2007)<\/li>\n<li><a href=\"https:\/\/www.freiburg-schwarzwald.de\/littenweiler\/oberau.htm\">Oberau zwischen Schwarzwaldstrasse und Dreisam<\/a> &gt;Oberau<\/li>\n<li><a href=\"https:\/\/www.freiburg-schwarzwald.de\/littenweiler\/oberstadt.htm\">Oberstadt &#8211; Schwabentor &#8211; Oberlinden<\/a> &gt;Oberstadt<\/li>\n<li><a href=\"https:\/\/www.freiburg-schwarzwald.de\/littenweiler\/bach.htm#Runzknecht Karl Vonderstra\u00df pflegt Freiburgs B\u00e4che\">Runzknecht Karl Vonderstra\u00df pflegt Freiburgs B\u00e4che<\/a> &gt;Bach<\/li>\n<li><a href=\"https:\/\/www.freiburg-schwarzwald.de\/freiburg2.htm#Freiburgs B\u00e4chle und die Stra\u00dfenbahn\">Strassenbahn und Freiburgs B\u00e4chle<\/a> &gt;Freiburg2 (18.1.2006)<\/li>\n<li><a href=\"https:\/\/www.freiburg-schwarzwald.de\/littenweiler\/baechle.htm#Und j\u00e4hrlich gr\u00fc\u00dft der Bachabschlag - immer l\u00e4nger\">Und j\u00e4hrlich gr\u00fc\u00dft der Bachabschlag &#8211; immer l\u00e4nger<\/a> &gt;Baechle (17.10.2008)<\/li>\n<li><a href=\"https:\/\/www.freiburg-schwarzwald.de\/freiburg-schlossberg.htm\">Vom Schwabenturm \u00fcber Kanonenplatz zum Aussichtsturm<\/a> &gt;Freiburg-Schlossberg<\/li>\n<li><a href=\"https:\/\/www.freiburg-schwarzwald.de\/littenweiler\/baechle.htm#Wie die Stadt zu ihren B\u00e4chle kam\">Wie die Stadt zu ihren B\u00e4chle kam<\/a> (21.8.2006)<\/li>\n<li><a href=\"https:\/\/www.freiburg-schwarzwald.de\/littenweiler\/wiehre.htm\">Wiehre<\/a>\u00a0 &gt;Wiehre<\/li>\n<li><a href=\"https:\/\/www.freiburg-schwarzwald.de\/littenweiler\/baechle.htm#B\u00e4chle - Feigen - Ficken\">Zufallsgeschichte: B\u00e4chle &#8211; Feigen<\/a> (5.6.2007)<\/li>\n<li>B\u00e4chle, B\u00e4chle, B\u00e4chle &#8211; \u00fcber 9 km lang in der Freiburger Altstadt<\/li>\n<li>B\u00e4chle-Bilder<\/li>\n<li><a href=\"https:\/\/www.freiburg-schwarzwald.de\/littenweiler\/baechle.htm#Links\">Links<\/a><\/li>\n<li><a href=\"https:\/\/www.freiburg-schwarzwald.de\/littenweiler\/strassenpflaster.htm\">Strassenpflaster &#8211; Mosaiksteine<\/a> &gt;Strassenpflaster<\/li>\n<li><a href=\"https:\/\/www.freiburg-schwarzwald.de\/littenweiler\/bach.htm\">B\u00e4che durch Freiburg<\/a> &gt;Bach<\/li>\n<li><a href=\"https:\/\/www.freiburg-schwarzwald.de\/brunnen.htm#Brunnen in der Freiburger Altstadt\">Brunnen in Freiburgs Altstadt<\/a> &gt;Brunnen<\/li>\n<li><a href=\"https:\/\/www.freiburg-schwarzwald.de\/virtuelleswasser.htm\">Virtuelles Wasser &#8211; in den Produkten versteckt<\/a> &gt;VirtuellesWasser<\/li>\n<\/ul>\n<p>&nbsp;<\/p>\n<p>&nbsp;<\/p>\n<p><strong>Freiburgs B\u00e4chle liegen trocken \u2013 und die Touristen haben viele Fragen an B\u00e4chleputzer Stocky<\/strong><br \/>\nSeit gut zwei Wochen liegen Freiburgs B\u00e4chle komplett trocken. Die Dreisam hat nicht mehr genug Wasser, um die Stadtb\u00e4chle zu speisen. Das sorgt f\u00fcr gro\u00dfes Bedauern \u2013 bei Touristen und B\u00e4chleputzern<br \/>\n&#8230;.<br \/>\nAlain Stockmayr, der B\u00e4chleputzer Stocky, steht ein paar hundert Meter weiter oben am Schwabentor. Hier, wo die B\u00e4chle ihren Anfang nehmen und wo sie besonders breit und tief sind. Auch Stocky muss viele Fragen von Stadtbesuchern und Einheimischen beantworten. Er und sein vierk\u00f6pfiges Team putzen trotzdem die B\u00e4chle. Holen M\u00fcll und vor allem weggeworfene Zigarettenkippen aus den Rinnen. &#8222;Ich sag&#8216; immer: Die B\u00e4chle sind Freiburgs gr\u00f6\u00dfter Aschenbecher. Leider&#8220;, so der 60-J\u00e4hrige. Seit 25 Jahren arbeitet Stockmayr f\u00fcr die Abfallwirtschaft und Stadtreinigung Freiburg (ASF), seit 15 Jahren ist er B\u00e4chleputzer \u2013 ein Beruf, den es bekanntlich nur in Freiburg gibt. Er l\u00e4uft t\u00e4glich 10 bis 15 Kilometer quer durch die Stadt entlang der Mini-Kan\u00e4le. 16 Kilometer sind die B\u00e4chle lang, verlaufen teils unterirdisch. Rund acht oberirdische Kilometer werden von den B\u00e4chleputzern t\u00e4glich ges\u00e4ubert.<br \/>\n.<br \/>\nDie Trockenlegung hat sich abgezeichnet. In den ersten Juli-Wochen gab es noch genug Wasser. Da sa\u00dfen abends Hunderte von Menschen mit den F\u00fc\u00dfen an den Stadtb\u00e4chle, k\u00fchlten und entspannten sich, meist mit einem Getr\u00e4nk in der Hand. Doch dann sank der Dreisampegel dramatisch. &#8222;Die B\u00e4chle wurden dann immer mehr zu Rinnsalen&#8220;, berichtet Stocky. Seit gut zwei Wochen herrscht komplett Ebbe. &#8222;Wir putzen nat\u00fcrlich auch viel lieber, wenn Wasser in den B\u00e4chle ist&#8220;, sagt er. 2016 und dann vor allem im Jahr 2018 hat es auch schon lange Trockenphasen f\u00fcr die freiburg-spezifischen Wasserl\u00e4ufe gegeben, wie er sich erinnert. Im vergangenen Jahr dagegen seien die B\u00e4chle den ganzen Sommer \u00fcber durchgelaufen. Dieses Jahr droht erneut eine lange Pause. &#8222;Man br\u00e4uchte f\u00fcr die Zukunft vielleicht ein anderes System, aber ich wei\u00df auch nicht, wie man das bewerkstelligen sollte, wenn das Wasser so knapp ist&#8220;, meint Stocky.<\/p>\n<p>Die Geschichte der B\u00e4chle reicht mehr als 800 Jahre zur\u00fcck<br \/>\nDie B\u00e4chle, 1220 erstmals urkundlich erw\u00e4hnt, sind Teil der Freiburger Identit\u00e4t. Mit Blick auf den Klimawandel steht zu bef\u00fcrchten, dass dem flie\u00dfenden Freiburg-Wahrzeichen weitere harte Sommer bevorstehen. Der Pegel der Dreisam bei Ebnet lag am Freitag bei 26 Zentimetern \u2013 mehr als 40 Zentimeter unter dem Normalwert. Im Normalfall hat die Dreisam einen Abfluss von 5,63 Kubikmetern pro Sekunde \u2013 aktuell sind es bei Ebnet nur mickrige 0,14 Kubikmeter. Das hat Folgen \u2013 nicht nur f\u00fcr die B\u00e4chle.<br \/>\nDas B\u00e4chlewasser wird normalerweise an einer Stellfalle am Sandfang f\u00fcr den Gewerbebach abgezweigt. &#8222;Die Stellfalle ist auch aktuell offen, aber es flie\u00dft aufgrund des extremen Niedrigwassers nur halt gar kein Wasser in den Gewerbebach&#8220;, erkl\u00e4rt Stadtsprecherin Linda Widmann. Das Wasser der Dreisam werde von vielen Seiten ben\u00f6tigt und deswegen \u00fcber die Regulierungen der Wehre in Absprache mit dem Garten- und Tiefbauamt und dem Umweltschutzamt \u00fcber die sogenannten Runzen geregelt. Da gebe es von allen Seiten unterschiedliche Interessen: abzweigende Bachl\u00e4ufe f\u00fcr den Erhalt der Fauna und Flora, die Bew\u00e4sserung der durchflossenen Waldabschnitte, die Beschickung der eigentlichen Dreisam (ebenfalls Fauna und Flora), die Wasserkraftanlagen \u2013 und dann gibt es nat\u00fcrlich auch den touristischen Nutzen mit den B\u00e4chle. &#8222;Wenn der Wasserstand so niedrig ist wie derzeit, k\u00f6nnen all diese Bedarfe nicht mehr gedeckt werden&#8220;, so Linda Widmann.<br \/>\n&#8230; Alles vom 15.8.2026 von Joachim R\u00f6derer bitte lesen auf<br \/>\n<a href=\"https:\/\/www.badische-zeitung.de\/freiburgs-baechle-liegen-trocken-und-die-touristen-haben-viele-fragen-an-baechleputzer-stocky\">https:\/\/www.badische-zeitung.de\/freiburgs-baechle-liegen-trocken-und-die-touristen-haben-viele-fragen-an-baechleputzer-stocky<\/a><\/p>\n<p>&nbsp;<\/p>\n<p><a name=\"B\u00e4chle, B\u00e4chle, B\u00e4chle\"><\/a><strong>B\u00e4chle, B\u00e4chle, B\u00e4chle &#8211; \u00fcber 9 km lang in der Freiburger Altstadt<\/strong><\/p>\n<p>Vom Gewerbekanal her f\u00fchrt ein Kanal 500 m lang unterirdisch zwischen Kart\u00e4userstrasse und Schlo\u00dfberg in der Minute ungef\u00e4hr 250 Liter Wasser zum Schwabentor heran, dem h\u00f6chsten Punkt des B\u00e4chlesystems. Dann verteilen sich die B\u00e4chle in der Freiburger Altstadt: Ungef\u00e4hr 9 km lang (3 km unterirdisch und 6 km offen), durch 142 Schieber geregelt und mit Rechen, Sinker und \u00dcberlaufstellen ausgestattet. An Oberlinden und in der Herrenstrasse sind die B\u00e4chle \u00fcber 1 m breit und 60 cm tief; die schmalste B\u00e4chle findet sich in der Kaufhausgasse 35 cm breit und 15 cm tief, dann folgen Buttergasse und Pr\u00e4senzg\u00e4\u00dfle..<br \/>\nJedes Jahr Mitte Oktober ist Bachabschlag: Dann wird das Wasser f\u00fcr zwei Wochen abgelassen, und die beiden bei der Stadt Freiburg festangestellten B\u00e4chleputzer Peter Streicher und Uwe Lang mitsamt Helfern von der Badenova reinigen und warten die B\u00e4chle.<\/p>\n<p>Ungef\u00e4hr zur Zeit des M\u00fcnsterbaubeginns um 1250 wird eine weitere Freiburger Sehensw\u00fcrdigkeit zum ersten Mal urkundlich erw\u00e4hnt (genauer: 1238 beim ehem. Dominikanerkloster an Unterlinden) &#8211; die Freiburger B\u00e4chle, die jedem Gast der Stadt in Erinnerung bleiben und ein wahres Kuriosum darstellen, durchziehen sie doch die gesamte Innenstadt und bieten im Sommer vor allem den kleinen Besuchern eine willkommene Abk\u00fchlung. Wer aus Unachtsamkeit in eines dieser B\u00e4chle tritt, so sagt man, wird auf ewig in Freiburg bleiben, die B\u00e4chle haben Drachenkraft. Die <a href=\"https:\/\/www.freiburg-schwarzwald.de\/littenweiler\/dreisam.htm\">Dreisam<\/a> beliefert den Gewerbekanal und dieser wiederum die &#8222;Freiburger B\u00e4chle&#8220; mit Wasser, wobei ca 250 l Wasser pro Sekunde abgezweigt werden.<\/p>\n<p>Nat\u00fcrlich spielte die Wasserversorgung auch f\u00fcr die gesamte Stadt Freiburg eine gro\u00dfe Rolle \u2013 der zweite Grund f\u00fcr Kan\u00e4le und B\u00e4chle. Denn weil die Freiburger Altstadt nicht direkt an der Dreisam erbaut wurde, musste Be- und Entw\u00e4sserung schon fr\u00fch gekl\u00e4rt werden. Am Sandfangweg unterhalb der Br\u00fccke wurde ein Versorgungskanal von der Dreisam abgezweigt \u2013 auch heute noch sprudelt das Wasser von hier aus in die Stadt! Bereits im 13. Jahrhundert rauschten dann die B\u00e4chle durch Freiburgs Zentrum. Urspr\u00fcnglich verliefen sie in der Stra\u00dfenmitte, wurden im Brandfall aufgestaut und so als L\u00f6schwasser benutzt. Um 1500 wurde dann ein 560 Meter langer Tunnel durch den Schlossberg gegraben, der die Wasserversorgung der B\u00e4chle verbesserte und der \u2013 so wie die Kanalabzweigung am Sandfangweg \u2013 noch heute in Betrieb ist.<br \/>\n<a href=\"https:\/\/www.ig-dreisam.de\/dreisam\/auenland.html\">https:\/\/www.ig-dreisam.de\/dreisam\/auenland.html<\/a><\/p>\n<p>&nbsp;<\/p>\n<p><strong>B\u00e4chle-Bilder<\/strong><\/p>\n<h5><a href=\"https:\/\/www.freiburg-schwarzwald.de\/blog\/regio\/freiburg\/baechle\/baechle5fussballfans130518\/\" rel=\"attachment wp-att-30626\"><img loading=\"lazy\" decoding=\"async\" class=\"alignnone size-thumbnail wp-image-30626\" title=\"baechle5fussballfans130518\" src=\"https:\/\/www.freiburg-schwarzwald.de\/blog\/wp-content\/uploads\/2013\/05\/baechle5fussballfans130518-147x180.jpg\" alt=\"\" width=\"147\" height=\"180\" srcset=\"https:\/\/www.freiburg-schwarzwald.de\/blog\/wp-content\/uploads\/2013\/05\/baechle5fussballfans130518-147x180.jpg 147w, https:\/\/www.freiburg-schwarzwald.de\/blog\/wp-content\/uploads\/2013\/05\/baechle5fussballfans130518.jpg 517w\" sizes=\"auto, (max-width: 147px) 100vw, 147px\" \/><\/a>\u00a0\u00a0\u00a0\u00a0\u00a0\u00a0\u00a0\u00a0\u00a0\u00a0\u00a0\u00a0\u00a0\u00a0\u00a0\u00a0\u00a0\u00a0\u00a0 <a href=\"https:\/\/www.freiburg-schwarzwald.de\/blog\/regio\/freiburg\/baechle\/baechle1mama-foto130518\/\" rel=\"attachment wp-att-30627\"><img loading=\"lazy\" decoding=\"async\" class=\"alignnone size-thumbnail wp-image-30627\" title=\"baechle1mama-foto130518\" src=\"https:\/\/www.freiburg-schwarzwald.de\/blog\/wp-content\/uploads\/2013\/05\/baechle1mama-foto130518-180x155.jpg\" alt=\"\" width=\"180\" height=\"155\" srcset=\"https:\/\/www.freiburg-schwarzwald.de\/blog\/wp-content\/uploads\/2013\/05\/baechle1mama-foto130518-180x155.jpg 180w, https:\/\/www.freiburg-schwarzwald.de\/blog\/wp-content\/uploads\/2013\/05\/baechle1mama-foto130518.jpg 638w\" sizes=\"auto, (max-width: 180px) 100vw, 180px\" \/><\/a>\u00a0\u00a0\u00a0\u00a0\u00a0\u00a0\u00a0\u00a0\u00a0 <a href=\"https:\/\/www.freiburg-schwarzwald.de\/blog\/regio\/freiburg\/baechle\/baechle2boote130518\/\" rel=\"attachment wp-att-30628\"><img loading=\"lazy\" decoding=\"async\" class=\"alignnone size-thumbnail wp-image-30628\" title=\"baechle2boote130518\" src=\"https:\/\/www.freiburg-schwarzwald.de\/blog\/wp-content\/uploads\/2013\/05\/baechle2boote130518-180x141.jpg\" alt=\"\" width=\"180\" height=\"141\" srcset=\"https:\/\/www.freiburg-schwarzwald.de\/blog\/wp-content\/uploads\/2013\/05\/baechle2boote130518-180x141.jpg 180w, https:\/\/www.freiburg-schwarzwald.de\/blog\/wp-content\/uploads\/2013\/05\/baechle2boote130518.jpg 637w\" sizes=\"auto, (max-width: 180px) 100vw, 180px\" \/><\/a><br \/>\n(1) Fussbalfans am Rathaus\u00a0\u00a0\u00a0\u00a0\u00a0\u00a0\u00a0\u00a0\u00a0\u00a0\u00a0\u00a0\u00a0\u00a0\u00a0\u00a0\u00a0 (2) Mama fotografiert\u00a0am 18.5.2013\u00a0\u00a0\u00a0\u00a0\u00a0\u00a0\u00a0\u00a0\u00a0(3) Zwei Boote &#8211; ein Sohn<\/h5>\n<h5><a href=\"https:\/\/www.freiburg-schwarzwald.de\/blog\/regio\/freiburg\/baechle\/baechle3boote130518\/\" rel=\"attachment wp-att-30629\"><img loading=\"lazy\" decoding=\"async\" class=\"alignnone size-thumbnail wp-image-30629\" title=\"baechle3boote130518\" src=\"https:\/\/www.freiburg-schwarzwald.de\/blog\/wp-content\/uploads\/2013\/05\/baechle3boote130518-180x140.jpg\" alt=\"\" width=\"180\" height=\"140\" srcset=\"https:\/\/www.freiburg-schwarzwald.de\/blog\/wp-content\/uploads\/2013\/05\/baechle3boote130518-180x140.jpg 180w, https:\/\/www.freiburg-schwarzwald.de\/blog\/wp-content\/uploads\/2013\/05\/baechle3boote130518.jpg 640w\" sizes=\"auto, (max-width: 180px) 100vw, 180px\" \/><\/a>\u00a0\u00a0\u00a0\u00a0\u00a0\u00a0\u00a0\u00a0\u00a0 <a href=\"https:\/\/www.freiburg-schwarzwald.de\/blog\/regio\/freiburg\/baechle\/baechle4boote-oma130518\/\" rel=\"attachment wp-att-30630\"><img loading=\"lazy\" decoding=\"async\" class=\"alignnone size-thumbnail wp-image-30630\" title=\"baechle4boote-oma130518\" src=\"https:\/\/www.freiburg-schwarzwald.de\/blog\/wp-content\/uploads\/2013\/05\/baechle4boote-oma130518-180x137.jpg\" alt=\"\" width=\"180\" height=\"137\" srcset=\"https:\/\/www.freiburg-schwarzwald.de\/blog\/wp-content\/uploads\/2013\/05\/baechle4boote-oma130518-180x137.jpg 180w, https:\/\/www.freiburg-schwarzwald.de\/blog\/wp-content\/uploads\/2013\/05\/baechle4boote-oma130518.jpg 640w\" sizes=\"auto, (max-width: 180px) 100vw, 180px\" \/><\/a>\u00a0\u00a0\u00a0\u00a0\u00a0\u00a0\u00a0\u00a0\u00a0\u00a0 <a href=\"https:\/\/www.freiburg-schwarzwald.de\/blog\/regio\/freiburg\/muensterplatz\/muensterplatz-baechle120722\/\" rel=\"attachment wp-att-8208\"><img loading=\"lazy\" decoding=\"async\" class=\"alignnone size-thumbnail wp-image-8208\" title=\"muensterplatz-baechle120722\" src=\"https:\/\/www.freiburg-schwarzwald.de\/blog\/wp-content\/uploads\/2012\/07\/muensterplatz-baechle120722-135x180.jpg\" alt=\"\" width=\"135\" height=\"180\" srcset=\"https:\/\/www.freiburg-schwarzwald.de\/blog\/wp-content\/uploads\/2012\/07\/muensterplatz-baechle120722-135x180.jpg 135w, https:\/\/www.freiburg-schwarzwald.de\/blog\/wp-content\/uploads\/2012\/07\/muensterplatz-baechle120722.jpg 480w\" sizes=\"auto, (max-width: 135px) 100vw, 135px\" \/><\/a><br \/>\n(4) Zwei Boote &#8211; zwei S\u00f6hne\u00a0\u00a0\u00a0\u00a0\u00a0\u00a0\u00a0\u00a0\u00a0\u00a0\u00a0\u00a0\u00a0\u00a0\u00a0\u00a0\u00a0 \u00a0\u00a0\u00a0\u00a0\u00a0 (5) Oma fotografiert\u00a0\u00a0\u00a0\u00a0\u00a0\u00a0\u00a0\u00a0\u00a0\u00a0\u00a0\u00a0\u00a0\u00a0\u00a0\u00a0\u00a0\u00a0\u00a0\u00a0\u00a0\u00a0\u00a0\u00a0\u00a0\u00a0\u00a0\u00a0\u00a0 \u00a0\u00a0\u00a0\u00a0\u00a0\u00a0\u00a0\u00a0\u00a0\u00a0 (6) M\u00fcnsterplatz 22.7.2012<\/h5>\n<h5><a href=\"https:\/\/www.freiburg-schwarzwald.de\/blog\/regio\/freiburg\/muensterplatz\/muensterplatz-baechle121004\/\" rel=\"attachment wp-att-12540\"><img loading=\"lazy\" decoding=\"async\" class=\"alignnone size-thumbnail wp-image-12540\" title=\"muensterplatz-baechle121004\" src=\"https:\/\/www.freiburg-schwarzwald.de\/blog\/wp-content\/uploads\/2012\/07\/muensterplatz-baechle121004-139x180.jpg\" alt=\"\" width=\"139\" height=\"180\" srcset=\"https:\/\/www.freiburg-schwarzwald.de\/blog\/wp-content\/uploads\/2012\/07\/muensterplatz-baechle121004-139x180.jpg 139w, https:\/\/www.freiburg-schwarzwald.de\/blog\/wp-content\/uploads\/2012\/07\/muensterplatz-baechle121004.jpg 496w\" sizes=\"auto, (max-width: 139px) 100vw, 139px\" \/><\/a>\u00a0\u00a0\u00a0\u00a0\u00a0\u00a0\u00a0\u00a0\u00a0\u00a0\u00a0\u00a0\u00a0\u00a0\u00a0\u00a0\u00a0\u00a0\u00a0\u00a0\u00a0\u00a0\u00a0 <a href=\"https:\/\/www.freiburg-schwarzwald.de\/blog\/regio\/freiburg\/baechle\/freiburg9rathaus-baechle130608\/\" rel=\"attachment wp-att-32397\"><img loading=\"lazy\" decoding=\"async\" class=\"alignnone size-thumbnail wp-image-32397\" title=\"freiburg9rathaus-baechle130608\" src=\"https:\/\/www.freiburg-schwarzwald.de\/blog\/wp-content\/uploads\/2013\/05\/freiburg9rathaus-baechle130608-135x180.jpg\" alt=\"\" width=\"135\" height=\"180\" srcset=\"https:\/\/www.freiburg-schwarzwald.de\/blog\/wp-content\/uploads\/2013\/05\/freiburg9rathaus-baechle130608-135x180.jpg 135w, https:\/\/www.freiburg-schwarzwald.de\/blog\/wp-content\/uploads\/2013\/05\/freiburg9rathaus-baechle130608.jpg 480w\" sizes=\"auto, (max-width: 135px) 100vw, 135px\" \/><\/a>\u00a0\u00a0\u00a0\u00a0\u00a0\u00a0\u00a0\u00a0\u00a0\u00a0\u00a0\u00a0\u00a0\u00a0\u00a0\u00a0\u00a0\u00a0\u00a0\u00a0\u00a0\u00a0\u00a0\u00a0<a href=\"https:\/\/www.freiburg-schwarzwald.de\/blog\/regio\/freiburg\/baechle\/freiburg10rathaus-baechle130608\/\" rel=\"attachment wp-att-32398\"><img loading=\"lazy\" decoding=\"async\" class=\"alignnone size-thumbnail wp-image-32398\" title=\"freiburg10rathaus-baechle130608\" src=\"https:\/\/www.freiburg-schwarzwald.de\/blog\/wp-content\/uploads\/2013\/05\/freiburg10rathaus-baechle130608-131x180.jpg\" alt=\"\" width=\"131\" height=\"180\" srcset=\"https:\/\/www.freiburg-schwarzwald.de\/blog\/wp-content\/uploads\/2013\/05\/freiburg10rathaus-baechle130608-131x180.jpg 131w, https:\/\/www.freiburg-schwarzwald.de\/blog\/wp-content\/uploads\/2013\/05\/freiburg10rathaus-baechle130608.jpg 467w\" sizes=\"auto, (max-width: 131px) 100vw, 131px\" \/><\/a><br \/>\n(7) M\u00fcnsterplatz 4.10.2012\u00a0\u00a0\u00a0\u00a0\u00a0\u00a0\u00a0\u00a0\u00a0\u00a0\u00a0\u00a0\u00a0\u00a0\u00a0\u00a0\u00a0\u00a0\u00a0\u00a0\u00a0 (8) <a title=\"Rathaus\" href=\"https:\/\/www.freiburg-schwarzwald.de\/blog\/regio\/freiburg\/rathaus\/\">Rathausplatz<\/a> am 8.6.2013\u00a0\u00a0\u00a0\u00a0\u00a0\u00a0\u00a0\u00a0\u00a0\u00a0\u00a0\u00a0\u00a0\u00a0\u00a0\u00a0 (9) Mein Boot und ich<\/h5>\n<h5><a href=\"https:\/\/www.freiburg-schwarzwald.de\/blog\/regio\/freiburg\/baechle\/rittersporn-fahrrad130614\/\" rel=\"attachment wp-att-32721\"><img loading=\"lazy\" decoding=\"async\" class=\"alignnone size-thumbnail wp-image-32721\" title=\"rittersporn-fahrrad130614\" src=\"https:\/\/www.freiburg-schwarzwald.de\/blog\/wp-content\/uploads\/2013\/05\/rittersporn-fahrrad130614-135x180.jpg\" alt=\"\" width=\"135\" height=\"180\" srcset=\"https:\/\/www.freiburg-schwarzwald.de\/blog\/wp-content\/uploads\/2013\/05\/rittersporn-fahrrad130614-135x180.jpg 135w, https:\/\/www.freiburg-schwarzwald.de\/blog\/wp-content\/uploads\/2013\/05\/rittersporn-fahrrad130614.jpg 480w\" sizes=\"auto, (max-width: 135px) 100vw, 135px\" \/><\/a>\u00a0\u00a0\u00a0\u00a0\u00a0\u00a0\u00a0\u00a0\u00a0\u00a0\u00a0\u00a0\u00a0\u00a0\u00a0\u00a0\u00a0\u00a0\u00a0\u00a0\u00a0\u00a0\u00a0\u00a0\u00a0 <a href=\"https:\/\/www.freiburg-schwarzwald.de\/blog\/regio\/freiburg\/baechle\/baechle-freiburg130810\/\" rel=\"attachment wp-att-36245\"><img loading=\"lazy\" decoding=\"async\" class=\"alignnone size-thumbnail wp-image-36245\" title=\"baechle-freiburg130810\" src=\"https:\/\/www.freiburg-schwarzwald.de\/blog\/wp-content\/uploads\/2013\/05\/baechle-freiburg130810-142x180.jpg\" alt=\"\" width=\"142\" height=\"180\" srcset=\"https:\/\/www.freiburg-schwarzwald.de\/blog\/wp-content\/uploads\/2013\/05\/baechle-freiburg130810-142x180.jpg 142w, https:\/\/www.freiburg-schwarzwald.de\/blog\/wp-content\/uploads\/2013\/05\/baechle-freiburg130810.jpg 507w\" sizes=\"auto, (max-width: 142px) 100vw, 142px\" \/><\/a>\u00a0\u00a0\u00a0\u00a0\u00a0\u00a0\u00a0\u00a0\u00a0\u00a0\u00a0\u00a0\u00a0\u00a0\u00a0\u00a0\u00a0\u00a0\u00a0\u00a0 <a href=\"https:\/\/www.freiburg-schwarzwald.de\/blog\/regio\/freiburg\/baechle\/baechle130830\/\" rel=\"attachment wp-att-37261\"><img loading=\"lazy\" decoding=\"async\" class=\"alignnone size-thumbnail wp-image-37261\" title=\"baechle130830\" src=\"https:\/\/www.freiburg-schwarzwald.de\/blog\/wp-content\/uploads\/2013\/05\/baechle130830-138x180.jpg\" alt=\"\" width=\"138\" height=\"180\" srcset=\"https:\/\/www.freiburg-schwarzwald.de\/blog\/wp-content\/uploads\/2013\/05\/baechle130830-138x180.jpg 138w, https:\/\/www.freiburg-schwarzwald.de\/blog\/wp-content\/uploads\/2013\/05\/baechle130830.jpg 492w\" sizes=\"auto, (max-width: 138px) 100vw, 138px\" \/><\/a><br \/>\n(10) Rittersporn 14.6.2014\u00a0\u00a0\u00a0\u00a0\u00a0\u00a0\u00a0\u00a0\u00a0\u00a0\u00a0\u00a0\u00a0\u00a0\u00a0\u00a0\u00a0\u00a0\u00a0\u00a0\u00a0\u00a0\u00a0 (11) Rathausgasse FR 20.8.2013\u00a0\u00a0\u00a0\u00a0\u00a0\u00a0\u00a0\u00a0\u00a0 (12) Fu\u00dfbad Herrenstrasse<\/h5>\n<h5><a href=\"https:\/\/www.freiburg-schwarzwald.de\/blog\/regio\/freiburg\/baechle\/baechle1kinderwagen140422\/\" rel=\"attachment wp-att-47487\"><img loading=\"lazy\" decoding=\"async\" class=\"alignnone size-thumbnail wp-image-47487\" src=\"https:\/\/www.freiburg-schwarzwald.de\/blog\/wp-content\/uploads\/2013\/05\/baechle1kinderwagen140422-135x180.jpg\" alt=\"baechle1kinderwagen140422\" width=\"135\" height=\"180\" srcset=\"https:\/\/www.freiburg-schwarzwald.de\/blog\/wp-content\/uploads\/2013\/05\/baechle1kinderwagen140422-135x180.jpg 135w, https:\/\/www.freiburg-schwarzwald.de\/blog\/wp-content\/uploads\/2013\/05\/baechle1kinderwagen140422.jpg 480w\" sizes=\"auto, (max-width: 135px) 100vw, 135px\" \/><\/a>\u00a0\u00a0\u00a0\u00a0\u00a0\u00a0\u00a0\u00a0\u00a0\u00a0\u00a0\u00a0\u00a0\u00a0\u00a0\u00a0\u00a0\u00a0\u00a0\u00a0\u00a0\u00a0\u00a0\u00a0\u00a0 <a href=\"https:\/\/www.freiburg-schwarzwald.de\/blog\/regio\/freiburg\/baechle\/baechle1-freiburg140422\/\" rel=\"attachment wp-att-47484\"><img loading=\"lazy\" decoding=\"async\" class=\"alignnone size-thumbnail wp-image-47484\" src=\"https:\/\/www.freiburg-schwarzwald.de\/blog\/wp-content\/uploads\/2013\/05\/baechle1-freiburg140422-135x180.jpg\" alt=\"baechle1-freiburg140422\" width=\"135\" height=\"180\" srcset=\"https:\/\/www.freiburg-schwarzwald.de\/blog\/wp-content\/uploads\/2013\/05\/baechle1-freiburg140422-135x180.jpg 135w, https:\/\/www.freiburg-schwarzwald.de\/blog\/wp-content\/uploads\/2013\/05\/baechle1-freiburg140422.jpg 480w\" sizes=\"auto, (max-width: 135px) 100vw, 135px\" \/><\/a>\u00a0\u00a0\u00a0\u00a0\u00a0\u00a0\u00a0\u00a0\u00a0\u00a0\u00a0\u00a0\u00a0\u00a0\u00a0\u00a0\u00a0\u00a0\u00a0\u00a0\u00a0\u00a0\u00a0\u00a0 <a href=\"https:\/\/www.freiburg-schwarzwald.de\/blog\/regio\/freiburg\/baechle\/baechle2freiburg140422\/\" rel=\"attachment wp-att-47485\"><img loading=\"lazy\" decoding=\"async\" class=\"alignnone size-thumbnail wp-image-47485\" src=\"https:\/\/www.freiburg-schwarzwald.de\/blog\/wp-content\/uploads\/2013\/05\/baechle2freiburg140422-135x180.jpg\" alt=\"baechle2freiburg140422\" width=\"135\" height=\"180\" srcset=\"https:\/\/www.freiburg-schwarzwald.de\/blog\/wp-content\/uploads\/2013\/05\/baechle2freiburg140422-135x180.jpg 135w, https:\/\/www.freiburg-schwarzwald.de\/blog\/wp-content\/uploads\/2013\/05\/baechle2freiburg140422.jpg 482w\" sizes=\"auto, (max-width: 135px) 100vw, 135px\" \/><\/a><br \/>\n(13) Kinderwagen B\u00e4chle 22.4.\u00a0\u00a0\u00a0\u00a0\u00a0\u00a0\u00a0\u00a0\u00a0\u00a0\u00a0\u00a0\u00a0\u00a0\u00a0\u00a0 (14) KaJo am 22.4.2014\u00a0\u00a0\u00a0\u00a0\u00a0\u00a0\u00a0\u00a0\u00a0\u00a0\u00a0\u00a0\u00a0\u00a0\u00a0\u00a0\u00a0\u00a0\u00a0\u00a0\u00a0\u00a0\u00a0\u00a0\u00a0\u00a0 (15) Boote am Abgrund 22.4.<\/h5>\n<h5><a href=\"https:\/\/www.freiburg-schwarzwald.de\/blog\/regio\/freiburg\/baechle\/baechle1trio140531\/\" rel=\"attachment wp-att-48554\"><img loading=\"lazy\" decoding=\"async\" class=\"alignnone size-thumbnail wp-image-48554\" src=\"https:\/\/www.freiburg-schwarzwald.de\/blog\/wp-content\/uploads\/2013\/05\/baechle1trio140531-180x138.jpg\" alt=\"baechle1trio140531\" width=\"180\" height=\"138\" srcset=\"https:\/\/www.freiburg-schwarzwald.de\/blog\/wp-content\/uploads\/2013\/05\/baechle1trio140531-180x138.jpg 180w, https:\/\/www.freiburg-schwarzwald.de\/blog\/wp-content\/uploads\/2013\/05\/baechle1trio140531.jpg 640w\" sizes=\"auto, (max-width: 180px) 100vw, 180px\" \/><\/a>\u00a0\u00a0\u00a0\u00a0\u00a0 \u00a0\u00a0\u00a0 <a href=\"https:\/\/www.freiburg-schwarzwald.de\/blog\/regio\/freiburg\/baechle\/baechle2kind-hund140531\/\" rel=\"attachment wp-att-48555\"><img loading=\"lazy\" decoding=\"async\" class=\"alignnone size-thumbnail wp-image-48555\" src=\"https:\/\/www.freiburg-schwarzwald.de\/blog\/wp-content\/uploads\/2013\/05\/baechle2kind-hund140531-147x180.jpg\" alt=\"baechle2kind-hund140531\" width=\"147\" height=\"180\" srcset=\"https:\/\/www.freiburg-schwarzwald.de\/blog\/wp-content\/uploads\/2013\/05\/baechle2kind-hund140531-147x180.jpg 147w, https:\/\/www.freiburg-schwarzwald.de\/blog\/wp-content\/uploads\/2013\/05\/baechle2kind-hund140531.jpg 523w\" sizes=\"auto, (max-width: 147px) 100vw, 147px\" \/><\/a>\u00a0\u00a0\u00a0\u00a0\u00a0\u00a0\u00a0\u00a0\u00a0\u00a0\u00a0\u00a0\u00a0\u00a0\u00a0\u00a0\u00a0\u00a0\u00a0\u00a0\u00a0<a href=\"https:\/\/www.freiburg-schwarzwald.de\/blog\/regio\/freiburg\/baechle\/baechle3papa140531\/\" rel=\"attachment wp-att-48556\"><img loading=\"lazy\" decoding=\"async\" class=\"alignnone size-thumbnail wp-image-48556\" src=\"https:\/\/www.freiburg-schwarzwald.de\/blog\/wp-content\/uploads\/2013\/05\/baechle3papa140531-180x138.jpg\" alt=\"baechle3papa140531\" width=\"180\" height=\"138\" srcset=\"https:\/\/www.freiburg-schwarzwald.de\/blog\/wp-content\/uploads\/2013\/05\/baechle3papa140531-180x138.jpg 180w, https:\/\/www.freiburg-schwarzwald.de\/blog\/wp-content\/uploads\/2013\/05\/baechle3papa140531.jpg 639w\" sizes=\"auto, (max-width: 180px) 100vw, 180px\" \/><\/a><br \/>\n(16) Augustinerplatz\/Gr\u00fcnw\u00e4lderstrasse am 31.5.2014 gegen Mittag<\/h5>\n<h5><a href=\"https:\/\/www.freiburg-schwarzwald.de\/blog\/regio\/freiburg\/baechle\/baechle4schwestern140531\/\" rel=\"attachment wp-att-48557\"><img loading=\"lazy\" decoding=\"async\" class=\"alignnone size-thumbnail wp-image-48557\" src=\"https:\/\/www.freiburg-schwarzwald.de\/blog\/wp-content\/uploads\/2013\/05\/baechle4schwestern140531-141x180.jpg\" alt=\"baechle4schwestern140531\" width=\"141\" height=\"180\" srcset=\"https:\/\/www.freiburg-schwarzwald.de\/blog\/wp-content\/uploads\/2013\/05\/baechle4schwestern140531-141x180.jpg 141w, https:\/\/www.freiburg-schwarzwald.de\/blog\/wp-content\/uploads\/2013\/05\/baechle4schwestern140531.jpg 501w\" sizes=\"auto, (max-width: 141px) 100vw, 141px\" \/><\/a>\u00a0\u00a0\u00a0\u00a0\u00a0\u00a0\u00a0\u00a0\u00a0\u00a0\u00a0\u00a0\u00a0\u00a0\u00a0\u00a0\u00a0\u00a0\u00a0\u00a0\u00a0\u00a0 <a href=\"https:\/\/www.freiburg-schwarzwald.de\/blog\/regio\/freiburg\/baechle\/baechle5quartett140531\/\" rel=\"attachment wp-att-48558\"><img loading=\"lazy\" decoding=\"async\" class=\"alignnone size-thumbnail wp-image-48558\" src=\"https:\/\/www.freiburg-schwarzwald.de\/blog\/wp-content\/uploads\/2013\/05\/baechle5quartett140531-138x180.jpg\" alt=\"baechle5quartett140531\" width=\"138\" height=\"180\" srcset=\"https:\/\/www.freiburg-schwarzwald.de\/blog\/wp-content\/uploads\/2013\/05\/baechle5quartett140531-138x180.jpg 138w, https:\/\/www.freiburg-schwarzwald.de\/blog\/wp-content\/uploads\/2013\/05\/baechle5quartett140531.jpg 492w\" sizes=\"auto, (max-width: 138px) 100vw, 138px\" \/><\/a>\u00a0\u00a0\u00a0\u00a0\u00a0\u00a0\u00a0\u00a0\u00a0\u00a0\u00a0\u00a0\u00a0\u00a0\u00a0\u00a0\u00a0\u00a0\u00a0\u00a0 <a href=\"https:\/\/www.freiburg-schwarzwald.de\/blog\/regio\/freiburg\/baechle\/baechle6schwestern140531\/\" rel=\"attachment wp-att-48559\"><img loading=\"lazy\" decoding=\"async\" class=\"alignnone size-thumbnail wp-image-48559\" src=\"https:\/\/www.freiburg-schwarzwald.de\/blog\/wp-content\/uploads\/2013\/05\/baechle6schwestern140531-139x180.jpg\" alt=\"baechle6schwestern140531\" width=\"139\" height=\"180\" srcset=\"https:\/\/www.freiburg-schwarzwald.de\/blog\/wp-content\/uploads\/2013\/05\/baechle6schwestern140531-139x180.jpg 139w, https:\/\/www.freiburg-schwarzwald.de\/blog\/wp-content\/uploads\/2013\/05\/baechle6schwestern140531.jpg 494w\" sizes=\"auto, (max-width: 139px) 100vw, 139px\" \/><\/a><br \/>\n(19) 31.5.2014<\/h5>\n<h5><a href=\"https:\/\/www.freiburg-schwarzwald.de\/blog\/regio\/freiburg\/baechle\/baechle7schwestern140531\/\" rel=\"attachment wp-att-48560\"><img loading=\"lazy\" decoding=\"async\" class=\"alignnone size-thumbnail wp-image-48560\" src=\"https:\/\/www.freiburg-schwarzwald.de\/blog\/wp-content\/uploads\/2013\/05\/baechle7schwestern140531-144x180.jpg\" alt=\"baechle7schwestern140531\" width=\"144\" height=\"180\" srcset=\"https:\/\/www.freiburg-schwarzwald.de\/blog\/wp-content\/uploads\/2013\/05\/baechle7schwestern140531-144x180.jpg 144w, https:\/\/www.freiburg-schwarzwald.de\/blog\/wp-content\/uploads\/2013\/05\/baechle7schwestern140531.jpg 513w\" sizes=\"auto, (max-width: 144px) 100vw, 144px\" \/><\/a>\u00a0\u00a0\u00a0\u00a0\u00a0\u00a0\u00a0\u00a0\u00a0\u00a0\u00a0\u00a0\u00a0\u00a0\u00a0\u00a0\u00a0\u00a0\u00a0\u00a0\u00a0\u00a0\u00a0 <a href=\"https:\/\/www.freiburg-schwarzwald.de\/blog\/regio\/freiburg\/baechle\/baechle8nass140531\/\" rel=\"attachment wp-att-48561\"><img loading=\"lazy\" decoding=\"async\" class=\"alignnone size-thumbnail wp-image-48561\" src=\"https:\/\/www.freiburg-schwarzwald.de\/blog\/wp-content\/uploads\/2013\/05\/baechle8nass140531-141x180.jpg\" alt=\"baechle8nass140531\" width=\"141\" height=\"180\" srcset=\"https:\/\/www.freiburg-schwarzwald.de\/blog\/wp-content\/uploads\/2013\/05\/baechle8nass140531-141x180.jpg 141w, https:\/\/www.freiburg-schwarzwald.de\/blog\/wp-content\/uploads\/2013\/05\/baechle8nass140531.jpg 504w\" sizes=\"auto, (max-width: 141px) 100vw, 141px\" \/><\/a>\u00a0\u00a0\u00a0\u00a0\u00a0\u00a0\u00a0\u00a0\u00a0\u00a0\u00a0\u00a0\u00a0\u00a0\u00a0\u00a0\u00a0\u00a0\u00a0\u00a0 <a href=\"https:\/\/www.freiburg-schwarzwald.de\/blog\/regio\/freiburg\/baechle\/baechle9pipi140531\/\" rel=\"attachment wp-att-48562\"><img loading=\"lazy\" decoding=\"async\" class=\"alignnone size-thumbnail wp-image-48562\" src=\"https:\/\/www.freiburg-schwarzwald.de\/blog\/wp-content\/uploads\/2013\/05\/baechle9pipi140531-138x180.jpg\" alt=\"baechle9pipi140531\" width=\"138\" height=\"180\" srcset=\"https:\/\/www.freiburg-schwarzwald.de\/blog\/wp-content\/uploads\/2013\/05\/baechle9pipi140531-138x180.jpg 138w, https:\/\/www.freiburg-schwarzwald.de\/blog\/wp-content\/uploads\/2013\/05\/baechle9pipi140531.jpg 486w\" sizes=\"auto, (max-width: 138px) 100vw, 138px\" \/><\/a><br \/>\n(22)\u00a0Zwei Schwestern &#8211; ein Boot\u00a0\u00a0\u00a0\u00a0\u00a0\u00a0\u00a0\u00a0\u00a0\u00a0\u00a0\u00a0\u00a0\u00a0\u00a0 (23) So richtig nass werden\u00a0\u00a0\u00a0\u00a0\u00a0\u00a0\u00a0\u00a0\u00a0\u00a0\u00a0\u00a0\u00a0\u00a0\u00a0\u00a0\u00a0\u00a0\u00a0 (24) doch nicht etwa Pipi\u00a0?<\/h5>\n<h5><a href=\"https:\/\/www.freiburg-schwarzwald.de\/blog\/regio\/freiburg\/baechle\/baechle10cafe140531\/\" rel=\"attachment wp-att-48563\"><img loading=\"lazy\" decoding=\"async\" class=\"alignnone size-thumbnail wp-image-48563\" src=\"https:\/\/www.freiburg-schwarzwald.de\/blog\/wp-content\/uploads\/2013\/05\/baechle10cafe140531-137x180.jpg\" alt=\"baechle10cafe140531\" width=\"137\" height=\"180\" srcset=\"https:\/\/www.freiburg-schwarzwald.de\/blog\/wp-content\/uploads\/2013\/05\/baechle10cafe140531-137x180.jpg 137w, https:\/\/www.freiburg-schwarzwald.de\/blog\/wp-content\/uploads\/2013\/05\/baechle10cafe140531.jpg 486w\" sizes=\"auto, (max-width: 137px) 100vw, 137px\" \/><\/a>\u00a0\u00a0\u00a0\u00a0\u00a0\u00a0\u00a0\u00a0\u00a0\u00a0\u00a0\u00a0\u00a0\u00a0\u00a0\u00a0\u00a0\u00a0\u00a0\u00a0\u00a0 <a href=\"https:\/\/www.freiburg-schwarzwald.de\/blog\/regio\/freiburg\/baechle\/baechle5herrenstrasse140808\/\" rel=\"attachment wp-att-49987\"><img loading=\"lazy\" decoding=\"async\" class=\"alignnone size-thumbnail wp-image-49987\" src=\"https:\/\/www.freiburg-schwarzwald.de\/blog\/wp-content\/uploads\/2013\/05\/baechle5herrenstrasse140808-180x145.jpg\" alt=\"baechle5herrenstrasse140808\" width=\"180\" height=\"145\" srcset=\"https:\/\/www.freiburg-schwarzwald.de\/blog\/wp-content\/uploads\/2013\/05\/baechle5herrenstrasse140808-180x145.jpg 180w, https:\/\/www.freiburg-schwarzwald.de\/blog\/wp-content\/uploads\/2013\/05\/baechle5herrenstrasse140808.jpg 634w\" sizes=\"auto, (max-width: 180px) 100vw, 180px\" \/><\/a>\u00a0\u00a0\u00a0\u00a0\u00a0\u00a0\u00a0\u00a0\u00a0 <a href=\"https:\/\/www.freiburg-schwarzwald.de\/blog\/regio\/freiburg\/baechle\/baechle1kajo140808\/\" rel=\"attachment wp-att-49988\"><img loading=\"lazy\" decoding=\"async\" class=\"alignnone size-thumbnail wp-image-49988\" src=\"https:\/\/www.freiburg-schwarzwald.de\/blog\/wp-content\/uploads\/2013\/05\/baechle1kajo140808-135x180.jpg\" alt=\"baechle1kajo140808\" width=\"135\" height=\"180\" srcset=\"https:\/\/www.freiburg-schwarzwald.de\/blog\/wp-content\/uploads\/2013\/05\/baechle1kajo140808-135x180.jpg 135w, https:\/\/www.freiburg-schwarzwald.de\/blog\/wp-content\/uploads\/2013\/05\/baechle1kajo140808.jpg 480w\" sizes=\"auto, (max-width: 135px) 100vw, 135px\" \/><\/a><br \/>\n(25) Im Cafe am 31.5.2014\u00a0\u00a0\u00a0\u00a0\u00a0\u00a0\u00a0\u00a0\u00a0\u00a0\u00a0\u00a0\u00a0\u00a0\u00a0\u00a0\u00a0\u00a0\u00a0 (26) Herrenstrasse 8.8.2014\u00a0\u00a0\u00a0\u00a0\u00a0\u00a0\u00a0\u00a0\u00a0\u00a0\u00a0\u00a0\u00a0\u00a0\u00a0\u00a0\u00a0\u00a0 (27) Vater und Sohn 8.8.14<\/h5>\n<h5><a href=\"https:\/\/www.freiburg-schwarzwald.de\/blog\/regio\/freiburg\/baechle\/baechle4kajo140808\/\" rel=\"attachment wp-att-49989\"><img loading=\"lazy\" decoding=\"async\" class=\"alignnone size-thumbnail wp-image-49989\" src=\"https:\/\/www.freiburg-schwarzwald.de\/blog\/wp-content\/uploads\/2013\/05\/baechle4kajo140808-180x140.jpg\" alt=\"baechle4kajo140808\" width=\"180\" height=\"140\" srcset=\"https:\/\/www.freiburg-schwarzwald.de\/blog\/wp-content\/uploads\/2013\/05\/baechle4kajo140808-180x140.jpg 180w, https:\/\/www.freiburg-schwarzwald.de\/blog\/wp-content\/uploads\/2013\/05\/baechle4kajo140808.jpg 639w\" sizes=\"auto, (max-width: 180px) 100vw, 180px\" \/><\/a>\u00a0\u00a0\u00a0\u00a0\u00a0\u00a0\u00a0\u00a0\u00a0 <a href=\"https:\/\/www.freiburg-schwarzwald.de\/blog\/regio\/freiburg\/baechle\/baechle2kajo140808\/\" rel=\"attachment wp-att-49990\"><img loading=\"lazy\" decoding=\"async\" class=\"alignnone size-thumbnail wp-image-49990\" src=\"https:\/\/www.freiburg-schwarzwald.de\/blog\/wp-content\/uploads\/2013\/05\/baechle2kajo140808-138x180.jpg\" alt=\"baechle2kajo140808\" width=\"138\" height=\"180\" srcset=\"https:\/\/www.freiburg-schwarzwald.de\/blog\/wp-content\/uploads\/2013\/05\/baechle2kajo140808-138x180.jpg 138w, https:\/\/www.freiburg-schwarzwald.de\/blog\/wp-content\/uploads\/2013\/05\/baechle2kajo140808.jpg 491w\" sizes=\"auto, (max-width: 138px) 100vw, 138px\" \/><\/a>\u00a0\u00a0\u00a0\u00a0\u00a0\u00a0\u00a0\u00a0\u00a0\u00a0\u00a0\u00a0\u00a0\u00a0\u00a0\u00a0\u00a0\u00a0\u00a0\u00a0\u00a0\u00a0 <a href=\"https:\/\/www.freiburg-schwarzwald.de\/blog\/regio\/freiburg\/baechle\/baechle3kajo140808\/\" rel=\"attachment wp-att-49991\"><img loading=\"lazy\" decoding=\"async\" class=\"alignnone size-thumbnail wp-image-49991\" src=\"https:\/\/www.freiburg-schwarzwald.de\/blog\/wp-content\/uploads\/2013\/05\/baechle3kajo140808-135x180.jpg\" alt=\"baechle3kajo140808\" width=\"135\" height=\"180\" srcset=\"https:\/\/www.freiburg-schwarzwald.de\/blog\/wp-content\/uploads\/2013\/05\/baechle3kajo140808-135x180.jpg 135w, https:\/\/www.freiburg-schwarzwald.de\/blog\/wp-content\/uploads\/2013\/05\/baechle3kajo140808.jpg 480w\" sizes=\"auto, (max-width: 135px) 100vw, 135px\" \/><\/a><br \/>\n(28) Kinderwagen links und rechts\u00a0\u00a0\u00a0\u00a0\u00a0\u00a0\u00a0\u00a0\u00a0 (29) KaJo 8.8.2014\u00a0am B\u00e4chle\u00a0\u00a0\u00a0\u00a0\u00a0\u00a0\u00a0\u00a0\u00a0\u00a0\u00a0\u00a0\u00a0\u00a0 (30) Freiburgs Hauptstrasse<\/h5>\n<h5><a href=\"https:\/\/www.freiburg-schwarzwald.de\/blog\/regio\/freiburg\/baechle\/baechle-ohnewasser140920\/\" rel=\"attachment wp-att-50853\"><img loading=\"lazy\" decoding=\"async\" class=\"alignnone size-thumbnail wp-image-50853\" src=\"https:\/\/www.freiburg-schwarzwald.de\/blog\/wp-content\/uploads\/2013\/05\/baechle-ohnewasser140920-180x142.jpg\" alt=\"baechle-ohnewasser140920\" width=\"180\" height=\"142\" srcset=\"https:\/\/www.freiburg-schwarzwald.de\/blog\/wp-content\/uploads\/2013\/05\/baechle-ohnewasser140920-180x142.jpg 180w, https:\/\/www.freiburg-schwarzwald.de\/blog\/wp-content\/uploads\/2013\/05\/baechle-ohnewasser140920-640x507.jpg 640w, https:\/\/www.freiburg-schwarzwald.de\/blog\/wp-content\/uploads\/2013\/05\/baechle-ohnewasser140920.jpg 642w\" sizes=\"auto, (max-width: 180px) 100vw, 180px\" \/><\/a>\u00a0 \u00a0 \u00a0 \u00a0 \u00a0\u00a0<a href=\"https:\/\/www.freiburg-schwarzwald.de\/blog\/regio\/freiburg\/baechle\/baechle1tracht150911\/\" rel=\"attachment wp-att-56468\"><img loading=\"lazy\" decoding=\"async\" class=\"alignnone size-thumbnail wp-image-56468\" src=\"https:\/\/www.freiburg-schwarzwald.de\/blog\/wp-content\/uploads\/2013\/05\/baechle1tracht150911-180x146.jpg\" alt=\"baechle1tracht150911\" width=\"180\" height=\"146\" srcset=\"https:\/\/www.freiburg-schwarzwald.de\/blog\/wp-content\/uploads\/2013\/05\/baechle1tracht150911-180x146.jpg 180w, https:\/\/www.freiburg-schwarzwald.de\/blog\/wp-content\/uploads\/2013\/05\/baechle1tracht150911-640x522.jpg 640w, https:\/\/www.freiburg-schwarzwald.de\/blog\/wp-content\/uploads\/2013\/05\/baechle1tracht150911.jpg 641w\" sizes=\"auto, (max-width: 180px) 100vw, 180px\" \/><\/a>\u00a0 \u00a0 \u00a0 \u00a0 \u00a0\u00a0<a href=\"https:\/\/www.freiburg-schwarzwald.de\/blog\/regio\/freiburg\/baechle\/baechle2tracht150911\/\" rel=\"attachment wp-att-56469\"><img loading=\"lazy\" decoding=\"async\" class=\"alignnone size-thumbnail wp-image-56469\" src=\"https:\/\/www.freiburg-schwarzwald.de\/blog\/wp-content\/uploads\/2013\/05\/baechle2tracht150911-135x180.jpg\" alt=\"baechle2tracht150911\" width=\"135\" height=\"180\" srcset=\"https:\/\/www.freiburg-schwarzwald.de\/blog\/wp-content\/uploads\/2013\/05\/baechle2tracht150911-135x180.jpg 135w, https:\/\/www.freiburg-schwarzwald.de\/blog\/wp-content\/uploads\/2013\/05\/baechle2tracht150911.jpg 480w\" sizes=\"auto, (max-width: 135px) 100vw, 135px\" \/><\/a><\/h5>\n<h5>(31) B\u00e4chle wasserlos 20.9.2014 KaJo \u00a0 \u00a0(32) B\u00e4chle Herrenstrasse 11.9.2015 \u00a0(33) Tracht im B\u00e4chle 11.9.<\/h5>\n<h5><a href=\"https:\/\/www.freiburg-schwarzwald.de\/blog\/regio\/freiburg\/baechle\/baechle3fahrrad150911\/\" rel=\"attachment wp-att-56470\"><img loading=\"lazy\" decoding=\"async\" class=\"alignnone size-thumbnail wp-image-56470\" src=\"https:\/\/www.freiburg-schwarzwald.de\/blog\/wp-content\/uploads\/2013\/05\/baechle3fahrrad150911-144x180.jpg\" alt=\"baechle3fahrrad150911\" width=\"144\" height=\"180\" srcset=\"https:\/\/www.freiburg-schwarzwald.de\/blog\/wp-content\/uploads\/2013\/05\/baechle3fahrrad150911-144x180.jpg 144w, https:\/\/www.freiburg-schwarzwald.de\/blog\/wp-content\/uploads\/2013\/05\/baechle3fahrrad150911.jpg 511w\" sizes=\"auto, (max-width: 144px) 100vw, 144px\" \/><br \/>\n<\/a>(34)\u00a0Velo\u00a0B\u00e4chle Herrenstr. 11.9.<\/h5>\n<h5><a href=\"https:\/\/www.freiburg-schwarzwald.de\/blog\/wp-content\/uploads\/2025\/08\/freiburg-baechle-gruenwaelderstrasse250811.jpg\"><img loading=\"lazy\" decoding=\"async\" class=\"alignnone size-thumbnail wp-image-137708\" src=\"https:\/\/www.freiburg-schwarzwald.de\/blog\/wp-content\/uploads\/2025\/08\/freiburg-baechle-gruenwaelderstrasse250811-127x180.jpg\" alt=\"\" width=\"127\" height=\"180\" srcset=\"https:\/\/www.freiburg-schwarzwald.de\/blog\/wp-content\/uploads\/2025\/08\/freiburg-baechle-gruenwaelderstrasse250811-127x180.jpg 127w, https:\/\/www.freiburg-schwarzwald.de\/blog\/wp-content\/uploads\/2025\/08\/freiburg-baechle-gruenwaelderstrasse250811-450x640.jpg 450w, https:\/\/www.freiburg-schwarzwald.de\/blog\/wp-content\/uploads\/2025\/08\/freiburg-baechle-gruenwaelderstrasse250811.jpg 594w\" sizes=\"auto, (max-width: 127px) 100vw, 127px\" \/><\/a><br \/>\n(35) Gr\u00fcnw\u00e4lderstrasse am 11.8.2025<\/h5>\n<p>&nbsp;<\/p>\n<p>&nbsp;<\/p>\n<p>&nbsp;<\/p>\n<p>&nbsp;<\/p>\n<p>&nbsp;<\/p>\n<p>(1) Fans des FC SChalke 04 am B\u00e4chle vor dem Freiburger Rathaus vor dem Spiel SC-Schalke (1:2) am 18.5.2013<br \/>\n(2) &#8211; (5) Mama und Oma aus M\u00fcnchen mit den beiden S\u00f6hnen am B\u00e4chle in der KaJo 18.5.2013<br \/>\n(6) M\u00fcnsterplatz S\u00fcdseite am 22.7.2012: Das Rennrad im B\u00e4chle parken &#8211; f\u00fcr den k\u00fchlen Reifen<br \/>\n(7) M\u00fcnsterplatz 4.10.2012: Wurst essen am B\u00e4chle &#8211; die Tauben warten schon<br \/>\n(10) Das Fahrrad im B\u00e4chle parken am <a title=\"Muenstermarkt\" href=\"https:\/\/www.freiburg-schwarzwald.de\/blog\/business\/markt\/muenstermarkt\/\">M\u00fcnstermarkt <\/a>&#8211; \u00a0Rittersporn 14.6.2014<br \/>\n(12) Fu\u00dfbad Herrenstrasse bei Oberlinden am <a title=\"Kunstmarkt-Altstadt\" href=\"https:\/\/www.freiburg-schwarzwald.de\/blog\/kultur\/kunst\/kunstmarkt-altstadt\/\">Kunstmarkt in der oberen Altstadt <\/a>am 30.8.2013<br \/>\n(16) &#8211; (25)\u00a0Augustinerplatz, Ecke Gr\u00fcnw\u00e4lderstrasse am 31.5.2014 gegen Mittag<\/p>\n<p>&nbsp;<\/p>\n","protected":false},"excerpt":{"rendered":"<p>Home\u00a0&gt;Regio &gt;Orte\u00a0&gt;Freiburg\u00a0&gt;StadtFreiburg\u00a0&gt;Fluss\u00a0&gt;Baechle &nbsp; Listenauswahl eines Beitrags (Artikel\/Datum, Seite\/Inhalt): Klicken oder scrollen Freiburgs B\u00e4chle liegen trocken \u2013 und die Touristen haben viele Fragen an B\u00e4chleputzer Stocky (15..8.2026) Daddelnde M\u00fctter (4.7.2020) https:\/\/www.freiburg-schwarzwald.de\/blog\/kultur\/kunst\/baechle-kunst\/ &#8211; neu ab 4\/2012 www.freiburg-dreisamtal.de\/baechle.htm &gt;Archivseite B\u00e4chle in Freiburg Neues &hellip; <a href=\"https:\/\/www.freiburg-schwarzwald.de\/blog\/regio\/freiburg\/baechle\/\">Weiterlesen <span class=\"meta-nav\">&rarr;<\/span><\/a><\/p>\n","protected":false},"author":4,"featured_media":0,"parent":389,"menu_order":0,"comment_status":"open","ping_status":"closed","template":"","meta":{"footnotes":""},"class_list":["post-30623","page","type-page","status-publish","hentry"],"_links":{"self":[{"href":"https:\/\/www.freiburg-schwarzwald.de\/blog\/wp-json\/wp\/v2\/pages\/30623","targetHints":{"allow":["GET"]}}],"collection":[{"href":"https:\/\/www.freiburg-schwarzwald.de\/blog\/wp-json\/wp\/v2\/pages"}],"about":[{"href":"https:\/\/www.freiburg-schwarzwald.de\/blog\/wp-json\/wp\/v2\/types\/page"}],"author":[{"embeddable":true,"href":"https:\/\/www.freiburg-schwarzwald.de\/blog\/wp-json\/wp\/v2\/users\/4"}],"replies":[{"embeddable":true,"href":"https:\/\/www.freiburg-schwarzwald.de\/blog\/wp-json\/wp\/v2\/comments?post=30623"}],"version-history":[{"count":3,"href":"https:\/\/www.freiburg-schwarzwald.de\/blog\/wp-json\/wp\/v2\/pages\/30623\/revisions"}],"predecessor-version":[{"id":152678,"href":"https:\/\/www.freiburg-schwarzwald.de\/blog\/wp-json\/wp\/v2\/pages\/30623\/revisions\/152678"}],"up":[{"embeddable":true,"href":"https:\/\/www.freiburg-schwarzwald.de\/blog\/wp-json\/wp\/v2\/pages\/389"}],"wp:attachment":[{"href":"https:\/\/www.freiburg-schwarzwald.de\/blog\/wp-json\/wp\/v2\/media?parent=30623"}],"curies":[{"name":"wp","href":"https:\/\/api.w.org\/{rel}","templated":true}]}}