{"id":30585,"date":"2013-05-21T07:57:48","date_gmt":"2013-05-21T05:57:48","guid":{"rendered":"https:\/\/www.freiburg-schwarzwald.de\/blog\/?page_id=30585"},"modified":"2025-07-07T11:41:00","modified_gmt":"2025-07-07T09:41:00","slug":"zimmerei","status":"publish","type":"page","link":"https:\/\/www.freiburg-schwarzwald.de\/blog\/business\/handwerk\/zimmerei\/","title":{"rendered":"Zimmerei"},"content":{"rendered":"<p>Home &gt;<a title=\"Business\" href=\"https:\/\/www.freiburg-schwarzwald.de\/blog\/business\/\">Business<\/a> &gt;<a title=\"Handwerk\" href=\"https:\/\/www.freiburg-schwarzwald.de\/blog\/business\/handwerk\/\">Handwerk<\/a> &gt;<a title=\"Energie\" href=\"https:\/\/www.freiburg-schwarzwald.de\/blog\/energie\/\">Energie<\/a> &gt;<a title=\"Holzbau\" href=\"https:\/\/www.freiburg-schwarzwald.de\/blog\/business\/handwerk\/holzbau\/\">Holzbau<\/a> &gt;Zimmerei<\/p>\n<div id=\"attachment_26063\" style=\"width: 648px\" class=\"wp-caption alignnone\"><a href=\"https:\/\/www.freiburg-schwarzwald.de\/blog\/regio\/orte\/menzenschwand\/menzenschwand12hinterdorf-pan130316\/\" rel=\"attachment wp-att-26063\"><img loading=\"lazy\" decoding=\"async\" aria-describedby=\"caption-attachment-26063\" class=\"size-full wp-image-26063\" title=\"menzenschwand12hinterdorf-pan130316\" src=\"https:\/\/www.freiburg-schwarzwald.de\/blog\/wp-content\/uploads\/2013\/03\/menzenschwand12hinterdorf-pan130316.jpg\" alt=\"\" width=\"638\" height=\"207\" srcset=\"https:\/\/www.freiburg-schwarzwald.de\/blog\/wp-content\/uploads\/2013\/03\/menzenschwand12hinterdorf-pan130316.jpg 638w, https:\/\/www.freiburg-schwarzwald.de\/blog\/wp-content\/uploads\/2013\/03\/menzenschwand12hinterdorf-pan130316-180x58.jpg 180w\" sizes=\"auto, (max-width: 638px) 100vw, 638px\" \/><\/a><p id=\"caption-attachment-26063\" class=\"wp-caption-text\">Blick nach Norden \u00fcber Menzenschwand-Hinterdorf bis hoch zum Caritashaus am Feldberg am 16.3.2013<\/p><\/div>\n<ul>\n<li><em>Listenauswahl eines Beitrags (Artikel\/Datum, Seite\/Inhalt):<span style=\"text-decoration: underline;\">\u00a0Klicken<\/span>\u00a0oder scrollen<\/em><\/li>\n<li><a href=\"https:\/\/www.freiburg-schwarzwald.de\/blog\/agrikulturfestival-freiburg-2025\/\">Agrikulturfestival 2025 im Eschholzpark<\/a>\u00a0(6.7.2025)<\/li>\n<li><a href=\"https:\/\/www.freiburg-schwarzwald.de\/blog\/kita-zarten-12-eckiger-holzbau\/\">Kita Zarten 12-eckiger Holzbau<\/a>\u00a0(4.2.2024)<\/li>\n<li><a href=\"https:\/\/www.freiburg-schwarzwald.de\/blog\/business\/handwerk\/walz\/\">Wandergeselle Ulle auf dem Weg zum Bodensee<\/a> (30.10.2023)<\/li>\n<li><a href=\"https:\/\/www.freiburg-schwarzwald.de\/blog\/business\/handwerk\/holzbau\/\">Holz-Fertighaus als Doppelhaus stellen<\/a>\u00a0(23.1.2022)<\/li>\n<li><a href=\"https:\/\/www.freiburg-schwarzwald.de\/blog\/business\/dienste\/immobilien\/holzhaus\/\">Staufenwohnen: Bezahlbar dank innovativem Holzbau<\/a> (17.3.2021)<\/li>\n<li><a title=\"Sutter3KG\" href=\"https:\/\/www.freiburg-schwarzwald.de\/blog\/business\/dienste\/immobilien\/sutter3kg\/\">Sutter3KG \u2013 Einzug am Kunzenhof in Littenweiler<\/a>\u00a0(8.10.2019)<\/li>\n<li>Herbert Hug ist neuer Obermeister der Zimmerleute (21.5.2013)<\/li>\n<li><\/li>\n<li><a href=\"https:\/\/www.freiburg-schwarzwald.de\/blog\/kita-zarten-12-eckiger-holzbau\/\">Dilger in Oberried &#8211; Kita Zarten 12-eckiger Holzbau<\/a><\/li>\n<li><a href=\"https:\/\/www.freiburg-schwarzwald.de\/littenweiler\/bau.htm#Energie-hoch-drei in St.Peter und St.M\u00e4rgen\">Energie-hoch-drei in St.Peter, Stegen und St.M\u00e4rgen<\/a> &gt;Bau<\/li>\n<li><a title=\"Gremmelspacher\" href=\"https:\/\/www.freiburg-schwarzwald.de\/blog\/business\/handwerk\/holzbau\/gremmelspacher\/\">FamilyHouse <\/a><\/li>\n<li><a title=\"Gremmelspacher\" href=\"https:\/\/www.freiburg-schwarzwald.de\/blog\/business\/handwerk\/holzbau\/gremmelspacher\/\">Gremmelspacher<\/a> \u2013 Zimmerei in St. Peter<\/li>\n<li><a href=\"https:\/\/www.freiburg-schwarzwald.de\/littenweiler\/holzbau#Gr\u00fcnspecht in Freiburg-Hochdorf\">Gr\u00fcnspecht in Freiburg-Hochdorf<\/a><\/li>\n<li><a href=\"https:\/\/www.freiburg-schwarzwald.de\/littenweiler\/holzbau#Hoch, Zimmerei im Hexental\">Hoch, Zimmerei im Hexental<\/a><\/li>\n<li><a href=\"https:\/\/www.freiburg-schwarzwald.de\/littenweiler\/holzbau#HolzHaus in Bonndorf\">HolzHaus<\/a> in Bonndorf<\/li>\n<li><a href=\"https:\/\/www.freiburg-schwarzwald.de\/sagewerke.htm#Holzwerk R\u00f6tenbach GmbH\">Holzwerk Gmbh in R\u00f6tenbach<\/a> &gt;Saegewerke<\/li>\n<li><a href=\"https:\/\/www.freiburg-schwarzwald.de\/littenweiler\/holzbau#Hug - Zimmerei, Holzbau, Schreinerei\">Hug<\/a> &#8211; Zimmerei in Oberried<\/li>\n<li><a href=\"https:\/\/www.freiburg-schwarzwald.de\/littenweiler\/holzbau#Hummel - Zimmerei in St.Peter\">Hummel \u2013 Zimmerei in St.Peter<\/a><\/li>\n<li><a href=\"https:\/\/www.freiburg-schwarzwald.de\/littenweiler\/holzbau#Ketterer - Holzwerk und S\u00e4gewerk in Neustadt\">Ketterer<\/a>, S\u00e4gewerk in Neustadt<\/li>\n<li><a href=\"https:\/\/www.freiburg-schwarzwald.de\/littenweiler\/holzbau#Kleiser\">Kleiser<\/a> in Buchenbach<\/li>\n<li><a href=\"https:\/\/www.freiburg-schwarzwald.de\/littenweiler\/holzbau#Kn\u00f6pfle, Zimmermeister in R\u00f6tenbach\">Kn\u00f6pfle<\/a>, Zimmermeister in R\u00f6tenbach<\/li>\n<li><a href=\"https:\/\/www.freiburg-schwarzwald.de\/littenweiler\/holzbau#K\u00f6nig - Holzbau in Altglash\u00fctten\">K\u00f6nig \u2013 Holzbau in Altglash\u00fctten<\/a><\/li>\n<li><a href=\"https:\/\/www.freiburg-schwarzwald.de\/littenweiler\/holzbau#K\u00fcrner und Burger - Holzbau in Schonach\">K\u00fcrner und Burger in Schonach<\/a><\/li>\n<li><a href=\"https:\/\/www.freiburg-schwarzwald.de\/littenweiler\/holzbau#Lais Holzbau in Sch\u00f6nau\">Lais<\/a> Holzbau in Sch\u00f6nau<\/li>\n<li><a href=\"https:\/\/www.freiburg-schwarzwald.de\/littenweiler\/holzbau#Miocic\">Miocic<\/a> in St. Peter<\/li>\n<li><a href=\"https:\/\/www.freiburg-schwarzwald.de\/littenweiler\/holzbau#Rohrer - Zimmerei in St.Peter\">Rohrer \u2013 Zimmerei in St.Peter<\/a><\/li>\n<li><a href=\"https:\/\/www.freiburg-schwarzwald.de\/littenweiler\/holzbau#Rombach Holzbau\">Rombach<\/a> in Kirchzarten<\/li>\n<li><a href=\"https:\/\/www.freiburg-schwarzwald.de\/littenweiler\/holzbau#Rombach, Zimmerei in V\u00f6hrenbach-Urach\">Rombach, Zimmerei in V\u00f6hrenbach-Urach<\/a><\/li>\n<li><a href=\"https:\/\/www.freiburg-schwarzwald.de\/littenweiler\/holzbau#Schwendemann Zimmerei in St.M\u00e4rgen\">Schwendemann Zimmerei<\/a> in St.M\u00e4rgen<\/li>\n<li><a href=\"https:\/\/www.freiburg-schwarzwald.de\/hinterzarten5.htm#H\u00e4uslebauernhof in Alpersbach mit Vertikal-Sonnenuhr\">Schw\u00f6rer, Zimmerei in Hinterzarten\/H\u00e4uslebauernhof<\/a> &gt;Hinterzarten5<\/li>\n<li><a title=\"Sutter3KG\" href=\"https:\/\/www.freiburg-schwarzwald.de\/blog\/business\/dienste\/immobilien\/sutter3kg\/\">Sutter3KG in FR-Littenweiler am Kunzenhof<\/a><\/li>\n<li><\/li>\n<li><a href=\"https:\/\/www.freiburg-schwarzwald.de\/blog\/business\/dienste\/immobilien\/holzhaus\/\">Holzhaus<\/a><\/li>\n<li><a href=\"https:\/\/www.freiburg-schwarzwald.de\/blog\/business\/handwerk\/walz\/\">Walz<\/a><\/li>\n<\/ul>\n<p>&nbsp;<\/p>\n<p><a href=\"https:\/\/www.freiburg-schwarzwald.de\/blog\/business\/handwerk\/zimmerei\/zimmermann-freiburg150916\/\" rel=\"attachment wp-att-56505\"><img loading=\"lazy\" decoding=\"async\" class=\"alignnone size-thumbnail wp-image-56505\" src=\"https:\/\/www.freiburg-schwarzwald.de\/blog\/wp-content\/uploads\/2013\/05\/zimmermann-freiburg150916-135x180.jpg\" alt=\"zimmermann-freiburg150916\" width=\"135\" height=\"180\" srcset=\"https:\/\/www.freiburg-schwarzwald.de\/blog\/wp-content\/uploads\/2013\/05\/zimmermann-freiburg150916-135x180.jpg 135w, https:\/\/www.freiburg-schwarzwald.de\/blog\/wp-content\/uploads\/2013\/05\/zimmermann-freiburg150916.jpg 480w\" sizes=\"auto, (max-width: 135px) 100vw, 135px\" \/><br \/>\n<\/a>(1) Freiburg <a title=\"KaJo\" href=\"https:\/\/www.freiburg-schwarzwald.de\/blog\/regio\/freiburg\/kajo\/\">KaJo<\/a> 16.9.2015<\/p>\n<p>(1) Jason aus T\u00fcbingen und Malte aus Emden von der Gesellenzunft &#8222;Freie Vogtl\u00e4nder&#8220; (reisende Bauhandwerker, mindestens 3 Jahre auf der Walz, <a href=\"https:\/\/www.freie-vogtlaender.eu\/de\">www.freie-vogtlaender.eu\/de<\/a> am 16.9.2015 in der Kauser-Joseph-Strasse in Freiburg. jphleps at gmail.com \u00a0 maltezimmer1 at web.de<\/p>\n<p>&nbsp;<\/p>\n<p><strong>Bau, Dachdecker, Zimmerei &#8211; Innungen<\/strong><\/p>\n<p><a href=\"https:\/\/www.bdz-innungen.de\/index.php?id=190\">https:\/\/www.bdz-innungen.de\/index.php?id=190<\/a><br \/>\n<a href=\"https:\/\/www.bdz-innungen.de\">www.bdz-innungen.de<\/a><\/p>\n<p>&nbsp;<\/p>\n<p>&nbsp;<\/p>\n<p><strong>Herbert Hug ist neuer Obermeister der Zimmerleute<\/strong><\/p>\n<p>Bei der Freiburger Zimmererinnung ist eine \u00c4ra zu Ende gegangen. Bei der Innungsversammlung am Donnerstagabend in B\u00f6tzingen w\u00e4hlten die Mitglieder Herbert Hug aus ihrer Mitte zum neuen Obermeister. Hug \u00fcbernimmt das Amt von Heinz Sch\u00e4fer, der nach 17 Jahren als Obermeister (1996 bis 2013) und weiteren 21 Jahren als stellvertretender Obermeister (1975 bis 1996) seinen ehrenamtlichen Einsatz im Innungsvorstand beendet.<\/p>\n<p><a href=\"https:\/\/www.freiburg-schwarzwald.de\/blog\/business\/handwerk\/zimmerei\/zimmererinnung-hug130518\/\" rel=\"attachment wp-att-30588\"><img loading=\"lazy\" decoding=\"async\" class=\"alignnone size-thumbnail wp-image-30588\" title=\"zimmererinnung-hug130518\" src=\"https:\/\/www.freiburg-schwarzwald.de\/blog\/wp-content\/uploads\/2013\/05\/zimmererinnung-hug130518-165x180.jpg\" alt=\"\" width=\"165\" height=\"180\" srcset=\"https:\/\/www.freiburg-schwarzwald.de\/blog\/wp-content\/uploads\/2013\/05\/zimmererinnung-hug130518-165x180.jpg 165w, https:\/\/www.freiburg-schwarzwald.de\/blog\/wp-content\/uploads\/2013\/05\/zimmererinnung-hug130518.jpg 531w\" sizes=\"auto, (max-width: 165px) 100vw, 165px\" \/><\/a><\/p>\n<p>Stabwechsel bei der Freiburger Zimmerer-Innung: Herbert Hug (rechts) \u00fcbernimmt das Amt des Obermeisters von Heinz Sch\u00e4fer &#8211; der zum Ehrenobermeister ernannt wurde Foto:\u00a0David\u00a0Horst<\/p>\n<p>Herbert Hug, der seinen Zimmereibetrieb in Oberried hat und selbst seit 1996 das Amt des stellvertretenden Obermeisters bekleidet hat, dankte Heinz Sch\u00e4fer f\u00fcr dessen unerm\u00fcdliches Engagement f\u00fcr die Innung der Zimmerleute \u2013 \u00fcber insgesamt fast vier Jahrzehnte hinweg. Hug dankte au\u00dferdem ausdr\u00fccklich auch Sch\u00e4fers Frau Ingeborg f\u00fcr die Unterst\u00fctzung ihres Mannes, der sich auch ansonsten stark f\u00fcr das Gemeinwesen eingesetzt habe. Sch\u00e4fer war lange Jahre Gemeinderat in seiner Heimatstadt Freiburg \u2013 und fungiert seit dem Jahr 2002 als Vizepr\u00e4sident des Verbands Holzbau Baden. Die Innung ernannte Heinz Sch\u00e4fer zum Ehrenobermeister.<br \/>\nNeuer stellvertretender Obermeister ist J\u00fcrgen Wenz (Wolf-Holzbau, Bad Krozingen-Hausen). Neu in den Vorstand wurde zudem <a title=\"Gremmelspacher\" href=\"https:\/\/www.freiburg-schwarzwald.de\/blog\/business\/handwerk\/holzbau\/gremmelspacher\/\">Franz Gremmelspacher (St. Peter)<\/a> als Beisitzer gew\u00e4hlt.<br \/>\nDie Innung hat aktuell 44 Mitgliedsbetriebe. Laut den vorgetragenen Berichten ist die Auftragslage insgesamt gut, dennoch macht den Betrieben offenbar ein gewisser Preisdruck bei steigender Kostenbelastung zu schaffen.<br \/>\n21.5.2013<!-- RSPEAK_STOP --><\/p>\n","protected":false},"excerpt":{"rendered":"<p>Home &gt;Business &gt;Handwerk &gt;Energie &gt;Holzbau &gt;Zimmerei Listenauswahl eines Beitrags (Artikel\/Datum, Seite\/Inhalt):\u00a0Klicken\u00a0oder scrollen Agrikulturfestival 2025 im Eschholzpark\u00a0(6.7.2025) Kita Zarten 12-eckiger Holzbau\u00a0(4.2.2024) Wandergeselle Ulle auf dem Weg zum Bodensee (30.10.2023) Holz-Fertighaus als Doppelhaus stellen\u00a0(23.1.2022) Staufenwohnen: Bezahlbar dank innovativem Holzbau (17.3.2021) Sutter3KG \u2013 &hellip; <a href=\"https:\/\/www.freiburg-schwarzwald.de\/blog\/business\/handwerk\/zimmerei\/\">Weiterlesen <span class=\"meta-nav\">&rarr;<\/span><\/a><\/p>\n","protected":false},"author":4,"featured_media":0,"parent":1385,"menu_order":0,"comment_status":"open","ping_status":"closed","template":"","meta":{"footnotes":""},"class_list":["post-30585","page","type-page","status-publish","hentry"],"_links":{"self":[{"href":"https:\/\/www.freiburg-schwarzwald.de\/blog\/wp-json\/wp\/v2\/pages\/30585","targetHints":{"allow":["GET"]}}],"collection":[{"href":"https:\/\/www.freiburg-schwarzwald.de\/blog\/wp-json\/wp\/v2\/pages"}],"about":[{"href":"https:\/\/www.freiburg-schwarzwald.de\/blog\/wp-json\/wp\/v2\/types\/page"}],"author":[{"embeddable":true,"href":"https:\/\/www.freiburg-schwarzwald.de\/blog\/wp-json\/wp\/v2\/users\/4"}],"replies":[{"embeddable":true,"href":"https:\/\/www.freiburg-schwarzwald.de\/blog\/wp-json\/wp\/v2\/comments?post=30585"}],"version-history":[{"count":5,"href":"https:\/\/www.freiburg-schwarzwald.de\/blog\/wp-json\/wp\/v2\/pages\/30585\/revisions"}],"predecessor-version":[{"id":136000,"href":"https:\/\/www.freiburg-schwarzwald.de\/blog\/wp-json\/wp\/v2\/pages\/30585\/revisions\/136000"}],"up":[{"embeddable":true,"href":"https:\/\/www.freiburg-schwarzwald.de\/blog\/wp-json\/wp\/v2\/pages\/1385"}],"wp:attachment":[{"href":"https:\/\/www.freiburg-schwarzwald.de\/blog\/wp-json\/wp\/v2\/media?parent=30585"}],"curies":[{"name":"wp","href":"https:\/\/api.w.org\/{rel}","templated":true}]}}