{"id":3057,"date":"2012-05-09T14:27:48","date_gmt":"2012-05-09T14:27:48","guid":{"rendered":"https:\/\/www.freiburg-schwarzwald.de\/blog\/?page_id=3057"},"modified":"2023-01-08T15:16:17","modified_gmt":"2023-01-08T14:16:17","slug":"hinterzarten","status":"publish","type":"page","link":"https:\/\/www.freiburg-schwarzwald.de\/blog\/regio\/orte\/hinterzarten\/","title":{"rendered":"Hinterzarten"},"content":{"rendered":"<p><a href=\"https:\/\/www.freiburg-schwarzwald.de\/blog\">Home<\/a> &gt;<a title=\"Regio\" href=\"https:\/\/www.freiburg-schwarzwald.de\/blog\/regio\/\">Regio<\/a> &gt;<a title=\"Orte\" href=\"https:\/\/www.freiburg-schwarzwald.de\/blog\/regio\/orte\/\">Orte<\/a> &gt;Hinterzarten<\/p>\n<div id=\"attachment_3058\" style=\"width: 643px\" class=\"wp-caption alignnone\"><a href=\"https:\/\/www.freiburg-schwarzwald.de\/blog\/wp-content\/uploads\/2012\/05\/hi-quer0203.jpg\"><img loading=\"lazy\" decoding=\"async\" aria-describedby=\"caption-attachment-3058\" class=\"size-full wp-image-3058\" title=\"hi-quer0203\" src=\"https:\/\/www.freiburg-schwarzwald.de\/blog\/wp-content\/uploads\/2012\/05\/hi-quer0203.jpg\" alt=\"\" width=\"633\" height=\"174\" srcset=\"https:\/\/www.freiburg-schwarzwald.de\/blog\/wp-content\/uploads\/2012\/05\/hi-quer0203.jpg 633w, https:\/\/www.freiburg-schwarzwald.de\/blog\/wp-content\/uploads\/2012\/05\/hi-quer0203-180x49.jpg 180w\" sizes=\"auto, (max-width: 633px) 100vw, 633px\" \/><\/a><p id=\"caption-attachment-3058\" class=\"wp-caption-text\">Blick nach Norden in Hinterzarten im Hochschwarzwald am 3.3.2002<\/p><\/div>\n<ul>\n<li><a href=\"https:\/\/www.freiburg-schwarzwald.de\/blog\/kultur\/dichter\/literatur\/lesung\/\">Buch: Die Hinterzartener Winterlese widmet sich dem W\u00e4lderleben<\/a> (7.1.2023)<\/li>\n<li><a href=\"https:\/\/www.freiburg-schwarzwald.de\/blog\/tourismus\/gastro\/huetten\/baldenweger-huette\/\">Baldenweger H\u00fctte unterhalb des Feldbergs mit neuen P\u00e4chtern<\/a> (7.12.2022)<\/li>\n<li><a href=\"https:\/\/www.freiburg-schwarzwald.de\/blog\/hoellental-und-kaiserstuhlbahn-trennen-2\/\">H\u00f6llental- und Kaiserstuhlbahn trennen<\/a>\u00a0(22.10.2021)<\/li>\n<li><a href=\"https:\/\/www.freiburg-schwarzwald.de\/blog\/business\/handel\/bauernladen\/\">S\u2019Bergbure in Hinterzarten-Windeck<\/a>\u00a0(21.7.2021)<\/li>\n<li>Wanderung: Hinterzarten &#8211; Alpersbach &#8211; Hinterwaldkopf &#8211; Kirchzarten (5.5.2021)<\/li>\n<li><a href=\"https:\/\/www.freiburg-schwarzwald.de\/blog\/cego-altes-kartenspiel-online\/\">Cego \u2013 altes Kartenspiel nun online<\/a>\u00a0(14.1.2021)<\/li>\n<li><a title=\"Hoellentalbahn Fahrplan NoGo\" href=\"https:\/\/www.freiburg-schwarzwald.de\/blog\/hoellentalbahn-fahrplan-nogo\/\">Hoellentalbahn Fahrplan NoGo<\/a>\u00a0(18.12.2019)<\/li>\n<li><a href=\"https:\/\/www.freiburg-schwarzwald.de\/blog\/birklehof-hinterzarten-sanieren\/\">https:\/\/www.freiburg-schwarzwald.de\/blog\/birklehof-hinterzarten-sanieren\/<\/a>\u00a0(20.2.2019)<\/li>\n<li><a href=\"https:\/\/www.freiburg-schwarzwald.de\/blog\/hinterzarten-infrastruktur-neubau\/\">https:\/\/www.freiburg-schwarzwald.de\/blog\/hinterzarten-infrastruktur-neubau\/<\/a>\u00a0(12.12.2013)<\/li>\n<li><a href=\"https:\/\/www.freiburg-schwarzwald.de\/blog\/hinterzarten-skulptur-von-roesch\/\">https:\/\/www.freiburg-schwarzwald.de\/blog\/hinterzarten-skulptur-von-roesch\/<\/a>\u00a0(5.10.2013)<\/li>\n<li><a href=\"https:\/\/www.freiburg-schwarzwald.de\/blog\/wandern-hinterzarten-kirchzarten\/\">https:\/\/www.freiburg-schwarzwald.de\/blog\/wandern-hinterzarten-kirchzarten\/<\/a>\u00a0(26.9.2013)<\/li>\n<li><a href=\"https:\/\/www.freiburg-schwarzwald.de\/blog\/hinterzarten-nicht-barrierefrei\/\">https:\/\/www.freiburg-schwarzwald.de\/blog\/hinterzarten-nicht-barrierefrei\/<\/a>\u00a0(10.4.2013)<\/li>\n<li><a href=\"https:\/\/www.freiburg-schwarzwald.de\/hinterzarten4.htm#Dritter T\u00f6pfer- und K\u00fcnstlermarkt am 2.\/3. Juni\">Aktuelle Infos zu Hinterzarten ab Juni 2007<\/a> &gt;Hinterzarten4<\/li>\n<li><a href=\"https:\/\/www.freiburg-schwarzwald.de\/hinterzarten3.htm\">Aktuelle Infos zu Hinterzarten ab M\u00e4rz 2006<\/a> &gt;Hinterzarten3<\/li>\n<li><a href=\"https:\/\/www.freiburg-schwarzwald.de\/hinterzarten2.htm\">Aktuelle Infos zu Hinterzarten ab 16.Juni 2005<\/a> &gt;Hinterzarten2<\/li>\n<li><a href=\"https:\/\/www.freiburg-schwarzwald.de\/hinterzarten1.htm\">Aktuelle Infos zu Hinterzarten<\/a> &gt;Hinterzarten1<\/li>\n<\/ul>\n<p>&nbsp;<\/p>\n<ul>\n<li><a href=\"https:\/\/www.freiburg-schwarzwald.de\/blog\/tourismus\/gastro\/huetten\/baldenweger-huette\/\">Baldenweger-H\u00fctte<\/a><\/li>\n<li><a href=\"https:\/\/www.freiburg-schwarzwald.de\/blog\/business\/handel\/bauernladen\/\">Bauernladen<\/a><\/li>\n<li>Hinterzarten ist immer neu<\/li>\n<li><strong><a href=\"https:\/\/www.freiburg-schwarzwald.de\/hinterzarten.htm\">www.freiburg-schwarzwald.de\/hinterzarten.htm<\/a> &gt;Archivseite Hinterzarten<\/strong><\/li>\n<li><a href=\"https:\/\/www.freiburg-schwarzwald.de\/hinterzarten.htm#Anspruch: Der komfortabelste Luftkurort im Hochschwarzwald\">Hinterzarten &#8211; A wie Anspruch: Der komfortabelste Luftkurort im Hochschwarzwald<\/a><\/li>\n<li><a href=\"https:\/\/www.freiburg-schwarzwald.de\/hinterzarten.htm#Hinterzarten - Ansichten\">Hinterzarten &#8211; Ansichten und Aussichten<\/a><\/li>\n<li><a href=\"https:\/\/www.freiburg-schwarzwald.de\/alpersbach.htm\">Hinterzarten &#8211; Alpersbach, Ortsteil im Westen <\/a>\u00a0&gt;Alpersbach<\/li>\n<li><a href=\"https:\/\/www.freiburg-schwarzwald.de\/badeparadies.htm\">Hinterzarten &#8211; Badeparadies<\/a> &gt;Badeparadies<\/li>\n<li><a href=\"https:\/\/www.freiburg-schwarzwald.de\/hinterzarten5.htm\">Hinterzarten &#8211; Bauernh\u00f6fe, Brauchtum, Hofl\u00e4den &#8211; mit vielen Fotos<\/a> &gt;Hinterzarten5<\/li>\n<li><a href=\"https:\/\/www.freiburg-schwarzwald.de\/eguisheim.htm#Eguisheim zwischen Colmar und Husseren-Les-Chateaux\">Hinterzarten &#8211; Eguisheim zwischen Colmar und Husseren-Les-Chateaux<\/a> &gt;Eguisheim<\/li>\n<li><a href=\"https:\/\/www.freiburg-schwarzwald.de\/hinterzartenfewo.htm\">Hinterzarten &#8211; Ferienwohnungen und G\u00e4steh\u00e4user<\/a> &gt;HinterzartenFewo<\/li>\n<li><a href=\"https:\/\/www.freiburg-schwarzwald.de\/foeldiklinik.htm\">Hinterzarten &#8211; F\u00f6ldiklinik am R\u00f6ssleberg<\/a> &gt;Foeldiklinik<\/li>\n<li><a href=\"https:\/\/www.freiburg-schwarzwald.de\/hinterzarten-holland2006.htm\">Hinterzarten &#8211; Fussball-WM Hollands Team im Adler<\/a> &gt;Hinterzarten-Holland2006<\/li>\n<li><a href=\"https:\/\/www.freiburg-schwarzwald.de\/georg-thoma.htm\">Hinterzarten &#8211; Georg Thoma<\/a> &gt;Georg Thoma<\/li>\n<li><a href=\"https:\/\/www.freiburg-schwarzwald.de\/strassen.htm#Gr\u00fcne Strasse - Route Verte\">Hinterzarten &#8211; Gr\u00fcne Strasse vom Elsass zum Schwarzwald &#8211; Route Verte<\/a> &gt;Strassen<\/li>\n<li><a title=\"Heiligenbrunnen\" href=\"https:\/\/www.freiburg-schwarzwald.de\/blog\/regio\/orte\/hinterzarten\/heiligenbrunnen\/\">Hinterzarten &#8211; Heiligenbrunnen in der Sonne zu Fu\u00df, Schneeschuhen, Langlaufski<\/a> &gt;Heiligenbrunnen<\/li>\n<li><a href=\"https:\/\/www.freiburg-schwarzwald.de\/hoellental.htm#H\u00f6llental-Museum - Handwerksgeschichte im Schwarzwald\">Hinterzarten &#8211; H\u00f6llental mit M\u00fchlen-Museum<\/a> &gt;Hoellental<\/li>\n<li><a href=\"https:\/\/www.freiburg-schwarzwald.de\/hinterzarten-hotel.htm\">Hinterzarten &#8211; Hotels und Pensionen<\/a> &gt;Hinterzarten-Hotel<\/li>\n<li><a href=\"https:\/\/www.freiburg-schwarzwald.de\/hinterzarten.htm#Hinterzarten international - G\u00e4ste aus 41 L\u00e4ndern\">Hinterzarten &#8211; international mit G\u00e4sten aus 41 L\u00e4ndern im Jahr 2000<\/a><\/li>\n<li><small><a href=\"https:\/\/www.freiburg-schwarzwald.de\/soziales.htm#Hinterzarten - Jochen Maurer als Caritas-Entwicklungshelfer in Ruanda\">Hinterzarten &#8211; Jochen Maurer als Caritas-<\/a><\/small><a href=\"https:\/\/www.freiburg-schwarzwald.de\/soziales.htm#Hinterzarten - Jochen Maurer als Caritas-Entwicklungshelfer in Ruanda\"><small>Entwicklungshelfer in Ruanda<\/small><\/a> &gt;Soziales<\/li>\n<li><a href=\"https:\/\/www.freiburg-schwarzwald.de\/hinterzarten.htm#Kirchen\">Hinterzarten &#8211; Kirchen<\/a><\/li>\n<li><a href=\"https:\/\/www.freiburg-schwarzwald.de\/hinterzarten-loipe.htm\">Hinterzarten &#8211; Loipen zum Skilanglauf<\/a> &gt;Hinterzarten-Loipe<\/li>\n<li><a href=\"https:\/\/www.freiburg-schwarzwald.de\/hinterzarten.htm#Mitteilungsblatt der Gemeinde Hinterzarten\">Hinterzarten &#8211; Mitteilungsblatt der Gemeinde<\/a><\/li>\n<li><a href=\"https:\/\/www.freiburg-schwarzwald.de\/heimatpfad.htm\">Hinterzarten &#8211; Ravenna<\/a> &gt;Heimatpfad<\/li>\n<li><a href=\"https:\/\/www.freiburg-schwarzwald.de\/rinken.htm\">Hinterzarten &#8211; Rinken: Ausgangspunkt f\u00fcr zahlreichen Wanderungen<\/a> &gt;Rinken (Archivseite)<\/li>\n<li><a href=\"https:\/\/www.freiburg-schwarzwald.de\/blog\/regio\/orte\/rinken\/\">Hinterzarten-Rinken<\/a><\/li>\n<li><a href=\"https:\/\/www.freiburg-schwarzwald.de\/rucksacklauf.htm\">Hinterzarten &#8211; Rucksacklauf Schonach &#8211; Hinterzarten<\/a> &gt;Rucksacklauf<\/li>\n<li><a href=\"https:\/\/www.freiburg-schwarzwald.de\/hinterzarten.htm#Hinterzarten - dreimal sch\u00f6nster Ort Baden-W\u00fcrttembergs\">Hinterzarten &#8211; &#8222;sch\u00f6nster Ort Baden-W\u00fcrttembergs&#8220; schon zum 3. Mal<\/a><\/li>\n<li><a href=\"https:\/\/www.freiburg-schwarzwald.de\/schwarzwaldverein.htm#Schwarzwaldverein Hinterzarten-Breitnau\">Hinterzarten &#8211; Schwarzwaldverein<\/a> &gt;Schwarzwaldverein<\/li>\n<li><a href=\"https:\/\/www.freiburg-schwarzwald.de\/seebachtal.htm\">Hinterzarten &#8211; Seebachtal zwischen Feldberg und Titisee<\/a> &gt;Seebachtal<\/li>\n<li><a href=\"https:\/\/www.freiburg-schwarzwald.de\/hinterzarten-ski.htm\">Hinterzarten &#8211; Skifahren<\/a> &gt;Hinterzarten-Ski<\/li>\n<li><a href=\"https:\/\/www.freiburg-schwarzwald.de\/skimuseum.htm\">Hinterzarten &#8211; Skimuseum<\/a> &gt;Skimuseum<\/li>\n<li><a href=\"https:\/\/www.freiburg-schwarzwald.de\/littenweiler\/touristik.htm#Hinterzarten Breitnau Tourismus GmbH (HBT)\">Hinterzarten &#8211; Tourismus gemeinsam mit Breitnau in der Tourismus GmbH<\/a> &gt;Touristik<\/li>\n<li><a href=\"https:\/\/www.freiburg-schwarzwald.de\/hinterzarten.htm#YMCH - Young Musical Company Hinterzarten\">Hinterzarten &#8211; YMCH &#8211; Young Musical Company <\/a><\/li>\n<li><a href=\"https:\/\/www.freiburg-schwarzwald.de\/hinterzarten1944-1948.htm\">Hinterzarten &#8211; Zeitzeugen<\/a> &gt;Hinterzarten1944-1948<\/li>\n<li><a href=\"https:\/\/www.freiburg-schwarzwald.de\/blog\/regio\/tal\/hoellental\/\">H\u00f6llental<\/a><\/li>\n<li><a title=\"Breitnau\" href=\"https:\/\/www.freiburg-schwarzwald.de\/blog\/regio\/orte\/breitnau\/\">Breitnau \u2013 gro\u00dffl\u00e4chig vom Hirschsprung im H\u00f6llental (550 m) bis hoch zum Thurner (1200 m)<\/a>\u00a0&gt;Breitnau<\/li>\n<li><a href=\"https:\/\/www.freiburg-schwarzwald.de\/hochschwarzwald.htm#Hochschwarzwald Tourismus GmbH in Hinterzarten\">Hochschwarzwald Tourismus GmbH in Hinterzarten<\/a> &gt;Hochschwarzwald<\/li>\n<li><a title=\"Titisee\" href=\"https:\/\/www.freiburg-schwarzwald.de\/blog\/regio\/orte\/titisee\/\">Titisee<\/a><\/li>\n<\/ul>\n<p>&nbsp;<\/p>\n<p><strong>Hinterzarten ist immer neu<\/strong><\/p>\n<p>Hinterzarten ist immer neu &#8211; zum Beispiel am 3. M\u00e4rz 2002 auf dem Bild ganz oben: Unten in Freiburg Dauerregen, gestern hier oben in Hinterzarten auch Dauerregen &#8211; trostlos.\u00a0 Aber heute hier oben dieses Bild:\u00a0 Am blauen Himmel schwappen nur wenige Wolken aus dem Rheintal (also von links) herauf und vorbei, es ist kalt,\u00a0die Luft aber klar und leicht &#8211; so richtig zum Reinziehen.\u00a0 Und dann l\u00e4sst sich&#8217;s gut laufen: Vom Bahnhof am Kurhaus vorbei in den Park, Richtung Windeck, an der Liegehalle vorbei, dann in Richtung Kessler Hang, links der Blick auf den geduckten Zwiebelturm, weiter hoch zum Kessler Hof, dann den Hang queren zur Adler Schanze und wieder zur\u00fcck zur Freiburger Strasse in die Hinterzartemer &#8222;City&#8220; &#8211; zum Gl\u00fcck so ganz und gar nicht city-like.<br \/>\nDer Kurort Hinterzarten liegt auf etwa 855 m H\u00f6he inmitten einer weiten Hochfl\u00e4che zwischen dem schroffen und steilen Westschwarzwald und dem flach abfallenden, eher dunklen Ostschwarzwald. Seine Gemarkung reicht vom H\u00f6llental im Westen zum Titisee im Osten, von der Wei\u00dftannenh\u00f6he im Norden bis hinauf zum ca 1400 m hohen Feldberg im S\u00fcden.<br \/>\nZur Gemeinde geh\u00f6ren neben dem Dorf Hinterzarten die Zinken Alpersbach, Am Feldberg, Bisten (teils auch zu Breitnau), Bruderhalde, Erlenbruck, L\u00f6ffeltal, Oberzarten, Rinken, Rotwasser, Windeck und Winterhalde sowie die Wohnpl\u00e4tze Altenvogtsh\u00fctte (Auf Stucken), Dorneck, F\u00fcrsatz(hof) und Silberberg.<br \/>\nHinterzarten grenzt an die Nachbargemeinden Breitnau, Titisee-Neustadt, Feldberg und Oberried.<\/p>\n<p>&nbsp;<\/p>\n<h5><a href=\"https:\/\/www.freiburg-schwarzwald.de\/blog\/regio\/orte\/hinterzarten\/hinterwaldkopfhuete130815\/\" rel=\"attachment wp-att-36873\"><img loading=\"lazy\" decoding=\"async\" class=\"alignnone size-thumbnail wp-image-36873\" title=\"hinterwaldkopfhuete130815\" src=\"https:\/\/www.freiburg-schwarzwald.de\/blog\/wp-content\/uploads\/2012\/05\/hinterwaldkopfhuete130815-180x138.jpg\" alt=\"\" width=\"180\" height=\"138\" srcset=\"https:\/\/www.freiburg-schwarzwald.de\/blog\/wp-content\/uploads\/2012\/05\/hinterwaldkopfhuete130815-180x138.jpg 180w, https:\/\/www.freiburg-schwarzwald.de\/blog\/wp-content\/uploads\/2012\/05\/hinterwaldkopfhuete130815.jpg 638w\" sizes=\"auto, (max-width: 180px) 100vw, 180px\" \/><\/a>\u00a0 \u00a0 \u00a0 \u00a0 \u00a0 \u00a0 \u00a0 \u00a0 \u00a0 <a href=\"https:\/\/www.freiburg-schwarzwald.de\/blog\/regio\/orte\/hinterzarten\/hinterzarten-kurhaus40214\/\" rel=\"attachment wp-att-45446\"><img loading=\"lazy\" decoding=\"async\" class=\"alignnone size-thumbnail wp-image-45446\" src=\"https:\/\/www.freiburg-schwarzwald.de\/blog\/wp-content\/uploads\/2012\/05\/hinterzarten-kurhaus40214-180x135.jpg\" alt=\"hinterzarten-kurhaus40214\" width=\"180\" height=\"135\" srcset=\"https:\/\/www.freiburg-schwarzwald.de\/blog\/wp-content\/uploads\/2012\/05\/hinterzarten-kurhaus40214-180x135.jpg 180w, https:\/\/www.freiburg-schwarzwald.de\/blog\/wp-content\/uploads\/2012\/05\/hinterzarten-kurhaus40214.jpg 640w\" sizes=\"auto, (max-width: 180px) 100vw, 180px\" \/><\/a><br \/>\n(1) Hinterzarten-Alpersbach\u00a0 \u00a0 \u00a0 \u00a0 \u00a0 \u00a0 \u00a0 \u00a0 \u00a0 \u00a0 \u00a0 \u00a0 \u00a0 \u00a0 \u00a0 \u00a0 \u00a0 (2) Kurhaus Hinterzarten 13.2.2014<\/h5>\n<p>(1) In Alpersbach auf dem Weg\u00a0\u00fcber Hinterwaldkopfh\u00fctte, Hinterwaldopf, H\u00f6fener H\u00fctte, Giersberg und Kirchzarten nach Littenweiler\u00a0am 20.8.2013<\/p>\n<p>=============================================================<\/p>\n<p>&nbsp;<\/p>\n<p><strong>Wanderung: Hinterzarten &#8211; Alpersbach &#8211; Hinterwaldkopf &#8211; Kirchzarten<\/strong><br \/>\nUm Freunden bei einer sch\u00f6nen Wanderung \u201eganz viel Schwarzwald\u201c zu zeigen, entdeckte ich vor vielen Jahren eine Strecke, die immer noch zu meinen Lieblingswanderungen geh\u00f6rt: von Hinterzarten \u00fcber den Hinterwaldkopf nach Kirchzarten ins Dreisamtal.<br \/>\n.<br \/>\nSchon die Zugfahrt von Kirchzarten \u00fcbers Himmelreich durchs H\u00f6llental mit sieben Tunnels, vorbei am Hirschsprung, dem Hofgut Sternen, der Ravennaschlucht und dem L\u00f6ffeltal ist \u201eSchwarzwald pur\u201c \u2013 und f\u00fcr Urlauber mit der Konus-Karte kostenlos. Wichtig: Fensterplatz in Fahrtrichtung rechts!<br \/>\nVom Bahnhof Hinterzarten, dem auf 885 Metern \u201eh\u00f6chstgelegenen Bahnhof der H\u00f6llentalbahn\u201c, geht\u2019s halblinks den Adlerweg hoch, an der Evangelischen Kirche und dem noblen Adlerhotel vorbei zur Katholischen Kirche. Die auf das 15. Jahrhundert zur\u00fcckgehende Kirche \u201eMaria in der Zarten\u201c besticht durch ihren Turm aus dem Jahre 1722, dem Chorraum mit drei barocken Alt\u00e4ren und dem modernen Kirchenraum. Ein Blick ins Innere lohnt allemal. \u00dcber die Rathausstra\u00dfe geht\u2019s kurz bis zum Rathaus zur\u00fcck, um dann links \u00fcber den Windeckweg Richtung <a href=\"https:\/\/www.freiburg-schwarzwald.de\/blog\/tourismus\/gastro\/huetten\/hinterwaldkopfhuette\/\">Hinterwaldkopf<\/a> zu wandern. Der \u201eUmweg\u201c \u00fcber den Windeckweg er\u00f6ffnet bald wunderbare Ausblicke auf Hinterzarten und <a href=\"https:\/\/www.freiburg-schwarzwald.de\/blog\/regio\/orte\/breitnau\/\">Breitnau<\/a>.<br \/>\nVorbei an sch\u00f6nen Schwarzwaldh\u00e4usern wie dem Hercherhof kommt nach einem knappen Kilometer der <a href=\"https:\/\/www.freiburg-schwarzwald.de\/blog\/natur\/ernaehrung\/kaese\/\">Ospelehof<\/a>. Hier lohnt sich ein kurzer Abstecher, ist der Hof doch ein lebendiges Beispiel f\u00fcr die Innovationskraft der Schwarzw\u00e4lder Bauern. Neben G\u00e4stezimmern und Ferienwohnungen gibt es einen <a href=\"https:\/\/www.freiburg-schwarzwald.de\/blog\/business\/handel\/hofladen\/\">Hofladen<\/a>, eine Hofk\u00e4serei sowie die Produktion von Naturkosmetik mit Frischmolke, die \u201eOspelehof-Schwarzwaldkosmetik\u201c. Mit mehreren Standbeinen ist es m\u00f6glich, heute noch einen landwirtschaftlichen Betrieb zu halten.<br \/>\nNach dem Ospelehof geht\u2019s rechts weiter zu den Thoma-Liften am Windeck. Wir folgen kurz der Stra\u00dfe nach <a href=\"https:\/\/www.freiburg-schwarzwald.de\/blog\/wandern-hinterzarten-kirchzarten\/\">Alpersbach<\/a> und gehen dann bei Bisten auf einem Singletrail rechts ab \u2013 immer an der gelben Raute orientiert. Ehrf\u00fcrchtig wandern wir am Wohnhaus von Olympiasieger Georg Thoma vorbei, nachdem wir kurz zuvor einen Blick auf die Ravennabr\u00fccke im H\u00f6llental genossen haben. \u00dcber einen romantischen Waldweg am Schwarzwaldbach, zum Dr. Ludwig-Thoma-Weg geh\u00f6rend, kommen wir zur gro\u00dfen Weidelandschaft auf der nord\u00f6stlichen Seite von Alpersbach. Hier steigt es mitunter kr\u00e4ftig auf schmalen Wegen durch den Wald oder entlang der Wiese hinauf gen Hinterwaldkopf an.<br \/>\nEtwa zur Mitte gibt es von einer der zahlreichen Ruheb\u00e4nke einen tollen Blick auf Hinterzarten und den bei Titisee liegenden Hochfi rst. Nachdem wir die H\u00f6he und einen breiten Waldfahrweg erreicht haben, dem wir nach rechts folgen, kommen wir immer wieder an wundersch\u00f6ne Aussichtspunkte, von denen aus wir \u00fcber das H\u00f6llental hin\u00fcber zur Kaiserwacht, den Pikett- und Posthaldenfelsen, Breitnau sowie zur Nessellachen und bald auch nach Himmelreich und ins Dreisamtal schauen k\u00f6nnen. Im Norden entdecken wir den Kandel und die Bergwelt rund um St. Peter und St. M\u00e4rgen.<br \/>\nBeim Hinterwaldkopfsattel bietet sich \u2013 wenn wieder ge\u00f6ffnet ist \u2013 nach rund zwei Stunden in der Hinterwaldkopfh\u00fctte die erste Einkehrm\u00f6glichkeit in der gem\u00fctlichen Gaststube und auf der sonnigen Terrasse.<br \/>\nJetzt folgen wir kurz der blauen Raute, um dann links auf einen grasigen Weg hinauf zum Hinterwaldkopf, dem mit 1.198 Metern h\u00f6chsten Punkt unserer Wanderung, abzubiegen. Hier empf\u00e4ngt uns eine Gedenkst\u00e4tte f\u00fcr die Kriegsgefallenen der \u201eFreiburger Turnerschaft\u201c \u2013 und dank der baumlosen Gipfelkuppe ein grandioser Rundumblick auf den Feldberg, Tote Mann, Schauinsland, Kandel, Kaiserstuhl und die Vogesen. Uns zu F\u00fc\u00dfen liegt das Dreisamtal und Freiburg \u2013 die M\u00fcnsterturmspitze ragt am Schlossberg hervor. Rund um uns herum ist einfach ganz viel Schwarzwald.<\/p>\n<p>Nachdem wir die Aussicht genossen haben, steigen wir auf der Westseite ab zur \u201e<a href=\"https:\/\/www.freiburg-schwarzwald.de\/blog\/tourismus\/gastro\/huetten\/\">H\u00f6fener H\u00fctte<\/a>\u201c, die zu einer Buchenbacher Wald- und Weidegenossenschaft geh\u00f6rt, ab. Hier lohnt sich unbedingt eine Rast auf der Terrasse mit der tollen Aussicht \u2013 derzeit gibt\u2019s am Wochenende \u201eFensterverkauf\u201c! Gest\u00e4rkt beginnen wir den Abstieg, der uns \u00fcbers Holzeck und Sonneck der blauen Raute folgend zum <a href=\"https:\/\/www.freiburg-schwarzwald.de\/blog\/regio\/berge\/giersberg\/\">Giersberg<\/a> oberhalb von Kirchzarten bringt. Kapelle und Pilgergastst\u00e4tte St. Laurentius mit guter badischer K\u00fcche machen einen letzten Stopp mit Blick \u00fcbers Dreisamtal lohnenswert. In gut f\u00fcnfzehn Minuten ist dann nach rund 17 Kilometern und insgesamt 450 H\u00f6henmetern unser Ziel am Bahnhof in Kirchzarten erreicht.<br \/>\nEine Wanderbegleiterin brachte die Tour beim Abschlussviertele am Giersberg auf den Punkt: \u201eIch gebe zu, dass ich nicht gerne wandere. Doch Schwarzwald ohne <a href=\"https:\/\/www.freiburg-schwarzwald.de\/blog\/sport\/wandern\/\">Wandern<\/a> geht nicht. Und diese Tour hat mich belohnt mit gigantischen Ausblicken in alle Schwarzwald-Richtungen. Je h\u00f6her wir kamen, umso gro\u00dfartiger wurde die Aussicht auf Berge, T\u00e4ler, Schluchten, Br\u00fccken. Das war ein fantastisches Erlebnis \u2013 auch wenn ich jetzt schon den Muskelkater kommen sehe. Eine extrem empfehlenswerte Wanderung!\u201c \u00dcbrigens: Eine Wanderkarte ist zu empfehlen, aber dank der tollen Beschilderung durch die Wegewarte des <a href=\"https:\/\/www.freiburg-schwarzwald.de\/blog\/vereine\/wandervereine\/schwarzwaldverein\/\">Schwarzwaldvereins<\/a> h\u00f6chstens zur Orientierung notwendig.<br \/>\n28.4.2021, Gerhard L\u00fcck, Kirchzarten, <a href=\"https:\/\/www.dreisamtaeler.de\">https:\/\/www.dreisamtaeler.de<\/a><\/p>\n<p>&nbsp;<\/p>\n","protected":false},"excerpt":{"rendered":"<p>Home &gt;Regio &gt;Orte &gt;Hinterzarten Buch: Die Hinterzartener Winterlese widmet sich dem W\u00e4lderleben (7.1.2023) Baldenweger H\u00fctte unterhalb des Feldbergs mit neuen P\u00e4chtern (7.12.2022) H\u00f6llental- und Kaiserstuhlbahn trennen\u00a0(22.10.2021) S\u2019Bergbure in Hinterzarten-Windeck\u00a0(21.7.2021) Wanderung: Hinterzarten &#8211; Alpersbach &#8211; Hinterwaldkopf &#8211; Kirchzarten (5.5.2021) Cego \u2013 &hellip; <a href=\"https:\/\/www.freiburg-schwarzwald.de\/blog\/regio\/orte\/hinterzarten\/\">Weiterlesen <span class=\"meta-nav\">&rarr;<\/span><\/a><\/p>\n","protected":false},"author":2,"featured_media":0,"parent":363,"menu_order":0,"comment_status":"open","ping_status":"closed","template":"","meta":{"footnotes":""},"class_list":["post-3057","page","type-page","status-publish","hentry"],"_links":{"self":[{"href":"https:\/\/www.freiburg-schwarzwald.de\/blog\/wp-json\/wp\/v2\/pages\/3057","targetHints":{"allow":["GET"]}}],"collection":[{"href":"https:\/\/www.freiburg-schwarzwald.de\/blog\/wp-json\/wp\/v2\/pages"}],"about":[{"href":"https:\/\/www.freiburg-schwarzwald.de\/blog\/wp-json\/wp\/v2\/types\/page"}],"author":[{"embeddable":true,"href":"https:\/\/www.freiburg-schwarzwald.de\/blog\/wp-json\/wp\/v2\/users\/2"}],"replies":[{"embeddable":true,"href":"https:\/\/www.freiburg-schwarzwald.de\/blog\/wp-json\/wp\/v2\/comments?post=3057"}],"version-history":[{"count":5,"href":"https:\/\/www.freiburg-schwarzwald.de\/blog\/wp-json\/wp\/v2\/pages\/3057\/revisions"}],"predecessor-version":[{"id":108214,"href":"https:\/\/www.freiburg-schwarzwald.de\/blog\/wp-json\/wp\/v2\/pages\/3057\/revisions\/108214"}],"up":[{"embeddable":true,"href":"https:\/\/www.freiburg-schwarzwald.de\/blog\/wp-json\/wp\/v2\/pages\/363"}],"wp:attachment":[{"href":"https:\/\/www.freiburg-schwarzwald.de\/blog\/wp-json\/wp\/v2\/media?parent=3057"}],"curies":[{"name":"wp","href":"https:\/\/api.w.org\/{rel}","templated":true}]}}