{"id":30165,"date":"2013-05-16T14:02:15","date_gmt":"2013-05-16T12:02:15","guid":{"rendered":"https:\/\/www.freiburg-schwarzwald.de\/blog\/?page_id=30165"},"modified":"2026-02-18T12:48:18","modified_gmt":"2026-02-18T11:48:18","slug":"baum","status":"publish","type":"page","link":"https:\/\/www.freiburg-schwarzwald.de\/blog\/natur\/wald\/baum\/","title":{"rendered":"Baum"},"content":{"rendered":"<p><a href=\"https:\/\/www.freiburg-schwarzwald.de\/blog\">Home<\/a> &gt;<a title=\"Wald\" href=\"https:\/\/www.freiburg-schwarzwald.de\/blog\/natur\/wald\/\">Natur<\/a> &gt;<a title=\"Wald\" href=\"https:\/\/www.freiburg-schwarzwald.de\/blog\/natur\/wald\/\">Wald<\/a> &gt;Baum<\/p>\n<div id=\"attachment_29899\" style=\"width: 647px\" class=\"wp-caption alignnone\"><a href=\"https:\/\/www.freiburg-schwarzwald.de\/blog\/religion\/kreuze\/wangler-kreuz\/eichen2wanglerkreuz-pan130505\/\" rel=\"attachment wp-att-29899\"><img loading=\"lazy\" decoding=\"async\" aria-describedby=\"caption-attachment-29899\" class=\" wp-image-29899\" title=\"eichen2wanglerkreuz-pan130505\" src=\"https:\/\/www.freiburg-schwarzwald.de\/blog\/wp-content\/uploads\/2012\/06\/eichen2wanglerkreuz-pan130505.jpg\" alt=\"\" width=\"637\" height=\"219\" srcset=\"https:\/\/www.freiburg-schwarzwald.de\/blog\/wp-content\/uploads\/2012\/06\/eichen2wanglerkreuz-pan130505.jpg 637w, https:\/\/www.freiburg-schwarzwald.de\/blog\/wp-content\/uploads\/2012\/06\/eichen2wanglerkreuz-pan130505-180x61.jpg 180w\" sizes=\"auto, (max-width: 637px) 100vw, 637px\" \/><\/a><p id=\"caption-attachment-29899\" class=\"wp-caption-text\">Blick nach Osten zu den drei uralten Eichen beim Wangler-Kreuz zwischen Freiburg-Ebnet und Zarten im Dreisamtal am 5.5.2013<\/p><\/div>\n<p>&nbsp;<\/p>\n<ul>\n<li><em>Listenauswahl eines Beitrags (Artikel\/Datum, Seite\/Inhalt):\u00a0<span style=\"text-decoration: underline;\">Klicken<\/span>\u00a0oder scrollen<\/em><\/li>\n<li><a href=\"https:\/\/www.freiburg-schwarzwald.de\/blog\/gutes-waldjahr-2025-mit-regen\/\">Gutes Waldjahr 2025 mit Regen<\/a>\u00a0(29.1.2026)<\/li>\n<li><a href=\"https:\/\/www.freiburg-schwarzwald.de\/blog\/natur\/wald\/kastanie\/\">Der Kastanienbaum ist ein Egozentriker<\/a> (6.7.2025)<\/li>\n<li>Freiburg zeichnet 20 Baumscheiben der Vielfalt aus (1.7.2024)<\/li>\n<li>Christi Himmelfahrt am &#8222;Baum der Erkenntnis&#8220; in FR-Kappel (10.5.2025)<\/li>\n<li><a href=\"https:\/\/www.freiburg-schwarzwald.de\/blog\/natur\/flora\/pflanzen-co2\/\">Eine Buche erzeugt Sauerstoff und entnimmt CO2 \u00fcber 600.000 Bl\u00e4tter<\/a> (3.10.2023)<\/li>\n<li><a href=\"https:\/\/www.freiburg-schwarzwald.de\/blog\/regio\/orte\/buchenbach\/wiesneck\/\">Wanderweg Buchenbach: Stufen im Baumstamm<\/a>\u00a0(22.8.2023)<\/li>\n<li><a href=\"https:\/\/www.freiburg-schwarzwald.de\/blog\/energie\/wind\/windkraft\/\">SNP admits to felling 16 million trees to develop wind farms<\/a> (19.7.2023)<\/li>\n<li><a href=\"https:\/\/www.freiburg-schwarzwald.de\/blog\/natur\/wald\/forst\/\">Waldbau: Der Wald der Zukunft wird bunter sein<\/a>\u00a0(31.7.2021)<\/li>\n<li><a href=\"https:\/\/www.freiburg-schwarzwald.de\/blog\/baumbesetzer-fr-dietenbach\/\">Baumbesetzer FR-Dietenbach<\/a>\u00a0(14.6.2021)<\/li>\n<li><a href=\"https:\/\/www.freiburg-schwarzwald.de\/blog\/regio\/freiburg\/dietenbach-stadtteil\/\">Langmattw\u00e4ldchen zwischen Rieselfeld und Dietenbach erhalten<\/a>\u00a0(4.6.2021)<\/li>\n<li><a title=\"Dreisam-Linde\" href=\"https:\/\/www.freiburg-schwarzwald.de\/blog\/regio\/tal\/dreisamtal\/dreisam-linde\/\">Zugversuche am Lindenbaum nach Wurzelbesch\u00e4digung \u2013 Teamarbeit<\/a>\u00a0(7.7.2020)<\/li>\n<li><a title=\"CO2-Steuer\" href=\"https:\/\/www.freiburg-schwarzwald.de\/blog\/engagement\/verbraucher\/steuern\/co2-steuer\/\">Klimaschutz: Jeder pflanzt zuhause 400 B\u00e4ume<\/a> (4.2.2020)<\/li>\n<li><a href=\"https:\/\/www.freiburg-schwarzwald.de\/blog\/baume-faellen-fuer-parkplaetze\/\">https:\/\/www.freiburg-schwarzwald.de\/blog\/baume-faellen-fuer-parkplaetze\/<\/a>\u00a0(26.8.2019)<\/li>\n<li>Green City: B\u00e4ume abs\u00e4gen im Mooswald beim Keidel-Bad (19.8.2019)<\/li>\n<li>Selbstherrliche Baumf\u00e4llungen am Haslacher Dorfbach (23.3.2016)<\/li>\n<li>Douglasie f\u00e4llen (24.7.2014)<\/li>\n<li><a href=\"https:\/\/www.freiburg-schwarzwald.de\/muellheim1.htm#1833 pflanzt Weingutbesitzer Marget 100 Maulbeerb\u00e4ume in H\u00fcgelheim\">1833 pflanzt Weingutbesitzer Marget 100 Maulbeerb\u00e4ume in H\u00fcgelheim<\/a> &gt;Muellheim1 (4.2.12)<\/li>\n<li><a href=\"https:\/\/www.freiburg-schwarzwald.de\/stuttgart21.htm#Forstbonatiker: Verpflanzung so gro\u00dfer B\u00e4ume biologisch v\u00f6llig unsinnig\">Forstbotaniker: Verpflanzung so gro\u00dfer B\u00e4ume biologisch v\u00f6llig unsinnig<\/a> &gt;Stuttgart21 (24.12)<\/li>\n<li><a href=\"https:\/\/www.freiburg-schwarzwald.de\/blhv.htm#Bauernverband und Forstdirektion 2011: L\u00e4rche, Landwirte und Windkraft, FAK\">Bauernverband und Forstdirektion 2011: L\u00e4rche, Landwirte und Windkraft, FAK<\/a> &gt;BLHV (21.12)<\/li>\n<li><a href=\"https:\/\/www.freiburg-schwarzwald.de\/littenweiler\/oberstadt1.htm#Wasserkur f\u00fcr alte Linden an Oberlinden und M\u00fcnster\">Wasserkur f\u00fcr alte Linden an Oberlinden und M\u00fcnster<\/a> &gt;Oberstadt1 (15.8.2011)<\/li>\n<li><a href=\"https:\/\/www.freiburg-schwarzwald.de\/kirschen.htm#An einem Junimorgen im Kirschbaum\">An einem Junimorgen im Kirschbaum<\/a> &gt;Kirschen (4.6.2011)<\/li>\n<li><a href=\"https:\/\/www.freiburg-schwarzwald.de\/littenweiler\/oeffentlicher-raum.htm#Freiburg bl\u00fcht auf: Baumscheiben eins\u00e4hen - \u00d6kostation-Projekt\">Freiburg bl\u00fcht auf: Baumscheiben eins\u00e4hen &#8211; \u00d6kostation-Projekt<\/a> &gt;Oeffentlicher-Raum (1.2.11)<\/li>\n<li><a href=\"https:\/\/www.freiburg-schwarzwald.de\/wald5.htm#Zirbelkiefer bzw. Zirbe - \u00dcberlebensk\u00fcnstlerin, K\u00f6nigin der Alpen\">Zirbelkiefer bzw. Zirbe &#8211; \u00dcberlebensk\u00fcnstlerin, K\u00f6nigin der Alpen<\/a> &gt;Wald5 (28.6.2010)<\/li>\n<li><a href=\"https:\/\/www.freiburg-schwarzwald.de\/mobilfunk.htm#Mammutbaum der Caritas einem Pilz zum Opfer gefallen\">Mammutbaum der Caritas einem Pilz zum Opfer gefallen<\/a> &gt;Mobilfunk (31.12.2009)<\/li>\n<li>Herbstlaub: Bl\u00e4tter als Unkrautvernichter, Anthocyan, &gt;Baum (28.10.2008)<\/li>\n<li>Speierling &#8211; Wildobstbaum bei Ballrechten-Dottingen gepflanzt &gt;Baum (5.4.2008)<\/li>\n<li><a href=\"https:\/\/www.freiburg-schwarzwald.de\/staufen1.htm#Lindenbaum\u00a0bei Lederfabrik Bopp nach illegelem Ans\u00e4gen nun gef\u00e4llt\">Lindenbaum\u00a0bei Lederfabrik Bopp nach illegelem Ans\u00e4gen nun gef\u00e4llt<\/a> &gt;Staufen1 (20.3.2008)<\/li>\n<li><a href=\"https:\/\/www.freiburg-schwarzwald.de\/gundelfingen1.htm#2008 wird die Luther-Eiche 125 Jahre alt\">2008 wird die Luther-Eiche 125 Jahre alt<\/a> &gt;Gundelfingen1 (2.1.2008)<\/li>\n<li><a href=\"https:\/\/www.freiburg-schwarzwald.de\/littenweiler\/herdern1.htm#Rosskastanie in Ludwigstrasse von Miniermotte maltr\u00e4tiert\">Rosskastanie in Ludwigstrasse von Miniermotte maltr\u00e4tiert<\/a> &gt;Herdern1 (9.11.2007)<\/li>\n<li><a href=\"https:\/\/www.freiburg-schwarzwald.de\/breisach1.htm#25 Eichen wurden von Prozessionsspinnerraupen befreit\">25 Eichen wurden von Prozessionsspinnerraupen befreit<\/a> &gt;Breisach1 (20.6.2007)<\/li>\n<li><a href=\"https:\/\/www.freiburg-schwarzwald.de\/littenweiler\/stadtwald1.htm#B\u00fcrgerinitiative Zaehringer Eiche: 350j\u00e4hrige Eiche gef\u00e4llt\">B\u00fcrgerinitiative Zaehringer Eiche: 350j\u00e4hrige Eiche gef\u00e4llt<\/a> &gt;Stadtwald1 (6.3.2007, 19.3.07)<\/li>\n<li><a href=\"https:\/\/www.freiburg-schwarzwald.de\/baumreihe.htm\">Eine Baumreihe mit 10 Kirschb\u00e4umen am Zwerisberg bei St. M\u00e4rgen<\/a> &gt;Baumreihe<\/li>\n<li>Zapfenpfl\u00fccker ernten Douglasien-Samen in G\u00fcnterstal (22.8.2006)<\/li>\n<li><a href=\"https:\/\/www.freiburg-schwarzwald.de\/batzenberg.htm#Ehrenkirchener setzten 300 B\u00e4ume - Privatleute als Paten zur Pflege\">Ehrenkirchener setzten 300 B\u00e4ume &#8211; Privatleute als Paten zur Pflege<\/a> &gt;Batzenberg (23.4.2005)<\/li>\n<li><a href=\"https:\/\/www.freiburg-schwarzwald.de\/lexikon.htm#Schwarzwald mal 3\">Was macht den Schwarzwald schwarz &#8211; die Wei\u00dftanne<\/a> &gt;Lexikon (3.12.2004)<\/li>\n<li><a href=\"https:\/\/www.freiburg-schwarzwald.de\/baum.htm#Esche vom Hierahof in Saig zweitsch\u00f6nster Hofbaum\">Esche vom Hierahof in Saig zweitsch\u00f6nster Hofbaum<\/a> (22.9.2004<\/li>\n<li><a href=\"https:\/\/www.freiburg-schwarzwald.de\/baum.htm#BBZ-Hofbaum-Wettbewerb 2004\">BBZ-Hofbaum-Wettbewerb 2004<\/a> (14.9.2004)<\/li>\n<li><a href=\"https:\/\/www.freiburg-schwarzwald.de\/baum.htm#Linde des Sch\u00f6nbachhofs bei Hofbaum-Wettbewerb ausgezeichnet\">Linde des Sch\u00f6nbachhofs bei Hofbaum-Wettbewerb ausgezeichnet<\/a> (14.9.2004)<\/li>\n<li><a href=\"https:\/\/www.freiburg-schwarzwald.de\/baum.htm#Wei\u00dftanne soll im Schwarzwald mehr nachgefragt werden\">Wei\u00dftanne soll im Schwarzwald mehr nachgefragt werden<\/a> (15.3.2004)<\/li>\n<li><\/li>\n<li><strong><a href=\"https:\/\/www.freiburg-schwarzwald.de\/baum.htm\">www.freiburg-schwarzwald.de\/baum.htm<\/a> &gt;Archivseite Baum<\/strong><\/li>\n<li><a href=\"https:\/\/www.freiburg-schwarzwald.de\/baumschule.htm\">Baumschulen<\/a> &gt;Baumschule<\/li>\n<li><a href=\"https:\/\/www.freiburg-schwarzwald.de\/baumstamm.htm\">Baumst\u00e4mme<\/a> &gt;Baumstamm<\/li>\n<li><a href=\"https:\/\/www.freiburg-schwarzwald.de\/baumreihe.htm\">Baumreihe bei St.M\u00e4rgen<\/a> &gt;Baumreihe<\/li>\n<li><a href=\"https:\/\/www.freiburg-schwarzwald.de\/kapitalanlage.htm#Baum-Invest - Holz in Costa Rica\">Baum-Invest &#8211; Holz in Costa Rica<\/a> &gt;Kapitalanlage<\/li>\n<li>Buchen &#8211; Wetterbuchen &#8211; Buchenwald &gt;Baum<\/li>\n<li><a href=\"https:\/\/www.freiburg-schwarzwald.de\/blog\/natur\/klima\/co2\/\">CO2<\/a><\/li>\n<li><a href=\"https:\/\/www.freiburg-schwarzwald.de\/baum.htm#Deutsches Baumarchiv\">Deutsches Baumarchiv<\/a><\/li>\n<li><a title=\"Dreisam-Linde\" href=\"https:\/\/www.freiburg-schwarzwald.de\/blog\/regio\/tal\/dreisamtal\/dreisam-linde\/\">Dreisam-Linde beim Ebneter Schlosssteg<\/a><\/li>\n<li><a href=\"https:\/\/www.freiburg-schwarzwald.de\/emissionshandel.htm\">Emissionshandel &#8211; Zertifikatehandel<\/a> &gt;Emissionshandel<\/li>\n<li><a href=\"https:\/\/www.freiburg-schwarzwald.de\/flechten.htm\">Flechten<\/a> &gt;Flechten<\/li>\n<li><a href=\"https:\/\/www.freiburg-schwarzwald.de\/littenweiler\/pellets.htm\">Holzenergie und Pellets<\/a> &gt;Pellets<\/li>\n<li><a title=\"Laubwald\" href=\"https:\/\/www.freiburg-schwarzwald.de\/blog\/natur\/wald\/laubwald\/\">Laubb\u00e4ume <\/a><\/li>\n<li><a href=\"https:\/\/www.freiburg-schwarzwald.de\/naturdenkmal.htm\">Naturdenkmale &#8211; Solit\u00e4re, B\u00e4ume<\/a>\u00a0 &gt;Naturdenkmal<\/li>\n<li><a href=\"https:\/\/www.freiburg-schwarzwald.de\/wald.htm\">Wald und Forst<\/a> &gt;Wald<\/li>\n<li><a title=\"Waldhaus\" href=\"https:\/\/www.freiburg-schwarzwald.de\/blog\/natur\/wald\/waldhaus\/\">Waldhaus Freiburg <\/a><\/li>\n<li><a href=\"https:\/\/www.freiburg-schwarzwald.de\/littenweiler\/waldmenschen.htm\">Waldmenschen &#8211; Skulpturen<\/a> &gt;Waldmenschen<\/li>\n<li><a href=\"https:\/\/www.freiburg-schwarzwald.de\/schwarzwald.htm#Wei\u00dftanne - der Stammbaum des Schwarzwaldes\">Wei\u00dftanne &#8211; der Stammbaum des Schwarzwaldes<\/a> &gt;Schwarzwald<\/li>\n<li><a title=\"Wetterbuche\" href=\"https:\/\/www.freiburg-schwarzwald.de\/blog\/natur\/wald\/wetterbuche\/\">Wetterbuchen am Schauinsland<\/a> &gt;Wetterbuche<\/li>\n<li><a href=\"https:\/\/www.freiburg-schwarzwald.de\/waldspaziergang.htm\">Im Wald wandern<\/a> &gt;Waldspaziergang<\/li>\n<li><a href=\"https:\/\/www.freiburg-schwarzwald.de\/baum.htm#Zigeunerlinde in K\u00fcrzell zwischen Lahr und Kehl\">Zigeunerlinde in K\u00fcrzell zwischen Lahr und Kehl<\/a><\/li>\n<\/ul>\n<p>Eine mittelgro\u00dfe Birke versorgt ca 200.000 Bl\u00e4tter. Jeden Tag schwitzt sie 400 Liter Wasser aus &#8211; und k\u00fchlt damit den Luftraum \u00fcber sich und die Menschen unter sich.<\/p>\n<div id=\"attachment_145866\" style=\"width: 650px\" class=\"wp-caption alignnone\"><a href=\"https:\/\/www.freiburg-schwarzwald.de\/blog\/wp-content\/uploads\/2026\/02\/baumfaellen-dreisam-pan20260210.jpg\"><img loading=\"lazy\" decoding=\"async\" aria-describedby=\"caption-attachment-145866\" class=\"size-full wp-image-145866\" src=\"https:\/\/www.freiburg-schwarzwald.de\/blog\/wp-content\/uploads\/2026\/02\/baumfaellen-dreisam-pan20260210.jpg\" alt=\"\" width=\"640\" height=\"336\" srcset=\"https:\/\/www.freiburg-schwarzwald.de\/blog\/wp-content\/uploads\/2026\/02\/baumfaellen-dreisam-pan20260210.jpg 640w, https:\/\/www.freiburg-schwarzwald.de\/blog\/wp-content\/uploads\/2026\/02\/baumfaellen-dreisam-pan20260210-180x95.jpg 180w\" sizes=\"auto, (max-width: 640px) 100vw, 640px\" \/><\/a><p id=\"caption-attachment-145866\" class=\"wp-caption-text\">Ein gef\u00e4hrlicher (!) Baum an der Dreisam in FR 10.2.2026 wurde gef\u00e4llt<\/p><\/div>\n<p><a href=\"https:\/\/www.freiburg-schwarzwald.de\/blog\/natur\/wald\/baum\/buchsbaumzuensler1-130514\/\" rel=\"attachment wp-att-30225\"><img loading=\"lazy\" decoding=\"async\" class=\"alignnone size-thumbnail wp-image-30225\" title=\"buchsbaumzuensler1-130514\" src=\"https:\/\/www.freiburg-schwarzwald.de\/blog\/wp-content\/uploads\/2013\/05\/buchsbaumzuensler1-130514-180x143.jpg\" alt=\"\" width=\"180\" height=\"143\" srcset=\"https:\/\/www.freiburg-schwarzwald.de\/blog\/wp-content\/uploads\/2013\/05\/buchsbaumzuensler1-130514-180x143.jpg 180w, https:\/\/www.freiburg-schwarzwald.de\/blog\/wp-content\/uploads\/2013\/05\/buchsbaumzuensler1-130514-640x508.jpg 640w, https:\/\/www.freiburg-schwarzwald.de\/blog\/wp-content\/uploads\/2013\/05\/buchsbaumzuensler1-130514.jpg 905w\" sizes=\"auto, (max-width: 180px) 100vw, 180px\" \/><\/a>\u00a0\u00a0\u00a0\u00a0\u00a0\u00a0\u00a0\u00a0\u00a0\u00a0 \u00a0\u00a0\u00a0 <a href=\"https:\/\/www.freiburg-schwarzwald.de\/blog\/natur\/wald\/baum\/buchsbaumzuensler130514\/\" rel=\"attachment wp-att-30227\"><img loading=\"lazy\" decoding=\"async\" class=\"alignnone size-thumbnail wp-image-30227\" title=\"buchsbaumzuensler130514\" src=\"https:\/\/www.freiburg-schwarzwald.de\/blog\/wp-content\/uploads\/2013\/05\/buchsbaumzuensler130514-180x135.jpg\" alt=\"\" width=\"180\" height=\"135\" srcset=\"https:\/\/www.freiburg-schwarzwald.de\/blog\/wp-content\/uploads\/2013\/05\/buchsbaumzuensler130514-180x135.jpg 180w, https:\/\/www.freiburg-schwarzwald.de\/blog\/wp-content\/uploads\/2013\/05\/buchsbaumzuensler130514-640x480.jpg 640w, https:\/\/www.freiburg-schwarzwald.de\/blog\/wp-content\/uploads\/2013\/05\/buchsbaumzuensler130514.jpg 1000w\" sizes=\"auto, (max-width: 180px) 100vw, 180px\" \/><\/a>\u00a0\u00a0\u00a0\u00a0\u00a0\u00a0\u00a0\u00a0 \u00a0\u00a0\u00a0\u00a0\u00a0 <a href=\"https:\/\/www.freiburg-schwarzwald.de\/blog\/natur\/wald\/baum\/baum-astloch130619\/\" rel=\"attachment wp-att-33563\"><img loading=\"lazy\" decoding=\"async\" class=\"alignnone size-thumbnail wp-image-33563\" title=\"baum-astloch130619\" src=\"https:\/\/www.freiburg-schwarzwald.de\/blog\/wp-content\/uploads\/2013\/05\/baum-astloch130619-135x180.jpg\" alt=\"\" width=\"135\" height=\"180\" srcset=\"https:\/\/www.freiburg-schwarzwald.de\/blog\/wp-content\/uploads\/2013\/05\/baum-astloch130619-135x180.jpg 135w, https:\/\/www.freiburg-schwarzwald.de\/blog\/wp-content\/uploads\/2013\/05\/baum-astloch130619.jpg 480w\" sizes=\"auto, (max-width: 135px) 100vw, 135px\" \/><\/a><\/p>\n<h5>(1) Buchsbaumz\u00fcnsler am 14.5.2013\u00a0 \u00a0 \u00a0 \u00a0 \u00a0 \u00a0 \u00a0 \u00a0 \u00a0 \u00a0 \u00a0 \u00a0 \u00a0 \u00a0 \u00a0 \u00a0 \u00a0 \u00a0 \u00a0 \u00a0 \u00a0 (3) Baum Astloch 19.6.2013<\/h5>\n<h5><a href=\"https:\/\/www.freiburg-schwarzwald.de\/blog\/natur\/wald\/baum\/baumschatten130703\/\" rel=\"attachment wp-att-34239\"><img loading=\"lazy\" decoding=\"async\" class=\"alignnone size-thumbnail wp-image-34239\" title=\"baumschatten130703\" src=\"https:\/\/www.freiburg-schwarzwald.de\/blog\/wp-content\/uploads\/2013\/05\/baumschatten130703-180x135.jpg\" alt=\"\" width=\"180\" height=\"135\" srcset=\"https:\/\/www.freiburg-schwarzwald.de\/blog\/wp-content\/uploads\/2013\/05\/baumschatten130703-180x135.jpg 180w, https:\/\/www.freiburg-schwarzwald.de\/blog\/wp-content\/uploads\/2013\/05\/baumschatten130703.jpg 640w\" sizes=\"auto, (max-width: 180px) 100vw, 180px\" \/><\/a>\u00a0\u00a0\u00a0\u00a0\u00a0\u00a0\u00a0\u00a0\u00a0\u00a0\u00a0\u00a0\u00a0\u00a0 <a href=\"https:\/\/www.freiburg-schwarzwald.de\/blog\/natur\/wald\/baum\/baum-uralt130828\/\" rel=\"attachment wp-att-37589\"><img loading=\"lazy\" decoding=\"async\" class=\"alignnone size-thumbnail wp-image-37589\" title=\"baum-uralt130828\" src=\"https:\/\/www.freiburg-schwarzwald.de\/blog\/wp-content\/uploads\/2013\/05\/baum-uralt130828-135x180.jpg\" alt=\"\" width=\"135\" height=\"180\" srcset=\"https:\/\/www.freiburg-schwarzwald.de\/blog\/wp-content\/uploads\/2013\/05\/baum-uralt130828-135x180.jpg 135w, https:\/\/www.freiburg-schwarzwald.de\/blog\/wp-content\/uploads\/2013\/05\/baum-uralt130828.jpg 480w\" sizes=\"auto, (max-width: 135px) 100vw, 135px\" \/><\/a>\u00a0\u00a0\u00a0\u00a0\u00a0\u00a0\u00a0\u00a0\u00a0\u00a0\u00a0\u00a0\u00a0\u00a0\u00a0\u00a0 \u00a0\u00a0\u00a0\u00a0\u00a0\u00a0\u00a0\u00a0\u00a0\u00a0 <a href=\"https:\/\/www.freiburg-schwarzwald.de\/blog\/natur\/wald\/baum\/baum-torso140520\/\" rel=\"attachment wp-att-48876\"><img loading=\"lazy\" decoding=\"async\" class=\"alignnone size-thumbnail wp-image-48876\" src=\"https:\/\/www.freiburg-schwarzwald.de\/blog\/wp-content\/uploads\/2013\/05\/Baum-Torso140520-135x180.jpg\" alt=\"Baum-Torso140520\" width=\"135\" height=\"180\" srcset=\"https:\/\/www.freiburg-schwarzwald.de\/blog\/wp-content\/uploads\/2013\/05\/Baum-Torso140520-135x180.jpg 135w, https:\/\/www.freiburg-schwarzwald.de\/blog\/wp-content\/uploads\/2013\/05\/Baum-Torso140520.jpg 480w\" sizes=\"auto, (max-width: 135px) 100vw, 135px\" \/><\/a><br \/>\n(4) Baumschatten <a title=\"Fussehof\" href=\"https:\/\/www.freiburg-schwarzwald.de\/blog\/bauernhof\/fussehof\/\">Fu\u00dfehof<\/a> 3.7.2013\u00a0 (5) Uralte Eiche 6.9.2013\u00a0 (6) Baum-Torso Dreisamtal 20.5.14<\/h5>\n<h5><a href=\"https:\/\/www.freiburg-schwarzwald.de\/blog\/natur\/wald\/baum\/eiche-herbstlaub141115\/\" rel=\"attachment wp-att-51703\"><img loading=\"lazy\" decoding=\"async\" class=\"alignnone size-thumbnail wp-image-51703\" src=\"https:\/\/www.freiburg-schwarzwald.de\/blog\/wp-content\/uploads\/2013\/05\/eiche-herbstlaub141115-180x135.jpg\" alt=\"eiche-herbstlaub141115\" width=\"180\" height=\"135\" srcset=\"https:\/\/www.freiburg-schwarzwald.de\/blog\/wp-content\/uploads\/2013\/05\/eiche-herbstlaub141115-180x135.jpg 180w, https:\/\/www.freiburg-schwarzwald.de\/blog\/wp-content\/uploads\/2013\/05\/eiche-herbstlaub141115.jpg 640w\" sizes=\"auto, (max-width: 180px) 100vw, 180px\" \/><\/a>\u00a0\u00a0\u00a0\u00a0\u00a0\u00a0\u00a0\u00a0\u00a0 <a href=\"https:\/\/www.freiburg-schwarzwald.de\/blog\/natur\/wald\/baum\/schnee-baumgesicht150101\/\" rel=\"attachment wp-att-52398\"><img loading=\"lazy\" decoding=\"async\" class=\"alignnone size-thumbnail wp-image-52398\" src=\"https:\/\/www.freiburg-schwarzwald.de\/blog\/wp-content\/uploads\/2013\/05\/schnee-baumgesicht150101-135x180.jpg\" alt=\"schnee-baumgesicht150101\" width=\"135\" height=\"180\" srcset=\"https:\/\/www.freiburg-schwarzwald.de\/blog\/wp-content\/uploads\/2013\/05\/schnee-baumgesicht150101-135x180.jpg 135w, https:\/\/www.freiburg-schwarzwald.de\/blog\/wp-content\/uploads\/2013\/05\/schnee-baumgesicht150101.jpg 480w\" sizes=\"auto, (max-width: 135px) 100vw, 135px\" \/><\/a>\u00a0\u00a0\u00a0\u00a0\u00a0\u00a0\u00a0\u00a0\u00a0\u00a0\u00a0\u00a0\u00a0\u00a0\u00a0\u00a0\u00a0\u00a0\u00a0\u00a0\u00a0\u00a0\u00a0\u00a0\u00a0\u00a0\u00a0\u00a0\u00a0 <a href=\"https:\/\/www.freiburg-schwarzwald.de\/blog\/natur\/wald\/baum\/baumwurzeln150412\/\" rel=\"attachment wp-att-54334\"><img loading=\"lazy\" decoding=\"async\" class=\"alignnone size-thumbnail wp-image-54334\" src=\"https:\/\/www.freiburg-schwarzwald.de\/blog\/wp-content\/uploads\/2013\/05\/baumwurzeln150412-135x180.jpg\" alt=\"baumwurzeln150412\" width=\"135\" height=\"180\" srcset=\"https:\/\/www.freiburg-schwarzwald.de\/blog\/wp-content\/uploads\/2013\/05\/baumwurzeln150412-135x180.jpg 135w, https:\/\/www.freiburg-schwarzwald.de\/blog\/wp-content\/uploads\/2013\/05\/baumwurzeln150412.jpg 480w\" sizes=\"auto, (max-width: 135px) 100vw, 135px\" \/><\/a><br \/>\n(7) Eiche 15.11.2014\u00a0 (8) Gesicht im Baum 1.1.2015 (9) Baumwurzel Sternwald 18.4.15<\/h5>\n<h5><a href=\"https:\/\/www.freiburg-schwarzwald.de\/blog\/natur\/herbst\/ahorn-laub-herbst151106\/\" rel=\"attachment wp-att-57336\"><img loading=\"lazy\" decoding=\"async\" class=\"alignnone size-thumbnail wp-image-57336\" src=\"https:\/\/www.freiburg-schwarzwald.de\/blog\/wp-content\/uploads\/2012\/10\/ahorn-laub-herbst151106-135x180.jpg\" alt=\"ahorn-laub-herbst151106\" width=\"135\" height=\"180\" srcset=\"https:\/\/www.freiburg-schwarzwald.de\/blog\/wp-content\/uploads\/2012\/10\/ahorn-laub-herbst151106-135x180.jpg 135w, https:\/\/www.freiburg-schwarzwald.de\/blog\/wp-content\/uploads\/2012\/10\/ahorn-laub-herbst151106.jpg 480w\" sizes=\"auto, (max-width: 135px) 100vw, 135px\" \/><\/a>\u00a0 \u00a0 \u00a0 \u00a0 \u00a0 \u00a0 \u00a0 \u00a0 \u00a0 \u00a0<a href=\"https:\/\/www.freiburg-schwarzwald.de\/blog\/natur\/wald\/baum\/fichte-blueten170421\/\" rel=\"attachment wp-att-64753\"><img loading=\"lazy\" decoding=\"async\" class=\"alignnone size-thumbnail wp-image-64753\" src=\"https:\/\/www.freiburg-schwarzwald.de\/blog\/wp-content\/uploads\/2013\/05\/fichte-blueten170421-180x135.jpg\" alt=\"fichte-blueten170421\" width=\"180\" height=\"135\" srcset=\"https:\/\/www.freiburg-schwarzwald.de\/blog\/wp-content\/uploads\/2013\/05\/fichte-blueten170421-180x135.jpg 180w, https:\/\/www.freiburg-schwarzwald.de\/blog\/wp-content\/uploads\/2013\/05\/fichte-blueten170421.jpg 640w\" sizes=\"auto, (max-width: 180px) 100vw, 180px\" \/><\/a>\u00a0 \u00a0 \u00a0 \u00a0 \u00a0 \u00a0 \u00a0 <a href=\"https:\/\/www.freiburg-schwarzwald.de\/blog\/natur\/wald\/baum\/fichte-zapfen170421\/\" rel=\"attachment wp-att-64754\"><img loading=\"lazy\" decoding=\"async\" class=\"alignnone size-thumbnail wp-image-64754\" src=\"https:\/\/www.freiburg-schwarzwald.de\/blog\/wp-content\/uploads\/2013\/05\/fichte-zapfen170421-180x135.jpg\" alt=\"fichte-zapfen170421\" width=\"180\" height=\"135\" srcset=\"https:\/\/www.freiburg-schwarzwald.de\/blog\/wp-content\/uploads\/2013\/05\/fichte-zapfen170421-180x135.jpg 180w, https:\/\/www.freiburg-schwarzwald.de\/blog\/wp-content\/uploads\/2013\/05\/fichte-zapfen170421.jpg 640w\" sizes=\"auto, (max-width: 180px) 100vw, 180px\" \/><\/a><br \/>\n(10) Blutahorn am 6.11.2015\u00a0 (11) Fichten Bl\u00fcten 21.4.2017\u00a0 (12) Fichtenzapfen 21.4.2017<\/h5>\n<h5><a href=\"https:\/\/www.freiburg-schwarzwald.de\/blog\/wp-content\/uploads\/2024\/08\/baum-stirbt-ab240811.jpg\"><img loading=\"lazy\" decoding=\"async\" class=\"alignnone size-thumbnail wp-image-126110\" src=\"https:\/\/www.freiburg-schwarzwald.de\/blog\/wp-content\/uploads\/2024\/08\/baum-stirbt-ab240811-180x156.jpg\" alt=\"\" width=\"180\" height=\"156\" srcset=\"https:\/\/www.freiburg-schwarzwald.de\/blog\/wp-content\/uploads\/2024\/08\/baum-stirbt-ab240811-180x156.jpg 180w, https:\/\/www.freiburg-schwarzwald.de\/blog\/wp-content\/uploads\/2024\/08\/baum-stirbt-ab240811-640x556.jpg 640w, https:\/\/www.freiburg-schwarzwald.de\/blog\/wp-content\/uploads\/2024\/08\/baum-stirbt-ab240811-768x667.jpg 768w, https:\/\/www.freiburg-schwarzwald.de\/blog\/wp-content\/uploads\/2024\/08\/baum-stirbt-ab240811.jpg 801w\" sizes=\"auto, (max-width: 180px) 100vw, 180px\" \/><\/a><br \/>\n(13) Baum stirbt ab 11.8.2024<\/h5>\n<p>&nbsp;<\/p>\n<p>&nbsp;<\/p>\n<p><strong>Douglasie f\u00e4llen<\/strong><\/p>\n<h5><a href=\"https:\/\/www.freiburg-schwarzwald.de\/blog\/natur\/wald\/baum\/douglasie1hoch140724\/\" rel=\"attachment wp-att-49525\"><img loading=\"lazy\" decoding=\"async\" class=\"alignnone size-thumbnail wp-image-49525\" src=\"https:\/\/www.freiburg-schwarzwald.de\/blog\/wp-content\/uploads\/2013\/05\/douglasie1hoch140724-135x180.jpg\" alt=\"douglasie1hoch140724\" width=\"135\" height=\"180\" srcset=\"https:\/\/www.freiburg-schwarzwald.de\/blog\/wp-content\/uploads\/2013\/05\/douglasie1hoch140724-135x180.jpg 135w, https:\/\/www.freiburg-schwarzwald.de\/blog\/wp-content\/uploads\/2013\/05\/douglasie1hoch140724.jpg 480w\" sizes=\"auto, (max-width: 135px) 100vw, 135px\" \/><\/a>\u00a0\u00a0\u00a0\u00a0\u00a0\u00a0\u00a0\u00a0\u00a0\u00a0\u00a0\u00a0\u00a0\u00a0\u00a0\u00a0\u00a0\u00a0 \u00a0\u00a0\u00a0\u00a0\u00a0\u00a0\u00a0 <a href=\"https:\/\/www.freiburg-schwarzwald.de\/blog\/natur\/wald\/baum\/douglasie2hoch140724\/\" rel=\"attachment wp-att-49526\"><img loading=\"lazy\" decoding=\"async\" class=\"alignnone size-thumbnail wp-image-49526\" src=\"https:\/\/www.freiburg-schwarzwald.de\/blog\/wp-content\/uploads\/2013\/05\/douglasie2hoch140724-135x180.jpg\" alt=\"douglasie2hoch140724\" width=\"135\" height=\"180\" srcset=\"https:\/\/www.freiburg-schwarzwald.de\/blog\/wp-content\/uploads\/2013\/05\/douglasie2hoch140724-135x180.jpg 135w, https:\/\/www.freiburg-schwarzwald.de\/blog\/wp-content\/uploads\/2013\/05\/douglasie2hoch140724.jpg 480w\" sizes=\"auto, (max-width: 135px) 100vw, 135px\" \/><\/a>\u00a0\u00a0\u00a0\u00a0\u00a0\u00a0\u00a0\u00a0\u00a0\u00a0\u00a0\u00a0\u00a0\u00a0\u00a0\u00a0\u00a0\u00a0 \u00a0\u00a0\u00a0\u00a0 <a href=\"https:\/\/www.freiburg-schwarzwald.de\/blog\/douglasie-solitaerbaum-faellen\/douglasie3baumfaellen140724\/\" rel=\"attachment wp-att-49536\"><img loading=\"lazy\" decoding=\"async\" class=\"alignnone size-thumbnail wp-image-49536\" src=\"https:\/\/www.freiburg-schwarzwald.de\/blog\/wp-content\/uploads\/2014\/07\/douglasie3baumfaellen140724-135x180.jpg\" alt=\"douglasie3baumfaellen140724\" width=\"135\" height=\"180\" srcset=\"https:\/\/www.freiburg-schwarzwald.de\/blog\/wp-content\/uploads\/2014\/07\/douglasie3baumfaellen140724-135x180.jpg 135w, https:\/\/www.freiburg-schwarzwald.de\/blog\/wp-content\/uploads\/2014\/07\/douglasie3baumfaellen140724.jpg 480w\" sizes=\"auto, (max-width: 135px) 100vw, 135px\" \/><\/a><br \/>\n(1) Douglasie um 9 Uhr\u00a0\u00a024.7.2014\u00a0 (2) 10 Uhr Zweige unten entfernen\u00a0 (3) 12 Uhr: weg<\/h5>\n<h5><a href=\"https:\/\/www.freiburg-schwarzwald.de\/blog\/douglasie-solitaerbaum-faellen\/douglasie4baumfaellen140724\/\" rel=\"attachment wp-att-49538\"><img loading=\"lazy\" decoding=\"async\" class=\"alignnone size-thumbnail wp-image-49538\" src=\"https:\/\/www.freiburg-schwarzwald.de\/blog\/wp-content\/uploads\/2014\/07\/douglasie4baumfaellen140724-135x180.jpg\" alt=\"douglasie4baumfaellen140724\" width=\"135\" height=\"180\" srcset=\"https:\/\/www.freiburg-schwarzwald.de\/blog\/wp-content\/uploads\/2014\/07\/douglasie4baumfaellen140724-135x180.jpg 135w, https:\/\/www.freiburg-schwarzwald.de\/blog\/wp-content\/uploads\/2014\/07\/douglasie4baumfaellen140724.jpg 480w\" sizes=\"auto, (max-width: 135px) 100vw, 135px\" \/><\/a>\u00a0 \u00a0 \u00a0 \u00a0 \u00a0 \u00a0 \u00a0 \u00a0 \u00a0 \u00a0 \u00a0<a href=\"https:\/\/www.freiburg-schwarzwald.de\/blog\/douglasie-solitaerbaum-faellen\/douglasie5baumfaellen140724\/\" rel=\"attachment wp-att-49539\"><img loading=\"lazy\" decoding=\"async\" class=\"alignnone size-thumbnail wp-image-49539\" src=\"https:\/\/www.freiburg-schwarzwald.de\/blog\/wp-content\/uploads\/2014\/07\/douglasie5baumfaellen140724-135x180.jpg\" alt=\"douglasie5baumfaellen140724\" width=\"135\" height=\"180\" srcset=\"https:\/\/www.freiburg-schwarzwald.de\/blog\/wp-content\/uploads\/2014\/07\/douglasie5baumfaellen140724-135x180.jpg 135w, https:\/\/www.freiburg-schwarzwald.de\/blog\/wp-content\/uploads\/2014\/07\/douglasie5baumfaellen140724.jpg 480w\" sizes=\"auto, (max-width: 135px) 100vw, 135px\" \/><\/a>\u00a0 \u00a0 \u00a0 \u00a0 \u00a0 \u00a0 \u00a0 \u00a0 \u00a0 \u00a0 \u00a0 <a href=\"https:\/\/www.freiburg-schwarzwald.de\/blog\/douglasie-solitaerbaum-faellen\/douglasie7baumfaellen140724\/\" rel=\"attachment wp-att-49541\"><img loading=\"lazy\" decoding=\"async\" class=\"alignnone size-thumbnail wp-image-49541\" src=\"https:\/\/www.freiburg-schwarzwald.de\/blog\/wp-content\/uploads\/2014\/07\/douglasie7baumfaellen140724-180x138.jpg\" alt=\"douglasie7baumfaellen140724\" width=\"180\" height=\"138\" srcset=\"https:\/\/www.freiburg-schwarzwald.de\/blog\/wp-content\/uploads\/2014\/07\/douglasie7baumfaellen140724-180x138.jpg 180w, https:\/\/www.freiburg-schwarzwald.de\/blog\/wp-content\/uploads\/2014\/07\/douglasie7baumfaellen140724.jpg 638w\" sizes=\"auto, (max-width: 180px) 100vw, 180px\" \/><br \/>\n<\/a>(4) 12.15 Uhr: Von oben her k\u00fcrzen\u00a0 (5) 13 Uhr: Mittagspause\u00a0 \u00a0 \u00a0 \u00a0 \u00a0(6) Klettergeschirr<\/h5>\n<p>(1)-(6) Eine hohe Douglasie wird am 24.7.2014 gef\u00e4llt.<\/p>\n<p>&nbsp;<\/p>\n<p><strong>Buchen &#8211; Wetterbuchen &#8211; Buchenwald<br \/>\n<\/strong><a href=\"https:\/\/www.freiburg-schwarzwald.de\/bleichheim.htm#Bleichheimer Pfarrweg - Buchenwald\">Buchenwald bei Bleichheim<\/a> &gt;Bleichheim<br \/>\n<a href=\"https:\/\/www.freiburg-schwarzwald.de\/ihringen5.htm#Buchenwald im oberen Liliental\">Buchenwald im oberen Liliental am Kaiserstuhl<\/a> &gt;Ihringen5<br \/>\n<a href=\"https:\/\/www.freiburg-schwarzwald.de\/rappeneck.htm#Buchenwald zwischen Oberried und Rappeneck\">Buchenwald zwischen Oberried und Rappeneck<\/a> &gt;Rappeneck<br \/>\n<a title=\"Wetterbuche\" href=\"https:\/\/www.freiburg-schwarzwald.de\/blog\/natur\/wald\/wetterbuche\/\">Wetterbuchen am Schauinsland<\/a> &gt;Wetterbuche<br \/>\n============================================================<\/p>\n<p>&nbsp;<\/p>\n<p><strong>Freiburg zeichnet 20 Baumscheiben der Vielfalt aus<\/strong><br \/>\nSie bringen die Natur in die Stadt: Zahlreiche Patinnen und Paten k\u00fcmmern sich an der Stra\u00dfe um die kleinen Beete rund um B\u00e4ume. Jetzt werden 20 von ihnen mit der Auszeichnung &#8222;Baumscheibe der Vielfalt&#8220; geehrt.<br \/>\n&#8230; Alles vom 1.7.2024 bitte lesen auf<br \/>\n<a href=\"https:\/\/www.badische-zeitung.de\/freiburg-zeichnet-20-baumscheiben-der-vielfalt-aus\">https:\/\/www.badische-zeitung.de\/freiburg-zeichnet-20-baumscheiben-der-vielfalt-aus<\/a><br \/>\n.<br \/>\n&#8222;Baumscheiben der Vielfalt&#8220;: 19 Auszeichnungen warten noch darauf, verteilt zu werden. Wer auf seiner Baumscheibe mindestens 20 Pflanzenarten findet, kann sich bis Samstag, 15. Juli, unter <a href=\"mailto:fpa@stadt.freiburg.de\">fpa@stadt.freiburg.de<\/a> bewerben.<\/p>\n<p>&nbsp;<\/p>\n<p>.<br \/>\n<strong>Christi Himmelfahrt am &#8222;Baum der Erkenntnis&#8220; in FR-Kappel<\/strong><\/p>\n<div id=\"attachment_123535\" style=\"width: 648px\" class=\"wp-caption alignnone\"><a href=\"https:\/\/www.freiburg-schwarzwald.de\/blog\/wp-content\/uploads\/2024\/05\/kappel-baum-erkenntnis-rees-pan240509.jpg\"><img loading=\"lazy\" decoding=\"async\" aria-describedby=\"caption-attachment-123535\" class=\"size-full wp-image-123535\" src=\"https:\/\/www.freiburg-schwarzwald.de\/blog\/wp-content\/uploads\/2024\/05\/kappel-baum-erkenntnis-rees-pan240509.jpg\" alt=\"\" width=\"638\" height=\"396\" srcset=\"https:\/\/www.freiburg-schwarzwald.de\/blog\/wp-content\/uploads\/2024\/05\/kappel-baum-erkenntnis-rees-pan240509.jpg 638w, https:\/\/www.freiburg-schwarzwald.de\/blog\/wp-content\/uploads\/2024\/05\/kappel-baum-erkenntnis-rees-pan240509-180x112.jpg 180w\" sizes=\"auto, (max-width: 638px) 100vw, 638px\" \/><\/a><p id=\"caption-attachment-123535\" class=\"wp-caption-text\">Christi Himmelfahrt am &#8222;Baum der Erkenntnis&#8220; von Thomas Rees in Freiburg-Kappel 9.5.2024<\/p><\/div>\n<p>Zu Christi Himmelfahrt feierte die <a href=\"https:\/\/www.freiburg-schwarzwald.de\/blog\/religion\/kirchen\/stbarbara\/\">Kirchengemeinde Freiburg-Os<\/a>t mit Pfarrer Siegfried Huber am sogenannten &#8222;Baum der Erkenntnis&#8220;, einer Skulptur des K\u00fcnstlers <a href=\"https:\/\/www.freiburg-schwarzwald.de\/blog\/kultur\/kunst\/thomas-rees\/\">Thomas Rees<\/a>, die in <a href=\"https:\/\/www.freiburg-schwarzwald.de\/blog\/regio\/orte\/neuhaeuser\/\">Kappel<\/a> auf der Anh\u00f6he zwischen Kappel und Neuh\u00e4user steht. Spontan hatte sich auch noch eine kleine Kappler Gruppe zur musikalischen Begleitung gefunden, um den Gemeindegesang an der frischen Luft zu unterst\u00fctzen.<br \/>\n10.5.2024, <a href=\"https:\/\/www.freiburg-schwarzwald.de\/blog\/religion\/katholisch\/\">Katholische<\/a> Gemeinde Kappel<br \/>\n,<\/p>\n<p>.<\/p>\n<p><strong>Green City: B\u00e4ume abs\u00e4gen im Mooswald beim Keidel-Bad<\/strong><br \/>\nAuf der ganzen Welt haben Jugendliche die schlimmen Folgen des Klimawandels l\u00e4ngst begriffen und gehen f\u00fcr ihre Zukunft auf die Stra\u00dfe. In \u00c4thiopien wurde ein neuer Baumpflanzrekord aufgestellt und das Land will massiv aufforsten. Schweizer Wissenschaftler k\u00f6nnen belegen, dass sich das Klima einigerma\u00dfen stabilisieren l\u00e4sst, wenn gen\u00fcgend B\u00e4ume gepflanzt werden. Und was passiert in Freiburg, der angeblichen &#8222;Green City&#8220;? Da werden munter im ganzen Stadtgebiet Hunderte B\u00e4ume abges\u00e4gt, weil sie Bauma\u00dfnahmen im Weg stehen. In manchen F\u00e4llen m\u00fcssen sogar besonders gesch\u00fctzte Exemplare dran glauben, wie beim Neubau der Volksbank, da ihr Erhalt den Ablauf des Bauens ein wenig komplizierter gemacht h\u00e4tte. Im Falle der Staudinger-Gesamtschule werden die Sch\u00fcler bestimmt gro\u00dfe Freude daran haben, in den n\u00e4chsten Jahren ihre Pausen im Sommer in der prallen Sonne verbringen zu d\u00fcrfen. Der absolute Gipfel ist jedoch die Zerst\u00f6rung eines ganzen Waldst\u00fccks beim <a title=\"Keidel-Bad\" href=\"https:\/\/www.freiburg-schwarzwald.de\/blog\/sport\/baeder\/keidel-bad\/\">Eugen-Keidel-Bad<\/a>, ausgerechnet f\u00fcr einen Parkplatz. In welchem Jahrhundert leben die Verantwortlichen der Stadtbau? Statt hier bereitwillig der Bequemlichkeit von Badbesuchern nachzugeben, w\u00e4re es dringend an der Zeit, wirklich gr\u00fcn zu denken und den \u00f6ffentlichen Nahverkehr entsprechend nachhaltig zu verbessern. M\u00fcssen in Freiburg im Sommer die Temperaturen erst Richtung 50 Grad klettern, bevor die Klimakrise endlich ernst genommen wird?<br \/>\n19.8.2019, Ulrike R\u00f6\u00dfner, Freiburg, BZ<br \/>\n.<br \/>\n<strong>Alternativen zu Baumf\u00e4llen gibt es nicht<\/strong><br \/>\nDass beim Eugen-Keidel-Bad 190 B\u00e4ume f\u00fcr Autoparkpl\u00e4tze gef\u00e4llt werden sollen, ist ein Skandal. Das zeigt, dass auch in &#8222;Green City&#8220; wirtschaftliche Interessen vor den Naturschutz gestellt werden. Am meisten haben mich dazu die Aussagen von Stadtbau-Gesch\u00e4ftsf\u00fchrerin Magdalena Szablewska emp\u00f6rt: Alternativen gebe es nicht, denn ein Parkhaus mit kleinerer Fl\u00e4che sei zu teuer. Ich bin sicher, dass ein Parkhaus auf ganz wenig Fl\u00e4che sehr vielen Autos Platz bietet und dadurch die meisten B\u00e4ume erhalten blieben. Und mit einer entsprechenden Parkraumbewirtschaftung k\u00f6nnte ein Parkhaus in kurzer Zeit refinanziert werden. Einziger Nachteil: Das kostenlose Parken h\u00e4tte ein Ende. Aber Naturschutz gibt es halt nicht umsonst.<br \/>\n19.8.2019, Andreas Lienhard, Freiburg<br \/>\n.<br \/>\n190 B\u00e4ume sollen im Mooswald fallen, damit die immer zahlreicheren und gr\u00f6\u00dferen Autos der Besucher des Eugen-Keidel-Bads bequemer parken k\u00f6nnen. Ein platzsparendes Parkhaus wird nicht in Erw\u00e4gung gezogen, weil zu teuer; eine attraktive Buslinie mit h\u00f6herem Fahrtakt w\u00fcrde die Situation nicht verbessern, da die meisten Besucher ohnehin mit dem Privatauto kommen.<\/p>\n<p><strong>Man m\u00f6chte hoffen, dass es zum Baumf\u00e4llen einen Aufschrei gibt<\/strong><br \/>\nDie Naturschutzbeauftragte warnt vor den Folgen, ihr blutet das Herz. Nicht nur ihr. Klimakatastrophe, Waldsterben, Artensterben, niedriger Grundwasserspiegel im Mooswald, alles ist nicht mehr g\u00fcltig, wenn es um die Gesch\u00e4ftsinteressen des Wohlf\u00fchl-Bads und den Komfort der Wohlhabenden geht. Hunderte von B\u00e4umen sind in der Green City in den letzten drei Jahren gef\u00e4llt worden, an den Innenstadtstra\u00dfen, vor der Volksbank, auf dem Gel\u00e4nde der neuen Kinderklinik, am Bahndamm gegen\u00fcber dem Klinikum, jetzt der drohende Kahlschlag vor dem Keidel-Bad und der Staudinger Gesamtschule, alles mit dem Einverst\u00e4ndnis der Forstbeh\u00f6rde und der unseligen Allianz des Garten- und Tiefbauamtes, das nicht umdenken kann. Man m\u00f6chte hoffen, dass es einen Aufschrei gibt, um diesen Wahnsinn zu stoppen, denn der Mooswald geh\u00f6rt uns allen. Der Hinweis auf eine Ausgleichsfl\u00e4che an anderer Stelle ist eine Augenwischerei. Eine Verwaltung, die uns Umweltschutz auferlegt und gleichzeitig in gro\u00dfem Stil Umwelt zerst\u00f6rt, ist unglaubhaft. Fridays for Future \u2013 Eure Gegner, die Euch die Zukunft nehmen, sind nicht weit weg, sie sind in dieser Stadt.<br \/>\n19.8.2019, Lothar Spillmann, Freiburg<br \/>\n.<br \/>\nF\u00fcr die Staudinger-Gesamtschule und f\u00fcr einen neuen Parkplatz am Eugen-Keidel-Bad m\u00fcssen B\u00e4ume weichen. (&#8222;Stadt verteidigt F\u00e4llungen&#8220;, und M\u00fcnstereck: &#8222;Hoffnungslos veraltete Idee&#8220;, BZ vom 9. August):<br \/>\nWas ich in der BZ lesen musste, muss jeden B\u00fcrger hier tief ersch\u00fcttern und zugleich w\u00fctend machen; n\u00e4mlich, dass die Stadt gro\u00dffl\u00e4chig Rodungen plant, zum einen im Zusammenhang mit dem Neubau des Staudinger Gymnasiums und zum anderen mit der Anlage neuer Parkpl\u00e4tze am Keidel-Bad und so weiter. Es geht um das Roden von 150 und 190 B\u00e4umen. Nicht zu reden von den gro\u00dffl\u00e4chigen Rodungen im Mooswald, den alten Platanen bei der Bebauung der Verkehrsinsel am Rennweg, bei dem Neubau der Volksbank und so weiter. Ach ja, man ersetzt ja dieselbe Zahl an B\u00e4umen wieder, nur sind diese halt klein und brauchen Jahrzehnte, um an die Gr\u00f6\u00dfe der alten B\u00e4ume heranzukommen. In derselben Ausgabe zwei Seiten weiter kann der verdutzte Zeitungsleser nachlesen, dass die Gr\u00fcnen sich f\u00fcr &#8222;eine klimaneutrale Stadt bis 2030&#8220; einsetzen. Ach klar, ich habe es immer noch nicht verstanden, zum Stadtklima geh\u00f6ren ja keine gro\u00dfen alten B\u00e4ume.<br \/>\nIch bin aus alter Zeit anscheinend \u00fcbriggeblieben und dachte bisher, dass B\u00e4ume das Stadtklima positiv beeinflussen. Aber ich scheine da gl\u00fccklicherweise nicht ganz alleine zu stehen. Die Naturschutzbeauftragte ist auch der Meinung, dass die Rodungen sch\u00e4dlich f\u00fcrs Stadtklima sind. Dumm nur, dass beim Keidel-Bad auch noch die Forstbeh\u00f6rde zust\u00e4ndig ist. Aber andererseits sch\u00fctzt das GuT auch die alten B\u00e4ume nicht mehr. Aber es werden ja freiwillig gro\u00dfz\u00fcgige Ausgleichspflanzungen am Opfinger See und im Rieselfeld durchgef\u00fchrt. Bl\u00f6d nur, dass diese ziemlich weit weg sind von der Rodungsstelle. F\u00e4llt den Beh\u00f6rden denn nichts anderes ein, als B\u00e4ume zu roden, wenn man Parkpl\u00e4tze schaffen will? Parkhaus zu teuer? Busverkehr zu ung\u00fcnstig? Man sollte endlich auch da eine Klima- beziehungsweise \u00d6kobilanz aufstellen und ermitteln, was an Folgekosten, und so weiter auf uns zukommt, wenn man die gro\u00dfen B\u00e4ume rodet und durch neue kleine ersetzen will. Kann es sein, dass die Stadt das Baumrodungsprogramm der alten B\u00e4ume zum Grundsatz ihrer Politik gemacht hat? Wenn das so ist, m\u00f6chte ich den Grund erkl\u00e4rt haben. Ich baue auf die Freiburger und alle anderen, die sich auch im Kontext der aktuellen Diskussion im Zusammenhang um &#8222;Fridays for Future&#8220; sich das nicht bieten lassen und Freiburg als &#8222;Green City&#8220; erhalten wollen.<br \/>\n19.8.2019, Rainer Lindner, Freiburg<\/p>\n<p><strong>Parkplatz am Keidel-Bad soll trotz \u00f6ffentlicher Kritik gebaut werden<\/strong><br \/>\nEs bleibt dabei: 190 B\u00e4ume sollen f\u00fcr einen Parkplatz am Eugen-Keidel-Bad gef\u00e4llt werden. Das hat Freiburgs OB Martin Horn bekr\u00e4ftigt. Gleichzeitig schl\u00e4gt die Stadt eine Ausgleichsl\u00f6sung vor.<br \/>\n&#8230; Alles vom 22.8.2019 bitte lesen auf<br \/>\n<a href=\"https:\/\/www.badische-zeitung.de\/parkplatz-am-keidel-bad-soll-trotz-oeffentlicher-kritik-gebaut-werden\">https:\/\/www.badische-zeitung.de\/parkplatz-am-keidel-bad-soll-trotz-oeffentlicher-kritik-gebaut-werden<\/a><br \/>\n22.8.2019,<br \/>\n.<br \/>\n<a href=\"https:\/\/www.badische-zeitung.de\/meinung\/kolumnen\/freiburger-muenstereck\/das-faellen-von-190-baeumen-ist-politisches-alltagsgeschaeft\">https:\/\/www.badische-zeitung.de\/meinung\/kolumnen\/freiburger-muenstereck\/das-faellen-von-190-baeumen-ist-politisches-alltagsgeschaeft<\/a><br \/>\n.<br \/>\n<strong>Innovative Ideen &#8211; wo sind sie?<\/strong><br \/>\nDen Vorschlag eines Parkdecks hat er aber noch nicht entkr\u00e4ftet. Es gibt auch innovative L\u00f6sungen von sehr platzsparenden Parkt\u00fcrmen, wo die Autos in &#8222;Schubladen&#8220; gestapelt werden. Das ist f\u00fcr Besucher besonders bequem, da entf\u00e4llt sogar das Einparken, und nach dem Badbesuch kommt das Auto auf &#8222;Knopfdruck&#8220; wieder herunter. Aber solche modernen technischen L\u00f6sungen sind f\u00fcr Freiburg vielleicht zu innovativ &#8230; Und wenn Naturschutz immer unter dem Kostenaspekt hinten runterf\u00e4llt, wird das nichts &#8230;<br \/>\n22.8.2019,D.F.<\/p>\n<p><strong>F\u00fcr jeden gef\u00e4llten Baum zwei neue pflanzen<\/strong><br \/>\nEin sehr offenes und transparentes Interview hierzu als Erg\u00e4nzung.<br \/>\n<a href=\"https:\/\/www.badische-zeitung.de\/freiburg\/fuer-jeden-gefaellten-baum-zwei-neue-pflanzen--176578243.html\">https:\/\/www.badische-zeitung.de\/freiburg\/fuer-jeden-gefaellten-baum-zwei-neue-pflanzen&#8211;176578243.html<\/a><br \/>\nEs ist nicht immer alles &#8222;schwarz oder weiss&#8220;, weder am Eugen Keidel Bad noch im Schwarzwald f\u00fcr die Windkraftanlagen.<br \/>\n22.8.2019, R.M.<\/p>\n<p>&nbsp;<\/p>\n<p>.<\/p>\n<p><strong>Selbstherrliche Baumf\u00e4llungen am Haslacher Dorfbach<\/strong><br \/>\nEs ist lobenswert, dass die BZ \u00fcber den Protest und die Emp\u00f6rung der B\u00fcrger anl\u00e4sslich der massiven Baumf\u00e4llungen der letzten Wochen und Monate berichtet und auch den sprachkritischen Kommentar eines B\u00fcrgers erw\u00e4hnt, der die F\u00e4llaktion in <a title=\"Haslach\" href=\"https:\/\/www.freiburg-schwarzwald.de\/blog\/regio\/freiburg\/haslach\/\">Haslach<\/a> zutreffend als &#8222;Denaturierung&#8220; bezeichnet. Die Einlassungen der Vertreter der Stadtverwaltung, zitiert im BZ-Artikel sollten aber nicht unkommentiert stehen bleiben.<br \/>\nMan habe der B\u00fcrger &#8222;Resonanz untersch\u00e4tzt&#8220; sagt Matthias Heigold vom Garten- und Tiefbauamt (GuT). Das ist nun wirklich wenig glaubw\u00fcrdig, wenn man bedenkt, dass bei Planungen mit B\u00fcrgerbeteiligung (etwa beim Zentrenaktivierungskonzept in Betzenhausen) \u00fcber das Thema Baumf\u00e4llungen bis kurz vor dem Anwerfen der Kettens\u00e4ge nicht gesprochen wird. Das Gegenteil ist richtig: Die Verwaltung wei\u00df genau, wie unpopul\u00e4r Baumf\u00e4llungen sind; deshalb versucht sie, solche Planungen m\u00f6glichst ganz diskret in die \u00f6ffentliche Debatte zu geben.<br \/>\nDer Haslacher Dorfbach sei in seinem jetzigen Zustand &#8222;ein totes Gew\u00e4sser&#8220;, weil f\u00fcr Fische &#8222;Stufen im Bachbett&#8220; ein Hindernis seien und &#8222;Kleinstlebewesen&#8220; sich &#8222;nicht wohl&#8220; f\u00fchlten. Auch diese unbegr\u00fcndeten Behauptungen k\u00f6nnen nicht \u00fcberzeugen, wenn man den Bach in Augenschein nimmt. Sch\u00f6n w\u00e4re es auch, wenn sich die Verantwortlichen um die etwas gr\u00f6\u00dferen Lebewesen, uns B\u00fcrger n\u00e4mlich, ebenso sorgten. Die B\u00e4ume erhalten unsere Atemluft, die durch steigenden Verkehr und Klimawandel bedroht ist. Der Slogan auf den Wahlplakaten der Gr\u00fcnen &#8222;Wir erhalten, was uns erh\u00e4lt&#8220; sei hiermit unserem Oberb\u00fcrgermeister aufs Butterbrot geschmiert.<br \/>\nMit dem Satz &#8222;Die B\u00e4ume h\u00e4tten im Weg gestanden \u2013 und w\u00e4ren sowieso verfault, weil sie durch den neuen Bachlauf nasse F\u00fc\u00dfe bek\u00e4men&#8220; wird Thomas Lindinger vom Garten- und Tiefbauamt zitiert. Dieser Standpunkt birgt nun aber eine Arroganz, die den B\u00fcrger zornig macht. Es ist h\u00f6chste Zeit, dass in Freiburg eine effiziente Pflanzenschutzsatzung geschaffen wird, die solche selbstherrlichen und zerst\u00f6rerischen Projekte der Verwaltung vereitelt. F\u00fcr die Fraktionen im Gemeinderat besteht Handlungsbedarf, weil das GuT die Natur im Stadtgebiet nicht sch\u00fctzt, sondern preisgibt. Es ist offensichtlich, dass die ungute Verquickung von G (&#8222;Garten&#8220;) und T (&#8222;Tiefbau&#8220;) im GuT aufgel\u00f6st werden sollte, damit zwei separate \u00c4mter ihre naturgem\u00e4\u00df unterschiedlichen Interessen transparent in der Debatte vertreten k\u00f6nnen.<br \/>\nFassungslos ist der B\u00fcrger jedoch, wenn er jetzt zur Kenntnis nehmen muss, dass das Projekt am Haslacher Dorfbach, f\u00fcr das 500 000 Euro an Steuergeldern ausgegeben werden, als &#8222;\u00f6kologischer Ausgleich&#8220; f\u00fcr den Naturfl\u00e4chen-Verbrauch beim Bau des neuen Rathauskomplexes im St\u00fchlinger dienen soll. Wie soll man da nicht vom Glauben abfallen! Freiburg Green City, sagen die Werbefuzzis vom Rathaus. Freiburg Black Town, sagt die betonierte Wirklichkeit.<br \/>\n23.3.2016, Ulrich Glaubitz, Freiburg<br \/>\n.<br \/>\nAm Haslacher Dorfbach wurden 26 B\u00e4ume gef\u00e4llt, Anwohner sind emp\u00f6rt. BZ vom 5. M\u00e4rz):<br \/>\n<a href=\"https:\/\/www.badische-zeitung.de\/freiburg\/renaturierung-mit-der-motorsaege--119232108.html\">https:\/\/www.badische-zeitung.de\/freiburg\/renaturierung-mit-der-motorsaege&#8211;119232108.html<\/a><\/p>\n<p>&nbsp;<\/p>\n<p><strong>Herbstlaub: Bl\u00e4tter als Unkrautvernichter, Anthocyan, Chlorophyll<\/strong><\/p>\n<p>Anthocyan macht das Laub im Herbst nicht nur rot, sondern ist auch sonst ein ganz besonderer Stoff. Jeden Herbst werden wir auf\u00b4s neue in Erstaunen versetzt, wenn die Bl\u00e4tter der Laubb\u00e4ume sich uns in den verschiedensten Farben zeigen. Tiefrot, goldgelb und kaffeebraun pr\u00e4sentieren sich die Bl\u00e4tter und bescheren uns den letzten Farbtupfer vor dem kommenden tristen Winter. Vielleicht hat sich manch einer gefragt, warum die B\u00e4ume \u00fcberhaupt ihre Bl\u00e4tter &#8222;verf\u00e4rben&#8220;?<br \/>\nDarauf gibt es einige sehr spannende Erkl\u00e4rungen, wobei amerikanische Forscher in den letzten Jahren weitere, \u00e4u\u00dferst bemerkenswerte Entdeckungen gemacht haben. Sicher wei\u00df der eine oder andere noch, dass die gr\u00fcne Farbe des Blattes vom Chlorophyll her r\u00fchrt. Dieses &#8222;Blattgr\u00fcn&#8220; hat die Aufgabe aus Kohlendioxid, Wasser und Sonnenenergie Zucker zu produzieren (Photosynthese), welcher zum Wachstum der Pflanze ben\u00f6tigt wird. Als Abfallprodukt f\u00e4llt Sauerstoff an, der das Leben auf unserer Erde \u00fcberhaupt erst m\u00f6glich machte. Wenn im Herbst die Tage k\u00fcrzer werden und sich die Temperaturen in den N\u00e4chten schon dem Gefrierpunkt n\u00e4hern, dann ist dies das Signal f\u00fcr die Laub tragenden Pflanzen, ihren Bl\u00e4ttern das wertvolle Chlorophyll zu entziehen und die Zerfallsprodukte in die Wurzeln zu leiten. Indem das Chlorophyll zersetzt wird (unter anderem zu Phosphor, Stickstoff und Magnesium) besitzt der Baum nun ein N\u00e4hrstofflager, welches wiederum zur Bildung neuer Knospen eingesetzt wird. Sobald dieser Zersetzungsprozess anl\u00e4uft, beginnen sich die Bl\u00e4tter umzuf\u00e4rben. Denn der gr\u00fcne Blattfarbstoff hat im Sommer die anderen Farbstoffe, die zus\u00e4tzlich im Blatt enthalten sind, \u00fcberdeckt. Ist dem Blatt das Chlorophyll entzogen, bleiben gelbe Carotinoide und braune Gerbstoffe zur\u00fcck. Carotinoide f\u00e4rben zum Beispiel Birkenbl\u00e4tter goldgelb. Die Braunf\u00e4rbung von Buchen und Eichen wird durch Gerbstoffe verursacht. Und was ist mit den roten Bl\u00e4tter? Der rote Farbstoff hei\u00dft Anthocyan. Er ist auch in \u00c4pfeln, Rotwein und Rosen vorhanden. Das erstaunliche: Anthocyan produzieren die B\u00e4ume im Herbst selber. Aber warum macht sich die Pflanze die ganze M\u00fche, wenn die Bl\u00e4tter sowieso abfallen? Daf\u00fcr gibt es mittlerweile verschiedene, sehr spektakul\u00e4re Erkl\u00e4rungen. Zum einen bewirkt die Rotf\u00e4rbung eine Art Sonnenschutz. Da das gr\u00fcne Chlorophyll die Blattstrukturen im Herbst immer weniger sch\u00fctzt, bildet der Baum oder auch die Weinrebe, mit der Rotf\u00e4rbung eine Art Sonnencreme aus. Daher leuchten an einem sonnigen Herbsttag rote Bl\u00e4tter besonders intensiv.<br \/>\nWeiterhin fanden Biologen heraus, dass der rote Farbstoff als Unkrautvernichtungsmittel eingesetzt wird. In einem Experiment \u00fcbergossen Forscher Salatsprossen mit verschiedenen Bl\u00e4tterextrakten. Bei dem Saft aus roten Ahornbl\u00e4ttern keimten die Samen deutlich schlechter. Wenn rote Bl\u00e4tter zu Boden fallen, wirken sie daher wie ein biologisches Unkrautvernichtungsmittel. Dadurch wird die Entwicklung anderer gr\u00fcner Pflanzen gehemmt, welches dem Bl\u00e4tter abwerfenden Baum zu Gute kommt. Ahorn, Birke und Eberesche halten sich so ihre n\u00e4here Umgebung frei von konkurrierenden Pflanzen.<br \/>\nZudem wird vermutet, dass der rote Farbstoff Anthocyan das Wachstum bestimmter Pilze unterbindet. S\u00fcdamerikanische Blattschneideameisen achten bei ihren Pilzzuchten (die sie zur eigenen Ern\u00e4hrung selber in ihren Bauen auf gesammelten Bl\u00e4ttern z\u00fcchten) darauf, keine roten Bl\u00e4tter in den Bau zu bringen, da diese dem Pilzwachstum nicht f\u00f6rderlich ist. Roter Laubsaft k\u00f6nnte, so vermuten Wissenschaftler, eventuell auch das Pilz wachstum bei Fr\u00fcchten hemmen. Ein denkbarer Nutzen f\u00fcr uns Menschen w\u00e4re es, diesen nat\u00fcrlich produzierten Stoff, als Konservierungsmittel einzusetzen. Anthocyane aus Trauben und Beerenextrakt werden bereits schon heute zum F\u00e4rben von Marmeladen, Brausen und Speiseeis genutzt. Abschlie\u00dfend stellt sich nur noch die Frage, was geschieht, wenn das Chlorophyll vollst\u00e4ndig abgebaut wurde? Dann wird zwischen Ast und Blatt eine Korkschicht ausgebildet, die die Versorgung des Blattes mit Wasser und N\u00e4hrstoffen unterbricht. Nun stirbt das Blatt endg\u00fcltig ab und f\u00e4llt beim n\u00e4chsten Windsto\u00df auf den Boden hinunter, wo es seine beiden letzten Aufgaben \u00fcbernimmt: das Wachstum konkurrierender Pflanzen zu hemmen und den Regenw\u00fcrmern und Kleinstlebewesen als Nahrung zu dienen.<br \/>\n<a href=\"https:\/\/www.freiburg-schwarzwald.de\/littenweiler\/fotografie.htm#Ingo Seehafer - Naturfotograf aus Efringen-Kirchen\">Ingo Seehafer<\/a>, 28.10.2008, <a href=\"https:\/\/www.badische-zeitung.de\/\">www.badische-zeitung.de<\/a><\/p>\n<p>&nbsp;<\/p>\n<p><strong>Speierling &#8211; Wildobstbaum bei Ballrechten-Dottingen gepflanzt<\/strong><\/p>\n<p>Nicht ein Apfelb\u00e4umchen, sondern einen Speierling wollten die Anwohner zum Abschluss des L\u00fcckenschlusses der Radwegeverbindung zwischen Sulzburg und Staufen an der L 125 pflanzen. Grund daf\u00fcr war, dass zum Auftakt der Arbeiten just ein ebensolcher Wildobstbaum aus der Familie der Rosengew\u00e4chse entfernt werden musste. Da der Bauleiter der ausf\u00fchrenden Firma Joos, G\u00fcnther Waldhauser, gleichzeitig Anrainer ist, sponserte das Tiefbauunternehmen den Baum, der in Deutschland sehr selten geworden ist.<br \/>\nDie Gemeindeverwaltung nahm die Aktion zum Anlass, einen symbolischen Abschluss zu feiern. Der Bauhof hatte die Pflanzaktion vorbereitet. Die Nachbarn setzten ihre Arbeitskraft und einen guten Tropfen vom Castellberg ein. B\u00fcrgermeister Bernd Gassenschmidt l\u00f6ste damit das Versprechen ein, an der entstandenen B\u00f6schung Ersatzpflanzungen vorzunehmen. Neben dem Baum waren bereits Stauden gesetzt worden, die bei den vorbereitenden Arbeiten f\u00fcr den Kreisverkehr auf den alten Verkehrsinseln an der L 125 entfernt werden mussten. Besondere Freude hatte an dem Speierling der Arbeitskreis Natur und Umwelt. Sprecher Werner Bu\u00dfmann erl\u00e4uterte, dass die die R\u00f6mer einst die Wildobstart aus dem Mittelmeergebiet nach S\u00fcdbaden brachten. Zwischen Freiburg und Basel gebe es sch\u00e4tzungsweise 30 Exemplare. Nachdem der Speierling 1993 Baum des Jahres war, wurden einige gepflanzt Die kleinen birnen- oder apfelf\u00f6rmigen Fr\u00fcchte haben sehr viel Gerbs\u00e4ure, so dass man sie gleich wieder &#8222;ausspeit&#8220; . Daher wohl der Name. Es k\u00f6nne aber auch sein, dass sich die Bezeichnung von &#8222;Speer&#8220; ableitet, so Bu\u00dfmann, da im Mittelalter aus dem h\u00e4rtesten Holz aller europ\u00e4ischen Baumarten Speere, Schiffs- und Musikinstrumente oder Wagennaben hergestellt wurden. Der Saft der Fr\u00fcchte wirkt konservierend und kl\u00e4rend. Noch heute wird er dem \u00c4ppelwoi zugesetzt. Einige Brennereien nehmen den Speierling zum Verschnapsen. Verwandt ist der Speierling mit dem Vogel- und Mehlbeerbaum. Werner Bu\u00dfmann wird das <a href=\"https:\/\/www.freiburg-schwarzwald.de\/ballrechten-dottingen.htm\">Ballrechten-Dottinger<\/a> Exemplar im Auge behalten. Steht es doch in der Nachbarschaft zu einer vom Arbeitskreis gepflegten Streuobstwiese.<br \/>\nmod, 5.4.2008, BZ<\/p>\n<p>&nbsp;<\/p>\n<p>&nbsp;<\/p>\n<p>&nbsp;<\/p>\n<p><strong>Zapfenpfl\u00fccker ernten Douglasien-Samen in G\u00fcnterstal<\/strong><\/p>\n<p>Der Samen aus Freiburgs Wald ist weltweit begehrt \/ Die Douglasie wird seit 100 Jahren auch in unseren Breiten gesch\u00e4tzt \/ Pfl\u00fccker ernten jetzt die Zapfen.<br \/>\nG\u00fcnterstal. Die Douglasie (wissenschaftlich: Pseudotsuga menziesii) ist ein Nadelbaum aus der Familie der Kieferngew\u00e4chse, der auch im Freiburger Bergwald vorkommt und dort einen Anteil von etwa 20 Prozent einnimmt. Die BZ stellt diesen schnellw\u00fcchsigen und f\u00fcr unsere Verh\u00e4ltnisse recht hohen Baum, dessen Nadeln sich im Vergleich zur Kiefer eher weich anf\u00fchlen und aromatisch riechen, als Pflanze des Monats August vor. Das nat\u00fcrliche Verbreitungsgebiet der Douglasie ist der Westen Nordamerikas, wo sie an den H\u00e4ngen der Rocky Mountains von Britisch-Kolumbien in Kanada \u00fcber die Kaskaden-Kette der Sierra Nevada bis nach Mexiko weite Fl\u00e4chen einnimmt. Vor etwa 200 Jahren gelangte sie erstmals nach Europa; um 1900 herum wurde sie &#8211; ebenso wie andere ausl\u00e4ndische Arten &#8211; verst\u00e4rkt angebaut: &#8222;Die fremdl\u00e4ndischen B\u00e4ume sollten das Landschaftsbild nach dem damaligen Verst\u00e4ndnis verbessern und aufwerten&#8220; , erkl\u00e4rt Klaus Echle vom St\u00e4dtischen Forstamt. Zugleich wollte man ausprobieren, welche waldbaulichen M\u00f6glichkeiten schnellw\u00fcchsige Arten wie die Douglasie bringen k\u00f6nnen. Gerade in der Gegend um den Illenberg wurden um 1900 und erneut nach dem Zweiten Weltkrieg Douglasien an Stellen angepflanzt, wo die Best\u00e4nde nicht vollst\u00e4ndig waren \u2014 beispielsweise in Schneel\u00f6chern. Auch wenn heute das Pflanzen ausl\u00e4ndischer Baumarten wesentlich skeptischer gesehen wird als zu Beginn des 20. Jahrhunderts, h\u00e4lt Echle die Douglasie eher f\u00fcr eine Bereicherung: &#8222;Unsere <a href=\"https:\/\/www.freiburg-schwarzwald.de\/wald.htm\">Bergw\u00e4lder <\/a>sind gesunde Mischw\u00e4lder mit einem Laubholz-Anteil von etwa 40 Prozent&#8220; , meint der G\u00fcnterst\u00e4ler Revierleiter.<br \/>\nDiesen August sind die G\u00fcnterst\u00e4ler Douglasien ein Anziehungspunkt f\u00fcr die so genannten &#8222;Zapfenpfl\u00fccker&#8220; , die alle paar Jahre nach Freiburg kommen, wenn die Douglasienzapfen errntereif sind. Im gro\u00dfen Stil werden sie gepfl\u00fcckt. Ein Teil der Ernte gelangt nach Reinigung und Verarbeitung mitunter sogar wieder zur\u00fcck in die Vereinigten Staaten: Die Freiburger Douglasien zeigen auffallend wenig Schlangenwuchs und Zwieselbildung, sind also aus Sicht der Holzindustrie besonders hochwertig. Da die Ursprungsform dieser gesch\u00e4tzten Sorte in ihrer amerikanischen Heimat inzwischen nicht mehr existiert, gelten Douglasiensamen aus Freiburg als besonders begehrt und wertvoll. Beim Pfl\u00fccken der Zapfen bewegen sich <a href=\"https:\/\/www.freiburg-schwarzwald.de\/littenweiler\/gartenbau.htm#baumpflege team breisgau in FR-Kappel\">Kay Busemann und Stefan Lauer<\/a> sicher und geschickt in H\u00f6hen zwischen 40 und 60 Metern. &#8222;Den Respekt vor der H\u00f6he sollte man allerdings nie verlieren, sonst wird man leichtsinnig&#8220; , meint Lauer. Er und sein Kollege geh\u00f6ren zum Baumpflegeteam Breisgau; von einer Baumschule auf der Schw\u00e4bischen Ostalb sind sie derzeit damit beauftragt, Freiburger Douglasienzapfen zu pfl\u00fccken. Au\u00dfer einer Ausbildung zum Baumpfleger haben sie diverse Kurse absolviert, um die Technik des Seilkletterns zu beherrschen. Au\u00dferdem sind sie im Besitz eines besonderen Zapfenpfl\u00fcckerscheins. F\u00fcr die beiden ist ihre derzeitige T\u00e4tigkeit eine willkommene Abwechslung zum sonstigen Baumpflege-Alltag: &#8222;Da die Douglasien noch h\u00f6her als die Buchen sind, hat man von da oben eine grandiose Aussicht&#8220; , meint Busemann. Der Wald werde durch diese fremdl\u00e4ndische Baumart quasi um ein weiteres &#8222;Stockwerk&#8220; erweitert.<br \/>\nPro Kilogramm geernteter Zapfen kassiert das Forstamt ein Euro. Die anschlie\u00dfende Verarbeitung ist ziemlich aufw\u00e4ndig und erfolgt in Nagold. Da das Herausholen der Samen aus den Zapfen mit metallischen Lauten einhergeht, wird dieser Vorgang der Samengewinnung aus den Zapfen auch als &#8222;Kl\u00e4ngen&#8220; bezeichnet. Aufgrund der aufw\u00e4ndigen Ernte und Verarbeitung ist Douglasiensamen im Handel relativ teuer: Ein Kilogramm gereinigter Samen kostet in den Baumschulen zwischen 800 und 850 Euro.<br \/>\nAndreas Braun, 22.8.2006, <a href=\"https:\/\/www.badische-zeitung.de\/\">www.badische-zeitung.de<\/a><\/p>\n","protected":false},"excerpt":{"rendered":"<p>Home &gt;Natur &gt;Wald &gt;Baum &nbsp; Listenauswahl eines Beitrags (Artikel\/Datum, Seite\/Inhalt):\u00a0Klicken\u00a0oder scrollen Gutes Waldjahr 2025 mit Regen\u00a0(29.1.2026) Der Kastanienbaum ist ein Egozentriker (6.7.2025) Freiburg zeichnet 20 Baumscheiben der Vielfalt aus (1.7.2024) Christi Himmelfahrt am &#8222;Baum der Erkenntnis&#8220; in FR-Kappel (10.5.2025) Eine &hellip; <a href=\"https:\/\/www.freiburg-schwarzwald.de\/blog\/natur\/wald\/baum\/\">Weiterlesen <span class=\"meta-nav\">&rarr;<\/span><\/a><\/p>\n","protected":false},"author":4,"featured_media":0,"parent":1543,"menu_order":0,"comment_status":"open","ping_status":"closed","template":"","meta":{"footnotes":""},"class_list":["post-30165","page","type-page","status-publish","hentry"],"_links":{"self":[{"href":"https:\/\/www.freiburg-schwarzwald.de\/blog\/wp-json\/wp\/v2\/pages\/30165","targetHints":{"allow":["GET"]}}],"collection":[{"href":"https:\/\/www.freiburg-schwarzwald.de\/blog\/wp-json\/wp\/v2\/pages"}],"about":[{"href":"https:\/\/www.freiburg-schwarzwald.de\/blog\/wp-json\/wp\/v2\/types\/page"}],"author":[{"embeddable":true,"href":"https:\/\/www.freiburg-schwarzwald.de\/blog\/wp-json\/wp\/v2\/users\/4"}],"replies":[{"embeddable":true,"href":"https:\/\/www.freiburg-schwarzwald.de\/blog\/wp-json\/wp\/v2\/comments?post=30165"}],"version-history":[{"count":5,"href":"https:\/\/www.freiburg-schwarzwald.de\/blog\/wp-json\/wp\/v2\/pages\/30165\/revisions"}],"predecessor-version":[{"id":145867,"href":"https:\/\/www.freiburg-schwarzwald.de\/blog\/wp-json\/wp\/v2\/pages\/30165\/revisions\/145867"}],"up":[{"embeddable":true,"href":"https:\/\/www.freiburg-schwarzwald.de\/blog\/wp-json\/wp\/v2\/pages\/1543"}],"wp:attachment":[{"href":"https:\/\/www.freiburg-schwarzwald.de\/blog\/wp-json\/wp\/v2\/media?parent=30165"}],"curies":[{"name":"wp","href":"https:\/\/api.w.org\/{rel}","templated":true}]}}