{"id":298,"date":"2012-04-04T16:52:38","date_gmt":"2012-04-04T16:52:38","guid":{"rendered":"https:\/\/www.freiburg-schwarzwald.de\/blog\/?page_id=298"},"modified":"2016-04-16T20:18:41","modified_gmt":"2016-04-16T18:18:41","slug":"marathon","status":"publish","type":"page","link":"https:\/\/www.freiburg-schwarzwald.de\/blog\/sport\/sportlern\/laufen\/marathon\/","title":{"rendered":"Marathon"},"content":{"rendered":"<p><a href=\"https:\/\/www.freiburg-schwarzwald.de\/blog\">Home<\/a> &gt;<a title=\"Sportlern\" href=\"https:\/\/www.freiburg-schwarzwald.de\/blog\/sport\/sportlern\/\">Sportlern<\/a> &gt;<a title=\"Laufen\" href=\"https:\/\/www.freiburg-schwarzwald.de\/blog\/sport\/sportlern\/laufen\/\">Laufen<\/a> &gt;Marathon<\/p>\n<div id=\"attachment_26668\" style=\"width: 647px\" class=\"wp-caption alignnone\"><a href=\"https:\/\/www.freiburg-schwarzwald.de\/blog\/sport\/sportlern\/laufen\/marathon\/freiburg21marathon-pan130407\/\" rel=\"attachment wp-att-26668\"><img loading=\"lazy\" decoding=\"async\" aria-describedby=\"caption-attachment-26668\" class=\"size-full wp-image-26668\" title=\"freiburg21marathon-pan130407\" src=\"https:\/\/www.freiburg-schwarzwald.de\/blog\/wp-content\/uploads\/2012\/04\/freiburg21marathon-pan130407.jpg\" alt=\"\" width=\"637\" height=\"272\" srcset=\"https:\/\/www.freiburg-schwarzwald.de\/blog\/wp-content\/uploads\/2012\/04\/freiburg21marathon-pan130407.jpg 637w, https:\/\/www.freiburg-schwarzwald.de\/blog\/wp-content\/uploads\/2012\/04\/freiburg21marathon-pan130407-180x76.jpg 180w\" sizes=\"auto, (max-width: 637px) 100vw, 637px\" \/><\/a><p id=\"caption-attachment-26668\" class=\"wp-caption-text\">Freiburg.-Marathon am 7.4.2013 &#8211; Blick nach Norden beim SC-Stadion<\/p><\/div>\n<ul>\n<li>Freiburg Marathon am 6. April 2014 (22.3.2014)<\/li>\n<li><a href=\"https:\/\/www.freiburg-schwarzwald.de\/blog\/fsm-team-beim-halbmarathon\/\">https:\/\/www.freiburg-schwarzwald.de\/blog\/fsm-team-beim-halbmarathon\/<\/a>\u00a0(17.4.2013)<\/li>\n<li>Das gro\u00dfe Ziel endlich erreicht (12.4.2013)<\/li>\n<li><a href=\"https:\/\/www.freiburg-schwarzwald.de\/blog\/marathon-mit-kinderwagen\/\">https:\/\/www.freiburg-schwarzwald.de\/blog\/marathon-mit-kinderwagen\/<\/a>\u00a0(9.4.2013)<\/li>\n<li>Freiburg-Marathon<\/li>\n<li>Marathon-Bilder 7.4.2013\u00a0an der Dreisam zwischen\u00a0Sandfang und SC-Stadion (7.4.2013)<\/li>\n<li>Beim Marathon landen Sportklamotten in der Box statt im M\u00fcll.\u00a0 (6.4.2013)<\/li>\n<li><a href=\"https:\/\/www.freiburg-schwarzwald.de\/blog\/freiburg-marathon-mit-martin-wangler-aus-breitnau\/\">https:\/\/www.freiburg-schwarzwald.de\/blog\/freiburg-marathon-mit-martin-wangler-aus-breitnau\/<\/a>\u00a0(4.4.2012)<\/li>\n<li><a href=\"https:\/\/www.freiburg-schwarzwald.de\/littenweiler\/rieselfeld.htm#Rollator-Rennen - Senioren mit Mut bei der etwas anderen Rieselfeldmeile\">Rollator-Rennen &#8211; Senioren mit Mut bei der etwas anderen Rieselfeldmeile<\/a> &gt;Rieselfeld (16.9)<\/li>\n<li><a href=\"https:\/\/www.freiburg-schwarzwald.de\/chronisch3.htm#Hochsensible Pers\u00f6nlichkeiten (HSP) - Selbsthilfegruppe\">Hochsensible Pers\u00f6nlichkeiten (HSP) &#8211; Selbsthilfegruppe<\/a> &gt;Chronisch3 (27.7.2011)<\/li>\n<li><a href=\"https:\/\/www.freiburg-schwarzwald.de\/laufen1.htm#Littenweiler Lauftreff mit Helmut Scherr samstags\">Littenweiler Lauftreff mit Helmut Scherr samstags<\/a> &gt;Laufen1 (1.2.2011)<\/li>\n<li><a href=\"https:\/\/www.freiburg-schwarzwald.de\/fsm.htm#FSM-Vorbereitung zum Freiburger Halbmarathon - Medienpartner Dreisamt\u00e4ler\">FSM-Vorbereitung zum Freiburger Halbmarathon &#8211; Medienpartner Dreisamt\u00e4ler<\/a> &gt;FSM (17.1.2011)<\/li>\n<li><a href=\"https:\/\/www.freiburg-schwarzwald.de\/laufen1.htm#8. Freiburg Marathon am 3. April 2011: Lauf- und Musikevent\">8. Freiburg Marathon am 3. April 2011: Lauf- und Musikevent<\/a> &gt;Laufen1 (23.12.2010)<\/li>\n<li><a href=\"https:\/\/www.freiburg-schwarzwald.de\/laufen1.htm#Droste-H\u00fclshoff-Lehrer Marc L\u00f6hmann bester Lauftrainer bei Runnerss World\">Droste-H\u00fclshoff-Lehrer Marc L\u00f6hmann bester Lauftrainer bei Runners&#8217;s World<\/a> &gt;Laufen1 (3.12)<\/li>\n<li><a href=\"https:\/\/www.freiburg-schwarzwald.de\/laufen.htm#24Stundenlauf: Team Kolleg St. Sebastian l\u00e4uft die meisten Runden\">24Stundenlauf: Team Kolleg St. Sebastian l\u00e4uft die meisten Runden<\/a> &gt;Laufen (15.7.10)<\/li>\n<li><a href=\"https:\/\/www.freiburg-schwarzwald.de\/laufen.htm#Lauf f\u00fcr Kinderrechte bringt Rekordergebnis\">Lauf f\u00fcr Kinderrechte bringt Rekordergebnis<\/a> &gt;Laufen (8.7.2010)<\/li>\n<li><a href=\"https:\/\/www.freiburg-schwarzwald.de\/laufen1.htm#Schauinslandberglauf: Frauen vom SVK-Lauftreff vorne\">Schauinslandberglauf: Frauen vom SVK-Lauftreff vorne<\/a> &gt;Laufen1 (7.7.2010)<\/li>\n<li><a href=\"https:\/\/www.freiburg-schwarzwald.de\/laufen.htm#24hLauf f\u00fcr Kinderrechte in Freiburg\">24hLauf f\u00fcr Kinderrechte in Freiburg<\/a> &gt;Laufen (3.7.2010)<\/li>\n<li><a href=\"https:\/\/www.freiburg-schwarzwald.de\/littenweiler\/svkirchzarten.htm#SVK-Lauftreff: Gerd L\u00fcck gibt Leitung nach 30 Jahren ab\">SVK-Lauftreff: Gerd L\u00fcck gibt Leitung nach 30 Jahren ab<\/a> &gt;svKirchzarten (25.3.2010)<\/li>\n<li><a href=\"https:\/\/www.freiburg-schwarzwald.de\/incentives1.htm#Projekt Adventure an Hauptschule Kirchzarten: TREA Breisgau energy night\">Projekt Adventure an Hauptschule Kirchzarten: TREA Breisgau energy night &gt;Incentives1 (25.2.)<\/a><\/li>\n<li><a href=\"https:\/\/www.freiburg-schwarzwald.de\/laufen1.htm#Rucksacklauf Schonach - Belchen:100 km mit 68 Jahren\">Rucksacklauf Schonach &#8211; Belchen:100 km mit 68 Jahren<\/a> &gt;Laufen1 (24.2.2010)<\/li>\n<li><a href=\"https:\/\/www.freiburg-schwarzwald.de\/laufen1.htm#7. FREIBURG MARATHON startet am 28. M\u00e4rz 2010\">7. FREIBURG MARATHON startet am 28. M\u00e4rz 2010<\/a> &gt;Laufen1 (9.11.2009)<\/li>\n<li><a href=\"https:\/\/www.freiburg-schwarzwald.de\/eschbach.htm#TREA Breisgau Energie Lauf\">TREA Breisgau Energie Lauf am 26.9.2009<\/a> &gt;Eschbach (14.8.2009)<\/li>\n<li><a href=\"https:\/\/www.freiburg-schwarzwald.de\/freiburg-schlossberg.htm#28. Schlossbergfest  mit Schlossberglauf 30.7.-2.8.2009\">28. Schlossbergfest\u00a0 mit Schlossberglauf 30.7.-2.8.2009<\/a> &gt;Freiburg-Schlossberg (29.7.2009)<\/li>\n<li><a href=\"https:\/\/www.freiburg-schwarzwald.de\/totemann.htm#24. Tote-Mann-Berglauf am 1.8. mit 300 Startern\">24. Tote-Mann-Berglauf am 1.8. mit 300 Startern<\/a> &gt;Totemann (17.7.2009)<\/li>\n<li><a href=\"https:\/\/www.freiburg-schwarzwald.de\/laufen1.htm#Freiburg-Marathon am 29.3.2009\">Freiburg-Marathon am 29.3.2009<\/a> &gt;Laufen1 (29.3.2009)<\/li>\n<li><a href=\"https:\/\/www.freiburg-schwarzwald.de\/laufen1.htm#Geistigbehinderte Sch\u00fcler rennen beim Freiburg-Marathon mit\">Geistigbehinderte Sch\u00fcler rennen beim Freiburg-Marathon mit<\/a> &gt;Laufen1 (26.3.2009)<\/li>\n<li><a href=\"https:\/\/www.freiburg-schwarzwald.de\/laufen1.htm#Neuer Lauftreff in Littenweiler mit Helmut Scherr\">Neuer Lauftreff in Littenweiler mit Helmut Scherr<\/a> &gt;Laufen1 (2.2.2009)<\/li>\n<li><a href=\"https:\/\/www.freiburg-schwarzwald.de\/littenweiler\/stegen3.htm#Stegener Sch\u00fcler holen 9. Platz beim 24h-Lauf f\u00fcr Kinderrechte\">Stegener Sch\u00fcler holen 9. Platz beim 24h-Lauf f\u00fcr Kinderrechte<\/a> &gt;Stegen3 (31.7.2008)<\/li>\n<li><a href=\"https:\/\/www.freiburg-schwarzwald.de\/totemann.htm#Tote-Mann-Berglauf vom Zastlertal zur Erlenbacher H\u00fctte am 26.7.2008\">Tote-Mann-Berglauf vom Zastlertal zur Erlenbacher H\u00fctte am 26.7.2008<\/a> &gt;Totemann (17.7.08)<\/li>\n<li><a href=\"https:\/\/www.freiburg-schwarzwald.de\/laufen1.htm#Donautal-Marathon: Thomas Hauser, Bernhard Friedmann und Sonja Lutz\">Donautal-Marathon: Thomas Hauser, Bernhard Friedmann und Sonja Lutz<\/a> &gt;Laufen1 (20.6.2008)<\/li>\n<li><a href=\"https:\/\/www.freiburg-schwarzwald.de\/marathon.htm#Freiburg-Marathon 6.4.2008 am Sandfang\">Freiburg-Marathon 6.4.2008 am Sandfang<\/a> &gt;Marathon (6.4.2008)<\/li>\n<li><a href=\"https:\/\/www.freiburg-schwarzwald.de\/laufen1.htm#Das Geheimnis des k\u00f6rpereigenen Rauschs erforschen\">Das Geheimnis des k\u00f6rpereigenen Rauschs beim Laufen erforschen<\/a> &gt;Laufen1 (5.4.2008)<\/li>\n<li><a href=\"https:\/\/www.freiburg-schwarzwald.de\/laufen1.htm#Lauftreff des SV Kirchzarten wieder jeden Dienstagabend\">Lauftreff des SV Kirchzarten wieder jeden Dienstagabend<\/a> &gt;Laufen1 (26.3.2008)<\/li>\n<li><a href=\"https:\/\/www.freiburg-schwarzwald.de\/littenweiler\/sport2.htm#Deutschland aktivste Stadt: Freiburg unter den letzten 5 - Festival am 11.7.\">Deutschland aktivste Stadt: Freiburg unter den letzten 5 &#8211; Festival am 11.7.<\/a> &gt;Sport2 (12.3.08)<\/li>\n<li><a href=\"https:\/\/www.freiburg-schwarzwald.de\/freiburg4.htm#Nikolaus-Fun-Lauf am 8.12.2007 f\u00fcr Kinderschutzbund\">Nikolaus-Fun-Lauf am 8.12.2007 f\u00fcr Kinderschutzbund<\/a> &gt;Freiburg4 (4.12.2007)<\/li>\n<li><a href=\"https:\/\/www.freiburg-schwarzwald.de\/laufen1.htm#Morgenlauf-Treff in Freiburg mit Fernando Sch\u00fcber\">Morgenlauf-Treff in Freiburg mit Fernando Sch\u00fcber<\/a> &gt;Laufen1 (29.10.2007)<\/li>\n<li><a href=\"https:\/\/www.freiburg-schwarzwald.de\/laufen1.htm#Nachwuchs dominierte beim Jubil\u00e4ums-Giersberg-Cross\">Nachwuchs dominierte beim Jubil\u00e4ums-Giersberg-Cross<\/a> &gt;Laufen1 (26.10.2007)<\/li>\n<li><a href=\"https:\/\/www.freiburg-schwarzwald.de\/laufen1.htm#40. Schwarzwald-Marathon in Br\u00e4unlingen\">40. Schwarzwald-Marathon in Br\u00e4unlingen<\/a> &gt;Laufen1 (25.10.2007)<\/li>\n<li><a href=\"https:\/\/www.freiburg-schwarzwald.de\/littenweiler\/kirchzarten7.htm#Gerd L\u00fcck vom SVK-Lauftreff lief 25-mal Schwarzwaldmarathon\">Gerd L\u00fcck vom SVK-Lauftreff lief 25-mal Schwarzwaldmarathon<\/a> &gt;Kirchzarten7 (23.10.2007)<\/li>\n<li><a href=\"https:\/\/www.freiburg-schwarzwald.de\/laufen1.htm#\u00dcber 10000 Euro f\u00fcr an Epilepsie erkrankte Kinder erlaufen\">\u00dcber 10000 Euro f\u00fcr an Epilepsie erkrankte Kinder erlaufen<\/a> &gt;Laufen1 (11.10.2007)<\/li>\n<li><a href=\"https:\/\/www.freiburg-schwarzwald.de\/laufen1.htm#Georg Thoma l\u00e4uft 600 Kilometer f\u00fcr epilepsiekranke Kinder\">Georg Thoma l\u00e4uft 600 Kilometer f\u00fcr epilepsiekranke Kinder<\/a> (27.9.2007)<\/li>\n<li><a href=\"https:\/\/www.freiburg-schwarzwald.de\/laufen1.htm#Birgit Bartels gewinnt Freiburg-Marathon mit neuem Streckenrekord\">Birgit Bartels gewinnt Freiburg-Marathon mit neuem Streckenrekord<\/a> (5.4.2007)<\/li>\n<li><a href=\"https:\/\/www.freiburg-schwarzwald.de\/laufen1.htm#Toll gelaufen: Freiburg-Marathon auch f\u00fcr die Johanniter ein voller Erfolg\">Toll gelaufen: Freiburg-Marathon auch f\u00fcr die Johanniter ein voller Erfolg<\/a> (4.4.2007)<\/li>\n<li><a href=\"https:\/\/www.freiburg-schwarzwald.de\/laufen1.htm#Freiburg-Marathon: Birgit Bartels und Gerhard Schneble\">Freiburg-Marathon: Birgit Bartels und Gerhard Schneble<\/a>\u00a0 (2.4.2007)<\/li>\n<li><a href=\"https:\/\/www.freiburg-schwarzwald.de\/laufen1.htm#Freiburg-Marathon: Caritas-Spendenaktion f\u00fcr L\u00e4ufer und Zuschauer\">Freiburg-Marathon: Caritas-Spendenaktion f\u00fcr L\u00e4ufer und Zuschauer<\/a> (2.4.2007)<\/li>\n<li><a href=\"https:\/\/www.freiburg-schwarzwald.de\/laufen1.htm#Vierter Freiburg-Marathon am 1.April\">Vierter Freiburg-Marathon am 1.April<\/a>\u00a0 (30.3.2007)<\/li>\n<li><a href=\"https:\/\/www.freiburg-schwarzwald.de\/laufen1.htm#Lauftreff des SV Kirchzarten sein 25j\u00e4hriges Bestehen\">Lauftreff des SV Kirchzarten sein 25j\u00e4hriges Bestehen<\/a> (22.3.2007)<\/li>\n<li><a href=\"https:\/\/www.freiburg-schwarzwald.de\/krebs1.htm#Britta Petersen bek\u00e4mpfte Lymphknotenkrebs und startet in Freiburg\">Britta Petersen bek\u00e4mpfte Lymphknotenkrebs und startet in Freiburg<\/a> &gt;Krebs1 (17.3.2007)<\/li>\n<li><a href=\"https:\/\/www.freiburg-schwarzwald.de\/ihringen.htm#22. internationaler Kaiserstuhllauf: Birgit Bartels und Roland Krams\">22. internationaler Kaiserstuhllauf: Birgit Bartels und Roland Krams<\/a> &gt;Ihringen (13.3.2007)<\/li>\n<li><a href=\"https:\/\/www.freiburg-schwarzwald.de\/laufen1.htm#Laufszene-Freiburg: Internetseite in neuem Dress\">Laufszene-Freiburg: Internetseite in neuem Dress<\/a> (30.11.2006)<\/li>\n<li><a href=\"https:\/\/www.freiburg-schwarzwald.de\/laufen1.htm#Ultra-Lauf \u00fcber drei der h\u00f6chsten Schwarzwaldgipfel\">Ultra-Lauf \u00fcber drei der h\u00f6chsten Schwarzwaldgipfel<\/a> (10.11.2006)<\/li>\n<li><a href=\"https:\/\/www.freiburg-schwarzwald.de\/stollenbacher.htm#W\u00fcstenvortrag von Birgid Wefelnberg auf der Stollenbacher H\u00fctte\">W\u00fcstenvortrag von Birgid Wefelnberg auf der Stollenbacher H\u00fctte<\/a> &gt;Stollenbacher (16.10.2006)<\/li>\n<li><a href=\"https:\/\/www.freiburg-schwarzwald.de\/laufen1.htm#SVK-Lauftreff veranstaltet am 22.10r den ?9. Giersberg-Cross 2006?\">SVK-Lauftreff veranstaltet am 22.10. den \u201e9. Giersberg-Cross 2006\u201c<\/a> (3.10.2006)<\/li>\n<li><a href=\"https:\/\/www.freiburg-schwarzwald.de\/laufen1.htm#3000 Schritte extra: Touren durch Breisach und Liliental\">3000 Schritte extra: Touren durch Breisach und Liliental<\/a> (5.9.2006)<\/li>\n<li><a href=\"https:\/\/www.freiburg-schwarzwald.de\/laufen1.htm#Erster Freiburger Friedenslauf: Informieren und laufen\">Erster Freiburger Friedenslauf: Informieren und laufen<\/a> (9.6.2006)<\/li>\n<li><a href=\"https:\/\/www.freiburg-schwarzwald.de\/laufen1.htm#Charly Doll Berglauf-Europameister - Schluchsee-Lauf\">Charly Doll Berglauf-Europameister &#8211; Schluchsee-Lauf<\/a> (11.5.2006)<\/li>\n<li><a href=\"https:\/\/www.freiburg-schwarzwald.de\/laufen1.htm#Lauf- und Walkingtreff des SV Kirchzarten immer dienstags\">Lauf- und Walkingtreff des SV Kirchzarten immer dienstags<\/a> (27.3.2006)<\/li>\n<li><a href=\"https:\/\/www.freiburg-schwarzwald.de\/laufen1.htm#30. Schauinsland-Berglauf: 13 km bergauf bei 975 m H\u00f6hendifferenz\">30. Schauinsland-Berglauf: 13 km bergauf bei 975 m H\u00f6hendifferenz<\/a> &gt;Laufen1 (6.7.2009)<\/li>\n<li><a href=\"https:\/\/www.freiburg-schwarzwald.de\/laufen1.htm#Freiburg-Marathon 6.4.2008 am Sandfang\">Freiburg-Marathon 6.4.2008 am Sandfang<\/a> (6.4.2008)<\/li>\n<li><a href=\"https:\/\/www.freiburg-schwarzwald.de\/marathon.htm#20 Realsch\u00fcler aus Neustadt bei SCool Run\">20 Realsch\u00fcler aus Neustadt bei S&#8217;Cool Run<\/a> &gt;Marathon (9.4.2008)<\/li>\n<li><a href=\"https:\/\/www.freiburg-schwarzwald.de\/marathon#Ergebnisse Firmenwettkampf - Sch\u00fclerstaffel\">Ergebnisse Firmenwettkampf &#8211; Sch\u00fclerstaffel<\/a> (9.4.2008)<\/li>\n<li><a href=\"https:\/\/www.freiburg-schwarzwald.de\/marathon#Kein Schnee, kein Graupel, h\u00f6chstens ein paar Grad zu wenig\">Kein Schnee, kein Graupel, h\u00f6chstens ein paar Grad zu wenig<\/a> (7.4.2008)<\/li>\n<li><a href=\"https:\/\/www.freiburg-schwarzwald.de\/marathon.htm#Rollstuhlfahrer beim Freiburg-Marathon\">Rollstuhlfahrer beim Freiburg-Marathon<\/a> &gt;Marathon (7.4.2008)<\/li>\n<li><a href=\"https:\/\/www.freiburg-schwarzwald.de\/behinderung3.htm#Acht geistig behinderte Sch\u00fcler vom Haus Tobias beim Marathon\">Acht geistig behinderte Sch\u00fcler vom Haus Tobias beim Marathon<\/a> &gt;Behinderung3 (5.4.2008)<\/li>\n<li><a href=\"https:\/\/www.freiburg-schwarzwald.de\/marathon#F\u00fcnfter Freiburg-Marathon 5.4.20008: 12000 L\u00e4uferInnen auf 21.1 km\">F\u00fcnfter Freiburg-Marathon 5.4.20008: 12000 L\u00e4uferInnen auf 21.1 km<\/a> (5.4.2008)<\/li>\n<li><a href=\"https:\/\/www.freiburg-schwarzwald.de\/laufen1.htm#Das Geheimnis des k\u00f6rpereigenen Rauschs erforschen\">Das Geheimnis des k\u00f6rpereigenen Rauschs beim Laufen erforschen<\/a> &gt;Laufen1 (5.4.2008)<\/li>\n<li><a href=\"https:\/\/www.freiburg-schwarzwald.de\/laufen1.htm#Birgit Bartels gewinnt Freiburg-Marathon mit neuem Streckenrekord\">Birgit Bartels gewinnt Freiburg-Marathon mit neuem Streckenrekord<\/a> &gt;Laufen1 (5.4.2007)<\/li>\n<li><a href=\"https:\/\/www.freiburg-schwarzwald.de\/laufen1.htm#Toll gelaufen: Freiburg-Marathon auch f\u00fcr die Johanniter ein voller Erfolg\">Toll gelaufen: Freiburg-Marathon auch f\u00fcr die Johanniter ein voller Erfolg<\/a> &gt;Laufen1 (4.4.2007)<\/li>\n<li><a href=\"https:\/\/www.freiburg-schwarzwald.de\/laufen1.htm#Freiburg-Marathon: Birgit Bartels und Gerhard Schneble\">Freiburg-Marathon: Birgit Bartels und Gerhard Schneble<\/a> &gt;Laufen1 (2.4.2007)<\/li>\n<li><a href=\"https:\/\/www.freiburg-schwarzwald.de\/laufen1.htm#Freiburg-Marathon: Caritas-Spendenaktion f\u00fcr L\u00e4ufer und Zuschauer\">Freiburg-Marathon: Caritas-Spendenaktion f\u00fcr L\u00e4ufer und Zuschauer<\/a> &gt;Laufen1(2.4.2007)<\/li>\n<li><a href=\"https:\/\/www.freiburg-schwarzwald.de\/marathon#Vierter Freiburg-Marathon am 1.April\">Vierter Freiburg-Marathon am 1.April<\/a>\u00a0&gt;Laufen1(30.3.2007)<\/li>\n<li><a href=\"https:\/\/www.freiburg-schwarzwald.de\/krebs1.htm#Britta Petersen bek\u00e4mpfte Lymphknotenkrebs und startet in Freiburg\">Britta Petersen bek\u00e4mpfte Lymphknotenkrebs und startet in Freiburg<\/a> &gt;Krebs1 (17.3.2007)<\/li>\n<li>Freiburg-Marathon: Nicht jedes Jahr an der Preisschraube drehen (24.3.2006)<\/li>\n<li>Armin Schirmaier aus Freiburg: Herausgeber der Magazins Running (18.3.2006)<\/li>\n<li>Vorbereitungskurse zum n\u00e4chsten Freiburg-Marathon (19.10.2005)<\/li>\n<li>Max Frei und Gudrun Heinemann vom USC Freiburg gewinnen Ro\u00dfkopflauf (29.6.2005)<\/li>\n<li>Freiburg-Marathon 2005 &#8211; 14000 Teilnehmer und 60000 Zuschauer (12.4.2005)<\/li>\n<li>Freiburger Morgenlauf und Marathon (12.3.2005)<\/li>\n<li>Laufszene-Freiburg &#8211; ein Laufbuch speziell f\u00fcr Freiburg (30.5.2004)<\/li>\n<li>Freiburg in den TopTen des deutschen St\u00e4dtemarathons (1.4.2004)<\/li>\n<li>Freiburg-Marathon: Superwetter, Superstimmung, Superstadt (30.3.2004)<\/li>\n<li>Freiburg-Marathon: Hobbyl\u00e4ufer begeistert, Topsportler nicht (30.3.2004)<\/li>\n<li>Freiburg-Marathon am 27.3.2004 in Zahlen<\/li>\n<\/ul>\n<div id=\"attachment_26669\" style=\"width: 649px\" class=\"wp-caption alignnone\"><a href=\"https:\/\/www.freiburg-schwarzwald.de\/blog\/sport\/sportlern\/laufen\/marathon\/freiburg12marathon-pan130407\/\" rel=\"attachment wp-att-26669\"><img loading=\"lazy\" decoding=\"async\" aria-describedby=\"caption-attachment-26669\" class=\"size-full wp-image-26669\" title=\"freiburg12marathon-pan130407\" src=\"https:\/\/www.freiburg-schwarzwald.de\/blog\/wp-content\/uploads\/2012\/04\/freiburg12marathon-pan130407.jpg\" alt=\"\" width=\"639\" height=\"265\" srcset=\"https:\/\/www.freiburg-schwarzwald.de\/blog\/wp-content\/uploads\/2012\/04\/freiburg12marathon-pan130407.jpg 639w, https:\/\/www.freiburg-schwarzwald.de\/blog\/wp-content\/uploads\/2012\/04\/freiburg12marathon-pan130407-180x74.jpg 180w\" sizes=\"auto, (max-width: 639px) 100vw, 639px\" \/><\/a><p id=\"caption-attachment-26669\" class=\"wp-caption-text\">Freiburg-Marathon am 7.4.2013 &#8211; Blick nach Westen zum Sandfang am Dreisamuferweg<\/p><\/div>\n<p>&nbsp;<\/p>\n<p><strong>Freiburg Marathon am 6. April 2014<\/strong><\/p>\n<p>Der 11. Freiburger Marathon startet am Sonntag 6.April 2014 mit gleicher Streckenf\u00fchrung wie 2013 (siehe unten). Neu ist, dass auch Teilnehmer der Deutschen Halbmarathon-Meisterschaften am Start sind. Insgesamt werden um die\u00a010.000 L\u00e4ufer erwartet.<\/p>\n<p>Nachz\u00fcgler, Bus und BahnL\u00e4ufer k\u00f6nnen sich noch anmelden am 5. April 2014, 10 bis 19 Uhr, auf der Sportmesse in den Messehallen an der Madisonallee, Kurzentschlossene am 6. April, 8 bis 10 Uhr.<br \/>\nDie Geb\u00fchr kostet f\u00fcr den Marathon 64 Euro, den Halbmarathon 62 und die Staffel 130 Euro.<br \/>\nF\u00fcr die Meisterschaft k\u00f6nnen nur Mitglieder eines Vereins im Leichtathletikverband nachmelden, und nur am Samstag (152 Euro).<br \/>\nAm Marathon-Sonntag fahren Trams nur bis an den Rand der Innenstadt; die Buslinien 10, 11, 14 und 27 sind teils unterbrochen. Sonderz\u00fcge der Breisgau-S-Bahn pendeln zwischen Hauptbahnhof und Messe.<br \/>\n22.3.2014<\/p>\n<p><a href=\"https:\/\/www.freiburg-schwarzwald.de\/blog\/sport\/sportlern\/laufen\/marathon\/marathon1fr140405\/\" rel=\"attachment wp-att-46609\"><img loading=\"lazy\" decoding=\"async\" class=\"alignnone size-thumbnail wp-image-46609\" src=\"https:\/\/www.freiburg-schwarzwald.de\/blog\/wp-content\/uploads\/2012\/04\/marathon1fr140405-180x135.jpg\" alt=\"marathon1fr140405\" width=\"180\" height=\"135\" srcset=\"https:\/\/www.freiburg-schwarzwald.de\/blog\/wp-content\/uploads\/2012\/04\/marathon1fr140405-180x135.jpg 180w, https:\/\/www.freiburg-schwarzwald.de\/blog\/wp-content\/uploads\/2012\/04\/marathon1fr140405.jpg 640w\" sizes=\"auto, (max-width: 180px) 100vw, 180px\" \/><\/a>\u00a0\u00a0\u00a0\u00a0\u00a0\u00a0\u00a0\u00a0\u00a0 <a href=\"https:\/\/www.freiburg-schwarzwald.de\/blog\/sport\/sportlern\/laufen\/marathon\/marathon2fr140405\/\" rel=\"attachment wp-att-46610\"><img loading=\"lazy\" decoding=\"async\" class=\"alignnone size-thumbnail wp-image-46610\" src=\"https:\/\/www.freiburg-schwarzwald.de\/blog\/wp-content\/uploads\/2012\/04\/marathon2fr140405-180x135.jpg\" alt=\"marathon2fr140405\" width=\"180\" height=\"135\" srcset=\"https:\/\/www.freiburg-schwarzwald.de\/blog\/wp-content\/uploads\/2012\/04\/marathon2fr140405-180x135.jpg 180w, https:\/\/www.freiburg-schwarzwald.de\/blog\/wp-content\/uploads\/2012\/04\/marathon2fr140405.jpg 640w\" sizes=\"auto, (max-width: 180px) 100vw, 180px\" \/><\/a>\u00a0\u00a0\u00a0\u00a0\u00a0\u00a0\u00a0\u00a0\u00a0\u00a0 <a href=\"https:\/\/www.freiburg-schwarzwald.de\/blog\/sport\/sportlern\/laufen\/marathon\/marathon3fr140405\/\" rel=\"attachment wp-att-46611\"><img loading=\"lazy\" decoding=\"async\" class=\"alignnone size-thumbnail wp-image-46611\" src=\"https:\/\/www.freiburg-schwarzwald.de\/blog\/wp-content\/uploads\/2012\/04\/marathon3fr140405-180x135.jpg\" alt=\"marathon3fr140405\" width=\"180\" height=\"135\" srcset=\"https:\/\/www.freiburg-schwarzwald.de\/blog\/wp-content\/uploads\/2012\/04\/marathon3fr140405-180x135.jpg 180w, https:\/\/www.freiburg-schwarzwald.de\/blog\/wp-content\/uploads\/2012\/04\/marathon3fr140405.jpg 640w\" sizes=\"auto, (max-width: 180px) 100vw, 180px\" \/><\/a><br \/>\n(1) 5.4.2014 mit dem Kinderwagen\u00a0\u00a0\u00a0\u00a0\u00a0\u00a0 (2) \u00d6stlichster Punkt SC-Stadion\u00a0\u00a0\u00a0\u00a0\u00a0\u00a0\u00a0\u00a0\u00a0\u00a0\u00a0 (3) Am Dreisamufer 5.4.2014<\/p>\n<p><a href=\"https:\/\/www.freiburg-schwarzwald.de\/blog\/sport\/sportlern\/laufen\/marathon\/marathon4fr140405\/\" rel=\"attachment wp-att-46612\"><img loading=\"lazy\" decoding=\"async\" class=\"alignnone size-thumbnail wp-image-46612\" src=\"https:\/\/www.freiburg-schwarzwald.de\/blog\/wp-content\/uploads\/2012\/04\/marathon4fr140405-180x143.jpg\" alt=\"marathon4fr140405\" width=\"180\" height=\"143\" srcset=\"https:\/\/www.freiburg-schwarzwald.de\/blog\/wp-content\/uploads\/2012\/04\/marathon4fr140405-180x143.jpg 180w, https:\/\/www.freiburg-schwarzwald.de\/blog\/wp-content\/uploads\/2012\/04\/marathon4fr140405.jpg 639w\" sizes=\"auto, (max-width: 180px) 100vw, 180px\" \/><\/a>\u00a0 \u00a0 \u00a0 \u00a0 \u00a0\u00a0<a href=\"https:\/\/www.freiburg-schwarzwald.de\/blog\/sport\/sportlern\/laufen\/marathon\/freiburg-marathon160410\/\" rel=\"attachment wp-att-60423\"><img loading=\"lazy\" decoding=\"async\" class=\"alignnone size-thumbnail wp-image-60423\" src=\"https:\/\/www.freiburg-schwarzwald.de\/blog\/wp-content\/uploads\/2012\/04\/freiburg-marathon160410-180x135.jpg\" alt=\"freiburg-marathon160410\" width=\"180\" height=\"135\" srcset=\"https:\/\/www.freiburg-schwarzwald.de\/blog\/wp-content\/uploads\/2012\/04\/freiburg-marathon160410-180x135.jpg 180w, https:\/\/www.freiburg-schwarzwald.de\/blog\/wp-content\/uploads\/2012\/04\/freiburg-marathon160410.jpg 640w\" sizes=\"auto, (max-width: 180px) 100vw, 180px\" \/><\/a><br \/>\n(4) 2. Platz Marathon 5.4.2014 \u00a0 \u00a0 \u00a0 \u00a0 \u00a0 \u00a0 \u00a0 (5) Marathon am Sandfang 10.4.2016<br \/>\n.<\/p>\n<p><strong>Freiburg-Marathon<br \/>\n<\/strong>Freiburg Marathon, Organisationsb\u00fcro<br \/>\nKaiser-Joseph-Stra\u00dfe 274, D-79098 Freiburg, Germany, Tel 0761 \/ 137 68 88<br \/>\nFax 0761 \/ 137 68 86<br \/>\n<a href=\"https:\/\/www.marathon-freiburg.com\">www.marathon-freiburg.com<\/a>\u00a0&#8211; hier finden Sie alle Ergebnisse<br \/>\n.<br \/>\n.<br \/>\n<strong>Wir L\u00e4ufer hatten alles, was wir brauchten &#8211; Ich war begeistert<\/strong><br \/>\nIch bin mit 54 Jahren und der Startnummer 8192 meinen ersten Halbmarathon gelaufen. Und ich war vom Publikum und der gesamten Organisation begeistert und tief beeindruckt. Leider bringt Ihr werter Artikel weder die professionelle Arbeit der \u00fcberaus zahlreichen Helfer noch das Engagement der vielen tausend Zuschauer, die uns begeistert anfeuerten, zum Ausdruck. Ganz zu schweigen vom Spa\u00df, den die vielen L\u00e4ufer hatten. Ich m\u00f6chte damit nicht besch\u00f6nigen, dass sich auch dieses Mal wieder einige \u00fcbernommen oder nicht auf ihren K\u00f6rper geh\u00f6rt haben. Das wird es aber leider immer geben. Ihr Artikel ist daher f\u00fcr mich als L\u00e4ufer viel zu pessimistisch. Er berichtet fast ausschlie\u00dflich \u00fcber die Schwierigkeiten, die beim Lauf zweifelsfrei aufgetreten sind. Aber insgesamt wird er dem riesigen und insgesamt gelungenen Sportfest nach meiner Auffassung nicht gerecht. Wir L\u00e4ufer hatten alles, was wir brauchten.<br \/>\n14.4.2014, Roland Fritz, Burladingen<\/p>\n<p>&nbsp;<\/p>\n<p>&nbsp;<\/p>\n<p>&nbsp;<\/p>\n<p><a href=\"https:\/\/www.freiburg-schwarzwald.de\/blog\/sport\/sportlern\/laufen\/marathon\/laufen7-080406\/\" rel=\"attachment wp-att-310\"><img loading=\"lazy\" decoding=\"async\" class=\"alignnone size-thumbnail wp-image-310\" title=\"laufen7-080406\" src=\"https:\/\/www.freiburg-schwarzwald.de\/blog\/wp-content\/uploads\/2012\/04\/laufen7-080406-180x135.jpg\" alt=\"Blick nach Westen auf dem Dreisamuferweg am 6.4.2008 - Freiburg-Marathon um 12.30 Uhr\" width=\"180\" height=\"135\" srcset=\"https:\/\/www.freiburg-schwarzwald.de\/blog\/wp-content\/uploads\/2012\/04\/laufen7-080406-180x135.jpg 180w, https:\/\/www.freiburg-schwarzwald.de\/blog\/wp-content\/uploads\/2012\/04\/laufen7-080406.jpg 640w\" sizes=\"auto, (max-width: 180px) 100vw, 180px\" \/><\/a>\u00a0\u00a0\u00a0\u00a0\u00a0\u00a0\u00a0\u00a0\u00a0 <a href=\"https:\/\/www.freiburg-schwarzwald.de\/blog\/sport\/sportlern\/laufen\/marathon\/marathonfr04\/\" rel=\"attachment wp-att-311\"><img loading=\"lazy\" decoding=\"async\" class=\"alignnone size-thumbnail wp-image-311\" title=\"marathonfr04\" src=\"https:\/\/www.freiburg-schwarzwald.de\/blog\/wp-content\/uploads\/2012\/04\/marathonfr04-180x125.jpg\" alt=\"\" width=\"180\" height=\"125\" srcset=\"https:\/\/www.freiburg-schwarzwald.de\/blog\/wp-content\/uploads\/2012\/04\/marathonfr04-180x125.jpg 180w, https:\/\/www.freiburg-schwarzwald.de\/blog\/wp-content\/uploads\/2012\/04\/marathonfr04.jpg 380w\" sizes=\"auto, (max-width: 180px) 100vw, 180px\" \/><\/a>\u00a0\u00a0\u00a0\u00a0\u00a0\u00a0\u00a0\u00a0\u00a0<a href=\"https:\/\/www.freiburg-schwarzwald.de\/blog\/sport\/sportlern\/laufen\/marathon\/freimarathon1\/\" rel=\"attachment wp-att-312\"><img loading=\"lazy\" decoding=\"async\" class=\"alignnone size-thumbnail wp-image-312\" title=\"freimarathon1\" src=\"https:\/\/www.freiburg-schwarzwald.de\/blog\/wp-content\/uploads\/2012\/04\/freimarathon1-120x180.jpg\" alt=\"\" width=\"120\" height=\"180\" srcset=\"https:\/\/www.freiburg-schwarzwald.de\/blog\/wp-content\/uploads\/2012\/04\/freimarathon1-120x180.jpg 120w, https:\/\/www.freiburg-schwarzwald.de\/blog\/wp-content\/uploads\/2012\/04\/freimarathon1.jpg 400w\" sizes=\"auto, (max-width: 120px) 100vw, 120px\" \/><\/a><br \/>\n(1) Sandfang am 6.4.2008\u00a0\u00a0\u00a0\u00a0\u00a0\u00a0\u00a0\u00a0\u00a0\u00a0\u00a0\u00a0\u00a0\u00a0\u00a0\u00a0\u00a0\u00a0\u00a0\u00a0\u00a0\u00a0(2) Blaue Br\u00fccke\u00a0\u00a0\u00a02004\u00a0\u00a0\u00a0\u00a0\u00a0\u00a0\u00a0\u00a0\u00a0\u00a0\u00a0\u00a0\u00a0\u00a0\u00a0\u00a0\u00a0\u00a0\u00a0\u00a0\u00a0\u00a0\u00a0\u00a0\u00a0\u00a0 (3) Dieter Baumann 2004<\/p>\n<p><a href=\"https:\/\/www.freiburg-schwarzwald.de\/blog\/sport\/sportlern\/laufen\/marathon\/freiburg-marathon-verpflegung201304\/\" rel=\"attachment wp-att-26483\"><img loading=\"lazy\" decoding=\"async\" class=\"alignnone size-thumbnail wp-image-26483\" title=\"freiburg-marathon-verpflegung201304\" src=\"https:\/\/www.freiburg-schwarzwald.de\/blog\/wp-content\/uploads\/2012\/04\/freiburg-marathon-verpflegung201304-180x140.jpg\" alt=\"\" width=\"180\" height=\"140\" srcset=\"https:\/\/www.freiburg-schwarzwald.de\/blog\/wp-content\/uploads\/2012\/04\/freiburg-marathon-verpflegung201304-180x140.jpg 180w, https:\/\/www.freiburg-schwarzwald.de\/blog\/wp-content\/uploads\/2012\/04\/freiburg-marathon-verpflegung201304-640x501.jpg 640w, https:\/\/www.freiburg-schwarzwald.de\/blog\/wp-content\/uploads\/2012\/04\/freiburg-marathon-verpflegung201304.jpg 770w\" sizes=\"auto, (max-width: 180px) 100vw, 180px\" \/><\/a><br \/>\n(4) 20 Verpflegungsstellen<\/p>\n<p>(1) Blick nach Westen auf dem Dreisamuferweg am 6.4.2008 &#8211; Freiburg-Marathon um 12.30 Uhr<br \/>\n(2) Freiburg Marathon 2004 an der Blauen Br\u00fccke<br \/>\n(3) Max Frei (rechts) mit Dieter Baumann im Fr\u00fchjahr 2004 beim Freiburg Marathon<br \/>\n(4) Streckenverlauf Marathon 2013 mit 20 Verpflegungsstellen &#8211; Plan: Veranstalter<\/p>\n<p>&nbsp;<\/p>\n<p>&nbsp;<\/p>\n<p><strong>Marathon-Bilder 7.4.2013\u00a0an der Dreisam zwischen\u00a0<a title=\"Sandfang\" href=\"https:\/\/www.freiburg-schwarzwald.de\/blog\/regio\/freiburg\/sandfang\/\">Sandfang<\/a> und SC-Stadion<\/strong><\/p>\n<p>Sieger Freiburg-Marathon am 7.4.2013<br \/>\nMarathon Herren:<br \/>\n1.\u00a0Ulrich Benz,\u00a0LG Brandenkopf, 2,31:33 Stunden, 2. Thomas Klingenberger, 3. Gerhard Schneble.<br \/>\nMarathon Frauen \u00fcber 42,195 Kilometer:<br \/>\n1. Heidrun Besler mit 3,07:52 Stunden, 2. Sandra Reiss, 3.Miriam Engel<br \/>\nHalbmarathon M\u00e4nner:<br \/>\n1. Gian Luca Borghesi, Italien,\u00a01,09:05 Stunden. 2. Felix K\u00f6hler, 3. Daniel Hummel<br \/>\nHalbmarathon Frauen:<br \/>\n1. Kathrin M\u00fcller, 1,18:12 Stunden, 2.\u00a0 Susanne G\u00f6lz, 3. Anja R\u00f6ttinger;<\/p>\n<p><a href=\"https:\/\/www.freiburg-schwarzwald.de\/blog\/sport\/sportlern\/laufen\/marathon\/freiburg1marathon130407\/\" rel=\"attachment wp-att-26494\"><img loading=\"lazy\" decoding=\"async\" class=\"alignnone size-thumbnail wp-image-26494\" title=\"freiburg1marathon130407\" src=\"https:\/\/www.freiburg-schwarzwald.de\/blog\/wp-content\/uploads\/2012\/04\/freiburg1marathon130407-180x136.jpg\" alt=\"\" width=\"180\" height=\"136\" srcset=\"https:\/\/www.freiburg-schwarzwald.de\/blog\/wp-content\/uploads\/2012\/04\/freiburg1marathon130407-180x136.jpg 180w, https:\/\/www.freiburg-schwarzwald.de\/blog\/wp-content\/uploads\/2012\/04\/freiburg1marathon130407.jpg 639w\" sizes=\"auto, (max-width: 180px) 100vw, 180px\" \/><\/a>\u00a0\u00a0\u00a0\u00a0\u00a0\u00a0\u00a0\u00a0\u00a0 <a href=\"https:\/\/www.freiburg-schwarzwald.de\/blog\/sport\/sportlern\/laufen\/marathon\/freiburg2marathon130407\/\" rel=\"attachment wp-att-26495\"><img loading=\"lazy\" decoding=\"async\" class=\"alignnone size-thumbnail wp-image-26495\" title=\"freiburg2marathon130407\" src=\"https:\/\/www.freiburg-schwarzwald.de\/blog\/wp-content\/uploads\/2012\/04\/freiburg2marathon130407-180x143.jpg\" alt=\"\" width=\"180\" height=\"143\" srcset=\"https:\/\/www.freiburg-schwarzwald.de\/blog\/wp-content\/uploads\/2012\/04\/freiburg2marathon130407-180x143.jpg 180w, https:\/\/www.freiburg-schwarzwald.de\/blog\/wp-content\/uploads\/2012\/04\/freiburg2marathon130407-640x509.jpg 640w, https:\/\/www.freiburg-schwarzwald.de\/blog\/wp-content\/uploads\/2012\/04\/freiburg2marathon130407.jpg 706w\" sizes=\"auto, (max-width: 180px) 100vw, 180px\" \/><\/a>\u00a0\u00a0\u00a0\u00a0\u00a0\u00a0\u00a0\u00a0\u00a0 <a href=\"https:\/\/www.freiburg-schwarzwald.de\/blog\/sport\/sportlern\/laufen\/marathon\/freiburg3marathon130407\/\" rel=\"attachment wp-att-26496\"><img loading=\"lazy\" decoding=\"async\" class=\"alignnone size-thumbnail wp-image-26496\" title=\"freiburg3marathon130407\" src=\"https:\/\/www.freiburg-schwarzwald.de\/blog\/wp-content\/uploads\/2012\/04\/freiburg3marathon130407-180x135.jpg\" alt=\"\" width=\"180\" height=\"135\" srcset=\"https:\/\/www.freiburg-schwarzwald.de\/blog\/wp-content\/uploads\/2012\/04\/freiburg3marathon130407-180x135.jpg 180w, https:\/\/www.freiburg-schwarzwald.de\/blog\/wp-content\/uploads\/2012\/04\/freiburg3marathon130407.jpg 640w\" sizes=\"auto, (max-width: 180px) 100vw, 180px\" \/><\/a><br \/>\n(1) Trommlergruppe am Sandfang\u00a0\u00a0\u00a0\u00a0\u00a0\u00a0\u00a0 (2) Erster L\u00e4ufer Halbmarathon\u00a0\u00a0\u00a0\u00a0\u00a0\u00a0\u00a0\u00a0\u00a0\u00a0\u00a0\u00a0 (3) L\u00e4ufer 2-5 Halbmarathon<\/p>\n<p><a href=\"https:\/\/www.freiburg-schwarzwald.de\/blog\/sport\/sportlern\/laufen\/marathon\/freiburg4marathon130407\/\" rel=\"attachment wp-att-26537\"><img loading=\"lazy\" decoding=\"async\" class=\"alignnone size-thumbnail wp-image-26537\" title=\"freiburg4marathon130407\" src=\"https:\/\/www.freiburg-schwarzwald.de\/blog\/wp-content\/uploads\/2012\/04\/freiburg4marathon130407-180x135.jpg\" alt=\"\" width=\"180\" height=\"135\" srcset=\"https:\/\/www.freiburg-schwarzwald.de\/blog\/wp-content\/uploads\/2012\/04\/freiburg4marathon130407-180x135.jpg 180w, https:\/\/www.freiburg-schwarzwald.de\/blog\/wp-content\/uploads\/2012\/04\/freiburg4marathon130407.jpg 640w\" sizes=\"auto, (max-width: 180px) 100vw, 180px\" \/><\/a>\u00a0\u00a0\u00a0\u00a0\u00a0\u00a0\u00a0\u00a0 <a href=\"https:\/\/www.freiburg-schwarzwald.de\/blog\/sport\/sportlern\/laufen\/marathon\/freiburg5marathon130407\/\" rel=\"attachment wp-att-26538\"><img loading=\"lazy\" decoding=\"async\" class=\"alignnone size-thumbnail wp-image-26538\" title=\"freiburg5marathon130407\" src=\"https:\/\/www.freiburg-schwarzwald.de\/blog\/wp-content\/uploads\/2012\/04\/freiburg5marathon130407-180x135.jpg\" alt=\"\" width=\"180\" height=\"135\" srcset=\"https:\/\/www.freiburg-schwarzwald.de\/blog\/wp-content\/uploads\/2012\/04\/freiburg5marathon130407-180x135.jpg 180w, https:\/\/www.freiburg-schwarzwald.de\/blog\/wp-content\/uploads\/2012\/04\/freiburg5marathon130407.jpg 640w\" sizes=\"auto, (max-width: 180px) 100vw, 180px\" \/><\/a>\u00a0\u00a0\u00a0\u00a0\u00a0\u00a0\u00a0\u00a0\u00a0 <a href=\"https:\/\/www.freiburg-schwarzwald.de\/blog\/sport\/sportlern\/laufen\/marathon\/freiburg6marathon130407\/\" rel=\"attachment wp-att-26539\"><img loading=\"lazy\" decoding=\"async\" class=\"alignnone size-thumbnail wp-image-26539\" title=\"freiburg6marathon130407\" src=\"https:\/\/www.freiburg-schwarzwald.de\/blog\/wp-content\/uploads\/2012\/04\/freiburg6marathon130407-180x135.jpg\" alt=\"\" width=\"180\" height=\"135\" srcset=\"https:\/\/www.freiburg-schwarzwald.de\/blog\/wp-content\/uploads\/2012\/04\/freiburg6marathon130407-180x135.jpg 180w, https:\/\/www.freiburg-schwarzwald.de\/blog\/wp-content\/uploads\/2012\/04\/freiburg6marathon130407.jpg 640w\" sizes=\"auto, (max-width: 180px) 100vw, 180px\" \/><\/a><br \/>\n(4) Blick vom Sandfang ostw\u00e4rts<\/p>\n<p><a href=\"https:\/\/www.freiburg-schwarzwald.de\/blog\/sport\/sportlern\/laufen\/marathon\/freiburg7marathon130407\/\" rel=\"attachment wp-att-26540\"><img loading=\"lazy\" decoding=\"async\" class=\"alignnone size-thumbnail wp-image-26540\" title=\"freiburg7marathon130407\" src=\"https:\/\/www.freiburg-schwarzwald.de\/blog\/wp-content\/uploads\/2012\/04\/freiburg7marathon130407-180x135.jpg\" alt=\"\" width=\"180\" height=\"135\" srcset=\"https:\/\/www.freiburg-schwarzwald.de\/blog\/wp-content\/uploads\/2012\/04\/freiburg7marathon130407-180x135.jpg 180w, https:\/\/www.freiburg-schwarzwald.de\/blog\/wp-content\/uploads\/2012\/04\/freiburg7marathon130407.jpg 640w\" sizes=\"auto, (max-width: 180px) 100vw, 180px\" \/><\/a>\u00a0\u00a0\u00a0\u00a0\u00a0\u00a0\u00a0\u00a0\u00a0 <a href=\"https:\/\/www.freiburg-schwarzwald.de\/blog\/sport\/sportlern\/laufen\/marathon\/freiburg8marathon130407\/\" rel=\"attachment wp-att-26541\"><img loading=\"lazy\" decoding=\"async\" class=\"alignnone size-thumbnail wp-image-26541\" title=\"freiburg8marathon130407\" src=\"https:\/\/www.freiburg-schwarzwald.de\/blog\/wp-content\/uploads\/2012\/04\/freiburg8marathon130407-180x135.jpg\" alt=\"\" width=\"180\" height=\"135\" srcset=\"https:\/\/www.freiburg-schwarzwald.de\/blog\/wp-content\/uploads\/2012\/04\/freiburg8marathon130407-180x135.jpg 180w, https:\/\/www.freiburg-schwarzwald.de\/blog\/wp-content\/uploads\/2012\/04\/freiburg8marathon130407.jpg 640w\" sizes=\"auto, (max-width: 180px) 100vw, 180px\" \/><\/a>\u00a0\u00a0\u00a0\u00a0\u00a0\u00a0\u00a0\u00a0\u00a0 <a href=\"https:\/\/www.freiburg-schwarzwald.de\/blog\/sport\/sportlern\/laufen\/marathon\/freiburg10marathon130407\/\" rel=\"attachment wp-att-26542\"><img loading=\"lazy\" decoding=\"async\" class=\"alignnone size-thumbnail wp-image-26542\" title=\"freiburg10marathon130407\" src=\"https:\/\/www.freiburg-schwarzwald.de\/blog\/wp-content\/uploads\/2012\/04\/freiburg10marathon130407-180x135.jpg\" alt=\"\" width=\"180\" height=\"135\" srcset=\"https:\/\/www.freiburg-schwarzwald.de\/blog\/wp-content\/uploads\/2012\/04\/freiburg10marathon130407-180x135.jpg 180w, https:\/\/www.freiburg-schwarzwald.de\/blog\/wp-content\/uploads\/2012\/04\/freiburg10marathon130407.jpg 640w\" sizes=\"auto, (max-width: 180px) 100vw, 180px\" \/><\/a><br \/>\n(7)<\/p>\n<p><a href=\"https:\/\/www.freiburg-schwarzwald.de\/blog\/sport\/sportlern\/laufen\/marathon\/freiburg11marathon130407\/\" rel=\"attachment wp-att-26543\"><img loading=\"lazy\" decoding=\"async\" title=\"freiburg11marathon130407\" src=\"https:\/\/www.freiburg-schwarzwald.de\/blog\/wp-content\/uploads\/2012\/04\/freiburg11marathon130407-180x135.jpg\" alt=\"\" width=\"180\" height=\"135\" \/><\/a>\u00a0\u00a0\u00a0\u00a0\u00a0\u00a0\u00a0\u00a0\u00a0 <a href=\"https:\/\/www.freiburg-schwarzwald.de\/blog\/sport\/sportlern\/laufen\/marathon\/freiburg12marathon130407\/\" rel=\"attachment wp-att-26544\"><img loading=\"lazy\" decoding=\"async\" class=\"alignnone size-thumbnail wp-image-26544\" title=\"freiburg12marathon130407\" src=\"https:\/\/www.freiburg-schwarzwald.de\/blog\/wp-content\/uploads\/2012\/04\/freiburg12marathon130407-180x135.jpg\" alt=\"\" width=\"180\" height=\"135\" srcset=\"https:\/\/www.freiburg-schwarzwald.de\/blog\/wp-content\/uploads\/2012\/04\/freiburg12marathon130407-180x135.jpg 180w, https:\/\/www.freiburg-schwarzwald.de\/blog\/wp-content\/uploads\/2012\/04\/freiburg12marathon130407.jpg 640w\" sizes=\"auto, (max-width: 180px) 100vw, 180px\" \/><\/a>\u00a0\u00a0\u00a0\u00a0\u00a0\u00a0\u00a0\u00a0\u00a0 <a href=\"https:\/\/www.freiburg-schwarzwald.de\/blog\/sport\/sportlern\/laufen\/marathon\/freiburg13marathon130407\/\" rel=\"attachment wp-att-26545\"><img loading=\"lazy\" decoding=\"async\" class=\"alignnone size-thumbnail wp-image-26545\" title=\"freiburg13marathon130407\" src=\"https:\/\/www.freiburg-schwarzwald.de\/blog\/wp-content\/uploads\/2012\/04\/freiburg13marathon130407-180x135.jpg\" alt=\"\" width=\"180\" height=\"135\" srcset=\"https:\/\/www.freiburg-schwarzwald.de\/blog\/wp-content\/uploads\/2012\/04\/freiburg13marathon130407-180x135.jpg 180w, https:\/\/www.freiburg-schwarzwald.de\/blog\/wp-content\/uploads\/2012\/04\/freiburg13marathon130407.jpg 640w\" sizes=\"auto, (max-width: 180px) 100vw, 180px\" \/><\/a><br \/>\n(10)<\/p>\n<p><a href=\"https:\/\/www.freiburg-schwarzwald.de\/blog\/sport\/sportlern\/laufen\/marathon\/freiburg14marathon130407\/\" rel=\"attachment wp-att-26546\"><img loading=\"lazy\" decoding=\"async\" class=\"alignnone size-thumbnail wp-image-26546\" title=\"freiburg14marathon130407\" src=\"https:\/\/www.freiburg-schwarzwald.de\/blog\/wp-content\/uploads\/2012\/04\/freiburg14marathon130407-180x135.jpg\" alt=\"\" width=\"180\" height=\"135\" srcset=\"https:\/\/www.freiburg-schwarzwald.de\/blog\/wp-content\/uploads\/2012\/04\/freiburg14marathon130407-180x135.jpg 180w, https:\/\/www.freiburg-schwarzwald.de\/blog\/wp-content\/uploads\/2012\/04\/freiburg14marathon130407.jpg 640w\" sizes=\"auto, (max-width: 180px) 100vw, 180px\" \/><\/a>\u00a0\u00a0\u00a0\u00a0\u00a0\u00a0\u00a0\u00a0\u00a0 <a href=\"https:\/\/www.freiburg-schwarzwald.de\/blog\/sport\/sportlern\/laufen\/marathon\/freiburg15marathon130407\/\" rel=\"attachment wp-att-26547\"><img loading=\"lazy\" decoding=\"async\" class=\"alignnone size-thumbnail wp-image-26547\" title=\"freiburg15marathon130407\" src=\"https:\/\/www.freiburg-schwarzwald.de\/blog\/wp-content\/uploads\/2012\/04\/freiburg15marathon130407-180x135.jpg\" alt=\"\" width=\"180\" height=\"135\" srcset=\"https:\/\/www.freiburg-schwarzwald.de\/blog\/wp-content\/uploads\/2012\/04\/freiburg15marathon130407-180x135.jpg 180w, https:\/\/www.freiburg-schwarzwald.de\/blog\/wp-content\/uploads\/2012\/04\/freiburg15marathon130407-640x480.jpg 640w, https:\/\/www.freiburg-schwarzwald.de\/blog\/wp-content\/uploads\/2012\/04\/freiburg15marathon130407.jpg 1000w\" sizes=\"auto, (max-width: 180px) 100vw, 180px\" \/><\/a>\u00a0\u00a0\u00a0\u00a0\u00a0\u00a0\u00a0\u00a0\u00a0 <a href=\"https:\/\/www.freiburg-schwarzwald.de\/blog\/sport\/sportlern\/laufen\/marathon\/freiburg16marathon130407\/\" rel=\"attachment wp-att-26548\"><img loading=\"lazy\" decoding=\"async\" class=\"alignnone size-thumbnail wp-image-26548\" title=\"freiburg16marathon130407\" src=\"https:\/\/www.freiburg-schwarzwald.de\/blog\/wp-content\/uploads\/2012\/04\/freiburg16marathon130407-180x141.jpg\" alt=\"\" width=\"180\" height=\"141\" srcset=\"https:\/\/www.freiburg-schwarzwald.de\/blog\/wp-content\/uploads\/2012\/04\/freiburg16marathon130407-180x141.jpg 180w, https:\/\/www.freiburg-schwarzwald.de\/blog\/wp-content\/uploads\/2012\/04\/freiburg16marathon130407.jpg 638w\" sizes=\"auto, (max-width: 180px) 100vw, 180px\" \/><\/a><br \/>\n(13)<\/p>\n<p><a href=\"https:\/\/www.freiburg-schwarzwald.de\/blog\/sport\/sportlern\/laufen\/marathon\/freiburg17marathon130407\/\" rel=\"attachment wp-att-26549\"><img loading=\"lazy\" decoding=\"async\" class=\"alignnone size-thumbnail wp-image-26549\" title=\"freiburg17marathon130407\" src=\"https:\/\/www.freiburg-schwarzwald.de\/blog\/wp-content\/uploads\/2012\/04\/freiburg17marathon130407-180x135.jpg\" alt=\"\" width=\"180\" height=\"135\" srcset=\"https:\/\/www.freiburg-schwarzwald.de\/blog\/wp-content\/uploads\/2012\/04\/freiburg17marathon130407-180x135.jpg 180w, https:\/\/www.freiburg-schwarzwald.de\/blog\/wp-content\/uploads\/2012\/04\/freiburg17marathon130407.jpg 640w\" sizes=\"auto, (max-width: 180px) 100vw, 180px\" \/><\/a>\u00a0\u00a0\u00a0\u00a0\u00a0\u00a0\u00a0\u00a0\u00a0 <a href=\"https:\/\/www.freiburg-schwarzwald.de\/blog\/sport\/sportlern\/laufen\/marathon\/freiburg18marathon130407\/\" rel=\"attachment wp-att-26550\"><img loading=\"lazy\" decoding=\"async\" class=\"alignnone size-thumbnail wp-image-26550\" title=\"freiburg18marathon130407\" src=\"https:\/\/www.freiburg-schwarzwald.de\/blog\/wp-content\/uploads\/2012\/04\/freiburg18marathon130407-180x142.jpg\" alt=\"\" width=\"180\" height=\"142\" srcset=\"https:\/\/www.freiburg-schwarzwald.de\/blog\/wp-content\/uploads\/2012\/04\/freiburg18marathon130407-180x142.jpg 180w, https:\/\/www.freiburg-schwarzwald.de\/blog\/wp-content\/uploads\/2012\/04\/freiburg18marathon130407-640x506.jpg 640w, https:\/\/www.freiburg-schwarzwald.de\/blog\/wp-content\/uploads\/2012\/04\/freiburg18marathon130407.jpg 642w\" sizes=\"auto, (max-width: 180px) 100vw, 180px\" \/><\/a>\u00a0\u00a0\u00a0\u00a0\u00a0\u00a0\u00a0\u00a0\u00a0 <a href=\"https:\/\/www.freiburg-schwarzwald.de\/blog\/sport\/sportlern\/laufen\/marathon\/freiburg19marathon130407\/\" rel=\"attachment wp-att-26551\"><img loading=\"lazy\" decoding=\"async\" class=\"alignnone size-thumbnail wp-image-26551\" title=\"freiburg19marathon130407\" src=\"https:\/\/www.freiburg-schwarzwald.de\/blog\/wp-content\/uploads\/2012\/04\/freiburg19marathon130407-180x141.jpg\" alt=\"\" width=\"180\" height=\"141\" srcset=\"https:\/\/www.freiburg-schwarzwald.de\/blog\/wp-content\/uploads\/2012\/04\/freiburg19marathon130407-180x141.jpg 180w, https:\/\/www.freiburg-schwarzwald.de\/blog\/wp-content\/uploads\/2012\/04\/freiburg19marathon130407.jpg 638w\" sizes=\"auto, (max-width: 180px) 100vw, 180px\" \/><\/a><br \/>\n(16)<\/p>\n<p><a href=\"https:\/\/www.freiburg-schwarzwald.de\/blog\/sport\/sportlern\/laufen\/marathon\/freiburg20marathon130407\/\" rel=\"attachment wp-att-26552\"><img loading=\"lazy\" decoding=\"async\" class=\"alignnone size-thumbnail wp-image-26552\" title=\"freiburg20marathon130407\" src=\"https:\/\/www.freiburg-schwarzwald.de\/blog\/wp-content\/uploads\/2012\/04\/freiburg20marathon130407-180x140.jpg\" alt=\"\" width=\"180\" height=\"140\" srcset=\"https:\/\/www.freiburg-schwarzwald.de\/blog\/wp-content\/uploads\/2012\/04\/freiburg20marathon130407-180x140.jpg 180w, https:\/\/www.freiburg-schwarzwald.de\/blog\/wp-content\/uploads\/2012\/04\/freiburg20marathon130407-640x498.jpg 640w, https:\/\/www.freiburg-schwarzwald.de\/blog\/wp-content\/uploads\/2012\/04\/freiburg20marathon130407.jpg 642w\" sizes=\"auto, (max-width: 180px) 100vw, 180px\" \/><\/a>\u00a0\u00a0\u00a0\u00a0\u00a0\u00a0\u00a0\u00a0\u00a0 <a href=\"https:\/\/www.freiburg-schwarzwald.de\/blog\/sport\/sportlern\/laufen\/marathon\/freiburg21marathon130407\/\" rel=\"attachment wp-att-26553\"><img loading=\"lazy\" decoding=\"async\" class=\"alignnone size-thumbnail wp-image-26553\" title=\"freiburg21marathon130407\" src=\"https:\/\/www.freiburg-schwarzwald.de\/blog\/wp-content\/uploads\/2012\/04\/freiburg21marathon130407-136x180.jpg\" alt=\"\" width=\"136\" height=\"180\" srcset=\"https:\/\/www.freiburg-schwarzwald.de\/blog\/wp-content\/uploads\/2012\/04\/freiburg21marathon130407-136x180.jpg 136w, https:\/\/www.freiburg-schwarzwald.de\/blog\/wp-content\/uploads\/2012\/04\/freiburg21marathon130407.jpg 483w\" sizes=\"auto, (max-width: 136px) 100vw, 136px\" \/><\/a>\u00a0\u00a0\u00a0\u00a0\u00a0\u00a0\u00a0\u00a0\u00a0\u00a0\u00a0\u00a0\u00a0\u00a0\u00a0\u00a0\u00a0\u00a0\u00a0\u00a0\u00a0\u00a0\u00a0\u00a0\u00a0\u00a0 <a href=\"https:\/\/www.freiburg-schwarzwald.de\/blog\/sport\/sportlern\/laufen\/marathon\/freiburg22marathon130407\/\" rel=\"attachment wp-att-26554\"><img loading=\"lazy\" decoding=\"async\" class=\"alignnone size-thumbnail wp-image-26554\" title=\"freiburg22marathon130407\" src=\"https:\/\/www.freiburg-schwarzwald.de\/blog\/wp-content\/uploads\/2012\/04\/freiburg22marathon130407-180x139.jpg\" alt=\"\" width=\"180\" height=\"139\" srcset=\"https:\/\/www.freiburg-schwarzwald.de\/blog\/wp-content\/uploads\/2012\/04\/freiburg22marathon130407-180x139.jpg 180w, https:\/\/www.freiburg-schwarzwald.de\/blog\/wp-content\/uploads\/2012\/04\/freiburg22marathon130407.jpg 639w\" sizes=\"auto, (max-width: 180px) 100vw, 180px\" \/><\/a><br \/>\n(19) An der Dreisam\u00a0\u00a0\u00a0\u00a0\u00a0\u00a0\u00a0\u00a0\u00a0\u00a0\u00a0\u00a0\u00a0\u00a0\u00a0\u00a0\u00a0\u00a0\u00a0\u00a0\u00a0\u00a0\u00a0\u00a0\u00a0\u00a0\u00a0\u00a0\u00a0\u00a0\u00a0\u00a0\u00a0(20) 10-malige Teilnahme\u00a0\u00a0\u00a0\u00a0\u00a0\u00a0\u00a0\u00a0\u00a0\u00a0\u00a0\u00a0\u00a0\u00a0\u00a0\u00a0\u00a0\u00a0\u00a0\u00a0\u00a0\u00a0\u00a0\u00a0 (21) &#8230; die junge Familie l\u00e4uft<\/p>\n<p><a href=\"https:\/\/www.freiburg-schwarzwald.de\/blog\/sport\/sportlern\/laufen\/marathon\/freiburg23marathon130407\/\" rel=\"attachment wp-att-26555\"><img loading=\"lazy\" decoding=\"async\" class=\"alignnone size-thumbnail wp-image-26555\" title=\"freiburg23marathon130407\" src=\"https:\/\/www.freiburg-schwarzwald.de\/blog\/wp-content\/uploads\/2012\/04\/freiburg23marathon130407-180x145.jpg\" alt=\"\" width=\"180\" height=\"145\" srcset=\"https:\/\/www.freiburg-schwarzwald.de\/blog\/wp-content\/uploads\/2012\/04\/freiburg23marathon130407-180x145.jpg 180w, https:\/\/www.freiburg-schwarzwald.de\/blog\/wp-content\/uploads\/2012\/04\/freiburg23marathon130407.jpg 639w\" sizes=\"auto, (max-width: 180px) 100vw, 180px\" \/><\/a>\u00a0\u00a0\u00a0\u00a0\u00a0\u00a0\u00a0\u00a0\u00a0 <a href=\"https:\/\/www.freiburg-schwarzwald.de\/blog\/sport\/sportlern\/laufen\/marathon\/freiburg24marathon130407\/\" rel=\"attachment wp-att-26556\"><img loading=\"lazy\" decoding=\"async\" class=\"alignnone size-thumbnail wp-image-26556\" title=\"freiburg24marathon130407\" src=\"https:\/\/www.freiburg-schwarzwald.de\/blog\/wp-content\/uploads\/2012\/04\/freiburg24marathon130407-180x139.jpg\" alt=\"\" width=\"180\" height=\"139\" srcset=\"https:\/\/www.freiburg-schwarzwald.de\/blog\/wp-content\/uploads\/2012\/04\/freiburg24marathon130407-180x139.jpg 180w, https:\/\/www.freiburg-schwarzwald.de\/blog\/wp-content\/uploads\/2012\/04\/freiburg24marathon130407-640x495.jpg 640w, https:\/\/www.freiburg-schwarzwald.de\/blog\/wp-content\/uploads\/2012\/04\/freiburg24marathon130407.jpg 641w\" sizes=\"auto, (max-width: 180px) 100vw, 180px\" \/><\/a>\u00a0\u00a0\u00a0\u00a0\u00a0\u00a0\u00a0\u00a0\u00a0 <a href=\"https:\/\/www.freiburg-schwarzwald.de\/blog\/sport\/sportlern\/laufen\/marathon\/freiburg25marathon130407\/\" rel=\"attachment wp-att-26557\"><img loading=\"lazy\" decoding=\"async\" class=\"alignnone size-thumbnail wp-image-26557\" title=\"freiburg25marathon130407\" src=\"https:\/\/www.freiburg-schwarzwald.de\/blog\/wp-content\/uploads\/2012\/04\/freiburg25marathon130407-180x143.jpg\" alt=\"\" width=\"180\" height=\"143\" srcset=\"https:\/\/www.freiburg-schwarzwald.de\/blog\/wp-content\/uploads\/2012\/04\/freiburg25marathon130407-180x143.jpg 180w, https:\/\/www.freiburg-schwarzwald.de\/blog\/wp-content\/uploads\/2012\/04\/freiburg25marathon130407.jpg 639w\" sizes=\"auto, (max-width: 180px) 100vw, 180px\" \/><\/a><br \/>\n(22)<\/p>\n<p><a href=\"https:\/\/www.freiburg-schwarzwald.de\/blog\/sport\/sportlern\/laufen\/marathon\/freiburg26marathon130407\/\" rel=\"attachment wp-att-26558\"><img loading=\"lazy\" decoding=\"async\" class=\"alignnone size-thumbnail wp-image-26558\" title=\"freiburg26marathon130407\" src=\"https:\/\/www.freiburg-schwarzwald.de\/blog\/wp-content\/uploads\/2012\/04\/freiburg26marathon130407-180x139.jpg\" alt=\"\" width=\"180\" height=\"139\" srcset=\"https:\/\/www.freiburg-schwarzwald.de\/blog\/wp-content\/uploads\/2012\/04\/freiburg26marathon130407-180x139.jpg 180w, https:\/\/www.freiburg-schwarzwald.de\/blog\/wp-content\/uploads\/2012\/04\/freiburg26marathon130407.jpg 639w\" sizes=\"auto, (max-width: 180px) 100vw, 180px\" \/><\/a>\u00a0\u00a0\u00a0\u00a0\u00a0\u00a0\u00a0\u00a0\u00a0 <a href=\"https:\/\/www.freiburg-schwarzwald.de\/blog\/sport\/sportlern\/laufen\/marathon\/freiburg27marathon130407\/\" rel=\"attachment wp-att-26559\"><img loading=\"lazy\" decoding=\"async\" class=\"alignnone size-thumbnail wp-image-26559\" title=\"freiburg27marathon130407\" src=\"https:\/\/www.freiburg-schwarzwald.de\/blog\/wp-content\/uploads\/2012\/04\/freiburg27marathon130407-144x180.jpg\" alt=\"\" width=\"144\" height=\"180\" srcset=\"https:\/\/www.freiburg-schwarzwald.de\/blog\/wp-content\/uploads\/2012\/04\/freiburg27marathon130407-144x180.jpg 144w, https:\/\/www.freiburg-schwarzwald.de\/blog\/wp-content\/uploads\/2012\/04\/freiburg27marathon130407.jpg 512w\" sizes=\"auto, (max-width: 144px) 100vw, 144px\" \/><\/a>\u00a0\u00a0\u00a0\u00a0\u00a0\u00a0\u00a0\u00a0\u00a0\u00a0\u00a0\u00a0\u00a0\u00a0\u00a0\u00a0\u00a0\u00a0\u00a0\u00a0\u00a0\u00a0\u00a0\u00a0 <a href=\"https:\/\/www.freiburg-schwarzwald.de\/blog\/sport\/sportlern\/laufen\/marathon\/freiburg28marathon130407\/\" rel=\"attachment wp-att-26560\"><img loading=\"lazy\" decoding=\"async\" class=\"alignnone size-thumbnail wp-image-26560\" title=\"freiburg28marathon130407\" src=\"https:\/\/www.freiburg-schwarzwald.de\/blog\/wp-content\/uploads\/2012\/04\/freiburg28marathon130407-144x180.jpg\" alt=\"\" width=\"144\" height=\"180\" srcset=\"https:\/\/www.freiburg-schwarzwald.de\/blog\/wp-content\/uploads\/2012\/04\/freiburg28marathon130407-144x180.jpg 144w, https:\/\/www.freiburg-schwarzwald.de\/blog\/wp-content\/uploads\/2012\/04\/freiburg28marathon130407.jpg 515w\" sizes=\"auto, (max-width: 144px) 100vw, 144px\" \/><\/a><br \/>\n(25) Dreisam Blick westw\u00e4rts\u00a0\u00a0\u00a0\u00a0\u00a0\u00a0\u00a0\u00a0\u00a0\u00a0\u00a0\u00a0\u00a0\u00a0\u00a0\u00a0(26) Senioren laufen gut\u00a0\u00a0\u00a0\u00a0\u00a0\u00a0\u00a0\u00a0\u00a0\u00a0\u00a0\u00a0\u00a0\u00a0\u00a0\u00a0\u00a0\u00a0\u00a0\u00a0\u00a0\u00a0\u00a0\u00a0\u00a0\u00a0\u00a0\u00a0 (28) L\u00e4ufer knipst Zuschauer<\/p>\n<p><a href=\"https:\/\/www.freiburg-schwarzwald.de\/blog\/sport\/sportlern\/laufen\/marathon\/freiburg29marathon130407\/\" rel=\"attachment wp-att-26561\"><img loading=\"lazy\" decoding=\"async\" class=\"alignnone size-thumbnail wp-image-26561\" title=\"freiburg29marathon130407\" src=\"https:\/\/www.freiburg-schwarzwald.de\/blog\/wp-content\/uploads\/2012\/04\/freiburg29marathon130407-180x134.jpg\" alt=\"\" width=\"180\" height=\"134\" srcset=\"https:\/\/www.freiburg-schwarzwald.de\/blog\/wp-content\/uploads\/2012\/04\/freiburg29marathon130407-180x134.jpg 180w, https:\/\/www.freiburg-schwarzwald.de\/blog\/wp-content\/uploads\/2012\/04\/freiburg29marathon130407.jpg 638w\" sizes=\"auto, (max-width: 180px) 100vw, 180px\" \/><\/a>\u00a0\u00a0\u00a0\u00a0\u00a0\u00a0\u00a0\u00a0\u00a0 <a href=\"https:\/\/www.freiburg-schwarzwald.de\/blog\/sport\/sportlern\/laufen\/marathon\/freiburg30marathon130407\/\" rel=\"attachment wp-att-26562\"><img loading=\"lazy\" decoding=\"async\" title=\"freiburg30marathon130407\" src=\"https:\/\/www.freiburg-schwarzwald.de\/blog\/wp-content\/uploads\/2012\/04\/freiburg30marathon130407-180x147.jpg\" alt=\"\" width=\"180\" height=\"147\" \/><\/a>\u00a0\u00a0\u00a0\u00a0\u00a0\u00a0\u00a0\u00a0\u00a0 <a href=\"https:\/\/www.freiburg-schwarzwald.de\/blog\/sport\/sportlern\/laufen\/marathon\/freiburg31marathon130407\/\" rel=\"attachment wp-att-26563\"><img loading=\"lazy\" decoding=\"async\" class=\"alignnone size-thumbnail wp-image-26563\" title=\"freiburg31marathon130407\" src=\"https:\/\/www.freiburg-schwarzwald.de\/blog\/wp-content\/uploads\/2012\/04\/freiburg31marathon130407-146x180.jpg\" alt=\"\" width=\"146\" height=\"180\" srcset=\"https:\/\/www.freiburg-schwarzwald.de\/blog\/wp-content\/uploads\/2012\/04\/freiburg31marathon130407-146x180.jpg 146w, https:\/\/www.freiburg-schwarzwald.de\/blog\/wp-content\/uploads\/2012\/04\/freiburg31marathon130407.jpg 519w\" sizes=\"auto, (max-width: 146px) 100vw, 146px\" \/><\/a><br \/>\n(28) Band zwischen SC und FT1844\u00a0\u00a0\u00a0 (29)<\/p>\n<p><a href=\"https:\/\/www.freiburg-schwarzwald.de\/blog\/sport\/sportlern\/laufen\/marathon\/freiburg32marathon130407\/\" rel=\"attachment wp-att-26564\"><img loading=\"lazy\" decoding=\"async\" class=\"alignnone size-thumbnail wp-image-26564\" title=\"freiburg32marathon130407\" src=\"https:\/\/www.freiburg-schwarzwald.de\/blog\/wp-content\/uploads\/2012\/04\/freiburg32marathon130407-148x180.jpg\" alt=\"\" width=\"148\" height=\"180\" srcset=\"https:\/\/www.freiburg-schwarzwald.de\/blog\/wp-content\/uploads\/2012\/04\/freiburg32marathon130407-148x180.jpg 148w, https:\/\/www.freiburg-schwarzwald.de\/blog\/wp-content\/uploads\/2012\/04\/freiburg32marathon130407.jpg 527w\" sizes=\"auto, (max-width: 148px) 100vw, 148px\" \/><\/a>\u00a0\u00a0\u00a0\u00a0\u00a0\u00a0\u00a0\u00a0\u00a0\u00a0\u00a0\u00a0\u00a0\u00a0\u00a0\u00a0\u00a0\u00a0\u00a0\u00a0\u00a0 <a href=\"https:\/\/www.freiburg-schwarzwald.de\/blog\/sport\/sportlern\/laufen\/marathon\/marathon-lueck130407\/\" rel=\"attachment wp-att-27125\"><img loading=\"lazy\" decoding=\"async\" class=\"alignnone size-thumbnail wp-image-27125\" title=\"marathon-lueck130407\" src=\"https:\/\/www.freiburg-schwarzwald.de\/blog\/wp-content\/uploads\/2012\/04\/marathon-lueck130407-180x120.jpg\" alt=\"\" width=\"180\" height=\"120\" srcset=\"https:\/\/www.freiburg-schwarzwald.de\/blog\/wp-content\/uploads\/2012\/04\/marathon-lueck130407-180x120.jpg 180w, https:\/\/www.freiburg-schwarzwald.de\/blog\/wp-content\/uploads\/2012\/04\/marathon-lueck130407.jpg 640w\" sizes=\"auto, (max-width: 180px) 100vw, 180px\" \/><\/a><br \/>\n(31) Pumickl l\u00e4uft barfu\u00df\u00a0\u00a0\u00a0\u00a0\u00a0\u00a0\u00a0\u00a0\u00a0\u00a0\u00a0\u00a0\u00a0\u00a0\u00a0\u00a0\u00a0\u00a0\u00a0\u00a0\u00a0\u00a0\u00a0\u00a0\u00a0\u00a0 (32) Vater und Tochter<\/p>\n<p><a href=\"https:\/\/www.freiburg-schwarzwald.de\/blog\/sport\/sportlern\/laufen\/marathon\/freiburg40marathon130407\/\" rel=\"attachment wp-att-26497\"><img loading=\"lazy\" decoding=\"async\" class=\"alignnone size-thumbnail wp-image-26497\" title=\"freiburg40marathon130407\" src=\"https:\/\/www.freiburg-schwarzwald.de\/blog\/wp-content\/uploads\/2012\/04\/freiburg40marathon130407-180x134.jpg\" alt=\"\" width=\"180\" height=\"134\" srcset=\"https:\/\/www.freiburg-schwarzwald.de\/blog\/wp-content\/uploads\/2012\/04\/freiburg40marathon130407-180x134.jpg 180w, https:\/\/www.freiburg-schwarzwald.de\/blog\/wp-content\/uploads\/2012\/04\/freiburg40marathon130407.jpg 639w\" sizes=\"auto, (max-width: 180px) 100vw, 180px\" \/><\/a>\u00a0\u00a0\u00a0\u00a0\u00a0\u00a0\u00a0\u00a0\u00a0 <a href=\"https:\/\/www.freiburg-schwarzwald.de\/blog\/sport\/sportlern\/laufen\/marathon\/freiburg41marathon130407\/\" rel=\"attachment wp-att-26498\"><img loading=\"lazy\" decoding=\"async\" class=\"alignnone size-thumbnail wp-image-26498\" title=\"freiburg41marathon130407\" src=\"https:\/\/www.freiburg-schwarzwald.de\/blog\/wp-content\/uploads\/2012\/04\/freiburg41marathon130407-180x138.jpg\" alt=\"\" width=\"180\" height=\"138\" srcset=\"https:\/\/www.freiburg-schwarzwald.de\/blog\/wp-content\/uploads\/2012\/04\/freiburg41marathon130407-180x138.jpg 180w, https:\/\/www.freiburg-schwarzwald.de\/blog\/wp-content\/uploads\/2012\/04\/freiburg41marathon130407.jpg 638w\" sizes=\"auto, (max-width: 180px) 100vw, 180px\" \/><\/a>\u00a0\u00a0\u00a0\u00a0\u00a0\u00a0\u00a0\u00a0\u00a0 <a href=\"https:\/\/www.freiburg-schwarzwald.de\/blog\/sport\/sportlern\/laufen\/marathon\/freiburg42marathon-benz130407\/\" rel=\"attachment wp-att-26499\"><img loading=\"lazy\" decoding=\"async\" class=\"alignnone size-thumbnail wp-image-26499\" title=\"freiburg42marathon-benz130407\" src=\"https:\/\/www.freiburg-schwarzwald.de\/blog\/wp-content\/uploads\/2012\/04\/freiburg42marathon-benz130407-144x180.jpg\" alt=\"\" width=\"144\" height=\"180\" srcset=\"https:\/\/www.freiburg-schwarzwald.de\/blog\/wp-content\/uploads\/2012\/04\/freiburg42marathon-benz130407-144x180.jpg 144w, https:\/\/www.freiburg-schwarzwald.de\/blog\/wp-content\/uploads\/2012\/04\/freiburg42marathon-benz130407-512x640.jpg 512w, https:\/\/www.freiburg-schwarzwald.de\/blog\/wp-content\/uploads\/2012\/04\/freiburg42marathon-benz130407.jpg 604w\" sizes=\"auto, (max-width: 144px) 100vw, 144px\" \/><\/a><br \/>\n(40)\u00a0\u00a0Zeitfahrzeug Dreisam-Kehre\u00a0\u00a0\u00a0\u00a0\u00a0\u00a0\u00a0\u00a0 (41) Erster L\u00e4ufer\u00a0\u00a0\u00a0\u00a0\u00a0\u00a0\u00a0\u00a0\u00a0\u00a0\u00a0\u00a0\u00a0\u00a0\u00a0\u00a0\u00a0\u00a0\u00a0\u00a0\u00a0\u00a0\u00a0\u00a0\u00a0\u00a0\u00a0\u00a0\u00a0\u00a0\u00a0\u00a0\u00a0\u00a0\u00a0\u00a0 (42) Zweiter L\u00e4ufer = Sieger<\/p>\n<p><a href=\"https:\/\/www.freiburg-schwarzwald.de\/blog\/sport\/sportlern\/laufen\/marathon\/freiburg43marathon-benz130407\/\" rel=\"attachment wp-att-26500\"><img loading=\"lazy\" decoding=\"async\" class=\"alignnone size-thumbnail wp-image-26500\" title=\"freiburg43marathon-benz130407\" src=\"https:\/\/www.freiburg-schwarzwald.de\/blog\/wp-content\/uploads\/2012\/04\/freiburg43marathon-benz130407-180x142.jpg\" alt=\"\" width=\"180\" height=\"142\" srcset=\"https:\/\/www.freiburg-schwarzwald.de\/blog\/wp-content\/uploads\/2012\/04\/freiburg43marathon-benz130407-180x142.jpg 180w, https:\/\/www.freiburg-schwarzwald.de\/blog\/wp-content\/uploads\/2012\/04\/freiburg43marathon-benz130407.jpg 638w\" sizes=\"auto, (max-width: 180px) 100vw, 180px\" \/><\/a>\u00a0\u00a0\u00a0\u00a0\u00a0\u00a0\u00a0\u00a0\u00a0 <a href=\"https:\/\/www.freiburg-schwarzwald.de\/blog\/sport\/sportlern\/laufen\/marathon\/freiburg44marathon130407\/\" rel=\"attachment wp-att-26501\"><img loading=\"lazy\" decoding=\"async\" title=\"freiburg44marathon130407\" src=\"https:\/\/www.freiburg-schwarzwald.de\/blog\/wp-content\/uploads\/2012\/04\/freiburg44marathon130407-135x180.jpg\" alt=\"\" width=\"135\" height=\"180\" \/><\/a><br \/>\n(43) Ulrich Benz\u00a0\u00a0\u00a0\u00a0\u00a0\u00a0\u00a0\u00a0\u00a0\u00a0\u00a0\u00a0\u00a0\u00a0\u00a0\u00a0\u00a0\u00a0\u00a0\u00a0\u00a0\u00a0\u00a0\u00a0\u00a0\u00a0\u00a0\u00a0\u00a0\u00a0\u00a0\u00a0\u00a0\u00a0\u00a0\u00a0\u00a0\u00a0\u00a0\u00a0\u00a0(44) Dritter L\u00e4ufer<\/p>\n<p>(1) Trommlergruppe am Sandfang 7.4.2013 kurz vor 12 Uhr<br \/>\n(2) Erster Mann Halbmarathon (Nr 8) am Sandfang: Daniel Hummel, 3. Platz Halbmarathon<br \/>\n(3) L\u00e4ufer 2-4 Halbmarathon (Nr 18, 5388, 5315, 4274) am Sandfang:<br \/>\nFelix K\u00f6hler (Nr 18), 2. Platz Halbmarathon<br \/>\nFlorian Adami (Nr 5388), TV Riegel, 7. Platz<br \/>\nGian Luca Borghesi, Italien (Nr 8315), Sieger 1.Platz<br \/>\nKay-Uwe M\u00fcller, Runners Point (Nr 4274), 6. Platz Halbmarathon<\/p>\n<p>(4 &#8211; 14) An der Dreisam zwischen Sandfang und SC-Stadion<br \/>\n(15 &#8211; 30) An der Dreisam zwischen Sandfang und SC-Stadion &#8211; Wegabzweig nach S\u00fcden zur Schwarzwaldstrasse<\/p>\n<p>(31) Pumuckl l\u00e4uft den Halbmarathon barfuss &#8211; <a href=\"https:\/\/www.laufmalwieder.de\">www.laufmalwieder.de<\/a><br \/>\n(32) Gerhard L\u00fcck (seit 10 Jahren beim Marathonlauf dabei) mit Tochter gl\u00fccklich am Ziel<\/p>\n<p>&#8230;.<br \/>\n(40) Fahrzeug mit Zeitanzeige 1.55.03 bei Dreisam-Kehre vor SC-Stadion am 7.4.2013<br \/>\n(41) Erster L\u00e4ufer an der Dreisam-Kehre (Nr 2)<br \/>\n(42) Zweiter L\u00e4ufer an der Dreisam-Kehre (Nr 4) &#8211; der sp\u00e4tere Sieger Ulrich Benz<br \/>\n(43) Ulrich Benz<br \/>\n(44) Dritter L\u00e4ufer\u00a0an der Dreisam-Kehre\u00a0(Nr 9)<\/p>\n<p>&nbsp;<\/p>\n<p align=\"left\"><strong>Das gro\u00dfe Ziel endlich erreicht<\/strong><\/p>\n<p>10 Jahre Freiburg Marathon \u2013 das wollte ich mir auf keinen Fall entgehen lassen. Zumindest ein kleines Jubil\u00e4um hatte ich zu feiern: Bei 5 der 10 Freiburg Marathons war ich dabei. Mein gro\u00dfes Ziel seitdem: Den Halbmarathon endlich einmal unter 2 Stunden schaffen. Ich f\u00fchlte mich gut vorbereitet &#8211; und war bereits eine Stunde vor Start bei der Messe. Ein v\u00f6llig neues Gef\u00fchl:\u00a0 In den letzten Jahren kam ich immer erst kurz vor knapp, schnell den Beutel abgeben und dann die Entscheidung: entweder die lange Schlange vor der Toilette in Kauf nehmen oder rechtzeitig am Start sein. Jetzt genoss ich es, so fr\u00fch da zu sein. Im Abstand von zehn Minuten starteten die einzelnen Bl\u00f6cke. Ich entschied mich f\u00fcr den mittleren. Das Warten war unangenehm. Ich hatte mich zwar zuvor warm gelaufen, doch jetzt wurde es wirklich kalt. Die Stimmung: Wie immer grandios. Das Starten in drei Bl\u00f6cken erwies sich als sinnvoll: So war es etwas entzerrter. \u00dcber 11.000 L\u00e4ufer gingen an den Start. Ich war so ausgek\u00fchlt, dass ich den Startschuss kaum erwarten konnte &#8211; und ein bisschen zu schnell\u00a0 anging. Die ersten sieben Kilometerempfand ich als anstrengend.<\/p>\n<p><a href=\"https:\/\/www.freiburg-schwarzwald.de\/blog\/sport\/sportlern\/laufen\/marathon\/hauf-marathon130407\/\" rel=\"attachment wp-att-26922\"><img loading=\"lazy\" decoding=\"async\" class=\"alignnone size-thumbnail wp-image-26922\" title=\"hauf-marathon130407\" src=\"https:\/\/www.freiburg-schwarzwald.de\/blog\/wp-content\/uploads\/2012\/04\/hauf-marathon130407-180x177.jpg\" alt=\"\" width=\"180\" height=\"177\" srcset=\"https:\/\/www.freiburg-schwarzwald.de\/blog\/wp-content\/uploads\/2012\/04\/hauf-marathon130407-180x177.jpg 180w, https:\/\/www.freiburg-schwarzwald.de\/blog\/wp-content\/uploads\/2012\/04\/hauf-marathon130407.jpg 374w\" sizes=\"auto, (max-width: 180px) 100vw, 180px\" \/><\/a>\u00a0Katrin Hauf am Ziel<\/p>\n<p>Ich kam nicht in den richtigen Laufrhythmus, \u00e4rgerte mich, dass ich zu schnell gestartet war. Die Laufbedingungen waren perfekt, konstant 8 Grad und bedeckt. Ab dem Herdermer Marktplatz f\u00fchlte ich mich besser. Es lief und ich war sehr erleichtert. Die Bands und die Zuschauer an der Strecke sorgten f\u00fcr gro\u00dfartige Stimmung. Im letzten Jahr wurde die Strecke ver\u00e4ndert \u2013 meiner Meinung nach ein wirklicher Gewinn f\u00fcr den Freiburg Marathon. Der anstrengendsten Teil der alten Strecke war f\u00fcr mich immer die Stra\u00dfe Richtung Z\u00e4hringen \u2013 rauf und wieder runter. Bei Kilometer 18. Als ich meistens am Ende meiner Kr\u00e4fte war und die entgegenkommenden L\u00e4ufer beneidete. Eine Stelle, bei der man auf engegenkommende L\u00e4ufer trifft, gibt es jetzt auch: die Kart\u00e4userstra\u00dfe. Jetzt empfand ich es eher beeindruckend. Weil man soviele L\u00e4ufer sieht und die Schnelligkeit der entgegenkommenden. Die Freiburger Triathletin Kathrin M\u00fcller beispielsweise, die den Halbmarathon nach 1:18 Stunden f\u00fcr sich entschied! Oder bei den M\u00e4nnern Gian Luca Borghesi aus Rimini, der bereits nach 1:09 das Ziel erreichte. Schlechte Erinnerungen ans Vorjahr kamen in der Kart\u00e4userstra\u00dfe hoch. Bis zum Stadion konnte ich damals ein gutes Tempo halten und musste dann die Tempomacher mit den orangefarbenen 2 Stunden-Ballons ziehen lassen. Ich erwartete die Ballons jeden Moment. Als dies nicht passierte, sammelte ich jedoch neue Kraft und erleichtert lief ich die Schwarzwaldstra\u00dfe runter und an der Dreisam entlang: Voller Vorfreude auf den Lauf durch die Innenstadt. Meines Erachtens ein weiterer Gewinn der neuen Strecke: Man l\u00e4uft wesentlich l\u00e4nger durch die Stadtmitte. Belebt, sch\u00f6n und stimmungsvoll.Aber auch anstrengend. Das Kopfsteinpflaster lie\u00df mich meinen R\u00fccken und meine Knie sp\u00fcren, beim Durchqueren des Martinstores hatte ich das Gef\u00fchl, auf der Stelle zu treten. Kurz darauf der Schwenkgrill, von dem ich eine volle Ladung Rauch abbekam, was zu einem Hustenanfall f\u00fchrte. Jetzt f\u00fchlte ich mich nicht mehr ganz so fit. \u00dcber die blaue Br\u00fccke ging es durch den St\u00fchlinger. Eine Zuschauerin rief: \u201eDie letzten Kilometer sind immer die anstrengensten\u201c. Wie recht sie doch hat&#8230; Als ein L\u00e4ufer nach dem Blick auf seine Uhr meinte, wir k\u00f6nnten es noch unter 2 Stunden schaffen, f\u00fchlte ich mich angespornt. Jetzt noch mal alles geben: \u00dcber die Br\u00fccke Richtung Messe. Rechts der Zieleinlauf, links geht es f\u00fcr die Marathonl\u00e4ufer auf die zweite Runde. Respekt. Das w\u00fcrde ich nicht mehr schaffen. 1:58 zeigte die Zeitanzeige. Kaum zu fassen! Ersch\u00f6pft, aber gl\u00fccklich erreichte ich das Ziel. Hier war die Stimmung wirklich riesig. Auch die meinige. Auf Wiedersehen im n\u00e4chsten Jahr!<br \/>\n12.4.2013, Katrin Hauf, <a href=\"https:\/\/www.stadtkuriern.de\">www.stadtkuriern.de<\/a><\/p>\n<p>P.S.: Nach 2:31 \u00fcberquerte Uli Benz das Ziel nach der vollen Marathondistanz. Und siegte damit zum dritten Mal, nach der Premiere des Freiburg Marathons 2004 und der 5. Auflage 2008. Eine sch\u00f6ne Serie.<\/p>\n<p>&nbsp;<\/p>\n<p><strong>Beim Marathon landen Sportklamotten in der Box statt im M\u00fcll<\/strong><br \/>\nHinter Texaid steckt ein Schweizer Textilverwerter mit Tochterunternehmen in Darmstadt. Texaid sammelt Kleidung in Containern oder S\u00e4cken, sortiert sie und bringt sie wieder in den Markt: Den Gro\u00dfteil als Secondhand-Ware im Ausland, den Rest als Putzlappen oder neue Stoffpartikel. &#8222;Einwerfen statt wegwerfen&#8220; hei\u00dft ihr Marathon-Motto in Freiburg: Alle Kleidungsst\u00fccke werden gesammelt und in die Sortierwerke transportiert, entweder in die Schweiz, nach Ungarn oder Bulgarien, sagt Michael Gan\u00df, Leiter der Logistik in Darmstadt. &#8222;Dann verkaufen wir die Ware.&#8220; Und zwar 90 bis 100 Prozent, sch\u00e4tzt er. \u00a0&#8230; Alles vom 6.4.2013 auf<br \/>\n<a href=\"https:\/\/www.badische-zeitung.de\/freiburg\/einwerfen-statt-wegwerfen--70654622.html\">https:\/\/www.badische-zeitung.de\/freiburg\/einwerfen-statt-wegwerfen&#8211;70654622.html<\/a><br \/>\n<a href=\"https:\/\/www.texaid.ch\">www.texaid.ch<\/a> , <a href=\"https:\/\/www.texaid.de\">www.texaid.de<\/a><\/p>\n<p><strong>Was ist der Marathon bzw. Marathonlauf?<\/strong><\/p>\n<p>Der Marathonlauf (kurz Marathon) ist eine sportliche Laufveranstaltung \u00fcber 42,195 Kilometer. Stellt Euch vor, Ihr fahrt mit euren Eltern auf der Autobahn von Freiburg nach Ettenheim oder von L\u00f6rrach nach M\u00fcllheim. So lang ist in etwa ein Marathon. Der \u00c4thiopier Haile Gebrselassie ist im September vorigen Jahres beim Marathon in Berlin diese Strecke in nur zwei Stunden, vier Minuten und 26 Sekunden gelaufen. Das ist Weltrekord. Die schnellste Marathonl\u00e4uferin ist die Britin Paula Rad-cliffe, sie brauchte 2003 in London zwei Stunden, 15 Minuten und 25 Sekunden. Wieso der Lauf Marathon hei\u00dft? Vor rund 2500 Jahren soll es einen griechischen Botenl\u00e4ufer Pheidippides gegeben haben, der ganz lange und weit laufen konnte. Daraus entstand Jahrhunderte sp\u00e4ter eine Legende, wonach ein L\u00e4ufer sich nach dem Sieg der Athener in der Schlacht von Marathon auf den knapp 40 Kilometer langen Weg nach Athen gemacht habe und dort unmittelbar nach der Verk\u00fcndung seiner Botschaft &#8222;Freut Euch, wir haben gesiegt&#8220; tot zusammengebrochen sei.<br \/>\n7.4.2008, BZ<\/p>\n<p><strong>Orientierungslauf<\/strong><\/p>\n<p>Orientierungslauf, kurz OL genannt, ist ein Ausdauersport f\u00fcr Einzelsportler oder f\u00fcr Gruppen, der vorwiegend im Wald ausgetragen wird.<br \/>\nIm OL-Wettkampf werden mit Hilfe von Karte und Kompass Kontrollpunkte im Gel\u00e4nde (rot-weisse OL-Posten) in vorgegebener Reihenfolge angelaufen, deren genauer Standort auf der Karte eingetragen ist.<br \/>\nEine Standard OL-Bahn besteht aus dem Start, einer Serie von (Kontroll-) Posten, die in der vorgeschriebenen Reihenfolge angelaufen werden m\u00fcssen und dem Ziel. Zum Beweis, dass der L\u00e4ufer die Posten angelaufen hat, markiert er mit der Lochzange das entsprechende Feld der mitgef\u00fchrten Kontrollkarte oder mit dem Sportidentsystem. Die Faszination dieser Sportart ist: selbst\u00e4ndiges Planen und Finden von Routen, das Erfolgserlebnis beim Anlaufen eines Postens, das Erleben der Natur fernab von den Zuschauern.<br \/>\nDer Orientierungsl\u00e4ufer muss im Wettkampf sowohl k\u00f6rperliche als auch eine geistige Leistung vollbringen. Man spricht vom &#8222;O&#8220; (=Orientieren) und vom &#8222;L&#8220; (=Laufen). Beide stehen in Wechselbeziehung zueinander.<\/p>\n<p>&nbsp;<\/p>\n<p><strong>Laufszene Freiburg &#8211; Buch von Max Frei<\/strong><\/p>\n<p>\u00dcber 9000 Aktive am Freiburg Marathon haben die Stadt mit dem Laufvirus infiziert. Freiburg ist nunmehr nicht nur Fahrrad-Stadt, sondern sp\u00e4testens seit dem 28. M\u00e4rz 2004 auch die Stadt der L\u00e4ufer\/innen.<br \/>\nMit dem Marathon ist auch ein spezielles Buch auf dem breiten B\u00fcchermarkt der Fitness- und Laufb\u00fccher erschienen, das gerade f\u00fcr die Freiburger L\u00e4ufer zu einem Standartwerk werden k\u00f6nnte, da es die regionalen Interessen besser als andere Laufb\u00fccher ber\u00fccksichtigt. Auf \u00fcber 400 Seiten f\u00fchrt Max Frei, Sportwissenschaftler und selbst aktiver L\u00e4ufer (u.a. Sieger der 1. Freiburg Halbmarathons, seit viele Jahren Mitglied der deutschen Berglaufnationalmannschaft) quer durch das \u201eInnenleben\u201c der \u201eLaufszene-Freiburg\u201c, wie denn das Buch auch hei\u00dft.<br \/>\nDie ersten Kapitel besch\u00e4ftigen sich mit den trainingsmethodischen und sportmedizinischen Hintergr\u00fcnden des Lauftrainings. Aus diesem Grundlagenwissen leitet Frei die Trainingsformen und Trainingsvorschl\u00e4ge, die er sowohl dem Anf\u00e4nger als auch dem ambitionierten L\u00e4ufer gibt, ab. Das Besondere an neuen Buch, das sich \u00fcbrigens auch f\u00fcr Walker, Wanderer und Mountainbiker eignet, ist die Vernetzung der Trainingstipps und Trainingspl\u00e4ne mit konkreten Vorschl\u00e4gen, wo in Freiburg diese speziellen Trainingsformen realisiert werden k\u00f6nnen.<br \/>\nRund um das Stadtgebiet hat Frei zehn Startpunkte gelegt, von wo aus jeweils 5-10 Strecken mit einem besonderen Anforderungsprofil beschrieben sind. \u201eDabei ging es mir darum, nicht nur die \u201ealtbekannten Laufautobahnen\u201c Freiburgs zu zeigen, sondern auch abenteuerliche, wilde und abwechslungsreiche \u201eErlebnistrails\u201c, auf denen Laufen viel mehr ist als blo\u00dfes Kilometermachen zu zeigen\u201c, erkl\u00e4rt der Autor.<br \/>\nGerade Freiburgs Osten mit den Stadtteilen Littenweiler, Ebnet, Kappel, Waldsee und den Gemeinden Kirchzarten und Stegen ist dabei besonders gut mit Laufrouten \u201eversorgt\u201c. Seit vielen Jahren lebt Frei in der Oberau und Wiehre und zeigt so spannende Runden von den Startpunkten \u201eSchwabentor\u201c, \u201eSportinstitut\u201c, \u201eWaldsee\u201c, \u201eSternwaldeck\u201c sowie \u201eKaiserbr\u00fccke\u201c. Von hier aus f\u00fchren neben vielen klassischen Strecken auch so verhei\u00dfungsvoll klingende Runden wie die \u201eGeister-und-Schlangen-Runde\u201c, \u201eKybfelsen(re)tour\u201c oder die \u201eTraumpfade\u201c die neben den gro\u00dfen Punkt-zu-Punkt-Strecken \u201eKandelh\u00f6henweg\u201c, \u201eQuerweg\u201c oder \u201eFreiburg-Ihringen\u201c auch etablierte L\u00e4ufer auf neue Wege f\u00fchren d\u00fcrften. Erg\u00e4nzt werden diese Streckenbeschreibungen durch zehn Landkarten sowie durch eine Info-Box, die unter anderem \u00fcber Streckenl\u00e4nge und H\u00f6henmeter informiert.\u00a0Neben den Strecken, machen die Beschreibungen der Wettk\u00e4mpfe in der Region, die Trainingsangebote in und um Freiburg, sowie zahlreiche Portraits regional bedeutender L\u00e4uferpers\u00f6nlichkeiten wie zum Beispiel Dr. Dieter Salomon oder Herbert Steffny das Buch zu einem treuen Begleiter auf dem Weg zu weiteren Freiburger Lauf-Events.<\/p>\n<p>Laufszene-Freiburg (Max Frei). Erschienen im Selbstverlag, weitere Informationen und\u00a0 Leseproben und Bestellm\u00f6glichkeit unter <a href=\"https:\/\/www.laufszene-freiburg.de\/\">www.laufszene-freiburg.de<\/a> sowie im Freiburger Buchhandel.<br \/>\nFragen an Max Frei unter 0761 15624739 oder an <a href=\"mailto:maxito@gmx.ch\">maxito@gmx.ch<\/a><\/p>\n<p>30.5.2004<\/p>\n<p>&nbsp;<\/p>\n<p><strong>Freiburg-Marathon: Nicht jedes Jahr an der Preisschraube drehen\u00a0<\/strong><\/p>\n<p>Das Zitat von Herrn Weigl aus der \u00dcberschrift h\u00e4tte die BZ ruhig etwas kritischer hinterfragen d\u00fcrfen. 33 Euro Startgeb\u00fchr allein nur f\u00fcr den Halbmarathon ist eine Menge, vor allem im Vergleich mit anderen <a href=\"file:\/\/\/H:\/daten\/frsw\/marathon.htm\">Stadtmarathons<\/a> und im Vergleich zum Vorjahr. Die Erh\u00f6hung zum Vorjahr sei \u201cheuer moderat um f\u00fcnf Euro\u201d ausgefallen, meint Herr Weigl. Nach dem Teilnehmererfolg vom letzten Jahr und vermutlich entsprechenden Pluszahlen, auch hier fehlte die konkrete Nachfrage, h\u00e4tte doch die Frage erlaubt sein m\u00fcssen, warum die eifrigen Teilnehmer gleich noch tiefer in die Tasche greifen m\u00fcssen. Die Startgeb\u00fchren der Laufveranstaltungen erreichen seltsamerweise trotz Rekordteilnehmerzahlen immer schmerzvollere Dimensionen, doch Freiburg mit einem sportlich mittelm\u00e4\u00dfigen Rennen scheint es auf die Spitze zu treiben: In Stuttgart erhalten die Teilnehmer am Halbmarathon f\u00fcr weniger Startgeb\u00fchren immerhin noch ein Veranstaltungs-T-Shirt, mehrere Essens- und Getr\u00e4nkegutscheine (unter anderem die Pasta-Party, die in Freiburg noch mal f\u00fcnf Euro extra kostet). Ein rein kommerzieller Veranstalter wie die \u201crunabout\u201d darf nicht jedes Jahr nach Herzenslust an der Preisschraube drehen. Dazu kann auch eine kritische Berichterstattung beitragen.<br \/>\nDer kleine Denkzettel wird wohl schon kommen: Deutlich weniger Teilnehmer, und das liegt eben nicht nur am Winter, wie Herr Weigl meint.<br \/>\nBZ-Leserbrief von Jens Kohler, Freiburg, 24.3.2006<br \/>\n<a href=\"https:\/\/www.speedteam-freiburg.de\/\">www.speedteam-freiburg.de<\/a><\/p>\n<p>&nbsp;<\/p>\n<p><strong>Freiburg-Marathon 2005 &#8211; 14000 Teilnehmer und 60000 Zuschauer <\/strong><\/p>\n<p>Mit den 700 L\u00e4ufern, die sich am Wochenende noch kurzfristig angemeldet hatten, waren gestern insgesamt 14 018 Teilnehmer beim zweiten <a href=\"file:\/\/\/H:\/daten\/frsw\/marathon.htm\">Freiburg-Marathon<\/a> auf der Strecke. Rekordverd\u00e4chtig waren auch die Zuschauerzahlen: Nach Sch\u00e4tzungen der Polizei s\u00e4umten 60 000 bis 70 000 Menschen die Stra\u00dfen &#8211; doppelt so viele wie im vergangenen Jahr. &#8222;Es war grandios&#8220;, schw\u00e4rmte denn auch Freiburgs Wirtschaftsf\u00f6rderer Bernd Dallmann, der selbst mitgelaufen war.<\/p>\n<p>Ebenfalls beeindruckt zeigte sich gestern Gernot Weigl, Gesch\u00e4ftsf\u00fchrer der veranstaltenden Firma Runabout: &#8222;Wir haben eine neue Dimension erreicht.&#8220; Weil der Veranstalter mit nur 11 500 L\u00e4ufern gerechnet hatte, musste er &#8222;in letzter Minute noch 2000 Medaillen nachbestellen&#8220;. Einige Engstellen, etwa entlang der Dreisam und in der Kart\u00e4userstra\u00dfe, hat Weigl im Begleitfahrzeug registriert. F\u00fcr den n\u00e4chsten Marathon, der am 26. M\u00e4rz 2006 statt finden soll, will er &#8222;aus den Erkenntnissen die Lehren ziehen&#8220;. Die gestrige Strecke lasse jedenfalls nicht mehr Teilnehmer zu. &#8230;..<br \/>\nUnterst\u00fctzt von 140 ehrenamtlichen Ordnern und 40 freiwilligen Polizisten kam die Polizei mit 40 Beamten aus. Vom Roten Kreuz waren 85 L\u00e4ufer behandelt worden &#8230;.<\/p>\n<p>Ergebnisse Freiburg-Marathon 2005 &#8211; M\u00e4nner:<br \/>\n1. Frei (Freiburg) 2:27:41 Stunden; 2. Sailer (Neuburg) 2:28:19;<br \/>\n3. Benz (Brandenkopf) 2:29:27, 4. Welsch (Freiburg) 2:31:13;<br \/>\n5. Feierabend (Teamsport Evolution) 2:32:47; 6. Brengartner (Pfaffenweiler) 2:39:19;<br \/>\n7. D\u00f6rfinger (L\u00f6rrach-Stetten) 2:39:43; 8. Jung (Schifferstadt) 2:41:33;<br \/>\n9. H\u00f6schele (Schwaikheim) 2:43:50; 10. Schwemmer (Krofdorf-Gleiberg) 2:43:59;<br \/>\n11. Comtet (Chenove\/Frankreich) 2:44:39; 12. Berleb (Aalen) 2:44:45;<br \/>\n13. Schmitz (Freiburg) 2:45:49; 14. Flesch (Kaiserstuhl Runners) 2:46:14;<br \/>\n15. Birk (Brandenkopf) 2:46:24; 16. Spuller (Deutsch Wagram) 2:47:08;<br \/>\n17. Bischoff (Laufsportverein Basel) 2:47:25; 18. Weber (R\u00fclzheim) 2:48:02;<br \/>\n19. Conraux (Neuf-Brisach\/Frankreich) 2:48:21; 20. Meyer-Scharenberg (Hochdorf) 2:49:28;<br \/>\n21. Weinmann (Echterdingen) 2:49:33; 22. Brugger (Rheinfelden) 2:49:35;<br \/>\n23. Fischer (Baselland\/Schweiz) 2:49:53; 24. Weiskircher (Saar) 2:50:45;<br \/>\n25. Rothe (Sportstudio Weber) 2:50:46; 26. D\u00f6rr (Schifferstadt) 2:51:09;<br \/>\n27. Stei\u00dflinger (Kusterdingen) 2:51:30; 28. Fichtner (M\u00fcnchen) 2:51:48;<br \/>\n29. Bettinger (Halldruff Waldmohr) 2:52:01; 30. J\u00e4ger (Kelheim) 2:52:13;<br \/>\n31. Sieberhaller (Reichenau) 2:52:17; 32. Besin (Neuf Brisach\/Frankreich) 2:52:22;<br \/>\n33. Scherer (T\u00fcbingen) 2:52:25; 34. Metzger (Alth\u00fctte) 2:52:30;<br \/>\n35. Wolf (Niedernhausen) 2:52:37; 36. Elser (ElserTeam) 2:52:54;<br \/>\n37. Renner (Ludwigsburg) 2:53:22; 38. Schweikert (Karlsruhe) 2:53:27;<br \/>\n39. Hohenmadler (Traunstein) 2:53:37; 40. Merk (Weiden) 2:53:45;<br \/>\n41. Blaudszun (Freiburg) 2:53:50; 42. Jelitto (Kerpen) 2:54:04;<br \/>\n43. Wagner (Team Leberk\u00e4sweckle) 2:54:11; 44. Roblick (Untereschach) 2:54:26;<br \/>\n45. Fliegert (Onstmettingen) 2:54:32; 46. Forst (Badenweiler) 2:54:38;<br \/>\n47. M\u00fcller (Freiburg) 2:54:43; 48. Emde (Wermelskirchen) 2:54:52;<br \/>\n49. R\u00f6\u00f6sli (Basel) 2:54:53; 50. Mocigemba (Berlin) 2:54:54.<\/p>\n<p>Ergebnisse Freiburg-Marathon 2005 &#8211; Frauen:<br \/>\n1. Bartels (Kirchzarten) 2:59:35; 2. G\u00f6tz (Kirchzarten) 2:59:59;<br \/>\n3. Philippi (Aichelberg) 3:10:27; 4. Liebend\u00f6rfer (B\u00f6blingen) 3:12:02;<br \/>\n5. Friedl\u00e4nder (Grossostheim) 3:12:38; 6. Strohe (Heusweiler) 3:13:38;<br \/>\n7. Auler (Neunkirchen) 3:14:43; 8. Ortega (Cuvat\/Frankreich) 3:14:59;<br \/>\n9. Lorenz (Dossenheim) 3:15:48; 10. Bauer (Gaffenberg) 3:16:35;<br \/>\n11. Matthews (Wollerau\/Schweiz) 3:16:50; 12. Bronstering (Vorspiel) 3:17:00;<br \/>\n13. B\u00f6llmann (Neustadt) 3:17:27; 14. Rosenstiel (Endingen) 3:19:18;<br \/>\n15. Kaizl (Freiburg) 3:21:28; 16 Hodel (Schweiz) 3:21:29;<br \/>\n17. Schug (Waldmohr) 3:22:01; 18. Brodhage (Seligenstadt) 3:22:28;<br \/>\n19. Reinhard (Schweiz) 3:23:02; 20. Apel (Echterdingen) 3:23:18;<br \/>\n21. Zitzmann (Neumarkt) 3:24:44; 22. Sj\u00f6din (Lund\/Schweden) 3:24:57;<br \/>\n23. Geiger (M\u00fcnstertal) 3:25:24; 24. Alt (Bad D\u00fcrheim) 3:25:26;<br \/>\n25. H\u00f6lle (Rottweil) 3:25:33;<\/p>\n<p>Ergebnisse Freiburg-Marathon 2005 &#8211;\u00a0 Halbmarathon M\u00e4nner:<br \/>\n1. Beckmann (Leinfelden-Echterdingen) 1:06:38; 2. Post (Freiburg\/Heilbronn) 1:08:25;<br \/>\n3. Sch\u00f6nholzer (Bern) 1:10:38; 4. Kratochvil (Tschechien) 1:13:05;<br \/>\n5. Scherl (Friedbe) 1:14:25; 6. Magalhaes 1:15:23;<br \/>\n7. Augustin (Lindenberg) 1:15:31; 8. Riegraf (Furtwangen) 1:15:31;<br \/>\n9. Renambatz (Strasburg) 1:15:37; 10. Kujawa (Birsegg\/Schweiz) 1:15:46;<br \/>\n11. Columberg (Welfen) 1:15:46; 12. Engesser (Lauffen) 1:15:47;<br \/>\n13. Burkart (Geroldseck) 1:15:59; 14. Riehle (Freiburg) 1:16:08;<br \/>\n15. Sp\u00f6cker (Mengen) 1:16:09; 16. Heilig (Unterpfaffenhofen Germering) 1:16:11;<br \/>\n17. Hauber 1:16:19; 18. Hermesdorf (Konz) 1:16:23;<br \/>\n19. Teiche 1:16:33; 20. Brugger (Schramberg) 1:16:35;<br \/>\n21. Dunst (Altburg) 1:16:44; 22. Sp\u00e4th (Offenburg) 1:16:48;<br \/>\n23. Glasow (Saar) 1:17:01; 24. Himmelsbach 1:17:04;<br \/>\n25. Reichert (Lo\u00dfburg) 1:17:05; 26. Lehmann (Bergamont\/Schweiz) 1:17:10;<br \/>\n27. Vetter (Haslach) 1:17:15; 28. Gruseck (Kirchzarten) 1:17:28;<br \/>\n29. Baier (Baar) 1:17:31; 30. Pfister (T\u00fcbingen) 1:17:36;<br \/>\n31. Widmann (Hartheim) 1:17:46; 32. Koch (Daxlanden) 1:17:55;<br \/>\n33. Traub (Freiburg) 1:18:08; 34. Miclo (Frankreich) 1:18:20;<br \/>\n35. Hanser (Lindenberg) 1:18:25; 36. K\u00e4stner (Lemberg) 1:18:25;<br \/>\n37. Dirschauer (Tuttlingen-Fridingen) 1:18:28; 38. Kiessling (Echterdingen) 1:18:29;<br \/>\n39. Thallinger (B\u00fcren\/Schweiz) 1:18:38; 40. Schowb (Seltisberg\/Schweiz) 1:18:41;<br \/>\n41. Otterbach (Konstanz) 1:19:11; 42. Mauch (Freiburg) 1:19:12;<br \/>\n43. Bischler 1:19:20; 44. Schlenker (Ostelsheim) 1:19:22;<br \/>\n45. Bucher (Weiher) 1:19:24; 46. Pfohl (Vogt) 1:19:24;<br \/>\n47. Bechtold (Lauffen) 1:19:25; 48. Bucher (Rheinfelden) 1:19:30;<br \/>\n49. Sch\u00e4fer (Schiltach) 1:19:32; 50. Trauter (Herbrechtingen) 1:19:32.<\/p>\n<p>Ergebnisse Freiburg-Marathon 2005 &#8211; Halbmarathon Frauen:<br \/>\n1. Vrga (Darmstadt) 1:18:47; 2. Meier-Br\u00e4ndle (Dreien\/Schweiz) 1:19:43;<br \/>\n3. Egger (Unterentfelden\/Schweiz) 1:22:00; 4. Pliska (Basel) 1:23:20;<br \/>\n5. Schmitt (Gundelfingen) 1:23:42; 6. Scheu (Team Bock) 1:25:05;<br \/>\n7. Hermann (Malterdingen) 1:25:15; 8. Heinemann (Freiburg) 1:25:33; &#8218;<br \/>\n9. Imgraben (Britzigen) 1:25:48; 10. Dertinger (Gallenweiler) 1:26:21;<br \/>\n11. Hebding (Altdorf) 1:26:23; 12. Mutter (Rheinfelden) 1:26:50;<br \/>\n13. Heubach 1:27:20; 14. Schellenberg (Freiburg) 1:28:24;<br \/>\n15. Dieterich (Rheinfelden) 1:28:55; 16. Holzinger (Polizei) 1:28:55;<br \/>\n17. Henriksen (Freiburg) 1:29:26; 18. Simonsen 1:30:06;<br \/>\n19. Brenner (Neckar-Enz) 1:30:10; 20. Kusio-Torkler (Sindelfingen) 1:30:13;<br \/>\n21. Baumann 1:30:22; 22. Imbery 1:30:24;<br \/>\n23. Schneider (Gernsbach) 1:30:38; 24. Raschka 1:31:36;<br \/>\n25. Haunschild (L\u00f6rrach-Stetten) 1:31:40<\/p>\n<p>11.4.2005<\/p>\n<p><strong>Freiburg-Marathon am 23.3.2004 in Zahlen<\/strong><\/p>\n<p>3309 L\u00e4ufer bestreiten den Marathon, darunter 2807 Frauen.<br \/>\n5159 laufen den Halbmarathon, darunter 3615 Frauen.<br \/>\n1161 Teilnehmer stammen aus Freiburg, 3257 aus der Region, 3667 reisen aus ganz Deutschland und 383 aus dem Ausland an.<br \/>\n3,2 Tonnen Bananen, 20 000 Energieriegel und 5000 Liter isotonische Getr\u00e4nke werden an den Verpflegungsstationen ausgeteilt.<br \/>\n470 Pylonen, 800 Gitter und 10 Kilometer Flatterleinen kennzeichnen die 21,097 Kilometer lange Strecke.<\/p>\n","protected":false},"excerpt":{"rendered":"<p>Home &gt;Sportlern &gt;Laufen &gt;Marathon Freiburg Marathon am 6. April 2014 (22.3.2014) https:\/\/www.freiburg-schwarzwald.de\/blog\/fsm-team-beim-halbmarathon\/\u00a0(17.4.2013) Das gro\u00dfe Ziel endlich erreicht (12.4.2013) https:\/\/www.freiburg-schwarzwald.de\/blog\/marathon-mit-kinderwagen\/\u00a0(9.4.2013) Freiburg-Marathon Marathon-Bilder 7.4.2013\u00a0an der Dreisam zwischen\u00a0Sandfang und SC-Stadion (7.4.2013) Beim Marathon landen Sportklamotten in der Box statt im M\u00fcll.\u00a0 (6.4.2013) https:\/\/www.freiburg-schwarzwald.de\/blog\/freiburg-marathon-mit-martin-wangler-aus-breitnau\/\u00a0(4.4.2012) &hellip; <a href=\"https:\/\/www.freiburg-schwarzwald.de\/blog\/sport\/sportlern\/laufen\/marathon\/\">Weiterlesen <span class=\"meta-nav\">&rarr;<\/span><\/a><\/p>\n","protected":false},"author":2,"featured_media":0,"parent":296,"menu_order":0,"comment_status":"open","ping_status":"closed","template":"","meta":{"footnotes":""},"class_list":["post-298","page","type-page","status-publish","hentry"],"_links":{"self":[{"href":"https:\/\/www.freiburg-schwarzwald.de\/blog\/wp-json\/wp\/v2\/pages\/298","targetHints":{"allow":["GET"]}}],"collection":[{"href":"https:\/\/www.freiburg-schwarzwald.de\/blog\/wp-json\/wp\/v2\/pages"}],"about":[{"href":"https:\/\/www.freiburg-schwarzwald.de\/blog\/wp-json\/wp\/v2\/types\/page"}],"author":[{"embeddable":true,"href":"https:\/\/www.freiburg-schwarzwald.de\/blog\/wp-json\/wp\/v2\/users\/2"}],"replies":[{"embeddable":true,"href":"https:\/\/www.freiburg-schwarzwald.de\/blog\/wp-json\/wp\/v2\/comments?post=298"}],"version-history":[{"count":0,"href":"https:\/\/www.freiburg-schwarzwald.de\/blog\/wp-json\/wp\/v2\/pages\/298\/revisions"}],"up":[{"embeddable":true,"href":"https:\/\/www.freiburg-schwarzwald.de\/blog\/wp-json\/wp\/v2\/pages\/296"}],"wp:attachment":[{"href":"https:\/\/www.freiburg-schwarzwald.de\/blog\/wp-json\/wp\/v2\/media?parent=298"}],"curies":[{"name":"wp","href":"https:\/\/api.w.org\/{rel}","templated":true}]}}