{"id":28838,"date":"2013-05-06T16:41:09","date_gmt":"2013-05-06T14:41:09","guid":{"rendered":"https:\/\/www.freiburg-schwarzwald.de\/blog\/?page_id=28838"},"modified":"2026-06-05T22:16:12","modified_gmt":"2026-06-05T20:16:12","slug":"tuerkei","status":"publish","type":"page","link":"https:\/\/www.freiburg-schwarzwald.de\/blog\/global\/tuerkei\/","title":{"rendered":"Tuerkei"},"content":{"rendered":"<p><a href=\"https:\/\/www.freiburg-schwarzwald.de\/blog\">Home<\/a> &gt;<a title=\"Global\" href=\"https:\/\/www.freiburg-schwarzwald.de\/blog\/global\/\">Global<\/a> &gt;Tuerkei<\/p>\n<div id=\"attachment_26478\" style=\"width: 606px\" class=\"wp-caption alignnone\"><a href=\"https:\/\/www.freiburg-schwarzwald.de\/blog\/sport\/sportlern\/laufen\/marathon\/rechtenbach1pan090826\/\" rel=\"attachment wp-att-26478\"><img loading=\"lazy\" decoding=\"async\" aria-describedby=\"caption-attachment-26478\" class=\"size-full wp-image-26478\" title=\"rechtenbach1pan090826\" src=\"https:\/\/www.freiburg-schwarzwald.de\/blog\/wp-content\/uploads\/2012\/04\/rechtenbach1pan090826.jpg\" alt=\"\" width=\"596\" height=\"213\" srcset=\"https:\/\/www.freiburg-schwarzwald.de\/blog\/wp-content\/uploads\/2012\/04\/rechtenbach1pan090826.jpg 596w, https:\/\/www.freiburg-schwarzwald.de\/blog\/wp-content\/uploads\/2012\/04\/rechtenbach1pan090826-180x64.jpg 180w\" sizes=\"auto, (max-width: 596px) 100vw, 596px\" \/><\/a><p id=\"caption-attachment-26478\" class=\"wp-caption-text\">Blick nach Osten ins Rechtenbach bei Stegen am 26.8.2009 in der Abendsonne<\/p><\/div>\n<ul>\n<li><em>Listenauswahl eines Beitrags (Artikel\/Datum, Seite\/Inhalt):\u00a0<span style=\"text-decoration: underline;\">Klicken<\/span>\u00a0oder scrollen<\/em><\/li>\n<li>Ahmet Refii Dener: Schwarzgeld &#8211; Ab an die t\u00fcrkische Riviera! (23.5.2026)<\/li>\n<li><a href=\"https:\/\/www.freiburg-schwarzwald.de\/blog\/religion\/juden\/tuerken-judenhass\/\">Ahmet Refii Dener: Korkak Yahudi \u2013 Feiger Jude \u2013 Der t\u00fcrkische Reflex<\/a>\u00a0(19.3.2026)<\/li>\n<li><a href=\"https:\/\/www.freiburg-schwarzwald.de\/blog\/global\/kurdistan\/\">Haben die Kurden eine Chance gegen den Islamismus?<\/a>\u00a0(11.2.2026)<\/li>\n<li><a href=\"https:\/\/www.freiburg-schwarzwald.de\/blog\/global\/kurdistan\/\">Die Autonomie Syrisch-Kurdistans aufl\u00f6sen<\/a>\u00a0(24.1.2026)<\/li>\n<li><a href=\"https:\/\/www.freiburg-schwarzwald.de\/blog\/global\/integration\/abschiebung\/remigration\/\">T\u00fcrkei-Syrer kehren heim, Deutschland-Syrer bleiben<\/a>\u00a0(12.12.2025)<\/li>\n<li><a href=\"https:\/\/www.freiburg-schwarzwald.de\/blog\/tuerkin-wir-koennen-nicht-mehr\/\">T\u00fcrkin: \u201eWir k\u00f6nnen nicht mehr<\/a>\u00a0(27.5.2025)<\/li>\n<li><a href=\"https:\/\/www.freiburg-schwarzwald.de\/blog\/global\/integration\/deutschtuerken\/\">EM-Achtelfinale: T\u00fcrkischer Doppeltorsch\u00fctze zeigt rechtsextremen Wolfsgru\u00df<\/a> (3.7.2024)<\/li>\n<li><a href=\"https:\/\/www.freiburg-schwarzwald.de\/blog\/vereine\/partei\/dava\/\">DAVA: Neue Migrantenpartei formiert sich \u2013 Erdogan als Profiteur<\/a>\u00a0(2.2.2024)<\/li>\n<li><a href=\"https:\/\/www.freiburg-schwarzwald.de\/blog\/kultur\/aufklaerung\/genozid\/\">Eklat: Bundestagsdebatte 19.1.2023 zur Anerkennung des V\u00f6lkermords an Jesiden<\/a>\u00a0(22.1.2023)<\/li>\n<li><a href=\"https:\/\/www.freiburg-schwarzwald.de\/blog\/global\/israel\/antijudaismus\/\">Peter Hahne: Juden-Hass und Islam-Verharmlosung auf Demos<\/a>\u00a0(16.5.2021)<\/li>\n<li><a href=\"https:\/\/www.freiburg-schwarzwald.de\/blog\/global\/eu\/eu-aussenpolitik\/\">Vom Islam lernen: Frauen mit Maske unten \u2013 M\u00e4nner oben<\/a>\u00a0(8.4.2021)<\/li>\n<li><a title=\"Hagia Sophia Istanbul Moschee\" href=\"https:\/\/www.freiburg-schwarzwald.de\/blog\/hagia-sophia-istanbul-moschee\/\">Hagia Sophia in Istanbul: Museum wird\u00a0zur Moschee<\/a> (17.7.2020)<\/li>\n<li><a title=\"Istanbul 1453 \u2013 Hannover 2020\" href=\"https:\/\/www.freiburg-schwarzwald.de\/blog\/istanbul-1453-hannover-2020\/\">Istanbul 1453 \u2013 Hannover 2020<\/a>\u00a0(25.4.2020)<\/li>\n<li><a title=\"Syrien\" href=\"https:\/\/www.freiburg-schwarzwald.de\/blog\/global\/syrien\/\">Sebastian Kurz: \u201cEs ist ein Angriff der T\u00fcrkei auf die Europ\u00e4ische Union\u201d<\/a> (4.3.2020)<\/li>\n<li>Sanktionen gegen T\u00fcrkei &#8211; verge\u00dft es (5.3.2020)<\/li>\n<li><a title=\"Gute deutsche Aussenpolitik\" href=\"https:\/\/www.freiburg-schwarzwald.de\/blog\/gute-deutsche-aussenpolitik\/\">Gute deutsche Aussenpolitik<\/a> (1.3.2020)<\/li>\n<li>T\u00fcrkei: Juden- und Christenverfolgung? (26.10.2019)<\/li>\n<li>Kurdisch-Afrin f\u00e4llt an die T\u00fcrkei (29.3.2018)<\/li>\n<li>T\u00fcrkei erkl\u00e4rt Deutschland zur Kolonie (31.3.2017)<\/li>\n<li>Tuerkei-Wahlkampf in Deutschland (23.2.2017)<\/li>\n<li>Hassprediger pr\u00e4gen den Islam &#8211; auch in der T\u00fcrkei (15.8.2016)<\/li>\n<li><a title=\"Staatsbuergerschaft\" href=\"https:\/\/www.freiburg-schwarzwald.de\/blog\/engagement\/zukunft\/demokratie\/staatsbuergerschaft\/\">Doppelte Staatsb\u00fcrgerschaft steht in Widerspruch zur\u00a0Integration<\/a> (4.8.2016)<\/li>\n<li>Erdowie, Erdowo, Erdowahn (4.4.2016)<\/li>\n<li>Abkommen Merkel-Erdogan f\u00fchrt nicht zu Reduktion, sondern Umleitung der Fl\u00fcchtlinge (1.4.2016)<\/li>\n<li>Fl\u00fcchtlingsabkommen mit T\u00fcrkei &#8211; EU ist erpressbar geworden (29.3.2016)<\/li>\n<li>Autoritaere Demokratie Tuerkei (10.3.2016)<\/li>\n<li>Orhan Pamuk zur Redikalisierung der t\u00fcrkischen F\u00fchrung (19.2.2015)<\/li>\n<li><a title=\"Islam\" href=\"https:\/\/www.freiburg-schwarzwald.de\/blog\/religion\/islam\/\">Kilic bezeichnet Erdogan-Partei in Deutschland als Islamisten<\/a> &gt;Islam (26.12.2014)<\/li>\n<li>Pr\u00e4sident Erdogan lehnt die Gleichberechtigung von Mann und Frau ab (24.11.2014)<\/li>\n<li>T\u00fcrkei und Deutschland haben IS in Syrien lange Zeit unterst\u00fctzt (1.9.2014)<\/li>\n<li><a href=\"https:\/\/www.freiburg-schwarzwald.de\/blog\/frauenrechte-fuer-migrantinnen\/\">https:\/\/www.freiburg-schwarzwald.de\/blog\/frauenrechte-fuer-migrantinnen\/<\/a>\u00a0(20.8.2014)<\/li>\n<li><a href=\"https:\/\/www.freiburg-schwarzwald.de\/blog\/erdogan-und-die-demokratie\/\">https:\/\/www.freiburg-schwarzwald.de\/blog\/erdogan-und-die-demokratie\/<\/a>\u00a0(21.5.2014)<\/li>\n<li>Gewalt: Erdogans Berater Yusuf Yerkel tritt einen wehrlos am Boden Liegenden (15.5.2014)<\/li>\n<li>Erfundene Kriegsgr\u00fcnde\u00a0T\u00fcrkei-Syrien? (31.3.2014)<\/li>\n<li><a href=\"https:\/\/www.freiburg-schwarzwald.de\/blog\/guelen-regenbogen-schule-fr\/\">https:\/\/www.freiburg-schwarzwald.de\/blog\/guelen-regenbogen-schule-fr\/<\/a> (17.2.2014)<\/li>\n<li>G\u00fclen-Bewegung in D aktiv &#8211; gegen Freiheit, Gewaltenteilung und Gleichberechtigung (2.2.2014)<\/li>\n<li>Auf dem Weg zum zweiten Kurdenstaat?\u00a0 (19.8.2013)<\/li>\n<li><a href=\"https:\/\/www.freiburg-schwarzwald.de\/blog\/jede-tuerkin-dreifache-mutter\/\">https:\/\/www.freiburg-schwarzwald.de\/blog\/jede-tuerkin-dreifache-mutter\/<\/a>\u00a0(4.8.2013)<\/li>\n<li>Taksim-Platz &#8211;\u00a0Schweigender Demonstrant als Symbol des Widerstands (24.6.2013)<\/li>\n<li>Umgang mit der T\u00fcrkei: Verwanung und Gespr\u00e4che (22.6.2013)<\/li>\n<li>Islam mu\u00df sich f\u00fcr Schwule \u00f6ffnen (14.5.2013)<\/li>\n<li>NSU-Prozessbeobachter fordert: Kreuz aus Gerichtssaal entfernen (10.5.2013)<\/li>\n<li>Ersatzkanzler in Ankara (6.5.2013)<\/li>\n<li><a href=\"https:\/\/www.freiburg-schwarzwald.de\/gender.htm#Minderj\u00e4hrigenheirat und Mehrehe: Frauen in der T\u00fcrkei\u00a0immer rechtloser\">Minderj\u00e4hrigenheirat und Mehrehe: Frauen in der T\u00fcrkei\u00a0immer rechtloser<\/a>\u00a0&gt;Gender (11.1.2012)<\/li>\n<li><\/li>\n<li><a href=\"https:\/\/www.freiburg-schwarzwald.de\/blog\/global\/israel\/antijudaismus\/\">Antijudaismus<\/a><\/li>\n<li><a href=\"https:\/\/www.freiburg-schwarzwald.de\/blog\/vereine\/partei\/dava\/\">DAVA<\/a><\/li>\n<li><a title=\"Deutschtuerken\" href=\"https:\/\/www.freiburg-schwarzwald.de\/blog\/global\/integration\/deutschtuerken\/\">Deutschtuerken<\/a><\/li>\n<li><a title=\"Ditib\" href=\"https:\/\/www.freiburg-schwarzwald.de\/blog\/global\/tuerkei\/ditib\/\">Ditib<\/a><\/li>\n<li><a title=\"Ehre\" href=\"https:\/\/www.freiburg-schwarzwald.de\/blog\/global\/tuerkei\/ehre\/\">Ehre<\/a><\/li>\n<li><a title=\"EU\" href=\"https:\/\/www.freiburg-schwarzwald.de\/blog\/global\/eu\/\">EU<\/a><\/li>\n<li><a href=\"https:\/\/www.freiburg-schwarzwald.de\/blog\/global\/eu\/eu-aussenpolitik\/\">EU-Aussenpolitik<\/a><\/li>\n<li><a title=\"Frauen-Iran\" href=\"https:\/\/www.freiburg-schwarzwald.de\/blog\/global\/iran\/frauen-iran\/\">Frauen-Iran<\/a><\/li>\n<li><a href=\"https:\/\/www.freiburg-schwarzwald.de\/blog\/kultur\/aufklaerung\/genozid\/\">Genozid<\/a><\/li>\n<li><a title=\"Indomeni\" href=\"https:\/\/www.freiburg-schwarzwald.de\/blog\/global\/migration\/idomeni\/\">Idomeni<\/a><\/li>\n<li><a title=\"IS\" href=\"https:\/\/www.freiburg-schwarzwald.de\/blog\/religion\/islam\/is\/\">IS<\/a><\/li>\n<li><a title=\"Islam\" href=\"https:\/\/www.freiburg-schwarzwald.de\/blog\/religion\/islam\/\">Islam<\/a><\/li>\n<li><a title=\"Istanbul1453\" href=\"https:\/\/www.freiburg-schwarzwald.de\/blog\/religion\/islam\/istanbul1453\/\">Istanbul1453<\/a><\/li>\n<li><a title=\"Kurdistan\" href=\"https:\/\/www.freiburg-schwarzwald.de\/blog\/global\/kurdistan\/\">Kurden &#8211; Kurdistan<\/a><\/li>\n<li><a href=\"https:\/\/www.freiburg-schwarzwald.de\/blog\/religion\/juden\/tuerken-judenhass\/\">Tuerken-Judenhass<\/a><\/li>\n<\/ul>\n<p>&nbsp;<\/p>\n<div id=\"attachment_89517\" style=\"width: 649px\" class=\"wp-caption alignnone\"><a href=\"https:\/\/www.freiburg-schwarzwald.de\/blog\/wp-content\/uploads\/2021\/04\/erdogan-leyen20210406pan.jpg\"><img loading=\"lazy\" decoding=\"async\" aria-describedby=\"caption-attachment-89517\" class=\"size-full wp-image-89517\" src=\"https:\/\/www.freiburg-schwarzwald.de\/blog\/wp-content\/uploads\/2021\/04\/erdogan-leyen20210406pan.jpg\" alt=\"\" width=\"639\" height=\"319\" srcset=\"https:\/\/www.freiburg-schwarzwald.de\/blog\/wp-content\/uploads\/2021\/04\/erdogan-leyen20210406pan.jpg 639w, https:\/\/www.freiburg-schwarzwald.de\/blog\/wp-content\/uploads\/2021\/04\/erdogan-leyen20210406pan-180x90.jpg 180w\" sizes=\"auto, (max-width: 639px) 100vw, 639px\" \/><\/a><p id=\"caption-attachment-89517\" class=\"wp-caption-text\">EU-Aussenpolitik &#8211; vom Islam lernen: M\u00e4nner oben und Frauen (mit Maske) unten &#8211; <a href=\"https:\/\/www.freiburg-schwarzwald.de\/blog\/global\/eu\/eu-aussenpolitik\/\">mehr<\/a><\/p><\/div>\n<p>&nbsp;<\/p>\n<p><strong>Erdogan ist ein ehrlicher Mann, der seine Meinung offen sagt und ihr treu bleibt<\/strong><br \/>\n<em>&#8222;Die Demokratie ist nur \u00a0der Zug, auf den wir aufsteigen, bis wir am Ziel sind.<\/em><br \/>\n<em>Die Moscheen sind unsere Kasernen, die\u00a0Minarette unsere Bajonette,<\/em><br \/>\n<em>die Kuppeln unsere Helme und die Gl\u00e4ubigen unsere Soldaten.&#8220;<\/em><br \/>\nRecep Tayyip Erdogan, 1998<br \/>\n.<\/p>\n<p>&#8222;Die Orte, an denen ihr arbeitet und lebt, sind eure Heimat und eure neuen L\u00e4nder&#8230;. Fahrt die besten Autos. Wohnt in den sch\u00f6nsten H\u00e4usern. Macht f\u00fcnf Kinder &#8211; nicht nur drei. Denn ihr seid die Zukunft Europas.&#8220;<br \/>\nDer t\u00fcrkische Pr\u00e4sident Recep Tayyip Erdo\u011fan, 2017<br \/>\n==============================================================<br \/>\n.<br \/>\n.<\/p>\n<p><strong>Ahmet Refii Dener: Schwarzgeld &#8211; Ab an die t\u00fcrkische Riviera!<\/strong><br \/>\nErdogan hat die Macht in der T\u00fcrkei vollst\u00e4ndig an sich gerissen und braucht Geld. Wer in der T\u00fcrkei Geld, Devisen, Gold oder Wertpapiere am Fiskus vorbeigeschmuggelt hat, kann das Ganze jetzt einfach nachtr\u00e4glich deklarieren und mit nur f\u00fcnf Prozent Steuern das Geld waschen, gilt auch f\u00fcr Ausl\u00e4nder. So landen beispielsweise deutsche Ukraine-Milliarden in ukrainischen Villen an der t\u00fcrkischen Riviera.<br \/>\nAm 21. Mai 2026 hat das Oberlandesgericht Ankara eine Entscheidung gef\u00e4llt, die f\u00fcr die T\u00fcrkei eine fatale neue Zeitrechnung einl\u00e4utet. Das ohnehin br\u00fcchige M\u00e4rchen von der t\u00fcrkischen Demokratie ist endg\u00fcltig vorbei. Recep Tayyip Erdo\u011fan hat sich mit einem juristischen Handstreich zum absoluten Alleinherrscher aufgeschwungen. Lesen Sie mehr dar\u00fcber in meinem aktuellen Bericht von heute <a href=\"https:\/\/www.achgut.com\/artikel\/erdogans_staatsstreich_das_ende_der_tuerkischen_demokratie\">https:\/\/www.achgut.com\/artikel\/erdogans_staatsstreich_das_ende_der_tuerkischen_demokratie<\/a>. Im Zusammenhang mit diesem Staatsstreich er\u00f6ffnet Erdogan einen neuen sicheren Hafen f\u00fcr Fluchtgeld aus aller Welt, um seine desperate Finanzlage zu verbessern. Ein Vorgang, der es lohnt, etwas n\u00e4her darauf einzugehen.<\/p>\n<p>&#8230; Alles vom 23.5.2026 von Ahmet Refii Dener bitte lesen auf<br \/>\n<a href=\"https:\/\/www.achgut.com\/artikel\/Schwarzgeld_ab_an_die_tuerkische_riviera\">https:\/\/www.achgut.com\/artikel\/Schwarzgeld_ab_an_die_tuerkische_riviera<\/a><\/p>\n<p>&nbsp;<\/p>\n<p><strong>Sanktionen gegen T\u00fcrkei &#8211; verge\u00dft es<\/strong><br \/>\nImmer \u00f6fter und noch l\u00e4ngere Zeit werden wir uns \u00fcber die Handlungen des Herrn Erdogan \u00e4rgern, denn die Opferrolle wird ihn noch einige Zeit an der Macht halten. Nur mit einem Unterschied, er muss immer gr\u00f6\u00dfere Brandherde schaffen. Die Bev\u00f6lkerung ist derzeit zwar mit gemischten Gef\u00fchlen, aber doch unter der Kriegsfahne vereint. Wie sagen viele T\u00fcrken im Internet: \u201eKlar ist er ein Idiot, der uns nur Unheil bringt, aber es sind unsere Soldaten, die in Syrien k\u00e4mpfen, also muss ich hinter denen stehen!\u201c und folglich hinter Erdogan.<br \/>\nStellt euch auf andere Willk\u00fcrakte ein. Solange die USA nicht auf den Knopf dr\u00fccken und sagen: \u201eMission completed, he can go!\u201c, wird er uns erhalten bleiben und uns um die Nase herumf\u00fchren.<br \/>\n.<br \/>\nAuf Anhieb fallen uns Antisemitismus, Rassismus, AfD, Nazis, Ultra Linke wie Rechte ein. Dank der vielen Islamversteher in Deutschland werden die diesbez\u00fcglichen Probleme im Land von Tag zu Tag mehr. Hinzu kommen die t\u00fcrkischen Nationalisten, die in Deutschland besser organisiert sind als in der T\u00fcrkei. Das war auch bei der PKK und Milli G\u00f6r\u00fcs, wo Erdogan seine Laufbahn begann, genauso. In Deutschland kann neben dem jahrelang m\u00fchselig Erarbeiteten, auch das B\u00f6se, sch\u00f6n und allm\u00e4hlich wachsen und gedeihen. Nat\u00fcrlich unter der Beobachtung des Verfassungsschutzes.<br \/>\n&#8230; Alles vom 5.3.2020 von Ahmet Dener bitte lesen auf<br \/>\n<a href=\"https:\/\/www.achgut.com\/artikel\/wirtschaftliche_sanktionen_gegen_die_tuerkei_vergesst_es\">https:\/\/www.achgut.com\/artikel\/wirtschaftliche_sanktionen_gegen_die_tuerkei_vergesst_es<\/a><br \/>\n.<br \/>\n<em>Ahmet Refii Dener arbeitet als Berater mit dem Schwerpunkt T\u00fcrkei. 2017 ist \u201eARD\u201c, wie er sich (go2tr.de) nennt, nach Berlin gezogen. Er schreibt eine Kolumne f\u00fcr den Tagesspiegel und wird k\u00fcnftig f\u00fcr die Achse \u00fcber die T\u00fcrkei berichte<\/em>n.<br \/>\n.<br \/>\n.<br \/>\nKommentar:<br \/>\n<strong>Es ist schon die traurige Wahrheit , was Herr Dehner hier beschreibt, leider.<\/strong><br \/>\nEs ist f\u00fcr mich eine \u00e4hnliche Lage , wie im 2.WK das St\u00e4dtebombardement der Alliierten: Die Strategen dachten sich , dadurch werden die Deutschen ihrer politischen F\u00fchrung \u00fcberdr\u00fcssig und rebellieren. Das Gegenteil war doch der Fall, die Wut auf die Gegner hat sich gesteigert. Dazu als Steigerung die Forderung nach bedingungsloser Kapitulation. Der Vorteil der T\u00fcrkei ist die von den USA so ben\u00f6tigte \u201cgeopolitische Lage\u201d &#8211; und die Europ\u00e4er d\u00fcrfen die daraus entstehenden Probleme selber bew\u00e4ltigen<br \/>\n5.3.2020, K.LB.<\/p>\n<p>&nbsp;<\/p>\n<p>.<\/p>\n<p><strong>T\u00fcrkei: Juden- und Christenverfolgung?<\/strong><br \/>\nKonya (idea) \u2013 In der t\u00fcrkischen Stadt Konya haben juden- und <a title=\"Christenverfolgung\" href=\"https:\/\/www.freiburg-schwarzwald.de\/blog\/religion\/christen\/christenverfolgung\/\">christenfeindliche<\/a> Werbeplakate an Bushaltestellen f\u00fcr Proteste gesorgt. Neben einem blutbefleckten Kreuz und einem Davidsstern ist darauf die Koransure 5 Vers 51 dort abgebildet. Darin hei\u00dft es: \u201eNehmt euch die Juden und Christen nicht zu Freunden! Sie sind einander Freunde. Wer von euch sich ihnen anschlie\u00dft, der geh\u00f6rt zu ihnen. Gott leitet die Frevler nicht recht.\u201c<br \/>\n&#8230; Alles vom 26.10.2019 bitte lesen auf <a href=\"https:\/\/www.idea.de\/menschenrechte\/detail\/christen-und-judenfeindliche-plakate-in-tuerkischer-stadt-110845.html\">https:\/\/www.idea.de\/menschenrechte\/detail\/christen-und-judenfeindliche-plakate-in-tuerkischer-stadt-110845.html<\/a><br \/>\n26.10.2019, Th.B,, PIO<\/p>\n<p>&nbsp;<\/p>\n<p><strong>Kurdisch-Afrin f\u00e4llt an die T\u00fcrkei<\/strong><br \/>\nLetzte Woche, w\u00e4hrend viele Europ\u00e4er immer noch an den Pranger gestellt werden, weil sie Massenmigration aus L\u00e4ndern mit muslimischer Mehrheit als Bedrohung f\u00fcr die westliche Kultur betrachten &#8211; und immer noch der &#8222;Fremdenfeindlichkeit&#8220;, &#8222;Islamophobie&#8220; und &#8222;Angstmacherei&#8220; beschuldigt werden -, fiel die Stadt Afrin im <a title=\"Kurdistan\" href=\"https:\/\/www.freiburg-schwarzwald.de\/blog\/global\/kurdistan\/\">kurdischen<\/a> Syrien an die T\u00fcrkei.<br \/>\nGleichzeitig hat ein prominenter t\u00fcrkischer Regierungsbeamter offen und stolz erkl\u00e4rt, dass sich die Demographie Europas zugunsten der Muslime ver\u00e4ndert. Der Abgeordnete Alparslan Kavakl\u0131o\u011flu, Mitglied der regierenden Partei f\u00fcr Gerechtigkeit und Entwicklung (AKP) und Vorsitzender der Sicherheits- und Nachrichtenkommission des Parlaments, erkl\u00e4rte k\u00fcrzlich: &#8222;Das Gl\u00fcck und der Reichtum der Welt bewegt sich vom Westen in den Osten. Europa durchlebt eine Zeit, die ungew\u00f6hnlich ist. Die Bev\u00f6lkerung nimmt ab und altert. Es hat eine sehr alte Bev\u00f6lkerung. Daher bekommen Leute, die von au\u00dferhalb kommen, die Jobs dort. Aber Europa hat dieses Problem: Alle Neuank\u00f6mmlinge sind Muslime. Aus Marokko, Tunesien, Algerien, Afghanistan, Pakistan, Irak, Iran, Syrien und der T\u00fcrkei. Diejenigen, die aus diesen Orten kommen, sind Muslime. Das ist jetzt auf einem derartigen Niveau, dass der beliebteste Name in Br\u00fcssel Mohammed ist. Der zweitbeliebteste Name ist Melih [Malih] und der dritte ist Ay\u015fe [Aisha].&#8220; Laut Kavakl\u0131o\u011flu, wenn sich dieser Trend fortsetzt,<br \/>\n&#8222;wird die muslimische Bev\u00f6lkerung die christliche Bev\u00f6lkerung in Europa \u00fcbertreffen. Dies &#8230;. hat die nationalistische, fremdenfeindliche und anti-islamische Rhetorik dort verst\u00e4rkt. Daher haben kleine, marginale Parteien begonnen, eine gro\u00dfe Anzahl von Stimmen zu erhalten. &#8230; Aber es gibt kein Heilmittel dagegen. Europa wird muslimisch sein. Wir werden dort wirksam sein, so Allah will. Da bin ich mir sicher.&#8220;<br \/>\n&#8230;<br \/>\nWessen Einsch\u00e4tzungen sollen denn die liberalen Europ\u00e4er hinsichtlich der ungehinderten Einwanderung glauben? Denjenigen, die den Massenzustrom aus muslimischen L\u00e4ndern als Bedrohung f\u00fcr Freiheit und Sicherheit betrachten, oder den ehrlichen Planern und T\u00e4tern der demografischen Ersetzung und Islamisierung?<br \/>\nMan braucht sich nur Afrin, Zypern und die erschreckende Menschenrechtsbilanz der muslimischen Mehrheitsgesellschaften anzusehen. &#8230;<br \/>\n29.3.2018, Alles von Uzay Bulut bitte lesen auf\u00a0<a href=\"https:\/\/de.gatestoneinstitute.org\/12105\/tuerkei-demographischer-jihad\">https:\/\/de.gatestoneinstitute.org\/12105\/tuerkei-demographischer-jihad<\/a><\/p>\n<p><em>Uzay Bulut ist t\u00fcrkische Journalistin, die in der T\u00fcrkei geboren und aufgewachsen ist. <\/em><br \/>\n<em>Sie ist derzeit in Washington D.C. ans\u00e4ssig.<\/em><\/p>\n<p>&nbsp;<\/p>\n<p>&nbsp;<\/p>\n<p><strong>T\u00fcrkei erkl\u00e4rt Deutschland zur Kolonie<\/strong><br \/>\nWenn eine ausl\u00e4ndische Regierung aus dem Fakt der Migration f\u00fcr sich ein Eingriffsrecht in einem anderen Land ableitet, ist das ein Fall von politischer Koloniebildung. Das ist der harte Kern der T\u00fcrkei-Aff\u00e4re. Unf\u00e4higkeit und Unwille der Bundesregierung, \u00dcbergriffe des t\u00fcrkischen Staates in Deutschland zu unterbinden, zeigt den Irrsinn einer Weltpolitik ohne Grenzen. &#8230;<br \/>\n\u201eWenn ich es will, werde ich nach Deutschland gehen.\u201c Und: \u201eWenn Ihr mich an der T\u00fcr stoppt und mich nicht sprechen lasst, werde ich die Welt aufmischen.\u201c Mit diesen S\u00e4tzen hat ein Regierungschef der T\u00fcrkei den Anspruch erhoben, nach eigenem Willen \u2013 auch ohne Einverst\u00e4ndnis der deutschen Regierung &#8211; das Gebiet der Bundesrepublik zu betreten und f\u00fcr seine politischen Ziele in der T\u00fcrkei Mobilisierungs-Veranstaltungen abzuhalten. Unter Berufung auf die t\u00fcrkischen Migranten in Deutschland will Erdogan also deutsches Territorium so behandeln, als w\u00e4re es eine Verl\u00e4ngerung des t\u00fcrkischen Territoriums. Eine freiheitlich-pluralistische Weltordnung erfordert deshalb, dass jeder Versuch der T\u00fcrkei, nach eigener Willk\u00fcr in Deutschland t\u00fcrkische Politik zu machen, vereitelt wird. Das gilt auch dann, wenn in Deutschland viele t\u00fcrkische Migranten leben.<br \/>\nWenn eine ausl\u00e4ndische Regierung aus dem Fakt der Migration f\u00fcr sich ein Eingriffsrecht in einem anderen Land ableitet, ist das <strong>ein Fall von politischer Koloniebildung<\/strong>. Das versucht die Erdogan-Regierung. Diesem Versuch sieht sich die Bundesregierung gegen\u00fcber. Das ist der harte Kern der T\u00fcrkei-Aff\u00e4re. &#8230;.<br \/>\nAlles von Gerd Held vom 31.3.2017 bitte lesen auf<br \/>\n<a href=\"https:\/\/www.achgut.com\/artikel\/die_tuerkei-affaere_wohin_das_offene_deutschland_fuehrt\">https:\/\/www.achgut.com\/artikel\/die_tuerkei-affaere_wohin_das_offene_deutschland_fuehrt<\/a><\/p>\n<p>.<\/p>\n<p><strong>Tuerkei-Wahlkampf in Deutschland<\/strong><br \/>\nVergangenen Samstag 18.2.2017: Der t\u00fcrkische Staatsminister Binali Yildirim wirbt im deutschen Oberhausen f\u00fcr ein Pr\u00e4sidialsystem, Freiburger T\u00fcrken reisen mit Bussen in die Arena, um dem Motto der Veranstaltung \u201eHeimatverliebte sagen Ja&#8220; beizuwohnen. Wer \u201eHAYIR\u201c, also \u201eNEIN\u201c sagt, wird somit in die N\u00e4he von Vaterlandsverr\u00e4tern ger\u00fcckt. Als deutsch-t\u00fcrkischer Staatsb\u00fcrger und Freiburger Journalist verfolge ich hiesige wie T\u00fcrkei-Themen mit gro\u00dfem Interesse. Das tun auch viele andere t\u00fcrkischst\u00e4mmige Freiburger, und das Schlimme ist: Es gibt immer \u00f6fter Streit. Streit, der das friedliche Zusammenleben beeintr\u00e4chtigt. Das macht mir Sorge.<br \/>\nStaatspr\u00e4sident Recep Tayyip Erdogan kommt derweil seinem Ziel, die T\u00fcrkei in ein autorit\u00e4res Pr\u00e4sidialsystem umzuwandeln, immer n\u00e4her. Die Meinungs- und Pressefreiheit sind bereits abgeschafft, die Wirtschaft und das Land bald erledigt, sollte bei der Volksabstimmung im April mehrheitlich ein \u201eEVET\u201c, also \u201eJA\u201c, herauskommen. Umso mehr sch\u00e4tze ich unsere deutsche Demokratie. Das sollten auch die anderen hier lebenden Migranten tun:<br \/>\n<strong>Einerseits in der hiesigen Demokratie leben und<br \/>\nandererseits sich f\u00fcr deren Abschaffung stark zu machen,<br \/>\nist n\u00e4mlich paradox<\/strong>.<br \/>\nDas sollte man auch der Bundesregierung sagen, die in unverst\u00e4ndlicher Weise an ihre Partnerschaft mit der T\u00fcrkei festh\u00e4lt. Die Demokratie gegen Despoten zu verteidigen ist n\u00e4mlich eine Aufgabe f\u00fcr alle: Ob Freiburger T\u00fcrken oder Berliner Politiker.<br \/>\n23.2.2017, B\u00fclent Gen\u00e7demir, <a href=\"https:\/\/www.stadtkurier.de\">www.stadtkurier.de<\/a><\/p>\n<p>&nbsp;<\/p>\n<p>&nbsp;<\/p>\n<p><strong>Hassprediger pr\u00e4gen den Islam &#8211; auch in der T\u00fcrkei<\/strong><br \/>\nDer Islam ist zur Geisel in der Modernit\u00e4tskrise geworden. Er ist anders als die beiden anderen monotheistischen Religionen Christentum und Judentum gedanklich, geistig sehr schlecht aufgestellt, um reale Antworten auf die Fragen unserer Zeit zu geben. Er hat die Neugierde, die das Auge der Wahrheit ist, get\u00f6tet. Da f\u00e4llt es leichter, mit vergangenen Zeiten zu kommunizieren und zu Mitteln der Gewalt zu greifen. Au\u00dferdem ist diese Religion inzwischen Kanonenfutter der Geopolitik geworden. &#8230; Die Neuordnung des Nahen Ostens kommt inzwischen ohne Islam gar nicht mehr aus. Man hat das Gef\u00fchl, die Menschen dort essen nicht Brot, sondern Gott. Das ist eine grobe soziale und kulturelle Pervertierung dieser Religion. Wem n\u00fctzt sie eigentlich? Diese Frage m\u00fcsste auch mal gestellt werden. Die Hassprediger des Islam haben die Grundlage der Konfessionskriege gelegt, und sie versuchen eine Spaltung der Gesellschaften im Osten und Westen. An der T\u00fcrkei konnte man diese Entwicklung leider allzu gut beobachten. Gegengift zu einer solchen Entwicklung, die immer in einen B\u00fcrgerkrieg m\u00fcndet, ist ein funktionierender Rechtsstaat. Genau das haben die Regierungen in der T\u00fcrkei mit allen Mitteln torpediert. Wir, damit meine ich auch die T\u00fcrken in Deutschland, sollten es wertsch\u00e4tzen, was es hei\u00dft, in Deutschland in einem Rechtsstaat zu leben. &#8230;<br \/>\nAlles von Zafer Zenocak vom 15.8.2016 bitte lesen auf<br \/>\n<a href=\"https:\/\/www.welt.de\/debatte\/kommentare\/article157635167\/Der-Islam-ist-nicht-mehr-Weltreligion-sondern-Sekte.html\">https:\/\/www.welt.de\/debatte\/kommentare\/article157635167\/Der-Islam-ist-nicht-mehr-Weltreligion-sondern-Sekte.html<\/a><\/p>\n<p><em>Zafer Senocak wurde 1961 in Ankara geboren. Er wuchs in Istanbul und M\u00fcnchen auf und lebt seit 1989 in Berlin. Er ist Lyriker, Essayist und Romanautor und arbeitet in deutscher und t\u00fcrkischer Sprache. Sein j\u00fcngstes Buch &#8222;In deinen Worten. Mutma\u00dfungen \u00fcber den Glauben meines Vaters&#8220; (Babel Verlag) ist eine Hommage an die Sprache, das Denken und die Liebe im Islam. Es ist ein schmales Buch, aber es hat fast vier Jahre gedauert, bis er es abschlie\u00dfen konnte. Er sieht es als eine Art generationen\u00fcbergreifendes Verm\u00e4chtnis. Und auch als Dankesch\u00f6n an seinen Vater, der ihm die Liebe zur islamischen Mystik und ihrer unersch\u00f6pflichen Poesie nahebrachte, aber auch mit gro\u00dfem Dank an die deutsche Sprache, deren reiche Tradition ihm erm\u00f6glicht hat, dieses Buch mit ihrem spirituellen und poetischen Horizont zu schreiben.<\/em><\/p>\n<p>&nbsp;<\/p>\n<p><strong>Erdowie, Erdowo, Erdowahn<\/strong><br \/>\nDer T\u00fcrkische Pr\u00e4sident Erdogan tadelt den deutschen Botschafter, weil Satiriker im \u00f6ffentlich-rechtlichen Sender NDR &#8222;Erdowie, Erdowo, Erdowahn&#8220; gesungen haben. Merkels neuer Fl\u00fcchtlings-Freund will die Pressefreiheit neben der T\u00fcrkei auch in D einschr\u00e4nken und verlangt das L\u00f6schen des satanischen Videos wegen Pr\u00e4sidentenbeleidigung. Berlin schweigt, schlie\u00dflich hat man ja offene Grenzen.<br \/>\n1.4.2016<\/p>\n<p>Zwei Vorschl\u00e4ge zur L\u00f6sung des Satiriker-Gates: Das Liedchen \u201eErdowie, Erdowo, Erdowahn\u201c wird als Deutsch-\u00d6sterreichischer Beitrag zum \u201eEurovision Song Contest 2016 &#8211; Unser Lied f\u00fcr Stockholm\u201c nominiert und von Conchita Wurst vorgetragen. Der Sieg ist uns sicher. Gegenvorschlag: Eine bundesregierungsweite Twitter-Solidarit\u00e4tsbekundung: \u201eJe suis Erdogan\u201c.\u00a0&#8230;.<br \/>\n<a href=\"https:\/\/www.achgut.com\/artikel\/je_suis_erdogan_oder_dr.merkels_gesammeltes_schweigen\">https:\/\/www.achgut.com\/artikel\/je_suis_erdogan_oder_dr.merkels_gesammeltes_schweigen<\/a><\/p>\n<p>&nbsp;<\/p>\n<p><strong>Abkommen Merkel-Erdogan f\u00fchrt nicht zu Reduktion, sondern Umleitung der Fl\u00fcchtlinge<\/strong><br \/>\nMit dem EU-T\u00fcrkei-Abkommen hat es die EU \u2013 unter f\u00fchrender Verantwortung der deutschen Bundesregierung \u2013 vers\u00e4umt, eindeutig die Aussichtslosigkeit der gegenw\u00e4rtigen Migrationswelle klar zu machen und ihr mit ebenso eindeutigen Grenz-Ma\u00dfnahmen entgegenzutreten. Dies Abkommen ist ausdr\u00fccklich kein Reduktionsabkommen, sondern nur ein Abkommen \u00fcber die Ersetzung einer Migrationsform (der \u201ewilden\u201c) durch eine andere Migrationsform (der \u201egeordneten\u201c) \u2013 und zwar im Zahlenverh\u00e4ltnis 1:1. Das Abkommen f\u00fchrt nicht zu einer Reduzierung des Grenzverkehrs, sondern nur zu einer zus\u00e4tzlichen Schleife im Grenzverkehr. . &#8230;. Alles vom 1.4.2016 von Gerd Held bitte lesen auf<br \/>\n<a href=\"https:\/\/www.achgut.com\/artikel\/eine_art_ablasshandel_der_migrationsmythos_teil_11\">https:\/\/www.achgut.com\/artikel\/eine_art_ablasshandel_der_migrationsmythos_teil_11<\/a><\/p>\n<p>&nbsp;<\/p>\n<p><strong>Fl\u00fcchtlingsabkommen mit T\u00fcrkei &#8211; EU ist erpressbar geworden<\/strong><br \/>\nDie Gr\u00fcnen-Politikerin und Bundestagsvizepr\u00e4sidentin Claudia Roth hat das Fl\u00fcchtlingsabkommen zwischen der EU und der T\u00fcrkei scharf kritisiert. &#8222;Europa hat mit diesem Abkommen seine Seele verloren und seine Werte verschachert&#8220;, sagte sie. &#8222;Die EU ist erpressbar geworden&#8220; &#8230;. Alles vom 29.3.2016 auf<br \/>\n<a href=\"https:\/\/www.welt.de\/politik\/deutschland\/article153757886\/Europa-hat-seine-Werte-verschachert.html\">https:\/\/www.welt.de\/politik\/deutschland\/article153757886\/Europa-hat-seine-Werte-verschachert.html<\/a><\/p>\n<p><strong>Claudia Roth&#8217;s Gr\u00fcne haben das Fl\u00fcchtlingsschlamassel doch verantwortet<\/strong><br \/>\n&#8222;Europa hat seine Seele verloren und Werte verschachert&#8220; &#8211; wie Recht Claudia Roth hat, allerdings in einem ganz anderen Sinne, als sie glaubt. Denn daf\u00fcr tragt sie und die mit ihr assoziierten Parteien der GroKo inklusive der sich aufopferungsvoll f\u00fcr den Weltfrieden und die entrechteten V\u00f6lker einsetzenden Kanzlerin die alleinige Verantwortung.<br \/>\n29.3.2016, Stopam<br \/>\n.<br \/>\n<strong>Multi-Kulti incl. offene Grenzen f\u00fchrten doch zum Erdogan-Deal<\/strong><br \/>\nRecht haben Sie, Frau Roth! Endlich sehen Sie ein, dass Sie selbst mit Ihrer Multi-Kulti-Politik die Grundlage f\u00fcr den Verkauf der kulturellen Seele Europas an den Islam als die radikalste politische Weltanschauung gelegt haben. Der aktuelle Terrorimport w\u00e4re ohne diese Politik (offene Grenzen) nicht m\u00f6glich gewesen. Ist aber sch\u00f6n, dass Sie anscheinend Ihre Fehler einsehen.<br \/>\nDas Ganze wird Europa, nicht EU, einmal um die Ohren fliegen. Unsere Werte, Regeln, Gesetze f\u00fcr uns, die V\u00f6lker Europas, in Revolutionen, jahrhundertealte K\u00e4mpfen erk\u00e4mpft und erschaffen, werden dahingerafft und zu Tode getragen mit dem Toleranzgedanken, der eigentlich gut gewesen w\u00e4re.<br \/>\n29.3.29016, Hanna<br \/>\n.<br \/>\n<strong>Claudia und der Idomeni-Deal?<\/strong><br \/>\nWenn Frau Roth sagt, die Bundesregierung m\u00fcsse &#8222;sofort 28.000 Fl\u00fcchtlinge direkt aus Griechenland \u00fcbernehmen, was dem deutschen Anteil an der EU-weiten Verteilung von 160.000 Fl\u00fcchtlingen entspricht&#8220;, so h\u00f6ren das sehr aufmerksam die Fl\u00fcchtlinge in Griechenland. Es ist nat\u00fcrlich, dass diese aus diesen Worten Hoffnung sch\u00f6pfen und auch deshalb weiter in Idomeni ausharren. Schwer zu sagen, ob das der Kalk\u00fcl von Frau Roth ist.<br \/>\nKeinen einzigen der Fl\u00fcchtlinge in Griechenland sollten wir aufnehmen. In Griechenland gibt es keine Verfolgung und auch keinen Krieg und niemand zwingt einen in Idomeni zu verweilen, die griechische Regierung bietet Alternativen f\u00fcr eine vern\u00fcnftige Unterbringung.<br \/>\nNur diese Aufrufe von Steinmeier, Ramelow und nun Frau Roth suggerieren den Fl\u00fcchtlingen die Hoffnung nach Deutschland zu kommen, diese Hoffnung darf sich nicht erf\u00fcllen, sonst sind Morgen die n\u00e4chsten 100.000 da, die sich Hoffnung machen. Deutschland hat sich \u00fcber 1 Million Fl\u00fcchtlinge allein im letzten Jahr aufgeladen, jeden Tag sieht man wie schlecht dies funktioniert und wieviele Probleme, Kriminalit\u00e4t, Unruhe und Gewalt damit nach Deutschland geholt wurde und was uns dieser Spa\u00df alles kostet. Es wird viele Jahre dauern, bis sich dies wenigstens etwas beruhigt hat und oft genug wird die Integration nicht gelingen. Da brauchen wir wirklich keine zus\u00e4tzlichen Probleme sprich Fl\u00fcchtlinge.<br \/>\n29.3.2016,<\/p>\n<p>&nbsp;<\/p>\n<p>&nbsp;<\/p>\n<p><strong>Autoritaere Demokratie Tuerkei<\/strong><br \/>\nTrotz Menschenrechtsverletzungen sieht SPD-Vorsitzende Oppermann die T\u00fcrkei als &#8222;autorit\u00e4re Demokratie&#8220;, denn es f\u00e4nden &#8222;dort immer noch demokratische Wahlen statt.&#8220;<br \/>\n<a href=\"https:\/\/www.welt.de\/vermischtes\/article153132631\/SPD-sieht-heimatlose-Konservative-auf-dem-Weg-zu-AfD.html\">https:\/\/www.welt.de\/vermischtes\/article153132631\/SPD-sieht-heimatlose-Konservative-auf-dem-Weg-zu-AfD.html<\/a><br \/>\n.<br \/>\n<strong>Autorit\u00e4re Demokratie &#8211; geht nicht<\/strong><br \/>\nWer Begriff als &#8222;autorit\u00e4re Demokratie&#8220; benutzt,\u00a0kann kein Demokrat sein, kein Vertreter der Demokratie. Demokratie ist nicht autorit\u00e4r. Diktaturen sind autorit\u00e4r, Demokratie niemals! Damit hat sich Herr Oppermann (SPD) geoutet.<br \/>\n10.3.2016, Bernhard Winterkorn<\/p>\n<p>&nbsp;<\/p>\n<p><strong>Orhan Pamuk zur Redikalisierung der t\u00fcrkischen F\u00fchrung<\/strong><br \/>\n<em>Der Literaturnobelpreistr\u00e4ger Orhan Pamuk ist der ber\u00fchmteste Schriftsteller der T\u00fcrkei. Hier einige bemerkenswerte Zitate von Pamuk aus dem Interview &#8222;Islamisten denken kindlich naiv&#8220; vom 19.2.2015 in DIE ZEIT, Seite 52\/53:<\/em><\/p>\n<p>Wir haben in der T\u00fcrkei keine liberale Demokratie im westlichen Sinne. Wir haben eine populistische, intolerante Demokratie, die ich Wahl-Demokratie nenne: Wir B\u00fcrger d\u00fcrfen w\u00e4hlen, ansonsten aber sollen wir gef\u00e4lligst tun, was die Regierung f\u00fcr richtig h\u00e4lt.<\/p>\n<p>Der Clash of Civilisations zwischen dem radikalen Islamismus und der europ\u00e4ischen Gesellschaft ist wahrscheinlicher als meine Art der literarischen und humanen Verst\u00e4ndigung.<\/p>\n<p>Der politische Islam hat alles von seiner Aura verloren, wegen Korruption.<\/p>\n<p>Die Menschen lesen jeden Tag von Korruption, aber solange es ihnen pers\u00f6nlich besser geht als vor zehn Jjahren, stimmen sie f\u00fcr die Regierung.<\/p>\n<p>Das Problem der T\u00fcrkei ist, dass das Land nicht in demselben Ma\u00dfe demokratischer wird, indem es reicher wird.<\/p>\n<p>Die T\u00fcrkei befindet sich zur Zeit in einer absurden Situation: Kurden, mit denen sich die T\u00fcrkei jahrelang bekriegte, k\u00e4mpfen Seite an Seite mit den Amerikanern gegen den &#8222;Islamischen Staat&#8220; IS. In der Welt ist das Ansehen der Kurden gestiegen.<\/p>\n<p>Es macht mir Sorgen: Wenn die Bev\u00f6lkerung sieht, dass Institutionen wie Gerichte abh\u00e4ngig sind und nicht frei entscheiden.<br \/>\n19.2.2015<\/p>\n<p>&nbsp;<\/p>\n<p><strong>Pr\u00e4sident Erdogan lehnt die Gleichberechtigung von Mann und Frau ab<\/strong><br \/>\nErdogans Ansichten als\u00a0Ministerpr\u00e4sident der konservativ-islamischen AKP-Regierung wie als Pr\u00e4sident\u00a0der T\u00fcrkei zur\u00a0Rolle der Frau deuten darauf hin, die streng laizistische T\u00fcrkei islamisieren zu wollen.\u00a0 Mehrfach hatte Erdogan in der Vergangenheit erkl\u00e4rt, eine t\u00fcrkische Frau solle mindestens drei Kinder haben. Au\u00dferdem sprach er sich im vergangenen Jahr dagegen aus, dass Frauen und M\u00e4nner in Wohngemeinschaften zusammenleben.<span class=\"Apple-converted-space\"><span style=\"font-family: Verdana;\">\u00a0<\/span><\/span>Die staatliche Religionsbeh\u00f6rde Diyanet will in allen staatlichen Hochschulen Moscheen einrichten. &#8222;Wir haben bereits 15 Moscheen er\u00f6ffnet, weitere 50 sollen bis Ende 2015 fertiggestellt sein&#8220;.<br \/>\n&#8222;Unsere Religion hat die Position der Frauen definiert: Mutterschaft. Manche Menschen k\u00f6nnen dies verstehen, andere nicht. Das kann man Feministinnen nicht erkl\u00e4ren.&#8220;<\/p>\n<p><strong>Gleichberechtigung widerspricht laut Erdogan der menschlicher Natur, sie ist &#8222;unnat\u00fcrlich&#8220;:<\/strong><br \/>\nFrauen und M\u00e4nner k\u00f6nnen nach seiner Ansicht auch im Arbeitsleben nicht vollst\u00e4ndig gleichberechtigt sein. &#8222;Sie k\u00f6nnen eine Frau nicht in die gleiche Position wie einen Mann bringen&#8220;, sagte er in Istanbul auf einer Konferenz der Frauenorganisation Kadem am 22.11.2014. &#8222;Das widerspricht der menschlichen Natur.&#8220; Das Wesen der Frauen und ihre k\u00f6rperliche Voraussetzungen seien anders als bei\u00a0M\u00e4nnern. &#8230;. Alles vom 24.11.2014 auf<br \/>\n<a href=\"https:\/\/www.sueddeutsche.de\/politik\/tuerkischer-praesident-erdoan-frauen-sollen-sich-auf-mutterrolle-konzentrieren-1.2236444\">https:\/\/www.sueddeutsche.de\/politik\/tuerkischer-praesident-erdoan-frauen-sollen-sich-auf-mutterrolle-konzentrieren-1.2236444 <\/a><\/p>\n<p><strong>Brandrede von Erdogan: Der Westen als Feind des Islams<\/strong><br \/>\n&#8222;Die Fremden m\u00f6gen uns nicht. Ich will ganz offen sein. Die, die von au\u00dfen kommen, lieben das \u00d6l, das Gold, die Diamanten und die billigen Arbeitskr\u00e4fte der islamischen Welt. Ihnen gefallen die Konflikte und Streitigkeiten im Mittleren Osten. Glauben sie mir: Sie m\u00f6gen uns nicht. Sie geben sich als unsere Freunde aus, aber sie wollen unseren Tod und den Tod unserer Kinder. Wie lange wollen wir uns das gefallen lassen.&#8220;<br \/>\nPr\u00e4sident Erdogan am 27.11.2014\u00a0auf der Konferenz des Wirtschaftsrags Comcec der Organisation f\u00fcr islamische Zusammenarbeit OIC in Istanbul<\/p>\n<p>&nbsp;<\/p>\n<p>&nbsp;<\/p>\n<p><strong>T\u00fcrkei und Deutschland haben IS in Syrien lange Zeit unterst\u00fctzt<\/strong><br \/>\nDie Bundesrepublik Deutschland ist massiv beteiligt an dem Desaster im Irak, denn die T\u00fcrkei hat die Terroreinheiten des Islamischen Staat ausger\u00fcstet, aus Saudi-Arabien und Katar flossen Gelder an den IS. Man hat die sunnitischen Terrormilizen lange schalten und walten lassen, weil man sich davon erhoffte, dass das Regime in Syrien gest\u00fcrzt werde. Jetzt wendet sich das Blatt, und die Terrororganisation verfolgt Christen, Jesiden und andere Minderheiten. Die interessenorientierte Au\u00dfenpolitik der Industriestaaten im Nahen und Mittleren Osten ist gescheitert. &#8230;.<br \/>\nKomplettes Interview mit J\u00fcrgen Gr\u00e4sslin vom 1.9.2014 bitte lesen auf<br \/>\n<a href=\"https:\/\/www.badische-zeitung.de\/freiburg\/fuer-das-friedliche-zusammenleben-der-voelker--89343259.html\">https:\/\/www.badische-zeitung.de\/freiburg\/fuer-das-friedliche-zusammenleben-der-voelker&#8211;89343259.html<\/a><\/p>\n<p>&nbsp;<\/p>\n<p><strong>Muslimische Frauen m\u00fcssen zum Lachen in den Keller<\/strong><br \/>\nZu &#8222;T\u00fcrkische Frauen sollen nicht laut lachen&#8220;, Beitrag von Gerd H\u00f6hler vom 30.7.2014:<br \/>\nNicht nur die Landfrauenvereine im s\u00fcdbadischen Raum wissen, dass Lachen gesund h\u00e4lt. Nicht umsonst laden Frauen dieser Vereine zu Vortr\u00e4gen \u00fcber die Heilkraft des Lachens ein. Lachen ist bekannterma\u00dfen beste Medizin und g\u00e4nzlich ohne unerw\u00fcnschte Nebenwirkungen \u2013 au\u00dfer vielleicht in der T\u00fcrkei.\u00a0 Da m\u00fcssen die muslimischen Frauen wohl zum Lachen in den Keller gehen. Nichts zu lachen hatten diese, als Machthaber Erdogan daf\u00fcr sorgte \u2013 durch Gesetzes\u00e4nderung \u2013 dass Frauen im Staatsdienst Kopftuch tragen d\u00fcrfen. Welche aufgekl\u00e4rte und laizistisch denkende Frau wird wohl noch was zu lachen haben, wenn sie selbstbewusst als Polizistin, Soldatin, Richterin oder Staatsanw\u00e4ltin nicht das Kopftuch tragen will? Sie wird sicher gemobbt und ausgegrenzt.\u00a0 Hoffen wir wenigstens, dass die t\u00fcrkischen und kurdischen Frauen, die in Deutschland leben, etwas zu lachen haben, denn sie leben hier in Freiheit und k\u00f6nnen sich mehr der Unterdr\u00fcckung eines Patriarchats entziehen. Dann haben alle was zu lachen, was bekanntlich Stress abbaut und Gl\u00fcckshormone aussch\u00fcttet.<br \/>\n20.8.2014, Dennis \u00d6zkan, Herbolzheim<\/p>\n<p>&nbsp;<\/p>\n<p><strong>Gewalt: Erdogans Berater Yusuf Yerkel tritt einen wehrlos am Boden Liegenden<\/strong><br \/>\nDer Demonstrant im t\u00fcrkischen Soma liegt am Boden, versucht seinen K\u00f6rper mit seinen Armen zu sch\u00fctzen. Zwei Polizisten in milit\u00e4rischer Uniform sind \u00fcber ihn gebeugt. Ein Anzugtr\u00e4ger holt aus, um auf den liegenden Mann einzutreten. Der Anzugtr\u00e4ger auf dem Foto ist Yusuf Yerkel,\u00a0enger Berater von\u00a0Recep Tayyip Erdogan, der\u00a0den Ministerpr\u00e4sidenten beim Ortstermin des furchtbaren Bergwergungl\u00fccks in Soma begleitete.<\/p>\n<p><a href=\"https:\/\/www.freiburg-schwarzwald.de\/blog\/global\/tuerkei\/gewalt-tuerkei140514\/\" rel=\"attachment wp-att-47747\"><img loading=\"lazy\" decoding=\"async\" class=\"alignnone size-thumbnail wp-image-47747\" src=\"https:\/\/www.freiburg-schwarzwald.de\/blog\/wp-content\/uploads\/2013\/05\/gewalt-tuerkei140514-180x147.jpg\" alt=\"gewalt-tuerkei140514\" width=\"180\" height=\"147\" srcset=\"https:\/\/www.freiburg-schwarzwald.de\/blog\/wp-content\/uploads\/2013\/05\/gewalt-tuerkei140514-180x147.jpg 180w, https:\/\/www.freiburg-schwarzwald.de\/blog\/wp-content\/uploads\/2013\/05\/gewalt-tuerkei140514.jpg 640w\" sizes=\"auto, (max-width: 180px) 100vw, 180px\" \/><\/a>\u00a0 Gewalt eines hohen Politikers gegen wehrlosen Demonstranten<\/p>\n<p>Alles vom 15.5.2014 bitte lesen auf<br \/>\n<a href=\"https:\/\/www.spiegel.de\/politik\/ausland\/erdogan-vertrauter-in-soma-yerkel-tritt-demonstranten-a-969495.html\">https:\/\/www.spiegel.de\/politik\/ausland\/erdogan-vertrauter-in-soma-yerkel-tritt-demonstranten-a-969495.html<\/a><\/p>\n<p><strong>Du israelische Brut<\/strong><br \/>\nErdogan packt den Jungen mit seiner linken Hand im Nacken und br\u00fcllt ihn an: &#8222;Warum rennst du weg, du israelische Brut?&#8220;, sagt\u00a0Erdogan\u00a0offenbar. Anschlie\u00dfend l\u00e4sst der Politiker den Mann los und versetzt ihm einen leichten Schlag mit der linken Hand.<br \/>\n16.5.2014, <a href=\"https:\/\/www.spiegel.de\/politik\/ausland\/tuerkei-erdogan-beleidigt-mann-in-soma-als-israelische-brut-a-969759.html\">https:\/\/www.spiegel.de\/politik\/ausland\/tuerkei-erdogan-beleidigt-mann-in-soma-als-israelische-brut-a-969759.html<\/a><br \/>\n.<br \/>\n<strong>Warum diese Abneigung gegen T\u00fcrken?<\/strong><br \/>\nEtwa deshalb,\u00a0weil sobald z.B. eine Moschee beschmiert wird, die hier lebenden T\u00fcrken auf die Stra\u00dfe rennen. Wenn aber Kinder in Nigeria unter dem Namen Allah und Mohammeds entf\u00fchrt und get\u00f6tet werden, Christen in der T\u00fcrkei ermordet werden, sehe ich keine Demonstrationen des Bedauerns durch Freiburg maschieren &#8211; \u00a0weder von T\u00fcrken, sonstigen Muslimen und geschweige denn von Gutmenschen aus dem Vauban oder der Wiehre.<br \/>\n22.5.2014, Michael Klug<br \/>\n<strong>Erfundene Kriegsgr\u00fcnde\u00a0T\u00fcrkei-Syrien?<\/strong><br \/>\nWenige Tage nach dem t\u00fcrkisches Milit\u00c3\u00a4r ein syrisches Flugzeug abgeschossen hat,\u00a0 wurden auf Youtube Audio-Mitschnitte ver\u00f6\u00b6ffentlicht, auf denen angeblich der t\u00fcrkische Aussenminister Ahmet Davuto\u00fclu im Gespr\u00e4ch mit ranghohen Milit\u00e4rs und Geheimdienstlern zu h\u00f6ren sind. Eine Stimme, die Geheimdienstchef Hakan Fidan geh\u00f6ren soll, schl\u00e4gt eine bewaffnete Provokation in Syrien vor, um ein milit\u00e4\u00a4risches Eingreifen zu rechtfertigen. Agenten sollten von Syrien aus Raketen auf die T\u00fcrkei abfeuern. Weitere Stimmen sollen Vize-Armeechef G\u00fcler und Unterstaatssekret\u00e4r Feridun Hadi zu geh\u00f6ren. Kurz nach diesem Leak wurde die Video-Plattform gesperrt&#8220; berichtete mit 3 Tagen Versp\u00c3\u00a4tung die S\u00fcddeutsche Zeitung und die Badische Zeitung.<br \/>\nDie Echtheit der \u00c3usserungen ist noch nicht erwiesen, das t\u00fcrkische Aussenministerium best\u00e4tigt allerdings laut der t\u00fcrkischen Tageszeitung H\u00fcrriyet, dass es ein Treffen der genannten Personen gegeben hat. Auch die Reaktion Erdogans und seines Aussenministers deuten darauf hin, dass hier ein \u00e4u\u00dferst sensibler politischer Bereich ber\u00fchrt wird: Erdogan verurteilte die Preisgabe von Interna als &#8222;widerw\u00e4rtigen, feigen und unmoralischen Akt&#8220;. schreibt die S\u00fcddeutsche Zeitung.<br \/>\nEr kritisiert nicht den Inhalt sondern die Preisgabe. Ein Schein-Angriff auf die T\u00fckei w\u00e4re ein Angriff auf das Territorium der Nato. Ein daraus folgender Krieg w\u00e4re auch &#8222;unser&#8220; Krieg.<br \/>\nWir sind in den letzten Jahrzehnten leider immer wieder mit falschen, verlogenen Gr\u00fcnden in falsche unn\u00f6tige Kriege gezogen worden und dort wo diese Kriege gef\u00fchrt wurden haben wir<br \/>\nChaos produziert und den Terror verst\u00e4rkt.<br \/>\nDarum bin ich der Meinung, das Thema sollte prominenter in den Medien und der BZ behandelt werden und dies nat\u00c3\u00bcrlich immer mit dem Hinweis auf die teilweise noch ungekl\u00c3\u00a4rte Faktenlage.<br \/>\nDoch Emp\u00f6ung in unseren Medien gibt\u00b4s nur \u00fcber die Youtube-Sperre. Wenn der &#8222;NATO-Partner T\u00fcrkei&#8220; mit L\u00fcgen einen Krieg provozieren will, dann ist es ist unglaublich, dass dieser Vorgang nach 4 Tagen immer noch nicht auf den Titelseiten unserer Medien und der Badischen Zeitung steht.. \u00dcber diese Art der Berichterstattung bin ich tief entsetzt.<br \/>\n31.3.2014, Axel Mayer,\u00a0mehr: <a href=\"https:\/\/www.mitwelt.org\/erfundene-kriegsgruende.html\">https:\/\/www.mitwelt.org\/erfundene-kriegsgruende.html<\/a><\/p>\n<p>&nbsp;<\/p>\n<p>Man kann nicht mit der T\u00fcrkei Verhandlungen zu einem EU-Beitritt f\u00fchren, solange dieses Land Gesetze zur Zensur des Internets verabschiedet.<br \/>\n6.2.2014<\/p>\n<p>&nbsp;<\/p>\n<p><strong>G\u00fclen-Bewegung in D aktiv &#8211; gegen Freiheit, Gewaltenteilung und Gleichberechtigung<br \/>\n<\/strong>.<br \/>\nAnh\u00e4nger des Predigers betreiben allein in Deutschland etwa 300 Bildungseinrichtungen. Der Verfassungsschutz Baden-W\u00fcrttemberg kritisiert, Gedanken G\u00fclens seien mit dem Prinzip der Gewaltenteilung, der Religionsfreiheit, der Freiheit von Wissenschaft und Lehre und der Gleichberechtigung von Mann und Frau mitunter nicht in Einklang zu bringen. In Bildungseinrichtungen soll es zudem zu k\u00f6rperlichen \u00dcbergriffen und Mobbing gekommen sein&#8230;.<br \/>\nAlles vom 2.2.2014 bitte lesen auf<br \/>\n<a href=\"https:\/\/www.spiegel.de\/politik\/deutschland\/verfassungsschutz-warnt-vor-gemeinde-des-islamischen-predigers-guelen-a-950679.html\">https:\/\/www.spiegel.de\/politik\/deutschland\/verfassungsschutz-warnt-vor-gemeinde-des-islamischen-predigers-guelen-a-950679.html<\/a><br \/>\n<strong>G\u00fclen wird nicht vom Verfassungsschutz beobachtet<\/strong><br \/>\nDie Bewegung um den t\u00fcrkischen Prediger Fethullah G\u00fclen kann nicht vom Landesamt f\u00fcr Verfassungsschutz beobachtet werden. Obwohl sie im Verdacht steht, verfassungsfeindliche Ziele zu verfolgen. &#8230;..<br \/>\nAlles vom 7.8.2014 bitte lesen auf<br \/>\n<a href=\"https:\/\/www.badische-zeitung.de\/suedwest-1\/guelen-wird-nicht-vom-verfassungsschutz-beobachtet--88442353.html\">https:\/\/www.badische-zeitung.de\/suedwest-1\/guelen-wird-nicht-vom-verfassungsschutz-beobachtet&#8211;88442353.html<\/a><\/p>\n<p><strong>G\u00fclen betreibt Islamisierung der Gesellschaft<\/strong><br \/>\nDie G\u00fclen-Bewegung gibt sich nach au\u00dfen s\u00e4kular (Trennung zwischen Kirche und Staat), vertritt aber einen streng konservativen Islam und\u00a0eine Bildungsarbeit zwecks Islamisierung der Gesellschaft. In einer Predigt aus dem Jahr 1999 beschreibt G\u00fclen seine Ziele: &#8222;Man muss die Stellen in Justiz- und Innenministerium, die man in seine Hand bekommen hat, erweitern. (&#8230;) Ohne Euch bemerkbar zu machen, m\u00fcsst ihr immer weiter vorangehen und die entscheidenden Stellen des Systems entdecken.&#8220;<br \/>\nUnter den ca 40 Bildungseinrichtungen der G\u00fclen-Bewegung in BW ist auch die\u00a0Regenbogengrundschule in Freiburg.<\/p>\n<p>.<br \/>\n<strong>Aufkl\u00e4rung?<\/strong><br \/>\nIn muslimisch gepr\u00e4gten Staaten gibt es anscheinend immer nur &#8222;schlimm&#8220; und &#8222;schlimmer&#8220;, statt Diktatur nun Gottesstaat, statt korrupter Herrscherclique nun Unterdr\u00fcckung durch Mullahs. Es fehlt in diesen Staaten ein aufgekl\u00e4rtes B\u00fcrgertum wie in Europa im 19. Jahrhundert, aus dem heraus sich der Freiheitsgedanke entwickeln kann. \u00dcber allem liegt der bleiernde Mantel der Religion.<br \/>\n2.2.2014, Bernd Kist<br \/>\n.<br \/>\n<strong>Gehirnw\u00e4sche im Auftrag des Imam &#8211; die G\u00fclen-Bewegung<br \/>\n<\/strong>In Deutschland sind seine Anh\u00e4nger dieser Direktive verpflichtet.\u00a0<a title=\"externer Link\" href=\"https:\/\/www.mein-pangea.de\/\" target=\"_blank\" rel=\"noopener\">Es gibt circa 120 Nachhilfevereine<\/a>, zahlreiche private Schulen, Kinderg\u00e4rten und unz\u00e4hlige internats\u00e4hnliche Wohngemeinschaften, sogenannte Lichth\u00e4user, in denen Jugendliche und Studenten unter spiritueller und geistiger Aufsicht nach den Lehren des Meisters leben.\u00a0\u00a0&#8230;&#8230;<br \/>\nDie wenigen Aussteiger, die bislang den Mut gefunden haben, sich von der Organisation zu l\u00f6sen, berichten von Unterweisungen, die einer Gehirnw\u00e4sche nahekommen. Die Bewegung kennt nach innen keine demokratische Kontrolle, die Lehre des Imam G\u00fclen wird als einzige Wahrheit gepriesen, Widerspruch wird nicht geduldet. &#8230;.<br \/>\nAlles vom 27.12.2013 bitte lesen auf<br \/>\n<a href=\"https:\/\/www.zeit.de\/politik\/deutschland\/2013-12\/guelen-bewegung-deutschland\">https:\/\/www.zeit.de\/politik\/deutschland\/2013-12\/guelen-bewegung-deutschland<\/a><\/p>\n<p>.<\/p>\n<p><strong>Nouripour verl\u00e4sst &#8222;Forum f\u00fcr interkulturellen Dialog&#8220;<\/strong><br \/>\nBundestagsabgeordnete Omid Nouripour (Die Gr\u00fcnen) hat sich vom \u201eForum f\u00fcr interkulturellen Dialog\u201c distanziert, das zur umstrittenen G\u00fclen-Bewegung geh\u00f6rt.\u00a0Kritiker halten dem nach dem Prediger Fethullah G\u00fclen benannten Netzwerk vor, f\u00fcr einen konservativ-islamischen oder gar islamistischen Kurs zu stehen. &#8230;.<br \/>\nalles vom 15.2.2014 bitte lesen auf<br \/>\n<a href=\"https:\/\/www.faz.net\/aktuell\/rhein-main\/islamismus-vorwurf-gegen-guelen-netzwerk-distanz-zu-verein-der-guelen-bewegung-waechst-12803044.html\">https:\/\/www.faz.net\/aktuell\/rhein-main\/islamismus-vorwurf-gegen-guelen-netzwerk-distanz-zu-verein-der-guelen-bewegung-waechst-12803044.html<\/a><\/p>\n<p>Forum f\u00fcr interkulturellen Dialog der G\u00fclen-Bewegung<br \/>\n<a href=\"https:\/\/www.fidev.org\/\">https:\/\/www.fidev.org\/<\/a><\/p>\n<p>&nbsp;<\/p>\n<p>&nbsp;<\/p>\n<p><strong>Auf dem Weg zum zweiten Kurd<\/strong><strong>enstaat?<\/strong><\/p>\n<p>Die Fragmentierung Syriens scheint voranzuschreiten. Nach milit\u00e4rischen Siegen \u00fcber dschihadistische Gruppen arbeiten Kurden in Nordsyrien an einer autonomen kurdischen Provinz<br \/>\n&#8230;&#8230;<br \/>\n&#8222;Eine zentrale S\u00e4ule von Assads Strategie der Machterhaltung war, so viele konkurrierende Gruppen innerhalb der syrischen Gesellschaft aufzubauen, dass sich nie eine vereinte Opposition gegen ihn entwickeln konnte.&#8220; &#8230;<br \/>\nAlles vom 19.8.2013 bitte lesen auf<br \/>\n<a href=\"https:\/\/www.heise.de\/tp\/artikel\/39\/39697\/1.html\">https:\/\/www.heise.de\/tp\/artikel\/39\/39697\/1.html<\/a><\/p>\n<p>&nbsp;<\/p>\n<p><strong>Taksim-Platz &#8211;\u00a0Schweigender Demonstrant als Symbol des Widerstands <\/strong><\/p>\n<p>Kein Protestcamp, nicht zehntausende Demonstranten, kein Generalstreik: Ein einzelner Mann ist es, der am Montagabend zum <a href=\"https:\/\/www.hurriyetdailynews.com\/standing-man-inspires-a-new-type-of-civil-disobedience-in-turkey-.aspx?pageID=238&amp;nID=48999&amp;NewsCatID=339\">Symbol des Widerstandes<\/a> gegen die autorit\u00e4re Politik des t\u00fcrkischen Staates wird. In der Mitte des Taksim-Platzes steht er und starrt auf eine Fahne des t\u00fcrkischen Staatsgr\u00fcnders Atat\u00fcrks. Bewegungslos. Stumm. Sieben Stunden lang. &#8230;.<br \/>\nAlles von 24.6.2013 bitte lesen auf<br \/>\n<a href=\"https:\/\/www.heise.de\/tp\/artikel\/39\/39349\/1.html\">https:\/\/www.heise.de\/tp\/artikel\/39\/39349\/1.html<\/a><\/p>\n<p><a href=\"https:\/\/www.freiburg-schwarzwald.de\/blog\/global\/tuerkei\/demonstrant1taksim-platz130618\/\" rel=\"attachment wp-att-33369\"><img loading=\"lazy\" decoding=\"async\" class=\"alignnone size-thumbnail wp-image-33369\" title=\"demonstrant1taksim-platz130618\" src=\"https:\/\/www.freiburg-schwarzwald.de\/blog\/wp-content\/uploads\/2013\/05\/demonstrant1taksim-platz130618-135x180.jpg\" alt=\"\" width=\"135\" height=\"180\" srcset=\"https:\/\/www.freiburg-schwarzwald.de\/blog\/wp-content\/uploads\/2013\/05\/demonstrant1taksim-platz130618-135x180.jpg 135w, https:\/\/www.freiburg-schwarzwald.de\/blog\/wp-content\/uploads\/2013\/05\/demonstrant1taksim-platz130618.jpg 377w\" sizes=\"auto, (max-width: 135px) 100vw, 135px\" \/><\/a>\u00a0\u00a0\u00a0\u00a0\u00a0\u00a0\u00a0\u00a0\u00a0\u00a0\u00a0\u00a0\u00a0\u00a0\u00a0\u00a0\u00a0\u00a0\u00a0\u00a0\u00a0\u00a0\u00a0\u00a0\u00a0\u00a0\u00a0\u00a0\u00a0\u00a0\u00a0\u00a0\u00a0\u00a0\u00a0\u00a0\u00a0\u00a0\u00a0\u00a0\u00a0\u00a0\u00a0\u00a0\u00a0\u00a0\u00a0\u00a0\u00a0\u00a0\u00a0\u00a0\u00a0\u00a0\u00a0\u00a0\u00a0\u00a0\u00a0\u00a0\u00a0\u00a0\u00a0\u00a0 <a href=\"https:\/\/www.freiburg-schwarzwald.de\/blog\/global\/tuerkei\/demonstrant2taksim-platz130618\/\" rel=\"attachment wp-att-33370\"><img loading=\"lazy\" decoding=\"async\" class=\"alignnone size-thumbnail wp-image-33370\" title=\"demonstrant2taksim-platz130618\" src=\"https:\/\/www.freiburg-schwarzwald.de\/blog\/wp-content\/uploads\/2013\/05\/demonstrant2taksim-platz130618-180x162.jpg\" alt=\"\" width=\"180\" height=\"162\" srcset=\"https:\/\/www.freiburg-schwarzwald.de\/blog\/wp-content\/uploads\/2013\/05\/demonstrant2taksim-platz130618-180x162.jpg 180w, https:\/\/www.freiburg-schwarzwald.de\/blog\/wp-content\/uploads\/2013\/05\/demonstrant2taksim-platz130618.jpg 345w\" sizes=\"auto, (max-width: 180px) 100vw, 180px\" \/><\/a><br \/>\n(1) Duran Adam wurde zum Symbol des Widerstands\u00a0\u00a0\u00a0\u00a0\u00a0\u00a0\u00a0\u00a0\u00a0\u00a0\u00a0\u00a0 (2) Civil Disobedience in Turkey<br \/>\nBild: <a href=\"https:\/\/www.facebook.com\/geziparkidirenisi\/\">www.facebook.com\/geziparkidirenisi\/<\/a>\u00a0\u00a0\u00a0\u00a0\u00a0\u00a0\u00a0\u00a0\u00a0\u00a0\u00a0\u00a0\u00a0\u00a0\u00a0\u00a0\u00a0\u00a0\u00a0\u00a0\u00a0\u00a0\u00a0\u00a0\u00a0\u00a0\u00a0\u00a0\u00a0\u00a0\u00a0\u00a0\u00a0 Bild: Hurriyet<\/p>\n<p><strong>A new type of civil disobedience in Turkey<\/strong><br \/>\nA single man who started standing silently in the middle Istanbul\u2019s city center has provoked a silent struggle across Turkey for the right to protest. The young man, later identified as performance artist Erdem G\u00fcnd\u00fcz, stood in the same place without moving for eight hours on June 17, staring at the flag of modern Turkey\u2019s founder Mustafa Kemal <a href=\"https:\/\/www.hurriyetdailynews.com\/tag\/Ataturk\">Atat\u00fcrk<\/a> on the <a href=\"https:\/\/www.hurriyetdailynews.com\/tag\/Ataturk\">Atat\u00fcrk<\/a> Culture Center (AKM). &#8230;.<br \/>\nAlles vom 18.6.2013 bitte lesen auf<br \/>\n<a href=\"https:\/\/www.hurriyetdailynews.com\/standing-man-inspires-a-new-type-of-civil-disobedience-in-turkey-.aspx?pageID=238&amp;nID=48999&amp;NewsCatID=339\">https:\/\/www.hurriyetdailynews.com\/standing-man-inspires-a-new-type-of-civil-disobedience-in-turkey-.aspx?pageID=238&amp;nID=48999&amp;NewsCatID=339<\/a><\/p>\n<p>&nbsp;<\/p>\n<p>&nbsp;<\/p>\n<p><strong>Umgang mit der T\u00fcrkei: Verwanung und Gespr\u00e4che<\/strong><\/p>\n<p>Der t\u00fcrkische Premier Erdogan braucht eine Verwarnung: Wer in die EU aufgenommen werden will, muss demokratische Standards wahren und kann den berechtigten Protest seiner B\u00fcrger nicht brutal niederkn\u00fcppeln lassen. Insofern ist es richtig, dass Deutschland die Verhandlungen mit der EU blockiert. &#8230;.<br \/>\nAlles vom 22.6.2013 bitte lesen auf<br \/>\n<a href=\"https:\/\/www.badische-zeitung.de\/umgang-mit-der-tuerkei-verwarnung-und-gespraeche\">https:\/\/www.badische-zeitung.de\/umgang-mit-der-tuerkei-verwarnung-und-gespraeche<\/a><\/p>\n<p><strong>Gr\u00f6\u00dfenwahn der Eurob\u00fcrokraten<\/strong><br \/>\nMan sollte nicht vergessen, dass das Projekt T\u00fcrkei in die EU zun\u00e4chst eine Erfindung der USA war, die auf diese Weise verst\u00e4rkten Zugriff auf einen in einer der wichtigsten geostrategischen Regionen gelegenen Flugzeugtr\u00e4ger gewinnen wollten. Dazu kam dann sp\u00e4ter noch der Gr\u00f6\u00dfenwahn der Eurob\u00fcrokraten. Weder die Menschen in der T\u00fcrkei noch in Europa waren je mit den Herzen dabei. Warum auch? Zu unterschiedlich sind die jahrhundertelangen kulturellen Pr\u00e4gungen. Auch die Vorstellung, wir h\u00e4tten die Aufgabe, den r\u00fcckst\u00e4ndigen T\u00fcrken die Demokratie zu erkl\u00e4ren, ist mehr als l\u00e4cherlich, wenn man sich die Zust\u00e4nde im Westen ansieht.\u00a0Die t\u00fcrkischen Menschen werden eines Tages noch das islamische Gegenst\u00fcck zu den drei Kreuzen schlagen, dass sie nicht in dieses System der Eurodiktatur der Alternativlosigkeit gezwungen werden konnten.<br \/>\n22.6.2013, Herbert Elzmann<\/p>\n<p><strong>Politik hat sich keiner religi\u00f6sen Tradition unterzuordnen<\/strong><br \/>\nAuch ein Herr Erdogan und seine politischen Freunde sollten allm\u00e4hlich Folgendes begreifen: dass wir in der EU keine von ihren M\u00e4nnern unterdr\u00fcckten und ungleich behandelten Frauen akzeptieren; dass nicht Eltern und Br\u00fcder zu bestimmen haben, wer wen heiraten darf; dass \u00c4rzte und Anw\u00e4lte sich den Menschen verpflichtet f\u00fchlen und nicht einer staatlichen Befehlsgewalt; dass friedliche Demonstranten, Journalisten oder gar unbeteiligte B\u00fcrger niemals Zielscheibe eines repressiven Staatsapparates sein d\u00fcrfen; dass nicht die Politik sich einer religi\u00f6sen Tradition unterzuordnen hat, sondern die religi\u00f6se und politische Ausrichtung der Verfassung eines Landes, den freien Menschenrechten, der pers\u00f6nlichen Freiheit im Sinne des Gesamtwohls, der uneingeschr\u00e4nkten Meinungs- und Pressefreiheit und der politischen Mehrheit.<br \/>\n4.7.2013, Hans-Peter Steidinger, Hartheim<\/p>\n<p>&nbsp;<\/p>\n<p><strong>Islam mu\u00df sich f\u00fcr Schwule \u00f6ffnen<\/strong><\/p>\n<p><em>Warum sich islamische Religionsgemeinschaften f\u00fcr Schwule \u00f6ffnen m\u00fcssen, wollen sie in Zukunft ernst genommen werden. Ein Interview mit dem Piratenpolitiker Ali Utlu<\/em><br \/>\nDas Eigent\u00fcmliche in der T\u00fcrkei ist, dass dort jeder dritte Mann Sex mit anderen M\u00e4nnern hat, das aber nicht als <a title=\"Homosexualitaet\" href=\"https:\/\/www.freiburg-schwarzwald.de\/blog\/selbsthilfe\/soziales\/homosexualitaet\/\">Homosexualit\u00e4t<\/a> gewertet wird. Wer meint, dass in den einheimischen Hamams nur gebadet wird, denkt, dass in Swingerclubs nur geh\u00e4kelt wird.<br \/>\nIn gro\u00dfen St\u00e4dten wie K\u00f6ln oder Berlin gibt es sehr viele schwule Muslime, die sich aber verstecken. Nur wenige haben den Mut, es \u00f6ffentlich zu zeigen. Die meisten wollen w\u00e4hrend \u00f6ffentlicher Veranstaltungen nicht gefilmt werden. Je nachdem, aus welchem Ort der T\u00fcrkei die jungen Menschen kommen, kann es n\u00e4mlich lebensgef\u00e4hrlich sein, Homosexualit\u00e4t zu zeigen. Viele werden zwangsverheiratet und f\u00fchren ein Doppelleben nach der Ehe. Sie tauchen an bestimmten Stellen auf, wo sich Schwule treffen, und man wei\u00df genau, sie sind verheiratet und dabei todungl\u00fccklich&#8230;..<br \/>\nAlles zu &#8222;M\u00e4nnlich, muslimisch, schwul&#8220; vom 14.5.2013 bitte lesen auf\u00a0<a href=\"https:\/\/www.heise.de\/tp\/artikel\/39\/39120\/1.html\">https:\/\/www.heise.de\/tp\/artikel\/39\/39120\/1.html<\/a><\/p>\n<p>Ali Utlu, 41 Jahre, ist im Mai 2013 in den Landesvorstand der Piratenpartei von NRW gew\u00e4hlt worden. Er ist Beauftragter der Piraten f\u00fcr schwul-lesbische Themen und bezieht Position. Telepolis sprach mit ihm.<br \/>\n<em>Ali Utlu ist bei Twitter unter @alicologne erreichbar<\/em><\/p>\n<p>&nbsp;<\/p>\n<p><strong>Ersatzkanzler in Ankara<\/strong><\/p>\n<p>Der t\u00fcrkische Miisterpr\u00e4sident Erdogan geriert sich als Patron t\u00fcrkischer Einwanderer in Deutschland. Durch seine aggresive Diasporapolitik torpediert <a title=\"Integration\" href=\"https:\/\/www.freiburg-schwarzwald.de\/blog\/global\/integration\/\">Integration<\/a>. &#8230;<br \/>\n2010 schuf Erdogan das Amt f\u00fcr Auslandst\u00fcrken, eine Beh\u00f6rde in Ankara mit etwa 300 Mitarbeitern. &#8222;Wo immer eier unserer Landsleute ist, da sind auch wir&#8220;, verspricht das Amt von Bekir Bozdag. seine Regierung gibt vor, sich f\u00fcr die Integration t\u00fcrkischer Einwanderer und ihrer Kinder in Deutschland einzusetzen. Tats\u00e4chlich bewirkt sie das Gegenteil. &#8230; Bozdak kritisierte Deutsch-Sprachkurse f\u00fcr T\u00fcrken als Menschenrechtsverletzung&#8220;. &#8230;<br \/>\nIn Deutschland leben zwischen 1.1 und 1.3 Millionen wahlberechtigte T\u00fcrken. Die Bundesrepublik ist damuit nach Ankara, Istanbul, Izmir der viergr\u00f6\u00dfte t\u00fcrkische Wahlbezirk. &#8230;. Bei der Palamentswahl 2011 votierten 61 % der Auslandst\u00fcrken f\u00fcr die AKP, weit mehr als in der T\u00fcrkei selbst, wo die Partei von Erdogan aufisgesamt 50% kam.<\/p>\n<p>Gesamten Beitrag &#8222;Ersatzkanzler ion Ankara&#8220;\u00a0vom 6.5.2013 im Spiegel, 19\/2013, S. 36 lesen<\/p>\n<p>&nbsp;<\/p>\n<p><strong>NSU-Prozessbeobachter fordert: Kreuz aus Gerichtssaal entfernen<\/strong><\/p>\n<p>&#8222;Religi\u00f6se Symbole haben in einem Rechtsstaat nichts zu suchen&#8220;, kritisierte Mahmut Tanal, Abgeordneter der nationalistischen t\u00fcrkischen Oppositionspartei CHP. Er hatte am Montag als Prozessbeobachter das NSU-Verfahren am Oberlandesgericht (OLG) M\u00fcnchen besucht.\u00a0&#8222;Das Kreuz ist eine Bedrohung f\u00fcr Nichtchristen.&#8220; Vom Gericht verlangte Tanal, das Kreuz zu entfernen&#8230;.<br \/>\nAlles vom 9.5.2013 bitte lesen auf<br \/>\n<a href=\"https:\/\/www.badische-zeitung.de\/tuerkischer-abgeordneter-will-kein-kreuz-im-gerichtssaal\">https:\/\/www.badische-zeitung.de\/tuerkischer-abgeordneter-will-kein-kreuz-im-gerichtssaal<\/a><\/p>\n<p><strong>Wir m\u00fcssen dem Rest der Welt alles recht machen<\/strong><br \/>\nIm Grunde geht es doch gar nicht darum, ob da ein Kreuz h\u00e4ngt oder nicht. Von mir aus kann dort auch ein Foto der Nationalmannschaft h\u00e4ngen oder alle religi\u00f6sen Symbole der Welt oder gar nichts. Es geht einzig und allein darum, dass sich ein t\u00fcrkischer Politiker an dieser Stelle herauszuhalten hat. Es ist im Gro\u00dfen, wie im Kleinen. Wenn einem Gast in meinem Haus die Tapete nicht passt, kann er gerne wieder gehen. Warum leben wir Deutschen unter dem st\u00e4ndigen Zwang der politischen Korrektheit? Wieso glauben wir immer, es dem ganzen Rest der Welt Recht machen zu m\u00fcssen?<br \/>\n10.5.2013, Stefan Falk<\/p>\n<p><strong>T\u00fcrken im Inland unterscheiden sich von Auslandst\u00fcrken<br \/>\n<\/strong>Der Staatsgr\u00fcnder Kemal Atat\u00fcrk hat eine streng laizistische Tradition begr\u00fcndet, er glaubte, die T\u00fcrkei nur modernisieren zu k\u00f6nnen, wenn der Islam niedergehalten wird. Bis zum Amtsantritt von Erdogan war das auch das Bestreben jeder Regierung und die Armee hat, notfalls per Milit\u00e4rputsch, dar\u00fcber gewacht. Die t\u00fcrkische Ministerpr\u00e4sidentin Tansu Ciller trug selbstredend kein Kopftuch. Die Frau von Erdogan trug erstmals w\u00e4hrend der Abnahme einer Milit\u00e4rparade ein Kopftuch und br\u00fcskierte damit die Armee. Die Truppenparade sah sich zum Stillhalten gezwungen, denn neben Frau Erdogan schritt ein hoher Gast: Frau Bettina Wulff.\u00a0 Atat\u00fcrk war 1923 auch der Gr\u00fcnder der CHP; dass nun ein Abgeordneter dieser Partei das Abh\u00e4ngen des Kreuzes in einem ausl\u00e4ndischen Gerichtssaal fordert, zeigt, dass, wenn es um t\u00fcrkische Interessen im Ausland geht, Islamisten und Laizisten sich vers\u00f6hnen und an einem Strang ziehen. Das sollte zu denken geben.<br \/>\n10.5.2013<\/p>\n","protected":false},"excerpt":{"rendered":"<p>Home &gt;Global &gt;Tuerkei Listenauswahl eines Beitrags (Artikel\/Datum, Seite\/Inhalt):\u00a0Klicken\u00a0oder scrollen Ahmet Refii Dener: Schwarzgeld &#8211; Ab an die t\u00fcrkische Riviera! (23.5.2026) Ahmet Refii Dener: Korkak Yahudi \u2013 Feiger Jude \u2013 Der t\u00fcrkische Reflex\u00a0(19.3.2026) Haben die Kurden eine Chance gegen den Islamismus?\u00a0(11.2.2026) &hellip; <a href=\"https:\/\/www.freiburg-schwarzwald.de\/blog\/global\/tuerkei\/\">Weiterlesen <span class=\"meta-nav\">&rarr;<\/span><\/a><\/p>\n","protected":false},"author":4,"featured_media":0,"parent":27,"menu_order":0,"comment_status":"open","ping_status":"closed","template":"","meta":{"footnotes":""},"class_list":["post-28838","page","type-page","status-publish","hentry"],"_links":{"self":[{"href":"https:\/\/www.freiburg-schwarzwald.de\/blog\/wp-json\/wp\/v2\/pages\/28838","targetHints":{"allow":["GET"]}}],"collection":[{"href":"https:\/\/www.freiburg-schwarzwald.de\/blog\/wp-json\/wp\/v2\/pages"}],"about":[{"href":"https:\/\/www.freiburg-schwarzwald.de\/blog\/wp-json\/wp\/v2\/types\/page"}],"author":[{"embeddable":true,"href":"https:\/\/www.freiburg-schwarzwald.de\/blog\/wp-json\/wp\/v2\/users\/4"}],"replies":[{"embeddable":true,"href":"https:\/\/www.freiburg-schwarzwald.de\/blog\/wp-json\/wp\/v2\/comments?post=28838"}],"version-history":[{"count":5,"href":"https:\/\/www.freiburg-schwarzwald.de\/blog\/wp-json\/wp\/v2\/pages\/28838\/revisions"}],"predecessor-version":[{"id":150023,"href":"https:\/\/www.freiburg-schwarzwald.de\/blog\/wp-json\/wp\/v2\/pages\/28838\/revisions\/150023"}],"up":[{"embeddable":true,"href":"https:\/\/www.freiburg-schwarzwald.de\/blog\/wp-json\/wp\/v2\/pages\/27"}],"wp:attachment":[{"href":"https:\/\/www.freiburg-schwarzwald.de\/blog\/wp-json\/wp\/v2\/media?parent=28838"}],"curies":[{"name":"wp","href":"https:\/\/api.w.org\/{rel}","templated":true}]}}