{"id":28802,"date":"2013-05-06T07:48:45","date_gmt":"2013-05-06T05:48:45","guid":{"rendered":"https:\/\/www.freiburg-schwarzwald.de\/blog\/?page_id=28802"},"modified":"2014-12-05T16:53:59","modified_gmt":"2014-12-05T15:53:59","slug":"lebenshilfe","status":"publish","type":"page","link":"https:\/\/www.freiburg-schwarzwald.de\/blog\/selbsthilfe\/behinderung\/lebenshilfe\/","title":{"rendered":"Lebenshilfe"},"content":{"rendered":"<p>Home &gt;<a title=\"Selbsthilfe\" href=\"https:\/\/www.freiburg-schwarzwald.de\/blog\/selbsthilfe\/\">Selbsthilfe<\/a> &gt;<a title=\"Behinderung\" href=\"https:\/\/www.freiburg-schwarzwald.de\/blog\/selbsthilfe\/behinderung\/\">Behinderung<\/a> &gt;<a title=\"Down-Syndrom\" href=\"https:\/\/www.freiburg-schwarzwald.de\/blog\/selbsthilfe\/behinderung\/down-syndrom\/\">Down-Syndrom<\/a>\u00a0&gt;Lebenshilfe<\/p>\n<div id=\"attachment_515\" style=\"width: 609px\" class=\"wp-caption alignnone\"><a href=\"https:\/\/www.freiburg-schwarzwald.de\/blog\/natur\/umwelt\/schauinslandturm0bpan-071228-2\/\" rel=\"attachment wp-att-515\"><img loading=\"lazy\" decoding=\"async\" aria-describedby=\"caption-attachment-515\" class=\"size-full wp-image-515\" title=\"schauinslandturm0bpan-071228\" src=\"https:\/\/www.freiburg-schwarzwald.de\/blog\/wp-content\/uploads\/2012\/04\/schauinslandturm0bpan-071228.jpg\" alt=\"\" width=\"599\" height=\"185\" srcset=\"https:\/\/www.freiburg-schwarzwald.de\/blog\/wp-content\/uploads\/2012\/04\/schauinslandturm0bpan-071228.jpg 599w, https:\/\/www.freiburg-schwarzwald.de\/blog\/wp-content\/uploads\/2012\/04\/schauinslandturm0bpan-071228-180x55.jpg 180w\" sizes=\"auto, (max-width: 599px) 100vw, 599px\" \/><\/a><p id=\"caption-attachment-515\" class=\"wp-caption-text\">Blick vom Schauinsland nach Westen \u00fcber Eduardsh\u00f6he, Hohb\u00fchl, Horben (von links) zu Sch\u00f6nberg und Vogesen am 28.12.08<\/p><\/div>\n<ul>\n<li><a title=\"Inklusion Vauban Lebenshilfe\" href=\"https:\/\/www.freiburg-schwarzwald.de\/blog\/inklusion-vauban-lebenshilfe\/\">Bila &#8211; Inklusion im Vauban <\/a>(5.12.2014)<\/li>\n<li><a href=\"https:\/\/www.freiburg-schwarzwald.de\/blog\/inklusion-vauban-lebenshilfe\/\">https:\/\/www.freiburg-schwarzwald.de\/blog\/inklusion-vauban-lebenshilfe\/<\/a>\u00a0(5.5.2013)<\/li>\n<li><a href=\"https:\/\/www.freiburg-schwarzwald.de\/behinderung3.htm#Selbst\u00e4ndig wohnen, selbst\u00e4ndig leben - Inklusive Wohnformen\">Selbst\u00e4ndig wohnen, selbst\u00e4ndig leben &#8211; Inklusive Wohnformen<\/a> &gt;Behinderung3 (12.11.2010)<\/li>\n<li><a href=\"https:\/\/www.freiburg-schwarzwald.de\/musik3.htm#Martin Wangler: Benefiz f\u00fcr Lebenshilfe Hochschwarzwald\">Martin Wangler: Benefiz f\u00fcr Lebenshilfe Hochschwarzwald<\/a> &gt;Musik3 (3.4.2010)<\/li>\n<li><a href=\"https:\/\/www.freiburg-schwarzwald.de\/lebenshilfe.htm#Irma Butsch mit dem DSMG-Pflegepreis 2008 ausgezeichnet\">Irma Butsch mit dem DSMG-Pflegepreis 2008 ausgezeichnet<\/a> &gt;Lebenshilfe (14.11.2008)<\/li>\n<li><a href=\"https:\/\/www.freiburg-schwarzwald.de\/waldkirch2.htm#Sozialtherapeuthische Gemeinschaft Am Bruckwald\">Sozialtherapeuthische Gemeinschaft &#8222;Am Bruckwald&#8220;<\/a> &gt;Waldkirch2 (30.10.2008)<\/li>\n<li><a href=\"https:\/\/www.freiburg-schwarzwald.de\/lebenshilfe.htm#Lebenshilfe Hochschwarzwald und Hochrhein - Zusammenschlu\u00df\">Lebenshilfe Hochschwarzwald und Hochrhein &#8211; Zusammenschlu\u00df?<\/a> &gt;Lebenshilfe (23.10.2008)<\/li>\n<li><a href=\"https:\/\/www.freiburg-schwarzwald.de\/wiesental1.htm#Gelebtes Ehrenamt: Lebenshilfe im Trudm\u00e4ttle in Wembach\">Gelebtes Ehrenamt: Lebenshilfe im Trudm\u00e4ttle in Wembach<\/a> &gt;Wiesental1 (2.8.2008)<\/li>\n<li><a href=\"https:\/\/www.freiburg-schwarzwald.de\/neustadt2.htm#Lebenshilfe Hochschwarzwald - Snoezelen-Raum im Kindergarten Regenbogen\">Lebenshilfe Hochschwarzwald &#8211; Snoezelen-Raum im Kiga Regenbogen<\/a> &gt;Neustadt2 (1.3.08)<\/li>\n<li><a href=\"https:\/\/www.freiburg-schwarzwald.de\/spende2.htm#1100 Euro von Framo Morat f\u00fcr Lebenshilfe Hochschwarzwald\">1100 Euro von Framo Morat f\u00fcr Lebenshilfe Hochschwarzwald<\/a> &gt;Spende2 (21.2.2007)<\/li>\n<li><a href=\"https:\/\/www.freiburg-schwarzwald.de\/behinderung2.htm#K\u00fcrzungen erschweren Ehrenamt und Arbeit der Lebenshilfe\">K\u00fcrzungen erschweren Ehrenamt und Arbeit der Lebenshilfe<\/a> &gt;Behinderung2 (19.2.2007)<\/li>\n<li><a href=\"https:\/\/www.freiburg-schwarzwald.de\/behinderung2.htm#Lebenshilfe Hochschwarzwald: Trotz Kindergarten schwarze Zahlen\">Lebenshilfe Hochschwarzwald: Trotz Kindergarten schwarze Zahlen<\/a>\u00a0&gt;Behinderung2 (17.5.2006)<\/li>\n<li><a href=\"https:\/\/www.freiburg-schwarzwald.de\/behinderung1.htm#Lebenshilfe sucht Mitarbeiter - Mit Behinderten arbeiten\">Lebenshilfe sucht Mitarbeiter &#8211; Mit Behinderten arbeiten<\/a>\u00a0&gt;Behinderung1 (5.1.2005)<\/li>\n<li><a href=\"https:\/\/www.freiburg-schwarzwald.de\/behinderung1.htm#Freizeitclubs der Lebenshilfe seit 20 Jahren - ehrenamtliche Betreuer gesucht\">Freizeitclubs der Lebenshilfe seit 20 Jahren &#8211; ehrenamtliche Betreuer gesucht<\/a>\u00a0&gt;Behinderung1 (29.5.2004)<\/li>\n<li><a href=\"https:\/\/www.freiburg-schwarzwald.de\/behinderung1.htm#Lebenshilfe Hochschwarzwald freut sich \u00fcber L\u00f6ffinger Spenden\">Lebenshilfe Hochschwarzwald freut sich \u00fcber L\u00f6ffinger Spenden<\/a>\u00a0&gt;Behinderung1 (12.8.2004)<\/li>\n<li><a href=\"https:\/\/www.freiburg-schwarzwald.de\/littenweiler\/scfreiburg.htm#SC-Fanclub Lebenshilfe-F\u00fcchse f\u00fcr geistig behinderte Fu\u00dfballbegeisterte\">SC-Fanclub Lebenshilfe-F\u00fcchse f\u00fcr geistig behinderte Fu\u00dfballbegeisterte<\/a> &gt;ScFreiburg (16.9.)<\/li>\n<li><a href=\"https:\/\/www.freiburg-schwarzwald.de\/soziales1.htm#Lebenshilfe Hochschwarzwald - Hilferuf an 239 Vereine\">Lebenshilfe Hochschwarzwald &#8211; Hilferuf an 239 Vereine<\/a> &gt;Soziales1 (10.5.2003)<\/li>\n<li>Lebenshilfe Freiburg<\/li>\n<li>Pers\u00f6nliches Budget<\/li>\n<li>Lebenshilfe f\u00fcr Behinderte Freiburg &gt;Freiburg-Dreisamtal.de\/Behinderung<\/li>\n<li>Lebenshilfe Hochschwarzwald<\/li>\n<li>Lebenshilfe Breisgau und Hochschwarzwald<\/li>\n<\/ul>\n<p>&nbsp;<\/p>\n<p>&nbsp;<\/p>\n<p><strong>JID &#8211; Junge Initiative Dreil\u00e4ndereck in Schopfheim<br \/>\n<\/strong><br \/>\nIrma Butsch mit dem DSMG-Pflegepreis 2008 ausgezeichnet<br \/>\nEinen schwer kranken Menschen tagt\u00e4glich zu umsorgen und ihm das Leben in der vertrauten Umgebung zu erm\u00f6glichen, Lebenspl\u00e4ne zu begraben, wenn die Auswirkungen einer unheilbaren Erkrankung das Leben \u00fcberschatten, ist keine Selbstverst\u00e4ndlichkeit. &#8222;Daher gelten unsere Bewunderung und unsere Anerkennung Ihnen, die Sie bereit waren und sind, eigene W\u00fcnsche und Bed\u00fcrfnisse zur\u00fcckzustellen, um Ihren pflegebed\u00fcrftigen Ehepartner ein Leben lang zu begleiten&#8220;, mit diesen Worten wurde Irma Butsch aus Titisee-Neustadt vom Bundesverband der Deutschen Multiple Sklerose Gesellschaft (DMSG) gew\u00fcrdigt.\u00a0 Bei einem Festakt am 6. November in der Glashalle des Internationalen Handelszentrums in Berlin erhielt die Leiterin der &#8222;Amsel-Gruppe Hochschwarzwald&#8220; zusammen mit Willi Fischer aus Solingen in Nordrhein-Westfalen den von der Firma Merck Serono gestifteten DMSG-Pflegepreis 2008, mit dem in der Pflege t\u00e4tige Angeh\u00f6rige von MS-Erkrankten f\u00fcr ihr Engagement ausgezeichnet werden. Beide Geehrten pflegen seit\u00a0 40 Jahren ihre an MS erkrankten Ehepartner mit gro\u00dfer Hingabe und liebevoller F\u00fcrsorge. Seit 23 Jahren bedankt sich die Deutschen Multiple Sklerose Gesellschaft\u00a0\u00a0f\u00fcr den Einsatz der ehrenamtlichen Mitarbeiterinnen und Mitarbeiter. Verbunden mit dem Preis war \u00a0ein Flug nach Berlin mit kostenlosem Aufenthalt, den\u00a0Irma und Heinrich Butsch schon deshalb sehr genie\u00dfen konnten, weil sowohl der Transport als auch\u00a0die Unterbringung den Bed\u00fcrfnissen von Rollstuhlfahrern gerecht wurden. Dies ist nicht immer so, wie die engagierte Vertreterin der Amsel-Gruppe erz\u00e4hlt. Schon die Ausrichtung der monatlichen Treffen und Informationsabende, die aufgrund der im ganzen Hochschwarzwald lebenden Mitglieder in wechselnden Lokalen angeboten werden, sei mit viel Vorarbeit verbunden. Ist der Eingang zum Lokal mit Hindernissen verbunden? Wie sind die Toiletten zu erreichen? Sind die Toilettent\u00fcren f\u00fcr Rollstuhlfahrer breit genug? &#8222;In vielen Gasth\u00e4usern sind die WC-Anlagen im Keller. Wenn dann kein Aufzug vorhanden ist, fallen diese Lokale schon raus&#8220;, wei\u00df auch Paula Heizmann, die f\u00fcr das gem\u00fctliche Treffen im Dorfcaf\u00e9 in Seppenhofen ideale Voraussetzungen fand. Bei dieser Gelegenheit \u00fcberreichte die r\u00fchrige Mitstreiterin der Amsel-Gruppe wieder einen gr\u00f6\u00dferen Spendenbetrag, der bei der Flohmarktbewirtung erwirtschaftet wurde. Dieser ist nicht nur der Sonderstellung der Amsel-Gruppe zu verdanken, die beim Flohmarkt als einziger Standbetreiber Speisen und Getr\u00e4nke verkaufen darf. &#8222;Ohne die Unterst\u00fctzung \u00a0durch unsere Helfer und die Bev\u00f6lkerung, die regelm\u00e4\u00dfig 25 Kuchen liefern, und der Transporthilfe durch das DRK L\u00f6ffingen w\u00e4re das nicht m\u00f6glich&#8220;, betonte Paula Heizmann. Aufgrund der st\u00e4ndigen Einsparungen im Gesundheitswesen, die auch hilfsbed\u00fcrftige Personen heftig zu sp\u00fcren bekommen, sind solche Spenden nicht nur willkommen, sondern auch wichtig, sagte Butsch. Mit ihnen k\u00f6nnen finanziell nicht so gut ausgestattete Betroffene unterst\u00fctzen werden, damit sie Freizeit- oder Kursangebote wahrnehmen k\u00f6nnen. So verbrachte die Gruppe im vergangenen Jahr vier Tage in einem Pflegehotel in Bad Wurzach. Ein Jahr zuvor unternahm man einen eint\u00e4gigen Ausflug an den Rombachsee. Jedes Jahr werden bei einer Weihnachtsfeier kleine Geschenke verteilt und auch das Ged\u00e4chtnistraining sei dank der Spenden aus L\u00f6ffingen m\u00f6glich. &#8222;Ohne Paula und ihre Clique ginge es uns nicht so gut&#8220;, sagte Butsch. Diese Aussage gewinnt angesichts des t\u00e4glichen Kampfes von Betroffenen und Angeh\u00f6rigen um den Erhalt der Lebensqualit\u00e4t und der damit verbundenen Hilfsmittel immer mehr an Bedeutung.<br \/>\nChrista Maier, 14.11.2008, <a href=\"https:\/\/www.badische-zeitung.de\/\">www.badische-zeitung.de<\/a><\/p>\n<p>&nbsp;<\/p>\n<p><a name=\"Lebenshilfe Hochschwarzwald und Hochrhein - Zusammenschlu\u00df\"><\/a><strong>Lebenshilfe Hochschwarzwald und Hochrhein &#8211; Zusammenschlu\u00df?<\/strong><\/p>\n<p>Die Lebenshilfe Hochschwarzwald will mit der Lebenshilfe Hochrhein verschmelzen. Die Gespr\u00e4che sind weit gediehen, wie sich in der Hauptversammlung am Dienstagabend zeigte. Es geht darum, die Zukunft der Lebenshilfe Hochschwarzwald zu sichern. &#8222;Warum nicht aus zwei Schiffen, die gut in Fahrt sind, eines machen, das noch besser und sicherer in Fahrt kommt&#8220; , f\u00fchrte Wulf Schmidt in das Thema ein.<\/p>\n<p>Beide Vereine sind sich ebenb\u00fcrtig an Mitgliedern und finanzieller Ausstattung, beide haben jeweils einen Kindergarten. Der Hochschwarzwald hat als zweites Standbein die Schwerpunkte Freizeit und familienunterst\u00fctzender Dienst (FUD), der Hochrhein bietet die Fr\u00fchf\u00f6rderung. Kontakte bestehen schon seit l\u00e4ngerem, da die Lebenshilfe Hochschwarzwald im Gebiet Bonndorf, Jestetten und Waldshut-Tiengen den FUD organisiert. Auch in der Geschichte der beiden Lebenshilfevereine gibt es Parallelen. In offenen Gespr\u00e4chen habe man festgestellt, dass die Chemie stimmt und eine Vertrauensbasis besteht, sagte Gesch\u00e4ftsf\u00fchrer Uli Pfeiffer. Eigentlich sollte zur Hauptversammlung bereits eine Satzung f\u00fcr den zusammengef\u00fchrten Verein vorgestellt werden. Doch das juristische Verfahren der Vereinsverschmelzung ist noch nicht gekl\u00e4rt, die jeweiligen Amtsgerichte m\u00fcssen noch Arbeit leisten. Im Vereinsrecht ist eine Vereinsverschmelzung nicht vorgesehen und das Verschmelzungsgesetz der freien Wirtschaft greift nicht. Es muss noch gekl\u00e4rt werden, welche Papiere die Vereine vorlegen m\u00fcssen, das Einverst\u00e4ndnis der Mitglieder und der Vorst\u00e4nde allein reicht nicht aus. Beide Vereine aufzul\u00f6sen und dann einen gemeinsamen neuen Verein zu gr\u00fcnden ist auch nicht m\u00f6glich, da dann das Verm\u00f6gen satzungsgem\u00e4\u00df an den Landesverband fallen w\u00fcrde. Eine weitere Variante w\u00e4re die, dass ein Verein den anderen und sein Verm\u00f6gen schluckt und somit ein gro\u00dfer Verein entsteht. Daf\u00fcr w\u00e4re jedoch eine entsprechende Satzungs\u00e4nderung notwendig, die kl\u00e4rt, wohin das Verm\u00f6gen geht. Sie wurde einstimmig beschlossen: Im Fall einer Verschmelzung mit einem anderen gemeinn\u00fctzigen Verein geht das Vereinsverm\u00f6gen an den dann neu gegr\u00fcndeten Verschmelzungsverein \u00fcber. Die Vorteile der Verschmelzung: Ein gr\u00f6\u00dferer Verein hat mehr M\u00f6glichkeiten, kann eine gr\u00f6\u00dfere Zahl an Ma\u00dfnahmen und Angeboten machen und hat auch einen besseren Finanzierungspielraum. Die Lebenshilfe Hochschwarzwald ist mit ihrem Freizeitbereich finanziell von einer einzigen F\u00f6rderrichtlinie des Landes abh\u00e4ngig. Dieser F\u00f6rdertopf ist bis 2012 gesichert, was dann wird, ist unsicher. F\u00e4llt er weg, fallen die Freizeitangebote f\u00fcr 150 Menschen mit Behinderungen weg. Ein gr\u00f6\u00dferer Verein, doppelt so gro\u00df wie bisher, h\u00e4tte mehr Gewicht bei Antr\u00e4gen. Denn die Beh\u00f6rden und Institutionen neigen dazu, bei Zuschussvergaben gr\u00f6\u00dfere Tr\u00e4ger zu bevorzugen. Im Zusammenschluss k\u00f6nnten Fachwissen und Erfahrungen geb\u00fcndelt und weitere Dienstleistungen angeboten werden. Die Fortbildungsm\u00f6glichkeiten w\u00e4ren besser. Risikomanagement und Risikokapital k\u00f6nnten gebildet werden. Rationalisierungen in der Verwaltung, in der Sachbearbeitung, beim Fuhrpark, br\u00e4chten Erleichterung. Uli Pfeiffer w\u00fcrde, das ist bereits abgesprochen, Gesch\u00e4ftsf\u00fchrer sein. Die Lebenshilfe Hochrhein hat in ihrer Hauptversammlung die Verschmelzung g\u00fcnstig bewertet, erl\u00e4uterte Pfeiffer. Die Gesch\u00e4ftsstellen w\u00fcrden an den bisherigen Orten verbleiben. Am Vor-Ort-Prinzip soll nichts ge\u00e4ndert werden. Bis zum Fr\u00fchjahr, sp\u00e4testens zum Fr\u00fchsommer sollen der Verschmelzungsvertrag und das Verfahren unter Dach und Fach sein, dann werden die Mitglieder geh\u00f6rt.<br \/>\nEva Korinth , 23.10.2008, <a href=\"https:\/\/www.badische-zeitung.de\/\">www.badische-zeitung.de<\/a> <img loading=\"lazy\" decoding=\"async\" src=\"https:\/\/img.badische-zeitung.de\/leer.gif\" alt=\"\" width=\"1\" height=\"1\" border=\"0\" \/><\/p>\n<h4><\/h4>\n<p>&nbsp;<\/p>\n<p>&nbsp;<\/p>\n<p><a name=\"Lebenshilfe Hochschwarzwald\"><\/a><strong>Lebenshilfe Hochschwarzwald<\/strong><\/p>\n<p>Offene Hilfen der Lebenshilfe Hochschwarzwald e. V.<br \/>\nLeiterin Irma Butsch<br \/>\nc\/o Uli Pfeifer, 79822 Titisee-Neustadt, Stalterstr. 73, Tel 07651\/3163, Fax 07651\/3867, 07651\/4842<br \/>\nLebenshilfe-Kindergarten in Neustadt, Leiterin: Evelyn Tritschler<\/p>\n<p><span style=\"color: #008000;\"><strong>Spenden: Sparkasse Freiburg-N\u00f6rdl. Breisgau, BLZ 680 501 01, Konto 200 190 02<\/strong><\/span><\/p>\n<p><a href=\"https:\/\/www.lebenshilfe-emmendingen.de\/\">www.lebenshilfe-emmendingen.de<\/a><br \/>\n<a href=\"https:\/\/www.lebenshilfe-loerrach.de\/\">www.lebenshilfe-loerrach.de<\/a><\/p>\n<p>Eine Spende in H\u00f6he von 500 Euro vermachte die als Ausrichter des Schluchsee-Triathlons fungierende Vereinsgemeinschaft der Skiclubs Schluchsee, Fischbach, Sch\u00f6nenbach-Staufen und des Sportvereins Schluchsee der Aktion &#8222;F\u00fcreinander&#8220; der Lebenshilfe Hochschwarzwald. Die symbolische Scheck\u00fcbergabe erfolgte im Rahmen der Siegerehrung des Triathlons vor den Augen vieler Zuschauer an den Vertreter der Lebenshilfe, Leopold Winterhalder. J\u00f6rg Isele, der Vorsitzende des SV Schluchsee, versicherte, dass alle vier Vereine nach dem im Mai erfolgten Aufruf des von Finanzn\u00f6ten geplagten Vereins Lebenshilfe spontan beschlossen h\u00e4tten, einen Teilbetrag des aus der Arbeit von 120 ehrenamtlichen Helfern erzielten Erl\u00f6ses zu spenden.<br \/>\nBZ vom 29.7.2003<\/p>\n<p><a href=\"https:\/\/www.freiburg-schwarzwald.de\/musik3.htm#Martin Wangler: Benefiz f\u00fcr Lebenshilfe Hochschwarzwald\">Martin Wangler: Benefiz f\u00fcr Lebenshilfe Hochschwarzwald<\/a> &gt;Musik3 (3.4.2010)<br \/>\n<a href=\"https:\/\/www.freiburg-schwarzwald.de\/lebenshilfe.htm#Irma Butsch mit dem DSMG-Pflegepreis 2008 ausgezeichnet\">Irma Butsch mit dem DSMG-Pflegepreis 2008 ausgezeichnet<\/a> &gt;Lebenshilfe (14.11.2008)<\/p>\n<p>&nbsp;<\/p>\n<p>&nbsp;<\/p>\n<p><a name=\"Lebenshilfe Breisgau und Hochschwarzwald\"><\/a><strong>Lebenshilfe Breisgau und Hochschwarzwald<\/strong><\/p>\n<p>Lebenshilfe Breisgau gGmbH neu gegr\u00fcndet<br \/>\nDie Lebenshilfe-Vereine in Freiburg und Emmendingen haben zum Jahresbeginn eine Lebenshilfe Breisgau als gemeinn\u00fctzige GmbH gegr\u00fcndet. Diese f\u00fchrt unter Leitung des schon bisherigen Gesch\u00e4ftsf\u00fchrers der Freiburger Lebenshilfe, Raimund Cimander, die Arbeiten der Lebenshilfe auf verschiedensten Feldern fort. Jetzt soll die neue Struktur auch mit einem Gr\u00fcndungsfest gefeiert werden. Dieses findet am Sonntag, 15. Mai in der B\u00f6tzinger Festhalle statt.<br \/>\nDie neue Lebenshilfe Breisgau gemeinn\u00fctzige GmbH \u00fcbernimmt das operative Gesch\u00e4ft der beiden Gesellschafter, der Lebenshilfe-Vereine Emmendingen und Freiburg. Die Lebenshilfe Emmendingen z\u00e4hlt rund 270 Mitglieder, Freiburg rund 400. Derzeit nehmen 1178 Menschen mit Behinderungen Dienstleistungen der Lebenshilfe in Anspruch, die von 75 Besch\u00e4ftigten sowie rund 990 ehrenamtlichen Mitarbeitern erbracht werden. Die gGmbh versorgt den Landkreis Emmendingen, die Stadt Freiburg sowie das Freiburger Umland und den ganzen Kaiserstuhl. <!-- RSPEAK_STOP --><br \/>\nMai 2011<\/p>\n<p>&nbsp;<\/p>\n<p><strong>Landesverband Baden-W\u00fcrttemberg<\/strong><br \/>\nLebenshilfe f\u00fcr Menschen mit geistiger Behinderung e.V.<br \/>\nJ\u00e4gerstra\u00dfe 12, 70174 Stuttgart, Tel 0711 \/ 2 55 89-0<br \/>\neMail: <a href=\"mailto:info@lebenshilfe-bw.de\">info@lebenshilfe-bw.de<\/a>, <a href=\"https:\/\/www.lebenshilfe-bw.de\/\">www.lebenshilfe-bw.de<\/a><br \/>\nBankkonten: Landesbank BW Stuttgart, Kto.: 20 66 190, BLZ: 600 501 01<br \/>\nBank f\u00fcr Sozialwirtschaft, Kto.: 77 020 00, BLZ: 660 205 00<\/p>\n<p>&nbsp;<\/p>\n<p><strong>Thetis-EV<\/strong><br \/>\nHirschenweg 8, 79256 Buchenbach, Tel.: 07661\/3401, Fax: 07661\/9899932,<br \/>\neMail: <a href=\"mailto:info@thetis-ev.de\">info@thetis-ev.de<\/a>, Internett: <a href=\"https:\/\/www.thetis-ev.de\/\" target=\"_blank\">www.thetis-ev.de<\/a><br \/>\n<a href=\"https:\/\/www.freiburg-schwarzwald.de\/littenweiler\/behinderung.htm#Thetis - Verein zur F\u00f6rderung von Ausbildung und Eingliederung behinderter Menschen e.V.\">Mehr zu Thetis<\/a><\/p>\n<p>Lebenshilfe f\u00fcr Menschen mit geistiger Behinderung e. V., Kreisvereinigung Emmendingen<br \/>\nMarktplatz 1, 79312 Emmendingen,<br \/>\nTel.: 07641\/7729, Fax: 07641\/915497, eMail: <a href=\"mailto:kontakt@lebenshilfe-emmendingen.de\">kontakt@lebenshilfe-emmendingen.de<\/a>,<br \/>\nInternet:<a href=\"https:\/\/www.lebenshilfe-emmendingen.de\/\" target=\"_blank\"> www. lebenshilfe-emmendingen.de<\/a><\/p>\n<p>Lebenshilfe f\u00fcr geistig und k\u00f6rperlich behinderte Menschen, Kreisvereinigung Hochrhein e.V.<br \/>\nSchulwies 12, 79793 Wut\u00f6schingen,<br \/>\nTel 07746\/1544, Fax: 07746\/5007, eMail: <a href=\"mailto:admin@lebenshilfe-hochrhein.de\">admin@lebenshilfe-hochrhein.de<\/a>,<br \/>\nInternet: <a href=\"https:\/\/www.lebenshilfe-hochrhein.de\/\" target=\"_blank\">www.lebenshilfe-hochrhein.de<\/a><\/p>\n<p>Lebenshilfe f\u00fcr Behinderte e.V., Kreisvereinigung Hochschwarzwald<br \/>\nStalterstr. 73, 79822 Titisee-Neustadt,<br \/>\nTel.: 07651\/3163, Fax: 07651\/3867<\/p>\n<p>Lebenshilfe f\u00fcr geistig Behinderte, Kreisvereinigung L\u00f6rrach e.V.<br \/>\nPostfach 19 08, 79509 L\u00f6rrach,<br \/>\nTel 07621\/40100, Fax: 07621\/140194,<br \/>\neMail: <a href=\"mailto:info@lebenshilfe-loerrach.de\">info@Lebenshilfe-loerrach.de<\/a>, Internet: <a href=\"https:\/\/www.lebenshilfe-loerrach.de\/\" target=\"_blank\">www.Lebenshilfe-Loerrach.de<\/a><\/p>\n<p><a href=\"https:\/\/www.freiburg-schwarzwald.de\/boetzingen.htm#Lebenshilfe und B\u00f6tzingen f\u00fcr Integration behinderter Kinder\">Lebenshilfe und B\u00f6tzingen f\u00fcr Integration behinderter Kinder<\/a> &gt;Boetzingen (9.10.2008)<br \/>\n<a href=\"https:\/\/www.freiburg-schwarzwald.de\/wiesental1.htm#Lebenshilfe in Aussenstelle Wembach - Ferienprogramm f\u00fcr Kinder\">Lebenshilfe in Aussenstelle Wembach &#8211; Ferienprogramm f\u00fcr Kinder<\/a> &gt;Wiesental1 (22.11.2007)<br \/>\n<a href=\"https:\/\/www.freiburg-schwarzwald.de\/freizeit.htm#Herzenssache.net - Partnervermittlung f\u00fcr Behinderte\">Herzenssache.net &#8211; Partnervermittlung f\u00fcr Behinderte<\/a> &gt;Freizeit<br \/>\n<a href=\"https:\/\/www.freiburg-schwarzwald.de\/kinder3.htm#Familienunterst\u00fctzenden Dienst (FuD) f\u00fcr behinderte Kinder\">Familienunterst\u00fctzenden Dienst (FuD) f\u00fcr behinderte Kinder<\/a> &gt;Kinder3 (12.7.2006)<br \/>\n<a href=\"https:\/\/www.freiburg-schwarzwald.de\/markgraeflerland2.htm#Lebenshilfe M\u00fcllheim braucht Geld zum Kauf ihres Domizils\">Lebenshilfe M\u00fcllheim braucht Geld zum Kauf ihres Domizils<\/a> &gt;Markgraeflerland2 (1.12.2005)<\/p>\n<p>&nbsp;<\/p>\n<p><a name=\"Pers\u00f6nliches Budget\"><\/a><strong>Pers\u00f6nliches Budget<\/strong><\/p>\n<p>Seit dem 1. Januar 2008 k\u00f6nnen Menschen mit Behinderung ein Pers\u00f6nliches Budget beantragen. Budget bedeutet Geld f\u00fcr Hilfe.<br \/>\n<a href=\"https:\/\/www.lebenshilfe-rvsb.de\/Startseite\/Beratung\/Persoenliches-Budget.html\">https:\/\/www.lebenshilfe-rvsb.de\/Startseite\/Beratung\/Persoenliches-Budget.html<\/a><\/p>\n<p>Einen neuen Weg, ein selbstbestimmteres Leben zu f\u00fchren, zeigt ein Projekt der Lebenshilfe S\u00fcdschwarzwald jetzt Menschen mit einer Behinderung sowie deren Angeh\u00f6rigen. Hinter dem Stichwort &#8222;pers\u00f6nliches Budget&#8220; verbirgt sich die M\u00f6glichkeit, Sachleistungen selbst zu gestalten. Beratung und Hilfestellung gibt als Vermittlerin Jasminka Misic, die in ihrer von der Aktion Mensch mitgetragenen T\u00e4tigkeit an zwei Tagen w\u00f6chentlich in Neustadt sitzt. Aufgabe der 31-j\u00e4hrigen Diplom-P\u00e4dagogin ist es auch, die Lebenshilfe-Mitarbeiter zu schulen, damit diese k\u00fcnftig ihren Sch\u00fctzlingen genau so helfen k\u00f6nnen. &#8230;. Alles vom 78..2011 auf<br \/>\n<a href=\"https:\/\/www.badische-zeitung.de\/titisee-neustadt\/ziel-selbstbestimmung\">https:\/\/www.badische-zeitung.de\/titisee-neustadt\/ziel-selbstbestimmung<\/a><\/p>\n<p>&nbsp;<\/p>\n<p>&nbsp;<\/p>\n<p><a name=\"Lebenshilfe Freiburg\"><\/a><strong>Lebenshilfe Freiburg<\/strong><\/p>\n<p>&#8222;Ziel der Lebenshilfe ist das Wohl geistig behinderter Menschen und ihrer Familien. Sie setzt sich daf\u00fcr ein, da\u00df jeder geistig behinderte Mensch so selbst\u00e4ndig wie m\u00f6glich leben kann und da\u00df ihm so viel<br \/>\nSchutz und Hilfe zuteil werden, wie er f\u00fcr sich braucht.&#8220;<\/p>\n<p>Offene Hilfen, Familienentlastender Dienst, Schulkindergarten, Kindergarten Purzelbaum, Lebenshilfe<\/p>\n<p>Lebenshilfe f\u00fcr Menschen mit Behinderungen Freiburg i.Br. und Umgebung e.V.<br \/>\nBelchenstra\u00dfe 2 A, 79115 Freiburg, Tel 0761 72193<br \/>\nRaimund Cimander, Gesch\u00e4ftsf\u00fchrer, cimander at lebenshilfe-freiburg.de<br \/>\nFuD: Susanne Dengler, 0761-4537726, dengler at lebenshilfe-freiburg.de<br \/>\n<a href=\"https:\/\/www.lebenshilfe-freiburg.de\/\">www.lebenshilfe-freiburg.de<\/a><\/p>\n<p><strong>Spenden: Konto 276300 06, BLZ 68090000, Volksbank Freiburg<\/strong><\/p>\n<p><a href=\"https:\/\/www.freiburg-schwarzwald.de\/boetzingen.htm#Lebenshilfe und B\u00f6tzingen f\u00fcr Integration behinderter Kinder\">Lebenshilfe und B\u00f6tzingen f\u00fcr Integration behinderter Kinder<\/a> &gt;Boetzingen (9.10.2008)<br \/>\n<a href=\"https:\/\/www.freiburg-schwarzwald.de\/littenweiler\/kunst1.htm#Kunst kennt keine Behinderung: Lebenshilfe stellt aus\">Kunst kennt keine Behinderung: Lebenshilfe stellt aus<\/a> &gt;Kunst1 (12.7.2008)<br \/>\n<a href=\"https:\/\/www.freiburg-schwarzwald.de\/littenweiler\/behinderung2.htm#Matinee der Lebenshilfe: Bauverein-Spende 1500 Euro\">Matinee der Lebenshilfe: Bauverein-Spende 1500 Euro<\/a> &gt;Behinderung2 (22.3.2007)<br \/>\n<a href=\"https:\/\/www.freiburg-schwarzwald.de\/familie2.htm#Familienratgeber.de erh\u00e4lt neues Gesicht\">Familienratgeber.de erh\u00e4lt neues Gesicht<\/a> &gt;Familie2 (4.1.2006)<br \/>\n<a href=\"https:\/\/www.freiburg-schwarzwald.de\/littenweiler\/scfreiburg.htm#SC-Fanclub Lebenshilfe-F\u00fcchse f\u00fcr geistig behinderte Fu\u00dfballbegeisterte\">SC-Fanclub Lebenshilfe-F\u00fcchse f\u00fcr geistig behinderte Fu\u00dfballbegeisterte<\/a> &gt;ScFreiburg (16.9.)<\/p>\n<p>&nbsp;<\/p>\n<p><a name=\"JID - Junge Initiative Dreil\u00e4ndereck in Schopfheim\"><\/a><strong>JID &#8211; Junge Initiative Dreil\u00e4ndereck in Schopfheim<\/strong><\/p>\n<p>Initiative MS-Erkrankter<br \/>\nTreffen am 1.Do im Monat um 19.30 Uhr ev.Gemeindehaus in Schopfheim-Fahrnau.<br \/>\nc\/o Matthias Trefzger, Tel 07622\/ 6849 611, <a href=\"mailto:junge-initiative@arcor.de\">junge-initiative@arcor.de<\/a><\/p>\n<p><a href=\"https:\/\/www.freiburg-schwarzwald.de\/schopfheim.htm#JID f\u00fcr Multiple Sklerose-Erkrankte als Erg\u00e4nzung zur Amsel\">JID f\u00fcr Multiple Sklerose-Erkrankte als Erg\u00e4nzung zur Amsel<\/a> &gt;Schopfheim (26.11.2008)<\/p>\n<p>&nbsp;<\/p>\n<p>&nbsp;<\/p>\n","protected":false},"excerpt":{"rendered":"<p>Home &gt;Selbsthilfe &gt;Behinderung &gt;Down-Syndrom\u00a0&gt;Lebenshilfe Bila &#8211; Inklusion im Vauban (5.12.2014) https:\/\/www.freiburg-schwarzwald.de\/blog\/inklusion-vauban-lebenshilfe\/\u00a0(5.5.2013) Selbst\u00e4ndig wohnen, selbst\u00e4ndig leben &#8211; Inklusive Wohnformen &gt;Behinderung3 (12.11.2010) Martin Wangler: Benefiz f\u00fcr Lebenshilfe Hochschwarzwald &gt;Musik3 (3.4.2010) Irma Butsch mit dem DSMG-Pflegepreis 2008 ausgezeichnet &gt;Lebenshilfe (14.11.2008) Sozialtherapeuthische Gemeinschaft &#8222;Am &hellip; <a href=\"https:\/\/www.freiburg-schwarzwald.de\/blog\/selbsthilfe\/behinderung\/lebenshilfe\/\">Weiterlesen <span class=\"meta-nav\">&rarr;<\/span><\/a><\/p>\n","protected":false},"author":4,"featured_media":0,"parent":114,"menu_order":0,"comment_status":"open","ping_status":"closed","template":"","meta":{"footnotes":""},"class_list":["post-28802","page","type-page","status-publish","hentry"],"_links":{"self":[{"href":"https:\/\/www.freiburg-schwarzwald.de\/blog\/wp-json\/wp\/v2\/pages\/28802","targetHints":{"allow":["GET"]}}],"collection":[{"href":"https:\/\/www.freiburg-schwarzwald.de\/blog\/wp-json\/wp\/v2\/pages"}],"about":[{"href":"https:\/\/www.freiburg-schwarzwald.de\/blog\/wp-json\/wp\/v2\/types\/page"}],"author":[{"embeddable":true,"href":"https:\/\/www.freiburg-schwarzwald.de\/blog\/wp-json\/wp\/v2\/users\/4"}],"replies":[{"embeddable":true,"href":"https:\/\/www.freiburg-schwarzwald.de\/blog\/wp-json\/wp\/v2\/comments?post=28802"}],"version-history":[{"count":0,"href":"https:\/\/www.freiburg-schwarzwald.de\/blog\/wp-json\/wp\/v2\/pages\/28802\/revisions"}],"up":[{"embeddable":true,"href":"https:\/\/www.freiburg-schwarzwald.de\/blog\/wp-json\/wp\/v2\/pages\/114"}],"wp:attachment":[{"href":"https:\/\/www.freiburg-schwarzwald.de\/blog\/wp-json\/wp\/v2\/media?parent=28802"}],"curies":[{"name":"wp","href":"https:\/\/api.w.org\/{rel}","templated":true}]}}