{"id":28538,"date":"2013-05-02T15:54:23","date_gmt":"2013-05-02T13:54:23","guid":{"rendered":"https:\/\/www.freiburg-schwarzwald.de\/blog\/?page_id=28538"},"modified":"2019-01-28T16:16:25","modified_gmt":"2019-01-28T15:16:25","slug":"gremmelspacher","status":"publish","type":"page","link":"https:\/\/www.freiburg-schwarzwald.de\/blog\/business\/handwerk\/holzbau\/gremmelspacher\/","title":{"rendered":"Gremmelspacher"},"content":{"rendered":"<p>Home &gt;<a title=\"Business\" href=\"https:\/\/www.freiburg-schwarzwald.de\/blog\/business\/\">Business<\/a> &gt;<a title=\"Handwerk\" href=\"https:\/\/www.freiburg-schwarzwald.de\/blog\/business\/handwerk\/\">Handwerk<\/a> &gt;<a title=\"Energie\" href=\"https:\/\/www.freiburg-schwarzwald.de\/blog\/energie\/\">Energie<\/a> &gt;<a title=\"Holzbau\" href=\"https:\/\/www.freiburg-schwarzwald.de\/blog\/business\/handwerk\/holzbau\/\">Holzbau<\/a> &gt;Gremmelspacher<\/p>\n<div id=\"attachment_28553\" style=\"width: 614px\" class=\"wp-caption alignnone\"><a href=\"https:\/\/www.freiburg-schwarzwald.de\/blog\/business\/handwerk\/holzbau\/gremmelspacher\/stpeter060923-27pan\/\" rel=\"attachment wp-att-28553\"><img loading=\"lazy\" decoding=\"async\" aria-describedby=\"caption-attachment-28553\" class=\"size-full wp-image-28553\" title=\"stpeter060923-27pan\" src=\"https:\/\/www.freiburg-schwarzwald.de\/blog\/wp-content\/uploads\/2013\/05\/stpeter060923-27pan.jpg\" alt=\"\" width=\"604\" height=\"203\" srcset=\"https:\/\/www.freiburg-schwarzwald.de\/blog\/wp-content\/uploads\/2013\/05\/stpeter060923-27pan.jpg 604w, https:\/\/www.freiburg-schwarzwald.de\/blog\/wp-content\/uploads\/2013\/05\/stpeter060923-27pan-180x60.jpg 180w\" sizes=\"auto, (max-width: 604px) 100vw, 604px\" \/><\/a><p id=\"caption-attachment-28553\" class=\"wp-caption-text\">Blick nach Westen \u00fcber das Gewerbegebiet St.Peter am 23.9.2006 &#8211; Zimmerei Gremmelspacher rechts<\/p><\/div>\n<p>&nbsp;<\/p>\n<ul>\n<li>Zimmerei Gremmelspacher &#8211; Kunden spenden 2100 Euro (23.1.2019)<\/li>\n<li><a title=\"Rosbaum\" href=\"https:\/\/www.freiburg-schwarzwald.de\/blog\/business\/dienste\/immobilien\/wohnen\/rosbaum\/\">Reihenhausdach abrei\u00dfen und komplett neu erstellen<\/a> (10\/2017 bis 1\/2018)<\/li>\n<li><a title=\"Aufstocken\" href=\"https:\/\/www.freiburg-schwarzwald.de\/blog\/business\/dienste\/immobilien\/nachverdichtung\/aufstocken\/\">Anbau um zwei Etagen aufstocken<\/a> (4\/2017 bis 7\/2017)<\/li>\n<li><a href=\"https:\/\/www.freiburg-schwarzwald.de\/blog\/zimmergeselle-kienzler-st-peter\/\">https:\/\/www.freiburg-schwarzwald.de\/blog\/zimmergeselle-kienzler-st-peter\/<\/a> (16.11.2016)<\/li>\n<li>Zimmerei Gremmelspacher in St. Peter feierte 20-j\u00e4hriges Firmenjubil\u00e4um (18.7.2013)<\/li>\n<li><a title=\"Walmdach\" href=\"https:\/\/www.freiburg-schwarzwald.de\/blog\/business\/handwerk\/walmdach\/\">Walmdach sanieren<\/a> (13.5.2013)<\/li>\n<li>Auch Zimmerei Gremmelspacher\u00a0profitiert vom Energiespar-Trend (2.5.2013)<\/li>\n<li><a href=\"https:\/\/www.freiburg-schwarzwald.de\/littenweiler\/dachausbau.htm\">Aufstockung und Ausbau einer zus\u00e4tzlichen Wohnung in FR-Littenweiler<\/a>\u00a0&gt;Dachausbau<\/li>\n<li><a href=\"https:\/\/www.freiburg-schwarzwald.de\/stpeter8.htm#Zimmerei Gremmelspacher sponsort D-Junioren des SV St.Peter\">Zimmerei Gremmelspacher sponsort D-Junioren des SV St.Peter<\/a> &gt;StPeter8 (23.7.2010)<\/li>\n<li><a href=\"https:\/\/www.freiburg-schwarzwald.de\/littenweiler\/bau1.htm#Hausbesichtigung: Aufstockung und Sanierung eines Altbaus\">Hausbesichtigung Littenweiler: Aufstockung und Sanierung eines Altbaus<\/a> &gt;Bau1 (27.11.2009)<\/li>\n<li><a href=\"https:\/\/www.freiburg-schwarzwald.de\/stpeter8.htm#Drei Firmen machen sich stark f\u00fcr den Klimaschutz\">Drei Firmen machen sich stark f\u00fcr den Klimaschutz<\/a> &gt;StPeter8 (1.10.2009)<\/li>\n<li><a href=\"https:\/\/www.freiburg-schwarzwald.de\/stpeter-leistungsschau.htm#Leistungsschau St.Peter am 19.-20.9.2009 mit Franz Alt\">Leistungsschau St.Peter am 19.-20.9.2009 mit Franz Alt<\/a> &gt;StPeter-Leistungsschau (8.9.2009)<\/li>\n<li><a href=\"https:\/\/www.freiburg-schwarzwald.de\/stpeter7.htm#2. Leistungsschau in St.Peter 19.\/20.9.2009 - Franz Alt ist eingeladen\">2. Leistungsschau in St.Peter 19.\/20.9.2009 &#8211; Franz Alt ist eingeladen<\/a> &gt;StPeter7 (13.6.2009)<\/li>\n<li><a href=\"https:\/\/www.freiburg-schwarzwald.de\/littenweiler\/kirchzarten9.htm#B\u00fcrgermeister Hall verleiht JES-Urkunden im Sch\u00fclerhaus\">B\u00fcrgermeister Hall verleiht JES-Urkunden im Sch\u00fclerhaus<\/a> &gt;Kirchzarten9 (19.2.2009)<\/li>\n<li><a href=\"https:\/\/www.freiburg-schwarzwald.de\/stpeter-leistungsschau.htm\">HTH Gewerbeschau<\/a> &gt;StPeter-Leistungsschau (24.9.2006)<\/li>\n<li><a href=\"https:\/\/www.freiburg-schwarzwald.de\/geologie.htm#Holzhaus - vorteilhaft bez\u00fcglich Erdbeben\">Holzhaus &#8211; vorteilhaft bez\u00fcglich Erdbeben<\/a> &gt;Geologie (2.2.2005)<\/li>\n<li><\/li>\n<li>Zimmerei Gremmelspacher &#8211; FamilyHouse<\/li>\n<li>Bauen-hoch-drei in St.Peter und St.M\u00e4rgen<\/li>\n<li><a title=\"Walmdach\" href=\"https:\/\/www.freiburg-schwarzwald.de\/blog\/business\/handwerk\/walmdach\/\">Walmdach energetisch sanieren<\/a>\u00a0&gt;Walmdach<\/li>\n<\/ul>\n<p>&nbsp;<\/p>\n<p><strong>Zimmerei Gremmelspacher &#8211; FamilyHouse<\/strong><\/p>\n<p>Die Zimmerei Gremmelspacher ist ein mittelst\u00e4ndisches Unternehmen, das sich schon seit mehreren Jahren darauf konzentriert hat dem Kunden Komplettl\u00f6sungen anzubieten. Es begann mit Komplettangebote f\u00fcr Dachgaupen, Innenausbauten, Sanierungen, sp\u00e4ter dann komplette hochwertige Holzh\u00e4user in schl\u00fcsselfertiger Bauweise &#8211; www.Family-House.de. Nun werden wir zusammen mit den Firmen L\u00f6ffler und Baumann dem Hausbesitzer eine noch umfangreicherer Leistung im Sanierungsbereich anbieten. Unser Bereich im Team <a href=\"https:\/\/www.freiburg-schwarzwald.de\/littenweiler\/bau.htm#Energie-hoch-drei in St.Peter und St.M\u00e4rgen\">EnergieHochDrei bzw. BauenHoch3<\/a> umfasst Vollw\u00e4rmed\u00e4mmsysteme im Fassadenbereich mit \u00f6kologischen D\u00e4mmstoffen sowie die Dachsanierungen nach den neuesten Anforderungen. Ausschlie\u00dflich bew\u00e4hrte D\u00e4mmsysteme und Dacheindeckungen kommen zur Ausf\u00fchrung. Eine langj\u00e4hrige Erfahrung in diesen Bereichen gew\u00e4hrt Ihnen eine solide Arbeit.<\/p>\n<p>Familyhouse &#8211; Zimmerei &#8211; Anbauten &#8211; Sanierung &#8211; Einfamilienh\u00e4user<br \/>\nFranz Gremmelspacher, J\u00f6rgleweg 7, 79271 St.Peter, Tel 07660\/1716, Fax 1228<br \/>\n<a href=\"https:\/\/www.family-house.de\/\">www.family-house.de<\/a> , <a href=\"mailto:info@familyhouse.de\">info@familyhouse.de<\/a>, <a href=\"mailto:fg@familyhouse.de\">fg@familyhouse.de<\/a><\/p>\n<p>&nbsp;<\/p>\n<p><a href=\"https:\/\/www.freiburg-schwarzwald.de\/blog\/business\/handwerk\/holzbau\/gremmelspacher\/alt-stpeter090922\/\" rel=\"attachment wp-att-28550\"><img loading=\"lazy\" decoding=\"async\" class=\"alignnone size-thumbnail wp-image-28550\" title=\"alt-stpeter090922\" src=\"https:\/\/www.freiburg-schwarzwald.de\/blog\/wp-content\/uploads\/2013\/05\/alt-stpeter090922-180x140.jpg\" alt=\"\" width=\"180\" height=\"140\" srcset=\"https:\/\/www.freiburg-schwarzwald.de\/blog\/wp-content\/uploads\/2013\/05\/alt-stpeter090922-180x140.jpg 180w, https:\/\/www.freiburg-schwarzwald.de\/blog\/wp-content\/uploads\/2013\/05\/alt-stpeter090922.jpg 640w\" sizes=\"auto, (max-width: 180px) 100vw, 180px\" \/><\/a>\u00a0\u00a0\u00a0\u00a0\u00a0\u00a0\u00a0\u00a0\u00a0\u00a0<a href=\"https:\/\/www.freiburg-schwarzwald.de\/blog\/business\/handwerk\/holzbau\/gremmelspacher\/stpeter060924-15e\/\" rel=\"attachment wp-att-28562\"><img loading=\"lazy\" decoding=\"async\" class=\"alignnone size-thumbnail wp-image-28562\" title=\"stpeter060924-15e\" src=\"https:\/\/www.freiburg-schwarzwald.de\/blog\/wp-content\/uploads\/2013\/05\/stpeter060924-15e-180x135.jpg\" alt=\"\" width=\"180\" height=\"135\" srcset=\"https:\/\/www.freiburg-schwarzwald.de\/blog\/wp-content\/uploads\/2013\/05\/stpeter060924-15e-180x135.jpg 180w, https:\/\/www.freiburg-schwarzwald.de\/blog\/wp-content\/uploads\/2013\/05\/stpeter060924-15e.jpg 640w\" sizes=\"auto, (max-width: 180px) 100vw, 180px\" \/><\/a>\u00a0\u00a0\u00a0\u00a0\u00a0\u00a0\u00a0\u00a0\u00a0 <a href=\"https:\/\/www.freiburg-schwarzwald.de\/blog\/business\/handwerk\/holzbau\/gremmelspacher\/stpeter060924-19\/\" rel=\"attachment wp-att-28563\"><img loading=\"lazy\" decoding=\"async\" class=\"alignnone size-thumbnail wp-image-28563\" title=\"stpeter060924-19\" src=\"https:\/\/www.freiburg-schwarzwald.de\/blog\/wp-content\/uploads\/2013\/05\/stpeter060924-19-180x135.jpg\" alt=\"\" width=\"180\" height=\"135\" srcset=\"https:\/\/www.freiburg-schwarzwald.de\/blog\/wp-content\/uploads\/2013\/05\/stpeter060924-19-180x135.jpg 180w, https:\/\/www.freiburg-schwarzwald.de\/blog\/wp-content\/uploads\/2013\/05\/stpeter060924-19.jpg 640w\" sizes=\"auto, (max-width: 180px) 100vw, 180px\" \/><\/a><br \/>\n(1) Franz Alt bei Gremmelspacher\u00a0\u00a0\u00a0\u00a0\u00a0\u00a0\u00a0\u00a0 (2) Wand Holzst\u00e4nderbauweise\u00a0\u00a0\u00a0\u00a0\u00a0\u00a0\u00a0\u00a0\u00a0\u00a0\u00a0 (3) Montagehalle in St. Peter<\/p>\n<p>(1) Leistungsschau St.Peter 19.9.2009: Franz Gremmelspacher, Franz Alt (Vortrag \u00fcber Energiesparen und Solar), Marco Rombach und Vinco Miocic (von links)<br \/>\n(2) Franz Gremmelspacher (rechts) mit Team auf der <a href=\"https:\/\/www.freiburg-schwarzwald.de\/stpeter-leistungsschau.htm\">Leistungsschau St.Peter <\/a>am 24.9.06<br \/>\n(3) Blick nach Nordosten am 24.9.2006 in St. Peter: Halle vom Family-House<\/p>\n<p>&nbsp;<\/p>\n<p><strong><a name=\"Energie-hoch-drei in St.Peter und St.M\u00e4rgen\"><\/a>Bauen-hoch-drei in St.Peter und St.M\u00e4rgen<\/strong><\/p>\n<table border=\"0\" width=\"100%\" cellspacing=\"0\" cellpadding=\"0\">\n<tbody>\n<tr>\n<td align=\"middle\" width=\"33%\"><a href=\"https:\/\/www.freiburg-schwarzwald.de\/blog\/business\/handwerk\/holzbau\/gremmelspacher\/familyhouse\/\" rel=\"attachment wp-att-28541\"><img loading=\"lazy\" decoding=\"async\" class=\"alignnone size-full wp-image-28541\" title=\"familyhouse\" src=\"https:\/\/www.freiburg-schwarzwald.de\/blog\/wp-content\/uploads\/2013\/05\/familyhouse.jpg\" alt=\"\" width=\"149\" height=\"137\" \/><\/a><\/td>\n<td align=\"middle\" width=\"33%\"><a href=\"https:\/\/www.freiburg-schwarzwald.de\/blog\/business\/handwerk\/holzbau\/gremmelspacher\/weber-elektro\/\" rel=\"attachment wp-att-28542\"><img loading=\"lazy\" decoding=\"async\" class=\"alignnone size-full wp-image-28542\" title=\"weber-elektro\" src=\"https:\/\/www.freiburg-schwarzwald.de\/blog\/wp-content\/uploads\/2013\/05\/weber-elektro.gif\" alt=\"\" width=\"251\" height=\"175\" srcset=\"https:\/\/www.freiburg-schwarzwald.de\/blog\/wp-content\/uploads\/2013\/05\/weber-elektro.gif 251w, https:\/\/www.freiburg-schwarzwald.de\/blog\/wp-content\/uploads\/2013\/05\/weber-elektro-180x125.gif 180w\" sizes=\"auto, (max-width: 251px) 100vw, 251px\" \/><\/a><\/td>\n<td align=\"middle\" width=\"34%\"><\/td>\n<\/tr>\n<tr>\n<td align=\"middle\" width=\"33%\"><span style=\"font-family: Arial; font-size: xx-small;\">Gremmelspacher aus St. Peter<br \/>\n<\/span><\/td>\n<td align=\"middle\" width=\"33%\"><span style=\"font-family: Arial; font-size: xx-small;\">Marco Weber in St. Peter<br \/>\n<\/span><\/td>\n<td align=\"middle\" width=\"34%\"><span style=\"font-family: Arial; font-size: xx-small;\">L\u00f6ffler aus St. M\u00e4rgen<br \/>\n<\/span><\/td>\n<\/tr>\n<\/tbody>\n<\/table>\n<p>Durch die Vielzahl der unterschiedlichen architektonischen und technischen Anforderungen gibt es kein universell einsetzbares Energiesparsystem. Als Grundlage f\u00fcr eine sinnvolle Energieeinsparung dient die sachgerechte Auswahl der einzelnen Ma\u00dfnahmen innerhalb eines Gesamtkonzeptes. F\u00fcr die Renovierung sind deshalb kompetente Fachleute gefragt. BauenHoch3 entwickelt auf der Grundlage einer Energiebilanz ein Gesamtkonzept f\u00fcr das jeweilige Geb\u00e4ude. Dies ist besonderes wichtig, wenn die Modernisierung nach und nach erfolgen soll. Die einzelnen Konstruktionen zur Energieeinsparung werden hierbei optimal aufeinander abgestimmt, damit sie mit den\u00a0sp\u00e4ter vorgesehenen Ma\u00dfnahmen harmonieren und nicht zur Fehlinvestition werden.<\/p>\n<p>Durch den Zusammenschluss dreier Fachleute aus dem Dreisamtal zum Team Energie hat der Kunde einen kompetenten Ansprechpartner rund um das Thema Energieeinsparung an und in seinem Geb\u00e4ude. Das Team besteht aus der <a href=\"https:\/\/www.freiburg-schwarzwald.de\/littenweiler\/holzbau.htm#Zimmerei Gremmelspacher in St.Peter\">Zimmerei Franz Gremmelspacher<\/a> in St.Peter, der <a href=\"https:\/\/www.freiburg-schwarzwald.de\/littenweiler\/bau.htm#L\u00f6ffler KG in St.M\u00e4rgen\">Maler und Stukkateur L\u00f6ffler KG<\/a> in St.M\u00e4rgen und der Fachfirma f\u00fcr Elektro und Solartechnik <a href=\"https:\/\/www.freiburg-schwarzwald.de\/littenweiler\/elektro.htm#Weber, Elektrotechnik aus St. Peter\">Marco Weber in St.Peter<\/a>.<\/p>\n<p><a href=\"https:\/\/www.bauenhoch3.de\/\">www.bauenhoch3.de<\/a><\/p>\n<p>&#8212;&#8212;&#8212;&#8212;&#8212;&#8212;&#8212;-<\/p>\n<p>&nbsp;<\/p>\n<p><strong>Zimmerei Gremmelspacher &#8211; Kunden spenden 2100 Euro<\/strong><br \/>\nWeihnachtsaktion der Zimmerei Gremmelspacher aus St. Peter unterst\u00fctzt den Bundesverband Kinderhospiz<br \/>\nF\u00fcr ihre Kunden tut die Zimmerei Gremmelspacher in St. Peter so ziemlich alles. Zum Beispiel mitten im Vorweihnachtstrubel die gesamte Abbundhalle ausr\u00e4umen und f\u00fcr die j\u00e4hrliche gro\u00dfe Weihnachtsaktion dekorieren. Bei Kaff ee, Kuchen und vielen Leckereien erleben die rund einhundert G\u00e4ste einen herrlich entspannten Tag, f\u00fcr Kinder gibt es Bastelangebote und es darf der Werkstoff Holz erkundet werden, und einen Weihnachtsbaum in gew\u00fcnschter H\u00f6he bekommt man obendrein geschenkt! \u201eUnsere Weihnachtsaktion veranstalten wir immer zu einem guten Zweck\u201c, erkl\u00e4rt Franz Gremmelspacher. Gemeinsam mit seiner Frau Adelheid leitet er die Zimmerei seit 25 Jahren. Die Weihnachtsaktion veranstaltet das Ehepaar mit seinem Team bereits seit zehn Jahren. Soziales Engagement ist ihnen sehr wichtig, und so w\u00e4hlen sie f\u00fcr das j\u00e4hrliche Kundenfest immer ein Projekt aus, das durch Spenden an diesem Tag unterst\u00fctzt wird. \u201eWir machen am liebsten etwas f\u00fcr Kinder\u201c, so Adelheid Gremmelspacher, \u201eund da sind wir auf die Arbeit des Bundesverbands Kinderhospiz aufmerksam geworden.\u201c Auch in der Schwarzwaldgemeinde St.Peter unterst\u00fctzt der Bundesverband betroffene Familien, die ein lebensverk\u00fcrzend erkranktes Kind haben oder ihr Kind aufgrund einer solchen Krankheit bereits verlieren mussten. Die Herzlichkeit, mit der sich das Ehepaar Gremmelspacher f\u00fcr das schwierige Thema Kinderhospizarbeit einsetzt \u00fcbertrug sich auch auf die Kunden bei der Weihnachtsaktion: \u201eSo viel wie in diesem Jahr wurde noch nie gespendet!\u201c, freut sich Franz Gremmelspacher. Einen Scheck \u00fcber 2100 Euro konnte das Ehepaar an Anja Bieber vom Bundesverband Kinderhospiz \u00fcbergeben, die sich auch im Namen der betroffenen Familien herzlich bedankte: \u201eEs ist wunderbar, hier in der Region so engagierte Unterst\u00fctzer zu haben!\u201c.<br \/>\n23.1.2019, <a href=\"https:\/\/www.dreisamtaeler.de\">https:\/\/www.dreisamtaeler.de<\/a><\/p>\n<p>&nbsp;<\/p>\n<p dir=\"ltr\"><strong>Zimmerei Gremmelspacher in St. Peter feierte 20-j\u00e4hriges Firmenjubil\u00e4um<\/strong><\/p>\n<p>An die 300 Besucher feierten mit Franz Gremmelspacher das 20-j\u00e4hrige Bestehen seiner Firma. Es kamen Kunden, Partnerfirmen, Lieferanten, viele Interessierte, die eine Zimmerei mal von innen sehen wollten, und sogar ehemalige und zuk\u00fcnftige Auszubildende. Auch B\u00fcrgermeister Rudolf Schuler gratulierte Gremmelspacher, denn eine lebendige Gemeinde ist auch auf erfolgreiche Unternehmen angewiesen und zwar nicht nur als Gewerbesteuerzahler. Immerhin ist die Zimmerei Gremmelspacher Ausbildungsbetrieb und Arbeitgeber von sechzehn Mitarbeitern.<\/p>\n<p><a href=\"https:\/\/www.freiburg-schwarzwald.de\/blog\/business\/handwerk\/holzbau\/gremmelspacher\/gremmelspacher130713\/\" rel=\"attachment wp-att-34865\"><img loading=\"lazy\" decoding=\"async\" class=\"alignnone size-thumbnail wp-image-34865\" title=\"gremmelspacher130713\" src=\"https:\/\/www.freiburg-schwarzwald.de\/blog\/wp-content\/uploads\/2013\/05\/gremmelspacher130713-140x180.jpg\" alt=\"\" width=\"140\" height=\"180\" srcset=\"https:\/\/www.freiburg-schwarzwald.de\/blog\/wp-content\/uploads\/2013\/05\/gremmelspacher130713-140x180.jpg 140w, https:\/\/www.freiburg-schwarzwald.de\/blog\/wp-content\/uploads\/2013\/05\/gremmelspacher130713.jpg 498w\" sizes=\"auto, (max-width: 140px) 100vw, 140px\" \/><\/a>\u00a0\u00a0\u00a0\u00a0\u00a0\u00a0\u00a0\u00a0\u00a0\u00a0\u00a0\u00a0\u00a0\u00a0\u00a0\u00a0\u00a0 \u00a0\u00a0\u00a0\u00a0 <a href=\"https:\/\/www.freiburg-schwarzwald.de\/blog\/business\/handwerk\/holzbau\/gremmelspacher\/gremmelspacher-fest130713\/\" rel=\"attachment wp-att-34866\"><img loading=\"lazy\" decoding=\"async\" class=\"alignnone size-thumbnail wp-image-34866\" title=\"gremmelspacher-fest130713\" src=\"https:\/\/www.freiburg-schwarzwald.de\/blog\/wp-content\/uploads\/2013\/05\/gremmelspacher-fest130713-180x120.jpg\" alt=\"\" width=\"180\" height=\"120\" srcset=\"https:\/\/www.freiburg-schwarzwald.de\/blog\/wp-content\/uploads\/2013\/05\/gremmelspacher-fest130713-180x120.jpg 180w, https:\/\/www.freiburg-schwarzwald.de\/blog\/wp-content\/uploads\/2013\/05\/gremmelspacher-fest130713.jpg 640w\" sizes=\"auto, (max-width: 180px) 100vw, 180px\" \/><\/a><br \/>\n(1) 13.7.2013 BGM Schuler rechts\u00a0\u00a0\u00a0\u00a0\u00a0\u00a0\u00a0 (2) 13.7.2013 Hock in St.Peter<\/p>\n<p dir=\"ltr\">(1) B\u00fcrgermeister Rudolf Schuler gratulierte Franz Gremmelspacher zum 20-j\u00e4hrigen Bestehen seiner Firma<br \/>\n(2) Fr\u00f6hliche Festatmosph\u00e4re beim 20-j\u00e4hrigen Firmenjubil\u00e4um &#8211; Bilder: Dagmar Engesser<\/p>\n<p>Das Fest war rundum gelungen und bot den Besuchern ein vielseitiges Programm. Sehr gut kamen die Kletterwand und das Kreativprogramm f\u00fcr Kinder an, der Auftritt des 1. Freiburger Rock\u2019n Roll Clubs begeisterte das Publikum und absolut mitrei\u00dfend waren die Hallelujah Stompers mit ihrem Jazz- und Blues-Programm! Wer die Festatmosph\u00e4re nachempfinden m\u00f6chte, kann dies \u00fcber die Bildergalerie tun: <a href=\"https:\/\/www.family-house.de\/bildergalerie\/jubilaeum\">https:\/\/www.family-house.de\/bildergalerie\/jubilaeum<\/a><\/p>\n<p>17.7.2013, Dagmar Engesser, <a href=\"https:\/\/www.dreisa,taeler.de\">www.dreisamtaeler.de<\/a><\/p>\n<p>&nbsp;<\/p>\n<p><strong>Auch Zimmerei Gremmelspacher\u00a0profitiert vom Energiespar-Trend<\/strong><\/p>\n<p>&#8222;Ohne die verschiedenen staatlichen F\u00f6rderm\u00f6glichkeiten w\u00fcrden vermutlich viele unserer Auftr\u00e4ge im Sanierungsbereich wegfallen, eventuell bis zu 50 Prozent, sch\u00e4tze ich mal&#8220;, sagt Franz Gremmelspacher. Der Zimmermeister f\u00fchrt einen Zimmereibetrieb mit 16 Mitarbeitern in St. Peter im Schwarzwald. Als er die Firma 1993 als Ein-Mann-Unternehmen gegr\u00fcndet habe, seien Sanierungsauftr\u00e4ge noch Nebensache gewesen, erinnert er sich. Das Aufrichten von Dachst\u00fchlen auf Massivhausneubauten hingegen sei regelm\u00e4\u00dfig vorgekommen. Heute sieht die Situation v\u00f6llig anders aus. &#8222;Seit acht Jahren haben wir keinen einzigen Dachstuhl mehr auf einen Massivneubau mehr gesetzt&#8220;, berichtet der Unternehmer. In seinem Unternehmen machen Sanierungen nun rund 70 Prozent des Gesch\u00e4ftsvolumens aus \u2013 also sogar noch deutlich mehr als im Branchendurchschnitt. &#8222;Die Nachfrage hat sich stark gewandelt&#8220;, sagt Gremmelspacher.\u00a0Auch sein Unternehmen hat sich ver\u00e4ndert. &#8222;Wir haben 1998 angefangen, Komplettleistungen aus einer Hand anzubieten, also den kompletten Hausbau in Holzst\u00e4nderbauweise oder die Komplettsanierung, einschlie\u00dflich aller n\u00f6tigen Arbeiten anderer Gewerke und gegebenenfalls auch der Architektenleistungen&#8220;, erz\u00e4hlt der Firmenchef. Dazu arbeite man mit entsprechenden Partnerbetrieben zusammen. &#8222;Der Kunde erh\u00e4lt nur eine Rechnung, n\u00e4mlich von uns, und in der Regel ein Festpreisangebot&#8220;, erl\u00e4utert Gremmelspacher. Diese Neuausrichtung und Spezialisierung auf anspruchsvollere Auftr\u00e4ge habe sich ausgezahlt. Zum einen habe man so die Folgen der Liberalisierungen durch die Handwerksreform im Jahr 2004 gut verkraftet. Seitdem habe der Wettbewerb gerade bei einfacheren Holzbauaufgaben stark zugenommen \u2013 etwa beim Montieren von Carports. Dies habe die Preise nach unten gedr\u00fcckt. Zum anderen besetze das Unternehmen nun eine gewisse Nische und habe sich so eine Reputation aufbauen k\u00f6nnen \u2013 was sich in einem florierenden Markt bezahlt mache. Gremmelspachers Jahresumsatz liegt aktuell bei 2,5 Millionen Euro, wobei 1,3 Millionen Euro an Subunternehmer weiterflie\u00dfen. Auftr\u00e4ge gebe es zur Gen\u00fcge. Das Unternehmen aus St. Peter ist in vieler Hinsicht typisch f\u00fcr die Branche. Wie der Zimmererzentralverband Holzbau Deutschland in seinem Jahresbericht 2012 schreibt, machen die Zimmereien in Deutschland 49 Prozent ihres Umsatzes im Bestandsbau. Auch die gute Auftragslage betrifft alle: Im Jahr 2011 konnten Zimmerleute bundesweit ein Umsatzplus von satten zehn Prozent auf 5,97 Milliarden Euro verbuchen. Die Zahlen f\u00fcr 2012 sind noch nicht ermittelt, doch man rechnet mit einem weiteren Zuwachs von drei Prozent. &#8222;Energieeinsparung und Klimaschutz befl\u00fcgeln die Branchenentwicklung&#8220;, hei\u00dft es in dem Bericht.<\/p>\n<p>Eher untypisch ist hingegen die Gr\u00f6\u00dfe von Gremmelspachers Zimmerei. Denn fast 85 Prozent der etwa 11000 Zimmereibetriebe in Deutschland haben weniger als zehn Besch\u00e4ftigte. Im Bezirk der Handwerkskammer Freiburg, also grob gesagt zwischen L\u00f6rrach und Offenburg, gibt es derzeit rund 500 Zimmereien. Zu den eher branchen\u00fcblichen kleinen Zimmereibetrieben geh\u00f6rt etwa die Firma Buttenm\u00fcller in Au bei Freiburg mit f\u00fcnf Mitarbeitern. Inhaber Georg Buttenm\u00fcller erz\u00e4hlt aber fast die gleiche Geschichte wie sein Kollege aus St. Peter: 80 Prozent mache das Modernisierungs- und Sanierungsgesch\u00e4ft bei ihm inzwischen aus. &#8222;Ich habe mich deswegen auch zum Energieberater weitergebildet&#8220;, so der Zimmermeister. &#8222;Von der Bankenkrise und der Eurokrise haben wir bisher nichts gesp\u00fcrt \u2013 im Gegenteil&#8220;, sagt Georg Buttenm\u00fcller.<br \/>\n2.10.2013, Holger Schindler<\/p>\n<div>\n<div>Bundeskongress<br \/>\nAm Donnerstag, 2. Mai 2013, beginnt in Freiburg der Bundeskongress des Zimmerer- und Dachdeckerhandwerks. Zum Auftakt gibt es um 17 Uhr eine Kundgebung mit den Verbandschefs Ullrich Huth und Karl-Heinz Schneider auf dem Rathausplatz. Ein von Azubis gefertigtes Holzspielhaus wird in Anwesenheit von Oberb\u00fcrgermeister Dieter Salomon an einen Kindergarten \u00fcbergeben. Der Kongress wird am Freitag und am Samstag mit Vortr\u00e4gen und Diskussionen fortgesetzt.<\/div>\n<\/div>\n","protected":false},"excerpt":{"rendered":"<p>Home &gt;Business &gt;Handwerk &gt;Energie &gt;Holzbau &gt;Gremmelspacher &nbsp; Zimmerei Gremmelspacher &#8211; Kunden spenden 2100 Euro (23.1.2019) Reihenhausdach abrei\u00dfen und komplett neu erstellen (10\/2017 bis 1\/2018) Anbau um zwei Etagen aufstocken (4\/2017 bis 7\/2017) https:\/\/www.freiburg-schwarzwald.de\/blog\/zimmergeselle-kienzler-st-peter\/ (16.11.2016) Zimmerei Gremmelspacher in St. Peter feierte &hellip; <a href=\"https:\/\/www.freiburg-schwarzwald.de\/blog\/business\/handwerk\/holzbau\/gremmelspacher\/\">Weiterlesen <span class=\"meta-nav\">&rarr;<\/span><\/a><\/p>\n","protected":false},"author":4,"featured_media":0,"parent":28529,"menu_order":0,"comment_status":"open","ping_status":"closed","template":"","meta":{"footnotes":""},"class_list":["post-28538","page","type-page","status-publish","hentry"],"_links":{"self":[{"href":"https:\/\/www.freiburg-schwarzwald.de\/blog\/wp-json\/wp\/v2\/pages\/28538","targetHints":{"allow":["GET"]}}],"collection":[{"href":"https:\/\/www.freiburg-schwarzwald.de\/blog\/wp-json\/wp\/v2\/pages"}],"about":[{"href":"https:\/\/www.freiburg-schwarzwald.de\/blog\/wp-json\/wp\/v2\/types\/page"}],"author":[{"embeddable":true,"href":"https:\/\/www.freiburg-schwarzwald.de\/blog\/wp-json\/wp\/v2\/users\/4"}],"replies":[{"embeddable":true,"href":"https:\/\/www.freiburg-schwarzwald.de\/blog\/wp-json\/wp\/v2\/comments?post=28538"}],"version-history":[{"count":0,"href":"https:\/\/www.freiburg-schwarzwald.de\/blog\/wp-json\/wp\/v2\/pages\/28538\/revisions"}],"up":[{"embeddable":true,"href":"https:\/\/www.freiburg-schwarzwald.de\/blog\/wp-json\/wp\/v2\/pages\/28529"}],"wp:attachment":[{"href":"https:\/\/www.freiburg-schwarzwald.de\/blog\/wp-json\/wp\/v2\/media?parent=28538"}],"curies":[{"name":"wp","href":"https:\/\/api.w.org\/{rel}","templated":true}]}}