{"id":28529,"date":"2013-05-02T13:17:45","date_gmt":"2013-05-02T11:17:45","guid":{"rendered":"https:\/\/www.freiburg-schwarzwald.de\/blog\/?page_id=28529"},"modified":"2025-11-13T18:11:04","modified_gmt":"2025-11-13T17:11:04","slug":"holzbau","status":"publish","type":"page","link":"https:\/\/www.freiburg-schwarzwald.de\/blog\/business\/handwerk\/holzbau\/","title":{"rendered":"Holzbau"},"content":{"rendered":"<p style=\"text-align: left;\">Home &gt;<a title=\"Business\" href=\"https:\/\/www.freiburg-schwarzwald.de\/blog\/business\/\">Business<\/a> &gt;<a title=\"Handwerk\" href=\"https:\/\/www.freiburg-schwarzwald.de\/blog\/business\/handwerk\/\">Handwerk<\/a> &gt;<a title=\"Energie\" href=\"https:\/\/www.freiburg-schwarzwald.de\/blog\/energie\/\">Energie<\/a> &gt;<a href=\"https:\/\/www.freiburg-schwarzwald.de\/blog\/business\/dienste\/immobilien\/holzhaus\/\">Holzhaus<\/a> &gt;Holzbau<\/p>\n<div id=\"attachment_18098\" style=\"width: 649px\" class=\"wp-caption alignnone\"><a href=\"https:\/\/www.freiburg-schwarzwald.de\/blog\/engagement\/zukunft\/krieg\/steig8stpeter-pan121121\/\" rel=\"attachment wp-att-18098\"><img loading=\"lazy\" decoding=\"async\" aria-describedby=\"caption-attachment-18098\" class=\"size-full wp-image-18098\" title=\"steig8stpeter-pan121121\" src=\"https:\/\/www.freiburg-schwarzwald.de\/blog\/wp-content\/uploads\/2012\/12\/steig8stpeter-pan121121.jpg\" alt=\"\" width=\"639\" height=\"249\" srcset=\"https:\/\/www.freiburg-schwarzwald.de\/blog\/wp-content\/uploads\/2012\/12\/steig8stpeter-pan121121.jpg 639w, https:\/\/www.freiburg-schwarzwald.de\/blog\/wp-content\/uploads\/2012\/12\/steig8stpeter-pan121121-180x70.jpg 180w\" sizes=\"auto, (max-width: 639px) 100vw, 639px\" \/><\/a><p id=\"caption-attachment-18098\" class=\"wp-caption-text\">Blick vom Steig nach Norden am 21.11.2012 zu St.Peter und Kandel &#8211; Nebel quillt hoch aus dem Wagensteig-, Iben-, Eschbach-, Glotter- und Rheintal<\/p><\/div>\n<ul>\n<li><em>Listenauswahl eines Beitrags (Artikel\/Datum, Seite\/Inhalt):\u00a0<span style=\"text-decoration: underline;\">Klicken\u00a0<\/span>oder scrollen<\/em><\/li>\n<li><a href=\"https:\/\/www.freiburg-schwarzwald.de\/blog\/agrikulturfestival-freiburg-2025\/\">Agrikulturfestival 2025 im Eschholzpark<\/a>\u00a0(6.7.2025)<\/li>\n<li><a href=\"https:\/\/www.freiburg-schwarzwald.de\/blog\/energie\/solar\/photovoltaik\/\">PV-Anlage auf vorgebauter Schr\u00e4gwand \u2013 Elektro Ritter<\/a>\u00a0(24.2.2024)<\/li>\n<li><a href=\"https:\/\/www.freiburg-schwarzwald.de\/blog\/kita-zarten-12-eckiger-holzbau\/\">Kita Zarten 12-eckiger Holzbau<\/a> (4.2.2024)<\/li>\n<li><a href=\"https:\/\/www.freiburg-schwarzwald.de\/blog\/energie\/biomasse\/holz\/\">Entsteht in Friedenweiler-R\u00f6tenbach das gr\u00f6\u00dfte Holzwerk im Schwarzwald?<\/a> (20.3.2023)<\/li>\n<li><a href=\"https:\/\/www.freiburg-schwarzwald.de\/blog\/engagement\/vorschriften\/\">Vorschriften verhindern pers\u00f6nliches Engagement<\/a>\u00a0(22.2.2023)<\/li>\n<li><a href=\"https:\/\/www.freiburg-schwarzwald.de\/blog\/bruggaa-gasthaus-aus-holz-pur\/\">Bruggaa: Gasthaus aus Holz pur<\/a>\u00a0(14.12.2022)<\/li>\n<li><a href=\"https:\/\/www.freiburg-schwarzwald.de\/blog\/natur\/flora\/hanf\/\">Schallstadter G\u00e4rtnerei Urban plant Neubau aus Hanfkalk in Wyhl<\/a>\u00a0(30.5.2022)<\/li>\n<li>Holz-Fertighaus als Doppelhaus stellen (23.1.2022)<\/li>\n<li><a href=\"https:\/\/www.freiburg-schwarzwald.de\/blog\/business\/dienste\/immobilien\/holzhaus\/tiny-house\/\">Minimalismus \u2013 Tiny Houses von Johannes Mager in Kirchzarten<\/a>\u00a0(16.9.2021)<\/li>\n<li>K\u00e4ferholz als preiswerte Alternative im Hausbau (13.7.2021)<\/li>\n<li><a href=\"https:\/\/www.freiburg-schwarzwald.de\/blog\/business\/dienste\/immobilien\/sutter3kg\/\">Meierhof der Kartaus: Restaurierung durch Willi Sutter -Film<\/a>\u00a0 (24.3.2021)<\/li>\n<li><a href=\"https:\/\/www.freiburg-schwarzwald.de\/blog\/business\/dienste\/immobilien\/holzhaus\/\">Buggi52 \u2013 Achtgeschossiges Wohnhaus aus Holz in FR-Weingarten<\/a>\u00a0(19.3.2021)<\/li>\n<li><a href=\"https:\/\/www.freiburg-schwarzwald.de\/blog\/business\/dienste\/immobilien\/passivhochhaus\/\">Buggi52 \u2013 Deutschland h\u00f6chstes Haus in Holzbauweise<\/a>\u00a0(16.12.2020)<\/li>\n<li><a title=\"Sutter3KG\" href=\"https:\/\/www.freiburg-schwarzwald.de\/blog\/business\/dienste\/immobilien\/sutter3kg\/\">Sutter3KG \u2013 Einzug am Kunzenhof in Littenweiler<\/a>\u00a0(8.10.2019)<\/li>\n<li><a title=\"Bauwerk Schwarzwaldhof\" href=\"https:\/\/www.freiburg-schwarzwald.de\/blog\/bauwerk-schwarzwaldhof\/\">Bauwerk Schwarzwaldhof<\/a> (21.8.2019)<\/li>\n<li>Hausabri\u00df, um eine Neubau in Holzst\u00e4nderbauweise zu erstellen (19.2.2016)<\/li>\n<li><a title=\"Holz\" href=\"https:\/\/www.freiburg-schwarzwald.de\/blog\/energie\/biomasse\/holz\/\">SC-Stadion aus Holz \u2013 alle M\u00f6glichkeiten pr\u00fcfen<\/a>\u00a0&gt;Holz (31.12.2015)<\/li>\n<li><\/li>\n<li><a href=\"https:\/\/www.freiburg-schwarzwald.de\/littenweiler\/holzbau1.htm\">Neues ab 1.1.2003 zur &#8222;Holzbau&#8220;-Seite<\/a> &gt;Holzbau1<\/li>\n<li><a href=\"https:\/\/www.freiburg-schwarzwald.de\/littenweiler\/holzbau#Alemannischer Holzbau in Lenzkirch\">Alemannischer Holzbau in Lenzkirch<\/a><\/li>\n<li><a href=\"https:\/\/www.freiburg-schwarzwald.de\/littenweiler\/holzbau#Bammert in St. M\u00e4rgen\">Bammert in St. M\u00e4rgen<\/a><\/li>\n<li><a href=\"https:\/\/www.freiburg-schwarzwald.de\/littenweiler\/holzbau#Biodom-Werkbau in Furtwangen\">Biodom-Werkbau in Furtwangen<\/a><\/li>\n<li><a href=\"https:\/\/www.freiburg-schwarzwald.de\/blog\/kita-zarten-12-eckiger-holzbau\/\">Dilger Oberried: Kita Zarten 12-eckiger Holzbau<\/a>\u00a0(4.2.2024)<\/li>\n<li><a href=\"https:\/\/www.freiburg-schwarzwald.de\/industrie.htm#Dold Holzwerke in Buchenbach\" target=\"_blank\" rel=\"noopener\">Dold Holzwerke in Buchenbach<\/a> &gt;Industrie<\/li>\n<li><a href=\"https:\/\/www.freiburg-schwarzwald.de\/littenweiler\/holzbau#Elztal-Holzhaus GmbH in Elzach\">Elztal-Holzhaus GmbH in Elzach<\/a> &gt;Holzbau<\/li>\n<li><a href=\"https:\/\/www.freiburg-schwarzwald.de\/littenweiler\/bau.htm#Energie-hoch-drei in St.Peter und St.M\u00e4rgen\">Energie-hoch-drei in St.Peter, Stegen und St.M\u00e4rgen<\/a> &gt;Bau<\/li>\n<li><a title=\"Gremmelspacher\" href=\"https:\/\/www.freiburg-schwarzwald.de\/blog\/business\/handwerk\/holzbau\/gremmelspacher\/\">FamilyHouse <\/a><\/li>\n<li><a href=\"https:\/\/www.freiburg-schwarzwald.de\/littenweiler\/holzbau#Fischer\">Fischer<\/a> in Kirchzarten<\/li>\n<li><a href=\"https:\/\/www.freiburg-schwarzwald.de\/littenweiler\/holzbau#Ganter - Zimmerei, Treppenbau, Holzh\u00e4user, Winterg\u00e4rten\">Ganter<\/a> in Hinterzarten<\/li>\n<li><a href=\"https:\/\/www.freiburg-schwarzwald.de\/littenweiler\/holzbau#Gantert, Holzagentur in Elzach\">Gantert<\/a>, Holzagentur in Elzach<\/li>\n<li><a title=\"Gremmelspacher\" href=\"https:\/\/www.freiburg-schwarzwald.de\/blog\/business\/handwerk\/holzbau\/gremmelspacher\/\">Gremmelspacher<\/a> &#8211; Zimmerei in St. Peter<\/li>\n<li><a href=\"https:\/\/www.freiburg-schwarzwald.de\/littenweiler\/holzbau#Gr\u00fcnspecht in Freiburg-Hochdorf\">Gr\u00fcnspecht in Freiburg-Hochdorf<\/a><\/li>\n<li><a href=\"https:\/\/www.freiburg-schwarzwald.de\/littenweiler\/holzbau#Heizler in Unteribental\">Heizler<\/a>, S\u00e4gewerk und Blockh\u00e4user in Unteribental<\/li>\n<li><a href=\"https:\/\/www.freiburg-schwarzwald.de\/littenweiler\/holzbau#Hoch, Zimmerei im Hexental\">Hoch, Zimmerei im Hexental<\/a><\/li>\n<li><a href=\"https:\/\/www.freiburg-schwarzwald.de\/holzbau.htm\">HolzHaus<\/a> in Bonndorf<\/li>\n<li><a href=\"https:\/\/www.freiburg-schwarzwald.de\/sagewerke.htm#Holzwerk R\u00f6tenbach GmbH\">Holzwerk Gmbh in R\u00f6tenbach<\/a> &gt;Saegewerke<\/li>\n<li><a href=\"https:\/\/www.freiburg-schwarzwald.de\/littenweiler\/holzbau#Hug - Zimmerei, Holzbau, Schreinerei\">Hug<\/a> in Oberried<\/li>\n<li><a href=\"https:\/\/www.freiburg-schwarzwald.de\/littenweiler\/holzbau#Hummel - Zimmerei in St.Peter\">Hummel &#8211; Zimmerei in St.Peter<\/a><\/li>\n<li><a href=\"https:\/\/www.freiburg-schwarzwald.de\/littenweiler\/holzbau#Ketterer - Holzwerk und S\u00e4gewerk in Neustadt\">Ketterer<\/a>, S\u00e4gewerk in Neustadt<\/li>\n<li><a href=\"https:\/\/www.freiburg-schwarzwald.de\/littenweiler\/holzbau#Kleiser\">Kleiser<\/a> in Buchenbach<\/li>\n<li><a href=\"https:\/\/www.freiburg-schwarzwald.de\/littenweiler\/holzbau#Kn\u00f6pfle, Zimmermeister in R\u00f6tenbach\">Kn\u00f6pfle<\/a>, Zimmermeister in R\u00f6tenbach<\/li>\n<li><a href=\"https:\/\/www.freiburg-schwarzwald.de\/littenweiler\/holzbau#K\u00f6nig - Holzbau in Altglash\u00fctten\">K\u00f6nig &#8211; Holzbau in Altglash\u00fctten<\/a><\/li>\n<li><a href=\"https:\/\/www.freiburg-schwarzwald.de\/littenweiler\/holzbau#K\u00fcrner und Burger - Holzbau in Schonach\">K\u00fcrner und Burger in Schonach<\/a><\/li>\n<li><a href=\"https:\/\/www.freiburg-schwarzwald.de\/littenweiler\/holzbau#Lais Holzbau in Sch\u00f6nau\">Lais<\/a> Holzbau in Sch\u00f6nau<\/li>\n<li><a href=\"https:\/\/www.freiburg-schwarzwald.de\/littenweiler\/ph1.htm#Leonardi Br\u00fccke aus Holzbrettern bauen\">Leonardi Br\u00fccke aus Holzbrettern bauen<\/a> &gt;PH1 (24.7.2011)<\/li>\n<li><a href=\"https:\/\/www.freiburg-schwarzwald.de\/littenweiler\/holzbau#Miocic\">Miocic<\/a> in St. Peter<\/li>\n<li><a href=\"https:\/\/www.freiburg-schwarzwald.de\/littenweiler\/holzbau#Rohrer - Zimmerei in St.Peter\">Rohrer &#8211; Zimmerei in St.Peter<\/a><\/li>\n<li><a href=\"https:\/\/www.freiburg-schwarzwald.de\/littenweiler\/holzbau#Rombach Holzbau\">Rombach<\/a> in Kirchzarten<\/li>\n<li><a href=\"https:\/\/www.freiburg-schwarzwald.de\/littenweiler\/holzbau#Rombach, Zimmerei in V\u00f6hrenbach-Urach\">Rombach, Zimmerei in V\u00f6hrenbach-Urach<\/a><\/li>\n<li><a href=\"https:\/\/www.freiburg-schwarzwald.de\/littenweiler\/holzbau#Schuler, Schindelmacherei in V\u00f6hrenbach\">Schuler<\/a>, <a name=\"Schindelmacherei\"><\/a>Schindelmacherei in V\u00f6hrenbach<\/li>\n<li><a href=\"https:\/\/www.freiburg-schwarzwald.de\/littenweiler\/holzbau#Schwarzw\u00e4lder Baustoffe - Schindelmacher\">Schwarzw\u00e4lder Baustoffe<\/a>, Schindelmacher<\/li>\n<li><a href=\"https:\/\/www.freiburg-schwarzwald.de\/littenweiler\/holzbau#Schwendemann Zimmerei in St.M\u00e4rgen\">Schwendemann Zimmerei<\/a> in St.M\u00e4rgen<\/li>\n<li><a href=\"https:\/\/www.freiburg-schwarzwald.de\/hinterzarten5.htm#H\u00e4uslebauernhof in Alpersbach mit Vertikal-Sonnenuhr\">Schw\u00f6rer, Zimmerei in Hinterzarten\/H\u00e4uslebauernhof<\/a> &gt;Hinterzarten5<\/li>\n<li>Straub, Stefan, S\u00e4gewerk in Langenordnach<\/li>\n<li><a title=\"Sutter3KG\" href=\"https:\/\/www.freiburg-schwarzwald.de\/blog\/business\/dienste\/immobilien\/sutter3kg\/\">Sutter3KG<\/a> in FR-Littenweiler<\/li>\n<li>Waldgenossenschaft Oberried, Wehrlehofstrasse 3, 79254 Oberried<\/li>\n<li><a href=\"https:\/\/www.freiburg-schwarzwald.de\/littenweiler\/holzbau#Bernhard Waldvogel, Schindelmacher aus Jostal\">Bernhard Waldvogel<\/a>, Schindelmacher aus Jostal<\/li>\n<li><a href=\"https:\/\/www.freiburg-schwarzwald.de\/littenweiler\/holzbau#Weber in St.Peter\">Weber, Holzbau und Fenster<\/a> in St.Peter<\/li>\n<li><a href=\"https:\/\/www.freiburg-schwarzwald.de\/littenweiler\/holzbau#Zipfel\">Zipfel<\/a> in Eschbach<\/li>\n<li><\/li>\n<li><a href=\"https:\/\/www.freiburg-schwarzwald.de\/littenweiler\/bau.htm\">Bau, Bauunternehmen<\/a> &gt;Bau<\/li>\n<li><a href=\"https:\/\/www.freiburg-schwarzwald.de\/littenweiler\/dachausbau.htm\">Dachausbau &#8211; Energetische Sanierung<\/a> &gt;Dachausbau<\/li>\n<li><a title=\"Dachsanierung\" href=\"https:\/\/www.freiburg-schwarzwald.de\/blog\/business\/handwerk\/dachsanierung\/\">Dachsanierung<\/a><\/li>\n<li><a href=\"https:\/\/www.freiburg-schwarzwald.de\/forst.htm\">Forstbetriebe, Waldarbeiten<\/a> &gt;Forst<\/li>\n<li><a title=\"Gutleutmatten\" href=\"https:\/\/www.freiburg-schwarzwald.de\/blog\/regio\/freiburg\/haslach\/gutleutmatten\/\">Gutleutmatten Reihenh\u00e4user Holzbau<\/a><\/li>\n<li><a title=\"Holz\" href=\"https:\/\/www.freiburg-schwarzwald.de\/blog\/energie\/biomasse\/holz\/\">Holz<\/a><\/li>\n<li><a href=\"https:\/\/www.freiburg-schwarzwald.de\/blog\/business\/dienste\/immobilien\/holzhaus\/\">Holzhaus<\/a><\/li>\n<li><a href=\"https:\/\/www.freiburg-schwarzwald.de\/blog\/business\/dienste\/immobilien\/passivhochhaus\/\">Passivhochhaus<\/a><\/li>\n<li><a href=\"https:\/\/www.freiburg-schwarzwald.de\/sagewerke.htm\">S\u00e4gen und S\u00e4gewerke<\/a> &gt;Saegewerke<\/li>\n<li><a title=\"Schreiner\" href=\"https:\/\/www.freiburg-schwarzwald.de\/blog\/business\/handwerk\/schreiner\/\">zur &#8222;Schreiner&#8220;-Seite<\/a> &gt;Schreiner<\/li>\n<li><a title=\"Sutter3KG\" href=\"https:\/\/www.freiburg-schwarzwald.de\/blog\/business\/dienste\/immobilien\/sutter3kg\/\">Sutter3KG<\/a><\/li>\n<li><a href=\"https:\/\/www.freiburg-schwarzwald.de\/blog\/business\/dienste\/immobilien\/holzhaus\/tiny-house\/\">Tiny Houses<\/a><\/li>\n<li><a href=\"https:\/\/www.freiburg-schwarzwald.de\/blog\/engagement\/vorschriften\/\">Vorschriften<\/a><\/li>\n<li><a title=\"Walmdach\" href=\"https:\/\/www.freiburg-schwarzwald.de\/blog\/business\/handwerk\/walmdach\/\">Walmdach energetisch sanieren<\/a><\/li>\n<li><a href=\"https:\/\/www.freiburg-schwarzwald.de\/schwarzwald.htm#Weisstanne - Forum Weisstanne\">Weisstanne &#8211; Forum Weisstanne<\/a> &gt;Schwarzwald<\/li>\n<li><a title=\"Zimmerei\" href=\"https:\/\/www.freiburg-schwarzwald.de\/blog\/business\/handwerk\/zimmerei\/\">Zimmerei<\/a>\u00a0&gt;Zimmerei<\/li>\n<\/ul>\n<p>&nbsp;<\/p>\n<h5><a href=\"https:\/\/www.freiburg-schwarzwald.de\/blog\/business\/handwerk\/holzbau\/holztreppe140117\/\" rel=\"attachment wp-att-44249\"><img loading=\"lazy\" decoding=\"async\" class=\"alignnone size-thumbnail wp-image-44249\" src=\"https:\/\/www.freiburg-schwarzwald.de\/blog\/wp-content\/uploads\/2013\/05\/holztreppe140117-135x180.jpg\" alt=\"holztreppe140117\" width=\"135\" height=\"180\" srcset=\"https:\/\/www.freiburg-schwarzwald.de\/blog\/wp-content\/uploads\/2013\/05\/holztreppe140117-135x180.jpg 135w, https:\/\/www.freiburg-schwarzwald.de\/blog\/wp-content\/uploads\/2013\/05\/holztreppe140117.jpg 480w\" sizes=\"auto, (max-width: 135px) 100vw, 135px\" \/><\/a>\u00a0 \u00a0 \u00a0 \u00a0 \u00a0 \u00a0 \u00a0\u00a0<a href=\"https:\/\/www.freiburg-schwarzwald.de\/blog\/business\/handwerk\/holzbau\/eichberg1holzhaus\/\" rel=\"attachment wp-att-57030\"><img loading=\"lazy\" decoding=\"async\" class=\"alignnone size-thumbnail wp-image-57030\" src=\"https:\/\/www.freiburg-schwarzwald.de\/blog\/wp-content\/uploads\/2013\/05\/eichberg1holzhaus-180x135.jpg\" alt=\"eichberg1holzhaus\" width=\"180\" height=\"135\" srcset=\"https:\/\/www.freiburg-schwarzwald.de\/blog\/wp-content\/uploads\/2013\/05\/eichberg1holzhaus-180x135.jpg 180w, https:\/\/www.freiburg-schwarzwald.de\/blog\/wp-content\/uploads\/2013\/05\/eichberg1holzhaus.jpg 640w\" sizes=\"auto, (max-width: 180px) 100vw, 180px\" \/><\/a>\u00a0 \u00a0 \u00a0 \u00a0 \u00a0\u00a0<a href=\"https:\/\/www.freiburg-schwarzwald.de\/blog\/business\/handwerk\/holzbau\/eichberg2holzhaus\/\" rel=\"attachment wp-att-57031\"><img loading=\"lazy\" decoding=\"async\" class=\"alignnone size-thumbnail wp-image-57031\" src=\"https:\/\/www.freiburg-schwarzwald.de\/blog\/wp-content\/uploads\/2013\/05\/eichberg2holzhaus-180x135.jpg\" alt=\"eichberg2holzhaus\" width=\"180\" height=\"135\" srcset=\"https:\/\/www.freiburg-schwarzwald.de\/blog\/wp-content\/uploads\/2013\/05\/eichberg2holzhaus-180x135.jpg 180w, https:\/\/www.freiburg-schwarzwald.de\/blog\/wp-content\/uploads\/2013\/05\/eichberg2holzhaus.jpg 640w\" sizes=\"auto, (max-width: 180px) 100vw, 180px\" \/><\/a><br \/>\n(1) Holztreppe \u00a0 \u00a0 \u00a0 \u00a0 \u00a0 \u00a0 \u00a0 \u00a0 \u00a0 \u00a0 \u00a0 \u00a0 \u00a0 \u00a0 \u00a0 \u00a0 (2) Altes Holzhaus<\/h5>\n<p>(1) Holztreppe st\u00fctzt marode Betontreppe am Hauptbahnhof Freiburg 17.1.2014<br \/>\n===========================================================<\/p>\n<p><strong>Wohnhaus Freiburg-Ebnet mit vier Geschossen in Holzbauweise<\/strong><\/p>\n<h5><a href=\"https:\/\/www.freiburg-schwarzwald.de\/blog\/wp-content\/uploads\/2025\/08\/holzbau-wohnhaus-ebnet250805.jpg\"><img loading=\"lazy\" decoding=\"async\" class=\"alignnone size-thumbnail wp-image-137563\" src=\"https:\/\/www.freiburg-schwarzwald.de\/blog\/wp-content\/uploads\/2025\/08\/holzbau-wohnhaus-ebnet250805-180x135.jpg\" alt=\"\" width=\"180\" height=\"135\" srcset=\"https:\/\/www.freiburg-schwarzwald.de\/blog\/wp-content\/uploads\/2025\/08\/holzbau-wohnhaus-ebnet250805-180x135.jpg 180w, https:\/\/www.freiburg-schwarzwald.de\/blog\/wp-content\/uploads\/2025\/08\/holzbau-wohnhaus-ebnet250805-640x480.jpg 640w, https:\/\/www.freiburg-schwarzwald.de\/blog\/wp-content\/uploads\/2025\/08\/holzbau-wohnhaus-ebnet250805-768x576.jpg 768w, https:\/\/www.freiburg-schwarzwald.de\/blog\/wp-content\/uploads\/2025\/08\/holzbau-wohnhaus-ebnet250805.jpg 900w\" sizes=\"auto, (max-width: 180px) 100vw, 180px\" \/><\/a>\u00a0 \u00a0 \u00a0 <a href=\"https:\/\/www.freiburg-schwarzwald.de\/blog\/wp-content\/uploads\/2025\/08\/holzbau-wohnhaus-ebnet250820.jpg\"><img loading=\"lazy\" decoding=\"async\" class=\"alignnone size-thumbnail wp-image-138417\" src=\"https:\/\/www.freiburg-schwarzwald.de\/blog\/wp-content\/uploads\/2025\/08\/holzbau-wohnhaus-ebnet250820-180x147.jpg\" alt=\"\" width=\"180\" height=\"147\" srcset=\"https:\/\/www.freiburg-schwarzwald.de\/blog\/wp-content\/uploads\/2025\/08\/holzbau-wohnhaus-ebnet250820-180x147.jpg 180w, https:\/\/www.freiburg-schwarzwald.de\/blog\/wp-content\/uploads\/2025\/08\/holzbau-wohnhaus-ebnet250820-640x523.jpg 640w, https:\/\/www.freiburg-schwarzwald.de\/blog\/wp-content\/uploads\/2025\/08\/holzbau-wohnhaus-ebnet250820-768x627.jpg 768w, https:\/\/www.freiburg-schwarzwald.de\/blog\/wp-content\/uploads\/2025\/08\/holzbau-wohnhaus-ebnet250820.jpg 834w\" sizes=\"auto, (max-width: 180px) 100vw, 180px\" \/><\/a><br \/>\n5.8.2025\u00a0 \u00a0 \u00a0 \u00a0 \u00a0 \u00a0 \u00a0 \u00a0 \u00a0 \u00a0 \u00a0 \u00a0 \u00a0 \u00a0 \u00a0 \u00a0 \u00a0 \u00a0 \u00a0 \u00a0 \u00a0 \u00a0 \u00a0 \u00a0 \u00a0 \u00a0 \u00a020.8.2025<\/h5>\n<h5><a href=\"https:\/\/www.freiburg-schwarzwald.de\/blog\/wp-content\/uploads\/2025\/10\/holzbau-wohnhaus-ebnet251015.jpg\"><img loading=\"lazy\" decoding=\"async\" class=\"alignnone size-thumbnail wp-image-140315\" src=\"https:\/\/www.freiburg-schwarzwald.de\/blog\/wp-content\/uploads\/2025\/10\/holzbau-wohnhaus-ebnet251015-180x135.jpg\" alt=\"\" width=\"180\" height=\"135\" srcset=\"https:\/\/www.freiburg-schwarzwald.de\/blog\/wp-content\/uploads\/2025\/10\/holzbau-wohnhaus-ebnet251015-180x135.jpg 180w, https:\/\/www.freiburg-schwarzwald.de\/blog\/wp-content\/uploads\/2025\/10\/holzbau-wohnhaus-ebnet251015-640x480.jpg 640w, https:\/\/www.freiburg-schwarzwald.de\/blog\/wp-content\/uploads\/2025\/10\/holzbau-wohnhaus-ebnet251015-1024x768.jpg 1024w, https:\/\/www.freiburg-schwarzwald.de\/blog\/wp-content\/uploads\/2025\/10\/holzbau-wohnhaus-ebnet251015-768x576.jpg 768w, https:\/\/www.freiburg-schwarzwald.de\/blog\/wp-content\/uploads\/2025\/10\/holzbau-wohnhaus-ebnet251015.jpg 1085w\" sizes=\"auto, (max-width: 180px) 100vw, 180px\" \/><\/a>\u00a0 \u00a0 \u00a015.10.2025<\/h5>\n<p><a href=\"https:\/\/www.freiburg-schwarzwald.de\/blog\/wp-content\/uploads\/2025\/11\/holzbau1wohnhaus251112.jpg\"><img loading=\"lazy\" decoding=\"async\" class=\"alignnone size-thumbnail wp-image-141457\" src=\"https:\/\/www.freiburg-schwarzwald.de\/blog\/wp-content\/uploads\/2025\/11\/holzbau1wohnhaus251112-180x135.jpg\" alt=\"\" width=\"180\" height=\"135\" srcset=\"https:\/\/www.freiburg-schwarzwald.de\/blog\/wp-content\/uploads\/2025\/11\/holzbau1wohnhaus251112-180x135.jpg 180w, https:\/\/www.freiburg-schwarzwald.de\/blog\/wp-content\/uploads\/2025\/11\/holzbau1wohnhaus251112-640x480.jpg 640w, https:\/\/www.freiburg-schwarzwald.de\/blog\/wp-content\/uploads\/2025\/11\/holzbau1wohnhaus251112-1024x768.jpg 1024w, https:\/\/www.freiburg-schwarzwald.de\/blog\/wp-content\/uploads\/2025\/11\/holzbau1wohnhaus251112-768x576.jpg 768w, https:\/\/www.freiburg-schwarzwald.de\/blog\/wp-content\/uploads\/2025\/11\/holzbau1wohnhaus251112.jpg 1085w\" sizes=\"auto, (max-width: 180px) 100vw, 180px\" \/><\/a>\u00a0 \u00a0 \u00a0 \u00a0 \u00a0 <a href=\"https:\/\/www.freiburg-schwarzwald.de\/blog\/wp-content\/uploads\/2025\/11\/holzbau2wohnhaus251112.jpg\"><img loading=\"lazy\" decoding=\"async\" class=\"alignnone size-thumbnail wp-image-141458\" src=\"https:\/\/www.freiburg-schwarzwald.de\/blog\/wp-content\/uploads\/2025\/11\/holzbau2wohnhaus251112-180x135.jpg\" alt=\"\" width=\"180\" height=\"135\" srcset=\"https:\/\/www.freiburg-schwarzwald.de\/blog\/wp-content\/uploads\/2025\/11\/holzbau2wohnhaus251112-180x135.jpg 180w, https:\/\/www.freiburg-schwarzwald.de\/blog\/wp-content\/uploads\/2025\/11\/holzbau2wohnhaus251112-640x480.jpg 640w, https:\/\/www.freiburg-schwarzwald.de\/blog\/wp-content\/uploads\/2025\/11\/holzbau2wohnhaus251112-1024x768.jpg 1024w, https:\/\/www.freiburg-schwarzwald.de\/blog\/wp-content\/uploads\/2025\/11\/holzbau2wohnhaus251112-768x576.jpg 768w, https:\/\/www.freiburg-schwarzwald.de\/blog\/wp-content\/uploads\/2025\/11\/holzbau2wohnhaus251112.jpg 1085w\" sizes=\"auto, (max-width: 180px) 100vw, 180px\" \/><\/a><\/p>\n<h5><a href=\"https:\/\/www.freiburg-schwarzwald.de\/blog\/wp-content\/uploads\/2025\/11\/holzbau3wohnhaus251112.jpg\"><img loading=\"lazy\" decoding=\"async\" class=\"alignnone size-thumbnail wp-image-141459\" src=\"https:\/\/www.freiburg-schwarzwald.de\/blog\/wp-content\/uploads\/2025\/11\/holzbau3wohnhaus251112-180x135.jpg\" alt=\"\" width=\"180\" height=\"135\" srcset=\"https:\/\/www.freiburg-schwarzwald.de\/blog\/wp-content\/uploads\/2025\/11\/holzbau3wohnhaus251112-180x135.jpg 180w, https:\/\/www.freiburg-schwarzwald.de\/blog\/wp-content\/uploads\/2025\/11\/holzbau3wohnhaus251112-640x480.jpg 640w, https:\/\/www.freiburg-schwarzwald.de\/blog\/wp-content\/uploads\/2025\/11\/holzbau3wohnhaus251112-768x576.jpg 768w, https:\/\/www.freiburg-schwarzwald.de\/blog\/wp-content\/uploads\/2025\/11\/holzbau3wohnhaus251112.jpg 800w\" sizes=\"auto, (max-width: 180px) 100vw, 180px\" \/><\/a>\u00a0 \u00a0 \u00a0 12.11.2025<\/h5>\n<p>&nbsp;<\/p>\n<p>&nbsp;<\/p>\n<p>&nbsp;<\/p>\n<p><strong>Holz-Fertighaus als Doppelhaus stellen<\/strong><\/p>\n<h5><a href=\"https:\/\/www.freiburg-schwarzwald.de\/blog\/wp-content\/uploads\/2022\/01\/ekkebertstr1-20220108.jpg\"><img loading=\"lazy\" decoding=\"async\" class=\"alignnone size-thumbnail wp-image-97797\" src=\"https:\/\/www.freiburg-schwarzwald.de\/blog\/wp-content\/uploads\/2022\/01\/ekkebertstr1-20220108-180x132.jpg\" alt=\"\" width=\"180\" height=\"132\" srcset=\"https:\/\/www.freiburg-schwarzwald.de\/blog\/wp-content\/uploads\/2022\/01\/ekkebertstr1-20220108-180x132.jpg 180w, https:\/\/www.freiburg-schwarzwald.de\/blog\/wp-content\/uploads\/2022\/01\/ekkebertstr1-20220108-640x469.jpg 640w, https:\/\/www.freiburg-schwarzwald.de\/blog\/wp-content\/uploads\/2022\/01\/ekkebertstr1-20220108.jpg 700w\" sizes=\"auto, (max-width: 180px) 100vw, 180px\" \/><\/a>\u00a0 \u00a0 \u00a0 \u00a0 \u00a0 <a href=\"https:\/\/www.freiburg-schwarzwald.de\/blog\/wp-content\/uploads\/2022\/01\/ekkebertstr2-20220108.jpg\"><img loading=\"lazy\" decoding=\"async\" class=\"alignnone size-thumbnail wp-image-97798\" src=\"https:\/\/www.freiburg-schwarzwald.de\/blog\/wp-content\/uploads\/2022\/01\/ekkebertstr2-20220108-180x101.jpg\" alt=\"\" width=\"180\" height=\"101\" srcset=\"https:\/\/www.freiburg-schwarzwald.de\/blog\/wp-content\/uploads\/2022\/01\/ekkebertstr2-20220108-180x101.jpg 180w, https:\/\/www.freiburg-schwarzwald.de\/blog\/wp-content\/uploads\/2022\/01\/ekkebertstr2-20220108-640x360.jpg 640w, https:\/\/www.freiburg-schwarzwald.de\/blog\/wp-content\/uploads\/2022\/01\/ekkebertstr2-20220108.jpg 701w\" sizes=\"auto, (max-width: 180px) 100vw, 180px\" \/><\/a><br \/>\n(1) 10.1.2022 Erdgescho\u00df\u00a0 \u00a0 \u00a0 \u00a0 \u00a0 \u00a0(2) Innenw\u00e4nde<\/h5>\n<h5><a href=\"https:\/\/www.freiburg-schwarzwald.de\/blog\/wp-content\/uploads\/2022\/01\/ekkebertstr3-20220108.jpg\"><img loading=\"lazy\" decoding=\"async\" class=\"alignnone size-thumbnail wp-image-97799\" src=\"https:\/\/www.freiburg-schwarzwald.de\/blog\/wp-content\/uploads\/2022\/01\/ekkebertstr3-20220108-180x116.jpg\" alt=\"\" width=\"180\" height=\"116\" srcset=\"https:\/\/www.freiburg-schwarzwald.de\/blog\/wp-content\/uploads\/2022\/01\/ekkebertstr3-20220108-180x116.jpg 180w, https:\/\/www.freiburg-schwarzwald.de\/blog\/wp-content\/uploads\/2022\/01\/ekkebertstr3-20220108-640x414.jpg 640w, https:\/\/www.freiburg-schwarzwald.de\/blog\/wp-content\/uploads\/2022\/01\/ekkebertstr3-20220108.jpg 700w\" sizes=\"auto, (max-width: 180px) 100vw, 180px\" \/><\/a>\u00a0 \u00a0 \u00a0 \u00a0 \u00a0 <a href=\"https:\/\/www.freiburg-schwarzwald.de\/blog\/wp-content\/uploads\/2022\/01\/ekkebertstr4-20220108.jpg\"><img loading=\"lazy\" decoding=\"async\" class=\"alignnone size-thumbnail wp-image-97800\" src=\"https:\/\/www.freiburg-schwarzwald.de\/blog\/wp-content\/uploads\/2022\/01\/ekkebertstr4-20220108-180x132.jpg\" alt=\"\" width=\"180\" height=\"132\" srcset=\"https:\/\/www.freiburg-schwarzwald.de\/blog\/wp-content\/uploads\/2022\/01\/ekkebertstr4-20220108-180x132.jpg 180w, https:\/\/www.freiburg-schwarzwald.de\/blog\/wp-content\/uploads\/2022\/01\/ekkebertstr4-20220108-640x470.jpg 640w, https:\/\/www.freiburg-schwarzwald.de\/blog\/wp-content\/uploads\/2022\/01\/ekkebertstr4-20220108-768x564.jpg 768w, https:\/\/www.freiburg-schwarzwald.de\/blog\/wp-content\/uploads\/2022\/01\/ekkebertstr4-20220108.jpg 800w\" sizes=\"auto, (max-width: 180px) 100vw, 180px\" \/><\/a><br \/>\n(3) W\u00e4nde incl Fenster\u00a0 \u00a0 \u00a0 \u00a0 \u00a0 \u00a0 \u00a0 \u00a0(4) Ger\u00fcstbau zuerst<\/h5>\n<h5><a href=\"https:\/\/www.freiburg-schwarzwald.de\/blog\/wp-content\/uploads\/2022\/01\/ekkebertstr5-20220108.jpg\"><img loading=\"lazy\" decoding=\"async\" class=\"alignnone size-thumbnail wp-image-97801\" src=\"https:\/\/www.freiburg-schwarzwald.de\/blog\/wp-content\/uploads\/2022\/01\/ekkebertstr5-20220108-180x139.jpg\" alt=\"\" width=\"180\" height=\"139\" srcset=\"https:\/\/www.freiburg-schwarzwald.de\/blog\/wp-content\/uploads\/2022\/01\/ekkebertstr5-20220108-180x139.jpg 180w, https:\/\/www.freiburg-schwarzwald.de\/blog\/wp-content\/uploads\/2022\/01\/ekkebertstr5-20220108-640x494.jpg 640w, https:\/\/www.freiburg-schwarzwald.de\/blog\/wp-content\/uploads\/2022\/01\/ekkebertstr5-20220108-768x593.jpg 768w, https:\/\/www.freiburg-schwarzwald.de\/blog\/wp-content\/uploads\/2022\/01\/ekkebertstr5-20220108.jpg 810w\" sizes=\"auto, (max-width: 180px) 100vw, 180px\" \/><\/a>\u00a0 \u00a0 \u00a0 \u00a0 \u00a0 <a href=\"https:\/\/www.freiburg-schwarzwald.de\/blog\/wp-content\/uploads\/2022\/01\/ekkebertstr6-20220108.jpg\"><img loading=\"lazy\" decoding=\"async\" class=\"alignnone size-thumbnail wp-image-97802\" src=\"https:\/\/www.freiburg-schwarzwald.de\/blog\/wp-content\/uploads\/2022\/01\/ekkebertstr6-20220108-180x126.jpg\" alt=\"\" width=\"180\" height=\"126\" srcset=\"https:\/\/www.freiburg-schwarzwald.de\/blog\/wp-content\/uploads\/2022\/01\/ekkebertstr6-20220108-180x126.jpg 180w, https:\/\/www.freiburg-schwarzwald.de\/blog\/wp-content\/uploads\/2022\/01\/ekkebertstr6-20220108-640x449.jpg 640w, https:\/\/www.freiburg-schwarzwald.de\/blog\/wp-content\/uploads\/2022\/01\/ekkebertstr6-20220108-768x539.jpg 768w, https:\/\/www.freiburg-schwarzwald.de\/blog\/wp-content\/uploads\/2022\/01\/ekkebertstr6-20220108.jpg 800w\" sizes=\"auto, (max-width: 180px) 100vw, 180px\" \/><\/a><br \/>\n(5) Blick nach Norden\u00a0 \u00a0 \u00a0 \u00a0 \u00a0 \u00a0 \u00a0 \u00a0(6) Doppelhaus-Trennwand<\/h5>\n<h5><a href=\"https:\/\/www.freiburg-schwarzwald.de\/blog\/wp-content\/uploads\/2022\/01\/ekkebertstr7-20220111.jpg\"><img loading=\"lazy\" decoding=\"async\" class=\"alignnone size-thumbnail wp-image-97803\" src=\"https:\/\/www.freiburg-schwarzwald.de\/blog\/wp-content\/uploads\/2022\/01\/ekkebertstr7-20220111-180x136.jpg\" alt=\"\" width=\"180\" height=\"136\" srcset=\"https:\/\/www.freiburg-schwarzwald.de\/blog\/wp-content\/uploads\/2022\/01\/ekkebertstr7-20220111-180x136.jpg 180w, https:\/\/www.freiburg-schwarzwald.de\/blog\/wp-content\/uploads\/2022\/01\/ekkebertstr7-20220111-640x485.jpg 640w, https:\/\/www.freiburg-schwarzwald.de\/blog\/wp-content\/uploads\/2022\/01\/ekkebertstr7-20220111-768x582.jpg 768w, https:\/\/www.freiburg-schwarzwald.de\/blog\/wp-content\/uploads\/2022\/01\/ekkebertstr7-20220111.jpg 800w\" sizes=\"auto, (max-width: 180px) 100vw, 180px\" \/><\/a>\u00a0 \u00a0 \u00a0 \u00a0 \u00a0 <a href=\"https:\/\/www.freiburg-schwarzwald.de\/blog\/wp-content\/uploads\/2022\/01\/ekkebertstr8-20220121.jpg\"><img loading=\"lazy\" decoding=\"async\" class=\"alignnone size-thumbnail wp-image-97804\" src=\"https:\/\/www.freiburg-schwarzwald.de\/blog\/wp-content\/uploads\/2022\/01\/ekkebertstr8-20220121-180x128.jpg\" alt=\"\" width=\"180\" height=\"128\" srcset=\"https:\/\/www.freiburg-schwarzwald.de\/blog\/wp-content\/uploads\/2022\/01\/ekkebertstr8-20220121-180x128.jpg 180w, https:\/\/www.freiburg-schwarzwald.de\/blog\/wp-content\/uploads\/2022\/01\/ekkebertstr8-20220121-640x455.jpg 640w, https:\/\/www.freiburg-schwarzwald.de\/blog\/wp-content\/uploads\/2022\/01\/ekkebertstr8-20220121.jpg 727w\" sizes=\"auto, (max-width: 180px) 100vw, 180px\" \/><\/a><br \/>\n(7)\u00a0 \u00d6stliche H\u00e4lfte 12.1.2022\u00a0 \u00a0 \u00a0(8) Doppelhaus 21.1.2022<\/h5>\n<h5><a href=\"https:\/\/www.freiburg-schwarzwald.de\/blog\/wp-content\/uploads\/2022\/02\/ekkebertstr9-20220127.jpg\"><img loading=\"lazy\" decoding=\"async\" class=\"alignnone size-thumbnail wp-image-98312\" src=\"https:\/\/www.freiburg-schwarzwald.de\/blog\/wp-content\/uploads\/2022\/02\/ekkebertstr9-20220127-180x125.jpg\" alt=\"\" width=\"180\" height=\"125\" srcset=\"https:\/\/www.freiburg-schwarzwald.de\/blog\/wp-content\/uploads\/2022\/02\/ekkebertstr9-20220127-180x125.jpg 180w, https:\/\/www.freiburg-schwarzwald.de\/blog\/wp-content\/uploads\/2022\/02\/ekkebertstr9-20220127-640x445.jpg 640w, https:\/\/www.freiburg-schwarzwald.de\/blog\/wp-content\/uploads\/2022\/02\/ekkebertstr9-20220127-768x534.jpg 768w, https:\/\/www.freiburg-schwarzwald.de\/blog\/wp-content\/uploads\/2022\/02\/ekkebertstr9-20220127.jpg 802w\" sizes=\"auto, (max-width: 180px) 100vw, 180px\" \/><\/a>\u00a0 \u00a0 \u00a0 \u00a0 \u00a0 <a href=\"https:\/\/www.freiburg-schwarzwald.de\/blog\/wp-content\/uploads\/2022\/02\/ekkebertstr10-20220127.jpg\"><img loading=\"lazy\" decoding=\"async\" class=\"alignnone size-thumbnail wp-image-98313\" src=\"https:\/\/www.freiburg-schwarzwald.de\/blog\/wp-content\/uploads\/2022\/02\/ekkebertstr10-20220127-180x110.jpg\" alt=\"\" width=\"180\" height=\"110\" srcset=\"https:\/\/www.freiburg-schwarzwald.de\/blog\/wp-content\/uploads\/2022\/02\/ekkebertstr10-20220127-180x110.jpg 180w, https:\/\/www.freiburg-schwarzwald.de\/blog\/wp-content\/uploads\/2022\/02\/ekkebertstr10-20220127-640x392.jpg 640w, https:\/\/www.freiburg-schwarzwald.de\/blog\/wp-content\/uploads\/2022\/02\/ekkebertstr10-20220127-768x470.jpg 768w, https:\/\/www.freiburg-schwarzwald.de\/blog\/wp-content\/uploads\/2022\/02\/ekkebertstr10-20220127.jpg 913w\" sizes=\"auto, (max-width: 180px) 100vw, 180px\" \/><\/a><br \/>\n(9) Innenausbau 27.1.2022\u00a0 \u00a0 \u00a0 \u00a0 (10) Ausblick vom Balkon nach S\u00fcdosten<\/h5>\n<p>In der Woche vom 10. bis 14.1.2022 stellten die u.a. drei Firmen die \u00f6stliche H\u00e4lfte eines Holz-Fertighauses der Firma HeldHaus in der Ekkebertstrasse in Freiburg-Littenweiler.<br \/>\nIn der Woche vom 17.1. bis 21.1.2022 folgte die westliche Haush\u00e4lfte.<br \/>\nRichtfest gefeiert wurde am Freitag, 21.1.2022<br \/>\nDie ganze Zeit \u00fcber bestes Winterwetter: Nachts leichter Frost, tags\u00fcber Sonne pur.<br \/>\nMittels Kran schwebten die Hausw\u00e4nde vom Tieflader ein, um von den Zimmerleuten gestellt und verankert zu werden.<br \/>\nFaszinierend war, mitanzusehen, wie schnell ein komplettes Haus auf der Beton-Bodenplatte aufgebaut wurde &#8211; und mit welcher Pr\u00e4zision und auch Freude die Zimmerleute arbeiteten.<br \/>\nAb 24.1.2022 fehlen au\u00dfen nur noch die Ziegeleindeckung des Walmdachs, die Abdichtungen der Veranden und der Aussenputz.<br \/>\nBereits ab 24.1.2022 konnte mit dem Innenausbau begonnen werden: Elektroinstallation,\u00a0 Heizung (Fussboden + W\u00e4rmepumpe), Sanit\u00e4r, Trockenbau.<\/p>\n<p><a href=\"https:\/\/www.heldhaus.com\">https:\/\/www.heldhaus.com<\/a> aus L\u00f6ffingen<br \/>\n<a href=\"https:\/\/www.zimmerei-herrmann.de\">https:\/\/www.zimmerei-herrmann.de<\/a>\u00a0 aus Hinterzarten<br \/>\nZimmerei Maas aus Bollschweil zur Montage<\/p>\n<p>.<\/p>\n<p>.<\/p>\n<p><strong>K\u00e4ferholz als preiswerte Alternative im Hausbau<\/strong><br \/>\nSeit die Holzpreise im Fr\u00fchjahr ein Rekordhoch erreicht haben, machen sich Bauherren, die ihr Eigenheim aus dem zunehmend beliebteren \u00f6kologischen Baustoff Holz errichten wollen, Sorgen um die Bezahlbarkeit der eigenen vier W\u00e4nde. Doch es gibt Entwarnung: \u201eAuch wenn die Holzpreise derzeit noch etwa zweieinhalb Mal so hoch sind, wie vor einem Jahr, erh\u00f6hen sie die Gesamtkosten nur um etwa 5 bis 10 Prozent\u201c relativiert Bauexperte Sven Haustein von der Bausparkasse Schw\u00e4bisch Hall die aktuelle Diskussion.<br \/>\nDie Situation ist paradox: Zwar ist Schnittholz seit Ende 2020 ein extrem knappes Gut, nicht zuletzt deshalb, weil gro\u00dfe Teile davon, etwa wegen des Baubooms in China und den USA, exportiert werden. Das bedeutet aber keineswegs, dass Holz insgesamt Mangelware ist. Im Gegenteil: Schwere St\u00fcrme, \u00fcberm\u00e4\u00dfige Trockenheit, vor allem aber die fl\u00e4chendeckende Ausbreitung des Lebensraums des Borkenk\u00e4fers f\u00fchren dazu, dass in betroffenen Waldbest\u00e4nden kr\u00e4ftig geholzt und kranke B\u00e4ume gef\u00e4llt werden m\u00fcssen. Es gibt ein regelrechtes \u00dcberangebot an sogenanntem K\u00e4ferholz. Nur wird dieses auch als Schad- oder Kalamit\u00e4tsholz bezeichnete Material in der Baubranche pauschal als minderwertig angesehen und spielt in den \u00dcberlegungen privater Bauherren bislang keine Rolle. Ein Engpass ist zudem, dass nur wenige spezialisierte Unternehmen Kalamit\u00e4tsholz fachgerecht aufbereiten k\u00f6nnen.<\/p>\n<p>\u201eHinsichtlich der Eignung als Bauholz spielt Borkenk\u00e4ferbefall in der Regel keine Rolle, da der K\u00e4fer seine G\u00e4nge nur zwischen Rinde und Stamm anlegt, nicht jedoch im Holzk\u00f6rper selbst\u201c, sagt Architekt Sven Haustein. Insofern k\u00f6nne insbesondere frisches K\u00e4ferholz im Hinblick auf die Konstruktions- und Tragf\u00e4higkeit des Materials grunds\u00e4tzlich die gleichen Qualit\u00e4tskriterien erf\u00fcllen wie herk\u00f6mmliches Schnittholz.<\/p>\n<p>Einen Nachteil hat der Borkenk\u00e4fer allerdings: Wo er sich eingenistet hat, folgt oft ein Pilzbefall, der zu leichten Verf\u00e4rbungen des Holzes f\u00fchren kann. Dieses Holz kann aber ohne Bedenken in nicht sichtbaren Bereichen verbaut werden. Bisher wird K\u00e4ferholz haupts\u00e4chlich f\u00fcr kurzlebige Produkte wie Verpackungen verwendet. Dabei w\u00e4re es aus \u00f6kologischer Sicht viel nachhaltiger, dieses Holz in langlebigen Produkten zu verbauen \u2013 wie in H\u00e4usern.<br \/>\nTats\u00e4chlich gibt es bereits wenige kleine Unternehmen, die sich auf die Errichtung von H\u00e4usern aus bis zu 100 Prozent K\u00e4ferholz spezialisiert haben. Klimabewusste Bauherren sollten sich eingehend beraten lassen und sich \u00fcber die Marktentwicklung informieren. Aktuell kostet der Festmeter Bauholz (Fichte) zwischen 70 und 95 Euro, etwa doppelt so viel wie die gleiche Menge K\u00e4ferholz.<br \/>\nGegen die aus seiner Sicht ungerechtfertigte Marginalisierung von Kalamit\u00e4tsholz wird jetzt auch der Verband \u201eHolzbau Deutschland\u201c aktiv.<br \/>\n&#8230; Alles vom 13.7.2021 bitte lesen auf<br \/>\n<a href=\"https:\/\/newsroom.schwaebisch-hall.de\/presseinformationen\/eine-menge-holz\/\">https:\/\/newsroom.schwaebisch-hall.de\/presseinformationen\/eine-menge-holz\/<\/a><\/p>\n<p>&nbsp;<\/p>\n<p><strong>Hausabri\u00df, um eine Neubau in Holzst\u00e4nderbauweise zu erstellen<\/strong> (19.2.2016)<\/p>\n<h5>.<br \/>\n<a href=\"https:\/\/www.freiburg-schwarzwald.de\/blog\/business\/handwerk\/holzbau\/haus-abriss151123\/\" rel=\"attachment wp-att-57748\"><img loading=\"lazy\" decoding=\"async\" class=\"alignnone size-thumbnail wp-image-57748\" src=\"https:\/\/www.freiburg-schwarzwald.de\/blog\/wp-content\/uploads\/2013\/05\/haus-abriss151123-180x135.jpg\" alt=\"haus-abriss151123\" width=\"180\" height=\"135\" srcset=\"https:\/\/www.freiburg-schwarzwald.de\/blog\/wp-content\/uploads\/2013\/05\/haus-abriss151123-180x135.jpg 180w, https:\/\/www.freiburg-schwarzwald.de\/blog\/wp-content\/uploads\/2013\/05\/haus-abriss151123.jpg 640w\" sizes=\"auto, (max-width: 180px) 100vw, 180px\" \/><\/a>\u00a0 \u00a0 \u00a0 \u00a0 \u00a0\u00a0<a href=\"https:\/\/www.freiburg-schwarzwald.de\/blog\/business\/handwerk\/holzbau\/haus1abriss151124\/\" rel=\"attachment wp-att-57760\"><img loading=\"lazy\" decoding=\"async\" class=\"alignnone size-thumbnail wp-image-57760\" src=\"https:\/\/www.freiburg-schwarzwald.de\/blog\/wp-content\/uploads\/2013\/05\/haus1abriss151124-135x180.jpg\" alt=\"haus1abriss151124\" width=\"135\" height=\"180\" srcset=\"https:\/\/www.freiburg-schwarzwald.de\/blog\/wp-content\/uploads\/2013\/05\/haus1abriss151124-135x180.jpg 135w, https:\/\/www.freiburg-schwarzwald.de\/blog\/wp-content\/uploads\/2013\/05\/haus1abriss151124.jpg 480w\" sizes=\"auto, (max-width: 135px) 100vw, 135px\" \/><\/a>\u00a0 \u00a0 \u00a0 \u00a0 \u00a0 \u00a0 \u00a0 \u00a0 \u00a0 \u00a0 \u00a0 \u00a0\u00a0<a href=\"https:\/\/www.freiburg-schwarzwald.de\/blog\/business\/handwerk\/holzbau\/haus2abriss151124\/\" rel=\"attachment wp-att-57761\"><img loading=\"lazy\" decoding=\"async\" class=\"alignnone size-thumbnail wp-image-57761\" src=\"https:\/\/www.freiburg-schwarzwald.de\/blog\/wp-content\/uploads\/2013\/05\/haus2abriss151124-180x135.jpg\" alt=\"haus2abriss151124\" width=\"180\" height=\"135\" srcset=\"https:\/\/www.freiburg-schwarzwald.de\/blog\/wp-content\/uploads\/2013\/05\/haus2abriss151124-180x135.jpg 180w, https:\/\/www.freiburg-schwarzwald.de\/blog\/wp-content\/uploads\/2013\/05\/haus2abriss151124.jpg 640w\" sizes=\"auto, (max-width: 180px) 100vw, 180px\" \/><\/a><br \/>\n(4) Haus Abriss am 23.11.2015\u00a0 \u00a0 \u00a0(5) 24.11.2015 um 10 Uhr\u00a0 \u00a0 (6) 24.11.2015 um 10.02 Uhr<\/h5>\n<h5><a href=\"https:\/\/www.freiburg-schwarzwald.de\/blog\/business\/handwerk\/holzbau\/haus3abriss151124\/\" rel=\"attachment wp-att-57762\"><img loading=\"lazy\" decoding=\"async\" class=\"alignnone size-thumbnail wp-image-57762\" src=\"https:\/\/www.freiburg-schwarzwald.de\/blog\/wp-content\/uploads\/2013\/05\/haus3abriss151124-180x135.jpg\" alt=\"haus3abriss151124\" width=\"180\" height=\"135\" srcset=\"https:\/\/www.freiburg-schwarzwald.de\/blog\/wp-content\/uploads\/2013\/05\/haus3abriss151124-180x135.jpg 180w, https:\/\/www.freiburg-schwarzwald.de\/blog\/wp-content\/uploads\/2013\/05\/haus3abriss151124.jpg 640w\" sizes=\"auto, (max-width: 180px) 100vw, 180px\" \/><\/a>\u00a0 \u00a0 \u00a0 \u00a0 \u00a0\u00a0<a href=\"https:\/\/www.freiburg-schwarzwald.de\/blog\/business\/handwerk\/holzbau\/holzhaus160217\/\" rel=\"attachment wp-att-59425\"><img loading=\"lazy\" decoding=\"async\" class=\"alignnone size-thumbnail wp-image-59425\" src=\"https:\/\/www.freiburg-schwarzwald.de\/blog\/wp-content\/uploads\/2013\/05\/holzhaus160217-180x135.jpg\" alt=\"holzhaus160217\" width=\"180\" height=\"135\" srcset=\"https:\/\/www.freiburg-schwarzwald.de\/blog\/wp-content\/uploads\/2013\/05\/holzhaus160217-180x135.jpg 180w, https:\/\/www.freiburg-schwarzwald.de\/blog\/wp-content\/uploads\/2013\/05\/holzhaus160217.jpg 640w\" sizes=\"auto, (max-width: 180px) 100vw, 180px\" \/><\/a>\u00a0 \u00a0 \u00a0 \u00a0 \u00a0\u00a0<a href=\"https:\/\/www.freiburg-schwarzwald.de\/blog\/business\/handwerk\/holzbau\/holzhaus160218\/\" rel=\"attachment wp-att-59426\"><img loading=\"lazy\" decoding=\"async\" class=\"alignnone size-thumbnail wp-image-59426\" src=\"https:\/\/www.freiburg-schwarzwald.de\/blog\/wp-content\/uploads\/2013\/05\/holzhaus160218-180x135.jpg\" alt=\"holzhaus160218\" width=\"180\" height=\"135\" srcset=\"https:\/\/www.freiburg-schwarzwald.de\/blog\/wp-content\/uploads\/2013\/05\/holzhaus160218-180x135.jpg 180w, https:\/\/www.freiburg-schwarzwald.de\/blog\/wp-content\/uploads\/2013\/05\/holzhaus160218.jpg 640w\" sizes=\"auto, (max-width: 180px) 100vw, 180px\" \/><\/a><br \/>\n(7) Haus Abriss am 24.11.2015\u00a0 \u00a0 \u00a0 (8) Westseite 17.2.2016\u00a0 \u00a0 \u00a0 \u00a0 \u00a0(9) S\u00fcdwestseite 18.2.2016<\/h5>\n<h5><a href=\"https:\/\/www.freiburg-schwarzwald.de\/blog\/business\/handwerk\/holzbau\/holzhaus-dach160219\/\" rel=\"attachment wp-att-59429\"><img loading=\"lazy\" decoding=\"async\" class=\"alignnone size-thumbnail wp-image-59429\" src=\"https:\/\/www.freiburg-schwarzwald.de\/blog\/wp-content\/uploads\/2013\/05\/holzhaus-dach160219-135x180.jpg\" alt=\"holzhaus-dach160219\" width=\"135\" height=\"180\" srcset=\"https:\/\/www.freiburg-schwarzwald.de\/blog\/wp-content\/uploads\/2013\/05\/holzhaus-dach160219-135x180.jpg 135w, https:\/\/www.freiburg-schwarzwald.de\/blog\/wp-content\/uploads\/2013\/05\/holzhaus-dach160219.jpg 480w\" sizes=\"auto, (max-width: 135px) 100vw, 135px\" \/><\/a>\u00a0 \u00a0 \u00a0 \u00a0 \u00a0 \u00a0 \u00a0 \u00a0 \u00a0 \u00a0 \u00a0 \u00a0 \u00a0\u00a0<a href=\"https:\/\/www.freiburg-schwarzwald.de\/blog\/business\/handwerk\/holzbau\/holzhaus160219\/\" rel=\"attachment wp-att-59427\"><img loading=\"lazy\" decoding=\"async\" class=\"alignnone size-thumbnail wp-image-59427\" src=\"https:\/\/www.freiburg-schwarzwald.de\/blog\/wp-content\/uploads\/2013\/05\/holzhaus160219-135x180.jpg\" alt=\"holzhaus160219\" width=\"135\" height=\"180\" srcset=\"https:\/\/www.freiburg-schwarzwald.de\/blog\/wp-content\/uploads\/2013\/05\/holzhaus160219-135x180.jpg 135w, https:\/\/www.freiburg-schwarzwald.de\/blog\/wp-content\/uploads\/2013\/05\/holzhaus160219-480x640.jpg 480w, https:\/\/www.freiburg-schwarzwald.de\/blog\/wp-content\/uploads\/2013\/05\/holzhaus160219.jpg 750w\" sizes=\"auto, (max-width: 135px) 100vw, 135px\" \/><\/a>\u00a0 \u00a0 \u00a0 \u00a0 \u00a0 \u00a0 \u00a0 \u00a0 \u00a0 \u00a0 \u00a0 \u00a0 \u00a0<a href=\"https:\/\/www.freiburg-schwarzwald.de\/blog\/business\/handwerk\/holzbau\/fussbodenheizung160328\/\" rel=\"attachment wp-att-60276\"><img loading=\"lazy\" decoding=\"async\" class=\"alignnone size-thumbnail wp-image-60276\" src=\"https:\/\/www.freiburg-schwarzwald.de\/blog\/wp-content\/uploads\/2013\/05\/fussbodenheizung160328-135x180.jpg\" alt=\"fussbodenheizung160328\" width=\"135\" height=\"180\" srcset=\"https:\/\/www.freiburg-schwarzwald.de\/blog\/wp-content\/uploads\/2013\/05\/fussbodenheizung160328-135x180.jpg 135w, https:\/\/www.freiburg-schwarzwald.de\/blog\/wp-content\/uploads\/2013\/05\/fussbodenheizung160328.jpg 480w\" sizes=\"auto, (max-width: 135px) 100vw, 135px\" \/><\/a><a href=\"https:\/\/www.freiburg-schwarzwald.de\/blog\/business\/handwerk\/holzbau\/holzhaus160219\/\" rel=\"attachment wp-att-59427\"><br \/>\n<\/a>(10) S\u00fcdwestseite 19.2.2016\u00a0 \u00a0 \u00a0 (11) S\u00fcdseite Dach 19.2.2016\u00a0 \u00a0 (12) Fussbodenheizung.<\/h5>\n<p><a href=\"https:\/\/www.freiburg-schwarzwald.de\/blog\/business\/handwerk\/holzbau\/holztreppe140117\/\" rel=\"attachment wp-att-44249\"><br \/>\n<\/a>Ebneter Strasse in Freiburg-Littenweiler: Ein Holzfertighaus errichten in vier Tagen 16.2. bis 19.2.2016, <a href=\"https:\/\/www.weberhaus.de\/\">https:\/\/www.weberhaus.de\/<\/a><\/p>\n<p>.<\/p>\n<p>&nbsp;<\/p>\n","protected":false},"excerpt":{"rendered":"<p>Home &gt;Business &gt;Handwerk &gt;Energie &gt;Holzhaus &gt;Holzbau Listenauswahl eines Beitrags (Artikel\/Datum, Seite\/Inhalt):\u00a0Klicken\u00a0oder scrollen Agrikulturfestival 2025 im Eschholzpark\u00a0(6.7.2025) PV-Anlage auf vorgebauter Schr\u00e4gwand \u2013 Elektro Ritter\u00a0(24.2.2024) Kita Zarten 12-eckiger Holzbau (4.2.2024) Entsteht in Friedenweiler-R\u00f6tenbach das gr\u00f6\u00dfte Holzwerk im Schwarzwald? (20.3.2023) Vorschriften verhindern pers\u00f6nliches &hellip; <a href=\"https:\/\/www.freiburg-schwarzwald.de\/blog\/business\/handwerk\/holzbau\/\">Weiterlesen <span class=\"meta-nav\">&rarr;<\/span><\/a><\/p>\n","protected":false},"author":4,"featured_media":0,"parent":1385,"menu_order":0,"comment_status":"open","ping_status":"closed","template":"","meta":{"footnotes":""},"class_list":["post-28529","page","type-page","status-publish","hentry"],"_links":{"self":[{"href":"https:\/\/www.freiburg-schwarzwald.de\/blog\/wp-json\/wp\/v2\/pages\/28529","targetHints":{"allow":["GET"]}}],"collection":[{"href":"https:\/\/www.freiburg-schwarzwald.de\/blog\/wp-json\/wp\/v2\/pages"}],"about":[{"href":"https:\/\/www.freiburg-schwarzwald.de\/blog\/wp-json\/wp\/v2\/types\/page"}],"author":[{"embeddable":true,"href":"https:\/\/www.freiburg-schwarzwald.de\/blog\/wp-json\/wp\/v2\/users\/4"}],"replies":[{"embeddable":true,"href":"https:\/\/www.freiburg-schwarzwald.de\/blog\/wp-json\/wp\/v2\/comments?post=28529"}],"version-history":[{"count":5,"href":"https:\/\/www.freiburg-schwarzwald.de\/blog\/wp-json\/wp\/v2\/pages\/28529\/revisions"}],"predecessor-version":[{"id":141460,"href":"https:\/\/www.freiburg-schwarzwald.de\/blog\/wp-json\/wp\/v2\/pages\/28529\/revisions\/141460"}],"up":[{"embeddable":true,"href":"https:\/\/www.freiburg-schwarzwald.de\/blog\/wp-json\/wp\/v2\/pages\/1385"}],"wp:attachment":[{"href":"https:\/\/www.freiburg-schwarzwald.de\/blog\/wp-json\/wp\/v2\/media?parent=28529"}],"curies":[{"name":"wp","href":"https:\/\/api.w.org\/{rel}","templated":true}]}}