{"id":27781,"date":"2013-04-25T09:06:06","date_gmt":"2013-04-25T07:06:06","guid":{"rendered":"https:\/\/www.freiburg-schwarzwald.de\/blog\/?page_id=27781"},"modified":"2026-03-28T09:30:15","modified_gmt":"2026-03-28T08:30:15","slug":"wiehre","status":"publish","type":"page","link":"https:\/\/www.freiburg-schwarzwald.de\/blog\/regio\/freiburg\/wiehre\/","title":{"rendered":"Wiehre"},"content":{"rendered":"<p>Home &gt;<a title=\"Regio\" href=\"https:\/\/www.freiburg-schwarzwald.de\/blog\/regio\/\">Regio<\/a> &gt;Orte &gt;<a title=\"Freiburg\" href=\"https:\/\/www.freiburg-schwarzwald.de\/blog\/regio\/freiburg\/\">Freiburg<\/a> &gt;Wiehre<\/p>\n<div id=\"attachment_126\" style=\"width: 610px\" class=\"wp-caption alignnone\"><a href=\"https:\/\/www.freiburg-schwarzwald.de\/blog\/impressum\/kanonenplatz1pan-wiehre120103\/\" rel=\"attachment wp-att-126\"><img loading=\"lazy\" decoding=\"async\" aria-describedby=\"caption-attachment-126\" class=\" wp-image-126\" title=\"kanonenplatz1pan-wiehre120103\" src=\"https:\/\/www.freiburg-schwarzwald.de\/blog\/wp-content\/uploads\/2012\/03\/kanonenplatz1pan-wiehre120103.jpg\" alt=\"\" width=\"600\" height=\"207\" srcset=\"https:\/\/www.freiburg-schwarzwald.de\/blog\/wp-content\/uploads\/2012\/03\/kanonenplatz1pan-wiehre120103.jpg 600w, https:\/\/www.freiburg-schwarzwald.de\/blog\/wp-content\/uploads\/2012\/03\/kanonenplatz1pan-wiehre120103-180x62.jpg 180w\" sizes=\"auto, (max-width: 600px) 100vw, 600px\" \/><\/a><p id=\"caption-attachment-126\" class=\"wp-caption-text\">Blick vom Kanonenplatz \u00fcber Freiburg-Wiehre zum Sch\u00f6nberg am 3.1.2012 &#8211; Wonnhalde links<\/p><\/div>\n<ul>\n<li><em>Listenauswahl eines Beitrags (Artikel\/Datum, Seite\/Inhalt):\u00a0<span style=\"text-decoration: underline;\">Klicken<\/span>\u00a0oder scrollen<\/em><\/li>\n<li><a href=\"https:\/\/www.freiburg-schwarzwald.de\/blog\/regio\/freiburg\/rosskopf\/\">Die neuen Windr\u00e4der auf dem Rosskopf r\u00fccken Freiburg auf die Pelle<\/a>\u00a0(27.3.2026)<\/li>\n<li><a href=\"https:\/\/www.freiburg-schwarzwald.de\/blog\/tourismus\/gastro\/gasthaus\/stahl\/\">Freiburg-Oberau \u2013 Hirzberg \u2013 Papierfabrik Flinsch \u2013 Rabenkopf<\/a> (12.1.2026)<\/li>\n<li>Alter Wiehrebahnhof beschmiert: Antisemitismus &#8211; Antizionismus (21.10.2025)<\/li>\n<li><a href=\"https:\/\/www.freiburg-schwarzwald.de\/blog\/meinungsfreiheit-heute-dortu\/\">Meinungsfreiheit heute \u2013 Dortu<\/a>\u00a0(1.8.2025)<\/li>\n<li><a href=\"https:\/\/www.freiburg-schwarzwald.de\/blog\/natur\/tiere\/fische\/\">Badende stressen Dreisam-Fische in Freiburg-Oberau zus\u00e4tzlich<\/a>\u00a0(8.7.2025)<\/li>\n<li>21-j\u00e4hriger Algerier ersticht 77-j\u00e4hrigen Hausbesitzer am Lorettoberg (24.7.2024)<\/li>\n<li><a href=\"https:\/\/www.freiburg-schwarzwald.de\/blog\/kultur\/kunst\/keramik\/\">Freiburger Keramiktage 24-25. Juni 2023 am Wiehrebahnhof<\/a> (30.6.2023)<\/li>\n<li><a href=\"https:\/\/www.freiburg-schwarzwald.de\/blog\/regio\/heimat\/hecker\/\">Auf dem historischen Weg \u2013 175 Jahre Badische Revolution<\/a>\u00a0(20.4.2023)<\/li>\n<li><a href=\"https:\/\/www.freiburg-schwarzwald.de\/blog\/tourismus\/gastro\/cafe\/\">Biene Fritz in der Wiehre: Caf\u00e9, Sternwaldhonig und Imkerei<\/a> (6.9.2021)<\/li>\n<li><a href=\"https:\/\/www.freiburg-schwarzwald.de\/blog\/kunst-als-umstritten-entfernt\/\">Kunst als \u201eumstritten\u201c entfernt<\/a>\u00a0(25.6.2021)<\/li>\n<li><a href=\"https:\/\/www.freiburg-schwarzwald.de\/blog\/loretta-und-die-cancel-culture\/\">Loretta und die Cancel Culture<\/a>\u00a0(20.6.2021)<\/li>\n<li>Freiburgs Osten in Google&#8217;s Streetview (4.12.2020)<\/li>\n<li><a title=\"Stadtbild\" href=\"https:\/\/www.freiburg-schwarzwald.de\/blog\/vereine\/stadtbild\/\">Hermann Hein: Heimatwohnmuseum im Holbeinviertel<\/a>\u00a0(30.4.2020)<\/li>\n<li><a title=\"H\u00f6llental- und Kaiserstuhlbahn\" href=\"https:\/\/www.freiburg-schwarzwald.de\/blog\/hoellental-und-kaiserstuhlbahn-trennen\/\">H\u00f6llentalbahn und Kaiserstuhlbahn trennen<\/a>\u00a0(10.1.2020)<\/li>\n<li><a title=\"Dreisamufer Tunnel Diskussion\" href=\"https:\/\/www.freiburg-schwarzwald.de\/blog\/dreisamufer-tunnel-diskussion\/\">Dreisamufer Tunnel Diskussion<\/a>\u00a0(4.11.2019)<\/li>\n<li><a href=\"https:\/\/www.freiburg-schwarzwald.de\/blog\/keramik-am-alten-wiehrebahnhof\/\">https:\/\/www.freiburg-schwarzwald.de\/blog\/keramik-am-alten-wiehrebahnhof\/<\/a>\u00a0(24.6.2013)<\/li>\n<li><\/li>\n<li><a href=\"https:\/\/www.freiburg-schwarzwald.de\/littenweiler\/wiehre2.htm\">Aktuelle Infos zur Wiehre-Seite ab 31.5.2008<\/a> &gt;Wiehre2<\/li>\n<li><a href=\"https:\/\/www.freiburg-schwarzwald.de\/littenweiler\/wiehre1.htm\">Aktuelle Infos zur Wiehre-Seite<\/a> &gt;Wiehre1<\/li>\n<li><strong><a href=\"https:\/\/www.freiburg-schwarzwald.de\/littenweiler\/wiehre.htm\">https:\/\/www.freiburg-schwarzwald.de\/littenweiler\/wiehre.htm<\/a> &gt;Archivseite<\/strong><\/li>\n<li><a href=\"https:\/\/www.freiburg-schwarzwald.de\/littenweiler\/adelhauserplatz.htm\">Adelhauser Platz &#8211; Klosterplatz<\/a> &gt;Adelhauserplatz<\/li>\n<li><a href=\"https:\/\/www.freiburg-schwarzwald.de\/littenweiler\/wiehre.htm#Alter Wiehrebahnhof\">Alter Wiehrebahnhof<\/a><\/li>\n<li><a href=\"https:\/\/www.freiburg-schwarzwald.de\/littenweiler\/wiehre.htm#Annaplatz - Annakirchle\">Annaplatz &#8211; Annakirchle<\/a><\/li>\n<li><a href=\"https:\/\/www.freiburg-schwarzwald.de\/littenweiler\/wiehre.htm#Bilder von der Wiehre\">Bilder von der Wiehre<\/a><\/li>\n<li><a href=\"https:\/\/www.freiburgb31.de\/\" target=\"_blank\" rel=\"noopener noreferrer\">B31 durch die Wiehre<\/a> &gt;www.freiburgb31.de<\/li>\n<li><a href=\"https:\/\/www.freiburg-schwarzwald.de\/littenweiler\/buergervereine.htm\">B\u00fcrgervereine in der Wiehre<\/a> &gt;Buergervereine<\/li>\n<li><a href=\"https:\/\/www.freiburg-schwarzwald.de\/littenweiler\/wiehre.htm#Deicheleweiher zwischen Waldsee und Sternwaldwiese\">Deicheleweiher zwischen Waldsee und Sternwaldwiese<\/a> &gt;Wiehre<\/li>\n<li><a href=\"https:\/\/www.freiburg-schwarzwald.de\/littenweiler\/ebnet\/\">Ebnet<\/a><\/li>\n<li><a href=\"https:\/\/www.freiburg-schwarzwald.de\/freiburg.htm\">Freiburg und nat\u00fcrlich auch die Wiehre<\/a><\/li>\n<li><a href=\"https:\/\/www.freiburg-schwarzwald.de\/littenweiler\/wiehre.htm#Gertrud-Luckner-Gewerbeschule in der Kirchstrasse\">Gertrud-Luckner-Gewerbeschule in der Kirchstrasse<\/a> &gt;Wiehre<\/li>\n<li><a href=\"https:\/\/www.freiburg-schwarzwald.de\/littenweiler\/wiehre.htm#Heldenviertel westlich Merzhauserstrasse in der Unterwiehre\">Heldenviertel westlich Merzhauserstrasse in der Unterwiehre<\/a><\/li>\n<li><a href=\"https:\/\/www.freiburg-schwarzwald.de\/littenweiler\/kunst.htm#Holbein Pferdchen\">Holbein-Pferdchen<\/a> &gt;Kunst (16.12.2004)<\/li>\n<li><a href=\"https:\/\/www.freiburg-schwarzwald.de\/blog\/religion\/juden\/juden-in-freiburg\/\">Juden-in-Freiburg<\/a><\/li>\n<li><a href=\"https:\/\/www.freiburg-schwarzwald.de\/littenweiler\/kajo.htm\">Kaiser-Joseph-Strasse<\/a> &gt;KaJo<\/li>\n<li><a title=\"Keramiktage\" href=\"https:\/\/www.freiburg-schwarzwald.de\/blog\/kultur\/kunst\/keramik\/keramiktage\/\">Keramiktage am Wiehrebahnhof<\/a> &gt;Keramiktage<\/li>\n<li><a href=\"https:\/\/www.freiburg-schwarzwald.de\/littenweiler\/wiehre.htm#Kleine Geschichte der Wiehre\">Kleine Geschichte der Wiehre<\/a> (10.2.2002)<\/li>\n<li><a href=\"https:\/\/www.freiburg-schwarzwald.de\/littenweiler\/littenweiler.htm\">Littenweiler im Osten der Wiehre<\/a> &gt;Littenweiler<\/li>\n<li><a title=\"Lorettokrankenhaus\" href=\"https:\/\/www.freiburg-schwarzwald.de\/blog\/business\/gesund\/klinik\/lorettokrankenhaus\/\">Lorettokrankenhaus<\/a><\/li>\n<li><a href=\"https:\/\/www.freiburg-schwarzwald.de\/littenweiler\/lorettoberg.htm\">Lorettoberg und Wonnhalde<\/a> &gt;Lorettoberg<\/li>\n<li><a href=\"https:\/\/www.freiburg-schwarzwald.de\/blog\/kultur\/kunst\/loretta\/\">Loretta<\/a><\/li>\n<li><a href=\"https:\/\/www.freiburg-schwarzwald.de\/littenweiler\/oberau.htm\">Oberau<\/a> &gt;Oberau<\/li>\n<li><a href=\"https:\/\/www.freiburg-schwarzwald.de\/littenweiler\/oberstadt.htm\">Oberstadt &#8211; Schwabentor &#8211; Oberlinden<\/a> &gt;Oberstadt<\/li>\n<li><a href=\"https:\/\/www.freiburg-schwarzwald.de\/littenweiler\/oberwiehre.htm\">Oberwiehre\/Waldsee<\/a> &gt;Oberwiehre<\/li>\n<li><a href=\"https:\/\/www.freiburg-schwarzwald.de\/littenweiler\/schlossbergturmtreppe.htm\">Schlo\u00dfberg-Kuratorium baut Treppe zum Schlo\u00dfbergturm<\/a> &gt;Schlossbergturmtreppe (19.5.2006)<\/li>\n<li><a title=\"Stadtbild\" href=\"https:\/\/www.freiburg-schwarzwald.de\/blog\/vereine\/stadtbild\/\">Stadtbild<\/a><\/li>\n<li><a href=\"https:\/\/www.freiburg-schwarzwald.de\/littenweiler\/wandernlit.htm#Sternwaldeck\">Sternwaldeck &#8211; Schattige Waldwanderung<\/a> &gt;WandernLit (18.8.2002)<\/li>\n<li><a href=\"https:\/\/www.freiburg-schwarzwald.de\/littenweiler\/wiehre.htm#Sternwaldwiese\">Sternwaldwiese<\/a><\/li>\n<li><a href=\"https:\/\/www.freiburg-schwarzwald.de\/littenweiler\/vauban.htm\">Vauban &#8211; Stadtteil zwischen Wiehre und Merzhausen<\/a> &gt;Vauban<\/li>\n<li><a href=\"https:\/\/www.freiburg-schwarzwald.de\/littenweiler\/senioren.htm#VEGA -Verantwortungsgemeinschaften f\u00fcr gelingendes Altern im Freiburger Osten\">VEGA -Verantwortungsgemeinschaften f\u00fcr gelingendes Altern im Freiburger Osten<\/a> &gt;Senioren<\/li>\n<li><a href=\"https:\/\/www.freiburg-schwarzwald.de\/littenweiler\/waldhaus.htm\">Waldhaus an der Wonnhalde<\/a> &gt;Waldhaus<\/li>\n<li><a href=\"https:\/\/www.freiburg-schwarzwald.de\/littenweiler\/wasserschloessle.htm\">Wasserschl\u00f6ssle am Sternwald<\/a> &gt;Wasserschloessle<\/li>\n<li><a href=\"https:\/\/www.freiburg-schwarzwald.de\/littenweiler\/luftfreiburg.htm\">Wiehre nach Nordwesten:Freiburg-Altstadt, St\u00fchlinger und der Westen aus der Luft<\/a> &gt;LuftFreiburg<\/li>\n<li><a href=\"https:\/\/www.freiburg-schwarzwald.de\/littenweiler\/luftdreisam.htm\">Wiehre nach Osten: Oberwiehre und Dreisamtal aus der Luft<\/a> &gt;Luftdreisam<\/li>\n<li><a href=\"https:\/\/www.freiburg-schwarzwald.de\/littenweiler\/wiehre.htm#Wiehrebahnhof - Neubaugebiet\">Wiehrebahnhof &#8211; Neubaugebiet 2005-2007<\/a><\/li>\n<li><a href=\"https:\/\/www.freiburg-schwarzwald.de\/littenweiler\/wiehre.htm#Alter Wiehrebahnhof\">Wiehrebahnhof &#8211; Alter<\/a><\/li>\n<li><a href=\"https:\/\/www.freiburg-schwarzwald.de\/littenweiler\/wiehremarkt.htm\">Wochenmarkt samstags am alten Wiehrebahnhof<\/a> &gt;Wiehremarkt<\/li>\n<li>&#8230;?&#8230; Ihr Beitrag<\/li>\n<li><a href=\"https:\/\/www.freiburg-schwarzwald.de\/littenweiler\/wiehre.htm#Links\">Links<\/a><\/li>\n<\/ul>\n<p>.<\/p>\n<h5><a href=\"https:\/\/www.freiburg-schwarzwald.de\/blog\/regio\/freiburg\/wiehre\/herdern9muenster-pan130510-2\/\" rel=\"attachment wp-att-29938\"><img loading=\"lazy\" decoding=\"async\" class=\" wp-image-29938 \" title=\"herdern9muenster-pan130510\" src=\"https:\/\/www.freiburg-schwarzwald.de\/blog\/wp-content\/uploads\/2013\/04\/herdern9muenster-pan130510.jpg\" alt=\"\" width=\"638\" height=\"269\" srcset=\"https:\/\/www.freiburg-schwarzwald.de\/blog\/wp-content\/uploads\/2013\/04\/herdern9muenster-pan130510.jpg 638w, https:\/\/www.freiburg-schwarzwald.de\/blog\/wp-content\/uploads\/2013\/04\/herdern9muenster-pan130510-180x75.jpg 180w\" sizes=\"auto, (max-width: 638px) 100vw, 638px\" \/> \u00a0 \u00a0 \u00a0 \u00a0 \u00a0 \u00a0 \u00a0 \u00a0 \u00a0 \u00a0 \u00a0 \u00a0 \u00a0 \u00a0 \u00a0 \u00a0 \u00a0 \u00a0 \u00a0 <\/a>\u00a0 \u00a0 Blick nach S\u00fcden \u00fcbers Freiburger M\u00fcnster und Lorettoberg (links) zum Sch\u00f6nberg<a href=\"https:\/\/www.freiburg-schwarzwald.de\/blog\/regio\/freiburg\/wiehre\/herdern9muenster-pan130510-2\/\" rel=\"attachment wp-att-29938\"><br \/>\n<\/a><\/h5>\n<p>&nbsp;<\/p>\n<p>&nbsp;<\/p>\n<p>&nbsp;<\/p>\n<p><strong>Bilder Wiehre<\/strong><\/p>\n<h5><a href=\"https:\/\/www.freiburg-schwarzwald.de\/blog\/regio\/freiburg\/wiehre\/lorettostr1troedel130423\/\" rel=\"attachment wp-att-27785\"><img loading=\"lazy\" decoding=\"async\" class=\"alignnone size-thumbnail wp-image-27785\" title=\"lorettostr1troedel130423\" src=\"https:\/\/www.freiburg-schwarzwald.de\/blog\/wp-content\/uploads\/2013\/04\/lorettostr1troedel130423-180x140.jpg\" alt=\"\" width=\"180\" height=\"140\" srcset=\"https:\/\/www.freiburg-schwarzwald.de\/blog\/wp-content\/uploads\/2013\/04\/lorettostr1troedel130423-180x140.jpg 180w, https:\/\/www.freiburg-schwarzwald.de\/blog\/wp-content\/uploads\/2013\/04\/lorettostr1troedel130423.jpg 638w\" sizes=\"auto, (max-width: 180px) 100vw, 180px\" \/><\/a>\u00a0\u00a0\u00a0\u00a0\u00a0\u00a0\u00a0\u00a0\u00a0<a href=\"https:\/\/www.freiburg-schwarzwald.de\/blog\/regio\/freiburg\/wiehre\/lorettostr2troedel130423\/\" rel=\"attachment wp-att-27786\"><img loading=\"lazy\" decoding=\"async\" class=\"alignnone size-thumbnail wp-image-27786\" title=\"lorettostr2troedel130423\" src=\"https:\/\/www.freiburg-schwarzwald.de\/blog\/wp-content\/uploads\/2013\/04\/lorettostr2troedel130423-180x135.jpg\" alt=\"\" width=\"180\" height=\"135\" srcset=\"https:\/\/www.freiburg-schwarzwald.de\/blog\/wp-content\/uploads\/2013\/04\/lorettostr2troedel130423-180x135.jpg 180w, https:\/\/www.freiburg-schwarzwald.de\/blog\/wp-content\/uploads\/2013\/04\/lorettostr2troedel130423.jpg 640w\" sizes=\"auto, (max-width: 180px) 100vw, 180px\" \/><\/a>\u00a0\u00a0\u00a0\u00a0\u00a0\u00a0\u00a0\u00a0\u00a0 <a href=\"https:\/\/www.freiburg-schwarzwald.de\/blog\/regio\/freiburg\/wiehre\/narzissen130423\/\" rel=\"attachment wp-att-27787\"><img loading=\"lazy\" decoding=\"async\" class=\"alignnone size-thumbnail wp-image-27787\" title=\"narzissen130423\" src=\"https:\/\/www.freiburg-schwarzwald.de\/blog\/wp-content\/uploads\/2013\/04\/narzissen130423-180x135.jpg\" alt=\"\" width=\"180\" height=\"135\" srcset=\"https:\/\/www.freiburg-schwarzwald.de\/blog\/wp-content\/uploads\/2013\/04\/narzissen130423-180x135.jpg 180w, https:\/\/www.freiburg-schwarzwald.de\/blog\/wp-content\/uploads\/2013\/04\/narzissen130423.jpg 640w\" sizes=\"auto, (max-width: 180px) 100vw, 180px\" \/><\/a><br \/>\n(1) Tr\u00f6del W\u00e4sche Wei\u00df\u00a0\u00a0\u00a0\u00a0\u00a0\u00a0\u00a0\u00a0\u00a0\u00a0\u00a0\u00a0\u00a0\u00a0\u00a0\u00a0\u00a0\u00a0\u00a0\u00a0\u00a0\u00a0\u00a0\u00a0\u00a0(2) H\u00e4uschen Lorettostrasse\u00a0\u00a0\u00a0\u00a0\u00a0\u00a0\u00a0\u00a0\u00a0\u00a0\u00a0\u00a0\u00a0\u00a0\u00a0\u00a0 (3) Narzissen Urachstrasse 23.4.2013<\/h5>\n<h5><a href=\"https:\/\/www.freiburg-schwarzwald.de\/blog\/regio\/freiburg\/wiehre\/wiehrebahnhof130518\/\" rel=\"attachment wp-att-30570\"><img loading=\"lazy\" decoding=\"async\" class=\"alignnone size-thumbnail wp-image-30570\" title=\"wiehrebahnhof130518\" src=\"https:\/\/www.freiburg-schwarzwald.de\/blog\/wp-content\/uploads\/2013\/04\/wiehrebahnhof130518-135x180.jpg\" alt=\"\" width=\"135\" height=\"180\" srcset=\"https:\/\/www.freiburg-schwarzwald.de\/blog\/wp-content\/uploads\/2013\/04\/wiehrebahnhof130518-135x180.jpg 135w, https:\/\/www.freiburg-schwarzwald.de\/blog\/wp-content\/uploads\/2013\/04\/wiehrebahnhof130518.jpg 480w\" sizes=\"auto, (max-width: 135px) 100vw, 135px\" \/><\/a>\u00a0\u00a0\u00a0\u00a0\u00a0\u00a0\u00a0\u00a0\u00a0\u00a0\u00a0\u00a0\u00a0\u00a0\u00a0\u00a0\u00a0\u00a0\u00a0\u00a0\u00a0\u00a0\u00a0\u00a0\u00a0\u00a0 <a href=\"https:\/\/www.freiburg-schwarzwald.de\/blog\/regio\/freiburg\/wiehre\/stephanie-papa130518\/\" rel=\"attachment wp-att-30571\"><img loading=\"lazy\" decoding=\"async\" class=\"alignnone size-thumbnail wp-image-30571\" title=\"stephanie-papa130518\" src=\"https:\/\/www.freiburg-schwarzwald.de\/blog\/wp-content\/uploads\/2013\/04\/stephanie-papa130518-152x180.jpg\" alt=\"\" width=\"152\" height=\"180\" srcset=\"https:\/\/www.freiburg-schwarzwald.de\/blog\/wp-content\/uploads\/2013\/04\/stephanie-papa130518-152x180.jpg 152w, https:\/\/www.freiburg-schwarzwald.de\/blog\/wp-content\/uploads\/2013\/04\/stephanie-papa130518.jpg 543w\" sizes=\"auto, (max-width: 152px) 100vw, 152px\" \/><\/a>\u00a0\u00a0\u00a0\u00a0\u00a0\u00a0\u00a0\u00a0\u00a0\u00a0\u00a0\u00a0\u00a0\u00a0\u00a0 <a href=\"https:\/\/www.freiburg-schwarzwald.de\/blog\/regio\/freiburg\/wiehre\/waffeln-wiehremarkt130518\/\" rel=\"attachment wp-att-30572\"><img loading=\"lazy\" decoding=\"async\" class=\"alignnone size-thumbnail wp-image-30572\" title=\"waffeln-wiehremarkt130518\" src=\"https:\/\/www.freiburg-schwarzwald.de\/blog\/wp-content\/uploads\/2013\/04\/waffeln-wiehremarkt130518-180x140.jpg\" alt=\"\" width=\"180\" height=\"140\" srcset=\"https:\/\/www.freiburg-schwarzwald.de\/blog\/wp-content\/uploads\/2013\/04\/waffeln-wiehremarkt130518-180x140.jpg 180w, https:\/\/www.freiburg-schwarzwald.de\/blog\/wp-content\/uploads\/2013\/04\/waffeln-wiehremarkt130518.jpg 639w\" sizes=\"auto, (max-width: 180px) 100vw, 180px\" \/><\/a><br \/>\n(4) Wiehrebahnhof 18.5.2013\u00a0\u00a0\u00a0\u00a0\u00a0\u00a0\u00a0\u00a0\u00a0\u00a0\u00a0\u00a0\u00a0\u00a0\u00a0\u00a0\u00a0 (5) Stephanie + Papa\u00a0\u00a0\u00a0\u00a0\u00a0\u00a0\u00a0\u00a0\u00a0\u00a0\u00a0\u00a0\u00a0\u00a0\u00a0\u00a0\u00a0\u00a0\u00a0\u00a0\u00a0\u00a0\u00a0\u00a0\u00a0\u00a0\u00a0\u00a0 (6) Waffeln am Wiehrebahnhof 18.5.13<\/h5>\n<h5><a href=\"https:\/\/www.freiburg-schwarzwald.de\/blog\/regio\/freiburg\/wiehre\/flohmarkt-wiehre130622\/\" rel=\"attachment wp-att-33484\"><img loading=\"lazy\" decoding=\"async\" class=\"alignnone size-thumbnail wp-image-33484\" title=\"flohmarkt-wiehre130622\" src=\"https:\/\/www.freiburg-schwarzwald.de\/blog\/wp-content\/uploads\/2013\/04\/flohmarkt-wiehre130622-180x135.jpg\" alt=\"\" width=\"180\" height=\"135\" srcset=\"https:\/\/www.freiburg-schwarzwald.de\/blog\/wp-content\/uploads\/2013\/04\/flohmarkt-wiehre130622-180x135.jpg 180w, https:\/\/www.freiburg-schwarzwald.de\/blog\/wp-content\/uploads\/2013\/04\/flohmarkt-wiehre130622.jpg 640w\" sizes=\"auto, (max-width: 180px) 100vw, 180px\" \/><\/a>\u00a0 \u00a0 \u00a0 \u00a0 \u00a0\u00a0<a href=\"https:\/\/www.freiburg-schwarzwald.de\/blog\/regio\/freiburg\/wiehre\/wiehrebahnhof140129\/\" rel=\"attachment wp-att-44776\"><img loading=\"lazy\" decoding=\"async\" class=\"alignnone size-thumbnail wp-image-44776\" src=\"https:\/\/www.freiburg-schwarzwald.de\/blog\/wp-content\/uploads\/2013\/04\/wiehrebahnhof140129-180x135.jpg\" alt=\"wiehrebahnhof140129\" width=\"180\" height=\"135\" srcset=\"https:\/\/www.freiburg-schwarzwald.de\/blog\/wp-content\/uploads\/2013\/04\/wiehrebahnhof140129-180x135.jpg 180w, https:\/\/www.freiburg-schwarzwald.de\/blog\/wp-content\/uploads\/2013\/04\/wiehrebahnhof140129.jpg 640w\" sizes=\"auto, (max-width: 180px) 100vw, 180px\" \/><\/a><br \/>\n(7) Kinder-Flohmarkt 22.6.2013 \u00a0 \u00a0 \u00a0 \u00a0 \u00a0 \u00a0 (8) Wiehrebahnhof Gasthaus 29.1.2014<\/h5>\n<h5><a href=\"https:\/\/www.freiburg-schwarzwald.de\/blog\/wp-content\/uploads\/2022\/09\/wiehre-strassencafe220907.jpg\"><img loading=\"lazy\" decoding=\"async\" class=\"alignnone size-thumbnail wp-image-104756\" src=\"https:\/\/www.freiburg-schwarzwald.de\/blog\/wp-content\/uploads\/2022\/09\/wiehre-strassencafe220907-180x127.jpg\" alt=\"\" width=\"180\" height=\"127\" srcset=\"https:\/\/www.freiburg-schwarzwald.de\/blog\/wp-content\/uploads\/2022\/09\/wiehre-strassencafe220907-180x127.jpg 180w, https:\/\/www.freiburg-schwarzwald.de\/blog\/wp-content\/uploads\/2022\/09\/wiehre-strassencafe220907-640x450.jpg 640w, https:\/\/www.freiburg-schwarzwald.de\/blog\/wp-content\/uploads\/2022\/09\/wiehre-strassencafe220907-768x540.jpg 768w, https:\/\/www.freiburg-schwarzwald.de\/blog\/wp-content\/uploads\/2022\/09\/wiehre-strassencafe220907.jpg 800w\" sizes=\"auto, (max-width: 180px) 100vw, 180px\" \/><\/a><br \/>\n(9) Strassencaf\u00e9 Ecke Dreik\u00f6nigstrasse 21.9.2022<\/h5>\n<p>(5) Samstags auf dem Markt am Wiehrebahnhof: Stephanie + Papa spielen Jazz f\u00fcr &#8222;Menschen &#8211; Natur &#8211; Tiere in Not&#8220;. <a href=\"mailto:dr-med-schweizer@t-online.de\">dr-med-schweizer@t-online.de<\/a><br \/>\n(6) Waffeln f\u00fcr 1 Euro auf dem Markt am 18.5.2013<\/p>\n<p>=============================================================<\/p>\n<p>&nbsp;<\/p>\n<p><strong>Alter Wiehrebahnhof beschmiert: Antisemitismus &#8211; Antizionismus<\/strong><br \/>\nAntisemitisch, nicht <a href=\"https:\/\/www.freiburg-schwarzwald.de\/blog\/global\/israel\/antijudaismus\/\">antizionistisch<\/a>. Nach dem Besuch eines Films am Freitagabend habe ich die Schmierereien am Kommunalen Kino mit Entsetzen wahrgenommen. Erfreulich, dass die BZ mit einem Artikel am Samstag dar\u00fcber berichtet hat. Irritierend f\u00fcr mich war jedoch die dabei verwendete Terminologie. Parolen wie &#8222;Fuck Israel&#8220;, &#8222;Zionism is Fascism&#8220;, &#8222;From the River to the Sea&#8220;, &#8222;Zionism is a Death Cult&#8220; sowie das invertierte rote Dreieck, das von der <a href=\"https:\/\/www.freiburg-schwarzwald.de\/blog\/global\/israel\/palaestina\/hamas\/\">Hamas<\/a> zur Markierung feindlicher Ziele verwendet wird, verbergen den <a href=\"https:\/\/www.freiburg-schwarzwald.de\/blog\/religion\/juden\/antisemitismus\/\">antisemitischen<\/a> Kern der Schmierereien nicht einmal notd\u00fcrftig hinter einer vorgeblich &#8222;antizionistischen&#8220; Fassade.<br \/>\n<a href=\"https:\/\/www.freiburg-schwarzwald.de\/blog\/global\/israel\/anti-israel\/\">Antizionismus<\/a> ist eine insbesondere innerhalb der Linken (hier ist nicht die Partei gemeint) verbreitete Form des sekund\u00e4ren Antisemitismus, der nach 1945 virulent wurde und sich gegen den Staat Israel richtete, auch weil das direkt gegen Juden und J\u00fcdinnen gerichtete Ressentiment nach der Shoah nicht mehr opportun war. Es mag sein, dass es antizionistische \u00c4u\u00dferungen gibt, die nicht per se antisemitisch sind. Die Parolen am Koki geh\u00f6ren definitiv nicht dazu. Uwe Muth, Freiburg, 21.10.2025<br \/>\n<a href=\"https:\/\/www.badische-zeitung.de\/antisemitisch-nicht-antizionistisch\">https:\/\/www.badische-zeitung.de\/antisemitisch-nicht-antizionistisch<\/a><br \/>\n.<\/p>\n<div id=\"attachment_140451\" style=\"width: 650px\" class=\"wp-caption alignnone\"><a href=\"https:\/\/www.freiburg-schwarzwald.de\/blog\/wp-content\/uploads\/2025\/10\/antisemitismus-wiehrebahnhof-pan251015.jpg\"><img loading=\"lazy\" decoding=\"async\" aria-describedby=\"caption-attachment-140451\" class=\"size-full wp-image-140451\" src=\"https:\/\/www.freiburg-schwarzwald.de\/blog\/wp-content\/uploads\/2025\/10\/antisemitismus-wiehrebahnhof-pan251015.jpg\" alt=\"\" width=\"640\" height=\"425\" srcset=\"https:\/\/www.freiburg-schwarzwald.de\/blog\/wp-content\/uploads\/2025\/10\/antisemitismus-wiehrebahnhof-pan251015.jpg 640w, https:\/\/www.freiburg-schwarzwald.de\/blog\/wp-content\/uploads\/2025\/10\/antisemitismus-wiehrebahnhof-pan251015-180x120.jpg 180w\" sizes=\"auto, (max-width: 640px) 100vw, 640px\" \/><\/a><p id=\"caption-attachment-140451\" class=\"wp-caption-text\">Antisemitische und antizionistische Schmierereien am Alten Wiehrebahnhof 10\/2025<\/p><\/div>\n<p><strong>Unbekannte beschmieren den Alten Wiehrebahnhof in Freiburg und das Quartier mit antizionistischen Parolen<\/strong><br \/>\nIhre Spur zieht sich einmal durch die Wiehre und kulminiert in gro\u00dffl\u00e4chigen Schmierereien am Alten Wiehrebahnhof: Unbekannte haben in Freiburg zahlreiche Geb\u00e4ude mit antizionistischen Parolen beschmiert<br \/>\n&#8230; Alles vom 10.10.2025 von Alexandra R\u00f6derer bitte lesen auf<br \/>\n<a href=\"https:\/\/www.badische-zeitung.de\/unbekannte-beschmieren-den-alten-wiehrebahnhof-in-freiburg-und-das-quartier-mit-antizionistischen-pa\">https:\/\/www.badische-zeitung.de\/unbekannte-beschmieren-den-alten-wiehrebahnhof-in-freiburg-und-das-quartier-mit-antizionistischen-pa<\/a><\/p>\n<p>&nbsp;<\/p>\n<p><strong>21-j\u00e4hriger Algerier ersticht 77-j\u00e4hrigen Hausbesitzer am Lorettoberg<\/strong><br \/>\n<strong>Brutaler \u00dcberfall in Freiburg: Algerier raubt Rentner aus und t\u00f6tet ihn mit mehreren Stichen<\/strong><br \/>\nEin 77-j\u00e4hriger Rentner wurde in Freiburg im Breisgau bei einem Raub\u00fcberfall in seinem eigenen Zuhause ermordet. Der mutma\u00dfliche T\u00e4ter: ein 21-j\u00e4hriger Algerier, der nun, neun Tage nach der Tat, in der Schweiz festgenommen werden konnte. \u00dcber die Festnahme hatte Bild zuerst berichtet.<br \/>\nDer verd\u00e4chtige Algerier h\u00e4lt sich seit dem 1. Mai dieses Jahres in Deutschland auf und war der Polizei bereits wegen Eigentumsdelikten bekannt. Die Tat ereignete sich am Nachmittag des 14. Juli: Ein 77-j\u00e4hriger Rentner war in seinem Haus brutal ermordet worden. In einer ersten Pressemitteilung geht die Polizei davon aus, dass der T\u00e4ter den Rentner erstochen habe, nachdem dieser ihn beim Einbruch \u00fcberrascht hatte.<br \/>\n&#8230; Alles vom 24.7.2024 bitte lesen auf<br \/>\n<a href=\"https:\/\/www.nius.de\/news\/brutaler-ueberfall-in-freiburg-algerier-raubt-rentner-aus-und-toetet-ihn-mit-mehreren-stichen\/175105ad-4e27-4abf-84d6-89f8a9708b8e\">https:\/\/www.nius.de\/news\/brutaler-ueberfall-in-freiburg-algerier-raubt-rentner-aus-und-toetet-ihn-mit-mehreren-stichen\/175105ad-4e27-4abf-84d6-89f8a9708b8e<\/a><br \/>\n.<br \/>\n.<br \/>\n<strong>Nach Verbrechen am Freiburger Lorettoberg: Mehr Kontrolle der Migration ist zwingend<\/strong><br \/>\nDer mutma\u00dfliche T\u00e4ter ist ein junger Mann aus Algerien, der nach allem, was bisher bekannt ist, um Asyl nachgesucht hat. Gefilmt wurde er, wie er auf dem St\u00fchlinger Kirchplatz in Freiburg mit Diebesgut hantierte. Der Ort gilt als Drogenumschlagplatz in der Hand junger Migranten. W\u00e4re das Opfer noch am Leben, h\u00e4tte Deutschland die Einreise des Algeriers verhindert? Ja.<br \/>\n&#8230; Alles vom 22.7.2024 bitte lesen auf<br \/>\n<a href=\"https:\/\/www.badische-zeitung.de\/nach-verbrechen-am-freiburger-lorettoberg-mehr-kontrolle-der-migration-ist-zwingend\">https:\/\/www.badische-zeitung.de\/nach-verbrechen-am-freiburger-lorettoberg-mehr-kontrolle-der-migration-ist-zwingend<\/a><br \/>\n.<br \/>\nEinige Kommentare:<br \/>\nKosten der Fl\u00fcchtlingskrise inzwischen \u00fcber 216 Milliarden Euro: Von 2016-2023 wuchsen die sogenannten \u201efl\u00fcchtlingsbezogenen Ausgaben\u201c auf insgesamt 189,6 Milliarden an. 2023 war das bisherige Rekordjahr mit 29,8 Milliarden, 2022: 28 Milliarden. F\u00fcr 2024 sind 26,9 Milliarden geplant, laut \u201cBericht \u00fcber die Ma\u00dfnahmen des Bundes zur Unterst\u00fctzung von L\u00e4ndern und Kommunen im Bereich der Fl\u00fcchtlings- und Integrationskosten\u201c (zum Vergleich: Bundeshaushalt 2024: 476,8 Mrd. Euro).<br \/>\nDie \u201efl\u00fcchtlingsbezogenen Ausgaben\u201c des Bundes sind detailliert in 5 Kategorien eingeteilt: \u201eFluchtursachenbek\u00e4mpfung\u201c (2023: 9,8 Milliarden), \u201eAufnahme, Unterbringung und Registrierung im Asylverfahren\u201c (2023: 1,3 Milliarden), \u201eIntegrationsleistungen\u201c (2023: 3 Milliarden), \u201eSozialtransferleistungen nach Asylverfahren\u201c (2023: 11,8 Milliarden) und \u201eEntlastung von L\u00e4ndern und Kommunen\u201c (2023: 3,9 Milliarden).<br \/>\nNoch 2016 hatte der damalige Fraktionschef der Union, Volker Kauder erkl\u00e4rt: \u201eNiemandem wird etwas weggenommen, weil Fl\u00fcchtlingen geholfen wird. Nirgendwo ist gek\u00fcrzt worden.\u201c Die ausufernden Kosten der Asylkrise widerlegen seine Aussagen.<br \/>\nZus\u00e4tzlich zu den Asyl-Ausgaben des Bundes kommen noch die der L\u00e4nder hinzu, z.B. 2022 6,5 Milliarden Euro brutto f\u00fcr Leistungen nach dem Asylbewerberleistungsgesetz. 2023 4,3 Milliarden, 2020 4,2 Milliarden. Die Zahlungen \u00fcbersteigen also bei weitem die Entlastungen, die der Bund \u00fcberweist. PLUS: Extra-Kosten f\u00fcr Kriminelle, Versicherungssch\u00e4den, Wohnungskrise&#8230; M.K.<br \/>\n.<br \/>\nEin Armutszeugnis, dass der Kommentarbereich bei dem Artikel &#8222;Hintergrund: Mordfall Lorettoberg in Freiburg: Polizei nimmt 21-j\u00e4hrigen Algerier fest&#8220; geschlossen ist.<br \/>\nWenn ein paar betrunkene Jugendliche auf Sylt ein unanst\u00e4ndiges Lied singen, wird aus allen L\u00f6chern der Medien und einem Gro\u00dfteil deren Leserschft &#8222;gegen rechts&#8220; geschossen.<br \/>\nAuch wurden die &#8222;Gr\u00f6ler&#8220; von Sylt unverpixelt dargestellt und beim Klarnamen genannt, sodass eine richtige &#8222;Hexenjagt&#8220; stattfinden konnte.<br \/>\nWird dagegen jemand von einem schon polizeilich in Erscheinung getretenen Algerier ermordet, werden die Pers\u00f6nlichkeitsrechte hoch gehalten und die Leserschaft darf sich nicht dazu \u00e4u\u00dfern, aus Angst es k\u00f6nnten ja &#8222;rechtslastige&#8220; Kommentare dabei sein&#8230; H.St:<br \/>\n.<br \/>\nMigrationspolitik: Betroffen, machtlos und w\u00fctend<br \/>\nEin Mensch verlor sein Leben. Er wurde auf bestialische Art und Weise kaltbl\u00fctig mutma\u00dflich von einem 21 Jahre alten gefl\u00fcchteten Algerier umgebracht, erstochen. F\u00fcr eine &#8222;Handvoll Schmuck und Elektronik&#8220;! Absurd. Und v\u00f6llig sinnlos. Das Opfer, ein Mann, der nach einem langen Berufsleben seinen Lebensabend in der Wiehre auf dem Lorettoberg verbrachte. Ein freundlicher Pension\u00e4r, der einfach in Frieden leben mochte, wie Abermillionen andere Menschen auch. Ich kannte das Opfer, den sympathischen Mann, wenn auch nur fl\u00fcchtig. Als w\u00e4re die Welt f\u00fcr einen Bruchteil von Sekunden stehen geblieben, bin ich noch heute \u00fcber diesen Raubmord so geschockt, dass sich meine Gedanken immer wieder um die eine und gleiche Frage drehen: &#8222;Wieso konnte so eine grausame Tat erst geschehen?&#8220; Thomas Fricker bekennt in seinem Kommentar Farbe, in dem er klar sagt, dass das Opfer noch am Leben w\u00e4re, h\u00e4tte Deutschland die Einreise des Algeriers verhindert. Das sehe ich auch so. Auch spricht Thomas Fricker sich zurecht &#8222;f\u00fcr mehr Kontrollen aus, wer ins Land gelangt, sie m\u00fcssen engmaschiger, die Sanktionen bei Straftaten sch\u00e4rfer werden.&#8220; Das ist alles sch\u00f6n in der Theorie, aber sieht nicht die Realit\u00e4t viel d\u00fcsterer aus, als sie eigentlich scheint? Muss erst ein Mensch von einem Asylanten brutal umgebracht werden, damit die Ma\u00dfnahmen versch\u00e4rft werden? Ich kritisiere es sch\u00e4rfer: Die Migrationspolitik in Deutschland ist schon lange an die Wand gefahren. Am Beispiel des &#8222;algerischen Gefl\u00fcchteten&#8220; ist das wieder deutlich und sp\u00fcrbar geworden. Der junge Mann fiel schon mehrfach negativ den Beh\u00f6rden auf. Warum hat man ihm sp\u00e4testens da nicht schon das Handwerk gelegt!? Es war wohl nicht genug, es musste erst noch etwas Gr\u00f6\u00dferes passieren! Ich fordere nun von den verantwortlichen Beh\u00f6rden endlich absolute und wasserdichte \u00dcberpr\u00fcfung derjenigen, die nach Deutschland kommen und hier als Gefl\u00fcchtete um Asyl bitten. Endlich.<br \/>\nIch hoffe, dass die aus dem Ruder gelaufene Migrationspolitik nun endlich ernster genommen wird und sch\u00e4rfer durch gegriffen wird, wer nach Deutschland kommen darf und wer nicht! Der Mann vom Lorettoberg wird das leider nicht mehr erleben. F\u00fcr ihn kam jede Hilfe zu sp\u00e4t. Ich bin einfach nur betroffen, machtlos und w\u00fctend!<br \/>\n2.8.2024, Sabine Kuhn, Freiburg<\/p>\n<p>&nbsp;<\/p>\n<p><strong>Freiburgs Osten in Google&#8217;s Streetview<\/strong><br \/>\nStra\u00dfen im Osten sind nun im einst umstrittenen Google-Dienst abgelichtet &#8230;<br \/>\nDa erstaunt es, dass seit einiger Zeit trotzdem Freiburger Stra\u00dfenz\u00fcge virtuell begehbar sind, alle Hausfassaden lassen sich betrachten. Vor allem im Osten: Teile von Littenweiler, Waldsee und der Wiehre sind in Streetview sichtbar, wenn auch die Qualit\u00e4t geringer ist als bei den urspr\u00fcnglichen Streetview-Aufnahmen. Dahinter steckt das Projekt Street-View-Ready, das es Privatleuten erlaubt, selbst gemachte Panoramabilder bei Google hochzuladen, dort werden sie dann zu einem Ganzen zusammengerechnet. Privatleute wie Thorsten J\u00e4ger: Er hat den Freiburger Osten bei Streetview hochgeladen. &#8222;Ich mache das aus Spa\u00df an der Technik&#8220;, sagt J\u00e4ger. &#8222;Und die Stadt ist ja auch sch\u00f6n&#8220;. J\u00e4ger hat kein Google-Auto, nur eine panoramaf\u00e4hige Kamera und ein Smartphone. Per Rad ist er so die Stra\u00dfen im Osten abgefahren, wo er auch wohnt. Google sieht sich nicht in der Verantwortung: &#8222;Von externen Nutzerinnen oder Nutzern aufgenommene Bilder werden von diesen ver\u00f6ffentlicht und k\u00f6nnen von ihnen wieder entfernt werden. Die Ver\u00f6ffentlichung dieser Bilder steht in ihrer Verantwortung&#8220;, schreibt der Konzern. Beim Landesdatenschutzbeauftragten in Stuttgart hei\u00dft es, Beschwerden zu Street View Ready habe es bisher nicht gegeben \u2013 man kenne das Projekt gar nicht.<br \/>\n&#8230; Alles vom 4.12.2020 von Jens Kitzler bitte lesen auf<br \/>\n<a href=\"https:\/\/www.badische-zeitung.de\/teile-freiburgs-in-googles-streetview\">https:\/\/www.badische-zeitung.de\/teile-freiburgs-in-googles-streetview<\/a><br \/>\n.<br \/>\n<strong>So findet man Streetviews auf Google Maps:<\/strong><br \/>\nDie gew\u00fcnschte Map anzeigen, nah zoomen (ob Strassen- oder Satellite-Anzeige ist egal), rechts unten das gelbe M\u00e4nnchen-Icon anklicken: Die Strassen, f\u00fcr die Streetview-Panoramen verf\u00fcgbar sind, erscheinen blau in der Map. Nun das Icon zur entspr. Strasse ziehen &#8211; das Panoramabild erscheint und l\u00e4\u00dft sich \u00fcber Strg\/Pfeile drehen. <a href=\"https:\/\/www.google.com\/maps\/dir\/\/47.9959,7.85222\/'''\/@47.9888689,7.8577733,15z\">https:\/\/www.google.com\/maps\/dir\/\/47.9959,7.85222\/&#8220;&#8217;\/@47.9888689,7.8577733,15z<\/a><br \/>\n.<br \/>\nF\u00fcr Freiburg verf\u00fcgbare Streetviews: Strassen in Innenstadt, Oberau, Wiehre, Waldsee.<\/p>\n<p>&nbsp;<\/p>\n<p>&nbsp;<\/p>\n","protected":false},"excerpt":{"rendered":"<p>Home &gt;Regio &gt;Orte &gt;Freiburg &gt;Wiehre Listenauswahl eines Beitrags (Artikel\/Datum, Seite\/Inhalt):\u00a0Klicken\u00a0oder scrollen Die neuen Windr\u00e4der auf dem Rosskopf r\u00fccken Freiburg auf die Pelle\u00a0(27.3.2026) Freiburg-Oberau \u2013 Hirzberg \u2013 Papierfabrik Flinsch \u2013 Rabenkopf (12.1.2026) Alter Wiehrebahnhof beschmiert: Antisemitismus &#8211; Antizionismus (21.10.2025) Meinungsfreiheit heute &hellip; <a href=\"https:\/\/www.freiburg-schwarzwald.de\/blog\/regio\/freiburg\/wiehre\/\">Weiterlesen <span class=\"meta-nav\">&rarr;<\/span><\/a><\/p>\n","protected":false},"author":4,"featured_media":0,"parent":389,"menu_order":0,"comment_status":"open","ping_status":"closed","template":"","meta":{"footnotes":""},"class_list":["post-27781","page","type-page","status-publish","hentry"],"_links":{"self":[{"href":"https:\/\/www.freiburg-schwarzwald.de\/blog\/wp-json\/wp\/v2\/pages\/27781","targetHints":{"allow":["GET"]}}],"collection":[{"href":"https:\/\/www.freiburg-schwarzwald.de\/blog\/wp-json\/wp\/v2\/pages"}],"about":[{"href":"https:\/\/www.freiburg-schwarzwald.de\/blog\/wp-json\/wp\/v2\/types\/page"}],"author":[{"embeddable":true,"href":"https:\/\/www.freiburg-schwarzwald.de\/blog\/wp-json\/wp\/v2\/users\/4"}],"replies":[{"embeddable":true,"href":"https:\/\/www.freiburg-schwarzwald.de\/blog\/wp-json\/wp\/v2\/comments?post=27781"}],"version-history":[{"count":6,"href":"https:\/\/www.freiburg-schwarzwald.de\/blog\/wp-json\/wp\/v2\/pages\/27781\/revisions"}],"predecessor-version":[{"id":147157,"href":"https:\/\/www.freiburg-schwarzwald.de\/blog\/wp-json\/wp\/v2\/pages\/27781\/revisions\/147157"}],"up":[{"embeddable":true,"href":"https:\/\/www.freiburg-schwarzwald.de\/blog\/wp-json\/wp\/v2\/pages\/389"}],"wp:attachment":[{"href":"https:\/\/www.freiburg-schwarzwald.de\/blog\/wp-json\/wp\/v2\/media?parent=27781"}],"curies":[{"name":"wp","href":"https:\/\/api.w.org\/{rel}","templated":true}]}}