{"id":27422,"date":"2013-04-19T15:02:54","date_gmt":"2013-04-19T13:02:54","guid":{"rendered":"https:\/\/www.freiburg-schwarzwald.de\/blog\/?page_id=27422"},"modified":"2024-07-22T10:13:15","modified_gmt":"2024-07-22T08:13:15","slug":"haus197","status":"publish","type":"page","link":"https:\/\/www.freiburg-schwarzwald.de\/blog\/selbsthilfe\/jugend\/jugendtreffs\/haus197\/","title":{"rendered":"Haus197"},"content":{"rendered":"<p>Home &gt;<a title=\"Soziales\" href=\"https:\/\/www.freiburg-schwarzwald.de\/blog\/selbsthilfe\/soziales\/\">Soziales<\/a> &gt;<a title=\"Selbsthilfe\" href=\"https:\/\/www.freiburg-schwarzwald.de\/blog\/selbsthilfe\/\">Selbsthilfe<\/a> &gt;<a title=\"Jugend\" href=\"https:\/\/www.freiburg-schwarzwald.de\/blog\/selbsthilfe\/jugend\/\">Jugend<\/a> &gt;<a title=\"Jugendtreffs\" href=\"https:\/\/www.freiburg-schwarzwald.de\/blog\/selbsthilfe\/jugend\/jugendtreffs\/\">Jugendtreffs<\/a> &gt;Haus197<\/p>\n<div id=\"attachment_21435\" style=\"width: 629px\" class=\"wp-caption alignnone\"><a href=\"https:\/\/www.freiburg-schwarzwald.de\/blog\/business\/gesund\/klinik\/bugginger-ostt-pan101113\/\" rel=\"attachment wp-att-21435\"><img loading=\"lazy\" decoding=\"async\" aria-describedby=\"caption-attachment-21435\" class=\"size-full wp-image-21435\" title=\"bugginger-ostt-pan101113\" src=\"https:\/\/www.freiburg-schwarzwald.de\/blog\/wp-content\/uploads\/2013\/02\/bugginger-ostt-pan101113.jpg\" alt=\"\" width=\"619\" height=\"217\" srcset=\"https:\/\/www.freiburg-schwarzwald.de\/blog\/wp-content\/uploads\/2013\/02\/bugginger-ostt-pan101113.jpg 619w, https:\/\/www.freiburg-schwarzwald.de\/blog\/wp-content\/uploads\/2013\/02\/bugginger-ostt-pan101113-180x63.jpg 180w\" sizes=\"auto, (max-width: 619px) 100vw, 619px\" \/><\/a><p id=\"caption-attachment-21435\" class=\"wp-caption-text\">Passivhochhaus Buggi 50 am 13.11.2010 in Weingarten: Tele-Blick nach Osten \u00fcber Freiburg und Dreisamtal hoch zum Schwarzwald<\/p><\/div>\n<p>&nbsp;<\/p>\n<ul>\n<li>Ein Vortrag der &#8222;Letzten Generation&#8220; im Haus 197 in Freiburg-Ebnet wird zum Politikum (19.4.2023)<\/li>\n<li>Trommeln mit der &#8222;Drum Family&#8220; im\u00a0Haus 197 (20.12.2018)<\/li>\n<li><a href=\"https:\/\/www.freiburg-schwarzwald.de\/blog\/lernpaten-fuer-fluechtlinge\">https:\/\/www.freiburg-schwarzwald.de\/blog\/lernpaten-fuer-fluechtlinge<\/a>\/ (11.10.2015)<\/li>\n<li><\/li>\n<li><strong><a href=\"https:\/\/www.freiburg-dreisamtal.de\/haus197.htm\">https:\/\/www.freiburg-dreisamtal.de\/haus197.htm<\/a>\u00a0 &gt;Archivseite vom Haus 197<\/strong><\/li>\n<li>Jahreshauptversammlung 2013 von Haus 197 (19.4.2013)<\/li>\n<li><a href=\"https:\/\/www.freiburg-schwarzwald.de\/littenweiler\/littenweiler12.htm#Dorf aktuell: Integration, FAIRBURG, Bahnhof, PH\">Dorf aktuell: Integration, FAIRBURG, Bahnhof, PH<\/a> &gt;Littenweiler12 (1.12.2011)<\/li>\n<li><a href=\"https:\/\/www.freiburg-schwarzwald.de\/littenweiler\/haus197#Alexandra Matulla ist die neue Leiterin von Haus 197\">Alexandra Matulla ist die neue Leiterin von Haus 197<\/a> &gt;Haus197 (25.5.2011)<\/li>\n<li><a href=\"https:\/\/www.freiburg-schwarzwald.de\/musik3.htm#Internationale Musik - BIR Band im Haus 197\">Internationale Musik &#8211; BIR Band im Haus 197<\/a> &gt;Musik3 (1.10.2010)<\/li>\n<li><a href=\"https:\/\/www.freiburg-schwarzwald.de\/littenweiler\/sportfest-dorffest.htm#Im B\u00fcrgerverein herrschen autorit\u00e4re und kommunikationsfeindliche Strukturen\">Im B\u00fcrgerverein herrschen autorit\u00e4re und kommunikationsfeindliche Strukturen &gt;Sportfest-Dorffest<\/a> (14.8.2009)<\/li>\n<li><a href=\"https:\/\/www.freiburg-schwarzwald.de\/littenweiler\/musik3.htm#Deutscher Heimatrock meets Freiburger Hip-Hop\">Deutscher Heimatrock meets Freiburger Hip-Hop<\/a>\u00a0 &gt;Musik3 (8.8.2009)<\/li>\n<li><a href=\"https:\/\/www.freiburg-schwarzwald.de\/littenweiler\/haus197#Cornelia Hecklau - neue Leiterin im Haus 197\">Cornelia Hecklau &#8211; neue Leiterin im Haus 197<\/a> &gt;Haus197 (1.12.2008)<\/li>\n<li><a href=\"https:\/\/www.freiburg-schwarzwald.de\/littenweiler\/littenweiler10.htm#Haus 197 feiert - Cornelia Hecklau neue Leiterin\">Haus 197 feiert &#8211; Cornelia Hecklau neue Leiterin<\/a> &gt;Littenweiler10 (7.11.2008)<\/li>\n<li><a href=\"https:\/\/www.freiburg-schwarzwald.de\/littenweiler\/haus197.htm#10 Jahre ?Jugend- und B\u00fcrgerforum 197? - Einladung\">10 Jahre \u201eJugend- und B\u00fcrgerforum 197\u201c &#8211; Wechsel im Jubil\u00e4umsjahr<\/a> &gt;Haus197 (24.10.2008)<\/li>\n<li><a href=\"https:\/\/www.freiburg-schwarzwald.de\/littenweiler\/haus197#Grillfest am 12.7.2008 ab 17 Uhr - Einladung\">Grillfest am 12.7.2008 ab 17 Uhr &#8211; Einladung<\/a> &gt;Haus197 (2.7.2008)<\/li>\n<li><a href=\"https:\/\/www.freiburg-schwarzwald.de\/littenweiler\/haus197.htm#Haus 197 erstrahlt in neuem Glanz dank ehrenamtlichem Engagement\">Haus 197 erstrahlt in neuem Glanz dank ehrenamtlichem Engagement<\/a> &gt;Haus197 (29.5.2008)<\/li>\n<li><a href=\"https:\/\/www.freiburg-schwarzwald.de\/littenweiler\/haus197.htm#Lese- und Rechtschreibtraining mit der PH ab Mai 2008\">Lese- und Rechtschreibtraining mit der PH ab Mai 2008<\/a> &gt;Haus197 (1.5.2008)<\/li>\n<li><a href=\"https:\/\/www.freiburg-schwarzwald.de\/littenweiler\/haus197#Jubil\u00e4ums-Aktionen - Unser Haus soll sch\u00f6ner werden\">Jubil\u00e4ums-Aktionen &#8211; Unser Haus soll sch\u00f6ner werden<\/a> &gt;Haus197 (3.4.2008)<\/li>\n<li><a href=\"https:\/\/www.freiburg-schwarzwald.de\/littenweiler\/littenweiler9.htm#Wo bleibt die Jugend in Littenweiler\">Wo bleibt die Jugend in Littenweiler?<\/a> &gt;Littenweiler9 (23.1.2008)<\/li>\n<li><a href=\"https:\/\/www.freiburg-schwarzwald.de\/littenweiler\/haus197#Nachrichten 12\/2007\">Nachrichten 12\/2007<\/a> (18.12.2007)<\/li>\n<li><a href=\"https:\/\/www.freiburg-schwarzwald.de\/littenweiler\/haus197#Was ist los im Haus 197\">Was ist los im Haus 197 ?<\/a> (18.12.2007)<\/li>\n<li><a href=\"https:\/\/www.freiburg-schwarzwald.de\/littenweiler\/kinder2.htm#Wasserbaustelle mit Spielmobil auf Spielplatz Kreuzstein\u00e4cker\">Wasserbaustelle mit Spielmobil auf Spielplatz Kreuzstein\u00e4cker<\/a> &gt;Kinder2 (19.7.2007)<\/li>\n<li><a href=\"https:\/\/www.freiburg-schwarzwald.de\/littenweiler\/haus197#Spiel- und Spa\u00dfwoche in Littenweiler: Kochen und Backen\">Spiel- und Spa\u00dfwoche in Littenweiler: Kochen und Backen<\/a> (19.7.2007)<\/li>\n<li><a href=\"https:\/\/www.freiburg-schwarzwald.de\/littenweiler\/haus197.htm#Sommerfest im Jugend- und B\u00fcrgerforum am 15.Juli\">Sommerfest im Jugend- und B\u00fcrgerforum am 15.Juli<\/a> (16.7.2007)<\/li>\n<li><\/li>\n<li><a href=\"https:\/\/www.freiburg-schwarzwald.de\/littenweiler\/haus197#Bands vom Musikprojekt Create der Weiherhof-Realschule Freiburg\">Bands vom Musikprojekt Create der Weiherhof-Realschule Freiburg<\/a> (16.7.2007)<\/li>\n<li><a href=\"https:\/\/www.freiburg-schwarzwald.de\/littenweiler\/hobby.htm#Schminken von Gesichtern: Festival der Farben am Waldsee\">Schminken von Gesichtern: &#8222;Festival der Farben&#8220; am Waldsee<\/a> &gt;Hobby (16.7.2007)<\/li>\n<li><a href=\"https:\/\/www.freiburg-schwarzwald.de\/littenweiler\/jugend3.htm#Haus 197 ? Jugend- und B\u00fcrgerzentrum im Freiburger Osten\">Haus 197 \u2013 Jugend- und B\u00fcrgerzentrum im Freiburger Osten<\/a> (11.5.2007)<\/li>\n<li><a href=\"https:\/\/www.freiburg-schwarzwald.de\/littenweiler\/ebnet\/ebnet2.htm\">Velotaxi beim Ebneter Hock<\/a> &gt;Ebnet<\/li>\n<li><a href=\"https:\/\/www.freiburg-schwarzwald.de\/littenweiler\/jugend3.htm#Haus 197 ? Jugend- und B\u00fcrgerzentrum im Freiburger Osten\">Haus 197 \u2013 Jugend- und B\u00fcrgerzentrum im Freiburger Osten<\/a> &gt;Jugend3 (11.5.2007)<\/li>\n<li><a href=\"https:\/\/www.freiburg-schwarzwald.de\/littenweiler\/littenweiler7.htm#Mitgliederversammlung im Haus 197 am 25.3.2007\">Mitgliederversammlung im Haus 197 am 25.3.2007<\/a> &gt;Littenweiler7 (6.3.2007)<\/li>\n<li><a href=\"https:\/\/www.freiburg-schwarzwald.de\/littenweiler\/littenweiler6.htm#Sommerfest am 23.Juli beim Haus 197\">Sommerfest am 23.Juli beim Haus 197<\/a> &gt;Littenweiler6 (11.7.2006)<\/li>\n<li><a href=\"https:\/\/www.freiburg-schwarzwald.de\/littenweiler\/littenweiler6.htm#Spiel- und Spa\u00dfwoche Littenweiler im Haus 197\">Spiel- und Spa\u00dfwoche Littenweiler im Haus 197<\/a> &gt;Littenweiler6 (13.6.2006)<\/li>\n<li><a href=\"https:\/\/www.freiburg-schwarzwald.de\/littenweiler\/jugend2.htm#Sprachtraining im Haus 197 mit Studentinnen der PH\">Sprachtraining im Haus 197 mit Studentinnen der PH<\/a> &gt;Jugend2 (23.12.2005)<\/li>\n<li><a href=\"https:\/\/www.freiburg-schwarzwald.de\/littenweiler\/jugend1.htm#Haus 197 besteht 5 Jahre - Mitgliederversammlung\">Haus 197 besteht 5 Jahre &#8211; Mitgliederversammlung<\/a> &gt;Jugend1 (9.9.2004)<\/li>\n<li><a href=\"https:\/\/www.freiburg-schwarzwald.de\/littenweiler\/haus197#Projekt um &quot;Haus 197&quot;: Langzeitarbeitslose Jugendliche werden ins Berufsleben eingef\u00fchrt\">Haus 197: Langzeitarbeitslose Jugendliche &#8230;<\/a> (2.12.1999)<\/li>\n<li><\/li>\n<li>Haus 197<\/li>\n<li>FAIRBURG &#8211; interkultureller Verein<\/li>\n<\/ul>\n<p>&nbsp;<\/p>\n<p><a href=\"https:\/\/www.freiburg-schwarzwald.de\/blog\/wp-content\/uploads\/2024\/07\/haus197-mobil240714.jpg\"><img loading=\"lazy\" decoding=\"async\" class=\"alignnone size-thumbnail wp-image-125548\" src=\"https:\/\/www.freiburg-schwarzwald.de\/blog\/wp-content\/uploads\/2024\/07\/haus197-mobil240714-180x111.jpg\" alt=\"\" width=\"180\" height=\"111\" srcset=\"https:\/\/www.freiburg-schwarzwald.de\/blog\/wp-content\/uploads\/2024\/07\/haus197-mobil240714-180x111.jpg 180w, https:\/\/www.freiburg-schwarzwald.de\/blog\/wp-content\/uploads\/2024\/07\/haus197-mobil240714.jpg 641w\" sizes=\"auto, (max-width: 180px) 100vw, 180px\" \/><\/a><br \/>\nHaus197-mobil am 14.7.2024: Selbstgebasteltes Doppelfahrrad<\/p>\n<p><strong>Haus 197<br \/>\n<\/strong>Das Haus 197 liegt im Freiburger Osten im Dreisamtal, stadtausw\u00e4rts in Richtung Ebnet, nach dem Strandbad auf der linken Seite (also zwischen Strandbad und der Dreisambr\u00fccke der B31). Strassenbahnendhaltestelle Littenweiler\/Lassbergstrasse. Dann 5 min zu Fu\u00df.<\/p>\n<p>Der Verein &#8222;Jugend- und B\u00fcrgerforum 197 e. V.&#8220; wurde am 2.11.1998 gegr\u00fcndet. Er ist Tr\u00e4ger des Hauses 197 und versteht sich als Interessengemeinschaft f\u00fcr alle Menschen aus dem Freiburger Osten, die sich am Betrieb des &#8222;Jugend- und B\u00fcrgerzentrums Schwarzwaldstr. 197&#8220; als Treffpunkt f\u00fcr Kinder,<br \/>\nJugendliche und Familien beteiligen m\u00f6chten. Im Haus197 finden statt:<br \/>\nOffene T\u00fcr f\u00fcr Teenies und Jugendliche<br \/>\nM\u00e4dchengruppe<br \/>\nKinderkino<br \/>\nSpielnachmittag<br \/>\nSpiel- und Spa\u00dfwoche<br \/>\nSommerfest<br \/>\nAktionstag<br \/>\nFlohmarkt<\/p>\n<p>Christian G\u00f6pper, 1. Vorsitzender Jugend- und B\u00fcrgerforum 197, haus_197 at web.de<br \/>\nWilfried Nagel, wilfried.nagel at breisnet-online.de<br \/>\nThomas Becker, Diplom Sozialp\u00e4dagoge<\/p>\n<p>Jugend- und B\u00fcrgerforum Littenweiler e.V.<br \/>\nSchwarzwaldstra\u00dfe 197, 79117 Freiburg, Tel 0761 \/ 6967397<br \/>\n<a href=\"https:\/\/www.haus197.de\/\">www.haus197.de<\/a><\/p>\n<p>Vorsitzender Christian G\u00f6pper (wie bisher), Stellvertreterin Daniela Boulanger (neu), Kassierer Klaus Schwenninger (wie bisher), Schriftf\u00fchrer Alexander Krenzler (neu), Beisitzer: Wilfried Nagel, Petra Ruhrmann, Jeanne F\u00fcnfgeld, Gerda Liebner (alle wie bisher), Angelina Votadoro (neu).<\/p>\n<p>Familienfr\u00fchst\u00fcck f\u00fcr M\u00fctter + V\u00e4ter mit Kinderbetreuung<br \/>\n<span lang=\"de-DE\">Wir m\u00f6chten einen Familientreff mit Kinderbetreuung einrichten, als einen Ort der Kommunikation und des Erfahrungsaustausches. Auch die k\u00fcnftig neu eintreffenden Fl\u00fcchtlingseltern wollen wir im Laufe der Zeit in diesen Familientreff einbinden.<\/span>Er soll sowohl Anlauf-, Kontaktstelle aber auch Integrationshilfe sein und dazu beitragen, M\u00fctter und V\u00e4ter in ihrer Erziehungskompetenz zu st\u00e4rken und Fl\u00fcchtlingseltern mit unserer Kultur vertraut zu machen. Wir unterrichten Sie \u00fcber den Start des Familientreffs.<br \/>\n.<br \/>\n<strong>\u00d6ffnungszeiten Haus 197:<\/strong><br \/>\nMontag bis Freitag 15:00-18:00 Uhr , Mittwochs ist M\u00e4dchentag. Freitags ist Jungstag.<br \/>\nAn beiden Tagen haben wir eine AG-Gruppe der Reinhold-Schneider-Schule im Haus. Unsere T\u00fcr ist dennoch f\u00fcr M\u00e4dchen und Jungs ge\u00f6ffnet, die nicht an den AGs teilnehmen. Und es gibt noch Platz in der M\u00e4dchen-Hip-Hop Gruppe mittwochs von 16:45-17:45 Uhr (kostenlos).<br \/>\nF\u00fcr die Frauen findet jeden Mittwoch von 18:00-19:00 Uhr Sanftes Yoga statt (kostenlos). Yogamatten und Materialien sind im Haus vorhanden.<br \/>\nSpecial: Vom 3.11. auf den 4.11.2015 findet im Haus 197 eine Grusel-Halloween-\u00dcbernachtung statt. Zielgruppe 8-10 Jahre. Anmeldungen gibt\u2019s im B\u00fcro.<\/p>\n<p><span style=\"color: #008000;\"><strong>Spendenkonto Haus 197 &#8211; hier kommt Ihre Spende zu 100% an:<\/strong><\/span><br \/>\n<span style=\"color: #008000;\"><strong>Konto 1970100, BLZ 680 900 00, Volksbank Freiburg<\/strong><\/span><\/p>\n<p><strong>FAIRBURG &#8211; interkultureller Verein<br \/>\n<\/strong>Sitz des von Ibrahim Sarialtin in 20111 gegr\u00fcndeten interkulturellen Vereins ist das Haus 197 in Littenweiler. FAIRBURG steht f\u00fcr FAIR miteinander in FreiBURG. Ziel des Vereines ist das harmonische Miteinander aller Menschen, unabh\u00e4ngig von Herkunft, Religion, Sprache oder Kulturkreis. Der Verein m\u00f6chte interkulturelle Veranstaltungen, Lesungen, Konzerte, Bildungsprojekte, Theaterprojekte organisieren.<br \/>\nKontakt: <a href=\"mailto:ibrahimsarialtin@hotmail.com\">ibrahimsarialtin@hotmail.com<\/a><\/p>\n<p><a href=\"https:\/\/www.freiburg-schwarzwald.de\/littenweiler\/littenweiler12.htm#Dorf aktuell: Integration, FAIRBURG, Bahnhof, PH\">Dorf aktuell: Integration, FAIRBURG, Bahnhof, PH<\/a> &gt;Littenweiler12 (1.12.2011)<br \/>\n============================================================<br \/>\n.<\/p>\n<p><strong>Ein Vortrag der &#8222;Letzten Generation&#8220; im Haus 197 in Freiburg-Ebnet wird zum Politikum<\/strong><br \/>\nEs war eine emotionale Sitzung im Ortschaftsrat in Ebnet am Dienstagabend. Anlass war ein Antrag der \u00f6rtlichen CDU-Fraktion, das &#8222;Haus 197&#8220; nicht mehr finanziell zu unterst\u00fctzen. Immer wieder bekommt das Jugendhaus Geld aus den Mitteln des Ortschaftsrats f\u00fcr Projekte. Die Einrichtung liegt an der Schwarzwaldstra\u00dfe auf den Stadtteilgrenzen von Ebnet, Littenweiler und Waldsee. Sie wird von einem Verein getragen, 2023 bekommt sie von der Stadtverwaltung knapp 180.000 Euro Zuschuss.<br \/>\nEin mit \u00f6ffentlichen Mitteln gef\u00f6rdertes Jugendhaus m\u00fcsse eine ausgewogene und neutrale Arbeit leisten, erkl\u00e4rte CDU-Ortschaftsr\u00e4tin Katharina Mattern die Hintergr\u00fcnde des Antrags \u2013 das sei aktuell nicht gegeben. Das &#8222;Haus 197&#8220; habe der &#8222;Letzten Generation&#8220; R\u00e4umlichkeiten f\u00fcr einen Vortrag zur Verf\u00fcgung gestellt. Auf der Homepage der &#8222;Letzten Generation&#8220; sei ersichtlich, dass derartige Veranstaltungen zur Akquise von neuen Aktivisten genutzt w\u00fcrden, etwa f\u00fcr Stra\u00dfenblockaden \u2013 und damit f\u00fcr Straftaten, meinte Mattern.<br \/>\n&#8230;<br \/>\nAm Ende der Debatte stellte sich der Ortschaftsrat mit Ausnahme der CDU-Fraktion geschlossen hinter das &#8222;Haus 197&#8220;: Der Antrag wurde mit neun zu drei Stimmen abgeschmettert.<br \/>\n&#8230; Alles vom 19.4.2023 bitte lesen auf<br \/>\nhttps:\/\/www.badische-zeitung.de\/ein-vortrag-der-letzten-generation-im-haus-197-in-freiburg-ebnet-wird-zum-politikum&#8211;255690060.html<\/p>\n<p>Kommentar:<br \/>\nFrau Mattern und Frau Bornstein haben m.E. vollkommen Recht. Die Flyer in den Briefk\u00e4sten h\u00e4tten in der Aufmachung und dem &#8222;missionarischen Ansatz&#8220; auch bspw. von den Zeugen Jehovas o.a. sein k\u00f6nnen. Aber die Offenheit der politischen Entscheidungstr\u00e4ger und einiger mehr f\u00fcr autokratische, linksextremistische Gruppen und Protagonisten in Freiburg ist ja bekannt. Man sollte sich nur die bereits verabschiedeten Haushaltsbeschl\u00fcsse der in Ans\u00e4tzen &#8222;extremprogressiven&#8220; Mehrheit im Gemeinderat ansehen und auch die, die noch kommen k\u00f6nnten (bspw. zugunsten eines Radiosender vor Ort, der Werbung f\u00fcr zweit\u00e4tige Aufbaukurse f\u00fcr &#8222;extremere Widerstandsformen&#8220; (in meinen Worten Kampfausbildungen) in L\u00fctzerath gemacht hat) . Was der Linksextremismus und der wohlwollende Umgang damit hier in Freiburg ist, ist der Rechtsextremismus und der wohlwollende Umgang damit bspw. in einigen ostdeutschen St\u00e4dten und Gemeinden. Dem einmal, hier in verantwortungsvollen Positionen und auch wenn nicht &#8222;en vogue&#8220;, entgegenzutreten, ist m.E. mehr als wichtig und respektabel. Deshalb zumindest mein Respekt f\u00fcr die beiden Frauen. R,M.<br \/>\nEnde Kommentare<\/p>\n<p><strong>Trommeln mit der &#8222;Drum Family&#8220; im Haus 197<\/strong><br \/>\nF\u00fcr Samstag, 22.12.2018, l\u00e4dt die &#8222;Drum Family&#8220; von 15 bis 18 Uhr zum Trommel-Caf\u00e9 ins &#8222;Haus 197&#8220;, Schwarzwaldstra\u00dfe 197, ein. Es ist gedacht als offener Treffpunkt f\u00fcr Menschen aus allen Kulturen und jeden Alters, die Lust auf Begegnung sowie am gemeinsamen Trommeln, Singen und Tanzen haben.<br \/>\nTrommeln und Kleinperkussion stehen bereit, es k\u00f6nnen aber auch eigene Instrumente mitgebracht werden. &#8222;Drum Family&#8220; als rhyhmisches Begegnungs- und <a title=\"Integration\" href=\"https:\/\/www.freiburg-schwarzwald.de\/blog\/global\/integration\/\">Intergratonsprojekt<\/a>. Teilnahme kostenlos, Spenden und Beitr\u00e4ge f\u00fcr das Fingerfood-Buffet willkommen.<br \/>\nMehr Informationen gibt es bei Ulrike Fahlbusch,<br \/>\nTel. \u20050761\/ 8978388, Internet: <a href=\"https:\/\/www.lebnetz.de\">https:\/\/www.lebnetz.de<\/a><\/p>\n<p>20.12.2018<\/p>\n<p>&nbsp;<\/p>\n<p><strong>Jahrshauptversammlung 2013 von Haus 197<\/strong><\/p>\n<p>Auf der Jahreshauptversammlung des Jugend- und B\u00fcrgerforum 197, Tr\u00e4gerverein des Kinder- und Jugendtreffs Haus 197 in der Schwarzwaldstra\u00dfe in Littenweiler, wurde das gesamte Vorstandsteam einstimmig wiedergew\u00e4hlt: 1. Vorsitzender, Christian G\u00f6pper; 2. Vorsitzende, Daniela Boulanger; Kassierer Klaus Schwenninger; Schriftf\u00fchrer Alexander Lang; Beisitzer: Wilfried Nagel,Gerda Liebner, Petra Ruhmann, Angelina Votadoro.<\/p>\n<p>Der 1. Vorsitzende, der 37-j\u00e4hrige Rechtsanwalt Christian G\u00f6pper, konnte auf ein erfolgreiches Jahr zur\u00fcckblicken und freut sich auf die weitere Zusammenarbeit mit dem bew\u00e4hrten Team. Offiziell begr\u00fc\u00dft wurde die neue Einrichtungsleiterin Barbara Weik. Die P\u00e4dagogin leitet das Haus 197 seit Oktober letzten Jahres und hat sich bereits bestens eingef\u00fchrt und bew\u00e4hrt. Die Mehrzahl der Besucher des Haus 197 sind sozial benachteiligte Jugendliche, die meisten haben einen Migrationshintergrund.<br \/>\nDas Haus 197 wird mittlerweile jedoch nicht nur von Kindern und Jugendlichen rege genutzt, sondern ist auch f\u00fcr das b\u00fcrgerschaftliche Engagement in den Stadtteilen des Freiburger Ostens enorm wichtig geworden. Besonders hervorzuheben ist dabei die Kooperation mit dem interkulturell engagierten Verein FAIRBURG. FAIRBURG steht f\u00fcr FAIR miteinander in FreiBURG.\u00a0 Der Verein wurde von Ibrahim Sarialtin, Gemeinderat der Gr\u00fcnen und wohnhaft in Littenweiler, gegr\u00fcndet. Ziel des Vereins ist das harmonische Miteinander aller Menschen, unabh\u00e4ngig von Herkunft, Religion, Sprache oder Kulturkreis. Der Verein m\u00f6chte interkulturelle Veranstaltungen, Lesungen, Konzerte, Bildungsprojekte oder Theaterprojekte organisieren.<br \/>\n19.4.2013, Gisela heizler-Ries, <a href=\"https:\/\/www.dreisamtaeler.de\">www.dreisamtaeler.de<\/a><\/p>\n","protected":false},"excerpt":{"rendered":"<p>Home &gt;Soziales &gt;Selbsthilfe &gt;Jugend &gt;Jugendtreffs &gt;Haus197 &nbsp; Ein Vortrag der &#8222;Letzten Generation&#8220; im Haus 197 in Freiburg-Ebnet wird zum Politikum (19.4.2023) Trommeln mit der &#8222;Drum Family&#8220; im\u00a0Haus 197 (20.12.2018) https:\/\/www.freiburg-schwarzwald.de\/blog\/lernpaten-fuer-fluechtlinge\/ (11.10.2015) https:\/\/www.freiburg-dreisamtal.de\/haus197.htm\u00a0 &gt;Archivseite vom Haus 197 Jahreshauptversammlung 2013 von Haus &hellip; <a href=\"https:\/\/www.freiburg-schwarzwald.de\/blog\/selbsthilfe\/jugend\/jugendtreffs\/haus197\/\">Weiterlesen <span class=\"meta-nav\">&rarr;<\/span><\/a><\/p>\n","protected":false},"author":4,"featured_media":0,"parent":9131,"menu_order":0,"comment_status":"open","ping_status":"closed","template":"","meta":{"footnotes":""},"class_list":["post-27422","page","type-page","status-publish","hentry"],"_links":{"self":[{"href":"https:\/\/www.freiburg-schwarzwald.de\/blog\/wp-json\/wp\/v2\/pages\/27422","targetHints":{"allow":["GET"]}}],"collection":[{"href":"https:\/\/www.freiburg-schwarzwald.de\/blog\/wp-json\/wp\/v2\/pages"}],"about":[{"href":"https:\/\/www.freiburg-schwarzwald.de\/blog\/wp-json\/wp\/v2\/types\/page"}],"author":[{"embeddable":true,"href":"https:\/\/www.freiburg-schwarzwald.de\/blog\/wp-json\/wp\/v2\/users\/4"}],"replies":[{"embeddable":true,"href":"https:\/\/www.freiburg-schwarzwald.de\/blog\/wp-json\/wp\/v2\/comments?post=27422"}],"version-history":[{"count":3,"href":"https:\/\/www.freiburg-schwarzwald.de\/blog\/wp-json\/wp\/v2\/pages\/27422\/revisions"}],"predecessor-version":[{"id":125549,"href":"https:\/\/www.freiburg-schwarzwald.de\/blog\/wp-json\/wp\/v2\/pages\/27422\/revisions\/125549"}],"up":[{"embeddable":true,"href":"https:\/\/www.freiburg-schwarzwald.de\/blog\/wp-json\/wp\/v2\/pages\/9131"}],"wp:attachment":[{"href":"https:\/\/www.freiburg-schwarzwald.de\/blog\/wp-json\/wp\/v2\/media?parent=27422"}],"curies":[{"name":"wp","href":"https:\/\/api.w.org\/{rel}","templated":true}]}}