{"id":2704,"date":"2012-05-04T16:18:50","date_gmt":"2012-05-04T16:18:50","guid":{"rendered":"https:\/\/www.freiburg-schwarzwald.de\/blog\/?page_id=2704"},"modified":"2012-05-04T17:27:41","modified_gmt":"2012-05-04T17:27:41","slug":"hoergeschaedigt","status":"publish","type":"page","link":"https:\/\/www.freiburg-schwarzwald.de\/blog\/selbsthilfe\/behinderung\/hoergeschaedigt\/","title":{"rendered":"Hoergeschaedigt"},"content":{"rendered":"<p>Home &gt;<a title=\"Selbsthilfe\" href=\"https:\/\/www.freiburg-schwarzwald.de\/blog\/selbsthilfe\/\">Selbsthilfe<\/a> &gt;<a title=\"Behinderung\" href=\"https:\/\/www.freiburg-schwarzwald.de\/blog\/selbsthilfe\/behinderung\/\">Behinderung<\/a> &gt;Hoergeschaedigt<\/p>\n<div id=\"attachment_2710\" style=\"width: 610px\" class=\"wp-caption alignnone\"><a href=\"https:\/\/www.freiburg-schwarzwald.de\/blog\/selbsthilfe\/behinderung\/hoergeschaedigt\/betberg10pan061117\/\" rel=\"attachment wp-att-2710\"><img loading=\"lazy\" decoding=\"async\" aria-describedby=\"caption-attachment-2710\" class=\"size-full wp-image-2710\" title=\"betberg10pan061117\" src=\"https:\/\/www.freiburg-schwarzwald.de\/blog\/wp-content\/uploads\/2012\/05\/betberg10pan061117.jpg\" alt=\"\" width=\"600\" height=\"200\" srcset=\"https:\/\/www.freiburg-schwarzwald.de\/blog\/wp-content\/uploads\/2012\/05\/betberg10pan061117.jpg 600w, https:\/\/www.freiburg-schwarzwald.de\/blog\/wp-content\/uploads\/2012\/05\/betberg10pan061117-180x60.jpg 180w\" sizes=\"auto, (max-width: 600px) 100vw, 600px\" \/><\/a><p id=\"caption-attachment-2710\" class=\"wp-caption-text\">Blick nach Nordwesten zu Betberg zwischen Heitersheim und M\u00fcllheim im Markgraeflerland am 16.11.2006<\/p><\/div>\n<ul>\n<li><a href=\"https:\/\/www.freiburg-schwarzwald.de\/gehoerlos.htm#Geh\u00f6rlose und H\u00f6rende: Taubheit ist ein Defizit\">Geh\u00f6rlose und H\u00f6rende: Die nicht h\u00f6ren wollen &#8211; Taubheit ist ein Defizit<\/a> &gt;Gehoerlos (22.12.2010)<\/li>\n<li><a href=\"https:\/\/www.freiburg-schwarzwald.de\/gehoerlos.htm#Gut h\u00f6ren ist Thema auf dem Kartoffelmarkt 6.9.: Tinnitus-Info, H\u00f6rtests\">Gut h\u00f6ren ist Thema auf dem Kartoffelmarkt 6.9.: Tinnitus-Info, H\u00f6rtests<\/a> &gt;Gehoerlos (3.9.2008)<\/li>\n<li><a href=\"https:\/\/www.freiburg-schwarzwald.de\/fussball.htm#Fillip Kiefer vom Geh\u00f6rlosen-Sport-Verein Freiburg Fu\u00dfballweltmeister\">Fillip Kiefer vom Geh\u00f6rlosen-Sport-Verein Freiburg Fu\u00dfballweltmeister<\/a> &gt;Fussball (19.7.2008)<\/li>\n<li><a href=\"https:\/\/www.freiburg-schwarzwald.de\/kinder3.htm#Taube Kinder lernen h\u00f6ren: Soiree erbringt 12500 Euro\">Taube Kinder lernen h\u00f6ren: Soiree erbringt 12500 Euro<\/a>&gt;Kinder3 (23.6.2007)<\/li>\n<li><a href=\"https:\/\/www.freiburg-schwarzwald.de\/kinder3.htm#Taube-Kinder-lernen-hoeren und echt-gut\">Taube-Kinder-lernen-hoeren und echt-gut<\/a> &gt;Kinder3 (4.10.2006)<br \/>\n\u00a0<\/li>\n<li><a href=\"https:\/\/www.freiburg-schwarzwald.de\/littenweiler\/bildung.htm#Bildungszentrum f\u00fcr H\u00f6rgesch\u00e4digte Stegen\">Bildungs- und Beratungszentrum Stegen (BBZ &#8211; Geh\u00f6rlosenschule)<\/a> &gt;Bildung<\/li>\n<li><a href=\"https:\/\/www.freiburg-schwarzwald.de\/gehoerlos.htm#CI-Selbsthilfegruppe Freiburg f\u00fcr Schwerh\u00f6rige\">CI-Selbsthilfegruppe Freiburg f\u00fcr Schwerh\u00f6rige<\/a><\/li>\n<li><a href=\"https:\/\/www.freiburg-schwarzwald.de\/gehoerlos.htm#Geh\u00f6rlosenbund Breisgau-Perle e.V.\">Geh\u00f6rlosenbund Breisgau-Perle e.V<\/a>.<\/li>\n<li><a href=\"https:\/\/www.freiburg-schwarzwald.de\/gehoerlos.htm#H\u00f6rgesch\u00e4digte\">H\u00f6rgesch\u00e4digte<\/a><\/li>\n<li><a href=\"https:\/\/www.freiburg-schwarzwald.de\/laerm.htm\">L\u00e4rm macht krank<\/a> &gt;Laerm<\/li>\n<li><a href=\"https:\/\/www.freiburg-schwarzwald.de\/littenweiler\/stegen4.htm#Behinderte lie\u00dfen sich den Fahrtwind um die Nase blasen\">Motivent: Behinderte lie\u00dfen sich den Fahrtwind um die Nase blasen<\/a> &gt;Stegen4<\/li>\n<li><a href=\"https:\/\/www.freiburg-schwarzwald.de\/gehoerlos.htm#Schwerh\u00f6rigenverein Freiburg - Stegener Wege e.V.\">Schwerh\u00f6rigenverein Freiburg &#8211; Stegener Wege e.V.<\/a><\/li>\n<li><a href=\"https:\/\/www.freiburg-schwarzwald.de\/kinder.htm#Taube Kinder lernen h\u00f6ren\">Taube Kinder lernen h\u00f6ren<\/a> &gt;Kinder<\/li>\n<\/ul>\n<p><strong>H\u00f6rgesch\u00e4digt, geh\u00f6rlos, taub oder h\u00f6rbehindert?<\/strong><br \/>\nDer\u00a0Ausdruck\u00a0&#8222;h\u00f6rgesch\u00e4digt&#8220; setzt sich immer mehr durch. Auch wenn (vor allem \u00e4ltere) Geh\u00f6rlose damit nicht einverstanden sind, weil sie das fehlende Geh\u00f6r als &#8222;normal&#8220; ansehen, diese bezeichnet man dann als taub oder eben moderner als geh\u00f6rlos.\u00a0Allgemein ist h\u00f6rgesch\u00e4digt das beste &#8211; wohl auch gibt es in Freiburg ein &#8222;Haus der H\u00f6rgesch\u00e4digten&#8220;.<\/p>\n<p>&nbsp;<\/p>\n<p>&nbsp;<\/p>\n<p><strong>CI-Selbsthilfegruppe Freiburg f\u00fcr Schwerh\u00f6rige<\/strong><\/p>\n<p>Das Cochlear Implant (CI) ist ein technisch hochwertiger, k\u00fcnstlicher Ersatz f\u00fcr ein Sinnesorgan. Das CI ist eine Prothese, deren Aufgabe es ist, die Funktion des ausgefallenen Innenohrs zu \u00fcbernehmen.<\/p>\n<p>Das CI erm\u00f6glicht es hochgradig schwerh\u00f6rigen oder sp\u00e4tertaubten Erwachsenen, wieder zu h\u00f6renSelbsthilfe versteht sich als Unterst\u00fctzung des Einzelnen bei dem Bem\u00fchen, sich selbst zu helfen. Oberstes Ziel dabei: mit unserer H\u00f6rbeeintr\u00e4chtigung ein selbstbestimmtes, erf\u00fclltes Leben f\u00fchren zu k\u00f6nnen. Die Versorgung mit einem CI ist der erste Schritt in diese Richtung. Weitere m\u00fcssen folgen: Das neue H\u00f6ren will gelernt sein, ist gew\u00f6hnungsbed\u00fcrftig. Das CI ist ohne Zweifel eine segensreiche, hochentwickelte elektronische H\u00f6rhilfe. Aber Technik, die wir nicht verstehen, ruft oft Angst hervor. Gerade in der Anfangsphase ist es daher f\u00fcr CI-Tr\u00e4ger und deren Angeh\u00f6rige hilfreich, sich mit anderen auszutauschen, um Ber\u00fchrungs\u00e4ngste zu \u00fcberwinden. Es tauchen immer wieder viele Fragen auf rund ums CI. Andere CI-Tr\u00e4ger k\u00f6nnen Antworten geben, Probleme gemeinsam l\u00f6sen helfen. In Rahmen der Selbsthilfegruppe ist dies in lockerer Organisationsform m\u00f6glich &#8211; es gibt keine Satzung, keinen Vorstand, keinen Anwesenheitszwang.<\/p>\n<p>Wilhelm Winterberg, Laufenerstr. 15, 79114 Freiburg, Tel 0761\/4764693<br \/>\n<a href=\"https:\/\/www.ci-shg-freiburg.de\/\">www.ci-shg-freiburg.de<\/a> , <a href=\"mailto:mail@ci-shg-freiburg.de\">mail@ci-shg-freiburg.de<\/a><\/p>\n<p>&nbsp;<\/p>\n<p><strong>Geh\u00f6rlosenbund Breisgau-Perle e.V.<\/strong><\/p>\n<p>Haus der H\u00f6rgesch\u00e4digten<br \/>\nMarie-Curie-Strasse 5, 79100 Freiburg-Vauban, Tel 0761\/4098906<br \/>\n1.Vorsitzender Heinz Kossmann<br \/>\n<a href=\"mailto:1.vorsitzender@gbfreiburg.de\">1.vorsitzender@gbfreiburg.de<\/a><br \/>\n<a href=\"https:\/\/www.gbfreiburg.de\/\">www.gbfreiburg.de<\/a><\/p>\n<p>&nbsp;<\/p>\n<p><strong>H\u00f6rgesch\u00e4digten-Beratung Freiburg<\/strong><\/p>\n<p>H\u00f6rgesch\u00e4digten-Beratungsstelle Freiburg, Okenstrasse 15, Tel 0761\/5144262<\/p>\n<p>Altenhilfe f\u00fcr H\u00f6rgesch\u00e4digte e.V.<br \/>\nc\/o Ruth Radehose, Oberriederstrasse 32, 79117 Freiburg-Littenweiler, Tel 0761\/73679<br \/>\nTREFFpunkt: Haus der H\u00f6rgesch\u00e4digten, Marie-Curie-Strasse 5, Freiburg-Vauban<br \/>\njeden 2.Montag im Monat jeweils um 14.30 Uhr<\/p>\n<p>\u00a0<\/p>\n<p><strong>Landesjugend f\u00fcr H\u00f6rgesch\u00e4digte Baden-W\u00fcrttemberg<\/strong><\/p>\n<p>Jung, engagiert und h\u00f6rgesch\u00e4digt? Dann bist du bei uns richtig! Wir sind ein Verein f\u00fcr junge H\u00f6rgesch\u00e4digte in ganz Baden-W\u00fcrttemberg, egal ob schwerh\u00f6rig, geh\u00f6rlos oder CI-Tr\u00e4ger. Wir wollen eine Peergroup etablieren, die mit m\u00f6glichst wenig B\u00fcrokratie m\u00f6glichst viel erreichen kann. Wir bieten sowohl Selbsthilfe als auch Freizeitaktivit\u00e4ten in allen Regionen an. Come and join us!<br \/>\nWir bieten eine Sprechstunde an, wahlweise in Lautsprache oder in Deutscher Geb\u00e4rdensprache. Dazu einfach auf den Button klicken. Sprechstunde: Ab 14. Mai 2012 immer Montags von 20 \u2013 24 Uhr.<br \/>\n<a href=\"https:\/\/www.landesjugend.de\">www.landesjugend.de<\/a><\/p>\n<p><strong><\/strong>\u00a0<\/p>\n<p><strong>Schwerh\u00f6rigenverein Freiburg &#8211; Stegener Wege e.V<\/strong>.<\/p>\n<p>J\u00fcrgen Borgas,<br \/>\n1.Vorsitzender Verein der H\u00f6rgesch\u00e4digten Freiburg\/Stegener Wege e.V.<br \/>\nMarie -Curiestrasse 5, \u00a079100 Freiburg, \u00a0Tel 0761 519 7700<br \/>\n<a href=\"mailto:1.vorsitz@schwerhoerigenverein-freiburg.de\">1.vorsitz@schwerhoerigenverein-freiburg.de<\/a><br \/>\n<a href=\"https:\/\/www.schwerhoerigenverein-freiburg.de\/\">www.schwerhoerigenverein-freiburg.de<\/a><\/p>\n","protected":false},"excerpt":{"rendered":"<p>Home &gt;Selbsthilfe &gt;Behinderung &gt;Hoergeschaedigt Geh\u00f6rlose und H\u00f6rende: Die nicht h\u00f6ren wollen &#8211; Taubheit ist ein Defizit &gt;Gehoerlos (22.12.2010) Gut h\u00f6ren ist Thema auf dem Kartoffelmarkt 6.9.: Tinnitus-Info, H\u00f6rtests &gt;Gehoerlos (3.9.2008) Fillip Kiefer vom Geh\u00f6rlosen-Sport-Verein Freiburg Fu\u00dfballweltmeister &gt;Fussball (19.7.2008) Taube Kinder &hellip; <a href=\"https:\/\/www.freiburg-schwarzwald.de\/blog\/selbsthilfe\/behinderung\/hoergeschaedigt\/\">Weiterlesen <span class=\"meta-nav\">&rarr;<\/span><\/a><\/p>\n","protected":false},"author":2,"featured_media":0,"parent":114,"menu_order":0,"comment_status":"open","ping_status":"closed","template":"","meta":{"footnotes":""},"class_list":["post-2704","page","type-page","status-publish","hentry"],"_links":{"self":[{"href":"https:\/\/www.freiburg-schwarzwald.de\/blog\/wp-json\/wp\/v2\/pages\/2704","targetHints":{"allow":["GET"]}}],"collection":[{"href":"https:\/\/www.freiburg-schwarzwald.de\/blog\/wp-json\/wp\/v2\/pages"}],"about":[{"href":"https:\/\/www.freiburg-schwarzwald.de\/blog\/wp-json\/wp\/v2\/types\/page"}],"author":[{"embeddable":true,"href":"https:\/\/www.freiburg-schwarzwald.de\/blog\/wp-json\/wp\/v2\/users\/2"}],"replies":[{"embeddable":true,"href":"https:\/\/www.freiburg-schwarzwald.de\/blog\/wp-json\/wp\/v2\/comments?post=2704"}],"version-history":[{"count":0,"href":"https:\/\/www.freiburg-schwarzwald.de\/blog\/wp-json\/wp\/v2\/pages\/2704\/revisions"}],"up":[{"embeddable":true,"href":"https:\/\/www.freiburg-schwarzwald.de\/blog\/wp-json\/wp\/v2\/pages\/114"}],"wp:attachment":[{"href":"https:\/\/www.freiburg-schwarzwald.de\/blog\/wp-json\/wp\/v2\/media?parent=2704"}],"curies":[{"name":"wp","href":"https:\/\/api.w.org\/{rel}","templated":true}]}}