{"id":27038,"date":"2013-04-14T09:10:05","date_gmt":"2013-04-14T07:10:05","guid":{"rendered":"https:\/\/www.freiburg-schwarzwald.de\/blog\/?page_id=27038"},"modified":"2013-04-15T08:45:00","modified_gmt":"2013-04-15T06:45:00","slug":"westarkaden","status":"publish","type":"page","link":"https:\/\/www.freiburg-schwarzwald.de\/blog\/regio\/freiburg\/westarkaden\/","title":{"rendered":"Westarkaden"},"content":{"rendered":"<p>Home &gt;<a title=\"Regio\" href=\"https:\/\/www.freiburg-schwarzwald.de\/blog\/regio\/\">Regio<\/a> &gt;<a title=\"Orte\" href=\"https:\/\/www.freiburg-schwarzwald.de\/blog\/regio\/orte\/\">Orte<\/a> &gt;<a title=\"Freiburg\" href=\"https:\/\/www.freiburg-schwarzwald.de\/blog\/regio\/freiburg\/\">Freiburg<\/a> &gt;Westarkaden<\/p>\n<p>&nbsp;<\/p>\n<ul>\n<li>Westarkaden &#8211; Quartier in Freiburg-Mooswald<\/li>\n<li>Westarkaden ohne Arkaden<\/li>\n<li><a title=\"Bebauung\" href=\"https:\/\/www.freiburg-schwarzwald.de\/blog\/business\/dienste\/immobilien\/bebauung\/\">Bebauung<\/a><\/li>\n<li><a title=\"Architektur-null\" href=\"https:\/\/www.freiburg-schwarzwald.de\/blog\/business\/dienste\/architekt\/architektur-null\/\">Null-Architekturl<\/a><\/li>\n<li><a title=\"Oeffentlicher-Raum\" href=\"https:\/\/www.freiburg-schwarzwald.de\/blog\/kultur\/oeffentlicher-raum\/\">\u00d6ffentlicher Raum<\/a><\/li>\n<li><a title=\"Wohnen\" href=\"https:\/\/www.freiburg-schwarzwald.de\/blog\/business\/dienste\/immobilien\/wohnen\/\">Wohnen<\/a><\/li>\n<\/ul>\n<p>&nbsp;<\/p>\n<p>&nbsp;<\/p>\n<p>\u00a0<strong>Westarkaden &#8211; Quartier in Freiburg-Mooswald<\/strong><\/p>\n<p>Das Quartier Westarkaden wurde Anfang April 2013 eingeweiht: Projektentwickler Peter Unm\u00fc\u00dfig verbaute 130 Mio Euro an der Berliner Allee im gr\u00f6\u00dften privaten Bauprojekt Freiburgs.<br \/>\nIn 275 Wohnungen sollen einmal 900 Menschen zuhause sein (Mietpreis 8-12 Euro\/qm).<br \/>\nDen Westarkaden kommt mit seiner Mischung von Wohnungen und Gesch\u00e4ften und einem &#8222;G\u00e4ssle&#8220; die Funktion einer Stadtteilzentrums zu.<br \/>\nZwei Dutzend Gesch\u00e4fte, Parkhaus mit 320 Stellpl\u00e4tzen f\u00fcr Mieter und 400 f\u00fcr Kunden.<br \/>\nKath. Kindergarten mit 70 Pl\u00e4tzen auf dem Dachgarten.<br \/>\nEigent\u00fcmer sind das Fondshaus Hamburg Immobilien FHHI (730 Anleger) und die Immobilien Kapitalanlagegesellschaft D\u00fcsseldorf. Freiburg als prosperierender B-Standort bietet den Anlegern Mindestrenditen von 5% (laut FHI-Gesch\u00e4ftsf\u00fchrerin Angelika Kunath)<\/p>\n<p>\u00a0<a href=\"https:\/\/www.freiburg-schwarzwald.de\/blog\/regio\/freiburg\/westarkaden\/west-arkaden1-130412-2\/\" rel=\"attachment wp-att-27046\"><img loading=\"lazy\" decoding=\"async\" class=\"alignnone size-thumbnail wp-image-27046\" title=\"west-arkaden1-130412\" src=\"https:\/\/www.freiburg-schwarzwald.de\/blog\/wp-content\/uploads\/2013\/04\/west-arkaden1-130412-180x135.jpg\" alt=\"\" width=\"180\" height=\"135\" srcset=\"https:\/\/www.freiburg-schwarzwald.de\/blog\/wp-content\/uploads\/2013\/04\/west-arkaden1-130412-180x135.jpg 180w, https:\/\/www.freiburg-schwarzwald.de\/blog\/wp-content\/uploads\/2013\/04\/west-arkaden1-130412.jpg 640w\" sizes=\"auto, (max-width: 180px) 100vw, 180px\" \/><\/a>\u00a0\u00a0\u00a0\u00a0\u00a0\u00a0\u00a0\u00a0\u00a0\u00a0\u00a0\u00a0\u00a0<a href=\"https:\/\/www.freiburg-schwarzwald.de\/blog\/regio\/freiburg\/westarkaden\/west-arkaden3-130412-2\/\" rel=\"attachment wp-att-27048\"><img loading=\"lazy\" decoding=\"async\" class=\"alignnone size-thumbnail wp-image-27048\" title=\"west-arkaden3-130412\" src=\"https:\/\/www.freiburg-schwarzwald.de\/blog\/wp-content\/uploads\/2013\/04\/west-arkaden3-130412-180x135.jpg\" alt=\"\" width=\"180\" height=\"135\" srcset=\"https:\/\/www.freiburg-schwarzwald.de\/blog\/wp-content\/uploads\/2013\/04\/west-arkaden3-130412-180x135.jpg 180w, https:\/\/www.freiburg-schwarzwald.de\/blog\/wp-content\/uploads\/2013\/04\/west-arkaden3-130412.jpg 640w\" sizes=\"auto, (max-width: 180px) 100vw, 180px\" \/><\/a>\u00a0\u00a0\u00a0\u00a0\u00a0\u00a0\u00a0\u00a0\u00a0\u00a0\u00a0\u00a0\u00a0\u00a0 <a href=\"https:\/\/www.freiburg-schwarzwald.de\/blog\/regio\/freiburg\/westarkaden\/west-arkaden2-130412-2\/\" rel=\"attachment wp-att-27047\"><img loading=\"lazy\" decoding=\"async\" title=\"west-arkaden2-130412\" src=\"https:\/\/www.freiburg-schwarzwald.de\/blog\/wp-content\/uploads\/2013\/04\/west-arkaden2-130412-135x180.jpg\" alt=\"\" width=\"135\" height=\"180\" \/><\/a><br \/>\n(1) Westarkaden am 12.4.2013\u00a0\u00a0\u00a0\u00a0\u00a0\u00a0\u00a0\u00a0\u00a0\u00a0\u00a0\u00a0\u00a0\u00a0\u00a0\u00a0 (2) Blick s\u00fcdw\u00e4rts in G\u00e4ssle\u00a0\u00a0\u00a0\u00a0\u00a0\u00a0\u00a0\u00a0\u00a0\u00a0\u00a0\u00a0\u00a0\u00a0\u00a0\u00a0\u00a0\u00a0\u00a0\u00a0\u00a0\u00a0\u00a0 (3) Blick nordw\u00e4rts<\/p>\n<p><strong>Westarkaden ohne Arkaden<\/strong><br \/>\nEine Arkade ist ein von Pfeilern bzw.\u00a0S\u00e4ulen getragener Bogen. Auch der Gang, dessen Seite von einer Bogenreihe begrenzt wird, wird\u00a0als Arkade bezeichnet\u00a0 Die Arkaden in den Z\u00e4hringerst\u00e4dten Freiburg (KaJo) und Bern sind so beliebt, da die Fussg\u00e4nger beim Shoppen nicht na\u00df werden. Im Brielmann-Neubau gibts keine Arkaden, der Name \u201cWestarkaden\u201d ist irref\u00fchrend \u2013 bei Regen werden die Kunden na\u00df.<\/p>\n<p><strong>Keine Arkaden, aber Waffen<\/strong><br \/>\nBei der offiziellen Er\u00f6ffnung der &#8222;Westarkaden&#8220; ging es mir wie dem kleinen M\u00e4dchen in &#8222;Des Kaisers neue Kleider&#8220;. Alle einweihenden Oberen der Stadt mit Oberb\u00fcrgermeister Salomon und dem Projektentwickler Unm\u00fc\u00dfig stolzierten in guter Stimmung durch eine zugige Gasse. Ich schaute mich um und sah keine Arkaden. Wo waren sie versteckt? Da sind nirgends Arkaden!<br \/>\nIm Gegensatz dazu war das Fachgesch\u00e4ft Frankonia f\u00fcr Jagdbedarf und Mode im Schaufenster zwar dezent auf Kleidung, r\u00f6hrenden Hirsch in sch\u00f6ner Landschaft ausgerichtet, schaute man sich die Filiale aber genauer an und das Angebot auf ihrer Internetseite, dann steckt da mehr dahinter: Waffen aller Art, was des Waffennarrs Herz begehrt. Erstaunte Passanten konnten es nicht begreifen, dass mitten in einem dicht bewohnten Neubaugebiet f\u00fcr &#8222;einkommensschw\u00e4chere Schichten&#8220; (Unm\u00fc\u00dfig) ein Waffengesch\u00e4ft seinen Platz gefunden hat. OB Salomon ist &#8222;Mayor for Peace&#8220; (B\u00fcrgermeister f\u00fcr den Frieden), Freiburg ist &#8222;atomwaffenfreie Zone&#8220;, aber in Freiburgs M\u00e4rktekonzept passt ein Waffengesch\u00e4ft.<br \/>\n15.4.2013, Uta Pfefferle, Freiburg <!-- RSPEAK_STOP --><\/p>\n<p><strong>Hochgarage: Das erinnert bei Dunkelheit eher an einen Flughafen<br \/>\n<\/strong>Die Kritik des Bundes Deutscher Architekten, speziell die Hochgarage betreffend, ist noch viel zu milde ausgefallen. Die billige, offene Bauweise mit einer Pseudofassade zur Berliner Allee, welche keinerlei Funktionalit\u00e4t aufweist, hat zur Folge, dass die Leuchtk\u00f6rper, welche nicht einmal \u00fcber eine Blende verf\u00fcgen, rund um die Uhr nach drau\u00dfen leuchten, was bei Dunkelheit eher an einen Flughafen erinnert und die Wohnqualit\u00e4t der H\u00e4user an der Grenzstra\u00dfe erheblich beeintr\u00e4chtigt. Ich kenne keine Hochgarage in Freiburg, wo das so primitiv und zu Lasten der Nachbarschaft gel\u00f6st wurde. Die Stadt Freiburg hat hier wieder einmal versagt, indem offensichtlich keine Vorgaben gemacht wurden, was aber f\u00fcr den Freiburger Westen nicht verwundert, man denke nur an die Sportfreunde-Problematik, wo auch erst juristische Schritte eines Betroffenen Besserung brachten.<br \/>\n8.4.2013, Barbara Schill, Freiburg <!-- RSPEAK_STOP --><\/p>\n<p>&nbsp;<\/p>\n<p><strong>Warum ein h\u00e4sslichen Neubau erstellen, den fast alle B\u00fcrger h\u00e4sslich finden?<\/strong><br \/>\nAlle (statt \u201calle\u201d kann man auch sagen 95%) Architekten, Bauplaner, B\u00fcrgermeister (auch Baub\u00fcrgermeister Haag), B\u00fcrger, Touristen, \u2026\u00a0empfinden den Brielmann-Neubau als h\u00e4\u00dflich, seelenlos und unfunktionell. Warum erstellt man ein Geb\u00e4ude, das\u00a0\u00fcberhaupt niemand so will? Unsere Architektur ist Spiegelbild unseres\u00a0Empfindens. Wenn unsere Architekten zunehmend H\u00e4user bauen, die mi\u00dffallen, dann hei\u00dft dies, dass wir \u00fcberhaupt kein Empfinden haben?\u00a0<br \/>\n1.4.2013, Anita Hildebrandt<\/p>\n<p>\u00a0<strong>\u201cHaag kritisiert Brielmann-Bebauung\u201d<\/strong> vom\u00a021. September 2012 auf<br \/>\n<a href=\"https:\/\/www.badische-zeitung.de\/freiburg\/baubuergermeister-haag-kritisiert-brielmann-bebauung--63910638.html\">https:\/\/www.badische-zeitung.de\/freiburg\/baubuergermeister-haag-kritisiert-brielmann-bebauung\u201363910638.html<\/a><br \/>\n\u00a0\u00a0<\/p>\n<p><strong>Betonklotz-Architektur<\/strong><br \/>\nSchon der Name &#8222;Westarkaden&#8220; verschleiert die Wirklichkeit dieser Betonklotz-Architektur. Was nach klassischer Sch\u00f6nheit klingt, bedeutet hier vor allem L\u00e4rm und Abgase. Der Slogan &#8222;Das St\u00e4dtle in der Stadt&#8220; verschwand kurz vor Bauende \u2013 allzu offensichtlich war die Diskrepanz zwischen dem, was man sah und dem Werbespruch am Bauzaun. F\u00fcr die Autos: extra Abbiegespur ins Parkhaus. Eine Reihe alter Platanen musste daf\u00fcr dran glauben. Wie \u00fcberwinden aber die Bewohner zu Fu\u00df die vierspurigen Verkehrsachsen, von denen die Hochh\u00e4user umsp\u00fclt sind? Vielleicht werden ja sogar Kinder und Jugendliche hier wohnen (m\u00fcssen). Aber wo sollten die auch hinwollen, h\u00e4tten sie dann schlie\u00dflich die Stra\u00dfen \u00fcberquert? Da bietet sich doch wie immer eher das neue Einkaufszentrum an. Konsumiere dich gl\u00fccklich!<br \/>\n6.2.2013, Susanne Glaubitz<\/p>\n","protected":false},"excerpt":{"rendered":"<p>Home &gt;Regio &gt;Orte &gt;Freiburg &gt;Westarkaden &nbsp; Westarkaden &#8211; Quartier in Freiburg-Mooswald Westarkaden ohne Arkaden Bebauung Null-Architekturl \u00d6ffentlicher Raum Wohnen &nbsp; &nbsp; \u00a0Westarkaden &#8211; Quartier in Freiburg-Mooswald Das Quartier Westarkaden wurde Anfang April 2013 eingeweiht: Projektentwickler Peter Unm\u00fc\u00dfig verbaute 130 Mio &hellip; <a href=\"https:\/\/www.freiburg-schwarzwald.de\/blog\/regio\/freiburg\/westarkaden\/\">Weiterlesen <span class=\"meta-nav\">&rarr;<\/span><\/a><\/p>\n","protected":false},"author":4,"featured_media":0,"parent":389,"menu_order":0,"comment_status":"open","ping_status":"closed","template":"","meta":{"footnotes":""},"class_list":["post-27038","page","type-page","status-publish","hentry"],"_links":{"self":[{"href":"https:\/\/www.freiburg-schwarzwald.de\/blog\/wp-json\/wp\/v2\/pages\/27038","targetHints":{"allow":["GET"]}}],"collection":[{"href":"https:\/\/www.freiburg-schwarzwald.de\/blog\/wp-json\/wp\/v2\/pages"}],"about":[{"href":"https:\/\/www.freiburg-schwarzwald.de\/blog\/wp-json\/wp\/v2\/types\/page"}],"author":[{"embeddable":true,"href":"https:\/\/www.freiburg-schwarzwald.de\/blog\/wp-json\/wp\/v2\/users\/4"}],"replies":[{"embeddable":true,"href":"https:\/\/www.freiburg-schwarzwald.de\/blog\/wp-json\/wp\/v2\/comments?post=27038"}],"version-history":[{"count":0,"href":"https:\/\/www.freiburg-schwarzwald.de\/blog\/wp-json\/wp\/v2\/pages\/27038\/revisions"}],"up":[{"embeddable":true,"href":"https:\/\/www.freiburg-schwarzwald.de\/blog\/wp-json\/wp\/v2\/pages\/389"}],"wp:attachment":[{"href":"https:\/\/www.freiburg-schwarzwald.de\/blog\/wp-json\/wp\/v2\/media?parent=27038"}],"curies":[{"name":"wp","href":"https:\/\/api.w.org\/{rel}","templated":true}]}}