{"id":26686,"date":"2013-04-10T15:11:46","date_gmt":"2013-04-10T13:11:46","guid":{"rendered":"https:\/\/www.freiburg-schwarzwald.de\/blog\/?page_id=26686"},"modified":"2025-08-13T14:18:29","modified_gmt":"2025-08-13T12:18:29","slug":"stgeorgen","status":"publish","type":"page","link":"https:\/\/www.freiburg-schwarzwald.de\/blog\/regio\/freiburg\/stgeorgen\/","title":{"rendered":"StGeorgen"},"content":{"rendered":"<p>Home &gt;<a title=\"Regio\" href=\"https:\/\/www.freiburg-schwarzwald.de\/blog\/regio\/\">Regio<\/a> &gt;<a title=\"Orte\" href=\"https:\/\/www.freiburg-schwarzwald.de\/blog\/regio\/orte\/\">Orte<\/a> &gt;<a title=\"Freiburg\" href=\"https:\/\/www.freiburg-schwarzwald.de\/blog\/regio\/freiburg\/\">Freiburg<\/a> &gt;StGeorgen<\/p>\n<div id=\"attachment_26694\" style=\"width: 612px\" class=\"wp-caption alignnone\"><a href=\"https:\/\/www.freiburg-schwarzwald.de\/blog\/regio\/freiburg\/stgeorgen\/stgeorgen2-pan101107-2\/\" rel=\"attachment wp-att-26694\"><img loading=\"lazy\" decoding=\"async\" aria-describedby=\"caption-attachment-26694\" class=\"size-full wp-image-26694\" title=\"stgeorgen2-pan101107\" src=\"https:\/\/www.freiburg-schwarzwald.de\/blog\/wp-content\/uploads\/2013\/04\/stgeorgen2-pan101107.jpg\" alt=\"\" width=\"602\" height=\"220\" srcset=\"https:\/\/www.freiburg-schwarzwald.de\/blog\/wp-content\/uploads\/2013\/04\/stgeorgen2-pan101107.jpg 602w, https:\/\/www.freiburg-schwarzwald.de\/blog\/wp-content\/uploads\/2013\/04\/stgeorgen2-pan101107-180x65.jpg 180w\" sizes=\"auto, (max-width: 602px) 100vw, 602px\" \/><\/a><p id=\"caption-attachment-26694\" class=\"wp-caption-text\">Tele-Blick vom K\u00e4ppele nach Westen \u00fcber St. Georgen und Industriegebiet Haid zum Kaiserstuhl am 7.11.2010<\/p><\/div>\n<ul>\n<li><em>Listenauswahl eines Beitrags (Artikel\/Datum, Seite\/Inhalt): <span style=\"text-decoration: underline;\">Klicken<\/span> oder scrollen<\/em><\/li>\n<li>Badespa\u00df im Stadtteil: das Freibad St. Georgen (12.8.2025)<\/li>\n<li>St.Georgener fordern eine Stadtbahn (14.1.2020)<\/li>\n<li><a href=\"https:\/\/www.freiburg-schwarzwald.de\/blog\/journalistin-silvia-faller-ist-tot\/\">https:\/\/www.freiburg-schwarzwald.de\/blog\/journalistin-silvia-faller-ist-tot\/<\/a>\u00a0(10.7.2013)<\/li>\n<li>Vor 75 Jahren &#8211; Zwangseingemeindung von St.Georgen nach Freiburg (10.4.2013)<\/li>\n<li><a href=\"https:\/\/www.freiburg-dreisamtal.de\/stgeorgen.htm\">www.freiburg-dreisamtal.de\/stgeorgen.htm<\/a> &gt;Archivseite St.Georgen<\/li>\n<li><a href=\"https:\/\/www.freiburg-schwarzwald.de\/littenweiler\/stgeorgen#St.Georgen am Sch\u00f6nberg, s\u00fcdwestlicher Vorort von Freiburg\">St.Georgen am Sch\u00f6nberg, s\u00fcdwestlicher Vorort von Freiburg<\/a><\/li>\n<li><a href=\"https:\/\/www.freiburg-schwarzwald.de\/littenweiler\/stgeorgen#Links\">St.Georgen &#8211; Fotos<\/a><\/li>\n<li><a href=\"https:\/\/www.freiburg-schwarzwald.de\/littenweiler\/stgeorgen#Uffhausen zwischen St.Georgen und Vauban\">Uffhausen zwischen St.Georgen und Vauban &#8211; Fotos<\/a><\/li>\n<li><a title=\"Freiburg-Bauernhof\" href=\"https:\/\/www.freiburg-schwarzwald.de\/blog\/regio\/freiburg\/freiburg-bauernhof\/\">Bauernh\u00f6fe<\/a> &gt;Freiburg-Bauernhof<\/li>\n<li><a href=\"https:\/\/www.freiburg-schwarzwald.de\/littenweiler\/stgeorgen#Bauernmarkt in St. Georgen: Seit 1998 eine feste Institution\">Bauernmarkt seit 1998 eine feste Institution<\/a> (26.9.2008)<\/li>\n<li><a href=\"https:\/\/www.freiburg-schwarzwald.de\/tierschutzverein.htm#Heras Circus - Tierheimstatt in Freiburg-St.Georgen\">Heras Circus &#8211; Tierheimstatt in Freiburg-St.Georgen<\/a> &gt;Tierschutzverein<\/li>\n<li><a href=\"https:\/\/www.freiburg-schwarzwald.de\/littenweiler\/stgeorgen#Obst- und Gartenbauverein St.Georgen\">Obst- und Gartenbauverein St.Georgen &#8211; Saftpressen ausleihen<\/a><\/li>\n<li><a href=\"https:\/\/www.freiburg-schwarzwald.de\/littenweiler\/stgeorgen#Othmar Ballof\">Othmar Ballof <\/a><\/li>\n<li><a href=\"https:\/\/www.freiburg-schwarzwald.de\/littenweiler\/stgeorgen#Herbert Bucher vom B\u00fcrgervereins zeigt sein St. Georgen\">Herbert Bucher vom B\u00fcrgervereins zeigt &#8222;sein&#8220; St. Georgen<\/a> (2.9.2006)<\/li>\n<li><a href=\"https:\/\/www.freiburg-schwarzwald.de\/littenweiler\/stgeorgen#Vater der Orchideen vom Jennetal: Werner K\u00e4stle 75 Jahre alt\">Werner K\u00e4stle: Vater der Orchideen vom Jennetal 75 Jahre alt<\/a> (4.1.2007)<\/li>\n<li><a href=\"https:\/\/www.freiburg-schwarzwald.de\/littenweiler\/stgeorgen#Verein f\u00fcr den Erhalt der Sch\u00f6nbergwiesen\">Verein f\u00fcr den Erhalt der Sch\u00f6nbergwiesen<\/a><\/li>\n<li><a href=\"https:\/\/www.freiburg-schwarzwald.de\/littenweiler\/stgeorgen1.htm\">Aktuelles zu St.Georgen ab Ende Juni 2007<\/a> &gt;StGeorgen1<\/li>\n<li><a href=\"https:\/\/www.freiburg-schwarzwald.de\/schoenberg.htm#Ehrenamtliche Naturschutzwarte betreuen die NSG Jennetal und Berghauser Matten\">Ehrenamtl. Naturschutzwarte im NSG Jennetal und Berghauser Matten<\/a> &gt;Schoenberg (19.4.07)<\/li>\n<li><a href=\"https:\/\/www.freiburg-schwarzwald.de\/akw7.htm#Mahnweg am 20.\/21.April vom Freiburger M\u00fcnster zum Atomkraftwerk Fessenheim\">Mahnweg am 20.\/21.April vom Freiburger M\u00fcnster zum AKW Fessenheim<\/a> &gt;AKW7 (16.4.07)<\/li>\n<li><a href=\"https:\/\/www.freiburg-schwarzwald.de\/littenweiler\/stgeorgen.htm#Hoyer-Villa abrei\u00dfen Heutzutage werden nur noch Kl\u00f6tze gebaut\">Hoyer-Villa abrei\u00dfen? Heutzutage werden nur noch Kl\u00f6tze gebaut<\/a> (3.4.2007)<\/li>\n<li><a href=\"https:\/\/www.freiburg-schwarzwald.de\/mooswald.htm#Seehauweiher beim Gewerbegebiet Haid: Lebensraum f\u00fcr Amphibien\">Seehauweiher beim Gewerbegebiet Haid: Lebensraum f\u00fcr Amphibien<\/a> &gt;Mooswald (23.3.2007)<\/li>\n<li><a href=\"https:\/\/www.freiburg-schwarzwald.de\/prostitution.htm#Proteste gegen Dienstleistung auf Parkplatz am Zubringer-S\u00fcd\">Proteste gegen Dienstleistung auf Parkplatz am Zubringer S\u00fcd<\/a> &gt;Prostitution (22.3.2007)<\/li>\n<li><a href=\"https:\/\/www.freiburg-schwarzwald.de\/littenweiler\/buergervereine.htm#Neugr\u00fcndungen: Konkurrenz aus den eigenen Reihen\">Neugr\u00fcndungen: Konkurrenz aus den eigenen Reihen<\/a> &gt;Buergervereine (16.3.2007)<\/li>\n<li><a href=\"https:\/\/www.freiburg-schwarzwald.de\/littenweiler\/stgeorgen#Nest auf Hochleitungsmast ger\u00e4umt - Angebot auf Kirchdach\">Nest auf Hochleitungsmast ger\u00e4umt &#8211; Angebot auf Kirchdach<\/a> (15.3.2007)<\/li>\n<li><a href=\"https:\/\/www.freiburg-schwarzwald.de\/littenweiler\/stgeorgen#Im Sinne der kleinen Gesch\u00e4fte entscheiden\">Im Sinne der kleinen Gesch\u00e4fte entscheiden<\/a>\u00a0 (28.2.2007)<\/li>\n<li><a href=\"https:\/\/www.freiburg-schwarzwald.de\/littenweiler\/stgeorgen#Ein Kanal zwingt den wilden Dorfbach in ein enges Bett\">Ein Kanal zwingt den wilden Dorfbach in ein enges Bett<\/a> (24.2.2007)<\/li>\n<li><a href=\"https:\/\/www.freiburg-schwarzwald.de\/rauchen.htm#In der St. Georgener Festhalle qualmen die Narren wieder\">In der St. Georgener Festhalle qualmen die Narren wieder<\/a> &gt;Rauchen (5.2.2007)<\/li>\n<li><a href=\"https:\/\/www.freiburg-schwarzwald.de\/littenweiler\/stgeorgen#Ausstellung: Als Bauern noch Genossen waren\">Ausstellung: Als Bauern noch Genossen waren<\/a> (14.11.2006)<\/li>\n<li><a href=\"https:\/\/www.freiburg-schwarzwald.de\/littenweiler\/stgeorgen#Albertus-Magnus-Haus: Heute Kulturwerk - fr\u00fcher Bergwerk\">Albertus-Magnus-Haus: Heute Kulturwerk &#8211; fr\u00fcher Bergwerk<\/a> (27.9.2006)<\/li>\n<li><\/li>\n<li><a href=\"https:\/\/www.freiburg-schwarzwald.de\/littenweiler\/stgeorgen#St\u00f6rche Baldur, Amelie und Cili in 2003 und 2004\">St\u00f6rche <\/a><a href=\"https:\/\/www.freiburg-schwarzwald.de\/littenweiler\/stgeorgen#St\u00f6rche Baldur, Amelie und Cili in 2003 und 2004\">Baldur, Amelie und Cili in 2003 und 2004<\/a><\/li>\n<li><a href=\"https:\/\/www.freiburg-schwarzwald.de\/ebringen.htm\">Ebringen im S\u00fcden<\/a> &gt;Ebringen<\/li>\n<li><a href=\"https:\/\/www.freiburg-schwarzwald.de\/hexental.htm\">Hexental: Au, Bollschweil, Wittnau, Merzhausen, Ehrenkirchen, S\u00f6lden<\/a> &gt;Hexental<\/li>\n<li><a href=\"https:\/\/www.freiburg-schwarzwald.de\/littenweiler\/stgeorgen#Mercy-Haus\">Mercy-Haus &#8211; Stapfelhaus<\/a><\/li>\n<li><a href=\"https:\/\/www.freiburg-schwarzwald.de\/mooswald.htm\">Mooswald bei Freiburg<\/a> &gt;Mooswald<\/li>\n<li><a href=\"https:\/\/www.freiburg-schwarzwald.de\/ebringen.htm#Sch\u00f6nberger H\u00f6fe\">Sch\u00f6nberger H\u00f6fe<\/a>&gt;Ebringen<\/li>\n<li><a href=\"https:\/\/www.freiburg-schwarzwald.de\/littenweiler\/stgeorgen#Winzergenossenschaft geht mit Wolfenweiler zusammmen\">Winzergenossenschaft geht mit Wolfenweiler zusammen<\/a> (26.7.2006)<\/li>\n<li><a href=\"https:\/\/www.freiburg-schwarzwald.de\/littenweiler\/stgeorgen#Links\">Links<\/a><\/li>\n<li><a href=\"https:\/\/www.freiburg-schwarzwald.de\/littenweiler\/haslach.htm\">Haslach<\/a> &gt;Haslach<\/li>\n<li><a href=\"https:\/\/www.freiburg-schwarzwald.de\/jesuitenschloss.htm\">Jesuitenschloss am Sch\u00f6nberg oberhalb Merzhausen<\/a> &gt;Jesuitenschloss<\/li>\n<li><a href=\"https:\/\/www.freiburg-schwarzwald.de\/leutersberg.htm\">Leutersberg<\/a> &gt;Leutersberg<\/li>\n<li><a title=\"Littenweiler\" href=\"https:\/\/www.freiburg-schwarzwald.de\/blog\/regio\/freiburg\/littenweiler\/\">Littenweiler<\/a><\/li>\n<li><a href=\"https:\/\/www.freiburg-schwarzwald.de\/stgeorgen.htm\">St. Georgen im Schwarzwald<\/a> &gt;Freiburg-Schwarzwald.de\/StGeorgen<\/li>\n<li><a title=\"Mooswald\" href=\"https:\/\/www.freiburg-schwarzwald.de\/blog\/regio\/freiburg\/mooswald\/\">Mooswald<\/a><\/li>\n<li><a title=\"Rieselfeld\" href=\"https:\/\/www.freiburg-schwarzwald.de\/blog\/regio\/freiburg\/rieselfeld\/\">Rieselfeld mit Naturschutzgebiet im Westen<\/a> &gt;Rieselfeld<\/li>\n<li><a title=\"Schlatthof\" href=\"https:\/\/www.freiburg-schwarzwald.de\/blog\/bauernhof\/schlatthof\/\">Schlatthof<\/a><\/li>\n<li><a href=\"https:\/\/www.freiburg-schwarzwald.de\/schneckental.htm\">Schneckental<\/a> &gt;Schneckental<\/li>\n<li><a title=\"Vauban\" href=\"https:\/\/www.freiburg-schwarzwald.de\/blog\/regio\/freiburg\/vauban\/\">Vauban<\/a><\/li>\n<li><\/li>\n<\/ul>\n<p>&nbsp;<\/p>\n<div id=\"attachment_29928\" style=\"width: 650px\" class=\"wp-caption alignnone\"><a href=\"https:\/\/www.freiburg-schwarzwald.de\/blog\/regio\/freiburg\/stgeorgen\/herdern5schoenberg-pan130510\/\" rel=\"attachment wp-att-29928\"><img loading=\"lazy\" decoding=\"async\" aria-describedby=\"caption-attachment-29928\" class=\"size-full wp-image-29928\" title=\"herdern5schoenberg-pan130510\" src=\"https:\/\/www.freiburg-schwarzwald.de\/blog\/wp-content\/uploads\/2013\/04\/herdern5schoenberg-pan130510.jpg\" alt=\"\" width=\"640\" height=\"219\" srcset=\"https:\/\/www.freiburg-schwarzwald.de\/blog\/wp-content\/uploads\/2013\/04\/herdern5schoenberg-pan130510.jpg 640w, https:\/\/www.freiburg-schwarzwald.de\/blog\/wp-content\/uploads\/2013\/04\/herdern5schoenberg-pan130510-180x61.jpg 180w\" sizes=\"auto, (max-width: 640px) 100vw, 640px\" \/><\/a><p id=\"caption-attachment-29928\" class=\"wp-caption-text\">Blick von Herdern nach S\u00fcden \u00fcber die Freiburger Altstadt zum Sch\u00f6nberg am 10.5.2013 &#8211; rechts St.Georgen<\/p><\/div>\n<p>&nbsp;<\/p>\n<p>&nbsp;<\/p>\n<h5><a href=\"https:\/\/www.freiburg-schwarzwald.de\/blog\/regio\/freiburg\/stgeorgen\/schoenberg-leutersberg130505\/\" rel=\"attachment wp-att-28929\"><img loading=\"lazy\" decoding=\"async\" class=\"alignnone size-thumbnail wp-image-28929\" title=\"schoenberg-leutersberg130505\" src=\"https:\/\/www.freiburg-schwarzwald.de\/blog\/wp-content\/uploads\/2013\/04\/schoenberg-leutersberg130505-180x143.jpg\" alt=\"\" width=\"180\" height=\"143\" srcset=\"https:\/\/www.freiburg-schwarzwald.de\/blog\/wp-content\/uploads\/2013\/04\/schoenberg-leutersberg130505-180x143.jpg 180w, https:\/\/www.freiburg-schwarzwald.de\/blog\/wp-content\/uploads\/2013\/04\/schoenberg-leutersberg130505-640x510.jpg 640w, https:\/\/www.freiburg-schwarzwald.de\/blog\/wp-content\/uploads\/2013\/04\/schoenberg-leutersberg130505.jpg 919w\" sizes=\"auto, (max-width: 180px) 100vw, 180px\" \/><\/a>\u00a0\u00a0\u00a0\u00a0\u00a0\u00a0\u00a0\u00a0\u00a0 <a href=\"https:\/\/www.freiburg-schwarzwald.de\/blog\/regio\/freiburg\/stgeorgen\/stgeorgen-bahnhof130505\/\" rel=\"attachment wp-att-28930\"><img loading=\"lazy\" decoding=\"async\" class=\"alignnone size-thumbnail wp-image-28930\" title=\"stgeorgen-bahnhof130505\" src=\"https:\/\/www.freiburg-schwarzwald.de\/blog\/wp-content\/uploads\/2013\/04\/stgeorgen-bahnhof130505-180x135.jpg\" alt=\"\" width=\"180\" height=\"135\" srcset=\"https:\/\/www.freiburg-schwarzwald.de\/blog\/wp-content\/uploads\/2013\/04\/stgeorgen-bahnhof130505-180x135.jpg 180w, https:\/\/www.freiburg-schwarzwald.de\/blog\/wp-content\/uploads\/2013\/04\/stgeorgen-bahnhof130505.jpg 640w\" sizes=\"auto, (max-width: 180px) 100vw, 180px\" \/><\/a>\u00a0\u00a0\u00a0\u00a0\u00a0\u00a0\u00a0\u00a0\u00a0 <a href=\"https:\/\/www.freiburg-schwarzwald.de\/blog\/regio\/freiburg\/stgeorgen\/stgeorgen-bifaenge130505\/\" rel=\"attachment wp-att-28931\"><img loading=\"lazy\" decoding=\"async\" class=\"alignnone size-thumbnail wp-image-28931\" title=\"stgeorgen-bifaenge130505\" src=\"https:\/\/www.freiburg-schwarzwald.de\/blog\/wp-content\/uploads\/2013\/04\/stgeorgen-bifaenge130505-180x135.jpg\" alt=\"\" width=\"180\" height=\"135\" srcset=\"https:\/\/www.freiburg-schwarzwald.de\/blog\/wp-content\/uploads\/2013\/04\/stgeorgen-bifaenge130505-180x135.jpg 180w, https:\/\/www.freiburg-schwarzwald.de\/blog\/wp-content\/uploads\/2013\/04\/stgeorgen-bifaenge130505.jpg 640w\" sizes=\"auto, (max-width: 180px) 100vw, 180px\" \/><\/a><br \/>\n(1) Sch\u00f6nberg am 5.5.2013\u00a0\u00a0\u00a0\u00a0\u00a0\u00a0\u00a0\u00a0\u00a0\u00a0\u00a0\u00a0\u00a0\u00a0\u00a0\u00a0\u00a0\u00a0\u00a0 (2) Bahnhof St.Georgen am 5.5.2013\u00a0\u00a0 (3) Bif\u00e4nge am 5.5.2013<\/h5>\n<h5><a href=\"https:\/\/www.freiburg-schwarzwald.de\/blog\/regio\/freiburg\/stgeorgen\/stgeorgen-augustinum-see130505\/\" rel=\"attachment wp-att-28934\"><img loading=\"lazy\" decoding=\"async\" class=\"alignnone size-thumbnail wp-image-28934\" title=\"stgeorgen-augustinum-see130505\" src=\"https:\/\/www.freiburg-schwarzwald.de\/blog\/wp-content\/uploads\/2013\/04\/stgeorgen-augustinum-see130505-180x142.jpg\" alt=\"\" width=\"180\" height=\"142\" srcset=\"https:\/\/www.freiburg-schwarzwald.de\/blog\/wp-content\/uploads\/2013\/04\/stgeorgen-augustinum-see130505-180x142.jpg 180w, https:\/\/www.freiburg-schwarzwald.de\/blog\/wp-content\/uploads\/2013\/04\/stgeorgen-augustinum-see130505.jpg 639w\" sizes=\"auto, (max-width: 180px) 100vw, 180px\" \/><\/a>\u00a0\u00a0\u00a0\u00a0\u00a0\u00a0\u00a0\u00a0\u00a0 <a href=\"https:\/\/www.freiburg-schwarzwald.de\/blog\/regio\/freiburg\/stgeorgen\/stgeorgen-augustinum130505\/\" rel=\"attachment wp-att-28935\"><img loading=\"lazy\" decoding=\"async\" class=\"alignnone size-thumbnail wp-image-28935\" title=\"stgeorgen-augustinum130505\" src=\"https:\/\/www.freiburg-schwarzwald.de\/blog\/wp-content\/uploads\/2013\/04\/stgeorgen-augustinum130505-180x140.jpg\" alt=\"\" width=\"180\" height=\"140\" srcset=\"https:\/\/www.freiburg-schwarzwald.de\/blog\/wp-content\/uploads\/2013\/04\/stgeorgen-augustinum130505-180x140.jpg 180w, https:\/\/www.freiburg-schwarzwald.de\/blog\/wp-content\/uploads\/2013\/04\/stgeorgen-augustinum130505-640x501.jpg 640w, https:\/\/www.freiburg-schwarzwald.de\/blog\/wp-content\/uploads\/2013\/04\/stgeorgen-augustinum130505.jpg 641w\" sizes=\"auto, (max-width: 180px) 100vw, 180px\" \/><\/a><br \/>\n(4) Blick zum Wohnstift Augustinum am Fu\u00df des Sch\u00f6nbergs\u00a05.5.2013<\/h5>\n<p>(1) Blick nach S\u00fcden zum Sch\u00f6nberg ab 5.5.2013 &#8211; rechts Leutersberg<br \/>\n(3) Blick nach Osten am Fu\u00df des Sch\u00f6nbergs \u00fcbers Wohngebiet Bif\u00e4nge zum Schwarzwald am 5.5.2013<\/p>\n<p>&nbsp;<\/p>\n<p>B\u00fcrgerverein Freiburg-St.Georgen:<br \/>\n<a href=\"https:\/\/www.st-fr-st-georgen.de\">https:\/\/www.st-fr-st-georgen.de<\/a><br \/>\n==============================================================<\/p>\n<p><strong>Badespa\u00df im Stadtteil: das Freibad St. Georgen<\/strong><br \/>\nDas Freibad St. Georgen ist im Jahr 1930 von der damals noch selbstst\u00e4ndigen Gemeinde St. Georgen er\u00f6ffnet worden. Die Sankt Jergemer brachten das Bad in der H\u00e4ge also mit in die Ehe mit der Stadt Freiburg ein, die 1938 geschlossen wurde. Vorg\u00e4nger des Bades war ein Badesee, der einst auf den Feuchtwiesen des Dorfes geschaffen worden war. Im Laufe der 1930er-Jahre ist der Weiher immer mehr zum Bad umgebaut worden. Bald kam das Wasser dann auch aus einem eigenen Tiefbrunnen.<br \/>\nDas St. Georgener Freibad hat seither viele Ver\u00e4nderungen und Modernisierungen erlebt. Es ist bis heute ein beliebtes Familienbad geblieben. Mehrmals stand der Fortbestand des Bades auf der Kippe. So drohte Mitte der 1990er-Jahre die Schlie\u00dfung wegen &#8222;unhaltbarer hygienischer Zust\u00e4nde&#8220;, wie das Gesundheitsamt damals urteilte. Die St. Georgener organisierten auf breiter Front den Widerstand gegen die Schlie\u00dfung und durften ihr Bad behalten. F\u00fcnf Millionen investierte die Stadt in die Sanierung, mit einem gro\u00dfen Schwimmbadfest konnte die Wiederer\u00f6ffnung gefeiert werden.<br \/>\n&#8230; Alles vom 12.8.2025 von Joachim R\u00f6derer bitte lesen auf<br \/>\n<a href=\"https:\/\/www.badische-zeitung.de\/vor-dem-westbad-start-das-ist-die-geschichte-der-freiburger-freibaeder\">https:\/\/www.badische-zeitung.de\/vor-dem-westbad-start-das-ist-die-geschichte-der-freiburger-freibaeder<\/a><\/p>\n<p>.<\/p>\n<p><strong>St.Georgener fordern eine Stadtbahn<\/strong><br \/>\nDer B\u00fcrgerverein pr\u00e4sentiert beim Neujahrsempfang eine Kampagne im Vorfeld der Priorit\u00e4tenentscheidung der Stadt.<br \/>\n&#8222;F\u00fcr uns, f\u00fcr morgen \u2013 Stadtbahn St.\u2005Georgen&#8220; lautet der Slogan, den der B\u00fcrgerverein entworfen hat. &#8222;Das Thema Stra\u00dfenbahn werden wir in 2020 ganz priorisiert und fokussiert angehen&#8220;, k\u00fcndigte der Vereinsvorsitzende Martin Maier an. Dazu wolle der Verein auch die Diskussion mit den B\u00fcrgern suchen.<br \/>\n&#8230; Alels vom 14.1.2020 bitte lesen auf<br \/>\n<a href=\"https:\/\/www.badische-zeitung.de\/st-georgener-fordern-eine-stadtbahn\">https:\/\/www.badische-zeitung.de\/st-georgener-fordern-eine-stadtbahn<\/a><\/p>\n<p>&nbsp;<\/p>\n<p><strong>Vor 75 Jahren &#8211; Zwangseingemeindung von St.Georgen nach Freiburg<\/strong><\/p>\n<p>Im April j\u00e4hrt es sich zum 75. Mal, dass St. Georgen ein Stadtteil Freiburgs wurde. Das, was Robert Wagner, der damalige NS-Reichsstatthalter Badens, am 2. Februar 1938 verf\u00fcgt hatte, war ein Verwaltungsakt. &#8222;Und f\u00fcr die St. Georgener ein Schock&#8220;, sagt Georg Koch, der von 1985 bis 1997 Vorsitzender des B\u00fcrgervereins Freiburg-St. Georgen war und die Hintergr\u00fcnde des historischen Ereignisses gr\u00fcndlich recherchiert hat. Mit 3000 Einwohnern und einer Gemarkungsfl\u00e4che von 1620 Hektar war St. Georgen die gr\u00f6\u00dfte Gemeinde im damaligen Landkreis Freiburg. Ihr Gebiet erstreckte sich vom Mooswald bis zum Lorettoberg und vom Sch\u00f6nberg bis nach Haslach, Betzenhausen und Lehen. Wo heute die Stadtteile Rieselfeld und Vauban bestehen, lie\u00dfen die St. Georgener Landwirte einst ihre K\u00fche weiden. Freiburgs nationalsozialistischer Oberb\u00fcrgermeister Franz Kerber hatte die Eingemeindung von 1934 an betrieben. Gegen\u00fcber dem Badischen Bezirksamt klagte er, dass sich die St. Georgener Gemarkung &#8222;wie eine Kette um die Stadt&#8220; lege und &#8222;jeden Fortschritt und jede organische Weiterbebauung des Gebietes&#8220; verhindere. 1935 beantragte er die Eingemeindung von St. Georgen, Merzhausen, Ebnet, Horben und Lehen, was zun\u00e4chst abgelehnt wurde.<\/p>\n<p>&nbsp;<\/p>\n<p><em>Die \u201eStube\u201c \u2013 einst St. Georgens Rathaus \u2013 verlor nach der Zwangseingemeindung nach Freiburg an Bedeutung. Heute beherbergt sie ein Gasthaus und Vereinsr\u00e4ume. Im ehemaligen Spritzenhaus (rechter Bildrand) befindet sich das Gemeindesekretariat als Verwaltungsau\u00dfenstelle.<\/em><\/p>\n<p>St. Georgens Nein blieb unbeachtet<br \/>\n1937 hatte sich die Wehrmacht in der Schlageter-Kaserne, die auf den St. Georgener Gemeindewiesen errichtet wurde, einquartiert, weil die Stadt keine Fl\u00e4chen daf\u00fcr zur Verf\u00fcgung stellen konnte. Kerber wiederholte seinen Antrag, zumal die Stadt den kommunalen Anteil der Erschlie\u00dfungskosten bezahlt hatte. &#8222;Derartige milit\u00e4rische Angelegenheiten&#8220; w\u00fcrden noch weitere gemeindliche Aufgaben mit sich bringen, denen &#8222;die kleinen b\u00e4uerlichen Nachbargemeinden&#8220; nicht gewachsen seien, argumentierte er. Im November 1937 verfasste der Reichsstatthalter einen Entwurf \u00fcber die Eingliederung, der vom Freiburger Gemeinderat einseitig bejaht wurde. Das Nein des St.\u2005Georgener Gremiums blieb unwirksam. Wie ohnm\u00e4chtig die St. Georgener waren, zeigte sich daran: Im Februar 1938 reisten der NSDAP-Ortsgruppenleiter und B\u00fcrgermeister Hermann Heer sowie zwei Gemeinder\u00e4te nach Berlin, um im Reichsinnenministerium Einspruch einzulegen. Von einem Ministerialrat erfuhren sie, dass der Reichsstatthalter die Angelegenheit entschieden habe. Auf der R\u00fcckfahrt machten sie in Karlsruhe Station, wurden jedoch nicht einmal vorgelassen. Tags darauf war in der damaligen Freiburger Zeitung zu lesen: &#8222;Die Staatsaufsichtsbeh\u00f6rde hat dem Antrag des Oberb\u00fcrgermeisters von Freiburg auf Eingemeindung stattgegeben und die Zusammenlegung genehmigt.&#8220; Am 1. April 1938 trat sie in Kraft.<\/p>\n<p>1933 gab es im Ort nur 15 NSDAP-Mitglieder<br \/>\nGenau genommen hatte die Gemeinde St. Georgen ihre Souver\u00e4nit\u00e4t schon 1933 verloren, als ihr B\u00fcrgermeister Adolf Keller abgesetzt wurde. Das Mitglied der konservativen Zentrums-Partei wollte nicht der NSDAP beitreten. Nach Keller, der 1951 starb, ist im Ortsteil Uffhausen ein Stra\u00dfe benannt. In seine Amtszeit fiel der Bau der Sch\u00f6nbergschule, der Festhalle und des St. Georgener Freibads \u2013 Einrichtungen, die alle heute noch bestehen. Die Parteikreisleitung bestimmte zun\u00e4chst ein Mitglied der Haslacher NSDAP-Ortsgruppe zum kommissarischen B\u00fcrgermeister und setzte neue Gemeinder\u00e4te ein, womit die Gleichschaltung vollzogen war. In St. Georgen selbst z\u00e4hlte die Partei 1933 erst 15 Mitglieder. Dazu geh\u00f6rten der Ratsschreiber Karl V\u00f6gele, der kurze Zeit B\u00fcrgermeister war, 1937 jedoch wegen &#8222;Unbotm\u00e4\u00dfigkeiten gegen die Gemeindepolitik&#8220; wieder abgesetzt wurde, und Hermann Heer, der als B\u00fcrgermeister die Eingemeindung vollziehen musste.Gemeindesekretariat ist bis heute eine Besonderheit<br \/>\nDas St. Georgener Rathaus an der Blumenstra\u00dfe, die &#8222;Stube&#8220;, die schon von 1574 bis 1831 Sitz des Vogtes und des Ortsgerichts und danach des B\u00fcrgermeisteramtes war, verwaiste danach. Ein Ortsbeauftragter f\u00fchrte einfache Verwaltungst\u00e4tigkeiten aus. Daraus entstand sp\u00e4ter ein Gemeindesekretariat, das bis heute als Au\u00dfenstelle des Freiburger B\u00fcrgeramtes im historischen Spritzenhaus des Ortsteils Uffhausen neben der &#8222;Stube&#8220; besteht. So kommt es, dass es in St. Georgen als einzigem Stadtteil der Kernstadt eine Verwaltungsstelle gibt, in dem die B\u00fcrger \u2013 \u00e4hnlich wie in den Rath\u00e4usern der in den 1970er Jahren eingemeindeten Ortschaften \u2013 Verwaltungsangelegenheiten vor Ort regeln k\u00f6nnen.Im Hinblick darauf, dass es anderen Gemeinden in Baden-W\u00fcrttemberg gelungen war, zwangsverordnete Eingliederungen nach dem Niedergang der Gewaltherrschaft r\u00fcckg\u00e4ngig zu machen, stellt sich die Frage, warum das in St. Georgen niemand versucht hat. Nach Einsch\u00e4tzung Georg Kochs, Jahrgang 1933, der Gespr\u00e4che mit l\u00e4ngst verstorbenen Zeitzeugen in Erinnerung hat, &#8222;war einfach niemand da, der das in die Hand genommen hat. Adolf Keller wurde angesprochen, aber gebrochen von der Amtsenthebung hatte er sich total zur\u00fcckgezogen. Andere engagierte und aktive B\u00fcrger waren im Zweiten Weltkrieg gefallen oder hatten sich wegen ihrer Mitgliedschaft in der NSDAP zu verantworten.&#8220;<br \/>\nAls Vers\u00e4umnis bezeichnet Koch, dass der Eingemeindungsvertrag, der von der Gemeinde St. Georgen nie unterzeichnet worden ist, sp\u00e4ter nicht auf eine rechtsstaatliche Grundlage gestellt wurde. &#8222;Man h\u00e4tte ihn \u00fcberarbeiten und die Interessen unseres Ortes fixieren sollen&#8220;, meint er, &#8222;vieles mussten wir erk\u00e4mpfen.&#8220; Als Beispiele nennt er, dass das Schwimmbad erhalten blieb \u2013 1992 drohte die Schlie\u00dfung \u2013 oder dass Vereinsr\u00e4ume zur Verf\u00fcgung stehen und die Festhalle saniert wurde. Der 1950 gegr\u00fcndete B\u00fcrgerverein Freiburg-St. Georgen k\u00e4mpft auch heute, und zwar unter anderem daf\u00fcr, dass das Stuben-Areal zu einem Stadtteilzentrum entwickelt wird.<br \/>\n10.4.2013, Silvia Faller<!-- RSPEAK_STOP --><\/p>\n","protected":false},"excerpt":{"rendered":"<p>Home &gt;Regio &gt;Orte &gt;Freiburg &gt;StGeorgen Listenauswahl eines Beitrags (Artikel\/Datum, Seite\/Inhalt): Klicken oder scrollen Badespa\u00df im Stadtteil: das Freibad St. Georgen (12.8.2025) St.Georgener fordern eine Stadtbahn (14.1.2020) https:\/\/www.freiburg-schwarzwald.de\/blog\/journalistin-silvia-faller-ist-tot\/\u00a0(10.7.2013) Vor 75 Jahren &#8211; Zwangseingemeindung von St.Georgen nach Freiburg (10.4.2013) www.freiburg-dreisamtal.de\/stgeorgen.htm &gt;Archivseite St.Georgen &hellip; <a href=\"https:\/\/www.freiburg-schwarzwald.de\/blog\/regio\/freiburg\/stgeorgen\/\">Weiterlesen <span class=\"meta-nav\">&rarr;<\/span><\/a><\/p>\n","protected":false},"author":4,"featured_media":0,"parent":389,"menu_order":0,"comment_status":"open","ping_status":"closed","template":"","meta":{"footnotes":""},"class_list":["post-26686","page","type-page","status-publish","hentry"],"_links":{"self":[{"href":"https:\/\/www.freiburg-schwarzwald.de\/blog\/wp-json\/wp\/v2\/pages\/26686","targetHints":{"allow":["GET"]}}],"collection":[{"href":"https:\/\/www.freiburg-schwarzwald.de\/blog\/wp-json\/wp\/v2\/pages"}],"about":[{"href":"https:\/\/www.freiburg-schwarzwald.de\/blog\/wp-json\/wp\/v2\/types\/page"}],"author":[{"embeddable":true,"href":"https:\/\/www.freiburg-schwarzwald.de\/blog\/wp-json\/wp\/v2\/users\/4"}],"replies":[{"embeddable":true,"href":"https:\/\/www.freiburg-schwarzwald.de\/blog\/wp-json\/wp\/v2\/comments?post=26686"}],"version-history":[{"count":2,"href":"https:\/\/www.freiburg-schwarzwald.de\/blog\/wp-json\/wp\/v2\/pages\/26686\/revisions"}],"predecessor-version":[{"id":137800,"href":"https:\/\/www.freiburg-schwarzwald.de\/blog\/wp-json\/wp\/v2\/pages\/26686\/revisions\/137800"}],"up":[{"embeddable":true,"href":"https:\/\/www.freiburg-schwarzwald.de\/blog\/wp-json\/wp\/v2\/pages\/389"}],"wp:attachment":[{"href":"https:\/\/www.freiburg-schwarzwald.de\/blog\/wp-json\/wp\/v2\/media?parent=26686"}],"curies":[{"name":"wp","href":"https:\/\/api.w.org\/{rel}","templated":true}]}}