{"id":26397,"date":"2013-04-06T14:28:28","date_gmt":"2013-04-06T12:28:28","guid":{"rendered":"https:\/\/www.freiburg-schwarzwald.de\/blog\/?page_id=26397"},"modified":"2019-02-03T15:31:44","modified_gmt":"2019-02-03T14:31:44","slug":"vega","status":"publish","type":"page","link":"https:\/\/www.freiburg-schwarzwald.de\/blog\/selbsthilfe\/senioren\/vega\/","title":{"rendered":"VEGA"},"content":{"rendered":"<p><a href=\"https:\/\/www.freiburg-schwarzwald.de\/blog\/regio\/orte\/aitern\/aitern19ort-pan130316\/\" rel=\"attachment wp-att-25249\"><img loading=\"lazy\" decoding=\"async\" class=\"size-full wp-image-25249\" title=\"aitern19ort-pan130316\" src=\"https:\/\/www.freiburg-schwarzwald.de\/blog\/wp-content\/uploads\/2013\/03\/aitern19ort-pan130316.jpg\" alt=\"\" width=\"636\" height=\"240\" srcset=\"https:\/\/www.freiburg-schwarzwald.de\/blog\/wp-content\/uploads\/2013\/03\/aitern19ort-pan130316.jpg 636w, https:\/\/www.freiburg-schwarzwald.de\/blog\/wp-content\/uploads\/2013\/03\/aitern19ort-pan130316-180x67.jpg 180w\" sizes=\"auto, (max-width: 636px) 100vw, 636px\" \/><\/a><\/p>\n<ul>\n<li>&#8222;Netzwerk Sport \u2013 Freiburg Ost in Bewegung&#8220; &#8211; Wie geht es weiter? (15.1.2019)<\/li>\n<li><a href=\"https:\/\/www.freiburg-schwarzwald.de\/blog\/buergerraum-als-anlaufstelle\/\">https:\/\/www.freiburg-schwarzwald.de\/blog\/buergerraum-als-anlaufstelle\/<\/a>\u00a0(17.3.2014)<\/li>\n<li><a href=\"https:\/\/www.freiburg-schwarzwald.de\/blog\/zeitbank-55-in-freiburg-ost\/\">https:\/\/www.freiburg-schwarzwald.de\/blog\/zeitbank-55-in-freiburg-ost\/<\/a>\u00a0(2.1.2014)<\/li>\n<li><a href=\"https:\/\/www.freiburg-schwarzwald.de\/blog\/sport-im-alter-ft-von-1844\/\">https:\/\/www.freiburg-schwarzwald.de\/blog\/sport-im-alter-ft-von-1844\/<\/a>\u00a0(29.5.2013)<\/li>\n<li>VEGA-Mobil &#8211; unterwegs im Freiburger Osten (6.4.2013)<\/li>\n<li><a href=\"https:\/\/www.freiburg-schwarzwald.de\/blog\/vega-im-freiburger-osten\/\">https:\/\/www.freiburg-schwarzwald.de\/blog\/vega-im-freiburger-osten\/<\/a>\u00a0(17.10.2012)<\/li>\n<li><a href=\"https:\/\/www.freiburg-schwarzwald.de\/littenweiler\/senioren4.htm#VEGA: 1. Wohnprojektetag, Laubenhof, Stadtteilkonferenzen\">VEGA: 1. Wohnprojektetag, Laubenhof, Stadtteilkonferenzen<\/a> &gt;Senioren4 (2.12.2011)<\/li>\n<li>Waldsee und Littenweiler &#8211; gelingendes Altern im Wohnquartier? (2.5.2011)<\/li>\n<li><a href=\"https:\/\/www.freiburg-schwarzwald.de\/littenweiler\/senioren3.htm#Projekt VEGA -Verantwortungsgemeinschaft f\u00fcr gelingendes Altern\">Projekt VEGA -Verantwortungsgemeinschaft f\u00fcr gelingendes Altern<\/a> &gt;Senioren3 (7.12.2010)<\/li>\n<li>VEGA -Verantwortungsgemeinschaften f\u00fcr gelingendes Altern im Freiburger Osten<\/li>\n<li><\/li>\n<li><a title=\"Kreuzsteinaecker\" href=\"https:\/\/www.freiburg-schwarzwald.de\/blog\/selbsthilfe\/senioren\/kreuzsteinaecker\/\">Kreuzstein\u00e4cker<\/a><\/li>\n<li><a title=\"Quartier\" href=\"https:\/\/www.freiburg-schwarzwald.de\/blog\/business\/dienste\/immobilien\/quartier\/\">Quartier<\/a><\/li>\n<\/ul>\n<p>&nbsp;<\/p>\n<p><a href=\"https:\/\/www.freiburg-schwarzwald.de\/blog\/selbsthilfe\/senioren\/vega\/vega-mobil131208\/\" rel=\"attachment wp-att-42070\"><img loading=\"lazy\" decoding=\"async\" class=\"alignnone size-thumbnail wp-image-42070\" title=\"vega-mobil131208\" src=\"https:\/\/www.freiburg-schwarzwald.de\/blog\/wp-content\/uploads\/2013\/04\/vega-mobil131208-180x145.jpg\" alt=\"\" width=\"180\" height=\"145\" srcset=\"https:\/\/www.freiburg-schwarzwald.de\/blog\/wp-content\/uploads\/2013\/04\/vega-mobil131208-180x145.jpg 180w, https:\/\/www.freiburg-schwarzwald.de\/blog\/wp-content\/uploads\/2013\/04\/vega-mobil131208.jpg 640w\" sizes=\"auto, (max-width: 180px) 100vw, 180px\" \/><\/a>\u00a0 \u00a0 \u00a0 \u00a0 \u00a0\u00a0<a href=\"https:\/\/www.freiburg-schwarzwald.de\/blog\/selbsthilfe\/senioren\/vega\/vega-mobil-littenweiler160625\/\" rel=\"attachment wp-att-61458\"><img loading=\"lazy\" decoding=\"async\" class=\"alignnone size-thumbnail wp-image-61458\" src=\"https:\/\/www.freiburg-schwarzwald.de\/blog\/wp-content\/uploads\/2013\/04\/vega-mobil-littenweiler160625-180x135.jpg\" alt=\"vega-mobil-littenweiler160625\" width=\"180\" height=\"135\" srcset=\"https:\/\/www.freiburg-schwarzwald.de\/blog\/wp-content\/uploads\/2013\/04\/vega-mobil-littenweiler160625-180x135.jpg 180w, https:\/\/www.freiburg-schwarzwald.de\/blog\/wp-content\/uploads\/2013\/04\/vega-mobil-littenweiler160625.jpg 640w\" sizes=\"auto, (max-width: 180px) 100vw, 180px\" \/><\/a><br \/>\n(1) Vega-Mobil am 8.12.2013 \u00a0 \u00a0 \u00a0 \u00a0 \u00a0 \u00a0 \u00a0 \u00a0 (2) 25.6.2016 auf dem Littenweiler Bauernmarkt<\/p>\n<p>(1) Vega-Mobil am 8.12.2013 auf dem Littenweiler Weohnachtsmarkt (vl): Stefanie Klott (KH Freiburg), Christine Poggemann und Gabriel Kern (Stud KH) und Esther Muthny (Kreuzstein\u00e4cker)<\/p>\n<p>(2) 25.6.2016 auf dem Littenweiler Bauernmarkt: Herr Braunschweig, Frau Peters, Herr Mangold, Wilfried Nagel,\u00a0Nils Adolph\u00a0und Pfarrer Wegner (Auferstehungsgemeinde) &#8211; von links<br \/>\n<a href=\"https:\/\/www.nilsadolph.de\">www.nilsadolph.de<\/a><\/p>\n<p>&nbsp;<\/p>\n<p><strong>&#8222;Netzwerk Sport \u2013 Freiburg Ost in Bewegung&#8220; &#8211; Wie geht es weiter?<\/strong><br \/>\nEin Jahr lang hat die Initiative &#8222;Netzwerk Sport \u2013 Freiburg Ost in Bewegung&#8220; versucht, \u00c4lteren Angebote f\u00fcr Sport und Bewegung zu machen. Ein Projekt, das in die Zukunft weist.<br \/>\n&#8230;.<br \/>\nNils Adolph hat das Projekt &#8222;Netzwerk Sport \u2013 Freiburg Ost in Bewegung&#8220; koordiniert. Er brachte die unterschiedlichsten Partner an einen Tisch: zun\u00e4chst die Sportvereine SC Freiburg, Freiburger Turnerschaft von 1844, PTSV Jahn Freiburg, SV Kappel und SV Ebnet. Dann die Arbeiterwohlfahrt, den Arbeitskreis Leben, die <a title=\"Kreuzsteinaecker\" href=\"https:\/\/www.freiburg-schwarzwald.de\/blog\/selbsthilfe\/senioren\/kreuzsteinaecker\/\">Begegnungszentren Kreuzstein\u00e4cker<\/a>, <a title=\"Laubenhof\" href=\"https:\/\/www.freiburg-schwarzwald.de\/blog\/selbsthilfe\/senioren\/laubenhof\/\">Laubenhof<\/a> und Runzstra\u00dfe, die Heiliggeistspitalstiftung, den Caritas-Verband in Freiburg, das Diakonische Werk, das Netzwerk Pflegebegleitung, die Tanzschule Gutmann, den Arbeitskreis Behinderte an der Christuskirche, den Arbeitskreis Leben, vier vom Gesundheitsamt Breisgau-Hochschwarzwald initiierte Bewegungstreffs im Freiburger Osten \u2013 alles Institutionen, die \u00c4lteren beziehungsweise Menschen mit Behinderung Angebote machen, aber oft kaum voneinander wissen, zusammenarbeiten, einander weiterempfehlen.<br \/>\nSie bildeten das Netzwerk, und Adolph, studierter Philosoph und Experte f\u00fcr Netzwerke, stellte die Weichen. Doch seine Stelle ist ausgelaufen, und damit fehlt nun das verbindende Glied. &#8222;Alle w\u00fcrden gern weitermachen, das Projekt in die Zukunft f\u00fchren, vielleicht auf die ganze Stadt ausdehnen&#8220;, sagt Adolph: &#8222;Aber das geht nur mit einer professionellen, hauptamtlichen Begleitung. Ehrenamtlich und nebenher ist das nicht zu stemmen.&#8220;<br \/>\n&#8230;. Alles vom 15.1.2019 bitte lesen auf<br \/>\n<a href=\"https:\/\/www.badische-zeitung.de\/breitensport-x1x\/sport-und-bewegung-fuer-aeltere-menschen-ein-pilotprojekt-im-freiburger-osten--164350780.html\">https:\/\/www.badische-zeitung.de\/breitensport-x1x\/sport-und-bewegung-fuer-aeltere-menschen-ein-pilotprojekt-im-freiburger-osten&#8211;164350780.html<\/a><br \/>\n&nbsp;<\/p>\n<p><strong>VEGA -Verantwortungsgemeinschaften f\u00fcr gelingendes Altern im Freiburger Osten<\/strong><\/p>\n<p>Das VEGA-Projekt wird begleitet von<a title=\"KH-Freiburg\" href=\"https:\/\/www.freiburg-schwarzwald.de\/blog\/bildung\/hochschulen\/kh-freiburg\/\"> Kath. Hochschule Freiburg<\/a>, Seniorenb\u00fcro der Stadt Freiburg und Heiliggeistspitalstiftung (Begegnungsst\u00e4tte <a title=\"Kreuzsteinaecker\" href=\"https:\/\/www.freiburg-schwarzwald.de\/blog\/selbsthilfe\/senioren\/kreuzsteinaecker\/\">Kreuzstein\u00e4cker<\/a>).<\/p>\n<p>Das VEGA-Mobil ist eine fahrbare Informationsstelle auf einem Lasten-E-Bike, das in Freiburger Stadtteilen Littenweiler und Waldsee unterwegs ist, um Beratung zu transportieren.<\/p>\n<p>Projekt VEGA<br \/>\n<a href=\"https:\/\/www.vega-freiburg-ost.de\/\">www.vega-freiburg-ost.de<\/a><\/p>\n<p>Prof. Dr. Cornelia Kricheldorff<br \/>\nStefanie Klott, Wissenschaftliche Mitarbeiterin, Sozialp\u00e4dagogin\/Sozialarbeiterin M.A.<br \/>\nInstitut f\u00fcr Angewandte Forschung, Entwicklung und Weiterbildung (IAF)<br \/>\nKatholische Hochschule Freiburg<br \/>\nKarlstra\u00dfe 63, 79104 Freiburg, Telefon +49 761 200-1455<\/p>\n<p>Stefanie Klott , <a href=\"mailto:stefanie.klott@kh-freiburg.de\">stefanie.klott@kh-freiburg.de<\/a> , Tel 0761 200-1455<br \/>\n<a href=\"https:\/\/www.kh-freiburg.de\/\">www.kh-freiburg.de<\/a><\/p>\n<p><a title=\"Kreuzsteinaecker\" href=\"https:\/\/www.freiburg-schwarzwald.de\/blog\/selbsthilfe\/senioren\/kreuzsteinaecker\/\">Begegnungsst\u00e4tte Kreuzstein\u00e4cker<br \/>\n<\/a>Heiliggeistspitalstiftung<br \/>\nEsther Muthny, <a href=\"mailto:muthny.e@sv-fr.de\">muthny.e@sv-fr.de<\/a><br \/>\nHeinrich-Heine-Strasse 10, 79117 Freiburg, Tel 0761\/6129150<\/p>\n<p>&nbsp;<\/p>\n<p>&nbsp;<\/p>\n<p><strong>VEGA-Mobil &#8211; unterwegs im Freiburger Osten<\/strong><\/p>\n<p>Die Teilnahme am \u00f6ffentlichen Leben auch Menschen in hohem Alter zu erm\u00f6glichen, ist das Ziel eines bislang einmaligen Projektes, das in den Stadtteilen Littenweiler und Waldsee startet. Unter der etwas sperrigen Bezeichnung &#8222;Verantwortungsgemeinschaft f\u00fcr gelingendes Altern im Freiburger Osten&#8220; , kurz VEGA, haben sich dazu das Seniorenb\u00fcro und die Stiftungsverwaltung der Stadt mit der Katholischen Hochschule Freiburg zusammengetan.<img decoding=\"async\" title=\"Weiterlesen \u2026\" src=\"https:\/\/www.freiburg-schwarzwald.de\/blog\/wp-includes\/js\/tinymce\/plugins\/wordpress\/img\/trans.gif\" alt=\"\" \/><br \/>\nDie Anzahl der Menschen, die bedingt durch den demografischen Wandel vermehrt Unterst\u00fctzung von au\u00dferhalb ben\u00f6tigen, wird zunehmen. Um individuelle Lebensqualit\u00e4t und einen Alltag in W\u00fcrde und Selbstbestimmung so weit wie m\u00f6glich bis ins hohe Alter zu erm\u00f6glichen, setzt das VEGA-Projekt auf die Vernetzung unterschiedlicher Organisationen in sogenannten Verantwortungsgemeinschaften. Diese im Stadtteil entstehenden Gemeinschaften wollen Betroffene st\u00e4rken, die auf Grund von Alterserkrankungen wie Demenz eine besonders intensive Hilfe im nachbarschaftlichen Bereich ben\u00f6tigen. Bewusst einbezogen in die Hilfe werden auch pflegende Angeh\u00f6rige und ihre Familien. Zu einem der Schwerpunkte von VEGA z\u00e4hlt die Verbesserung und Zusammenarbeit von ambulanten, teilstation\u00e4ren und station\u00e4ren Hilfen sowohl von professionellen als auch ehrenamtlichen Mitarbeitern. Ziel ist es, gemeinsam mit m\u00f6glichst vielen Betroffenen und Institutionen in Littenweiler und Waldsee ein Konzept auf die Beine zu stellen, das Zugangsbarrieren abbaut, \u00fcbersichtlich ist und den Betroffenen hilfreich zur Seite steht. Um dies zu erreichen, trifft sich seit einem Jahr eine Gruppe engagierter B\u00fcrgerinnen und B\u00fcrger aus den beiden Stadtteilen in der Begegnungsst\u00e4tte Kreuzstein\u00e4cker. Sie konzipierten ein auff\u00e4lliges Lasten-Elektro-Bike als &#8222;fahrbare Informations- und Anlaufstelle&#8220;, das von heute an als &#8222;VEGA-Mobil&#8220; auf den Stra\u00dfen, Radwegen und Pl\u00e4tzen im Freiburger Osten unterwegs sein wird. In den Packtaschen des Rads, das von ehrenamtlichen Mitarbeitern bewegt wird, stecken kostenlose Informationen \u00fcber &#8222;Altern in Waldsee und Littenweiler&#8220;. &#8222;Mit dieser ungew\u00f6hnlichen Aktion wollen wir mit Interessierten zwanglos ins Gespr\u00e4ch kommen&#8220;, so die Idee von Stefanie Klott von der Katholischen Fachhochschule, die das Projekt wissenschaftlich begleitet. Finanziell unterst\u00fctzt wird das bisher von einem Dutzend Aktivisten getragene Vorhaben durch den im Stadtteil ans\u00e4ssigen Sportclub sowie der Freiburger Geschwister-St\u00e4b-Stiftung.<br \/>\nErstmals wird das &#8222;VEGA-Mobil&#8220; am heutigen Samstag auf den Stra\u00dfen in Littenweiler zu entdecken sein. Start ist p\u00fcnktlich um 10 Uhr am Bahnhofsgeb\u00e4ude. \u00dcber die Kreuzung Sonnenberg-, Alemannenstra\u00dfe (10.30 Uhr) geht\u2019s weiter zur Waldhofstra\u00dfe (11 Uhr) und zum H\u00f6rchersberg (11.30 Uhr). Um 12 Uhr wird das Info-Vehikel an der Kreuzung von H\u00f6llental- und Alemannenstra\u00dfe Halt machen. Mit einem Sektempfang vor dem Caf\u00e9 Ambrosia gegen\u00fcber der Stadtbahn-Endhaltestelle Lassbergstra\u00dfe endet die erste Runde gegen 12.30 Uhr.<\/p>\n<p>Die Organisatoren weisen darauf hin, dass das &#8222;VEGA-Mobil&#8220; auch von interessierten Vereinen, Organisationen und Einzelpersonen, die sich am Projekt beteiligten wollen, ausgeliehen werden kann.<br \/>\nMitmach-Infos \u00fcber die lokale Verantwortungemeinschaft &#8222;VEGA&#8220; bei Stefanie<br \/>\nKlott, Tel.\u00a00761\/20 01 455,\u00a0 <a title=\"\" href=\"https:\/\/www.vega-freiburg-ost.de\/\" target=\"_blank\">https:\/\/www.vega-freiburg-ost.de<\/a><br \/>\n6.4.2013, Andreas Peikert<\/p>\n<p>&nbsp;<\/p>\n<p><strong>Waldsee und Littenweiler &#8211; gelingendes Altern im Wohnquartier?<\/strong><br \/>\nAm 11. Mai 2011 trafen sich ca. 90 Interessierte im Gemeindeheim St. Barbara in Freiburg-Littenweiler um unter dem Motto &#8222;<a href=\"https:\/\/www.freiburg-schwarzwald.de\/littenweiler\/oberwiehre.htm\">Waldsee<\/a> und <a href=\"https:\/\/www.freiburg-schwarzwald.de\/littenweiler\/littenweiler.htm\">Littenweiler<\/a> &#8211; gelingendes Altern im <a href=\"https:\/\/www.freiburg-schwarzwald.de\/littenweiler\/quartier.htm\">Wohnquartier<\/a>?&#8220; gemeinsam f\u00fcr nachbarschaftliche Solidarit\u00e4t zu denken, zu lernen und zu handeln. Besonders erfreulich war dabei die Mischung der Akteure: Professionelle Fachleute, freiwillig Engagierte und Bewohner(innen) trugen zum Gelingen des Fachtages bei. Die gemeinsamen Veranstalter (<a href=\"https:\/\/www.freiburg-schwarzwald.de\/littenweiler\/fachhochschulen.htm#Katholische Fachhochschule Freiburg\">Katholische<\/a> und <a href=\"https:\/\/www.freiburg-schwarzwald.de\/littenweiler\/fachhochschulen.htm#EFH Freiburg\">Evangelische<\/a> Hochschule<br \/>\nFreiburg, Stiftungsverwaltung und Stadt Freiburg) bedanken sich bei allen Beteiligten f\u00fcr eine gelungene Tagung! Unter Aktuelles auf <a href=\"https:\/\/www.vega-freiburg-ost.de\/\">www.vega-freiburg-ost.de<\/a> Tagungsbeitr\u00e4ge und die Dokumentation.<br \/>\n31.5.2011, <a href=\"mailto:claudia.kreutner@kh-freiburg.de\">claudia.kreutner@kh-freiburg.de<\/a><\/p>\n","protected":false},"excerpt":{"rendered":"<p>&#8222;Netzwerk Sport \u2013 Freiburg Ost in Bewegung&#8220; &#8211; Wie geht es weiter? (15.1.2019) https:\/\/www.freiburg-schwarzwald.de\/blog\/buergerraum-als-anlaufstelle\/\u00a0(17.3.2014) https:\/\/www.freiburg-schwarzwald.de\/blog\/zeitbank-55-in-freiburg-ost\/\u00a0(2.1.2014) https:\/\/www.freiburg-schwarzwald.de\/blog\/sport-im-alter-ft-von-1844\/\u00a0(29.5.2013) VEGA-Mobil &#8211; unterwegs im Freiburger Osten (6.4.2013) https:\/\/www.freiburg-schwarzwald.de\/blog\/vega-im-freiburger-osten\/\u00a0(17.10.2012) VEGA: 1. Wohnprojektetag, Laubenhof, Stadtteilkonferenzen &gt;Senioren4 (2.12.2011) Waldsee und Littenweiler &#8211; gelingendes Altern im Wohnquartier? (2.5.2011) &hellip; <a href=\"https:\/\/www.freiburg-schwarzwald.de\/blog\/selbsthilfe\/senioren\/vega\/\">Weiterlesen <span class=\"meta-nav\">&rarr;<\/span><\/a><\/p>\n","protected":false},"author":4,"featured_media":0,"parent":183,"menu_order":0,"comment_status":"open","ping_status":"closed","template":"","meta":{"footnotes":""},"class_list":["post-26397","page","type-page","status-publish","hentry"],"_links":{"self":[{"href":"https:\/\/www.freiburg-schwarzwald.de\/blog\/wp-json\/wp\/v2\/pages\/26397","targetHints":{"allow":["GET"]}}],"collection":[{"href":"https:\/\/www.freiburg-schwarzwald.de\/blog\/wp-json\/wp\/v2\/pages"}],"about":[{"href":"https:\/\/www.freiburg-schwarzwald.de\/blog\/wp-json\/wp\/v2\/types\/page"}],"author":[{"embeddable":true,"href":"https:\/\/www.freiburg-schwarzwald.de\/blog\/wp-json\/wp\/v2\/users\/4"}],"replies":[{"embeddable":true,"href":"https:\/\/www.freiburg-schwarzwald.de\/blog\/wp-json\/wp\/v2\/comments?post=26397"}],"version-history":[{"count":0,"href":"https:\/\/www.freiburg-schwarzwald.de\/blog\/wp-json\/wp\/v2\/pages\/26397\/revisions"}],"up":[{"embeddable":true,"href":"https:\/\/www.freiburg-schwarzwald.de\/blog\/wp-json\/wp\/v2\/pages\/183"}],"wp:attachment":[{"href":"https:\/\/www.freiburg-schwarzwald.de\/blog\/wp-json\/wp\/v2\/media?parent=26397"}],"curies":[{"name":"wp","href":"https:\/\/api.w.org\/{rel}","templated":true}]}}