{"id":2636,"date":"2012-05-02T15:15:36","date_gmt":"2012-05-02T15:15:36","guid":{"rendered":"https:\/\/www.freiburg-schwarzwald.de\/blog\/?page_id=2636"},"modified":"2014-04-21T11:26:12","modified_gmt":"2014-04-21T09:26:12","slug":"agj-freiburg","status":"publish","type":"page","link":"https:\/\/www.freiburg-schwarzwald.de\/blog\/selbsthilfe\/sucht\/agj-freiburg\/","title":{"rendered":"AGJ-Freiburg"},"content":{"rendered":"<p><a href=\"https:\/\/www.freiburg-schwarzwald.de\/blog\">Home<\/a> &gt;<a title=\"Selbsthilfe\" href=\"https:\/\/www.freiburg-schwarzwald.de\/blog\/selbsthilfe\/\">Selbsthilfe<\/a> &gt;<a title=\"Sucht\" href=\"https:\/\/www.freiburg-schwarzwald.de\/blog\/selbsthilfe\/sucht\/\">Sucht<\/a> &gt;AGJ-Freiburg<\/p>\n<div id=\"attachment_2616\" style=\"width: 640px\" class=\"wp-caption alignnone\"><a href=\"https:\/\/www.freiburg-schwarzwald.de\/blog\/regio\/berge\/wildtalereck\/wildtal3pan-leimenstollenhof120501\/\" rel=\"attachment wp-att-2616\"><img loading=\"lazy\" decoding=\"async\" aria-describedby=\"caption-attachment-2616\" class=\"size-full wp-image-2616\" title=\"wildtal3pan-leimenstollenhof120501\" alt=\"\" src=\"https:\/\/www.freiburg-schwarzwald.de\/blog\/wp-content\/uploads\/2012\/05\/wildtal3pan-leimenstollenhof120501.jpg\" width=\"630\" height=\"251\" srcset=\"https:\/\/www.freiburg-schwarzwald.de\/blog\/wp-content\/uploads\/2012\/05\/wildtal3pan-leimenstollenhof120501.jpg 630w, https:\/\/www.freiburg-schwarzwald.de\/blog\/wp-content\/uploads\/2012\/05\/wildtal3pan-leimenstollenhof120501-180x71.jpg 180w\" sizes=\"auto, (max-width: 630px) 100vw, 630px\" \/><\/a><p id=\"caption-attachment-2616\" class=\"wp-caption-text\">Blick vom Wildtalereck nach Westen ins Wildtal am 1. Mai 2012 &#8211; Leimenstollenhof rechts<\/p><\/div>\n<h4 align=\"left\"><strong><\/strong>\u00a0<\/h4>\n<ul>\n<li>Im Jahr 2013 nutzten 772 Menschen die Tagesst\u00e4tte mit fast 6000 Kontakten (21.4.2014)\u00a0<\/li>\n<li><a href=\"https:\/\/www.freiburg-schwarzwald.de\/blog\/media-check-bei-internetsucht\/\">https:\/\/www.freiburg-schwarzwald.de\/blog\/media-check-bei-internetsucht\/<\/a>\u00a0(28.9.2013)<\/li>\n<li><a href=\"https:\/\/www.freiburg-schwarzwald.de\/blog\/kinder-psychisch-kranker-eltern\/\">https:\/\/www.freiburg-schwarzwald.de\/blog\/kinder-psychisch-kranker-eltern\/<\/a>\u00a0(17.1.2013)<\/li>\n<li><a href=\"https:\/\/www.freiburg-schwarzwald.de\/blog\/2012\/05\/02\/ula-un-abhangigkeit-und-lebensqualitat-im-alter-sucht-ueber-60\/\">https:\/\/www.freiburg-schwarzwald.de\/blog\/2012\/05\/02\/ula-un-abhangigkeit-und-lebensqualitat-im-alter-sucht-ueber-60\/<\/a>\u00a0(2.5.2012)<\/li>\n<li><a href=\"https:\/\/www.frsw.de\/alkohol1.htm#Festkultur-Projekt: Gegen Saufgelage, Schl\u00e4gereien und Vandalismus\">Festkultur-Projekt: Gegen Saufgelage, Schl\u00e4gereien und Vandalismus<\/a> &gt;Alkohol1 (7.11.2008)<\/li>\n<li><a href=\"https:\/\/www.frsw.de\/alkohol1.htm#Immer mehr j\u00fcngere Menschen trinken zu viel Alkohol\">Immer mehr j\u00fcngere Menschen trinken zu viel Alkohol<\/a> &gt;Alkohol1 (11.4.2008)<\/li>\n<li><a href=\"https:\/\/www.frsw.de\/selbstmord.htm#Krisenbegleiter gesucht von AK Leben: Anderen Zeit schenken\">Krisenbegleiter gesucht von AK Leben: Anderen Zeit schenken<\/a> &gt;Selbstmord (18.7.2008)<\/li>\n<li><a href=\"https:\/\/www.frsw.de\/sucht3.htm#Kommunales Suchthilfenetzwerk im Landkreis in Gr\u00fcndung\">Kommunales Suchthilfenetzwerk im Landkreis in Gr\u00fcndung<\/a> &gt;Sucht3 (30.6.2008)<\/li>\n<li><a href=\"https:\/\/www.frsw.de\/alkohol1.htm#Immer mehr j\u00fcngere Menschen trinken zu viel Alkohol\">Immer mehr j\u00fcngere Menschen trinken zu viel Alkohol<\/a> &gt;Alkohol1 (11.4.2008)<\/li>\n<li><a href=\"https:\/\/www.frsw.de\/emmendingen1.htm#Jugend- und Drogenberatungsstelle Emma - 10 Jahre\">Jugend- und Drogenberatungsstelle &#8222;Emma&#8220; &#8211; 10 Jahre<\/a> &gt;Emmendingen1 (31.7.2007)<\/li>\n<li><a href=\"https:\/\/www.frsw.de\/littenweiler\/soziales4.htm#Welttag der Suizidpr\u00e4vention: Arbeitskreis Leben informiert\">Welttag der Suizidpr\u00e4vention: Arbeitskreis Leben informiert<\/a> &gt;Soziales4 (8.9.2006)<\/li>\n<li><a href=\"https:\/\/www.frsw.de\/sucht2.htm#Drogenberatungsstelle Kobra hat 2005 knapp 900 Abh\u00e4ngige beraten\">Drogenberatungsstelle Kobra hat 2005 knapp 900 Abh\u00e4ngige beraten<\/a> (21.4.2006)<\/li>\n<li><a href=\"https:\/\/www.frsw.de\/obdachlos1.htm#Apostel der Obdachlosen: Hubert Damm im Ruhestand\">Apostel der Obdachlosen: Hubert Damm im Ruhestand<\/a> &gt;Obdachlos1 (13.4.2006)<\/li>\n<li><a href=\"https:\/\/www.frsw.de\/obdachlos.htm#Haus Eliah in Emmendingen - Wohnsitzlose - Hartz IV\">Haus Eliah in Emmendingen &#8211; Wohnsitzlose &#8211; Hartz IV<\/a> &gt;Obdachlos (23.12.2005)<\/li>\n<li><a href=\"https:\/\/www.frsw.de\/soziales1.htm#Aktionstag gegen Sozialabbau und Ausgrenzung auch mit der AGJ Freiburg\">Aktionstag gegen Sozialabbau und Ausgrenzung auch mit AGJ Freiburg<\/a> &gt;Soziales1 (11.5.2004)<\/li>\n<li><a href=\"https:\/\/www.frsw.de\/sucht1.htm#Immer mehr Suchtkranke bei Kobra und PSB der AGJ Freiburg\">Immer mehr Suchtkranke bei Kobra und PSB der AGJ Freiburg<\/a> &gt;Sucht1 (6.5.2004)<\/li>\n<li><a href=\"https:\/\/www.frsw.de\/littenweiler\/jugend.htm#u25-freiburg.de - Portal f\u00fcr selbstmordgef\u00e4hrdete Jugendliche\">Lesenswerter Artikel: u25-freiburg.de &#8211; Selbstmordgef\u00e4hrdete Jugendliche<\/a>\u00a0 &gt;Jugend<\/li>\n<li><a href=\"https:\/\/www.frsw.de\/sucht1.htm#Haschischkonsum wird zum Problem im Landkreis\">Haschischkonsum wird zum Problem im Landkreis<\/a> &gt;Sucht1 (23.5.2003)<br \/>\n\u00a0\u00a0<\/li>\n<li>AGJ Freiburg<\/li>\n<li><a title=\"Drogenberatung-Kobra\" href=\"https:\/\/www.freiburg-schwarzwald.de\/blog\/selbsthilfe\/sucht\/drogen\/drogenberatung-kobra\/\">Kobra &#8211; Drogenberatung<\/a><\/li>\n<li><a title=\"Obdachlos\" href=\"https:\/\/www.freiburg-schwarzwald.de\/blog\/selbsthilfe\/soziales\/obdachlos\/\">Obdachlos<\/a><\/li>\n<li>Suchtberatung der AKJ<\/li>\n<li>Suchtmittelfreien Wohngemeinschaften &#8211; Betreutes Wohnen<\/li>\n<li><a title=\"MAKS\" href=\"https:\/\/www.freiburg-schwarzwald.de\/blog\/selbsthilfe\/sucht\/maks\/\">MAKS &#8211; Modellprojekt Arbeit mit Kindern von suchtkranken Eltern<\/a><\/li>\n<\/ul>\n<h4 align=\"left\"><strong><\/strong>\u00a0<\/h4>\n<p><strong>Im Jahr 2013 nutzten 772 Menschen die Tagesst\u00e4tte mit fast 6000 Kontakten<\/strong><br \/>\nTats\u00e4chlich hat jeder, der hier ankommt, eine andere Geschichte zu erz\u00e4hlen. Allen gemeinsam ist die Obdachlosigkeit. &#8222;Den Menschen fehlt ein Dach \u00fcber dem Kopf, wie es der Ausdruck schon sagt&#8220;, erkl\u00e4rt Hermann Assies, der Leiter der drei AGJ-H\u00e4user in M\u00fcllheim, Breisach und Titisee-Neustadt ist. Sich um ein Obdach zu k\u00fcmmern, sei zun\u00e4chst einmal kommunale Aufgabe: &#8222;Die Kommunen sind zust\u00e4ndig, wenn jemand das Dach \u00fcber dem Kopf verliert, damit sein Leben gesch\u00fctzt ist.&#8220; Auch die AGJ bietet Obdachlosen zun\u00e4chst einmal eine Unterkunft, wenn sie wollen auch nur f\u00fcr ein paar Stunden. &#8222;Viele wollen nicht weg von der Stra\u00dfe, sie wollen eine Dusche, k\u00f6nnen sich hier ihre Tagess\u00e4tze vom Arbeitslosengeld II abholen, bekommen eine warme Mahlzeit und gehen wieder&#8220;, wei\u00df Assies. Im Jahr 2013 nutzten 772 Menschen die Tagesst\u00e4tte mit fast 6000 Kontakten \u2013 6000 Mal waren Assies und seine Mitarbeiter also gefragt. &#8230;.<br \/>\nAlles vom 21.4.2014 bitte lesen auf<br \/>\n<a href=\"https:\/\/www.badische-zeitung.de\/kreis-breisgau-hochschwarzwald\/wie-obdachlose-in-einem-wohnheim-in-muellheim-leben\">https:\/\/www.badische-zeitung.de\/kreis-breisgau-hochschwarzwald\/wie-obdachlose-in-einem-wohnheim-in-muellheim-leben<\/a><\/p>\n<p>&nbsp;<\/p>\n<h4 align=\"left\"><strong>AGJ Freiburg<\/strong><\/h4>\n<p>Dieser &#8222;Fachverband&#8220; kirchlicher Sozialarbeit hat in der Erzdi\u00f6zese Freiburg viele Suchtberatungsstellen, Suchtkliniken und Einrichtungen der Wohnungslosenhilfe. Dar\u00fcber hinaus ist er im Jugendschutz aktiv.\u00a0<\/p>\n<p>Fachverband f\u00fcr Pr\u00e4vention und Rehabilitation in der Erzdi\u00f6zese Freiburg e.V.<br \/>\nArbeitsgemeinschaft f\u00fcr Gef\u00e4hrdetenhilfe und Jugendschutz in der Erzdi\u00f6zese Freiburg e.V.<br \/>\nOberau 21, 79102 Freiburg, Tel 0761\/2180731 (Noefer)<br \/>\nKurt Lehr, Tel 0761\/69265, Fax 640305<br \/>\n<a href=\"mailto:akl@agj-freiburg.de\">akl@agj-freiburg.de<\/a> , <a href=\"https:\/\/www.agj-freiburg.de\/\">www.agj-freiburg.de<\/a><br \/>\n<a href=\"https:\/\/www.frsw.de\/sucht.htm#Kobra\">Kobra &#8211; Kontakt- und Beratungsstelle f\u00fcr Drogenprobleme der AGJ<\/a> &gt;Sucht<br \/>\n<a href=\"https:\/\/www.frsw.de\/sucht.htm#Suchtberatung der AGJ\">Suchtberatung der AGJ<\/a> &gt;Sucht<\/p>\n<p><a href=\"https:\/\/www.frsw.de\/soziales.htm#AGJ Titisee-Neustadt\">AGJ in Titisee-Neustadt<\/a> &gt;frsw.de\/Soziales<br \/>\n<a href=\"https:\/\/www.frsw.de\/obdachlos.htm#AGJ - Facheinrichtungen f\u00fcr Wohnungslose\">AGJ &#8211; Facheinrichtungen f\u00fcr Wohnungslose<\/a> &gt;Obdachlos<\/p>\n<p>&nbsp;<\/p>\n<h4><strong>Suchtberatung der AGJ<\/strong><\/h4>\n<p>Die &#8222;Pyschosoziale Beratungs- und Behandlungsstelle&#8220; hei\u00dft ab 2008 &#8222;Suchtberatung&#8220; der AGJ. Dieser Fachverband f\u00fcr Pr\u00e4vention und Rehabilitation in der Erzdi\u00f6zese Freiburg wurde vor 49 Jahren gegr\u00fcndet. Die Suchtberatungsstelle gibt es seit 1980. Sie ist heute vorwiegend f\u00fcr Alkoholkranke zust\u00e4ndig, weil 1993 daneben die <a href=\"https:\/\/www.frsw.de\/sucht.htm#Kobra\">Beratungsstelle &#8222;Kobra&#8220;<\/a> f\u00fcr Abh\u00e4ngige illegaler Drogen eingerichtet wurde<\/p>\n<p>Psychosoziale Beratungs- und Behandlungsstelle der <a href=\"https:\/\/www.frsw.de\/littenweiler\/soziales.htm#AGJ Freiburg\">AGJ<\/a> f\u00fcr Suchtkranke und Angeh\u00f6rige Freiburg, Oberau 23, Tel 0761\/207620<br \/>\n<a href=\"https:\/\/www.suchtberatung-freiburg.de\/\">www.suchtberatung-freiburg.de<\/a> , Mail <a href=\"mailto:suchtberatung-freiburg@agj-freiburg.de\">suchtberatung-freiburg@agj-freiburg.de<\/a><br \/>\n\u00a0<\/p>\n<p><span>AGJ-Suchtberatung<br \/>\nM\u00fcllheim Tel 07631\/5015,<br \/>\nBreisach Tel 07667\/940728.<br \/>\n<a href=\"https:\/\/www.suchtberatung-muellheim.de\/\" target=\"_blank\">www.suchtberatung-muellheim.de<\/a><br \/>\n<\/span><a title=\"\" href=\"mailto:suchtberatung-muellheim@agj-freiburg.de\" target=\"_blank\">suchtberatung-muellheim@agj-freiburg.de<\/a><\/p>\n<p>&nbsp;<\/p>\n<p><strong>Suchtmittelfreien Wohngemeinschaften &#8211; Betreutes Wohnen<\/strong><\/p>\n<p>Wir stellen in zwei suchtmittelfreien Wohngemeinschaften insgesamt 12 Pl\u00e4tze f\u00fcr Frauen und M\u00e4nner mit Suchtproblemen zur Verf\u00fcgung. Kinder k\u00f6nnen mit aufgenommen werden. Die Unterbringung erfolgt in m\u00f6blierten Einzelzimmern. Die Wohnungen befinden sich in zentraler Stadtlage, direkt an der Dreisam. Beratungsstelle und Wohnungen befinden sich unter einem Dach.<br \/>\n<a href=\"https:\/\/www.suchtberatung-freiburg.de\/BetreutesWohnen.htm\">https:\/\/www.suchtberatung-freiburg.de\/BetreutesWohnen.htm<\/a><\/p>\n","protected":false},"excerpt":{"rendered":"<p>Home &gt;Selbsthilfe &gt;Sucht &gt;AGJ-Freiburg \u00a0 Im Jahr 2013 nutzten 772 Menschen die Tagesst\u00e4tte mit fast 6000 Kontakten (21.4.2014)\u00a0 https:\/\/www.freiburg-schwarzwald.de\/blog\/media-check-bei-internetsucht\/\u00a0(28.9.2013) https:\/\/www.freiburg-schwarzwald.de\/blog\/kinder-psychisch-kranker-eltern\/\u00a0(17.1.2013) https:\/\/www.freiburg-schwarzwald.de\/blog\/2012\/05\/02\/ula-un-abhangigkeit-und-lebensqualitat-im-alter-sucht-ueber-60\/\u00a0(2.5.2012) Festkultur-Projekt: Gegen Saufgelage, Schl\u00e4gereien und Vandalismus &gt;Alkohol1 (7.11.2008) Immer mehr j\u00fcngere Menschen trinken zu viel Alkohol &gt;Alkohol1 (11.4.2008) Krisenbegleiter &hellip; <a href=\"https:\/\/www.freiburg-schwarzwald.de\/blog\/selbsthilfe\/sucht\/agj-freiburg\/\">Weiterlesen <span class=\"meta-nav\">&rarr;<\/span><\/a><\/p>\n","protected":false},"author":2,"featured_media":0,"parent":1160,"menu_order":0,"comment_status":"open","ping_status":"closed","template":"","meta":{"footnotes":""},"class_list":["post-2636","page","type-page","status-publish","hentry"],"_links":{"self":[{"href":"https:\/\/www.freiburg-schwarzwald.de\/blog\/wp-json\/wp\/v2\/pages\/2636","targetHints":{"allow":["GET"]}}],"collection":[{"href":"https:\/\/www.freiburg-schwarzwald.de\/blog\/wp-json\/wp\/v2\/pages"}],"about":[{"href":"https:\/\/www.freiburg-schwarzwald.de\/blog\/wp-json\/wp\/v2\/types\/page"}],"author":[{"embeddable":true,"href":"https:\/\/www.freiburg-schwarzwald.de\/blog\/wp-json\/wp\/v2\/users\/2"}],"replies":[{"embeddable":true,"href":"https:\/\/www.freiburg-schwarzwald.de\/blog\/wp-json\/wp\/v2\/comments?post=2636"}],"version-history":[{"count":0,"href":"https:\/\/www.freiburg-schwarzwald.de\/blog\/wp-json\/wp\/v2\/pages\/2636\/revisions"}],"up":[{"embeddable":true,"href":"https:\/\/www.freiburg-schwarzwald.de\/blog\/wp-json\/wp\/v2\/pages\/1160"}],"wp:attachment":[{"href":"https:\/\/www.freiburg-schwarzwald.de\/blog\/wp-json\/wp\/v2\/media?parent=2636"}],"curies":[{"name":"wp","href":"https:\/\/api.w.org\/{rel}","templated":true}]}}