{"id":26290,"date":"2013-04-04T15:17:17","date_gmt":"2013-04-04T13:17:17","guid":{"rendered":"https:\/\/www.freiburg-schwarzwald.de\/blog\/?page_id=26290"},"modified":"2026-06-09T17:31:42","modified_gmt":"2026-06-09T15:31:42","slug":"gesang","status":"publish","type":"page","link":"https:\/\/www.freiburg-schwarzwald.de\/blog\/vereine\/musikvereine\/gesang\/","title":{"rendered":"Gesang"},"content":{"rendered":"<p>Home &gt;<a title=\"Vereine\" href=\"https:\/\/www.freiburg-schwarzwald.de\/blog\/vereine\/\">Vereine<\/a> &gt;<a title=\"Musik\" href=\"https:\/\/www.freiburg-schwarzwald.de\/blog\/kultur\/musik\/\">Musik<\/a> &gt;<a href=\"https:\/\/www.freiburg-schwarzwald.de\/blog\/kultur\/dichter\/liedermacher\/lied\/\">Lied<\/a> &gt;<a title=\"Musikvereine\" href=\"https:\/\/www.freiburg-schwarzwald.de\/blog\/vereine\/musikvereine\/\">Musikvereine<\/a> &gt;Gesang<\/p>\n<div id=\"attachment_26063\" style=\"width: 648px\" class=\"wp-caption alignnone\"><a href=\"https:\/\/www.freiburg-schwarzwald.de\/blog\/regio\/orte\/menzenschwand\/menzenschwand12hinterdorf-pan130316\/\" rel=\"attachment wp-att-26063\"><img loading=\"lazy\" decoding=\"async\" aria-describedby=\"caption-attachment-26063\" class=\"size-full wp-image-26063\" title=\"menzenschwand12hinterdorf-pan130316\" src=\"https:\/\/www.freiburg-schwarzwald.de\/blog\/wp-content\/uploads\/2013\/03\/menzenschwand12hinterdorf-pan130316.jpg\" alt=\"\" width=\"638\" height=\"207\" srcset=\"https:\/\/www.freiburg-schwarzwald.de\/blog\/wp-content\/uploads\/2013\/03\/menzenschwand12hinterdorf-pan130316.jpg 638w, https:\/\/www.freiburg-schwarzwald.de\/blog\/wp-content\/uploads\/2013\/03\/menzenschwand12hinterdorf-pan130316-180x58.jpg 180w\" sizes=\"auto, (max-width: 638px) 100vw, 638px\" \/><\/a><p id=\"caption-attachment-26063\" class=\"wp-caption-text\">Blick nach Norden \u00fcber Menzenschwand-Hinterdorf bis hoch zum Caritashaus am Feldberg am 16.3.2013<\/p><\/div>\n<ul>\n<li><em>Listenauswahl eines Beitrags (Artikel\/Datum, Seite\/Inhalt):\u00a0<span style=\"text-decoration: underline;\">Klicken<\/span>\u00a0oder scrollen<\/em><\/li>\n<li><a href=\"https:\/\/www.freiburg-schwarzwald.de\/blog\/zarten\/\">Zartener Ch\u00f6re 20.6.2026 singen Lieblingslieder<\/a> (11.6.2026)<\/li>\n<li>Black Forest Voices Festival Kirchzarten 11.-14.6.2026 (3.6.2026)<\/li>\n<li><a href=\"https:\/\/www.freiburg-schwarzwald.de\/blog\/kultur\/musik\/rap\/\">Gerappte Ha\u00dfges\u00e4nge gegen Polizisten, Juden, Frauen<\/a>\u00a0(31.10.2025)<\/li>\n<li><a href=\"https:\/\/www.freiburg-schwarzwald.de\/blog\/oberried\">A-Cappella-Gruppe Ohrw\u00fcrmer am 8.11. in Klosterschiire Oberried<\/a> (22.10.2025)<\/li>\n<li><a href=\"https:\/\/www.freiburg-schwarzwald.de\/blog\/kultur\/dichter\/liedermacher\/lied\/\">Das harmlose Lied \u2013 fast schon eine Provokation<\/a>\u00a0(22.6.2025)<\/li>\n<li><a href=\"https:\/\/www.freiburg-schwarzwald.de\/blog\/black-forest-voices-a-cappella\/\">Black Forest Voices \u2013 A-cappella<\/a>\u00a0(30.5.2025)<\/li>\n<li><a href=\"https:\/\/www.freiburg-schwarzwald.de\/blog\/kultur\/musik\/minnesang\/\">Minnesangfest auf der Wiesneck \u2013 Film 7.11.24 Schlosskapelle Ebnet<\/a>\u00a0(4.11.2024)<\/li>\n<li><a href=\"https:\/\/www.freiburg-schwarzwald.de\/blog\/bildung\/hochschulen\/ph\/\">PH-Hochschulchor singt auf der Wiese im Campus am 14.7.2024<\/a> (16.7.2024)<\/li>\n<li><a href=\"https:\/\/www.freiburg-schwarzwald.de\/blog\/sylt-party-dominiert-die-medien\/\">D\u00f6p d\u00f6p d\u00f6p d\u00f6d\u00f6d\u00f6p d\u00f6p d\u00f6p! \u2013 M\u00e4rchen \u201eAli Baba\u201c<\/a>\u00a0(2.6.2024)<\/li>\n<li><a href=\"https:\/\/www.freiburg-schwarzwald.de\/blog\/arbeiter-song-in-usa-nicht-in-d\/\">Arbeiter-Song in USA, nicht in D<\/a>\u00a0(21.8.2023)<\/li>\n<li><a href=\"https:\/\/www.freiburg-schwarzwald.de\/blog\/cd-release-zehntscheune-ebnet\/\">CD-Release Zehntscheune Ebnet<\/a>\u00a0(1.8.2023)<\/li>\n<li><a href=\"https:\/\/www.freiburg-schwarzwald.de\/blog\/jede-zeit-hat-ihr-lied\/\">Jede Zeit hat ihr Lied<\/a>\u00a0(16.2.2023)<\/li>\n<li><a href=\"https:\/\/www.freiburg-schwarzwald.de\/blog\/business\/gesund\/corona-virus\/corona-regiment\/\">Einschr\u00e4nkungen der Musikkultur durch Corona beenden<\/a>\u00a0(26.2.2022)<\/li>\n<li><a href=\"https:\/\/www.freiburg-schwarzwald.de\/blog\/neues-jahr-2022-danser-encore\/\">Neues Jahr 2022: Danser encore<\/a>\u00a0(31.12.2021)<\/li>\n<li><a href=\"https:\/\/www.freiburg-schwarzwald.de\/blog\/adventsgesang-rorate-caeli\/\">Adventsgesang \u2013 Rorate Caeli<\/a>\u00a0(28.11.2021)<\/li>\n<li><a href=\"https:\/\/www.freiburg-schwarzwald.de\/blog\/business\/gesund\/corona-virus\/corona-kinder\/\">Kinder sto\u00dfen weniger Aeosole aus als Erwachsene &#8211; Singen OK<\/a>\u00a0(27.5.2021)<\/li>\n<li><a href=\"https:\/\/www.freiburg-schwarzwald.de\/blog\/deutscher-liederabend-ade\/\">Deutscher Liederabend \u2013 ade<\/a>\u00a0(13.4.2021)<\/li>\n<li><a href=\"https:\/\/www.freiburg-schwarzwald.de\/blog\/volkslied-oder-menschheitslied\/\">Volkslied oder Menschheitslied<\/a>\u00a0(17.3.2021)<\/li>\n<li><a title=\"GEZ-Medien\" href=\"https:\/\/www.freiburg-schwarzwald.de\/blog\/kultur\/medien\/gez-medien\/\">Chor des NDR 2018: \u201cFick die Cops, sie sind Bullenschweine\u201d<\/a>\u00a0(29.12.2019)<\/li>\n<li><a title=\"Kinder-instrumentalisieren\" href=\"https:\/\/www.freiburg-schwarzwald.de\/blog\/selbsthilfe\/kinder\/kinder-instrumentalisieren\/\">Kinder im WDR: Meine Oma ist \u2018ne alte Umweltsau<\/a>\u00a0(28.12.2019)<\/li>\n<li><a href=\"https:\/\/www.freiburg-schwarzwald.de\/blog\/black-forest-voices-kirchzarten\/\">https:\/\/www.freiburg-schwarzwald.de\/blog\/black-forest-voices-kirchzarten\/<\/a> (23.1.2019)<\/li>\n<li><a href=\"https:\/\/www.freiburg-schwarzwald.de\/littenweiler\/gesang2.htm#Bettlerchor in der Bettleroper\">Bettlerchor in der Bettleroper<\/a> &gt;Gesang2 (20.2.2009)<\/li>\n<li><strong><a href=\"https:\/\/www.freiburg-schwarzwald.de\/littenweiler\/gesang.htm\">https:\/\/www.freiburg-dreisamtal.de\/gesang.htm<\/a> &gt;Archivseite Gesang<\/strong><\/li>\n<li><\/li>\n<li><a href=\"https:\/\/www.freiburg-schwarzwald.de\/littenweiler\/gesang.htm#BSB - Breisgauer S\u00e4ngerbund\">BSB &#8211; Breisgauer S\u00e4ngerbund<\/a><\/li>\n<li><a href=\"https:\/\/www.freiburg-schwarzwald.de\/littenweiler\/gesang.htm#Camerata Vocale Freiburg\">Camerata Vocale Freiburg<\/a><\/li>\n<li><a href=\"https:\/\/www.freiburg-schwarzwald.de\/littenweiler\/gesang.htm#ChorNetto -Kammerchor aus R\u00f6tenbach\">ChorNetto -Kammerchor aus R\u00f6tenbach<\/a><\/li>\n<li><a href=\"https:\/\/www.freiburg-schwarzwald.de\/littenweiler\/gesang.htm#Crescendo - junge Chormusik\">Crescendo &#8211; junge Chormusik<\/a><\/li>\n<li><a href=\"https:\/\/www.freiburg-schwarzwald.de\/littenweiler\/gesang.htm#DA CAPO - Freizeitchor aus Freiburg\">DA CAPO &#8211; Freizeitchor aus Freiburg<\/a><\/li>\n<li><a href=\"https:\/\/www.freiburg-schwarzwald.de\/littenweiler\/gesang1.htm#Deutsch-Franz\u00f6sische Chor Freiburg - Dirigent Michiya Azumi\">Deutsch-Franz\u00f6sischer Chor Freiburg &#8211; Dirigent Michiya Azumi<\/a> &gt;Gesang1 (6.9.2005)<\/li>\n<li><a href=\"https:\/\/www.freiburg-schwarzwald.de\/littenweiler\/kirchen.htm#Dommusik am Freiburger M\u00fcnster\">Dommusik am Freiburger M\u00fcnster<\/a> &gt;Kirchen<\/li>\n<li><a href=\"https:\/\/www.freiburg-schwarzwald.de\/littenweiler\/gesang.htm#Dreisamch\u00f6rle\">Dreisam-Ch\u00f6rle<\/a><\/li>\n<li><a href=\"https:\/\/www.freiburg-schwarzwald.de\/littenweiler\/gesang.htm#Freiburger Bachchor - Anton-Webern-Chor\">Freiburger Bachchor &#8211; Anton-Webern-Chor<\/a><\/li>\n<li><a href=\"https:\/\/www.freiburg-schwarzwald.de\/littenweiler\/gesang.htm#Freiburger B\u00e4chlechor\">Freiburger B\u00e4chlechor <\/a><\/li>\n<li><a href=\"https:\/\/www.freiburg-schwarzwald.de\/littenweiler\/gesang.htm#Freiburger Kantatenchor\">Freiburger Kantatenchor<\/a><\/li>\n<li><a href=\"https:\/\/www.freiburg-schwarzwald.de\/littenweiler\/gesang.htm#Freiburger Oratorienchor\">Freiburger Oratorienchor<\/a><\/li>\n<li><a href=\"https:\/\/www.freiburg-schwarzwald.de\/littenweiler\/gesang.htm#Gesangverein Frohsinn\u00a0\">Gesangverein Frohsinn Littenweiler<\/a><\/li>\n<li><a href=\"https:\/\/www.freiburg-schwarzwald.de\/littenweiler\/gesang.htm#Gesangverein Frohsinn\u00a0\">Gesangverein Frohsinn 100 Jahre 1898-1998<\/a><\/li>\n<li><a href=\"https:\/\/www.freiburg-schwarzwald.de\/musik.htm#Goschehobel - Duo aus Hausach\">Goschehobel<\/a><\/li>\n<li><a href=\"https:\/\/www.freiburg-schwarzwald.de\/littenweiler\/gesang.htm#Heinrich-Sch\u00fctz-Kantorei\">Heinrich-Sch\u00fctz-Kantorei<\/a><\/li>\n<li><a href=\"https:\/\/www.freiburg-schwarzwald.de\/littenweiler\/gesang.htm#Frohsinn-Vorsitzende Marianne Ritter 70 Jahre alt\">Frohsinn-Vorsitzende Marianne Ritter 70 Jahre alt <\/a><\/li>\n<li><a href=\"https:\/\/www.freiburg-schwarzwald.de\/littenweiler\/gesang1.htm#Gesangverein Frohsinn Littenweiler - Versammlung M\u00e4rz 2002\">Frohsinn &#8211; Schnupperstunde April 2002<\/a><\/li>\n<li><a href=\"https:\/\/www.freiburg-schwarzwald.de\/littenweiler\/gesang.htm#Gesangverein &quot;Frohsinn&quot; Ende 2000 immer auf Achse\">Gesangverein &#8222;Frohsinn&#8220; Ende 2000 immer auf Achse<\/a><\/li>\n<li><a href=\"https:\/\/www.freiburg-schwarzwald.de\/littenweiler\/gesang.htm#Gesangsverein Liedertafel Freiburg-Haslach\">Gesangsverein Liedertafel Freiburg-Haslach<\/a><\/li>\n<li><a href=\"https:\/\/www.freiburg-schwarzwald.de\/littenweiler\/gesang.htm#Freiburg Gospel Chor\">Gospel-Chor Freiburg<\/a><\/li>\n<li><a href=\"https:\/\/www.freiburg-schwarzwald.de\/littenweiler\/gesang.htm#InJoy-Chor in Kirchzarten\">InJoy-Chor in Kirchzarten<\/a><\/li>\n<li><a href=\"https:\/\/www.freiburg-schwarzwald.de\/littenweiler\/gesang.htm#Jazzchor Freiburg\">Jazzchor Freiburg<\/a><\/li>\n<li><a href=\"https:\/\/www.freiburg-schwarzwald.de\/littenweiler\/gesang2.htm#JungeKantorei Freiburg beim Partnerchor in Lemberg\/Ukraine\">Junge Kantorei Freiburg beim Partnerchor in Lemberg\/Ukraine &gt;Gesang2 (6.4.2006)<\/a><\/li>\n<li><a title=\"Kinder-instrumentalisieren\" href=\"https:\/\/www.freiburg-schwarzwald.de\/blog\/selbsthilfe\/kinder\/kinder-instrumentalisieren\/\">Kinder-instrumentalisieren<\/a><\/li>\n<li><a href=\"https:\/\/www.freiburg-schwarzwald.de\/littenweiler\/gesang2.htm#InJoy: Kirchzartener Chor pr\u00e4sentiert sich mit neuem Konzertprogramm\">Kirchzarten: Chor InJoy pr\u00e4sentiert sich mit neuem Konzertprogramm<\/a>\u00a0&gt;Gesang2 (23.3.2007)<\/li>\n<li><a href=\"https:\/\/www.freiburg-schwarzwald.de\/littenweiler\/lehen.htm#Lehener Montagschor\">Lehener Montagschor<\/a> &gt;Lehen<\/li>\n<li><a href=\"https:\/\/www.freiburg-schwarzwald.de\/lied.htm#Liederaben.de: Michael Volle und Helmut Deutsch mit Brahms\">Liederaben.de: Michael Volle und Helmut Deutsch mit Brahms<\/a> &gt;Lied (12.9.2011)<\/li>\n<li><a href=\"https:\/\/www.freiburg-schwarzwald.de\/liedermacher.htm#Liederbrunne - Liedermacher aus dem Elsass\">Liederbrunne &#8211; Liedermacher aus dem Elsass<\/a> &gt;Liedermacher<\/li>\n<li><a href=\"https:\/\/www.freiburg-schwarzwald.de\/eggenertal.htm#M\u00e4nnerchor Eggenertal\">M\u00e4nnerchor Eggenertal<\/a> &gt;Eggenertal<\/li>\n<li><a href=\"https:\/\/www.freiburg-schwarzwald.de\/littenweiler\/gesang1.htm#Eintracht 1881 Freiburg besucht M\u00e4nnergesangverein Meran 1862\">M\u00e4nnergesangverein Eintracht 1881 Freiburg besucht MGV Meran 1862<\/a> (20.10.2004)<\/li>\n<li><a href=\"https:\/\/www.freiburg-schwarzwald.de\/littenweiler\/gesang.htm#M\u00e4nnergesangverein &quot;Liederkranz&quot; Kappel\">M\u00e4nnergesangverein &#8222;Liederkranz&#8220; Kappel<\/a><\/li>\n<li><a href=\"https:\/\/www.mgv-zarten.de\">https:\/\/www.mgv-zarten.de\u00a0<\/a> &#8211; Zartener Ch\u00f6re<\/li>\n<li><a href=\"https:\/\/www.freiburg-schwarzwald.de\/littenweiler\/gesang1.htm#MGV Liederkranz Zarten - Max Hug und Ferdinand Pf\u00e4ndler erz\u00e4hlen\">MGV Liederkranz Zarten<\/a><\/li>\n<li><a href=\"https:\/\/www.freiburg-schwarzwald.de\/blog\/kultur\/musik\/minnesang\/\">Minnesang<\/a><\/li>\n<li><a href=\"https:\/\/www.freiburg-schwarzwald.de\/littenweiler\/gesang#M\u00e4nnergesangverein Schwarzwald e.V. Oberried\">M\u00e4nnergesangverein &#8222;Schwarzwald&#8220; Oberried e.V.<\/a><\/li>\n<li><a href=\"https:\/\/www.freiburg-schwarzwald.de\/littenweiler\/gesang.htm#M\u00e4nnergesangverein St. M\u00e4rgen\">M\u00e4nnergesangverein St. M\u00e4rgen<\/a> &gt;Gesang<\/li>\n<li>M\u00e4nnergesangverein St.Peter: <a href=\"https:\/\/www.mgv-st-peter.de\/\">https:\/\/www.mgv-st-peter.de\/<\/a><\/li>\n<li><a href=\"https:\/\/www.freiburg-schwarzwald.de\/littenweiler\/musik.htm\">Musikvereine<\/a> &gt;Musik<\/li>\n<li><a href=\"https:\/\/www.freiburg-schwarzwald.de\/littenweiler\/gesang.htm#\u00d6l des S\u00fcdens - a-capella-Quintett aus Freiburg\">\u00d6l des S\u00fcdens &#8211; a-capella-Quintett aus Freiburg<\/a><\/li>\n<li><a href=\"https:\/\/www.freiburg-schwarzwald.de\/littenweiler\/gesang.htm#Ohrw\u00fcrmer aus Oberried\">Ohrw\u00fcrmer aus Oberried<\/a><\/li>\n<li><a href=\"https:\/\/www.freiburg-schwarzwald.de\/littenweiler\/gesang#Operettencocktail\">Operettencocktail<\/a><\/li>\n<li><a href=\"https:\/\/www.freiburg-schwarzwald.de\/littenweiler\/gesang.htm#Popchorn aus Hinterzarten\">Popchor&#8217;n &#8211; Rockchor aus Hinterzarten<\/a><\/li>\n<li>PopChorn&#8217;n \u00a0aus Hinterzarten<\/li>\n<li><a href=\"https:\/\/www.freiburg-schwarzwald.de\/littenweiler\/gesang1.htm#Purple Chariots 1992 - 2002\">Purple Chariots 1992 &#8211; 2002<\/a> &gt;Gesang1<\/li>\n<li><a href=\"https:\/\/www.freiburg-schwarzwald.de\/littenweiler\/gesang#Queerfl\u00f6ten in Freiburg\">Queerfl\u00f6ten in Freiburg<\/a><\/li>\n<li><a href=\"https:\/\/www.freiburg-schwarzwald.de\/blog\/kultur\/musik\/rap\/\">Rap<\/a><\/li>\n<li><a href=\"https:\/\/www.freiburg-schwarzwald.de\/littenweiler\/gesang.htm#Rosinka - Russischer Chor\">Rosinka &#8211; Russischer Chor <\/a><\/li>\n<li><a href=\"https:\/\/www.freiburg-schwarzwald.de\/littenweiler\/gesang.htm#Russischer Chor der Universit\u00e4t\">Russischer Chor der Universit\u00e4t<\/a><\/li>\n<li><a href=\"https:\/\/www.freiburg-schwarzwald.de\/littenweiler\/gesang.htm#Singkreis Neustift\">Singkreis Neustift<\/a><\/li>\n<li><a href=\"https:\/\/www.freiburg-schwarzwald.de\/musik1.htm#Jazzchor Vocalise im Birklehof\">Vocalise &#8211; Jazzchor aus dem Raum Freiburg<\/a> &gt;frsw.de\/musik1<\/li>\n<li><a href=\"https:\/\/www.freiburg-schwarzwald.de\/littenweiler\/gesang.htm#Voice Event aus Freiburg\">Voice Event aus Freiburg<\/a><\/li>\n<li><a href=\"https:\/\/www.freiburg-schwarzwald.de\/littenweiler\/gesang1.htm#Volksliedinitiative M\u00fcnstertal sammelt alte Volkslieder\">Volksliedinitiative M\u00fcnstertal sammelt alte Volkslieder<\/a> &gt;Gesang1 (2.3.2004)<\/li>\n<li><a href=\"https:\/\/www.freiburg-schwarzwald.de\/littenweiler\/gesang.htm#Karl Reinhard Zeiss - S\u00e4nger und Ingenieur aus Freiburg\">Karl Reinhard Zeiss &#8211; S\u00e4nger und Ingenieur aus Freiburg\u00a0 <\/a><\/li>\n<\/ul>\n<p>&nbsp;<\/p>\n<p><strong>Black Forest Voices Festival Kirchzarten 11.-14.6.2026<\/strong><br \/>\nSpielorte des Black Forest Voices Festival (BFV) in Kirchzarten vom 11. bis 14. Juni 2026 sind Talvogtei Innenhof, Schalampi-B\u00fchne, Verwaltungsscheune\/B\u00fcrgersaal, Hotel ortuna und St.Gallus-Gemeindehaus.<br \/>\n&#8222;Beim viert\u00e4gigen, j\u00e4hrlich stattfindenden Black Forest Voices Festival in Kirchzarten dreht sich alles um popul\u00e4re Chor- und A-Cappella-Musik. Das internationale Festival bietet \u00fcber 70 Workshops, zahlreiche Konzerte, ein Coaching Camp, eine Masterclass, das kostenfreie Rahmenprogramm \u201eSound of Kirchzarten\u201c sowie mit Young BFV ein Angebot f\u00fcr junge Menschen. Willkommen sind Einzelteilnehmende, Vocal Bands, Ch\u00f6re, Konzertbesucher:innen und alle, die einfach vorbeischauen m\u00f6chten \u2013 aus nah und fern.<br \/>\nUnter dem Motto REFLECTIONS verbindet BFV 2026 musikalische Vielfalt und gemeinsame Erlebnisse: Jazz pr\u00e4gt Konzerte und Workshops, K\u00fcnstler:innen verabschieden sich auf ihrer letzten Tournee, Familienkonzert und Matinee schaffen Begegnungen f\u00fcr alle Generationen. Abendkonzerte und Festivalwiese werden zu Orten gemeinsamer Resonanz.&#8220;<br \/>\n3.6.2026<br \/>\n<a href=\"https:\/\/blackforestvoices.com\/programmuebersicht\">https:\/\/blackforestvoices.com\/programmuebersicht<\/a><\/p>\n<p>&nbsp;<\/p>\n<p>&nbsp;<\/p>\n<p><strong>PopChor&#8217;n Hinterzarten<br \/>\n<\/strong>Vierzig S\u00e4ngerInnen aus dem Hochschwarzwald treffen sich seit 1996 meistens Mittwochabends in Hinterzarten, um singend eine Vereinigung namens POPCHOR&#8217;N zu bilden.<br \/>\nDie Chorleiterin Martina Freytag entlockt ihnen Popsongs, die sie mehrmals pro Jahr im engeren und weiteren Umkreis live auf das Publikum loslassen.<br \/>\nIm Laufe der Jahre haben sie feststellen m\u00fcssen, dass einfache Popsongs gar nicht so einfach zu singen sind, deshalb kommen zu den w\u00f6chentlichen Proben Arbeitsessen, Workshops, Wanderungen, Gesangsunterricht, Probenwochenenden, Konzert- und Musicalbesuche, Meetings, Grillfeste und andere schwei\u00dftreibende Veranstaltungen dazu,<br \/>\n<a href=\"https:\/\/www.popchor-n.online\">www.popchor-n.online<\/a><\/p>\n<p>&nbsp;<\/p>\n","protected":false},"excerpt":{"rendered":"<p>Home &gt;Vereine &gt;Musik &gt;Lied &gt;Musikvereine &gt;Gesang Listenauswahl eines Beitrags (Artikel\/Datum, Seite\/Inhalt):\u00a0Klicken\u00a0oder scrollen Zartener Ch\u00f6re 20.6.2026 singen Lieblingslieder (11.6.2026) Black Forest Voices Festival Kirchzarten 11.-14.6.2026 (3.6.2026) Gerappte Ha\u00dfges\u00e4nge gegen Polizisten, Juden, Frauen\u00a0(31.10.2025) A-Cappella-Gruppe Ohrw\u00fcrmer am 8.11. in Klosterschiire Oberried (22.10.2025) Das &hellip; <a href=\"https:\/\/www.freiburg-schwarzwald.de\/blog\/vereine\/musikvereine\/gesang\/\">Weiterlesen <span class=\"meta-nav\">&rarr;<\/span><\/a><\/p>\n","protected":false},"author":4,"featured_media":0,"parent":224,"menu_order":0,"comment_status":"open","ping_status":"closed","template":"","meta":{"footnotes":""},"class_list":["post-26290","page","type-page","status-publish","hentry"],"_links":{"self":[{"href":"https:\/\/www.freiburg-schwarzwald.de\/blog\/wp-json\/wp\/v2\/pages\/26290","targetHints":{"allow":["GET"]}}],"collection":[{"href":"https:\/\/www.freiburg-schwarzwald.de\/blog\/wp-json\/wp\/v2\/pages"}],"about":[{"href":"https:\/\/www.freiburg-schwarzwald.de\/blog\/wp-json\/wp\/v2\/types\/page"}],"author":[{"embeddable":true,"href":"https:\/\/www.freiburg-schwarzwald.de\/blog\/wp-json\/wp\/v2\/users\/4"}],"replies":[{"embeddable":true,"href":"https:\/\/www.freiburg-schwarzwald.de\/blog\/wp-json\/wp\/v2\/comments?post=26290"}],"version-history":[{"count":5,"href":"https:\/\/www.freiburg-schwarzwald.de\/blog\/wp-json\/wp\/v2\/pages\/26290\/revisions"}],"predecessor-version":[{"id":150206,"href":"https:\/\/www.freiburg-schwarzwald.de\/blog\/wp-json\/wp\/v2\/pages\/26290\/revisions\/150206"}],"up":[{"embeddable":true,"href":"https:\/\/www.freiburg-schwarzwald.de\/blog\/wp-json\/wp\/v2\/pages\/224"}],"wp:attachment":[{"href":"https:\/\/www.freiburg-schwarzwald.de\/blog\/wp-json\/wp\/v2\/media?parent=26290"}],"curies":[{"name":"wp","href":"https:\/\/api.w.org\/{rel}","templated":true}]}}