{"id":260,"date":"2012-04-03T17:46:38","date_gmt":"2012-04-03T17:46:38","guid":{"rendered":"https:\/\/www.freiburg-schwarzwald.de\/blog\/?page_id=260"},"modified":"2025-08-11T21:12:15","modified_gmt":"2025-08-11T19:12:15","slug":"storch","status":"publish","type":"page","link":"https:\/\/www.freiburg-schwarzwald.de\/blog\/natur\/tiere\/storch\/","title":{"rendered":"Storch"},"content":{"rendered":"<p>Home &gt;<a title=\"Natur\" href=\"https:\/\/www.freiburg-schwarzwald.de\/blog\/natur\/\">Natur<\/a> &gt;<a title=\"Tiere\" href=\"https:\/\/www.freiburg-schwarzwald.de\/blog\/natur\/tiere\/\">Tiere<\/a> &gt;<a title=\"Vogel\" href=\"https:\/\/www.freiburg-schwarzwald.de\/blog\/natur\/tiere\/vogel\/\">Vogel<\/a> &gt;Storch<\/p>\n<div id=\"attachment_1723\" style=\"width: 642px\" class=\"wp-caption alignnone\"><a href=\"https:\/\/www.freiburg-schwarzwald.de\/blog\/natur\/tiere\/storch\/rechtenbach1a-pan060804-2\/\" rel=\"attachment wp-att-1723\"><img loading=\"lazy\" decoding=\"async\" aria-describedby=\"caption-attachment-1723\" class=\"size-full wp-image-1723\" title=\"rechtenbach1a-pan060804\" src=\"https:\/\/www.freiburg-schwarzwald.de\/blog\/wp-content\/uploads\/2012\/04\/rechtenbach1a-pan0608041.jpg\" alt=\"\" width=\"632\" height=\"222\" srcset=\"https:\/\/www.freiburg-schwarzwald.de\/blog\/wp-content\/uploads\/2012\/04\/rechtenbach1a-pan0608041.jpg 632w, https:\/\/www.freiburg-schwarzwald.de\/blog\/wp-content\/uploads\/2012\/04\/rechtenbach1a-pan0608041-180x63.jpg 180w\" sizes=\"auto, (max-width: 632px) 100vw, 632px\" \/><\/a><p id=\"caption-attachment-1723\" class=\"wp-caption-text\">Blick nach Osten im Rechtenbach am 4.8.2006: St\u00f6rche errichten nachhaltige Strassensperre<\/p><\/div>\n<p><strong>Storch, Adebar, Storchenvater Hagen Sp\u00e4th, SOS Wei\u00dfstorch Breisgau, &#8230;.<\/strong><\/p>\n<ul>\n<li><em>Listenauswahl eines Beitrags: Bitte\u00a0anklicken\u00a0oder runterscrollen<\/em><\/li>\n<li><a href=\"https:\/\/www.freiburg-schwarzwald.de\/blog\/acht-storchennester-im-park\/\">Acht Storchennester im Park am Ebneter Schloss<\/a>\u00a0(28.3.2025)<\/li>\n<li>Ein Nest, ein Storchenpaar und sechs weitere St\u00f6rche (20.3.2025)<\/li>\n<li>Jungst\u00f6rchin Maxi aus Kirchzarten ist wohl auf dem Flug nach Afrika in Andalusien verschollen (4.10.2024)<\/li>\n<li><a href=\"https:\/\/www.freiburg-schwarzwald.de\/blog\/natur\/tiere\/\">Kr\u00f6tentunnel, St\u00f6rche und CO2<\/a> (12.2.2024)<\/li>\n<li><a href=\"https:\/\/www.freiburg-schwarzwald.de\/blog\/natur\/tiere\/storch\/weissstorch-breisgau\/\">Gustav Bickel aus Opfingen: 2023 gutes Storchenjahr<\/a>\u00a0(15.12.2023)<\/li>\n<li>Fans aus ganz Deutschland beobachten Kirchzartener St\u00f6rche (29.7.2023)<\/li>\n<li>Junge St\u00f6rche in Kirchzarten werden live beringt (24.5.2023)<\/li>\n<li>Storchengeschehen in Kirchzarten &#8211; Waltraud Maurer h\u00f6rt auf (1.2.2023)<\/li>\n<li>St\u00f6rche in Betzenhausen &#8211; Jahresr\u00fcckblick 2021 (14.1.2022)<\/li>\n<li><a href=\"https:\/\/www.freiburg-schwarzwald.de\/blog\/storchenpaar-mit-jungstoerchen\/\">Storchenpaar mit Jungst\u00f6rchen \u2013 live<\/a>\u00a0(5.5.2021)<\/li>\n<li><a title=\"Storchenjahr 2020 beginnt gut\" href=\"https:\/\/www.freiburg-schwarzwald.de\/blog\/storchenjahr-2020-beginnt-gut\/\">Storchenjahr 2020 im Raum Freiburg beginnt gut<\/a>\u00a0(17.4.2020)<\/li>\n<li><a href=\"https:\/\/www.freiburg-schwarzwald.de\/blog\/storchennest-kirchzarten-5-eier\/\">https:\/\/www.freiburg-schwarzwald.de\/blog\/storchennest-kirchzarten-5-eier\/<\/a>\u00a0(10.4.2019)<\/li>\n<li>Storchenpaare\u00a0im Elsass von 9 in 1972 auf 600 in 2013 gestiegen (1.9.2013)<\/li>\n<li><a title=\"Weissstorch-Breisgau\" href=\"https:\/\/www.freiburg-schwarzwald.de\/blog\/natur\/tiere\/storch\/weissstorch-breisgau\/\">Jungst\u00f6rche in B\u00f6tzingen, Buchheim und Neuershausen beringt<\/a>\u00a0&gt;Weissstorch-Breisgau (3.7.2013)<\/li>\n<li><a href=\"https:\/\/www.freiburg-schwarzwald.de\/blog\/storchenvater-hagen-spaeth\/\">https:\/\/www.freiburg-schwarzwald.de\/blog\/storchenvater-hagen-spaeth\/<\/a>\u00a0(27.5.2013)<\/li>\n<li><a href=\"https:\/\/www.freiburg-schwarzwald.de\/blog\/storch-webcam-kirchzarten\/\">https:\/\/www.freiburg-schwarzwald.de\/blog\/storch-webcam-kirchzarten\/<\/a>\u00a0(10.4.2013)<\/li>\n<li><a href=\"https:\/\/www.freiburg-schwarzwald.de\/blog\/2012\/05\/02\/opfinger-storchenteich-mit-windkraftbetriebener-pumpe\/\">https:\/\/www.freiburg-schwarzwald.de\/blog\/2012\/05\/02\/opfinger-storchenteich-mit-windkraftbetriebener-pumpe\/<\/a><\/li>\n<li><a href=\"https:\/\/www.freiburg-schwarzwald.de\/blog\/storchenpaar-in-kirchzarten-zuruck-spender-gesucht\/\">https:\/\/www.freiburg-schwarzwald.de\/blog\/storchenpaar-in-kirchzarten-zuruck-spender-gesucht\/<\/a>\u00a0(18.4.2012)<\/li>\n<li><a href=\"https:\/\/www.freiburg-schwarzwald.de\/storch2.htm\">Aktuelle Infos zur Storch-Seite ab 2.2.2008<\/a> &gt;Storch2<\/li>\n<li><a href=\"https:\/\/www.freiburg-schwarzwald.de\/storch1.htm\">Aktuelle Infos zur Storch-Seite im Jahr 2007<\/a> &gt;Storch1<\/li>\n<li><a href=\"https:\/\/www.freiburg-schwarzwald.de\/storch0.htm\">Aktuelle Infos zur Storch-Seite bis Ende 2006<\/a> &gt;Storch0<\/li>\n<li><\/li>\n<li><strong><a href=\"https:\/\/www.freiburg-schwarzwald.de\/storch.htm\">www.freiburg-schwarzwald.de\/storch.htm<\/a> &gt;Archivseite Storch<\/strong><\/li>\n<li><a href=\"https:\/\/www.freiburg-schwarzwald.de\/storch#Storch-Bilder\">Storch-Bilder<\/a><\/li>\n<li><a title=\"Weissstorch-Breisgau\" href=\"https:\/\/www.freiburg-schwarzwald.de\/blog\/natur\/tiere\/storch\/weissstorch-breisgau\/\">SOS Wei\u00dfstorch Breisgau<\/a><\/li>\n<li><a href=\"https:\/\/www.freiburg-schwarzwald.de\/teningen.htm#Bottingen am Osthang des Nimbergs\">Bottinger St\u00f6rche<\/a> &gt;Teningen<\/li>\n<li><a href=\"https:\/\/www.freiburg-schwarzwald.de\/march.htm#Buchheim: Storchennest auf Wasserspeicher an der Kirche\">Buchheim: Storchennest auf Wasserspeicher an der Kirche<\/a> &gt;March<\/li>\n<li><a href=\"https:\/\/www.freiburg-schwarzwald.de\/littenweiler\/ebnet\/storchenschule.htm\">Ebnet: St\u00f6rche mit Storchenschule beim Schloss<\/a> &gt;Freiburg-Dreisamtal.de\/Ebnet\/Storchenschule<\/li>\n<li><a href=\"https:\/\/www.freiburg-schwarzwald.de\/storch0.htm#Vogelgrippe: Westst\u00f6rche weniger gef\u00e4hrdet als Ostst\u00f6rche\">Flugrouten: Westst\u00f6rche weniger gef\u00e4hrdet als Ostst\u00f6rche<\/a> &gt;Storch0<\/li>\n<li><a href=\"https:\/\/www.freiburg-schwarzwald.de\/holzen.htm\">Holzen &#8211; Storchendorf<\/a> &gt;Holzen<\/li>\n<li><a href=\"https:\/\/www.freiburg-schwarzwald.de\/littenweiler\/kirchzarten.htm#Storchenhorst au Kirchturm St.Gallus\">Kirchzarten: Storchenhorst auf Kirchturm St.Gallus<\/a> &gt;Freiburg-Dreisamtal.de\/Kirchzarten<\/li>\n<li><a href=\"https:\/\/www.freiburg-schwarzwald.de\/nimburg.htm#Nimburg am Nimberg - heute Ortsteil von Teningen\">Nimburg Rathaus<\/a> &gt;Nimburg<\/li>\n<li><a href=\"https:\/\/www.freiburg-schwarzwald.de\/reute-storch.htm\">Reute: Aufzuchtstation des SOS Weisstorch<\/a> &gt;Reute-Storch<\/li>\n<li><a href=\"https:\/\/www.freiburg-schwarzwald.de\/storch#Storchenstation Altreu bei Solothurn\/CH\">Storchenstation Altreu bei Solothurn\/CH<\/a><\/li>\n<li><a href=\"https:\/\/www.freiburg-schwarzwald.de\/opfingen.htm#St\u00f6rche auf dem Kirchturm\">Opfingen &#8211; Storch Peter<\/a> &gt;Opfingen<\/li>\n<li><a href=\"https:\/\/www.freiburg-schwarzwald.de\/storch#Ortschaften mit St\u00f6rchen\">Ortschaften mit St\u00f6rchen<\/a><\/li>\n<li><a href=\"https:\/\/www.freiburg-schwarzwald.de\/umkirch.htm#St\u00f6rche auf Kirchendach Mari\u00e4 Himmelfahrt\">Umkirch: St\u00f6rche auf Kirchendach Mari\u00e4 Himmelfahrt<\/a> &gt;Umkirch<\/li>\n<li><a href=\"https:\/\/www.freiburg-schwarzwald.de\/voerstetten.htm#St\u00f6rche bleiben auf der Dachrinne an der Kirche\">V\u00f6rstetten: St\u00f6rche bleiben auf der Dachrinne an der Kirche<\/a> &gt;Voerstetten (26.4.2007)<\/li>\n<li><a href=\"https:\/\/www.freiburg-schwarzwald.de\/vogel.htm#Vogelwarte Radolfzell am MPI f\u00fcr Ornithologie\">Vogelwarte Radolfzell am MPI f\u00fcr Ornithologie<\/a> &gt;Vogel<\/li>\n<li><a title=\"Weissstorch-Breisgau\" href=\"https:\/\/www.freiburg-schwarzwald.de\/blog\/natur\/tiere\/storch\/weissstorch-breisgau\/\">Weissstorch-Breisgau<\/a><\/li>\n<li><a href=\"https:\/\/www.freiburg-schwarzwald.de\/storch#Wei\u00dfstorch-Projekt seit 1979 - nur durch Ehrenamtliche m\u00f6glich\">Wei\u00dfstorch-Projekt seit 1979 &#8211; nur durch Ehrenamtliche m\u00f6glich<\/a><\/li>\n<li><a href=\"https:\/\/www.freiburg-schwarzwald.de\/storch#Walther Feld - Storchenbeauftragter von Baden-W\u00fcrttemberg\">Walther Feld &#8211; Storchenbeauftragter von Baden-W\u00fcrttemberg<\/a><\/li>\n<li><a href=\"https:\/\/www.freiburg-schwarzwald.de\/storch#Links\">Links<\/a><\/li>\n<li><a href=\"https:\/\/www.freiburg-schwarzwald.de\/wasservogel.htm\">Wasserv\u00f6gel Bilder<\/a> &gt;Wasservogel<\/li>\n<\/ul>\n<p>&nbsp;<\/p>\n<h5><a href=\"https:\/\/www.freiburg-schwarzwald.de\/blog\/natur\/tiere\/storch\/ebnet-storch120527\/\" rel=\"attachment wp-att-4089\"><img loading=\"lazy\" decoding=\"async\" class=\"alignnone size-thumbnail wp-image-4089\" title=\"ebnet-storch120527\" src=\"https:\/\/www.freiburg-schwarzwald.de\/blog\/wp-content\/uploads\/2012\/04\/ebnet-storch120527-180x135.jpg\" alt=\"\" width=\"180\" height=\"135\" srcset=\"https:\/\/www.freiburg-schwarzwald.de\/blog\/wp-content\/uploads\/2012\/04\/ebnet-storch120527-180x135.jpg 180w, https:\/\/www.freiburg-schwarzwald.de\/blog\/wp-content\/uploads\/2012\/04\/ebnet-storch120527.jpg 640w\" sizes=\"auto, (max-width: 180px) 100vw, 180px\" \/><\/a>\u00a0\u00a0\u00a0\u00a0\u00a0\u00a0\u00a0\u00a0\u00a0\u00a0 <a href=\"https:\/\/www.freiburg-schwarzwald.de\/blog\/natur\/tiere\/storch\/storch12nov\/\" rel=\"attachment wp-att-21954\"><img loading=\"lazy\" decoding=\"async\" class=\"alignnone size-thumbnail wp-image-21954\" title=\"storch12nov\" src=\"https:\/\/www.freiburg-schwarzwald.de\/blog\/wp-content\/uploads\/2012\/04\/storch12nov-180x136.jpg\" alt=\"\" width=\"180\" height=\"136\" srcset=\"https:\/\/www.freiburg-schwarzwald.de\/blog\/wp-content\/uploads\/2012\/04\/storch12nov-180x136.jpg 180w, https:\/\/www.freiburg-schwarzwald.de\/blog\/wp-content\/uploads\/2012\/04\/storch12nov.jpg 639w\" sizes=\"auto, (max-width: 180px) 100vw, 180px\" \/><\/a>\u00a0\u00a0\u00a0\u00a0\u00a0\u00a0\u00a0\u00a0\u00a0 <a href=\"https:\/\/www.freiburg-schwarzwald.de\/blog\/natur\/tiere\/storch\/storch-ebnet130505\/\" rel=\"attachment wp-att-29886\"><img loading=\"lazy\" decoding=\"async\" class=\"alignnone size-thumbnail wp-image-29886\" title=\"storch-ebnet130505\" src=\"https:\/\/www.freiburg-schwarzwald.de\/blog\/wp-content\/uploads\/2012\/04\/storch-ebnet130505-180x136.jpg\" alt=\"\" width=\"180\" height=\"136\" srcset=\"https:\/\/www.freiburg-schwarzwald.de\/blog\/wp-content\/uploads\/2012\/04\/storch-ebnet130505-180x136.jpg 180w, https:\/\/www.freiburg-schwarzwald.de\/blog\/wp-content\/uploads\/2012\/04\/storch-ebnet130505.jpg 633w\" sizes=\"auto, (max-width: 180px) 100vw, 180px\" \/><\/a><br \/>\n(1) Drama 19.5.2012\u00a0 \u00a0 \u00a0 \u00a0(2) November 2012 im Dreisamtal\u00a0\u00a0\u00a0\u00a0\u00a0\u00a0 (3) Ebneter Storch 5.5.2013<\/h5>\n<h5><a href=\"https:\/\/www.freiburg-schwarzwald.de\/blog\/natur\/tiere\/storch\/storch-dreisamtal150403\/\" rel=\"attachment wp-att-54056\"><img loading=\"lazy\" decoding=\"async\" class=\"alignnone size-thumbnail wp-image-54056\" src=\"https:\/\/www.freiburg-schwarzwald.de\/blog\/wp-content\/uploads\/2012\/04\/storch-dreisamtal150403-180x138.jpg\" alt=\"storch-dreisamtal150403\" width=\"180\" height=\"138\" srcset=\"https:\/\/www.freiburg-schwarzwald.de\/blog\/wp-content\/uploads\/2012\/04\/storch-dreisamtal150403-180x138.jpg 180w, https:\/\/www.freiburg-schwarzwald.de\/blog\/wp-content\/uploads\/2012\/04\/storch-dreisamtal150403.jpg 639w\" sizes=\"auto, (max-width: 180px) 100vw, 180px\" \/><\/a><br \/>\n(4) Storch bei Zarten am 3.4.2015<\/h5>\n<p>(1) Drama im Schlosspark in FR-Ebnet: Vier Jungst\u00f6rche bei Unwetter umgekommen<\/p>\n<p>Einen Tag nach Herbstanfang machten am vergangenen Sonntagnachmittag insgesamt 13 St\u00f6rche Rast auf der westlichen Wiese zwischen Kirchzarten und Zarten. Acht von ihnen lie\u00dfen sich von unserem Fotografen vor dem Hintergrund der Rosskopf-Windr\u00e4der gerne fotografieren. Nach Auskunft der Experten von SOS-Wei\u00dfstorch Breisgau handelt es um eine Gruppe von Altst\u00f6rchen, die auf dem Weg \u00fcber Gibraltar gen S\u00fcden sind. Selbst Kenner der Storchenszene im Dreisamtal zeigten sich \u00fcberrascht, dass die gefiederten Rotschn\u00e4bel noch nicht weiter auf ihrem Flug ins Winterquartier sind. Foto: Gerhard L\u00fcck<\/p>\n<div class=\"mceTemp\">\n<div id=\"attachment_21955\" style=\"width: 647px\" class=\"wp-caption alignnone\"><a href=\"https:\/\/www.freiburg-schwarzwald.de\/blog\/natur\/tiere\/storch\/storch-pan12nov\/\" rel=\"attachment wp-att-21955\"><img loading=\"lazy\" decoding=\"async\" aria-describedby=\"caption-attachment-21955\" class=\"size-full wp-image-21955\" title=\"storch-pan12nov\" src=\"https:\/\/www.freiburg-schwarzwald.de\/blog\/wp-content\/uploads\/2012\/04\/storch-pan12nov.jpg\" alt=\"\" width=\"637\" height=\"234\" srcset=\"https:\/\/www.freiburg-schwarzwald.de\/blog\/wp-content\/uploads\/2012\/04\/storch-pan12nov.jpg 637w, https:\/\/www.freiburg-schwarzwald.de\/blog\/wp-content\/uploads\/2012\/04\/storch-pan12nov-180x66.jpg 180w\" sizes=\"auto, (max-width: 637px) 100vw, 637px\" \/><\/a><p id=\"caption-attachment-21955\" class=\"wp-caption-text\">St\u00f6rche im Dreisamtal zwischen Littenweiler und Kappel im November 2012<\/p><\/div>\n<\/div>\n<p>=====================================================<\/p>\n<p><strong>Ein Nest, ein Storchenpaar und sechs weitere St\u00f6rche<\/strong><br \/>\nDie bisherigen Storchennester beim <a href=\"https:\/\/www.freiburg-schwarzwald.de\/blog\/regio\/freiburg\/ebnet\/schloss-ebnet\/\">Ebneter Schloss<\/a> sind wieder besetzt. Ein weiteres Storchenpaar hat sich auf einem Ast einer im Herbst beschnittenen Eiche nahe der <a href=\"https:\/\/www.freiburg-schwarzwald.de\/blog\/regio\/verkehr\/fahrradwege\/dreisamuferweg\/\">Fussg\u00e4ngerbr\u00fccke<\/a> \u00fcber die <a href=\"https:\/\/www.freiburg-schwarzwald.de\/blog\/regio\/fluss\/dreisam\/\">Dreisam<\/a> ab Ende Februar 2025 ein Nest gebaut (hoffentlich h\u00e4lt es am Baumstumpf) und klappert seit 15. M\u00e4rz heftig. Das Problem: Auf der alten Eiche nebenan sitzen seit ca einer Woche bis zu sechs St\u00f6rche (auf dem Bild sind es derer vier) und warten und warten.\u00a0 Hoffentlich nicht auf eine Attacke.<br \/>\n20.3.2025<\/p>\n<h5><a href=\"https:\/\/www.freiburg-schwarzwald.de\/blog\/wp-content\/uploads\/2025\/03\/storch-eiche-ebnet250303.jpg\"><img loading=\"lazy\" decoding=\"async\" class=\"alignnone size-thumbnail wp-image-131910\" src=\"https:\/\/www.freiburg-schwarzwald.de\/blog\/wp-content\/uploads\/2025\/03\/storch-eiche-ebnet250303-180x135.jpg\" alt=\"\" width=\"180\" height=\"135\" srcset=\"https:\/\/www.freiburg-schwarzwald.de\/blog\/wp-content\/uploads\/2025\/03\/storch-eiche-ebnet250303-180x135.jpg 180w, https:\/\/www.freiburg-schwarzwald.de\/blog\/wp-content\/uploads\/2025\/03\/storch-eiche-ebnet250303-640x480.jpg 640w, https:\/\/www.freiburg-schwarzwald.de\/blog\/wp-content\/uploads\/2025\/03\/storch-eiche-ebnet250303-1024x768.jpg 1024w, https:\/\/www.freiburg-schwarzwald.de\/blog\/wp-content\/uploads\/2025\/03\/storch-eiche-ebnet250303-768x576.jpg 768w, https:\/\/www.freiburg-schwarzwald.de\/blog\/wp-content\/uploads\/2025\/03\/storch-eiche-ebnet250303.jpg 1402w\" sizes=\"auto, (max-width: 180px) 100vw, 180px\" \/><\/a>\u00a0 \u00a0 \u00a0 \u00a0 \u00a0 \u00a0 \u00a0 <a href=\"https:\/\/www.freiburg-schwarzwald.de\/blog\/wp-content\/uploads\/2025\/03\/storch6eiche-ebnet250303.jpg\"><img loading=\"lazy\" decoding=\"async\" class=\"alignnone size-thumbnail wp-image-131911\" src=\"https:\/\/www.freiburg-schwarzwald.de\/blog\/wp-content\/uploads\/2025\/03\/storch6eiche-ebnet250303-180x141.jpg\" alt=\"\" width=\"180\" height=\"141\" srcset=\"https:\/\/www.freiburg-schwarzwald.de\/blog\/wp-content\/uploads\/2025\/03\/storch6eiche-ebnet250303-180x141.jpg 180w, https:\/\/www.freiburg-schwarzwald.de\/blog\/wp-content\/uploads\/2025\/03\/storch6eiche-ebnet250303-640x501.jpg 640w, https:\/\/www.freiburg-schwarzwald.de\/blog\/wp-content\/uploads\/2025\/03\/storch6eiche-ebnet250303.jpg 753w\" sizes=\"auto, (max-width: 180px) 100vw, 180px\" \/><\/a><br \/>\n18.3.2025<\/h5>\n<p>.<\/p>\n<p><strong>Jungst\u00f6rchin Maxi aus Kirchzarten ist wohl auf dem Flug nach Afrika in Andalusien verschollen<br \/>\n<\/strong>&#8230;<br \/>\nAuf der Seite <a href=\"https:\/\/www.storchennest-kirchzarten\">https:\/\/www.storchennest-kirchzarten<\/a>.de gibt es viele Informationen \u00fcber die Kirchzartener St\u00f6rche. Der Youtube-Stream und -Chat &#8222;Live aus dem Storchennest Kirchzarten&#8220; findet sich unter mehr.bz\/storchlive. Die App &#8222;Animal Tracker&#8220; ist auf den \u00fcblichen Plattformen f\u00fcr Android und Apple verf\u00fcgbar.<br \/>\n&#8230; Alles vom 4.10.2024 bitte lesen auf<br \/>\n<a href=\"https:\/\/www.badische-zeitung.de\/jungstoerchin-maxi-aus-kirchzarten-ist-wohl-auf-dem-flug-nach-afrika-in-andalusien-verschollen\">https:\/\/www.badische-zeitung.de\/jungstoerchin-maxi-aus-kirchzarten-ist-wohl-auf-dem-flug-nach-afrika-in-andalusien-verschollen<\/a><\/p>\n<p>&nbsp;<\/p>\n<p><strong>Fans aus ganz Deutschland beobachten Kirchzartener St\u00f6rche<\/strong><br \/>\nIm Internet auf dem Videoportal Youtube gibt es einen Livestream: &#8222;Live aus dem Storchennest Kirchzarten, Deutschland&#8220;. Er ist zu jeder Tageszeit auf Sendung. Die Kamera h\u00e4ngt gegen\u00fcber des Nests und sorgt daf\u00fcr, dass die Tiere viele Fans haben. 2670 Abonnenten z\u00e4hlt der Kanal.<br \/>\n&#8230; Alles vom 29.7.2023 bitte lesen auf<br \/>\n<a href=\"https:\/\/www.badische-zeitung.de\/fans-aus-ganz-deutschland-beobachten-kirchzartener-stoerche--276787682.html\">https:\/\/www.badische-zeitung.de\/fans-aus-ganz-deutschland-beobachten-kirchzartener-stoerche&#8211;276787682.html<\/a><\/p>\n<p>Live aus dem Storchennest Kirchzarten, Deutschland:<br \/>\n<a href=\"https:\/\/www.youtube.com\/watch?v=YacAO2ZKEfQ\">https:\/\/www.youtube.com\/watch?v=YacAO2ZKEfQ<\/a><br \/>\n<a href=\"https:\/\/www.youtube.com\/@regiowebcam-live\">https:\/\/www.youtube.com\/@regiowebcam-live<\/a><br \/>\nStork nest Kirchzarten in the Dreisamtal (Germany) on July 17, 2023.<br \/>\n<a href=\"https:\/\/www.youtube.com\/watch?v=k8enrHnJYXk&amp;t=32s\">https:\/\/www.youtube.com\/watch?v=k8enrHnJYXk&amp;t=32s<\/a><\/p>\n<p>&nbsp;<\/p>\n<p><strong>Junge St\u00f6rche in Kirchzarten werden live beringt<\/strong><br \/>\nDie Jungst\u00f6rche auf der St. Galluskirche in Kirchzarten werden am kommenden Dienstag, 30. Mai, beringt. Die Aktion wird mittels einer Webcam um 9 Uhr live \u00fcbertragen, das teilte Gerhard Hinz, Storchenbetreuer im Dreisamtal, mit. Die Webcam neben dem Nest gibt es bereits seit 2021. Rund um die Uhr k\u00f6nnen so Interessierte den Tieren \u00fcber Youtube zuschauen. Vor allem im Fr\u00fchling gibt es dort viel zu sehen. Die kleinen St\u00f6rche sind mal mehr und mal weniger aktiv. Sie scheinen die Aussicht von dem Turm zu genie\u00dfen und lassen sich von ihren Eltern putzen und f\u00fcttern.<br \/>\nBei der Beringung am Dienstag achtet Hinz darauf, dass er die Kamera nicht verdeckt. Er warnt jedoch \u2013 es k\u00f6nne so aussehen, als ob er tote Tiere beringt. &#8222;Die Tiere stellen sich tot, um sich zu sch\u00fctzen&#8220;, erkl\u00e4rt der Experte. In seltenen F\u00e4llen k\u00f6nnten die Jungst\u00f6rche auch aggressiv werden und picken, das sei ihm bisher aber noch nicht passiert. Sollte dies der Fall sein, wird Hinz den Tieren die Augen verdecken, das beruhige sie hoffentlich.<br \/>\nAuch im vergangenen Jahr hat Hinz die Jungtiere auf dem Turm beringt. Damals waren es zu Beginn vier Tiere, doch eines wurde von der Mutter aus dem Nest gesto\u00dfen. Das sei nicht un\u00fcblich bei St\u00f6rchen, die schauen m\u00fcssen, dass sie genug Nahrung f\u00fcr den Nachwuchs bekommen. Im vergangenen Jahr sei das wegen des trockenen Wetters schwierig gewesen, so Hinz. In diesem Jahr waren es von Anfang an nur drei neue St\u00f6rche. &#8222;Vermutlich gibt es in diesem Jahr aber generell viel Nachwuchs&#8220;, sch\u00e4tzt Hinz. Denn: Durch den vielen Regen finden die erwachsenen St\u00f6rche auf den Feldern viel Nahrung f\u00fcr die Jungtiere. Die Eltern der Jungst\u00f6rche sind indes ebenfalls keine Unbekannten. Auch sie tragen einen Ring. Der m\u00e4nnliche Storch wurde 2015 in Buchingen geboren, der weibliche Storch 2011 in Denzlingen auf dem Kirchturm.<br \/>\nLivestream unter <a href=\"http:\/\/www.youtube.com\/@regiowebcam-live\">http:\/\/www.youtube.com\/@regiowebcam-live<\/a><\/p>\n<p>&#8230; Alles vom 24.5.2023 bitte lesen auf<br \/>\n<a href=\"https:\/\/www.badische-zeitung.de\/junge-stoerche-in-kirchzarten-werden-live-beringt--263627805.htm\">https:\/\/www.badische-zeitung.de\/junge-stoerche-in-kirchzarten-werden-live-beringt&#8211;263627805.htm<\/a>l<\/p>\n<p>&nbsp;<\/p>\n<p><strong>Storchengeschehen in Kirchzarten &#8211; Waltraud Maurer h\u00f6rt auf<\/strong><br \/>\nWaltraud Maurer, Storchenmutter von Kirchzarten, beendet ihre ehrenamtliche T\u00e4tigkeit Kirchzarten (dt.) Waltraud Maurer, die Storchenmutter aus Kirchzarten beendet nach 23-j\u00e4hriger ehrenamtlicher T\u00e4 tig keit ihr Engagement f\u00fcr die St\u00f6rche in Kirchzarten und verab schiedet sich von allen Storchenfreunden mit ihrem letzten Bericht zu den St\u00f6rchen auf Kirchzartens Kirchturm: Wie in den vergangenen Jahren sind unsere Altst\u00f6rche \u201eUlla und Edgar\u201c im \u201eLiebesrausch\u201c auf dem Kirchturm. Im Winter waren sie manchmal zum Ausruhen oder nachts im Horst. Das Futter teilten sie mit anderen St\u00f6rchen aus der Region, oft zu sehen im Giersberggebiet. Der Horst wurde von Walter Kistler bestens f\u00fcr die Storchenzeit 2023 gerichtet. Wenn die Erde gefroren war, fl ogen sie in die Feuchtgebiete am Mundenhof, wo wir von \u201eWei\u00dfstorch Breisgau\u201c auch Horste versorgen. Vergangenes Jahr hatten wir starke Angriff e von Fremdst\u00f6rchen, oft f\u00fcnf bis sechs St\u00fcck. Darum muss auch schon bei der Eiablage und danach bei den Kleinen ein Altstorch auf dem Horst sein, bis sie gr\u00f6\u00dfer sind und sich verteidigen k\u00f6nnen. In verschiedenen B\u00e4umen bauten Fremdst\u00f6rche Horste, die aber zusammenst\u00fcrzten. Auch in Zarten war es einmal so, dass die Eier nicht ausgebr\u00fctet wurden.<br \/>\nDie St\u00f6rche legen nur einmal im Jahr Eier, so dass damals keine Aufzucht m\u00f6glich war. Seit vergangenem Jahr haben Zarten und Stegen ein festes, metallenes Gestell, so dass Sicherheit gegeben ist. Durch die Trockenheit im vergangenen Jahr war gro\u00dfer Futtermangel, auch bei Jungv\u00f6geln war dasselbe. So kam die erste Brut um. Durch diesen Zustand kam es bei uns, dass sie das zuletzt geschl\u00fcpfte kleine St\u00f6rchle aus dem Nest warfen. Es lag im Schneegitter an der Westseite. Leider konnten wir es von dort nicht befreien. Die andern entwickelten sich normal bis zum Abflug. Die Jungen entwickeln sich sehr schnell und brauchen mit ca. vier Wochen pro Schnabel 500 g Fleisch t\u00e4glich. Das ist f\u00fcr die Eltern Schwerstarbeit.<br \/>\nDarum mussten in dieser Zeit auch beide Eltern Futter herbeischaff en, bis die Jungen dann mit den Eltern auf Futtersuche ausfliegen. Dieses demonstrieren die Eltern am Horst immer wieder und h\u00f6ren auch auf zu f\u00fcttern. Schon einmal stand ein kleiner Storch den ganzen Tag in der prallen Sonne und getraute sich nicht auszufliegen. Erst gegen Abend versuchte er es dann. Beim-Touristen-B\u00fcro ist von Thomas Varadi der Monitor f\u00fcr die \u00dcbertragung vom Turm der Kirche wieder hergerichtet, so dass man das Geschehen im Horst wieder beobachten kann.<\/p>\n<p>Mit diesem Bericht endet meine 23-j\u00e4hrige ehrenamtliche T\u00e4tigkeit f\u00fcr die St\u00f6rche in Kirchzarten, da ich in absehbarer Zeit nach Freiburg ins Seniorenheim \u00fcbersiedeln werde. Freuen w\u00fcrde ich mich, wenn jemand meine langj\u00e4hrige T\u00e4tigkeit f\u00fcr die Berichte im Dreisamt\u00e4ler \u00fcbernehmen w\u00fcrde. Mein Anliegen war es immer, gerade \u00e4lteren Menschen, die nicht aus dem Haus kommen konnten, damit Freude zu bereiten. Allen Storchenfreunden w\u00fcnsche ich eine gute Zeit sowie so viel Freude, wie ich selber all die Jahre mit den wunderbaren V\u00f6geln hatte. Bleiben Sie gesegnet! Waltraud Maurer, die \u201ealte\u201c Storchenmutter aus Kirchzarten<br \/>\n15.2.2023, <a href=\"https:\/\/www.dreisamtaeler.de\">https:\/\/www.dreisamtaeler.de<\/a><\/p>\n<p>&nbsp;<\/p>\n<p><strong>St\u00f6rche in Betzenhausen &#8211; Jahresr\u00fcckblick 2021<\/strong><br \/>\nStorchenfilmer: &#8222;Im Spitzenmonat hatten wir 200.000 Zugriffe&#8220;<br \/>\nSeit mindestens 1827, damals dokumentiert von der badischen Landesvermessung, beherbergt der Turm der historischen St.-Thomas-Kirche in Betzenhausen einen Storchenhorst \u2013 der allerdings nicht immer bewohnt ist. Vor elf Jahren installierte der B\u00fcrgerverein Betzenhausen-Bischofslinde eine Webcam am Nest, jetzt hat Werner Hertleif vom B\u00fcrgerverein zum ersten Mal das Storchenjahr auf der Kirche in ein Video gepackt und online gestellt. Claudia F\u00fc\u00dfler hat mit ihm gesprochen.<br \/>\n<a href=\"https:\/\/youtu.be\/u9rvo5phGZw\">https:\/\/youtu.be\/u9rvo5phGZw<\/a><\/p>\n<p>Werner Hertleif, Jahrgang 1956, engagiert sich seit gut zehn Jahren im B\u00fcrgerverein Betzenhausen-Bischofslinde. Der SAP-Berater ist stellvertretender Vorsitzender, f\u00fcr die Stadtteilzeitung verantwortlich und betreut den Internetauftritt des B\u00fcrgervereins.<br \/>\n&#8230; Alles vom 14.1.2022 bitte lesen auf<br \/>\n<a href=\"https:\/\/www.badische-zeitung.de\/storchenfilmer-im-spitzenmonat-hatten-wir-200-000-zugriffe--207984361.html\">https:\/\/www.badische-zeitung.de\/storchenfilmer-im-spitzenmonat-hatten-wir-200-000-zugriffe&#8211;207984361.html<\/a><br \/>\n<a href=\"https:\/\/betzenhausen-bischofslinde.de\/stoerche-in-betzenhausen\/\">https:\/\/betzenhausen-bischofslinde.de\/stoerche-in-betzenhausen\/<\/a><br \/>\n.<br \/>\n<a href=\"https:\/\/betzenhausen-bischofslinde.de\/storchenkamera-online\/\">https:\/\/betzenhausen-bischofslinde.de\/storchenkamera-online\/<\/a><\/p>\n<p>St\u00f6rche in Betzenhausen (Freiburg), Jahresr\u00fcckblick 2021:<br \/>\n<a href=\"https:\/\/youtu.be\/u9rvo5phGZw\">https:\/\/youtu.be\/u9rvo5phGZw<\/a><\/p>\n<div id=\"attachment_137698\" style=\"width: 651px\" class=\"wp-caption alignnone\"><a href=\"https:\/\/www.freiburg-schwarzwald.de\/blog\/wp-content\/uploads\/2025\/08\/storch-dreisamtal-breitehof-pan250731.jpg\"><img loading=\"lazy\" decoding=\"async\" aria-describedby=\"caption-attachment-137698\" class=\"size-full wp-image-137698\" src=\"https:\/\/www.freiburg-schwarzwald.de\/blog\/wp-content\/uploads\/2025\/08\/storch-dreisamtal-breitehof-pan250731.jpg\" alt=\"\" width=\"641\" height=\"347\" srcset=\"https:\/\/www.freiburg-schwarzwald.de\/blog\/wp-content\/uploads\/2025\/08\/storch-dreisamtal-breitehof-pan250731.jpg 641w, https:\/\/www.freiburg-schwarzwald.de\/blog\/wp-content\/uploads\/2025\/08\/storch-dreisamtal-breitehof-pan250731-180x97.jpg 180w\" sizes=\"auto, (max-width: 641px) 100vw, 641px\" \/><\/a><p id=\"caption-attachment-137698\" class=\"wp-caption-text\">\u00dcber 60 St\u00f6rche beim <a href=\"https:\/\/www.freiburg-schwarzwald.de\/blog\/bauernhof\/breitehof\/\">Breitehof<\/a> im Dreisamtal nahe Freiburg am 31.7.2025<\/p><\/div>\n","protected":false},"excerpt":{"rendered":"<p>Home &gt;Natur &gt;Tiere &gt;Vogel &gt;Storch Storch, Adebar, Storchenvater Hagen Sp\u00e4th, SOS Wei\u00dfstorch Breisgau, &#8230;. Listenauswahl eines Beitrags: Bitte\u00a0anklicken\u00a0oder runterscrollen Acht Storchennester im Park am Ebneter Schloss\u00a0(28.3.2025) Ein Nest, ein Storchenpaar und sechs weitere St\u00f6rche (20.3.2025) Jungst\u00f6rchin Maxi aus Kirchzarten ist &hellip; <a href=\"https:\/\/www.freiburg-schwarzwald.de\/blog\/natur\/tiere\/storch\/\">Weiterlesen <span class=\"meta-nav\">&rarr;<\/span><\/a><\/p>\n","protected":false},"author":2,"featured_media":0,"parent":256,"menu_order":0,"comment_status":"open","ping_status":"closed","template":"","meta":{"footnotes":""},"class_list":["post-260","page","type-page","status-publish","hentry"],"_links":{"self":[{"href":"https:\/\/www.freiburg-schwarzwald.de\/blog\/wp-json\/wp\/v2\/pages\/260","targetHints":{"allow":["GET"]}}],"collection":[{"href":"https:\/\/www.freiburg-schwarzwald.de\/blog\/wp-json\/wp\/v2\/pages"}],"about":[{"href":"https:\/\/www.freiburg-schwarzwald.de\/blog\/wp-json\/wp\/v2\/types\/page"}],"author":[{"embeddable":true,"href":"https:\/\/www.freiburg-schwarzwald.de\/blog\/wp-json\/wp\/v2\/users\/2"}],"replies":[{"embeddable":true,"href":"https:\/\/www.freiburg-schwarzwald.de\/blog\/wp-json\/wp\/v2\/comments?post=260"}],"version-history":[{"count":5,"href":"https:\/\/www.freiburg-schwarzwald.de\/blog\/wp-json\/wp\/v2\/pages\/260\/revisions"}],"predecessor-version":[{"id":137699,"href":"https:\/\/www.freiburg-schwarzwald.de\/blog\/wp-json\/wp\/v2\/pages\/260\/revisions\/137699"}],"up":[{"embeddable":true,"href":"https:\/\/www.freiburg-schwarzwald.de\/blog\/wp-json\/wp\/v2\/pages\/256"}],"wp:attachment":[{"href":"https:\/\/www.freiburg-schwarzwald.de\/blog\/wp-json\/wp\/v2\/media?parent=260"}],"curies":[{"name":"wp","href":"https:\/\/api.w.org\/{rel}","templated":true}]}}