{"id":25765,"date":"2013-03-27T17:40:24","date_gmt":"2013-03-27T16:40:24","guid":{"rendered":"https:\/\/www.freiburg-schwarzwald.de\/blog\/?page_id=25765"},"modified":"2013-05-03T18:58:53","modified_gmt":"2013-05-03T16:58:53","slug":"einkaufszentrum","status":"publish","type":"page","link":"https:\/\/www.freiburg-schwarzwald.de\/blog\/business\/handel\/einkaufszentrum\/","title":{"rendered":"Einkaufszentrum"},"content":{"rendered":"<p>Home &gt;<a title=\"Kultur\" href=\"https:\/\/www.freiburg-schwarzwald.de\/blog\/kultur\/\">Kultur<\/a>\u00a0&gt;<a title=\"Soziales\" href=\"https:\/\/www.freiburg-schwarzwald.de\/blog\/soziales\/\">Soziales<\/a> &gt;<a title=\"Medien\" href=\"https:\/\/www.freiburg-schwarzwald.de\/blog\/kultur\/medien\/\">Medien<\/a> &gt;<a title=\"Internet\" href=\"https:\/\/www.freiburg-schwarzwald.de\/blog\/kultur\/internet\/\">Internet<\/a> &gt;<a title=\"Handel\" href=\"https:\/\/www.freiburg-schwarzwald.de\/blog\/business\/handel\/\">Handel<\/a> &gt;Einkaufszentrum<\/p>\n<div id=\"attachment_25249\" style=\"width: 646px\" class=\"wp-caption alignnone\"><a href=\"https:\/\/www.freiburg-schwarzwald.de\/blog\/regio\/orte\/aitern\/aitern19ort-pan130316\/\" rel=\"attachment wp-att-25249\"><img loading=\"lazy\" decoding=\"async\" aria-describedby=\"caption-attachment-25249\" class=\"size-full wp-image-25249\" title=\"aitern19ort-pan130316\" src=\"https:\/\/www.freiburg-schwarzwald.de\/blog\/wp-content\/uploads\/2013\/03\/aitern19ort-pan130316.jpg\" alt=\"\" width=\"636\" height=\"240\" srcset=\"https:\/\/www.freiburg-schwarzwald.de\/blog\/wp-content\/uploads\/2013\/03\/aitern19ort-pan130316.jpg 636w, https:\/\/www.freiburg-schwarzwald.de\/blog\/wp-content\/uploads\/2013\/03\/aitern19ort-pan130316-180x67.jpg 180w\" sizes=\"auto, (max-width: 636px) 100vw, 636px\" \/><\/a><p id=\"caption-attachment-25249\" class=\"wp-caption-text\">Blick nach Westen \u00fcber Aitern und Holzinshaus (links) zum Belchen am 16.3.2013<\/p><\/div>\n<ul>\n<li><a href=\"https:\/\/www.freiburg-schwarzwald.de\/blog\/internet-nuetzt-innenstadtlaeden\/\">https:\/\/www.freiburg-schwarzwald.de\/blog\/internet-nuetzt-innenstadtlaeden\/<\/a>\u00a0(3.5.2013)<\/li>\n<li>Multichannel-Shopping (2.5.2013)<\/li>\n<li><a href=\"https:\/\/www.freiburg-schwarzwald.de\/blog\/einzelhandel-shop-ek-zentrum\/\">https:\/\/www.freiburg-schwarzwald.de\/blog\/einzelhandel-shop-ek-zentrum\/<\/a>\u00a0(27.3.2013)<\/li>\n<li><a title=\"Laden\" href=\"https:\/\/www.freiburg-schwarzwald.de\/blog\/business\/handel\/laden\/\">Laden &#8211; inhabergef\u00fchrte Gesch\u00e4fte<\/a><\/li>\n<li><a title=\"Online-Handel\" href=\"https:\/\/www.freiburg-schwarzwald.de\/blog\/business\/handel\/online-handel\/\">Online-Handel<\/a><\/li>\n<li><a title=\"zFriburginderStadt\" href=\"https:\/\/www.freiburg-schwarzwald.de\/blog\/business\/handel\/zfriburginderstadt\/\">zFriburgInDerStadt<\/a><\/li>\n<\/ul>\n<p><strong><\/strong>\u00a0<\/p>\n<p><strong>Multichannel-Shopping<\/strong><\/p>\n<p>Laut einer Studie des Marktforschungs-Unternehmens eResult nutzen\u00a0mehr als 66% der Deutschen verschiedene Wege (channels), sich Informationen zu beschaffen oder einen Kaufakt durchzuf\u00fchren: Es wird sich z.B.\u00a0 mittels Smartphone \u00fcber ein Produkt informiert, das dann in der Filiale gekauft wird, der n\u00e4chste kauft einen Mantel im Onlineshop, den er zuvor gesehen hat..<\/p>\n<p><strong>Multichannel-Studie von ECE<\/strong><br \/>\nDie Projektpartner ECE und Roland Berger Strategy Consultants haben in einer Studie rund 42.000 Konsumenten zu ihrem Einkaufsverhalten befragt und knapp 2.000 Einkaufstageb\u00fccher ausgewertet. Ermittelt wurde, was die Kunden online und was sie offline kauften und warum sie sich f\u00fcr einen oder beide Einkaufskan\u00e4le entschieden. Drei Ergebnisse:<br \/>\n&#8222;Einerseits wird die Geschwindigkeit, mit der der Online-Handel an Ums\u00e4tzen zulegt, vielfach sogar untersch\u00e4tzt und liegt nach der aktuellen Studie bereits bei fast 16 Prozent aller Eink\u00e4ufe.<br \/>\nAndererseits kaufen immer noch die meisten Konsumenten deutlich h\u00e4ufiger offline ein als online \u2013 auch junge Kunden und onlineaffine Gruppen.<br \/>\nMultichanneling wird erst von etwas mehr als einem Drittel der Konsumenten wirklich intensiv genutzt. Die Bedrohung, die das Online-Shopping f\u00fcr den station\u00e4ren Handel darstellen kann, ist trotzdem real. Es gibt aber die Chance f\u00fcr den station\u00e4ren Einzelhandel, seine St\u00e4rken auszuspielen, z.B. durch die gezielte Vernetzung mit der Online- Welt oder durch die Initiierung von Spontank\u00e4ufen. Gerade beim Einkauf im station\u00e4ren Handel informieren sich die Kunden in der Regel weniger. Hier z\u00e4hlen das \u201eTouch &amp; Feel\u201c und die sofortige Mitnahme des Produkts.&#8220;<br \/>\n<a href=\"https:\/\/www.ece.de\/de\/wirueberuns\/multichannelstudie\/\">https:\/\/www.ece.de\/de\/wirueberuns\/multichannelstudie\/<\/a>\u00a0<\/p>\n<p>Fazit der Studie: 60% kaufen offline im station\u00e4ren Handelsgesch\u00e4ft, 40% multichannel (off-line und on-line gemixt) und ca 16% online im Internetshop.<\/p>\n","protected":false},"excerpt":{"rendered":"<p>Home &gt;Kultur\u00a0&gt;Soziales &gt;Medien &gt;Internet &gt;Handel &gt;Einkaufszentrum https:\/\/www.freiburg-schwarzwald.de\/blog\/internet-nuetzt-innenstadtlaeden\/\u00a0(3.5.2013) Multichannel-Shopping (2.5.2013) https:\/\/www.freiburg-schwarzwald.de\/blog\/einzelhandel-shop-ek-zentrum\/\u00a0(27.3.2013) Laden &#8211; inhabergef\u00fchrte Gesch\u00e4fte Online-Handel zFriburgInDerStadt \u00a0 Multichannel-Shopping Laut einer Studie des Marktforschungs-Unternehmens eResult nutzen\u00a0mehr als 66% der Deutschen verschiedene Wege (channels), sich Informationen zu beschaffen oder einen Kaufakt durchzuf\u00fchren: &hellip; <a href=\"https:\/\/www.freiburg-schwarzwald.de\/blog\/business\/handel\/einkaufszentrum\/\">Weiterlesen <span class=\"meta-nav\">&rarr;<\/span><\/a><\/p>\n","protected":false},"author":4,"featured_media":0,"parent":814,"menu_order":0,"comment_status":"open","ping_status":"closed","template":"","meta":{"footnotes":""},"class_list":["post-25765","page","type-page","status-publish","hentry"],"_links":{"self":[{"href":"https:\/\/www.freiburg-schwarzwald.de\/blog\/wp-json\/wp\/v2\/pages\/25765","targetHints":{"allow":["GET"]}}],"collection":[{"href":"https:\/\/www.freiburg-schwarzwald.de\/blog\/wp-json\/wp\/v2\/pages"}],"about":[{"href":"https:\/\/www.freiburg-schwarzwald.de\/blog\/wp-json\/wp\/v2\/types\/page"}],"author":[{"embeddable":true,"href":"https:\/\/www.freiburg-schwarzwald.de\/blog\/wp-json\/wp\/v2\/users\/4"}],"replies":[{"embeddable":true,"href":"https:\/\/www.freiburg-schwarzwald.de\/blog\/wp-json\/wp\/v2\/comments?post=25765"}],"version-history":[{"count":0,"href":"https:\/\/www.freiburg-schwarzwald.de\/blog\/wp-json\/wp\/v2\/pages\/25765\/revisions"}],"up":[{"embeddable":true,"href":"https:\/\/www.freiburg-schwarzwald.de\/blog\/wp-json\/wp\/v2\/pages\/814"}],"wp:attachment":[{"href":"https:\/\/www.freiburg-schwarzwald.de\/blog\/wp-json\/wp\/v2\/media?parent=25765"}],"curies":[{"name":"wp","href":"https:\/\/api.w.org\/{rel}","templated":true}]}}