{"id":25526,"date":"2013-03-24T08:59:00","date_gmt":"2013-03-24T07:59:00","guid":{"rendered":"https:\/\/www.freiburg-schwarzwald.de\/blog\/?page_id=25526"},"modified":"2013-11-27T13:08:44","modified_gmt":"2013-11-27T12:08:44","slug":"kh-freiburg","status":"publish","type":"page","link":"https:\/\/www.freiburg-schwarzwald.de\/blog\/bildung\/hochschulen\/kh-freiburg\/","title":{"rendered":"KH-Freiburg"},"content":{"rendered":"<p>Home &gt;<a title=\"Bildung\" href=\"https:\/\/www.freiburg-schwarzwald.de\/blog\/bildung\/\">Bildung<\/a> &gt;<a title=\"Hochschulen\" href=\"https:\/\/www.freiburg-schwarzwald.de\/blog\/bildung\/hochschulen\/\">Hochschulen<\/a>\u00a0&gt;KH-Freiburg<\/p>\n<div id=\"attachment_25106\" style=\"width: 648px\" class=\"wp-caption alignnone\"><a href=\"https:\/\/www.freiburg-schwarzwald.de\/blog\/regio\/orte\/stohren\/schauinsland1belchen-pan130316\/\" rel=\"attachment wp-att-25106\"><img loading=\"lazy\" decoding=\"async\" aria-describedby=\"caption-attachment-25106\" class=\"size-full wp-image-25106\" title=\"schauinsland1belchen-pan130316\" src=\"https:\/\/www.freiburg-schwarzwald.de\/blog\/wp-content\/uploads\/2012\/11\/schauinsland1belchen-pan130316.jpg\" alt=\"\" width=\"638\" height=\"209\" srcset=\"https:\/\/www.freiburg-schwarzwald.de\/blog\/wp-content\/uploads\/2012\/11\/schauinsland1belchen-pan130316.jpg 638w, https:\/\/www.freiburg-schwarzwald.de\/blog\/wp-content\/uploads\/2012\/11\/schauinsland1belchen-pan130316-180x58.jpg 180w\" sizes=\"auto, (max-width: 638px) 100vw, 638px\" \/><\/a><p id=\"caption-attachment-25106\" class=\"wp-caption-text\">Blick nach S\u00fcden \u00fcber den Stohren ins M\u00fcnstertal und zum Belchen am 16.3.2013<\/p><\/div>\n<p>&nbsp;<\/p>\n<ul>\n<li><a href=\"https:\/\/www.freiburg-schwarzwald.de\/blog\/wachkoma-mcs-netzwerk\/\">https:\/\/www.freiburg-schwarzwald.de\/blog\/wachkoma-mcs-netzwerk\/<\/a>\u00a0(27.11.2013)<\/li>\n<li><a href=\"https:\/\/www.freiburg-schwarzwald.de\/blog\/parkinson-erkrankter-kaschper\/\">https:\/\/www.freiburg-schwarzwald.de\/blog\/parkinson-erkrankter-kaschper\/<\/a>\u00a0(24.3.2013)<\/li>\n<li><a href=\"https:\/\/www.freiburg-schwarzwald.de\/blog\/vega-im-freiburger-osten\/\">https:\/\/www.freiburg-schwarzwald.de\/blog\/vega-im-freiburger-osten\/<\/a>\u00a0(17.10.2012)<\/li>\n<li><a href=\"https:\/\/www.freiburg-schwarzwald.de\/littenweiler\/senioren4.htm#VEGA: 1. Wohnprojektetag, Laubenhof, Stadtteilkonferenzen\">VEGA: 1. Wohnprojektetag, Laubenhof, Stadtteilkonferenzen<\/a> &gt;Senioren4 (2.12.2011)<\/li>\n<li><a href=\"https:\/\/www.freiburg-schwarzwald.de\/littenweiler\/senioren.htm#VEGA -Verantwortungsgemeinschaften f\u00fcr gelingendes Altern im Freiburger Osten\">VEGA -Verantwortungsgemeinschaften f\u00fcr gelingendes Altern im Freiburger Osten<\/a> &gt;Senioren<\/li>\n<li><a href=\"https:\/\/www.freiburg-schwarzwald.de\/gewalt1.htm#Kleine Helden: Wenn Kinder Gewalt in Familien erleben\">Kleine Helden: Wenn Kinder Gewalt in Familien erleben<\/a> &gt;Gewalt1 (25.3.2010)<\/li>\n<li><a href=\"https:\/\/www.freiburg-schwarzwald.de\/littenweiler\/pflege3.htm#KFH Freiburg und MdK BW bilden erstmalig Pflegesachverst\u00e4ndige aus\">KFH Freiburg und MdK BW bilden erstmalig Pflegesachverst\u00e4ndige aus<\/a> &gt;Pflege3 (18.8.2009)<\/li>\n<li><a href=\"https:\/\/www.freiburg-schwarzwald.de\/demenz1.htm#Aktion Demenz - eine Initiative der Robert Bosch Stiftung\">Aktion Demenz &#8211; eine Initiative der Robert Bosch Stiftung<\/a> &gt;Demenz1 (27.4.2009)<\/li>\n<li><a href=\"https:\/\/www.freiburg-schwarzwald.de\/littenweiler\/pflege2.htm#Die ersten sechzehn PflegebegleiterInnen zertifiziert - zweiter Kurs beginnt\">Die ersten sechzehn PflegebegleiterInnen zertifiziert &#8211; zweiter Kurs beginnt<\/a> &gt;Pflege2 (11.3.2008)<\/li>\n<li><a href=\"https:\/\/www.freiburg-schwarzwald.de\/littenweiler\/himmelreich1.htm#K\u00fcnstlerisch-bildnerische Arbeit mit Menschen, die behindert sind\">K\u00fcnstlerisch-bildnerische Arbeit mit Menschen, die behindert sind<\/a> &gt;Himmelreich1 (21.1.2008)<\/li>\n<li><a href=\"https:\/\/www.freiburg-schwarzwald.de\/littenweiler\/himmelreich1.htm#IHK \u00fcbergibt Zertifikate an sechs geistig behinderte Menschen\">IHK \u00fcbergibt Zertifikate an sechs geistig behinderte Menschen<\/a> &gt;Himmelreich1 (15.11.2007)<\/li>\n<li><a href=\"https:\/\/www.freiburg-schwarzwald.de\/littenweiler\/bildung3.htm#Uwe von D\u00fccker nach 20 Jahren mit jungen Menschen im Ruhestand\">Uwe von D\u00fccker nach 20 Jahren mit jungen Menschen im Ruhestand<\/a> &gt;Bildung3 (15.12.2006)<\/li>\n<li>Katholische Hochschule Freiburg<\/li>\n<\/ul>\n<p>&nbsp;<\/p>\n<p><strong>Katholische Hochschule Freiburg<\/strong><\/p>\n<p><a href=\"https:\/\/www.freiburg-schwarzwald.de\/blog\/bildung\/hochschulen\/kh-freiburg\/kath-fh070815\/\" rel=\"attachment wp-att-25529\"><img loading=\"lazy\" decoding=\"async\" class=\"alignnone size-thumbnail wp-image-25529\" title=\"kath-fh070815\" src=\"https:\/\/www.freiburg-schwarzwald.de\/blog\/wp-content\/uploads\/2013\/03\/kath-fh070815-180x135.jpg\" alt=\"\" width=\"180\" height=\"135\" srcset=\"https:\/\/www.freiburg-schwarzwald.de\/blog\/wp-content\/uploads\/2013\/03\/kath-fh070815-180x135.jpg 180w, https:\/\/www.freiburg-schwarzwald.de\/blog\/wp-content\/uploads\/2013\/03\/kath-fh070815.jpg 640w\" sizes=\"auto, (max-width: 180px) 100vw, 180px\" \/><\/a>\u00a0\u00a0 Blick nach S\u00fcden am 15.8.2007 zur Kath. Hochschule (damals noch FH)<\/p>\n<p>Katholische Hochschule Freiburg, Catholic University of Applied Sciences<br \/>\nKarlstra\u00dfe 63, 79104 Freiburg, Tel 0761 200-1502<br \/>\nE-Mail: <a href=\"mailto:rektorat@kh-freiburg.de\">rektorat@kh-freiburg.de<\/a>\u00a0<br \/>\n<a href=\"https:\/\/www.kh-freiburg.de\/\">www.kh-freiburg.de<\/a>\u00a0<\/p>\n<p><span>Cornelia Kricheldorff, Prof. Dr. phil. , <a href=\"mailto:kricheldorff@kfh-freiburg.de\">kricheldorff@kfh-freiburg.de<\/a> <\/span><br \/>\n<a href=\"https:\/\/www.freiburg-schwarzwald.de\/vereine1.htm#Ver\u00e4nderte Bed\u00fcrfnisse \u00e4lterer Menschen - neue Vereinskultur\">Ver\u00e4nderte Bed\u00fcrfnisse \u00e4lterer Menschen &#8211; neue Vereinskultur<\/a> &gt;Vereine1 (27.6.2006)<\/p>\n<p>Karl-Heinz Menzen, Prof. Dr. phil., habil. , <a href=\"mailto:menzen@kfh-freiburg.de\">menzen@kfh-freiburg.de<\/a><\/p>\n<p><span style=\"font-family: Arial; font-size: x-small;\"><span style=\"font-family: Arial; font-size: x-small;\"><span style=\"font-family: Arial; font-size: x-small;\"><span><span style=\"font-family: Arial; font-size: x-small;\"><br \/>\n<\/span><\/span><\/span><\/span><\/span><\/p>\n<p>&nbsp;<\/p>\n<p>&nbsp;<\/p>\n<p>&nbsp;<\/p>\n<p>&nbsp;<\/p>\n","protected":false},"excerpt":{"rendered":"<p>Home &gt;Bildung &gt;Hochschulen\u00a0&gt;KH-Freiburg &nbsp; https:\/\/www.freiburg-schwarzwald.de\/blog\/wachkoma-mcs-netzwerk\/\u00a0(27.11.2013) https:\/\/www.freiburg-schwarzwald.de\/blog\/parkinson-erkrankter-kaschper\/\u00a0(24.3.2013) https:\/\/www.freiburg-schwarzwald.de\/blog\/vega-im-freiburger-osten\/\u00a0(17.10.2012) VEGA: 1. Wohnprojektetag, Laubenhof, Stadtteilkonferenzen &gt;Senioren4 (2.12.2011) VEGA -Verantwortungsgemeinschaften f\u00fcr gelingendes Altern im Freiburger Osten &gt;Senioren Kleine Helden: Wenn Kinder Gewalt in Familien erleben &gt;Gewalt1 (25.3.2010) KFH Freiburg und MdK BW bilden erstmalig &hellip; <a href=\"https:\/\/www.freiburg-schwarzwald.de\/blog\/bildung\/hochschulen\/kh-freiburg\/\">Weiterlesen <span class=\"meta-nav\">&rarr;<\/span><\/a><\/p>\n","protected":false},"author":4,"featured_media":0,"parent":4251,"menu_order":0,"comment_status":"open","ping_status":"closed","template":"","meta":{"footnotes":""},"class_list":["post-25526","page","type-page","status-publish","hentry"],"_links":{"self":[{"href":"https:\/\/www.freiburg-schwarzwald.de\/blog\/wp-json\/wp\/v2\/pages\/25526","targetHints":{"allow":["GET"]}}],"collection":[{"href":"https:\/\/www.freiburg-schwarzwald.de\/blog\/wp-json\/wp\/v2\/pages"}],"about":[{"href":"https:\/\/www.freiburg-schwarzwald.de\/blog\/wp-json\/wp\/v2\/types\/page"}],"author":[{"embeddable":true,"href":"https:\/\/www.freiburg-schwarzwald.de\/blog\/wp-json\/wp\/v2\/users\/4"}],"replies":[{"embeddable":true,"href":"https:\/\/www.freiburg-schwarzwald.de\/blog\/wp-json\/wp\/v2\/comments?post=25526"}],"version-history":[{"count":0,"href":"https:\/\/www.freiburg-schwarzwald.de\/blog\/wp-json\/wp\/v2\/pages\/25526\/revisions"}],"up":[{"embeddable":true,"href":"https:\/\/www.freiburg-schwarzwald.de\/blog\/wp-json\/wp\/v2\/pages\/4251"}],"wp:attachment":[{"href":"https:\/\/www.freiburg-schwarzwald.de\/blog\/wp-json\/wp\/v2\/media?parent=25526"}],"curies":[{"name":"wp","href":"https:\/\/api.w.org\/{rel}","templated":true}]}}