{"id":25431,"date":"2013-03-22T21:58:59","date_gmt":"2013-03-22T20:58:59","guid":{"rendered":"https:\/\/www.freiburg-schwarzwald.de\/blog\/?page_id=25431"},"modified":"2013-03-24T17:52:18","modified_gmt":"2013-03-24T16:52:18","slug":"herrenschwand","status":"publish","type":"page","link":"https:\/\/www.freiburg-schwarzwald.de\/blog\/regio\/orte\/herrenschwand\/","title":{"rendered":"Herrenschwand"},"content":{"rendered":"<p>Home &gt;<a title=\"Regio\" href=\"https:\/\/www.freiburg-schwarzwald.de\/blog\/regio\/\">Regio<\/a> &gt;<a title=\"Orte\" href=\"https:\/\/www.freiburg-schwarzwald.de\/blog\/regio\/orte\/\">Orte<\/a> &gt;<a title=\"Froehnd\" href=\"https:\/\/www.freiburg-schwarzwald.de\/blog\/regio\/orte\/froehnd\/\">Froehnd<\/a> &gt;Herrenschwand<\/p>\n<div id=\"attachment_25435\" style=\"width: 609px\" class=\"wp-caption alignnone\"><a href=\"https:\/\/www.freiburg-schwarzwald.de\/blog\/regio\/orte\/herrenschwand\/herrenschwand3pan-080824\/\" rel=\"attachment wp-att-25435\"><img loading=\"lazy\" decoding=\"async\" aria-describedby=\"caption-attachment-25435\" class=\"size-full wp-image-25435\" title=\"herrenschwand3pan-080824\" src=\"https:\/\/www.freiburg-schwarzwald.de\/blog\/wp-content\/uploads\/2013\/03\/herrenschwand3pan-080824.jpg\" alt=\"\" width=\"599\" height=\"199\" srcset=\"https:\/\/www.freiburg-schwarzwald.de\/blog\/wp-content\/uploads\/2013\/03\/herrenschwand3pan-080824.jpg 599w, https:\/\/www.freiburg-schwarzwald.de\/blog\/wp-content\/uploads\/2013\/03\/herrenschwand3pan-080824-180x59.jpg 180w\" sizes=\"auto, (max-width: 599px) 100vw, 599px\" \/><\/a><p id=\"caption-attachment-25435\" class=\"wp-caption-text\">Blick nach Norden \u00fcber Herrenschwand-Hinterdorf zum Herzogenhorn (oben rechts) am 24.8.2008<\/p><\/div>\n<ul>\n<li>Herrenschwand zwischen Pr\u00e4g, H\u00e4g-Ehrsberg und Sch\u00f6nau-Tunau<\/li>\n<li>Bilder Herrenschwand<\/li>\n<li><a href=\"https:\/\/www.freiburg-schwarzwald.de\/herrenschwand.htm\">www.freiburg-schwarzwald.de\/herrenschwand.htm<\/a> &gt;Herrenschwand Archivseite<\/li>\n<li><a href=\"https:\/\/www.freiburg-schwarzwald.de\/herrenschwand#Herrenschwand-Hinterdorf\">Herrenschwand-Hinterdorf<\/a><\/li>\n<li><a href=\"https:\/\/www.freiburg-schwarzwald.de\/herrenschwand#Herrenschwand-Vorderdorf\">Herrenschwand-Vorderdorf<\/a><\/li>\n<li><a href=\"https:\/\/www.freiburg-schwarzwald.de\/herrenschwand#Hochgescheid mit Skilift\">Hochgescheid mit Skilift<\/a><\/li>\n<li><a href=\"https:\/\/www.freiburg-schwarzwald.de\/herrenschwand#Fuchswald - zwischen Sch\u00f6nau und Herrenschwand\">Fuchswald &#8211; zwischen Sch\u00f6nau und Herrenschwand<\/a><\/li>\n<li><a href=\"https:\/\/www.freiburg-schwarzwald.de\/herrenschwand#Aussichtspunkt: Naturschutzgebiet Gletscherkessel Pr\u00e4g\">Rottannenparkplatz &#8211; Aussichtspunkt Naturschutzgebiet Gletscherkessel Pr\u00e4g<\/a><\/li>\n<li><a href=\"https:\/\/www.freiburg-schwarzwald.de\/todtmoos.htm#Todtmoos Skilift-Zentrum - Hochkopf - Herrenschwand - Pr\u00e4g\">Todtmoos Skilift-Zentrum &#8211; Hochkopf &#8211; Herrenschwand &#8211; Pr\u00e4g<\/a> &gt;Todtmoos<\/li>\n<li><span><a href=\"https:\/\/www.freiburg-schwarzwald.de\/herrenschwand#Hotel Waldfrieden\">Waldfrieden- Hotel<\/a><\/span><\/li>\n<li><a href=\"https:\/\/www.freiburg-schwarzwald.de\/herrenschwand#Links\">Links<\/a><\/li>\n<li><a title=\"Froehnd\" href=\"https:\/\/www.freiburg-schwarzwald.de\/blog\/regio\/orte\/froehnd\/\">Fr\u00f6hnd im Westen<\/a><\/li>\n<li><a title=\"Haeg-Ehrsberg\" href=\"https:\/\/www.freiburg-schwarzwald.de\/blog\/regio\/orte\/haeg-ehrsberg\/\">H\u00e4g-Ehrsberg im S\u00fcden<\/a><\/li>\n<li><a href=\"https:\/\/www.freiburg-schwarzwald.de\/schoenau.htm\">Sch\u00f6nau im Wiesental<\/a> &gt;Schoenau<\/li>\n<\/ul>\n<p><strong>Herrenschwand zwischen Pr\u00e4g, H\u00e4g-Erhsberg und Sch\u00f6nau-Tunau<\/strong><\/p>\n<p>Herrenschwand liegt auf einem nach S\u00fcdwesten ausgerichteten offenen und sonnigen Hochplateau, das vom Moosb\u00e4chle durchzogen wird. Die Herrenschwander Wiesen liegen auf ca 1000 m H\u00f6he, zwischen Herrenschwander Kopf (1152 m) im S\u00fcden und der H\u00f6h (1092 m) im Norden.<\/p>\n<p>Mit dem Pkw ist Herrenschwand erreichbar:<br \/>\n&#8211; Von Ost \u00fcber den Wei\u00dfenbachsattel (Strasse Pr\u00e4g &#8211; Todtmoos)<br \/>\n&#8211; Von S\u00fcdwesten \u00fcber H\u00e4g-Ehrsberg<br \/>\n&#8211; Von Nordwesten \u00fcber Sch\u00f6nau im Wiesental (zuerst Richtung Tunau) und Tiergr\u00fcble<\/p>\n<p>&nbsp;<\/p>\n<p><strong>\u00a0Bilder Herrenschwand<\/strong><\/p>\n<p><a href=\"https:\/\/www.freiburg-schwarzwald.de\/blog\/regio\/orte\/herrenschwand\/herrenschwand1belchen130316\/\" rel=\"attachment wp-att-25556\"><img loading=\"lazy\" decoding=\"async\" class=\"alignnone size-thumbnail wp-image-25556\" title=\"herrenschwand1belchen130316\" src=\"https:\/\/www.freiburg-schwarzwald.de\/blog\/wp-content\/uploads\/2013\/03\/herrenschwand1belchen130316-180x135.jpg\" alt=\"\" width=\"180\" height=\"135\" srcset=\"https:\/\/www.freiburg-schwarzwald.de\/blog\/wp-content\/uploads\/2013\/03\/herrenschwand1belchen130316-180x135.jpg 180w, https:\/\/www.freiburg-schwarzwald.de\/blog\/wp-content\/uploads\/2013\/03\/herrenschwand1belchen130316-640x480.jpg 640w, https:\/\/www.freiburg-schwarzwald.de\/blog\/wp-content\/uploads\/2013\/03\/herrenschwand1belchen130316.jpg 1000w\" sizes=\"auto, (max-width: 180px) 100vw, 180px\" \/><\/a>\u00a0\u00a0\u00a0\u00a0\u00a0\u00a0\u00a0\u00a0\u00a0 <a href=\"https:\/\/www.freiburg-schwarzwald.de\/blog\/regio\/orte\/herrenschwand\/herrenschwand2belchen130316\/\" rel=\"attachment wp-att-25557\"><img loading=\"lazy\" decoding=\"async\" class=\"alignnone size-thumbnail wp-image-25557\" title=\"herrenschwand2belchen130316\" src=\"https:\/\/www.freiburg-schwarzwald.de\/blog\/wp-content\/uploads\/2013\/03\/herrenschwand2belchen130316-180x145.jpg\" alt=\"\" width=\"180\" height=\"145\" srcset=\"https:\/\/www.freiburg-schwarzwald.de\/blog\/wp-content\/uploads\/2013\/03\/herrenschwand2belchen130316-180x145.jpg 180w, https:\/\/www.freiburg-schwarzwald.de\/blog\/wp-content\/uploads\/2013\/03\/herrenschwand2belchen130316-640x517.jpg 640w, https:\/\/www.freiburg-schwarzwald.de\/blog\/wp-content\/uploads\/2013\/03\/herrenschwand2belchen130316.jpg 876w\" sizes=\"auto, (max-width: 180px) 100vw, 180px\" \/><\/a>\u00a0\u00a0\u00a0\u00a0\u00a0\u00a0\u00a0\u00a0\u00a0 <a href=\"https:\/\/www.freiburg-schwarzwald.de\/blog\/regio\/orte\/herrenschwand\/herrenschwand3skilift130316\/\" rel=\"attachment wp-att-25558\"><img loading=\"lazy\" decoding=\"async\" class=\"alignnone size-thumbnail wp-image-25558\" title=\"herrenschwand3skilift130316\" src=\"https:\/\/www.freiburg-schwarzwald.de\/blog\/wp-content\/uploads\/2013\/03\/herrenschwand3skilift130316-180x135.jpg\" alt=\"\" width=\"180\" height=\"135\" srcset=\"https:\/\/www.freiburg-schwarzwald.de\/blog\/wp-content\/uploads\/2013\/03\/herrenschwand3skilift130316-180x135.jpg 180w, https:\/\/www.freiburg-schwarzwald.de\/blog\/wp-content\/uploads\/2013\/03\/herrenschwand3skilift130316.jpg 640w\" sizes=\"auto, (max-width: 180px) 100vw, 180px\" \/><\/a><br \/>\n(1) Hochgescheid und Belchen\u00a0\u00a0\u00a0\u00a0\u00a0\u00a0\u00a0\u00a0\u00a0\u00a0\u00a0\u00a0 (2) Schneckenkopf und Belchen\u00a0\u00a0\u00a0\u00a0\u00a0\u00a0\u00a0\u00a0\u00a0\u00a0\u00a0\u00a0 (3) Skilift Vorderherrenschwand<\/p>\n<p>\u00a0<a href=\"https:\/\/www.freiburg-schwarzwald.de\/blog\/regio\/orte\/herrenschwand\/herrenschwand4hochgescheid130316\/\" rel=\"attachment wp-att-25561\"><img loading=\"lazy\" decoding=\"async\" class=\"alignnone size-thumbnail wp-image-25561\" title=\"herrenschwand4hochgescheid130316\" src=\"https:\/\/www.freiburg-schwarzwald.de\/blog\/wp-content\/uploads\/2013\/03\/herrenschwand4hochgescheid130316-180x135.jpg\" alt=\"\" width=\"180\" height=\"135\" srcset=\"https:\/\/www.freiburg-schwarzwald.de\/blog\/wp-content\/uploads\/2013\/03\/herrenschwand4hochgescheid130316-180x135.jpg 180w, https:\/\/www.freiburg-schwarzwald.de\/blog\/wp-content\/uploads\/2013\/03\/herrenschwand4hochgescheid130316-640x480.jpg 640w, https:\/\/www.freiburg-schwarzwald.de\/blog\/wp-content\/uploads\/2013\/03\/herrenschwand4hochgescheid130316.jpg 1000w\" sizes=\"auto, (max-width: 180px) 100vw, 180px\" \/><\/a>\u00a0\u00a0\u00a0\u00a0\u00a0\u00a0\u00a0\u00a0\u00a0 <a href=\"https:\/\/www.freiburg-schwarzwald.de\/blog\/regio\/orte\/herrenschwand\/herrenschwand5waldfrieden130316\/\" rel=\"attachment wp-att-25562\"><img loading=\"lazy\" decoding=\"async\" class=\"alignnone size-thumbnail wp-image-25562\" title=\"herrenschwand5waldfrieden130316\" src=\"https:\/\/www.freiburg-schwarzwald.de\/blog\/wp-content\/uploads\/2013\/03\/herrenschwand5waldfrieden130316-180x142.jpg\" alt=\"\" width=\"180\" height=\"142\" srcset=\"https:\/\/www.freiburg-schwarzwald.de\/blog\/wp-content\/uploads\/2013\/03\/herrenschwand5waldfrieden130316-180x142.jpg 180w, https:\/\/www.freiburg-schwarzwald.de\/blog\/wp-content\/uploads\/2013\/03\/herrenschwand5waldfrieden130316.jpg 640w\" sizes=\"auto, (max-width: 180px) 100vw, 180px\" \/><\/a>\u00a0\u00a0\u00a0\u00a0\u00a0\u00a0\u00a0\u00a0\u00a0 <a href=\"https:\/\/www.freiburg-schwarzwald.de\/blog\/regio\/orte\/herrenschwand\/herrenschwand6-hof130316\/\" rel=\"attachment wp-att-25563\"><img loading=\"lazy\" decoding=\"async\" class=\"alignnone size-thumbnail wp-image-25563\" title=\"herrenschwand6-hof130316\" src=\"https:\/\/www.freiburg-schwarzwald.de\/blog\/wp-content\/uploads\/2013\/03\/herrenschwand6-hof130316-180x135.jpg\" alt=\"\" width=\"180\" height=\"135\" srcset=\"https:\/\/www.freiburg-schwarzwald.de\/blog\/wp-content\/uploads\/2013\/03\/herrenschwand6-hof130316-180x135.jpg 180w, https:\/\/www.freiburg-schwarzwald.de\/blog\/wp-content\/uploads\/2013\/03\/herrenschwand6-hof130316.jpg 640w\" sizes=\"auto, (max-width: 180px) 100vw, 180px\" \/><\/a><br \/>\n(4) Nordw\u00e4rts auf Vorderherrenschwand\u00a0 (5) Gasthaus Waldfrieden\u00a0\u00a0\u00a0\u00a0\u00a0\u00a0\u00a0\u00a0\u00a0\u00a0\u00a0\u00a0\u00a0\u00a0\u00a0\u00a0\u00a0\u00a0 (6)<\/p>\n<p><a href=\"https:\/\/www.freiburg-schwarzwald.de\/blog\/regio\/orte\/herrenschwand\/herrenschwand7-hof130316\/\" rel=\"attachment wp-att-25564\"><img loading=\"lazy\" decoding=\"async\" class=\"alignnone size-thumbnail wp-image-25564\" title=\"herrenschwand7-hof130316\" src=\"https:\/\/www.freiburg-schwarzwald.de\/blog\/wp-content\/uploads\/2013\/03\/herrenschwand7-hof130316-180x135.jpg\" alt=\"\" width=\"180\" height=\"135\" srcset=\"https:\/\/www.freiburg-schwarzwald.de\/blog\/wp-content\/uploads\/2013\/03\/herrenschwand7-hof130316-180x135.jpg 180w, https:\/\/www.freiburg-schwarzwald.de\/blog\/wp-content\/uploads\/2013\/03\/herrenschwand7-hof130316.jpg 640w\" sizes=\"auto, (max-width: 180px) 100vw, 180px\" \/><\/a>\u00a0\u00a0\u00a0\u00a0\u00a0\u00a0\u00a0\u00a0\u00a0 <a href=\"https:\/\/www.freiburg-schwarzwald.de\/blog\/regio\/orte\/herrenschwand\/herrenschwand8-hof130316\/\" rel=\"attachment wp-att-25565\"><img loading=\"lazy\" decoding=\"async\" class=\"alignnone size-thumbnail wp-image-25565\" title=\"herrenschwand8-hof130316\" src=\"https:\/\/www.freiburg-schwarzwald.de\/blog\/wp-content\/uploads\/2013\/03\/herrenschwand8-hof130316-180x135.jpg\" alt=\"\" width=\"180\" height=\"135\" srcset=\"https:\/\/www.freiburg-schwarzwald.de\/blog\/wp-content\/uploads\/2013\/03\/herrenschwand8-hof130316-180x135.jpg 180w, https:\/\/www.freiburg-schwarzwald.de\/blog\/wp-content\/uploads\/2013\/03\/herrenschwand8-hof130316.jpg 640w\" sizes=\"auto, (max-width: 180px) 100vw, 180px\" \/><\/a>\u00a0\u00a0\u00a0\u00a0\u00a0\u00a0\u00a0\u00a0\u00a0 <a href=\"https:\/\/www.freiburg-schwarzwald.de\/blog\/regio\/orte\/herrenschwand\/herrenschwand9praeg130316\/\" rel=\"attachment wp-att-25566\"><img loading=\"lazy\" decoding=\"async\" class=\"alignnone size-thumbnail wp-image-25566\" title=\"herrenschwand9praeg130316\" src=\"https:\/\/www.freiburg-schwarzwald.de\/blog\/wp-content\/uploads\/2013\/03\/herrenschwand9praeg130316-180x135.jpg\" alt=\"\" width=\"180\" height=\"135\" srcset=\"https:\/\/www.freiburg-schwarzwald.de\/blog\/wp-content\/uploads\/2013\/03\/herrenschwand9praeg130316-180x135.jpg 180w, https:\/\/www.freiburg-schwarzwald.de\/blog\/wp-content\/uploads\/2013\/03\/herrenschwand9praeg130316.jpg 640w\" sizes=\"auto, (max-width: 180px) 100vw, 180px\" \/><\/a><br \/>\n(7)\u00a0\u00a0\u00a0\u00a0\u00a0\u00a0\u00a0\u00a0\u00a0\u00a0\u00a0\u00a0\u00a0\u00a0\u00a0\u00a0\u00a0\u00a0\u00a0\u00a0\u00a0\u00a0\u00a0\u00a0\u00a0\u00a0\u00a0\u00a0\u00a0\u00a0\u00a0\u00a0\u00a0\u00a0\u00a0\u00a0\u00a0\u00a0\u00a0\u00a0\u00a0\u00a0\u00a0\u00a0\u00a0\u00a0\u00a0\u00a0\u00a0\u00a0\u00a0\u00a0\u00a0\u00a0\u00a0\u00a0\u00a0\u00a0\u00a0\u00a0\u00a0\u00a0\u00a0\u00a0 (8) Ferienwohnungen\u00a016.3.2013\u00a0\u00a0\u00a0\u00a0\u00a0\u00a0\u00a0\u00a0\u00a0\u00a0\u00a0 (9) Pr\u00e4g im Norden ganz unten<\/p>\n<p><a href=\"https:\/\/www.freiburg-schwarzwald.de\/blog\/regio\/orte\/herrenschwand\/herrenschwand10herzogenhorn130316\/\" rel=\"attachment wp-att-25567\"><img loading=\"lazy\" decoding=\"async\" class=\"alignnone size-thumbnail wp-image-25567\" title=\"herrenschwand10herzogenhorn130316\" src=\"https:\/\/www.freiburg-schwarzwald.de\/blog\/wp-content\/uploads\/2013\/03\/herrenschwand10herzogenhorn130316-180x135.jpg\" alt=\"\" width=\"180\" height=\"135\" srcset=\"https:\/\/www.freiburg-schwarzwald.de\/blog\/wp-content\/uploads\/2013\/03\/herrenschwand10herzogenhorn130316-180x135.jpg 180w, https:\/\/www.freiburg-schwarzwald.de\/blog\/wp-content\/uploads\/2013\/03\/herrenschwand10herzogenhorn130316.jpg 640w\" sizes=\"auto, (max-width: 180px) 100vw, 180px\" \/><\/a>\u00a0\u00a0\u00a0\u00a0\u00a0\u00a0\u00a0\u00a0\u00a0 <a href=\"https:\/\/www.freiburg-schwarzwald.de\/blog\/regio\/orte\/herrenschwand\/herrenschwand11rottannen130316\/\" rel=\"attachment wp-att-25568\"><img loading=\"lazy\" decoding=\"async\" class=\"alignnone size-thumbnail wp-image-25568\" title=\"herrenschwand11rottannen130316\" src=\"https:\/\/www.freiburg-schwarzwald.de\/blog\/wp-content\/uploads\/2013\/03\/herrenschwand11rottannen130316-180x135.jpg\" alt=\"\" width=\"180\" height=\"135\" srcset=\"https:\/\/www.freiburg-schwarzwald.de\/blog\/wp-content\/uploads\/2013\/03\/herrenschwand11rottannen130316-180x135.jpg 180w, https:\/\/www.freiburg-schwarzwald.de\/blog\/wp-content\/uploads\/2013\/03\/herrenschwand11rottannen130316.jpg 640w\" sizes=\"auto, (max-width: 180px) 100vw, 180px\" \/><\/a><br \/>\n(10) Herzogenhorn im Norden\u00a0\u00a0\u00a0\u00a0\u00a0\u00a0\u00a0\u00a0\u00a0\u00a0\u00a0\u00a0 (11) Wanderparkplatz Rottannenwald<\/p>\n<p>(1) Blick vom Str\u00e4\u00dfchen zwischen Ehrsbeg-Waldmatt und Herrenschwand nach Norden \u00fcber den Hochgescheid bis zum Belchen am 16.3.2013<br \/>\n(2)\u00a0Blick vom Str\u00e4\u00dfchen zwischen Ehrsbeg-Waldmatt und Herrenschwand nach Nordwesten \u00fcber den Schneckenkopf oberhalb Fr\u00f6hnd-Holz bis zum Belchen am 16.3.2013<br \/>\n(9) Blick vom Wanderparkplatz Rottannenwald zwischen Herrenschwand und Hochkopfhaus nach Norden \u00fcber Pr\u00e4g ganz unten und weiter hoch zum Herzogenhorn am 16.3.2013<br \/>\n(10) Tele-Blick vom Wanderparkplatz Rottannenwald zwischen Herrenschwand und Hochkopfhaus nach Nordosten zum Herzogenhorn am 16.3.2013<br \/>\n(11) Blick vom Wanderparkplatz Rottannenwald zwischen Herrenschwand und Hochkopfhaus nach Nordwesten in Richtung Hochgescheid am 16.3.2013<\/p>\n","protected":false},"excerpt":{"rendered":"<p>Home &gt;Regio &gt;Orte &gt;Froehnd &gt;Herrenschwand Herrenschwand zwischen Pr\u00e4g, H\u00e4g-Ehrsberg und Sch\u00f6nau-Tunau Bilder Herrenschwand www.freiburg-schwarzwald.de\/herrenschwand.htm &gt;Herrenschwand Archivseite Herrenschwand-Hinterdorf Herrenschwand-Vorderdorf Hochgescheid mit Skilift Fuchswald &#8211; zwischen Sch\u00f6nau und Herrenschwand Rottannenparkplatz &#8211; Aussichtspunkt Naturschutzgebiet Gletscherkessel Pr\u00e4g Todtmoos Skilift-Zentrum &#8211; Hochkopf &#8211; Herrenschwand &#8211; &hellip; <a href=\"https:\/\/www.freiburg-schwarzwald.de\/blog\/regio\/orte\/herrenschwand\/\">Weiterlesen <span class=\"meta-nav\">&rarr;<\/span><\/a><\/p>\n","protected":false},"author":4,"featured_media":0,"parent":363,"menu_order":0,"comment_status":"open","ping_status":"closed","template":"","meta":{"footnotes":""},"class_list":["post-25431","page","type-page","status-publish","hentry"],"_links":{"self":[{"href":"https:\/\/www.freiburg-schwarzwald.de\/blog\/wp-json\/wp\/v2\/pages\/25431","targetHints":{"allow":["GET"]}}],"collection":[{"href":"https:\/\/www.freiburg-schwarzwald.de\/blog\/wp-json\/wp\/v2\/pages"}],"about":[{"href":"https:\/\/www.freiburg-schwarzwald.de\/blog\/wp-json\/wp\/v2\/types\/page"}],"author":[{"embeddable":true,"href":"https:\/\/www.freiburg-schwarzwald.de\/blog\/wp-json\/wp\/v2\/users\/4"}],"replies":[{"embeddable":true,"href":"https:\/\/www.freiburg-schwarzwald.de\/blog\/wp-json\/wp\/v2\/comments?post=25431"}],"version-history":[{"count":0,"href":"https:\/\/www.freiburg-schwarzwald.de\/blog\/wp-json\/wp\/v2\/pages\/25431\/revisions"}],"up":[{"embeddable":true,"href":"https:\/\/www.freiburg-schwarzwald.de\/blog\/wp-json\/wp\/v2\/pages\/363"}],"wp:attachment":[{"href":"https:\/\/www.freiburg-schwarzwald.de\/blog\/wp-json\/wp\/v2\/media?parent=25431"}],"curies":[{"name":"wp","href":"https:\/\/api.w.org\/{rel}","templated":true}]}}