{"id":25322,"date":"2013-03-21T10:37:17","date_gmt":"2013-03-21T09:37:17","guid":{"rendered":"https:\/\/www.freiburg-schwarzwald.de\/blog\/?page_id=25322"},"modified":"2022-11-03T10:01:03","modified_gmt":"2022-11-03T09:01:03","slug":"alterfriedhof","status":"publish","type":"page","link":"https:\/\/www.freiburg-schwarzwald.de\/blog\/kultur\/friedhoefe\/alterfriedhof\/","title":{"rendered":"AlterFriedhof"},"content":{"rendered":"<p>Home &gt;<a title=\"Kultur\" href=\"https:\/\/www.freiburg-schwarzwald.de\/blog\/kultur\/\">Kultur<\/a> &gt;<a title=\"Friedhoefe\" href=\"https:\/\/www.freiburg-schwarzwald.de\/blog\/kultur\/friedhoefe\/\">Friedhoefe<\/a> &gt;<a title=\"Stadtfreiburg\" href=\"https:\/\/www.freiburg-schwarzwald.de\/blog\/regio\/freiburg\/stadtfreiburg\/\">Freiburg<\/a> &gt;AlterFriedhof<\/p>\n<div id=\"attachment_25330\" style=\"width: 647px\" class=\"wp-caption alignnone\"><a href=\"https:\/\/www.freiburg-schwarzwald.de\/blog\/kultur\/friedhoefe\/alterfriedhof\/alterfriedhof1walter-pan110116\/\" rel=\"attachment wp-att-25330\"><img loading=\"lazy\" decoding=\"async\" aria-describedby=\"caption-attachment-25330\" class=\"size-full wp-image-25330\" title=\"alterfriedhof1walter-pan110116\" src=\"https:\/\/www.freiburg-schwarzwald.de\/blog\/wp-content\/uploads\/2013\/03\/alterfriedhof1walter-pan110116.jpg\" alt=\"\" width=\"637\" height=\"282\" srcset=\"https:\/\/www.freiburg-schwarzwald.de\/blog\/wp-content\/uploads\/2013\/03\/alterfriedhof1walter-pan110116.jpg 637w, https:\/\/www.freiburg-schwarzwald.de\/blog\/wp-content\/uploads\/2013\/03\/alterfriedhof1walter-pan110116-180x79.jpg 180w\" sizes=\"auto, (max-width: 637px) 100vw, 637px\" \/><\/a><p id=\"caption-attachment-25330\" class=\"wp-caption-text\">Alter Friedhof in Freiburg-Herdern: Junger Hamameliszweig auf dem alten Grab von Caroline Walter, die mit nur 17 Jahren verstorben ist<\/p><\/div>\n<ul>\n<li><a href=\"https:\/\/www.freiburg-schwarzwald.de\/blog\/alter-friedhof-freiburg-6-nov\/\">Alter Friedhof Freiburg 6. Nov<\/a> (3.11.2022)<\/li>\n<li>Dach der Michaelskapelle f\u00fcr knapp 500.000 Euro saniert (27.7.2015)<\/li>\n<li><a href=\"https:\/\/www.freiburg-schwarzwald.de\/blog\/alter-friedhof-maerzfruehling\/\">https:\/\/www.freiburg-schwarzwald.de\/blog\/alter-friedhof-maerzfruehling\/<\/a>\u00a0(28.3.2014)<\/li>\n<li>Freunde und F\u00f6rderer: Grabmale instand gesetzt (27.3.2014)<\/li>\n<li>Kampf gegen den Verfall geht weiter (21.3.2013)<\/li>\n<li><a href=\"https:\/\/www.freiburg-schwarzwald.de\/alterfriedhof#Usere tote Wurzle chunnt e neue Baum\">Usere tote Wurzle chunnt e neue Baum<\/a>\u00a0&gt;AlterFriedhof (21.11.2011)<\/li>\n<li><a href=\"https:\/\/www.freiburg-schwarzwald.de\/alterfriedhof#November, Totemonet\">November, Totemonet<\/a>\u00a0&gt;AlterFriedhof (14.11.2011)<\/li>\n<li><a href=\"https:\/\/www.freiburg-schwarzwald.de\/alterfriedhof#Totentanz in der Vorhalle der Michaelskapelle\">Totentanz in der Vorhalle der Michaelskapelle<\/a>\u00a0&gt;AlterFriedhof (24.1.2011)<\/li>\n<li><a href=\"https:\/\/www.freiburg-schwarzwald.de\/alterfriedhof.htm#Ausstellung im M\u00fcnster: Alter Friedhof 1683-172 - Kulturdenkmal\">Ausstellung im M\u00fcnster: Alter Friedhof 1683-172 &#8211; Kulturdenkmal<\/a>\u00a0&gt;AlterFriedhof (3.1.2011)<\/li>\n<li><a href=\"https:\/\/www.freiburg-schwarzwald.de\/friedhoefe1.htm#Wildwuchs auf Freiburgs Friedh\u00f6fen\">Wildwuchs auf Freiburgs Friedh\u00f6fen?<\/a>\u00a0&gt;Friedhoefe1 (1.12.2010)<\/li>\n<li><a href=\"https:\/\/www.freiburg-schwarzwald.de\/alterfriedhof.htm#Unbekannte zerst\u00f6ren 18 Grabsteine in Freiburg - Kreuze abgehackt\">Unbekannte zerst\u00f6ren 18 Grabsteine in Freiburg &#8211; Kreuze abgehackt<\/a>\u00a0&gt;Alterfriedhof (12.4.2010)<\/li>\n<li><a href=\"https:\/\/www.freiburg-schwarzwald.de\/alterfriedhof#Am Friedhof nagt der Zahn der Zeit\">Am Friedhof nagt der Zahn der Zeit<\/a>\u00a0&gt;AlterFriedhof (12.9.2009)<\/li>\n<li><a href=\"https:\/\/www.freiburg-schwarzwald.de\/alterfriedhof#Lesereihe Friedhofs-Literatur mit Hartmut Stiller letztmalig\">Lesereihe Friedhofs-Literatur mit Hartmut Stiller letztmalig<\/a>\u00a0&gt;Alterfriedhof (18.2.2009)<\/li>\n<li><a href=\"https:\/\/www.freiburg-schwarzwald.de\/alterfriedhof.htm#Advent-Roratemesse mit Kerzenlicht in der St. Michaelskapelle\">Advent-Roratemesse mit Kerzenlicht in der St. Michaelskapelle<\/a> &gt;AlterFriedhof (25.11.2008)<\/li>\n<li><a href=\"https:\/\/www.freiburg-schwarzwald.de\/alterfriedhof.htm#F\u00fchrung: Symbole auf Grabsteinen und deren Bedeutung\">F\u00fchrung: Symbole auf Grabsteinen und deren Bedeutung<\/a> &gt;AlterFriedhof (26.7.2008)<\/li>\n<li><a href=\"https:\/\/www.freiburg-schwarzwald.de\/alterfriedhof.htm#Im steten Kampf gegen den Zerfall: Grabmal-Sanierung geht voran\">Im steten Kampf gegen den Zerfall: Grabmal-Sanierung geht voran<\/a> &gt;AlterFriedhof (6.3.2008)<\/li>\n<li><a href=\"https:\/\/www.freiburg-schwarzwald.de\/juden1.htm#Der erste Stolperstein Freiburgs erinnert an Else Liefmann\">Der erste Stolperstein Freiburgs erinnert an Else Liefmann<\/a> &gt;Wiehre1 (20.7.2007)<\/li>\n<li><a href=\"https:\/\/www.freiburg-schwarzwald.de\/alterfriedhof#F\u00f6rderverein f\u00fcr den Alten Friedhof sucht Mitglieder und Sponsoren\">F\u00f6rderverein f\u00fcr den Alten Friedhof sucht Mitglieder und Sponsoren<\/a> (19.4.2007)<\/li>\n<li><a href=\"https:\/\/www.freiburg-schwarzwald.de\/alterfriedhof#Freiburg - Alter Friedhof an der Stadtstrasse\">Sie lebten in Freiburg &#8211; Ingrid K\u00fchbacher<\/a> (18.1.2007)<\/li>\n<li><a href=\"https:\/\/www.freiburg-schwarzwald.de\/alterfriedhof#Weihnachtskrippe in der Michaelskapelle im Alten Friedhof\">Weihnachtskrippe in der Michaelskapelle im Alten Friedhof<\/a> (20.12.2006)<\/li>\n<li><a href=\"https:\/\/www.freiburg-schwarzwald.de\/littenweiler\/kirchen3.htm#Erl\u00f6serkirche beim Alten Friedhof gibt es seit 1895\">Erl\u00f6serkirche beim Alten Friedhof gibt es seit 1895<\/a> &gt;Kirchen3 (12.6.2006)<\/li>\n<li><a href=\"https:\/\/www.freiburg-schwarzwald.de\/alterfriedhof#Ehepaar Utz entdeckt Michaelskapelle des Alten Friedhofs als freundlichen Ort\">Ehepaar Utz entdeckt Michaelskapelle des Alten Friedhofs als freundlichen Ort<\/a>(25.11.2005)<\/li>\n<li><strong><a href=\"https:\/\/www.freiburg-schwarzwald.de\/alterfriedhof.htm\">www.freiburg-schwarzwald.de\/alterFriedhof.htm<\/a> &gt;Archivseite mit vielen Bildern und Infos<\/strong><\/li>\n<li>Bilder Alter Friedhof<\/li>\n<li>Gesellschaft der Freunde und F\u00f6rderer des Alten Friedhofes in Freiburg<\/li>\n<li><a href=\"https:\/\/www.freiburg-schwarzwald.de\/alterfriedhof#Ber\u00fchmt - Caroline Walters Grab, mit 17 Jahren verstorben\">Ber\u00fchmt &#8211; Caroline Walter&#8217;s Grab, mit 17 Jahren verstorben<\/a><\/li>\n<li><a href=\"https:\/\/www.freiburg-schwarzwald.de\/alterfriedhof#Freiburg - Alter Friedhof an der Stadtstrasse\">Freiburg &#8211; Alter Friedhof an der Stadtstrasse<\/a><\/li>\n<li><a href=\"https:\/\/www.freiburg-schwarzwald.de\/alterfriedhof#Inschriften auf alten Grabsteinen\">Inschriften auf alten Grabsteinen<\/a><\/li>\n<li><a href=\"https:\/\/www.freiburg-schwarzwald.de\/littenweiler\/kapellen.htm\">Kapellen im Freiburger Osten <\/a><\/li>\n<li><a href=\"https:\/\/www.freiburg-schwarzwald.de\/kirchen.htm\">Kirchen<\/a><\/li>\n<li><a href=\"https:\/\/www.freiburg-schwarzwald.de\/kreuze.htm\">Kreuze<\/a> &gt;freiburg-dreisamtal.de\/kreuze.htm<\/li>\n<li><a href=\"https:\/\/www.freiburg-schwarzwald.de\/littenweiler\/wegekreuze.htm\">Wegekreuze im Dreisamtal <\/a>\u00a0&gt;freiburg-dreisamtal.de\/wegekreuze.htm<\/li>\n<li><a href=\"https:\/\/www.freiburg-schwarzwald.de\/heimatforscher.htm\">Heimatforscher und Chronisten<\/a> &gt;Heimatforscher<\/li>\n<\/ul>\n<p>&nbsp;<\/p>\n<p><strong>\u00a0Bilder Alter Friedhof<\/strong><\/p>\n<h5><a href=\"https:\/\/www.freiburg-schwarzwald.de\/blog\/kultur\/friedhoefe\/alterfriedhof\/alterfriedhof130507\/\" rel=\"attachment wp-att-29713\"><img loading=\"lazy\" decoding=\"async\" class=\"alignnone size-thumbnail wp-image-29713\" title=\"alterfriedhof130507\" src=\"https:\/\/www.freiburg-schwarzwald.de\/blog\/wp-content\/uploads\/2013\/03\/alterfriedhof130507-180x135.jpg\" alt=\"\" width=\"180\" height=\"135\" srcset=\"https:\/\/www.freiburg-schwarzwald.de\/blog\/wp-content\/uploads\/2013\/03\/alterfriedhof130507-180x135.jpg 180w, https:\/\/www.freiburg-schwarzwald.de\/blog\/wp-content\/uploads\/2013\/03\/alterfriedhof130507.jpg 640w\" sizes=\"auto, (max-width: 180px) 100vw, 180px\" \/><\/a>\u00a0\u00a0\u00a0\u00a0\u00a0\u00a0\u00a0\u00a0\u00a0 <a href=\"https:\/\/www.freiburg-schwarzwald.de\/blog\/kultur\/friedhoefe\/alterfriedhof\/alterfriedhof1kirche130507\/\" rel=\"attachment wp-att-29714\"><img loading=\"lazy\" decoding=\"async\" class=\"alignnone size-thumbnail wp-image-29714\" title=\"alterfriedhof1kirche130507\" src=\"https:\/\/www.freiburg-schwarzwald.de\/blog\/wp-content\/uploads\/2013\/03\/alterfriedhof1kirche130507-180x135.jpg\" alt=\"\" width=\"180\" height=\"135\" srcset=\"https:\/\/www.freiburg-schwarzwald.de\/blog\/wp-content\/uploads\/2013\/03\/alterfriedhof1kirche130507-180x135.jpg 180w, https:\/\/www.freiburg-schwarzwald.de\/blog\/wp-content\/uploads\/2013\/03\/alterfriedhof1kirche130507.jpg 640w\" sizes=\"auto, (max-width: 180px) 100vw, 180px\" \/><\/a>\u00a0\u00a0\u00a0\u00a0\u00a0\u00a0\u00a0\u00a0\u00a0 <a href=\"https:\/\/www.freiburg-schwarzwald.de\/blog\/kultur\/friedhoefe\/alterfriedhof\/alterfriedhof2fruehling130507\/\" rel=\"attachment wp-att-29715\"><img loading=\"lazy\" decoding=\"async\" class=\"alignnone size-thumbnail wp-image-29715\" title=\"alterfriedhof2fruehling130507\" src=\"https:\/\/www.freiburg-schwarzwald.de\/blog\/wp-content\/uploads\/2013\/03\/alterfriedhof2fruehling130507-180x150.jpg\" alt=\"\" width=\"180\" height=\"150\" srcset=\"https:\/\/www.freiburg-schwarzwald.de\/blog\/wp-content\/uploads\/2013\/03\/alterfriedhof2fruehling130507-180x150.jpg 180w, https:\/\/www.freiburg-schwarzwald.de\/blog\/wp-content\/uploads\/2013\/03\/alterfriedhof2fruehling130507-640x536.jpg 640w, https:\/\/www.freiburg-schwarzwald.de\/blog\/wp-content\/uploads\/2013\/03\/alterfriedhof2fruehling130507.jpg 672w\" sizes=\"auto, (max-width: 180px) 100vw, 180px\" \/><\/a><br \/>\n(1) Eingang Stadtstrasse\u00a0\u00a07.5.2013\u00a0\u00a0\u00a0\u00a0\u00a0\u00a0(2) Alter Friedhof im Fr\u00fchling\u00a0\u00a0\u00a0\u00a0\u00a0\u00a0\u00a0\u00a0\u00a0\u00a0\u00a0\u00a0\u00a0\u00a0\u00a0\u00a0\u00a0 (3) Grabmale an der Friedhofsmauer<\/h5>\n<h5><a href=\"https:\/\/www.freiburg-schwarzwald.de\/blog\/kultur\/friedhoefe\/alterfriedhof\/alterfriedhof3fruehling130507\/\" rel=\"attachment wp-att-29716\"><img loading=\"lazy\" decoding=\"async\" class=\"alignnone size-thumbnail wp-image-29716\" title=\"alterfriedhof3fruehling130507\" src=\"https:\/\/www.freiburg-schwarzwald.de\/blog\/wp-content\/uploads\/2013\/03\/alterfriedhof3fruehling130507-135x180.jpg\" alt=\"\" width=\"135\" height=\"180\" srcset=\"https:\/\/www.freiburg-schwarzwald.de\/blog\/wp-content\/uploads\/2013\/03\/alterfriedhof3fruehling130507-135x180.jpg 135w, https:\/\/www.freiburg-schwarzwald.de\/blog\/wp-content\/uploads\/2013\/03\/alterfriedhof3fruehling130507.jpg 480w\" sizes=\"auto, (max-width: 135px) 100vw, 135px\" \/><\/a>\u00a0\u00a0\u00a0\u00a0\u00a0\u00a0\u00a0\u00a0\u00a0\u00a0\u00a0\u00a0\u00a0\u00a0\u00a0\u00a0\u00a0\u00a0\u00a0\u00a0\u00a0\u00a0\u00a0 <a href=\"https:\/\/www.freiburg-schwarzwald.de\/blog\/kultur\/friedhoefe\/alterfriedhof\/alterfriedhof4fruehling130507\/\" rel=\"attachment wp-att-29717\"><img loading=\"lazy\" decoding=\"async\" class=\"alignnone size-thumbnail wp-image-29717\" title=\"alterfriedhof4fruehling130507\" src=\"https:\/\/www.freiburg-schwarzwald.de\/blog\/wp-content\/uploads\/2013\/03\/alterfriedhof4fruehling130507-180x135.jpg\" alt=\"\" width=\"180\" height=\"135\" srcset=\"https:\/\/www.freiburg-schwarzwald.de\/blog\/wp-content\/uploads\/2013\/03\/alterfriedhof4fruehling130507-180x135.jpg 180w, https:\/\/www.freiburg-schwarzwald.de\/blog\/wp-content\/uploads\/2013\/03\/alterfriedhof4fruehling130507.jpg 640w\" sizes=\"auto, (max-width: 180px) 100vw, 180px\" \/><\/a>\u00a0\u00a0\u00a0\u00a0\u00a0\u00a0\u00a0\u00a0\u00a0 <a href=\"https:\/\/www.freiburg-schwarzwald.de\/blog\/kultur\/friedhoefe\/alterfriedhof\/alterfriedhof-haus130507\/\" rel=\"attachment wp-att-29718\"><img loading=\"lazy\" decoding=\"async\" class=\"alignnone size-thumbnail wp-image-29718\" title=\"alterfriedhof-haus130507\" src=\"https:\/\/www.freiburg-schwarzwald.de\/blog\/wp-content\/uploads\/2013\/03\/alterfriedhof-haus130507-180x135.jpg\" alt=\"\" width=\"180\" height=\"135\" srcset=\"https:\/\/www.freiburg-schwarzwald.de\/blog\/wp-content\/uploads\/2013\/03\/alterfriedhof-haus130507-180x135.jpg 180w, https:\/\/www.freiburg-schwarzwald.de\/blog\/wp-content\/uploads\/2013\/03\/alterfriedhof-haus130507.jpg 640w\" sizes=\"auto, (max-width: 180px) 100vw, 180px\" \/><\/a><br \/>\n(4) 7.5.2013\u00a0\u00a0\u00a0\u00a0\u00a0\u00a0\u00a0\u00a0\u00a0\u00a0\u00a0\u00a0\u00a0\u00a0\u00a0\u00a0\u00a0\u00a0\u00a0\u00a0\u00a0\u00a0\u00a0\u00a0\u00a0\u00a0\u00a0\u00a0\u00a0\u00a0\u00a0\u00a0\u00a0\u00a0\u00a0\u00a0\u00a0\u00a0\u00a0\u00a0\u00a0\u00a0\u00a0\u00a0\u00a0\u00a0 (5) Pfirsichbl\u00fcte im Friedhof\u00a0\u00a0\u00a0\u00a0\u00a0\u00a0\u00a0\u00a0\u00a0\u00a0\u00a0\u00a0\u00a0\u00a0\u00a0\u00a0\u00a0\u00a0\u00a0 (6) An der Kirche 7.5.2013<\/h5>\n<h5><a href=\"https:\/\/www.freiburg-schwarzwald.de\/blog\/kultur\/friedhoefe\/alterfriedhof\/alterfriedhof-kirche130507-2\/\" rel=\"attachment wp-att-29719\"><img loading=\"lazy\" decoding=\"async\" class=\"alignnone size-thumbnail wp-image-29719\" title=\"alterfriedhof-kirche130507\" src=\"https:\/\/www.freiburg-schwarzwald.de\/blog\/wp-content\/uploads\/2013\/03\/alterfriedhof-kirche130507-135x180.jpg\" alt=\"\" width=\"135\" height=\"180\" srcset=\"https:\/\/www.freiburg-schwarzwald.de\/blog\/wp-content\/uploads\/2013\/03\/alterfriedhof-kirche130507-135x180.jpg 135w, https:\/\/www.freiburg-schwarzwald.de\/blog\/wp-content\/uploads\/2013\/03\/alterfriedhof-kirche130507.jpg 480w\" sizes=\"auto, (max-width: 135px) 100vw, 135px\" \/><\/a>\u00a0 \u00a0 \u00a0 \u00a0 \u00a0 \u00a0 \u00a0 \u00a0 \u00a0 \u00a0 \u00a0 \u00a0 \u00a0<a href=\"https:\/\/www.freiburg-schwarzwald.de\/blog\/kultur\/friedhoefe\/alterfriedhof\/friedhofskapelle-herdern1944\/\" rel=\"attachment wp-att-55658\"><img loading=\"lazy\" decoding=\"async\" class=\"alignnone size-thumbnail wp-image-55658\" src=\"https:\/\/www.freiburg-schwarzwald.de\/blog\/wp-content\/uploads\/2013\/03\/friedhofskapelle-herdern1944-180x129.jpg\" alt=\"friedhofskapelle-herdern1944\" width=\"180\" height=\"129\" srcset=\"https:\/\/www.freiburg-schwarzwald.de\/blog\/wp-content\/uploads\/2013\/03\/friedhofskapelle-herdern1944-180x129.jpg 180w, https:\/\/www.freiburg-schwarzwald.de\/blog\/wp-content\/uploads\/2013\/03\/friedhofskapelle-herdern1944.jpg 590w\" sizes=\"auto, (max-width: 180px) 100vw, 180px\" \/><\/a><br \/>\n(7) Friedhofskirche \u00a0 \u00a0 \u00a0 \u00a0 \u00a0 \u00a0 \u00a0 \u00a0 \u00a0 \u00a0 \u00a0 \u00a0 \u00a0 \u00a0 \u00a0 \u00a0 \u00a0 \u00a0(8) Friedhofskapelle 1944<\/h5>\n<p>&nbsp;<\/p>\n<p>&nbsp;<\/p>\n<p><strong>Gesellschaft der Freunde und F\u00f6rderer des Alten Friedhofes in Freiburg<\/strong><\/p>\n<p>Ungef\u00e4hr 300 Mitglieder hat der im Jahr 2000 gegr\u00fcndete Verein.<br \/>\nF\u00fchrungen auf Anfrage: Ingrid K\u00fchbacher (Lebens- und Familiengeschichten der Toten), Anita Halter (Symbole auf den Grabsteinen).<br \/>\nVorsitzende: Ingrid K\u00fchbacher, Okenstrasse 27, 79108 Freiburg, Tel 0761\/52808<br \/>\nMail <a href=\"mailto:ingrid.kuehbacher@t-online.de\">ingrid.kuehbacher@t-online.de<\/a><br \/>\nLiteratur: Sie lebten in Freiburg, Ingrid K\u00fchbacher, Schillinger Verlag Freiburg 2006<br \/>\n&#8222;In Freiburg bekannt&#8220;, 2009<\/p>\n<p>Der Alte Friedhof wurde im Jahr 1683 angelegt. Bis 1872 wurden Freiburger B\u00fcrger beigesetzt, darunter Johann Christian Wentzinger, Karl von Rotteck, Bartholom\u00e4 Herder. Er ist als Kultur- und Naturdenkmal eingestuft und Teil der Stadtgeschichte und Stilepochen des 17. und 18. Jahrhunderts. Der Alte Friedhof liegt in <a href=\"https:\/\/www.freiburg-schwarzwald.de\/littenweiler\/herdern.htm\">Freiburg-Herdern<\/a> an der Stadtstrasse, in ihm wurde von 1683 bis 1872 beigesetzt &#8211; in monumentalen wie auch sehr bescheidenen Grabm\u00e4lern. Dieser Friedhof mit seinen vielen alten B\u00e4umen und die sch\u00f6ne Kapelle sind immer einen Besuch wert &#8211; Sie finden hier Ruhe mitten in der hektischen Freiburger City. Die Geschichte, die sich um das dortige Friedhofskreuz rankt, ist so schaurig sch\u00f6n, da\u00df man sie f\u00fcr immer behalten mu\u00df. <a href=\"https:\/\/www.freiburg-schwarzwald.de\/littenweiler\/wegekreuze26.htm#27 Ein Ausflug nach Freiburg: Das Kreuz auf dem alten Friedhof in Freiburg\">Hier k\u00f6nnen Sie die gruselige Story lesen.<\/a>\u00a0Die Michaelskapelle wurde um 1720 inmitten des Friedhofs erbaut und bei der <a href=\"https:\/\/www.freiburg-schwarzwald.de\/freiburg1.htm#Bombardierung von Freiburg am 27.11.1944 - Mahnung zum Frieden\">Bombardierung Freiburgs im November 1944<\/a> schwer zerst\u00f6rt. Ber\u00fchmte Personen sind hier begraben: Der Architekt Christian Wentzinger am Eingang Stadtstra\u00dfe rechts. Der Historiker Carl von Rotteck an der S\u00fcdmauer \u00e4lterer Teil. Der liberale Verleger Bartholom\u00e4 Herder. Boniface de Mirabeau, der Bruder des Pr\u00e4sidenten der franz. Nationalversammlung, der 1792 im Freiburger Exil starb.<br \/>\nDass das Friedhofsgel\u00e4nde nach der Stilllegung nicht zum Spekulationsobjekt wurde, soll das Verdienst von Johann Christian Wenzinger sein. Dieser wollte sein Verm\u00f6gen nur dann dem Armenspital stiften, wenn sein Grab f\u00fcr immer auf dem alten Friedhof gesichert sei.<\/p>\n<p>Eingefangen auf dem Alten Friedhof in Freiburg im herbstlichen Licht 2002<br \/>\n<a href=\"https:\/\/www.kleinertod.de\/grab\/freiburg\/\">https:\/\/www.kleinertod.de\/grab\/freiburg\/<\/a><br \/>\nImpressionen und Infos zum Alten Friedhof<br \/>\n<a href=\"https:\/\/www.schwarzwaldgalerie.de\/freiburg\/alterfriedhof\/\">www.schwarzwaldgalerie.de\/freiburg\/alterfriedhof\/<\/a><\/p>\n<p><span style=\"font-family: Arial; font-size: x-small;\">\u00a0&#8212;&#8212;&#8212;&#8212;&#8212;&#8212;&#8212;&#8212;&#8212;&#8212;&#8212;&#8212;&#8212;&#8212;&#8212;&#8212;&#8212;&#8212;&#8212;&#8212;&#8212;&#8212;&#8211;<\/span><\/p>\n<p><strong>Dach der Michaelskapelle f\u00fcr knapp 500.000 Euro saniert<\/strong><br \/>\nMehrmals im Laufe ihres Bestehens ist die Kapelle auf dem Alten Friedhof in Herdern schon zerst\u00f6rt und wieder renoviert worden. Auch nun konnte wieder der Abschluss gr\u00f6\u00dferer Arbeiten, vor allem am Dach, begangen werden. Zuvor war die Kapelle letztmals in den 1960er Jahren gr\u00fcndlich auf Vordermann gebracht worden, als man die durch den Bombenangriff vom November 1944 verursachten Sch\u00e4den beseitigte.<\/p>\n<p>Bei den Arbeiten vor rund einem halben Jahrhundert waren auch die Malereien an der Stirnseite der Michaelskapelle entfernt worden, und die Kapelle bekam einen neuen Dachstuhl. Doch dessen Zeit war nun abgelaufen, denn im Sommer vergangenen Jahres stellte man an der Stuckdecke Feuchtigkeit fest. Als man der Sache auf den Grund ginge, zeigte sich, dass das Dach stark undicht war und dringend erneuert werden musste. So wurde die Kapelle f\u00fcr mehrere Monate zur Baustelle. Das Dach wurde ersetzt und au\u00dferdem der kleine Glockenstuhl renoviert und das Kreuz auf der Spitze neu vergoldet. Zus\u00e4tzlich bekam die Au\u00dfenfassade einen neuen Anstrich, und ein Kunstmaler versah am vorderen Dachgiebel die Kapelle mit einem t\u00e4uschend echt aufgemalten Butzenglasfenster.<\/p>\n<p>Das Geb\u00e4udemanagement (GMF) der Stadt Freiburg plante in Zusammenarbeit mit dem Architekten Dirk Brenker aus Ihringen die Sanierung, holte die denkmalschutzrechtliche Genehmigung ein und schrieb die Arbeiten aus. Schon im Februar dieses Jahres \u2013 bei der ersten Besprechung mit den Handwerkern vor Ort \u2013 \u00fcbertrug sich offenbar die einzigartige Atmosph\u00e4re des Alten Friedhofs auf alle am Bau Beteiligten. Die Freude, ein architektonisches Kleinod wiederherzustellen, zeigte sich, so berichten die Beteiligten, in liebevoll herausgearbeiteten Details und im guten Zusammenwirken w\u00e4hrend der gesamten Bauzeit. Die Stuckdecke im Innern der Kapelle \u00fcberstand schadlos die Neuerrichtung des Dachs, weil alle beteiligten Handwerker umsichtig und ersch\u00fctterungsfrei zu Werke gingen.<\/p>\n<p>Trotz der beengten Platzverh\u00e4ltnisse um die Kapelle, die die Koordination der Arbeiten manchmal kompliziert machte, wurde der Ablaufplan pr\u00e4zise eingehalten. Jetzt, gut f\u00fcnf Monate sp\u00e4ter, sind die Arbeiten beendet. Erfreulich ist, dass die gesch\u00e4tzten Kosten von einer halben Million Euro sogar unterschritten werden konnten. F\u00fcr Erstaunen bei Bauleitung und Handwerkern sorgten zwischendurch Besucherinnen und Besucher des Friedhofs, die sich auch von hohen Bauz\u00e4unen nicht st\u00f6ren lie\u00dfen und gelegentlich innerhalb der Absperrung anzutreffen waren. Trotz aller Schaulust zeigten sie Respekt: Obwohl im Freien gelagert, tastete niemand die neu vergoldete Glockenturmspitze an. Diese Woche nun \u00fcbergab Baub\u00fcrgermeister Martin Haag im Beisein von Dompfarrer Wolfgang Gaber und dem Leiter des GMF, Johannes Klauser, sowie von Vertretern der beteiligten Handwerksbetriebe, der Verwaltung und der &#8222;Gesellschaft der Freunde und F\u00f6rderer des Alten Friedhofs&#8220; die Kapelle wieder der \u00d6ffentlichkeit. Sie ist erneut zu einem Juwel auf dem insgesamt 2,6 Hektar gro\u00dfen Areal des heute als Kultur- und Naturdenkmal eingestuften Alten Friedhofs geworden:<br \/>\n28.7.2015, Hans Sigmund<\/p>\n<p>&nbsp;<\/p>\n<p><strong>Freunde und F\u00f6rderer: Gramale instand gesetzt<\/strong><br \/>\nIn den beiden verganenen Jahren hat die &#8222;Gesellschaft der Freunde und F\u00f6rderer des Alten Friedhofs&#8220; rund 110 000 Euro in die Sanierung von Grabmalen investiert. Das war eine der Informationen bei der Jahreshauptversammlung des Vereins. Die Vorsitzende Ingrid K\u00fchbacher konnte in den R\u00e4umen der Sparkasse Freiburg zahlreiche Mitglieder und G\u00e4ste begr\u00fc\u00dfen und bedankte sich bei allen, die durch ihre Beitr\u00e4ge und Spenden die Arbeiten zur Erhaltung des Alten Friedhofs \u00fcberhaupt erst m\u00f6glich machen und durch ihre gro\u00dfe Pr\u00e4senz den Vorstand unterst\u00fctzen und anspornen.<br \/>\nDer stellvertretende Vorsitzende Hans-J\u00fcrgen Treppe informierte \u00fcber alle Grabmale, die in den vergangenen Jahren instandgesetzt wurden. Daf\u00fcr wurden von der Gesellschaft im Jahr 2012 insgesamt 50 333 Euro und im Jahr 2013 weitere 58 690 Euro aufgewendet. F\u00fcr 2014 ist eine \u00e4hnliche Summe vorgesehen. Au\u00dferdem wird \u00fcber mehrere Jahre die Renovierung der Friedhofsmauer unterst\u00fctzt. Leider w\u00fcrden, so Treppe, durch den Bewuchs und die Feuchtigkeit immer wieder Arbeiten selbst an solchen Grabmalen n\u00f6tig, die erst vor wenigen Jahren bearbeitet wurden. Er hob auch die gute Zusammenarbeit mit den zust\u00e4ndigen Mitarbeitern des Geb\u00e4udemanagements Freiburg, des Regierungspr\u00e4sidiums und des Garten- und Friedhofsamts hervor. Schatzmeister Manfred Tritschler erl\u00e4uterte den vom Rechnungsf\u00fchrer Harald Seywald erstellten Kassenbericht. Mitgliedsbeitr\u00e4ge (10 400\u2005Euro), Spenden (9700\u2005Euro) und Zusch\u00fcssen (32 700 Euro) ergaben Einnahmen von knapp 53 000 Euro. Er regte an, besondere Anl\u00e4sse \u2013 wie zum Beispiel runde Geburtstage \u2013 f\u00fcr Spendenaufrufe zugunsten des Alten Friedhofs zu nutzen.<br \/>\nZum Abschluss des Abends hielt Schriftf\u00fchrer Peter Hahlbrock einen Vortrag \u00fcber &#8222;Nemrud Dag und G\u00f6bekli Tepe \u2013- zwei fr\u00fche St\u00e4tten der Totenehrung in der Euphrat-Region&#8220;. Seine Ausf\u00fchrungen und die dazu gezeigten Bilder ergaben viel Gespr\u00e4chsstoff f\u00fcr die Anwesenden. Beim anschlie\u00dfenden Beisammensein mit Brezeln und Getr\u00e4nken auf Einladung der Sparkasse wurden nochmals die eindrucksvollen Bilder &#8222;Die Jahreszeiten im Alten Friedhof&#8220; von Elisabeth Faber gezeigt.<br \/>\n27.3.2014, Hans Sigmund<\/p>\n<p>&nbsp;<\/p>\n<p><strong>Kampf gegen den Verfall geht weiter<\/strong><\/p>\n<p>Erfolgreiches Jahr f\u00fcr die &#8222;Gesellschaft der Freunde und F\u00f6rderer des Alten Friedhofs&#8220;. Komplett gef\u00fcllt war der Veranstaltungsraum der Sparkasse Freiburg, als bei der Jahreshauptversammlung der Gesellschaft die Vorsitzende Ingrid K\u00fchbacher die Mitglieder und G\u00e4ste begr\u00fc\u00dfte. Der stellvertretende Vorsitzende Hans-J\u00fcrgen Treppe teilte mit, dass seit dem Jahre 2001 insgesamt 204 Grabmale mit einem Gesamtaufwand von rund 400 000 Euro restauriert worden seien. F\u00fcr 2013 sind weitere 20 Grabmale zur Bearbeitung vorgesehen, die Kosten daf\u00fcr sind auf 50 000 Euro gesch\u00e4tzt.<br \/>\nInsgesamt gibt es auf dem ehemaligen Friedhof, auf dem schon lange keine Bestattungen mehr stattfinden, noch 1150 Grabsteine, von denen rund 150 stark gef\u00e4hrdet sind. Inzwischen ist auch die Restaurierung des &#8222;Freiburger Totentanzes&#8220; in der Vorhalle der Michaelskapelle beendet, f\u00fcr die die Gesellschaft zus\u00e4tzlich 6800 Euro zur Verf\u00fcgung gestellt hat. Der Kassenwart Harald Seywald berichtete, dass 2012 insgesamt 10 925 Euro an Mitgliedsbeitr\u00e4gen und 13 246 Euro an Spenden eingegangen seien. Immer wieder komme es vor, dass bei runden Geburtstagen Mitglieder statt eines Geschenkes um eine Spende f\u00fcr die Gesellschaft bitten. Sehr gut besucht war der &#8222;Tag der offenen T\u00fcr&#8220; im November, bei dem vor allem die Instandsetzung des &#8222;Totentanz&#8220;-Gem\u00e4ldes n\u00e4her erl\u00e4utert wurde. Bei den Wahlen wurden alle Vorstandsmitglieder und Beir\u00e4te wieder gew\u00e4hlt. F\u00fcr die Ehrenmitglieder wurden zwei neue Beir\u00e4te gew\u00e4hlt.<br \/>\nZum Abschluss hielt Ingrid K\u00fchbacher einen mit vielen Bildern illustrierten Vortrag zum Thema &#8222;Der Alte Friedhof \u2013 Spiegel des Freiburger Lebens im 18. und 19.\u2005Jahrhundert&#8220;. Sie zeigte, dass der Alte Friedhof ein Kulturdenkmal ist und viel \u00fcber die Geschichte Freiburgs aussagt.<\/p>\n<p>Wahlergebnisse: Vorsitzende Ingrid K\u00fchbacher, Stellvertreter Hans-J\u00fcrgen Treppe, Schriftf\u00fchrer Peter Hahlbrock, Schatzmeister Manfred Tritschler, Beirat: Enrico Baier, Wolfgang Gaber, Anita Halter, Frank Leusch, Ingrid Martin, Harald Seywald, Hans Sigmund, Bernhard Utz. Ehreungen: Hansjost Angenendt, Paul Ege (Ehrenmitglieder).<br \/>\nTermine: F\u00fchrungen am 18.\u2005April, 30.\u2005April, 29. Mai, 3. Juli (jeweils ab 17.30 Uhr, Treffpunkt vor der Michaelskapelle im Alten Friedhof).<br \/>\nMitgliederzahl: 350.<br \/>\nKontakt: Ingrid K\u00fchbacher, E-Mail: <a title=\"\" href=\"mailto:ingrid.kuehbacher@t-online.de\" target=\"_blank\" rel=\"noopener\">ingrid.kuehbacher@t-online.de<\/a>.<br \/>\n21.3.2013, Hans Sigmund<!-- RSPEAK_STOP --><\/p>\n","protected":false},"excerpt":{"rendered":"<p>Home &gt;Kultur &gt;Friedhoefe &gt;Freiburg &gt;AlterFriedhof Alter Friedhof Freiburg 6. Nov (3.11.2022) Dach der Michaelskapelle f\u00fcr knapp 500.000 Euro saniert (27.7.2015) https:\/\/www.freiburg-schwarzwald.de\/blog\/alter-friedhof-maerzfruehling\/\u00a0(28.3.2014) Freunde und F\u00f6rderer: Grabmale instand gesetzt (27.3.2014) Kampf gegen den Verfall geht weiter (21.3.2013) Usere tote Wurzle chunnt e &hellip; <a href=\"https:\/\/www.freiburg-schwarzwald.de\/blog\/kultur\/friedhoefe\/alterfriedhof\/\">Weiterlesen <span class=\"meta-nav\">&rarr;<\/span><\/a><\/p>\n","protected":false},"author":4,"featured_media":0,"parent":4410,"menu_order":0,"comment_status":"open","ping_status":"closed","template":"","meta":{"footnotes":""},"class_list":["post-25322","page","type-page","status-publish","hentry"],"_links":{"self":[{"href":"https:\/\/www.freiburg-schwarzwald.de\/blog\/wp-json\/wp\/v2\/pages\/25322","targetHints":{"allow":["GET"]}}],"collection":[{"href":"https:\/\/www.freiburg-schwarzwald.de\/blog\/wp-json\/wp\/v2\/pages"}],"about":[{"href":"https:\/\/www.freiburg-schwarzwald.de\/blog\/wp-json\/wp\/v2\/types\/page"}],"author":[{"embeddable":true,"href":"https:\/\/www.freiburg-schwarzwald.de\/blog\/wp-json\/wp\/v2\/users\/4"}],"replies":[{"embeddable":true,"href":"https:\/\/www.freiburg-schwarzwald.de\/blog\/wp-json\/wp\/v2\/comments?post=25322"}],"version-history":[{"count":4,"href":"https:\/\/www.freiburg-schwarzwald.de\/blog\/wp-json\/wp\/v2\/pages\/25322\/revisions"}],"predecessor-version":[{"id":105915,"href":"https:\/\/www.freiburg-schwarzwald.de\/blog\/wp-json\/wp\/v2\/pages\/25322\/revisions\/105915"}],"up":[{"embeddable":true,"href":"https:\/\/www.freiburg-schwarzwald.de\/blog\/wp-json\/wp\/v2\/pages\/4410"}],"wp:attachment":[{"href":"https:\/\/www.freiburg-schwarzwald.de\/blog\/wp-json\/wp\/v2\/media?parent=25322"}],"curies":[{"name":"wp","href":"https:\/\/api.w.org\/{rel}","templated":true}]}}