{"id":2497,"date":"2012-04-29T17:24:01","date_gmt":"2012-04-29T17:24:01","guid":{"rendered":"https:\/\/www.freiburg-schwarzwald.de\/blog\/?page_id=2497"},"modified":"2026-01-12T10:42:32","modified_gmt":"2026-01-12T09:42:32","slug":"hirzberg","status":"publish","type":"page","link":"https:\/\/www.freiburg-schwarzwald.de\/blog\/regio\/freiburg\/hirzberg\/","title":{"rendered":"Hirzberg"},"content":{"rendered":"<p>Home &gt;<a title=\"Freiburg\" href=\"https:\/\/www.freiburg-schwarzwald.de\/blog\/regio\/freiburg\/\">Freiburg<\/a> &gt;Hirzberg<\/p>\n<div id=\"attachment_112760\" style=\"width: 650px\" class=\"wp-caption alignnone\"><a href=\"https:\/\/www.freiburg-schwarzwald.de\/blog\/wp-content\/uploads\/2023\/06\/schafe-hirzberg2305pan.jpg\"><img loading=\"lazy\" decoding=\"async\" aria-describedby=\"caption-attachment-112760\" class=\"size-full wp-image-112760\" src=\"https:\/\/www.freiburg-schwarzwald.de\/blog\/wp-content\/uploads\/2023\/06\/schafe-hirzberg2305pan.jpg\" alt=\"\" width=\"640\" height=\"382\" srcset=\"https:\/\/www.freiburg-schwarzwald.de\/blog\/wp-content\/uploads\/2023\/06\/schafe-hirzberg2305pan.jpg 640w, https:\/\/www.freiburg-schwarzwald.de\/blog\/wp-content\/uploads\/2023\/06\/schafe-hirzberg2305pan-180x107.jpg 180w\" sizes=\"auto, (max-width: 640px) 100vw, 640px\" \/><\/a><p id=\"caption-attachment-112760\" class=\"wp-caption-text\"><a href=\"https:\/\/www.freiburg-schwarzwald.de\/blog\/natur\/tiere\/schafe\/\">Schafe<\/a> am Hirzberg in Freiburg-Oberau im Mai 2023 &#8211; Bild Peter H.Braun<\/p><\/div>\n<ul>\n<li><em>Listenauswahl eines Beitrags (Artikel\/Datum, Seite\/Inhalt):\u00a0Klicken\u00a0oder scrollen<\/em><\/li>\n<li><a href=\"https:\/\/www.freiburg-schwarzwald.de\/blog\/tourismus\/gastro\/gasthaus\/stahl\/\">Freiburg-Oberau \u2013 Hirzberg \u2013 Papierfabrik Flinsch \u2013 Rabenkopf<\/a>\u00a0(12.1.2026)<\/li>\n<li><a href=\"https:\/\/www.freiburg-schwarzwald.de\/blog\/sanierung-meierhof-kartaus\/\">Sanierung Meierhof Kartaus durch Willi Sutter<\/a>\u00a0(19.12.20209<\/li>\n<li><a href=\"https:\/\/www.freiburg-schwarzwald.de\/blog\/garten-und-landschaftsschutz\/\">https:\/\/www.freiburg-schwarzwald.de\/blog\/garten-und-landschaftsschutz\/<\/a>\u00a0(28.8.2019)<\/li>\n<li>G\u00e4rtner f\u00fcrchten am Hirzberg um ihre Kleing\u00e4rten, da das Areal im Landschaftsschutzgebiet liegt (27.7.2019)<\/li>\n<li><a title=\"Trockenmauer\" href=\"https:\/\/www.freiburg-schwarzwald.de\/blog\/natur\/boden\/trockenmauer\/\">Trockenmauern terrassieren Garten am Hirzberg<\/a> (21.10.2015)<\/li>\n<li><a title=\"Bickenreute\" href=\"https:\/\/www.freiburg-schwarzwald.de\/blog\/bauernhof\/bickenreute\/\">Natursteinmauer am Bienenstand Bickenreute \u2013 \u00dcbergabe<\/a> 7.8.2015<\/li>\n<li><\/li>\n<li><a href=\"https:\/\/www.freiburg-schwarzwald.de\/littenweiler\/oberau.htm#Hirzberg\">Hirzberg in Freiburg-Oberau<\/a><\/li>\n<li><a title=\"Stahl\" href=\"https:\/\/www.freiburg-schwarzwald.de\/blog\/tourismus\/gastro\/gasthaus\/stahl\/\">Gasthaus zum Stahl<\/a><\/li>\n<li>Camping am Hirzberg<\/li>\n<li>Rabenkopf &#8211; Seniorenpflegeheim am Hirzberg<\/li>\n<li><a title=\"Dreisamgarten\" href=\"https:\/\/www.freiburg-schwarzwald.de\/blog\/natur\/garten\/dreisamgarten\/\">Dreisamgarten<\/a><\/li>\n<li><a title=\"Garten\" href=\"https:\/\/www.freiburg-schwarzwald.de\/blog\/natur\/garten\/\">Garten<\/a><\/li>\n<li><a title=\"Hirzberggarten\" href=\"https:\/\/www.freiburg-schwarzwald.de\/blog\/natur\/garten\/hirzberggarten\/\">Hirzberggarten<\/a><\/li>\n<li><a title=\"Nachhaltigkeit\" href=\"https:\/\/www.freiburg-schwarzwald.de\/blog\/natur\/klima\/nachhaltigkeit\/\">Nachhaltigkeit<\/a><\/li>\n<li><a title=\"Trockenmauer\" href=\"https:\/\/www.freiburg-schwarzwald.de\/blog\/natur\/boden\/trockenmauer\/\">Trockenmauern in den Hirzberg-G\u00e4rten<\/a><\/li>\n<li><a title=\"Bickenreute\" href=\"https:\/\/www.freiburg-schwarzwald.de\/blog\/bauernhof\/bickenreute\/\">Trockenmauer mit Jochen Schmidt an der Bickenreute<\/a><\/li>\n<\/ul>\n<p>&nbsp;<\/p>\n<p><strong>Hirzberg im Freiburger Osten<\/strong><\/p>\n<p>Der Hirzberg liegt in Freiburg-Oberau am S\u00fcdhang des Dreisamtals. Oben auf dem Hirzberg steht ein grosses Holzkreuz, man kommt daran vorbei auf dem H\u00f6henweg zwischen St.Ottilien und dem Schlossberg: Sch\u00f6ne Aussicht ins Dreisamtal und auf Freiburg-Wiehre. Am Fu\u00df des Hirzbergs gibts einen Campingplatz, das Gasthaus zum Stahl und das Seniorenstift Kursana &#8211; fr\u00fcher Rabenkopf. Die freien H\u00e4nge des Hirzbergs zieren Streuobstwiesen, hier grast auch regelm\u00e4\u00dfig die Schafherde der Sch\u00e4ferei Schwarz von FR-Kappel.<\/p>\n<p>&nbsp;<\/p>\n<h5><a href=\"https:\/\/www.freiburg-schwarzwald.de\/blog\/wp-content\/uploads\/2023\/10\/st-wendelin231002.jpg\"><img loading=\"lazy\" decoding=\"async\" class=\"alignnone size-thumbnail wp-image-115842\" src=\"https:\/\/www.freiburg-schwarzwald.de\/blog\/wp-content\/uploads\/2023\/10\/st-wendelin231002-180x160.jpg\" alt=\"\" width=\"180\" height=\"160\" srcset=\"https:\/\/www.freiburg-schwarzwald.de\/blog\/wp-content\/uploads\/2023\/10\/st-wendelin231002-180x160.jpg 180w, https:\/\/www.freiburg-schwarzwald.de\/blog\/wp-content\/uploads\/2023\/10\/st-wendelin231002-640x568.jpg 640w, https:\/\/www.freiburg-schwarzwald.de\/blog\/wp-content\/uploads\/2023\/10\/st-wendelin231002.jpg 705w\" sizes=\"auto, (max-width: 180px) 100vw, 180px\" \/><\/a><br \/>\nMit Hubert Sch\u00fcle (Ex-F\u00f6rster am Hirzberg) vor St.Wendelin oberhalb\u00a0<a href=\"https:\/\/www.freiburg-schwarzwald.de\/blog\/regio\/freiburg\/ebnet\/ebnet2022\/\">Ebnet<\/a>\u00a0am 2.10.2023<\/h5>\n<p>==========================================================<\/p>\n<p>&nbsp;<\/p>\n<p><strong>G\u00e4rtner f\u00fcrchten am Hirzberg um ihre Kleing\u00e4rten, da das Areal im Landschaftsschutzgebiet liegt<\/strong><br \/>\n<em>F\u00fcr Kleing\u00e4rten gibt es in Freiburg lange Wartelisten: Viele Bewohner h\u00e4tten gerne eine private Parzelle. Am Hirzberg im Stadtteil Oberau soll nun jedoch ein Kleingarten nicht mehr weiterverpachtet werden, wenn der bisherige P\u00e4chter aus Altersgr\u00fcnden aufh\u00f6rt. Grund: Das Areal liegt im Landschaftsschutzgebiet, die G\u00e4rten widersprechen laut Stadtverwaltung dem Schutzzweck. Die \u00fcbrigen G\u00e4rtner haben Sorge, dass dies einen Dominoeffekt ausl\u00f6sen k\u00f6nnte. Sie wollen f\u00fcr die G\u00e4rten k\u00e4mpfen und \u00fcberlegen, dazu einen Verein zu gr\u00fcnden.<br \/>\n<\/em>\u00a0.<br \/>\n&#8222;Wenn ein Garten f\u00e4llt, sind bald alle weg&#8220;, bef\u00fcrchtet Jochen Schmidt: &#8222;Das ist der Anfang vom Ende.&#8220; Diese Entwicklung will der 81-J\u00e4hrige unbedingt vermeiden. Gemeinsam mit seiner Frau Gudrun hat er sich am Hirzberg ein kleines Idyll geschaffen. Auf dem Gel\u00e4nde gibt es nicht nur viele verschiedene Blumen und Pflanzen, sondern hier leben auch acht Bienenv\u00f6lker. Jochen Schmidt bietet auf dem Hanggrundst\u00fcck, das aus historischen Gr\u00fcnden mit 2000 Quadratmetern rund viermal so gro\u00df ist wie ein klassischer Kleingarten (siehe Info-Box) und bei dessen Bewirtschaftung das Ehepaar Schmidt inzwischen Hilfe von f\u00fcnf Studierenden hat, F\u00fchrungen f\u00fcr Kindergruppen und Schulklassen an sowie im Winter Kerzengie\u00dfen. Auch einen Teich gibt es, &#8222;in dem es kreucht und fleucht&#8220;, betont Jochen Schmidt. Au\u00dferdem hat er zahlreiche Trockenmauern angelegt, die als Biotope f\u00fcr bedrohte Tier- und Pflanzenarten gelten.<br \/>\n.<br \/>\nWarum dies alles nicht mit dem Thema Landschaftsschutz zusammenpassen soll, will ihm und den \u00fcbrigen G\u00e4rtnern am Hirzberg nicht in den Kopf. &#8222;Wir sind doch hier alle im Sinne der Natur t\u00e4tig&#8220;, meint Sabine von Wolffersdorf, die ebenfalls eine der insgesamt 33 Parzellen beackert, die es in dem Gebiet n\u00f6rdlich der Kart\u00e4userstra\u00dfe gibt. Doch tats\u00e4chlich ist der Landschaftsschutz der Grund daf\u00fcr, warum die G\u00e4rten am Hirzberg sukzessive verschwinden sollen. Das Areal ist bereits seit 1954 besonders gesch\u00fctzt. Doch seitdem die Verordnung novelliert wurde, widersprechen die G\u00e4rten dem Schutzzweck des Landschaftsschutzgebiets (siehe Info-Box).<br \/>\nAllerdings: Die neue Verordnung gilt bereits seit 2006 \u2013 in dieser Zeit sind jedoch nur drei G\u00e4rten am Hirzberg verschwunden. Die Stadtverwaltung habe die Regelung in den vergangenen Jahren nur &#8222;sehr behutsam&#8220; umgesetzt, erkl\u00e4rt Rathaussprecher Toni Klein: &#8222;Es gab keine aktiven K\u00fcndigungen.&#8220; Nur wenn P\u00e4chter ihre Parzellen nicht mehr weiterbetreiben wollten, seien G\u00e4rten aufgel\u00f6st worden. So ist es auch im aktuellen Fall: Ein 80-J\u00e4hriger G\u00e4rtner will aufh\u00f6ren, weil ihm die Arbeit zu viel wird. Mit Namen in der Zeitung stehen m\u00f6chte er nicht: Er hat Sorge, an den Pranger gestellt zu werden \u2013 als Ausl\u00f6ser eines Prozesses, durch den die gesamte Gartenanlage verschwinden k\u00f6nnte, meint er. Allerdings seien auch in Zukunft keine generellen K\u00fcndigungen geplant, beruhigt Toni Klein, die G\u00e4rtner h\u00e4tten unbefristete Vertr\u00e4ge. Nur am Rand liegende und von den P\u00e4chtern selbst gek\u00fcndigte G\u00e4rten w\u00fcrden zuk\u00fcnftig wieder &#8222;einer landschafts- und erholungsvertr\u00e4glichen Nutzung zugef\u00fchrt&#8220; \u2013 etwa \u00fcber eine extensive Gr\u00fcnlandnutzung oder durch das Anlegen von Trockenmauern.<br \/>\nDie Hirzberg-G\u00e4rtner wollen sich damit jedoch nicht zufrieden geben \u2013 sie bleiben skeptisch. Wenn weitere Parzellen wegfielen, verwalde das Gebiet suksessive, bef\u00fcrchten sie. Dann dauere es nicht mehr lange, bis alle G\u00e4rten verschwunden seien. Au\u00dferdem bezweifelt Jochen Schmidt, ob die Stadtverwaltung sich tats\u00e4chlich um die frei werdenden Bereiche k\u00fcmmert \u2013 in anderen Bereichen des Landschaftsschutzgebiets Richtung Schlossberg sei dies nicht der Fall, berichtet er. &#8222;Diesen Vorwurf weist die Verwaltung deutlich zur\u00fcck&#8220;, sagt Toni Klein. Am s\u00fcdlichen Schlossberg habe das Rathaus in den vergangenen Jahren beispielsweise Trockenmauern und Felsbildungen erhalten, auch das artenreiche Gr\u00fcnland werde gepflegt, etwa durch eine extensive Schafbeweidung.<br \/>\nUm f\u00fcr den Erhalt der Hirzberg-G\u00e4rten zu k\u00e4mpfen, \u00fcberlegen die G\u00e4rtner aktuell, sich zu einer Initiative oder zu einem Verein zusammen zu schlie\u00dfen. Ziel der Gruppierung w\u00e4re es, so Jochen Schmidt, dass die G\u00e4rtner die Parzellen weiter bewirtschaften k\u00f6nnen \u2013 im Einklang mit Natur und Umwelt und im Sinne des Landschaftsschutzgesetzes.<br \/>\n.<br \/>\n<em>Rechtlicher Hintergrund<\/em><br \/>\nDie gro\u00dfe Mehrheit der rund 3500 Kleing\u00e4rten in Freiburg wird \u00fcber 13 Kleingartenvereine verwaltet. Knapp 300\u2005Parzellen in acht Anlagen verpachtet die Stadtverwaltung selbst, genauso wie die 33 G\u00e4rten am Hirzberg.<br \/>\nDiese haben jedoch eine Sonderstellung: Bei ihnen handelt es sich nicht um klassische Kleing\u00e4rten, die unter die Kleingartenverordnung fallen. Vielmehr waren es Brachfl\u00e4chen einer fr\u00fcheren Rebbewirtschaftung, die landwirtschaftlich nicht mehr interessant waren und deshalb privat vergeben wurden. Deshalb sind einige der Parzellen auch deutlich gr\u00f6\u00dfer als herk\u00f6mmliche Schreberg\u00e4rten. Seit 1954 ist das Areal als Landschaftsschutzgebiet eingestuft. Durch eine Novellierung im Jahr 2006 stehen die privaten G\u00e4rten zur Disposition: Es gibt laut Stadtverwaltung in der Verordnung &#8222;explizit Vorbehalte, was die Anlage von Kleing\u00e4rten oder das Errichten von Einfriedung und baulichen Anlagen&#8220; angeht.<br \/>\nDie G\u00e4rten entspr\u00e4chen nicht den &#8222;landschaftstypischen Lebensr\u00e4umen&#8220; und widerspr\u00e4chen den Schutzzwecken des Landschaftsschutzgebiets. Dessen Ziel sei es, &#8222;wertvolle und charakteristische Lebensr\u00e4ume eines Landschaftsraums zu sch\u00fctzen, die Errichtung und den Ausbau baulicher Anlagen zu verhindern und die Landschaft als Naherholungsgebiet f\u00fcr alle B\u00fcrgerinnen und B\u00fcrger zu erhalten.&#8220;<br \/>\n&#8230; Alles vom 26.7.2019 bitte lesen auf<br \/>\n<a href=\"https:\/\/www.badische-zeitung.de\/gaertner-fuerchten-am-hirzberg-um-ihre-kleingaerten-da-das-areal-im-landschaftsschutzgebiet-liegt--175735347.html\">https:\/\/www.badische-zeitung.de\/gaertner-fuerchten-am-hirzberg-um-ihre-kleingaerten-da-das-areal-im-landschaftsschutzgebiet-liegt&#8211;175735347.html<br \/>\n<\/a>.<\/p>\n<p><a href=\"https:\/\/www.freiburg-schwarzwald.de\/blog\/natur\/boden\/trockenmauer\/trockenmauer1garten151021\/\" rel=\"attachment wp-att-57015\"><img loading=\"lazy\" decoding=\"async\" class=\"alignnone size-thumbnail wp-image-57015\" src=\"https:\/\/www.freiburg-schwarzwald.de\/blog\/wp-content\/uploads\/2015\/10\/trockenmauer1garten151021-180x135.jpg\" alt=\"trockenmauer1garten151021\" width=\"180\" height=\"135\" srcset=\"https:\/\/www.freiburg-schwarzwald.de\/blog\/wp-content\/uploads\/2015\/10\/trockenmauer1garten151021-180x135.jpg 180w, https:\/\/www.freiburg-schwarzwald.de\/blog\/wp-content\/uploads\/2015\/10\/trockenmauer1garten151021.jpg 640w\" sizes=\"auto, (max-width: 180px) 100vw, 180px\" \/><\/a>\u00a0 \u00a0 \u00a0 \u00a0\u00a0<a href=\"https:\/\/www.freiburg-schwarzwald.de\/blog\/natur\/boden\/trockenmauer\/trockenmauer4garten-terrassen151021\/\" rel=\"attachment wp-att-57021\"><img loading=\"lazy\" decoding=\"async\" class=\"alignnone size-thumbnail wp-image-57021\" src=\"https:\/\/www.freiburg-schwarzwald.de\/blog\/wp-content\/uploads\/2015\/10\/trockenmauer4garten-terrassen151021-135x180.jpg\" alt=\"trockenmauer4garten-terrassen151021\" width=\"135\" height=\"180\" srcset=\"https:\/\/www.freiburg-schwarzwald.de\/blog\/wp-content\/uploads\/2015\/10\/trockenmauer4garten-terrassen151021-135x180.jpg 135w, https:\/\/www.freiburg-schwarzwald.de\/blog\/wp-content\/uploads\/2015\/10\/trockenmauer4garten-terrassen151021.jpg 480w\" sizes=\"auto, (max-width: 135px) 100vw, 135px\" \/><\/a><br \/>\nTrockenmauern am Hirzberg 21.10.2015 &#8211; von Jochen Schmidt gebaut\u00a0 <a title=\"Trockenmauer\" href=\"https:\/\/www.freiburg-schwarzwald.de\/blog\/natur\/boden\/trockenmauer\/\">mehr<br \/>\n<\/a>.<\/p>\n<p><strong>Seit Jahren naturnah bewirtschaftete G\u00e4rten sollten Bestandsschutz genie\u00dfen<\/strong><br \/>\n\u00dcber unsere Stadtverwaltung kann ich nur noch den Kopf sch\u00fctteln. Dass in einem Landschaftsschutzgebiet keine neuen Kleing\u00e4rten eingelegt werden, verstehe ich, dass aber alte, vor allem naturnah bewirtschaftete keinen Bestandsschutz genie\u00dfen sollen, das verstehe ich nicht. G\u00e4rtnern tut sowohl K\u00f6rper und Seele gut und wird in Freiburg immer schwieriger. Viele Kleing\u00e4rten fielen dem Stra\u00dfenbahnbau in Z\u00e4hringen, dem Bau des neuen Zentralrathauses und nun der Wohnbebauung &#8222;Kleineschholz&#8220; zum Opfer. Ersatzfl\u00e4chen zum G\u00e4rtnern &#8211; Fehlanzeige.<br \/>\nEs m\u00fcsste doch m\u00f6glich sein, in den Pachtvertr\u00e4gen die naturnahe, dem Status &#8222;Landschaftsschutzgebiet&#8220; Rechnung tragende Bewirtschaftung verbindlich festzuschreiben. Und ehrlich gesagt, ich traue der Stadtverwaltung bei der Pflege von Gr\u00fcnfl\u00e4chen nicht viel zu. &#8222;Sch\u00f6nstes&#8220; Beispiel die alte Linde am Schabentor: Totkrank laut der st\u00e4dtischen Experten. Haben sie etwas unternommen, au\u00dfer die &#8222;Stilllegung&#8220; zu empfehlen &#8211; nein, w\u00e4re ja Arbeit gewesen. Laut einem BZ-Artikel der letzten Wochen w\u00e4ssert seither ein Einzelh\u00e4ndler in Trockenzeiten den Baum und siehe da, er hat sich soweit erholt, dass er momentan zumindest stehen bleiben darf. Da haben sie die zust\u00e4ndigen st\u00e4dtischen Stellen nicht mit Ruhm bekleckert. Wieso sollte es in anderen F\u00e4llen &#8211; wie z.B. am Hirzberg &#8211; dann anders laufen!?<br \/>\n26.7.2019, Katharina B\u00fchrer, BZ<\/p>\n<p>&nbsp;<\/p>\n<p>&nbsp;<\/p>\n<p><strong>Schafherde am Hirzberg<\/strong><\/p>\n<p>,<\/p>\n<div id='gallery-1' class='gallery galleryid-2497 gallery-columns-3 gallery-size-thumbnail'><dl class='gallery-item'>\n\t\t\t<dt class='gallery-icon landscape'>\n\t\t\t\t<a href='https:\/\/www.freiburg-schwarzwald.de\/blog\/regio\/freiburg\/hirzberg\/hirzberg1schafe120429\/'><img loading=\"lazy\" decoding=\"async\" width=\"180\" height=\"135\" src=\"https:\/\/www.freiburg-schwarzwald.de\/blog\/wp-content\/uploads\/2012\/04\/hirzberg1schafe120429-180x135.jpg\" class=\"attachment-thumbnail size-thumbnail\" alt=\"\" aria-describedby=\"gallery-1-2505\" srcset=\"https:\/\/www.freiburg-schwarzwald.de\/blog\/wp-content\/uploads\/2012\/04\/hirzberg1schafe120429-180x135.jpg 180w, https:\/\/www.freiburg-schwarzwald.de\/blog\/wp-content\/uploads\/2012\/04\/hirzberg1schafe120429.jpg 640w\" sizes=\"auto, (max-width: 180px) 100vw, 180px\" \/><\/a>\n\t\t\t<\/dt>\n\t\t\t\t<dd class='wp-caption-text gallery-caption' id='gallery-1-2505'>\n\t\t\t\tSchafe am Hirzberg 29.4.2012: Sch\u00e4fer Norbert Schwarz aus Kappel\n\t\t\t\t<\/dd><\/dl><dl class='gallery-item'>\n\t\t\t<dt class='gallery-icon landscape'>\n\t\t\t\t<a href='https:\/\/www.freiburg-schwarzwald.de\/blog\/regio\/freiburg\/hirzberg\/hirzberg2schafe120429\/'><img loading=\"lazy\" decoding=\"async\" width=\"180\" height=\"135\" src=\"https:\/\/www.freiburg-schwarzwald.de\/blog\/wp-content\/uploads\/2012\/04\/hirzberg2schafe120429-180x135.jpg\" class=\"attachment-thumbnail size-thumbnail\" alt=\"\" aria-describedby=\"gallery-1-2506\" srcset=\"https:\/\/www.freiburg-schwarzwald.de\/blog\/wp-content\/uploads\/2012\/04\/hirzberg2schafe120429-180x135.jpg 180w, https:\/\/www.freiburg-schwarzwald.de\/blog\/wp-content\/uploads\/2012\/04\/hirzberg2schafe120429.jpg 640w\" sizes=\"auto, (max-width: 180px) 100vw, 180px\" \/><\/a>\n\t\t\t<\/dt>\n\t\t\t\t<dd class='wp-caption-text gallery-caption' id='gallery-1-2506'>\n\t\t\t\tSchafe am Hirzberg 29.4.2012: Blick nach Nordosten\n\t\t\t\t<\/dd><\/dl><dl class='gallery-item'>\n\t\t\t<dt class='gallery-icon landscape'>\n\t\t\t\t<a href='https:\/\/www.freiburg-schwarzwald.de\/blog\/regio\/freiburg\/hirzberg\/hirzberg3schafe120429\/'><img loading=\"lazy\" decoding=\"async\" width=\"180\" height=\"135\" src=\"https:\/\/www.freiburg-schwarzwald.de\/blog\/wp-content\/uploads\/2012\/04\/hirzberg3schafe120429-180x135.jpg\" class=\"attachment-thumbnail size-thumbnail\" alt=\"\" aria-describedby=\"gallery-1-2507\" srcset=\"https:\/\/www.freiburg-schwarzwald.de\/blog\/wp-content\/uploads\/2012\/04\/hirzberg3schafe120429-180x135.jpg 180w, https:\/\/www.freiburg-schwarzwald.de\/blog\/wp-content\/uploads\/2012\/04\/hirzberg3schafe120429.jpg 640w\" sizes=\"auto, (max-width: 180px) 100vw, 180px\" \/><\/a>\n\t\t\t<\/dt>\n\t\t\t\t<dd class='wp-caption-text gallery-caption' id='gallery-1-2507'>\n\t\t\t\tSchafe am Hirzberg 29.4.2012: Blick nach S\u00fcden zum Altersheim\n\t\t\t\t<\/dd><\/dl><br style=\"clear: both\" \/><dl class='gallery-item'>\n\t\t\t<dt class='gallery-icon landscape'>\n\t\t\t\t<a href='https:\/\/www.freiburg-schwarzwald.de\/blog\/regio\/freiburg\/hirzberg\/hirzberg4schafe120429\/'><img loading=\"lazy\" decoding=\"async\" width=\"180\" height=\"132\" src=\"https:\/\/www.freiburg-schwarzwald.de\/blog\/wp-content\/uploads\/2012\/04\/hirzberg4schafe120429-180x132.jpg\" class=\"attachment-thumbnail size-thumbnail\" alt=\"\" aria-describedby=\"gallery-1-2508\" srcset=\"https:\/\/www.freiburg-schwarzwald.de\/blog\/wp-content\/uploads\/2012\/04\/hirzberg4schafe120429-180x132.jpg 180w, https:\/\/www.freiburg-schwarzwald.de\/blog\/wp-content\/uploads\/2012\/04\/hirzberg4schafe120429.jpg 640w\" sizes=\"auto, (max-width: 180px) 100vw, 180px\" \/><\/a>\n\t\t\t<\/dt>\n\t\t\t\t<dd class='wp-caption-text gallery-caption' id='gallery-1-2508'>\n\t\t\t\tSchafe am Hirzberg 29.4.2012: Norbert Schwarz und Schaeferin auf dem Weg\n\t\t\t\t<\/dd><\/dl><dl class='gallery-item'>\n\t\t\t<dt class='gallery-icon landscape'>\n\t\t\t\t<a href='https:\/\/www.freiburg-schwarzwald.de\/blog\/regio\/freiburg\/hirzberg\/hirzberg5schafe120429\/'><img loading=\"lazy\" decoding=\"async\" width=\"180\" height=\"135\" src=\"https:\/\/www.freiburg-schwarzwald.de\/blog\/wp-content\/uploads\/2012\/04\/hirzberg5schafe120429-180x135.jpg\" class=\"attachment-thumbnail size-thumbnail\" alt=\"\" aria-describedby=\"gallery-1-2509\" srcset=\"https:\/\/www.freiburg-schwarzwald.de\/blog\/wp-content\/uploads\/2012\/04\/hirzberg5schafe120429-180x135.jpg 180w, https:\/\/www.freiburg-schwarzwald.de\/blog\/wp-content\/uploads\/2012\/04\/hirzberg5schafe120429.jpg 640w\" sizes=\"auto, (max-width: 180px) 100vw, 180px\" \/><\/a>\n\t\t\t<\/dt>\n\t\t\t\t<dd class='wp-caption-text gallery-caption' id='gallery-1-2509'>\n\t\t\t\tSchafe am Hirzberg 29.4.2012: Blick nach S\u00fcdwesten \u00fcber die Wiehre zum Schoenberg\n\t\t\t\t<\/dd><\/dl><dl class='gallery-item'>\n\t\t\t<dt class='gallery-icon landscape'>\n\t\t\t\t<a href='https:\/\/www.freiburg-schwarzwald.de\/blog\/regio\/freiburg\/hirzberg\/hirzberg6schafe120429\/'><img loading=\"lazy\" decoding=\"async\" width=\"180\" height=\"135\" src=\"https:\/\/www.freiburg-schwarzwald.de\/blog\/wp-content\/uploads\/2012\/04\/hirzberg6schafe120429-180x135.jpg\" class=\"attachment-thumbnail size-thumbnail\" alt=\"\" aria-describedby=\"gallery-1-2510\" srcset=\"https:\/\/www.freiburg-schwarzwald.de\/blog\/wp-content\/uploads\/2012\/04\/hirzberg6schafe120429-180x135.jpg 180w, https:\/\/www.freiburg-schwarzwald.de\/blog\/wp-content\/uploads\/2012\/04\/hirzberg6schafe120429.jpg 640w\" sizes=\"auto, (max-width: 180px) 100vw, 180px\" \/><\/a>\n\t\t\t<\/dt>\n\t\t\t\t<dd class='wp-caption-text gallery-caption' id='gallery-1-2510'>\n\t\t\t\tSchafe am Hirzberg 29.4.2012: Unter schattigen Baeumen\n\t\t\t\t<\/dd><\/dl><br style=\"clear: both\" \/><dl class='gallery-item'>\n\t\t\t<dt class='gallery-icon landscape'>\n\t\t\t\t<a href='https:\/\/www.freiburg-schwarzwald.de\/blog\/regio\/freiburg\/hirzberg\/hirzberg7schafe120429\/'><img loading=\"lazy\" decoding=\"async\" width=\"180\" height=\"140\" src=\"https:\/\/www.freiburg-schwarzwald.de\/blog\/wp-content\/uploads\/2012\/04\/hirzberg7schafe120429-180x140.jpg\" class=\"attachment-thumbnail size-thumbnail\" alt=\"\" aria-describedby=\"gallery-1-2511\" srcset=\"https:\/\/www.freiburg-schwarzwald.de\/blog\/wp-content\/uploads\/2012\/04\/hirzberg7schafe120429-180x140.jpg 180w, https:\/\/www.freiburg-schwarzwald.de\/blog\/wp-content\/uploads\/2012\/04\/hirzberg7schafe120429.jpg 638w\" sizes=\"auto, (max-width: 180px) 100vw, 180px\" \/><\/a>\n\t\t\t<\/dt>\n\t\t\t\t<dd class='wp-caption-text gallery-caption' id='gallery-1-2511'>\n\t\t\t\tSchafe am Hirzberg 29.4.2012: Blick auf Freiburg\n\t\t\t\t<\/dd><\/dl><dl class='gallery-item'>\n\t\t\t<dt class='gallery-icon landscape'>\n\t\t\t\t<a href='https:\/\/www.freiburg-schwarzwald.de\/blog\/regio\/freiburg\/hirzberg\/hirzberg8schafe120429\/'><img loading=\"lazy\" decoding=\"async\" width=\"180\" height=\"135\" src=\"https:\/\/www.freiburg-schwarzwald.de\/blog\/wp-content\/uploads\/2012\/04\/hirzberg8schafe120429-180x135.jpg\" class=\"attachment-thumbnail size-thumbnail\" alt=\"\" aria-describedby=\"gallery-1-2512\" srcset=\"https:\/\/www.freiburg-schwarzwald.de\/blog\/wp-content\/uploads\/2012\/04\/hirzberg8schafe120429-180x135.jpg 180w, https:\/\/www.freiburg-schwarzwald.de\/blog\/wp-content\/uploads\/2012\/04\/hirzberg8schafe120429.jpg 640w\" sizes=\"auto, (max-width: 180px) 100vw, 180px\" \/><\/a>\n\t\t\t<\/dt>\n\t\t\t\t<dd class='wp-caption-text gallery-caption' id='gallery-1-2512'>\n\t\t\t\tSchafe am Hirzberg 29.4.2012: Blick nach Norden\n\t\t\t\t<\/dd><\/dl><dl class='gallery-item'>\n\t\t\t<dt class='gallery-icon landscape'>\n\t\t\t\t<a href='https:\/\/www.freiburg-schwarzwald.de\/blog\/regio\/freiburg\/hirzberg\/hirzberg9schafe120429\/'><img loading=\"lazy\" decoding=\"async\" width=\"180\" height=\"135\" src=\"https:\/\/www.freiburg-schwarzwald.de\/blog\/wp-content\/uploads\/2012\/04\/hirzberg9schafe120429-180x135.jpg\" class=\"attachment-thumbnail size-thumbnail\" alt=\"\" aria-describedby=\"gallery-1-2513\" srcset=\"https:\/\/www.freiburg-schwarzwald.de\/blog\/wp-content\/uploads\/2012\/04\/hirzberg9schafe120429-180x135.jpg 180w, https:\/\/www.freiburg-schwarzwald.de\/blog\/wp-content\/uploads\/2012\/04\/hirzberg9schafe120429.jpg 640w\" sizes=\"auto, (max-width: 180px) 100vw, 180px\" \/><\/a>\n\t\t\t<\/dt>\n\t\t\t\t<dd class='wp-caption-text gallery-caption' id='gallery-1-2513'>\n\t\t\t\tSchafe am Hirzberg 29.4.2012: \n\t\t\t\t<\/dd><\/dl><br style=\"clear: both\" \/><dl class='gallery-item'>\n\t\t\t<dt class='gallery-icon landscape'>\n\t\t\t\t<a href='https:\/\/www.freiburg-schwarzwald.de\/blog\/regio\/freiburg\/hirzberg\/hirzberg10schafe120429\/'><img loading=\"lazy\" decoding=\"async\" width=\"180\" height=\"135\" src=\"https:\/\/www.freiburg-schwarzwald.de\/blog\/wp-content\/uploads\/2012\/04\/hirzberg10schafe120429-180x135.jpg\" class=\"attachment-thumbnail size-thumbnail\" alt=\"\" aria-describedby=\"gallery-1-2514\" srcset=\"https:\/\/www.freiburg-schwarzwald.de\/blog\/wp-content\/uploads\/2012\/04\/hirzberg10schafe120429-180x135.jpg 180w, https:\/\/www.freiburg-schwarzwald.de\/blog\/wp-content\/uploads\/2012\/04\/hirzberg10schafe120429.jpg 640w\" sizes=\"auto, (max-width: 180px) 100vw, 180px\" \/><\/a>\n\t\t\t<\/dt>\n\t\t\t\t<dd class='wp-caption-text gallery-caption' id='gallery-1-2514'>\n\t\t\t\tSchafe am Hirzberg 29.4.2012: Blick nach S\u00fcdwesten bei 30 Grad\n\t\t\t\t<\/dd><\/dl><dl class='gallery-item'>\n\t\t\t<dt class='gallery-icon landscape'>\n\t\t\t\t<a href='https:\/\/www.freiburg-schwarzwald.de\/blog\/regio\/freiburg\/hirzberg\/hirzberg11schafe120429\/'><img loading=\"lazy\" decoding=\"async\" width=\"180\" height=\"135\" src=\"https:\/\/www.freiburg-schwarzwald.de\/blog\/wp-content\/uploads\/2012\/04\/hirzberg11schafe120429-180x135.jpg\" class=\"attachment-thumbnail size-thumbnail\" alt=\"\" aria-describedby=\"gallery-1-2515\" srcset=\"https:\/\/www.freiburg-schwarzwald.de\/blog\/wp-content\/uploads\/2012\/04\/hirzberg11schafe120429-180x135.jpg 180w, https:\/\/www.freiburg-schwarzwald.de\/blog\/wp-content\/uploads\/2012\/04\/hirzberg11schafe120429.jpg 640w\" sizes=\"auto, (max-width: 180px) 100vw, 180px\" \/><\/a>\n\t\t\t<\/dt>\n\t\t\t\t<dd class='wp-caption-text gallery-caption' id='gallery-1-2515'>\n\t\t\t\tSchafe am Hirzberg 29.4.2012: 4 Tage altes Laemmchen\n\t\t\t\t<\/dd><\/dl><dl class='gallery-item'>\n\t\t\t<dt class='gallery-icon landscape'>\n\t\t\t\t<a href='https:\/\/www.freiburg-schwarzwald.de\/blog\/regio\/freiburg\/hirzberg\/hirzberg12schafe120429\/'><img loading=\"lazy\" decoding=\"async\" width=\"180\" height=\"135\" src=\"https:\/\/www.freiburg-schwarzwald.de\/blog\/wp-content\/uploads\/2012\/04\/hirzberg12schafe120429-180x135.jpg\" class=\"attachment-thumbnail size-thumbnail\" alt=\"\" aria-describedby=\"gallery-1-2516\" srcset=\"https:\/\/www.freiburg-schwarzwald.de\/blog\/wp-content\/uploads\/2012\/04\/hirzberg12schafe120429-180x135.jpg 180w, https:\/\/www.freiburg-schwarzwald.de\/blog\/wp-content\/uploads\/2012\/04\/hirzberg12schafe120429.jpg 640w\" sizes=\"auto, (max-width: 180px) 100vw, 180px\" \/><\/a>\n\t\t\t<\/dt>\n\t\t\t\t<dd class='wp-caption-text gallery-caption' id='gallery-1-2516'>\n\t\t\t\tSchafe am Hirzberg 29.4.2012: Schafe lieben den schattigen Waldrand\n\t\t\t\t<\/dd><\/dl><br style=\"clear: both\" \/><dl class='gallery-item'>\n\t\t\t<dt class='gallery-icon landscape'>\n\t\t\t\t<a href='https:\/\/www.freiburg-schwarzwald.de\/blog\/regio\/freiburg\/hirzberg\/hirzberg13schafe120429\/'><img loading=\"lazy\" decoding=\"async\" width=\"180\" height=\"135\" src=\"https:\/\/www.freiburg-schwarzwald.de\/blog\/wp-content\/uploads\/2012\/04\/hirzberg13schafe120429-180x135.jpg\" class=\"attachment-thumbnail size-thumbnail\" alt=\"\" aria-describedby=\"gallery-1-2517\" srcset=\"https:\/\/www.freiburg-schwarzwald.de\/blog\/wp-content\/uploads\/2012\/04\/hirzberg13schafe120429-180x135.jpg 180w, https:\/\/www.freiburg-schwarzwald.de\/blog\/wp-content\/uploads\/2012\/04\/hirzberg13schafe120429.jpg 640w\" sizes=\"auto, (max-width: 180px) 100vw, 180px\" \/><\/a>\n\t\t\t<\/dt>\n\t\t\t\t<dd class='wp-caption-text gallery-caption' id='gallery-1-2517'>\n\t\t\t\tSchafe am Hirzberg 29.4.2012: im Schatten\n\t\t\t\t<\/dd><\/dl><dl class='gallery-item'>\n\t\t\t<dt class='gallery-icon portrait'>\n\t\t\t\t<a href='https:\/\/www.freiburg-schwarzwald.de\/blog\/regio\/freiburg\/hirzberg\/hirzberg14schafe120429\/'><img loading=\"lazy\" decoding=\"async\" width=\"135\" height=\"180\" src=\"https:\/\/www.freiburg-schwarzwald.de\/blog\/wp-content\/uploads\/2012\/04\/hirzberg14schafe120429-135x180.jpg\" class=\"attachment-thumbnail size-thumbnail\" alt=\"\" aria-describedby=\"gallery-1-2518\" srcset=\"https:\/\/www.freiburg-schwarzwald.de\/blog\/wp-content\/uploads\/2012\/04\/hirzberg14schafe120429-135x180.jpg 135w, https:\/\/www.freiburg-schwarzwald.de\/blog\/wp-content\/uploads\/2012\/04\/hirzberg14schafe120429.jpg 480w\" sizes=\"auto, (max-width: 135px) 100vw, 135px\" \/><\/a>\n\t\t\t<\/dt>\n\t\t\t\t<dd class='wp-caption-text gallery-caption' id='gallery-1-2518'>\n\t\t\t\tSchafe am Hirzberg 29.4.2012: \n\t\t\t\t<\/dd><\/dl><dl class='gallery-item'>\n\t\t\t<dt class='gallery-icon landscape'>\n\t\t\t\t<a href='https:\/\/www.freiburg-schwarzwald.de\/blog\/regio\/freiburg\/hirzberg\/hirzberg15schafe120429\/'><img loading=\"lazy\" decoding=\"async\" width=\"180\" height=\"135\" src=\"https:\/\/www.freiburg-schwarzwald.de\/blog\/wp-content\/uploads\/2012\/04\/hirzberg15schafe120429-180x135.jpg\" class=\"attachment-thumbnail size-thumbnail\" alt=\"\" aria-describedby=\"gallery-1-2519\" srcset=\"https:\/\/www.freiburg-schwarzwald.de\/blog\/wp-content\/uploads\/2012\/04\/hirzberg15schafe120429-180x135.jpg 180w, https:\/\/www.freiburg-schwarzwald.de\/blog\/wp-content\/uploads\/2012\/04\/hirzberg15schafe120429.jpg 640w\" sizes=\"auto, (max-width: 180px) 100vw, 180px\" \/><\/a>\n\t\t\t<\/dt>\n\t\t\t\t<dd class='wp-caption-text gallery-caption' id='gallery-1-2519'>\n\t\t\t\tSchafe am Hirzberg 29.4.2012: Blick nach Norden\n\t\t\t\t<\/dd><\/dl><br style=\"clear: both\" \/><dl class='gallery-item'>\n\t\t\t<dt class='gallery-icon landscape'>\n\t\t\t\t<a href='https:\/\/www.freiburg-schwarzwald.de\/blog\/regio\/freiburg\/hirzberg\/hirzberg16schafe120429\/'><img loading=\"lazy\" decoding=\"async\" width=\"180\" height=\"142\" src=\"https:\/\/www.freiburg-schwarzwald.de\/blog\/wp-content\/uploads\/2012\/04\/hirzberg16schafe120429-180x142.jpg\" class=\"attachment-thumbnail size-thumbnail\" alt=\"\" aria-describedby=\"gallery-1-2520\" srcset=\"https:\/\/www.freiburg-schwarzwald.de\/blog\/wp-content\/uploads\/2012\/04\/hirzberg16schafe120429-180x142.jpg 180w, https:\/\/www.freiburg-schwarzwald.de\/blog\/wp-content\/uploads\/2012\/04\/hirzberg16schafe120429.jpg 639w\" sizes=\"auto, (max-width: 180px) 100vw, 180px\" \/><\/a>\n\t\t\t<\/dt>\n\t\t\t\t<dd class='wp-caption-text gallery-caption' id='gallery-1-2520'>\n\t\t\t\tSchafe am Hirzberg 29.4.2012: \u00dcber 30 Grad um 14 Uhr\n\t\t\t\t<\/dd><\/dl><dl class='gallery-item'>\n\t\t\t<dt class='gallery-icon landscape'>\n\t\t\t\t<a href='https:\/\/www.freiburg-schwarzwald.de\/blog\/regio\/freiburg\/hirzberg\/hirzberg17garten120429\/'><img loading=\"lazy\" decoding=\"async\" width=\"180\" height=\"135\" src=\"https:\/\/www.freiburg-schwarzwald.de\/blog\/wp-content\/uploads\/2012\/04\/hirzberg17garten120429-180x135.jpg\" class=\"attachment-thumbnail size-thumbnail\" alt=\"\" aria-describedby=\"gallery-1-2521\" srcset=\"https:\/\/www.freiburg-schwarzwald.de\/blog\/wp-content\/uploads\/2012\/04\/hirzberg17garten120429-180x135.jpg 180w, https:\/\/www.freiburg-schwarzwald.de\/blog\/wp-content\/uploads\/2012\/04\/hirzberg17garten120429.jpg 640w\" sizes=\"auto, (max-width: 180px) 100vw, 180px\" \/><\/a>\n\t\t\t<\/dt>\n\t\t\t\t<dd class='wp-caption-text gallery-caption' id='gallery-1-2521'>\n\t\t\t\tSchrebergaerten am Hirzberg 29.4.2012: Blick nach Westen\n\t\t\t\t<\/dd><\/dl><dl class='gallery-item'>\n\t\t\t<dt class='gallery-icon landscape'>\n\t\t\t\t<a href='https:\/\/www.freiburg-schwarzwald.de\/blog\/regio\/freiburg\/hirzberg\/hirzberg-hinterwaldkopf120713\/'><img loading=\"lazy\" decoding=\"async\" width=\"180\" height=\"135\" src=\"https:\/\/www.freiburg-schwarzwald.de\/blog\/wp-content\/uploads\/2012\/04\/hirzberg-hinterwaldkopf120713-180x135.jpg\" class=\"attachment-thumbnail size-thumbnail\" alt=\"\" aria-describedby=\"gallery-1-7042\" srcset=\"https:\/\/www.freiburg-schwarzwald.de\/blog\/wp-content\/uploads\/2012\/04\/hirzberg-hinterwaldkopf120713-180x135.jpg 180w, https:\/\/www.freiburg-schwarzwald.de\/blog\/wp-content\/uploads\/2012\/04\/hirzberg-hinterwaldkopf120713.jpg 640w\" sizes=\"auto, (max-width: 180px) 100vw, 180px\" \/><\/a>\n\t\t\t<\/dt>\n\t\t\t\t<dd class='wp-caption-text gallery-caption' id='gallery-1-7042'>\n\t\t\t\tBlick vom Hirzberg \u00fcber Waldsee mit Dreifaltigkeit zum Hinterwaldkopf am 13.7.2012\n\t\t\t\t<\/dd><\/dl><br style=\"clear: both\" \/><dl class='gallery-item'>\n\t\t\t<dt class='gallery-icon landscape'>\n\t\t\t\t<a href='https:\/\/www.freiburg-schwarzwald.de\/blog\/regio\/freiburg\/hirzberg\/hirzberg-garten120713\/'><img loading=\"lazy\" decoding=\"async\" width=\"180\" height=\"135\" src=\"https:\/\/www.freiburg-schwarzwald.de\/blog\/wp-content\/uploads\/2012\/04\/hirzberg-garten120713-180x135.jpg\" class=\"attachment-thumbnail size-thumbnail\" alt=\"\" aria-describedby=\"gallery-1-7043\" srcset=\"https:\/\/www.freiburg-schwarzwald.de\/blog\/wp-content\/uploads\/2012\/04\/hirzberg-garten120713-180x135.jpg 180w, https:\/\/www.freiburg-schwarzwald.de\/blog\/wp-content\/uploads\/2012\/04\/hirzberg-garten120713.jpg 640w\" sizes=\"auto, (max-width: 180px) 100vw, 180px\" \/><\/a>\n\t\t\t<\/dt>\n\t\t\t\t<dd class='wp-caption-text gallery-caption' id='gallery-1-7043'>\n\t\t\t\tAm Hirzberg 13.7.2012 &#8211; Kaffee trinken\n\t\t\t\t<\/dd><\/dl><dl class='gallery-item'>\n\t\t\t<dt class='gallery-icon landscape'>\n\t\t\t\t<a href='https:\/\/www.freiburg-schwarzwald.de\/blog\/regio\/freiburg\/hirzberg\/schafe-hirzberg2305pan\/'><img loading=\"lazy\" decoding=\"async\" width=\"180\" height=\"107\" src=\"https:\/\/www.freiburg-schwarzwald.de\/blog\/wp-content\/uploads\/2023\/06\/schafe-hirzberg2305pan-180x107.jpg\" class=\"attachment-thumbnail size-thumbnail\" alt=\"\" aria-describedby=\"gallery-1-112760\" srcset=\"https:\/\/www.freiburg-schwarzwald.de\/blog\/wp-content\/uploads\/2023\/06\/schafe-hirzberg2305pan-180x107.jpg 180w, https:\/\/www.freiburg-schwarzwald.de\/blog\/wp-content\/uploads\/2023\/06\/schafe-hirzberg2305pan.jpg 640w\" sizes=\"auto, (max-width: 180px) 100vw, 180px\" \/><\/a>\n\t\t\t<\/dt>\n\t\t\t\t<dd class='wp-caption-text gallery-caption' id='gallery-1-112760'>\n\t\t\t\tSchafe am Hirzberg in Freiburg-Oberau im Mai 2023 &#8211; Bild Peter H.Braun\n\t\t\t\t<\/dd><\/dl>\n\t\t\t<br style='clear: both' \/>\n\t\t<\/div>\n\n<p>Am 29.4.2012 war es sommerlich hei\u00df &#8211; \u00fcber 30 Grad gegen Mittag. Da\u00a0fluechten sich\u00a0die Schafe von Norbert Schwarz vom Butzenhof in FR-Kappel gerne unter die schattenspendenden Laubb\u00e4ume, die \u00fcberhalb der Obstbaumwiesen am Hirzberg wachsen.<\/p>\n<p><a href=\"https:\/\/www.freiburg-schwarzwald.de\/schafe#Norbert Schwarz, Sch\u00e4fer in Kappel\">Freiburg-Kappel: Norbert Schwarz, Sch\u00e4fer auf dem Butzenhof<\/a> (24.4.2003)<\/p>\n","protected":false},"excerpt":{"rendered":"<p>Home &gt;Freiburg &gt;Hirzberg Listenauswahl eines Beitrags (Artikel\/Datum, Seite\/Inhalt):\u00a0Klicken\u00a0oder scrollen Freiburg-Oberau \u2013 Hirzberg \u2013 Papierfabrik Flinsch \u2013 Rabenkopf\u00a0(12.1.2026) Sanierung Meierhof Kartaus durch Willi Sutter\u00a0(19.12.20209 https:\/\/www.freiburg-schwarzwald.de\/blog\/garten-und-landschaftsschutz\/\u00a0(28.8.2019) G\u00e4rtner f\u00fcrchten am Hirzberg um ihre Kleing\u00e4rten, da das Areal im Landschaftsschutzgebiet liegt (27.7.2019) Trockenmauern terrassieren &hellip; <a href=\"https:\/\/www.freiburg-schwarzwald.de\/blog\/regio\/freiburg\/hirzberg\/\">Weiterlesen <span class=\"meta-nav\">&rarr;<\/span><\/a><\/p>\n","protected":false},"author":2,"featured_media":0,"parent":389,"menu_order":0,"comment_status":"open","ping_status":"closed","template":"","meta":{"footnotes":""},"class_list":["post-2497","page","type-page","status-publish","hentry"],"_links":{"self":[{"href":"https:\/\/www.freiburg-schwarzwald.de\/blog\/wp-json\/wp\/v2\/pages\/2497","targetHints":{"allow":["GET"]}}],"collection":[{"href":"https:\/\/www.freiburg-schwarzwald.de\/blog\/wp-json\/wp\/v2\/pages"}],"about":[{"href":"https:\/\/www.freiburg-schwarzwald.de\/blog\/wp-json\/wp\/v2\/types\/page"}],"author":[{"embeddable":true,"href":"https:\/\/www.freiburg-schwarzwald.de\/blog\/wp-json\/wp\/v2\/users\/2"}],"replies":[{"embeddable":true,"href":"https:\/\/www.freiburg-schwarzwald.de\/blog\/wp-json\/wp\/v2\/comments?post=2497"}],"version-history":[{"count":5,"href":"https:\/\/www.freiburg-schwarzwald.de\/blog\/wp-json\/wp\/v2\/pages\/2497\/revisions"}],"predecessor-version":[{"id":144046,"href":"https:\/\/www.freiburg-schwarzwald.de\/blog\/wp-json\/wp\/v2\/pages\/2497\/revisions\/144046"}],"up":[{"embeddable":true,"href":"https:\/\/www.freiburg-schwarzwald.de\/blog\/wp-json\/wp\/v2\/pages\/389"}],"wp:attachment":[{"href":"https:\/\/www.freiburg-schwarzwald.de\/blog\/wp-json\/wp\/v2\/media?parent=2497"}],"curies":[{"name":"wp","href":"https:\/\/api.w.org\/{rel}","templated":true}]}}