{"id":24930,"date":"2013-03-17T22:31:17","date_gmt":"2013-03-17T21:31:17","guid":{"rendered":"https:\/\/www.freiburg-schwarzwald.de\/blog\/?page_id=24930"},"modified":"2023-12-23T14:07:31","modified_gmt":"2023-12-23T13:07:31","slug":"spielweg","status":"publish","type":"page","link":"https:\/\/www.freiburg-schwarzwald.de\/blog\/regio\/orte\/muenstertal\/spielweg\/","title":{"rendered":"Spielweg"},"content":{"rendered":"<p>Home &gt;<a title=\"Regio\" href=\"https:\/\/www.freiburg-schwarzwald.de\/blog\/regio\/\">Regio<\/a> &gt;<a title=\"Orte\" href=\"https:\/\/www.freiburg-schwarzwald.de\/blog\/regio\/orte\/\">Orte<\/a> &gt;<a title=\"Muenstertal\" href=\"https:\/\/www.freiburg-schwarzwald.de\/blog\/regio\/orte\/muenstertal\/\">Muenstertal<\/a> &gt;Spielweg<\/p>\n<p>&nbsp;<\/p>\n<ul>\n<li>Stefan Harter: Hirtenbub 1943-1950 auf dem Sch\u00fcrlebuck in M\u00fcnstertal (22.12.2023)<\/li>\n<li><\/li>\n<li><a title=\"Fluss\" href=\"https:\/\/www.freiburg-schwarzwald.de\/blog\/regio\/fluss\/\">Neumagen 26 km: Stohren \u2013 M\u00fcnstertal \u2013 Staufen \u2013 Bad Krozingen \u2013 Hausen<\/a>\u00a0(26.8.2020)<\/li>\n<li>Lusth\u00e4usle zwischen Spielweg und Lochmatt<\/li>\n<li>Spielweg<\/li>\n<li><a href=\"https:\/\/www.freiburg-schwarzwald.de\/muenstertal.htm#Spielweg\">https:\/\/www.freiburg-schwarzwald.de\/muenstertal.htm#Spielweg<\/a><\/li>\n<li><a title=\"Neuhof\" href=\"https:\/\/www.freiburg-schwarzwald.de\/blog\/regio\/orte\/muenstertal\/neuhof\/\">Neuhof<\/a><\/li>\n<li><a title=\"SittenerBerg\" href=\"https:\/\/www.freiburg-schwarzwald.de\/blog\/regio\/orte\/muenstertal\/sittenerberg\/\">Sittener Berg<\/a><\/li>\n<li><a href=\"https:\/\/www.freiburg-schwarzwald.de\/muenstertal.htm#Lusth\u00e4usle\">https:\/\/www.freiburg-schwarzwald.de\/muenstertal.htm#Lusth\u00e4usle<\/a> zwischen Wiedener Eck und Spielweg<\/li>\n<li><a href=\"https:\/\/www.freiburg-schwarzwald.de\/blog\/regio\/orte\/stohren\/\">Stohren <\/a><\/li>\n<li><a href=\"https:\/\/www.freiburg-schwarzwald.de\/blog\/bildung\/schulen\/stohrenschule\/\">Stohrenschule<\/a><\/li>\n<\/ul>\n<p>&nbsp;<\/p>\n<p><strong>Stefan Harter: Hirtenbub 1943-1950 auf dem Sch\u00fcrlebuck in M\u00fcnstertal<\/strong><br \/>\n<strong>Hirtenbuben im Schwarzwald \u2013 eine Kindheit voll harter Arbeit und Entbehrungen<\/strong><br \/>\nVor knapp 80 Jahren stand Stefan Harter das erste Mal dort, wo er jetzt gerade steht. Vor ihm ein altes Bauernhaus, Stall und Weidefl\u00e4che. Harter war zehn Jahre alt. Sein Vater hatte ihm damals gesagt, dass der Bauer auf dem Sch\u00fcrlebuck einen Hirtenbuben brauche, um das Vieh zu h\u00fcten. &#8222;Dann nahm er mich mit hoch. Er ging. Das war\u2019s&#8220;, sagt der 89-J\u00e4hrige. Harter \u2013 Schieberm\u00fctze, blaue Funktionsjacke \u2013 spricht langsam, auf jedes Wort bedacht. Zwischen den S\u00e4tzen schnappt er nach Luft. Ab diesem Zeitpunkt \u2013 einem Sonntag \u2013 lebte er die sechs Jahre auf dem Bauernhof im M\u00fcnstertal. Ohne Unterbrechung. Seine Familie sah er kaum.<br \/>\nKein Einzelschicksal im Hochschwarzwald: In den letzten Jahren des Zweiten Weltkriegs, aber vor allem in der Nachkriegszeit wurden acht- bis zehnj\u00e4hrige Jungen auf die H\u00f6fe von Verwandten, Bekannten oder Nachbarn geschickt. Lebensmittel waren knapp. Die Eltern der oft kinderreichen Familien waren froh, einen hungrigen Esser weniger am Tisch sitzen zu haben. Die Hofbesitzer freuten sich \u00fcber die g\u00fcnstige Arbeitskraft, die Hirtenbuben hatten keine andere Wahl.<br \/>\nDer Tagesablauf von Harter war immergleich. Morgens nach dem Butterbrot zur Schule: Eine dreiviertel Stunde hin, mehr als eine Stunde zur\u00fcck. Nach einem schnellen Mittagessen ging es auf die Weide zum H\u00fcten. Von Mai an musste der Hirtenbub t\u00e4glich die 15 K\u00fche und ein paar Ziegen und Schafe des Bauern zum Futter f\u00fchren. Weidez\u00e4une gab es noch nicht. Die Hirtenbuben mussten darauf achten, dass die Tiere kein fremdes Gras fressen oder die anliegenden \u00c4cker verw\u00fcsten.<br \/>\nEgal bei welchem Wetter. Besonders bei Gewitter galt es, die Herde zusammenzuhalten. &#8222;Wenn ein Blitz in einen Baum einschl\u00e4gt, rei\u00dft das den ganzen Baum auf. Ich musste mich vom Wald fernhalten, obwohl die K\u00fche genau dort Schutz suchten&#8220;, sagt Harter.<br \/>\nBeim ersten Schnee kamen die K\u00fche zur\u00fcck in den Stall. Im Winter war die Arbeit aber nicht vorbei: S\u00e4gen, Schneeschippen, Schindeln aus Holz herstellen. Und das gepresste Heu auseinanderziehen f\u00fcr das Futter der Tiere. &#8222;Heu sch\u00fctteln war f\u00fcr mich der Horror. Der Heustaub setze sich \u00fcberall fest, auch in den Ohren&#8220;, sagt Harter. Trotz der harten Arbeit denkt er gern und oft an die Zeit zur\u00fcck. &#8222;Die guten Erinnerungen \u00fcberwiegen. Es gab genug zu essen, und die Bauern haben mich gut behandelt&#8220;, sagt Harter. Die letzten Jahre hat er sich wohl gef\u00fchlt \u2013 anfangs war es schwer.<br \/>\n&#8222;Die ersten Jahre waren die schlimmsten. Abends im Bett habe ich viel geweint. Wir waren daheim neun Kinder und auf einmal stehst du ganz alleine da&#8220;, erz\u00e4hlt Stefan Harter. Auf dem Sch\u00fcrlebuck lebten damals au\u00dfer ihm die Bauersleute mit zwei Kleinkindern und der Opa. Jeden Sonntag ging Harter mit der B\u00e4uerin in die Fr\u00fchmesse zum Kloster St. Trudpert ins Tal. Der Weg zur\u00fcck zum Hof f\u00fchrte am Elternhaus vorbei. &#8222;Ich durfte meine Eltern und Geschwister nicht sehen, obwohl ich genau an ihnen vorbeigelaufen bin. Das war bitter.&#8220; F\u00fcr den R\u00fcckweg vom Kloster brauchte Harter als Kind eineinhalb Stunden zu Fu\u00df.<br \/>\nMit dem Auto schafft er es heute in einer Viertelstunde. Irgendwann werden die Serpentinen enger. Schlie\u00dflich biegt er in einen Waldweg ein. Zwischendurch erkl\u00e4rt er die Umgebung. &#8222;Hier habe ich immer abgek\u00fcrzt durch den Wald. Wege gab es ja noch keine&#8220;, sagt Harter. Und dort stand das Fahrrad der B\u00e4uerin, zu dem er manchmal nach getaner Arbeit ins Tal lief, um mit den Kindern aus dem Dorf ein paar Runden auf dem Schulhof zu drehen.<br \/>\nStefan Harter schaut auf das alte Bauernhaus. Schwere, mit Moos bedeckte Holzbalken rahmen die moderne T\u00fcr ein. Die W\u00e4nde sind teils verputzt, zum Teil mit Holzschindeln gedeckt. Er zeigt auf zwei kleine Fenster. &#8222;Da war das Ehebett der Bauersleut. Ich musste immer durch das Elternzimmer in meine Kammer&#8220;, sagt Harter.<br \/>\nIn der Kammer lag eine Strohmatratze, auf der er schlief. Auch im Winter. Dann waren die Fenster vereist. Beim Schlafen trug er dasselbe Hemd, das er auch bei den K\u00fchen auf der Weide anhatte. &#8222;Die Bauern kannten mich nicht, deshalb schlief ich zuerst alleine in der Kammer. Als sie mich besser kennenlernten, durfte ich zum Opa ins Ehebett. Das war angenehm warm&#8220;, sagt Harter. Eines Winters starb der alte Mann. Es lag viel Schnee. Ein Transport des Leichnams war ausgeschlossen. Also blieb der Tote liegen. Stefan Harter schlief drei Tage lang neben ihm. Er sch\u00fcttelt den Kopf. &#8222;Damals gab es&#8220;, seine Stimme versagt, &#8222;es gab nichts. Fr\u00fcher war das f\u00fcr mich v\u00f6llig normal. Wenn ich mir das jetzt vorstelle. Unm\u00f6glich.&#8220;<br \/>\n&#8230;<br \/>\nUm dieselbe Zeit, im Jahr 1950, fing auch f\u00fcr Stefan Harter im M\u00fcnstertal ein neuer Lebensabschnitt an. Der Bauer auf dem Sch\u00fcrlebuck wollte ihn am liebsten da behalten, doch seine Eltern hatten andere Pl\u00e4ne. Sie wollten, dass er eine Maurerlehre macht. Er war lange im Baugesch\u00e4ft t\u00e4tig, zuletzt arbeitete er bei einer Fertighaus-Firma.<br \/>\nInzwischen hat Stefan Harter f\u00fcnf Kinder, elf Enkel und sechs Urenkel. Alle sind in der N\u00e4he. Vier haben sogar um sein Haus herum gebaut. Alle vier Wochen trifft sich die Familie \u2013 28 Menschen \u2013 zu Kaffee und Kuchen im M\u00fcnstertal. Seinen Enkelinnen und Enkeln erz\u00e4hlt er dann immer von seiner Zeit als Hirtenbub. Schlie\u00dflich ist er einer der Letzten, der das noch kann.<br \/>\n&#8230; Alles vom 22.12.2023 von David Pister bitte lesen auf<br \/>\n<a href=\"https:\/\/www.badische-zeitung.de\/hirtenbuben-im-schwarzwald-eine-kindheit-voll-harter-arbeit-und-entbehrungen\">https:\/\/www.badische-zeitung.de\/hirtenbuben-im-schwarzwald-eine-kindheit-voll-harter-arbeit-und-entbehrungen<\/a>.<br \/>\n.<br \/>\nSch\u00fcrlebuckhof im Bild:<br \/>\n<a href=\"https:\/\/freiburg-schwarzwald.de\/obermuenstertal.htm#Sch%C3%BCrlebuck%20zwischen%20H%C3%B6rhalde%20und%20Melmiseck\">https:\/\/freiburg-schwarzwald.de\/obermuenstertal.htm#Sch%C3%BCrlebuck%20zwischen%20H%C3%B6rhalde%20und%20Melmiseck.<\/a><\/p>\n<p>Hirtenbub Helmut Heitzmann &#8211; mehr <a href=\"https:\/\/www.freiburg-schwarzwald.de\/blog\/regio\/heimat\/geschichte\/heitzmannhelmut\/\">hier<\/a><\/p>\n<p>&nbsp;<\/p>\n<p>&nbsp;<\/p>\n<p><strong>Lusth\u00e4usle zwischen Spielweg und Lochmatt<\/strong><\/p>\n<h5><a href=\"https:\/\/www.freiburg-schwarzwald.de\/blog\/regio\/orte\/muenstertal\/spielweg\/muenstertal2lusthaeusle130305\/\" rel=\"attachment wp-att-24933\"><img loading=\"lazy\" decoding=\"async\" class=\"alignnone size-thumbnail wp-image-24933\" title=\"muenstertal2lusthaeusle130305\" src=\"https:\/\/www.freiburg-schwarzwald.de\/blog\/wp-content\/uploads\/2013\/03\/muenstertal2lusthaeusle130305-180x135.jpg\" alt=\"\" width=\"180\" height=\"135\" srcset=\"https:\/\/www.freiburg-schwarzwald.de\/blog\/wp-content\/uploads\/2013\/03\/muenstertal2lusthaeusle130305-180x135.jpg 180w, https:\/\/www.freiburg-schwarzwald.de\/blog\/wp-content\/uploads\/2013\/03\/muenstertal2lusthaeusle130305.jpg 640w\" sizes=\"auto, (max-width: 180px) 100vw, 180px\" \/><\/a>\u00a0\u00a0\u00a0\u00a0\u00a0\u00a0\u00a0\u00a0\u00a0<a href=\"https:\/\/www.freiburg-schwarzwald.de\/blog\/regio\/orte\/muenstertal\/spielweg\/muenstertal1lusthaeusle130305\/\" rel=\"attachment wp-att-24932\"><img loading=\"lazy\" decoding=\"async\" class=\"alignnone size-thumbnail wp-image-24932\" title=\"muenstertal1lusthaeusle130305\" src=\"https:\/\/www.freiburg-schwarzwald.de\/blog\/wp-content\/uploads\/2013\/03\/muenstertal1lusthaeusle130305-180x135.jpg\" alt=\"\" width=\"180\" height=\"135\" srcset=\"https:\/\/www.freiburg-schwarzwald.de\/blog\/wp-content\/uploads\/2013\/03\/muenstertal1lusthaeusle130305-180x135.jpg 180w, https:\/\/www.freiburg-schwarzwald.de\/blog\/wp-content\/uploads\/2013\/03\/muenstertal1lusthaeusle130305.jpg 640w\" sizes=\"auto, (max-width: 180px) 100vw, 180px\" \/><\/a>\u00a0\u00a0\u00a0\u00a0\u00a0\u00a0\u00a0\u00a0\u00a0 <a href=\"https:\/\/www.freiburg-schwarzwald.de\/blog\/regio\/orte\/muenstertal\/spielweg\/muenstertal2spielweg130305\/\" rel=\"attachment wp-att-24934\"><img loading=\"lazy\" decoding=\"async\" class=\"alignnone size-thumbnail wp-image-24934\" title=\"muenstertal2spielweg130305\" src=\"https:\/\/www.freiburg-schwarzwald.de\/blog\/wp-content\/uploads\/2013\/03\/muenstertal2spielweg130305-180x135.jpg\" alt=\"\" width=\"180\" height=\"135\" srcset=\"https:\/\/www.freiburg-schwarzwald.de\/blog\/wp-content\/uploads\/2013\/03\/muenstertal2spielweg130305-180x135.jpg 180w, https:\/\/www.freiburg-schwarzwald.de\/blog\/wp-content\/uploads\/2013\/03\/muenstertal2spielweg130305.jpg 640w\" sizes=\"auto, (max-width: 180px) 100vw, 180px\" \/><\/a><br \/>\n(1)\u00a0 Hinteres Elend im S\u00fcden\u00a0\u00a0\u00a0\u00a0\u00a0\u00a0\u00a0\u00a0\u00a0\u00a0\u00a0(2) Lusth\u00e4usle und Branden im Westen\u00a0\u00a0 (3) Spielweg im Osten<\/h5>\n<h5><a href=\"https:\/\/www.freiburg-schwarzwald.de\/blog\/regio\/orte\/muenstertal\/spielweg\/muenstertal3lusthaeusle-branden130305\/\" rel=\"attachment wp-att-24940\"><img loading=\"lazy\" decoding=\"async\" class=\"alignnone size-thumbnail wp-image-24940\" title=\"muenstertal3lusthaeusle-branden130305\" src=\"https:\/\/www.freiburg-schwarzwald.de\/blog\/wp-content\/uploads\/2013\/03\/muenstertal3lusthaeusle-branden130305-135x180.jpg\" alt=\"\" width=\"135\" height=\"180\" srcset=\"https:\/\/www.freiburg-schwarzwald.de\/blog\/wp-content\/uploads\/2013\/03\/muenstertal3lusthaeusle-branden130305-135x180.jpg 135w, https:\/\/www.freiburg-schwarzwald.de\/blog\/wp-content\/uploads\/2013\/03\/muenstertal3lusthaeusle-branden130305.jpg 480w\" sizes=\"auto, (max-width: 135px) 100vw, 135px\" \/><\/a>\u00a0\u00a0\u00a0\u00a0\u00a0\u00a0\u00a0\u00a0\u00a0\u00a0\u00a0\u00a0\u00a0\u00a0\u00a0\u00a0\u00a0\u00a0\u00a0\u00a0\u00a0\u00a0\u00a0\u00a0 <a href=\"https:\/\/www.freiburg-schwarzwald.de\/blog\/regio\/orte\/muenstertal\/spielweg\/muenstertal4lusthaeusle-spielweg130305\/\" rel=\"attachment wp-att-24941\"><img loading=\"lazy\" decoding=\"async\" title=\"muenstertal4lusthaeusle-spielweg130305\" src=\"https:\/\/www.freiburg-schwarzwald.de\/blog\/wp-content\/uploads\/2013\/03\/muenstertal4lusthaeusle-spielweg130305-180x135.jpg\" alt=\"\" width=\"180\" height=\"135\" \/><\/a>\u00a0\u00a0\u00a0\u00a0\u00a0\u00a0\u00a0\u00a0\u00a0 <a href=\"https:\/\/www.freiburg-schwarzwald.de\/blog\/regio\/orte\/muenstertal\/spielweg\/muenstertal1branden130305\/\" rel=\"attachment wp-att-24942\"><img loading=\"lazy\" decoding=\"async\" class=\"alignnone size-thumbnail wp-image-24942\" title=\"muenstertal1branden130305\" src=\"https:\/\/www.freiburg-schwarzwald.de\/blog\/wp-content\/uploads\/2013\/03\/muenstertal1branden130305-180x135.jpg\" alt=\"\" width=\"180\" height=\"135\" srcset=\"https:\/\/www.freiburg-schwarzwald.de\/blog\/wp-content\/uploads\/2013\/03\/muenstertal1branden130305-180x135.jpg 180w, https:\/\/www.freiburg-schwarzwald.de\/blog\/wp-content\/uploads\/2013\/03\/muenstertal1branden130305-640x480.jpg 640w, https:\/\/www.freiburg-schwarzwald.de\/blog\/wp-content\/uploads\/2013\/03\/muenstertal1branden130305.jpg 1000w\" sizes=\"auto, (max-width: 180px) 100vw, 180px\" \/><\/a><br \/>\n(4) Branden und Vorderelend\u00a0\u00a0\u00a0\u00a0\u00a0\u00a0\u00a0\u00a0\u00a0\u00a0\u00a0\u00a0\u00a0\u00a0\u00a0\u00a0\u00a0 (5) Vorderelend und Spielweg\u00a0\u00a0\u00a0\u00a0\u00a0\u00a0\u00a0\u00a0\u00a0\u00a0\u00a0\u00a0\u00a0\u00a0 (6) Brandenkopf im Westen<\/h5>\n<h5><a href=\"https:\/\/www.freiburg-schwarzwald.de\/blog\/regio\/orte\/muenstertal\/spielweg\/muenstertal5usthaeusle-hintereselend130305\/\" rel=\"attachment wp-att-24945\"><img loading=\"lazy\" decoding=\"async\" class=\"alignnone size-thumbnail wp-image-24945\" title=\"muenstertal5usthaeusle-hintereselend130305\" src=\"https:\/\/www.freiburg-schwarzwald.de\/blog\/wp-content\/uploads\/2013\/03\/muenstertal5usthaeusle-hintereselend130305-135x180.jpg\" alt=\"\" width=\"135\" height=\"180\" srcset=\"https:\/\/www.freiburg-schwarzwald.de\/blog\/wp-content\/uploads\/2013\/03\/muenstertal5usthaeusle-hintereselend130305-135x180.jpg 135w, https:\/\/www.freiburg-schwarzwald.de\/blog\/wp-content\/uploads\/2013\/03\/muenstertal5usthaeusle-hintereselend130305.jpg 480w\" sizes=\"auto, (max-width: 135px) 100vw, 135px\" \/><\/a>\u00a0\u00a0\u00a0\u00a0\u00a0\u00a0\u00a0\u00a0\u00a0\u00a0\u00a0\u00a0\u00a0\u00a0\u00a0\u00a0\u00a0\u00a0\u00a0\u00a0\u00a0\u00a0\u00a0\u00a0\u00a0\u00a0\u00a0\u00a0 <a href=\"https:\/\/www.freiburg-schwarzwald.de\/blog\/regio\/orte\/muenstertal\/spielweg\/muenstertal6usthaeusle-elend130305\/\" rel=\"attachment wp-att-24946\"><img loading=\"lazy\" decoding=\"async\" class=\"alignnone size-thumbnail wp-image-24946\" title=\"muenstertal6usthaeusle-elend130305\" src=\"https:\/\/www.freiburg-schwarzwald.de\/blog\/wp-content\/uploads\/2013\/03\/muenstertal6usthaeusle-elend130305-135x180.jpg\" alt=\"\" width=\"135\" height=\"180\" srcset=\"https:\/\/www.freiburg-schwarzwald.de\/blog\/wp-content\/uploads\/2013\/03\/muenstertal6usthaeusle-elend130305-135x180.jpg 135w, https:\/\/www.freiburg-schwarzwald.de\/blog\/wp-content\/uploads\/2013\/03\/muenstertal6usthaeusle-elend130305.jpg 480w\" sizes=\"auto, (max-width: 135px) 100vw, 135px\" \/><\/a>\u00a0\u00a0\u00a0\u00a0\u00a0\u00a0\u00a0\u00a0\u00a0\u00a0\u00a0\u00a0\u00a0\u00a0\u00a0\u00a0\u00a0\u00a0\u00a0\u00a0\u00a0\u00a0\u00a0 <a href=\"https:\/\/www.freiburg-schwarzwald.de\/blog\/regio\/orte\/muenstertal\/spielweg\/muenstertal7lusthaeusle-dobelhof130305\/\" rel=\"attachment wp-att-24947\"><img loading=\"lazy\" decoding=\"async\" class=\"alignnone size-thumbnail wp-image-24947\" title=\"muenstertal7lusthaeusle-dobelhof130305\" src=\"https:\/\/www.freiburg-schwarzwald.de\/blog\/wp-content\/uploads\/2013\/03\/muenstertal7lusthaeusle-dobelhof130305-135x180.jpg\" alt=\"\" width=\"135\" height=\"180\" srcset=\"https:\/\/www.freiburg-schwarzwald.de\/blog\/wp-content\/uploads\/2013\/03\/muenstertal7lusthaeusle-dobelhof130305-135x180.jpg 135w, https:\/\/www.freiburg-schwarzwald.de\/blog\/wp-content\/uploads\/2013\/03\/muenstertal7lusthaeusle-dobelhof130305.jpg 480w\" sizes=\"auto, (max-width: 135px) 100vw, 135px\" \/><\/a><br \/>\n(7) Hinteres Elend am 5.3.2013\u00a0\u00a0\u00a0\u00a0\u00a0\u00a0\u00a0\u00a0\u00a0\u00a0\u00a0\u00a0\u00a0\u00a0\u00a0 (8) Hinteres Elend am Stampfeb\u00e4chle\u00a0\u00a0 (9) Dobelhof am Branden<\/h5>\n<h5><a href=\"https:\/\/www.freiburg-schwarzwald.de\/blog\/regio\/orte\/muenstertal\/spielweg\/muenstertal8lusthaeusle-vorderelend130305\/\" rel=\"attachment wp-att-24948\"><img loading=\"lazy\" decoding=\"async\" class=\"alignnone size-thumbnail wp-image-24948\" title=\"muenstertal8lusthaeusle-vorderelend130305\" src=\"https:\/\/www.freiburg-schwarzwald.de\/blog\/wp-content\/uploads\/2013\/03\/muenstertal8lusthaeusle-vorderelend130305-180x135.jpg\" alt=\"\" width=\"180\" height=\"135\" srcset=\"https:\/\/www.freiburg-schwarzwald.de\/blog\/wp-content\/uploads\/2013\/03\/muenstertal8lusthaeusle-vorderelend130305-180x135.jpg 180w, https:\/\/www.freiburg-schwarzwald.de\/blog\/wp-content\/uploads\/2013\/03\/muenstertal8lusthaeusle-vorderelend130305.jpg 640w\" sizes=\"auto, (max-width: 180px) 100vw, 180px\" \/><\/a>\u00a0\u00a0\u00a0\u00a0\u00a0\u00a0\u00a0\u00a0\u00a0 <a href=\"https:\/\/www.freiburg-schwarzwald.de\/blog\/regio\/orte\/muenstertal\/spielweg\/muenstertal9lusthaeusle-brandenkopf130305\/\" rel=\"attachment wp-att-24950\"><img loading=\"lazy\" decoding=\"async\" class=\"alignnone size-thumbnail wp-image-24950\" title=\"muenstertal9lusthaeusle-brandenkopf130305\" src=\"https:\/\/www.freiburg-schwarzwald.de\/blog\/wp-content\/uploads\/2013\/03\/muenstertal9lusthaeusle-brandenkopf130305-180x135.jpg\" alt=\"\" width=\"180\" height=\"135\" srcset=\"https:\/\/www.freiburg-schwarzwald.de\/blog\/wp-content\/uploads\/2013\/03\/muenstertal9lusthaeusle-brandenkopf130305-180x135.jpg 180w, https:\/\/www.freiburg-schwarzwald.de\/blog\/wp-content\/uploads\/2013\/03\/muenstertal9lusthaeusle-brandenkopf130305-640x480.jpg 640w, https:\/\/www.freiburg-schwarzwald.de\/blog\/wp-content\/uploads\/2013\/03\/muenstertal9lusthaeusle-brandenkopf130305.jpg 1000w\" sizes=\"auto, (max-width: 180px) 100vw, 180px\" \/><\/a>\u00a0\u00a0\u00a0\u00a0\u00a0\u00a0\u00a0\u00a0\u00a0 <a href=\"https:\/\/www.freiburg-schwarzwald.de\/blog\/regio\/orte\/muenstertal\/spielweg\/muenstertal10spielweg130305\/\" rel=\"attachment wp-att-24951\"><img loading=\"lazy\" decoding=\"async\" class=\"alignnone size-thumbnail wp-image-24951\" title=\"muenstertal10spielweg130305\" src=\"https:\/\/www.freiburg-schwarzwald.de\/blog\/wp-content\/uploads\/2013\/03\/muenstertal10spielweg130305-180x135.jpg\" alt=\"\" width=\"180\" height=\"135\" srcset=\"https:\/\/www.freiburg-schwarzwald.de\/blog\/wp-content\/uploads\/2013\/03\/muenstertal10spielweg130305-180x135.jpg 180w, https:\/\/www.freiburg-schwarzwald.de\/blog\/wp-content\/uploads\/2013\/03\/muenstertal10spielweg130305.jpg 640w\" sizes=\"auto, (max-width: 180px) 100vw, 180px\" \/><\/a><br \/>\n(10) Vorderes Elend am Stampfeb\u00e4chle\u00a0\u00a0 (11) Im Lusth\u00e4usle\u00a0\u00a0\u00a0\u00a0\u00a0\u00a0\u00a0\u00a0\u00a0\u00a0\u00a0\u00a0\u00a0\u00a0\u00a0\u00a0\u00a0\u00a0\u00a0\u00a0\u00a0\u00a0\u00a0\u00a0\u00a0\u00a0\u00a0\u00a0\u00a0 (12) Spielweg im Osten<\/h5>\n<p>(2) Blick nach Westen zum Lusth\u00e4usle und weiter \u00fcber die tiefe Schluch des Stampfeb\u00e4chles zum schneebedeckten Steilhang des Brandenopfes am 5.3.2013<\/p>\n<p>F\u00e4hrt man auf der \u00fcblen Motorradrennstrecke vom<a title=\"Wieden\" href=\"https:\/\/www.freiburg-schwarzwald.de\/blog\/regio\/orte\/wieden\/\"> Wiedener Eck <\/a>runter nach Spielweg, dann kommt man nach 2\/3 der Wegstrecke kurz hinter der Lochmatt am &#8222;Lusth\u00e4usle 720 m&#8220; vorbei. Unbedingt anhalten und den Ausblick auf Spielweg und ins Vordere Elend genie\u00dfen. Auch gut: Der von unten rauschende Bach \u00fcbert\u00f6nt etwas das Motorengeheul.<\/p>\n<p>&nbsp;<\/p>\n<p><strong>Spielweg<\/strong><\/p>\n<p>Der Ortsteil Spielweg liegt in Oberm\u00fcnstertal. Hier gehts nach Osten ab ins Vordere und Hintere Elend und nach Westen hoch zum Gipf und Gstiehl. Nach Osten\u00a0hoch in Richtung Stohren sowie Wiedener Eck und nach S\u00fcden rrunter zu Oberm\u00fcnstertal und St.Trudpert.<\/p>\n<h5><a href=\"https:\/\/www.freiburg-schwarzwald.de\/blog\/regio\/orte\/muenstertal\/spielweg\/muenstertal11sonnhalde130305\/\" rel=\"attachment wp-att-24982\"><img loading=\"lazy\" decoding=\"async\" title=\"muenstertal11sonnhalde130305\" src=\"https:\/\/www.freiburg-schwarzwald.de\/blog\/wp-content\/uploads\/2013\/03\/muenstertal11sonnhalde130305-180x135.jpg\" alt=\"\" width=\"180\" height=\"135\" \/><\/a>\u00a0\u00a0\u00a0\u00a0\u00a0\u00a0\u00a0\u00a0\u00a0 <a href=\"https:\/\/www.freiburg-schwarzwald.de\/blog\/regio\/orte\/muenstertal\/spielweg\/muenstertal12gipf130305\/\" rel=\"attachment wp-att-24983\"><img loading=\"lazy\" decoding=\"async\" class=\"alignnone size-thumbnail wp-image-24983\" title=\"muenstertal12gipf130305\" src=\"https:\/\/www.freiburg-schwarzwald.de\/blog\/wp-content\/uploads\/2013\/03\/muenstertal12gipf130305-180x135.jpg\" alt=\"\" width=\"180\" height=\"135\" srcset=\"https:\/\/www.freiburg-schwarzwald.de\/blog\/wp-content\/uploads\/2013\/03\/muenstertal12gipf130305-180x135.jpg 180w, https:\/\/www.freiburg-schwarzwald.de\/blog\/wp-content\/uploads\/2013\/03\/muenstertal12gipf130305-640x480.jpg 640w, https:\/\/www.freiburg-schwarzwald.de\/blog\/wp-content\/uploads\/2013\/03\/muenstertal12gipf130305.jpg 1000w\" sizes=\"auto, (max-width: 180px) 100vw, 180px\" \/><\/a>\u00a0\u00a0\u00a0\u00a0\u00a0\u00a0\u00a0\u00a0\u00a0 <a href=\"https:\/\/www.freiburg-schwarzwald.de\/blog\/regio\/orte\/muenstertal\/spielweg\/muenstertal13branden-spielweg130305\/\" rel=\"attachment wp-att-24984\"><img loading=\"lazy\" decoding=\"async\" class=\"alignnone size-thumbnail wp-image-24984\" title=\"muenstertal13branden-spielweg130305\" src=\"https:\/\/www.freiburg-schwarzwald.de\/blog\/wp-content\/uploads\/2013\/03\/muenstertal13branden-spielweg130305-180x135.jpg\" alt=\"\" width=\"180\" height=\"135\" srcset=\"https:\/\/www.freiburg-schwarzwald.de\/blog\/wp-content\/uploads\/2013\/03\/muenstertal13branden-spielweg130305-180x135.jpg 180w, https:\/\/www.freiburg-schwarzwald.de\/blog\/wp-content\/uploads\/2013\/03\/muenstertal13branden-spielweg130305.jpg 640w\" sizes=\"auto, (max-width: 180px) 100vw, 180px\" \/><\/a><br \/>\n(1) Spielweg und Sonnhalde\u00a0\u00a0\u00a0\u00a0\u00a0\u00a0\u00a0\u00a0\u00a0\u00a0\u00a0\u00a0\u00a0 (2) Nordwestw\u00e4rts zu Gipf und Obergipf\u00a0 \u00a0 (3) S\u00fcdw\u00e4rts zum Brandenkopf<\/h5>\n<h5><a href=\"https:\/\/www.freiburg-schwarzwald.de\/blog\/regio\/orte\/muenstertal\/spielweg\/muenstertal13spielweg-kirche130305\/\" rel=\"attachment wp-att-24985\"><img loading=\"lazy\" decoding=\"async\" class=\"alignnone size-thumbnail wp-image-24985\" title=\"muenstertal13spielweg-kirche130305\" src=\"https:\/\/www.freiburg-schwarzwald.de\/blog\/wp-content\/uploads\/2013\/03\/muenstertal13spielweg-kirche130305-135x180.jpg\" alt=\"\" width=\"135\" height=\"180\" srcset=\"https:\/\/www.freiburg-schwarzwald.de\/blog\/wp-content\/uploads\/2013\/03\/muenstertal13spielweg-kirche130305-135x180.jpg 135w, https:\/\/www.freiburg-schwarzwald.de\/blog\/wp-content\/uploads\/2013\/03\/muenstertal13spielweg-kirche130305.jpg 480w\" sizes=\"auto, (max-width: 135px) 100vw, 135px\" \/><\/a>\u00a0\u00a0\u00a0\u00a0\u00a0\u00a0\u00a0\u00a0\u00a0\u00a0\u00a0\u00a0\u00a0\u00a0\u00a0\u00a0\u00a0\u00a0\u00a0\u00a0\u00a0\u00a0\u00a0\u00a0 <a href=\"https:\/\/www.freiburg-schwarzwald.de\/blog\/regio\/orte\/muenstertal\/spielweg\/brandenberg130317\/\" rel=\"attachment wp-att-25215\"><img loading=\"lazy\" decoding=\"async\" class=\"alignnone size-thumbnail wp-image-25215\" title=\"brandenberg130317\" src=\"https:\/\/www.freiburg-schwarzwald.de\/blog\/wp-content\/uploads\/2013\/03\/brandenberg130317-180x135.jpg\" alt=\"\" width=\"180\" height=\"135\" srcset=\"https:\/\/www.freiburg-schwarzwald.de\/blog\/wp-content\/uploads\/2013\/03\/brandenberg130317-180x135.jpg 180w, https:\/\/www.freiburg-schwarzwald.de\/blog\/wp-content\/uploads\/2013\/03\/brandenberg130317-640x480.jpg 640w, https:\/\/www.freiburg-schwarzwald.de\/blog\/wp-content\/uploads\/2013\/03\/brandenberg130317.jpg 1000w\" sizes=\"auto, (max-width: 180px) 100vw, 180px\" \/><\/a>\u00a0\u00a0\u00a0\u00a0\u00a0\u00a0\u00a0\u00a0\u00a0 <a href=\"https:\/\/www.freiburg-schwarzwald.de\/blog\/regio\/orte\/muenstertal\/spielweg\/vorderes-elend130317\/\" rel=\"attachment wp-att-25216\"><img loading=\"lazy\" decoding=\"async\" class=\"alignnone size-thumbnail wp-image-25216\" title=\"vorderes-elend130317\" src=\"https:\/\/www.freiburg-schwarzwald.de\/blog\/wp-content\/uploads\/2013\/03\/vorderes-elend130317-180x135.jpg\" alt=\"\" width=\"180\" height=\"135\" srcset=\"https:\/\/www.freiburg-schwarzwald.de\/blog\/wp-content\/uploads\/2013\/03\/vorderes-elend130317-180x135.jpg 180w, https:\/\/www.freiburg-schwarzwald.de\/blog\/wp-content\/uploads\/2013\/03\/vorderes-elend130317.jpg 640w\" sizes=\"auto, (max-width: 180px) 100vw, 180px\" \/><\/a><br \/>\n(4) S\u00fcdw\u00e4rts zum Kichlein Spielweg\u00a0\u00a0\u00a0\u00a0(5) Brandenberg am 16.3.2013\u00a0\u00a0\u00a0\u00a0\u00a0\u00a0\u00a0\u00a0\u00a0\u00a0\u00a0\u00a0\u00a0 (6) Vorderes Elend am 16.3.2013<\/h5>\n<h5><a href=\"https:\/\/www.freiburg-schwarzwald.de\/blog\/regio\/orte\/muenstertal\/spielweg\/sonnhaldeberg130317\/\" rel=\"attachment wp-att-25217\"><img loading=\"lazy\" decoding=\"async\" class=\"alignnone size-thumbnail wp-image-25217\" title=\"sonnhaldeberg130317\" src=\"https:\/\/www.freiburg-schwarzwald.de\/blog\/wp-content\/uploads\/2013\/03\/sonnhaldeberg130317-180x135.jpg\" alt=\"\" width=\"180\" height=\"135\" srcset=\"https:\/\/www.freiburg-schwarzwald.de\/blog\/wp-content\/uploads\/2013\/03\/sonnhaldeberg130317-180x135.jpg 180w, https:\/\/www.freiburg-schwarzwald.de\/blog\/wp-content\/uploads\/2013\/03\/sonnhaldeberg130317.jpg 640w\" sizes=\"auto, (max-width: 180px) 100vw, 180px\" \/><\/a><br \/>\n(7) Sonnhaldeberg am 16.3.2013<\/h5>\n<p>(1) Blick nach Norden \u00fcber Vorderes Elend (unten links) auf Spielweg und weiter hoch zum Sonnhaldeberg am 5.3.2013<br \/>\n(6) Blick nach Westen \u00fcber Vorderes Elend und den Brandenhof (links) hoch zu Gstihl ob Spielweg am 16.3.2013<\/p>\n","protected":false},"excerpt":{"rendered":"<p>Home &gt;Regio &gt;Orte &gt;Muenstertal &gt;Spielweg &nbsp; Stefan Harter: Hirtenbub 1943-1950 auf dem Sch\u00fcrlebuck in M\u00fcnstertal (22.12.2023) Neumagen 26 km: Stohren \u2013 M\u00fcnstertal \u2013 Staufen \u2013 Bad Krozingen \u2013 Hausen\u00a0(26.8.2020) Lusth\u00e4usle zwischen Spielweg und Lochmatt Spielweg https:\/\/www.freiburg-schwarzwald.de\/muenstertal.htm#Spielweg Neuhof Sittener Berg https:\/\/www.freiburg-schwarzwald.de\/muenstertal.htm#Lusth\u00e4usle &hellip; <a href=\"https:\/\/www.freiburg-schwarzwald.de\/blog\/regio\/orte\/muenstertal\/spielweg\/\">Weiterlesen <span class=\"meta-nav\">&rarr;<\/span><\/a><\/p>\n","protected":false},"author":4,"featured_media":0,"parent":4206,"menu_order":0,"comment_status":"open","ping_status":"closed","template":"","meta":{"footnotes":""},"class_list":["post-24930","page","type-page","status-publish","hentry"],"_links":{"self":[{"href":"https:\/\/www.freiburg-schwarzwald.de\/blog\/wp-json\/wp\/v2\/pages\/24930","targetHints":{"allow":["GET"]}}],"collection":[{"href":"https:\/\/www.freiburg-schwarzwald.de\/blog\/wp-json\/wp\/v2\/pages"}],"about":[{"href":"https:\/\/www.freiburg-schwarzwald.de\/blog\/wp-json\/wp\/v2\/types\/page"}],"author":[{"embeddable":true,"href":"https:\/\/www.freiburg-schwarzwald.de\/blog\/wp-json\/wp\/v2\/users\/4"}],"replies":[{"embeddable":true,"href":"https:\/\/www.freiburg-schwarzwald.de\/blog\/wp-json\/wp\/v2\/comments?post=24930"}],"version-history":[{"count":3,"href":"https:\/\/www.freiburg-schwarzwald.de\/blog\/wp-json\/wp\/v2\/pages\/24930\/revisions"}],"predecessor-version":[{"id":118604,"href":"https:\/\/www.freiburg-schwarzwald.de\/blog\/wp-json\/wp\/v2\/pages\/24930\/revisions\/118604"}],"up":[{"embeddable":true,"href":"https:\/\/www.freiburg-schwarzwald.de\/blog\/wp-json\/wp\/v2\/pages\/4206"}],"wp:attachment":[{"href":"https:\/\/www.freiburg-schwarzwald.de\/blog\/wp-json\/wp\/v2\/media?parent=24930"}],"curies":[{"name":"wp","href":"https:\/\/api.w.org\/{rel}","templated":true}]}}