{"id":2473,"date":"2012-04-29T16:35:31","date_gmt":"2012-04-29T16:35:31","guid":{"rendered":"https:\/\/www.freiburg-schwarzwald.de\/blog\/?page_id=2473"},"modified":"2025-10-17T14:14:04","modified_gmt":"2025-10-17T12:14:04","slug":"fussehof","status":"publish","type":"page","link":"https:\/\/www.freiburg-schwarzwald.de\/blog\/bauernhof\/fussehof\/","title":{"rendered":"Fussehof"},"content":{"rendered":"<p>Home &gt;<a title=\"Bauernhof\" href=\"https:\/\/www.freiburg-schwarzwald.de\/blog\/bauernhof\/\">Bauernhof<\/a> &gt;<a title=\"Oberried\" href=\"https:\/\/www.freiburg-schwarzwald.de\/blog\/regio\/orte\/oberried\/\">Oberried<\/a> &gt;Fussehof<\/p>\n<div id=\"attachment_2485\" style=\"width: 649px\" class=\"wp-caption alignnone\"><a href=\"https:\/\/www.freiburg-schwarzwald.de\/blog\/bauernhof\/fussehof\/geroldstal3pan-fussehof120427\/\" rel=\"attachment wp-att-2485\"><img loading=\"lazy\" decoding=\"async\" aria-describedby=\"caption-attachment-2485\" class=\"size-full wp-image-2485\" title=\"geroldstal3pan-fussehof120427\" src=\"https:\/\/www.freiburg-schwarzwald.de\/blog\/wp-content\/uploads\/2012\/04\/geroldstal3pan-fussehof120427.jpg\" alt=\"\" width=\"639\" height=\"235\" srcset=\"https:\/\/www.freiburg-schwarzwald.de\/blog\/wp-content\/uploads\/2012\/04\/geroldstal3pan-fussehof120427.jpg 639w, https:\/\/www.freiburg-schwarzwald.de\/blog\/wp-content\/uploads\/2012\/04\/geroldstal3pan-fussehof120427-180x66.jpg 180w\" sizes=\"auto, (max-width: 639px) 100vw, 639px\" \/><\/a><p id=\"caption-attachment-2485\" class=\"wp-caption-text\">Blick nach S\u00fcdwesten zum Fussehof im Geroldstal bei Oberried am 29.4.2012<\/p><\/div>\n<ul>\n<li><em>Listenauswahl eines Beitrags (Artikel\/Datum, Seite\/Inhalt):\u00a0<span style=\"text-decoration: underline;\">Klicken<\/span>\u00a0oder scrollen<\/em><\/li>\n<li><a href=\"https:\/\/www.freiburg-schwarzwald.de\/blog\/business\/dienste\/immobilien\/holzhaus\/schwarzwaldhaus\/\">Was das Schwarzwaldhaus einem Neubau voraus hat: Architekt Hardy Happle \u00fcber die Zukunft des Bauens<\/a>\u00a0(29.6.2025)<\/li>\n<li><a href=\"https:\/\/www.freiburg-schwarzwald.de\/blog\/bruggaa-gasthaus-aus-holz-pur\/\">Bruggaa: Gasthaus aus Holz pur<\/a>\u00a0(14.12.2022)<\/li>\n<li><a title=\"Dietenbach\" href=\"https:\/\/www.freiburg-schwarzwald.de\/blog\/regio\/orte\/kirchzarten\/dietenbach\/\">Krebspest in der Brugga: Lebensraum durch Menschen zerst\u00f6rt<\/a>\u00a0(23.8.2019)<\/li>\n<li><a title=\"Bauwerk Schwarzwaldhof\" href=\"https:\/\/www.freiburg-schwarzwald.de\/blog\/bauwerk-schwarzwaldhof\/\">Bauwerk Schwarzwaldhof<\/a>\u00a0(21.8.2019)<\/li>\n<li><strong><a href=\"https:\/\/www.freiburg-schwarzwald.de\/littenweiler\/geroldstal.htm#Fu\u00dfehof in Dietenbach-Geroldstal\">Fu\u00dfehof in Dietenbach-Geroldstal<\/a> &gt;Archivseite Geroldstal mit vielen Bildern zum Fusenhof<\/strong><\/li>\n<li><a href=\"https:\/\/www.freiburg-schwarzwald.de\/littenweiler\/geroldstal.htm\">https:\/\/www.freiburg-schwarzwald.de\/littenweiler\/geroldstal.htm<\/a>\u00a0 \u00a0&gt;Archivseite\u00a0mit noch \u00e4lteren Bildern<\/li>\n<li><\/li>\n<li>Bilder<\/li>\n<li><a title=\"Geroldstal\" href=\"https:\/\/www.freiburg-schwarzwald.de\/blog\/regio\/orte\/oberried\/geroldstal\/\">Geroldstal<\/a><\/li>\n<li><a href=\"https:\/\/www.freiburg-schwarzwald.de\/blog\/regio\/orte\/kirchzarten\/pfeiferberg\/\">Neuh\u00e4user mit Pfeiferberg im Westen<\/a><\/li>\n<li><a href=\"https:\/\/www.freiburg-schwarzwald.de\/blog\/business\/dienste\/immobilien\/holzhaus\/schwarzwaldhaus\/\">Schwarzwaldhaus<\/a><\/li>\n<li><a title=\"Steiertbartlehof\" href=\"https:\/\/www.freiburg-schwarzwald.de\/blog\/bauernhof\/steiertbartlehof\/\">Steiertbartlehof<\/a><\/li>\n<li><a title=\"Weilersbach\" href=\"https:\/\/www.freiburg-schwarzwald.de\/blog\/regio\/orte\/oberried\/weilersbach\/\">Weilersbachtal<\/a> &gt;Weilersbach<\/li>\n<li><a href=\"https:\/\/www.freiburg-schwarzwald.de\/blog\/regio\/orte\/kirchzarten\/pfeiferberg\/\">Wieselhof<\/a><\/li>\n<\/ul>\n<p>Der Fu\u00dfehof (auch Fusenhof genannt) ist der \u00e4lteste Bauernhof in Oberried-Geroldstal. Die Inschrift \u00fcber der Eingangst\u00fcre zeigt das Datum 1754.<br \/>\n<a href=\"https:\/\/www.fusenhof.de\">https:\/\/www.fusenhof.de<\/a><\/p>\n<p>Der Fusenhof wurde 2016\/2017 aufw\u00e4ndig und liebevoll saniert bzw. restauriert. Ein Juwel!<br \/>\n<a href=\"https:\/\/denkmalstiftung-baden-wuerttemberg.de\/fussehof-ist-denkmal-des-monats-april-2017\/\">https:\/\/denkmalstiftung-baden-wuerttemberg.de\/fussehof-ist-denkmal-des-monats-april-2017\/<\/a><\/p>\n<p>&nbsp;<\/p>\n<p><strong>Bilder<\/strong><\/p>\n<h5><a href=\"https:\/\/www.freiburg-schwarzwald.de\/blog\/bauernhof\/fussehof\/geroldstal3fussehof120427\/\" rel=\"attachment wp-att-2475\"><img loading=\"lazy\" decoding=\"async\" class=\"alignnone size-thumbnail wp-image-2475\" title=\"geroldstal3fussehof120427\" src=\"https:\/\/www.freiburg-schwarzwald.de\/blog\/wp-content\/uploads\/2012\/04\/geroldstal3fussehof120427-180x135.jpg\" alt=\"\" width=\"180\" height=\"135\" srcset=\"https:\/\/www.freiburg-schwarzwald.de\/blog\/wp-content\/uploads\/2012\/04\/geroldstal3fussehof120427-180x135.jpg 180w, https:\/\/www.freiburg-schwarzwald.de\/blog\/wp-content\/uploads\/2012\/04\/geroldstal3fussehof120427.jpg 640w\" sizes=\"auto, (max-width: 180px) 100vw, 180px\" \/><\/a>\u00a0\u00a0\u00a0\u00a0\u00a0\u00a0\u00a0\u00a0\u00a0 <a href=\"https:\/\/www.freiburg-schwarzwald.de\/blog\/bauernhof\/fussehof\/geroldstal4fussehof120427\/\" rel=\"attachment wp-att-2476\"><img loading=\"lazy\" decoding=\"async\" class=\"alignnone size-thumbnail wp-image-2476\" title=\"geroldstal4fussehof120427\" src=\"https:\/\/www.freiburg-schwarzwald.de\/blog\/wp-content\/uploads\/2012\/04\/geroldstal4fussehof120427-180x135.jpg\" alt=\"\" width=\"180\" height=\"135\" srcset=\"https:\/\/www.freiburg-schwarzwald.de\/blog\/wp-content\/uploads\/2012\/04\/geroldstal4fussehof120427-180x135.jpg 180w, https:\/\/www.freiburg-schwarzwald.de\/blog\/wp-content\/uploads\/2012\/04\/geroldstal4fussehof120427.jpg 640w\" sizes=\"auto, (max-width: 180px) 100vw, 180px\" \/><\/a>\u00a0\u00a0\u00a0\u00a0\u00a0\u00a0\u00a0\u00a0\u00a0 <a href=\"https:\/\/www.freiburg-schwarzwald.de\/blog\/bauernhof\/fussehof\/geroldstal5fussehof120427\/\" rel=\"attachment wp-att-2477\"><img loading=\"lazy\" decoding=\"async\" class=\"alignnone size-thumbnail wp-image-2477\" title=\"geroldstal5fussehof120427\" src=\"https:\/\/www.freiburg-schwarzwald.de\/blog\/wp-content\/uploads\/2012\/04\/geroldstal5fussehof120427-180x135.jpg\" alt=\"\" width=\"180\" height=\"135\" srcset=\"https:\/\/www.freiburg-schwarzwald.de\/blog\/wp-content\/uploads\/2012\/04\/geroldstal5fussehof120427-180x135.jpg 180w, https:\/\/www.freiburg-schwarzwald.de\/blog\/wp-content\/uploads\/2012\/04\/geroldstal5fussehof120427.jpg 640w\" sizes=\"auto, (max-width: 180px) 100vw, 180px\" \/><\/a><br \/>\n(1)<\/h5>\n<h5><a href=\"https:\/\/www.freiburg-schwarzwald.de\/blog\/bauernhof\/fussehof\/geroldstal1kuechlehof120427\/\" rel=\"attachment wp-att-2478\"><img loading=\"lazy\" decoding=\"async\" class=\"alignnone size-thumbnail wp-image-2478\" title=\"geroldstal1kuechlehof120427\" src=\"https:\/\/www.freiburg-schwarzwald.de\/blog\/wp-content\/uploads\/2012\/04\/geroldstal1kuechlehof120427-180x135.jpg\" alt=\"\" width=\"180\" height=\"135\" srcset=\"https:\/\/www.freiburg-schwarzwald.de\/blog\/wp-content\/uploads\/2012\/04\/geroldstal1kuechlehof120427-180x135.jpg 180w, https:\/\/www.freiburg-schwarzwald.de\/blog\/wp-content\/uploads\/2012\/04\/geroldstal1kuechlehof120427.jpg 640w\" sizes=\"auto, (max-width: 180px) 100vw, 180px\" \/><\/a>\u00a0\u00a0\u00a0\u00a0\u00a0\u00a0\u00a0\u00a0\u00a0 <a href=\"https:\/\/www.freiburg-schwarzwald.de\/blog\/bauernhof\/fussehof\/geroldstal2oberried120427\/\" rel=\"attachment wp-att-2479\"><img loading=\"lazy\" decoding=\"async\" class=\"alignnone size-thumbnail wp-image-2479\" title=\"geroldstal2oberried120427\" src=\"https:\/\/www.freiburg-schwarzwald.de\/blog\/wp-content\/uploads\/2012\/04\/geroldstal2oberried120427-180x135.jpg\" alt=\"\" width=\"180\" height=\"135\" srcset=\"https:\/\/www.freiburg-schwarzwald.de\/blog\/wp-content\/uploads\/2012\/04\/geroldstal2oberried120427-180x135.jpg 180w, https:\/\/www.freiburg-schwarzwald.de\/blog\/wp-content\/uploads\/2012\/04\/geroldstal2oberried120427.jpg 640w\" sizes=\"auto, (max-width: 180px) 100vw, 180px\" \/><\/a>\u00a0\u00a0\u00a0\u00a0\u00a0\u00a0\u00a0\u00a0\u00a0 <a href=\"https:\/\/www.freiburg-schwarzwald.de\/blog\/bauernhof\/fussehof\/geroldstal6weilersbach120427\/\" rel=\"attachment wp-att-2480\"><img loading=\"lazy\" decoding=\"async\" class=\"alignnone size-thumbnail wp-image-2480\" title=\"geroldstal6weilersbach120427\" src=\"https:\/\/www.freiburg-schwarzwald.de\/blog\/wp-content\/uploads\/2012\/04\/geroldstal6weilersbach120427-180x135.jpg\" alt=\"\" width=\"180\" height=\"135\" srcset=\"https:\/\/www.freiburg-schwarzwald.de\/blog\/wp-content\/uploads\/2012\/04\/geroldstal6weilersbach120427-180x135.jpg 180w, https:\/\/www.freiburg-schwarzwald.de\/blog\/wp-content\/uploads\/2012\/04\/geroldstal6weilersbach120427.jpg 640w\" sizes=\"auto, (max-width: 180px) 100vw, 180px\" \/><\/a><br \/>\n(4)<\/h5>\n<h5><a href=\"https:\/\/www.freiburg-schwarzwald.de\/blog\/bauernhof\/fussehof\/geroldstal7-120427\/\" rel=\"attachment wp-att-2481\"><img loading=\"lazy\" decoding=\"async\" class=\"alignnone size-thumbnail wp-image-2481\" title=\"geroldstal7-120427\" src=\"https:\/\/www.freiburg-schwarzwald.de\/blog\/wp-content\/uploads\/2012\/04\/geroldstal7-120427-135x180.jpg\" alt=\"\" width=\"135\" height=\"180\" srcset=\"https:\/\/www.freiburg-schwarzwald.de\/blog\/wp-content\/uploads\/2012\/04\/geroldstal7-120427-135x180.jpg 135w, https:\/\/www.freiburg-schwarzwald.de\/blog\/wp-content\/uploads\/2012\/04\/geroldstal7-120427.jpg 480w\" sizes=\"auto, (max-width: 135px) 100vw, 135px\" \/><\/a>\u00a0\u00a0\u00a0\u00a0\u00a0\u00a0\u00a0\u00a0\u00a0\u00a0\u00a0\u00a0\u00a0\u00a0\u00a0\u00a0\u00a0\u00a0\u00a0\u00a0\u00a0\u00a0\u00a0\u00a0\u00a0 <a href=\"https:\/\/www.freiburg-schwarzwald.de\/blog\/bauernhof\/fussehof\/geroldstal8rummlerhof120427\/\" rel=\"attachment wp-att-2482\"><img loading=\"lazy\" decoding=\"async\" class=\"alignnone size-thumbnail wp-image-2482\" title=\"geroldstal8rummlerhof120427\" src=\"https:\/\/www.freiburg-schwarzwald.de\/blog\/wp-content\/uploads\/2012\/04\/geroldstal8rummlerhof120427-180x135.jpg\" alt=\"\" width=\"180\" height=\"135\" srcset=\"https:\/\/www.freiburg-schwarzwald.de\/blog\/wp-content\/uploads\/2012\/04\/geroldstal8rummlerhof120427-180x135.jpg 180w, https:\/\/www.freiburg-schwarzwald.de\/blog\/wp-content\/uploads\/2012\/04\/geroldstal8rummlerhof120427.jpg 640w\" sizes=\"auto, (max-width: 180px) 100vw, 180px\" \/><\/a>\u00a0\u00a0\u00a0\u00a0\u00a0\u00a0\u00a0\u00a0\u00a0 <a href=\"https:\/\/www.freiburg-schwarzwald.de\/blog\/regio\/orte\/oberried\/geroldstal\/fussehof-gelb-hahnenfuss130528\/\" rel=\"attachment wp-att-31559\"><img loading=\"lazy\" decoding=\"async\" class=\"alignnone size-thumbnail wp-image-31559\" title=\"fussehof-gelb-hahnenfuss130528\" src=\"https:\/\/www.freiburg-schwarzwald.de\/blog\/wp-content\/uploads\/2012\/12\/fussehof-gelb-hahnenfuss130528-135x180.jpg\" alt=\"\" width=\"135\" height=\"180\" srcset=\"https:\/\/www.freiburg-schwarzwald.de\/blog\/wp-content\/uploads\/2012\/12\/fussehof-gelb-hahnenfuss130528-135x180.jpg 135w, https:\/\/www.freiburg-schwarzwald.de\/blog\/wp-content\/uploads\/2012\/12\/fussehof-gelb-hahnenfuss130528.jpg 480w\" sizes=\"auto, (max-width: 135px) 100vw, 135px\" \/><\/a><br \/>\n(7) Tritschlers Berghaus\u00a0\u00a0\u00a0\u00a0\u00a0\u00a0\u00a0\u00a0\u00a0\u00a0\u00a0\u00a0\u00a0\u00a0\u00a0\u00a0\u00a0\u00a0\u00a0\u00a0\u00a0\u00a0\u00a0\u00a0\u00a0\u00a0 (8) Rummlerhof 29.4.2013\u00a0\u00a0\u00a0\u00a0\u00a0\u00a0\u00a0\u00a0\u00a0\u00a0\u00a0\u00a0\u00a0\u00a0\u00a0\u00a0\u00a0\u00a0\u00a0\u00a0 (9) Fu\u00dfehof am 28.5.2013<\/h5>\n<h5><a href=\"https:\/\/www.freiburg-schwarzwald.de\/blog\/bauernhof\/fussehof\/geroldstal-fussehof130528\/\" rel=\"attachment wp-att-31593\"><img loading=\"lazy\" decoding=\"async\" title=\"geroldstal-fussehof130528\" src=\"https:\/\/www.freiburg-schwarzwald.de\/blog\/wp-content\/uploads\/2012\/04\/geroldstal-fussehof130528-180x135.jpg\" alt=\"\" width=\"180\" height=\"135\" \/><\/a>\u00a0\u00a0\u00a0\u00a0\u00a0\u00a0\u00a0\u00a0\u00a0 <a href=\"https:\/\/www.freiburg-schwarzwald.de\/blog\/bauernhof\/fussehof\/fussehof140530\/\" rel=\"attachment wp-att-48347\"><img loading=\"lazy\" decoding=\"async\" class=\"alignnone size-thumbnail wp-image-48347\" src=\"https:\/\/www.freiburg-schwarzwald.de\/blog\/wp-content\/uploads\/2012\/04\/fussehof140530-180x135.jpg\" alt=\"fussehof140530\" width=\"180\" height=\"135\" srcset=\"https:\/\/www.freiburg-schwarzwald.de\/blog\/wp-content\/uploads\/2012\/04\/fussehof140530-180x135.jpg 180w, https:\/\/www.freiburg-schwarzwald.de\/blog\/wp-content\/uploads\/2012\/04\/fussehof140530.jpg 640w\" sizes=\"auto, (max-width: 180px) 100vw, 180px\" \/><\/a>\u00a0 \u00a0 \u00a0 \u00a0 \u00a0\u00a0<a href=\"https:\/\/www.freiburg-schwarzwald.de\/blog\/bauernhof\/fussehof\/fussenhof1-20190821\/\" rel=\"attachment wp-att-74550\"><img loading=\"lazy\" decoding=\"async\" class=\"alignnone size-thumbnail wp-image-74550\" src=\"https:\/\/www.freiburg-schwarzwald.de\/blog\/wp-content\/uploads\/2012\/04\/fussenhof1-20190821-180x101.jpg\" alt=\"fussenhof1-20190821\" width=\"180\" height=\"101\" srcset=\"https:\/\/www.freiburg-schwarzwald.de\/blog\/wp-content\/uploads\/2012\/04\/fussenhof1-20190821-180x101.jpg 180w, https:\/\/www.freiburg-schwarzwald.de\/blog\/wp-content\/uploads\/2012\/04\/fussenhof1-20190821.jpg 640w\" sizes=\"auto, (max-width: 180px) 100vw, 180px\" \/><\/a><br \/>\n(10) Geroldstal &#8211; Fu\u00dfehof rechts\u00a0\u00a0\u00a0\u00a0\u00a0\u00a0\u00a0\u00a0\u00a0\u00a0\u00a0\u00a0 (11) Fu\u00dfehof am 30.5.2014\u00a0 \u00a0 \u00a0 \u00a0 \u00a0 \u00a0 \u00a0 \u00a0 \u00a0 \u00a0 \u00a0(12) Fussenhof am 21.8.2019<\/h5>\n<h5><a href=\"https:\/\/www.freiburg-schwarzwald.de\/blog\/bauernhof\/fussehof\/fussenhof2-20190821\/\" rel=\"attachment wp-att-74551\"><img loading=\"lazy\" decoding=\"async\" class=\"alignnone size-thumbnail wp-image-74551\" src=\"https:\/\/www.freiburg-schwarzwald.de\/blog\/wp-content\/uploads\/2012\/04\/fussenhof2-20190821-180x101.jpg\" alt=\"fussenhof2-20190821\" width=\"180\" height=\"101\" srcset=\"https:\/\/www.freiburg-schwarzwald.de\/blog\/wp-content\/uploads\/2012\/04\/fussenhof2-20190821-180x101.jpg 180w, https:\/\/www.freiburg-schwarzwald.de\/blog\/wp-content\/uploads\/2012\/04\/fussenhof2-20190821.jpg 640w\" sizes=\"auto, (max-width: 180px) 100vw, 180px\" \/><\/a>\u00a0 \u00a0 \u00a0 \u00a0 \u00a0 \u00a0\u00a0<a href=\"https:\/\/www.freiburg-schwarzwald.de\/blog\/bauernhof\/fussehof\/fussenhof3-20190821\/\" rel=\"attachment wp-att-74552\"><img loading=\"lazy\" decoding=\"async\" class=\"alignnone size-thumbnail wp-image-74552\" src=\"https:\/\/www.freiburg-schwarzwald.de\/blog\/wp-content\/uploads\/2012\/04\/fussenhof3-20190821-180x101.jpg\" alt=\"fussenhof3-20190821\" width=\"180\" height=\"101\" srcset=\"https:\/\/www.freiburg-schwarzwald.de\/blog\/wp-content\/uploads\/2012\/04\/fussenhof3-20190821-180x101.jpg 180w, https:\/\/www.freiburg-schwarzwald.de\/blog\/wp-content\/uploads\/2012\/04\/fussenhof3-20190821.jpg 640w\" sizes=\"auto, (max-width: 180px) 100vw, 180px\" \/><\/a><br \/>\n(13) Fusenhof am 21.8.2019: Garten\u00a0 \u00a0 \u00a0 \u00a0 (14) Eingang<\/h5>\n<p>&nbsp;<\/p>\n<p>(1) Blick nach S\u00fcdwesten \u00fcber den Fussehof zur Immi am 29.4.2012<br \/>\n(2) Blick nach S\u00fcden ins Geroldstal mit dem Fussehof (rechts) am 29.4.2012<br \/>\n(3) Fussehof in Oberried-Geroldstal am 29.4.2012<br \/>\n(4) Blick nach S\u00fcden \u00fcber den Kuechlehof ins Geroldstal am 29.4.2012<br \/>\n(5) Blick nach S\u00fcdosten \u00fcber die Brugga bei Geroldstal nach Oberried am 29.4.2012<br \/>\n(6) Blick vom Fu\u00dfehof nach Nordosten \u00fcbers Geroldstal ins Welersbach und zum Hinterwaldkopf (rechts) am 29.4.2012<br \/>\n(7) Tritschlers Berghaus im Geroldstal am 29.4.2012 &#8211; Blick nach S\u00fcdwesten<br \/>\n(8) Blick nach Westen zum Rummlershof am 29.4.2012<\/p>\n<p>&nbsp;<\/p>\n<p>&nbsp;<\/p>\n","protected":false},"excerpt":{"rendered":"<p>Home &gt;Bauernhof &gt;Oberried &gt;Fussehof Listenauswahl eines Beitrags (Artikel\/Datum, Seite\/Inhalt):\u00a0Klicken\u00a0oder scrollen Was das Schwarzwaldhaus einem Neubau voraus hat: Architekt Hardy Happle \u00fcber die Zukunft des Bauens\u00a0(29.6.2025) Bruggaa: Gasthaus aus Holz pur\u00a0(14.12.2022) Krebspest in der Brugga: Lebensraum durch Menschen zerst\u00f6rt\u00a0(23.8.2019) Bauwerk Schwarzwaldhof\u00a0(21.8.2019) &hellip; <a href=\"https:\/\/www.freiburg-schwarzwald.de\/blog\/bauernhof\/fussehof\/\">Weiterlesen <span class=\"meta-nav\">&rarr;<\/span><\/a><\/p>\n","protected":false},"author":2,"featured_media":0,"parent":373,"menu_order":0,"comment_status":"open","ping_status":"closed","template":"","meta":{"footnotes":""},"class_list":["post-2473","page","type-page","status-publish","hentry"],"_links":{"self":[{"href":"https:\/\/www.freiburg-schwarzwald.de\/blog\/wp-json\/wp\/v2\/pages\/2473","targetHints":{"allow":["GET"]}}],"collection":[{"href":"https:\/\/www.freiburg-schwarzwald.de\/blog\/wp-json\/wp\/v2\/pages"}],"about":[{"href":"https:\/\/www.freiburg-schwarzwald.de\/blog\/wp-json\/wp\/v2\/types\/page"}],"author":[{"embeddable":true,"href":"https:\/\/www.freiburg-schwarzwald.de\/blog\/wp-json\/wp\/v2\/users\/2"}],"replies":[{"embeddable":true,"href":"https:\/\/www.freiburg-schwarzwald.de\/blog\/wp-json\/wp\/v2\/comments?post=2473"}],"version-history":[{"count":6,"href":"https:\/\/www.freiburg-schwarzwald.de\/blog\/wp-json\/wp\/v2\/pages\/2473\/revisions"}],"predecessor-version":[{"id":140241,"href":"https:\/\/www.freiburg-schwarzwald.de\/blog\/wp-json\/wp\/v2\/pages\/2473\/revisions\/140241"}],"up":[{"embeddable":true,"href":"https:\/\/www.freiburg-schwarzwald.de\/blog\/wp-json\/wp\/v2\/pages\/373"}],"wp:attachment":[{"href":"https:\/\/www.freiburg-schwarzwald.de\/blog\/wp-json\/wp\/v2\/media?parent=2473"}],"curies":[{"name":"wp","href":"https:\/\/api.w.org\/{rel}","templated":true}]}}