{"id":24413,"date":"2013-03-12T18:07:24","date_gmt":"2013-03-12T17:07:24","guid":{"rendered":"https:\/\/www.freiburg-schwarzwald.de\/blog\/?page_id=24413"},"modified":"2024-09-02T20:06:40","modified_gmt":"2024-09-02T18:06:40","slug":"todtnauberg","status":"publish","type":"page","link":"https:\/\/www.freiburg-schwarzwald.de\/blog\/regio\/orte\/todtnau\/todtnauberg\/","title":{"rendered":"Todtnauberg"},"content":{"rendered":"<p>Home &gt;<a title=\"Regio\" href=\"https:\/\/www.freiburg-schwarzwald.de\/blog\/regio\/\">Regio<\/a> &gt;<a title=\"Orte\" href=\"https:\/\/www.freiburg-schwarzwald.de\/blog\/regio\/orte\/\">Orte<\/a> &gt;<a title=\"Todtnau\" href=\"https:\/\/www.freiburg-schwarzwald.de\/blog\/regio\/orte\/todtnau\/\">Todtnau<\/a> &gt;Todtnauberg<\/p>\n<div id=\"attachment_24415\" style=\"width: 649px\" class=\"wp-caption alignnone\"><a href=\"https:\/\/www.freiburg-schwarzwald.de\/blog\/regio\/orte\/todtnau\/todtnauberg\/todtnauberg1pan130305\/\" rel=\"attachment wp-att-24415\"><img loading=\"lazy\" decoding=\"async\" aria-describedby=\"caption-attachment-24415\" class=\"size-full wp-image-24415\" title=\"todtnauberg1pan130305\" src=\"https:\/\/www.freiburg-schwarzwald.de\/blog\/wp-content\/uploads\/2013\/03\/todtnauberg1pan130305.jpg\" alt=\"\" width=\"639\" height=\"212\" srcset=\"https:\/\/www.freiburg-schwarzwald.de\/blog\/wp-content\/uploads\/2013\/03\/todtnauberg1pan130305.jpg 639w, https:\/\/www.freiburg-schwarzwald.de\/blog\/wp-content\/uploads\/2013\/03\/todtnauberg1pan130305-180x59.jpg 180w\" sizes=\"auto, (max-width: 639px) 100vw, 639px\" \/><\/a><p id=\"caption-attachment-24415\" class=\"wp-caption-text\">Blick nach Nordosten \u00fcber Todtnauberg bis hoch zum St\u00fcbenwasen am 5.3.2013<\/p><\/div>\n<ul>\n<li><a href=\"https:\/\/www.freiburg-schwarzwald.de\/blog\/bildung\/philosophie\/\">Unterstellungen gegen den Philosophen Martin Heidegger bezeugen Ignoranz<\/a> (5.12.20)<\/li>\n<li>Heidegger, Celan und die H\u00fctte im Schwarzwald: Hans-Peter Kunischs Buch &#8222;Todtnauberg&#8220; (17.8.2020)<\/li>\n<li>Martin-Heidegger-Rundweg ob Todtnauberg (23..2019)<\/li>\n<li><a href=\"https:\/\/www.freiburg-schwarzwald.de\/blog\/literaturtage-todtnauberg-2013\/\">https:\/\/www.freiburg-schwarzwald.de\/blog\/literaturtage-todtnauberg-2013\/<\/a>\u00a0(20.11.2013)<\/li>\n<li><a href=\"https:\/\/www.freiburg-schwarzwald.de\/todtnauberg1.htm\">Aktuelle Infos zur Todtnauberg-Seite<\/a> &gt;Todtnauberg1<\/li>\n<li><a href=\"https:\/\/www.freiburg-schwarzwald.de\/todtnauberg.htm#Den Spuren von Martin Heidegger folgen - 30.Todestag\">Den Spuren von Martin Heidegger folgen &#8211; 30.Todestag<\/a> (26.5.2006)<\/li>\n<li><a href=\"https:\/\/www.freiburg-schwarzwald.de\/todtnauberg.htm#Der baskische K\u00fcnstler Inaki Guisasola in Todtnauberg\">Der baskische K\u00fcnstler Inaki Guisasola in Todtnauberg<\/a> (12.1.2006)<\/li>\n<li><a href=\"https:\/\/www.freiburg-schwarzwald.de\/todtnauberg.htm#Lesen am Berg am Radschert mit Franz Hohler, Bodo Kirchhoff\">&#8222;Lesen am Berg&#8220; am Radschert mit Franz Hohler, Bodo Kirchhoff<\/a>\u00a0(5.12.2005)<\/li>\n<li><a href=\"https:\/\/www.freiburg-schwarzwald.de\/todtnauberg.htm#Lesen auf dem Berg - 1. Literaturtage im Engel\">Lesen auf dem Berg &#8211; 1. Literaturtage im Engel<\/a> (3.12.2005)<\/li>\n<li><a href=\"https:\/\/www.freiburg-schwarzwald.de\/todtnau5.htm\">Bauernh\u00f6fe (Ferienwohnung, Hofladen, Brauchtum) im Gebiet Todtnau<\/a> &gt;Todtnau5<\/li>\n<li><\/li>\n<li>Bilder Todtnauberg im Schnee<\/li>\n<li><a href=\"https:\/\/www.freiburg-schwarzwald.de\/todtnauberg.htm#Fotos Todtnauberg\">Bilder Todtnauberg<\/a>\u00a0&gt;Archivseite<\/li>\n<li><a href=\"https:\/\/www.freiburg-schwarzwald.de\/todtnauberg.htm#Fatima-Kapelle\">Fatima-Kapelle<\/a><\/li>\n<li><a href=\"https:\/\/www.freiburg-schwarzwald.de\/todtnauberg-fewo.htm\">Ferienwohnungen in Todtnauberg<\/a> &gt;Todtnauberg-Fewo<\/li>\n<li><a href=\"https:\/\/www.freiburg-schwarzwald.de\/stuebenwasen.htm#Goldenes Kreuz beim St\u00fcbenwasen-Gipfel\">Goldenes Kreuz beim St\u00fcbenwasen-Gipfel<\/a> &gt;Stuebenwasen<\/li>\n<li><a href=\"https:\/\/www.freiburg-schwarzwald.de\/blog\/kultur\/dichter\/heidegger\/\">Heidegger<\/a><\/li>\n<li><a href=\"https:\/\/www.freiburg-schwarzwald.de\/todtnauberg.htm#Martin Heidegger, Philosoph (auch) in Todtnauberg\">Martin Heidegger, Philosoph (auch) in Todtnauberg<\/a><\/li>\n<li><a href=\"https:\/\/www.freiburg-schwarzwald.de\/muggenbrunn.htm\">Muggenbrunn mit Oberh\u00e4user &#8211; S\u00fcdterrasse<\/a> &gt;Muggenbrunn<\/li>\n<li><a title=\"Notschrei\" href=\"https:\/\/www.freiburg-schwarzwald.de\/blog\/sport\/sportvereine\/notschrei\/\">Notschrei<\/a><\/li>\n<li><a href=\"https:\/\/www.freiburg-schwarzwald.de\/todtnauberg.htm#Radschert\">Radschert<\/a><\/li>\n<li><a href=\"https:\/\/www.freiburg-schwarzwald.de\/jugendherberge.htm#JH Fleinerhaus in Todtnau\">Jugendherberge Todtnauberg<\/a> &gt;Jugendherberge<\/li>\n<li><a href=\"https:\/\/www.freiburg-schwarzwald.de\/todtnauberg-loipe.htm\">Langlauf in Todtnauberg<\/a> &gt;Todtnauberg-Loipe<\/li>\n<li><a href=\"https:\/\/www.freiburg-schwarzwald.de\/todtnauberg-ski.htm\">Skilifte in Todtnauberg<\/a> &gt;Todtnauberg-Ski<\/li>\n<li><a href=\"https:\/\/www.freiburg-schwarzwald.de\/stuebenwasen.htm\">St\u00fcbenwasen im Norden oberhalb Todtnauberg<\/a> &gt;Stuebenwasen<\/li>\n<li><a href=\"https:\/\/www.freiburg-schwarzwald.de\/todtnauer-wasserfall.htm\">Wasserf\u00e4lle zwischen Todtnau, Aftersteg und Todtnauberg<\/a> &gt;Todtnauer-Wasserfall<\/li>\n<li><a href=\"https:\/\/www.freiburg-schwarzwald.de\/todtnauberg.htm#Links\">Links<\/a><\/li>\n<\/ul>\n<p>&nbsp;<\/p>\n<p><strong>\u00a0Todtnauberg im Schnee<\/strong><\/p>\n<h5><a href=\"https:\/\/www.freiburg-schwarzwald.de\/blog\/regio\/orte\/todtnau\/todtnauberg\/todtnauberg2scheuermatt130305\/\" rel=\"attachment wp-att-24423\"><img loading=\"lazy\" decoding=\"async\" class=\"alignnone size-thumbnail wp-image-24423\" title=\"todtnauberg2scheuermatt130305\" src=\"https:\/\/www.freiburg-schwarzwald.de\/blog\/wp-content\/uploads\/2013\/03\/todtnauberg2scheuermatt130305-180x135.jpg\" alt=\"\" width=\"180\" height=\"135\" srcset=\"https:\/\/www.freiburg-schwarzwald.de\/blog\/wp-content\/uploads\/2013\/03\/todtnauberg2scheuermatt130305-180x135.jpg 180w, https:\/\/www.freiburg-schwarzwald.de\/blog\/wp-content\/uploads\/2013\/03\/todtnauberg2scheuermatt130305.jpg 640w\" sizes=\"auto, (max-width: 180px) 100vw, 180px\" \/><\/a>\u00a0\u00a0\u00a0\u00a0\u00a0\u00a0\u00a0\u00a0\u00a0 <a href=\"https:\/\/www.freiburg-schwarzwald.de\/blog\/regio\/orte\/todtnau\/todtnauberg\/todtnauberg3scheuermatt130305\/\" rel=\"attachment wp-att-24424\"><img loading=\"lazy\" decoding=\"async\" class=\"alignnone size-thumbnail wp-image-24424\" title=\"todtnauberg3scheuermatt130305\" src=\"https:\/\/www.freiburg-schwarzwald.de\/blog\/wp-content\/uploads\/2013\/03\/todtnauberg3scheuermatt130305-180x139.jpg\" alt=\"\" width=\"180\" height=\"139\" srcset=\"https:\/\/www.freiburg-schwarzwald.de\/blog\/wp-content\/uploads\/2013\/03\/todtnauberg3scheuermatt130305-180x139.jpg 180w, https:\/\/www.freiburg-schwarzwald.de\/blog\/wp-content\/uploads\/2013\/03\/todtnauberg3scheuermatt130305.jpg 638w\" sizes=\"auto, (max-width: 180px) 100vw, 180px\" \/><\/a>\u00a0\u00a0\u00a0\u00a0\u00a0\u00a0\u00a0\u00a0\u00a0 <a href=\"https:\/\/www.freiburg-schwarzwald.de\/blog\/regio\/orte\/todtnau\/todtnauberg\/todtnauberg4gemeinde130305\/\" rel=\"attachment wp-att-24425\"><img loading=\"lazy\" decoding=\"async\" class=\"alignnone size-thumbnail wp-image-24425\" title=\"todtnauberg4gemeinde130305\" src=\"https:\/\/www.freiburg-schwarzwald.de\/blog\/wp-content\/uploads\/2013\/03\/todtnauberg4gemeinde130305-180x135.jpg\" alt=\"\" width=\"180\" height=\"135\" srcset=\"https:\/\/www.freiburg-schwarzwald.de\/blog\/wp-content\/uploads\/2013\/03\/todtnauberg4gemeinde130305-180x135.jpg 180w, https:\/\/www.freiburg-schwarzwald.de\/blog\/wp-content\/uploads\/2013\/03\/todtnauberg4gemeinde130305.jpg 640w\" sizes=\"auto, (max-width: 180px) 100vw, 180px\" \/><\/a><br \/>\n(1) Scheuermattkopf mit Lift\u00a0\u00a0\u00a0\u00a0\u00a0\u00a0\u00a0\u00a0\u00a0\u00a0\u00a0\u00a0\u00a0\u00a0\u00a0\u00a0\u00a0\u00a0\u00a0 (2) Friedhof und Scheuermatte\u00a0\u00a0\u00a0\u00a0\u00a0\u00a0\u00a0\u00a0\u00a0\u00a0\u00a0\u00a0\u00a0 (3) Kirche am 5.3.2013<\/h5>\n<h5><a href=\"https:\/\/www.freiburg-schwarzwald.de\/blog\/regio\/orte\/todtnau\/todtnauberg\/todtnauberg5west130305\/\" rel=\"attachment wp-att-24428\"><img loading=\"lazy\" decoding=\"async\" title=\"todtnauberg5west130305\" src=\"https:\/\/www.freiburg-schwarzwald.de\/blog\/wp-content\/uploads\/2013\/03\/todtnauberg5west130305-180x135.jpg\" alt=\"\" width=\"180\" height=\"135\" \/><\/a>\u00a0\u00a0\u00a0\u00a0\u00a0\u00a0\u00a0\u00a0\u00a0 <a href=\"https:\/\/www.freiburg-schwarzwald.de\/blog\/regio\/orte\/todtnau\/todtnauberg\/todtnauberg5nordwest130305\/\" rel=\"attachment wp-att-24427\"><img loading=\"lazy\" decoding=\"async\" class=\"alignnone size-thumbnail wp-image-24427\" title=\"todtnauberg5nordwest130305\" src=\"https:\/\/www.freiburg-schwarzwald.de\/blog\/wp-content\/uploads\/2013\/03\/todtnauberg5nordwest130305-180x135.jpg\" alt=\"\" width=\"180\" height=\"135\" srcset=\"https:\/\/www.freiburg-schwarzwald.de\/blog\/wp-content\/uploads\/2013\/03\/todtnauberg5nordwest130305-180x135.jpg 180w, https:\/\/www.freiburg-schwarzwald.de\/blog\/wp-content\/uploads\/2013\/03\/todtnauberg5nordwest130305.jpg 640w\" sizes=\"auto, (max-width: 180px) 100vw, 180px\" \/><\/a>\u00a0\u00a0\u00a0\u00a0\u00a0\u00a0 \u00a0\u00a0 <a href=\"https:\/\/www.freiburg-schwarzwald.de\/blog\/regio\/orte\/todtnau\/todtnauberg\/todtnauberg5nord130305\/\" rel=\"attachment wp-att-24426\"><img loading=\"lazy\" decoding=\"async\" title=\"todtnauberg5nord130305\" src=\"https:\/\/www.freiburg-schwarzwald.de\/blog\/wp-content\/uploads\/2013\/03\/todtnauberg5nord130305-180x135.jpg\" alt=\"\" width=\"180\" height=\"135\" \/><\/a><br \/>\n(4) Blick westw\u00e4rts\u00a0Skischullift\u00a0\u00a0\u00a0\u00a0\u00a0\u00a0\u00a0\u00a0\u00a0\u00a0\u00a0\u00a0\u00a0\u00a0 (5) nordwestw\u00e4rts zum Ort\u00a0\u00a0\u00a0\u00a0\u00a0\u00a0\u00a0\u00a0\u00a0\u00a0\u00a0\u00a0\u00a0\u00a0\u00a0\u00a0\u00a0\u00a0\u00a0\u00a0\u00a0 (6) nordw\u00e4rts hoch zum Radschert<\/h5>\n<h5><a href=\"https:\/\/www.freiburg-schwarzwald.de\/blog\/regio\/orte\/todtnau\/todtnauberg\/todtnauberg6weiler-hof130305\/\" rel=\"attachment wp-att-24429\"><img loading=\"lazy\" decoding=\"async\" class=\"alignnone size-thumbnail wp-image-24429\" title=\"todtnauberg6weiler-hof130305\" src=\"https:\/\/www.freiburg-schwarzwald.de\/blog\/wp-content\/uploads\/2013\/03\/todtnauberg6weiler-hof130305-180x135.jpg\" alt=\"\" width=\"180\" height=\"135\" srcset=\"https:\/\/www.freiburg-schwarzwald.de\/blog\/wp-content\/uploads\/2013\/03\/todtnauberg6weiler-hof130305-180x135.jpg 180w, https:\/\/www.freiburg-schwarzwald.de\/blog\/wp-content\/uploads\/2013\/03\/todtnauberg6weiler-hof130305.jpg 640w\" sizes=\"auto, (max-width: 180px) 100vw, 180px\" \/><\/a>\u00a0\u00a0\u00a0\u00a0\u00a0\u00a0\u00a0\u00a0\u00a0 <a href=\"https:\/\/www.freiburg-schwarzwald.de\/blog\/regio\/orte\/todtnau\/todtnauberg\/todtnauberg7skischullift130305\/\" rel=\"attachment wp-att-24430\"><img loading=\"lazy\" decoding=\"async\" class=\"alignnone size-thumbnail wp-image-24430\" title=\"todtnauberg7skischullift130305\" src=\"https:\/\/www.freiburg-schwarzwald.de\/blog\/wp-content\/uploads\/2013\/03\/todtnauberg7skischullift130305-180x135.jpg\" alt=\"\" width=\"180\" height=\"135\" srcset=\"https:\/\/www.freiburg-schwarzwald.de\/blog\/wp-content\/uploads\/2013\/03\/todtnauberg7skischullift130305-180x135.jpg 180w, https:\/\/www.freiburg-schwarzwald.de\/blog\/wp-content\/uploads\/2013\/03\/todtnauberg7skischullift130305.jpg 640w\" sizes=\"auto, (max-width: 180px) 100vw, 180px\" \/><\/a>\u00a0\u00a0\u00a0\u00a0\u00a0\u00a0\u00a0\u00a0\u00a0\u00a0 <a href=\"https:\/\/www.freiburg-schwarzwald.de\/blog\/regio\/orte\/todtnau\/todtnauberg\/todtnauberg8radschert130305\/\" rel=\"attachment wp-att-24431\"><img loading=\"lazy\" decoding=\"async\" class=\"alignnone size-thumbnail wp-image-24431\" title=\"todtnauberg8radschert130305\" src=\"https:\/\/www.freiburg-schwarzwald.de\/blog\/wp-content\/uploads\/2013\/03\/todtnauberg8radschert130305-180x140.jpg\" alt=\"\" width=\"180\" height=\"140\" srcset=\"https:\/\/www.freiburg-schwarzwald.de\/blog\/wp-content\/uploads\/2013\/03\/todtnauberg8radschert130305-180x140.jpg 180w, https:\/\/www.freiburg-schwarzwald.de\/blog\/wp-content\/uploads\/2013\/03\/todtnauberg8radschert130305.jpg 639w\" sizes=\"auto, (max-width: 180px) 100vw, 180px\" \/><\/a><br \/>\n(7) Weiler Hof\u00a0\u00a0\u00a0\u00a0\u00a0\u00a0\u00a0\u00a0\u00a0\u00a0\u00a0\u00a0\u00a0\u00a0\u00a0\u00a0\u00a0\u00a0\u00a0\u00a0\u00a0\u00a0\u00a0\u00a0\u00a0\u00a0\u00a0\u00a0\u00a0\u00a0\u00a0\u00a0\u00a0\u00a0\u00a0\u00a0\u00a0\u00a0\u00a0\u00a0\u00a0\u00a0\u00a0\u00a0 (8) Skischullift links\u00a0\u00a0\u00a0\u00a0\u00a0\u00a0\u00a0\u00a0\u00a0\u00a0\u00a0\u00a0\u00a0\u00a0\u00a0\u00a0\u00a0\u00a0\u00a0\u00a0\u00a0\u00a0\u00a0\u00a0\u00a0\u00a0\u00a0\u00a0\u00a0\u00a0\u00a0\u00a0\u00a0\u00a0 (9) Radschert im Norden oben<\/h5>\n<h5><a href=\"https:\/\/www.freiburg-schwarzwald.de\/blog\/regio\/orte\/todtnau\/todtnauberg\/todtnauberg9kapellenlift130305\/\" rel=\"attachment wp-att-24433\"><img loading=\"lazy\" decoding=\"async\" class=\"alignnone size-thumbnail wp-image-24433\" title=\"todtnauberg9kapellenlift130305\" src=\"https:\/\/www.freiburg-schwarzwald.de\/blog\/wp-content\/uploads\/2013\/03\/todtnauberg9kapellenlift130305-180x133.jpg\" alt=\"\" width=\"180\" height=\"133\" srcset=\"https:\/\/www.freiburg-schwarzwald.de\/blog\/wp-content\/uploads\/2013\/03\/todtnauberg9kapellenlift130305-180x133.jpg 180w, https:\/\/www.freiburg-schwarzwald.de\/blog\/wp-content\/uploads\/2013\/03\/todtnauberg9kapellenlift130305-640x474.jpg 640w, https:\/\/www.freiburg-schwarzwald.de\/blog\/wp-content\/uploads\/2013\/03\/todtnauberg9kapellenlift130305.jpg 641w\" sizes=\"auto, (max-width: 180px) 100vw, 180px\" \/><\/a>\u00a0\u00a0\u00a0\u00a0\u00a0\u00a0\u00a0\u00a0\u00a0 <a href=\"https:\/\/www.freiburg-schwarzwald.de\/blog\/regio\/orte\/todtnau\/todtnauberg\/todtnauberg10bergwacht130305\/\" rel=\"attachment wp-att-24450\"><img loading=\"lazy\" decoding=\"async\" class=\"alignnone size-thumbnail wp-image-24450\" title=\"todtnauberg10bergwacht130305\" src=\"https:\/\/www.freiburg-schwarzwald.de\/blog\/wp-content\/uploads\/2013\/03\/todtnauberg10bergwacht130305-180x135.jpg\" alt=\"\" width=\"180\" height=\"135\" srcset=\"https:\/\/www.freiburg-schwarzwald.de\/blog\/wp-content\/uploads\/2013\/03\/todtnauberg10bergwacht130305-180x135.jpg 180w, https:\/\/www.freiburg-schwarzwald.de\/blog\/wp-content\/uploads\/2013\/03\/todtnauberg10bergwacht130305.jpg 640w\" sizes=\"auto, (max-width: 180px) 100vw, 180px\" \/><\/a>\u00a0\u00a0\u00a0\u00a0\u00a0\u00a0\u00a0\u00a0\u00a0 <a href=\"https:\/\/www.freiburg-schwarzwald.de\/blog\/regio\/orte\/todtnau\/todtnauberg\/todtnauberg11radschertlift130305\/\" rel=\"attachment wp-att-24451\"><img loading=\"lazy\" decoding=\"async\" class=\"alignnone size-thumbnail wp-image-24451\" title=\"todtnauberg11radschertlift130305\" src=\"https:\/\/www.freiburg-schwarzwald.de\/blog\/wp-content\/uploads\/2013\/03\/todtnauberg11radschertlift130305-180x135.jpg\" alt=\"\" width=\"180\" height=\"135\" srcset=\"https:\/\/www.freiburg-schwarzwald.de\/blog\/wp-content\/uploads\/2013\/03\/todtnauberg11radschertlift130305-180x135.jpg 180w, https:\/\/www.freiburg-schwarzwald.de\/blog\/wp-content\/uploads\/2013\/03\/todtnauberg11radschertlift130305.jpg 640w\" sizes=\"auto, (max-width: 180px) 100vw, 180px\" \/><\/a><br \/>\n(10) Kapellenlift\u00a0\u00a0\u00a0\u00a0\u00a0\u00a0\u00a0\u00a0\u00a0\u00a0\u00a0\u00a0\u00a0\u00a0\u00a0\u00a0\u00a0\u00a0\u00a0\u00a0\u00a0\u00a0\u00a0\u00a0\u00a0\u00a0\u00a0\u00a0\u00a0\u00a0\u00a0\u00a0\u00a0\u00a0\u00a0\u00a0\u00a0\u00a0\u00a0\u00a0 (11) Haus der Bergwacht\u00a0\u00a0\u00a0\u00a0\u00a0\u00a0\u00a0\u00a0\u00a0\u00a0\u00a0\u00a0\u00a0\u00a0\u00a0\u00a0\u00a0\u00a0\u00a0\u00a0\u00a0\u00a0\u00a0 (12) Radschertlift<\/h5>\n<h5><a href=\"https:\/\/www.freiburg-schwarzwald.de\/blog\/regio\/orte\/todtnau\/todtnauberg\/todtnauberg12stuebenwasenlift130305\/\" rel=\"attachment wp-att-24452\"><img loading=\"lazy\" decoding=\"async\" class=\"alignnone size-thumbnail wp-image-24452\" title=\"todtnauberg12stuebenwasenlift130305\" src=\"https:\/\/www.freiburg-schwarzwald.de\/blog\/wp-content\/uploads\/2013\/03\/todtnauberg12stuebenwasenlift130305-180x135.jpg\" alt=\"\" width=\"180\" height=\"135\" srcset=\"https:\/\/www.freiburg-schwarzwald.de\/blog\/wp-content\/uploads\/2013\/03\/todtnauberg12stuebenwasenlift130305-180x135.jpg 180w, https:\/\/www.freiburg-schwarzwald.de\/blog\/wp-content\/uploads\/2013\/03\/todtnauberg12stuebenwasenlift130305.jpg 640w\" sizes=\"auto, (max-width: 180px) 100vw, 180px\" \/><\/a>\u00a0\u00a0\u00a0\u00a0\u00a0\u00a0\u00a0\u00a0\u00a0 <a href=\"https:\/\/www.freiburg-schwarzwald.de\/blog\/regio\/orte\/todtnau\/todtnauberg\/todtnauberg13stuebenwasenlift130305\/\" rel=\"attachment wp-att-24453\"><img loading=\"lazy\" decoding=\"async\" class=\"alignnone size-thumbnail wp-image-24453\" title=\"todtnauberg13stuebenwasenlift130305\" src=\"https:\/\/www.freiburg-schwarzwald.de\/blog\/wp-content\/uploads\/2013\/03\/todtnauberg13stuebenwasenlift130305-180x135.jpg\" alt=\"\" width=\"180\" height=\"135\" srcset=\"https:\/\/www.freiburg-schwarzwald.de\/blog\/wp-content\/uploads\/2013\/03\/todtnauberg13stuebenwasenlift130305-180x135.jpg 180w, https:\/\/www.freiburg-schwarzwald.de\/blog\/wp-content\/uploads\/2013\/03\/todtnauberg13stuebenwasenlift130305.jpg 640w\" sizes=\"auto, (max-width: 180px) 100vw, 180px\" \/><\/a>\u00a0\u00a0\u00a0\u00a0\u00a0\u00a0\u00a0\u00a0\u00a0 <a href=\"https:\/\/www.freiburg-schwarzwald.de\/blog\/regio\/orte\/todtnau\/todtnauberg\/todtnauberg14ruette130305\/\" rel=\"attachment wp-att-24454\"><img loading=\"lazy\" decoding=\"async\" class=\"alignnone size-thumbnail wp-image-24454\" title=\"todtnauberg14ruette130305\" src=\"https:\/\/www.freiburg-schwarzwald.de\/blog\/wp-content\/uploads\/2013\/03\/todtnauberg14ruette130305-180x141.jpg\" alt=\"\" width=\"180\" height=\"141\" srcset=\"https:\/\/www.freiburg-schwarzwald.de\/blog\/wp-content\/uploads\/2013\/03\/todtnauberg14ruette130305-180x141.jpg 180w, https:\/\/www.freiburg-schwarzwald.de\/blog\/wp-content\/uploads\/2013\/03\/todtnauberg14ruette130305.jpg 639w\" sizes=\"auto, (max-width: 180px) 100vw, 180px\" \/><\/a><br \/>\n(13) St\u00fcberwasenlift\u00a0\u00a0ostw\u00e4rts\u00a0\u00a0\u00a0\u00a0\u00a0\u00a0\u00a0\u00a0\u00a0\u00a0\u00a0\u00a0\u00a0\u00a0\u00a0 (14) St\u00fcbenwasenlift nordw\u00e4rts\u00a0\u00a0\u00a0\u00a0\u00a0\u00a0\u00a0\u00a0\u00a0\u00a0\u00a0\u00a0\u00a0(15) Blick gen Radschert<\/h5>\n<h5><a href=\"https:\/\/www.freiburg-schwarzwald.de\/blog\/regio\/orte\/todtnau\/todtnauberg\/todtnauberg15stuebenwasenlift130305\/\" rel=\"attachment wp-att-24455\"><img loading=\"lazy\" decoding=\"async\" class=\"alignnone size-thumbnail wp-image-24455\" title=\"todtnauberg15stuebenwasenlift130305\" src=\"https:\/\/www.freiburg-schwarzwald.de\/blog\/wp-content\/uploads\/2013\/03\/todtnauberg15stuebenwasenlift130305-180x135.jpg\" alt=\"\" width=\"180\" height=\"135\" srcset=\"https:\/\/www.freiburg-schwarzwald.de\/blog\/wp-content\/uploads\/2013\/03\/todtnauberg15stuebenwasenlift130305-180x135.jpg 180w, https:\/\/www.freiburg-schwarzwald.de\/blog\/wp-content\/uploads\/2013\/03\/todtnauberg15stuebenwasenlift130305.jpg 640w\" sizes=\"auto, (max-width: 180px) 100vw, 180px\" \/><\/a>\u00a0\u00a0\u00a0\u00a0\u00a0\u00a0\u00a0\u00a0\u00a0 <a href=\"https:\/\/www.freiburg-schwarzwald.de\/blog\/regio\/orte\/todtnau\/todtnauberg\/todtnauberg16stuebenwasenlift130305\/\" rel=\"attachment wp-att-24456\"><img loading=\"lazy\" decoding=\"async\" class=\"alignnone size-thumbnail wp-image-24456\" title=\"todtnauberg16stuebenwasenlift130305\" src=\"https:\/\/www.freiburg-schwarzwald.de\/blog\/wp-content\/uploads\/2013\/03\/todtnauberg16stuebenwasenlift130305-180x135.jpg\" alt=\"\" width=\"180\" height=\"135\" srcset=\"https:\/\/www.freiburg-schwarzwald.de\/blog\/wp-content\/uploads\/2013\/03\/todtnauberg16stuebenwasenlift130305-180x135.jpg 180w, https:\/\/www.freiburg-schwarzwald.de\/blog\/wp-content\/uploads\/2013\/03\/todtnauberg16stuebenwasenlift130305.jpg 640w\" sizes=\"auto, (max-width: 180px) 100vw, 180px\" \/><\/a>\u00a0\u00a0\u00a0\u00a0\u00a0\u00a0\u00a0\u00a0\u00a0 <a href=\"https:\/\/www.freiburg-schwarzwald.de\/blog\/regio\/orte\/todtnau\/todtnauberg\/todtnauberg17hausambach130305\/\" rel=\"attachment wp-att-24457\"><img loading=\"lazy\" decoding=\"async\" class=\"alignnone size-thumbnail wp-image-24457\" title=\"todtnauberg17hausambach130305\" src=\"https:\/\/www.freiburg-schwarzwald.de\/blog\/wp-content\/uploads\/2013\/03\/todtnauberg17hausambach130305-180x135.jpg\" alt=\"\" width=\"180\" height=\"135\" srcset=\"https:\/\/www.freiburg-schwarzwald.de\/blog\/wp-content\/uploads\/2013\/03\/todtnauberg17hausambach130305-180x135.jpg 180w, https:\/\/www.freiburg-schwarzwald.de\/blog\/wp-content\/uploads\/2013\/03\/todtnauberg17hausambach130305.jpg 640w\" sizes=\"auto, (max-width: 180px) 100vw, 180px\" \/><\/a><br \/>\n(16) St\u00fcbenwasenlift s\u00fcdw\u00e4rts\u00a0\u00a0\u00a0\u00a0\u00a0\u00a0\u00a0\u00a0\u00a0\u00a0\u00a0\u00a0 (17) St\u00fcbenwasenlift s\u00fcdw\u00e4rts\u00a0\u00a0\u00a0\u00a0\u00a0\u00a0\u00a0\u00a0\u00a0\u00a0\u00a0\u00a0\u00a0\u00a0\u00a0\u00a0(18) Haus am Bach<\/h5>\n<h5><a href=\"https:\/\/www.freiburg-schwarzwald.de\/blog\/regio\/orte\/todtnau\/todtnauberg\/todtnauberg18kapellenlift130305\/\" rel=\"attachment wp-att-24458\"><img loading=\"lazy\" decoding=\"async\" class=\"alignnone size-thumbnail wp-image-24458\" title=\"todtnauberg18kapellenlift130305\" src=\"https:\/\/www.freiburg-schwarzwald.de\/blog\/wp-content\/uploads\/2013\/03\/todtnauberg18kapellenlift130305-180x144.jpg\" alt=\"\" width=\"180\" height=\"144\" srcset=\"https:\/\/www.freiburg-schwarzwald.de\/blog\/wp-content\/uploads\/2013\/03\/todtnauberg18kapellenlift130305-180x144.jpg 180w, https:\/\/www.freiburg-schwarzwald.de\/blog\/wp-content\/uploads\/2013\/03\/todtnauberg18kapellenlift130305.jpg 637w\" sizes=\"auto, (max-width: 180px) 100vw, 180px\" \/><\/a>\u00a0\u00a0\u00a0\u00a0\u00a0\u00a0\u00a0\u00a0\u00a0 <a href=\"https:\/\/www.freiburg-schwarzwald.de\/blog\/regio\/orte\/todtnau\/todtnauberg\/todtnauberg19scheuermattkopflift130305\/\" rel=\"attachment wp-att-24459\"><img loading=\"lazy\" decoding=\"async\" class=\"alignnone size-thumbnail wp-image-24459\" title=\"todtnauberg19scheuermattkopflift130305\" src=\"https:\/\/www.freiburg-schwarzwald.de\/blog\/wp-content\/uploads\/2013\/03\/todtnauberg19scheuermattkopflift130305-180x135.jpg\" alt=\"\" width=\"180\" height=\"135\" srcset=\"https:\/\/www.freiburg-schwarzwald.de\/blog\/wp-content\/uploads\/2013\/03\/todtnauberg19scheuermattkopflift130305-180x135.jpg 180w, https:\/\/www.freiburg-schwarzwald.de\/blog\/wp-content\/uploads\/2013\/03\/todtnauberg19scheuermattkopflift130305.jpg 640w\" sizes=\"auto, (max-width: 180px) 100vw, 180px\" \/><\/a>\u00a0\u00a0\u00a0\u00a0\u00a0\u00a0\u00a0\u00a0\u00a0 <a href=\"https:\/\/www.freiburg-schwarzwald.de\/blog\/regio\/orte\/todtnau\/todtnauberg\/todtnauberg20kapellenlift130305\/\" rel=\"attachment wp-att-24460\"><img loading=\"lazy\" decoding=\"async\" class=\"alignnone size-thumbnail wp-image-24460\" title=\"todtnauberg20kapellenlift130305\" src=\"https:\/\/www.freiburg-schwarzwald.de\/blog\/wp-content\/uploads\/2013\/03\/todtnauberg20kapellenlift130305-180x135.jpg\" alt=\"\" width=\"180\" height=\"135\" srcset=\"https:\/\/www.freiburg-schwarzwald.de\/blog\/wp-content\/uploads\/2013\/03\/todtnauberg20kapellenlift130305-180x135.jpg 180w, https:\/\/www.freiburg-schwarzwald.de\/blog\/wp-content\/uploads\/2013\/03\/todtnauberg20kapellenlift130305.jpg 640w\" sizes=\"auto, (max-width: 180px) 100vw, 180px\" \/><\/a><br \/>\n(19) Kapellenlift im S\u00fcdosten\u00a0\u00a0\u00a0\u00a0\u00a0\u00a0\u00a0\u00a0\u00a0\u00a0\u00a0\u00a0\u00a0\u00a0\u00a0\u00a0 (20) Scheuermattlift im S\u00fcdosten\u00a0\u00a0\u00a0\u00a0\u00a0\u00a0\u00a0\u00a0\u00a0 (21) Kapellenlift im Osten<\/h5>\n<h5><a href=\"https:\/\/www.freiburg-schwarzwald.de\/blog\/regio\/orte\/todtnau\/todtnauberg\/todtnauberg20ruette-skilifte130305\/\" rel=\"attachment wp-att-24461\"><img loading=\"lazy\" decoding=\"async\" class=\"alignnone size-thumbnail wp-image-24461\" title=\"todtnauberg20ruette-skilifte130305\" src=\"https:\/\/www.freiburg-schwarzwald.de\/blog\/wp-content\/uploads\/2013\/03\/todtnauberg20ruette-skilifte130305-180x135.jpg\" alt=\"\" width=\"180\" height=\"135\" srcset=\"https:\/\/www.freiburg-schwarzwald.de\/blog\/wp-content\/uploads\/2013\/03\/todtnauberg20ruette-skilifte130305-180x135.jpg 180w, https:\/\/www.freiburg-schwarzwald.de\/blog\/wp-content\/uploads\/2013\/03\/todtnauberg20ruette-skilifte130305.jpg 640w\" sizes=\"auto, (max-width: 180px) 100vw, 180px\" \/><\/a>\u00a0\u00a0\u00a0\u00a0\u00a0\u00a0\u00a0\u00a0\u00a0 <a href=\"https:\/\/www.freiburg-schwarzwald.de\/blog\/regio\/orte\/todtnau\/todtnauberg\/todtnauberg21kapellenlift130305\/\" rel=\"attachment wp-att-24462\"><img loading=\"lazy\" decoding=\"async\" class=\"alignnone size-thumbnail wp-image-24462\" title=\"todtnauberg21kapellenlift130305\" src=\"https:\/\/www.freiburg-schwarzwald.de\/blog\/wp-content\/uploads\/2013\/03\/todtnauberg21kapellenlift130305-180x142.jpg\" alt=\"\" width=\"180\" height=\"142\" srcset=\"https:\/\/www.freiburg-schwarzwald.de\/blog\/wp-content\/uploads\/2013\/03\/todtnauberg21kapellenlift130305-180x142.jpg 180w, https:\/\/www.freiburg-schwarzwald.de\/blog\/wp-content\/uploads\/2013\/03\/todtnauberg21kapellenlift130305.jpg 636w\" sizes=\"auto, (max-width: 180px) 100vw, 180px\" \/><\/a>\u00a0\u00a0\u00a0\u00a0\u00a0\u00a0\u00a0\u00a0\u00a0 <a href=\"https:\/\/www.freiburg-schwarzwald.de\/blog\/regio\/orte\/todtnau\/todtnauberg\/todtnauberg22stuebenwasenlift130305\/\" rel=\"attachment wp-att-24463\"><img loading=\"lazy\" decoding=\"async\" class=\"alignnone size-thumbnail wp-image-24463\" title=\"todtnauberg22stuebenwasenlift130305\" src=\"https:\/\/www.freiburg-schwarzwald.de\/blog\/wp-content\/uploads\/2013\/03\/todtnauberg22stuebenwasenlift130305-180x135.jpg\" alt=\"\" width=\"180\" height=\"135\" srcset=\"https:\/\/www.freiburg-schwarzwald.de\/blog\/wp-content\/uploads\/2013\/03\/todtnauberg22stuebenwasenlift130305-180x135.jpg 180w, https:\/\/www.freiburg-schwarzwald.de\/blog\/wp-content\/uploads\/2013\/03\/todtnauberg22stuebenwasenlift130305.jpg 640w\" sizes=\"auto, (max-width: 180px) 100vw, 180px\" \/><\/a><br \/>\n(22) R\u00fctte &#8211; Skilifte\u00a0\u00a05.3.2013\u00a0 \u00a0\u00a0\u00a0\u00a0\u00a0\u00a0\u00a0\u00a0\u00a0\u00a0\u00a0\u00a0\u00a0\u00a0\u00a0 (23) Kapellenlift\u00a0\u00a0im Osten\u00a0\u00a0\u00a0\u00a0\u00a0\u00a0\u00a0\u00a0\u00a0\u00a0\u00a0\u00a0\u00a0\u00a0\u00a0\u00a0\u00a0\u00a0\u00a0\u00a0\u00a0\u00a0 (24) St\u00fcbenwasen ganz oben<\/h5>\n<p>&nbsp;<\/p>\n<p>.<\/p>\n<p><strong>Heidegger, Celan und die H\u00fctte im Schwarzwald: Hans-Peter Kunischs Buch &#8222;Todtnauberg&#8220;<\/strong><br \/>\n<em>Die (Nicht-)Begegnung von Paul Celan und Martin Heidegger, des j\u00fcdischen Dichters und des alemannischen Denkers, in der H\u00fctte des Philosophen in Todtnauberg geh\u00f6rt zu den meist erforschten, diskutierten und interpretierten kulturgeschichtlichen Ereignissen der deutschen Nachkriegszeit.<\/em><br \/>\nDachte man bisher. Nun hat der Kulturjournalist Hans-Peter Kunisch nach mehrj\u00e4hriger Recherche und aus gegebenem Anlass \u2013 im April j\u00e4hrte sich Celans Todestag zum 50. Mal, am 23. November vor 100 Jahren wurde er geboren \u2013 ein Buch mit dem naheliegenden Titel &#8222;Todtnauberg&#8220; vorgelegt. Untertitel: &#8222;Die Geschichte von Paul Celan, Martin Heidegger und ihrer unm\u00f6glichen Begegnung&#8220;.<br \/>\nKunisch ist in Freiburg und in Todtnauberg gewesen, er hat im Literaturarchiv Marbach nach Quellen gesucht und Zeitzeugen wie auch den Freiburger Literaturwissenschaftler G\u00fcnter Schnitzler befragt. Schnitzler, fr\u00fcherer Leiter des Studium Generale der Universit\u00e4t Freiburg, war in den 1980er-Jahren Assistent des Freiburger Ordinarius Gerhart Baumann. Baumann war ma\u00dfgeblich daran beteiligt, dass der Lyriker Celan am 24. Juli 1967 nach Freiburg kam, um im vollbesetzten Audimax vor einer gebannten Zuh\u00f6rerschaft \u2013 das kann sich heute niemand mehr vorstellen \u2013 aus seinen Gedichten las. Schnitzler war damals Student und noch nicht in Freiburg; er kennt die folgenreiche Episode allerdings indes aus zahlreichen Erz\u00e4hlungen.<\/p>\n<p>Ein unmittelbarer Zeuge, der die beiden epochalen Gestalten in seinem VW-K\u00e4fer von Freiburg in den Schwarzwald gefahren hat, ist vor knapp drei Jahren, im Dezember 2017, gestorben: Gerhard Neumann, damals Assistent von Baumann, nachmalig Hochschullehrer in Freiburg und M\u00fcnchen. Sein Ged\u00e4chtnis allerdings wies, was diese Fahrt angeht, immer schon L\u00fccken auf \u2013 vielleicht auch deshalb, weil er sich von Celans raumgreifender Gegenwart erdr\u00fcckt und ihm unterlegen f\u00fchlte, wie er in einem im Buch zitierten Brief an den in Paris lebenden \u00dcbersetzer Elmar Tophoven freim\u00fctig bekannte.<br \/>\nDie pr\u00e4zise Rekonstruktion dieses denkw\u00fcrdigen Ereignisses ist \u2013 53 Jahre sp\u00e4ter \u2013 trotz der ergiebigen Quellenlage schwierig. Das Hauptzeugnis besteht in Paul Celans Gedicht &#8222;Todtnauberg&#8220;, in dem die ber\u00fchmten \u2013 zuerst auf Wunsch Heideggers ins H\u00fcttenbuch eingetragenen \u2013 Verse stehen: &#8222;von \/ einer Hoffnung, heute, \/ auf eines Denkenden kommendes Wort \/ im Herzen&#8220;. Es gibt keinen Zweifel daran, dass sich diese Zeilen auf die Verstrickung Martin Heideggers in die nationalsozialistische Ideologie beziehen, die \u00fcber sein kurzes Rektorat im Jahr 1933 weit hinausreicht \u2013 und die Erwartung einer Erkl\u00e4rung formulieren, ja vielleicht sogar einer Entschuldigung f\u00fcr den NS-Genozid an den Juden, dem auch Celans Eltern in Czernowitz zum Opfer gefallen waren.<\/p>\n<p>Vom &#8222;Denkenden&#8220; kam, wie man wei\u00df, auch sp\u00e4ter nichts. Und so endete diese seltsame Fahrt, die, wie man aus Kunischs detaillierter Schilderung erf\u00e4hrt, zuletzt ein Hochmoor bei Sankt Blasien streifte, das Celan mangels geeigneten Schuhwerks nicht betreten konnte, auch im metaphorischen Sinn so, wie sie begonnen hatte: in einem \u00fcber den Anlass hinausgehenden endg\u00fcltigen Schweigen des Seinsdenkers.<\/p>\n<p>Als Celan den geschnitzten Brunnenstern vor der H\u00fctte des Philosophen entdeckte, der ihn offenbar an den Judenstern erinnerte, soll er laut des anwesenden Silvio Vietta gesagt haben: &#8222;Herr Heidegger, den Stern lasse ich ihnen nicht. &#8220; Das Gedicht eignet sich diesen mit der Formulierung &#8222;dem Brunnen mit dem \/Sternw\u00fcrfel drauf&#8220; tats\u00e4chlich an und r\u00fcckt ihn damit in einen anderen Kontext. Welche Worte allerdings wirklich gefallen sind zwischen Heidegger und Celan: Man wird es nie erfahren. Hans-Peter Kunisch, Jahrgang 1962, studierter Germanist, Theaterwissenschaftler und Philosoph, behilft sich mit dem Genre des \u2013 vielleicht ist das die beste Bezeichnung \u2013 Tatsachenromans. Anhand der beeindruckenden F\u00fclle der zusammengetragenen Fakten und vor allem der brieflichen und schriftlichen Quellen erz\u00e4hlt er eine Geschichte, die den Anspruch erhebt, m\u00f6glichst nah an die Wahrheit der Freiburger Begebnisse heranzukommen.<br \/>\nAuch wenn der Autor dabei suggeriert, in die K\u00f6pfe Heideggers und Celans hineinschauen zu k\u00f6nnen, bleibt ein Gro\u00dfteil seiner &#8222;Geschichte&#8220; gedankliche Spekulation. Dass Celan Heidegger w\u00e4hrend der Fahrt nach Sankt Blasien mit dem Mord an seinen Eltern konfrontiert haben k\u00f6nnte: Man kann es sich schlicht nicht vorstellen. Noch weniger, dass Heidegger ihm versprochen habe &#8222;etwas&#8220; zu schreiben. Worauf Celan von &#8222;einer Zufriedenheit, die er schon lange nicht mehr gekannt hat&#8220;, \u00fcberw\u00e4ltigt worden sei.<br \/>\nAn Stellen wie dieser \u00fcberschreitet Hans-Peter Kunisch seine Kompetenzen, seine Darstellung bekommt etwas Anma\u00dfendes. Das ist schade. Denn so weit sich &#8222;Todtnauberg&#8220; an die \u00fcberlieferten Dokumente h\u00e4lt und das geistige Umfeld der beiden Protagonisten auslotet, liest man das Buch durchaus mit gro\u00dfem Gewinn.<br \/>\nHans-Peter Kunisch: Todtnauberg. Deutscher Taschenbuch Verlag, M\u00fcnchen 2020. 350 Seiten, 24 Euro. Lesung: Der Autor liest am 20. August um 20 Uhr in der Rainhofscheune in Kirchzarten.<br \/>\n&#8230; Alles vom 17.8.2020 von Bettina Schulte bitte lesen auf<br \/>\n<a href=\"https:\/\/www.badische-zeitung.de\/heidegger-celan-und-die-huette-im-schwarzwald-hans-peter-kunischs-buch-todtnauberg--192340842.html\">https:\/\/www.badische-zeitung.de\/heidegger-celan-und-die-huette-im-schwarzwald-hans-peter-kunischs-buch-todtnauberg&#8211;192340842.html<\/a><\/p>\n<p>.<\/p>\n<p>&nbsp;<\/p>\n<p><strong>Martin-Heidegger-Rundweg ob Todtnauberg<\/strong><br \/>\nEin Schwarzwaldort, der sich an den Hang schmiegt, eingebettet in eine Landschaft wie aus dem Prospekt: das ist Todtnauberg. Wer hierher kommt, sucht Stille, bekommt steile Wiesen, Weite, Wind und ein Alpenpanorama, das auf Postkarten kitschig wirken w\u00fcrde, aber in echt einfach umwerfend ist, gratis dazu. Diese Stille war es auch, die den ber\u00fchmtesten Gelegenheitsbewohner des Orts angezogen hat. Auf dessen Spuren kann man 6,2 Kilometer lang wandeln, auf dem <a title=\"Heidegger \u2013 Philosoph Antisemit\" href=\"https:\/\/www.freiburg-schwarzwald.de\/blog\/heidegger-philosoph-antisemit\/\">Martin-Heidegger-Rundweg<\/a>.<br \/>\nDort in Todtnauberg hat er Jahre seines Lebens verbracht. Hat geschrieben, ist durch den Schnee gestapft oder ist im Sommer gewandert: <a title=\"Philosophie\" href=\"https:\/\/www.freiburg-schwarzwald.de\/blog\/bildung\/philosophie\/\">Martin Heidegger<\/a>, ebenso unbestritten genialer wie umstrittener Existenz-Philosoph, dessen Werk &#8222;Sein und Zeit&#8220; \u00fcber die Philosophieszene hinweggewalzt ist wie ein Sturm aus dem Schwarzwald \u2013 und der mit den ab 2014 ver\u00f6ffentlichten &#8222;Schwarzen Heften&#8220; den guten Glauben so mancher restlos entwurzelte, die ihn zuvor f\u00fcr antisemitische Gedanken eher nicht anf\u00e4llig hielten.<\/p>\n<p>Von St\u00fcrmen und Entwurzelungen ist heute, zumindest wetterm\u00e4\u00dfig, nichts zu sp\u00fcren. \u00dcber den tiefblauen Himmel huschen Wolkenfetzen, und der Wind wuschelt nur sanft durch die B\u00e4ume und Tannen, die wellige Wiesen vom Horizont trennen. Am Wanderparkplatz Ratschert startet der aussichtsreich einmal um den Ort f\u00fchrende Weg.<\/p>\n<p>Die Kiesel knirschen unter den Wanderstiefeln, hier also hat Heidegger ber\u00fchmte Besucher wie den Lyriker und Holocaust\u00fcberlebenden Paul Celan und die Philosophin Hannah Arendt empfangen. Oder den Spiegel-Herausgeber Rudolf Augstein zu einem Interview, das aber ganz nach Heideggers Gusto erst nach seinem Tod erscheinen durfte. Schautafeln stehen am Wegesrand, worauf &#8222;einige Fragen gestellt und bescheidene Antworten gegeben&#8220; werden, wie es zur Einf\u00fchrung hei\u00dft. Aha. Die Tafel &#8222;Biografisches&#8220; und auch der an der Touristinfo erh\u00e4ltliche Prospekt zu Martin Heidegger jedenfalls f\u00fchren einiges an, was wir an anderer Stelle ganz anders gelesen haben \u2013 nun ja, mit Antworten oder Ansichten ist es wie mit der Philosophie: Sie ist kompliziert. Und vieldeutig. Ein Wind streicht unangenehme Gedanken weg, und wir gehen zumindest mit einer anderen Passage d\u2019accord: &#8222;Die Stille, die intakte Natur und die frische, klare Luft Todtnaubergs lie\u00dfen ihn denken und schreiben.&#8220;<br \/>\nGeschrieben hat Heidegger in einer winzigen Studierstube in der einfachen H\u00fctte, die seine Frau Elfriede bauen lie\u00df. Sie diente ihm als Refugium und wurde von der Familie ab 1929 tage- und wochenweise bewohnt \u2013 von den Nachfahren \u00fcbrigens noch bis heute, wie ein weiteres Schild verr\u00e4t und um R\u00fccksicht auf die Privatsph\u00e4re bittet.<br \/>\nAuch ohne den Gang zur H\u00fctte bekommt man sie immer wieder von weitem aus allen m\u00f6glichen Blickwinkeln zu sehen. Vom \u00fcberdimensionalen Hochsitz aus etwa, der als riesiger Stuhl am Wegrand steht, sich erklettern l\u00e4sst und eine traumhafte Aussicht bietet: wie ein Lego-Dorf liegt uns Todtnauberg zu F\u00fc\u00dfen, unser Blick kann schweifen, weit, weit \u00fcber die Berge hinweg. Noch andere h\u00fcbsche Rastpl\u00e4tze gibt es unterwegs, drei h\u00f6lzerne Vogelh\u00e4uschen etwa, in die man landsitzen kann wie ein Schild besagt und den Alpenblick genie\u00dfen. Oder die B\u00e4nke vor der Kapelle, bevor es zur R\u00fctte hinuntergeht.<br \/>\nDazwischen geben die restlichen Tafeln Leseempfehlungen und beschreiben Anekdoten, wie diejenige, dass eine Einheimische auf Heideggers Frage, ob sie ihr geschenktes &#8222;Sein und Zeit&#8220; schon gelesen habe, zur Antwort gab: &#8222;Versucht zu lesen haben wir\u2019s schon, aber das versteht man ja nicht.&#8220; Die Tafel, auf der das stand, fehlt \u00fcbrigens, wie eine weitere der urspr\u00fcnglich f\u00fcnf. Die seien einfach verschwunden, h\u00f6rt man. Doch es sollen so bald wie m\u00f6glich neue kommen. Und die Erkenntnis am Ende des Wegs? Da ist er wieder, der Wind, streicht \u00fcber Wiesen und bringt das mit, was Todtnauberg ausmacht: die Stille, probates Mittel zum Philosophieren.<br \/>\n23.9.2019, Anita Fertl, mehr auf:<br \/>\n<a href=\"https:\/\/www.badische-zeitung.de\/freizeittipps-und-feste-ticket\/erkenntnisse-vom-winde-verweht-wanderung-auf-den-spuren-martin-heideggers--177393266.html\">https:\/\/www.badische-zeitung.de\/freizeittipps-und-feste-ticket\/erkenntnisse-vom-winde-verweht-wanderung-auf-den-spuren-martin-heideggers&#8211;177393266.html<\/a><\/p>\n","protected":false},"excerpt":{"rendered":"<p>Home &gt;Regio &gt;Orte &gt;Todtnau &gt;Todtnauberg Unterstellungen gegen den Philosophen Martin Heidegger bezeugen Ignoranz (5.12.20) Heidegger, Celan und die H\u00fctte im Schwarzwald: Hans-Peter Kunischs Buch &#8222;Todtnauberg&#8220; (17.8.2020) Martin-Heidegger-Rundweg ob Todtnauberg (23..2019) https:\/\/www.freiburg-schwarzwald.de\/blog\/literaturtage-todtnauberg-2013\/\u00a0(20.11.2013) Aktuelle Infos zur Todtnauberg-Seite &gt;Todtnauberg1 Den Spuren von Martin &hellip; <a href=\"https:\/\/www.freiburg-schwarzwald.de\/blog\/regio\/orte\/todtnau\/todtnauberg\/\">Weiterlesen <span class=\"meta-nav\">&rarr;<\/span><\/a><\/p>\n","protected":false},"author":4,"featured_media":0,"parent":14515,"menu_order":0,"comment_status":"open","ping_status":"closed","template":"","meta":{"footnotes":""},"class_list":["post-24413","page","type-page","status-publish","hentry"],"_links":{"self":[{"href":"https:\/\/www.freiburg-schwarzwald.de\/blog\/wp-json\/wp\/v2\/pages\/24413","targetHints":{"allow":["GET"]}}],"collection":[{"href":"https:\/\/www.freiburg-schwarzwald.de\/blog\/wp-json\/wp\/v2\/pages"}],"about":[{"href":"https:\/\/www.freiburg-schwarzwald.de\/blog\/wp-json\/wp\/v2\/types\/page"}],"author":[{"embeddable":true,"href":"https:\/\/www.freiburg-schwarzwald.de\/blog\/wp-json\/wp\/v2\/users\/4"}],"replies":[{"embeddable":true,"href":"https:\/\/www.freiburg-schwarzwald.de\/blog\/wp-json\/wp\/v2\/comments?post=24413"}],"version-history":[{"count":3,"href":"https:\/\/www.freiburg-schwarzwald.de\/blog\/wp-json\/wp\/v2\/pages\/24413\/revisions"}],"predecessor-version":[{"id":126593,"href":"https:\/\/www.freiburg-schwarzwald.de\/blog\/wp-json\/wp\/v2\/pages\/24413\/revisions\/126593"}],"up":[{"embeddable":true,"href":"https:\/\/www.freiburg-schwarzwald.de\/blog\/wp-json\/wp\/v2\/pages\/14515"}],"wp:attachment":[{"href":"https:\/\/www.freiburg-schwarzwald.de\/blog\/wp-json\/wp\/v2\/media?parent=24413"}],"curies":[{"name":"wp","href":"https:\/\/api.w.org\/{rel}","templated":true}]}}