{"id":24359,"date":"2013-03-12T12:13:56","date_gmt":"2013-03-12T11:13:56","guid":{"rendered":"https:\/\/www.freiburg-schwarzwald.de\/blog\/?page_id=24359"},"modified":"2025-06-15T13:54:26","modified_gmt":"2025-06-15T11:54:26","slug":"kirschen","status":"publish","type":"page","link":"https:\/\/www.freiburg-schwarzwald.de\/blog\/natur\/landwirt\/obstbau\/kirschen\/","title":{"rendered":"Kirschen"},"content":{"rendered":"<p>Home &gt;<a title=\"Natur\" href=\"https:\/\/www.freiburg-schwarzwald.de\/blog\/natur\/\">Natur<\/a> &gt;<a title=\"Landwirt\" href=\"https:\/\/www.freiburg-schwarzwald.de\/blog\/natur\/landwirt\/\">Landwirt<\/a> &gt;<a title=\"Obstbau\" href=\"https:\/\/www.freiburg-schwarzwald.de\/blog\/natur\/landwirt\/obstbau\/\">Obstbau<\/a> &gt;<a title=\"Garten\" href=\"https:\/\/www.freiburg-schwarzwald.de\/blog\/natur\/garten\/\">Garten<\/a>\u00a0&gt;Kirschen<\/p>\n<div id=\"attachment_34000\" style=\"width: 648px\" class=\"wp-caption alignnone\"><a href=\"https:\/\/www.freiburg-schwarzwald.de\/blog\/natur\/landwirt\/obstbau\/kirschen\/kirschen-esskastanie-pan130702\/\" rel=\"attachment wp-att-34000\"><img loading=\"lazy\" decoding=\"async\" aria-describedby=\"caption-attachment-34000\" class=\" wp-image-34000 \" title=\"kirschen-esskastanie-pan130702\" src=\"https:\/\/www.freiburg-schwarzwald.de\/blog\/wp-content\/uploads\/2013\/03\/kirschen-esskastanie-pan130702.jpg\" alt=\"\" width=\"638\" height=\"209\" srcset=\"https:\/\/www.freiburg-schwarzwald.de\/blog\/wp-content\/uploads\/2013\/03\/kirschen-esskastanie-pan130702.jpg 638w, https:\/\/www.freiburg-schwarzwald.de\/blog\/wp-content\/uploads\/2013\/03\/kirschen-esskastanie-pan130702-180x58.jpg 180w\" sizes=\"auto, (max-width: 638px) 100vw, 638px\" \/><\/a><p id=\"caption-attachment-34000\" class=\"wp-caption-text\">Reife Kirschen am 1.Juli 2013, w\u00e4hrend der benachbarte Esskastanienbaum in voller Bl\u00fcte steht<\/p><\/div>\n<ul>\n<li><em>Listenauswahl eines Beitrags (Artikel\/Datum, Seite\/Inhalt):<span style=\"text-decoration: underline;\">\u00a0Klicken<\/span>\u00a0oder scrollen<\/em><\/li>\n<li><a href=\"https:\/\/www.freiburg-schwarzwald.de\/blog\/kastanie-bienen-atom-israel-iran\/\">Kastanie Bienen Atom Israel Iran<\/a>\u00a0(15,6,2925)<\/li>\n<li><a href=\"https:\/\/www.freiburg-schwarzwald.de\/blog\/kastanienbluete-bienen-kirschen\/\">Kastanienbl\u00fcte Bienen Kirschen<\/a>\u00a0(18.6.2024)<\/li>\n<li><a href=\"https:\/\/www.freiburg-schwarzwald.de\/blog\/natur\/landwirt\/erzeugergemeinschaft\/\">OGS und EGRO in Vogtsburg: Umsatzrekord 2023 der Obsterzeuger<\/a>\u00a0(16.6.2024)<\/li>\n<li><a href=\"https:\/\/www.freiburg-schwarzwald.de\/blog\/gretas-weltuntergang-faellt-aus\/\">Gretas Weltuntergang f\u00e4llt aus<\/a>\u00a0(23.6.2023)<\/li>\n<li><a href=\"https:\/\/www.freiburg-schwarzwald.de\/blog\/kirschen-reif-esskastanie-blueht\/\">Kirschen reif \u2013 Esskastanie bl\u00fcht<\/a>\u00a0(24.6.2021)<\/li>\n<li><a title=\"Esskastanienbl\u00fcte und Bienen\" href=\"https:\/\/www.freiburg-schwarzwald.de\/blog\/esskastanienbluete-und-bienen\/\">Esskastanienbl\u00fcte und Bienen<\/a>\u00a0(22.6.2020)<\/li>\n<li><a href=\"https:\/\/www.freiburg-schwarzwald.de\/blog\/kirschen-undoder-smartphone\/\">https:\/\/www.freiburg-schwarzwald.de\/blog\/kirschen-undoder-smartphone\/<\/a> (1.7.2016)<\/li>\n<li><a href=\"https:\/\/www.freiburg-schwarzwald.de\/blog\/kirschenernte-kastaniebluete\/\">https:\/\/www.freiburg-schwarzwald.de\/blog\/kirschenernte-kastaniebluete\/<\/a>\u00a0(15.7.2013)<\/li>\n<li><a href=\"https:\/\/www.freiburg-schwarzwald.de\/kirschen.htm#Kirschensortieranlage made in Markgr\u00e4flerland - Erfinder Walter Stiefvatter\">Kirschensortieranlage made in Markgr\u00e4flerland &#8211; Erfinder Walter Stiefvatter<\/a> &gt;Kirschen (29.6.2011)<\/li>\n<li><a href=\"https:\/\/www.freiburg-schwarzwald.de\/kirschen.htm#An einem Junimorgen im Kirschbaum\">An einem Junimorgen im Kirschbaum<\/a> &gt;Kirschen (4.6.2011)<\/li>\n<li><a href=\"https:\/\/www.freiburg-schwarzwald.de\/littenweiler\/ebnet\/storchenschule.htm#Ebneter St\u00f6rche inmitten hohem Gras und Kirschen\">Ebneter St\u00f6rche inmitten hohem Gras und Kirschen<\/a> &gt;Storchenschule (9.6.2009)<\/li>\n<li><a href=\"https:\/\/www.freiburg-schwarzwald.de\/kirschen.htm#Wetter hat S\u00fcdbadens Kirschenerzeugern die Ernte verhagelt\">Wetter hat S\u00fcdbadens Kirschenerzeugern die Ernte verhagelt<\/a>\u00a0 &gt;Kirschen (23.6.2008)<\/li>\n<li><a href=\"https:\/\/www.freiburg-schwarzwald.de\/kirschen.htm#Obsthof Sch\u00f6rlin in Huttingen - Egro in Efringen-Kirchen\">Obsthof Sch\u00f6rlin in Huttingen &#8211; Egro in Efringen-Kirchen<\/a> (28.6.2007)<\/li>\n<li><a href=\"https:\/\/www.freiburg-schwarzwald.de\/eggenertal1.htm#2007 ist nicht gut Kirschen essen - viele Niederschl\u00e4ge\">2007 ist nicht gut Kirschen essen &#8211; viele Niederschl\u00e4ge<\/a> &gt;Eggenertal1 (26.6.2007)<\/li>\n<li><a href=\"https:\/\/www.freiburg-schwarzwald.de\/kirschen.htm#Nit de wert\">Nit de wert<\/a> (23.6.2007)<\/li>\n<li><a href=\"https:\/\/www.freiburg-schwarzwald.de\/markgraeflerland4.htm#Dieses Jahr ist gut Kirschen essen\">Dieses Jahr ist gut Kirschen essen<\/a> &gt;Markgraeflerland4 (11.6.2007)<\/li>\n<li><a href=\"https:\/\/www.freiburg-schwarzwald.de\/obstbau.htm#Obsterzeuger in der Krise: Erntehelfer fehlen, Ukraine als Hoffnung\">Obsterzeuger in der Krise: Erntehelfer fehlen, Ukraine als Hoffnung<\/a> &gt;Obstbau (5.6.2007)<\/li>\n<li><a href=\"https:\/\/www.freiburg-schwarzwald.de\/kirschen.htm#S\u00fc\u00df, schwarz und sinnlich - die Kirschensaison hat begonnen\">S\u00fc\u00df, schwarz und sinnlich &#8211; die Kirschensaison hat begonnen<\/a> (27.5.2007)<\/li>\n<li><a href=\"https:\/\/www.freiburg-schwarzwald.de\/kirschen#Weniger Spritzmittel dank Foliendach\">Weniger Spritzmittel dank Foliendach<\/a> (26.5.2007)<\/li>\n<li><a href=\"https:\/\/www.freiburg-schwarzwald.de\/kirschen#Kirschenernte beginnt: Fr\u00fch reif, aber oft zu klein\">Kirschenernte beginnt: Fr\u00fch reif, aber oft zu klein<\/a> (24.5.2007)<\/li>\n<li><a href=\"https:\/\/www.freiburg-schwarzwald.de\/obstbau.htm#Kaiserstuhl nach Ortenau\/Oberkirch zweitgr\u00f6\u00dftes Kirschenanbaugebiet\">Kaiserstuhl nach Ortenau\/Oberkirch zweitgr\u00f6\u00dftes Kirschenanbaugebiet<\/a> (13.4.2007)<\/li>\n<li><a href=\"https:\/\/www.freiburg-schwarzwald.de\/kirschen#Plenum: Hochst\u00e4mme in K\u00f6nigschaffhausen erhalten\">Plenum: Hochst\u00e4mme in K\u00f6nigschaffhausen erhalten<\/a> (24.2.2007)<\/li>\n<li><a href=\"https:\/\/www.freiburg-schwarzwald.de\/zukunft2.htm#Regionale Produkte - Spanisches Treibhausgem\u00fcse\">Obst: Regionale Produkte &#8211; Spanisches Treibhausgem\u00fcse<\/a>\u00a0&gt;Zukunft2 (19.3.2006)<\/li>\n<li><\/li>\n<li><a title=\"Gartenjahr\" href=\"https:\/\/www.freiburg-schwarzwald.de\/blog\/natur\/garten\/gartenjahr\/\">Gartenjahr<\/a><\/li>\n<li><a title=\"Kastanie\" href=\"https:\/\/www.freiburg-schwarzwald.de\/blog\/natur\/wald\/kastanie\/\">Kastanie<\/a><\/li>\n<li><a title=\"Streuobst\" href=\"https:\/\/www.freiburg-schwarzwald.de\/blog\/natur\/landwirt\/obstbau\/streuobst\/\">Streuobstwiesen<\/a><\/li>\n<\/ul>\n<p>&nbsp;<\/p>\n<h5><a href=\"https:\/\/www.freiburg-schwarzwald.de\/blog\/natur\/landwirt\/obstbau\/kirschen\/kirschen1bluete130428\/\" rel=\"attachment wp-att-28380\"><img loading=\"lazy\" decoding=\"async\" class=\"alignnone size-thumbnail wp-image-28380\" title=\"kirschen1bluete130428\" src=\"https:\/\/www.freiburg-schwarzwald.de\/blog\/wp-content\/uploads\/2013\/03\/kirschen1bluete130428-180x149.jpg\" alt=\"\" width=\"180\" height=\"149\" srcset=\"https:\/\/www.freiburg-schwarzwald.de\/blog\/wp-content\/uploads\/2013\/03\/kirschen1bluete130428-180x149.jpg 180w, https:\/\/www.freiburg-schwarzwald.de\/blog\/wp-content\/uploads\/2013\/03\/kirschen1bluete130428-640x532.jpg 640w, https:\/\/www.freiburg-schwarzwald.de\/blog\/wp-content\/uploads\/2013\/03\/kirschen1bluete130428.jpg 839w\" sizes=\"auto, (max-width: 180px) 100vw, 180px\" \/><\/a>\u00a0\u00a0\u00a0\u00a0\u00a0\u00a0\u00a0\u00a0\u00a0 <a href=\"https:\/\/www.freiburg-schwarzwald.de\/blog\/natur\/landwirt\/obstbau\/kirschen\/kirschen2bluete130428\/\" rel=\"attachment wp-att-28381\"><img loading=\"lazy\" decoding=\"async\" class=\"alignnone size-thumbnail wp-image-28381\" title=\"kirschen2bluete130428\" src=\"https:\/\/www.freiburg-schwarzwald.de\/blog\/wp-content\/uploads\/2013\/03\/kirschen2bluete130428-180x135.jpg\" alt=\"\" width=\"180\" height=\"135\" srcset=\"https:\/\/www.freiburg-schwarzwald.de\/blog\/wp-content\/uploads\/2013\/03\/kirschen2bluete130428-180x135.jpg 180w, https:\/\/www.freiburg-schwarzwald.de\/blog\/wp-content\/uploads\/2013\/03\/kirschen2bluete130428.jpg 640w\" sizes=\"auto, (max-width: 180px) 100vw, 180px\" \/><\/a>\u00a0\u00a0\u00a0\u00a0\u00a0\u00a0\u00a0\u00a0\u00a0 <a href=\"https:\/\/www.freiburg-schwarzwald.de\/blog\/natur\/landwirt\/obstbau\/kirschen\/kirschen3bluete130428\/\" rel=\"attachment wp-att-28382\"><img loading=\"lazy\" decoding=\"async\" class=\"alignnone size-thumbnail wp-image-28382\" title=\"kirschen3bluete130428\" src=\"https:\/\/www.freiburg-schwarzwald.de\/blog\/wp-content\/uploads\/2013\/03\/kirschen3bluete130428-180x135.jpg\" alt=\"\" width=\"180\" height=\"135\" srcset=\"https:\/\/www.freiburg-schwarzwald.de\/blog\/wp-content\/uploads\/2013\/03\/kirschen3bluete130428-180x135.jpg 180w, https:\/\/www.freiburg-schwarzwald.de\/blog\/wp-content\/uploads\/2013\/03\/kirschen3bluete130428.jpg 640w\" sizes=\"auto, (max-width: 180px) 100vw, 180px\" \/><\/a><br \/>\n(1) Kirschbl\u00fcte am 28.4.2013<\/h5>\n<h5><a href=\"https:\/\/www.freiburg-schwarzwald.de\/blog\/natur\/landwirt\/obstbau\/kirschen\/kirschen4bluete130428\/\" rel=\"attachment wp-att-28383\"><img loading=\"lazy\" decoding=\"async\" class=\"alignnone size-thumbnail wp-image-28383\" title=\"kirschen4bluete130428\" src=\"https:\/\/www.freiburg-schwarzwald.de\/blog\/wp-content\/uploads\/2013\/03\/kirschen4bluete130428-180x135.jpg\" alt=\"\" width=\"180\" height=\"135\" srcset=\"https:\/\/www.freiburg-schwarzwald.de\/blog\/wp-content\/uploads\/2013\/03\/kirschen4bluete130428-180x135.jpg 180w, https:\/\/www.freiburg-schwarzwald.de\/blog\/wp-content\/uploads\/2013\/03\/kirschen4bluete130428.jpg 640w\" sizes=\"auto, (max-width: 180px) 100vw, 180px\" \/><\/a>\u00a0\u00a0\u00a0\u00a0\u00a0\u00a0\u00a0\u00a0\u00a0 <a href=\"https:\/\/www.freiburg-schwarzwald.de\/blog\/natur\/landwirt\/obstbau\/kirschen\/kirschen11bluete130428\/\" rel=\"attachment wp-att-28384\"><img loading=\"lazy\" decoding=\"async\" class=\"alignnone size-thumbnail wp-image-28384\" title=\"kirschen11bluete130428\" src=\"https:\/\/www.freiburg-schwarzwald.de\/blog\/wp-content\/uploads\/2013\/03\/kirschen11bluete130428-180x141.jpg\" alt=\"\" width=\"180\" height=\"141\" srcset=\"https:\/\/www.freiburg-schwarzwald.de\/blog\/wp-content\/uploads\/2013\/03\/kirschen11bluete130428-180x141.jpg 180w, https:\/\/www.freiburg-schwarzwald.de\/blog\/wp-content\/uploads\/2013\/03\/kirschen11bluete130428-640x502.jpg 640w, https:\/\/www.freiburg-schwarzwald.de\/blog\/wp-content\/uploads\/2013\/03\/kirschen11bluete130428.jpg 879w\" sizes=\"auto, (max-width: 180px) 100vw, 180px\" \/><\/a>\u00a0\u00a0\u00a0\u00a0\u00a0\u00a0\u00a0\u00a0\u00a0 <a href=\"https:\/\/www.freiburg-schwarzwald.de\/blog\/natur\/landwirt\/obstbau\/kirschen\/kirschen1zweig130701\/\" rel=\"attachment wp-att-33996\"><img loading=\"lazy\" decoding=\"async\" class=\"alignnone size-thumbnail wp-image-33996\" title=\"kirschen1zweig130701\" src=\"https:\/\/www.freiburg-schwarzwald.de\/blog\/wp-content\/uploads\/2013\/03\/kirschen1zweig130701-180x135.jpg\" alt=\"\" width=\"180\" height=\"135\" srcset=\"https:\/\/www.freiburg-schwarzwald.de\/blog\/wp-content\/uploads\/2013\/03\/kirschen1zweig130701-180x135.jpg 180w, https:\/\/www.freiburg-schwarzwald.de\/blog\/wp-content\/uploads\/2013\/03\/kirschen1zweig130701.jpg 640w\" sizes=\"auto, (max-width: 180px) 100vw, 180px\" \/><\/a><br \/>\n(4) Kirschbaum 28.4.2013\u00a0\u00a0\u00a0\u00a0\u00a0\u00a0\u00a0\u00a0\u00a0\u00a0\u00a0\u00a0\u00a0\u00a0\u00a0\u00a0\u00a0\u00a0\u00a0\u00a0\u00a0\u00a0(5)\u00a0 \u00a0 \u00a0 \u00a0 \u00a0 \u00a0 \u00a0 \u00a0 \u00a0 \u00a0 \u00a0 \u00a0 \u00a0 \u00a0 \u00a0 \u00a0 \u00a0 \u00a0 \u00a0 \u00a0 \u00a0 \u00a0 \u00a0 \u00a0 \u00a0 \u00a0 \u00a0 \u00a0 \u00a0 \u00a0 \u00a0 (6) Kirschen endlich reif am 1.7.2013<\/h5>\n<h5><a href=\"https:\/\/www.freiburg-schwarzwald.de\/blog\/natur\/landwirt\/obstbau\/kirschen\/kirschen-esskastanie130702\/\" rel=\"attachment wp-att-33997\"><img loading=\"lazy\" decoding=\"async\" class=\"alignnone size-thumbnail wp-image-33997\" title=\"kirschen-esskastanie130702\" src=\"https:\/\/www.freiburg-schwarzwald.de\/blog\/wp-content\/uploads\/2013\/03\/kirschen-esskastanie130702-180x135.jpg\" alt=\"\" width=\"180\" height=\"135\" srcset=\"https:\/\/www.freiburg-schwarzwald.de\/blog\/wp-content\/uploads\/2013\/03\/kirschen-esskastanie130702-180x135.jpg 180w, https:\/\/www.freiburg-schwarzwald.de\/blog\/wp-content\/uploads\/2013\/03\/kirschen-esskastanie130702.jpg 640w\" sizes=\"auto, (max-width: 180px) 100vw, 180px\" \/><\/a>\u00a0\u00a0\u00a0\u00a0\u00a0\u00a0\u00a0\u00a0\u00a0\u00a0 <a href=\"https:\/\/www.freiburg-schwarzwald.de\/blog\/natur\/landwirt\/obstbau\/kirschen\/kirschen1kastanien130708\/\" rel=\"attachment wp-att-34342\"><img loading=\"lazy\" decoding=\"async\" class=\"alignnone size-thumbnail wp-image-34342\" title=\"kirschen1kastanien130708\" src=\"https:\/\/www.freiburg-schwarzwald.de\/blog\/wp-content\/uploads\/2013\/03\/kirschen1kastanien130708-180x135.jpg\" alt=\"\" width=\"180\" height=\"135\" srcset=\"https:\/\/www.freiburg-schwarzwald.de\/blog\/wp-content\/uploads\/2013\/03\/kirschen1kastanien130708-180x135.jpg 180w, https:\/\/www.freiburg-schwarzwald.de\/blog\/wp-content\/uploads\/2013\/03\/kirschen1kastanien130708.jpg 640w\" sizes=\"auto, (max-width: 180px) 100vw, 180px\" \/><\/a>\u00a0\u00a0\u00a0\u00a0\u00a0\u00a0\u00a0\u00a0\u00a0 <a href=\"https:\/\/www.freiburg-schwarzwald.de\/blog\/natur\/landwirt\/obstbau\/kirschen\/kirschen2kastanien130708\/\" rel=\"attachment wp-att-34343\"><img loading=\"lazy\" decoding=\"async\" class=\"alignnone size-thumbnail wp-image-34343\" title=\"kirschen2kastanien130708\" src=\"https:\/\/www.freiburg-schwarzwald.de\/blog\/wp-content\/uploads\/2013\/03\/kirschen2kastanien130708-180x135.jpg\" alt=\"\" width=\"180\" height=\"135\" srcset=\"https:\/\/www.freiburg-schwarzwald.de\/blog\/wp-content\/uploads\/2013\/03\/kirschen2kastanien130708-180x135.jpg 180w, https:\/\/www.freiburg-schwarzwald.de\/blog\/wp-content\/uploads\/2013\/03\/kirschen2kastanien130708.jpg 640w\" sizes=\"auto, (max-width: 180px) 100vw, 180px\" \/><\/a><br \/>\n(7) Kirschen und Kastanie 1.7.2013\u00a0\u00a0\u00a0\u00a0\u00a0\u00a0 (8) Kirschen mit Kastanie 8.7.2013\u00a0\u00a0\u00a0\u00a0\u00a0\u00a0(9)<\/h5>\n<h5><a href=\"https:\/\/www.freiburg-schwarzwald.de\/blog\/natur\/landwirt\/obstbau\/kirschen\/kirschen4zweig130708\/\" rel=\"attachment wp-att-34344\"><img loading=\"lazy\" decoding=\"async\" class=\"alignnone size-thumbnail wp-image-34344\" title=\"kirschen4zweig130708\" src=\"https:\/\/www.freiburg-schwarzwald.de\/blog\/wp-content\/uploads\/2013\/03\/kirschen4zweig130708-180x135.jpg\" alt=\"\" width=\"180\" height=\"135\" srcset=\"https:\/\/www.freiburg-schwarzwald.de\/blog\/wp-content\/uploads\/2013\/03\/kirschen4zweig130708-180x135.jpg 180w, https:\/\/www.freiburg-schwarzwald.de\/blog\/wp-content\/uploads\/2013\/03\/kirschen4zweig130708.jpg 640w\" sizes=\"auto, (max-width: 180px) 100vw, 180px\" \/><\/a>\u00a0\u00a0\u00a0\u00a0\u00a0\u00a0\u00a0\u00a0\u00a0 <a href=\"https:\/\/www.freiburg-schwarzwald.de\/blog\/natur\/landwirt\/obstbau\/kirschen\/kirschbaum-giersberg130715\/\" rel=\"attachment wp-att-34889\"><img loading=\"lazy\" decoding=\"async\" class=\"alignnone size-thumbnail wp-image-34889\" title=\"kirschbaum-giersberg130715\" src=\"https:\/\/www.freiburg-schwarzwald.de\/blog\/wp-content\/uploads\/2013\/03\/kirschbaum-giersberg130715-180x135.jpg\" alt=\"\" width=\"180\" height=\"135\" srcset=\"https:\/\/www.freiburg-schwarzwald.de\/blog\/wp-content\/uploads\/2013\/03\/kirschbaum-giersberg130715-180x135.jpg 180w, https:\/\/www.freiburg-schwarzwald.de\/blog\/wp-content\/uploads\/2013\/03\/kirschbaum-giersberg130715.jpg 640w\" sizes=\"auto, (max-width: 180px) 100vw, 180px\" \/><\/a>\u00a0\u00a0\u00a0\u00a0\u00a0\u00a0\u00a0\u00a0\u00a0 <a href=\"https:\/\/www.freiburg-schwarzwald.de\/blog\/natur\/landwirt\/obstbau\/kirschen\/kirschbaum140617\/\" rel=\"attachment wp-att-48917\"><img loading=\"lazy\" decoding=\"async\" class=\"alignnone size-thumbnail wp-image-48917\" src=\"https:\/\/www.freiburg-schwarzwald.de\/blog\/wp-content\/uploads\/2013\/03\/kirschbaum140617-142x180.jpg\" alt=\"kirschbaum140617\" width=\"142\" height=\"180\" srcset=\"https:\/\/www.freiburg-schwarzwald.de\/blog\/wp-content\/uploads\/2013\/03\/kirschbaum140617-142x180.jpg 142w, https:\/\/www.freiburg-schwarzwald.de\/blog\/wp-content\/uploads\/2013\/03\/kirschbaum140617.jpg 505w\" sizes=\"auto, (max-width: 142px) 100vw, 142px\" \/><\/a><br \/>\n(10) Kirschenzweig am 8.7.2013\u00a0\u00a0\u00a0\u00a0\u00a0\u00a0\u00a0\u00a0\u00a0\u00a0 (11) Alter Wildkirschbaum 15.7.2013\u00a0\u00a0\u00a0\u00a0\u00a0\u00a0\u00a0(12) Kirschenernte hochoben 17.6.2014<\/h5>\n<h5><a href=\"https:\/\/www.freiburg-schwarzwald.de\/blog\/natur\/landwirt\/obstbau\/kirschen\/kirschbluete-schnee160427\/\" rel=\"attachment wp-att-60965\"><img loading=\"lazy\" decoding=\"async\" class=\"alignnone size-thumbnail wp-image-60965\" src=\"https:\/\/www.freiburg-schwarzwald.de\/blog\/wp-content\/uploads\/2013\/03\/kirschbluete-schnee160427-180x135.jpg\" alt=\"kirschbluete-schnee160427\" width=\"180\" height=\"135\" srcset=\"https:\/\/www.freiburg-schwarzwald.de\/blog\/wp-content\/uploads\/2013\/03\/kirschbluete-schnee160427-180x135.jpg 180w, https:\/\/www.freiburg-schwarzwald.de\/blog\/wp-content\/uploads\/2013\/03\/kirschbluete-schnee160427.jpg 640w\" sizes=\"auto, (max-width: 180px) 100vw, 180px\" \/><\/a>\u00a0 \u00a0 \u00a0 \u00a0 \u00a0 \u00a0<a href=\"https:\/\/www.freiburg-schwarzwald.de\/blog\/natur\/garten\/gartenjahr\/kirschen-esskastanien160626\/\" rel=\"attachment wp-att-61470\"><img loading=\"lazy\" decoding=\"async\" class=\"alignnone size-thumbnail wp-image-61470\" src=\"https:\/\/www.freiburg-schwarzwald.de\/blog\/wp-content\/uploads\/2013\/04\/kirschen-esskastanien160626-135x180.jpg\" alt=\"kirschen-esskastanien160626\" width=\"135\" height=\"180\" srcset=\"https:\/\/www.freiburg-schwarzwald.de\/blog\/wp-content\/uploads\/2013\/04\/kirschen-esskastanien160626-135x180.jpg 135w, https:\/\/www.freiburg-schwarzwald.de\/blog\/wp-content\/uploads\/2013\/04\/kirschen-esskastanien160626.jpg 480w\" sizes=\"auto, (max-width: 135px) 100vw, 135px\" \/><\/a><br \/>\n(13) Kirschbl\u00fcte Schnee 27.4.2016 \u00a0 \u00a0 \u00a0 \u00a0(14) Kirschen reif am 25.6.2016<\/h5>\n<h5><a href=\"https:\/\/www.freiburg-schwarzwald.de\/blog\/wp-content\/uploads\/2021\/06\/kirschen-esskastanien210617.jpg\"><img loading=\"lazy\" decoding=\"async\" class=\"alignnone size-thumbnail wp-image-91816\" src=\"https:\/\/www.freiburg-schwarzwald.de\/blog\/wp-content\/uploads\/2021\/06\/kirschen-esskastanien210617-180x135.jpg\" alt=\"\" width=\"180\" height=\"135\" srcset=\"https:\/\/www.freiburg-schwarzwald.de\/blog\/wp-content\/uploads\/2021\/06\/kirschen-esskastanien210617-180x135.jpg 180w, https:\/\/www.freiburg-schwarzwald.de\/blog\/wp-content\/uploads\/2021\/06\/kirschen-esskastanien210617-640x479.jpg 640w, https:\/\/www.freiburg-schwarzwald.de\/blog\/wp-content\/uploads\/2021\/06\/kirschen-esskastanien210617-768x575.jpg 768w, https:\/\/www.freiburg-schwarzwald.de\/blog\/wp-content\/uploads\/2021\/06\/kirschen-esskastanien210617.jpg 801w\" sizes=\"auto, (max-width: 180px) 100vw, 180px\" \/>\u00a0<\/a><br \/>\n(15) Kirschen + Kastanienbl\u00fcte am 17.6.2021<\/h5>\n<h5><a href=\"https:\/\/www.freiburg-schwarzwald.de\/blog\/wp-content\/uploads\/2025\/04\/kirschbluete-hummelhof250406.jpg\"><img loading=\"lazy\" decoding=\"async\" class=\"alignnone size-thumbnail wp-image-132668\" src=\"https:\/\/www.freiburg-schwarzwald.de\/blog\/wp-content\/uploads\/2025\/04\/kirschbluete-hummelhof250406-135x180.jpg\" alt=\"\" width=\"135\" height=\"180\" srcset=\"https:\/\/www.freiburg-schwarzwald.de\/blog\/wp-content\/uploads\/2025\/04\/kirschbluete-hummelhof250406-135x180.jpg 135w, https:\/\/www.freiburg-schwarzwald.de\/blog\/wp-content\/uploads\/2025\/04\/kirschbluete-hummelhof250406-480x640.jpg 480w, https:\/\/www.freiburg-schwarzwald.de\/blog\/wp-content\/uploads\/2025\/04\/kirschbluete-hummelhof250406.jpg 727w\" sizes=\"auto, (max-width: 135px) 100vw, 135px\" \/><\/a><br \/>\n(16) Kirschbl\u00fcte Hummelhof 6.4.2025<\/h5>\n<h5><a href=\"https:\/\/www.freiburg-schwarzwald.de\/blog\/wp-content\/uploads\/2025\/06\/kirschbaum-ernte250608.jpg\"><img loading=\"lazy\" decoding=\"async\" class=\"alignnone size-thumbnail wp-image-135068\" src=\"https:\/\/www.freiburg-schwarzwald.de\/blog\/wp-content\/uploads\/2025\/06\/kirschbaum-ernte250608-138x180.jpg\" alt=\"\" width=\"138\" height=\"180\" srcset=\"https:\/\/www.freiburg-schwarzwald.de\/blog\/wp-content\/uploads\/2025\/06\/kirschbaum-ernte250608-138x180.jpg 138w, https:\/\/www.freiburg-schwarzwald.de\/blog\/wp-content\/uploads\/2025\/06\/kirschbaum-ernte250608-490x640.jpg 490w, https:\/\/www.freiburg-schwarzwald.de\/blog\/wp-content\/uploads\/2025\/06\/kirschbaum-ernte250608.jpg 743w\" sizes=\"auto, (max-width: 138px) 100vw, 138px\" \/><\/a><br \/>\n8.6.2025 &#8211; Pfingsten<\/h5>\n<p>&nbsp;<\/p>\n<p>(7) Im Garten stehen zwei ganz unterschiedliche B\u00e4ume direkt nebeneinander &#8211;\u00a0Kirsche und <a title=\"Kastanie\" href=\"https:\/\/www.freiburg-schwarzwald.de\/blog\/natur\/wald\/kastanie\/\">Esskastanie<\/a>. Die Kirschen bl\u00fchen fr\u00fch und sind zumeist Mitte Juni reif, in 2013 erst zum Anfang Juli. Der Esskastanienbaum hingegen bl\u00fcht sehr sp\u00e4t. So bietet sich das allj\u00e4hrliche Ereignis, dass man auf dem Kirschbaum sitzen kann, um reife Kirschen zu essen und gleichzeitig den Tausenden Bienen zuzuschauen, wie sie im bl\u00fchenden Esskastanienbaum nach Nahrung suchen.<br \/>\n(11) Alter Wildkirschbaum am Weg von Kirchzarten hoch zum Giersberg am 15.7.2013 abends.<br \/>\n(13) Selten: Oben am Kybfelsen hat es geschneit und unten in Littenweiler bl\u00fcht der Kirschbaum am 27.4.2016<\/p>\n<p>&nbsp;<\/p>\n<p>&nbsp;<\/p>\n<p>&nbsp;<\/p>\n<div id=\"attachment_34345\" style=\"width: 649px\" class=\"wp-caption alignnone\"><a href=\"https:\/\/www.freiburg-schwarzwald.de\/blog\/natur\/landwirt\/obstbau\/kirschen\/kirschen3pan130708\/\" rel=\"attachment wp-att-34345\"><img loading=\"lazy\" decoding=\"async\" aria-describedby=\"caption-attachment-34345\" class=\" wp-image-34345 \" title=\"kirschen3pan130708\" src=\"https:\/\/www.freiburg-schwarzwald.de\/blog\/wp-content\/uploads\/2013\/03\/kirschen3pan130708.jpg\" alt=\"\" width=\"639\" height=\"308\" srcset=\"https:\/\/www.freiburg-schwarzwald.de\/blog\/wp-content\/uploads\/2013\/03\/kirschen3pan130708.jpg 639w, https:\/\/www.freiburg-schwarzwald.de\/blog\/wp-content\/uploads\/2013\/03\/kirschen3pan130708-180x86.jpg 180w\" sizes=\"auto, (max-width: 639px) 100vw, 639px\" \/><\/a><p id=\"caption-attachment-34345\" class=\"wp-caption-text\">Ast mit reifen Kirschen am 8.7.2013<\/p><\/div>\n","protected":false},"excerpt":{"rendered":"<p>Home &gt;Natur &gt;Landwirt &gt;Obstbau &gt;Garten\u00a0&gt;Kirschen Listenauswahl eines Beitrags (Artikel\/Datum, Seite\/Inhalt):\u00a0Klicken\u00a0oder scrollen Kastanie Bienen Atom Israel Iran\u00a0(15,6,2925) Kastanienbl\u00fcte Bienen Kirschen\u00a0(18.6.2024) OGS und EGRO in Vogtsburg: Umsatzrekord 2023 der Obsterzeuger\u00a0(16.6.2024) Gretas Weltuntergang f\u00e4llt aus\u00a0(23.6.2023) Kirschen reif \u2013 Esskastanie bl\u00fcht\u00a0(24.6.2021) Esskastanienbl\u00fcte und Bienen\u00a0(22.6.2020) &hellip; <a href=\"https:\/\/www.freiburg-schwarzwald.de\/blog\/natur\/landwirt\/obstbau\/kirschen\/\">Weiterlesen <span class=\"meta-nav\">&rarr;<\/span><\/a><\/p>\n","protected":false},"author":4,"featured_media":0,"parent":4680,"menu_order":0,"comment_status":"open","ping_status":"closed","template":"","meta":{"footnotes":""},"class_list":["post-24359","page","type-page","status-publish","hentry"],"_links":{"self":[{"href":"https:\/\/www.freiburg-schwarzwald.de\/blog\/wp-json\/wp\/v2\/pages\/24359","targetHints":{"allow":["GET"]}}],"collection":[{"href":"https:\/\/www.freiburg-schwarzwald.de\/blog\/wp-json\/wp\/v2\/pages"}],"about":[{"href":"https:\/\/www.freiburg-schwarzwald.de\/blog\/wp-json\/wp\/v2\/types\/page"}],"author":[{"embeddable":true,"href":"https:\/\/www.freiburg-schwarzwald.de\/blog\/wp-json\/wp\/v2\/users\/4"}],"replies":[{"embeddable":true,"href":"https:\/\/www.freiburg-schwarzwald.de\/blog\/wp-json\/wp\/v2\/comments?post=24359"}],"version-history":[{"count":5,"href":"https:\/\/www.freiburg-schwarzwald.de\/blog\/wp-json\/wp\/v2\/pages\/24359\/revisions"}],"predecessor-version":[{"id":135234,"href":"https:\/\/www.freiburg-schwarzwald.de\/blog\/wp-json\/wp\/v2\/pages\/24359\/revisions\/135234"}],"up":[{"embeddable":true,"href":"https:\/\/www.freiburg-schwarzwald.de\/blog\/wp-json\/wp\/v2\/pages\/4680"}],"wp:attachment":[{"href":"https:\/\/www.freiburg-schwarzwald.de\/blog\/wp-json\/wp\/v2\/media?parent=24359"}],"curies":[{"name":"wp","href":"https:\/\/api.w.org\/{rel}","templated":true}]}}