{"id":24247,"date":"2013-03-10T12:39:07","date_gmt":"2013-03-10T11:39:07","guid":{"rendered":"https:\/\/www.freiburg-schwarzwald.de\/blog\/?page_id=24247"},"modified":"2013-03-10T12:57:01","modified_gmt":"2013-03-10T11:57:01","slug":"zwerisberg","status":"publish","type":"page","link":"https:\/\/www.freiburg-schwarzwald.de\/blog\/regio\/orte\/stmaergen\/zwerisberg\/","title":{"rendered":"Zwerisberg"},"content":{"rendered":"<p class=\"mceTemp\">Home &gt;<a title=\"Tourismus\" href=\"https:\/\/www.freiburg-schwarzwald.de\/blog\/tourismus\/\">Tourismus<\/a> &gt;<a title=\"Landwirt\" href=\"https:\/\/www.freiburg-schwarzwald.de\/blog\/natur\/landwirt\/\">Landwirt<\/a> &gt;<a title=\"Bauernhof\" href=\"https:\/\/www.freiburg-schwarzwald.de\/blog\/bauernhof\/\">Bauernhof<\/a> &gt;<a title=\"StMaergen\" href=\"https:\/\/www.freiburg-schwarzwald.de\/blog\/regio\/orte\/stmaergen\/\">StMaergen <\/a>&gt;Zwerisberg<\/p>\n<div id=\"attachment_24252\" style=\"width: 605px\" class=\"wp-caption alignnone\"><a href=\"https:\/\/www.freiburg-schwarzwald.de\/blog\/regio\/orte\/stmaergen\/zwerisberg\/wald-pan0408\/\" rel=\"attachment wp-att-24252\"><img loading=\"lazy\" decoding=\"async\" aria-describedby=\"caption-attachment-24252\" class=\"size-full wp-image-24252\" title=\"wald-pan0408\" src=\"https:\/\/www.freiburg-schwarzwald.de\/blog\/wp-content\/uploads\/2013\/03\/wald-pan0408.jpg\" alt=\"\" width=\"595\" height=\"197\" srcset=\"https:\/\/www.freiburg-schwarzwald.de\/blog\/wp-content\/uploads\/2013\/03\/wald-pan0408.jpg 595w, https:\/\/www.freiburg-schwarzwald.de\/blog\/wp-content\/uploads\/2013\/03\/wald-pan0408-180x59.jpg 180w\" sizes=\"auto, (max-width: 595px) 100vw, 595px\" \/><\/a><p id=\"caption-attachment-24252\" class=\"wp-caption-text\">Blick nach S\u00fcden zur R\u00f6merstrasse auf dem Zwerisberg bei St.M\u00e4rgen am 22.8.2004<\/p><\/div>\n<ul>\n<li>Zwerisberg als &#8222;Ortsteil&#8220; von St. M\u00e4rgen<\/li>\n<li>Bilder<\/li>\n<li><a href=\"https:\/\/www.freiburg-schwarzwald.de\/zwerisberg.htm#Bilder\">Bilder<\/a>\u00a0&gt;Archivseite Zwerisberg<\/li>\n<li><a href=\"https:\/\/www.freiburg-schwarzwald.de\/zwerisberg.htm#Bilder - Zwerisberg im Fr\u00fchling\">Bilder &#8211; Zwerisberg im Fr\u00fchling<\/a><\/li>\n<li><a href=\"https:\/\/www.freiburg-schwarzwald.de\/loewenzahn.htm#L\u00f6wenzahn und Wiesenschaumkraut am Zwerisberg - gelb und wei\u00df\">L\u00f6wenzahn und Wiesenschaumkraut am Zwerisberg &#8211; gelb und wei\u00df<\/a> &gt;Loewenzahn<\/li>\n<li><a href=\"https:\/\/www.freiburg-schwarzwald.de\/zwerisberg.htm#Fallerhof\">Fallerhof in Zwerisberg<\/a><\/li>\n<li><a href=\"https:\/\/www.freiburg-schwarzwald.de\/zwerisberg.htm#Hagenhaus ob Scheuerhaldenhof\">Hagenhaus ob Scheuerhaldenhof<\/a><\/li>\n<li><a href=\"https:\/\/www.freiburg-schwarzwald.de\/zwerisberg.htm#Hanissenhof in Zwerisberg\">Hannissenhof in Zwerisberg<\/a><\/li>\n<li><a href=\"https:\/\/www.freiburg-schwarzwald.de\/zwerisberg.htm#Kussenhof in Zwerisberg\">Kussenho<\/a><a href=\"https:\/\/www.freiburg-schwarzwald.de\/zwerisberg.htm#Kussenhof in Zwerisberg\">f in Zwerisberg<\/a><\/li>\n<li><a href=\"https:\/\/www.freiburg-schwarzwald.de\/zwerisberg.htm#Langenhof\">Langenhof in Zwerisberg<\/a><\/li>\n<li><a href=\"https:\/\/www.freiburg-schwarzwald.de\/zwerisberg.htm#Rufenthomashof in Zwerisberg\">Rufenthomashof in Zwerisberg<\/a><\/li>\n<li><a href=\"https:\/\/www.freiburg-schwarzwald.de\/zwerisberg.htm#Scheuerhalterhof\">Scheuerhalterhof (Scheuerhaldenhof) am Kussenberg<\/a><\/li>\n<li><a href=\"https:\/\/www.freiburg-schwarzwald.de\/oberibental.htm#Steinh\u00e4uslehof in Oberibental\/Zwerisberg\">Steinh\u00e4uslehof in Oberibental\/Zwerisberg<\/a> &gt;Oberibental<br \/>\n\u00a0<\/li>\n<li><a href=\"https:\/\/www.freiburg-schwarzwald.de\/mtb-thurner.htm\">MTB: FR &#8211; Dreisamtal &#8211; Wagensteig &#8211; Thurner &#8211; St.M\u00e4rgen &#8211; Ibental &#8211; FR<\/a> &gt;MTB-Thurner (18.8.08)<\/li>\n<li><a href=\"https:\/\/www.freiburg-schwarzwald.de\/panoramaspaziergang.htm#R\u00f6merstrasse auf dem Zwerisberg bei St. M\u00e4rgen\">R\u00f6merstrasse auf dem Zwerisberg bei St. M\u00e4rgen &#8211; einmalig<\/a> &gt;Panoramaspaziergang<\/li>\n<li><a href=\"https:\/\/www.freiburg-schwarzwald.de\/baumreihe.htm\">Eine Baumreihe mit 10 Kirchb\u00e4umen am Zwerisberg bei St. M\u00e4rgen<\/a> &gt;Baumreihe<\/li>\n<li><a title=\"Oberibental\" href=\"https:\/\/www.freiburg-schwarzwald.de\/blog\/regio\/orte\/oberibental\/\">Oberibental<\/a><\/li>\n<li><a href=\"https:\/\/www.freiburg-schwarzwald.de\/stmaergenfewo.htm\">Ferienwohnungen in St.M\u00e4rgen<\/a> &gt;StMaergenFewo<\/li>\n<li><a href=\"https:\/\/www.freiburg-schwarzwald.de\/oberibental.htm\">Ferien auf dem Bauernhof in Oberibental<\/a> &gt;Oberibental<\/li>\n<li><a href=\"https:\/\/www.freiburg-schwarzwald.de\/kapfenberg5.htm\">Bauernh\u00f6fe am S\u00fcdhang des Kapfenbergs (Oberibentaler Allmend)<\/a> &gt;Kapfenberg5<\/li>\n<li><a href=\"https:\/\/www.freiburg-schwarzwald.de\/schweighoefe5.htm\">Ferien auf dem Bauernhof in St.M\u00e4rgen-Schweigh\u00f6fe<\/a> &gt;Schweighoefe<\/li>\n<li><a href=\"https:\/\/www.freiburg-schwarzwald.de\/wagensteig5.htm\">Ferien auf dem Bauernhof in Wagensteig<\/a> &gt;Wagensteig5<\/li>\n<li><a href=\"https:\/\/www.freiburg-schwarzwald.de\/buchenbach5.htm\">Ferien auf dem Bauernhof in Buchenbach<\/a> &gt;Buchenbach5<\/li>\n<\/ul>\n<p>&nbsp;<\/p>\n<p><strong>Zwerisberg als &#8222;Ortsteil&#8220; von St. M\u00e4rgen<\/strong><\/p>\n<p>Von St.M\u00e4rgen in Richtung St.Peter fahren und am Ortsausgang in der Rechtskurve links ab in den Birkweg bzw. die R\u00f6merstrasse abzweigen. Die R\u00f6merstrasse verl\u00e4uft in ca 750 m H\u00f6he von Nordosten nach S\u00fcdwesten auf einem H\u00f6henr\u00fccken, der \u00fcber Zwerisberg, Hauridobel und Wolfsteige weiterf\u00fchrt bis zum Wirtsh\u00e4usle, und von dort vorbei an Saiersh\u00e4usle, Bernauerhof bis nach Buchenbach-Wiesneck. Das Gebiet um den Zwerisberg ist unbewaldet, \u00fcber freie Wiesen haben Sie einen wunderbaren Ausblick in alle Richtungen.<\/p>\n<p>Viele Wege f\u00fchren zum Zwerisberg:<br \/>\nVon Norden \u00fcber die R\u00f6merstrasse von St.M\u00e4rgen her.<br \/>\nVon S\u00fcdosten vom Haurihof im Wagensteigtal im Hauridobel \u00fcbers Landersh\u00e4usle zum Rufenthomashof<br \/>\nVon Osten von der Kussenm\u00fchle im Wagensteigtal \u00fcber Hagenhaus zum Kussenhof.<br \/>\nVon Westen aus dem Oberibental \u00fcber den Steinh\u00e4uslehof hoch zur R\u00f6merstrasse.<br \/>\nVon S\u00fcdwesten von Buchenbach-Wiesneck auf dem H\u00f6henwanderweg \u00fcber den Winterkapf zum Zwerisberg wandern.<\/p>\n<p>&nbsp;<\/p>\n<p><strong>Bilder<\/strong><\/p>\n<p><a href=\"https:\/\/www.freiburg-schwarzwald.de\/blog\/regio\/orte\/oberibental\/kussenhof130308\/\" rel=\"attachment wp-att-24234\"><img loading=\"lazy\" decoding=\"async\" class=\"alignnone size-thumbnail wp-image-24234\" title=\"kussenhof130308\" src=\"https:\/\/www.freiburg-schwarzwald.de\/blog\/wp-content\/uploads\/2012\/10\/kussenhof130308-180x135.jpg\" alt=\"\" width=\"180\" height=\"135\" srcset=\"https:\/\/www.freiburg-schwarzwald.de\/blog\/wp-content\/uploads\/2012\/10\/kussenhof130308-180x135.jpg 180w, https:\/\/www.freiburg-schwarzwald.de\/blog\/wp-content\/uploads\/2012\/10\/kussenhof130308.jpg 640w\" sizes=\"auto, (max-width: 180px) 100vw, 180px\" \/><\/a>\u00a0\u00a0\u00a0\u00a0\u00a0\u00a0\u00a0\u00a0\u00a0\u00a0 <a href=\"https:\/\/www.freiburg-schwarzwald.de\/blog\/regio\/orte\/oberibental\/kussenhof-schweighoefe130308\/\" rel=\"attachment wp-att-24235\"><img loading=\"lazy\" decoding=\"async\" class=\"alignnone size-thumbnail wp-image-24235\" title=\"kussenhof-schweighoefe130308\" src=\"https:\/\/www.freiburg-schwarzwald.de\/blog\/wp-content\/uploads\/2012\/10\/kussenhof-schweighoefe130308-180x135.jpg\" alt=\"\" width=\"180\" height=\"135\" srcset=\"https:\/\/www.freiburg-schwarzwald.de\/blog\/wp-content\/uploads\/2012\/10\/kussenhof-schweighoefe130308-180x135.jpg 180w, https:\/\/www.freiburg-schwarzwald.de\/blog\/wp-content\/uploads\/2012\/10\/kussenhof-schweighoefe130308.jpg 640w\" sizes=\"auto, (max-width: 180px) 100vw, 180px\" \/><\/a>\u00a0\u00a0\u00a0\u00a0\u00a0\u00a0\u00a0\u00a0\u00a0 <a href=\"https:\/\/www.freiburg-schwarzwald.de\/blog\/regio\/orte\/oberibental\/kussenhof-steig130308\/\" rel=\"attachment wp-att-24236\"><img loading=\"lazy\" decoding=\"async\" title=\"kussenhof-steig130308\" src=\"https:\/\/www.freiburg-schwarzwald.de\/blog\/wp-content\/uploads\/2012\/10\/kussenhof-steig130308-180x135.jpg\" alt=\"\" width=\"180\" height=\"135\" \/><\/a><br \/>\n(1) Kussenhof 8.3.2013\u00a0\u00a0\u00a0\u00a0\u00a0\u00a0\u00a0\u00a0\u00a0\u00a0\u00a0\u00a0\u00a0\u00a0\u00a0\u00a0\u00a0\u00a0\u00a0\u00a0\u00a0\u00a0\u00a0\u00a0\u00a0\u00a0\u00a0 (2) Kussenhof und Steig\u00a0\u00a0\u00a0\u00a0\u00a0\u00a0\u00a0\u00a0\u00a0\u00a0\u00a0\u00a0\u00a0\u00a0\u00a0\u00a0\u00a0\u00a0\u00a0\u00a0\u00a0\u00a0\u00a0\u00a0\u00a0 (3) Kussenhof und Steighof<\/p>\n<p><a href=\"https:\/\/www.freiburg-schwarzwald.de\/blog\/regio\/orte\/oberibental\/rufenthomashof130308\/\" rel=\"attachment wp-att-24237\"><img loading=\"lazy\" decoding=\"async\" class=\"alignnone size-thumbnail wp-image-24237\" title=\"rufenthomashof130308\" src=\"https:\/\/www.freiburg-schwarzwald.de\/blog\/wp-content\/uploads\/2012\/10\/rufenthomashof130308-180x135.jpg\" alt=\"\" width=\"180\" height=\"135\" srcset=\"https:\/\/www.freiburg-schwarzwald.de\/blog\/wp-content\/uploads\/2012\/10\/rufenthomashof130308-180x135.jpg 180w, https:\/\/www.freiburg-schwarzwald.de\/blog\/wp-content\/uploads\/2012\/10\/rufenthomashof130308.jpg 640w\" sizes=\"auto, (max-width: 180px) 100vw, 180px\" \/><\/a>\u00a0\u00a0\u00a0\u00a0\u00a0\u00a0\u00a0\u00a0\u00a0\u00a0\u00a0\u00a0 <a href=\"https:\/\/www.freiburg-schwarzwald.de\/blog\/regio\/orte\/oberibental\/steighof130308\/\" rel=\"attachment wp-att-24238\"><img loading=\"lazy\" decoding=\"async\" title=\"steighof130308\" src=\"https:\/\/www.freiburg-schwarzwald.de\/blog\/wp-content\/uploads\/2012\/10\/steighof130308-180x135.jpg\" alt=\"\" width=\"180\" height=\"135\" \/><\/a>\u00a0\u00a0\u00a0\u00a0\u00a0\u00a0\u00a0<br \/>\n(4) Rufenthomashof\u00a0\u00a0\u00a0\u00a0\u00a0\u00a0\u00a0\u00a0\u00a0\u00a0\u00a0\u00a0\u00a0\u00a0\u00a0\u00a0\u00a0\u00a0\u00a0\u00a0\u00a0\u00a0\u00a0\u00a0\u00a0 \u00a0\u00a0\u00a0\u00a0\u00a0\u00a0\u00a0\u00a0\u00a0 (5) Steighof und Schweigbrunnen\u00a0\u00a0\u00a0\u00a0\u00a0<\/p>\n<p>(2) Blick nach Osten \u00fcber den Kussenhof und das Wagensteigtal am 8.3.2013 zur Steig mit Steighof (rechts) und Schweigbrunnen (links)<\/p>\n<p>&nbsp;<\/p>\n<p>&nbsp;<\/p>\n<p>&nbsp;<\/p>\n<p>&nbsp;<\/p>\n<p>&nbsp;<\/p>\n<p>&nbsp;<\/p>\n<p>&nbsp;<\/p>\n<p>&nbsp;<\/p>\n","protected":false},"excerpt":{"rendered":"<p>Home &gt;Tourismus &gt;Landwirt &gt;Bauernhof &gt;StMaergen &gt;Zwerisberg Zwerisberg als &#8222;Ortsteil&#8220; von St. M\u00e4rgen Bilder Bilder\u00a0&gt;Archivseite Zwerisberg Bilder &#8211; Zwerisberg im Fr\u00fchling L\u00f6wenzahn und Wiesenschaumkraut am Zwerisberg &#8211; gelb und wei\u00df &gt;Loewenzahn Fallerhof in Zwerisberg Hagenhaus ob Scheuerhaldenhof Hannissenhof in Zwerisberg Kussenhof &hellip; <a href=\"https:\/\/www.freiburg-schwarzwald.de\/blog\/regio\/orte\/stmaergen\/zwerisberg\/\">Weiterlesen <span class=\"meta-nav\">&rarr;<\/span><\/a><\/p>\n","protected":false},"author":4,"featured_media":0,"parent":13713,"menu_order":0,"comment_status":"open","ping_status":"closed","template":"","meta":{"footnotes":""},"class_list":["post-24247","page","type-page","status-publish","hentry"],"_links":{"self":[{"href":"https:\/\/www.freiburg-schwarzwald.de\/blog\/wp-json\/wp\/v2\/pages\/24247","targetHints":{"allow":["GET"]}}],"collection":[{"href":"https:\/\/www.freiburg-schwarzwald.de\/blog\/wp-json\/wp\/v2\/pages"}],"about":[{"href":"https:\/\/www.freiburg-schwarzwald.de\/blog\/wp-json\/wp\/v2\/types\/page"}],"author":[{"embeddable":true,"href":"https:\/\/www.freiburg-schwarzwald.de\/blog\/wp-json\/wp\/v2\/users\/4"}],"replies":[{"embeddable":true,"href":"https:\/\/www.freiburg-schwarzwald.de\/blog\/wp-json\/wp\/v2\/comments?post=24247"}],"version-history":[{"count":0,"href":"https:\/\/www.freiburg-schwarzwald.de\/blog\/wp-json\/wp\/v2\/pages\/24247\/revisions"}],"up":[{"embeddable":true,"href":"https:\/\/www.freiburg-schwarzwald.de\/blog\/wp-json\/wp\/v2\/pages\/13713"}],"wp:attachment":[{"href":"https:\/\/www.freiburg-schwarzwald.de\/blog\/wp-json\/wp\/v2\/media?parent=24247"}],"curies":[{"name":"wp","href":"https:\/\/api.w.org\/{rel}","templated":true}]}}