{"id":24003,"date":"2013-03-08T14:59:35","date_gmt":"2013-03-08T13:59:35","guid":{"rendered":"https:\/\/www.freiburg-schwarzwald.de\/blog\/?page_id=24003"},"modified":"2013-03-08T15:14:05","modified_gmt":"2013-03-08T14:14:05","slug":"waldau","status":"publish","type":"page","link":"https:\/\/www.freiburg-schwarzwald.de\/blog\/regio\/orte\/titisee\/waldau\/","title":{"rendered":"Waldau"},"content":{"rendered":"<p>Home &gt;<a title=\"Regio\" href=\"https:\/\/www.freiburg-schwarzwald.de\/blog\/regio\/\">Regio<\/a> &gt;<a title=\"Orte\" href=\"https:\/\/www.freiburg-schwarzwald.de\/blog\/regio\/orte\/\">Orte<\/a> &gt;<a title=\"Titisee\" href=\"https:\/\/www.freiburg-schwarzwald.de\/blog\/regio\/orte\/titisee\/\">Titisee<\/a> &gt;Waldau<\/p>\n<div id=\"attachment_24017\" style=\"width: 609px\" class=\"wp-caption alignnone\"><a href=\"https:\/\/www.freiburg-schwarzwald.de\/blog\/regio\/orte\/titisee\/waldau\/waldau6pan080203\/\" rel=\"attachment wp-att-24017\"><img loading=\"lazy\" decoding=\"async\" aria-describedby=\"caption-attachment-24017\" class=\"size-full wp-image-24017\" title=\"waldau6pan080203\" src=\"https:\/\/www.freiburg-schwarzwald.de\/blog\/wp-content\/uploads\/2013\/03\/waldau6pan080203.jpg\" alt=\"\" width=\"599\" height=\"180\" srcset=\"https:\/\/www.freiburg-schwarzwald.de\/blog\/wp-content\/uploads\/2013\/03\/waldau6pan080203.jpg 599w, https:\/\/www.freiburg-schwarzwald.de\/blog\/wp-content\/uploads\/2013\/03\/waldau6pan080203-180x54.jpg 180w\" sizes=\"auto, (max-width: 599px) 100vw, 599px\" \/><\/a><p id=\"caption-attachment-24017\" class=\"wp-caption-text\">Blick nach Nordwesten vom Rainh\u00e4usle auf Waldau am 3.2.2008 - Traumhaft: Schnee, Sonne und Luft<\/p><\/div>\n<ul>\n<li>Waldau &#8211; Ortsteil von Titisee-Neustadt<\/li>\n<\/ul>\n<ul>\n<li><a href=\"https:\/\/www.freiburg-schwarzwald.de\/waldau1.htm\">Aktuelle Infos zu Waldau<\/a> &gt;Waldau1<\/li>\n<li><a href=\"https:\/\/www.freiburg-schwarzwald.de\/waldau.htm#Bilder von Waldau\">Bilder von Waldau<\/a><\/li>\n<li><a href=\"https:\/\/www.freiburg-schwarzwald.de\/waldau.htm#Waldau - Schwarzwaldgemeinde mit Obertal, Vordertal und Glash\u00f6fe\">Waldau &#8211; Schwarzwaldgemeinde mit Obertal, Vordertal und Glash\u00f6fe<\/a><\/li>\n<li><a href=\"https:\/\/www.freiburg-schwarzwald.de\/waldau5.htm\">Bauernh\u00f6fe (Brauchtum, Ferienwohnung, Direktvermarktung) in Waldau<\/a> &gt;Waldau5<\/li>\n<li><a href=\"https:\/\/www.freiburg-schwarzwald.de\/waldau.htm#Fernskiwanderweg Schonach-Belchen passiert Waldau\">Fernskiwanderweg Schonach-Belchen passiert Waldau<\/a><\/li>\n<li><a href=\"https:\/\/www.freiburg-schwarzwald.de\/waldau.htm#Friedhof\">Friedhof<\/a><\/li>\n<li><a href=\"https:\/\/www.freiburg-schwarzwald.de\/waldau-gasthaus.htm\">Gasth\u00e4user und Hotels<\/a> &gt;Waldau-Gasthaus<\/li>\n<li><a href=\"https:\/\/www.freiburg-schwarzwald.de\/spaziergang.htm#Glash\u00f6fe-H\u00f6henweg bei Waldau\">Glash\u00f6fe-H\u00f6henweg<\/a> &gt;Spaziergang<\/li>\n<li><a href=\"https:\/\/www.freiburg-schwarzwald.de\/waldau-gasthaus.htm#Lachenh\u00e4usle, Gasthaus bei Waldau an der B 500\">Lachenh\u00e4usle an der B 500 &#8211; Blick nach Wildgutach<\/a> &gt;Waldau-Gasthaus<\/li>\n<li><a href=\"https:\/\/www.freiburg-schwarzwald.de\/waldau.htm#M\u00fchle zwischen Waldau-Ort und Schneeberglift\">M\u00fchle zwischen Waldau-Ort und Schneeberglift<\/a><\/li>\n<li><a href=\"https:\/\/www.freiburg-schwarzwald.de\/waldau.htm#Rundloipe Waldau\">Rundloipe Waldau<\/a><\/li>\n<li><a href=\"https:\/\/www.freiburg-schwarzwald.de\/waldau.htm#Waldau\/Langenordnach - Schneeberglifte\">Schneeberglifte<\/a><\/li>\n<li><a href=\"https:\/\/www.freiburg-schwarzwald.de\/waldau.htm#Widiwander Eck (1102 m) zwischen Waldau-Obertal und Roturach\">Widiwander Eck (1102 m) zwischen Waldau-Obertal und Roturach<\/a><\/li>\n<li><a href=\"https:\/\/www.freiburg-schwarzwald.de\/waldau.htm#Waldau-Links\">Waldau-Links<\/a><\/li>\n<li><a href=\"https:\/\/www.freiburg-schwarzwald.de\/waldau5.htm\">www.freiburg-schwarzwald.de\/waldau5.htm<\/a> &gt;Archivseite Bauernh\u00f6fe<\/li>\n<li><a href=\"https:\/\/www.freiburg-schwarzwald.de\/waldau5.htm#Behashof in Waldau\">Behashof in Waldau<\/a><\/li>\n<li><a href=\"https:\/\/www.freiburg-schwarzwald.de\/waldau5.htm#B\u00fchlhof in Waldau\">B\u00fchlhof in Waldau<\/a><\/li>\n<li><a href=\"https:\/\/www.freiburg-schwarzwald.de\/waldau5.htm#Fackler-Hof in Glash\u00f6fe\">Facklerhof in Glash\u00f6fe<\/a><\/li>\n<li><a href=\"https:\/\/www.freiburg-schwarzwald.de\/neukirch5.htm#Fernhof in Neukirch\">Fernhof zwischen Kalte Herberge und Lachenh\u00e4usle<\/a> &gt;Neukirch5<\/li>\n<li><a href=\"https:\/\/www.freiburg-schwarzwald.de\/waldau5.htm#F\u00f6rderer-Hof in Glash\u00f6fe\">F\u00f6rderer-Hof in Glash\u00f6fe<\/a><\/li>\n<li><a href=\"https:\/\/www.freiburg-schwarzwald.de\/waldau5.htm#Glashof in Waldau\">Glashof in Waldau<\/a><\/li>\n<li><a href=\"https:\/\/www.freiburg-schwarzwald.de\/waldau5.htm#Griesbenhof in Waldau-Obertal\">Griesbenhof in Waldau-Obertal<\/a><\/li>\n<li><a href=\"https:\/\/www.freiburg-schwarzwald.de\/kohlplatz.htm\">Kohlplatz und Hohlegraben<\/a> &gt;Kohlplatz<\/li>\n<li><a href=\"https:\/\/www.freiburg-schwarzwald.de\/kohlplatz.htm#Kutscherhof\">Kutscherhof<\/a> &gt;Kohlplatz<\/li>\n<li><a href=\"https:\/\/www.freiburg-schwarzwald.de\/waldau-gasthaus.htm#Lachenh\u00e4usle, Gasthaus bei Waldau an der B 500\">Lachenh\u00e4usle, Gasthaus bei Waldau an der B 500<\/a> &gt;Waldau-Gasthaus<\/li>\n<li><a href=\"https:\/\/www.freiburg-schwarzwald.de\/waldau5.htm#Rainhof - Ziegenk\u00e4se\">Rainhof &#8211; Ziegenk\u00e4se<\/a><\/li>\n<li><a href=\"https:\/\/www.freiburg-schwarzwald.de\/waldau5.htm#Rainhofh\u00e4usle\">Rainhofh\u00e4usle<\/a><\/li>\n<li><a href=\"https:\/\/www.freiburg-schwarzwald.de\/kohlplatz.htm#Redeck\">Redeckhof<\/a> &gt;Kohlplatz<\/li>\n<li><a href=\"https:\/\/www.freiburg-schwarzwald.de\/waldau5.htm#Rotenhof in Waldau\">Rotenhof in Waldau-Obertal<\/a><\/li>\n<li><a href=\"https:\/\/www.freiburg-schwarzwald.de\/waldau5.htm#Ruheckle\">Ruheckle 1 in Waldau<\/a><\/li>\n<li><a href=\"https:\/\/www.freiburg-schwarzwald.de\/waldau5.htm#Ruheckle 3\">Ruheckle 3 in Waldau<\/a><\/li>\n<li><a href=\"https:\/\/www.freiburg-schwarzwald.de\/waldau5.htm#Sch\u00e4tzle-Hof im Vordertal\">Sch\u00e4tzle-Hof im Vordertal<\/a><\/li>\n<li><a href=\"https:\/\/www.freiburg-schwarzwald.de\/waldau5.htm#Schmidtenhof\">Schmidtenhof<\/a><\/li>\n<li><a href=\"https:\/\/www.freiburg-schwarzwald.de\/waldau5.htm#Schneehof in Waldau\">Schneehof in Waldau <\/a><\/li>\n<li><a href=\"https:\/\/www.freiburg-schwarzwald.de\/waldau5.htm#Schnetzenhof in Glash\u00f6fe\">Schnetzenhof in Glash\u00f6fe<\/a><\/li>\n<li>Schnetzenh\u00e4usle &#8211; Seemoos<\/li>\n<li>Schwabenhof<\/li>\n<li><span><a href=\"https:\/\/www.freiburg-schwarzwald.de\/waldau-gasthaus.htm#Schweizerhof - Gasthof in Titisee-Waldau\">Schweizerhof<\/a> &gt;Waldau-Gasthaus<\/span><\/li>\n<li><a href=\"https:\/\/www.freiburg-schwarzwald.de\/waldau5.htm#Stalterhof in Waldau\">Stalterhof in Waldau<\/a><\/li>\n<li><a href=\"https:\/\/www.freiburg-schwarzwald.de\/kohlplatz.htm#Steffesh\u00e4usle - Kohlplatz\">Steffesh\u00e4usle<\/a> &gt;Kohlplatz<\/li>\n<li>Tiesenhof im Ferndobel<\/li>\n<li><a href=\"https:\/\/www.freiburg-schwarzwald.de\/waldau5.htm#Widiwanderhof\">Wiedewanderhof (f\u00e4lschlich auch Widiwandhof genannt) in Waldau-Obertal<\/a><\/li>\n<li>Wolfsberg<\/li>\n<li><a href=\"https:\/\/www.freiburg-schwarzwald.de\/waldau5.htm#Links\">Links<\/a><\/li>\n<\/ul>\n<p>&nbsp;<\/p>\n<p>&nbsp;<\/p>\n<p><strong>Waldau &#8211; Ortsteil von Titisee-Neustadt<\/strong><\/p>\n<p>Waldau mit Obertal, Vordertal und Glash\u00f6fe geh\u00f6rt seit 1972 zur Stadt Titisee-Neustadt. <a href=\"https:\/\/www.freiburg-schwarzwald.de\/waldau.htm\">Waldau<\/a> liegt im Langenordnachtal, das sich von H\u00f6lzlebruck bei Neustadt nach Norden bis Waldau hinziegt.\u00a0 Hier gibt es zahlreiche stattliche und sch\u00f6ne Schwarzw\u00e4lder H\u00f6fe, die &#8222;Urlaub auf dem Bauernhof&#8220; anbieten. Wir haben sie auf dieser Seite als \u00dcbersicht zusammengefasst. Bitte teilen Sie uns \u00c4nderungen und Erg\u00e4nzungen mit. Vielen Dank.<\/p>\n<p>&nbsp;<\/p>\n<p><a href=\"https:\/\/www.freiburg-schwarzwald.de\/blog\/regio\/orte\/titisee\/waldau\/schneeberglift-waldau130303\/\" rel=\"attachment wp-att-24009\"><img loading=\"lazy\" decoding=\"async\" class=\"alignnone size-thumbnail wp-image-24009\" title=\"schneeberglift-waldau130303\" src=\"https:\/\/www.freiburg-schwarzwald.de\/blog\/wp-content\/uploads\/2013\/03\/schneeberglift-waldau130303-180x134.jpg\" alt=\"\" width=\"180\" height=\"134\" srcset=\"https:\/\/www.freiburg-schwarzwald.de\/blog\/wp-content\/uploads\/2013\/03\/schneeberglift-waldau130303-180x134.jpg 180w, https:\/\/www.freiburg-schwarzwald.de\/blog\/wp-content\/uploads\/2013\/03\/schneeberglift-waldau130303-640x479.jpg 640w, https:\/\/www.freiburg-schwarzwald.de\/blog\/wp-content\/uploads\/2013\/03\/schneeberglift-waldau130303.jpg 641w\" sizes=\"auto, (max-width: 180px) 100vw, 180px\" \/><\/a><br \/>\n(1) Schneeberglift am 3.3.2013<\/p>\n<p>&nbsp;<\/p>\n<p>&nbsp;<\/p>\n<div>\n<dl id=\"attachment_24005\">\n<dt><a href=\"https:\/\/www.freiburg-schwarzwald.de\/blog\/regio\/orte\/titisee\/waldau\/waldau1pan-100901\/\" rel=\"attachment wp-att-24005\"><img loading=\"lazy\" decoding=\"async\" title=\"waldau1pan-100901\" src=\"https:\/\/www.freiburg-schwarzwald.de\/blog\/wp-content\/uploads\/2013\/03\/waldau1pan-100901.jpg\" alt=\"\" width=\"601\" height=\"178\" \/><\/a><\/dt>\n<dd>Blick nach Norden auf Waldau am 1.9.2010<\/dd>\n<\/dl>\n<\/div>\n<p align=\"left\">\u00a0<\/p>\n","protected":false},"excerpt":{"rendered":"<p>Home &gt;Regio &gt;Orte &gt;Titisee &gt;Waldau Waldau &#8211; Ortsteil von Titisee-Neustadt Aktuelle Infos zu Waldau &gt;Waldau1 Bilder von Waldau Waldau &#8211; Schwarzwaldgemeinde mit Obertal, Vordertal und Glash\u00f6fe Bauernh\u00f6fe (Brauchtum, Ferienwohnung, Direktvermarktung) in Waldau &gt;Waldau5 Fernskiwanderweg Schonach-Belchen passiert Waldau Friedhof Gasth\u00e4user und &hellip; <a href=\"https:\/\/www.freiburg-schwarzwald.de\/blog\/regio\/orte\/titisee\/waldau\/\">Weiterlesen <span class=\"meta-nav\">&rarr;<\/span><\/a><\/p>\n","protected":false},"author":4,"featured_media":0,"parent":13485,"menu_order":0,"comment_status":"open","ping_status":"closed","template":"","meta":{"footnotes":""},"class_list":["post-24003","page","type-page","status-publish","hentry"],"_links":{"self":[{"href":"https:\/\/www.freiburg-schwarzwald.de\/blog\/wp-json\/wp\/v2\/pages\/24003","targetHints":{"allow":["GET"]}}],"collection":[{"href":"https:\/\/www.freiburg-schwarzwald.de\/blog\/wp-json\/wp\/v2\/pages"}],"about":[{"href":"https:\/\/www.freiburg-schwarzwald.de\/blog\/wp-json\/wp\/v2\/types\/page"}],"author":[{"embeddable":true,"href":"https:\/\/www.freiburg-schwarzwald.de\/blog\/wp-json\/wp\/v2\/users\/4"}],"replies":[{"embeddable":true,"href":"https:\/\/www.freiburg-schwarzwald.de\/blog\/wp-json\/wp\/v2\/comments?post=24003"}],"version-history":[{"count":0,"href":"https:\/\/www.freiburg-schwarzwald.de\/blog\/wp-json\/wp\/v2\/pages\/24003\/revisions"}],"up":[{"embeddable":true,"href":"https:\/\/www.freiburg-schwarzwald.de\/blog\/wp-json\/wp\/v2\/pages\/13485"}],"wp:attachment":[{"href":"https:\/\/www.freiburg-schwarzwald.de\/blog\/wp-json\/wp\/v2\/media?parent=24003"}],"curies":[{"name":"wp","href":"https:\/\/api.w.org\/{rel}","templated":true}]}}