{"id":2329,"date":"2012-04-25T18:32:17","date_gmt":"2012-04-25T18:32:17","guid":{"rendered":"https:\/\/www.freiburg-schwarzwald.de\/blog\/?page_id=2329"},"modified":"2025-10-28T20:35:20","modified_gmt":"2025-10-28T19:35:20","slug":"buergerinitiativen","status":"publish","type":"page","link":"https:\/\/www.freiburg-schwarzwald.de\/blog\/engagement\/buergerinitiativen\/","title":{"rendered":"Buergerinitiativen"},"content":{"rendered":"<p>Home &gt;<a title=\"Engagement\" href=\"https:\/\/www.freiburg-schwarzwald.de\/blog\/engagement\/\">Engagement<\/a> &gt;Buergerinitiativen<\/p>\n<div id=\"attachment_1069\" style=\"width: 608px\" class=\"wp-caption alignnone\"><a href=\"https:\/\/www.freiburg-schwarzwald.de\/blog\/business\/handel\/buchhandel\/batzenberg3cpan-081019\/\" rel=\"attachment wp-att-1069\"><img loading=\"lazy\" decoding=\"async\" aria-describedby=\"caption-attachment-1069\" class=\"size-full wp-image-1069\" title=\"batzenberg3cpan-081019\" src=\"https:\/\/www.freiburg-schwarzwald.de\/blog\/wp-content\/uploads\/2012\/04\/batzenberg3cpan-081019.jpg\" alt=\"\" width=\"598\" height=\"143\" srcset=\"https:\/\/www.freiburg-schwarzwald.de\/blog\/wp-content\/uploads\/2012\/04\/batzenberg3cpan-081019.jpg 598w, https:\/\/www.freiburg-schwarzwald.de\/blog\/wp-content\/uploads\/2012\/04\/batzenberg3cpan-081019-180x43.jpg 180w\" sizes=\"auto, (max-width: 598px) 100vw, 598px\" \/><\/a><p id=\"caption-attachment-1069\" class=\"wp-caption-text\">Blick vom Batzenberg nach Osten \u00fcbers Schneckental und Bellenh\u00f6he bis zum Belchen und Schauinsland (links) am 19.10.2008<\/p><\/div>\n<p><strong><a href=\"https:\/\/www.freiburg-schwarzwald.de\/blog\/engagement\/zukunft\/demokratie\/democracy-first\/\">Demokratie ist die beste Staatsform!<\/a><\/strong><\/p>\n<p>&nbsp;<\/p>\n<ul>\n<li><em>Listenauswahl eines Beitrags (Artikel\/Datum, Seite\/Inhalt):\u00a0<span style=\"text-decoration: underline;\">Klicken<\/span>\u00a0oder scrollen<\/em><\/li>\n<li><a href=\"https:\/\/www.freiburg-schwarzwald.de\/blog\/engagement\/buergerinitiativen\/wyhl\/\">Wyhl und die Linken: Film \u201eGeschichten aus dem Wyhler Wald\u201c<\/a> (25.10.2025)<\/li>\n<li><a href=\"https:\/\/www.freiburg-schwarzwald.de\/blog\/catholics-for-catholics-usa-d\/\">Catholics for Catholics: USA!, D?<\/a>\u00a0(5.9.2025)<\/li>\n<li><a href=\"https:\/\/www.freiburg-schwarzwald.de\/blog\/engagement\/buerger\/buergerwehr\/\">Jugendgang terrorisiert Dorf: Einwohner gr\u00fcnden B\u00fcrgerwehr, weil es an Polizei fehlt<\/a> (9.7.2025)<\/li>\n<li><a href=\"https:\/\/www.freiburg-schwarzwald.de\/blog\/engagement\/zukunft\/frieden\/friedensbewegung2-0\/\">NICHT OHNE UNS! \u2013 Friedens- und Demokratiebewegung<\/a> (15.12.2024)<\/li>\n<li><a href=\"https:\/\/www.freiburg-schwarzwald.de\/blog\/religion\/islam\/islam-politik\/\">Pax Europa: Aufkl\u00e4rung \u00fcber den Politischen Islam und die Hamburger Justiz<\/a>\u00a0(11.12.2024)<\/li>\n<li><a href=\"https:\/\/www.freiburg-schwarzwald.de\/blog\/global\/integration\/pegida\/pegida10jahre\/\">Zehn Jahre Pegida \u2013 zehn Jahre Demokratie von unten<\/a>\u00a0(20.10.2024)<\/li>\n<li><a href=\"https:\/\/www.freiburg-schwarzwald.de\/blog\/global\/deutschland\/gesellschaft\/buergerrechte\/\">CitizenGO: Leben Familie Freiheit<\/a> (7.8.2024)<\/li>\n<li><a href=\"https:\/\/www.freiburg-schwarzwald.de\/blog\/engagement\/zukunft\/frieden\/ostermarsch\/\">Ostermarsch f\u00fcr Diplomatie statt Weltkrieg<\/a>\u00a0(29.3.2024)<\/li>\n<li><a href=\"https:\/\/www.freiburg-schwarzwald.de\/blog\/global\/integration\/pegida\/\">Wer die Wahrheit zu fr\u00fch ausgesprochen hat, bleibt ein Schurke<\/a> (8.11.2023)<\/li>\n<li><a href=\"https:\/\/www.freiburg-schwarzwald.de\/blog\/demo-verbot-wegen-sicherheit\/\">Demo-Verbot wegen Sicherheit?<\/a>\u00a0(22.10.2023)<\/li>\n<li><a href=\"https:\/\/www.freiburg-schwarzwald.de\/blog\/ballweg-grundlos-9-monate-haft\/\">Ballweg grundlos 9 Monate Haft<\/a>\u00a0(15.10.2023)<\/li>\n<li><a href=\"https:\/\/www.freiburg-schwarzwald.de\/blog\/engagement\/zukunft\/demokratie\/demokratie-verteidigen\/\">Atlas Initiative zur Verteidigung der freiheitlich-demokratischen Grundordnung<\/a> (31.8.2023)<\/li>\n<li><a href=\"https:\/\/www.freiburg-schwarzwald.de\/blog\/friedensdemo-5-8-2023-in-berlin\/\">Friedensdemo 5.8.2023 in Berlin<\/a>\u00a0(31.7.2023)<\/li>\n<li><a href=\"https:\/\/www.freiburg-schwarzwald.de\/blog\/zweites-hambacher-fest-28-5-23\/\">Neues Hambacher Fest 28.5.23<\/a>\u00a0(29.5.2023)<\/li>\n<li><a href=\"https:\/\/www.freiburg-schwarzwald.de\/blog\/engagement\/zukunft\/demokratie\/opposition\/querdenken2023\/\">Zusammenarbeit von Querdenken mit politischen Parteien<\/a>\u00a0(26.5.2023)<\/li>\n<li><a href=\"https:\/\/www.freiburg-schwarzwald.de\/blog\/selbsthilfe\/frauen\/gender\/\">Hamburger Volksinitiative \u201eSchluss mit Gendersprache in Verwaltung und Bildung\u201c<\/a>\u00a0(25.1.2023)<\/li>\n<li><a href=\"https:\/\/www.freiburg-schwarzwald.de\/blog\/engagement\/buergerinitiativen\/demo\/demo2022\/\">Million Mach II EuropeansUnited am 25.6.2022 Frankfurt<\/a>\u00a0(28.6.2022)<\/li>\n<li><a href=\"https:\/\/www.freiburg-schwarzwald.de\/blog\/hambacher-fest-1832-2022\/\">Hambacher Fest 1832 \u2013 2022<\/a>\u00a0(1.6.2022)<\/li>\n<li><a href=\"https:\/\/www.freiburg-schwarzwald.de\/blog\/kein-spd-frauenpreis-schutz\/\">Kein SPD-Frauenpreis: \u201eZum Schutz\u201c<\/a>\u00a0(31.5.2022)<\/li>\n<li><a href=\"https:\/\/www.freiburg-schwarzwald.de\/blog\/trucker-convoys-can-und-usa\/\">Trucker-Convoys CAN und USA<\/a>\u00a0(7.3.2022)<\/li>\n<li><a href=\"https:\/\/www.freiburg-schwarzwald.de\/blog\/engagement\/buergerinitiativen\/demos-in-freiburg\/\">Kontaktschuld-Vorwurf soll Freiburgs Demo-Organisator Wendt diskreditieren<\/a>\u00a0(1.2.2022)<\/li>\n<li><a href=\"https:\/\/www.freiburg-schwarzwald.de\/blog\/engagement\/buergerinitiativen\/spaziergaenge\/\">Immer mehr Spazierg\u00e4nge<\/a> (29.12.2021)<\/li>\n<li><a href=\"https:\/\/www.freiburg-schwarzwald.de\/blog\/vereine\/partei\/diebasis\/\">Zum Umgang mit kritischen und abf\u00e4lligen Medienberichten \u00fcber dieBasis<\/a>\u00a0(8.5.2021)<\/li>\n<li><a href=\"https:\/\/www.freiburg-schwarzwald.de\/blog\/5vor12-fuer-kids-und-teens-in-fr\/\">5vor12 f\u00fcr Kids und Teens in FR<\/a>\u00a0(22.5.2021)<\/li>\n<li><a href=\"https:\/\/www.freiburg-schwarzwald.de\/blog\/global\/schweiz\/\">Mass-voll.ch: Wichtigste Abstimmung in der Schweiz<\/a>\u00a0(10.5.2021)<\/li>\n<li><a href=\"https:\/\/www.freiburg-schwarzwald.de\/blog\/angst-essen-seele-auf\/\">Angst essen Seele auf<\/a>\u00a0(22.11.2020)<\/li>\n<li><a href=\"https:\/\/www.freiburg-schwarzwald.de\/blog\/leipzig-7-11-20-friedliche-demo\/\">Leipzig7-11-20 friedliche Demo<\/a>\u00a0(7.11.2020)<\/li>\n<li><a title=\"Buerger\" href=\"https:\/\/www.freiburg-schwarzwald.de\/blog\/engagement\/buerger\/\">Die Antwort auf Soros: Der kritisch denkende B\u00fcrger<\/a>\u00a0(24.1.2020)<\/li>\n<li><a title=\"Linke-Gewalt\" href=\"https:\/\/www.freiburg-schwarzwald.de\/blog\/selbsthilfe\/krise\/gewalt\/linke-gewalt\/\">Antifa-Gegendemo bringt AfD-Demo in Situation von Kessel bzw.K\u00e4fighaltung<\/a>\u00a0(10.1.2019)<\/li>\n<li><a href=\"https:\/\/www.freiburg-schwarzwald.de\/blog\/dagegen-sein-und-zeitgeist\/\">https:\/\/www.freiburg-schwarzwald.de\/blog\/dagegen-sein-und-zeitgeist\/<\/a>\u00a0(23.3.2013)<\/li>\n<li><a href=\"https:\/\/www.freiburg-schwarzwald.de\/blog\/buergerinitiative-mut-10-jahre\/\">https:\/\/www.freiburg-schwarzwald.de\/blog\/buergerinitiative-mut-10-jahre\/<\/a>\u00a0(22.3.2013)<\/li>\n<li><a href=\"https:\/\/www.freiburg-schwarzwald.de\/buergerinitiativen1.htm\">Infos zur B\u00fcrgerinitiativen-Seite ab 21.6.2005<\/a> &gt;Buergerinitiativen1<\/li>\n<li><\/li>\n<li><strong><a href=\"https:\/\/www.freiburg-schwarzwald.de\/buergerinitiativen.htm\">www.freiburg-schwarzwald.de\/buergerinitiativen.htm<\/a> &gt;Archivseite B\u00fcrgerinitiativen<\/strong><\/li>\n<li><a href=\"https:\/\/www.freiburg-schwarzwald.de\/gentechnik.htm#Aktionsb\u00fcndnis gentechnikfreie Region Oberrhein\">AGRO &#8211; Aktionsb\u00fcndnis gentechnikfreie Region Oberrhein<\/a>\u00a0 &gt;Gentechnik<\/li>\n<li><a href=\"https:\/\/www.freiburg-schwarzwald.de\/naturschutz.htm#Artenschutznetzwerk Hochschwarzwald\">Artenschutznetzwerk Hochschwarzwald<\/a> &gt;Naturschutz<\/li>\n<li><a href=\"https:\/\/www.freiburg-schwarzwald.de\/akw.htm\">Atomkraftwerke am Oberrhein<\/a> &gt;AKW<\/li>\n<li><a title=\"Badisch-Elsaessische\" href=\"https:\/\/www.freiburg-schwarzwald.de\/blog\/engagement\/buergerinitiativen\/badisch-elsaessische\/\">Badisch-Elsaessische B\u00fcrgerinitiativen <\/a><\/li>\n<li><a title=\"Badisch-Elsaessische-Buergerinitiativen\" href=\"https:\/\/www.freiburg-schwarzwald.de\/blog\/engagement\/buergerinitiativen\/badisch-elsaessische-buergerinitiativen\/\">Badisch-Elsaessische B\u00fcrgerinitiativen &#8211; alt<\/a><\/li>\n<li><a href=\"https:\/\/www.freiburg-schwarzwald.de\/buergerinitiativen#Badisch-Els\u00e4ssische B\u00fcrgerinitiativen zum Atomausstieg\">Badisch-Els\u00e4ssische B\u00fcrgerinitiativen zum Atomausstieg &#8211; Fessenheim<\/a><\/li>\n<li><a href=\"https:\/\/www.freiburg-schwarzwald.de\/ehrenkirchen.htm#Urberg - B\u00fcrgerinitiative gegen Steinbrucherweiterung\">Bollschweil: Urberg &#8211; B\u00fcrgerinitiative gegen Steinbrucherweiterung<\/a> &gt;Ehrenkirchen<\/li>\n<li><a href=\"https:\/\/www.freiburg-schwarzwald.de\/kaiserstuhl1.htm#B\u00fcrgerinitiative (BI) f\u00fcr eine vertr\u00e4gliche Retention Breisach\/ Burkheim\">Breisach\/Burkheim &#8211; B\u00fcrgerinitiative (BI) f\u00fcr eine vertr\u00e4gliche Retention<\/a> &gt;Kaiserstuhl1 (26.8.04)<\/li>\n<li><a href=\"https:\/\/www.freiburg-schwarzwald.de\/littenweiler\/nachdenken2.htm#Jodtabletten f\u00fcr Freiburg bei Unfall im Fessenheimer AKW\">Breisgau &#8211; B\u00fcrgerinitiativen AKW Fessenheim<\/a> &gt;Nachdenken2<\/li>\n<li><a href=\"https:\/\/www.freiburg-schwarzwald.de\/b31freiburg\/falkensteig.htm#B\u00fcrgerinitiative f\u00fcr den Falkensteigtunnel\">Buchenbach-Falkensteig &#8211; B\u00fcrgerinitiative f\u00fcr Falkensteigtunnel<\/a> &gt;FreiburgB31.de\/Falkensteig<\/li>\n<li><a title=\"Buerger\" href=\"https:\/\/www.freiburg-schwarzwald.de\/blog\/engagement\/buerger\/\">Buerger<\/a><\/li>\n<li><a href=\"https:\/\/www.freiburg-schwarzwald.de\/buergerinitiativen#Buergerentscheid-bw.de - B\u00fcndnis f\u00fcr mehr Demokratie\">Buergerentscheid-bw.de &#8211; B\u00fcndnis f\u00fcr mehr Demokratie<\/a><\/li>\n<li><a href=\"https:\/\/www.freiburg-schwarzwald.de\/berge1.htm#B\u00fcrgerinitiative Herzogenhorn - keine Sechsersesselbahn\">B\u00fcrgerinitiative Herzogenhorn &#8211; keine Sechsersesselbahn<\/a> &gt;Berge1 (3.11.2004)<\/li>\n<li><a href=\"https:\/\/www.freiburg-schwarzwald.de\/littenweiler\/erzwaescherei.htm#Interessengemeinschaft Altlasten Stolberger Zink\">Freiburg: Interessengemeinschaft &#8222;Altlasten Stolberger Zink&#8220; Kappel<\/a> &gt;Erzwaescherei<\/li>\n<li><a href=\"https:\/\/www.freiburg-schwarzwald.de\/wasser.htm#Fl\u00fcckiger See - B\u00fcrgerforum\">Freiburg &#8211; B\u00fcrgerforum Fl\u00fcckigersee<\/a> &gt;Wasser<\/li>\n<li><a href=\"https:\/\/www.freiburg-schwarzwald.de\/littenweiler\/platz-der-alten-synagoge.htm#FR-Freiburg.org: B\u00fcrgerbeteiligung zur gr\u00f6\u00dften Bauma\u00dfnahme Freiburgs\">FR-Freiburg.org: B\u00fcrgerbeteiligung zur gr\u00f6\u00dften Bauma\u00dfnahme Freiburgs<\/a> &gt;Platz-Synagoge<\/li>\n<li><a href=\"https:\/\/www.freiburg-schwarzwald.de\/littenweiler\/quartier.htm#B\u00fcrgerinitiativen gegen Bauprojekte in Freiburg vernetzten sich\">Freiburg &#8211; B\u00fcrgerinitiativen gegen Bauprojekte vernetzten sich<\/a> &gt;Quartier (16.12.2011)<\/li>\n<li><a title=\"FreiburgImWandel\" href=\"https:\/\/www.freiburg-schwarzwald.de\/blog\/engagement\/buergerinitiativen\/freiburgimwandel\/\">FreiburgImWandel &#8211; Vernetzung im Stadtgebiet Freiburg<\/a><\/li>\n<li><a href=\"https:\/\/www.freiburg-schwarzwald.de\/buergerinitiativen#ISES-suedbaden.de: Elektrosmog S\u00fcdbaden\">Freiburg &#8211; ISES-suedbaden.de: Elektrosmog S\u00fcdbaden<\/a><\/li>\n<li><a href=\"https:\/\/www.freiburg-schwarzwald.de\/littenweiler\/wohnungsverkauf.htm#B\u00fcrgerinitiative Ja zum Beteiligungsmodell hat sich gegr\u00fcndet\">Freiburg &#8211; B\u00fcrgerinitiative &#8222;Ja zum Beteiligungsmodell&#8220; gegr\u00fcndet<\/a> &gt;Wohnungsverkauf (4.11.06)<\/li>\n<li><a href=\"https:\/\/www.freiburg-schwarzwald.de\/wald2.htm#Schutzgemeinschaft Mooswald - F\u00fchrer durch das Waldjahr\">Freiburg &#8211; Schutzgemeinschaft Mooswald<\/a> &gt;Wald2<\/li>\n<li><a href=\"https:\/\/www.freiburg-schwarzwald.de\/littenweiler\/b31betroffene.htm\">Freiburg-Littenweiler &#8211; B31-L\u00e4rmbetroffene<\/a> &gt;freiburg-ost.de\/B31Betroffene<\/li>\n<li><a title=\"Maria-Hilf\" href=\"https:\/\/www.freiburg-schwarzwald.de\/blog\/religion\/kirchen\/maria-hilf\/\">Freiburg &#8211; Maria-Hilf-Saal <\/a><\/li>\n<li><a href=\"https:\/\/www.freiburg-schwarzwald.de\/b31freiburg\/b31presse2.htm#CONTRA B31 - Die neue B31 geht nicht nur Freiburg an\">Freiburg &#8211; Aktionsb\u00fcndnis gegen die B31<\/a> &gt;freiburgB31.de<\/li>\n<li><a href=\"https:\/\/www.freiburg-schwarzwald.de\/buergerinitiativen#Freiburg - B\u00f6hmsche D\u00f6rfer GmBh: Neubau der B31 Ost\">Freiburg &#8211; B\u00f6hmsche D\u00f6rfer GmBh: Neubau der B31 Ost<\/a> (1996)<\/li>\n<li><a href=\"https:\/\/www.freiburg-schwarzwald.de\/buergerinitiativen#IGEL - Interessengemeinschaft gegen L\u00e4rm- und Umweltbelastung\">Freiburg: IGEL &#8211; Interessengemeinschaft gegen L\u00e4rm- und Umweltbelastung<\/a><\/li>\n<li><a href=\"https:\/\/www.freiburg-schwarzwald.de\/buergerinitiativen#Stadttunnel Freiburg\">Freiburg &#8211; Stadttunnel B31<\/a><\/li>\n<li><a href=\"https:\/\/www.freiburg-schwarzwald.de\/b31freiburg\/b31west.htm\">Freiburg-Umkirch &#8211; B\u00fcrgerinitiative Pro-B31-West.de<\/a> &gt;freiburgB31.de\/b31west<\/li>\n<li><a href=\"https:\/\/www.freiburg-schwarzwald.de\/buergerinitiativen#Zukunft f\u00fcr Freiburg\">Freiburg &#8211; Zukunft f\u00fcr Freiburg<\/a><\/li>\n<li><a href=\"https:\/\/www.freiburg-schwarzwald.de\/littenweiler\/solar.htm#SolarRegio Kaiserstuhl e.V. - F\u00f6rderverein Zukunftsenergien\">Kaiserstuhl &#8211; SolarRegio Kaiserstuhl e.V. &#8211; F\u00f6rderverein Zukunftsenergien<\/a> &gt;Solar<\/li>\n<li><a href=\"https:\/\/www.freiburg-schwarzwald.de\/buergerinitiativen#MUT - Ausbau der Rheintalbahn\">MUT &#8211; Ausbau der Rheintalbahn<\/a><\/li>\n<li><a href=\"https:\/\/www.freiburg-schwarzwald.de\/wasserkraft-rheinfelden.htm#IG pro Steg - Erhalt des alten Maschinenhauses\">Rheinfelden: IG pro Steg &#8211; Erhalt des alten Maschinenhauses<\/a> &gt;Wasserkraft-Rheinfelden<\/li>\n<li><a href=\"https:\/\/www.freiburg-schwarzwald.de\/buergerinitiativen1.htm\">Schallstadt &#8211; Verkehr Ortsumfahrung<\/a> &gt;Buergerinitiativen1 (21.6.2005)<\/li>\n<li><a href=\"https:\/\/www.freiburg-schwarzwald.de\/schluchsee1.htm#B\u00fcrgeraktion Innovativer Berg - Brendener Berg bei Schluchsee\">Schluchsee &#8211; B\u00fcrgeraktion &#8222;Innovativer Berg&#8220; &#8211; Brendener Berg<\/a> &gt;Schluchsee1 (8.1.2005)<\/li>\n<li><a href=\"https:\/\/www.freiburg-schwarzwald.de\/buergerinitiativen#Staufen - B\u00fcrgerinitiative Umweltschutz\">Staufen &#8211; B\u00fcrgerinitiative Umweltschutz<\/a><\/li>\n<li><a href=\"https:\/\/www.freiburg-schwarzwald.de\/buergerinitiativen.htm#Staufen - Pro Umfahrung Staufen e.V.\">Staufen &#8211; Pro Umfahrung Staufen e.V.<\/a> &gt;Buergerinitiativen<\/li>\n<li><a href=\"https:\/\/www.freiburg-schwarzwald.de\/staufen1.htm#Wir-halten-Staufen-zusammen\">Staufen: Wir-halten-Staufen-zusammen<\/a> &gt;Staufen1 (13.7.2009)<\/li>\n<li><a href=\"https:\/\/www.freiburg-schwarzwald.de\/proschwarzwaldbauern.htm\">St.Georgen &#8211; Forum Pro Schwarzwaldbauern<\/a><\/li>\n<li><a href=\"https:\/\/www.freiburg-schwarzwald.de\/buergerinitiativen#St.M\u00e4rgen - B\u00fcrgerinitiative zum Schutz des Hochschwarzwaldes\">St.M\u00e4rgen &#8211; B\u00fcrgerinitiative zum Schutz des Hochschwarzwaldes<\/a><\/li>\n<li><a href=\"https:\/\/www.freiburg-schwarzwald.de\/st-peter-golfplatz\/index.htm\">St.Peter &#8211; IG zum geplanten Golfplatz<\/a> &gt;St-Peter-Golfplatz<\/li>\n<li><a title=\"Stuttgart21\" href=\"https:\/\/www.freiburg-schwarzwald.de\/blog\/engagement\/zukunft\/stuttgart21\/\">Stuttgart 21<\/a><\/li>\n<li><a href=\"https:\/\/www.freiburg-schwarzwald.de\/buergerinitiativen#B\u00fcndnis f\u00fcr mehr Demokratie in Baden-W\u00fcrttemberg\">Stuttgart: B\u00fcndnis f\u00fcr mehr Demokratie in Baden-W\u00fcrttemberg<\/a><\/li>\n<li><a href=\"https:\/\/www.freiburg-schwarzwald.de\/buergerinitiativen#Links\">Links<\/a><\/li>\n<li><\/li>\n<li><a title=\"Buerger\" href=\"https:\/\/www.freiburg-schwarzwald.de\/blog\/engagement\/buerger\/\">Buerger<\/a><\/li>\n<li><a href=\"https:\/\/www.freiburg-schwarzwald.de\/blog\/engagement\/buerger\/buergerwehr\/\">Buergerwehr<\/a><\/li>\n<li><a title=\"Dagegen\" href=\"https:\/\/www.freiburg-schwarzwald.de\/blog\/engagement\/dagegen\/\">Dagegen &#8211; Dagegen-Sein<\/a><\/li>\n<li><a href=\"https:\/\/www.freiburg-schwarzwald.de\/blog\/engagement\/buergerinitiativen\/demo\/demo2022\/\">Demo2022<\/a><\/li>\n<li><a title=\"Demo\" href=\"https:\/\/www.freiburg-schwarzwald.de\/blog\/engagement\/buergerinitiativen\/demo\/\">Demonstration<\/a><\/li>\n<li><a href=\"https:\/\/www.freiburg-schwarzwald.de\/blog\/engagement\/zukunft\/demokratie\/demokratie-verteidigen\/\">Demokratie verteidigen<\/a><\/li>\n<li><a title=\"Demonstrationsrecht\" href=\"https:\/\/www.freiburg-schwarzwald.de\/blog\/engagement\/buergerinitiativen\/demonstrationsrecht\/\">Demonstrationsrecht<\/a><\/li>\n<li><a href=\"https:\/\/www.freiburg-schwarzwald.de\/blog\/vereine\/partei\/diebasis\/\">dieBasis<\/a><\/li>\n<li><a title=\"EBI\" href=\"https:\/\/www.freiburg-schwarzwald.de\/blog\/global\/eu\/ebi\/\">EBI &#8211; Europ\u00e4ische B\u00fcrgerinitiative<\/a> &gt;EBI<\/li>\n<li><a title=\"Frauenbuendnis\" href=\"https:\/\/www.freiburg-schwarzwald.de\/blog\/engagement\/buergerinitiativen\/frauenbuendnis\/\">Frauenbuendnis Kandel<\/a><\/li>\n<li><a href=\"https:\/\/www.freiburg-schwarzwald.de\/blog\/engagement\/zukunft\/demokratie\/leipzig-querdenken7-11-2020\/\">Leipzig-Querdenken7-11-2020<\/a><\/li>\n<li><a href=\"https:\/\/www.freiburg-schwarzwald.de\/blog\/engagement\/zukunft\/frieden\/ostermarsch\/\">Ostermarsch<\/a><\/li>\n<li><a href=\"https:\/\/www.freiburg-schwarzwald.de\/blog\/global\/integration\/pegida\/pegida10jahre\/\">Pegida10Jahre<\/a><\/li>\n<li><a title=\"Petitionen\" href=\"https:\/\/www.freiburg-schwarzwald.de\/blog\/kultur\/internet\/petitionen\/\">Petitionen<\/a><\/li>\n<li><a href=\"https:\/\/www.freiburg-schwarzwald.de\/blog\/engagement\/zukunft\/demokratie\/opposition\/querdenken2023\/\">Querdenken2023<\/a><\/li>\n<li><a href=\"https:\/\/www.freiburg-schwarzwald.de\/blog\/engagement\/buergerinitiativen\/spaziergaenge\/\">Spazierg\u00e4nge<\/a><\/li>\n<li><a title=\"SPES\" href=\"https:\/\/www.freiburg-schwarzwald.de\/blog\/vereine\/hilfe\/spes\/\">SPES<\/a><\/li>\n<li><a title=\"Zivilcourage\" href=\"https:\/\/www.freiburg-schwarzwald.de\/blog\/engagement\/zivilcourage\/\">Zivilcourage<\/a><\/li>\n<li><a href=\"https:\/\/www.freiburg-schwarzwald.de\/buergerbegehren.htm\">B\u00fcrgerbegehren &#8211; Direkte Demokratie<\/a> &gt;Buergerbegehren<\/li>\n<li><a href=\"https:\/\/www.freiburg-schwarzwald.de\/egemeinde.htm#Arbeit der Zukunft: B\u00fcrgerarbeit\">Arbeit der Zukunft: B\u00fcrgerarbeit<\/a> &gt;eGemeinde (7.1.2005)<\/li>\n<\/ul>\n<p>&nbsp;<\/p>\n<p>&#8222;Wenn es eine Wendung zum Besseren geben soll,<br \/>\nbedarf es des freien Blicks<br \/>\nauf das gegenw\u00e4rtig Schlimmste.&#8220; (Platon)<\/p>\n","protected":false},"excerpt":{"rendered":"<p>Home &gt;Engagement &gt;Buergerinitiativen Demokratie ist die beste Staatsform! &nbsp; Listenauswahl eines Beitrags (Artikel\/Datum, Seite\/Inhalt):\u00a0Klicken\u00a0oder scrollen Wyhl und die Linken: Film \u201eGeschichten aus dem Wyhler Wald\u201c (25.10.2025) Catholics for Catholics: USA!, D?\u00a0(5.9.2025) Jugendgang terrorisiert Dorf: Einwohner gr\u00fcnden B\u00fcrgerwehr, weil es an &hellip; <a href=\"https:\/\/www.freiburg-schwarzwald.de\/blog\/engagement\/buergerinitiativen\/\">Weiterlesen <span class=\"meta-nav\">&rarr;<\/span><\/a><\/p>\n","protected":false},"author":2,"featured_media":0,"parent":148,"menu_order":0,"comment_status":"closed","ping_status":"closed","template":"","meta":{"footnotes":""},"class_list":["post-2329","page","type-page","status-publish","hentry"],"_links":{"self":[{"href":"https:\/\/www.freiburg-schwarzwald.de\/blog\/wp-json\/wp\/v2\/pages\/2329","targetHints":{"allow":["GET"]}}],"collection":[{"href":"https:\/\/www.freiburg-schwarzwald.de\/blog\/wp-json\/wp\/v2\/pages"}],"about":[{"href":"https:\/\/www.freiburg-schwarzwald.de\/blog\/wp-json\/wp\/v2\/types\/page"}],"author":[{"embeddable":true,"href":"https:\/\/www.freiburg-schwarzwald.de\/blog\/wp-json\/wp\/v2\/users\/2"}],"replies":[{"embeddable":true,"href":"https:\/\/www.freiburg-schwarzwald.de\/blog\/wp-json\/wp\/v2\/comments?post=2329"}],"version-history":[{"count":6,"href":"https:\/\/www.freiburg-schwarzwald.de\/blog\/wp-json\/wp\/v2\/pages\/2329\/revisions"}],"predecessor-version":[{"id":140816,"href":"https:\/\/www.freiburg-schwarzwald.de\/blog\/wp-json\/wp\/v2\/pages\/2329\/revisions\/140816"}],"up":[{"embeddable":true,"href":"https:\/\/www.freiburg-schwarzwald.de\/blog\/wp-json\/wp\/v2\/pages\/148"}],"wp:attachment":[{"href":"https:\/\/www.freiburg-schwarzwald.de\/blog\/wp-json\/wp\/v2\/media?parent=2329"}],"curies":[{"name":"wp","href":"https:\/\/api.w.org\/{rel}","templated":true}]}}