{"id":228,"date":"2012-04-02T16:51:51","date_gmt":"2012-04-02T16:51:51","guid":{"rendered":"https:\/\/www.freiburg-schwarzwald.de\/blog\/?page_id=228"},"modified":"2025-05-18T21:27:14","modified_gmt":"2025-05-18T19:27:14","slug":"musikverein-littenweiler","status":"publish","type":"page","link":"https:\/\/www.freiburg-schwarzwald.de\/blog\/vereine\/musikvereine\/musikverein-littenweiler\/","title":{"rendered":"Musikverein-Littenweiler"},"content":{"rendered":"<p>Home &gt;<a title=\"Vereine\" href=\"https:\/\/www.freiburg-schwarzwald.de\/blog\/vereine\/\">Vereine<\/a> &gt;<a title=\"Musik\" href=\"https:\/\/www.freiburg-schwarzwald.de\/blog\/vereine\/musik\/\">Musik<\/a> &gt;Musikverein-Littenweiler<\/p>\n<div id=\"attachment_22511\" style=\"width: 651px\" class=\"wp-caption alignnone\"><a href=\"https:\/\/www.freiburg-schwarzwald.de\/blog\/vereine\/musikvereine\/musikverein-littenweiler\/schlossberg18muenster-pan130214\/\" rel=\"attachment wp-att-22511\"><img loading=\"lazy\" decoding=\"async\" aria-describedby=\"caption-attachment-22511\" class=\"size-full wp-image-22511\" title=\"schlossberg18muenster-pan130214\" src=\"https:\/\/www.freiburg-schwarzwald.de\/blog\/wp-content\/uploads\/2012\/04\/schlossberg18muenster-pan130214.jpg\" alt=\"\" width=\"641\" height=\"285\" srcset=\"https:\/\/www.freiburg-schwarzwald.de\/blog\/wp-content\/uploads\/2012\/04\/schlossberg18muenster-pan130214.jpg 641w, https:\/\/www.freiburg-schwarzwald.de\/blog\/wp-content\/uploads\/2012\/04\/schlossberg18muenster-pan130214-180x80.jpg 180w, https:\/\/www.freiburg-schwarzwald.de\/blog\/wp-content\/uploads\/2012\/04\/schlossberg18muenster-pan130214-640x284.jpg 640w\" sizes=\"auto, (max-width: 641px) 100vw, 641px\" \/><\/a><p id=\"caption-attachment-22511\" class=\"wp-caption-text\">Blick vom Schlossberg nach Westen auf Freiburg&#8217;s Altstadt am 14.2.2013<\/p><\/div>\n<ul>\n<li><em>Listenauswahl eines Beitrags (Artikel\/Datum, Seite\/Inhalt):\u00a0<span style=\"text-decoration: underline;\">Klicken<\/span>\u00a0oder scrollen<\/em><\/li>\n<li><a href=\"https:\/\/www.freiburg-schwarzwald.de\/blog\/musiksonntag-25-5-littenweiler\/\">Musiksonntag 25.5. Littenweiler<\/a>\u00a0(20.5.2025)<\/li>\n<li>Wechsel an der Spitze des Musikvereins Freiburg-Littenweiler (18.7.2024)<\/li>\n<li>\u201eSound of Littenweiler\u201c &#8211; Das kleine Littenweilermer \u201eFestival\u201c am 20.1.2024 (28.11.2023)<\/li>\n<li>Jahreskonzert 2023 des Musikvereins Littenweiler (8.11.2023)<\/li>\n<li><a href=\"https:\/\/www.freiburg-schwarzwald.de\/blog\/dancing-littenweiler-am-25-mai\/\">https:\/\/www.freiburg-schwarzwald.de\/blog\/dancing-littenweiler-am-25-mai\/<\/a>\u00a0(15.5.2019)<\/li>\n<li><a href=\"https:\/\/www.freiburg-schwarzwald.de\/blog\/mv-littenweiler-auf-stbarbara\/\">https:\/\/www.freiburg-schwarzwald.de\/blog\/mv-littenweiler-auf-stbarbara\/<\/a> (8.7.2015)<\/li>\n<li><a href=\"https:\/\/www.freiburg-schwarzwald.de\/blog\/weihnachtsmarkt-fr-littenweiler\/\">https:\/\/www.freiburg-schwarzwald.de\/blog\/weihnachtsmarkt-fr-littenweiler\/<\/a>\u00a0(21.11.2013)<\/li>\n<li><a href=\"https:\/\/www.freiburg-schwarzwald.de\/blog\/perkussion-kurse-ro-kuijpers\/\">https:\/\/www.freiburg-schwarzwald.de\/blog\/perkussion-kurse-ro-kuijpers\/<\/a>\u00a0(4.9.2013)<\/li>\n<li><a href=\"https:\/\/www.freiburg-schwarzwald.de\/blog\/musik%c2%adverein-sucht-tiefblech\/\">https:\/\/www.freiburg-schwarzwald.de\/blog\/musik%c2%adverein-sucht-tiefblech\/<\/a>\u00a0(4.8.2013)<\/li>\n<li>MV Littenweiler Familienkonzert &#8211; \u201eNa warte, sagte Schwarte\u201c (20.3.2013)<\/li>\n<li><a href=\"https:\/\/www.freiburg-schwarzwald.de\/blog\/blasmusik-peter-sumser\/\">https:\/\/www.freiburg-schwarzwald.de\/blog\/blasmusik-peter-sumser\/<\/a>\u00a0(2.2.2013)<\/li>\n<li><a href=\"https:\/\/www.freiburg-schwarzwald.de\/blog\/mv-littenweiler-mit-musikangeboten-fur-kinder-ab-4-jahren\/\">https:\/\/www.freiburg-schwarzwald.de\/blog\/mv-littenweiler-mit-musikangeboten-fur-kinder-ab-4-jahren\/<\/a>\u00a0(2.4.2012)<\/li>\n<li><a href=\"https:\/\/www.freiburg-schwarzwald.de\/littenweiler\/kappel\/kappel2.htm#Dorffest 2.6.2011 am Kappler Rathausplatz\">Dorffest 2.6.2011 am Kappler Rathausplatz<\/a> &gt;Kappel\/Kappel2 (2.6.2011)<\/li>\n<li><a href=\"https:\/\/www.freiburg-schwarzwald.de\/littenweiler\/littenweiler11.htm#MV Jugendorchester sucht MitspielerInnen\">MV Jugendorchester sucht MitspielerInnen<\/a> &gt;Littenweiler11 (1.2.2011)<\/li>\n<li><a href=\"https:\/\/www.freiburg-schwarzwald.de\/littenweiler\/jugend4.htm#10 Jahre Jugendorchester des Musikvereins Littenweiler\">10 Jahre Jugendorchester des Musikvereins Littenweiler<\/a> &gt;Jugend4 (30.3.2010)<\/li>\n<li><a href=\"https:\/\/www.freiburg-schwarzwald.de\/littenweiler\/littenweiler11.htm#MV Littenweiler bietet musikalische Fr\u00fcherziehung und Blockfl\u00f6te\">MV Littenweiler bietet musikalische Fr\u00fcherziehung und Blockfl\u00f6te<\/a> &gt;Littenweiler11 (17-9-09)<\/li>\n<li><a href=\"https:\/\/www.freiburg-schwarzwald.de\/littenweiler\/littenweiler10.htm#Oskar und Emilie: Schulchor, Percussion, Musikverein Littenweiler\">Oskar und Emilie: Schulchor, Percussion, Musikverein Littenweiler<\/a> &gt;Littenweiler10 (31.5.)<\/li>\n<li><a href=\"https:\/\/www.freiburg-schwarzwald.de\/littenweiler\/musik3.htm#Musikalisches M\u00e4rchen: Mit Oskar und Emilie durchs Jahr\">Musikalisches M\u00e4rchen: Mit Oskar und Emilie durchs Jahr<\/a> &gt;Musik2 (29.3.2009)<\/li>\n<li><a href=\"https:\/\/www.freiburg-schwarzwald.de\/littenweiler\/littenweiler9.htm#Benefizkonzert des Musikvereins am 9.M\u00e4rz in PH-Aula\">Benefizkonzert des Musikvereins am 9.M\u00e4rz in PH-Aula<\/a> &gt;Littenweiler9 (3.3.2008)<\/li>\n<li><a href=\"https:\/\/www.freiburg-schwarzwald.de\/littenweiler\/littenweiler8.htm#Jugendkonzert: Getrennt proben - gemeinsam auftreten\">Jugendkonzert: Getrennt proben &#8211; gemeinsam auftreten<\/a> &gt;Littenweiler8 (24.7.2007)<\/li>\n<li><a href=\"https:\/\/www.freiburg-schwarzwald.de\/littenweiler\/musik2.htm#Schnupperwochen beim Musikverein Littenweiler\">Schnupperwochenbeim Musikverein Littenweiler<\/a> &gt;Musik2 (23.6.2007)<\/li>\n<li><a href=\"https:\/\/www.freiburg-schwarzwald.de\/littenweiler\/musik2.htm#Jugendmusiktag am 21.Juli in der PH-Aula - Helfer gesucht\">Jugendmusiktag am 21.Juli in der PH-Aula<\/a> &gt;Musik2 (21.7.2007)<\/li>\n<li><a href=\"https:\/\/www.freiburg-schwarzwald.de\/littenweiler\/sommerfest0606.htm\">Sommerfest 2006 am Dorfplatz Littenweiler<\/a> &gt;Sommerfest0606 (25.6.2006)<\/li>\n<li><a href=\"https:\/\/www.freiburg-schwarzwald.de\/littenweiler\/littenweiler6.htm#Musikverein Littenweiler: Erstes Konzert mit Dirigent Nicolas Reinke\">Erstes Konzert mit Dirigent Nicolas Reinke<\/a> &gt;Littenweiler6 (12.4.2006)<\/li>\n<li><a href=\"https:\/\/www.freiburg-schwarzwald.de\/littenweiler\/musik1.htm#Musikverein Littenweiler - Helga Schulenburg bleibt im Amt\">Musikverein Littenweiler &#8211; Helga Schulenburg bleibt im Amt<\/a> (12.10.)<\/li>\n<li><a href=\"https:\/\/www.freiburg-schwarzwald.de\/littenweiler\/musik1.htm#Musikverein Littenweiler 100 Jahre alt\">100j\u00e4hriges Vereinsjubil\u00e4um am 27.9.2003<\/a> (28.9.2003)<\/li>\n<li><a href=\"https:\/\/www.freiburg-schwarzwald.de\/littenweiler\/bauernmarkt1.htm#80 Jahre Strassenbahn Littenweiler\">80 Jahre Strassenbahn Littenweiler<\/a> &gt;freiburg-dreisamtal.de\/Bauernmarkt1 (4.7.2005)<\/li>\n<li>\u00a0.<\/li>\n<li><a title=\"Trommeln\" href=\"https:\/\/www.freiburg-schwarzwald.de\/blog\/kultur\/musik\/trommeln\/\">Trommeln &#8211; Percussion<\/a><\/li>\n<\/ul>\n<p>&nbsp;<\/p>\n<p><strong>Musikverein Littenweiler<\/strong><\/p>\n<p>Der Musikverein ist der \u00e4lteste kulturelle Verein Littenweilers. Er wurde 1882 gegr\u00fcndet und 1903 im Vereinsregister eingetragen. F\u00fcr diese mehr als 100-j\u00e4hrige Aktivit\u00e4t wurde der Kapelle vom damaligen Bundespr\u00e4sidenten Carstens mit der Pro-Musika-Plakette verliehen. Heute zeichnet sich der Verein vor allem durch ein vielf\u00e4ltiges, modernes, musikalisches Ausbildungsangebot aus: Musikalische Fr\u00fcherziehung, Blockfl\u00f6ten- und Instrumentalunterricht f\u00fcr Blas- und Schlaginstrumente sowie Perkussion als Gruppenunterricht. Au\u00dferdem laden Vororchester, Jugendorchester und Orchester zum Mitspielen ein. Auf je unterschiedlichem Niveau wird die Freude am gemeinsamen Musizieren vermittelt.<\/p>\n<p>Der Verein freut sich jederzeit \u00fcber neue Mitglieder! Wenn sie in Freiburg studieren, oder neu zugezogen sind, laden wir sie ein bei uns vorbeizuschauen. Die aktuellen Probezeiten entnehmen sie unserer Homepage.<\/p>\n<p>Musikverein Littenweiler<br \/>\nFrau Luitgard Heitzler (1. Vorsitzende), Tel 0761\/60294,<br \/>\nHerr Michael Heitzler (2. Vors.)<br \/>\nMusikalische Fr\u00fcherziehung: Frau Uta Uffrecht, Tel 0761\/8886266<br \/>\nInstrumental-Unterricht: Frau Schulz, Tel 0761 6963974<br \/>\nPopchor: Wolfgang Rogge<br \/>\n<a href=\"https:\/\/www.musikverein-littenweiler.de\">www.musikverein-littenweiler.de<\/a> \u00a0,<br \/>\n<a href=\"mailto:mv-littenweiler@gmx.de\">mv-littenweiler@gmx.de<\/a><\/p>\n<p>========================================================<\/p>\n<p><strong>Wechsel an der Spitze des Musikvereins Freiburg-Littenweiler<\/strong><br \/>\nDer Musikverein Littenweiler stellt seinen Vorstand neu auf. Ein neunk\u00f6pfiges Vorstandsteam f\u00fchrt das Orchester in die Zukunft.<br \/>\nEinschneidend nennt Vorstandsmitglied Constanze Sch\u00fcle die Ver\u00e4nderungen im Musikverein Littenweiler. Nach 18 Jahren Vorstandst\u00e4tigkeit stellte sich Luitgard Heitzler nicht mehr zur Wahl. Mit ihr hat sich au\u00dferdem Peter Sumser aus der F\u00fchrungsriege verabschiedet. Der 86-J\u00e4hrige war mehr als 60 Jahre lang im Vorstand aktiv, geh\u00f6rt seit mehr als 70 Jahren zum Verein, machte sich einen Namen als Chronist. &#8222;Beide haben sich sehr um den Verein verdient gemacht und sich in schwierigen Zeiten f\u00fcr den Fortbestand des Vereins eingesetzt&#8220;, betont Sch\u00fcle.<br \/>\n&#8230;<br \/>\nIn der Hauptversammlung wurde Luitgard Heitzler zum Ehrenmitglied ernannt. Peter Sumser wurde diese W\u00fcrdigung bereits vor einigen Jahren zuteil.<br \/>\nNeue Musikerinnen und Musiker in allen Registern sind willkommen, Nachweise von Leistungsabzeichen sind daf\u00fcr keine Voraussetzung. &#8222;Uns fehlen H\u00f6rner und eine Tuba, sch\u00f6n und wichtig w\u00e4ren weitere Trompeten&#8220;, sagt Constanze Sch\u00fcle. Das Repertoire des Orchesters umfasst Swing, Jazz-Standards, lateinamerikanische St\u00fccke, genauso aber auch klassische St\u00fccke, beispielsweise von Schostakowitsch oder Popliteratur.<br \/>\nMitgliederzahl: Der Musikverein Littenweiler hat 122 aktive Mitglieder, davon 78 unter 18 Jahren. Dazu kommen 123 Passivmitglieder.<br \/>\n&#8230; Alles vom 18.7.2024 bitte lesen auf<br \/>\n<a href=\"https:\/\/www.badische-zeitung.de\/wechsel-an-der-spitze-des-musikvereins-freiburg-littenweiler\">https:\/\/www.badische-zeitung.de\/wechsel-an-der-spitze-des-musikvereins-freiburg-littenweiler<\/a><\/p>\n<p>&nbsp;<\/p>\n<p><strong>\u201eSound of Littenweiler\u201c &#8211; Das kleine Littenweilermer \u201eFestival\u201c am 20.1.2024<\/strong><br \/>\n&#8211; gel\u00f6scht 19.4.2024<br \/>\n&#8230; Alles vom 28.11.2023 bitte lesen auf <a href=\"https:\/\/www.littenweiler-dorfblatt.de\/downloads\/LiDo-24-1.pdf\">https:\/\/www.littenweiler-dorfblatt.de\/downloads\/LiDo-24-1.pdf<\/a><\/p>\n<p>&nbsp;<\/p>\n<p><strong>Jahreskonzert 2023 des Musikvereins Littenweiler<\/strong><br \/>\nAm 16.12.2023 in der Aula der PH Freiburg<br \/>\n<a href=\"http:\/\/www.musikverein-littenweiler.de\/de\/konzerte\/veranstaltung\/jahreskonzert-2023-am-16.12.2023-in-littenweiler\">http:\/\/www.musikverein-littenweiler.de\/de\/konzerte\/veranstaltung\/jahreskonzert-2023-am-16.12.2023-in-littenweiler<\/a><br \/>\n8.11.2023<br \/>\n.<\/p>\n<p><strong>MV Littenweiler Familienkonzert &#8211; <\/strong><strong>\u201eNa warte, sagte Schwarte\u201c<br \/>\n<\/strong>\u201eAls die Schweine Rauchsignale aus dem Wald von Swineland aufsteigen sahen, quiekten sie vor Freude\u2026&#8220; so beginnt der Kinderbuchklassiker von Helme Heine, in dem Schwarte mit all seinen Freunden ein ausgelassenes Hochzeitsfest feiert. Nikolaus Reinke, Dirigent des Musikvereins Littenweiler, vielen bekannt durch seine Arbeit am Theater Freiburg (Flokati; Children oft the Revolution; B\u00e4rensee; 13 u.a.), hat sich der Geschichte angenommen und den Text mit bekannten und weniger bekannten Melodien verwoben. Entstanden ist ein Konzertprogramm, genauso lustig und abwechslungsreich wie die Hochzeit von Schwarte mit seiner Braut Ringelschw\u00e4nzchen. An zwei Nachmittagen wird der Musikverein Littenweiler das rauschende Fest lebendig werden lassen. Daniela Mohr, die von Beginn an bei dem Projekt mitgearbeitet hat, wird das Programm als Erz\u00e4hlerin begleiten. Die in Littenweiler lebende Schauspielerin ist seit vielen Jahren festes Ensemblemitglied des Theater im Marienbad.<br \/>\nZum Konzert geladen sind Familien mit Kindern, Gro\u00dfeltern mit ihren Enkelkindern, alle, die gerne einer sch\u00f6nen Geschichte lauschen und sich von mitrei\u00dfender Musik unterhalten lassen m\u00f6chten. Der Eintritt ist frei, Spenden werden gerne entgegengenommen. Auff\u00fchrungen in der Aula der P\u00e4dagogischen Hochschule in der Lindenmattenstra\u00dfe in Littenweiler sind am Samstag, dem 23. M\u00e4rz und Sonntag, 24. M\u00e4rz, jeweils um 16.00 Uhr.<br \/>\n20.3.2013, Gisela Heizler-Ries, <a href=\"https:\/\/www.dreisamtaeler.de\">www.dreisamtaeler.de<\/a><\/p>\n","protected":false},"excerpt":{"rendered":"<p>Home &gt;Vereine &gt;Musik &gt;Musikverein-Littenweiler Listenauswahl eines Beitrags (Artikel\/Datum, Seite\/Inhalt):\u00a0Klicken\u00a0oder scrollen Musiksonntag 25.5. Littenweiler\u00a0(20.5.2025) Wechsel an der Spitze des Musikvereins Freiburg-Littenweiler (18.7.2024) \u201eSound of Littenweiler\u201c &#8211; Das kleine Littenweilermer \u201eFestival\u201c am 20.1.2024 (28.11.2023) Jahreskonzert 2023 des Musikvereins Littenweiler (8.11.2023) https:\/\/www.freiburg-schwarzwald.de\/blog\/dancing-littenweiler-am-25-mai\/\u00a0(15.5.2019) https:\/\/www.freiburg-schwarzwald.de\/blog\/mv-littenweiler-auf-stbarbara\/ &hellip; <a href=\"https:\/\/www.freiburg-schwarzwald.de\/blog\/vereine\/musikvereine\/musikverein-littenweiler\/\">Weiterlesen <span class=\"meta-nav\">&rarr;<\/span><\/a><\/p>\n","protected":false},"author":2,"featured_media":0,"parent":224,"menu_order":0,"comment_status":"open","ping_status":"closed","template":"","meta":{"footnotes":""},"class_list":["post-228","page","type-page","status-publish","hentry"],"_links":{"self":[{"href":"https:\/\/www.freiburg-schwarzwald.de\/blog\/wp-json\/wp\/v2\/pages\/228","targetHints":{"allow":["GET"]}}],"collection":[{"href":"https:\/\/www.freiburg-schwarzwald.de\/blog\/wp-json\/wp\/v2\/pages"}],"about":[{"href":"https:\/\/www.freiburg-schwarzwald.de\/blog\/wp-json\/wp\/v2\/types\/page"}],"author":[{"embeddable":true,"href":"https:\/\/www.freiburg-schwarzwald.de\/blog\/wp-json\/wp\/v2\/users\/2"}],"replies":[{"embeddable":true,"href":"https:\/\/www.freiburg-schwarzwald.de\/blog\/wp-json\/wp\/v2\/comments?post=228"}],"version-history":[{"count":5,"href":"https:\/\/www.freiburg-schwarzwald.de\/blog\/wp-json\/wp\/v2\/pages\/228\/revisions"}],"predecessor-version":[{"id":134114,"href":"https:\/\/www.freiburg-schwarzwald.de\/blog\/wp-json\/wp\/v2\/pages\/228\/revisions\/134114"}],"up":[{"embeddable":true,"href":"https:\/\/www.freiburg-schwarzwald.de\/blog\/wp-json\/wp\/v2\/pages\/224"}],"wp:attachment":[{"href":"https:\/\/www.freiburg-schwarzwald.de\/blog\/wp-json\/wp\/v2\/media?parent=228"}],"curies":[{"name":"wp","href":"https:\/\/api.w.org\/{rel}","templated":true}]}}