{"id":224,"date":"2012-04-02T16:43:15","date_gmt":"2012-04-02T16:43:15","guid":{"rendered":"https:\/\/www.freiburg-schwarzwald.de\/blog\/?page_id=224"},"modified":"2025-11-18T15:29:15","modified_gmt":"2025-11-18T14:29:15","slug":"musikvereine","status":"publish","type":"page","link":"https:\/\/www.freiburg-schwarzwald.de\/blog\/vereine\/musikvereine\/","title":{"rendered":"Musikvereine"},"content":{"rendered":"<p>Home &gt;<a title=\"Vereine\" href=\"https:\/\/www.freiburg-schwarzwald.de\/blog\/vereine\/\">Vereine<\/a> &gt;<a title=\"Musik\" href=\"https:\/\/www.freiburg-schwarzwald.de\/blog\/kultur\/musik\/\">Musik<\/a> &gt;Musikvereine<\/p>\n<div id=\"attachment_225\" style=\"width: 612px\" class=\"wp-caption alignnone\"><a href=\"https:\/\/www.freiburg-schwarzwald.de\/blog\/wp-content\/uploads\/2012\/04\/unteribental4pan-080106.jpg\"><img loading=\"lazy\" decoding=\"async\" aria-describedby=\"caption-attachment-225\" class=\"size-full wp-image-225\" title=\"unteribental4pan-080106\" src=\"https:\/\/www.freiburg-schwarzwald.de\/blog\/wp-content\/uploads\/2012\/04\/unteribental4pan-080106.jpg\" alt=\"\" width=\"602\" height=\"162\" srcset=\"https:\/\/www.freiburg-schwarzwald.de\/blog\/wp-content\/uploads\/2012\/04\/unteribental4pan-080106.jpg 602w, https:\/\/www.freiburg-schwarzwald.de\/blog\/wp-content\/uploads\/2012\/04\/unteribental4pan-080106-180x48.jpg 180w\" sizes=\"auto, (max-width: 602px) 100vw, 602px\" \/><\/a><p id=\"caption-attachment-225\" class=\"wp-caption-text\">Blick von Lindenberg nach S\u00fcden ins Ibental und Dreisamtal (rechts) am 6.1.2008 um 12.05 Uhr<\/p><\/div>\n<p><strong>Musikanten, Musikvereine, Barden, Spielleut,\u00a0Kapellen, Lieders\u00e4nger, &#8230;<\/strong><\/p>\n<ul>\n<li><em>Listenauswahl eines Beitrags (Artikel\/Datum, Seite\/Inhalt):\u00a0<span style=\"text-decoration: underline;\">Klicken<\/span>\u00a0oder scrollen<\/em><\/li>\n<li><a href=\"https:\/\/www.freiburg-schwarzwald.de\/blog\/vereine\/musikvereine\/jugend-musiziert\/\">Jugendsinfonieorchester Freiburg: Unterst\u00fctzung bei Gr\u00fcndung<\/a> (17.11.2025)<\/li>\n<li><a href=\"https:\/\/www.freiburg-schwarzwald.de\/blog\/musikverein-ebnet-90-jahre\/\">https:\/\/www.freiburg-schwarzwald.de\/blog\/musikverein-ebnet-90-jahre\/<\/a>\u00a0(30.9.2013)<\/li>\n<li><a href=\"https:\/\/www.freiburg-schwarzwald.de\/muellheim.htm#ANDROMEDA Percussion-Ensemble\">ANDROMEDA \u2013 Persussion-Ensemble<\/a>\u00a0 &gt;Muellheim<\/li>\n<li><a href=\"https:\/\/www.freiburg-schwarzwald.de\/museum1.htm#Schlo\u00dfkonzerte Bad Krozingen\">Bad Krozingen \u2013 Schlo\u00dfkonzerte<\/a><\/li>\n<li><a href=\"https:\/\/www.freiburg-schwarzwald.de\/musik#Basseltang un Liechtsp\u00f6h - Mundartgruppe aus Lahr\">Basseltang un Liechtsp\u00f6h \u2013 Mundartgruppe aus Lahr<\/a><\/li>\n<li><a href=\"https:\/\/www.freiburg-schwarzwald.de\/musik#Bergland-Echo und Hohwald Musig aus St.Peter\">Bergland-Echo und Hoh\u2019wald Musig aus St.Peter<\/a><\/li>\n<li><a href=\"https:\/\/www.freiburg-schwarzwald.de\/brauchtum.htm#Bl\u00e4sis Albert\">Bl\u00e4sis Albert \u2013 Handharmonika<\/a>&gt;Brauchtum<\/li>\n<li><a href=\"https:\/\/www.freiburg-schwarzwald.de\/musik#Wolf Bebl, Jazzpianist aus Lenzkirch\">Wolf Bebl, Jazzpianist aus Lenzkirch<\/a><\/li>\n<li><a href=\"https:\/\/www.freiburg-schwarzwald.de\/musik#Blechforest Steelorchester\">Blechforest Steelorchester<\/a><\/li>\n<li><a href=\"https:\/\/www.freiburg-schwarzwald.de\/littenweiler\/himmelreich1.htm#Erstes Hoffest im Himmelreich mit der Brenz-Band\">Brenz-Band: Erstes Hoffest im Himmelreich mit der Brenz-Band<\/a>&gt;Himmelreich1 (27.9.2008)<\/li>\n<li><a href=\"https:\/\/www.freiburg-schwarzwald.de\/brauchtum.htm#Badische Brootwurschd\">Brootwurschd \u2013 Musikgruppe aus Neustadt<\/a>&gt;Brauchtum<\/li>\n<li><a href=\"https:\/\/www.freiburg-schwarzwald.de\/musik3.htm#CD- und Schallplattenb\u00f6rse Freiburg im M\u00e4rz und November\">CD- und Schallplattenb\u00f6rse Freiburg im M\u00e4rz und November<\/a>&gt;Musik3 (3.2.2012)<\/li>\n<li><a href=\"https:\/\/www.freiburg-schwarzwald.de\/musik#Chill out, Akkordeon-Orchester aus St.M\u00e4rgen\">Chill out, Akkordeon-Orchester aus St.M\u00e4rgen<\/a><\/li>\n<li><a href=\"https:\/\/www.freiburg-schwarzwald.de\/musik#Mundartabend mit Roswitha Dold in der \u201eKrizschiere\u201c St. Peter\">Roswitha Dold \u2013 Mundartabend in der \u201eKrizschiere\u201c St. Peter<\/a><a href=\"https:\/\/www.freiburg-schwarzwald.de\/musik#Mundartabend mit Roswitha Dold in der \u201eKrizschiere\u201c St. Peter\">\u00a0<\/a><\/li>\n<li><a href=\"https:\/\/www.freiburg-schwarzwald.de\/musik#Fishermans Rise\">Fisherman\u2019s Fall \u2013 Rockband aus Wyhl<\/a><\/li>\n<li><a href=\"https:\/\/www.freiburg-schwarzwald.de\/littenweiler\/musik.htm#Original St.Petermer Firobendmusik\">Fireobendmusik \u2013 Original St.Petermer Firobendmusik<\/a>&gt;Musik<\/li>\n<li><a href=\"https:\/\/www.freiburg-schwarzwald.de\/musik#Freiburger Spielleyt\">Freiburger Spielleyt<\/a><\/li>\n<li><a href=\"https:\/\/www.freiburg-schwarzwald.de\/hinterzarten1.htm#Martina Freytag aus Hinterzarten - iebt und lebt Musik\">Martina Freytag aus Hinterzarten \u2013 liebt und lebt Musik<\/a>&gt;Hinterzarten1 (3.5.2005)<\/li>\n<li><a href=\"https:\/\/www.freiburg-schwarzwald.de\/musik#G\u00e4lfi\u00e4\u00dfler - vier urbadische Musikanten\">G\u00e4lifi\u00e4\u00dfler \u2013 vier urbadische Musikanten<\/a><\/li>\n<li><a href=\"https:\/\/www.freiburg-schwarzwald.de\/musik#Galgenberg-Musikanten aus Ebnet\">Galgenberg-Musikanten aus Ebnet<\/a><\/li>\n<li><a href=\"https:\/\/www.freiburg-schwarzwald.de\/musik#Goschehobel - Duo aus Hausach\">Goschehobel \u2013 Duo aus Hausach<\/a><\/li>\n<li><a href=\"https:\/\/www.freiburg-schwarzwald.de\/musik1.htm#Mittelalterliches Lautenspiel von Oswald Hebermehl aus Neuglash\u00fctten\">Oswald Hebermehl \u2013 Lautenspieler aus Neuglash\u00fctten<\/a><\/li>\n<li><a href=\"https:\/\/www.freiburg-schwarzwald.de\/littenweiler\/musik.htm#Betty Pettersson - Harfenistin aus Freiburg\">Harfe: Betty Pettersson \u2013 Harfenistin aus Freiburg<\/a>&gt;Freiburg-Dreisamtal.de\/Musik<\/li>\n<li><a href=\"https:\/\/www.freiburg-schwarzwald.de\/musik#Harmonika Verband Bezirk Breisgau\">Harmonika Verband Bezirk Breisgau<\/a><\/li>\n<li><a href=\"https:\/\/www.freiburg-schwarzwald.de\/musik#Hefelochbl\u00e4tzer\">Hefelochbl\u00e4tzer<\/a><\/li>\n<li><a href=\"https:\/\/www.freiburg-schwarzwald.de\/littenweiler\/musik.htm#Hinterhausjazzer - Frl. Mayers Hinterhaus Jazzer aus Freiburg\">Hinterhausjazzer \u2013 Frl. Mayer\u2019s Hinterhaus Jazzer aus Freiburg<\/a>&gt;Musik<\/li>\n<li><a href=\"https:\/\/www.freiburg-schwarzwald.de\/musik#Frauke Horn - Harfenspiel aus Bollschweil\">Frauke Horn \u2013 Harfenspiel aus Bollschweil<\/a><\/li>\n<li><a title=\"Jugend-musziert\" href=\"https:\/\/www.freiburg-schwarzwald.de\/blog\/vereine\/musikvereine\/jugend-musiziert\/\">Jugend musiziert<\/a><\/li>\n<li><a href=\"https:\/\/www.freiburg-schwarzwald.de\/schopfheim.htm#Knaschtbr\u00fcder - Alemannische Lieder aus dem Wiesental\">Knaschtbr\u00fcder \u2013 Alemannische Lieder aus dem Wiesental<\/a>&gt;Schopfheim<\/li>\n<li><a href=\"https:\/\/www.freiburg-schwarzwald.de\/musik#Kretzschmars Stifte - freier deutscher Folk\">Kretzschmars Stifte \u2013 freier deutscher Folk<\/a><\/li>\n<li><a href=\"https:\/\/www.freiburg-schwarzwald.de\/musik#Ro Kuijpers: Percussion, Theater, Sonando\">Ro Kuijpers: Percussion, Theater, Sonando<\/a><\/li>\n<li><a href=\"https:\/\/www.freiburg-schwarzwald.de\/musik#Landfrauen-Ch\u00f6rle St. Peter\">Landfrauen-Ch\u00f6rle St. Peter<\/a><\/li>\n<li><a href=\"https:\/\/www.freiburg-schwarzwald.de\/musik#Die Mo\u00dfm\u00e4nner - Helmut Mo\u00dfmann und seine Gruppe\">Die M\u00f6\u00dfm\u00e4nner \u2013 Helmut Mo\u00dfmann und Gruppe<\/a><\/li>\n<li><a href=\"https:\/\/www.freiburg-schwarzwald.de\/musik#Musiktiere\">Die vier Musiktiere aus Donaueschingen<\/a><\/li>\n<li><a href=\"https:\/\/www.freiburg-schwarzwald.de\/musik1.htm#Jagdhornbl\u00e4sergruppe St. M\u00e4rgen feiert 20-j\u00e4hriges Bestehen\">Jagdhornbl\u00e4sergruppe St. M\u00e4rgen<\/a><\/li>\n<li><a href=\"https:\/\/www.freiburg-schwarzwald.de\/musik3.htm#Sieben Jugendmusikschulen im Kreis BH: Zusch\u00fcsse f\u00fcr 2012\">Jugendmusikschulen im Kreis BH: Zusch\u00fcsse f\u00fcr 2012?<\/a>&gt;Musik3 (16.12.2011)<\/li>\n<li><a href=\"https:\/\/www.freiburg-schwarzwald.de\/littenweiler\/fwtm.htm#Kongresszentrum Konzerthaus Freiburg\">Kongresszentrum Konzerthaus Freiburg<\/a>&gt;FWTM<\/li>\n<li><a href=\"https:\/\/www.freiburg-schwarzwald.de\/lied.htm#Liederaben.de - Freiburger Musikprojekt\">Liederaben.de \u2013 Freiburger Musikprojekt<\/a>&gt;Lied<\/li>\n<li><a href=\"https:\/\/www.freiburg-schwarzwald.de\/freiburg-persoenlich.htm#Bahar Kizil: Popstar mit Erfolgsband Monrose\">Monrose \u2013 Bahar Kizil: Popstar mit Erfolgsband Monrose<\/a>&gt;Freiburg-Persoenlich (16.11.2009)<\/li>\n<li><a href=\"https:\/\/www.freiburg-schwarzwald.de\/mundharmonika.htm\">Mundharmonika spielen<\/a>&gt;Mundharmonika<\/li>\n<li><a href=\"https:\/\/www.freiburg-schwarzwald.de\/musik#Musicosophia in St.Peter\">Musicosophia \u2013 Schule f\u00fcr die Ausbildung des Musikh\u00f6rens in St. Peter<\/a><\/li>\n<li><a href=\"https:\/\/www.freiburg-schwarzwald.de\/littenweiler\/bildung.htm#Musikhochschule Freiburg\">Musikhochschule Freiburg<\/a>&gt;Bildung<\/li>\n<li><a href=\"https:\/\/www.freiburg-schwarzwald.de\/musik#Musikschule Freiburg\">Musikschule Freiburg<\/a>&gt;Musik<\/li>\n<li><a href=\"https:\/\/www.freiburg-schwarzwald.de\/musik#Musikverein Horben\">Musikverein Horben<\/a><\/li>\n<li><a href=\"https:\/\/www.freiburg-schwarzwald.de\/musik#Oberbadischer Blasmusikverband\">Oberbadischer Blasmusikverband<\/a><\/li>\n<li><a href=\"https:\/\/www.freiburg-schwarzwald.de\/musik2.htm#\u00d6schfuzzis aus L\u00f6ffingen - 25 Jahre\">\u00d6schfuzzis aus L\u00f6ffingen \u2013 25 Jahre<\/a>&gt;Musik2 (21.2.2007)<\/li>\n<li><a href=\"https:\/\/www.freiburg-schwarzwald.de\/orgel.htm\">Orgel und Orgelbau<\/a>&gt;Orgel<\/li>\n<li><a href=\"https:\/\/www.freiburg-schwarzwald.de\/musik#PopChorn Hinterzarten\">PopChor\u2019n Hinterzarten<\/a><\/li>\n<li><a href=\"https:\/\/www.freiburg-schwarzwald.de\/musik#Rhythmik-Persussion - Rolf Grillo in Freiburg\">Rhythmik-Persussion \u2013 Rolf Grillo in Freiburg<\/a><\/li>\n<li><a href=\"https:\/\/www.freiburg-schwarzwald.de\/musik#Cordula Sauter - Akkordeonistin aus Freiburg\">Cordula Sauter \u2013 Akkordeonistin aus Freiburg<\/a><\/li>\n<li><a href=\"https:\/\/www.freiburg-schwarzwald.de\/littenweiler\/littenweiler11.htm#SaxoBeat aus Littenweiler spielt beim Papstbesuch\">SaxoBeat aus Littenweiler spielt beim Papstbesuch <\/a>&gt;Littenweiler11 (5.8.2011)<\/li>\n<li><a href=\"https:\/\/www.freiburg-schwarzwald.de\/musik#Scheuble - Mundartlieder\">Walter Scheuble \u2013 Mundartlieder aus Donaueschingen<\/a><\/li>\n<li><a href=\"https:\/\/www.freiburg-schwarzwald.de\/musik#Schwarzwald-Harmonika-Orchester Furtwangen e.V.\">Schwarzwald-Harmonika-Orchester Furtwangen e.V.<\/a><\/li>\n<li><a href=\"https:\/\/www.freiburg-schwarzwald.de\/elztal1.htm#Ortwin St\u00fcrmer - Pianist als Kollnau weltweit bekannt\">Ortwin St\u00fcrmer \u2013 Pianist als Kollnau weltweit bekannt<\/a>&gt;Elztal1 (3.5.2005)<\/li>\n<li><a href=\"https:\/\/www.freiburg-schwarzwald.de\/littenweiler\/musik.htm#Original St.Petermer Firobendmusik\">St.Peter: Fireobendmusik \u2013 Original St.Petermer Firobendmusik<\/a>&gt;Musik<\/li>\n<li><a href=\"https:\/\/www.freiburg-schwarzwald.de\/trachten.htm\">Trachtengruppen und -kapellen<\/a>&gt;Trachten<\/li>\n<li><a href=\"https:\/\/www.freiburg-schwarzwald.de\/musik#Trachtenkapelle Glottertal\">Trachtenkapelle Glottertal<\/a><\/li>\n<li><a href=\"https:\/\/www.freiburg-schwarzwald.de\/hang.htm#Tilo Wachter aus M\u00fcllheim\">Tilo Wachter aus M\u00fclheim<\/a>&gt;Hang<\/li>\n<li><a href=\"https:\/\/www.freiburg-schwarzwald.de\/musik#W\u00e4lderbuebe\">W\u00e4lderbuebe<\/a><\/li>\n<li><a href=\"https:\/\/www.freiburg-schwarzwald.de\/liedermacher.htm#Martin Wangler\">Martin Wangler, Liedermacher und Kabarettist aus Breitnau<\/a>&gt;Liedermacher<\/li>\n<li><a href=\"https:\/\/www.freiburg-schwarzwald.de\/musik#Wilde Engel - Band vom Hochschwarzwald\">Wilde Engel \u2013 Band vom Hochschwarzwald<\/a><\/li>\n<li><a href=\"https:\/\/www.freiburg-schwarzwald.de\/alemannisch\/alemannisch4.htm#Duo wunderfitz aus dem Wiesental im Oberrieder Klosterinnenhof\">wunderfitz \u2013 Duo aus dem Wiesental im Oberrieder Klosterinnenhof<\/a>&gt;Alemannisch4 (19.10.2005)<\/li>\n<li><a href=\"https:\/\/www.freiburg-schwarzwald.de\/musik#Young Musical Company Hinterzarten\">Young Musical Company Hinterzarten (YMCH)<\/a><\/li>\n<li><a href=\"https:\/\/www.freiburg-schwarzwald.de\/musik#Zithergruppe Schrumpf St.M\u00e4rgen: Von Zupfinstrumenten und einer japanischen Prinzessin\">Zithergruppe Ihringen in St.M\u00e4rgen<\/a><\/li>\n<li><a href=\"https:\/\/www.freiburg-schwarzwald.de\/littenweiler\/musik.htm#ZMF - neuer Zeltplatz, neue Rechtsform\">ZMF \u2013 Zelt-Musik-Festival<\/a>&gt;Musik<\/li>\n<li>\n<p align=\"left\">\u00a0<a href=\"https:\/\/www.freiburg-schwarzwald.de\/musik#Links\">Links<\/a><\/p>\n<\/li>\n<li>\n<div align=\"left\"><a title=\"Gesang\" href=\"https:\/\/www.freiburg-schwarzwald.de\/blog\/vereine\/musikvereine\/gesang\/\">Gesang &#8211; Gesangvereine<\/a><\/div>\n<\/li>\n<\/ul>\n<p><strong>\u00a0Musik in Freiburg und Dreisamtal<\/strong><\/p>\n<p>&nbsp;<\/p>\n<ul>\n<li><a href=\"https:\/\/www.freiburg-schwarzwald.de\/littenweiler\/musik.htm#Akkordeonclub H\u00f6llental e.V.\">Akkordeonclub H\u00f6llental e.V.<\/a><\/li>\n<li><a href=\"https:\/\/www.freiburg-schwarzwald.de\/littenweiler\/musik.htm#Black Forest Tigers\">Black Forest Tigers<\/a><\/li>\n<li><a href=\"https:\/\/www.freiburg-schwarzwald.de\/littenweiler\/musik.htm#Buschorchester Freiburg-St.Georgen\">Buschorchester Freiburg-St.Georgen<\/a><\/li>\n<li><a href=\"https:\/\/www.freiburg-schwarzwald.de\/littenweiler\/musik.htm#Camerata Instrumentale Freiburg\">Camerata Instrumentale Freiburg<\/a><\/li>\n<li><a href=\"https:\/\/www.freiburg-schwarzwald.de\/littenweiler\/gesang.htm\">Ch\u00f6re<\/a> &gt;Gesang<\/li>\n<li><a href=\"https:\/\/www.freiburg-schwarzwald.de\/littenweiler\/musik.htm#Dansa Mare aus Freiburg\">Dansa Mare aus Freiburg<\/a><\/li>\n<li><a href=\"https:\/\/www.freiburg-schwarzwald.de\/littenweiler\/musik.htm#Diese wunderbare Band\">Diese wunderbare Band<\/a><\/li>\n<li><a href=\"https:\/\/www.freiburg-schwarzwald.de\/littenweiler\/musik.htm#Djilai.de - Meistertrommler Nazaire Mann in Oberried\">Djilai.de &#8211; Meistertrommler Nazaire Mann in Oberried<\/a><\/li>\n<li><a href=\"https:\/\/www.freiburg-schwarzwald.de\/littenweiler\/kirchen.htm#Dommusik am Freiburger M\u00fcnster\">Dommusik am Freiburger M\u00fcnster<\/a> &gt;Kirchen<\/li>\n<li><a href=\"https:\/\/www.freiburg-schwarzwald.de\/littenweiler\/musik.htm#Drehorgelspieler Adi Oberst\">Drehorgelspieler Adi Oberst<\/a><\/li>\n<li><a href=\"https:\/\/www.freiburg-schwarzwald.de\/littenweiler\/wagensteig.htm#Dreisamtal-Duo: Olli Hinke und Biggi Zeiser\">Dreisamtal-Duo: Olli Hinke und Biggi Zeiser<\/a> &gt;Wagensteig (13.12.2007)<\/li>\n<li><a href=\"https:\/\/www.freiburg-schwarzwald.de\/littenweiler\/musik.htm#Dreisam Delta Bluesband aus Freiburg\">Dreisam Delta Bluesband aus Freiburg<\/a><\/li>\n<li><a href=\"https:\/\/www.freiburg-schwarzwald.de\/littenweiler\/musik.htm#ensemble recherche aus Freiburg\">ensemble recherche aus Freiburg<\/a><\/li>\n<li><a href=\"https:\/\/www.freiburg-schwarzwald.de\/littenweiler\/musik.htm#Freiburger Barockorchester\">Freiburger Barockorchester<\/a><\/li>\n<li><a href=\"https:\/\/www.freiburg-schwarzwald.de\/littenweiler\/strassenmusik.htm#Freiburger Celloquartett\">Freiburger Celloquartett<\/a> &gt;Strassenmusik<\/li>\n<li><a href=\"https:\/\/www.freiburg-schwarzwald.de\/littenweiler\/musik1.htm#Eschbach - Kirchenkonzert mit Frank Michael\">Eschbacher Kirchenkonzerte<\/a> &gt;Musik1<\/li>\n<li><a href=\"https:\/\/www.freiburg-schwarzwald.de\/littenweiler\/musik.htm#Folk o Kolores\">Folk o Kolores<\/a><\/li>\n<li><a href=\"https:\/\/www.freiburg-schwarzwald.de\/littenweiler\/musik.htm#Galgenberg Musikanten Ebnet\">Galgenberg Musikanten Ebnet<\/a><\/li>\n<li><a href=\"https:\/\/www.freiburg-schwarzwald.de\/littenweiler\/musik.htm#Galgenhumor - Integrative band aus Freiburg\">Galgenhumor &#8211; Integrative band aus Freiburg<\/a><\/li>\n<li><a href=\"https:\/\/www.freiburg-schwarzwald.de\/littenweiler\/gesang.htm\">Gesangvereine<\/a> &gt;Gesang<\/li>\n<li><a href=\"https:\/\/www.freiburg-schwarzwald.de\/littenweiler\/musik.htm#Gonzales La Familia\">Gonzales La Familia<\/a><\/li>\n<li><a href=\"https:\/\/www.freiburg-schwarzwald.de\/littenweiler\/musik.htm#Freiburg Gospel Chor\">Gospel-Chor Freiburg<\/a><\/li>\n<li><a href=\"https:\/\/www.freiburg-schwarzwald.de\/littenweiler\/musik.htm#oschehobel, Liedermacherduo\">Goschehobel, Liedermacherduo<\/a><\/li>\n<li><a href=\"https:\/\/www.freiburg-schwarzwald.de\/littenweiler\/musik.htm#Michael, Komponist aus Eschbach\">Frank Michael, Komponist aus Eschbach<\/a><\/li>\n<li><a href=\"https:\/\/www.freiburg-schwarzwald.de\/musik.htm#Freiburger Spielleyt\">Freiburger Spielleyt<\/a> &gt;frsw.de\/musik<\/li>\n<li><a href=\"https:\/\/www.freiburg-schwarzwald.de\/littenweiler\/bildung.htm#Jugend musiziert Freiburg\">Jugend musiziert Freiburg<\/a> &gt;Bildung<\/li>\n<li><a href=\"https:\/\/www.freiburg-schwarzwald.de\/littenweiler\/musik.htm#Felix Ketterer - Organist in Littenweiler\">Felix Ketterer &#8211; Organist in Littenweiler<\/a>&gt;Musik<\/li>\n<li><a href=\"https:\/\/www.freiburg-schwarzwald.de\/littenweiler\/musik.htm#Hinterhausjazzer - Frl. Mayers Hinterhaus Jazzer aus Freiburg\">Hinterhausjazzer &#8211; Frl. Mayer&#8217;s Hinterhaus Jazzer aus Freiburg<\/a> &gt;Musik<\/li>\n<li><a href=\"https:\/\/www.freiburg-schwarzwald.de\/littenweiler\/musik.htm#Kindliche Lernwelt Musik\">Kindliche Lernwelt Musik<\/a><\/li>\n<li><a href=\"https:\/\/www.freiburg-schwarzwald.de\/littenweiler\/fwtm.htm#Kongresszentrum Konzerthaus Freiburg\">Kongresszentrum Konzerthaus Freiburg<\/a> &gt;FWTM<\/li>\n<li><a href=\"https:\/\/www.freiburg-schwarzwald.de\/littenweiler\/musik.htm#Kulturkreis Oberried - Konzert-im-Kloster.de\">Kulturkreis Oberried &#8211; Konzert-im-Kloster.de<\/a><\/li>\n<li><a href=\"https:\/\/www.freiburg-schwarzwald.de\/littenweiler\/musik3.htm#La Chapelle de la Vigne spielt Baschsche Kantaten\">La Chapelle de la Vigne spielt Basch&#8217;sche Kantaten<\/a> &gt;Musik3 (16.3.2009)<\/li>\n<li><a href=\"https:\/\/www.freiburg-schwarzwald.de\/musik2.htm#Liederlich - Dreisamt\u00e4ler Gruppe spielt seit 20 Jahren Lieder aus aller Welt\">Liederlich\u00a0 &#8211; Dreisamt\u00e4ler Gruppe spielt seit 20 Jahren Lieder aus aller Welt<\/a> &gt;Musik2 (6.11.2008)<\/li>\n<li><a href=\"https:\/\/www.freiburg-schwarzwald.de\/littenweiler\/musik3.htm#Manfred Many Siewert: Bewegender Abschied - Elvis lernt Alemannisch\">Many &#8211; Bewegender Abschied &#8211; Elvis lernt Alemannisch<\/a> &gt;Musik3 (30.9.2008)<\/li>\n<li><a href=\"https:\/\/www.freiburg-schwarzwald.de\/littenweiler\/musik.htm#Matthias Reinelt - Rock und Pop Alleinunterhalter aus Freiburg\">Matthias Reinelt &#8211; Rock und Pop Alleinunterhalter aus Freiburg<\/a><\/li>\n<li><a href=\"https:\/\/www.freiburg-schwarzwald.de\/littenweiler\/musik.htm#Multicore - Freiburgs Initiative f\u00fcr Live-Musik\">Multicore &#8211; Freiburgs Initiative f\u00fcr Live-Musik<\/a><\/li>\n<li><a href=\"https:\/\/www.freiburg-schwarzwald.de\/mundharmonika.htm#Mundharmonika-Stammtisch Freiburg\">Mundharmonika-Stammtisch Freiburg<\/a>&gt;Mundharmonika<\/li>\n<li><a href=\"https:\/\/www.freiburg-schwarzwald.de\/littenweiler\/musik.htm#Musikgarten Dreisamtal\">Musikgarten Dreisamtal <\/a>&gt;Musik<\/li>\n<li><a href=\"https:\/\/www.freiburg-schwarzwald.de\/littenweiler\/bildung.htm#Musikhochschule Freiburg\">Musikhochschule Freiburg<\/a>&gt;Bildung<\/li>\n<li><a href=\"https:\/\/www.freiburg-schwarzwald.de\/musik.htm#Musikschule Freiburg\">Musikschule Freiburg<\/a> &gt;Musik<\/li>\n<li><a href=\"https:\/\/www.freiburg-schwarzwald.de\/littenweiler\/musik.htm#Musikverein Buchenbach\">Musikverein Buchenbach<\/a><\/li>\n<li><a href=\"https:\/\/www.freiburg-schwarzwald.de\/littenweiler\/musik.htm#Musikverein Eschbach\">Musikverein Eschbach<\/a><\/li>\n<li><a href=\"https:\/\/www.freiburg-schwarzwald.de\/littenweiler\/musik.htm#Musikverein Freiburg Ebnet\">Musikverein Freiburg-Ebnet<\/a><\/li>\n<li><a href=\"https:\/\/www.freiburg-schwarzwald.de\/littenweiler\/musik.htm#Musikverein Freiburg Kappel e.V.\">Musikverein Freiburg-Kappel<\/a><\/li>\n<li><a href=\"https:\/\/www.freiburg-schwarzwald.de\/littenweiler\/musik.htm#Musikverein Littenweiler\">Musikverein Freiburg-Littenweiler<\/a><\/li>\n<li><a href=\"https:\/\/www.freiburg-schwarzwald.de\/littenweiler\/musik.htm#Musikverein Littenweiler aktiviert Jugendarbeit\">Musikverein Littenweiler aktiviert Jugendarbeit<\/a><\/li>\n<li><a href=\"https:\/\/www.freiburg-schwarzwald.de\/littenweiler\/musik.htm#Musikverein Freiburg-Mooswald e.V.\">Musikverein Freiburg-Mooswald<\/a><\/li>\n<li><a href=\"https:\/\/www.freiburg-schwarzwald.de\/littenweiler\/musik.htm#Musikverein Kirchzarten\">Musikverein Kirchzarten<\/a><\/li>\n<li><a href=\"https:\/\/www.freiburg-schwarzwald.de\/littenweiler\/musik.htm#Musikverein Wittental\">Musikverein Wittental<\/a><\/li>\n<li><a href=\"https:\/\/www.freiburg-schwarzwald.de\/littenweiler\/himmelreich1.htm#Drehorgel von Adi Oberst spielt dem Himmelreich 1200 Euro zu\">Oberst Adi: Drehorgel spielt dem Himmelreich 1200 Euro zu<\/a> &gt;Himmelreich (7.3.2008)<\/li>\n<li><a href=\"https:\/\/www.freiburg-schwarzwald.de\/littenweiler\/musik.htm#Orchestergemeinschaft\">Orchestergemeinschaft FR<\/a><\/li>\n<li><a href=\"https:\/\/www.freiburg-schwarzwald.de\/littenweiler\/musik.htm#Firobemusik St.Peter\">Original St.Petermer Firobemusik<\/a><\/li>\n<li><a href=\"https:\/\/www.freiburg-schwarzwald.de\/littenweiler\/musik.htm#Pape Dieye in FR-Littenweiler\">Pape Dieye in FR-Littenweiler<\/a><\/li>\n<li><a href=\"https:\/\/www.freiburg-schwarzwald.de\/littenweiler\/musik.htm#Parnassi musici - Quartett aus Freiburg\">Parnassi musici &#8211; Barockensemble aus Freiburg\u00a0<\/a><\/li>\n<li><a href=\"https:\/\/www.freiburg-schwarzwald.de\/littenweiler\/musik.htm#Betty Pettersson - Harfenistin aus Freiburg\">Betty Pettersson &#8211; Harfenistin aus Freiburg<\/a><\/li>\n<li><a href=\"https:\/\/www.freiburg-schwarzwald.de\/littenweiler\/strassenmusik.htm#Philadelphia Band\">Philadelphia Band<\/a> &gt;Strassenmusik<\/li>\n<li><a href=\"https:\/\/www.freiburg-schwarzwald.de\/littenweiler\/musik.htm#Rock am Bach im Dreisamtal\">Rock am Bach im Dreisamtal<\/a><\/li>\n<li><a href=\"https:\/\/www.freiburg-schwarzwald.de\/littenweiler\/musik.htm#Thomas Scheytt - Blues-Pianist\">Thomas Scheytt &#8211; Blues-Pianist in Freiburg<\/a><\/li>\n<li><a href=\"https:\/\/www.freiburg-schwarzwald.de\/littenweiler\/gesang.htm\">Singgruppen<\/a> &gt;Gesang<\/li>\n<li><a href=\"https:\/\/www.freiburg-schwarzwald.de\/littenweiler\/musik.htm#Streetstompers aus dem Dreisamtal\">Streetstompers aus dem Dreisamtal<\/a><\/li>\n<li><a href=\"https:\/\/www.freiburg-schwarzwald.de\/littenweiler\/musik.htm#Stubenmusik Freiburg-St.Georgen\">Stubenmusik Freiburg-St.Georgen<\/a><\/li>\n<li><a href=\"https:\/\/www.freiburg-schwarzwald.de\/littenweiler\/musik.htm#Firobemusik St.Peter\">St.Peter: Fireobemusik &#8211; Original St.Petermer Firobemusik<\/a> &gt;Musik<\/li>\n<li><a href=\"https:\/\/www.freiburg-schwarzwald.de\/littenweiler\/musik2.htm#Zehn Jahre Templestudio - Tonstudio in Ebnet\">Templestudio &#8211; Tonstudio in Ebnet<\/a> (5.10.2005)<\/li>\n<li><a href=\"https:\/\/www.freiburg-schwarzwald.de\/trachten.htm\">Trachtengruppen und -vereine<\/a> &gt;Trachten<\/li>\n<li><a href=\"https:\/\/www.freiburg-schwarzwald.de\/littenweiler\/musik.htm#Diese wunderbare Band\">Wunderbare Band<\/a><\/li>\n<li><a href=\"https:\/\/www.freiburg-schwarzwald.de\/littenweiler\/musik.htm#ZMF - neuer Zeltplatz, neue Rechtsform\">Zelt-Musik-Festival Freiburg &#8211; Neues Zelt &#8211; Neue Rechtsform<\/a><\/li>\n<li><a href=\"https:\/\/www.freiburg-schwarzwald.de\/musik.htm\">Zithergruppe Schrumpf in St.M\u00e4rgen<\/a><\/li>\n<\/ul>\n","protected":false},"excerpt":{"rendered":"<p>Home &gt;Vereine &gt;Musik &gt;Musikvereine Musikanten, Musikvereine, Barden, Spielleut,\u00a0Kapellen, Lieders\u00e4nger, &#8230; Listenauswahl eines Beitrags (Artikel\/Datum, Seite\/Inhalt):\u00a0Klicken\u00a0oder scrollen Jugendsinfonieorchester Freiburg: Unterst\u00fctzung bei Gr\u00fcndung (17.11.2025) https:\/\/www.freiburg-schwarzwald.de\/blog\/musikverein-ebnet-90-jahre\/\u00a0(30.9.2013) ANDROMEDA \u2013 Persussion-Ensemble\u00a0 &gt;Muellheim Bad Krozingen \u2013 Schlo\u00dfkonzerte Basseltang un Liechtsp\u00f6h \u2013 Mundartgruppe aus Lahr Bergland-Echo und &hellip; <a href=\"https:\/\/www.freiburg-schwarzwald.de\/blog\/vereine\/musikvereine\/\">Weiterlesen <span class=\"meta-nav\">&rarr;<\/span><\/a><\/p>\n","protected":false},"author":2,"featured_media":0,"parent":49,"menu_order":0,"comment_status":"open","ping_status":"closed","template":"","meta":{"footnotes":""},"class_list":["post-224","page","type-page","status-publish","hentry"],"_links":{"self":[{"href":"https:\/\/www.freiburg-schwarzwald.de\/blog\/wp-json\/wp\/v2\/pages\/224","targetHints":{"allow":["GET"]}}],"collection":[{"href":"https:\/\/www.freiburg-schwarzwald.de\/blog\/wp-json\/wp\/v2\/pages"}],"about":[{"href":"https:\/\/www.freiburg-schwarzwald.de\/blog\/wp-json\/wp\/v2\/types\/page"}],"author":[{"embeddable":true,"href":"https:\/\/www.freiburg-schwarzwald.de\/blog\/wp-json\/wp\/v2\/users\/2"}],"replies":[{"embeddable":true,"href":"https:\/\/www.freiburg-schwarzwald.de\/blog\/wp-json\/wp\/v2\/comments?post=224"}],"version-history":[{"count":1,"href":"https:\/\/www.freiburg-schwarzwald.de\/blog\/wp-json\/wp\/v2\/pages\/224\/revisions"}],"predecessor-version":[{"id":141770,"href":"https:\/\/www.freiburg-schwarzwald.de\/blog\/wp-json\/wp\/v2\/pages\/224\/revisions\/141770"}],"up":[{"embeddable":true,"href":"https:\/\/www.freiburg-schwarzwald.de\/blog\/wp-json\/wp\/v2\/pages\/49"}],"wp:attachment":[{"href":"https:\/\/www.freiburg-schwarzwald.de\/blog\/wp-json\/wp\/v2\/media?parent=224"}],"curies":[{"name":"wp","href":"https:\/\/api.w.org\/{rel}","templated":true}]}}