{"id":22115,"date":"2013-02-12T12:31:49","date_gmt":"2013-02-12T11:31:49","guid":{"rendered":"https:\/\/www.freiburg-schwarzwald.de\/blog\/?page_id=22115"},"modified":"2022-04-01T12:33:58","modified_gmt":"2022-04-01T10:33:58","slug":"dorfladen","status":"publish","type":"page","link":"https:\/\/www.freiburg-schwarzwald.de\/blog\/business\/handel\/dorfladen\/","title":{"rendered":"Dorfladen"},"content":{"rendered":"<p>Home &gt;<a title=\"Business\" href=\"https:\/\/www.freiburg-schwarzwald.de\/blog\/business\/\">Business<\/a> &gt;<a title=\"Handel\" href=\"https:\/\/www.freiburg-schwarzwald.de\/blog\/business\/handel\/\">Handel<\/a> &gt;Dorfladen<\/p>\n<div class=\"mceTemp\">\n<div id=\"attachment_20595\" style=\"width: 649px\" class=\"wp-caption alignnone\"><a href=\"https:\/\/www.freiburg-schwarzwald.de\/blog\/selbsthilfe\/krise\/suizid\/seebuck1herzogenhorn-pan130107\/\" rel=\"attachment wp-att-20595\"><img loading=\"lazy\" decoding=\"async\" aria-describedby=\"caption-attachment-20595\" class=\"size-full wp-image-20595\" title=\"seebuck1herzogenhorn-pan130107\" src=\"https:\/\/www.freiburg-schwarzwald.de\/blog\/wp-content\/uploads\/2012\/06\/seebuck1herzogenhorn-pan130107.jpg\" alt=\"\" width=\"639\" height=\"209\" srcset=\"https:\/\/www.freiburg-schwarzwald.de\/blog\/wp-content\/uploads\/2012\/06\/seebuck1herzogenhorn-pan130107.jpg 639w, https:\/\/www.freiburg-schwarzwald.de\/blog\/wp-content\/uploads\/2012\/06\/seebuck1herzogenhorn-pan130107-180x58.jpg 180w\" sizes=\"auto, (max-width: 639px) 100vw, 639px\" \/><\/a><p id=\"caption-attachment-20595\" class=\"wp-caption-text\">Blick vom Feldberg-Seebuck nach S\u00fcden \u00fcbers Herzogenhorn und den Hochrheinnebel zu den Alpen am 7.1.2013<\/p><\/div>\n<\/div>\n<ul>\n<li><a href=\"https:\/\/www.freiburg-schwarzwald.de\/blog\/cap-markt-laden-supermarkt\/\">CAP-Markt: Dorfladen &#8211; Supermarkt<\/a> (25.3.2022)<\/li>\n<li><a href=\"https:\/\/www.freiburg-schwarzwald.de\/blog\/ece-shopping-mall-in-freiburg\/\">https:\/\/www.freiburg-schwarzwald.de\/blog\/ece-shopping-mall-in-freiburg\/<\/a>\u00a0(27.2.2013)<\/li>\n<li><a href=\"https:\/\/www.freiburg-schwarzwald.de\/tanteemma1.htm\">Aktuelle Infos zur TanteEmma-Seite<\/a> &gt;TanteEmma1<\/li>\n<li><a href=\"https:\/\/www.freiburg-schwarzwald.de\/genossenschaften1.htm#Verbrauchergenossenschaft sL\u00e4dele in \u00d6hningen-Schienen\">Verbrauchergenossenschaft s&#8217;L\u00e4dele in \u00d6hningen-Schienen<\/a> &gt;Genossenschaften1 (16.9.2006)<\/li>\n<li><a href=\"https:\/\/www.freiburg-schwarzwald.de\/stpeter4.htm#Waltrauds Wundert\u00fcte in St.Peter am Bertoldsplatz\">Waltrauds Wundert\u00fcte in St.Peter am Bertoldsplatz<\/a> &gt;StPeter4 (12.5.2006)<\/li>\n<li><a href=\"https:\/\/www.freiburg-schwarzwald.de\/tanteemma.htm#Der Wolf in Wehr - jenseits der Discounter-Hektik\">Der Wolf in Wehr &#8211; jenseits der Discounter-Hektik<\/a> (12.1.2006)<\/li>\n<li><a href=\"https:\/\/www.freiburg-schwarzwald.de\/tanteemma.htm#Tante Emma gibt es wieder in R\u00fcmmingen\">Tante Emma gibt es wieder in R\u00fcmmingen<\/a> (31.1.2006)<\/li>\n<li><a href=\"https:\/\/www.freiburg-schwarzwald.de\/littenweiler\/stgeorgen.htm#Im Sinne der kleinen Gesch\u00e4fte entscheiden\">Im Sinne der kleinen Gesch\u00e4fte entscheiden<\/a> &gt;StGeorgen (28.2.2007)<\/li>\n<li><a href=\"https:\/\/www.freiburg-schwarzwald.de\/littenweiler\/handel1.htm#\u00dcberlebenstipps f\u00fcr Tante Emma im Dreisamtal\">\u00dcberlebenstipps f\u00fcr Tante Emma im Dreisamtal<\/a> &gt;freiburg-dreisamtal.de\/handel1.htm (15.8.05)<\/li>\n<li><a href=\"https:\/\/www.freiburg-schwarzwald.de\/tanteemma.htm#Wenn der letzte Laden im Ort schlie\u00dft\">Wenn der letzte Laden im Ort schlie\u00dft<\/a> (18.11.2006)<\/li>\n<li><a href=\"https:\/\/www.freiburg-schwarzwald.de\/tanteemma.htm#Modellprojekt Virtueller Dorfladen in Wannweil (Landkreis Reutlingen) gestartet\">Modellprojekt &#8222;Virtueller Dorfladen&#8220; in Wannweil (Landkreis Reutlingen) gestartet<\/a> (4.12.2004)<\/li>\n<li><a href=\"https:\/\/www.freiburg-schwarzwald.de\/landwirt1.htm#Lebensqualit\u00e4t durch N\u00e4he - Projekt mit Wittnau\">Lebensqualit\u00e4t durch N\u00e4he &#8211; Projekt mit Wittnau<\/a> &gt;Landwirt1 (8.12.2003)<\/li>\n<li><a href=\"https:\/\/www.freiburg-schwarzwald.de\/littenweiler\/dorfblatt\/index.htm#Tante Emma-L\u00e4den im Kommen\" target=\"_self\" rel=\"noopener\">Tante Emma L\u00e4den im Kommen &#8211; gewinnen Kleinbetriebe an Bedeutung?<\/a> &gt;Dorfblatt (1998)<\/li>\n<li><a href=\"https:\/\/www.freiburg-schwarzwald.de\/littenweiler\/werkzeuge.htm#Bauer - Eisenwaren und Gartenbedarf am Schwabentor\">Bauer &#8211; Eisenwaren und Gartenbedarf am Schwabentor<\/a> &gt;Werkzeuge<\/li>\n<li><a href=\"https:\/\/www.freiburg-schwarzwald.de\/littenweiler\/vauban1.htm#Bennys Backwaren - die Pinnwand vom Vauban\">Bennys Backwaren &#8211; die Pinnwand vom Vauban<\/a> &gt;Vauban1 (4.10.2010)<\/li>\n<li><a href=\"https:\/\/www.freiburg-schwarzwald.de\/bollschweil.htm#Bolando - H\u00f6llriglhaus\">bolando im H\u00f6llriglhaus Bollschweil mit Laden und Gastst\u00e4tte<\/a> &gt;Bollschweil<\/li>\n<li><a href=\"https:\/\/www.freiburg-schwarzwald.de\/littenweiler\/wiehre2.htm#Hanaks Tante-Emma-Laden in der Hildastrasse\">Hanaks Tante-Emma-Laden in der Hildastrasse<\/a> &gt;Wiehre2<\/li>\n<li><a href=\"https:\/\/www.freiburg-schwarzwald.de\/tanteemma.htm#Tante Emma-L\u00e4den in Freiburg-Haslach\">Hannis L\u00e4dele in der Gartenstadt Freiburg-Haslach<\/a> (4.3.2006)<\/li>\n<li><a href=\"https:\/\/www.freiburg-schwarzwald.de\/tanteemma.htm#Hirzberg-L\u00e4dele in der Kart\u00e4userstrasse\">Hirzberg-L\u00e4dele in der Kart\u00e4userstrasse<\/a><\/li>\n<li><a href=\"https:\/\/www.freiburg-schwarzwald.de\/laden.htm#Spielzeugladen Holzpferd in der Gerberau\">Laden, Inhabergef\u00fchrte kleine L\u00e4den<\/a>&gt;Laden<\/li>\n<li><a title=\"Menzenschwand-Heimatsinn\" href=\"https:\/\/www.freiburg-schwarzwald.de\/blog\/business\/handel\/dorfladen\/menzenschwand-heimatsinn\/\">Menzenschwand-Heimatsinn<\/a><\/li>\n<li><a href=\"https:\/\/www.freiburg-schwarzwald.de\/tanteemma.htm#Link\">Links<\/a><\/li>\n<li><a href=\"https:\/\/www.freiburg-schwarzwald.de\/direktvermarktung.htm\">Direktvermarktung landwirtschaftl. Produkte<\/a> &gt;Direktvermarktung<\/li>\n<li><a href=\"https:\/\/www.freiburg-schwarzwald.de\/dorf.htm\">D\u00f6rfer<\/a> &gt;Dorf<\/li>\n<li><a href=\"https:\/\/www.freiburg-schwarzwald.de\/hofladen1.htm#Dorfl\u00e4den werden immer weniger\">Dorfl\u00e4den werden immer weniger<\/a> &gt;Hofladen1 (30.7.2004)<\/li>\n<li><a title=\"FairerHandel\" href=\"https:\/\/www.freiburg-schwarzwald.de\/blog\/global\/fairerhandel\/\">Fairer Handel<\/a> &gt;FairerHandel<\/li>\n<li><a title=\"Weltladen\" href=\"https:\/\/www.freiburg-schwarzwald.de\/blog\/business\/handel\/weltladen\/\">Umweltl\u00e4den<\/a> &gt;EineWelt<\/li>\n<li><a href=\"https:\/\/www.freiburg-schwarzwald.de\/ecommerce.htm\">Handel online<\/a> &gt;eCommerce<\/li>\n<\/ul>\n","protected":false},"excerpt":{"rendered":"<p>Home &gt;Business &gt;Handel &gt;Dorfladen CAP-Markt: Dorfladen &#8211; Supermarkt (25.3.2022) https:\/\/www.freiburg-schwarzwald.de\/blog\/ece-shopping-mall-in-freiburg\/\u00a0(27.2.2013) Aktuelle Infos zur TanteEmma-Seite &gt;TanteEmma1 Verbrauchergenossenschaft s&#8217;L\u00e4dele in \u00d6hningen-Schienen &gt;Genossenschaften1 (16.9.2006) Waltrauds Wundert\u00fcte in St.Peter am Bertoldsplatz &gt;StPeter4 (12.5.2006) Der Wolf in Wehr &#8211; jenseits der Discounter-Hektik (12.1.2006) Tante Emma &hellip; <a href=\"https:\/\/www.freiburg-schwarzwald.de\/blog\/business\/handel\/dorfladen\/\">Weiterlesen <span class=\"meta-nav\">&rarr;<\/span><\/a><\/p>\n","protected":false},"author":4,"featured_media":0,"parent":814,"menu_order":0,"comment_status":"open","ping_status":"closed","template":"","meta":{"footnotes":""},"class_list":["post-22115","page","type-page","status-publish","hentry"],"_links":{"self":[{"href":"https:\/\/www.freiburg-schwarzwald.de\/blog\/wp-json\/wp\/v2\/pages\/22115","targetHints":{"allow":["GET"]}}],"collection":[{"href":"https:\/\/www.freiburg-schwarzwald.de\/blog\/wp-json\/wp\/v2\/pages"}],"about":[{"href":"https:\/\/www.freiburg-schwarzwald.de\/blog\/wp-json\/wp\/v2\/types\/page"}],"author":[{"embeddable":true,"href":"https:\/\/www.freiburg-schwarzwald.de\/blog\/wp-json\/wp\/v2\/users\/4"}],"replies":[{"embeddable":true,"href":"https:\/\/www.freiburg-schwarzwald.de\/blog\/wp-json\/wp\/v2\/comments?post=22115"}],"version-history":[{"count":1,"href":"https:\/\/www.freiburg-schwarzwald.de\/blog\/wp-json\/wp\/v2\/pages\/22115\/revisions"}],"predecessor-version":[{"id":99790,"href":"https:\/\/www.freiburg-schwarzwald.de\/blog\/wp-json\/wp\/v2\/pages\/22115\/revisions\/99790"}],"up":[{"embeddable":true,"href":"https:\/\/www.freiburg-schwarzwald.de\/blog\/wp-json\/wp\/v2\/pages\/814"}],"wp:attachment":[{"href":"https:\/\/www.freiburg-schwarzwald.de\/blog\/wp-json\/wp\/v2\/media?parent=22115"}],"curies":[{"name":"wp","href":"https:\/\/api.w.org\/{rel}","templated":true}]}}