{"id":22105,"date":"2013-02-12T12:11:11","date_gmt":"2013-02-12T11:11:11","guid":{"rendered":"https:\/\/www.freiburg-schwarzwald.de\/blog\/?page_id=22105"},"modified":"2013-03-31T18:58:33","modified_gmt":"2013-03-31T16:58:33","slug":"menzenschwand-heimatsinn","status":"publish","type":"page","link":"https:\/\/www.freiburg-schwarzwald.de\/blog\/business\/handel\/dorfladen\/menzenschwand-heimatsinn\/","title":{"rendered":"Menzenschwand-Heimatsinn"},"content":{"rendered":"<p>\u00a0Home &gt;<a title=\"Business\" href=\"https:\/\/www.freiburg-schwarzwald.de\/blog\/business\/\">Business<\/a> &gt;<a title=\"Handel\" href=\"https:\/\/www.freiburg-schwarzwald.de\/blog\/business\/handel\/\">Handel<\/a> &gt;<a title=\"Dorfladen\" href=\"https:\/\/www.freiburg-schwarzwald.de\/blog\/business\/handel\/dorfladen\/\">Dorfladen<\/a>\u00a0&gt;Menzenschwand-Heimatsinn<\/p>\n<div id=\"attachment_20595\" style=\"width: 649px\" class=\"wp-caption alignnone\"><a href=\"https:\/\/www.freiburg-schwarzwald.de\/blog\/selbsthilfe\/krise\/suizid\/seebuck1herzogenhorn-pan130107\/\" rel=\"attachment wp-att-20595\"><img loading=\"lazy\" decoding=\"async\" aria-describedby=\"caption-attachment-20595\" class=\"size-full wp-image-20595\" title=\"seebuck1herzogenhorn-pan130107\" src=\"https:\/\/www.freiburg-schwarzwald.de\/blog\/wp-content\/uploads\/2012\/06\/seebuck1herzogenhorn-pan130107.jpg\" alt=\"\" width=\"639\" height=\"209\" srcset=\"https:\/\/www.freiburg-schwarzwald.de\/blog\/wp-content\/uploads\/2012\/06\/seebuck1herzogenhorn-pan130107.jpg 639w, https:\/\/www.freiburg-schwarzwald.de\/blog\/wp-content\/uploads\/2012\/06\/seebuck1herzogenhorn-pan130107-180x58.jpg 180w\" sizes=\"auto, (max-width: 639px) 100vw, 639px\" \/><\/a><p id=\"caption-attachment-20595\" class=\"wp-caption-text\">Blick vom Feldberg-Seebuck nach S\u00fcden \u00fcbers Herzogenhorn und den Hochrheinnebel zu den Alpen am 7.1.2013<\/p><\/div>\n<ul>\n<li>SWR Schwarzwaldgeschichten &#8211; Von Ziegen und Wunderheilern (10.3.2013)<\/li>\n<li><a href=\"https:\/\/www.freiburg-schwarzwald.de\/menzenschwand1.htm#Benno Kaiser nutzt die Berge, um seine Heimat zu st\u00e4rken\">Benno Kaiser nutzt die Berge, um seine Heimat zu st\u00e4rken<\/a>\u00a0&gt;Menzenschwand1 (31.12.2011)<\/li>\n<li>HEIMATsinn Schwarzwald &#8211; heimische Produkte<\/li>\n<li>Ziegenhof Menzenschwand<\/li>\n<li><a title=\"Menzenschwand\" href=\"https:\/\/www.freiburg-schwarzwald.de\/blog\/regio\/orte\/menzenschwand\/\">Menzenschwand<\/a><\/li>\n<\/ul>\n<p>&nbsp;<\/p>\n<p>&nbsp;<\/p>\n<p><strong>HEIMATsinn Schwarzwald &#8211; heimische Produkte<\/strong><\/p>\n<p>Im Mai 2010 er\u00f6ffnete Benno Kaiser mit Anja Keller und Stefanie Ganter das Gesch\u00e4ft Heimatsinn:<br \/>\n&#8222;Unsere Produkte sind von der Vielfalt inspiriert, die uns der Schwarzwald bietet, der Liebe zu unserer Region und dem einzigartigen Reichtum, mit dem Sie uns beschenkt. Vor allem aber auch von den Menschen, die dort leben und unsere Produkte in liebevoller und sorgf\u00e4ltiger Handarbeit fertigen&#8220;<\/p>\n<p>Heimatsinn &#8211; Dorfladen in\u00a0Menzen\u00adschwand,<br \/>\nmontags, dienstags, donnerstags und freitags 9.00-12.30 Uhr und 15.00-18.30 Uhr, samstags 9.00-16.00 Uhr<br \/>\nAnja Keller, Benno Kaiser, Stefanie Ganter GbR<br \/>\nHinterdorfstra\u00dfe 12, 79837 Menzenschwand, Tel 0 76 75 . 9 29 87 42<br \/>\n<a href=\"https:\/\/www.heimatsinn-schwarzwald.de\/\">www.heimatsinn-schwarzwald.de<\/a><\/p>\n<p>\u00a0<a href=\"https:\/\/www.freiburg-schwarzwald.de\/blog\/business\/handel\/dorfladen\/menzenschwand-heimatsinn\/menzenschwand14hinterdorf-heimatsinn130316\/\" rel=\"attachment wp-att-26047\"><img loading=\"lazy\" decoding=\"async\" class=\"alignnone size-thumbnail wp-image-26047\" title=\"menzenschwand14hinterdorf-heimatsinn130316\" src=\"https:\/\/www.freiburg-schwarzwald.de\/blog\/wp-content\/uploads\/2013\/02\/menzenschwand14hinterdorf-heimatsinn130316-180x135.jpg\" alt=\"\" width=\"180\" height=\"135\" srcset=\"https:\/\/www.freiburg-schwarzwald.de\/blog\/wp-content\/uploads\/2013\/02\/menzenschwand14hinterdorf-heimatsinn130316-180x135.jpg 180w, https:\/\/www.freiburg-schwarzwald.de\/blog\/wp-content\/uploads\/2013\/02\/menzenschwand14hinterdorf-heimatsinn130316.jpg 640w\" sizes=\"auto, (max-width: 180px) 100vw, 180px\" \/><\/a>\u00a0\u00a0\u00a0\u00a0\u00a0\u00a0\u00a0\u00a0\u00a0 <a href=\"https:\/\/www.freiburg-schwarzwald.de\/blog\/business\/handel\/dorfladen\/menzenschwand-heimatsinn\/menzenschwand15hinterdorf-heimatsinn130316\/\" rel=\"attachment wp-att-26048\"><img loading=\"lazy\" decoding=\"async\" title=\"menzenschwand15hinterdorf-heimatsinn130316\" src=\"https:\/\/www.freiburg-schwarzwald.de\/blog\/wp-content\/uploads\/2013\/02\/menzenschwand15hinterdorf-heimatsinn130316-180x135.jpg\" alt=\"\" width=\"180\" height=\"135\" \/><\/a>\u00a0\u00a0\u00a0\u00a0\u00a0\u00a0\u00a0\u00a0\u00a0 <a href=\"https:\/\/www.freiburg-schwarzwald.de\/blog\/business\/handel\/dorfladen\/menzenschwand-heimatsinn\/menzenschwand16hinterdorf-heimatsinn130316\/\" rel=\"attachment wp-att-26049\"><img loading=\"lazy\" decoding=\"async\" class=\"alignnone size-thumbnail wp-image-26049\" title=\"menzenschwand16hinterdorf-heimatsinn130316\" src=\"https:\/\/www.freiburg-schwarzwald.de\/blog\/wp-content\/uploads\/2013\/02\/menzenschwand16hinterdorf-heimatsinn130316-180x135.jpg\" alt=\"\" width=\"180\" height=\"135\" srcset=\"https:\/\/www.freiburg-schwarzwald.de\/blog\/wp-content\/uploads\/2013\/02\/menzenschwand16hinterdorf-heimatsinn130316-180x135.jpg 180w, https:\/\/www.freiburg-schwarzwald.de\/blog\/wp-content\/uploads\/2013\/02\/menzenschwand16hinterdorf-heimatsinn130316.jpg 640w\" sizes=\"auto, (max-width: 180px) 100vw, 180px\" \/><\/a><br \/>\n(1)\u00a0Heimatsinn 16.3.2013\u00a0\u00a0\u00a0\u00a0\u00a0\u00a0\u00a0\u00a0\u00a0\u00a0\u00a0\u00a0\u00a0\u00a0\u00a0\u00a0\u00a0\u00a0\u00a0\u00a0\u00a0\u00a0\u00a0 (2) St\u00fcble\u00a0\u00a0\u00a0\u00a0\u00a0\u00a0\u00a0\u00a0\u00a0\u00a0\u00a0\u00a0\u00a0\u00a0\u00a0\u00a0\u00a0\u00a0\u00a0\u00a0\u00a0\u00a0\u00a0\u00a0\u00a0\u00a0\u00a0\u00a0\u00a0\u00a0\u00a0\u00a0\u00a0\u00a0\u00a0\u00a0\u00a0\u00a0\u00a0\u00a0\u00a0\u00a0\u00a0\u00a0\u00a0\u00a0\u00a0\u00a0\u00a0\u00a0\u00a0\u00a0 (3) Verkaufsraum Heimatsinn<\/p>\n<p><a href=\"https:\/\/www.freiburg-schwarzwald.de\/blog\/business\/handel\/dorfladen\/menzenschwand-heimatsinn\/menzenschwand17hinterdorf-heimatsinn-kaiser130316\/\" rel=\"attachment wp-att-26050\"><img loading=\"lazy\" decoding=\"async\" class=\"alignnone size-thumbnail wp-image-26050\" title=\"menzenschwand17hinterdorf-heimatsinn-kaiser130316\" src=\"https:\/\/www.freiburg-schwarzwald.de\/blog\/wp-content\/uploads\/2013\/02\/menzenschwand17hinterdorf-heimatsinn-kaiser130316-180x135.jpg\" alt=\"\" width=\"180\" height=\"135\" srcset=\"https:\/\/www.freiburg-schwarzwald.de\/blog\/wp-content\/uploads\/2013\/02\/menzenschwand17hinterdorf-heimatsinn-kaiser130316-180x135.jpg 180w, https:\/\/www.freiburg-schwarzwald.de\/blog\/wp-content\/uploads\/2013\/02\/menzenschwand17hinterdorf-heimatsinn-kaiser130316.jpg 640w\" sizes=\"auto, (max-width: 180px) 100vw, 180px\" \/><\/a><br \/>\n(4) Benno Kaiser 16.3.2013<\/p>\n<p>&nbsp;<\/p>\n<p><strong>Ziegenhof Menzenschwand <\/strong><\/p>\n<p>Im Herbst 2012 konnte Benno Kaiser mit seinem Bruder und einem Kollegen, die beide Mutterkuhhaltung betreiben, zwei neue St\u00e4lle im Menzenschwander Tal in Betrieb nehmen. Mit dem Krunkelbachhof ist nun die Voraussetzung daf\u00fcr geschaffen, dass die Herde auf 100 Ziegen vergr\u00f6\u00dfert werden kann.<\/p>\n<p>Benno Kaiser, Vorderdorfstra\u00dfe 7, 79837 Menzenschwand, Fon 07675 1563, Mobil 0170 9243598<br \/>\ninfo[at]ziegenhof-menzenschwand.de, <a title=\"Ziegenhof Menzenschwand\" href=\"https:\/\/www.ziegenhof-menzenschwand.de\/\">www.ziegenhof-menzenschwand.de<\/a><\/p>\n<p>\u00a0<a href=\"https:\/\/www.freiburg-schwarzwald.de\/blog\/business\/handel\/dorfladen\/menzenschwand-heimatsinn\/menzenschwand23hinterdorf-krunkelbachhof130316\/\" rel=\"attachment wp-att-26055\"><img loading=\"lazy\" decoding=\"async\" class=\"alignnone size-thumbnail wp-image-26055\" title=\"menzenschwand23hinterdorf-krunkelbachhof130316\" src=\"https:\/\/www.freiburg-schwarzwald.de\/blog\/wp-content\/uploads\/2013\/02\/menzenschwand23hinterdorf-krunkelbachhof130316-135x180.jpg\" alt=\"\" width=\"135\" height=\"180\" srcset=\"https:\/\/www.freiburg-schwarzwald.de\/blog\/wp-content\/uploads\/2013\/02\/menzenschwand23hinterdorf-krunkelbachhof130316-135x180.jpg 135w, https:\/\/www.freiburg-schwarzwald.de\/blog\/wp-content\/uploads\/2013\/02\/menzenschwand23hinterdorf-krunkelbachhof130316.jpg 480w\" sizes=\"auto, (max-width: 135px) 100vw, 135px\" \/><\/a>\u00a0\u00a0\u00a0\u00a0\u00a0\u00a0\u00a0\u00a0\u00a0\u00a0\u00a0 <a href=\"https:\/\/www.freiburg-schwarzwald.de\/blog\/business\/handel\/dorfladen\/menzenschwand-heimatsinn\/menzenschwand2hinterdorf-krunkelbachhof130316\/\" rel=\"attachment wp-att-26056\"><img loading=\"lazy\" decoding=\"async\" class=\"alignnone size-thumbnail wp-image-26056\" title=\"menzenschwand2hinterdorf-krunkelbachhof130316\" src=\"https:\/\/www.freiburg-schwarzwald.de\/blog\/wp-content\/uploads\/2013\/02\/menzenschwand2hinterdorf-krunkelbachhof130316-180x135.jpg\" alt=\"\" width=\"180\" height=\"135\" srcset=\"https:\/\/www.freiburg-schwarzwald.de\/blog\/wp-content\/uploads\/2013\/02\/menzenschwand2hinterdorf-krunkelbachhof130316-180x135.jpg 180w, https:\/\/www.freiburg-schwarzwald.de\/blog\/wp-content\/uploads\/2013\/02\/menzenschwand2hinterdorf-krunkelbachhof130316.jpg 640w\" sizes=\"auto, (max-width: 180px) 100vw, 180px\" \/><\/a><br \/>\n(1)\u00a0 Schwarzenberg Ziegen\u00a0\u00a0\u00a0\u00a0\u00a0\u00a0\u00a0\u00a0 (2) Krunkelbachhof 16.3.2013<\/p>\n<p>(1) Infotafel am Stallgeb\u00e4ude Krunkelbachhof: 100 Ziegen am Schwarzenberg<br \/>\n(2) Blick nach S\u00fcden \u00fcber den neuerbauten Stall vom Krunkelbachhof nach Menzenschwand-Hinterdorf am 16.3.2013<\/p>\n<p>&nbsp;<\/p>\n<p>&nbsp;<\/p>\n<p><strong>SWR Schwarzwaldgeschichten &#8211; Von Ziegen und Wunderheilern <\/strong><\/p>\n<p>10. M\u00e4rz 2013, 20.15 Uhr im SWR Fernsehen <a title=\"Schwarzwaldgeschichten SWR\" href=\"https:\/\/www.freiburg-schwarzwald.de\/blog\/schwarzwaldgeschichten-swr\/\">SWR Schwarzwaldgeschichten <\/a>&#8211; Von Ziegen und Wunderheilern<br \/>\nBenno Kaiser ist in Menzenschwand aufgewachsen. Er ist entschlossen, seine Heimat lebendig zu gestalten. Das beginnt bei den Ziegen, die der Skisprungtrainer anschaffte, um die Schanzenanlage vor \u00dcberwaldung zu sch\u00fctzen. Ihr Fleisch vermarktet er im Dorfladen &#8222;Heimatsinn&#8220;, den er gr\u00fcndete, um das Dorf wieder zu beleben. Au\u00dferdem betreibt er seit neuestem auch das Gasthaus &#8222;Zum Kuckuck&#8220;, das das regionale Leben modern interpretiert. Dort kommt auch die Skisprunglegende Georg Thoma vorbei und bewundert das Engagement der jungen Leute f\u00fcr ihre Heimat. Hermann Bareiss, Eigent\u00fcmer des Sternehotels in Baiersbronn, hat einen sagenumwobenen Nordschwarzw\u00e4lder Bauernhof aus dem 18. Jahrhundert restauriert. Hier lebten Generationen von Wunderheilern, die Familie Morlok, und hierher kamen die Menschen von weither, um ihre <a title=\"Stichwort: Krankheiten\" href=\"https:\/\/www.presseportal.de\/stichwort\/krankheiten\/732\">Krankheiten<\/a> oder den b\u00f6sen Fluch loszuwerden.<br \/>\n<a href=\"https:\/\/www.swr.de\">www.swr.de<\/a><\/p>\n","protected":false},"excerpt":{"rendered":"<p>\u00a0Home &gt;Business &gt;Handel &gt;Dorfladen\u00a0&gt;Menzenschwand-Heimatsinn SWR Schwarzwaldgeschichten &#8211; Von Ziegen und Wunderheilern (10.3.2013) Benno Kaiser nutzt die Berge, um seine Heimat zu st\u00e4rken\u00a0&gt;Menzenschwand1 (31.12.2011) HEIMATsinn Schwarzwald &#8211; heimische Produkte Ziegenhof Menzenschwand Menzenschwand &nbsp; &nbsp; HEIMATsinn Schwarzwald &#8211; heimische Produkte Im Mai &hellip; <a href=\"https:\/\/www.freiburg-schwarzwald.de\/blog\/business\/handel\/dorfladen\/menzenschwand-heimatsinn\/\">Weiterlesen <span class=\"meta-nav\">&rarr;<\/span><\/a><\/p>\n","protected":false},"author":4,"featured_media":0,"parent":22115,"menu_order":0,"comment_status":"open","ping_status":"closed","template":"","meta":{"footnotes":""},"class_list":["post-22105","page","type-page","status-publish","hentry"],"_links":{"self":[{"href":"https:\/\/www.freiburg-schwarzwald.de\/blog\/wp-json\/wp\/v2\/pages\/22105","targetHints":{"allow":["GET"]}}],"collection":[{"href":"https:\/\/www.freiburg-schwarzwald.de\/blog\/wp-json\/wp\/v2\/pages"}],"about":[{"href":"https:\/\/www.freiburg-schwarzwald.de\/blog\/wp-json\/wp\/v2\/types\/page"}],"author":[{"embeddable":true,"href":"https:\/\/www.freiburg-schwarzwald.de\/blog\/wp-json\/wp\/v2\/users\/4"}],"replies":[{"embeddable":true,"href":"https:\/\/www.freiburg-schwarzwald.de\/blog\/wp-json\/wp\/v2\/comments?post=22105"}],"version-history":[{"count":0,"href":"https:\/\/www.freiburg-schwarzwald.de\/blog\/wp-json\/wp\/v2\/pages\/22105\/revisions"}],"up":[{"embeddable":true,"href":"https:\/\/www.freiburg-schwarzwald.de\/blog\/wp-json\/wp\/v2\/pages\/22115"}],"wp:attachment":[{"href":"https:\/\/www.freiburg-schwarzwald.de\/blog\/wp-json\/wp\/v2\/media?parent=22105"}],"curies":[{"name":"wp","href":"https:\/\/api.w.org\/{rel}","templated":true}]}}