{"id":2207,"date":"2012-04-24T10:48:08","date_gmt":"2012-04-24T10:48:08","guid":{"rendered":"https:\/\/www.freiburg-schwarzwald.de\/blog\/?page_id=2207"},"modified":"2025-03-22T18:17:58","modified_gmt":"2025-03-22T17:17:58","slug":"sparsamkeit","status":"publish","type":"page","link":"https:\/\/www.freiburg-schwarzwald.de\/blog\/engagement\/sparsamkeit\/","title":{"rendered":"Sparsamkeit"},"content":{"rendered":"<p>Home &gt;<a title=\"Engagement\" href=\"https:\/\/www.freiburg-schwarzwald.de\/blog\/engagement\/\">Engagement<\/a> &gt;<a title=\"Verbraucher\" href=\"https:\/\/www.freiburg-schwarzwald.de\/blog\/engagement\/verbraucher\/\">Verbraucher<\/a> &gt;Sparsamkeit<\/p>\n<div id=\"attachment_1945\" style=\"width: 611px\" class=\"wp-caption alignnone\"><a href=\"https:\/\/www.freiburg-schwarzwald.de\/blog\/regio\/kaiserstuhl\/kaiserstuhl9pan080329\/\" rel=\"attachment wp-att-1945\"><img loading=\"lazy\" decoding=\"async\" aria-describedby=\"caption-attachment-1945\" class=\"size-full wp-image-1945\" title=\"kaiserstuhl9pan080329\" src=\"https:\/\/www.freiburg-schwarzwald.de\/blog\/wp-content\/uploads\/2012\/04\/kaiserstuhl9pan080329.jpg\" alt=\"\" width=\"601\" height=\"179\" srcset=\"https:\/\/www.freiburg-schwarzwald.de\/blog\/wp-content\/uploads\/2012\/04\/kaiserstuhl9pan080329.jpg 601w, https:\/\/www.freiburg-schwarzwald.de\/blog\/wp-content\/uploads\/2012\/04\/kaiserstuhl9pan080329-180x53.jpg 180w\" sizes=\"auto, (max-width: 601px) 100vw, 601px\" \/><\/a><p id=\"caption-attachment-1945\" class=\"wp-caption-text\">Kaiserstuhl: Blick von der Schelinger Viehweide nach S\u00fcdosten \u00fcber NSG Badberg und Eichelspitzturm zu Feldberg (links) und Belchen (rechts) im Schnee am 29.3.2008<\/p><\/div>\n<h4 align=\"left\"><strong>Sparsamkeit, Wegwerfgesellschaft, M\u00fcllvermeidung, Null-Wachstum, &#8230;<\/strong><\/h4>\n<ul>\n<li><em>Listenauswahl eines Beitrags: Bitte anklicken oder runterscrollen<\/em><\/li>\n<li><a href=\"https:\/\/www.freiburg-schwarzwald.de\/blog\/global\/eu\/sparen\/\">Staatsschulden 18.3.2025: Ersparnisse kann man nur einmal verbraten<\/a> (21.3.2025)<\/li>\n<li>Plastikmensch von Thomas Rees wieder in Kappel (28.12.2020)<\/li>\n<li><a title=\"Schulden\" href=\"https:\/\/www.freiburg-schwarzwald.de\/blog\/global\/finanzsystem\/schulden\/\">Johannes Eisleben: Gipfel des EU-Schuldenwahns<\/a>\u00a0(24.7.2020)<\/li>\n<li>Im Gewerbekanal soll der &#8222;Plastikmensch&#8220; aufr\u00fctteln &#8211; badenova (14.9.2018)<\/li>\n<li><a href=\"https:\/\/www.freiburg-schwarzwald.de\/blog\/zeit-geld-konsum-fastenzeit\/\">https:\/\/www.freiburg-schwarzwald.de\/blog\/zeit-geld-konsum-fastenzeit\/<\/a> (16.3.2017)<\/li>\n<li><a href=\"#Reinhard Loske: Abschied vom Wachstumszwang\">Reinhard Loske: Abschied vom Wachstumszwang<\/a> (15.1.2011)<\/li>\n<li><a href=\"https:\/\/www.freiburg-schwarzwald.de\/nahrungsmittelverschwendung.htm#Die H\u00e4lfte unserer Lebensmittel wandert in den M\u00fcll\">Die H\u00e4lfte unserer Lebensmittel wandert in den M\u00fcll<\/a> &gt;Nahrungsmittelverschwendung (24.10.10)<\/li>\n<li><a href=\"https:\/\/www.freiburg-schwarzwald.de\/nahrungsmittelverschwendung.htm#Brotverschwendung am Pranger: 850.000 t\/Jahr Brot weggeworfen\">Brotverschwendung am Pranger: 850.000 t\/Jahr Brot weggeworfen<\/a> &gt;Nahrungsmittelv (22.10.2010)<\/li>\n<li><a href=\"https:\/\/www.freiburg-schwarzwald.de\/strom1.htm#Negativer Strompreis - Atom- und Kohlestrom versus gr\u00fcner Strom\">Negativer Strompreis &#8211; Atom- und Kohlestrom versus gr\u00fcner Strom<\/a>\u00a0\u00a0&gt;Strom1 (29.7.2010)<\/li>\n<li><a href=\"https:\/\/www.freiburg-schwarzwald.de\/verbraucher1.htm#Stromsparende Haushaltsger\u00e4te - Kostenlose Brosch\u00fcre von ecotrinova\">Stromsparende Haushaltsger\u00e4te &#8211; Kostenlose Brosch\u00fcre von ecotrinova<\/a> &gt;Verbraucher1 (20.9.07)<\/li>\n<li><a href=\"https:\/\/www.freiburg-schwarzwald.de\/sparsamkeit.htm#Stecker ziehen und Strom sparen\">Stecker ziehen und Strom sparen<\/a> (2.11.2005)<\/li>\n<li><\/li>\n<li>Abfall &#8211; M\u00fcll<\/li>\n<li><a href=\"https:\/\/www.freiburg-schwarzwald.de\/direktvermarktung.htm\">Direktvermarktung landwirtschaftl. Produkte<\/a> &gt;Direktvermarktung<\/li>\n<li><a title=\"Energiesparen\" href=\"https:\/\/www.freiburg-schwarzwald.de\/blog\/energie\/energiesparen\/\">Energiesparen<\/a><\/li>\n<li><a href=\"https:\/\/www.freiburg-schwarzwald.de\/milch.htm\">Milch und Milchprodukte<\/a> &gt;Milch<\/li>\n<li><a href=\"https:\/\/www.freiburg-schwarzwald.de\/essenundtrinken.htm\">Essen und Trinken<\/a> &gt;Essen<\/li>\n<li><a title=\"Schulden\" href=\"https:\/\/www.freiburg-schwarzwald.de\/blog\/global\/finanzsystem\/schulden\/\">Schulden<\/a><\/li>\n<li><a title=\"Sparen\" href=\"https:\/\/www.freiburg-schwarzwald.de\/blog\/global\/eu\/sparen\/\">Sparen &#8211; Einlagensicherung von Banken der EU<\/a><\/li>\n<li><a href=\"https:\/\/www.freiburg-schwarzwald.de\/blog\/engagement\/zukunft\/demokratie\/staat\/staatsschulden2025\/\">Staatsschulden2025<\/a><\/li>\n<li><a href=\"https:\/\/www.freiburg-schwarzwald.de\/sparsamkeit.htm#Stiftung Warentest\">Stiftung Warentest<\/a><\/li>\n<li><a title=\"Suffizienz\" href=\"https:\/\/www.freiburg-schwarzwald.de\/blog\/engagement\/zukunft\/suffizienz\/\">Suffizienz<\/a><\/li>\n<li><a href=\"https:\/\/www.freiburg-schwarzwald.de\/sparsamkeit.htm#Verbraucherzentrale Freiburg\">Verbraucherzentrale Freiburg<\/a><\/li>\n<li><a title=\"Zeit\" href=\"https:\/\/www.freiburg-schwarzwald.de\/blog\/engagement\/zukunft\/zeit-2\/\">Zeit<\/a><\/li>\n<\/ul>\n<p>&nbsp;<\/p>\n<p>&nbsp;<\/p>\n<table border=\"1\" width=\"100%\" cellspacing=\"0\" cellpadding=\"0\" bgcolor=\"#c0c0c0\">\n<tbody>\n<tr>\n<td width=\"100%\">\n<p align=\"center\">\u00a0 Wir werfen j\u00e4hrlich 500.000 t Brot weg &#8211; die Nachfragemenge von Niedersachsen.<br \/>\nDamit halten wir den Weizenpreis f\u00fcr Brot als weltweites Hauptnahrungsmittel hoch.<\/p>\n<p>Die Halbierung des Lebensmittel-M\u00fclls hat den gleichen Umwelteffekt wie die Stillegung jedes 2. Autos.<\/p>\n<p align=\"center\">Die in den USA und der EU weggeworfenen Lebensmittel w\u00fcrden drei Mal ausreichen,<br \/>\num den Hunger in der Welt zu beseitigen.<\/p>\n<\/td>\n<\/tr>\n<\/tbody>\n<\/table>\n<p>&nbsp;<\/p>\n<p><strong>Plastikmensch von Thomas Rees wieder in Kappel<\/strong><br \/>\nDie Wanderung der Skulptur &#8222;Plastikmensch&#8220; des K\u00fcnstlers <a href=\"https:\/\/www.freiburg-schwarzwald.de\/blog\/kultur\/kunst\/thomas-rees\/\">Thomas Rees<\/a>, die der regionale Energie- und Umweltdienstleister Badenova ersteigert hat, geht weiter: Nach einem guten Dutzend bisheriger Stationen in der n\u00e4heren und weiteren Region steht das 3,50 Meter hohe Kunstwerk nun im Freiburger Stadtteil Kappel, wo Rees wohnt \u2013 in der N\u00e4he der Hagenmattenstra\u00dfe. Rees, der den &#8222;Plastikmenschen&#8220; vor gut zwei Jahren schuf, kritisiert damit den immer weiter steigenden Plastikkonsum und das damit verbundene Wachstum der M\u00fcllberge.<\/p>\n<p><a href=\"https:\/\/www.freiburg-schwarzwald.de\/blog\/wp-content\/uploads\/2021\/01\/plastikmensch-thomasrees202201211.jpg\"><img loading=\"lazy\" decoding=\"async\" class=\"alignnone size-thumbnail wp-image-86764\" src=\"https:\/\/www.freiburg-schwarzwald.de\/blog\/wp-content\/uploads\/2021\/01\/plastikmensch-thomasrees202201211-120x180.jpg\" alt=\"\" width=\"120\" height=\"180\" srcset=\"https:\/\/www.freiburg-schwarzwald.de\/blog\/wp-content\/uploads\/2021\/01\/plastikmensch-thomasrees202201211-120x180.jpg 120w, https:\/\/www.freiburg-schwarzwald.de\/blog\/wp-content\/uploads\/2021\/01\/plastikmensch-thomasrees202201211-427x640.jpg 427w, https:\/\/www.freiburg-schwarzwald.de\/blog\/wp-content\/uploads\/2021\/01\/plastikmensch-thomasrees202201211.jpg 480w\" sizes=\"auto, (max-width: 120px) 100vw, 120px\" \/><\/a>\u00a0 \u00a0 \u00a0Die konsumkritische Skulptur &#8222;Der Plastikmensch&#8220;<\/p>\n<p>Durch die Corona-Pandemie, so Badenova in der Pressemitteilung zum neuen Standort, habe die Menge des Plastikabfalls sogar noch zugenommen. Mit der Skulptur, die Badenova f\u00fcr 5000 Euro zugunsten des Vereins &#8222;Making Oceans Plastic Free&#8220; bei der &#8222;Clean Up Week&#8220; 2018 ersteigert hat, wolle man die Menschen f\u00fcr einen achtsameren und bewussteren Umgang mit Ressourcen und M\u00fcll sensibilisieren. Zuletzt stand sie vor dem Landes-Umweltministerium am Stuttgarter Kernplatz.<br \/>\nDer Korpus von Rees\u2019 Plastikmensch besteht au\u00dfer aus Eisen und Draht ausschlie\u00dflich aus Plastikabfall: Bunte Plastikverpackungen f\u00fcr Lebensmittel wie Wurst, K\u00e4se, Milch oder Eis werden mit d\u00fcnnem Maschendraht zusammengehalten. Sogar eine Autofelge ziert das \u00fcbergro\u00dfe Kunstwerk. Auf dem Speer, den die Figur in der Hand h\u00e4lt, ist ein Fisch aufgespie\u00dft, aus dessen Maul Plastik ragt.<br \/>\nBis zu 20 Jahre ben\u00f6tige eine Einkaufst\u00fcte, die ins Meer gelange, bis sie sich zersetzt habe \u2013 PET-Flaschen sogar rund 450 Jahre, wo das dabei auf den Meeresgrund sinkende Mikroplastik ebenfalls sch\u00e4dlich sei. Deutschland liege mit 39\u2005Kilo Kunststoffabf\u00e4llen pro Kopf und Jahr \u00fcber dem EU-Schnitt von 33 Kilo. Badenova unterst\u00fctze Projekte gegen Ressourcenverschwendung, unter anderem \u00fcber einen Innovationsfonds f\u00fcr Klima- und Wasserschutz, aber auch im Kleinen, etwa durch die Werbung f\u00fcr kompostierbare Trinkhalme.<br \/>\n28.12.2020<\/p>\n<p><strong>Im Gewerbekanal soll der &#8222;Plastikmensch&#8220; aufr\u00fctteln &#8211; badenova<\/strong><br \/>\nEine Skulptur aus M\u00fcll steht seit dieser Woche als Mahnmal im Gewerbekanal in der Gerberau. Aufgestellt wurde der von <a href=\"https:\/\/www.freiburg-schwarzwald.de\/blog\/kultur\/kunst\/thomas-rees\/\">Thomas Rees<\/a> geschaffene &#8222;Plastikmensch&#8220; durch den regionalen <a href=\"https:\/\/www.freiburg-schwarzwald.de\/blog\/energie\/strom\/badenova\/\">Energieversorger Badenova<\/a>. Das Kunstwerk soll vor allem aufr\u00fctteln. &#8222;Es ist eine traurige Tatsache, dass wir unseren Planeten zunehmend verm\u00fcllen&#8220;, sagte Badenova-Vorstand Mathias Nikolay, &#8222;dass es 2050 wohl mehr M\u00fcll als Fische im Meer geben wird, l\u00e4sst mich erschaudern.&#8220;<br \/>\nNormalerweise arbeitet Rees bei seinen Skulpturen mit Holz, und so lautete auch der urspr\u00fcngliche Auftrag, den die Wirtschaftsjunioren Freiburg ihm im Rahmen ihrer &#8222;Clean-Up-Week&#8220; im Juli erteilt hatten. Anschlie\u00dfend sollte das Kunstwerk versteigert werden. &#8222;Ich kam sehr schnell zu dem Schluss, dass das nicht zusammenpasst&#8220;, erkl\u00e4rte Rees. Er entschied sich daf\u00fcr, Plastikm\u00fcll zu verarbeiten und war erstaunt, wie viel davon sich allein im eigenen Haushalt innerhalb einer Woche ansammelt. Au\u00dferdem wollte er nicht, dass die Skulptur anschlie\u00dfend im Hinterhof einer Firma verschwindet.<br \/>\n.<br \/>\n<a href=\"https:\/\/www.freiburg-schwarzwald.de\/blog\/wp-content\/uploads\/2021\/01\/plastikmensch-thomasrees-gerberau201809.jpg\"><img loading=\"lazy\" decoding=\"async\" class=\"alignnone size-thumbnail wp-image-86766\" src=\"https:\/\/www.freiburg-schwarzwald.de\/blog\/wp-content\/uploads\/2021\/01\/plastikmensch-thomasrees-gerberau201809-120x180.jpg\" alt=\"\" width=\"120\" height=\"180\" srcset=\"https:\/\/www.freiburg-schwarzwald.de\/blog\/wp-content\/uploads\/2021\/01\/plastikmensch-thomasrees-gerberau201809-120x180.jpg 120w, https:\/\/www.freiburg-schwarzwald.de\/blog\/wp-content\/uploads\/2021\/01\/plastikmensch-thomasrees-gerberau201809-427x640.jpg 427w, https:\/\/www.freiburg-schwarzwald.de\/blog\/wp-content\/uploads\/2021\/01\/plastikmensch-thomasrees-gerberau201809.jpg 480w\" sizes=\"auto, (max-width: 120px) 100vw, 120px\" \/><\/a>\u00a0 \u00a0 Plastikmensch in der Gerberau in FR 2018<br \/>\n.<br \/>\nSein Traum w\u00e4re es gewesen, dass der dreieinhalb Meter hohe M\u00fcllriese auf seinem eine Tonne schweren Sockel irgendwann mal im Nil steht oder in Indonesien, wo besonders viel Plastikm\u00fcll im Meer landet. &#8222;Jetzt wird er immerhin hier auf Reisen gehen&#8220;, freute sich Rees. Badenova plant, den &#8222;Plastikmenschen&#8220; an verschiedenen Orten aufzustellen, um m\u00f6glichst viele Menschen zu erreicht.<br \/>\nWohin das schwere Kunstwerk nach den ersten zwei Monaten in der Gerberau verfrachtet wird, verr\u00e4t Nikolay noch nicht. Sein Unternehmen hat die Skulptur f\u00fcr 5000 Euro gekauft, der Erl\u00f6s ging an die Organisation Making Oceans Plastic Free, die es sich zum Ziel gesetzt hat, die Verschmutzung der Weltmeere zu reduzieren.<br \/>\n<a href=\"https:\/\/www.badische-zeitung.de\/freiburg\/wie-zwei-freiburger-das-plastikproblem-der-weltmeere-loesen-wollen--137610564.html\">https:\/\/www.badische-zeitung.de\/freiburg\/wie-zwei-freiburger-das-plastikproblem-der-weltmeere-loesen-wollen&#8211;137610564.html<\/a><br \/>\n.<br \/>\n.. Alles vom 13.9.2018 bitte lesen auf<br \/>\n<a href=\"https:\/\/www.badische-zeitung.de\/im-freiburger-gewerbekanal-soll-der-plastikmensch-passanten-aufruetteln--156596414.html\">https:\/\/www.badische-zeitung.de\/im-freiburger-gewerbekanal-soll-der-plastikmensch-passanten-aufruetteln&#8211;156596414.html<\/a><\/p>\n<p>&nbsp;<\/p>\n<p><strong><a name=\"Reinhard Loske: Abschied vom Wachstumszwang\"><\/a>Reinhard Loske: Abschied vom Wachstumszwang<br \/>\n<\/strong><br \/>\nInterview mit dem Gr\u00fcnen Reinhard Loske zum Wirtschaftswachstum: &#8222;Wir brauchen eine Ver\u00e4nderung der Kultur und der Lebensstile&#8220;.<br \/>\nBZ: In Ihrem Essay &#8222;Abschied vom Wachstumszwang&#8220; argumentieren Sie, dass \u00f6kologische Technik alleine keine Wende zur Nachhaltigkeit bringt. Sonnenenergie statt Erd\u00f6l \u2013 was soll an dieser Strategie falsch sein?<br \/>\nLoske: Falsch daran ist gar nichts. Aber wenn wir im selben Tempo weitermachen und blo\u00df fossile durch regenerative Energien ersetzen, m\u00fcssten wir beispielsweise die ganze Nordsee mit Windr\u00e4dern vollstellen. Ein anderes Beispiel: <a href=\"https:\/\/www.freiburg-schwarzwald.de\/emobil.htm\">Sparsame Autos<\/a> verbrauchen zwar weniger Energie, aber es gibt mehr von ihnen. Die Belastung der Natur nimmt also nicht ab, sondern steigt eher noch weiter. Eine neue, diesmal gr\u00fcne Technikrevolution ist notwendig, reicht jedoch nicht aus. <strong>Wir brauchen auch eine Ver\u00e4nderung der Kultur und der Lebensstile \u2013 eine Mischung aus Effizienzrevolution und Selbstbeschr\u00e4nkung.<\/strong> &#8230;<br \/>\nGesamtes Interview mit vom 17.1.2011 bitte lesen auf<br \/>\n<a href=\"https:\/\/www.badische-zeitung.de\/nachrichten\/wirtschaft\/wir-muessen-abspecken--40103672.html\">https:\/\/www.badische-zeitung.de\/nachrichten\/wirtschaft\/wir-muessen-abspecken&#8211;40103672.html<\/a><\/p>\n","protected":false},"excerpt":{"rendered":"<p>Home &gt;Engagement &gt;Verbraucher &gt;Sparsamkeit Sparsamkeit, Wegwerfgesellschaft, M\u00fcllvermeidung, Null-Wachstum, &#8230; Listenauswahl eines Beitrags: Bitte anklicken oder runterscrollen Staatsschulden 18.3.2025: Ersparnisse kann man nur einmal verbraten (21.3.2025) Plastikmensch von Thomas Rees wieder in Kappel (28.12.2020) Johannes Eisleben: Gipfel des EU-Schuldenwahns\u00a0(24.7.2020) Im Gewerbekanal &hellip; <a href=\"https:\/\/www.freiburg-schwarzwald.de\/blog\/engagement\/sparsamkeit\/\">Weiterlesen <span class=\"meta-nav\">&rarr;<\/span><\/a><\/p>\n","protected":false},"author":2,"featured_media":0,"parent":148,"menu_order":0,"comment_status":"open","ping_status":"closed","template":"","meta":{"footnotes":""},"class_list":["post-2207","page","type-page","status-publish","hentry"],"_links":{"self":[{"href":"https:\/\/www.freiburg-schwarzwald.de\/blog\/wp-json\/wp\/v2\/pages\/2207","targetHints":{"allow":["GET"]}}],"collection":[{"href":"https:\/\/www.freiburg-schwarzwald.de\/blog\/wp-json\/wp\/v2\/pages"}],"about":[{"href":"https:\/\/www.freiburg-schwarzwald.de\/blog\/wp-json\/wp\/v2\/types\/page"}],"author":[{"embeddable":true,"href":"https:\/\/www.freiburg-schwarzwald.de\/blog\/wp-json\/wp\/v2\/users\/2"}],"replies":[{"embeddable":true,"href":"https:\/\/www.freiburg-schwarzwald.de\/blog\/wp-json\/wp\/v2\/comments?post=2207"}],"version-history":[{"count":5,"href":"https:\/\/www.freiburg-schwarzwald.de\/blog\/wp-json\/wp\/v2\/pages\/2207\/revisions"}],"predecessor-version":[{"id":132029,"href":"https:\/\/www.freiburg-schwarzwald.de\/blog\/wp-json\/wp\/v2\/pages\/2207\/revisions\/132029"}],"up":[{"embeddable":true,"href":"https:\/\/www.freiburg-schwarzwald.de\/blog\/wp-json\/wp\/v2\/pages\/148"}],"wp:attachment":[{"href":"https:\/\/www.freiburg-schwarzwald.de\/blog\/wp-json\/wp\/v2\/media?parent=2207"}],"curies":[{"name":"wp","href":"https:\/\/api.w.org\/{rel}","templated":true}]}}