{"id":21541,"date":"2013-02-05T12:57:12","date_gmt":"2013-02-05T11:57:12","guid":{"rendered":"https:\/\/www.freiburg-schwarzwald.de\/blog\/?page_id=21541"},"modified":"2021-11-03T11:42:37","modified_gmt":"2021-11-03T10:42:37","slug":"obsoleszenz","status":"publish","type":"page","link":"https:\/\/www.freiburg-schwarzwald.de\/blog\/engagement\/zukunft\/obsoleszenz\/","title":{"rendered":"Obsoleszenz"},"content":{"rendered":"<p><a href=\"https:\/\/freiburg-schwarzwald.de\/blog\">Home<\/a> &gt;<a title=\"Engagement\" href=\"https:\/\/www.freiburg-schwarzwald.de\/blog\/engagement\/\">Engagement<\/a> &gt;<a title=\"Zukunft\" href=\"https:\/\/www.freiburg-schwarzwald.de\/blog\/engagement\/zukunft\/\">Zukunft<\/a> &gt;Obsoleszenz<\/p>\n<div id=\"attachment_18333\" style=\"width: 648px\" class=\"wp-caption alignnone\"><a href=\"https:\/\/www.freiburg-schwarzwald.de\/blog\/natur\/umwelt\/recycling\/schrott3elektromotoren-pan1212\/\" rel=\"attachment wp-att-18333\"><img loading=\"lazy\" decoding=\"async\" aria-describedby=\"caption-attachment-18333\" class=\" wp-image-18333 \" title=\"schrott3elektromotoren-pan1212\" src=\"https:\/\/www.freiburg-schwarzwald.de\/blog\/wp-content\/uploads\/2012\/05\/schrott3elektromotoren-pan1212.jpg\" alt=\"\" width=\"638\" height=\"266\" srcset=\"https:\/\/www.freiburg-schwarzwald.de\/blog\/wp-content\/uploads\/2012\/05\/schrott3elektromotoren-pan1212.jpg 638w, https:\/\/www.freiburg-schwarzwald.de\/blog\/wp-content\/uploads\/2012\/05\/schrott3elektromotoren-pan1212-180x75.jpg 180w\" sizes=\"auto, (max-width: 638px) 100vw, 638px\" \/><\/a><p id=\"caption-attachment-18333\" class=\"wp-caption-text\">Elektroschrott am 20.12.2012 &#8211; h\u00f6chstens drei Jahre alte Elektromotoren &#8211; Recyclingprojekt der Diakonie Freiburg<\/p><\/div>\n<p>&nbsp;<\/p>\n<p>&nbsp;<\/p>\n<p><strong>Geplante Obsoleszenz &#8211; Geplantes fr\u00fchzeitiges Veraltern von G\u00fctern<\/strong><\/p>\n<p>&nbsp;<\/p>\n<ul>\n<li><a href=\"https:\/\/www.freiburg-schwarzwald.de\/blog\/vereine\/stadtbild\/\">Freiburger Stadtgeschichte: Rotteckgymnasium, Beton-UB, Glas-UB<\/a>\u00a0(25.10.2021)<\/li>\n<li><a title=\"Bauen-Pfusch\" href=\"https:\/\/www.freiburg-schwarzwald.de\/blog\/business\/dienste\/immobilien\/bauen-pfusch\/\">Alle Stahlelemente der UB-Fassade m\u00fcssen neu montiert werden<\/a> (20.12.2018)<\/li>\n<li><a href=\"https:\/\/www.freiburg-schwarzwald.de\/blog\/xp-ende-geplante-obsoleszenz\/\">https:\/\/www.freiburg-schwarzwald.de\/blog\/xp-ende-geplante-obsoleszenz\/<\/a>\u00a0(27.3.2014)<\/li>\n<li>Obsoleszenz &#8211; gemachte Verfallbarkeit eines Produkts<\/li>\n<li><span style=\"color: #000000;\">Unibibliothek Freiburg nach 33 Jahren abreissen &#8211; Geplante Ungebr\u00e4uchlichkeit (3.1.2014)<\/span><\/li>\n<li>Manche Ger\u00e4te sterben erstaunlich schnell (21.3.2013)<\/li>\n<li><\/li>\n<li><a title=\"Bauen-Pfusch\" href=\"https:\/\/www.freiburg-schwarzwald.de\/blog\/business\/dienste\/immobilien\/bauen-pfusch\/\">Bauen-Pfusch<\/a><\/li>\n<li><a title=\"Reparatur\" href=\"https:\/\/www.freiburg-schwarzwald.de\/blog\/engagement\/verbraucher\/konsum\/reparatur\/\">Repair Cafes &#8211; Reparieren<\/a><\/li>\n<li><a title=\"Resilienz\" href=\"https:\/\/www.freiburg-schwarzwald.de\/blog\/engagement\/zukunft\/resilienz\/\">Resilienz<\/a><\/li>\n<li><span style=\"color: #000000;\"><a title=\"Suffizienz\" href=\"https:\/\/www.freiburg-schwarzwald.de\/blog\/engagement\/zukunft\/suffizienz\/\">Suffizienz<\/a><\/span><\/li>\n<li><span style=\"color: #000000;\"><a title=\"Verbraucher\" href=\"https:\/\/www.freiburg-schwarzwald.de\/blog\/engagement\/verbraucher\/\">Verbraucher<\/a><\/span><\/li>\n<\/ul>\n<p>&nbsp;<\/p>\n<p><strong>Obsoleszenz &#8211; gemachte Verfallbarkeit eines Produkts<\/strong><\/p>\n<p>Geplante Obsoleszenz he\u00ed\u00dft Veralten bzw. Veralterung, obsolet steht f\u00fcr veraltet, ungebr\u00e4uchlich.\u00a0Die geplante Obsoleszenz ist die\u00a0&#8222;gemachte Verfallbarkeit&#8220; eines Produktes, das so hergestellt wird, dass es nach einer bestimmten Frist nicht mehr\u00a0funktioniert. Zweck: Der Kunde kauft das Produkt, nutzt es nur kurz und da der Hersteller eine verbesserte Version des Produktes auf den Markt gebracht hat,\u00a0entschlie\u00dft er sich f\u00fcr das neue Produkt. So gesehen bringt die geplante Obsoleszenz wirtschaftlich anscheindend nur Vorteile:\u00a0Produktion boomt, Arbeitspl\u00e4tze, Konsumausgaben und Steuereinnahmen f\u00fcr den Staat steigen.\u00a0Die immensen Nachteile zeigen sich erst, wenn man die Kosten in die Produktpreise einrechnet: Ressourcenverbauch,\u00a0CO2-Austo\u00df, Eingriffe in Lebensr\u00e4ume,\u00a0Gew\u00e4sser, M\u00fcll.<\/p>\n<p>Geplante Obsoleszenz: &#8222;Gemeint ist mit ihm heute ein Teil einer <a title=\"Produktpolitik\" href=\"https:\/\/de.wikipedia.org\/wiki\/Produktpolitik\">Produktstrategie<\/a>, bei der schon w\u00e4hrend des Her-stellungsprozesses bewusst Schwachstellen in das betreffende Produkt eingebaut, L\u00f6sungen mit absehbarer Halt-barkeit und\/oder Rohstoffe von minderer Qualit\u00e4t eingesetzt werden, die dazu f\u00fchren, dass das Produkt schneller schad- oder fehlerhaft wird und nicht mehr in vollem Umfang genutzt werden kann&#8220;<br \/>\n<a href=\"https:\/\/de.wikipedia.org\/wiki\/Obsoleszenz\">https:\/\/de.wikipedia.org\/wiki\/Obsoleszenz<\/a><\/p>\n<p>Beispiel: In einem CD-Player ist ein\u00a0Teil einbaut, von dem der Hersteller wei\u00df, dass es nicht lange h\u00e4lt. Der Kunde muss sich\u00a0nach relativ kurzer Zeit einen neuen Player kaufen. Oft bieten Hersteller\u00a0keine M\u00f6glichkeit an, das Produkt zu reparieren,\u00a0oder die\u00a0Reparatur wird\u00a0teurer als der Kauf\u00a0eines neuens CD-Players. Eine weitere Trick, Produkte und Ger\u00e4te absichtlich altern zu lassen, besteht darin, neue Anwendungen, Zubeh\u00f6r oder Spiele anzubieten, die mit dem Vorg\u00e4ngermodell bzw. deren Software nicht kompatibel sind.<\/p>\n<p>&nbsp;<\/p>\n<p><strong>Unibibliothek Freiburg nach 33 Jahren abreissen &#8211; Geplante Ungebr\u00e4uchlichkeit<br \/>\n<\/strong><br \/>\nIm Jahr 2011 wird das 33 Jahre alte <a title=\"Uni-Bibliothek\" href=\"https:\/\/www.freiburg-schwarzwald.de\/blog\/bildung\/hochschulen\/universitaet\/uni-bibliothek\/\">Unibibliothek<\/a> abgerissen, w\u00e4hrend das im Jahr 1911 gebaute Kollegiengeb\u00e4ude I\u00a0 vermutlich noch einmal hundert Jahre \u00e4lter werden kann, wenn es einigerma\u00dfen gepflegt wird.<br \/>\nAbri\u00dfgr\u00fcnde offiziell: Technik, Fassade, Energiebilanz.<br \/>\nGr\u00fcnde inoffiziell: Klimaanlage hat noch nie funktioniert. hoher Personalkrankenstand.<br \/>\n.<br \/>\n<em>R\u00fcckschau:<\/em> 1978, in einer Zeit, in der st\u00e4ndig alles Neue als technischer Fortschritt gepriesen wurde, h\u00e4tte es doch m\u00f6glich sein m\u00fcssen, ein neues Geb\u00e4ude langlebig, dauerhaft, flexibelfunktional und sch\u00f6n zu bauen.<br \/>\n.<br \/>\n<em>Ausblick:<\/em> 2014 wird eine neue Unibibliothek er\u00f6ffnet werden mit einer Aluminium-Glas-Beton-Konstruktion, die von Architekten so geplant, rasch veralten und nach weiteren 33 Jahren ungebr\u00e4uchlich sein wird &#8211; ein wunderbares Exempel f\u00fcr geplante Obsoleszenz.<br \/>\nMit der Obsoleszenz einher geht &#8211; beg\u00fcnstigt durch Technologiegl\u00e4ubigkeit und Bequemlichkeit &#8211; das Ausschalten des gesunden Menschenverstandes: Wie beim Dachfl\u00e4chenfenster sind alle Fenster bzw. die komplette Fassade geneigt\u00a0 bez\u00fcglich Dichtigkeit\u00a0(Regen, Wind), Schneelast, Kalt-Warm-Ausdehnung und Statik, mit denen die Dachfl\u00e4chenfensterfirmen Velux und Roto seit Jahrzehnten k\u00e4mpfen. Warum wohl gew\u00e4hrt Velux f\u00fcr seine\u00a0 doch relativ kleinen Dachfl\u00e4chenfenster nur eine begrenzte Zeit Garantie?<\/p>\n<p>3.1.2014<\/p>\n<p>&nbsp;<\/p>\n<p><strong>Manche Ger\u00e4te sterben erstaunlich schnell<\/strong><\/p>\n<p>Der Verdacht ist schwerwiegend. Herstellerfirmen w\u00fcrden Defekte in Produkte gezielt einbauen, um deren Lebensdauer zu verk\u00fcrzen. Um diese These zu erh\u00e4rten, haben die Gr\u00fcnen bei Spezialisten ein Gutachten in Auftrag gegeben. Autor Stefan Schridde betreibt den Verbraucherinformationsdienst &#8222;Murks? Nein Danke&#8220;, Christian Krei\u00df ist \u00d6konomie-Professor an der Hochschule f\u00fcr Technik und Wirtschaft in Aalen bei Stuttgart. Die Experten haben zahlreiche Beispiele zusammengetragen und analysiert. &#8230;. Alles vom 21.3.2013 bitte lesen auf<br \/>\n<a href=\"https:\/\/www.badische-zeitung.de\/wirtschaft-3\/manche-geraete-sterben-erstaunlich-schnell--70220882.html\">https:\/\/www.badische-zeitung.de\/wirtschaft-3\/manche-geraete-sterben-erstaunlich-schnell&#8211;70220882.html<\/a><\/p>\n<p><a href=\"https:\/\/www.murks-nein-danke.de\/blog\/presse\/\">https:\/\/www.murks-nein-danke.de\/blog\/presse\/<\/a><\/p>\n<p><strong>Kaufkraftzunahme als Gegenargument<\/strong><br \/>\nAber es gibt dennoch ein Gegenargument, das solche Maschen fast schon wieder rechtfertigt (gestiegene Umwelt- und Ressourcenausbeutung mal au\u00dfer Acht gelassen), n\u00e4mlich die gestiegene Kaufkraft in den meisten Industriegesellschaften, die zugleich die Hauptm\u00e4rkte der meisten Konsumg\u00fcter bilden. Zur Untermauerung dieses ebenso feststellbaren Faktums lesen Sie bitte z.B. diesen Artikel hier, der den Preisverfall in Arbeitsstunden misst \u00fcber die Zeit hinweg. 21.3.2013, Ammar Ulabi<br \/>\n<a href=\"https:\/\/finanzwertig.de\/kaufkraft-vergleich-frueher-war-mitnichten-alles-billiger-95\" target=\"_blank\" rel=\"noopener\">https:\/\/finanzwertig.de\/kaufkraft-vergleich-frueher-war-mitnichten-alles-billiger-95<\/a><\/p>\n<p>Ein Film von Arte \u00fcber Obsoleszenz, u.a. auch \u00fcber das Gl\u00fchbirnenkartell:<br \/>\n<a href=\"https:\/\/www.youtube.com\/watch?v=zVFZ4Ocz4VA\" target=\"_blank\" rel=\"noopener\">https:\/\/www.youtube.com\/watch?v=zVFZ4Ocz4VA<\/a><\/p>\n<p><strong>Schneller kaufen &#8211; Schneller wegwerfen<\/strong><br \/>\nEin Wirtschaftssystem, in dem Firmen auf die gezielte Verk\u00fcrzung der Lebensdauer von Produkten setzen, ist nicht nachhaltig und zukunftsf\u00e4hig. Die Firmen setzen gezielt auf die Dummheit und Manipulierbarkeit der VerbraucherInnen. Laufzeitverk\u00fcrzte Produkte sind eine beleidigende Unversch\u00e4mtheit und damit allerdings auf der H\u00f6he der Zeit. Eine Hintergrundinformation des Bund f\u00fcr Umwelt und Naturschutz zum Thema &#8222;Geplante Obsoleszenz&#8220; finden Sie hier: <a href=\"https:\/\/vorort.bund.net\/suedlicher-oberrhein\/geplante-obsoleszenz.html\" target=\"_blank\" rel=\"noopener\">https:\/\/vorort.bund.net\/suedlicher-oberrhein\/geplante-obsoleszenz.html<\/a><br \/>\n21.3.2013, Axel Mayer, BUND-Regionalverband<\/p>\n","protected":false},"excerpt":{"rendered":"<p>Home &gt;Engagement &gt;Zukunft &gt;Obsoleszenz &nbsp; &nbsp; Geplante Obsoleszenz &#8211; Geplantes fr\u00fchzeitiges Veraltern von G\u00fctern &nbsp; Freiburger Stadtgeschichte: Rotteckgymnasium, Beton-UB, Glas-UB\u00a0(25.10.2021) Alle Stahlelemente der UB-Fassade m\u00fcssen neu montiert werden (20.12.2018) https:\/\/www.freiburg-schwarzwald.de\/blog\/xp-ende-geplante-obsoleszenz\/\u00a0(27.3.2014) Obsoleszenz &#8211; gemachte Verfallbarkeit eines Produkts Unibibliothek Freiburg nach 33 &hellip; <a href=\"https:\/\/www.freiburg-schwarzwald.de\/blog\/engagement\/zukunft\/obsoleszenz\/\">Weiterlesen <span class=\"meta-nav\">&rarr;<\/span><\/a><\/p>\n","protected":false},"author":4,"featured_media":0,"parent":2250,"menu_order":0,"comment_status":"open","ping_status":"closed","template":"","meta":{"footnotes":""},"class_list":["post-21541","page","type-page","status-publish","hentry"],"_links":{"self":[{"href":"https:\/\/www.freiburg-schwarzwald.de\/blog\/wp-json\/wp\/v2\/pages\/21541","targetHints":{"allow":["GET"]}}],"collection":[{"href":"https:\/\/www.freiburg-schwarzwald.de\/blog\/wp-json\/wp\/v2\/pages"}],"about":[{"href":"https:\/\/www.freiburg-schwarzwald.de\/blog\/wp-json\/wp\/v2\/types\/page"}],"author":[{"embeddable":true,"href":"https:\/\/www.freiburg-schwarzwald.de\/blog\/wp-json\/wp\/v2\/users\/4"}],"replies":[{"embeddable":true,"href":"https:\/\/www.freiburg-schwarzwald.de\/blog\/wp-json\/wp\/v2\/comments?post=21541"}],"version-history":[{"count":1,"href":"https:\/\/www.freiburg-schwarzwald.de\/blog\/wp-json\/wp\/v2\/pages\/21541\/revisions"}],"predecessor-version":[{"id":95796,"href":"https:\/\/www.freiburg-schwarzwald.de\/blog\/wp-json\/wp\/v2\/pages\/21541\/revisions\/95796"}],"up":[{"embeddable":true,"href":"https:\/\/www.freiburg-schwarzwald.de\/blog\/wp-json\/wp\/v2\/pages\/2250"}],"wp:attachment":[{"href":"https:\/\/www.freiburg-schwarzwald.de\/blog\/wp-json\/wp\/v2\/media?parent=21541"}],"curies":[{"name":"wp","href":"https:\/\/api.w.org\/{rel}","templated":true}]}}