{"id":2152,"date":"2012-04-23T18:44:01","date_gmt":"2012-04-23T18:44:01","guid":{"rendered":"https:\/\/www.freiburg-schwarzwald.de\/blog\/?page_id=2152"},"modified":"2026-03-29T09:50:43","modified_gmt":"2026-03-29T07:50:43","slug":"fruehling","status":"publish","type":"page","link":"https:\/\/www.freiburg-schwarzwald.de\/blog\/natur\/fruehling\/","title":{"rendered":"Fruehling"},"content":{"rendered":"<p>Home &gt;<a title=\"Natur\" href=\"https:\/\/www.freiburg-schwarzwald.de\/blog\/natur\/\">Natur<\/a> &gt;Fruehling<\/p>\n<div id=\"attachment_2157\" style=\"width: 616px\" class=\"wp-caption alignnone\"><a href=\"https:\/\/www.freiburg-schwarzwald.de\/blog\/natur\/fruehling\/april0425-4pan\/\" rel=\"attachment wp-att-2157\"><img loading=\"lazy\" decoding=\"async\" aria-describedby=\"caption-attachment-2157\" class=\"size-full wp-image-2157\" title=\"april0425-4pan\" src=\"https:\/\/www.freiburg-schwarzwald.de\/blog\/wp-content\/uploads\/2012\/04\/april0425-4pan.jpg\" alt=\"\" width=\"606\" height=\"201\" srcset=\"https:\/\/www.freiburg-schwarzwald.de\/blog\/wp-content\/uploads\/2012\/04\/april0425-4pan.jpg 606w, https:\/\/www.freiburg-schwarzwald.de\/blog\/wp-content\/uploads\/2012\/04\/april0425-4pan-180x59.jpg 180w\" sizes=\"auto, (max-width: 606px) 100vw, 606px\" \/><\/a><p id=\"caption-attachment-2157\" class=\"wp-caption-text\">Der Mai macht alles neu &#8211; gelb und gruen Ende April 2004<\/p><\/div>\n<p>&nbsp;<\/p>\n<ul>\n<li><em>Listenauswahl eines Beitrags (Artikel\/Datum, Seite\/Inhalt): <span style=\"text-decoration: underline;\">Klicken<\/span> oder scrollen<\/em><\/li>\n<li><a href=\"https:\/\/www.freiburg-schwarzwald.de\/blog\/sommerzeit-29-3-schnee-amsel\/\">Sommerzeit 29.3. Schnee Amsel<\/a>\u00a0(29.3.2026)<\/li>\n<li><a href=\"https:\/\/www.freiburg-schwarzwald.de\/blog\/windkraft-ramadan-amsel\/\">Windkraft \u2013 Ramadan \u2013 Amsel<\/a>\u00a0(27.2.2026)<\/li>\n<li><a href=\"https:\/\/www.freiburg-schwarzwald.de\/blog\/amseln-singen-im-november\/\">Amseln singen im November<\/a>\u00a0(8.11.2024)<\/li>\n<li><a href=\"https:\/\/www.freiburg-schwarzwald.de\/blog\/amseln-singen-lauter-denn-je\/\">Amseln singen lauter denn je<\/a>\u00a0(24.4.2024)<\/li>\n<li><a href=\"https:\/\/www.freiburg-schwarzwald.de\/blog\/die-amseln-singen-wieder\/\">Die Amseln singen wieder<\/a> (6.2.2024)<\/li>\n<li><a href=\"https:\/\/www.freiburg-schwarzwald.de\/blog\/amseln-singen-fruehlinganfang\/\">https:\/\/www.freiburg-schwarzwald.de\/blog\/amseln-singen-fruehlinganfang\/<\/a> (28.2.2015)<\/li>\n<li>Wetterumschwung von Frost bis 11.4. auf plus 25 Grad\u00a0am 14.4. (16.4.2013)<\/li>\n<li>Amseln singen wieder &#8211; seit 22. Februar (17.3.2013)<\/li>\n<li>D Sunn &#8211; Endlig isch si do! (6.3.2013)<\/li>\n<li><\/li>\n<li><a href=\"https:\/\/www.freiburg-schwarzwald.de\/blueten.htm\">Bl\u00fcten<\/a> &gt;Blueten<\/li>\n<li><a href=\"https:\/\/www.freiburg-schwarzwald.de\/littenweiler\/blumenbeet.htm\">Blumenbeet<\/a> &gt;Blumenbeet<\/li>\n<li><a href=\"https:\/\/www.freiburg-schwarzwald.de\/littenweiler\/blumenbilder.htm\">Blumen<\/a> &gt;Blumenbilder<\/li>\n<li><a title=\"Gartenjahr\" href=\"https:\/\/www.freiburg-schwarzwald.de\/blog\/natur\/garten\/gartenjahr\/\">Gartenjahr<\/a><\/li>\n<li><a href=\"https:\/\/www.freiburg-schwarzwald.de\/fotos\/hamamelis.htm\">Hamamelis bzw. Zaubernu\u00df<\/a><\/li>\n<li><a href=\"https:\/\/www.freiburg-schwarzwald.de\/fotos\/mai.htm\">Mai &#8211; Fr\u00fchling<\/a><\/li>\n<li><a title=\"Sommer\" href=\"https:\/\/www.freiburg-schwarzwald.de\/blog\/natur\/sommer\/\">Sommer<\/a><\/li>\n<li><a title=\"Winter\" href=\"https:\/\/www.freiburg-schwarzwald.de\/blog\/natur\/winter\/\">Winter<\/a><\/li>\n<\/ul>\n<p>&nbsp;<\/p>\n<div id=\"attachment_131573\" style=\"width: 649px\" class=\"wp-caption alignnone\"><a href=\"https:\/\/www.freiburg-schwarzwald.de\/blog\/wp-content\/uploads\/2025\/03\/meer-lalonde8weinberg-pan250220.jpg\"><img loading=\"lazy\" decoding=\"async\" aria-describedby=\"caption-attachment-131573\" class=\"size-full wp-image-131573\" src=\"https:\/\/www.freiburg-schwarzwald.de\/blog\/wp-content\/uploads\/2025\/03\/meer-lalonde8weinberg-pan250220.jpg\" alt=\"\" width=\"639\" height=\"383\" srcset=\"https:\/\/www.freiburg-schwarzwald.de\/blog\/wp-content\/uploads\/2025\/03\/meer-lalonde8weinberg-pan250220.jpg 639w, https:\/\/www.freiburg-schwarzwald.de\/blog\/wp-content\/uploads\/2025\/03\/meer-lalonde8weinberg-pan250220-180x108.jpg 180w\" sizes=\"auto, (max-width: 639px) 100vw, 639px\" \/><\/a><p id=\"caption-attachment-131573\" class=\"wp-caption-text\">Kamille bl\u00fcht im Weinberg bei La Londe an der Code d&#8217;Azur 20.2.2025<\/p><\/div>\n<p>&nbsp;<\/p>\n<h5><a href=\"https:\/\/www.freiburg-schwarzwald.de\/blog\/natur\/fruehling\/tulpe-verblueht120427\/\" rel=\"attachment wp-att-2465\"><img loading=\"lazy\" decoding=\"async\" class=\"alignnone size-thumbnail wp-image-2465\" title=\"tulpe-verblueht120427\" src=\"https:\/\/www.freiburg-schwarzwald.de\/blog\/wp-content\/uploads\/2012\/04\/tulpe-verblueht120427-180x135.jpg\" alt=\"\" width=\"180\" height=\"135\" srcset=\"https:\/\/www.freiburg-schwarzwald.de\/blog\/wp-content\/uploads\/2012\/04\/tulpe-verblueht120427-180x135.jpg 180w, https:\/\/www.freiburg-schwarzwald.de\/blog\/wp-content\/uploads\/2012\/04\/tulpe-verblueht120427.jpg 640w\" sizes=\"auto, (max-width: 180px) 100vw, 180px\" \/><\/a>\u00a0\u00a0\u00a0\u00a0\u00a0\u00a0\u00a0\u00a0\u00a0 <a href=\"https:\/\/www.freiburg-schwarzwald.de\/blog\/natur\/fruehling\/breitehof-loewenzahn120420\/\" rel=\"attachment wp-att-2167\"><img loading=\"lazy\" decoding=\"async\" class=\"alignnone size-thumbnail wp-image-2167\" title=\"breitehof-loewenzahn120420\" src=\"https:\/\/www.freiburg-schwarzwald.de\/blog\/wp-content\/uploads\/2012\/04\/breitehof-loewenzahn120420-180x135.jpg\" alt=\"\" width=\"180\" height=\"135\" srcset=\"https:\/\/www.freiburg-schwarzwald.de\/blog\/wp-content\/uploads\/2012\/04\/breitehof-loewenzahn120420-180x135.jpg 180w, https:\/\/www.freiburg-schwarzwald.de\/blog\/wp-content\/uploads\/2012\/04\/breitehof-loewenzahn120420.jpg 640w\" sizes=\"auto, (max-width: 180px) 100vw, 180px\" \/><\/a>\u00a0\u00a0\u00a0\u00a0\u00a0\u00a0\u00a0\u00a0\u00a0 <a href=\"https:\/\/www.freiburg-schwarzwald.de\/blog\/natur\/fruehling\/breitehof-birnbaum120420\/\" rel=\"attachment wp-att-2168\"><img loading=\"lazy\" decoding=\"async\" class=\"alignnone size-thumbnail wp-image-2168\" title=\"breitehof-birnbaum120420\" src=\"https:\/\/www.freiburg-schwarzwald.de\/blog\/wp-content\/uploads\/2012\/04\/breitehof-birnbaum120420-180x135.jpg\" alt=\"\" width=\"180\" height=\"135\" srcset=\"https:\/\/www.freiburg-schwarzwald.de\/blog\/wp-content\/uploads\/2012\/04\/breitehof-birnbaum120420-180x135.jpg 180w, https:\/\/www.freiburg-schwarzwald.de\/blog\/wp-content\/uploads\/2012\/04\/breitehof-birnbaum120420.jpg 640w\" sizes=\"auto, (max-width: 180px) 100vw, 180px\" \/><\/a><br \/>\n(1)<\/h5>\n<h5><a href=\"https:\/\/www.freiburg-schwarzwald.de\/blog\/natur\/fruehling\/ostern-blueten120407-2\/\" rel=\"attachment wp-att-2169\"><img loading=\"lazy\" decoding=\"async\" class=\"alignnone size-thumbnail wp-image-2169\" title=\"ostern-blueten120407\" src=\"https:\/\/www.freiburg-schwarzwald.de\/blog\/wp-content\/uploads\/2012\/04\/ostern-blueten1204071-180x120.jpg\" alt=\"\" width=\"180\" height=\"120\" srcset=\"https:\/\/www.freiburg-schwarzwald.de\/blog\/wp-content\/uploads\/2012\/04\/ostern-blueten1204071-180x120.jpg 180w, https:\/\/www.freiburg-schwarzwald.de\/blog\/wp-content\/uploads\/2012\/04\/ostern-blueten1204071.jpg 640w\" sizes=\"auto, (max-width: 180px) 100vw, 180px\" \/><\/a>\u00a0\u00a0\u00a0\u00a0\u00a0\u00a0\u00a0\u00a0\u00a0 <a href=\"https:\/\/www.freiburg-schwarzwald.de\/blog\/natur\/fruehling\/maikaefer1-120427\/\" rel=\"attachment wp-att-2490\"><img loading=\"lazy\" decoding=\"async\" class=\"alignnone size-thumbnail wp-image-2490\" title=\"maikaefer1-120427\" src=\"https:\/\/www.freiburg-schwarzwald.de\/blog\/wp-content\/uploads\/2012\/04\/maikaefer1-120427-180x138.jpg\" alt=\"\" width=\"180\" height=\"138\" srcset=\"https:\/\/www.freiburg-schwarzwald.de\/blog\/wp-content\/uploads\/2012\/04\/maikaefer1-120427-180x138.jpg 180w, https:\/\/www.freiburg-schwarzwald.de\/blog\/wp-content\/uploads\/2012\/04\/maikaefer1-120427.jpg 637w\" sizes=\"auto, (max-width: 180px) 100vw, 180px\" \/><\/a>\u00a0\u00a0\u00a0\u00a0\u00a0\u00a0\u00a0\u00a0\u00a0 <a href=\"https:\/\/www.freiburg-schwarzwald.de\/blog\/natur\/fruehling\/maikaefer2-120427\/\" rel=\"attachment wp-att-2491\"><img loading=\"lazy\" decoding=\"async\" class=\"alignnone size-thumbnail wp-image-2491\" title=\"maikaefer2-120427\" src=\"https:\/\/www.freiburg-schwarzwald.de\/blog\/wp-content\/uploads\/2012\/04\/maikaefer2-120427-180x139.jpg\" alt=\"\" width=\"180\" height=\"139\" srcset=\"https:\/\/www.freiburg-schwarzwald.de\/blog\/wp-content\/uploads\/2012\/04\/maikaefer2-120427-180x139.jpg 180w, https:\/\/www.freiburg-schwarzwald.de\/blog\/wp-content\/uploads\/2012\/04\/maikaefer2-120427.jpg 639w\" sizes=\"auto, (max-width: 180px) 100vw, 180px\" \/><\/a><br \/>\n(4) Pfirsichbluete am 7.4.2012\u00a0\u00a0\u00a0\u00a0\u00a0\u00a0\u00a0\u00a0\u00a0\u00a0\u00a0\u00a0\u00a0\u00a0 (5) Maik\u00e4fer am 28.4.2012 in Freiburg\u00a0\u00a0Maik\u00e4fer Ende April &#8211; Flugversuch<\/h5>\n<h5><a href=\"https:\/\/www.freiburg-schwarzwald.de\/blog\/natur\/fruehling\/maikaefer3-120427\/\" rel=\"attachment wp-att-2492\"><img loading=\"lazy\" decoding=\"async\" class=\"alignnone size-thumbnail wp-image-2492\" title=\"maikaefer3-120427\" src=\"https:\/\/www.freiburg-schwarzwald.de\/blog\/wp-content\/uploads\/2012\/04\/maikaefer3-120427-145x180.jpg\" alt=\"\" width=\"145\" height=\"180\" srcset=\"https:\/\/www.freiburg-schwarzwald.de\/blog\/wp-content\/uploads\/2012\/04\/maikaefer3-120427-145x180.jpg 145w, https:\/\/www.freiburg-schwarzwald.de\/blog\/wp-content\/uploads\/2012\/04\/maikaefer3-120427.jpg 502w\" sizes=\"auto, (max-width: 145px) 100vw, 145px\" \/><\/a>\u00a0\u00a0\u00a0\u00a0\u00a0\u00a0\u00a0\u00a0\u00a0\u00a0\u00a0\u00a0\u00a0 \u00a0\u00a0\u00a0\u00a0\u00a0\u00a0\u00a0 <a href=\"https:\/\/www.freiburg-schwarzwald.de\/blog\/natur\/fruehling\/loewenzahn-verblueht1205\/\" rel=\"attachment wp-att-3558\"><img loading=\"lazy\" decoding=\"async\" class=\"alignnone size-thumbnail wp-image-3558\" title=\"loewenzahn-verblueht1205\" src=\"https:\/\/www.freiburg-schwarzwald.de\/blog\/wp-content\/uploads\/2012\/04\/loewenzahn-verblueht1205-180x119.jpg\" alt=\"\" width=\"180\" height=\"119\" srcset=\"https:\/\/www.freiburg-schwarzwald.de\/blog\/wp-content\/uploads\/2012\/04\/loewenzahn-verblueht1205-180x119.jpg 180w, https:\/\/www.freiburg-schwarzwald.de\/blog\/wp-content\/uploads\/2012\/04\/loewenzahn-verblueht1205.jpg 640w\" sizes=\"auto, (max-width: 180px) 100vw, 180px\" \/><\/a>\u00a0\u00a0\u00a0\u00a0\u00a0\u00a0\u00a0\u00a0\u00a0 <a href=\"https:\/\/www.freiburg-schwarzwald.de\/blog\/natur\/fruehling\/krokus-biene130308\/\" rel=\"attachment wp-att-24165\"><img loading=\"lazy\" decoding=\"async\" class=\"alignnone size-thumbnail wp-image-24165\" title=\"krokus-biene130308\" src=\"https:\/\/www.freiburg-schwarzwald.de\/blog\/wp-content\/uploads\/2012\/04\/krokus-biene130308-180x148.jpg\" alt=\"\" width=\"180\" height=\"148\" srcset=\"https:\/\/www.freiburg-schwarzwald.de\/blog\/wp-content\/uploads\/2012\/04\/krokus-biene130308-180x148.jpg 180w, https:\/\/www.freiburg-schwarzwald.de\/blog\/wp-content\/uploads\/2012\/04\/krokus-biene130308.jpg 638w\" sizes=\"auto, (max-width: 180px) 100vw, 180px\" \/><\/a><br \/>\n(7) soeben gelandet\u00a0\u00a0\u00a0\u00a0\u00a0\u00a0\u00a0\u00a0\u00a0\u00a0\u00a0\u00a0\u00a0\u00a0\u00a0\u00a0\u00a0\u00a0\u00a0\u00a0\u00a0\u00a0\u00a0\u00a0\u00a0\u00a0\u00a0\u00a0\u00a0\u00a0 \u00a0 (8) L\u00f6wenzahnsamen\u00a0\u00a0\u00a0\u00a0\u00a0\u00a0\u00a0\u00a0\u00a0\u00a0\u00a0\u00a0\u00a0\u00a0\u00a0\u00a0\u00a0\u00a0\u00a0\u00a0\u00a0\u00a0\u00a0\u00a0\u00a0\u00a0\u00a0\u00a0\u00a0 (9) Erste Biene am 8.3.2013<\/h5>\n<h5><a href=\"https:\/\/www.freiburg-schwarzwald.de\/blog\/natur\/fruehling\/krokus-bienen130308\/\" rel=\"attachment wp-att-24166\"><img loading=\"lazy\" decoding=\"async\" class=\"alignnone size-thumbnail wp-image-24166\" title=\"krokus-bienen130308\" src=\"https:\/\/www.freiburg-schwarzwald.de\/blog\/wp-content\/uploads\/2012\/04\/krokus-bienen130308-180x136.jpg\" alt=\"\" width=\"180\" height=\"136\" srcset=\"https:\/\/www.freiburg-schwarzwald.de\/blog\/wp-content\/uploads\/2012\/04\/krokus-bienen130308-180x136.jpg 180w, https:\/\/www.freiburg-schwarzwald.de\/blog\/wp-content\/uploads\/2012\/04\/krokus-bienen130308.jpg 640w\" sizes=\"auto, (max-width: 180px) 100vw, 180px\" \/><\/a>\u00a0\u00a0\u00a0\u00a0\u00a0\u00a0\u00a0\u00a0\u00a0 <a href=\"https:\/\/www.freiburg-schwarzwald.de\/blog\/natur\/fruehling\/krokus-blau130308\/\" rel=\"attachment wp-att-24167\"><img loading=\"lazy\" decoding=\"async\" class=\"alignnone size-thumbnail wp-image-24167\" title=\"krokus-blau130308\" src=\"https:\/\/www.freiburg-schwarzwald.de\/blog\/wp-content\/uploads\/2012\/04\/krokus-blau130308-180x135.jpg\" alt=\"\" width=\"180\" height=\"135\" srcset=\"https:\/\/www.freiburg-schwarzwald.de\/blog\/wp-content\/uploads\/2012\/04\/krokus-blau130308-180x135.jpg 180w, https:\/\/www.freiburg-schwarzwald.de\/blog\/wp-content\/uploads\/2012\/04\/krokus-blau130308.jpg 640w\" sizes=\"auto, (max-width: 180px) 100vw, 180px\" \/><\/a>\u00a0\u00a0\u00a0\u00a0\u00a0\u00a0\u00a0\u00a0\u00a0 <a href=\"https:\/\/www.freiburg-schwarzwald.de\/blog\/natur\/fruehling\/krokus-gelbweiss130308\/\" rel=\"attachment wp-att-24168\"><img loading=\"lazy\" decoding=\"async\" class=\"alignnone size-thumbnail wp-image-24168\" title=\"krokus-gelbweiss130308\" src=\"https:\/\/www.freiburg-schwarzwald.de\/blog\/wp-content\/uploads\/2012\/04\/krokus-gelbweiss130308-180x135.jpg\" alt=\"\" width=\"180\" height=\"135\" srcset=\"https:\/\/www.freiburg-schwarzwald.de\/blog\/wp-content\/uploads\/2012\/04\/krokus-gelbweiss130308-180x135.jpg 180w, https:\/\/www.freiburg-schwarzwald.de\/blog\/wp-content\/uploads\/2012\/04\/krokus-gelbweiss130308.jpg 640w\" sizes=\"auto, (max-width: 180px) 100vw, 180px\" \/><\/a><br \/>\n(10) Krokusse &#8211; 2 Bienen\u00a0\u00a0\u00a0\u00a0\u00a0\u00a0\u00a0\u00a0\u00a0\u00a0\u00a0\u00a0\u00a0\u00a0\u00a0\u00a0\u00a0\u00a0\u00a0\u00a0\u00a0\u00a0\u00a0 (11) Blau am 8.3.2013<\/h5>\n<h5><a href=\"https:\/\/www.freiburg-schwarzwald.de\/blog\/natur\/fruehling\/krokus-gelb-weiss130308\/\" rel=\"attachment wp-att-24169\"><img loading=\"lazy\" decoding=\"async\" class=\"alignnone size-thumbnail wp-image-24169\" title=\"krokus-gelb-weiss130308\" src=\"https:\/\/www.freiburg-schwarzwald.de\/blog\/wp-content\/uploads\/2012\/04\/krokus-gelb-weiss130308-180x135.jpg\" alt=\"\" width=\"180\" height=\"135\" srcset=\"https:\/\/www.freiburg-schwarzwald.de\/blog\/wp-content\/uploads\/2012\/04\/krokus-gelb-weiss130308-180x135.jpg 180w, https:\/\/www.freiburg-schwarzwald.de\/blog\/wp-content\/uploads\/2012\/04\/krokus-gelb-weiss130308.jpg 640w\" sizes=\"auto, (max-width: 180px) 100vw, 180px\" \/><\/a>\u00a0\u00a0\u00a0\u00a0\u00a0\u00a0\u00a0\u00a0\u00a0 <a href=\"https:\/\/www.freiburg-schwarzwald.de\/blog\/natur\/fruehling\/krokus-schneeglocke130308\/\" rel=\"attachment wp-att-24170\"><img loading=\"lazy\" decoding=\"async\" class=\"alignnone size-thumbnail wp-image-24170\" title=\"krokus-schneeglocke130308\" src=\"https:\/\/www.freiburg-schwarzwald.de\/blog\/wp-content\/uploads\/2012\/04\/krokus-schneeglocke130308-180x140.jpg\" alt=\"\" width=\"180\" height=\"140\" srcset=\"https:\/\/www.freiburg-schwarzwald.de\/blog\/wp-content\/uploads\/2012\/04\/krokus-schneeglocke130308-180x140.jpg 180w, https:\/\/www.freiburg-schwarzwald.de\/blog\/wp-content\/uploads\/2012\/04\/krokus-schneeglocke130308.jpg 640w\" sizes=\"auto, (max-width: 180px) 100vw, 180px\" \/><\/a>\u00a0\u00a0\u00a0\u00a0\u00a0\u00a0\u00a0\u00a0\u00a0 <a href=\"https:\/\/www.freiburg-schwarzwald.de\/blog\/natur\/fruehling\/abendsonne130316\/\" rel=\"attachment wp-att-25056\"><img loading=\"lazy\" decoding=\"async\" class=\"alignnone size-thumbnail wp-image-25056\" title=\"abendsonne130316\" src=\"https:\/\/www.freiburg-schwarzwald.de\/blog\/wp-content\/uploads\/2012\/04\/abendsonne130316-180x135.jpg\" alt=\"\" width=\"180\" height=\"135\" srcset=\"https:\/\/www.freiburg-schwarzwald.de\/blog\/wp-content\/uploads\/2012\/04\/abendsonne130316-180x135.jpg 180w, https:\/\/www.freiburg-schwarzwald.de\/blog\/wp-content\/uploads\/2012\/04\/abendsonne130316.jpg 640w\" sizes=\"auto, (max-width: 180px) 100vw, 180px\" \/><\/a><br \/>\n(13)\u00a0Krokus\u00a0\u00a0\u00a0\u00a0\u00a0\u00a0\u00a0\u00a0\u00a0\u00a0\u00a0\u00a0\u00a0\u00a0\u00a0\u00a0\u00a0\u00a0\u00a0\u00a0\u00a0\u00a0\u00a0\u00a0\u00a0\u00a0\u00a0\u00a0\u00a0\u00a0\u00a0\u00a0\u00a0\u00a0\u00a0\u00a0\u00a0\u00a0\u00a0\u00a0\u00a0\u00a0\u00a0\u00a0\u00a0\u00a0\u00a0\u00a0 (14) <a title=\"Winter\" href=\"https:\/\/www.freiburg-schwarzwald.de\/blog\/natur\/winter\/\">Schneegl\u00f6ckchen<\/a> ohne Schnee\u00a0\u00a0 (15) Abendsonne 16.3.2013<\/h5>\n<h5><a href=\"https:\/\/www.freiburg-schwarzwald.de\/blog\/natur\/fruehling\/forsythie130418\/\" rel=\"attachment wp-att-27364\"><img loading=\"lazy\" decoding=\"async\" title=\"forsythie130418\" src=\"https:\/\/www.freiburg-schwarzwald.de\/blog\/wp-content\/uploads\/2012\/04\/forsythie130418-135x180.jpg\" alt=\"\" width=\"135\" height=\"180\" \/><\/a>\u00a0\u00a0\u00a0\u00a0\u00a0\u00a0\u00a0\u00a0\u00a0\u00a0\u00a0\u00a0\u00a0\u00a0\u00a0\u00a0\u00a0\u00a0\u00a0\u00a0\u00a0\u00a0\u00a0\u00a0\u00a0\u00a0\u00a0 <a href=\"https:\/\/www.freiburg-schwarzwald.de\/blog\/natur\/fruehling\/buschwindroeschen130418\/\" rel=\"attachment wp-att-27365\"><img loading=\"lazy\" decoding=\"async\" class=\"alignnone size-thumbnail wp-image-27365\" title=\"buschwindroeschen130418\" src=\"https:\/\/www.freiburg-schwarzwald.de\/blog\/wp-content\/uploads\/2012\/04\/buschwindroeschen130418-180x135.jpg\" alt=\"\" width=\"180\" height=\"135\" srcset=\"https:\/\/www.freiburg-schwarzwald.de\/blog\/wp-content\/uploads\/2012\/04\/buschwindroeschen130418-180x135.jpg 180w, https:\/\/www.freiburg-schwarzwald.de\/blog\/wp-content\/uploads\/2012\/04\/buschwindroeschen130418.jpg 640w\" sizes=\"auto, (max-width: 180px) 100vw, 180px\" \/><\/a>\u00a0\u00a0\u00a0\u00a0\u00a0\u00a0\u00a0\u00a0\u00a0 <a href=\"https:\/\/www.freiburg-schwarzwald.de\/blog\/natur\/fruehling\/scharbockskraut130418\/\" rel=\"attachment wp-att-27366\"><img loading=\"lazy\" decoding=\"async\" class=\"alignnone size-thumbnail wp-image-27366\" title=\"scharbockskraut130418\" src=\"https:\/\/www.freiburg-schwarzwald.de\/blog\/wp-content\/uploads\/2012\/04\/scharbockskraut130418-180x151.jpg\" alt=\"\" width=\"180\" height=\"151\" srcset=\"https:\/\/www.freiburg-schwarzwald.de\/blog\/wp-content\/uploads\/2012\/04\/scharbockskraut130418-180x151.jpg 180w, https:\/\/www.freiburg-schwarzwald.de\/blog\/wp-content\/uploads\/2012\/04\/scharbockskraut130418.jpg 637w\" sizes=\"auto, (max-width: 180px) 100vw, 180px\" \/><\/a><br \/>\n(16) Forsythie am18.4.2013\u00a0\u00a0\u00a0\u00a0\u00a0\u00a0\u00a0\u00a0\u00a0\u00a0\u00a0\u00a0\u00a0\u00a0\u00a0\u00a0\u00a0\u00a0\u00a0\u00a0\u00a0\u00a0\u00a0(17) Buschwindr\u00f6schen\u00a0\u00a0\u00a0\u00a0\u00a0\u00a0\u00a0\u00a0\u00a0\u00a0\u00a0\u00a0\u00a0\u00a0\u00a0\u00a0\u00a0\u00a0\u00a0\u00a0\u00a0\u00a0\u00a0\u00a0\u00a0 (18) Schabockskraut am 18.4.2013<\/h5>\n<h5><a href=\"https:\/\/www.freiburg-schwarzwald.de\/blog\/natur\/fruehling\/wiesenschaumkraut1-130428\/\" rel=\"attachment wp-att-28367\"><img loading=\"lazy\" decoding=\"async\" class=\"alignnone size-thumbnail wp-image-28367\" title=\"wiesenschaumkraut1-130428\" src=\"https:\/\/www.freiburg-schwarzwald.de\/blog\/wp-content\/uploads\/2012\/04\/wiesenschaumkraut1-130428-180x141.jpg\" alt=\"\" width=\"180\" height=\"141\" srcset=\"https:\/\/www.freiburg-schwarzwald.de\/blog\/wp-content\/uploads\/2012\/04\/wiesenschaumkraut1-130428-180x141.jpg 180w, https:\/\/www.freiburg-schwarzwald.de\/blog\/wp-content\/uploads\/2012\/04\/wiesenschaumkraut1-130428.jpg 638w\" sizes=\"auto, (max-width: 180px) 100vw, 180px\" \/><\/a>\u00a0\u00a0\u00a0\u00a0\u00a0\u00a0\u00a0\u00a0\u00a0 \u00a0<a href=\"https:\/\/www.freiburg-schwarzwald.de\/blog\/natur\/fruehling\/wiesenschaumkraut130428\/\" rel=\"attachment wp-att-28369\"><img loading=\"lazy\" decoding=\"async\" class=\"alignnone size-thumbnail wp-image-28369\" title=\"wiesenschaumkraut130428\" src=\"https:\/\/www.freiburg-schwarzwald.de\/blog\/wp-content\/uploads\/2012\/04\/wiesenschaumkraut130428-180x135.jpg\" alt=\"\" width=\"180\" height=\"135\" srcset=\"https:\/\/www.freiburg-schwarzwald.de\/blog\/wp-content\/uploads\/2012\/04\/wiesenschaumkraut130428-180x135.jpg 180w, https:\/\/www.freiburg-schwarzwald.de\/blog\/wp-content\/uploads\/2012\/04\/wiesenschaumkraut130428-640x480.jpg 640w, https:\/\/www.freiburg-schwarzwald.de\/blog\/wp-content\/uploads\/2012\/04\/wiesenschaumkraut130428.jpg 1000w\" sizes=\"auto, (max-width: 180px) 100vw, 180px\" \/><\/a>\u00a0\u00a0\u00a0\u00a0\u00a0\u00a0\u00a0\u00a0\u00a0 <a href=\"https:\/\/www.freiburg-schwarzwald.de\/blog\/natur\/fruehling\/vergissmeinnicht130428\/\" rel=\"attachment wp-att-28370\"><img loading=\"lazy\" decoding=\"async\" class=\"alignnone size-thumbnail wp-image-28370\" title=\"vergissmeinnicht130428\" src=\"https:\/\/www.freiburg-schwarzwald.de\/blog\/wp-content\/uploads\/2012\/04\/vergissmeinnicht130428-180x137.jpg\" alt=\"\" width=\"180\" height=\"137\" srcset=\"https:\/\/www.freiburg-schwarzwald.de\/blog\/wp-content\/uploads\/2012\/04\/vergissmeinnicht130428-180x137.jpg 180w, https:\/\/www.freiburg-schwarzwald.de\/blog\/wp-content\/uploads\/2012\/04\/vergissmeinnicht130428.jpg 640w\" sizes=\"auto, (max-width: 180px) 100vw, 180px\" \/><\/a><br \/>\n(19) Wiesenschaumkraut\u00a0\u00a0\u00a0\u00a0\u00a0\u00a0\u00a0\u00a0\u00a0\u00a0\u00a0\u00a0\u00a0\u00a0\u00a0\u00a0\u00a0\u00a0\u00a0\u00a0\u00a0\u00a0\u00a0\u00a0 (20) 28.4.2013\u00a0\u00a0\u00a0\u00a0\u00a0\u00a0\u00a0\u00a0\u00a0\u00a0\u00a0\u00a0\u00a0\u00a0\u00a0\u00a0\u00a0\u00a0\u00a0\u00a0\u00a0\u00a0\u00a0\u00a0\u00a0\u00a0\u00a0\u00a0\u00a0\u00a0\u00a0\u00a0\u00a0\u00a0\u00a0\u00a0\u00a0\u00a0\u00a0\u00a0\u00a0\u00a0 (21) Vergissmeinnicht<\/h5>\n<h5><a href=\"https:\/\/www.freiburg-schwarzwald.de\/blog\/natur\/fruehling\/traenendes-herz130428\/\" rel=\"attachment wp-att-28371\"><img loading=\"lazy\" decoding=\"async\" class=\"alignnone size-thumbnail wp-image-28371\" title=\"traenendes-herz130428\" src=\"https:\/\/www.freiburg-schwarzwald.de\/blog\/wp-content\/uploads\/2012\/04\/traenendes-herz130428-135x180.jpg\" alt=\"\" width=\"135\" height=\"180\" srcset=\"https:\/\/www.freiburg-schwarzwald.de\/blog\/wp-content\/uploads\/2012\/04\/traenendes-herz130428-135x180.jpg 135w, https:\/\/www.freiburg-schwarzwald.de\/blog\/wp-content\/uploads\/2012\/04\/traenendes-herz130428.jpg 480w\" sizes=\"auto, (max-width: 135px) 100vw, 135px\" \/><\/a>\u00a0\u00a0\u00a0\u00a0\u00a0\u00a0\u00a0\u00a0\u00a0\u00a0\u00a0\u00a0\u00a0\u00a0\u00a0\u00a0\u00a0\u00a0\u00a0\u00a0\u00a0\u00a0\u00a0\u00a0\u00a0\u00a0\u00a0 <a href=\"https:\/\/www.freiburg-schwarzwald.de\/blog\/natur\/fruehling\/gaensebluemchen130428\/\" rel=\"attachment wp-att-28372\"><img loading=\"lazy\" decoding=\"async\" class=\"alignnone size-thumbnail wp-image-28372\" title=\"gaensebluemchen130428\" src=\"https:\/\/www.freiburg-schwarzwald.de\/blog\/wp-content\/uploads\/2012\/04\/gaensebluemchen130428-180x136.jpg\" alt=\"\" width=\"180\" height=\"136\" srcset=\"https:\/\/www.freiburg-schwarzwald.de\/blog\/wp-content\/uploads\/2012\/04\/gaensebluemchen130428-180x136.jpg 180w, https:\/\/www.freiburg-schwarzwald.de\/blog\/wp-content\/uploads\/2012\/04\/gaensebluemchen130428.jpg 640w\" sizes=\"auto, (max-width: 180px) 100vw, 180px\" \/><\/a>\u00a0\u00a0\u00a0\u00a0\u00a0\u00a0\u00a0\u00a0\u00a0 <a href=\"https:\/\/www.freiburg-schwarzwald.de\/blog\/natur\/fruehling\/bluetenblaetter130511\/\" rel=\"attachment wp-att-29763\"><img loading=\"lazy\" decoding=\"async\" class=\"alignnone size-thumbnail wp-image-29763\" title=\"bluetenblaetter130511\" src=\"https:\/\/www.freiburg-schwarzwald.de\/blog\/wp-content\/uploads\/2012\/04\/bluetenblaetter130511-180x135.jpg\" alt=\"\" width=\"180\" height=\"135\" srcset=\"https:\/\/www.freiburg-schwarzwald.de\/blog\/wp-content\/uploads\/2012\/04\/bluetenblaetter130511-180x135.jpg 180w, https:\/\/www.freiburg-schwarzwald.de\/blog\/wp-content\/uploads\/2012\/04\/bluetenblaetter130511.jpg 640w\" sizes=\"auto, (max-width: 180px) 100vw, 180px\" \/><\/a><br \/>\n(22) Tr\u00e4nendes Herz\u00a0\u00a0\u00a0\u00a0\u00a0\u00a0\u00a0\u00a0\u00a0\u00a0\u00a0\u00a0\u00a0\u00a0\u00a0\u00a0\u00a0\u00a0\u00a0\u00a0\u00a0\u00a0\u00a0\u00a0\u00a0\u00a0\u00a0\u00a0\u00a0\u00a0\u00a0\u00a0\u00a0\u00a0 (23) G\u00e4nsebl\u00fcmchen &#8211; mal gro\u00df\u00a0\u00a0\u00a0\u00a0\u00a0\u00a0\u00a0\u00a0\u00a0\u00a0 (24)\u00a0Apfelbl\u00fctenbl\u00e4tter 11.5.2013<\/h5>\n<h5><a href=\"https:\/\/www.freiburg-schwarzwald.de\/blog\/natur\/fruehling\/glyzinie130511\/\" rel=\"attachment wp-att-29764\"><img loading=\"lazy\" decoding=\"async\" class=\"alignnone size-thumbnail wp-image-29764\" title=\"glyzinie130511\" src=\"https:\/\/www.freiburg-schwarzwald.de\/blog\/wp-content\/uploads\/2012\/04\/glyzinie130511-180x135.jpg\" alt=\"\" width=\"180\" height=\"135\" srcset=\"https:\/\/www.freiburg-schwarzwald.de\/blog\/wp-content\/uploads\/2012\/04\/glyzinie130511-180x135.jpg 180w, https:\/\/www.freiburg-schwarzwald.de\/blog\/wp-content\/uploads\/2012\/04\/glyzinie130511.jpg 640w\" sizes=\"auto, (max-width: 180px) 100vw, 180px\" \/><\/a>\u00a0\u00a0\u00a0\u00a0\u00a0\u00a0\u00a0\u00a0\u00a0 <a href=\"https:\/\/www.freiburg-schwarzwald.de\/blog\/natur\/fruehling\/clematis130511\/\" rel=\"attachment wp-att-29765\"><img loading=\"lazy\" decoding=\"async\" class=\"alignnone size-thumbnail wp-image-29765\" title=\"clematis130511\" src=\"https:\/\/www.freiburg-schwarzwald.de\/blog\/wp-content\/uploads\/2012\/04\/clematis130511-135x180.jpg\" alt=\"\" width=\"135\" height=\"180\" srcset=\"https:\/\/www.freiburg-schwarzwald.de\/blog\/wp-content\/uploads\/2012\/04\/clematis130511-135x180.jpg 135w, https:\/\/www.freiburg-schwarzwald.de\/blog\/wp-content\/uploads\/2012\/04\/clematis130511.jpg 480w\" sizes=\"auto, (max-width: 135px) 100vw, 135px\" \/><\/a>\u00a0\u00a0\u00a0\u00a0\u00a0\u00a0\u00a0\u00a0\u00a0\u00a0\u00a0\u00a0\u00a0\u00a0\u00a0\u00a0\u00a0\u00a0\u00a0\u00a0\u00a0\u00a0\u00a0\u00a0\u00a0\u00a0\u00a0 <a href=\"https:\/\/www.freiburg-schwarzwald.de\/blog\/natur\/fruehling\/clematis-blau130518\/\" rel=\"attachment wp-att-30721\"><img loading=\"lazy\" decoding=\"async\" class=\"alignnone size-thumbnail wp-image-30721\" title=\"clematis-blau130518\" src=\"https:\/\/www.freiburg-schwarzwald.de\/blog\/wp-content\/uploads\/2012\/04\/clematis-blau130518-135x180.jpg\" alt=\"\" width=\"135\" height=\"180\" srcset=\"https:\/\/www.freiburg-schwarzwald.de\/blog\/wp-content\/uploads\/2012\/04\/clematis-blau130518-135x180.jpg 135w, https:\/\/www.freiburg-schwarzwald.de\/blog\/wp-content\/uploads\/2012\/04\/clematis-blau130518.jpg 480w\" sizes=\"auto, (max-width: 135px) 100vw, 135px\" \/><\/a><br \/>\n(25) Glyzinie am 11.5.2013\u00a0\u00a0\u00a0\u00a0\u00a0\u00a0\u00a0\u00a0\u00a0\u00a0\u00a0\u00a0\u00a0\u00a0\u00a0\u00a0\u00a0\u00a0\u00a0\u00a0 (26) Clematis Knospe 11.5.2013\u00a0\u00a0\u00a0\u00a0\u00a0\u00a0\u00a0\u00a0\u00a0\u00a0\u00a0\u00a0\u00a0 (27) Clematis bl\u00fcht am 18.5.2013<\/h5>\n<h5><a href=\"https:\/\/www.freiburg-schwarzwald.de\/blog\/natur\/fruehling\/frauenmantel130511\/\" rel=\"attachment wp-att-29766\"><img loading=\"lazy\" decoding=\"async\" class=\"alignnone size-thumbnail wp-image-29766\" title=\"frauenmantel130511\" src=\"https:\/\/www.freiburg-schwarzwald.de\/blog\/wp-content\/uploads\/2012\/04\/frauenmantel130511-180x135.jpg\" alt=\"\" width=\"180\" height=\"135\" srcset=\"https:\/\/www.freiburg-schwarzwald.de\/blog\/wp-content\/uploads\/2012\/04\/frauenmantel130511-180x135.jpg 180w, https:\/\/www.freiburg-schwarzwald.de\/blog\/wp-content\/uploads\/2012\/04\/frauenmantel130511-640x480.jpg 640w, https:\/\/www.freiburg-schwarzwald.de\/blog\/wp-content\/uploads\/2012\/04\/frauenmantel130511.jpg 1000w\" sizes=\"auto, (max-width: 180px) 100vw, 180px\" \/><\/a>\u00a0\u00a0\u00a0\u00a0\u00a0\u00a0\u00a0\u00a0\u00a0 <a href=\"https:\/\/www.freiburg-schwarzwald.de\/blog\/natur\/fruehling\/teich1rosen130511\/\" rel=\"attachment wp-att-29767\"><img loading=\"lazy\" decoding=\"async\" class=\"alignnone size-thumbnail wp-image-29767\" title=\"teich1rosen130511\" src=\"https:\/\/www.freiburg-schwarzwald.de\/blog\/wp-content\/uploads\/2012\/04\/teich1rosen130511-180x135.jpg\" alt=\"\" width=\"180\" height=\"135\" srcset=\"https:\/\/www.freiburg-schwarzwald.de\/blog\/wp-content\/uploads\/2012\/04\/teich1rosen130511-180x135.jpg 180w, https:\/\/www.freiburg-schwarzwald.de\/blog\/wp-content\/uploads\/2012\/04\/teich1rosen130511.jpg 640w\" sizes=\"auto, (max-width: 180px) 100vw, 180px\" \/><\/a>\u00a0\u00a0\u00a0\u00a0\u00a0\u00a0\u00a0\u00a0\u00a0 <a href=\"https:\/\/www.freiburg-schwarzwald.de\/blog\/natur\/fruehling\/teich2rosen130511\/\" rel=\"attachment wp-att-29768\"><img loading=\"lazy\" decoding=\"async\" class=\"alignnone size-thumbnail wp-image-29768\" title=\"teich2rosen130511\" src=\"https:\/\/www.freiburg-schwarzwald.de\/blog\/wp-content\/uploads\/2012\/04\/teich2rosen130511-180x139.jpg\" alt=\"\" width=\"180\" height=\"139\" srcset=\"https:\/\/www.freiburg-schwarzwald.de\/blog\/wp-content\/uploads\/2012\/04\/teich2rosen130511-180x139.jpg 180w, https:\/\/www.freiburg-schwarzwald.de\/blog\/wp-content\/uploads\/2012\/04\/teich2rosen130511-640x495.jpg 640w, https:\/\/www.freiburg-schwarzwald.de\/blog\/wp-content\/uploads\/2012\/04\/teich2rosen130511.jpg 649w\" sizes=\"auto, (max-width: 180px) 100vw, 180px\" \/><\/a><br \/>\n(28) Frauenmantel nach Regen\u00a0\u00a0\u00a0\u00a0\u00a0\u00a0\u00a0\u00a0\u00a0\u00a0\u00a0 (29) Wasserrosenbl\u00e4tter spiegeln sich im Teich am 11.5.2013<\/h5>\n<h5><a href=\"https:\/\/www.freiburg-schwarzwald.de\/blog\/natur\/fruehling\/clematis130505\/\" rel=\"attachment wp-att-29916\"><img loading=\"lazy\" decoding=\"async\" class=\"alignnone size-thumbnail wp-image-29916\" title=\"clematis130505\" src=\"https:\/\/www.freiburg-schwarzwald.de\/blog\/wp-content\/uploads\/2012\/04\/clematis130505-135x180.jpg\" alt=\"\" width=\"135\" height=\"180\" srcset=\"https:\/\/www.freiburg-schwarzwald.de\/blog\/wp-content\/uploads\/2012\/04\/clematis130505-135x180.jpg 135w, https:\/\/www.freiburg-schwarzwald.de\/blog\/wp-content\/uploads\/2012\/04\/clematis130505.jpg 480w\" sizes=\"auto, (max-width: 135px) 100vw, 135px\" \/><\/a>\u00a0\u00a0\u00a0\u00a0\u00a0\u00a0\u00a0\u00a0\u00a0\u00a0\u00a0\u00a0\u00a0\u00a0\u00a0\u00a0\u00a0\u00a0\u00a0\u00a0\u00a0\u00a0\u00a0\u00a0\u00a0 <a href=\"https:\/\/www.freiburg-schwarzwald.de\/blog\/natur\/fruehling\/loewenzahn130505\/\" rel=\"attachment wp-att-29917\"><img loading=\"lazy\" decoding=\"async\" class=\"alignnone size-thumbnail wp-image-29917\" title=\"loewenzahn130505\" src=\"https:\/\/www.freiburg-schwarzwald.de\/blog\/wp-content\/uploads\/2012\/04\/loewenzahn130505-135x180.jpg\" alt=\"\" width=\"135\" height=\"180\" srcset=\"https:\/\/www.freiburg-schwarzwald.de\/blog\/wp-content\/uploads\/2012\/04\/loewenzahn130505-135x180.jpg 135w, https:\/\/www.freiburg-schwarzwald.de\/blog\/wp-content\/uploads\/2012\/04\/loewenzahn130505.jpg 480w\" sizes=\"auto, (max-width: 135px) 100vw, 135px\" \/><\/a>\u00a0\u00a0\u00a0\u00a0\u00a0\u00a0\u00a0\u00a0\u00a0\u00a0\u00a0\u00a0\u00a0\u00a0\u00a0\u00a0\u00a0\u00a0\u00a0\u00a0\u00a0\u00a0\u00a0 <a href=\"https:\/\/www.freiburg-schwarzwald.de\/blog\/natur\/fruehling\/gaensebluemchen130502\/\" rel=\"attachment wp-att-30004\"><img loading=\"lazy\" decoding=\"async\" title=\"gaensebluemchen130502\" src=\"https:\/\/www.freiburg-schwarzwald.de\/blog\/wp-content\/uploads\/2012\/04\/gaensebluemchen130502-180x135.jpg\" alt=\"\" width=\"180\" height=\"135\" \/><\/a><br \/>\n(31) Clematis 5.5.2013\u00a0\u00a0\u00a0\u00a0\u00a0\u00a0\u00a0\u00a0\u00a0\u00a0\u00a0\u00a0\u00a0\u00a0\u00a0\u00a0\u00a0\u00a0\u00a0\u00a0\u00a0\u00a0\u00a0\u00a0\u00a0\u00a0\u00a0\u00a0 (32) L\u00f6wenzahn\u00a0\u00a0\u00a0\u00a0\u00a0\u00a0\u00a0\u00a0\u00a0\u00a0\u00a0\u00a0\u00a0\u00a0\u00a0\u00a0\u00a0\u00a0\u00a0\u00a0\u00a0\u00a0\u00a0\u00a0\u00a0\u00a0\u00a0\u00a0\u00a0\u00a0\u00a0\u00a0\u00a0\u00a0\u00a0\u00a0\u00a0\u00a0\u00a0 (33) G\u00e4nsebl\u00fcmchen 2.5.2013<\/h5>\n<h5><a href=\"https:\/\/www.freiburg-schwarzwald.de\/blog\/natur\/fruehling\/clematis130530\/\" rel=\"attachment wp-att-31903\"><img loading=\"lazy\" decoding=\"async\" class=\"alignnone size-thumbnail wp-image-31903\" title=\"clematis130530\" src=\"https:\/\/www.freiburg-schwarzwald.de\/blog\/wp-content\/uploads\/2012\/04\/clematis130530-135x180.jpg\" alt=\"\" width=\"135\" height=\"180\" srcset=\"https:\/\/www.freiburg-schwarzwald.de\/blog\/wp-content\/uploads\/2012\/04\/clematis130530-135x180.jpg 135w, https:\/\/www.freiburg-schwarzwald.de\/blog\/wp-content\/uploads\/2012\/04\/clematis130530.jpg 480w\" sizes=\"auto, (max-width: 135px) 100vw, 135px\" \/><\/a>\u00a0\u00a0\u00a0\u00a0\u00a0\u00a0\u00a0\u00a0\u00a0\u00a0\u00a0\u00a0\u00a0\u00a0\u00a0\u00a0\u00a0\u00a0\u00a0\u00a0\u00a0\u00a0\u00a0\u00a0\u00a0\u00a0\u00a0\u00a0<a href=\"https:\/\/www.freiburg-schwarzwald.de\/blog\/natur\/fruehling\/clematis-bluete-offen130606\/\" rel=\"attachment wp-att-32258\"><img loading=\"lazy\" decoding=\"async\" title=\"clematis-bluete-offen130606\" src=\"https:\/\/www.freiburg-schwarzwald.de\/blog\/wp-content\/uploads\/2012\/04\/clematis-bluete-offen130606-135x180.jpg\" alt=\"\" width=\"135\" height=\"180\" \/><\/a>\u00a0\u00a0\u00a0\u00a0\u00a0\u00a0\u00a0\u00a0\u00a0\u00a0\u00a0\u00a0\u00a0\u00a0\u00a0\u00a0\u00a0\u00a0\u00a0\u00a0\u00a0\u00a0 <a href=\"https:\/\/www.freiburg-schwarzwald.de\/blog\/natur\/fruehling\/magnolie140324\/\" rel=\"attachment wp-att-46427\"><img loading=\"lazy\" decoding=\"async\" class=\"alignnone size-thumbnail wp-image-46427\" src=\"https:\/\/www.freiburg-schwarzwald.de\/blog\/wp-content\/uploads\/2012\/04\/magnolie140324-135x180.jpg\" alt=\"magnolie140324\" width=\"135\" height=\"180\" srcset=\"https:\/\/www.freiburg-schwarzwald.de\/blog\/wp-content\/uploads\/2012\/04\/magnolie140324-135x180.jpg 135w, https:\/\/www.freiburg-schwarzwald.de\/blog\/wp-content\/uploads\/2012\/04\/magnolie140324.jpg 480w\" sizes=\"auto, (max-width: 135px) 100vw, 135px\" \/><\/a><br \/>\n(34) Clematis 30.5.2013\u00a0\u00a0\u00a0\u00a0\u00a0\u00a0\u00a0\u00a0\u00a0\u00a0\u00a0\u00a0\u00a0\u00a0\u00a0\u00a0\u00a0\u00a0\u00a0\u00a0\u00a0\u00a0\u00a0\u00a0\u00a0\u00a0\u00a0\u00a0 (35) Bl\u00fcte offen 6.6.2013\u00a0\u00a0\u00a0\u00a0\u00a0\u00a0\u00a0\u00a0\u00a0\u00a0\u00a0\u00a0\u00a0\u00a0\u00a0\u00a0\u00a0\u00a0\u00a0\u00a0\u00a0\u00a0 (36) Magnolien 24.3.2014<\/h5>\n<h5><a href=\"https:\/\/www.freiburg-schwarzwald.de\/blog\/natur\/garten\/gartenmauer\/mauer-fruehling140327\/\" rel=\"attachment wp-att-46755\"><img loading=\"lazy\" decoding=\"async\" class=\"alignnone size-thumbnail wp-image-46755\" src=\"https:\/\/www.freiburg-schwarzwald.de\/blog\/wp-content\/uploads\/2013\/08\/mauer-fruehling140327-180x135.jpg\" alt=\"mauer-fruehling140327\" width=\"180\" height=\"135\" srcset=\"https:\/\/www.freiburg-schwarzwald.de\/blog\/wp-content\/uploads\/2013\/08\/mauer-fruehling140327-180x135.jpg 180w, https:\/\/www.freiburg-schwarzwald.de\/blog\/wp-content\/uploads\/2013\/08\/mauer-fruehling140327.jpg 640w\" sizes=\"auto, (max-width: 180px) 100vw, 180px\" \/><\/a>\u00a0\u00a0\u00a0\u00a0\u00a0\u00a0\u00a0\u00a0\u00a0\u00a0\u00a0\u00a0 <a href=\"https:\/\/www.freiburg-schwarzwald.de\/blog\/natur\/fruehling\/glyzinie140411\/\" rel=\"attachment wp-att-46920\"><img loading=\"lazy\" decoding=\"async\" class=\"alignnone size-thumbnail wp-image-46920\" src=\"https:\/\/www.freiburg-schwarzwald.de\/blog\/wp-content\/uploads\/2012\/04\/glyzinie140411-180x135.jpg\" alt=\"glyzinie140411\" width=\"180\" height=\"135\" srcset=\"https:\/\/www.freiburg-schwarzwald.de\/blog\/wp-content\/uploads\/2012\/04\/glyzinie140411-180x135.jpg 180w, https:\/\/www.freiburg-schwarzwald.de\/blog\/wp-content\/uploads\/2012\/04\/glyzinie140411.jpg 640w\" sizes=\"auto, (max-width: 180px) 100vw, 180px\" \/><\/a>\u00a0\u00a0\u00a0\u00a0\u00a0\u00a0\u00a0\u00a0\u00a0 <a href=\"https:\/\/www.freiburg-schwarzwald.de\/blog\/natur\/fruehling\/fruehling-teich140419\/\" rel=\"attachment wp-att-47311\"><img loading=\"lazy\" decoding=\"async\" class=\"alignnone size-thumbnail wp-image-47311\" src=\"https:\/\/www.freiburg-schwarzwald.de\/blog\/wp-content\/uploads\/2012\/04\/fruehling-teich140419-180x135.jpg\" alt=\"fruehling-teich140419\" width=\"180\" height=\"135\" srcset=\"https:\/\/www.freiburg-schwarzwald.de\/blog\/wp-content\/uploads\/2012\/04\/fruehling-teich140419-180x135.jpg 180w, https:\/\/www.freiburg-schwarzwald.de\/blog\/wp-content\/uploads\/2012\/04\/fruehling-teich140419.jpg 640w\" sizes=\"auto, (max-width: 180px) 100vw, 180px\" \/><\/a><br \/>\n(37)\u00a0Fr\u00fchling an der Mauer\u00a027.3.2014\u00a0\u00a0\u00a0\u00a0 (38) Glyzinie Kart\u00e4userstr. 11.4.2014\u00a0\u00a0\u00a0\u00a0 (39) Teich 15.4.2014 in G\u00fcnterstal<\/h5>\n<h5><a href=\"https:\/\/www.freiburg-schwarzwald.de\/blog\/natur\/fruehling\/flieder-muensterplatz140426\/\" rel=\"attachment wp-att-47523\"><img loading=\"lazy\" decoding=\"async\" class=\"alignnone size-thumbnail wp-image-47523\" src=\"https:\/\/www.freiburg-schwarzwald.de\/blog\/wp-content\/uploads\/2012\/04\/flieder-muensterplatz140426-180x138.jpg\" alt=\"flieder-muensterplatz140426\" width=\"180\" height=\"138\" srcset=\"https:\/\/www.freiburg-schwarzwald.de\/blog\/wp-content\/uploads\/2012\/04\/flieder-muensterplatz140426-180x138.jpg 180w, https:\/\/www.freiburg-schwarzwald.de\/blog\/wp-content\/uploads\/2012\/04\/flieder-muensterplatz140426.jpg 640w\" sizes=\"auto, (max-width: 180px) 100vw, 180px\" \/><\/a>\u00a0\u00a0\u00a0\u00a0\u00a0\u00a0\u00a0\u00a0\u00a0 <a href=\"https:\/\/www.freiburg-schwarzwald.de\/blog\/natur\/fruehling\/kybfelsen-loewenzahn150420\/\" rel=\"attachment wp-att-54574\"><img loading=\"lazy\" decoding=\"async\" class=\"alignnone size-thumbnail wp-image-54574\" src=\"https:\/\/www.freiburg-schwarzwald.de\/blog\/wp-content\/uploads\/2012\/04\/kybfelsen-loewenzahn150420-180x135.jpg\" alt=\"kybfelsen-loewenzahn150420\" width=\"180\" height=\"135\" srcset=\"https:\/\/www.freiburg-schwarzwald.de\/blog\/wp-content\/uploads\/2012\/04\/kybfelsen-loewenzahn150420-180x135.jpg 180w, https:\/\/www.freiburg-schwarzwald.de\/blog\/wp-content\/uploads\/2012\/04\/kybfelsen-loewenzahn150420.jpg 640w\" sizes=\"auto, (max-width: 180px) 100vw, 180px\" \/><\/a>\u00a0\u00a0\u00a0\u00a0\u00a0\u00a0\u00a0\u00a0\u00a0 <a href=\"https:\/\/www.freiburg-schwarzwald.de\/blog\/natur\/fruehling\/azaleen150420\/\" rel=\"attachment wp-att-54575\"><img loading=\"lazy\" decoding=\"async\" class=\"alignnone size-thumbnail wp-image-54575\" src=\"https:\/\/www.freiburg-schwarzwald.de\/blog\/wp-content\/uploads\/2012\/04\/azaleen150420-180x135.jpg\" alt=\"azaleen150420\" width=\"180\" height=\"135\" srcset=\"https:\/\/www.freiburg-schwarzwald.de\/blog\/wp-content\/uploads\/2012\/04\/azaleen150420-180x135.jpg 180w, https:\/\/www.freiburg-schwarzwald.de\/blog\/wp-content\/uploads\/2012\/04\/azaleen150420.jpg 640w\" sizes=\"auto, (max-width: 180px) 100vw, 180px\" \/><\/a><br \/>\n(40) Flieder M\u00fcnsterplatz 26.4.2014\u00a0\u00a0\u00a0\u00a0\u00a0\u00a0 (41) L\u00f6wenzahn &#8211; Kybfelsen 15.4.2015\u00a0 (42) Azaleen G\u00fcnther-Park 15.4.2015<\/h5>\n<h5><a href=\"https:\/\/www.freiburg-schwarzwald.de\/blog\/natur\/fruehling\/hagel150522\/\" rel=\"attachment wp-att-54684\"><img loading=\"lazy\" decoding=\"async\" class=\"alignnone size-thumbnail wp-image-54684\" src=\"https:\/\/www.freiburg-schwarzwald.de\/blog\/wp-content\/uploads\/2012\/04\/hagel150522-180x135.jpg\" alt=\"hagel150522\" width=\"180\" height=\"135\" srcset=\"https:\/\/www.freiburg-schwarzwald.de\/blog\/wp-content\/uploads\/2012\/04\/hagel150522-180x135.jpg 180w, https:\/\/www.freiburg-schwarzwald.de\/blog\/wp-content\/uploads\/2012\/04\/hagel150522.jpg 640w\" sizes=\"auto, (max-width: 180px) 100vw, 180px\" \/>\u00a0 \u00a0 \u00a0 \u00a0 \u00a0\u00a0<\/a><a href=\"https:\/\/www.freiburg-schwarzwald.de\/blog\/natur\/fruehling\/arnika-wiese150527\/\" rel=\"attachment wp-att-54710\"><img loading=\"lazy\" decoding=\"async\" class=\"alignnone size-thumbnail wp-image-54710\" src=\"https:\/\/www.freiburg-schwarzwald.de\/blog\/wp-content\/uploads\/2012\/04\/arnika-wiese150527-180x135.jpg\" alt=\"arnika-wiese150527\" width=\"180\" height=\"135\" srcset=\"https:\/\/www.freiburg-schwarzwald.de\/blog\/wp-content\/uploads\/2012\/04\/arnika-wiese150527-180x135.jpg 180w, https:\/\/www.freiburg-schwarzwald.de\/blog\/wp-content\/uploads\/2012\/04\/arnika-wiese150527.jpg 640w\" sizes=\"auto, (max-width: 180px) 100vw, 180px\" \/><\/a>\u00a0 \u00a0 \u00a0 \u00a0 \u00a0\u00a0<a href=\"https:\/\/www.freiburg-schwarzwald.de\/blog\/natur\/fruehling\/klappertoepchen150523\/\" rel=\"attachment wp-att-54711\"><img loading=\"lazy\" decoding=\"async\" class=\"alignnone size-thumbnail wp-image-54711\" src=\"https:\/\/www.freiburg-schwarzwald.de\/blog\/wp-content\/uploads\/2012\/04\/klappertoepchen150523-180x135.jpg\" alt=\"klappertoepchen150523\" width=\"180\" height=\"135\" srcset=\"https:\/\/www.freiburg-schwarzwald.de\/blog\/wp-content\/uploads\/2012\/04\/klappertoepchen150523-180x135.jpg 180w, https:\/\/www.freiburg-schwarzwald.de\/blog\/wp-content\/uploads\/2012\/04\/klappertoepchen150523.jpg 640w\" sizes=\"auto, (max-width: 180px) 100vw, 180px\" \/><\/a><a href=\"https:\/\/www.freiburg-schwarzwald.de\/blog\/natur\/fruehling\/hagel150522\/\" rel=\"attachment wp-att-54684\"><br \/>\n<\/a>(43) Hagelk\u00f6rner 22.5.2015 \u00a0 \u00a0 \u00a0 \u00a0 \u00a0 \u00a0 \u00a0 \u00a0 \u00a0 \u00a0(44) Arnika-Wiese 23.5.2015 \u00a0 \u00a0 \u00a0 \u00a0 \u00a0 \u00a0 \u00a0 \u00a0 (45) Klappert\u00f6pchen Zastler 26.5.15<br \/>\n.<\/h5>\n<h5><a href=\"https:\/\/www.freiburg-schwarzwald.de\/blog\/wp-content\/uploads\/2025\/03\/krokus250303.jpg\"><img loading=\"lazy\" decoding=\"async\" class=\"alignnone size-full wp-image-131815\" src=\"https:\/\/www.freiburg-schwarzwald.de\/blog\/wp-content\/uploads\/2025\/03\/krokus250303.jpg\" alt=\"\" width=\"637\" height=\"366\" srcset=\"https:\/\/www.freiburg-schwarzwald.de\/blog\/wp-content\/uploads\/2025\/03\/krokus250303.jpg 637w, https:\/\/www.freiburg-schwarzwald.de\/blog\/wp-content\/uploads\/2025\/03\/krokus250303-180x103.jpg 180w\" sizes=\"auto, (max-width: 637px) 100vw, 637px\" \/><\/a>Krokusse am 4.3.2025<\/h5>\n<p>&nbsp;<\/p>\n<p>(1) Tulpe am 27.4.2012 &#8211; auch noch beim Verbluehen schoen<br \/>\n(2) Blick nach S\u00fcden im Dreisamtal am 21.4.2012 &#8211; gelber Loewenzahn<br \/>\n(3) Bluehender Birnbaum beim Breitehof im Dreisamtal am 21.4.2012<br \/>\n(8) L\u00f6wenzahn verbl\u00fcht im Mai &#8211; Bild: Siegfried Gollrad<\/p>\n<p>&nbsp;<\/p>\n<div id=\"attachment_45858\" style=\"width: 646px\" class=\"wp-caption alignnone\"><a href=\"https:\/\/www.freiburg-schwarzwald.de\/blog\/natur\/fruehling\/krokus3biene-pan140305\/\" rel=\"attachment wp-att-45858\"><img loading=\"lazy\" decoding=\"async\" aria-describedby=\"caption-attachment-45858\" class=\"size-full wp-image-45858\" src=\"https:\/\/www.freiburg-schwarzwald.de\/blog\/wp-content\/uploads\/2012\/04\/krokus3biene-pan140305.jpg\" alt=\"Gelbe Krokusse mit einer ersten Biene am 5.7.2014\" width=\"636\" height=\"290\" srcset=\"https:\/\/www.freiburg-schwarzwald.de\/blog\/wp-content\/uploads\/2012\/04\/krokus3biene-pan140305.jpg 636w, https:\/\/www.freiburg-schwarzwald.de\/blog\/wp-content\/uploads\/2012\/04\/krokus3biene-pan140305-180x82.jpg 180w\" sizes=\"auto, (max-width: 636px) 100vw, 636px\" \/><\/a><p id=\"caption-attachment-45858\" class=\"wp-caption-text\">Gelbe Krokusse mit einer ersten Biene am 5.7.2014<\/p><\/div>\n<p>&nbsp;<\/p>\n<p><strong>Wetterumschwung von Frost bis 11.4. auf plus 25 Grad\u00a0am 14.4.<\/strong><\/p>\n<p>S Wetter kann\u2019s keinem r\u00e4\u00e4cht mache. Ich bin im Norde gsin, in Hamburg, Berlin un drumrum un d Litt hen numme g\u2019wettert \u00fcbers Wetter. Bisewetter, Pisswetter, Schnee, Pflutterwetter, Wind, Hagel, Rege. Nommidags ab de Vieri het\u2019s schun d\u00fcschperlet, ab de F\u00fcnfi war\u2019s zabbeduschter un nooch de Sechsi kittignaacht, also stockdunkel. Drusse in de Stro\u00dfe ei Schnaddere un Schudere. Un des Daag f\u00fcr Daag, Mitte April. \u201eDarf ich fragen, woher Sie kommen?\u201c, het mi einer gfrogt un ich hab\u2019s em g\u2019sagt. \u201eWas, aus S\u00fcdbaden? Sie Gl\u00fccklicher! Aus dem Sonnenparadies, wir verbringen dort regelm\u00e4\u00dfig unseren Urlaub.\u201c Miner Iiwand, mir h\u00e4tte in de letschte Zit bi uns unte-n au numme Rege, Schnee un K\u00e4lti gha, het r gar nit welle h\u00f6re. Nimmi uffg\u2019h\u00f6rt het r in de h\u00f6chschte T\u00f6n schw\u00e4rme vun Spazierg\u00e4ng im Kaiserstuhl un im Markgr\u00e4flerland. Nat\u00fcrlig unter blauem Himmel. \u201eRegen und Wind, das ist Hamburg. S\u00fcdbaden, das ist Sonne und lange, laue N\u00e4chte. Da werden Sie mir doch nicht widersprechen? Sch\u00f6nen Tach noch und gute Reise zur\u00fcck.\u201c So het r sich verabschiedet un isch inere U-Bahn verschwunde.<br \/>\nDrei D\u00e4\u00e4g sp\u00e4ter, kuum zwei Minute zruck z Friiburg, bi 25 Grad W\u00e4rmi, Mitte April, am F\u00fcnfi nommidags, hab\u2019 i im Bahnhof Bekannti troffe. Was hen si g\u2019macht? Lamentiert \u00fcber d Hitz. Endlig widder Sunn w\u00e4r jo guet, aber glii n-\u00e4 soo! Des w\u00e4r doch au widder \u00fcbertriebe. S Wetter kann\u2019s halt keinem r\u00e4\u00e4cht mache.<br \/>\n16.4.2013, Stefan Pflaum\u00a0, <a href=\"https:\/\/www.dreisamtaeler.de\">www.dreisamtaeler.de<\/a><\/p>\n<p><strong>Amseln singen wieder &#8211; seit 22. Februar 2013<\/strong><\/p>\n<p>Am 22. Februar\u00a0h\u00f6rten wir zum ersten Mal in 2013 eine Amsel singen, fr\u00fchmorgens bei -2 Grad und Schnee.\u00a0In der folgenden Woche gab es erbitterte K\u00e4mpfe zwischen zwei Amselm\u00e4nnern im Garten: Im Laub unter B\u00fcschen, auf den Zweigen der gro\u00dfen Kastanie, auf der schneebedeckten Wiese. Resultat: Einer der beiden hat obsiegt und baut seit 14. M\u00e4rz 2013 mit seiner Auserw\u00e4hlten im \u00fcberh\u00e4ngenden Efeu an der Mauer ein Nest. Am 15.3. werden im dichten Schneetreiben kleine \u00c4ste und Halme herbeigeflogen und &#8222;l\u00e4ngs&#8220; zwischen das Efeu reinbugsiert. Der Fr\u00fchling kann kommen, am 17.3. immerhin haben plus 10 Grad den Schnee weggeschmolzen und Amselfrau wie Amselmann k\u00f6nnen im Gras nach Moos suchen, um ihr Nest gem\u00fctlich auspolstern zu k\u00f6nnen. Dann kaltes Winterwetter bis 11. April 2013 mit nachts -3 Grad in Freiburg. Danach der extreme Wetterumschwung mit +24 Grad am Sonntag 14.April. Und welch ein Wunder: Am 16 April zwischern zwei junge Amseln in den Gartenbeeten nach Futter. Die Amseln hatten es also geschafft, bei Schnee und frostigen N\u00e4chten zu br\u00fcten und zwei Junge gro\u00df zu f\u00fcttern.<br \/>\n17.3.2013<\/p>\n<p><a href=\"https:\/\/www.freiburg-schwarzwald.de\/blog\/natur\/tiere\/vogel\/amsel-efeu130214\/\" rel=\"attachment wp-att-22595\"><img loading=\"lazy\" decoding=\"async\" class=\"alignnone size-thumbnail wp-image-22595\" title=\"amsel-efeu130214\" src=\"https:\/\/www.freiburg-schwarzwald.de\/blog\/wp-content\/uploads\/2012\/05\/amsel-efeu130214-180x143.jpg\" alt=\"\" width=\"180\" height=\"143\" srcset=\"https:\/\/www.freiburg-schwarzwald.de\/blog\/wp-content\/uploads\/2012\/05\/amsel-efeu130214-180x143.jpg 180w, https:\/\/www.freiburg-schwarzwald.de\/blog\/wp-content\/uploads\/2012\/05\/amsel-efeu130214.jpg 638w\" sizes=\"auto, (max-width: 180px) 100vw, 180px\" \/><\/a><\/p>\n<p>&nbsp;<\/p>\n<p>&nbsp;<\/p>\n<p><strong>D Sunn &#8211; Endlig isch si do!<\/strong><\/p>\n<p>D Sunn, ja d Sunn het sich zeigt! D wisse Schwarzwaldgipfel unterem wolkelos blaue Himmel. Am Sunndig ganzi Familie mit Kind un Kegel unterwegs \u00fcber d nasse Matte uff d H\u00fcgel. Mit de R\u00e4der am Rhiin entlang. Uff de Berg\u2019 obe Schneeschuh-Wandere. Un nach obe gluegt, als wott mrs gar nit glaube, dass noch kei Wolke kumme, de Himmel un d Seel\u2019 verdunkle. Me het jo schier nimmi welle bi dem Grau in Grau. Bi dem Schnaddere un Schudere. Kittignacht un zabbeduschter isches gsin middle am Daag. Un dennoo noch selli Chaibe-Gripp\u2019 dezue. Mir im Nescht mit em Fieberthermometer im Muul un Antibiotika uff em Naachtk\u00e4nschterli. Aber jetz hemmer widder Liecht un d Welt isch uff\u2019bl\u00fcht mit de erschte Strahle. D V\u00f6gel hen danzt un d Kn\u00e4ggis sin unte in de Ebini s erschtemol widder uff d B\u00e4um kletteret. Jetzt waarte mr uff Katzebusseli un M\u00e4rzegl\u00f6ckli. Uff \u00e4 Friejohr, wo si Namme verdient .Uff \u00e4 Oberrheinwetter, wo d Nordditsche bi jedem Wetterbericht niidig vor Wuet uff uns S\u00fcd-Badener de Radio uns Ferns\u00e4hne abschalte.<br \/>\n6.3.2013, Stefan Pflaum, <a href=\"https:\/\/www.dreisamtaeler.de\">www.dreisamtaeler.de<\/a><\/p>\n","protected":false},"excerpt":{"rendered":"<p>Home &gt;Natur &gt;Fruehling &nbsp; Listenauswahl eines Beitrags (Artikel\/Datum, Seite\/Inhalt): Klicken oder scrollen Sommerzeit 29.3. Schnee Amsel\u00a0(29.3.2026) Windkraft \u2013 Ramadan \u2013 Amsel\u00a0(27.2.2026) Amseln singen im November\u00a0(8.11.2024) Amseln singen lauter denn je\u00a0(24.4.2024) Die Amseln singen wieder (6.2.2024) https:\/\/www.freiburg-schwarzwald.de\/blog\/amseln-singen-fruehlinganfang\/ (28.2.2015) Wetterumschwung von Frost &hellip; <a href=\"https:\/\/www.freiburg-schwarzwald.de\/blog\/natur\/fruehling\/\">Weiterlesen <span class=\"meta-nav\">&rarr;<\/span><\/a><\/p>\n","protected":false},"author":2,"featured_media":0,"parent":23,"menu_order":0,"comment_status":"open","ping_status":"closed","template":"","meta":{"footnotes":""},"class_list":["post-2152","page","type-page","status-publish","hentry"],"_links":{"self":[{"href":"https:\/\/www.freiburg-schwarzwald.de\/blog\/wp-json\/wp\/v2\/pages\/2152","targetHints":{"allow":["GET"]}}],"collection":[{"href":"https:\/\/www.freiburg-schwarzwald.de\/blog\/wp-json\/wp\/v2\/pages"}],"about":[{"href":"https:\/\/www.freiburg-schwarzwald.de\/blog\/wp-json\/wp\/v2\/types\/page"}],"author":[{"embeddable":true,"href":"https:\/\/www.freiburg-schwarzwald.de\/blog\/wp-json\/wp\/v2\/users\/2"}],"replies":[{"embeddable":true,"href":"https:\/\/www.freiburg-schwarzwald.de\/blog\/wp-json\/wp\/v2\/comments?post=2152"}],"version-history":[{"count":5,"href":"https:\/\/www.freiburg-schwarzwald.de\/blog\/wp-json\/wp\/v2\/pages\/2152\/revisions"}],"predecessor-version":[{"id":147173,"href":"https:\/\/www.freiburg-schwarzwald.de\/blog\/wp-json\/wp\/v2\/pages\/2152\/revisions\/147173"}],"up":[{"embeddable":true,"href":"https:\/\/www.freiburg-schwarzwald.de\/blog\/wp-json\/wp\/v2\/pages\/23"}],"wp:attachment":[{"href":"https:\/\/www.freiburg-schwarzwald.de\/blog\/wp-json\/wp\/v2\/media?parent=2152"}],"curies":[{"name":"wp","href":"https:\/\/api.w.org\/{rel}","templated":true}]}}