{"id":21513,"date":"2013-02-05T09:52:57","date_gmt":"2013-02-05T08:52:57","guid":{"rendered":"https:\/\/www.freiburg-schwarzwald.de\/blog\/?page_id=21513"},"modified":"2026-04-15T20:38:10","modified_gmt":"2026-04-15T18:38:10","slug":"hobby","status":"publish","type":"page","link":"https:\/\/www.freiburg-schwarzwald.de\/blog\/kultur\/hobby\/","title":{"rendered":"Hobby"},"content":{"rendered":"<p>Home &gt;<a title=\"Kultur\" href=\"https:\/\/www.freiburg-schwarzwald.de\/blog\/kultur\/\">Kultur<\/a>\u00a0&gt;<a title=\"Kunst\" href=\"https:\/\/www.freiburg-schwarzwald.de\/blog\/kultur\/kunst\/\">Kunst<\/a>\u00a0 &gt;<a title=\"Handwerk\" href=\"https:\/\/www.freiburg-schwarzwald.de\/blog\/business\/handwerk\/\">Handwerk<\/a>\u00a0&gt;Hobby<\/p>\n<div id=\"attachment_21435\" style=\"width: 629px\" class=\"wp-caption alignnone\"><a href=\"https:\/\/www.freiburg-schwarzwald.de\/blog\/business\/gesund\/klinik\/bugginger-ostt-pan101113\/\" rel=\"attachment wp-att-21435\"><img loading=\"lazy\" decoding=\"async\" aria-describedby=\"caption-attachment-21435\" class=\"size-full wp-image-21435\" title=\"bugginger-ostt-pan101113\" src=\"https:\/\/www.freiburg-schwarzwald.de\/blog\/wp-content\/uploads\/2013\/02\/bugginger-ostt-pan101113.jpg\" alt=\"\" width=\"619\" height=\"217\" srcset=\"https:\/\/www.freiburg-schwarzwald.de\/blog\/wp-content\/uploads\/2013\/02\/bugginger-ostt-pan101113.jpg 619w, https:\/\/www.freiburg-schwarzwald.de\/blog\/wp-content\/uploads\/2013\/02\/bugginger-ostt-pan101113-180x63.jpg 180w\" sizes=\"auto, (max-width: 619px) 100vw, 619px\" \/><\/a><p id=\"caption-attachment-21435\" class=\"wp-caption-text\">Passivhochhaus Buggi 50 am 13.11.2010 in Weingarten: Tele-Blick nach Osten \u00fcber Freiburg und Dreisamtal hoch zum Schwarzwald<\/p><\/div>\n<p>&nbsp;<\/p>\n<p><strong>Hobby, Sammler, Erfinder, T\u00fcftler, Bastler, Kreative, Lieblingsbesch\u00e4ftigung, Steckenpferd, Heimwerker, Selbermacher, DIY (Do it Yourself), \u00a0&#8230;<\/strong><\/p>\n<ul>\n<li><em>Listenauswahl eines Beitrags (Artikel\/Datum, Seite\/Inhalt): <span style=\"text-decoration: underline;\">Klicken<\/span> oder scrollen<\/em><\/li>\n<li>Ahmet Refii Dener: Das Hobby-Vakuum in der islamischen Welt (14.4.2026)<\/li>\n<li><a href=\"https:\/\/www.freiburg-schwarzwald.de\/blog\/kunstkreativmarkt-in-zaehringen\/\">https:\/\/www.freiburg-schwarzwald.de\/blog\/kunstkreativmarkt-in-zaehringen\/<\/a>\u00a0(5.2.2013)<\/li>\n<li><a href=\"https:\/\/www.freiburg-schwarzwald.de\/ecommerce.htm#MyOma.de - Omas stricken\">MyOma.de &#8211; Omas stricken<\/a>\u00a0 &gt;eCommerce (23.12.2011)<\/li>\n<li><a href=\"https:\/\/www.freiburg-schwarzwald.de\/littenweiler\/hobby#3. Platz f\u00fcr Klaus Burchard beim Europa Star Cup 2009\">3. Platz f\u00fcr Klaus Burchard beim Europa Star Cup 2009<\/a> &gt;Hobby (30.10.2009)<\/li>\n<li><a href=\"https:\/\/www.freiburg-schwarzwald.de\/haus-der-natur1.htm#Sternenhimmel \u00fcber dem Feldberg - mit Fernrohr\">Sternenhimmel \u00fcber dem Feldberg &#8211; mit Fernrohr<\/a> &gt;Haus-der-Natur1 (3.3.2008)<\/li>\n<li>\n<p align=\"left\"><a href=\"https:\/\/www.freiburg-schwarzwald.de\/littenweiler\/littenweiler9.htm#Silvia Helwig: Seelenbilder auf Porzellan\">Silvia Helwig: Seelenbilder auf Porzellan<\/a> &gt;Littenweiler9 (29.12.2007)<\/p>\n<\/li>\n<li><a href=\"https:\/\/www.freiburg-schwarzwald.de\/cuckooclocks.htm#Otmar Fehrenbach t\u00fcftelt in Hinterzarten an Schwarzw\u00e4lder Holzuhren\">Otmar Fehrenbach t\u00fcftelt in Hinterzarten an Schwarzw\u00e4lder Holzuhren<\/a> &gt;Cuckooclocks (19.10.07)<\/li>\n<li><a href=\"https:\/\/www.freiburg-schwarzwald.de\/littenweiler\/theater1.htm#Magischer Zirkel Freiburg: Geburtsst\u00e4tte f\u00fcr Europa- und Weltmeister\">Magischer Zirkel Freiburg: Geburtsst\u00e4tte f\u00fcr Europa- und Weltmeister<\/a> &gt;Theater1 (2.10.2007)<\/li>\n<li><a href=\"https:\/\/www.freiburg-schwarzwald.de\/sammler.htm#Briefesammlung von Erich Wickersheim: Weltgeschichte und Privates\">Briefesammlung von Erich Wickersheim: Weltgeschichte und Privates<\/a> &gt;Sammler (14.9.2007)<\/li>\n<li><a href=\"https:\/\/www.freiburg-schwarzwald.de\/littenweiler\/hobby#Schminken von Gesichtern: Festival der Farben am Waldsee\">Schminken von Gesichtern: &#8222;Festival der Farben&#8220; am Waldsee<\/a>&gt;Hobby (16.7.2007)<\/li>\n<li><a href=\"https:\/\/www.freiburg-schwarzwald.de\/littenweiler\/schrebergarten.htm#Auf einen Schrebergarten muss man bis zu drei Jahre warten\">Auf einen Schrebergarten muss man bis zu drei Jahre warten<\/a>\u00a0&gt;Schrebergarten (30.4.2007)<\/li>\n<li><a href=\"https:\/\/www.freiburg-schwarzwald.de\/ballrechten-dottingen1.htm#Modelleisenbahnanlage von Arnold K\u00f6berlin am Castellberg\">Modelleisenbahnanlage von Arnold K\u00f6berlin am Castellberg<\/a> &gt;Ballrechten-Dottingen1 (22.3.07)<\/li>\n<li><a href=\"https:\/\/www.freiburg-schwarzwald.de\/lenzkirch2.htm#Lenzkirch Clocks: Buch von George A. Everett\">Lenzkirch Clocks: Buch von George A. Everett<\/a> &gt;Lenzkirch2 (30.12.2006)<\/li>\n<li><a href=\"https:\/\/www.freiburg-schwarzwald.de\/littenweiler\/hobby#Manfred Dannmeyer aus Bamlach baut leidenschaftlich Krippen\">Manfred Dannmeyer aus Bamlach baut leidenschaftlich Krippen<\/a> &gt;Hobby (22.12.2006)<\/li>\n<li><a href=\"https:\/\/www.freiburg-schwarzwald.de\/lenzkirch2.htm#Lenzkircher Uhren-Freunde 10 Jahre\">Lenzkircher Uhren-Freunde 10 Jahre<\/a> &gt;Lenzkirch2 (21.8.2006)<\/li>\n<li><a href=\"https:\/\/www.freiburg-schwarzwald.de\/littenweiler\/baechle.htm#B\u00e4chle in Kleingartenanlage - Wasserkraft bewegt Figuren\">B\u00e4chle in Kleingartenanlage &#8211; Wasserkraft bewegt Figuren<\/a> &gt;Baechle (16.8.2006)<\/li>\n<li><a href=\"https:\/\/www.freiburg-schwarzwald.de\/littenweiler\/hobby#Modellbau 2006 - Innenstadtmessen\">Modellbau 2006 &#8211; Innenstadtmessen<\/a> (28.4.2006)<\/li>\n<li><a href=\"https:\/\/www.freiburg-schwarzwald.de\/littenweiler\/hobby#Bulli Team Breisgau - Treffen 2005 lockt viele Fans nach Ihringen\">Bulli Team Breisgau &#8211; Treffen 2005 lockt viele Fans nach Ihringen<\/a> (21.5.2005)<\/li>\n<li><a href=\"https:\/\/www.freiburg-schwarzwald.de\/eisenbach1.htm#Internationale Uhrenb\u00f6rse in Eisenbach\">Internationale Uhrenb\u00f6rse 2005 in Eisenbach<\/a> &gt;Eisenbach1 (26.4.2005)<\/li>\n<li><a href=\"https:\/\/www.freiburg-schwarzwald.de\/littenweiler\/hobby#\u00d6kouhr von Erich Maier aus M\u00fchlingen\">\u00d6kouhr von Erich Maier aus M\u00fchlingen<\/a> (20.1.2005)<\/li>\n<li><a href=\"https:\/\/www.freiburg-schwarzwald.de\/littenweiler\/hobby#Reparaturwerkstatt f\u00fcr Miniaturz\u00fcge von Rolf M\u00f6llinger aus Hugstetten\">Reparaturwerkstatt f\u00fcr Miniaturz\u00fcge von Rolf M\u00f6llinger aus Hugstetten<\/a> (10.7.2004)<\/li>\n<li><a href=\"https:\/\/www.freiburg-schwarzwald.de\/littenweiler\/hobby#Drei Meinungen zum Tanzb\u00e4r-Foto von Klaus Echle\">Drei Meinungen zum Tanzb\u00e4r-Foto von Klaus Echle<\/a> (6.5.2004)<\/li>\n<li><a href=\"https:\/\/www.freiburg-schwarzwald.de\/littenweiler\/hobby#Freiburger Klaus Echle ist Europas Naturfotograf des Jahres 2003\">Freiburger Klaus Echle mit Tanzb\u00e4r Europas Naturfotograf des Jahres 2003<\/a> (6.4.2004)<\/li>\n<li><a href=\"https:\/\/www.freiburg-schwarzwald.de\/littenweiler\/hobby#Jupiter - Astronomie in Kirchzarten\">Jupiter &#8211; Astronomie in Kirchzarten<\/a><\/li>\n<li><a href=\"https:\/\/www.freiburg-schwarzwald.de\/eisenbahn.htm#Eisenbahnfreunde Breisgau in Kirchzarten ans\u00e4ssig\">EIsenbahnfreunde Breisgau in Kirchzarten<\/a> &gt;Eisenbahn<\/li>\n<li><a href=\"https:\/\/www.freiburg-schwarzwald.de\/littenweiler\/hobby#Sch\u00f6nster Wellensittich aus Freiburg\">Sch\u00f6nster Wellensittich aus Freiburg <\/a>(12.8.)<\/li>\n<li><\/li>\n<li><a href=\"https:\/\/www.freiburg-schwarzwald.de\/littenweiler\/hobby#Club 41073 in Freiburg\">Club 41073 in Freiburg<\/a><\/li>\n<li>Fotograph<\/li>\n<li><a href=\"https:\/\/www.freiburg-schwarzwald.de\/littenweiler\/hobby#IHA-B\u00f6rse - Interessen-Hobby-Austauschb\u00f6rse\">IHA-B\u00f6rse &#8211; Interessen-Hobby-Austauschb\u00f6rse Freiburg<\/a><\/li>\n<li><a href=\"https:\/\/www.freiburg-schwarzwald.de\/littenweiler\/hobby#Ikonenmalerei Preibisch in Stegen\">Ikonenmalerei Preibisch in Stegen<\/a> &gt;Hobby<\/li>\n<li><a href=\"https:\/\/www.freiburg-schwarzwald.de\/sammler.htm\">Sammeln aus Leidenschaft<\/a> &gt;Sammler<\/li>\n<li><a href=\"https:\/\/www.freiburg-schwarzwald.de\/littenweiler\/hobby#DIY - Do it Yourself Verkaufsplattformen im Internet\">DIY &#8211; &#8222;Do it Yourself&#8220; Verkaufsplattformen im Internet<\/a><\/li>\n<li><a href=\"https:\/\/www.freiburg-schwarzwald.de\/littenweiler\/hobby#Modelleisenbahn - Spur 1-Freunde Freiburg\">Modelleisenbahn &#8211; Spur 1-Freunde Freiburg<\/a><\/li>\n<li><a title=\"Sun-Print\" href=\"https:\/\/www.freiburg-schwarzwald.de\/blog\/kultur\/kunst\/sun-print\/\">Sun Print<\/a><\/li>\n<li><a title=\"TextilArt\" href=\"https:\/\/www.freiburg-schwarzwald.de\/blog\/kultur\/kunst\/textilart\/\">TextilArt<\/a><\/li>\n<li><a href=\"https:\/\/www.freiburg-schwarzwald.de\/traktor.htm\">Traktoren und Schlepper<\/a> &gt;Traktor<\/li>\n<li><a href=\"https:\/\/www.freiburg-schwarzwald.de\/littenweiler\/hobby#Hobby-Links\">Hobby-Links<\/a><\/li>\n<\/ul>\n<p>&nbsp;<\/p>\n<h5><a href=\"https:\/\/www.freiburg-schwarzwald.de\/blog\/kultur\/hobby\/hopkins-esel130406\/\" rel=\"attachment wp-att-26466\"><img loading=\"lazy\" decoding=\"async\" class=\"alignnone size-thumbnail wp-image-26466\" title=\"hopkins-esel130406\" src=\"https:\/\/www.freiburg-schwarzwald.de\/blog\/wp-content\/uploads\/2013\/02\/hopkins-esel130406-135x180.jpg\" alt=\"\" width=\"135\" height=\"180\" srcset=\"https:\/\/www.freiburg-schwarzwald.de\/blog\/wp-content\/uploads\/2013\/02\/hopkins-esel130406-135x180.jpg 135w, https:\/\/www.freiburg-schwarzwald.de\/blog\/wp-content\/uploads\/2013\/02\/hopkins-esel130406.jpg 480w\" sizes=\"auto, (max-width: 135px) 100vw, 135px\" \/><\/a>\u00a0\u00a0\u00a0\u00a0\u00a0\u00a0\u00a0\u00a0\u00a0 <a href=\"https:\/\/www.freiburg-schwarzwald.de\/blog\/kultur\/hobby\/hopkins-kinderspiel130406\/\" rel=\"attachment wp-att-26467\"><img loading=\"lazy\" decoding=\"async\" class=\"alignnone size-thumbnail wp-image-26467\" title=\"hopkins-kinderspiel130406\" src=\"https:\/\/www.freiburg-schwarzwald.de\/blog\/wp-content\/uploads\/2013\/02\/hopkins-kinderspiel130406-135x180.jpg\" alt=\"\" width=\"135\" height=\"180\" srcset=\"https:\/\/www.freiburg-schwarzwald.de\/blog\/wp-content\/uploads\/2013\/02\/hopkins-kinderspiel130406-135x180.jpg 135w, https:\/\/www.freiburg-schwarzwald.de\/blog\/wp-content\/uploads\/2013\/02\/hopkins-kinderspiel130406.jpg 480w\" sizes=\"auto, (max-width: 135px) 100vw, 135px\" \/><\/a>\u00a0\u00a0\u00a0\u00a0\u00a0\u00a0\u00a0\u00a0\u00a0 <a href=\"https:\/\/www.freiburg-schwarzwald.de\/blog\/kultur\/hobby\/ehrenstetten-herzen130530\/\" rel=\"attachment wp-att-31899\"><img loading=\"lazy\" decoding=\"async\" title=\"ehrenstetten-herzen130530\" src=\"https:\/\/www.freiburg-schwarzwald.de\/blog\/wp-content\/uploads\/2013\/02\/ehrenstetten-herzen130530-135x180.jpg\" alt=\"\" width=\"135\" height=\"180\" \/><\/a><br \/>\n(1) Kinderspielzeug\u00a0\u00a0\u00a0\u00a0\u00a0\u00a0\u00a0\u00a0\u00a0\u00a0\u00a0\u00a0\u00a0\u00a0\u00a0\u00a0\u00a0\u00a0\u00a0 (2) Michael Hopkins\u00a0\u00a0\u00a0\u00a0\u00a0\u00a0\u00a0\u00a0\u00a0\u00a0\u00a0\u00a0\u00a0\u00a0\u00a0\u00a0\u00a0 (3) Herzen Ehrenstetten 30.5.2013<\/h5>\n<h5><a href=\"https:\/\/www.freiburg-schwarzwald.de\/blog\/kultur\/hobby\/ehrenstetten-herz130530\/\" rel=\"attachment wp-att-31900\"><img loading=\"lazy\" decoding=\"async\" title=\"ehrenstetten-herz130530\" src=\"https:\/\/www.freiburg-schwarzwald.de\/blog\/wp-content\/uploads\/2013\/02\/ehrenstetten-herz130530-132x180.jpg\" alt=\"\" width=\"132\" height=\"180\" \/><\/a><br \/>\n(4) Herzen<br \/>\n.<br \/>\n(1)-(2) Michael Kopkins am 6.4.2013 in Freiburg., Kinderspielzeug aus Holz, Sickingenstrasse 12b, Hinterzarten<br \/>\n(3)-(4) Herzen aus Stoff ab 2 Euro in Ehrenstetten, Ortsstrasse von Staufen her kommend.<\/h5>\n<p>&nbsp;<\/p>\n<p><strong>Lieblingsbesch\u00e4ftigung<br \/>\n<\/strong>Jeder hat eine Lieblingsbesch\u00e4ftigung, auch wenn diese darin besteht, am liebsten nichts zu tun &#8211; was zudem gar nicht so einfach ist bei der damit geforderten <a title=\"Suffizienz\" href=\"https:\/\/www.freiburg-schwarzwald.de\/blog\/engagement\/zukunft\/suffizienz\/\">Suffizienz<\/a>. Meine Lieblingsbesch\u00e4ftigung ist, etwas wohnlich zu gestalten, so dass man sich darin wohlf\u00fchlt. Das &#8222;etwas&#8220; kann ein Haus, eine Wohnung, ein Zimmer, ein Garten, ein Wohnwagenvorplatz, eine Pergola mit Sitzplatz, eine alte M\u00fchle, ein Speicher, ein Mobilhome, ein Mehrfamilienhaus, ein Ferienappartment oder eine Hundeh\u00fctte sein. &#8222;Gestalten&#8220; geht vom Sanieren, Eins\u00e4en, Umbauen, Renovieren und Umgraben bis hin zum Neubauen. &#8222;man&#8220; k\u00f6nnen sein Angeh\u00f6rige, Freunde, G\u00e4ste oder Mieter. Hauptsache, sie f\u00fchlen sich wohl, denn dieses Wohlf\u00fchlen \u00fcbertr\u00e4gt sich dann automatisch auf einen selbst.<br \/>\nIch hatte das gro\u00dfe Gl\u00fcck, dieser Lieblingsbesch\u00e4ftigung immer schon nachgehen zu d\u00fcrfen. Es begann als kleiner Bub mit einem kleinen Baumhaus, das wir sogar mit einem Teppich ausgelegt hatten.<br \/>\n==============================================================<\/p>\n<p>&nbsp;<\/p>\n<p><strong>Ahmet Refii Dener: Das Hobby-Vakuum in der islamischen Welt<\/strong><br \/>\nDas klassische \u201eWandern\u201c oder \u201eHeimwerken\u201c ist mehr als nur deutsches Spie\u00dfb\u00fcrgertum. Es ist ein Training in Disziplin und Frustrationstoleranz. Das Fehlen einer Hobby-Kultur in der islamischen Welt ist eine v\u00f6llig unbeachtete Integrationsbarriere. Wo keine individuelle Selbstbesch\u00e4ftigung gelernt wurde, entsteht eine gef\u00e4hrliche Leere, die oft mit Aggression oder Ideologie gef\u00fcllt wird.<br \/>\nW\u00e4hrend die deutsche Debatte fast obsessiv um die Integration durch Erwerbsarbeit kreist, wird eine weitaus subtilere, aber soziologisch hochexplosive Sprengkraft v\u00f6llig untersch\u00e4tzt: die Struktur der freien Zeit. Wir sprechen viel \u00fcber Qualifikationen und Sprachkurse, doch wir schweigen \u00fcber das \u201eVakuum der strukturlosen Zeit\u201c. In der klassischen Soziologie beschreibt der Begriff der Anomie einen Zustand der gesellschaftlichen Orientierungslosigkeit, der eintritt, wenn kollektive Normen wegbrechen. In Deutschland wird dieser Zustand bei vielen Migranten durch das fast vollst\u00e4ndige Fehlen einer individuellen \u201eHobby-Kultur\u201c befeuert.<br \/>\nIn der westlich-b\u00fcrgerlichen Welt ist das Hobby weit mehr als blo\u00dfer Zeitvertreib; es ist eine Form der zivilisatorischen Selbst-Regierung. Wer sich einer Sache widmet \u2013 sei es im Verein, beim Modellbau oder in der Werkstatt \u2013 unterwirft sich freiwillig Regeln und Zielen. Viele Migrationsbiografien, insbesondere aus dem islamischen Raum, kennen dieses Konzept jedoch kaum. Das Wort \u201eHobi\u201c ist zwar in einem islamischen Land, wie der T\u00fcrkei, gel\u00e4ufig, doch die Praxis bleibt ein Phantom. W\u00e4hrend der Deutsche im Schnitt 27 Minuten am Tag liest, schrumpft dieser Wert im t\u00fcrkischen Kulturraum oft auf magere ein bis sieben Minuten zusammen. Das \u201eB\u00fccherlesen\u201c, das in Umfragen gern als Hobby angegeben wird, entpuppt sich so oft als h\u00f6fliche Fassade f\u00fcr eine g\u00e4hnende intellektuelle Leere in der Freizeit.<br \/>\nDiese Leere wird meist durch das ersetzt, was man als \u201epassive Vergemeinschaftung\u201c bezeichnen kann. Man trifft sich nicht, um gemeinsam etwas zu tun, sondern um gemeinsam zu sein. In den \u00fcberf\u00fcllten Caf\u00e9s oder Community-Zentren wird nicht \u00fcber das \u201eWie\u201c einer handwerklichen L\u00f6sung debattiert, sondern \u00fcber das \u201eWir\u201c gegen die \u201eAnderen\u201c. Wo der Deutsche sein Heil in der Gartenarbeit (Platz 1 der Hobbys) oder im Heimwerken sucht, fl\u00fcchtet der \u201eStadtt\u00fcrke\u201c aus Gewohnheit ins Einkaufszentrum. Shoppen wird hier nicht als Hobby, sondern als Ersatzhandlung betrieben \u2013 ein Zeitvertreib, weil man mit der eigenen Individualit\u00e4t und der Stille einer produktiven Besch\u00e4ftigung nichts anzufangen wei\u00df.<br \/>\n&#8230;.<br \/>\n<em><strong>Wenn Menschen \u2013 oft lebenslang \u2013 \u00fcber ein \u00dcberma\u00df an Freizeit verf\u00fcgen, aber keine Tradition der Selbstbesch\u00e4ftigung besitzen, wird die Zeit zur Last. Das oft zitierte Gewaltpotential ist h\u00e4ufig kein rein religi\u00f6ses Erbe, sondern das Resultat dieser strukturlosen Dauerfreizeit.<br \/>\n<\/strong><\/em><br \/>\nWer nicht gelernt hat, Frustration an einem Werkst\u00fcck oder einem Buch zu \u00fcberwinden, entl\u00e4dt sie in der Gruppe. Ein Mensch ohne Hobby ist anf\u00e4lliger f\u00fcr externe Sinnangebote \u2013 seien es radikale Ideologien oder kriminelle Strukturen \u2013, die das Vakuum der Bedeutungslosigkeit mit Aggression f\u00fcllen.<\/p>\n<p>Integration findet eben nicht nur am Arbeitsplatz statt, sondern dort, wo der Mensch lernt, seine Zeit sinnvoll mit Inhalten zu f\u00fcllen, statt sie lediglich abzusitzen. Das \u201edeutsche Hobby\u201c ist kein spie\u00dfiger Anachronismus, sondern ein fundamentales politisches Stabilit\u00e4tselement. Wer keine Hobbys hat, hat schlichtweg zu viel Zeit f\u00fcr Ideologien.<br \/>\n&#8230;. Alles vom 14.4.2026 von Ahmet Refii Dener bitte lesen auf<br \/>\n<a href=\"https:\/\/www.achgut.com\/artikel\/migranten_das_hobby_vakuum_in_der_islamischen_wel\">https:\/\/www.achgut.com\/artikel\/migranten_das_hobby_vakuum_in_der_islamischen_wel<\/a><\/p>\n<p>&nbsp;<\/p>\n","protected":false},"excerpt":{"rendered":"<p>Home &gt;Kultur\u00a0&gt;Kunst\u00a0 &gt;Handwerk\u00a0&gt;Hobby &nbsp; Hobby, Sammler, Erfinder, T\u00fcftler, Bastler, Kreative, Lieblingsbesch\u00e4ftigung, Steckenpferd, Heimwerker, Selbermacher, DIY (Do it Yourself), \u00a0&#8230; Listenauswahl eines Beitrags (Artikel\/Datum, Seite\/Inhalt): Klicken oder scrollen Ahmet Refii Dener: Das Hobby-Vakuum in der islamischen Welt (14.4.2026) https:\/\/www.freiburg-schwarzwald.de\/blog\/kunstkreativmarkt-in-zaehringen\/\u00a0(5.2.2013) MyOma.de &#8211; &hellip; <a href=\"https:\/\/www.freiburg-schwarzwald.de\/blog\/kultur\/hobby\/\">Weiterlesen <span class=\"meta-nav\">&rarr;<\/span><\/a><\/p>\n","protected":false},"author":4,"featured_media":0,"parent":30,"menu_order":0,"comment_status":"open","ping_status":"closed","template":"","meta":{"footnotes":""},"class_list":["post-21513","page","type-page","status-publish","hentry"],"_links":{"self":[{"href":"https:\/\/www.freiburg-schwarzwald.de\/blog\/wp-json\/wp\/v2\/pages\/21513","targetHints":{"allow":["GET"]}}],"collection":[{"href":"https:\/\/www.freiburg-schwarzwald.de\/blog\/wp-json\/wp\/v2\/pages"}],"about":[{"href":"https:\/\/www.freiburg-schwarzwald.de\/blog\/wp-json\/wp\/v2\/types\/page"}],"author":[{"embeddable":true,"href":"https:\/\/www.freiburg-schwarzwald.de\/blog\/wp-json\/wp\/v2\/users\/4"}],"replies":[{"embeddable":true,"href":"https:\/\/www.freiburg-schwarzwald.de\/blog\/wp-json\/wp\/v2\/comments?post=21513"}],"version-history":[{"count":2,"href":"https:\/\/www.freiburg-schwarzwald.de\/blog\/wp-json\/wp\/v2\/pages\/21513\/revisions"}],"predecessor-version":[{"id":147941,"href":"https:\/\/www.freiburg-schwarzwald.de\/blog\/wp-json\/wp\/v2\/pages\/21513\/revisions\/147941"}],"up":[{"embeddable":true,"href":"https:\/\/www.freiburg-schwarzwald.de\/blog\/wp-json\/wp\/v2\/pages\/30"}],"wp:attachment":[{"href":"https:\/\/www.freiburg-schwarzwald.de\/blog\/wp-json\/wp\/v2\/media?parent=21513"}],"curies":[{"name":"wp","href":"https:\/\/api.w.org\/{rel}","templated":true}]}}