{"id":21249,"date":"2013-02-02T13:28:33","date_gmt":"2013-02-02T12:28:33","guid":{"rendered":"https:\/\/www.freiburg-schwarzwald.de\/blog\/?page_id=21249"},"modified":"2026-01-19T11:54:16","modified_gmt":"2026-01-19T10:54:16","slug":"eichstetten","status":"publish","type":"page","link":"https:\/\/www.freiburg-schwarzwald.de\/blog\/regio\/orte\/eichstetten\/","title":{"rendered":"Eichstetten"},"content":{"rendered":"<p>Home &gt;<a title=\"Orte\" href=\"https:\/\/www.freiburg-schwarzwald.de\/blog\/regio\/orte\/\">Orte<\/a> &gt;<a title=\"Kaiserstuhl\" href=\"https:\/\/www.freiburg-schwarzwald.de\/blog\/regio\/kaiserstuhl\/\">Kaiserstuhl<\/a> &gt;Eichstetten<\/p>\n<div id=\"attachment_85107\" style=\"width: 651px\" class=\"wp-caption alignnone\"><a href=\"https:\/\/www.freiburg-schwarzwald.de\/blog\/wp-content\/uploads\/2020\/11\/kaiserstuhl-reben-herbst-pan202010.jpg\"><img loading=\"lazy\" decoding=\"async\" aria-describedby=\"caption-attachment-85107\" class=\"size-full wp-image-85107\" src=\"https:\/\/www.freiburg-schwarzwald.de\/blog\/wp-content\/uploads\/2020\/11\/kaiserstuhl-reben-herbst-pan202010.jpg\" alt=\"\" width=\"641\" height=\"323\" srcset=\"https:\/\/www.freiburg-schwarzwald.de\/blog\/wp-content\/uploads\/2020\/11\/kaiserstuhl-reben-herbst-pan202010.jpg 641w, https:\/\/www.freiburg-schwarzwald.de\/blog\/wp-content\/uploads\/2020\/11\/kaiserstuhl-reben-herbst-pan202010-180x91.jpg 180w\" sizes=\"auto, (max-width: 641px) 100vw, 641px\" \/><\/a><p id=\"caption-attachment-85107\" class=\"wp-caption-text\">Reben in herbstlichen Farben im Kaiserstuhl bei Freiburg im Oktober 2020<\/p><\/div>\n<ul>\n<li><em>Listenauswahl eines Beitrags (Artikel\/Datum, Seite\/Inhalt): <span style=\"text-decoration: underline;\">Klicken<\/span> oder scrollen<\/em><\/li>\n<li><a href=\"https:\/\/www.freiburg-schwarzwald.de\/blog\/global\/venezuela\/\">Die Colonia Tovar in Venezuela: Einwanderer aus dem Kaiserstuhl<\/a>\u00a0(18.1.2026)<\/li>\n<li><a href=\"https:\/\/www.freiburg-schwarzwald.de\/blog\/natur\/tiere\/ziegen\/\">Nach der Insolvenz: Frischer Start bei Monte Ziego in Teningen<\/a>\u00a0(19.12.2025)<\/li>\n<li>Bio-Gro\u00dfh\u00e4ndler Rinklin Naturkost aus Eichstetten (13.6.2025)<\/li>\n<li><a href=\"https:\/\/www.freiburg-schwarzwald.de\/blog\/natur\/landwirt\/saatgut\/samengarten\/\">Der Schatz des Eichstetter Samengartens<\/a>\u00a0(4.3.2023)<\/li>\n<li><a href=\"https:\/\/www.freiburg-schwarzwald.de\/blog\/gaertner-contra-saatgut-industrie\/\">https:\/\/www.freiburg-schwarzwald.de\/blog\/gaertner-contra-saatgut-industrie\/<\/a>\u00a0(7.5.2013)<\/li>\n<li><a href=\"https:\/\/www.freiburg-schwarzwald.de\/blog\/rinklin-naturkost-eichstetten\/\">https:\/\/www.freiburg-schwarzwald.de\/blog\/rinklin-naturkost-eichstetten\/<\/a>\u00a0(19.1.2013)<\/li>\n<li><a href=\"https:\/\/www.freiburg-schwarzwald.de\/blog\/uebermorgenmacher\/\">https:\/\/www.freiburg-schwarzwald.de\/blog\/uebermorgenmacher\/<\/a>\u00a0(11.12.2012)<\/li>\n<li><a href=\"https:\/\/www.freiburg-schwarzwald.de\/eichstetten1.htm\">Aktuelle Infos zur Eichstetten-Seite<\/a> &gt;Eichstetten1<\/li>\n<li><a href=\"https:\/\/www.freiburg-schwarzwald.de\/eichstetten.htm#B\u00fcrgerdank - f\u00fcr langj\u00e4hrige Vereinsvorst\u00e4nde und engagierte B\u00fcrger\">B\u00fcrgerdank &#8211; f\u00fcr langj\u00e4hrige Vereinsvorst\u00e4nde und engagierte B\u00fcrger<\/a> (24.1.2007)<\/li>\n<li><a href=\"https:\/\/www.freiburg-schwarzwald.de\/march1.htm#Jahresr\u00fcckblick 2006: zwischen Kaiserstuhl, Tuniberg und Freiburg\">Jahresr\u00fcckblick 2006: zwischen Kaiserstuhl, Tuniberg und Freiburg<\/a> &gt;March1 (5.1.2006)<\/li>\n<li><a href=\"https:\/\/www.freiburg-schwarzwald.de\/einewelt4.htm#Kirchengemeinden unterst\u00fctzen Hilfsprojekte in der Dritten Welt\">Kirchengemeinden unterst\u00fctzen Hilfsprojekte in der Dritten Welt<\/a> &gt;EinWelt4 (2.1.2007)<\/li>\n<li><a href=\"https:\/\/www.freiburg-schwarzwald.de\/littenweiler\/ernaehrung1.htm#Verkostung und Lesung in Eichstetten: Gute Lebensmittel\">Verkostung und Lesung in Eichstetten: Gute Lebensmittel<\/a> &gt;Enaehrung1 (24.10.2006)<\/li>\n<li><a href=\"https:\/\/www.freiburg-schwarzwald.de\/eichelspitzturm.htm\">Rundblick \u00fcber den Kaiserstuhl<\/a> &gt; Eichelspitzturm (22.10.2006)<\/li>\n<li><a href=\"https:\/\/www.freiburg-schwarzwald.de\/wasser2.htm#S\u00fcdbaden - Musterregion f\u00fcr Regenr\u00fcckhaltung\">S\u00fcdbaden &#8211; Musterregion f\u00fcr Regenr\u00fcckhaltung<\/a> &gt;Wasser2 (19.7.2006)<\/li>\n<li><a href=\"https:\/\/www.freiburg-schwarzwald.de\/lehrpfad1.htm#\u00dcber den Geopfad bei Eichstetten im Kaiserstuhl\">\u00dcber den Geopfad bei Eichstetten im Kaiserstuhl<\/a> &gt;Lehrpfad1 (27.4.2006)<\/li>\n<li><a href=\"https:\/\/www.freiburg-schwarzwald.de\/zukunft2.htm#Regionale Produkte - Spanisches Treibhausgem\u00fcse\">Regionale Produkte &#8211; Spanisches Treibhausgem\u00fcse<\/a> &gt;Zukunft2 (19.3.2006)<\/li>\n<li><a href=\"https:\/\/www.freiburg-schwarzwald.de\/eichstetten.htm#Geo-Pfad Eichstetten \u00fcber L\u00f6sswege und Steinbr\u00fcche im Kaiserstuhl\">Geo-Pfad Eichstetten \u00fcber L\u00f6sswege und Steinbr\u00fcche im Kaiserstuhl<\/a> (6.3.2006)<\/li>\n<li><a href=\"https:\/\/www.freiburg-schwarzwald.de\/littenweiler\/ehrenamt4.htm#Pension\u00e4r Bertold Bangert aus Ettenheim unterrichtet Migranten\">Pension\u00e4r Bertold Bangert aus Ettenheim unterrichtet Migranten<\/a> &gt;Ehrenamt4 (25.2.2006)<\/li>\n<li><a href=\"https:\/\/www.freiburg-schwarzwald.de\/eichstetten.htm#Einwohner in Eichstetten\">Einwohnerstatistik Eichstetten<\/a> (30.1.2006)<\/li>\n<li><a href=\"https:\/\/www.freiburg-schwarzwald.de\/eichstetten.htm#\u00d6kologischer Landbau in Eichstetten seit 50 Jahren\">\u00d6kologischer Landbau 50 &#8211; Naturkostgrosshandel Rinklin 30 Jahre<\/a> (17.10.2005)<\/li>\n<li><\/li>\n<li>Eichstetten am Kaiserstuhl<\/li>\n<li><strong><a href=\"https:\/\/www.freiburg-schwarzwald.de\/eichstetten.htm#Eichstetten am Westrand des Kaiserstuhls\">Eichstetten am Westrand des Kaiserstuhls<\/a>\u00a0&gt;Archivseite Eichstetten<\/strong><\/li>\n<li><a href=\"https:\/\/www.freiburg-schwarzwald.de\/eichstetten.htm#Hi\u00df Demeterhof Eichstetten\">Demeterhof Hi\u00df Eichstetten<\/a><\/li>\n<li><a href=\"https:\/\/www.freiburg-schwarzwald.de\/eichstetten.htm#Dorfmuseum\">Dorfmuseum<\/a><\/li>\n<li><a href=\"https:\/\/www.freiburg-schwarzwald.de\/kaiserstuhleckweg.htm\">Eckweg zwischen Bahlingen und Eichstetten &#8211; Panoramaspaziergang<\/a> &gt;Kaiserstuhleckweg<\/li>\n<li><a href=\"https:\/\/www.freiburg-schwarzwald.de\/eichstetten5.htm\">Bauern- und Winzerh\u00f6fe (Ferienwohnung, Brauchtum, Hofladen)<\/a> &gt;Eichstetten5<\/li>\n<li><a title=\"Eichelspitzturm\" href=\"https:\/\/www.freiburg-schwarzwald.de\/blog\/regio\/turm\/eichelspitzturm\/\">Eichelspitzturm<\/a> &gt;Eichelspitzturm<\/li>\n<li><a href=\"https:\/\/www.freiburg-schwarzwald.de\/blog\/regio\/kaiserstuhl\/\">Kaiserstuhl<\/a><\/li>\n<li><a href=\"https:\/\/www.freiburg-schwarzwald.de\/kaiserstuhl.htm#Kaiserst\u00fchler Garten - Stiftung in Eichstetten\">Kaiserst\u00fchler Garten &#8211; Stiftung in Eichstetten<\/a> &gt;Kaiserstuhl<\/li>\n<li><a href=\"https:\/\/www.freiburg-schwarzwald.de\/kaiserstuhl-naturgarten.htm\">Kaiserst\u00fchler Regionalmarkt am Rathausplatz Freiburg<\/a> &gt;Kaiserstuhl-Naturgarten (24.9.2005)<\/li>\n<li><a href=\"https:\/\/www.freiburg-schwarzwald.de\/eichstetten.htm#KFM-Fichter GmbH Sondermaschinenbau\">KFM-Fichter GmbH Sondermaschinenbau<\/a><\/li>\n<li><a href=\"https:\/\/www.freiburg-schwarzwald.de\/blog\/natur\/landwirt\/regionalwert\/\">Regionalwert &#8211; www.freiburg-schwarzwald.de\/blog\/natur\/landwirt\/regionalwert\/<\/a><\/li>\n<li><a href=\"https:\/\/www.freiburg-schwarzwald.de\/bahlingen.htm\">Bahlingen<\/a> &gt;Bahlingen<\/li>\n<li><a href=\"https:\/\/www.freiburg-schwarzwald.de\/malterdingen.htm\">Malterdingen<\/a> &gt;Malterdingen<\/li>\n<li><a href=\"https:\/\/www.freiburg-schwarzwald.de\/blog\/natur\/garten\/naturgarten\/\">Naturgarten<\/a><\/li>\n<li><a href=\"https:\/\/www.freiburg-schwarzwald.de\/blog\/natur\/landwirt\/saatgut\/samengarten\/\">Samengarten<\/a><\/li>\n<\/ul>\n<p>&nbsp;<\/p>\n<p><strong>Eichstetten am Kaiserstuhl<\/strong><\/p>\n<h5><a href=\"https:\/\/www.freiburg-schwarzwald.de\/blog\/regio\/turm\/eichelspitzturm\/eichelspitzturm10eichstetten121029\/\" rel=\"attachment wp-att-18974\"><img loading=\"lazy\" decoding=\"async\" class=\"alignnone size-thumbnail wp-image-18974\" title=\"eichelspitzturm10eichstetten121029\" src=\"https:\/\/www.freiburg-schwarzwald.de\/blog\/wp-content\/uploads\/2012\/12\/eichelspitzturm10eichstetten121029-180x140.jpg\" alt=\"\" width=\"180\" height=\"140\" srcset=\"https:\/\/www.freiburg-schwarzwald.de\/blog\/wp-content\/uploads\/2012\/12\/eichelspitzturm10eichstetten121029-180x140.jpg 180w, https:\/\/www.freiburg-schwarzwald.de\/blog\/wp-content\/uploads\/2012\/12\/eichelspitzturm10eichstetten121029.jpg 639w\" sizes=\"auto, (max-width: 180px) 100vw, 180px\" \/><\/a>\u00a0\u00a0\u00a0\u00a0\u00a0\u00a0\u00a0\u00a0\u00a0 <a href=\"https:\/\/www.freiburg-schwarzwald.de\/blog\/regio\/turm\/eichelspitzturm\/eichelspitzturm5eichstetten121029\/\" rel=\"attachment wp-att-18968\"><img loading=\"lazy\" decoding=\"async\" title=\"eichelspitzturm5eichstetten121029\" src=\"https:\/\/www.freiburg-schwarzwald.de\/blog\/wp-content\/uploads\/2012\/12\/eichelspitzturm5eichstetten121029-180x135.jpg\" alt=\"\" width=\"180\" height=\"135\" \/><\/a><br \/>\n(1) Blick vom Eichelspitzturm auf Eichstetten am 29.10.2012<\/h5>\n<p><a href=\"https:\/\/www.eichstetten.de\/\">www.eichstetten.de<\/a><br \/>\n<span style=\"font-family: Arial;\"><a href=\"https:\/\/www.eichstetten.de\/webcam\/webcam.htm\">www.eichstetten.de\/webcam\/webcam.htm<\/a>\u00a0 <span style=\"color: #000000;\">Webcams &#8211; u.a. auch Eichelspitzturm<\/span><\/span><\/p>\n<p>&nbsp;<\/p>\n<p><strong>Bio-Gro\u00dfh\u00e4ndler Rinklin Naturkost aus Eichstetten<\/strong><br \/>\n<strong>Aus der Revoluzzer-Familie zum Bio-Pionier<\/strong><br \/>\nGeht es um Bio-Anbau am Kaiserstuhl, f\u00e4llt schnell der Name Rinklin. Schon Wilhelm Rinklin Senior, der Vater des Firmengr\u00fcnders, war einer der sechs eigenwilligen und unabh\u00e4ngigen K\u00f6pfe, die 1950 in Eichstetten und damit in der Region neue Wege in der Landwirtschaft beschritten. \u201eSowohl ich, als auch meine sp\u00e4tere Frau, die aus einer dieser sechs Familien stammt, sind direkt in die Bio-Szene reingeboren worden\u201c, erz\u00e4hlt Wilhelm Rinklin. Wobei man sich unter \u201eBio-Szene\u201c in diesen fr\u00fchen Jahren etwas ganz anderes als heute vorzustellen hat. Reformkost gab es in Reformh\u00e4usern und war alles andere als angesagt. Vor allem auf dem Land galten \u201eReformk\u00f6stler\u201c doch oft als Sonderlinge oder gleich als esoterische Spinner.<\/p>\n<p>Nicht jedoch in Eichstetten. \u201eZum einem interessierte mein Vater immer schon vor allem die landwirtschaftliche Seite der Sache, zum anderen spielten diese sechs Familien mit all ihren Verwandten im Ort einfach eine zu gro\u00dfe Rolle\u201c, erkl\u00e4rt Rinklin. Er sei von fr\u00fchester Kindheit an mit auf dem Feld gewesen, von daher habe es f\u00fcr ihn nie eine Alternative zur Landwirtschaft gegeben. \u201eWir Kinder sind ja in einer Revoluzzer-Familie gro\u00df geworden, auch wenn mein Vater das Wort abgelehnt h\u00e4tte. Da hatte ich nie das Bed\u00fcrfnis zu revoltieren\u201c, erz\u00e4hlt Rinklin. Und dann seien auch sehr schnell seine eigenen Kinder gekommen. Noch als Agrarwissenschaftsstudent wird er zum ersten Mal Vater. So muss Wilhelm Rinklin sehen, wie er zurechtkommt.<\/p>\n<p>Er beginnt nach dem Studium als Gesch\u00e4ftsf\u00fchrer bei Bioland, \u201edoch als Verbandsheini war ich einfach ungeeignet\u201c, so Rinklin. \u201eEs gab damals immer mehr Bio-Betriebe, die Ertr\u00e4ge stiegen, doch wo sollte die Ware hin?\u201c, erinnert er sich. Also nimmt er mit 25 Jahren das Angebot an, am Kaiserstuhl f\u00fcr die Region eine Vertriebsstruktur aufzubauen. Und so beginnt er mit geborgten 10.000 Mark Startkapital und einem Lkw in der elterlichen Scheune einen Gro\u00dfhandel. Erst noch genossenschaftlich organisiert, bald als selbst\u00e4ndiger Unternehmer.<\/p>\n<p>Doch die ersten Jahre sind betriebswirtschaftlich schlicht eine Katastrophe. Obwohl die Firma stetig w\u00e4chst. \u201eDer Gro\u00dfhandel mit Obst- und Gem\u00fcse ist ein wirklich komplexes und von vielen Unw\u00e4gbarkeiten abh\u00e4ngiges Gesch\u00e4ft\u201c, erkl\u00e4rt Harald Rinklin, Wilhelms Sohn und heute mit seinen zwei Br\u00fcdern einer der Gesch\u00e4ftsf\u00fchrer des Unternehmens. Anders als mit Schrauben handele man mit verderblicher Ware, unterliege allen saisonalen Schwankungen und m\u00f6glichen Unbilden. \u201eVor allem verkauften und verkaufen unsere Bauern in der Haupterntezeit dann oft doch lieber direkt, und immer zehn Pfennig g\u00fcnstiger als wir\u201c, erg\u00e4nzt Wilhelm Rinklin.<\/p>\n<p>Dem studierten Agrarwissenschaftler Wilhelm Rinklin fehlen zudem alle kaufm\u00e4nnischen Kenntnisse. Und zunehmend der \u00dcberblick im Gesch\u00e4ftsget\u00fcmmel. Als Anfang der 80er-Jahre in eine erste Halle investiert werden muss, zieht kurze Zeit sp\u00e4ter die Bank die Rei\u00dfleine. Angesichts der jetzt sechsstelligen Verbindlichkeiten, dr\u00e4ngt sie Rinklin einen kaufm\u00e4nnischen Berater auf.<\/p>\n<p>Das erweist sich als Gl\u00fccksfall. \u201eDer sagte mir klar, entweder dir gelingt es, bis n\u00e4chste Woche eine wirklich relevante Summe einzusparen, oder du h\u00f6rst gleich auf\u201c, erinnert sich Rinklin. Es sei eine sehr harte, aber auch sehr lehrreiche Zeit gewesen, in der alles auf den Pr\u00fcfstand kam. Aber am Ende sei das Unternehmen so umstrukturiert gewesen, dass es, als 1986 die Katastrophe im Atomkraftwerk Tschernobyl einen regelrechten Bio-Boom ausl\u00f6ste, den Ansturm effizient und erfolgreich bew\u00e4ltigen konnte. Von da an habe die Entwicklung der Firma sichere Fahrt aufgenommen. Auch wenn eine Steuerpr\u00fcfung dann doch noch einmal zu einer zweiten Umstrukturierung der Betriebsabl\u00e4ufe gef\u00fchrt habe. Sehe man heute das Unternehmen, mit seinen circa 250 Mitarbeitenden, seinen riesigen Hallen und modernsten Logistikstrukturen \u2013 vom 400 Quadratmeter gro\u00dfen ersten Lager hat sich die Firma heute auf 10.000 Quadratmeter ausgebreitet \u2013 sei das im R\u00fcckblick gesehen alles \u201eein heikler Ritt\u201c gewesen, r\u00e4umt der Firmengr\u00fcnder ein.<\/p>\n<p>2013 holt er seine drei S\u00f6hne Armin, Harald und Jochen ins Familienunternehmen und leitet die gegl\u00fcckte \u00dcbergabe der Firma ein. Die ersten zehn Jahre ist man gemeinsam unterwegs. Alle bekommen gen\u00fcgend Zeit zu lernen. \u201eUnsere Eltern haben uns immer machen lassen\u201c, erkl\u00e4rt Harald Rinklin, \u201edas sind keine Patriarchen\u201c. Sein Vater sehe immer lieber auf das, was klappt, als auf das, was vielleicht schief gehen k\u00f6nnte. Nie habe er sich an die Firma geklammert, das mache ihn \u201ejung im Denken\u201c.<\/p>\n<p>Jetzt, nach seinem endg\u00fcltigen R\u00fcckzug im Jahr 2022, gen\u00f6ssen er und seine Frau Friedhilde ihr Rentnerdasein, erz\u00e4hlt Wilhelm Rinklin. Dazu geh\u00f6re die Pflege eines Gartengrundst\u00fccks und viel Reisen. Aber auch noch immer zwei Mini-Jobs im Betrieb. \u201eDas gibt uns Struktur\u201c, erkl\u00e4rt der Senior. \u201eAber sie k\u00f6nnen Urlaub nehmen, so viel sie wollen\u201c, beeilt sich sein Sohn klarzustellen. \u201eAch, was willst du denn sonst auch machen\u201c, erkl\u00e4rt <a href=\"https:\/\/www.freiburg-schwarzwald.de\/blog\/natur\/landwirt\/saatgut\/samengarten\/\">Wilhelm Rinklin<\/a> und lacht. \u201eWir haben immer das Gl\u00fcck und Privileg gehabt, etwas Sinnvolles zum Schaffen zu finden.\u201c<br \/>\n&#8230; Alles vom 13..6.2025 von Benedikt Sommer bitte lesen auf <a href=\"https:\/\/www.badische-zeitung.de\">https:\/\/www.badische-zeitung.de<\/a><br \/>\n.<br \/>\n19.1.2013<br \/>\n<a href=\"https:\/\/www.freiburg-schwarzwald.de\/blog\/rinklin-naturkost-eichstetten\/\">https:\/\/www.freiburg-schwarzwald.de\/blog\/rinklin-naturkost-eichstetten\/<\/a><\/p>\n<p><strong>Rinklin Naturkost &#8211; Bio-Gro\u00dfh\u00e4ndler in Eichstetten<\/strong><br \/>\nMit rund 12.000 Artikeln h\u00e4lt Rinklin Naturkost ein komplettes Naturkostsortiment vor: Obst und Gem\u00fcse, Molkereiprodukte, Wurst und Fleisch, Backwaren und M\u00fcsli, \u00d6le, Feinkost, Brotaufstriche, Tofuprodukte und Getr\u00e4nke sowie Naturkosmetik \u2013 wir bieten Ihnen in allen Sortimentsbereichen eine breite Auswahl an.<br \/>\n<a href=\"https:\/\/www.rinklin-naturkost.de\/\">https:\/\/www.rinklin-naturkost.de\/<\/a><\/p>\n","protected":false},"excerpt":{"rendered":"<p>Home &gt;Orte &gt;Kaiserstuhl &gt;Eichstetten Listenauswahl eines Beitrags (Artikel\/Datum, Seite\/Inhalt): Klicken oder scrollen Die Colonia Tovar in Venezuela: Einwanderer aus dem Kaiserstuhl\u00a0(18.1.2026) Nach der Insolvenz: Frischer Start bei Monte Ziego in Teningen\u00a0(19.12.2025) Bio-Gro\u00dfh\u00e4ndler Rinklin Naturkost aus Eichstetten (13.6.2025) Der Schatz des &hellip; <a href=\"https:\/\/www.freiburg-schwarzwald.de\/blog\/regio\/orte\/eichstetten\/\">Weiterlesen <span class=\"meta-nav\">&rarr;<\/span><\/a><\/p>\n","protected":false},"author":4,"featured_media":0,"parent":363,"menu_order":0,"comment_status":"open","ping_status":"closed","template":"","meta":{"footnotes":""},"class_list":["post-21249","page","type-page","status-publish","hentry"],"_links":{"self":[{"href":"https:\/\/www.freiburg-schwarzwald.de\/blog\/wp-json\/wp\/v2\/pages\/21249","targetHints":{"allow":["GET"]}}],"collection":[{"href":"https:\/\/www.freiburg-schwarzwald.de\/blog\/wp-json\/wp\/v2\/pages"}],"about":[{"href":"https:\/\/www.freiburg-schwarzwald.de\/blog\/wp-json\/wp\/v2\/types\/page"}],"author":[{"embeddable":true,"href":"https:\/\/www.freiburg-schwarzwald.de\/blog\/wp-json\/wp\/v2\/users\/4"}],"replies":[{"embeddable":true,"href":"https:\/\/www.freiburg-schwarzwald.de\/blog\/wp-json\/wp\/v2\/comments?post=21249"}],"version-history":[{"count":5,"href":"https:\/\/www.freiburg-schwarzwald.de\/blog\/wp-json\/wp\/v2\/pages\/21249\/revisions"}],"predecessor-version":[{"id":144461,"href":"https:\/\/www.freiburg-schwarzwald.de\/blog\/wp-json\/wp\/v2\/pages\/21249\/revisions\/144461"}],"up":[{"embeddable":true,"href":"https:\/\/www.freiburg-schwarzwald.de\/blog\/wp-json\/wp\/v2\/pages\/363"}],"wp:attachment":[{"href":"https:\/\/www.freiburg-schwarzwald.de\/blog\/wp-json\/wp\/v2\/media?parent=21249"}],"curies":[{"name":"wp","href":"https:\/\/api.w.org\/{rel}","templated":true}]}}