{"id":20717,"date":"2013-01-25T15:42:58","date_gmt":"2013-01-25T14:42:58","guid":{"rendered":"https:\/\/www.freiburg-schwarzwald.de\/blog\/?page_id=20717"},"modified":"2013-02-21T19:17:09","modified_gmt":"2013-02-21T18:17:09","slug":"buehlhof","status":"publish","type":"page","link":"https:\/\/www.freiburg-schwarzwald.de\/blog\/bauernhof\/buehlhof\/","title":{"rendered":"Buehlhof"},"content":{"rendered":"<p>Home &gt;<a title=\"Tourismus\" href=\"https:\/\/www.freiburg-schwarzwald.de\/blog\/tourismus\/\">Tourismus<\/a> &gt;<a title=\"Landwirt\" href=\"https:\/\/www.freiburg-schwarzwald.de\/blog\/natur\/landwirt\/\">Landwirt<\/a>\u00a0&gt;<a title=\"Bauernhof\" href=\"https:\/\/www.freiburg-schwarzwald.de\/blog\/bauernhof\/\">Bauernhof<\/a> &gt;<a title=\"Linach\" href=\"https:\/\/www.freiburg-schwarzwald.de\/blog\/regio\/orte\/linach\/\">Linach<\/a> &gt;Buehlhof<\/p>\n<p>&nbsp;<\/p>\n<p align=\"left\"><strong>B\u00fchlhof im Linachtal<\/strong><\/p>\n<p align=\"left\">Der B\u00fchl hie\u00dft fr\u00fcher auch Altenvogtsantonshaus.<br \/>\nBioland-Betrieb und wundersch\u00f6ner und sonniger Aussichtslage nach S\u00fcden ins weite Linachtal.<br \/>\nMartin und Christoph M\u00fcller,\u00a0 Linach 6\/1, B\u00fchlhof, 78120 Furtwangen-Linach,<br \/>\nTel 07723\/7911 oder 0171\/7547212, <a href=\"mailto:edelweiss-berge@web.de\">edelweiss-berge@web.de<\/a><br \/>\n<a href=\"mailto:forstunternehmen-mueller@web.de\">forstunternehmen-mueller@web.de<\/a>,\u00a0 <a href=\"mailto:mueller@energietechnik-schwarzwald.de\">mueller@energietechnik-schwarzwald.de<\/a><br \/>\n\u00a0\u00a0\u00a0<br \/>\n\u00a0<a href=\"https:\/\/www.freiburg-schwarzwald.de\/blog\/bauernhof\/buehlhof\/buehlhof1-080108\/\" rel=\"attachment wp-att-20784\"><img loading=\"lazy\" decoding=\"async\" class=\"alignnone size-thumbnail wp-image-20784\" title=\"buehlhof1-080108\" src=\"https:\/\/www.freiburg-schwarzwald.de\/blog\/wp-content\/uploads\/2013\/01\/buehlhof1-080108-180x135.jpg\" alt=\"\" width=\"180\" height=\"135\" srcset=\"https:\/\/www.freiburg-schwarzwald.de\/blog\/wp-content\/uploads\/2013\/01\/buehlhof1-080108-180x135.jpg 180w, https:\/\/www.freiburg-schwarzwald.de\/blog\/wp-content\/uploads\/2013\/01\/buehlhof1-080108.jpg 637w\" sizes=\"auto, (max-width: 180px) 100vw, 180px\" \/><\/a>\u00a0\u00a0\u00a0\u00a0\u00a0\u00a0\u00a0\u00a0\u00a0 <a href=\"https:\/\/www.freiburg-schwarzwald.de\/blog\/bauernhof\/buehlhof\/buehlhof2-080108\/\" rel=\"attachment wp-att-20785\"><img loading=\"lazy\" decoding=\"async\" class=\"alignnone size-thumbnail wp-image-20785\" title=\"buehlhof2-080108\" src=\"https:\/\/www.freiburg-schwarzwald.de\/blog\/wp-content\/uploads\/2013\/01\/buehlhof2-080108-180x135.jpg\" alt=\"\" width=\"180\" height=\"135\" srcset=\"https:\/\/www.freiburg-schwarzwald.de\/blog\/wp-content\/uploads\/2013\/01\/buehlhof2-080108-180x135.jpg 180w, https:\/\/www.freiburg-schwarzwald.de\/blog\/wp-content\/uploads\/2013\/01\/buehlhof2-080108.jpg 640w\" sizes=\"auto, (max-width: 180px) 100vw, 180px\" \/><\/a>\u00a0\u00a0\u00a0\u00a0\u00a0\u00a0\u00a0\u00a0\u00a0 <a href=\"https:\/\/www.freiburg-schwarzwald.de\/blog\/bauernhof\/buehlhof\/buehlhof3-080108\/\" rel=\"attachment wp-att-20786\"><img loading=\"lazy\" decoding=\"async\" class=\"alignnone  wp-image-20786\" title=\"buehlhof3-080108\" src=\"https:\/\/www.freiburg-schwarzwald.de\/blog\/wp-content\/uploads\/2013\/01\/buehlhof3-080108-180x135.jpg\" alt=\"\" width=\"180\" height=\"135\" srcset=\"https:\/\/www.freiburg-schwarzwald.de\/blog\/wp-content\/uploads\/2013\/01\/buehlhof3-080108-180x135.jpg 180w, https:\/\/www.freiburg-schwarzwald.de\/blog\/wp-content\/uploads\/2013\/01\/buehlhof3-080108.jpg 640w\" sizes=\"auto, (max-width: 180px) 100vw, 180px\" \/><\/a><br \/>\n(1) B\u00fchlhof am 8.1.2008\u00a0\u00a0\u00a0\u00a0\u00a0\u00a0\u00a0\u00a0\u00a0\u00a0\u00a0\u00a0\u00a0\u00a0\u00a0\u00a0\u00a0\u00a0\u00a0\u00a0\u00a0\u00a0\u00a0\u00a0\u00a0\u00a0 (2) Am B\u00fchlhof\u00a0\u00a0\u00a0\u00a0\u00a0\u00a0\u00a0\u00a0\u00a0\u00a0\u00a0\u00a0\u00a0\u00a0\u00a0\u00a0\u00a0\u00a0\u00a0\u00a0\u00a0\u00a0\u00a0\u00a0\u00a0\u00a0\u00a0\u00a0\u00a0\u00a0\u00a0\u00a0\u00a0\u00a0\u00a0\u00a0\u00a0\u00a0\u00a0\u00a0\u00a0\u00a0 (3) Blick nach Osten ins Linachtal<\/p>\n<p><a href=\"https:\/\/www.freiburg-schwarzwald.de\/blog\/bauernhof\/buehlhof\/buehlhof080513\/\" rel=\"attachment wp-att-20787\"><img loading=\"lazy\" decoding=\"async\" class=\"alignnone size-thumbnail wp-image-20787\" title=\"buehlhof080513\" src=\"https:\/\/www.freiburg-schwarzwald.de\/blog\/wp-content\/uploads\/2013\/01\/buehlhof080513-180x135.jpg\" alt=\"\" width=\"180\" height=\"135\" srcset=\"https:\/\/www.freiburg-schwarzwald.de\/blog\/wp-content\/uploads\/2013\/01\/buehlhof080513-180x135.jpg 180w, https:\/\/www.freiburg-schwarzwald.de\/blog\/wp-content\/uploads\/2013\/01\/buehlhof080513.jpg 640w\" sizes=\"auto, (max-width: 180px) 100vw, 180px\" \/><\/a>\u00a0\u00a0\u00a0\u00a0\u00a0\u00a0\u00a0\u00a0\u00a0 <a href=\"https:\/\/www.freiburg-schwarzwald.de\/blog\/bauernhof\/buehlhof\/buehlhof-linach2012\/\" rel=\"attachment wp-att-22779\"><img loading=\"lazy\" decoding=\"async\" class=\"alignnone size-thumbnail wp-image-22779\" title=\"buehlhof-linach2012\" src=\"https:\/\/www.freiburg-schwarzwald.de\/blog\/wp-content\/uploads\/2013\/01\/buehlhof-linach2012-180x119.jpg\" alt=\"\" width=\"180\" height=\"119\" srcset=\"https:\/\/www.freiburg-schwarzwald.de\/blog\/wp-content\/uploads\/2013\/01\/buehlhof-linach2012-180x119.jpg 180w, https:\/\/www.freiburg-schwarzwald.de\/blog\/wp-content\/uploads\/2013\/01\/buehlhof-linach2012.jpg 640w\" sizes=\"auto, (max-width: 180px) 100vw, 180px\" \/><\/a><br \/>\n(4) B\u00fchlhof am 13.5.2008\u00a0\u00a0\u00a0\u00a0\u00a0\u00a0\u00a0\u00a0\u00a0\u00a0\u00a0\u00a0\u00a0\u00a0\u00a0\u00a0\u00a0\u00a0\u00a0\u00a0\u00a0\u00a0\u00a0 (5) B\u00fchlhof mit Kanstingerh\u00e4usle (links)<\/p>\n<p>(1) Blick nach Norden zum B\u00fchlhof (oben rechts) und <a href=\"https:\/\/www.freiburg-schwarzwald.de\/linach5#Rohrerh\u00e4usle\">Rohrersh\u00e4usle<\/a> am 8.1.2008<br \/>\n(2) Christoph und Martin M\u00fcller am B\u00fchlhof am 8.1.2008<br \/>\n<span style=\"font-family: Arial; font-size: xx-small;\">(<\/span>3) Blick vom B\u00fchlhof nach Osten \u00fcber Kohler- und Reinh\u00e4usle und Rohrersh\u00e4usle\u00a0(rechts) ins Linachtal<\/p>\n<p>&nbsp;<\/p>\n<p><strong>Kanstingerh\u00e4usle beim B\u00fchlhof<\/strong><\/p>\n<p>Das Kanstingerh\u00e4usle ist ein kleines Schwarzwaldhaus, das 1010 m hoch im <a title=\"Linach\" href=\"https:\/\/www.freiburg-schwarzwald.de\/blog\/regio\/orte\/linach\/\">Linachtal<\/a>, dem sch\u00f6nen Seitental von Furtwangen, liegt. Ruhe und Sonne, ideal zum Urlaub machen.<br \/>\n&#8211;\u00a0rustikale Stube<br \/>\n&#8211; \u00a0modern eingerichtete Einbauk\u00fcche<br \/>\n&#8211;\u00a0 Badewanne\/Dusche und WC<br \/>\n&#8211; stilgerechte Schlafzimmer mit Einzel- und Doppelbett, es bietet Schlafm\u00f6glichkeiten f\u00fcr bis zu 7 Personen.<\/p>\n<p><a href=\"https:\/\/www.freiburg-schwarzwald.de\/blog\/bauernhof\/buehlhof\/linach-kanstingerhaeusle\/\" rel=\"attachment wp-att-20722\"><img loading=\"lazy\" decoding=\"async\" class=\"alignnone size-thumbnail wp-image-20722\" title=\"linach-kanstingerhaeusle\" src=\"https:\/\/www.freiburg-schwarzwald.de\/blog\/wp-content\/uploads\/2013\/01\/linach-kanstingerhaeusle-180x138.jpg\" alt=\"\" width=\"180\" height=\"138\" srcset=\"https:\/\/www.freiburg-schwarzwald.de\/blog\/wp-content\/uploads\/2013\/01\/linach-kanstingerhaeusle-180x138.jpg 180w, https:\/\/www.freiburg-schwarzwald.de\/blog\/wp-content\/uploads\/2013\/01\/linach-kanstingerhaeusle-640x492.jpg 640w, https:\/\/www.freiburg-schwarzwald.de\/blog\/wp-content\/uploads\/2013\/01\/linach-kanstingerhaeusle.jpg 644w\" sizes=\"auto, (max-width: 180px) 100vw, 180px\" \/><\/a>\u00a0\u00a0\u00a0\u00a0\u00a0\u00a0\u00a0\u00a0\u00a0\u00a0\u00a0 <a href=\"https:\/\/www.freiburg-schwarzwald.de\/blog\/bauernhof\/buehlhof\/buehlhof-kanstigerhaeusle2012\/\" rel=\"attachment wp-att-22780\"><img loading=\"lazy\" decoding=\"async\" class=\"alignnone size-thumbnail wp-image-22780\" title=\"buehlhof-kanstigerhaeusle2012\" src=\"https:\/\/www.freiburg-schwarzwald.de\/blog\/wp-content\/uploads\/2013\/01\/buehlhof-kanstigerhaeusle2012-180x135.jpg\" alt=\"\" width=\"180\" height=\"135\" srcset=\"https:\/\/www.freiburg-schwarzwald.de\/blog\/wp-content\/uploads\/2013\/01\/buehlhof-kanstigerhaeusle2012-180x135.jpg 180w, https:\/\/www.freiburg-schwarzwald.de\/blog\/wp-content\/uploads\/2013\/01\/buehlhof-kanstigerhaeusle2012.jpg 640w\" sizes=\"auto, (max-width: 180px) 100vw, 180px\" \/><\/a><br \/>\n(1) \u00a0Kanstingerh\u00e4usle im Linachtal\u00a0\u00a0\u00a0\u00a0\u00a0\u00a0\u00a0\u00a0 (2) H\u00e4usle im Schnee<\/p>\n<p align=\"left\">Das Kanstingerh\u00e4usle geh\u00f6rt zum B\u00fchlhof, fr\u00fcher auch Altenvogtsantonshaus genannt.<br \/>\nBioland-Betrieb und wundersch\u00f6ner und sonniger Aussichtslage nach S\u00fcden ins weite Linachtal.<br \/>\nMartin und Christoph M\u00fcller, <a href=\"https:\/\/www.edelweis-berge@web.de\">edelweis-berge@web.de<\/a>\u00a0\u00a0\u00a0\u00a0<br \/>\nLinach 6\/1, B\u00fchlhof, 78120 Furtwangen-Linach, Tel 07723\/7911 oder 0171\/7547212<br \/>\n<a href=\"https:\/\/www.feha-buehlhof.de\/\">www.feha-buehlhof.de<\/a>\u00a0, Mail <a href=\"mailto:info@feha-buehlhof.de\">info@feha-buehlhof.de<\/a>\u00a0\u00a0<\/p>\n<p align=\"left\">\u00a0<\/p>\n","protected":false},"excerpt":{"rendered":"<p>Home &gt;Tourismus &gt;Landwirt\u00a0&gt;Bauernhof &gt;Linach &gt;Buehlhof &nbsp; B\u00fchlhof im Linachtal Der B\u00fchl hie\u00dft fr\u00fcher auch Altenvogtsantonshaus. Bioland-Betrieb und wundersch\u00f6ner und sonniger Aussichtslage nach S\u00fcden ins weite Linachtal. Martin und Christoph M\u00fcller,\u00a0 Linach 6\/1, B\u00fchlhof, 78120 Furtwangen-Linach, Tel 07723\/7911 oder 0171\/7547212, edelweiss-berge@web.de &hellip; <a href=\"https:\/\/www.freiburg-schwarzwald.de\/blog\/bauernhof\/buehlhof\/\">Weiterlesen <span class=\"meta-nav\">&rarr;<\/span><\/a><\/p>\n","protected":false},"author":4,"featured_media":0,"parent":373,"menu_order":0,"comment_status":"open","ping_status":"closed","template":"","meta":{"footnotes":""},"class_list":["post-20717","page","type-page","status-publish","hentry"],"_links":{"self":[{"href":"https:\/\/www.freiburg-schwarzwald.de\/blog\/wp-json\/wp\/v2\/pages\/20717","targetHints":{"allow":["GET"]}}],"collection":[{"href":"https:\/\/www.freiburg-schwarzwald.de\/blog\/wp-json\/wp\/v2\/pages"}],"about":[{"href":"https:\/\/www.freiburg-schwarzwald.de\/blog\/wp-json\/wp\/v2\/types\/page"}],"author":[{"embeddable":true,"href":"https:\/\/www.freiburg-schwarzwald.de\/blog\/wp-json\/wp\/v2\/users\/4"}],"replies":[{"embeddable":true,"href":"https:\/\/www.freiburg-schwarzwald.de\/blog\/wp-json\/wp\/v2\/comments?post=20717"}],"version-history":[{"count":0,"href":"https:\/\/www.freiburg-schwarzwald.de\/blog\/wp-json\/wp\/v2\/pages\/20717\/revisions"}],"up":[{"embeddable":true,"href":"https:\/\/www.freiburg-schwarzwald.de\/blog\/wp-json\/wp\/v2\/pages\/373"}],"wp:attachment":[{"href":"https:\/\/www.freiburg-schwarzwald.de\/blog\/wp-json\/wp\/v2\/media?parent=20717"}],"curies":[{"name":"wp","href":"https:\/\/api.w.org\/{rel}","templated":true}]}}