{"id":20615,"date":"2013-01-24T09:37:35","date_gmt":"2013-01-24T08:37:35","guid":{"rendered":"https:\/\/www.freiburg-schwarzwald.de\/blog\/?page_id=20615"},"modified":"2026-04-24T12:53:40","modified_gmt":"2026-04-24T10:53:40","slug":"breisach","status":"publish","type":"page","link":"https:\/\/www.freiburg-schwarzwald.de\/blog\/regio\/orte\/breisach\/","title":{"rendered":"Breisach"},"content":{"rendered":"<p>Home &gt;<a title=\"Orte\" href=\"https:\/\/www.freiburg-schwarzwald.de\/blog\/regio\/orte\/\">Orte<\/a> &gt;<a title=\"Kaiserstuhl\" href=\"https:\/\/www.freiburg-schwarzwald.de\/blog\/regio\/kaiserstuhl\/\">Kaiserstuhl<\/a> &gt;Breisach<\/p>\n<div id=\"attachment_125159\" style=\"width: 650px\" class=\"wp-caption alignnone\"><a href=\"https:\/\/www.freiburg-schwarzwald.de\/blog\/wp-content\/uploads\/2024\/07\/breisach-mohn13062024pan-1.jpg\"><img loading=\"lazy\" decoding=\"async\" aria-describedby=\"caption-attachment-125159\" class=\"size-full wp-image-125159\" src=\"https:\/\/www.freiburg-schwarzwald.de\/blog\/wp-content\/uploads\/2024\/07\/breisach-mohn13062024pan-1.jpg\" alt=\"\" width=\"640\" height=\"382\" srcset=\"https:\/\/www.freiburg-schwarzwald.de\/blog\/wp-content\/uploads\/2024\/07\/breisach-mohn13062024pan-1.jpg 640w, https:\/\/www.freiburg-schwarzwald.de\/blog\/wp-content\/uploads\/2024\/07\/breisach-mohn13062024pan-1-180x107.jpg 180w\" sizes=\"auto, (max-width: 640px) 100vw, 640px\" \/><\/a><p id=\"caption-attachment-125159\" class=\"wp-caption-text\">Blick \u00fcbers Mohnfeld zum Breisacher M\u00fcnster am 13.6.2024<\/p><\/div>\n<ul>\n<li><em>Listenauswahl eines Beitrags (Artikel\/Datum, Seite\/Inhalt):\u00a0<span style=\"text-decoration: underline;\">Klicken<\/span>\u00a0oder scrollen<\/em><\/li>\n<li><a href=\"https:\/\/www.freiburg-schwarzwald.de\/blog\/regio\/colmar-freiburg\/\">Trans Rhin Rail (TRR): Colmarbahn-Fest in Volgelsheim am 26.4.2026<\/a>\u00a0(23.4.2026)<\/li>\n<li><a href=\"https:\/\/www.freiburg-schwarzwald.de\/blog\/natur\/tiere\/huehner\/\">Volker Kempf: Auf der Suche nach Wirklichkeit in der Mensch-Nutztier-Beziehung<\/a>\u00a0(18.12.202)<\/li>\n<li><a href=\"https:\/\/www.freiburg-schwarzwald.de\/blog\/demo-breisach-am-israel-chai\/\">Demo Breisach: Am Israel Chai<\/a>\u00a0(10.5.2024)<\/li>\n<li><a href=\"https:\/\/www.freiburg-schwarzwald.de\/blog\/regio\/colmar-freiburg\/\">Pro &amp; Contra: Lohnt sich der Bahnausbau nach Colmar?<\/a> (2.5.2024)<\/li>\n<li><a href=\"https:\/\/www.freiburg-schwarzwald.de\/blog\/regio\/verkehr\/eisenbahn\/breisgau-s-bahn\/\">Zweigleisiger Ausbau von Freiburg nach Breisach<\/a>\u00a0(25.4.2024)<\/li>\n<li>St\u00e4dtische GmbH \u00fcr Breisach: Gr\u00fcndung? (29.11.2022)<\/li>\n<li><a href=\"https:\/\/www.freiburg-schwarzwald.de\/blog\/natur\/naturschutz\/nsg\/taubergiessen\/\">Taubergiessen und Auenw\u00e4lder: Wasserarmut und Libellensterben<\/a>\u00a0(12.10.2022)<\/li>\n<li><a href=\"https:\/\/www.freiburg-schwarzwald.de\/blog\/regio\/fluss\/rhein\/rheinseitenkanal\/\">Warum Deutschland die Wasserkraft des Rheins nicht nutzt<\/a>\u00a0(12.7.2022)<\/li>\n<li>Wie der Grand Canal in den 50er-Jahren bei Breisach gebaut wurde (2.4.2022)<\/li>\n<li><a href=\"https:\/\/www.freiburg-schwarzwald.de\/blog\/eisenbahn-freiburg-colmar\/\">Eisenbahn Freiburg \u2013 Colmar<\/a>\u00a0(20.2.2022)<\/li>\n<li><a href=\"https:\/\/www.freiburg-schwarzwald.de\/blog\/hoellentalkaiserstuhlbahn-wozu\/\">H\u00f6llentalkaiserstuhlbahn \u2013 wozu?<\/a>\u00a0(7.11.2021)<\/li>\n<li><a href=\"https:\/\/www.freiburg-schwarzwald.de\/blog\/regio\/verkehr\/b31\/b31west\/\">Weiterbau der B31 West: Bund spricht sich f\u00fcr Hochspannungstrasse aus<\/a>\u00a0(23.7.2021)<\/li>\n<li><a href=\"https:\/\/www.freiburg-schwarzwald.de\/blog\/natur\/landwirt\/acker\/\">Arche-Noah-\u00c4cker und Emmer-\u00c4cker<\/a>\u00a0(7.7.2021)<\/li>\n<li><a title=\"Breisgau-S-Bahn\" href=\"https:\/\/www.freiburg-schwarzwald.de\/blog\/regio\/verkehr\/eisenbahn\/breisgau-s-bahn\/\">Bahn verzichtet auf Kuppeln\/Fl\u00fcgeln in Gottenheim und Titisee<\/a>\u00a0(17.1.2020)<\/li>\n<li><a href=\"https:\/\/www.freiburg-schwarzwald.de\/blog\/erunforeuropa-breisach-19-5-19\/\">https:\/\/www.freiburg-schwarzwald.de\/blog\/erunforeuropa-breisach-19-5-19\/<\/a>\u00a0(13.4.2019)<\/li>\n<li>Breisacher Gemeinderat erkl\u00e4rt Frauke Petry zur unerw\u00fcnschten Person (23.2.2016)<\/li>\n<li>Rudi Bienroth &#8211; Ausstellung in der Spitalkirche (17.8.2013)<\/li>\n<li><a href=\"https:\/\/www.freiburg-schwarzwald.de\/blog\/breisacher-toepfermarkt-sonne\/\">https:\/\/www.freiburg-schwarzwald.de\/blog\/breisacher-toepfermarkt-sonne\/<\/a>\u00a0(2.6.2013)<\/li>\n<li><a href=\"https:\/\/www.freiburg-schwarzwald.de\/blog\/grundwasser-salz-in-breisach\/\">https:\/\/www.freiburg-schwarzwald.de\/blog\/grundwasser-salz-in-breisach\/<\/a>\u00a0(22.2.2013)<\/li>\n<li>Beispiel Breisach: Die Erinnerungskultur geht neue Wege (24.1.2013)<\/li>\n<li><a href=\"https:\/\/www.freiburg-schwarzwald.de\/blog\/bombenangriff-breisach-1944\/\">https:\/\/www.freiburg-schwarzwald.de\/blog\/bombenangriff-breisach-1944\/<\/a>\u00a0(4.11.2009)<\/li>\n<li><a href=\"https:\/\/www.freiburg-schwarzwald.de\/breisach2.htm\">Aktuelle Infos zur Breisach-Seite ab 28.7.2008<\/a> &gt;Breisach2<\/li>\n<li><a href=\"https:\/\/www.freiburg-schwarzwald.de\/breisach1.htm\">Aktuelle Infos zur Breisach-Seite ab August 2006<\/a> &gt;Breisach1<\/li>\n<li><a href=\"https:\/\/www.freiburg-schwarzwald.de\/breisach#Schwimmbr\u00fccke \u00fcber den Rhein - vorbildliches Symbol f\u00fcr Europa\">Schwimmbr\u00fccke \u00fcber den Rhein &#8211; vorbildliches Symbol f\u00fcr Europa<\/a> (31.7.2006)<\/li>\n<li><a href=\"https:\/\/www.freiburg-schwarzwald.de\/breisach#Eckartsberg: Schwarzwaldverein veranstaltete 24. Sonnwendfeier\">Eckartsberg: Schwarzwaldverein veranstaltete 24. Sonnwendfeier<\/a> (26.6.2006)<\/li>\n<li><a href=\"https:\/\/www.freiburg-schwarzwald.de\/keramik1.htm#10. Breisacher T\u00f6pfermarkt am 28.\/29.5.2005\">10. Breisacher T\u00f6pfermarkt am 10.\/11.2006<\/a> &gt;Keramik1<\/li>\n<li><a href=\"https:\/\/www.freiburg-schwarzwald.de\/kaiserstuhl2.htm#Neujahrsempfang 2005 in Breisach - Retention bestimmendes Thema\">Neujahrsempfang 2005 in Breisach &#8211; Retention bestimmendes Thema<\/a> &gt;Kaiserstuhl2 (11.1.2005)<\/li>\n<li>Breisach am Rhein &#8211; Hauptstadt des Kaiserstuhls<\/li>\n<li>Museum f\u00fcr Stadtgeschichte im Rheintor von 1678<\/li>\n<li><a href=\"https:\/\/www.freiburg-schwarzwald.de\/breusach.htm\">www.freiburg-schwarzwald.de\/breusach.htm<\/a> &gt;Archivseite bis 4\/2012<\/li>\n<li><\/li>\n<li><a href=\"https:\/\/www.freiburg-schwarzwald.de\/blog\/natur\/landwirt\/acker\/\">Acker<\/a><\/li>\n<li><a href=\"https:\/\/www.freiburg-schwarzwald.de\/blog\/regio\/verkehr\/b31\/b31west\/\">B31West<\/a><\/li>\n<li><a href=\"https:\/\/www.freiburg-schwarzwald.de\/breisach#Breisach - Fotos\">Breisach &#8211; Fotos<\/a><\/li>\n<li><a href=\"https:\/\/www.freiburg-schwarzwald.de\/breisach#Breisacher M\u00fcnster St. Stephan\">Breisacher M\u00fcnster St. Stephan<\/a><\/li>\n<li><a title=\"Breisgau-S-Bahn\" href=\"https:\/\/www.freiburg-schwarzwald.de\/blog\/regio\/verkehr\/eisenbahn\/breisgau-s-bahn\/\">Breisgau-S-Bahn<\/a><\/li>\n<li><a href=\"https:\/\/www.freiburg-schwarzwald.de\/breisach#Blaues Haus - Ehemaliges J\u00fcdisches Gemeindehaus\">Blaues Haus &#8211; Ehemaliges J\u00fcdisches Gemeindehaus<\/a><\/li>\n<li><a href=\"https:\/\/www.freiburg-schwarzwald.de\/museum.htm#Breisach - Museum f\u00fcr Stadtgeschichte\">Breisach &#8211; Museum f\u00fcr Stadtgeschichte<\/a> &gt;Museum<\/li>\n<li><a href=\"https:\/\/www.freiburg-schwarzwald.de\/blog\/regio\/colmar-freiburg\/\">Colmar-Freiburg<\/a><\/li>\n<li><a href=\"https:\/\/www.freiburg-schwarzwald.de\/elsass.htm\">Elsass im Westen<\/a> &gt;Elsass<\/li>\n<li><a href=\"https:\/\/www.freiburg-schwarzwald.de\/strassen.htm#Gr\u00fcne Strasse - Route Verte\">Gr\u00fcne Strasse vom Elsass zum Schwarzwald &#8211; Route Verte<\/a> &gt;Strassen<\/li>\n<li><a href=\"https:\/\/www.freiburg-schwarzwald.de\/breisach#Ile du Rhin - Vogelgr\u00fcn - gegen\u00fcber Breisach\">Ile du Rhin &#8211; Rheininsel bei Vogelgrun zwischen Altrhein und Kanal<\/a> &gt;Rheininsel<\/li>\n<li><a href=\"https:\/\/www.freiburg-schwarzwald.de\/rhein.htm#Integriertes Rheinprogramm IPR - 500 Mio Euro f\u00fcr R\u00fcckhaltebecken\">Integriertes Rheinprogramm IPR &#8211; 500 Mio Euro f\u00fcr R\u00fcckhaltebecken<\/a> &gt;Rhein<\/li>\n<li><a href=\"https:\/\/www.freiburg-schwarzwald.de\/blog\/regio\/fluss\/rhein\/rheinseitenkanal\/\">Rheinseitenkanal<\/a><\/li>\n<li><a href=\"https:\/\/www.freiburg-schwarzwald.de\/burkheim.htm#Retention am Rhein zwischen Burkheim und Breisach\">Retention am Rhein zwischen Burkheim und Breisach<\/a> &gt;Burkheim<\/li>\n<li><a href=\"https:\/\/www.freiburg-schwarzwald.de\/neuf-brisach.htm\">Neuf-Brisach<\/a> &gt;Neuf-Brisach<\/li>\n<li><a href=\"https:\/\/www.freiburg-schwarzwald.de\/niederrimsingen.htm\">Niederrimsingen im S\u00fcdwesten<\/a> &gt;Niederrimsingen<\/li>\n<li><a href=\"https:\/\/www.freiburg-schwarzwald.de\/oberrimsingen.htm\">Oberrimsingen zwischen Tuniberg und Breisach<\/a> &gt;Oberrimsingen<\/li>\n<li><a href=\"https:\/\/www.freiburg-schwarzwald.de\/rhein.htm\">Rhein zwischen Basel und Breisach<\/a> &gt;Rhein<\/li>\n<li><a href=\"https:\/\/www.freiburg-schwarzwald.de\/blog\/regio\/fluss\/rhein\/\">Rhein<\/a><\/li>\n<li><a href=\"https:\/\/www.freiburg-schwarzwald.de\/breisach#Ile du Rhin - Vogelgr\u00fcn - gegen\u00fcber Breisach\">Rheininsel bei Vogelgrun zwischen Altrhein und Kanal<\/a> &gt;Rheininsel<\/li>\n<li><a href=\"https:\/\/www.freiburg-schwarzwald.de\/sucht.htm#Suchtberatung der AGJ\">Suchtberatung der AGJ in Breisach<\/a> &gt;Sucht<\/li>\n<li><a href=\"https:\/\/www.freiburg-schwarzwald.de\/blog\/natur\/naturschutz\/nsg\/taubergiessen\/\">Taubergiessen<\/a><\/li>\n<li><a title=\"Breisacher-Toepfermarkt\" href=\"https:\/\/www.freiburg-schwarzwald.de\/blog\/kultur\/kunst\/keramik\/breisacher-toepfermarkt\/\">T\u00f6pfermarkt in Breisach &#8211; Internationale Keramik im Juni<\/a>\u00a0&gt;Breisacher T\u00f6pfermarkt<\/li>\n<li><a href=\"https:\/\/www.freiburg-schwarzwald.de\/breisach-vauban.htm\">Vauban &#8211; Architekt in Breisach<\/a> &gt;Breisach-Vauban<\/li>\n<li><a href=\"https:\/\/www.freiburg-schwarzwald.de\/breisach#Links\">Links<\/a><\/li>\n<\/ul>\n<div id=\"attachment_91144\" style=\"width: 642px\" class=\"wp-caption alignnone\"><a href=\"https:\/\/www.freiburg-schwarzwald.de\/blog\/wp-content\/uploads\/2021\/05\/breisach-pan210520.jpg\"><img loading=\"lazy\" decoding=\"async\" aria-describedby=\"caption-attachment-91144\" class=\"size-full wp-image-91144\" src=\"https:\/\/www.freiburg-schwarzwald.de\/blog\/wp-content\/uploads\/2021\/05\/breisach-pan210520.jpg\" alt=\"\" width=\"632\" height=\"311\" srcset=\"https:\/\/www.freiburg-schwarzwald.de\/blog\/wp-content\/uploads\/2021\/05\/breisach-pan210520.jpg 632w, https:\/\/www.freiburg-schwarzwald.de\/blog\/wp-content\/uploads\/2021\/05\/breisach-pan210520-180x89.jpg 180w\" sizes=\"auto, (max-width: 632px) 100vw, 632px\" \/><\/a><p id=\"caption-attachment-91144\" class=\"wp-caption-text\">Blick auf Breisach im Mai 2021<\/p><\/div>\n<p>&nbsp;<\/p>\n<p><strong>Breisach am Rhein &#8211; Hauptstadt des Kaiserstuhls<\/strong><\/p>\n<p>Das 14 000 Einwohner z\u00e4hlende Breisach liegt am Rhein auf halber Strecke zwischen Colmar und Freiburg und gilt als die &#8222;Hauptstadt&#8220; des Kaiserstuhls &#8211; obwohl etwas abseits des Vulkangebirges am Rhein gelegen. Die Geschichte Breisachs reicht 4000 Jahre zur\u00fcck. Auf dem M\u00fcnsterberg gab es einen keltischen F\u00fcrstensitz, danach ein r\u00f6misches Kastell und seit dem fr\u00fchen Mittelalter war er dann Zentrum der aufstrebenden Stadt mit Markt- und M\u00fcnzrecht, mit einer wehrhaften Stadtbefestigung sowie Sitz zahlreicher Kl\u00f6ster.<br \/>\nDie Lage am Rhein verdankte die Stadt lange Zeit ihren Reichtum. Im 17. und 18. Jahrhundert war Breisach &#8211; unter habsburgischer und franz\u00f6sischer Herrschaft &#8211; eine der st\u00e4rksten Festungsst\u00e4dte Europas.<br \/>\n1793 vernichtete franz\u00f6sisches Bombardement die Stadt fast vollst\u00e4ndig. 1945 wurde Breisach erneut zu 85 % zerst\u00f6rt. Und 1950 fand in Breisach die erste Europa-Abstimmung statt &#8211; positiv.<br \/>\nBreisachs \u00e4lteste St\u00e4dtepartnerschaft besteht seit 1960 mit Saint-Louis.<br \/>\nHeute umfa\u00dft Breisach die Ortsteile Grezhausen, G\u00fcndlingen, Hochstetten, <a href=\"https:\/\/www.freiburg-schwarzwald.de\/niederrimsingen.htm\">Niederrimsingen<\/a> und Oberrimsingen mit insgesamt ca 14.000 Einwohnern.<\/p>\n<table border=\"0\" summary=\"\" width=\"287\" cellspacing=\"1\" cellpadding=\"1\">\n<tbody>\n<tr>\n<td width=\"208\">Breisach mit Hochstetten<\/td>\n<td width=\"72\">9.500<\/td>\n<\/tr>\n<tr>\n<td width=\"208\">G\u00fcndlingen<\/td>\n<td width=\"72\">1.700<\/td>\n<\/tr>\n<tr>\n<td width=\"208\">Niederrimsingen<\/td>\n<td width=\"72\">1.340<\/td>\n<\/tr>\n<tr>\n<td width=\"208\">Oberrimsingen mit Grezhausen<\/td>\n<td width=\"72\">1.460<\/td>\n<\/tr>\n<tr>\n<td width=\"208\">Gesamt ungef\u00e4hr<\/td>\n<td width=\"72\">14.000<\/td>\n<\/tr>\n<\/tbody>\n<\/table>\n<p align=\"left\">Breisach-Touristik<br \/>\nMarktplatz 16, 79206 Briesach, Tel 07667\/940155<br \/>\n<a href=\"https:\/\/www.breisach.de\/\">www.breisach.de<\/a>, eMail <a href=\"mailto:breisach-touristik@breisach.de\">breisach-touristik@breisach.de<\/a><br \/>\n<a href=\"https:\/\/www.kaiserstuhl.cc\/\">www.kaiserstuhl.cc<\/a> Breisach Touristikseite<\/p>\n<p>&nbsp;<\/p>\n<h5><a href=\"https:\/\/www.freiburg-schwarzwald.de\/blog\/regio\/orte\/breisach\/breisach-rhein-hochwasser130602\/\" rel=\"attachment wp-att-32173\"><img loading=\"lazy\" decoding=\"async\" class=\"alignnone size-thumbnail wp-image-32173\" title=\"breisach-rhein-hochwasser130602\" src=\"https:\/\/www.freiburg-schwarzwald.de\/blog\/wp-content\/uploads\/2013\/01\/breisach-rhein-hochwasser130602-180x135.jpg\" alt=\"\" width=\"180\" height=\"135\" srcset=\"https:\/\/www.freiburg-schwarzwald.de\/blog\/wp-content\/uploads\/2013\/01\/breisach-rhein-hochwasser130602-180x135.jpg 180w, https:\/\/www.freiburg-schwarzwald.de\/blog\/wp-content\/uploads\/2013\/01\/breisach-rhein-hochwasser130602.jpg 640w\" sizes=\"auto, (max-width: 180px) 100vw, 180px\" \/><\/a>\u00a0\u00a0\u00a0\u00a0\u00a0\u00a0\u00a0\u00a0\u00a0\u00a0\u00a0\u00a0 <a href=\"https:\/\/www.freiburg-schwarzwald.de\/blog\/kultur\/kunst\/keramik\/breisacher-toepfermarkt\/toepfermarkt26rheintor130602\/\" rel=\"attachment wp-att-32020\"><img loading=\"lazy\" decoding=\"async\" title=\"toepfermarkt26rheintor130602\" src=\"https:\/\/www.freiburg-schwarzwald.de\/blog\/wp-content\/uploads\/2013\/06\/toepfermarkt26rheintor130602-180x143.jpg\" alt=\"\" width=\"180\" height=\"143\" \/><\/a><br \/>\n(1) Hochwasser Breisach 2.6.2013\u00a0\u00a0\u00a0\u00a0\u00a0\u00a0\u00a0\u00a0\u00a0(2) Rheintor 2.6.2013 &#8211; <a title=\"Breisacher Toepfermarkt Sonne\" href=\"https:\/\/www.freiburg-schwarzwald.de\/blog\/breisacher-toepfermarkt-sonne\/\">T\u00f6pfermarkt<\/a><\/h5>\n<h5><a href=\"https:\/\/www.freiburg-schwarzwald.de\/blog\/wp-content\/uploads\/2022\/11\/breisach-rheinschiffe2022.jpg\"><img loading=\"lazy\" decoding=\"async\" class=\"alignnone size-thumbnail wp-image-106665\" src=\"https:\/\/www.freiburg-schwarzwald.de\/blog\/wp-content\/uploads\/2022\/11\/breisach-rheinschiffe2022-180x147.jpg\" alt=\"\" width=\"180\" height=\"147\" srcset=\"https:\/\/www.freiburg-schwarzwald.de\/blog\/wp-content\/uploads\/2022\/11\/breisach-rheinschiffe2022-180x147.jpg 180w, https:\/\/www.freiburg-schwarzwald.de\/blog\/wp-content\/uploads\/2022\/11\/breisach-rheinschiffe2022-640x524.jpg 640w, https:\/\/www.freiburg-schwarzwald.de\/blog\/wp-content\/uploads\/2022\/11\/breisach-rheinschiffe2022-768x629.jpg 768w, https:\/\/www.freiburg-schwarzwald.de\/blog\/wp-content\/uploads\/2022\/11\/breisach-rheinschiffe2022.jpg 839w\" sizes=\"auto, (max-width: 180px) 100vw, 180px\" \/>\u00a0\u00a0\u00a0\u00a0\u00a0\u00a0\u00a0\u00a0\u00a0 <\/a><a href=\"https:\/\/www.freiburg-schwarzwald.de\/blog\/wp-content\/uploads\/2023\/05\/breisach-muensterberg2023.jpg\"><img loading=\"lazy\" decoding=\"async\" class=\"alignnone size-thumbnail wp-image-112552\" src=\"https:\/\/www.freiburg-schwarzwald.de\/blog\/wp-content\/uploads\/2023\/05\/breisach-muensterberg2023-180x137.jpg\" alt=\"\" width=\"180\" height=\"137\" srcset=\"https:\/\/www.freiburg-schwarzwald.de\/blog\/wp-content\/uploads\/2023\/05\/breisach-muensterberg2023-180x137.jpg 180w, https:\/\/www.freiburg-schwarzwald.de\/blog\/wp-content\/uploads\/2023\/05\/breisach-muensterberg2023-640x489.jpg 640w, https:\/\/www.freiburg-schwarzwald.de\/blog\/wp-content\/uploads\/2023\/05\/breisach-muensterberg2023-768x586.jpg 768w, https:\/\/www.freiburg-schwarzwald.de\/blog\/wp-content\/uploads\/2023\/05\/breisach-muensterberg2023.jpg 943w\" sizes=\"auto, (max-width: 180px) 100vw, 180px\" \/><\/a><br \/>\n(3) Rheinschiffe Breisach\u00a0 \u00a0 \u00a0 \u00a0 \u00a0 \u00a0 \u00a0 \u00a0 \u00a0 \u00a0 \u00a0 \u00a0 \u00a0 \u00a0(4) Breisach M\u00fcnsterberg 2023<br \/>\n.<\/h5>\n<p><strong>Museum f\u00fcr Stadtgeschichte im Rheintor von 1678<br \/>\n<\/strong>Das Rheintor wurde 1678 von dem franz\u00f6sischen Festungsbaumeister Jacques Tarade nach Pl\u00e4nen von Vauban an Stelle eines mittelalterlichen Vorg\u00e4ngerbaus als pr\u00e4chtiges neues Eingangstor zur damaligen franz\u00f6sischen Stadt Breisach errichtet. Mit seiner aufw\u00e4ndig geschm\u00fcckten Westfassade z\u00e4hlt es zu den sch\u00f6nsten heute noch erhaltenen Festungstore Europas. Nach vielf\u00e4ltigen Nutzungen beherbergt es seit 1991 das Museum f\u00fcr Stadtgeschichte.<\/p>\n<p>=======================================================<\/p>\n<p>&nbsp;<\/p>\n<p><strong>St\u00e4dtische GmbH \u00fcr Breisach: Gr\u00fcndung?<\/strong><br \/>\n<em>Der Freiburger Wirtschaftsf\u00f6rderer Bernd Dallmann sieht gro\u00dfe Chancen f\u00fcr Breisachs Zukunft. Eine st\u00e4dtische GmbH soll vieles effizienter machen \u2013 und nicht nur k\u00fcnftig das Weinfest organisieren.<br \/>\n<\/em>Eine privatrechtliche Gesellschaft soll in Zukunft das Bezirksweinfest in Breisach organisieren. Doch das ist l\u00e4ngst nicht alles, was diese zu gr\u00fcndende GmbH grunds\u00e4tzlich leisten k\u00f6nnte: Wie im Gemeinderat zu erfahren war, sollen ihr voraussichtlich auch Aufgaben aus den Bereichen Tourismus, Wirtschaftsf\u00f6rderung und Stadtentwicklung \u00fcbertragen werden. Wirtschaftsf\u00f6rderer Bernd Dallmann aus Freiburg zeigt sich begeistert von dem Potenzial, das in Breisach steckt.<\/p>\n<p>Als Vorbild f\u00fcr eine st\u00e4dtische Gesellschaft nannte Dallmann im Breisacher Gemeinderat die Stadt Freiburg, die vor mehr als 30 Jahren die FWTM GmbH &amp; Co. KG gegr\u00fcndet hatte (Freiburg Wirtschaft Tourismus Messe) \u2013 zun\u00e4chst nur f\u00fcr den Bau des Freiburger Konzerthauses. Bald habe die FWTM weitere Aufgaben erhalten, berichtete der fr\u00fchere FWTM-Leiter Dallmann (71). &#8222;Heute sind viele Aufgaben nicht mit dem \u00f6ffentlich-rechtlichen Personalrecht l\u00f6sbar, das ist zu starr und zu unflexibel&#8220;, sagte er. B\u00fcrgermeister Oliver Rein betonte, dass die Aufgaben einer Stadt heute \u00fcberbordend werden und die Stadt das gro\u00dfe Breisacher Weinfest nicht hinkriege \u2013&#8220;wir m\u00fcssten jede Currywurst ausschreiben&#8220;, so Rein. Eine privatrechtliche GmbH k\u00f6nne da anders handeln. Ihr Name ist noch unklar.<\/p>\n<p>Bernd Dallmann sagte in der Gemeinderatssitzung, dass er f\u00fcr Breisach das gr\u00f6\u00dfte Potenzial unter den Kommunen im Landkreis Breisgau-Hochschwarzwald sehe. Gegen\u00fcber der Badischen Zeitung erkl\u00e4rte er sp\u00e4ter, was ihn zu dieser Aussage bewegte: Erstens verf\u00fcge Breisach \u00fcber viele Verkehrswege, an denen sich die Stadt entwickeln k\u00f6nne. Er nannte dabei den Grenz\u00fcbergang nach Frankreich und die boomenden Kreuzfahrten auf dem Rhein sowie die angestrebte Reaktivierung der Bahnlinie Freiburg-Breisach-Colmar. &#8222;Wir werden zum Kernpunkt der deutsch-franz\u00f6sischen Freundschaft. Um sie zu leben, braucht sie Verkehrswege&#8220;, sagte Dallmann.<br \/>\nAls zweites Argument sieht der Experte die positive Bev\u00f6lkerungsentwicklung. &#8222;Fr\u00fcher kamen die Menschen dorthin, wo es Arbeit gibt. Heute kommen die Unternehmen dorthin, wo qualifiziertes Personal ist&#8220;, so Dallmann. Breisach sei als Wohnort sehr beliebt, die Bev\u00f6lkerung nehme zu.<br \/>\nDrittens b\u00f6ten das Breisacher Rheinufer und die franz\u00f6sische Rheininsel Potenzial. Der Bau des Kulturhauses Art\u2019Rhena ist in Dallmanns Augen erst der Anfang beim Weiterverfolgen des Plans, die Rheininsel aufzuwerten. F\u00fcr sie gibt es bekanntlich die Idee, eine Fu\u00dfg\u00e4ngerbr\u00fccke und Freizeiteinrichtungen zu bauen. &#8222;Es ist selten, dass eine Stadt direkt auf der Grenze sitzt&#8220;, erkl\u00e4rte Dallmann. Zum Breisacher Rheinhafen sagte er, dass es dort im Moment viele unproduktive Lagerfl\u00e4chen gebe. &#8222;Mit etwas Phantasie kann man sich vorstellen, wie reizvoll das werden k\u00f6nnte&#8220;, sagte er zu dem bislang eher vagen Plan, dort eines Tages eine gro\u00dfe Rheinpromenade mit mehr Aufenthaltsqualit\u00e4t zu errichten.<br \/>\nAls konkrete Arbeitsfelder f\u00fcr eine zu gr\u00fcndende GmbH wurden im Gemeinderat die heutige Tourismusabteilung, die Schiffsanlegestellen, der Wohnmobilstellplatz und das Stadtmarketing genannt.<br \/>\n&#8230; Alles vom 29.11.2022 bitte lesen auf<br \/>\n<a href=\"https:\/\/www.badische-zeitung.de\/wirtschaftsfoerderer-ueber-breisach-das-groesste-potenzial-im-landkreis--227372306.htm\">https:\/\/www.badische-zeitung.de\/wirtschaftsfoerderer-ueber-breisach-das-groesste-potenzial-im-landkreis&#8211;227372306.htm<\/a>l<\/p>\n<p>&nbsp;<\/p>\n<p><strong>Wie der Grand Canal in den 50er-Jahren bei Breisach gebaut wurde<\/strong><br \/>\nWenn es um die Reaktivierung der <a href=\"https:\/\/www.freiburg-schwarzwald.de\/blog\/eisenbahn-freiburg-colmar\/\">Eisenbahnlinie Breisach-Colmar<\/a> geht, ist stets die Rede vom Wiederaufbau der 1945 zerst\u00f6rten Bahnbr\u00fccke \u00fcber den Rhein. Doch die Landschaft hat sich seit Kriegsende stark ver\u00e4ndert: Bei Breisach m\u00fcssten heute mindestens zwei Bahnbr\u00fccken gebaut werden, denn zum <a href=\"https:\/\/www.freiburg-schwarzwald.de\/blog\/regio\/fluss\/rhein\/\">Rhein<\/a> haben sich seit den 50er-Jahren der Rheinseitenkanal und der Kanal des EDF-Wasserkraftwerks gesellt.<br \/>\n&#8230;<br \/>\nHerzst\u00fcck bei einer Reaktivierung der Bahnstrecke ist der Br\u00fcckenschlag \u00fcber den Rhein; links und rechts davon liegen die Gleise noch und werden in Deutschland als Teil der Breisgau-S-Bahn intensiv genutzt. Im franz\u00f6sischen Abschnitt fahren hingegen nur ab und zu G\u00fcterz\u00fcge.<\/p>\n<p>Muss man also blo\u00df die alte Bahnbr\u00fccke wieder aufbauen, und die Z\u00fcge rollen wieder von einem Land ins andere? Dieser Eindruck wird h\u00e4ufig vermittelt. Doch seit der Zerst\u00f6rung der Bahnbr\u00fccke 1945 durch deutsche Soldaten w\u00e4ren zwei oder sogar drei Br\u00fcckenbauwerke am Rhein zu errichten, nicht nur eines. Im Moment lotet eine Machbarkeitsstudie die Anordnung der Br\u00fccken aus. Eine Variante geht davon aus, dass die Autobr\u00fccke bei McDonalds zur Bahnbr\u00fccke umfunktioniert werden soll. F\u00fcr die Autos m\u00fcsste daneben eine eigene Br\u00fccke entstehen.<br \/>\n.<br \/>\n<a href=\"https:\/\/www.freiburg-schwarzwald.de\/blog\/wp-content\/uploads\/2022\/04\/breisach-rheinseitenkanal2021.jpg\"><img loading=\"lazy\" decoding=\"async\" class=\"alignnone size-medium wp-image-100164\" src=\"https:\/\/www.freiburg-schwarzwald.de\/blog\/wp-content\/uploads\/2022\/04\/breisach-rheinseitenkanal2021-640x452.jpg\" alt=\"\" width=\"640\" height=\"452\" srcset=\"https:\/\/www.freiburg-schwarzwald.de\/blog\/wp-content\/uploads\/2022\/04\/breisach-rheinseitenkanal2021-640x452.jpg 640w, https:\/\/www.freiburg-schwarzwald.de\/blog\/wp-content\/uploads\/2022\/04\/breisach-rheinseitenkanal2021-180x127.jpg 180w, https:\/\/www.freiburg-schwarzwald.de\/blog\/wp-content\/uploads\/2022\/04\/breisach-rheinseitenkanal2021-768x542.jpg 768w, https:\/\/www.freiburg-schwarzwald.de\/blog\/wp-content\/uploads\/2022\/04\/breisach-rheinseitenkanal2021.jpg 800w\" sizes=\"auto, (max-width: 640px) 100vw, 640px\" \/><\/a><br \/>\nSeit 1960 pr\u00e4sentieren sich die Wasserstra\u00dfen bei Breisach komplett neu. Der Rhein erhielt einen Anschluss an den Rheinseitenkanal und das bis heute existierende Wasserkraftwerk der EDF (wei\u00dfes Geb\u00e4ude links).<\/p>\n<p>Auf dem Weg ins Elsass m\u00fcsste noch der Rheinseitenkanal und der Zulauf zum Wasserwerk \u00fcberspannt werden, die Frankreich nach dem Krieg geschaffen haben. Alternativ w\u00e4re eine Bahnbr\u00fccke von der Rheininsel nach Norden denkbar, dann bliebe es bei zwei neuen Br\u00fcckenbauwerken.<br \/>\n&#8230; Alles vom 2.4.2022 von Disk Sattelberger bitte lesen auf<br \/>\n<a href=\"https:\/\/www.badische-zeitung.de\/wie-der-grand-canal-in-den-50er-jahren-bei-breisach-gebaut-wurde--211566726.html\">https:\/\/www.badische-zeitung.de\/wie-der-grand-canal-in-den-50er-jahren-bei-breisach-gebaut-wurde&#8211;211566726.html<\/a><\/p>\n<p>.<\/p>\n<p>&nbsp;<\/p>\n<p><strong>Breisacher Gemeinderat erkl\u00e4rt Frauke Petry zur unerw\u00fcnschten Person<\/strong><br \/>\n&#8222;Es war eine \u00fcberw\u00e4ltigende Mehrheit&#8220;, sagt Lothar Menges, der f\u00fcr die SPD im Gemeinderat sitzt. Der Beschluss war zwar einstimmig, trotzdem gab es drei Enthaltungen von Stefan Schnebelt, B\u00fcrgerliste Breisach\/Alternative f\u00fcr Breisach, Andreas Hoffmann, CDU, und B\u00fcrgermeister Oliver Rein. &#8230;.<br \/>\nAlles vom 23.2.2016 lesen auf<br \/>\n<a href=\"https:\/\/www.badische-zeitung.de\/breisacher-gemeinderat-erklaert-frauke-petry-einstimmig-zur-unerwuenschten-person\">https:\/\/www.badische-zeitung.de\/breisacher-gemeinderat-erklaert-frauke-petry-einstimmig-zur-unerwuenschten-person<\/a><br \/>\n.<br \/>\n<strong>Beschluss des Stadtrats von Breisach vom 23.2.2016<\/strong><br \/>\n<em>-gegenintoleranzundfremdenfeindlichkeit-<\/em><br \/>\n<em>Mit Blick auf die angek\u00fcndigte Wahlveranstaltung mit Frauke Petri, in Breisach, am Tag vor der Landtagswahl, erkl\u00e4ren wir Breisacher Gemeinder\u00e4te heute unsere gemeinsame Ablehnung gegen\u00fcber den politischen Inhalten, Zielen und Versprechungen der AFD.<\/em><br \/>\n<em>Demokratie braucht Meinungsvielfalt und Redefreiheit. Wir sind uns deshalb bewusst, dass wir den Auftritt von Frau Petri nicht verhindern k\u00f6nnen, wollen jedoch ausdr\u00fccklich vor der Gefahr, die von dieser Politik ausgeht, warnen.<\/em><br \/>\n<em>Aus der einst \u201enur EU skeptischen Partei\u201c ist l\u00e4ngst ein Sammelbecken f\u00fcr blanken Fremdenhass, Ausgrenzung und weiteres rechtsextremistisches Gedankengut geworden. Sie hetzen gegen Minderheiten und sind im Kern gewaltbereit und hasserf\u00fcllt.<\/em><br \/>\n<em>Einfache populistische L\u00f6sungen, vor allem zum Thema Fl\u00fcchtlinge, wie von AFD Politikern verbreitet, stehen in direktem Widerspruch zu der Art und Weise wie wir uns hier in Breisach der Unterbringung und Intergration, der nach Deutschland vor Not und Krieg fliehenden Menschen, angenommen haben.<\/em><br \/>\n<em>Einige der AFD Ziele sind mit dem deutschen Grundgesetz nicht vereinbar, und auch nicht mit unseren Vorstellungen von einem freien und weltoffenen Europa, f\u00fcr welches gerade wir B\u00fcrger der EUROPASTADT Breisach uns verpflichtet sehen. <\/em><br \/>\n<em>Durch solche politischen \u00c4u\u00dferungen sehen wir jahrzehntelange Bem\u00fchungen f\u00fcr ein friedvolles und vereintes Europa und die gelebte Partnerschaft mit unseren europ\u00e4ischen Nachbarn und Freunden gef\u00e4hrdet.<\/em><br \/>\n<em>Die Veranstaltung \u201eF\u00fcr Mitmenschlichkeit und Solidarit\u00e4t &#8211; Breisach zeigt Gesicht!\u201c, zu der ehemalige Sch\u00fcler des MSG-Breisach aufgerufen haben, unterst\u00fctzen wir. Wir stellen den gemeinsamen Antrag Fr. Dr. Frauke Petri zur unerw\u00fcnschten Person in der Europastadt Breisach zu erkl\u00e4ren.<\/em><br \/>\n<em>Breisach 23.02.2016<\/em><br \/>\n<em>Jacob Loewe CDU &#8211; Frank Kreutner SPD &#8211; J\u00fcrgen Langer ULB &#8211; Werner Schneider FDP &#8211; Petra Breitenfeld die Gr\u00fcnen<\/em><br \/>\n.<br \/>\n<strong>Ein starkes Signal! Ja! Leider f\u00fcr Stigmatisierung und Ausgrenzung.<\/strong><br \/>\nUnd das wird gefeiert mit &#8222;weltoffen&#8220;&#8230; Was f\u00fcr eine Denkweise.<br \/>\nZur Erinnerung: Im benachbarten Elsass und speziell in unserer Partnerstadt hat die FN fast 40% erhalten &#8211; werden unsere Nachbarn nicht mehr in Breisach bedient, werden die Gesch\u00e4fte geschlossen und die Leute an der Grenze abgewiesen?<br \/>\nM\u00fcssen die<a title=\"AfD\" href=\"https:\/\/www.freiburg-schwarzwald.de\/blog\/vereine\/partei\/afd\/\"> AfD<\/a> W\u00e4hler in Breisach Binden tragen, die Kinder erhalten keine Pl\u00e4tze mehr in der KITA und in der Kirche wird Weihrauch geschwenkt.. Breisach der Hort des B\u00f6sen?<br \/>\nDer B\u00fcrgermeister, Hr.Rein, hat sich richtig ge\u00e4u\u00dfert:&#8220;Weil ich Menschen nicht als unerw\u00fcnschte Person erkl\u00e4ren m\u00f6chte.&#8220; Das stimmt mit meiner Werteordnung nicht \u00fcberein. Seiner Meinung nach lebt Demokratie davon, dass sich Meinungen aneinanderreiben..<br \/>\nIn Amerika werden Kriminelle in Stadtteilen als &#8222;unerw\u00fcnscht&#8220; gebrandmarkt. Frau Petry ist Vorsitzende einer Demokratischen Partei (Ja, sonst w\u00fcrde die AfD nicht auf den Wahllisten stehen) und keine Kriminelle.<br \/>\nDiese &#8222;Aufrechten&#8220; im Gemeinderat machen genau das, was sie der AfD vorwerfen- Ausgrenzung ist gleich, ob Fl\u00fcchtling oder andere Personen.<br \/>\nUnd &#8222;scherzen&#8220; wie Hr. Menges ist nicht angesagt, das ist eine &#8222;Schwarzstunde&#8220; f\u00fcr die Demokratie. Man muss nicht f\u00fcr die AfD sein, kann sie ablehnen oder ignorieren &#8211; aber dieses &#8222;Statement&#8220; ist ein Tiefpunkt und nicht zu akzeptieren. Schon mal was davon geh\u00f6rt: Die W\u00fcrde des Menschen ist unantastbar<br \/>\n&#8230;<br \/>\n<strong>Sach-Diskussion<\/strong><br \/>\nEs ist traurig aber wahr, dass in den (hiesigen) Foren es stets zum Schlagabtausch der eigenen Meinung aber nicht darum geht, eine andere Meinung mit ihren Thesen zum Vergleich mit seinen eigenen Ansichten zu benutzen und daraus Schlu\u00dffolgerungen f\u00fcr sich selber zu ziehen. @Birgin hat das an anderer Stelle ja trefflich geschildert.<br \/>\nWer dennoch Zeit und Mu\u00dfe hat und willig ist, differenziert an die Aussagen zur AfD und ihrer Positionierung heranzugehen, dem sei diese wissenschaftliche Publikation empfohlen:<br \/>\nNational, liberal, konservativ, populistisch? Die Programmatik der AfD, Deniz Anan1<br \/>\n..Da die Partei weder die EU-Integration an sich noch<br \/>\ndie deutsche EU-Mitgliedschaft an sich in Frage<br \/>\nstellt, sollte man die AfD nicht als europa- oder EU-kritisch<br \/>\n(oder gar -feindlich) bezeichnen. Sinnvoller<br \/>\nw\u00e4re die Bezeichnung integrationsskeptisch, weil<br \/>\ndie Position zur EU insgesamt mit tiefer Skepsis gegen\u00fcber<br \/>\nvertiefter (politischer) Integration bezeichnet<br \/>\nwerden kann. Als nationalistisch im engeren<br \/>\nSinn kann man die AfD auf der Grundlage ihrer Programmatik<br \/>\nnicht bezeichnen: Die AfD spricht sich so<br \/>\nklar f\u00fcr internationale Kooperation und die Nato aus,<br \/>\ndass Welten zwischen ihr und etwa dem v\u00f6lkisch neutralistischen<br \/>\nNationalismus der NPD liegen&#8230;<br \/>\nKurzes Zwischenfazit aus der interessanten Studie ab Seite 61 &#8211; 71 in: Mitteilungen des Instituts f\u00fcr Parteienrecht und Parteienforschung 1\/2015..<br \/>\nIst allen zu empfehlen, die nicht polemisieren sondern sich informieren m\u00f6chten und denen Fakten vor Parolen kommen, die lieber nachdenken als nachschreien..Nach dieser Lekt\u00fcre ist die obige Aktion umso unbegreiflicher.<br \/>\n24.2.2016, Wolfgang Kempf<\/p>\n<p><strong>Dieser Beschlu\u00df dient der weiteren Spaltung der Gesellschaft<\/strong><br \/>\nEs ist doch erschreckend wo unsere Demokratie hingekommen ist. Man versucht mit allen undemokratischen Mittel und mit Hetze eine neue Partei zu bek\u00e4mpfen, die immer mehr Zulauf von kritischen und sich informierenden B\u00fcrgen aus der Mitte der Gesellschaft hat. Welche Bildung und welchen Hintergrund hat ein B\u00fcrgermeister und der Gemeinderat, um solche undurchdachte und die Spaltung der Gesellschaft weiter treibende Entscheidung zu treffen ?<br \/>\n24.2.2016, David Hubertus<\/p>\n<p><strong>Ausgrenzen ist die falsche Strategie<\/strong><br \/>\nNicht Ausgrenzen, sondern Auseinandersetzen sollte deshalb die Strategie im Umgang mit der AfD sein. Niemandem den Mund verbieten wollen, sondern in der Sache streiten \u2013 und hoffentlich \u00fcberzeugen. Dazu darf dann getrost eine Botschaft geh\u00f6ren, die der Breisacher Gemeinderat auch gesendet hat: Gerade in einer Stadt, in der die Idee eines weltoffenen Europas zur Identit\u00e4t geh\u00f6rt, hat eine Politik der Abschottung gegen Menschen in Not nichts zu suchen. Stimmt. &#8230;<br \/>\nKompletten Kommentar vom 25.2.2016 bitte lesen auf<br \/>\n<a href=\"https:\/\/www.badische-zeitung.de\/frauke-petry-in-breisach-ausgrenzen-ist-die-falsche-strategie\">https:\/\/www.badische-zeitung.de\/frauke-petry-in-breisach-ausgrenzen-ist-die-falsche-strategie<\/a><\/p>\n<p>&nbsp;<\/p>\n<p><strong>Rudi Bienroth &#8211; Ausstellung in der Spitalkirche<br \/>\n<\/strong><br \/>\nIn der ehemaligen Spitalkirche am Marktplatz in Breisach geht die Ausstellung des Breisacher K\u00fcnstlers Rudi Bienroth in die letzte Runde. Am kommenden Sonntag, 18. August, findet um 16 Uhr eine abrundende Finissage statt, zu der alle Interessierten eingeladen sind. Bis dahin k\u00f6nnen die 50 Arbeiten in Acryl, Aquarell und Tuschestein t\u00e4glich au\u00dfer Montag und Mittwoch von 14 bis 17 Uhr in der Spitalkirche betrachtet werden. Weitere Informationen gibt es im Internet unter <a title=\"\" href=\"https:\/\/www.rubiarts.de\/\" target=\"_blank\" rel=\"noopener\">https:\/\/www.rubiarts.de<\/a> oder unter der Telefonnummer 07667\/1295. Der Eintritt ist frei.<br \/>\n17.8.2013<\/p>\n<p>&nbsp;<\/p>\n<p>&nbsp;<\/p>\n<p><strong>Beispiel Breisach: Die Erinnerungskultur geht neue Wege<\/strong><\/p>\n<p>Wolfram Wette findet die Initiativen der Stadt Breisach zur Aufarbeitung der Nazi-Vergangenheit vorbildlich.<\/p>\n<p>In der Stadt Breisach wird der <a title=\"Juden\" href=\"https:\/\/www.freiburg-schwarzwald.de\/blog\/religion\/juden\/\">Auschwitz-Gedenktag <\/a>am 27. Januar 2013 zum Anlass genommen, ein &#8222;Jahr des Erinnerns, der Partnerschaft und der Zukunftsgestaltung&#8220; einzul\u00e4uten. Es wird berichtet, wie in der &#8222;Stadt Europas&#8220; versucht wird, aus der Besch\u00e4ftigung mit der Nazi-Zeit Orientierungen f\u00fcr Gegenwart und Zukunft zu gewinnen. Bei diesen <a title=\"Erinnerungsorte\" href=\"https:\/\/www.freiburg-schwarzwald.de\/blog\/regio\/heimat\/geschichte\/erinnerungsorte\/\">beispielhaften Formen der Erinnerungsarbeit <\/a>geht es nicht um akademische Glasperlenspiele, sondern um ein verantwortlich zu f\u00fchrendes Leben. Nach dem Willen des vormaligen Bundespr\u00e4sidenten Roman Herzog soll am Auschwitz-Gedenktag aller Opfer des Nationalsozialismus gedacht werden, nicht nur der ermordeten Juden. Der amerikanische Historiker Daniel Blatman, Erforscher der Todesm\u00e4rsche des Jahres 1945, hat uns das breite Spektrum der Opfer vor Augen gef\u00fchrt: Seite an Seite mit den j\u00fcdischen KZ-H\u00e4ftlingen marschierten nicht-j\u00fcdische aus vielen L\u00e4ndern Europas, sogar aus Amerika und aus arabischen L\u00e4ndern. Darunter waren Usbeken, Armenier, Georgier, Ukrainer, Russen, Serben, Polen, Litauer, Letten, Albaner, Griechen, Rum\u00e4nen, Italiener, Franzosen, Spanier, Belgier, Holl\u00e4nder, D\u00e4nen, Norweger, Briten, T\u00fcrken, Deutsche und \u00d6sterreicher, Sinti und Roma. Viele von ihnen waren Widerstandsk\u00e4mpfer.<br \/>\n<img loading=\"lazy\" decoding=\"async\" src=\"https:\/\/w.online-verlag-freiburg.de\/www\/delivery\/lg.php?bannerid=119&amp;campaignid=35&amp;zoneid=143962&amp;loc=1&amp;referer=http%3A%2F%2Fwww.badische-zeitung.de%2Fkommentare-1%2Fbeispiel-breisach-die-erinnerungskultur-geht-neue-wege--68488674.html&amp;cb=ef26874cb1\" alt=\"\" width=\"0\" height=\"0\" \/>In Breisach wirkt seit 1993, als eine fremdenfeindliche Welle \u00fcber das Land schwappte, ein Verein &#8222;F\u00fcr die Zukunft lernen&#8220;. Er feiert in diesem Jahr sein 20. Jubil\u00e4um. Auch in der Region S\u00fcdbaden fielen seinerzeit Jugendliche durch rechtsextremistisches Verhalten auf. In dieser brisanten Situation engagierte sich das Christophorus-Jugendwerk Breisach-Oberrimsingen in Zusammenarbeit mit der Katholischen Hochschule Freiburg. Es organisierte f\u00fcr rechts orientierte und sozial benachteiligte Jugendliche, die einer besonderen F\u00f6rderung bedurften, eine Bildungsreise zur Gedenkst\u00e4tte Auschwitz-Birkenau in Polen. Dies geschah in der Erwartung, dass die unmittelbare, auch emotionale Erfahrung dieser Vernichtungsst\u00e4tte aus der NS-Zeit und die Auseinandersetzung mit der Geschichte dieses Ortes ein Umdenken w\u00fcrde bewirken k\u00f6nnen. Diese Reisen finden seitdem allj\u00e4hrlich statt.<br \/>\nDer F\u00f6rderverein &#8222;Ehemaliges J\u00fcdisches Gemeindehaus Breisach&#8220; wurde in den 1990er Jahren ins Leben gerufen. Er verfolgte das Ziel, daran zu erinnern, dass Breisach einmal eine gro\u00dfe j\u00fcdische Gemeinde hatte. 1880 geh\u00f6rten ihr um die 560 Menschen an, 1933 lebten noch 231 Juden in Breisach. Viele von ihnen wurden in den darauf folgenden Jahren vertrieben. Von den Deportationen nach Gurs im Oktober 1940 waren noch mehr als 50 Breisacher Juden betroffen. Sie wurden sp\u00e4ter nach Auschwitz deportiert und dort ermordet. Das ist das Band, das Breisach historisch mit Auschwitz verbindet.<br \/>\nAufgrund einer privaten Initiative konnte in den 1990er Jahren das mehr als 300 Jahre alte j\u00fcdische Schulhaus erworben und renoviert werden. Seit 2003 fungiert das &#8222;Blaue Haus&#8220; als eine angesehene Erinnerungsst\u00e4tte, in der ein reges kulturelles Leben stattfindet. Im Jubil\u00e4umsjahr wird das zehnj\u00e4hrige Bestehen dieser St\u00e4tte gefeiert. Als treibende Kraft wirkte von Beginn an die ideenreiche, kontaktfreudige und unerm\u00fcdliche Vereinsvorsitzende Christiane Walesch-Schneller.<br \/>\nDie Br\u00fccke \u00fcber den Rhein verbindet Frankreich und Deutschland und damit symbolisch ganz Europa. Die Stadt Breisach hat 2009 einen besonderen Akzent gesetzt, indem sie eine St\u00e4dtepartnerschaft mit Oswiecim einging. In der N\u00e4he dieser \u2013 von Breisach aus 1200 Kilometer entfernten \u2013 polnischen Stadt richteten die Deutschen damals das Konzentrations- und Vernichtungslager Auschwitz ein. Vorbereitet wurde die Partnerschaft wiederum durch eine private Initiative, den &#8222;Freundeskreis Oswiecim e.V&#8220;. Er besteht seit nunmehr f\u00fcnf Jahren. An dessen Spitze steht Werner Nickolai als Ideengeber, Motor und p\u00e4dagogischer Fachmann. Die Partnerschaft wird heute von Menschen aus allen Alters- und Berufsgruppen der Breisacher B\u00fcrgerschaft getragen, besonders von Jugendlichen.<\/p>\n<p>Die Initiativen in der Stadt Breisach zeigen, dass hier etwas gelungen ist, womit andernorts noch experimentiert wird: Der Einstieg in eine neue Phase unserer Erinnerungskultur, in welcher Beitr\u00e4ge zur Bek\u00e4mpfung des Rechtsradikalismus und zur Festigung des Friedens in Europa vordringlich gefragt sind. Die Auftaktveranstaltung des Jubil\u00e4umsjahres, getragen von der Stadt und den drei genannten Vereinen, findet an diesem Sonntag, 27. Januar, um 11.30 Uhr in der Aula der Hugo-H\u00f6fler-Realschule Breisach statt.<\/p>\n<p>24.1.2013, Wolfram Wette,\u00a0Professor f\u00fcr Geschichte und <a title=\"Waffen\" href=\"https:\/\/www.freiburg-schwarzwald.de\/blog\/global\/waffen\/\">Friedensforscher <\/a><!-- RSPEAK_STOP --><\/p>\n","protected":false},"excerpt":{"rendered":"<p>Home &gt;Orte &gt;Kaiserstuhl &gt;Breisach Listenauswahl eines Beitrags (Artikel\/Datum, Seite\/Inhalt):\u00a0Klicken\u00a0oder scrollen Trans Rhin Rail (TRR): Colmarbahn-Fest in Volgelsheim am 26.4.2026\u00a0(23.4.2026) Volker Kempf: Auf der Suche nach Wirklichkeit in der Mensch-Nutztier-Beziehung\u00a0(18.12.202) Demo Breisach: Am Israel Chai\u00a0(10.5.2024) Pro &amp; Contra: Lohnt sich der &hellip; <a href=\"https:\/\/www.freiburg-schwarzwald.de\/blog\/regio\/orte\/breisach\/\">Weiterlesen <span class=\"meta-nav\">&rarr;<\/span><\/a><\/p>\n","protected":false},"author":4,"featured_media":0,"parent":363,"menu_order":0,"comment_status":"open","ping_status":"closed","template":"","meta":{"footnotes":""},"class_list":["post-20615","page","type-page","status-publish","hentry"],"_links":{"self":[{"href":"https:\/\/www.freiburg-schwarzwald.de\/blog\/wp-json\/wp\/v2\/pages\/20615","targetHints":{"allow":["GET"]}}],"collection":[{"href":"https:\/\/www.freiburg-schwarzwald.de\/blog\/wp-json\/wp\/v2\/pages"}],"about":[{"href":"https:\/\/www.freiburg-schwarzwald.de\/blog\/wp-json\/wp\/v2\/types\/page"}],"author":[{"embeddable":true,"href":"https:\/\/www.freiburg-schwarzwald.de\/blog\/wp-json\/wp\/v2\/users\/4"}],"replies":[{"embeddable":true,"href":"https:\/\/www.freiburg-schwarzwald.de\/blog\/wp-json\/wp\/v2\/comments?post=20615"}],"version-history":[{"count":5,"href":"https:\/\/www.freiburg-schwarzwald.de\/blog\/wp-json\/wp\/v2\/pages\/20615\/revisions"}],"predecessor-version":[{"id":148191,"href":"https:\/\/www.freiburg-schwarzwald.de\/blog\/wp-json\/wp\/v2\/pages\/20615\/revisions\/148191"}],"up":[{"embeddable":true,"href":"https:\/\/www.freiburg-schwarzwald.de\/blog\/wp-json\/wp\/v2\/pages\/363"}],"wp:attachment":[{"href":"https:\/\/www.freiburg-schwarzwald.de\/blog\/wp-json\/wp\/v2\/media?parent=20615"}],"curies":[{"name":"wp","href":"https:\/\/api.w.org\/{rel}","templated":true}]}}