{"id":20551,"date":"2013-01-22T12:45:44","date_gmt":"2013-01-22T11:45:44","guid":{"rendered":"https:\/\/www.freiburg-schwarzwald.de\/blog\/?page_id=20551"},"modified":"2019-05-18T18:50:08","modified_gmt":"2019-05-18T16:50:08","slug":"weltladen","status":"publish","type":"page","link":"https:\/\/www.freiburg-schwarzwald.de\/blog\/business\/handel\/weltladen\/","title":{"rendered":"Weltladen"},"content":{"rendered":"<p>Home &gt;<a title=\"Business\" href=\"https:\/\/www.freiburg-schwarzwald.de\/blog\/business\/\">Business<\/a> &gt;<a title=\"Handel\" href=\"https:\/\/www.freiburg-schwarzwald.de\/blog\/business\/handel\/\">Handel<\/a> &gt;<a title=\"Global\" href=\"https:\/\/www.freiburg-schwarzwald.de\/blog\/global\/\">Global<\/a> &gt;<a title=\"FairerHandel\" href=\"https:\/\/www.freiburg-schwarzwald.de\/blog\/global\/fairerhandel\/\">FairerHandel<\/a> &gt;Weltladen<\/p>\n<div id=\"attachment_20559\" style=\"width: 648px\" class=\"wp-caption alignnone\"><a href=\"https:\/\/www.freiburg-schwarzwald.de\/blog\/business\/handel\/weltladen\/seebuck3alpen-akw-pan130107\/\" rel=\"attachment wp-att-20559\"><img loading=\"lazy\" decoding=\"async\" aria-describedby=\"caption-attachment-20559\" class=\"size-full wp-image-20559\" title=\"seebuck3alpen-akw-pan130107\" src=\"https:\/\/www.freiburg-schwarzwald.de\/blog\/wp-content\/uploads\/2013\/01\/seebuck3alpen-akw-pan130107.jpg\" alt=\"\" width=\"638\" height=\"243\" srcset=\"https:\/\/www.freiburg-schwarzwald.de\/blog\/wp-content\/uploads\/2013\/01\/seebuck3alpen-akw-pan130107.jpg 638w, https:\/\/www.freiburg-schwarzwald.de\/blog\/wp-content\/uploads\/2013\/01\/seebuck3alpen-akw-pan130107-180x68.jpg 180w\" sizes=\"auto, (max-width: 638px) 100vw, 638px\" \/><\/a><p id=\"caption-attachment-20559\" class=\"wp-caption-text\">Tele-Blick vom Feldberg-Seebuck nach S\u00fcden \u00fcber den Nebel von Hochrhein und AKW (links) zu den Alpen am 7.1.2013<\/p><\/div>\n<p>&nbsp;<\/p>\n<ul>\n<li><a href=\"https:\/\/www.freiburg-schwarzwald.de\/blog\/salzladen-littenweiler-dorfplatz\/\">https:\/\/www.freiburg-schwarzwald.de\/blog\/salzladen-littenweiler-dorfplatz\/<\/a>\u00a0(18.5.2019)<\/li>\n<li>S\u2019Einl\u00e4dele in FR-St\u00fchlinger (16.1.2019)<\/li>\n<li><\/li>\n<li><a href=\"https:\/\/www.freiburg-schwarzwald.de\/weltladen.htm\">https:\/\/www.freiburg-schwarzwald.de\/weltladen.htm<\/a> &gt;Archivseite<\/li>\n<li><a href=\"https:\/\/www.freiburg-schwarzwald.de\/weltladen1.htm\">Aktuelle Infos zur Weltladen-Seite<\/a> &gt;Weltladen1<\/li>\n<li><a href=\"https:\/\/www.freiburg-schwarzwald.de\/weltladen.htm#Weltladen Breisach\">Breisach: Weltladen<\/a><\/li>\n<li><a href=\"https:\/\/www.freiburg-schwarzwald.de\/weltladen.htm#Denzlingen: Weltladen\">Denzlingen: Weltladen<\/a><\/li>\n<li><a href=\"https:\/\/www.freiburg-schwarzwald.de\/weltladen.htm#Weltladen Freiburg-Altstadt\">Freiburg-Altstadt: Weltladen Gerberau &#8211; fr\u00fcher Fischerau<\/a><\/li>\n<li><a href=\"https:\/\/www.freiburg-schwarzwald.de\/weltladen.htm#Freiburg-Altstadt: sL\u00e4dele hinterm M\u00fcnster\">Freiburg-Altstadt: s&#8217;L\u00e4dele hinterm M\u00fcnster<\/a><\/li>\n<li><a href=\"https:\/\/www.freiburg-schwarzwald.de\/weltladen.htm#Weltladen Herdern\">Freiburg-Herdern: Weltladen<\/a><\/li>\n<li><a href=\"https:\/\/www.freiburg-schwarzwald.de\/weltladen.htm#SEinl\u00e4dele in Freiburg\">Freiburg-St\u00fchlinger: S&#8217;Einl\u00e4dele<\/a><\/li>\n<li><a href=\"https:\/\/www.freiburg-schwarzwald.de\/weltladen.htm#Regenwald-Laden.de - Import nachhaltig erzeugter Produkte\">Freiburg: Regenwaldladen in Freiburg<\/a><\/li>\n<li><a title=\"Salzladen\" href=\"https:\/\/www.freiburg-schwarzwald.de\/blog\/business\/handel\/weltladen\/salzladen\/\">FR-Littenweiler: Salzladen<\/a>\u00a0&gt;Salzladen<\/li>\n<li><a href=\"https:\/\/www.freiburg-schwarzwald.de\/weltladen.htm#Heitersheim: Weltladen Nadel\u00f6hr\">Heitersheim: Weltladen Nadel\u00f6hr<\/a><\/li>\n<li><a href=\"https:\/\/www.freiburg-schwarzwald.de\/weltladen.htm#Herbolzheim: Weltladen\">Herbolzheim: Weltladen<\/a><\/li>\n<li><a href=\"https:\/\/www.freiburg-schwarzwald.de\/littenweiler\/einewelt.htm#Aktion Eine Welt Kirchzarten\">Kirchzarten: Aktion EineWelt<\/a> &gt;EineWelt<\/li>\n<li><a href=\"https:\/\/www.freiburg-schwarzwald.de\/loeffingen.htm#Weltladen L\u00f6ffingen\">Weltladen L\u00f6ffingen<\/a>\u00a0 &gt;Loeffingen<\/li>\n<li><a href=\"https:\/\/www.freiburg-schwarzwald.de\/weltladen.htm#Weltl\u00e4deli in Murg bei Bad S\u00e4ckingen\">Murg bei Bad S\u00e4ckingen: Weltl\u00e4deli<\/a><\/li>\n<li><a href=\"https:\/\/www.freiburg-schwarzwald.de\/weltladen.htm#Riegel: FairTradeCenterBreisgau\">Riegel: FairTradeCenterBreisgau<\/a><\/li>\n<li><a href=\"https:\/\/www.freiburg-schwarzwald.de\/weltladen.htm#Waldkirch: Weltladen im Zweite-Hand-Laden\">Waldkirch: Weltladen im Zweite-Hand-Laden<\/a><\/li>\n<li><a href=\"https:\/\/www.freiburg-schwarzwald.de\/wiesental1.htm#Cabanja-Weltladen in Zell - Fairer Handel in der Welt\">Zell im Wiesental: Cabanja Weltladen<\/a> &gt;Wiesental1<\/li>\n<li><a href=\"https:\/\/www.freiburg-schwarzwald.de\/littenweiler\/einewelt.htm\">Weltl\u00e4den &#8211; Organisationen, Vereine<\/a> &gt;freiburg-dreisamtal.de\/EineWelt<\/li>\n<li><a title=\"FairerHandel\" href=\"https:\/\/www.freiburg-schwarzwald.de\/blog\/global\/fairerhandel\/\">Fairer Handel<\/a> &gt;FairerHandel<\/li>\n<li><a href=\"https:\/\/www.freiburg-schwarzwald.de\/zukunft.htm#Frieden - Friedensforschung\">Frieden &#8211; Friedensforschung<\/a> &gt;Zukunft<\/li>\n<li><a href=\"https:\/\/www.freiburg-schwarzwald.de\/hofladen1.htm#Dorfl\u00e4den werden immer weniger\">Dorfl\u00e4den werden immer weniger<\/a> &gt;Hofladen1 (30.7.2004)<\/li>\n<li><a href=\"https:\/\/www.freiburg-schwarzwald.de\/littenweiler\/handel.htm\">Einzelhandel im Dreisamtal bzw. Freiburger Osten<\/a> &gt;freiburg-dreisamtal.de\/handel.htm<\/li>\n<li><a href=\"https:\/\/www.freiburg-schwarzwald.de\/ecommerce.htm\">Handel online<\/a> &gt;eCommerce<\/li>\n<li><a href=\"https:\/\/www.freiburg-schwarzwald.de\/hunger.htm\">Welthunger<\/a> &gt;Hunger<\/li>\n<\/ul>\n<p align=\"left\">Weltl\u00e4den sind Fachgesch\u00e4fte f\u00fcr fairen Handel. Sie f\u00fchren Lebensmittel Food), Accessoirs und Kleider (Non-Food) gro\u00dfer Importeure sowie Direkteinfuhren.<\/p>\n<p><strong>S\u2019Einl\u00e4dele in FR-St\u00fchlinger<\/strong><br \/>\n&#8222;Mit den gemeinn\u00fctzigen Einrichtungen S\u2019Einl\u00e4dele-Laden, S\u2019Antiqua und Caf\u00e9 Satz sind wir, das S\u2019Einl\u00e4dele, eine seit vielen Jahren bestehende soziale Institution im St\u00fchlinger. Im Secondhand-Laden, dem namensgebenden S\u2019Einl\u00e4dele selbst (Guntramstra\u00dfe 58), werden Sachspenden angenommen und entweder in die Ukraine gefahren oder wieder verkauft. Das Caf\u00e9 Satz liegt direkt gegen\u00fcber (Guntramstra\u00dfe 57) und ist das \u201eWohnzimmer\u201c f\u00fcr den ganzen St\u00fchlinger. Kaffeespezialit\u00e4ten, selbstgebackene Kuchen, Quiche, Suppe und vieles mehr lassen keine W\u00fcnsche offen. Im durch eine Verbindungst\u00fcr angeschlossen Buchantiquariat \u201eS\u2019Antiqua\u201c werden gespendete B\u00fccher vor Ort und \u00fcber Amazon verkauft. Bis auf die jeweiligen Leiter und einige wenige Ausnahmen sind fast alle unserer 60 Mitarbeitenden Ehrenamtliche.<br \/>\nDer Name ist Programm: zun\u00e4chst einmal bedeutet er \u201cein Laden\u201d. L\u00e4sst man den Apostroph weg, wird daraus \u201cSein L\u00e4dele\u201d. Damit soll auf Jesus Christus hingewiesen werden, der der eigentliche \u201eChef\u201c ist. In dem Namen steckt des Weiteren das Wort \u201ceinladen\u201d. Und darum geht es uns: wir wollen die Menschen einladen, sich hier ein wenig umzuschauen, zu st\u00f6bern und vielleicht etwas zu kaufen, einladen zu einem zwanglosen Gespr\u00e4ch bei einer Gratis-Tasse Kaffee oder Tee und nat\u00fcrlich auch einladen zu einem Leben mit Gott. Die \u00dcbersch\u00fcsse aus allen Gesch\u00e4ftsbetrieben sowie die Spenden von Freundinnen und Freunden kommen dem gr\u00f6\u00dften Zweig unserer Arbeit zugute: Der Not- und Entwicklungshilfe f\u00fcr die Ukraine. In der Ukraine hat der seit 2014 eskalierte Konflikt zwischen Russland und bewaffneten Separatisten zu gro\u00dfen Unruhen gef\u00fchrt und das Land in seiner Entwicklung zur\u00fcckgeworfen. Diejenigen, die am wenigsten daf\u00fcr k\u00f6nnen, liegen uns am Herzen: Kinder, Menschen mit Behinderungen, bed\u00fcrftige Familien, Seniorinnen und Senioren. Deshalb haben wir gemeinsam mit Partnern in der Ukraine diverse Abhilfen geschaffen: Kinderheime, Familienzentren, Beratungsstellen, Pflegeheime, Familienh\u00e4user, Schulen, \u2026<\/p>\n<p>Tr\u00e4ger ist die <a title=\"Diakonie\" href=\"https:\/\/www.freiburg-schwarzwald.de\/blog\/religion\/kirchen\/diakonie\/\">Evangelische Stadtmission<\/a> Freiburg e.V.<br \/>\nS&#8217;Einl\u00e4dele Gemeinn\u00fctzige Gesellschaft f\u00fcr Mission und Seelsorge mbH<\/p>\n<p>Gesch\u00e4ftsf\u00fchrer Volker H\u00f6hlein<br \/>\n79106 Freiburg, Guntramstr. 58, (Stadtbahnbr\u00fccke Richtung Eschholzstra\u00dfe)<br \/>\nTel 0761 \u2013 28 09 07, Fax 0761 &#8211; 3 83 86 86<br \/>\n<a href=\"mailto:info@seinlaedele.de\">info@seinlaedele.de<\/a>, <a href=\"https:\/\/www.seinlaedele.de\">https:\/\/www.seinlaedele.de<\/a><br \/>\nMobil: 0176\/20570666<br \/>\n<a href=\"mailto:tobiasadler@seinlaedele.de\">tobiasadler@seinlaedele.de<\/a><br \/>\n\u00d6ffnung: Mo-Fr 9:30-18:30 Uhr, Sa 9:30-14:00 Uhr<br \/>\nSpendenkonto: DE60 6805 0101 0002 0413 97, Sparkasse Freiburg<\/p>\n","protected":false},"excerpt":{"rendered":"<p>Home &gt;Business &gt;Handel &gt;Global &gt;FairerHandel &gt;Weltladen &nbsp; https:\/\/www.freiburg-schwarzwald.de\/blog\/salzladen-littenweiler-dorfplatz\/\u00a0(18.5.2019) S\u2019Einl\u00e4dele in FR-St\u00fchlinger (16.1.2019) https:\/\/www.freiburg-schwarzwald.de\/weltladen.htm &gt;Archivseite Aktuelle Infos zur Weltladen-Seite &gt;Weltladen1 Breisach: Weltladen Denzlingen: Weltladen Freiburg-Altstadt: Weltladen Gerberau &#8211; fr\u00fcher Fischerau Freiburg-Altstadt: s&#8217;L\u00e4dele hinterm M\u00fcnster Freiburg-Herdern: Weltladen Freiburg-St\u00fchlinger: S&#8217;Einl\u00e4dele Freiburg: Regenwaldladen in &hellip; <a href=\"https:\/\/www.freiburg-schwarzwald.de\/blog\/business\/handel\/weltladen\/\">Weiterlesen <span class=\"meta-nav\">&rarr;<\/span><\/a><\/p>\n","protected":false},"author":4,"featured_media":0,"parent":814,"menu_order":0,"comment_status":"open","ping_status":"closed","template":"","meta":{"footnotes":""},"class_list":["post-20551","page","type-page","status-publish","hentry"],"_links":{"self":[{"href":"https:\/\/www.freiburg-schwarzwald.de\/blog\/wp-json\/wp\/v2\/pages\/20551","targetHints":{"allow":["GET"]}}],"collection":[{"href":"https:\/\/www.freiburg-schwarzwald.de\/blog\/wp-json\/wp\/v2\/pages"}],"about":[{"href":"https:\/\/www.freiburg-schwarzwald.de\/blog\/wp-json\/wp\/v2\/types\/page"}],"author":[{"embeddable":true,"href":"https:\/\/www.freiburg-schwarzwald.de\/blog\/wp-json\/wp\/v2\/users\/4"}],"replies":[{"embeddable":true,"href":"https:\/\/www.freiburg-schwarzwald.de\/blog\/wp-json\/wp\/v2\/comments?post=20551"}],"version-history":[{"count":0,"href":"https:\/\/www.freiburg-schwarzwald.de\/blog\/wp-json\/wp\/v2\/pages\/20551\/revisions"}],"up":[{"embeddable":true,"href":"https:\/\/www.freiburg-schwarzwald.de\/blog\/wp-json\/wp\/v2\/pages\/814"}],"wp:attachment":[{"href":"https:\/\/www.freiburg-schwarzwald.de\/blog\/wp-json\/wp\/v2\/media?parent=20551"}],"curies":[{"name":"wp","href":"https:\/\/api.w.org\/{rel}","templated":true}]}}