{"id":20536,"date":"2013-01-22T12:12:28","date_gmt":"2013-01-22T11:12:28","guid":{"rendered":"https:\/\/www.freiburg-schwarzwald.de\/blog\/?page_id=20536"},"modified":"2025-10-07T15:39:15","modified_gmt":"2025-10-07T13:39:15","slug":"salzladen","status":"publish","type":"page","link":"https:\/\/www.freiburg-schwarzwald.de\/blog\/business\/handel\/weltladen\/salzladen\/","title":{"rendered":"Salzladen"},"content":{"rendered":"<p>Home &gt;<a title=\"Business\" href=\"https:\/\/www.freiburg-schwarzwald.de\/blog\/business\/\">Business<\/a> &gt;<a title=\"Handel\" href=\"https:\/\/www.freiburg-schwarzwald.de\/blog\/business\/handel\/\">Handel<\/a> &gt;<a title=\"Global\" href=\"https:\/\/www.freiburg-schwarzwald.de\/blog\/global\/\">Global<\/a> &gt;<a title=\"FairerHandel\" href=\"https:\/\/www.freiburg-schwarzwald.de\/blog\/global\/fairerhandel\/\">FairerHandel<\/a> &gt;<a title=\"Weltladen\" href=\"https:\/\/www.freiburg-schwarzwald.de\/blog\/business\/handel\/weltladen\/\">Weltladen<\/a> &gt;Salzladen<\/p>\n<div id=\"attachment_20544\" style=\"width: 648px\" class=\"wp-caption alignnone\"><a href=\"https:\/\/www.freiburg-schwarzwald.de\/blog\/business\/handel\/weltladen\/salzladen\/seebuck18skifahrer-alpen-pan30107\/\" rel=\"attachment wp-att-20544\"><img loading=\"lazy\" decoding=\"async\" aria-describedby=\"caption-attachment-20544\" class=\"size-full wp-image-20544\" title=\"seebuck18skifahrer-alpen-pan30107\" src=\"https:\/\/www.freiburg-schwarzwald.de\/blog\/wp-content\/uploads\/2013\/01\/seebuck18skifahrer-alpen-pan30107.jpg\" alt=\"\" width=\"638\" height=\"238\" srcset=\"https:\/\/www.freiburg-schwarzwald.de\/blog\/wp-content\/uploads\/2013\/01\/seebuck18skifahrer-alpen-pan30107.jpg 638w, https:\/\/www.freiburg-schwarzwald.de\/blog\/wp-content\/uploads\/2013\/01\/seebuck18skifahrer-alpen-pan30107-180x67.jpg 180w\" sizes=\"auto, (max-width: 638px) 100vw, 638px\" \/><\/a><p id=\"caption-attachment-20544\" class=\"wp-caption-text\">Blick vom Seebuck am Feldberg nach S\u00fcden \u00fcber Nebel zu den Alpen am 7.1.2013<\/p><\/div>\n<ul>\n<li><em>Listenauswahl eines Beitrags (Artikel\/Datum, Seite\/Inhalt): <span style=\"text-decoration: underline;\">Klicken<\/span> oder scrollen<\/em><\/li>\n<li><a href=\"https:\/\/www.freiburg-schwarzwald.de\/blog\/salzladen-littenweiler-dorfplatz\/\">https:\/\/www.freiburg-schwarzwald.de\/blog\/salzladen-littenweiler-dorfplatz\/<\/a>\u00a0(18.5.2019)<\/li>\n<li>Salzladen feiert 15-j\u00e4hriges Bestehen am 25.6.2016 auf dem Schulhof in Littenweiler (25.6.2016)<\/li>\n<li>Salzladen von Kappler- in die Alemannenstrasse umgezogen (22.1.2013)<\/li>\n<li><a href=\"https:\/\/www.freiburg-schwarzwald.de\/blog\/salzladen-littenweiler-umzug\/\">https:\/\/www.freiburg-schwarzwald.de\/blog\/salzladen-littenweiler-umzug\/<\/a>\u00a0(18.1.2013)<\/li>\n<li><a href=\"https:\/\/www.freiburg-schwarzwald.de\/littenweiler\/solar4.htm#Solarforschung h\u00e4lt jung: Prof Goetzberger vom ISE zur Energiewende.\">Solarforschung h\u00e4lt jung: Prof Goetzberger vom ISE zur Energiewende<\/a> &gt;Solar4 (19.5.2011)<\/li>\n<li><a href=\"https:\/\/www.freiburg-schwarzwald.de\/littenweiler\/einewelt3.htm#10 Jahre Salzladen Littenweiler: Gro\u00dfes Jubil\u00e4umsfest am 28.Mai\">10 Jahre Salzladen Littenweiler: Gro\u00dfes Jubil\u00e4umsfest am 28.Mai<\/a> &gt;EineWelt3 (13.4.2011)<\/li>\n<li><a href=\"https:\/\/www.freiburg-schwarzwald.de\/littenweiler\/ebnet\/ebnet6.htm#Weihnachtsmarkt am Ebneter Schlo\u00df 29.11.2009\">Weihnachtsmarkt am Ebneter Schlo\u00df\u00a0 29.11.2009 <\/a>&gt;Ebnet6 (29.11.2009)<\/li>\n<li><a href=\"https:\/\/www.freiburg-schwarzwald.de\/littenweiler\/72stunden.htm#72 Stunden - Projekte im Stadtgebiet Freiburg 7.-10.Mai 2009\">72 Stunden &#8211; Projekte im Stadtgebiet Freiburg 7.-10.Mai 2009<\/a> &gt;72Stunden (10.5.2009)<\/li>\n<li><a href=\"https:\/\/www.freiburg-schwarzwald.de\/littenweiler\/einewelt3.htm#Salzladen kann weitere zwei Jahre in Kappler Strasse 31 bleiben\">Salzladen kann weitere zwei Jahre in Kappler Strasse 31 bleiben<\/a> &gt;EineWelt3 (5.2.2009)<\/li>\n<li><a href=\"https:\/\/www.freiburg-schwarzwald.de\/ebneter-christkindlesmarkt.htm#20. Adventsmarkt am Ebneter Schloss\">20. Adventsmarkt am Ebneter Schloss<\/a> &gt;Ebneter-Christkindlesmarkt (1.12.2008)<\/li>\n<li><a href=\"https:\/\/www.freiburg-schwarzwald.de\/littenweiler\/einewelt3.htm#Salzladen in Littenweiler sucht Investor bzw. Sponsor\">Salzladen in Littenweiler sucht Investor bzw. Sponsor<\/a> &gt;EineWelt3 (28.6.2008)<\/li>\n<li><a href=\"https:\/\/www.freiburg-schwarzwald.de\/littenweiler\/littenweiler9.htm#Sinn-Bilder: Ausstellung im Salzladen\">Sinn-Bilder: Ausstellung im Salzladen<\/a> &gt;Littenweiler9 (10.6.2008)<\/li>\n<li><a href=\"https:\/\/www.freiburg-schwarzwald.de\/littenweiler\/oekumene1.htm#\u00d6kumenischer Gottesdienst an Pfingstmontag\">\u00d6kumenischer Gottesdienst an Pfingstmontag<\/a> &gt;Oekumene1 (12.5.2008)<\/li>\n<li><a href=\"https:\/\/www.freiburg-schwarzwald.de\/beteiligungshaushalt.htm#Roter Infobus zum Beteiligungshaushalt steuert Wochenm\u00e4rkte an\">Roter Infobus zum Beteiligungshaushalt steuert Wochenm\u00e4rkte an<\/a> &gt;Beteiligungshaushalt (29.3.)<\/li>\n<li><a href=\"https:\/\/www.freiburg-schwarzwald.de\/ebneter-christkindlesmarkt.htm#19. Christkindlesmarkt am 2.12.2007 in Zentscheuer und Reithalle\">19. Christkindlesmarkt in Zehntscheuer und Reithalle<\/a> &gt;Ebneter-Christkindlesmarkt (2.12.07)<\/li>\n<li><a href=\"https:\/\/www.freiburg-schwarzwald.de\/littenweiler\/kinder3.htm#Spielzeug-Tauschaktion im Salzladen Littenweiler\">Spielzeug-Tauschaktion im Salzladen Littenweiler<\/a> &gt;Kinder3 (18.11.2007)<\/li>\n<li><a href=\"https:\/\/www.freiburg-schwarzwald.de\/fairerhandel1.htm#Ausbeuterische Kinderarbeit am Beispiel von Mango\">Ausbeuterische Kinderarbeit am Beispiel von Mango<\/a> &gt;FairerHandel1 (9.5.2007)<\/li>\n<li><a href=\"https:\/\/www.freiburg-schwarzwald.de\/littenweiler\/littenweiler7.htm#Leben lieben: Ausstellung im Salzladen\">Leben lieben: Ausstellung im Salzladen<\/a> &gt;Littenweiler7 (19.1.2007)<\/li>\n<li><a href=\"https:\/\/www.freiburg-schwarzwald.de\/littenweiler\/littenweiler7.htm#Soziale Sprechstunde mittwochs im Salzladen\">Soziale Sprechstunde mittwochs im Salzladen<\/a> &gt;Littenweiler7 (17.1.2007)<\/li>\n<li><a href=\"https:\/\/www.freiburg-schwarzwald.de\/littenweiler\/einewelt3.htm#Salzladen gegen ausbeuterische Kinderarbeit: Fair gehandelter Fu\u00dfball verlost\">Salzladen gegen ausbeuterische Kinderarbeit: Fair gehandelter Fu\u00dfball verlost<\/a>\u00a0&gt;EineWelt3 (13.5.2006)<\/li>\n<li><a href=\"https:\/\/www.freiburg-schwarzwald.de\/littenweiler\/einewelt3.htm#5 Jahre Salzladen in Littenweiler\">5 Jahre Salzladen in Littenweiler<\/a> &gt;EineWelt3 (10.1.2006)<\/li>\n<li><a href=\"https:\/\/www.freiburg-schwarzwald.de\/littenweiler\/bauernmarkt1.htm\">Salzladen auf dem Littenweiler Wochenmarkt<\/a> &gt;Bauernmarkt1<\/li>\n<li><a href=\"https:\/\/www.freiburg-schwarzwald.de\/littenweiler\/kunst1.htm#Vernissage AndersARTig im Salzladen Littenweiler\">Vernissage AndersARTig im Salzladen Littenweiler<\/a> &gt;Kunst1 (2.4.2004)<\/li>\n<li><a href=\"https:\/\/www.freiburg-schwarzwald.de\/littenweiler\/einewelt2.htm#Tausche zwei gegen eins - Aktion im Salzladen Littenweiler f\u00fcr Stra\u00dfenkinder\">Tausche zwei gegen eins &#8211; Aktion im Salzladen Littenweiler f\u00fcr Stra\u00dfenkinder<\/a> &gt;EineWelt2 (3.12.04)<\/li>\n<li><a href=\"https:\/\/www.freiburg-schwarzwald.de\/littenweiler\/einewelt1.htm#&quot;Salzladen&quot; f\u00fcr fairen Handel er\u00f6ffnet\">Salzladen er\u00f6ffnet<\/a> &gt;EineWelt1 (25.1.2001)<\/li>\n<li><\/li>\n<li>Salzladen in FR- Littenweiler<\/li>\n<li><strong><a href=\"https:\/\/www.freiburg-schwarzwald.de\/littenweiler\/einewelt.htm#Salzladen\">Salzladen in FR-Littenweiler<\/a>\u00a0&gt;Archivseite<\/strong><\/li>\n<li><a title=\"Auferstehung\" href=\"https:\/\/www.freiburg-schwarzwald.de\/blog\/religion\/kirchen\/auferstehung\/\">Auferstehungsgemeinde in Littenweiler<\/a><\/li>\n<li><a title=\"Littenweiler\" href=\"https:\/\/www.freiburg-schwarzwald.de\/blog\/regio\/freiburg\/littenweiler\/\">Littenweiler<\/a><\/li>\n<li><a title=\"StBarbara\" href=\"https:\/\/www.freiburg-schwarzwald.de\/blog\/religion\/kirchen\/stbarbara\/\">St.Barbara in Littenweiler <\/a>&gt;StBarbara<\/li>\n<li><a title=\"Oekumene\" href=\"https:\/\/www.freiburg-schwarzwald.de\/blog\/religion\/oekumene\/\">\u00d6kumene <\/a>&gt;Oekumene<\/li>\n<\/ul>\n<p>&nbsp;<\/p>\n<p><strong>Salzladen feiert 15-j\u00e4hriges Bestehen am 25.6.2016 auf dem Schulhof in Littenweiler<\/strong><\/p>\n<p><a href=\"https:\/\/www.freiburg-schwarzwald.de\/blog\/business\/handel\/weltladen\/salzladen\/salzladen-littenweiler160625\/\" rel=\"attachment wp-att-61454\"><img loading=\"lazy\" decoding=\"async\" class=\"alignnone size-thumbnail wp-image-61454\" src=\"https:\/\/www.freiburg-schwarzwald.de\/blog\/wp-content\/uploads\/2013\/01\/salzladen-littenweiler160625-180x135.jpg\" alt=\"salzladen-littenweiler160625\" width=\"180\" height=\"135\" srcset=\"https:\/\/www.freiburg-schwarzwald.de\/blog\/wp-content\/uploads\/2013\/01\/salzladen-littenweiler160625-180x135.jpg 180w, https:\/\/www.freiburg-schwarzwald.de\/blog\/wp-content\/uploads\/2013\/01\/salzladen-littenweiler160625.jpg 640w\" sizes=\"auto, (max-width: 180px) 100vw, 180px\" \/><\/a><\/p>\n<p>Von links: Wolfgang Wegmann, Inge Remmer, \u00a0?, Margarita Thum, ?, Ursel Bandl und die Band:Matthias Schairer (Bratsche) mit Gerhard Niclas (Saxophon)<\/p>\n<p>&nbsp;<\/p>\n<p><strong>Salzladen in FR- Littenweiler<\/strong><\/p>\n<p>Salzladen &#8211; Weltladen und Begegnungsst\u00e4tte,\u00a0\u00d6kumenische Sozial- und Kulturinitiative e.V.<br \/>\nKath. Kirchengemeinde St. Barbara und Ev. Auferstehungsgemeinde,<br \/>\nAlemannenstra\u00dfe 52, 79117 Freiburg-Littenweiler,\u00a0Tel 0761\/6967808<br \/>\nTel\u00a00761\/63662 (Vorsitzende Margarita Thum &#8211; <a href=\"mailto:thum.sonnenberg@t-online.de\">thum.sonnenberg@t-online.de<\/a>\u00a0)<br \/>\ndienstags, donnerstags und freitags von 10 bis 12 Uhr und von 15 bis 18.30 Uhr,<br \/>\nmittwochs von 10 bis 12 Uhr sowie samstags von 10 bis 13 Uhr.<br \/>\nAn jedem letzten Samstag im Monat ist der Salzladen zudem mit einem Verkaufsstand auf dem Littenweiler Bauernmarkt vertreten.<br \/>\n<a title=\"\" href=\"https:\/\/www.salzladen-freiburg.de\/\" target=\"_blank\" rel=\"noopener\">www.salzladen-freiburg.de<\/a>, <a href=\"mailto:salzladen@gmx.de\">salzladen@gmx.de<\/a><\/p>\n<p>Konto des Salzladens: IBAN DE 22 6805 0101 0010 0362 39 \/ SWIFT-BIC: FRSPDE66XXX<\/p>\n<p><a href=\"https:\/\/www.freiburg-schwarzwald.de\/blog\/business\/handel\/weltladen\/salzladen\/salzladen130928\/\" rel=\"attachment wp-att-38531\"><img loading=\"lazy\" decoding=\"async\" class=\"alignnone size-thumbnail wp-image-38531\" title=\"salzladen130928\" src=\"https:\/\/www.freiburg-schwarzwald.de\/blog\/wp-content\/uploads\/2013\/01\/salzladen130928-180x135.jpg\" alt=\"\" width=\"180\" height=\"135\" srcset=\"https:\/\/www.freiburg-schwarzwald.de\/blog\/wp-content\/uploads\/2013\/01\/salzladen130928-180x135.jpg 180w, https:\/\/www.freiburg-schwarzwald.de\/blog\/wp-content\/uploads\/2013\/01\/salzladen130928.jpg 640w\" sizes=\"auto, (max-width: 180px) 100vw, 180px\" \/><\/a><br \/>\n(1) Salzladen-Stand auf dem Littenweiler Bauernmarkt am 28.9.2013<\/p>\n<p>Der <strong>Salzladen<\/strong> ist eine <a href=\"https:\/\/www.freiburg-schwarzwald.de\/littenweiler\/oekumene.htm\">\u00f6kumenische Initiative<\/a> der evangelischen <a href=\"https:\/\/www.freiburg-schwarzwald.de\/littenweiler\/auferstehung.htm\">Auferstehungsgemeinde<\/a> und der katholischen Gemeinde <a href=\"https:\/\/www.freiburg-schwarzwald.de\/littenweiler\/stbarbara.htm\">St. Barbara<\/a> in Freiburg-Littenweiler. Traditionelle Kirchenpfade wurden verlassen, um mit Menschen und f\u00fcr Menschen im Freiburger Osten einen Ort f\u00fcr Begegnungen und Gespr\u00e4che zu schaffen.<br \/>\nDer <strong>Salzladen<\/strong> unterst\u00fctzt mit dem Verkauf von Produkten aus dem &#8222;Fair-Handel&#8220; Menschen auf der ganzen Welt. Neben Kaffee, Tee, Schokolade und weiteren Lebensmitteln sind im Laden auch Geschenkartikel und Kunsthandwerk zu finden.<br \/>\nDer <strong>Salzladen<\/strong> bietet auch f\u00fcr Gruppen und ihre Aktivit\u00e4ten Platz: Ausstellungen regionaler K\u00fcnstler und K\u00fcnstlerinnen, Vortr\u00e4ge zu aktuellen Themen, Informationen zu Veranstaltungen und sozialen Einrichtungen im Freiburger Osten.<br \/>\nDer Veranstaltungsraum f\u00fcr ca. 20 Personen kann auch gemietet werden.<br \/>\nDer Verein <strong>&#8222;Salzladen&#8220;<\/strong> wird von engagierten ehrenamtlichen Mitarbeiterinnen, Mitarbeitern und Mitgliedern getragen und finanziert sich haupts\u00e4chlich durch Spenden.<\/p>\n<p>wolf-wegmann at versanet.de<br \/>\nHariolf Mosthaf, Tel 0761\/65583<br \/>\nUrsel Brandl, Tel 0761\/63967<br \/>\nOdile und Johannes Remmer: eMail: johannes.remmer at t-online.de,<br \/>\nInge Remmer, irr at gmx.net , Tel 0761\/6967744<br \/>\nmart.most at gmx.de<br \/>\n<span style=\"color: #008000;\"><strong><br \/>\nSalzladen &#8211; Spenden willkommen: Sparkasse Freiburg, Konto Nr 100 362 39, BLZ 680 501 01<\/strong><\/span><\/p>\n<p><strong>Salzladen in neuen R\u00e4umen &#8211; guter Start<br \/>\n<\/strong>Seit Mitte Januar verkauft der Salzladen seine Produkte in den neuen R\u00e4umen in der Alemannenstra\u00dfe. \u201eEs ist sehr gut angelaufen bisher\u201c, meint Hariolf Mosthaf, der Ansprechpartner f\u00fcr die Ladengruppe des Weltladens ist, \u201edie Stammkunden sind uns geblieben, und es sind einige neue Gesichter dabei, die unserem Laden mit Interesse begegnen.\u201c Zwischen Schreibwarenladen, B\u00e4cker, Apotheke, Blumengesch\u00e4ft und Fein\u00adkostladen liegt der Salzladen nun in der Mitte der \u201eMini-Einkaufsmeile\u201c von Littenweiler. Auf Lauf- und Radkundschaft ist hier zu hoffen. Das Sorti\u00adment ist keine Konkurrenz, sondern eine gute Erg\u00e4nzung zu den umliegenden L\u00e4den. Ganz neu gibt es jetzt die faire Freiburg-Schokolade. Auf eine Initiative der drei Weltl\u00e4den in der Gerberau, in Herdern und in Littenweiler hat eine Freiburger Grafikerin Banderolen mit Freiburg-Motiven ent\u00adwickelt. Die Vollmilchschoko ziert ein B\u00e4chlemotiv, auf der Zartbitterschoko ist das M\u00fcnster zu sehen. Die Schokolade selbst ist aus Wildkakao und nat\u00fcrlich fair gehandelt. Durch das Projekt wird der tropische Regenwald nachhaltig genutzt. Die Schokolade ist nicht nur lecker, sondern auch gut geeignet als Mitbringsel und Andenken f\u00fcr Freunde in an\u00adderen St\u00e4dten oder Gasteltern in fernen L\u00e4ndern, statt Kuckucksuhr oder Bollenhut. Die Banderole wird in einer Caritas-Werkstatt umgewickelt, der Vertrieb erfolgt bisher \u00fcber die drei Weltl\u00e4den, aber vielleicht findet sie noch weitere Freunde. Die mittlerweile zwanzig ehrenamtlichen Mitarbeiter\/innen im Laden und am Verkaufsstand auf dem Littenweiler Bauern\u00admarkt sind von ihr und den neuen R\u00e4umen begeistert. Die bisherigen \u00d6ffnungszeiten k\u00f6nnen gut abgedeckt werden. Trotz allem kann der Salzladen weitere Mithelfer\/\u00adinnen gebrauchen. \u201eSch\u00f6n w\u00e4re es, wenn wir die \u00d6ffnungszeiten auf den Montag erweitern k\u00f6nnten\u201c, meint Hariolf Mosthaf. Wer also Interesse hat, in einem netten Team und f\u00fcr eine gute Sache mitzuarbeiten, nicht nur hinter der Ladentheke, sondern auch beim Organisieren von Veranstaltungen im Begegnungsort Salzladen, kann sich gerne bei ihm, Tel.: 6 55 83, oder bei Ursel Brandl, Tel.: 6 39 67, melden.<\/p>\n<p><a href=\"https:\/\/www.freiburg-schwarzwald.de\/blog\/business\/handel\/weltladen\/salzladen\/salzladen-innen1304\/\" rel=\"attachment wp-att-26752\"><img loading=\"lazy\" decoding=\"async\" class=\"alignnone size-thumbnail wp-image-26752\" title=\"salzladen-innen1304\" src=\"https:\/\/www.freiburg-schwarzwald.de\/blog\/wp-content\/uploads\/2013\/01\/salzladen-innen1304-180x100.jpg\" alt=\"\" width=\"180\" height=\"100\" srcset=\"https:\/\/www.freiburg-schwarzwald.de\/blog\/wp-content\/uploads\/2013\/01\/salzladen-innen1304-180x100.jpg 180w, https:\/\/www.freiburg-schwarzwald.de\/blog\/wp-content\/uploads\/2013\/01\/salzladen-innen1304-640x358.jpg 640w, https:\/\/www.freiburg-schwarzwald.de\/blog\/wp-content\/uploads\/2013\/01\/salzladen-innen1304-1024x574.jpg 1024w, https:\/\/www.freiburg-schwarzwald.de\/blog\/wp-content\/uploads\/2013\/01\/salzladen-innen1304.jpg 1063w\" sizes=\"auto, (max-width: 180px) 100vw, 180px\" \/><\/a><\/p>\n<p>&nbsp;<\/p>\n<p>Zum Coffee-Stop am 15. M\u00e4rz kamen z.B. zahlreiche G\u00e4ste. Bei einer Tasse fairem Kaffee oder Tee gegen eine freiwillige Spende gab es Gelegenheit, den neuen Laden in Ruhe zu betrachten und ein Gespr\u00e4ch mit Freunden und Nachbarn zu f\u00fchren. Trotz eisiger K\u00e4lte machten es sich die G\u00e4ste auch drau\u00dfen gem\u00fctlich. Foto: Anja Lusch<br \/>\n4.4.2013, Dr. Anja Lusch, <a title=\"Littenweiler-Dorfblatt\" href=\"https:\/\/www.freiburg-schwarzwald.de\/blog\/regio\/freiburg\/littenweiler\/littenweiler-dorfblatt\/\">Littenweiler Dorfblatt<\/a><\/p>\n<p>&nbsp;<\/p>\n<p>&nbsp;<\/p>\n<p><!-- RSPEAK_STOP --><strong>Salzladen von Kappler- in die Alemannenstrasse umgezogen<\/strong><\/p>\n<p>Der &#8222;Salzladen&#8220; ist umgezogen: In einem Ladenlokal in der Alemannenstra\u00dfe 52, wo fr\u00fcher eine B\u00e4ckereifiliale untergebracht war, startet heute der Verkauf von fair gehandelten Produkten. Der Umzug aus der Kappler Stra\u00dfe 31 \u2013 dort war die \u00f6kumenische Sozial- und Kulturinitiative zw\u00f6lf Jahre lang beheimatet \u2013 wurde n\u00f6tig, weil die Freiburger Diakonie diese R\u00e4umlichkeiten f\u00fcr eine Kinderkrippe ben\u00f6tigt. Die Verantwortlichen des Salzladens sind nun gespannt darauf, wie der neue Standort von der Bev\u00f6lkerung angenommen wird.<br \/>\nSeit Anfang Januar haben Hariolf Mosthaf und etliche weitere ehrenamtliche Helfer ungez\u00e4hlte Stunden damit verbracht, Regale abzubauen, Waren zu verpacken und den neuen Verkaufsraum herzurichten. Da dieser mit rund 17 Quadratmetern kleiner ist als der alte Laden, musste auch die M\u00f6blierung angepasst werden: &#8222;Beispielsweise brauchten wir Unterschr\u00e4nke als Lagerm\u00f6glichkeiten&#8220;, erz\u00e4hlt Mosthaf, der beim Salzladen-Team f\u00fcr den Weltladen zust\u00e4ndig ist und die Regalbretter selbst zuges\u00e4gt hat. Weil auch eine nahe gelegene Apotheke unentgeltlich Stauraum zur Verf\u00fcgung stellt, konnte die Angebotspalette \u2013 sie umfasst Lebensmittel, Spielwaren, Kunst und Keramik \u2013 trotz kleinerer Verkaufsfl\u00e4che nahezu unver\u00e4ndert beibehalten werden. &#8222;Allerdings f\u00fchren wir keine S\u00e4fte mehr im Sortiment, da die Flaschen zu viel Platz wegnehmen&#8220;, sagt Mosthaf. Schreibwaren gibt es ebenfalls nicht mehr \u2013 mit R\u00fccksicht auf ein Schreibwaren-Gesch\u00e4ft in der Nachbarschaft, wie Wolfgang Wegmann, Vorsitzender des Salzladen-Vereins, erl\u00e4utert.<br \/>\nRund 2000\u2005Euro haben die Investitionen in Raumgestaltung und Technik gekostet. &#8222;Gemessen an den bisherigen Zahlen d\u00fcrften etwa drei Jahre vergehen, bis wir das wieder reingeholt haben \u2013 allerdings nur, wenn der Umsatz gleich bleibt&#8220;, betont Wegmann. Man hoffe daher, dass der Weltladen \u2013 \u00dcbersch\u00fcsse aus dem Verkauf kommen sozialen Projekten in Entwicklungsl\u00e4ndern zugute \u2013 auch an neuer Stelle gut angenommen werde. &#8222;Im Vergleich zur Kappler Stra\u00dfe gibt es vielleicht weniger Laufkundschaft, daf\u00fcr er\u00f6ffnen sich hier aber andere M\u00f6glichkeiten&#8220;, vermutet der pensionierte Lehrer.<br \/>\nDass der Salzladen nicht nur Weltladen, sondern zugleich auch Begegnungsst\u00e4tte ist, wird an einem Tisch gegen\u00fcber der Theke deutlich: &#8222;Hier k\u00f6nnen auch weiterhin Gespr\u00e4che in gem\u00fctlicher Atmosph\u00e4re stattfinden&#8220;, betont Ursel Brandl. Die 74-J\u00e4hrige war im Salzladen-Team bislang f\u00fcr Ausstellungen und \u00e4hnliche Aktionen zust\u00e4ndig. Das sind Angebote, f\u00fcr die an der neuen \u00d6rtlichkeit kein Platz mehr ist, denn au\u00dfer Verkaufsraum, Toilette und Sp\u00fcle hat man dort keine weiteren Zimmer.<br \/>\nOffen war bislang, wo nun solche Veranstaltungen, die wesentlicher Bestandteil der Salzladen-Idee sind, zuk\u00fcnftig stattfinden werden. Eine Teill\u00f6sung gibt es bereits: &#8222;F\u00fcr Vortr\u00e4ge k\u00f6nnen wir die R\u00e4ume der Auferstehungs- und St.-Barbara-Pfarrei nutzen&#8220;, erl\u00e4utert Wolfgang Wegmann. Man suche noch nach einem geeigneten Ort f\u00fcr Ausstellungen und Vernissagen. &#8222;Aber auch hier werden wir sicherlich eine L\u00f6sung finden&#8220;, zeigt er sich optimistisch.<br \/>\nIn den ehemaligen R\u00e4umen des Salzladens in der Kappler Stra\u00dfe 31 stehen indes kleinere Umbau- und Renovierungsarbeiten an: Die Freiburger Diakonie, Eigent\u00fcmerin der rund 90 Quadratmeter gro\u00dfen Immobilie, richtet dort demn\u00e4chst eine Kinderkrippe f\u00fcr Unter-Dreij\u00e4hrige ein. &#8222;Sie soll Platz f\u00fcr etwa zehn Kinder bieten&#8220;, erl\u00e4utert Diakonie-Gesch\u00e4ftsf\u00fchrer Jochen Pfisterer auf BZ-Anfrage. Die Er\u00f6ffnung sei f\u00fcr April geplant. <!-- RSPEAK_STOP --><\/p>\n<p>Am Samstag, 2. Februar, findet dort von 11 bis 13 Uhr eine Einweihungsfeier statt, zu der alle Interessenten eingeladen sind.<br \/>\n22.1.2013, Andreas Braun<\/p>\n<div><!-- RSPEAK_STOP --><!-- RSPEAK_START --><\/div>\n","protected":false},"excerpt":{"rendered":"<p>Home &gt;Business &gt;Handel &gt;Global &gt;FairerHandel &gt;Weltladen &gt;Salzladen Listenauswahl eines Beitrags (Artikel\/Datum, Seite\/Inhalt): Klicken oder scrollen https:\/\/www.freiburg-schwarzwald.de\/blog\/salzladen-littenweiler-dorfplatz\/\u00a0(18.5.2019) Salzladen feiert 15-j\u00e4hriges Bestehen am 25.6.2016 auf dem Schulhof in Littenweiler (25.6.2016) Salzladen von Kappler- in die Alemannenstrasse umgezogen (22.1.2013) https:\/\/www.freiburg-schwarzwald.de\/blog\/salzladen-littenweiler-umzug\/\u00a0(18.1.2013) Solarforschung h\u00e4lt jung: &hellip; <a href=\"https:\/\/www.freiburg-schwarzwald.de\/blog\/business\/handel\/weltladen\/salzladen\/\">Weiterlesen <span class=\"meta-nav\">&rarr;<\/span><\/a><\/p>\n","protected":false},"author":4,"featured_media":0,"parent":20551,"menu_order":0,"comment_status":"open","ping_status":"closed","template":"","meta":{"footnotes":""},"class_list":["post-20536","page","type-page","status-publish","hentry"],"_links":{"self":[{"href":"https:\/\/www.freiburg-schwarzwald.de\/blog\/wp-json\/wp\/v2\/pages\/20536","targetHints":{"allow":["GET"]}}],"collection":[{"href":"https:\/\/www.freiburg-schwarzwald.de\/blog\/wp-json\/wp\/v2\/pages"}],"about":[{"href":"https:\/\/www.freiburg-schwarzwald.de\/blog\/wp-json\/wp\/v2\/types\/page"}],"author":[{"embeddable":true,"href":"https:\/\/www.freiburg-schwarzwald.de\/blog\/wp-json\/wp\/v2\/users\/4"}],"replies":[{"embeddable":true,"href":"https:\/\/www.freiburg-schwarzwald.de\/blog\/wp-json\/wp\/v2\/comments?post=20536"}],"version-history":[{"count":1,"href":"https:\/\/www.freiburg-schwarzwald.de\/blog\/wp-json\/wp\/v2\/pages\/20536\/revisions"}],"predecessor-version":[{"id":139910,"href":"https:\/\/www.freiburg-schwarzwald.de\/blog\/wp-json\/wp\/v2\/pages\/20536\/revisions\/139910"}],"up":[{"embeddable":true,"href":"https:\/\/www.freiburg-schwarzwald.de\/blog\/wp-json\/wp\/v2\/pages\/20551"}],"wp:attachment":[{"href":"https:\/\/www.freiburg-schwarzwald.de\/blog\/wp-json\/wp\/v2\/media?parent=20536"}],"curies":[{"name":"wp","href":"https:\/\/api.w.org\/{rel}","templated":true}]}}